{"id":12182,"date":"2018-01-12T12:12:34","date_gmt":"2018-01-12T11:12:34","guid":{"rendered":"https:\/\/www.konferenztechnik.de\/?page_id=12182"},"modified":"2023-09-01T13:11:32","modified_gmt":"2023-09-01T11:11:32","slug":"%d8%b4%d8%b1%d8%a7%d8%a1-%d9%86%d8%b8%d8%a7%d9%85-%d8%a7%d9%84%d8%aa%d9%88%d8%ac%d9%8a%d9%87-%d8%a7%d9%84%d8%b4%d8%ae%d8%b5%d9%8a","status":"publish","type":"page","link":"https:\/\/konferenztechnik.de\/ar\/%d8%b4%d8%b1%d8%a7%d8%a1-%d9%86%d8%b8%d8%a7%d9%85-%d8%a7%d9%84%d8%aa%d9%88%d8%ac%d9%8a%d9%87-%d8%a7%d9%84%d8%b4%d8%ae%d8%b5%d9%8a\/","title":{"rendered":"\u0634\u0631\u0627\u0621 \u0646\u0638\u0627\u0645 \u0627\u0644\u0625\u0631\u0634\u0627\u062f \u0627\u0644\u0633\u064a\u0627\u062d\u064a"},"content":{"rendered":"<h1>Personenf\u00fchrungsanlage kaufen: Professionelle Tourguide-Systeme und Zubeh\u00f6r<\/h1>\n<div class=\"call-action-slider-img\">\n<img fetchpriority=\"high\" decoding=\"async\" width=\"850\" height=\"319\" src=\"https:\/\/konferenztechnik.de\/wp-content\/uploads\/2018\/01\/personenfuehrungsanlage-kaufen-bei-pcs.jpg\" alt=\"Personenfuehrungsanlage kaufen bei PCS Konferenztechnik\" class=\"alignnone size-full wp-image-12201\" title=\"\" srcset=\"https:\/\/konferenztechnik.de\/wp-content\/uploads\/2018\/01\/personenfuehrungsanlage-kaufen-bei-pcs.jpg 850w, https:\/\/konferenztechnik.de\/wp-content\/uploads\/2018\/01\/personenfuehrungsanlage-kaufen-bei-pcs-300x113.jpg 300w, https:\/\/konferenztechnik.de\/wp-content\/uploads\/2018\/01\/personenfuehrungsanlage-kaufen-bei-pcs-768x288.jpg 768w\" sizes=\"(max-width: 850px) 100vw, 850px\" \/><br \/>\n<button class=\"bbtn popmake-12226\">Angebot anfordern &#x9B;<\/button><\/div>\n<p><a href=\"#sennheiser\">Sennheiser Tourguide<\/a>, <a href=\"#beyerdynamic\">Beyerdynamic UNITE<\/a>, <a href=\"#audioropa\">Audioropa Xepton<\/a> oder <a href=\"#mipro\">Mipro MTG<\/a>: Kaufen Sie bei PCS handliche F\u00fchrungsanlagen auf h\u00f6chstem technischem Niveau. Als offizieller Fachh\u00e4ndler f\u00fcr unterschiedliche namhafte Hersteller bieten wir Ihnen kompetente Beratung und Auftragsabwicklung zu besten Konditionen. Wenn Sie eine Personenf\u00fchrungsanlage kaufen m\u00f6chten oder sich f\u00fcr ein Tourguide System interessieren, melden Sie sich einfach bei uns. Wir lassen Ihnen gerne ein unverbindliches Angebot zukommnen &#8211; und das nat\u00fcrlich bundesweit!<\/p>\n<p>[spacer size=&#8220;10&#8243;]<\/p>\n<p><img decoding=\"async\" src=\"https:\/\/konferenztechnik.de\/wp-content\/uploads\/2019\/09\/Sennheiser-logo.png\" alt=\"Sennheiser Logo\" width=\"231\" height=\"39\" class=\"alignleft size-full wp-image-15046\" id=\"sennheiser\" title=\"\"><\/p>\n<hr style=\"background-color:#999999; margin-bottom:30px;\">\n<h2>Sennheiser Tourguide 2020 D<\/h2>\n<p><a href=\"https:\/\/www.konferenztechnik.de\/sennheiser-tourguide-kaufen\/\"><br \/>\n<img decoding=\"async\" width=\"850\" height=\"388\" src=\"https:\/\/konferenztechnik.de\/wp-content\/uploads\/2018\/01\/sennheiser-tourguide-kaufen-set.jpg\" alt=\"Sennheiser Tourguide kaufen Set\" class=\"alignnone size-full wp-image-12216\" title=\"\" srcset=\"https:\/\/konferenztechnik.de\/wp-content\/uploads\/2018\/01\/sennheiser-tourguide-kaufen-set.jpg 850w, https:\/\/konferenztechnik.de\/wp-content\/uploads\/2018\/01\/sennheiser-tourguide-kaufen-set-300x137.jpg 300w, https:\/\/konferenztechnik.de\/wp-content\/uploads\/2018\/01\/sennheiser-tourguide-kaufen-set-768x351.jpg 768w\" sizes=\"(max-width: 850px) 100vw, 850px\" \/><\/a><\/p>\n<p>Das digitale Sennheiser 2020-D Tourguide-System kombiniert einfache Handhabung mit professionellen Funktionen: Die Sennheiser F\u00fchrungsanlage kann unkompliziert bei Besucherf\u00fchrungen, Konferenzen oder zur H\u00f6runterst\u00fctzung eingesetzt werden. Die HDE-2020 Kinnb\u00fcgelempf\u00e4nger vereinen Kopfh\u00f6rer und Empf\u00e4nger in einem Ger\u00e4t. Der Vorteil hier: keine Kabel zu Kopfh\u00f6rern, eine Ausgabe\/R\u00fccknahme der F\u00fchrungsempf\u00e4nger ist dadurch einfacher. Auch bei Helmpflicht w\u00e4hrend einer F\u00fchrung ist dieser Kinnb\u00fcgel-Empf\u00e4nger deshalb eine gute Wahl. Die Empf\u00e4nger schalten sich beim Aufsetzen \u00fcbrigens automatisch ein &#8211; und auch wieder aus, wenn sie l\u00e4nger ungenutzt bleiben.<\/p>\n<div>\n<div style=\"float:left; text-align:left; font-size:0.8em; width:70%;\">\nDie Sennheiser Tourguide 2020 D ist ein Klassiker der F\u00fchrungsanlagen und mit der besonderen Formgebung ein Hingucker f\u00fcr \u00c4stheten in Museen und Galerien.<\/div>\n<div style=\"float:left; text-align:right; width:30%;\">\n<p>[button link=&#8220;#popmake-12226&#8243; target=&#8220;self&#8220; color=&#8220;#a62055&#8243; class=&#8220;bbtn&#8220; text=&#8220;light&#8220;]Angebot anfordern[\/button][clear]<br \/>\n<a class=\"weiter\" href=\"https:\/\/www.konferenztechnik.de\/sennheiser-tourguide-kaufen\/\"><span class=\"text-kleiner\">&#x9B; Mehr Informationen<\/span><\/a><\/p>\n<\/div>\n<\/div>\n<p>[clear]<\/p>\n<hr style=\"background-color:#999999; margin-bottom:30px;\">\n<h2>Sennheiser Tourguide 1039<\/h2>\n<p><img loading=\"lazy\" decoding=\"async\" width=\"850\" height=\"388\" src=\"https:\/\/konferenztechnik.de\/wp-content\/uploads\/2019\/09\/sennheiser-tourguide-1039-kaufen-bei-pcs.jpg\" alt=\"Sennheiser Tourguide 1039 kaufen bei PCS\" class=\"alignleft size-full wp-image-15021\" title=\"\" srcset=\"https:\/\/konferenztechnik.de\/wp-content\/uploads\/2019\/09\/sennheiser-tourguide-1039-kaufen-bei-pcs.jpg 850w, https:\/\/konferenztechnik.de\/wp-content\/uploads\/2019\/09\/sennheiser-tourguide-1039-kaufen-bei-pcs-300x137.jpg 300w, https:\/\/konferenztechnik.de\/wp-content\/uploads\/2019\/09\/sennheiser-tourguide-1039-kaufen-bei-pcs-768x351.jpg 768w\" sizes=\"(max-width: 850px) 100vw, 850px\" \/><\/p>\n<p>Das Tourguide System 1039 von Sennheiser arbeitet im weltweit verf\u00fcgbaren UHF Frequenzbereich. Frequenzpresets helfen bei der einfachen Einrichtung des Systems. Durch die M\u00f6glichkeit bis zu 32 Kan\u00e4le gleichzeitig zu \u00fcbertragen, eignet sich die Tourguide 1039 auch f\u00fcr Gro\u00dfveranstaltungen mit Suimultandolmetschern. Die EK 1039 Empf\u00e4nger sind \u00e4u\u00dferst robust und \u00fcbertragen in beste Audioqualit\u00e4t. Mit einen handels\u00fcblichen 3,5 mm Klinkenstecker k\u00f6nnen sowohl Kopfh\u00f6rer als auch Induktionsschlingen angeschlossen werden, die bei der H\u00f6runterst\u00fctzung zum Einsatz kommen.<\/p>\n<div>\n<div style=\"float:left; text-align:left; font-size:0.8em; width:70%;\">\n\u00dcbertragungssicherheit, robuste Bauweise und einfaches Frequenzmanagement zeichnen die Sennheiser Tourguide 1039 aus.<\/div>\n<div style=\"float:left; text-align:right; width:30%;\">\n<p>[button link=&#8220;#popmake-12226&#8243; target=&#8220;self&#8220; color=&#8220;#a62055&#8243; class=&#8220;bbtn&#8220; text=&#8220;light&#8220;]Angebot anfordern[\/button][clear]<\/p>\n<\/div>\n<\/div>\n<p>[clear]<\/p>\n<p>[spacer size=&#8220;35&#8243;]<br \/>\n<img loading=\"lazy\" decoding=\"async\" src=\"https:\/\/konferenztechnik.de\/wp-content\/uploads\/2019\/09\/beyerdynamic-logo-1-300x78.png\" alt=\"\" width=\"300\" height=\"78\" class=\"alignleft size-medium wp-image-15031\" id=\"beyerdynamic\" title=\"\" srcset=\"https:\/\/konferenztechnik.de\/wp-content\/uploads\/2019\/09\/beyerdynamic-logo-1-300x78.png 300w, https:\/\/konferenztechnik.de\/wp-content\/uploads\/2019\/09\/beyerdynamic-logo-1-768x198.png 768w, https:\/\/konferenztechnik.de\/wp-content\/uploads\/2019\/09\/beyerdynamic-logo-1.png 774w\" sizes=\"(max-width: 300px) 100vw, 300px\" \/><\/p>\n<hr style=\"background-color:#999999; margin-bottom:30px;\">\n<h2>Beyerdynamic UNITE<\/h2>\n<p><a href=\"https:\/\/www.konferenztechnik.de\/beyerdynamic-unite-digitale-fuehrungsanlage\/\"><br \/>\n<img loading=\"lazy\" decoding=\"async\" width=\"850\" height=\"388\" src=\"https:\/\/konferenztechnik.de\/wp-content\/uploads\/2019\/09\/Beyerdynamic-UNITE-kaufen-bei-PCS.jpg\" alt=\"Beyerdynamic UNITE kaufen bei PCS\" class=\"alignleft size-full wp-image-15018\" title=\"\" srcset=\"https:\/\/konferenztechnik.de\/wp-content\/uploads\/2019\/09\/Beyerdynamic-UNITE-kaufen-bei-PCS.jpg 850w, https:\/\/konferenztechnik.de\/wp-content\/uploads\/2019\/09\/Beyerdynamic-UNITE-kaufen-bei-PCS-300x137.jpg 300w, https:\/\/konferenztechnik.de\/wp-content\/uploads\/2019\/09\/Beyerdynamic-UNITE-kaufen-bei-PCS-768x351.jpg 768w\" sizes=\"(max-width: 850px) 100vw, 850px\" \/><\/a><\/p>\n<p>Das drahtlose Beyerdynamic UNITE Konferenzsystem ist \u00e4u\u00dferst flexibel einsetzbar und eignet sich sowohl als Personenf\u00fchrungsanlage, Konferenzsystem oder f\u00fcr Silent-PA-Veranstaltungen. UNITE nutzt f\u00fcr die \u00dcbertragung den DECT Standard. DECT kann ohne Zulassung und Geb\u00fchren genutzt werden. Die Anlage sucht automatisch nach freien Funkfrequenzen und stellt immer den besten \u00dcbertragungskanal ein. Die UNITE kann bis zu 32 Kan\u00e4le gelichzeitig \u00fcbertagen und empfangen. Zudem k\u00f6nnen drei Sprecher simultan sprechen. Zus\u00e4tzlich bietet das System einen R\u00fcckkanal f\u00fcr Zuschauerr\u00fcckfragen.<\/p>\n<div>\n<div style=\"float:left; text-align:left; font-size:0.8em; width:70%;\">\nBeyerdynamic UNITE bidirektionale \u00dcbertagung, bis zu 32 Gruppen gleichzeitig, beste Audio- und \u00dcbertragungsqualit\u00e4t im modernen DECT Funkstandard.<\/div>\n<div style=\"float:left; text-align:right; width:30%;\">\n<p>[button link=&#8220;#popmake-12226&#8243; target=&#8220;self&#8220; color=&#8220;#a62055&#8243; class=&#8220;bbtn&#8220; text=&#8220;light&#8220;]Angebot anfordern[\/button][clear]<br \/>\n<a class=\"weiter\" href=\"https:\/\/www.konferenztechnik.de\/beyerdynamic-unite-digitale-fuehrungsanlage\/\"><span class=\"text-kleiner\">&#x9B; Mehr Informationen<\/span><\/a><\/p>\n<\/div>\n<\/div>\n<p>[clear]<\/p>\n<hr style=\"background-color:#999999; margin-bottom:30px;\">\n<h2>Beyerdynamic Synexis (Auslaufmodell)<\/h2>\n<p><a href=\"https:\/\/www.konferenztechnik.de\/beyerdynamic-synexis-kaufen\/\"><br \/>\n<img loading=\"lazy\" decoding=\"async\" width=\"850\" height=\"388\" src=\"https:\/\/konferenztechnik.de\/wp-content\/uploads\/2018\/01\/beyerdynamic-synexis-kaufen-set.jpg\" alt=\"Beyerdynamic Synexis kaufen Set\" class=\"alignnone size-full wp-image-12217\" title=\"\" srcset=\"https:\/\/konferenztechnik.de\/wp-content\/uploads\/2018\/01\/beyerdynamic-synexis-kaufen-set.jpg 850w, https:\/\/konferenztechnik.de\/wp-content\/uploads\/2018\/01\/beyerdynamic-synexis-kaufen-set-300x137.jpg 300w, https:\/\/konferenztechnik.de\/wp-content\/uploads\/2018\/01\/beyerdynamic-synexis-kaufen-set-768x351.jpg 768w\" sizes=\"(max-width: 850px) 100vw, 850px\" \/><\/a><\/p>\n<p>Die Beyerdynamic Synexis ist ideal f\u00fcr Personenf\u00fchrungen und Konferenzen, kann f\u00fcr mehrsprachige Dolmeterschanwendungen verwendet werden, und wird gerne auch zur H\u00f6rverst\u00e4rkung eingesetzt. Der Empf\u00e4nger kann wahlweise mit dem abnehmbaren G\u00fcrtelclip an der Kleidung befestigt oder einer Umh\u00e4ngekordel um den Hals getragen werden. Gespeist wird der Empf\u00e4nger \u00fcber zwei NiMH-Akkus oder alternativ mit 1,5 V AA Batterien. Durch integrierte Ladekontakte k\u00f6nnen die Akkus w\u00e4hrend des Ladevorgangs im Empf\u00e4nger verbleiben. Das Synexis System ist ein Auslaufmodell, Restbest\u00e4nde und Ersatzteile k\u00f6nnen aber noch bezogen werden.<\/p>\n<p>[callout add_button=&#8220;no&#8220; button_url=&#8220;&#8220; button_color=&#8220;#a62055&#8243;]<\/p>\n<p>Bitte beachten Sie, dass Beyerdynamic das Synexis System nicht mehr weiterentwickelt und aus dem Angebot genommen hat. Restbest\u00e4nde k\u00f6nnen Sie, so lange der Vorrat reicht, \u00fcber uns beziehen. Nachfolgemodell der Synexis ist das UNITE System. Bei Fragen melden Sie sich einfach bei uns.<\/p>\n<p>Noch laufende Garantieleistungen und Serviceauftr\u00e4ge behalten aber \u00fcber den angegebenen Zeitraum ihre G\u00fcltigkeit.<\/p>\n<p>[\/callout]<\/p>\n<div>\n<div style=\"float:left; text-align:left; font-size:0.8em; width:70%;\">\nDas System Beyerdynamic Synexis ist ein hochwertigerer Allrounder &#8211; ohne Abstriche in der B-Note. Die Anlage ist sehr einfach und intuitiv bedienbar.<\/div>\n<div style=\"float:left; text-align:right; width:30%;\">\n<p>[button link=&#8220;#popmake-12226&#8243; target=&#8220;self&#8220; color=&#8220;#a62055&#8243; class=&#8220;bbtn&#8220; text=&#8220;light&#8220;]Angebot anfordern[\/button][clear]<br \/>\n<a class=\"weiter\" href=\"https:\/\/www.konferenztechnik.de\/beyerdynamic-synexis-kaufen\/\"><span class=\"text-kleiner\">&#x9B; Mehr Informationen<\/span><\/a><\/p>\n<\/div>\n<\/div>\n<p>[clear]<br \/>\n[spacer size=&#8220;35&#8243;]<\/p>\n<p><img loading=\"lazy\" decoding=\"async\" src=\"https:\/\/konferenztechnik.de\/wp-content\/uploads\/2019\/09\/Audioropa-logo.png\" alt=\"\" width=\"197\" height=\"50\" class=\"alignleft size-full wp-image-15033\" id=\"audioropa\" title=\"\"><\/p>\n<hr style=\"background-color:#999999; margin-bottom:30px;\">\n<h2>Audioropa Xepton<\/h2>\n<p><img loading=\"lazy\" decoding=\"async\" width=\"850\" height=\"338\" src=\"https:\/\/konferenztechnik.de\/wp-content\/uploads\/2019\/08\/Audioropa-Xepton-Tourguidesystem-1.jpg\" alt=\"Audioropa Xepton Tourguidesystem\" class=\"alignleft size-full wp-image-15012\" title=\"\" srcset=\"https:\/\/konferenztechnik.de\/wp-content\/uploads\/2019\/08\/Audioropa-Xepton-Tourguidesystem-1.jpg 850w, https:\/\/konferenztechnik.de\/wp-content\/uploads\/2019\/08\/Audioropa-Xepton-Tourguidesystem-1-300x119.jpg 300w, https:\/\/konferenztechnik.de\/wp-content\/uploads\/2019\/08\/Audioropa-Xepton-Tourguidesystem-1-768x305.jpg 768w\" sizes=\"(max-width: 850px) 100vw, 850px\" \/><\/p>\n<p>Audioropa hat mit der Xepton ein Tourguide- und Kommunikationssystem auf Funkbasis auf den Markt gebracht, das Flexibilit\u00e4t und Wirtschaftlichkeit perfekt vereint. Die Xepton ist robst gebaut und kommt so auch mit dem t\u00e4glichen Gebrauch \u201eon the road\u201c bei Stadt- und Werksf\u00fchrungen, in Museen oder Konferenzen bestens klar. Die Xepton kann optional mit Teleschlingen ausgestattet werden, um Audiosignale \u00fcber Induktion f\u00fcr H\u00f6rgesch\u00e4digte und Tr\u00e4ger von Cochlea-Implantaten zu \u00fcbertragen. Die Xepton bietet je nach Modell zus\u00e4tzlich einen R\u00fcckkanal, sodass jederzeit R\u00fcckfragen aus dem Publikum unkompliziert m\u00f6glich sind.<\/p>\n<div>\n<div style=\"float:left; text-align:left; font-size:0.8em; width:70%;\">\nDie Xepton von Audioropa ist robust, flexibel und bietet R\u00fcckkan\u00e4le f\u00fcr Zuschauerfragen.<\/div>\n<div style=\"float:left; text-align:right; width:30%;\">\n<p>[button link=&#8220;#popmake-12226&#8243; target=&#8220;self&#8220; color=&#8220;#a62055&#8243; class=&#8220;bbtn&#8220; text=&#8220;light&#8220;]Angebot anfordern[\/button][clear]<\/p>\n<\/div>\n<\/div>\n<p>[clear]<br \/>\n[spacer size=&#8220;35&#8243;]<\/p>\n<p><img loading=\"lazy\" decoding=\"async\" src=\"https:\/\/konferenztechnik.de\/wp-content\/uploads\/2019\/09\/mipro-logo-1.png\" alt=\"\" width=\"180\" height=\"70\" class=\"alignleft size-full wp-image-15037\" id=\"mipro\" title=\"\"><\/p>\n<hr style=\"background-color:#999999; margin-bottom:30px;\">\n<h2>Mipro MTG 100<\/h2>\n<p><a href =\"https:\/\/www.konferenztechnik.de\/mipro-fuehrungsanlage-kaufen\/\"><br \/>\n<img loading=\"lazy\" decoding=\"async\" width=\"850\" height=\"388\" src=\"https:\/\/konferenztechnik.de\/wp-content\/uploads\/2018\/01\/mipro-mtg-kaufen-set.jpg\" alt=\"Mipro MTG kaufen Set\" class=\"alignnone size-full wp-image-12218\" title=\"\" srcset=\"https:\/\/konferenztechnik.de\/wp-content\/uploads\/2018\/01\/mipro-mtg-kaufen-set.jpg 850w, https:\/\/konferenztechnik.de\/wp-content\/uploads\/2018\/01\/mipro-mtg-kaufen-set-300x137.jpg 300w, https:\/\/konferenztechnik.de\/wp-content\/uploads\/2018\/01\/mipro-mtg-kaufen-set-768x351.jpg 768w\" sizes=\"(max-width: 850px) 100vw, 850px\" \/><\/a><\/p>\n<p>Mipro mag noch f\u00fcr viele ein Geheimtipp sein. Es ist der gr\u00f6\u00dfte Hersteller von professionellen Drahtlosmikrofonen in Taiwan. Die F\u00fchrungsanlage bietet sehr gute Klangqualit\u00e4t und eine sichere und stabile \u00dcbertragung. Es stehen 16 Kan\u00e4le zur Verf\u00fcgung. Bis zu 4 getrennte \u00dcbertragungen pro Veranstaltung sind m\u00f6glich. Die integrierte Lithium-Polymer-Akkus bieten bis zu 14 Stunden Betriebsdauer.<\/p>\n<div>\n<div style=\"float:left; text-align:left; font-size:0.8em; width:70%;\">\nHochwertig, stabil, kompakt. Das kleinste und leichteste System auf dem Markt.<\/div>\n<div style=\"float:left; text-align:right; width:30%;\">\n<p>[button link=&#8220;#popmake-12226&#8243; target=&#8220;self&#8220; color=&#8220;#a62055&#8243; class=&#8220;bbtn&#8220; text=&#8220;light&#8220;]Angebot anfordern[\/button][clear]<br \/>\n<a class=\"weiter\" href=\"https:\/\/www.konferenztechnik.de\/mipro-fuehrungsanlage-kaufen\/\"><span class=\"text-kleiner\">&#x9B; Mehr Informationen<\/span><\/a><\/p>\n<\/div>\n<\/div>\n<p>[clear]<\/p>\n<hr style=\"background-color:#999999; margin-bottom:30px;\">\n<h2>Zubeh\u00f6r f\u00fcr Personenf\u00fchrungsanlagen<\/h2>\n<p>Zu den hier vorgestellten Anlagen bieten wir auch eine gro\u00dfe Auswahl an Zubeh\u00f6r an. Dazu geh\u00f6ren:<\/p>\n<p>[list icon=&#8220;moon-checkmark&#8220; color=&#8220;#a62055&#8243;]Ladekoffer\/Transportkoffer[\/list]<br \/>\n[list icon=&#8220;moon-checkmark&#8220; color=&#8220;#a62055&#8243;]Mikrofonumh\u00e4nger[\/list]<br \/>\n[list icon=&#8220;moon-checkmark&#8220; color=&#8220;#a62055&#8243;]Induktionsschlingen[\/list]<br \/>\n[list icon=&#8220;moon-checkmark&#8220; color=&#8220;#a62055&#8243;]Ersatzteile, Akkus[\/list]<br \/>\n[list icon=&#8220;moon-checkmark&#8220; color=&#8220;#a62055&#8243;]Sonderanfertigungen[\/list]<br \/>\n[spacer size=&#8220;20&#8243;]<\/p>\n<p><img loading=\"lazy\" decoding=\"async\" width=\"850\" height=\"850\" src=\"https:\/\/konferenztechnik.de\/wp-content\/uploads\/2019\/09\/personenfuehrungsanlagen-zubehoer.jpg\" alt=\"Zubeh\u00f6r f\u00fcr Personenf\u00fchrungsanlagen bei PCS\" class=\"alignleft size-full wp-image-15049\" title=\"\" srcset=\"https:\/\/konferenztechnik.de\/wp-content\/uploads\/2019\/09\/personenfuehrungsanlagen-zubehoer.jpg 850w, https:\/\/konferenztechnik.de\/wp-content\/uploads\/2019\/09\/personenfuehrungsanlagen-zubehoer-300x300.jpg 300w, https:\/\/konferenztechnik.de\/wp-content\/uploads\/2019\/09\/personenfuehrungsanlagen-zubehoer-150x150.jpg 150w, https:\/\/konferenztechnik.de\/wp-content\/uploads\/2019\/09\/personenfuehrungsanlagen-zubehoer-768x768.jpg 768w\" sizes=\"(max-width: 850px) 100vw, 850px\" \/><\/p>\n<p>[spacer size=&#8220;20&#8243;]<\/p>\n<div>\n<div style=\"float:left; text-align:left; font-size:0.8em; width:70%;\">\nLadecases, Induktionsschlingen, Einohrh\u00f6rer, Ersatzakkus oder Mikrofonumh\u00e4nger. Bei uns bekommen Sie s\u00e4mtliches Zubeh\u00f6r f\u00fcr Ihre Personenf\u00fchrungsanlage.<\/div>\n<div style=\"float:left; text-align:right; width:30%;\">\n<p>[button link=&#8220;#popmake-12226&#8243; target=&#8220;self&#8220; color=&#8220;#a62055&#8243; class=&#8220;bbtn&#8220; text=&#8220;light&#8220;]Angebot anfordern[\/button][clear]<\/p>\n<\/div>\n<\/div>\n<p>[clear]<\/p>\n<hr style=\"background-color:#999999; margin-bottom:30px;\">\n<p>[spacer size=&#8220;35&#8243;]<\/p>\n<div class=\"callouthoch\">\n[callout add_button=&#8220;no&#8220; button_text=&#8220;Learn More&#8220; button_url=&#8220;#&#8220; button_color=&#8220;#a62055&#8243;]<br \/>\nPCS Vertrieb<br \/>\n[v_icon color=&#8220;#a62055&#8243; size=&#8220;20px&#8220; target=&#8220;_blank&#8220; name=&#8220;moon-phone-2&#8243;] +49 211 737798 20<br \/>\n[\/callout]<\/div>\n<div class=\"callouthoch\">\n[callout add_button=&#8220;no&#8220; button_text=&#8220;Learn More&#8220; button_url=&#8220;#&#8220; button_color=&#8220;#a62055&#8243;]<br \/>\nE-Mail<br \/>\n[v_icon color=&#8220;#a62055&#8243; size=&#8220;20px&#8220; target=&#8220;_blank&#8220; name=&#8220;moon-envelop-2&#8243;] <a href=\"mailto:vertrieb@konferenztechnik.de\" onclick=\"ga('send', 'event', 'Email-Klick', 'F\u00fchrungsanlagen kaufen Vertrieb');\"> vertrieb@konferenztechnik.de<\/a><br \/>\n[\/callout]<\/div>\n<p>[spacer size=&#8220;10&#8243;]<\/p>\n<div class=\"weiterlinks\" style=\"background-color:#ffffff;\">\n<h1>Weiterf\u00fchrende Links<\/h1>\n<ul>\n      [list icon=&#8220;moon-arrow-right-2&#8243; color=&#8220;#a62055&#8243;]<a title=\"Betreuung multilingualer Events\" href=\"\/betreuung-multilingualer-events\/\">Betreuung multilingualer Events<\/a>[\/list]<br \/>\n[list icon=&#8220;moon-arrow-right-2&#8243; color=&#8220;#a62055&#8243;]<a title=\"Referenzen\" href=\"\/uber-uns\/referenzliste-event\/\">Referenzen Vermietung, Events<\/a>[\/list]<br \/>\n[list icon=&#8220;moon-arrow-right-2&#8243; color=&#8220;#a62055&#8243;]<a title=\"Schulungen und Service f\u00fcr Dolmetscherinnen und Dolmetscher\" href=\"schulungen-und-service-fuer-dolmetscherinnen-und-dolmetscher\/\">Schulungen und Service f\u00fcr Dolmetscherinnen und Dolmetscher<\/a>[\/list]<br \/>\n[list icon=&#8220;moon-arrow-right-2&#8243; color=&#8220;#a62055&#8243;]<a title=\"10 gute Gr\u00fcnde f\u00fcr PCS\" href=\"\/uber-uns\/10-gute-gruende-fuer-pcs\/\">10 gute Gr\u00fcnde f\u00fcr PCS<\/a>[\/list]<br \/>\n[list icon=&#8220;moon-arrow-right-2&#8243; color=&#8220;#a62055&#8243;]<a title=\"PCS: Alle Leistungen in der \u00dcbersicht\" href=\"services\/\">PCS: Alle Leistungen im \u00dcberblick<\/a>[\/list]<\/ul>\n<\/div>\n<p>[spacer size=&#8220;20&#8243;]<\/p>\n","protected":false},"excerpt":{"rendered":"<p>Personenf\u00fchrungsanlage kaufen: Professionelle Tourguide-Systeme und Zubeh\u00f6r Angebot anfordern &#x9B; Sennheiser Tourguide, Beyerdynamic UNITE, Audioropa Xepton oder Mipro MTG: Kaufen Sie bei PCS handliche F\u00fchrungsanlagen auf h\u00f6chstem technischem Niveau. Als offizieller Fachh\u00e4ndler f\u00fcr unterschiedliche namhafte Hersteller bieten wir Ihnen kompetente Beratung und Auftragsabwicklung zu besten Konditionen. Wenn Sie eine Personenf\u00fchrungsanlage kaufen m\u00f6chten oder sich f\u00fcr ein [&hellip;]<\/p>\n","protected":false},"author":1,"featured_media":45482,"parent":0,"menu_order":0,"comment_status":"closed","ping_status":"closed","template":"","meta":{"_acf_changed":false,"footnotes":""},"class_list":["post-12182","page","type-page","status-publish","has-post-thumbnail","hentry"],"acf":[],"_links":{"self":[{"href":"https:\/\/konferenztechnik.de\/ar\/wp-json\/wp\/v2\/pages\/12182","targetHints":{"allow":["GET"]}}],"collection":[{"href":"https:\/\/konferenztechnik.de\/ar\/wp-json\/wp\/v2\/pages"}],"about":[{"href":"https:\/\/konferenztechnik.de\/ar\/wp-json\/wp\/v2\/types\/page"}],"author":[{"embeddable":true,"href":"https:\/\/konferenztechnik.de\/ar\/wp-json\/wp\/v2\/users\/1"}],"replies":[{"embeddable":true,"href":"https:\/\/konferenztechnik.de\/ar\/wp-json\/wp\/v2\/comments?post=12182"}],"version-history":[{"count":0,"href":"https:\/\/konferenztechnik.de\/ar\/wp-json\/wp\/v2\/pages\/12182\/revisions"}],"wp:featuredmedia":[{"embeddable":true,"href":"https:\/\/konferenztechnik.de\/ar\/wp-json\/wp\/v2\/media\/45482"}],"wp:attachment":[{"href":"https:\/\/konferenztechnik.de\/ar\/wp-json\/wp\/v2\/media?parent=12182"}],"curies":[{"name":"\u062f\u0628\u0644\u064a\u0648 \u0628\u064a","href":"https:\/\/api.w.org\/{rel}","templated":true}]}}