{"id":12605,"date":"2018-02-08T09:14:51","date_gmt":"2018-02-08T08:14:51","guid":{"rendered":"https:\/\/www.konferenztechnik.de\/?page_id=12605"},"modified":"2023-09-01T13:14:47","modified_gmt":"2023-09-01T11:14:47","slug":"beyerdynamic-unite-digital-guidance-system","status":"publish","type":"page","link":"https:\/\/konferenztechnik.de\/en\/beyerdynamic-unite-digital-guidance-system\/","title":{"rendered":"Beyerdynamic UNITE digital guide system"},"content":{"rendered":"<h1>Beyerdynamic UNITE digitale F\u00fchrungsanlage \u2013 technische Daten<\/h1>\n<p><img decoding=\"async\" src=\"https:\/\/konferenztechnik.de\/wp-content\/uploads\/2018\/02\/beyerdynamic-unite-digital-wireless.jpg\" alt=\"Beyerdynamic UNITE F\u00fchrungsanlage\" class=\"alignleft size-full wp-image-12467\" title=\"\"><\/p>\n<p>[spacer size=&#8220;30&#8243;]<\/p>\n<h2>Unite RP-T<\/h2>\n<p><img decoding=\"async\" src=\"https:\/\/konferenztechnik.de\/wp-content\/uploads\/2018\/02\/Unite-RP-T.jpg\" alt=\"Beyerdynamic UNITE RP-T Empf\u00e4nger\" width=\"850\" class=\"alignnone size-full wp-image-12615\" title=\"\"><\/p>\n<p>Taschenempf\u00e4nger mit Talkback-Funktion<br \/>\n[list icon=&#8220;moon-checkmark&#8220; color=&#8220;#a62055&#8243;]   Austauschbarer Lithium-Akku[\/list]<br \/>\n[list icon=&#8220;moon-checkmark&#8220; color=&#8220;#a62055&#8243;]   Mehr als 20 Stunden Betriebsdauer[\/list]<br \/>\n[list icon=&#8220;moon-checkmark&#8220; color=&#8220;#a62055&#8243;]   Ladekontakte &#038; USB-Ladem\u00f6glichkeit[\/list]<br \/>\n[list icon=&#8220;moon-checkmark&#8220; color=&#8220;#a62055&#8243;]   Kopfh\u00f6rer \/ Headset[\/list]<br \/>\n[list icon=&#8220;moon-checkmark&#8220; color=&#8220;#a62055&#8243;]   Induktions-Nackenschlaufe f\u00fcr H\u00f6rbehinderte[\/list]<br \/>\n[list icon=&#8220;moon-checkmark&#8220; color=&#8220;#a62055&#8243;]   Internes Mikrofon[\/list]<br \/>\n[list icon=&#8220;moon-checkmark&#8220; color=&#8220;#a62055&#8243;]   Talkback[\/list]<\/p>\n<p>[spacer size=&#8220;30&#8243;]<\/p>\n<h2>Unite HT<\/h2>\n<p><img decoding=\"async\" src=\"https:\/\/konferenztechnik.de\/wp-content\/uploads\/2018\/02\/Unite-Handsender-TH.jpg\" alt=\"Beyerdynamic UNITE HT Handsender\" width=\"850\" class=\"alignnone size-full wp-image-12615\" title=\"\"><\/p>\n<p>Handsender<br \/>\n[list icon=&#8220;moon-checkmark&#8220; color=&#8220;#a62055&#8243;]   Austauschbarer Lithium-Akku[\/list]<br \/>\n[list icon=&#8220;moon-checkmark&#8220; color=&#8220;#a62055&#8243;]   Mehr als 15 Stunden Betriebsdauer[\/list]<br \/>\n[list icon=&#8220;moon-checkmark&#8220; color=&#8220;#a62055&#8243;]   Ladekontakte &#038; USB-Ladem\u00f6glichkeit[\/list]<br \/>\n[list icon=&#8220;moon-checkmark&#8220; color=&#8220;#a62055&#8243;]   Bluetooth[\/list]<br \/>\n[list icon=&#8220;moon-checkmark&#8220; color=&#8220;#a62055&#8243;]   Rollschutz und Lenyard[\/list]<\/p>\n<p>Funktionen:<br \/>\n[list icon=&#8220;moon-checkmark&#8220; color=&#8220;#a62055&#8243;]   Mute\/Power[\/list]<br \/>\n[list icon=&#8220;moon-checkmark&#8220; color=&#8220;#a62055&#8243;]   Menu\/Set[\/list]<br \/>\n[list icon=&#8220;moon-checkmark&#8220; color=&#8220;#a62055&#8243;]   Menu\/Channel +\/-[\/list]<\/p>\n<p>[spacer size=&#8220;30&#8243;]<\/p>\n<h2>Unite TP<\/h2>\n<p><img decoding=\"async\" src=\"https:\/\/konferenztechnik.de\/wp-content\/uploads\/2018\/02\/Beyerdynamic-Unite-TP-Taschensender.jpg\" alt=\"Beyerdynamic UNITE TP Taschensender\" width=\"850\" class=\"alignnone size-full wp-image-12615\" title=\"\"><\/p>\n<p>Taschensender<br \/>\n[list icon=&#8220;moon-checkmark&#8220; color=&#8220;#a62055&#8243;]   Austauschbarer Lithium-Akku[\/list]<br \/>\n[list icon=&#8220;moon-checkmark&#8220; color=&#8220;#a62055&#8243;]   Mehr als 15 Stunden Betriebsdauer[\/list]<br \/>\n[list icon=&#8220;moon-checkmark&#8220; color=&#8220;#a62055&#8243;]   Ladekontakte &#038; USB-Ladem\u00f6glichkeit[\/list]<br \/>\n[list icon=&#8220;moon-checkmark&#8220; color=&#8220;#a62055&#8243;]   Mikrofon-, Headset-Anschl\u00fcsse (TQG \/mini XLR)[\/list]<br \/>\n[list icon=&#8220;moon-checkmark&#8220; color=&#8220;#a62055&#8243;]   Internes Mikrofon[\/list]<br \/>\n[list icon=&#8220;moon-checkmark&#8220; color=&#8220;#a62055&#8243;]   Audio-Eing\u00e4nge[\/list]<br \/>\n[list icon=&#8220;moon-checkmark&#8220; color=&#8220;#a62055&#8243;]   Line-In[\/list]<br \/>\n[list icon=&#8220;moon-checkmark&#8220; color=&#8220;#a62055&#8243;]   Bluetooth[\/list]<br \/>\n[list icon=&#8220;moon-checkmark&#8220; color=&#8220;#a62055&#8243;]   USB[\/list]<\/p>\n<p>[spacer size=&#8220;30&#8243;]<\/p>\n<h2>Unite RP<\/h2>\n<p><img decoding=\"async\" src=\"https:\/\/konferenztechnik.de\/wp-content\/uploads\/2018\/02\/Beyerdynamic-Unite-RP-Empfaenger.jpg\" alt=\"Beyerdynamic UNITE RP Bodypack Empf\u00e4nger\" width=\"850\" class=\"alignnone size-full wp-image-12615\" title=\"\"><\/p>\n<p>Bodypack Empf\u00e4nger<br \/>\n[list icon=&#8220;moon-checkmark&#8220; color=&#8220;#a62055&#8243;]   Austauschbarer Lithium-Akku[\/list]<br \/>\n[list icon=&#8220;moon-checkmark&#8220; color=&#8220;#a62055&#8243;]   Mehr als 20 Stunden Betriebsdauer[\/list]<br \/>\n[list icon=&#8220;moon-checkmark&#8220; color=&#8220;#a62055&#8243;]   Ladekontakte &#038; USB-Ladem\u00f6glichkeit[\/list]<br \/>\n[list icon=&#8220;moon-checkmark&#8220; color=&#8220;#a62055&#8243;]   Kopfh\u00f6rer[\/list]<br \/>\n[list icon=&#8220;moon-checkmark&#8220; color=&#8220;#a62055&#8243;]   Induktions-Nackenschlaufe f\u00fcr H\u00f6rbehinderte[\/list]<\/p>\n<p>[spacer size=&#8220;30&#8243;]<\/p>\n<h2>UNITE CC-24P<\/h2>\n<p><img decoding=\"async\" src=\"https:\/\/konferenztechnik.de\/wp-content\/uploads\/2018\/02\/Unite-CC-24P.jpg\" alt=\"Beyerdynamic UNITE CC-24P Ladekoffer\" width=\"850\" class=\"alignnone size-full wp-image-12615\" title=\"\"><\/p>\n<p>Transport- und Ladekoffer<br \/>\n[list icon=&#8220;moon-checkmark&#8220; color=&#8220;#a62055&#8243;]   Lade- und Transportkoffer f\u00fcr 24 Empf\u00e4nger[\/list]<br \/>\n[list icon=&#8220;moon-checkmark&#8220; color=&#8220;#a62055&#8243;]   Stromanschluss (IEC)[\/list]<br \/>\n[list icon=&#8220;moon-checkmark&#8220; color=&#8220;#a62055&#8243;]   Ethernet-Anschluss (f\u00fcr Firmware-Updates, Pairing)[\/list]<br \/>\n[list icon=&#8220;moon-checkmark&#8220; color=&#8220;#a62055&#8243;]   Fach f\u00fcr Handmikrofon[\/list]<br \/>\n[list icon=&#8220;moon-checkmark&#8220; color=&#8220;#a62055&#8243;]   Portabel[\/list]<\/p>\n<p>Funktionen:<br \/>\n[list icon=&#8220;moon-checkmark&#8220; color=&#8220;#a62055&#8243;]   Pairing-Schalter[\/list]<br \/>\n[list icon=&#8220;moon-checkmark&#8220; color=&#8220;#a62055&#8243;]   Reset-Schalter (f\u00fcr IP)[\/list]<br \/>\n[list icon=&#8220;moon-checkmark&#8220; color=&#8220;#a62055&#8243;]   Passwort-Reset[\/list]<\/p>\n<p>[spacer size=&#8220;30&#8243;]<\/p>\n<h2>Alle Funktionen des UNITE-Systems im \u00dcberblick<\/h2>\n<div id=\"newscontainer\">\n<div class=\"newskasten\">\n<img decoding=\"async\" width=\"83\" height=\"83\" src=\"https:\/\/konferenztechnik.de\/wp-content\/uploads\/2018\/02\/Schnittstellen-fuer-Toneinspielungen.png\" alt=\"Schnittstellen f\u00fcr Toneinspielungen\" class=\"size-full wp-image-12474\" title=\"\"><br \/>\n[clear]<br \/>\nSchnittstellen f\u00fcr Toneinspielungen<\/div>\n<div class=\"newskasten\">\n<img decoding=\"async\" width=\"83\" height=\"83\" src=\"https:\/\/konferenztechnik.de\/wp-content\/uploads\/2018\/02\/Automatic-Level-Control.png\" alt=\"Auto-LevelControl &#038; Noise-Canceling\" class=\"alignleft size-full wp-image-12463\" title=\"\"><br \/>\n[clear]<br \/>\nAuto-LevelControl &#038; Noise-Canceling<\/div>\n<div class=\"newskasten\">\n<img decoding=\"async\" width=\"83\" height=\"83\" src=\"https:\/\/konferenztechnik.de\/wp-content\/uploads\/2018\/02\/gleichzeitig-sprechen.png\" alt=\"Drei k\u00f6nnen gleichzeitig sprechen\" class=\"size-full wp-image-12471\" title=\"\"><br \/>\n[clear]<br \/>\nBis zu drei Sprecher gleichzeitig<\/div>\n<div class=\"newskasten\">\n<img loading=\"lazy\" decoding=\"async\" width=\"83\" height=\"83\" src=\"https:\/\/konferenztechnik.de\/wp-content\/uploads\/2018\/02\/biderektionale-uebertragung-1.png\" alt=\"Bidirektionale Kommunikation\" class=\"alignleft size-full wp-image-12477\" title=\"\"><br \/>\n[clear]<br \/>\nBidirektionale Kommunikation<\/div>\n<div class=\"newskasten\">\n<img loading=\"lazy\" decoding=\"async\" width=\"83\" height=\"83\" src=\"https:\/\/konferenztechnik.de\/wp-content\/uploads\/2018\/02\/dect.png\" alt=\"Beyerdynamic UNITE DECT-Standard\" class=\"alignleft size-full wp-image-12470\" title=\"\"><br \/>\n[clear]<br \/>\nDECT-Standard<\/div>\n<div class=\"newskasten\">\n<img loading=\"lazy\" decoding=\"async\" src=\"https:\/\/konferenztechnik.de\/wp-content\/uploads\/2018\/02\/Abhoersicher.png\" alt=\"Abh\u00f6rsicherer F\u00fchrungsanalge\" width=\"83\" height=\"83\" class=\"alignleft size-full wp-image-12460\" title=\"\"><br \/>\n[clear]<br \/>\nAbh\u00f6rsicher durch modernste AES-256-Bit-Verschl\u00fcsselung<\/div>\n<div class=\"newskasten\">\n<img decoding=\"async\" src=\"https:\/\/konferenztechnik.de\/wp-content\/uploads\/2018\/02\/Hohe-Reichweite.png\" alt=\"Hohe Reichweite\" class=\"alignleft size-full wp-image-12477\" title=\"\"><br \/>\n[clear]<br \/>\nHohe Reichweite<\/div>\n<div class=\"newskasten\">\n<img decoding=\"async\" src=\"https:\/\/konferenztechnik.de\/wp-content\/uploads\/2018\/02\/AktiveGeraeuschuunterdrueckung.png\" alt=\"Aktive Ger\u00e4uschunterdr\u00fcckung\" class=\"alignleft size-full wp-image-12470\" title=\"\"><br \/>\n[clear]<br \/>\nAktive Ger\u00e4uschunterdr\u00fcckung<\/div>\n<div class=\"newskasten\">\n<img loading=\"lazy\" decoding=\"async\" src=\"https:\/\/konferenztechnik.de\/wp-content\/uploads\/2018\/02\/AutomatischesFrequenz-undStoerungsmanagement.png\" alt=\"Automatisches Frequenz- und St\u00f6rungsmanagement\" width=\"83\" height=\"83\" class=\"alignleft size-full wp-image-12460\" title=\"\"><br \/>\n[clear]<br \/>\nAutomatisches Frequenz- und<br \/>\nSt\u00f6rungsmanagement<\/div>\n<div class=\"newskasten\">\n<img decoding=\"async\" src=\"https:\/\/konferenztechnik.de\/wp-content\/uploads\/2018\/02\/Barrierefreiheit-fuer-Schwerhoerige.png\" alt=\"Barrierefreiheit\nf\u00fcr Schwerh\u00f6rige\" class=\"alignleft size-full wp-image-12477\" title=\"\"><br \/>\n[clear]<br \/>\nBarrierefreiheit<br \/>\nf\u00fcr Schwerh\u00f6rige<\/div>\n<div class=\"newskasten\">\n<img decoding=\"async\" src=\"https:\/\/konferenztechnik.de\/wp-content\/uploads\/2018\/02\/Lange-Betriebszeiten.png\" alt=\"Lange Betriebszeiten\" class=\"alignleft size-full wp-image-12470\" title=\"\"><br \/>\n[clear]<br \/>\nLange<br \/>\nBetriebszeiten<\/div>\n<div class=\"newskasten\">\n<img loading=\"lazy\" decoding=\"async\" src=\"https:\/\/konferenztechnik.de\/wp-content\/uploads\/2018\/02\/32-Gruppen-Gleichzeitig.png\" alt=\"32 Gruppen\ngleichzeitig\" width=\"83\" height=\"83\" class=\"alignleft size-full wp-image-12460\" title=\"\"><br \/>\n[clear]<br \/>\nBis zu 32 Gruppen<br \/>\ngleichzeitig<\/div>\n<\/div>\n<p>[clear]<\/p>\n<h2>Zubeh\u00f6r<\/h2>\n<p><img decoding=\"async\" src=\"https:\/\/konferenztechnik.de\/wp-content\/uploads\/2018\/02\/DT-287-Unite.jpg\" alt=\"DT 287 UNITE 80 Ohm, Headset\" width=\"850\" class=\"alignnone size-full wp-image-12615\" title=\"\"><\/p>\n<p>DT 287 UNITE 80 Ohm, Headset<br \/>\nEinohr-\/H\u00f6r-Sprech-Kombination mit Kondensatormikrofon (Niere) und Drehgelenk<br \/>\n[spacer size=&#8220;10&#8243;]<br \/>\n[list icon=&#8220;moon-checkmark&#8220; color=&#8220;#a62055&#8243;]  Geschlossener Kopfh\u00f6rer[\/list]<br \/>\n[list icon=&#8220;moon-checkmark&#8220; color=&#8220;#a62055&#8243;]  Spezialversion mit direkt gespeistem Mikrofon[\/list]<br \/>\n[list icon=&#8220;moon-checkmark&#8220; color=&#8220;#a62055&#8243;]  6-poliger Anschlu\u00df, nur funktionsbereit mit K109.25 oder anderen Kabeln der DT 109 Serie[\/list]<br \/>\n[list icon=&#8220;moon-checkmark&#8220; color=&#8220;#a62055&#8243;]  Weiche, ohrumschlie\u00dfende Ohrpolster, praktisches Klicksystem zum Wechseln der Ohrpolster[\/list]<\/p>\n<p>[spacer size=&#8220;30&#8243;]<\/p>\n<p><img decoding=\"async\" src=\"https:\/\/konferenztechnik.de\/wp-content\/uploads\/2018\/02\/TG-H56.jpg\" alt=\"DT 287 UNITE 80 Ohm, Headset\" width=\"850\" class=\"alignnone size-full wp-image-12615\" title=\"\"><br \/>\nTG H56, Kondensator-Headsetmikrofon (Kugel)<br \/>\nEinfache Handhabung, nat\u00fcrlicher Klang und optimale Passform \u2013 so einfach lassen sich die Eigenschaften des Headset-Mikrofons TG H56 zusammenfassen. Ob auf B\u00fchnen, im Musical, Theater oder f\u00fcr Moderatoren: das TG H56 besticht durch seinen ausgewogenen Klang und der unauff\u00e4lligen Erscheinung.<\/p>\n<p>Durch das abnehmbare Kabel, die einstellbare Mechanik im Nacken und den drehbaren Ohrb\u00fcgeln bietet das TG H56 ein H\u00f6chstma\u00df an Flexibilit\u00e4t und passt auf nahezu jede Kopfform, sogar bei Kindern. Zusammen mit der einfachen Positionierung aufgrund der Kugelcharakteristik ist das TG H56 das beste Headset f\u00fcr jedermann.<br \/>\n[spacer size=&#8220;10&#8243;]<\/p>\n<p>[list icon=&#8220;moon-checkmark&#8220; color=&#8220;#a62055&#8243;]   nat\u00fcrlicher Klang[\/list]<\/p>\n<p>[list icon=&#8220;moon-checkmark&#8220; color=&#8220;#a62055&#8243;]   Kugelcharakteristik[\/list]<\/p>\n<p>[list icon=&#8220;moon-checkmark&#8220; color=&#8220;#a62055&#8243;]   kein Nahbesprechungseffekt aufgrund der Kugelcharakteristik[\/list]<\/p>\n<p>[list icon=&#8220;moon-checkmark&#8220; color=&#8220;#a62055&#8243;]   kleine Kapsel \u00f8 3mm[\/list]<\/p>\n<p>[list icon=&#8220;moon-checkmark&#8220; color=&#8220;#a62055&#8243;]   hoher max. Schalldruckpegel (127 dB)[\/list]<\/p>\n<p>[list icon=&#8220;moon-checkmark&#8220; color=&#8220;#a62055&#8243;]   hoher SNR, geringes Eigenrauschen[\/list]<\/p>\n<p>[list icon=&#8220;moon-checkmark&#8220; color=&#8220;#a62055&#8243;]   filigrane Mechanik[\/list]<\/p>\n<p>[list icon=&#8220;moon-checkmark&#8220; color=&#8220;#a62055&#8243;]   einstellbare Nackenmechanik[\/list]<\/p>\n<p>[list icon=&#8220;moon-checkmark&#8220; color=&#8220;#a62055&#8243;]  drehbare Ohrb\u00fcgel zur Positionierung der Kapsel rechts oder links[\/list]<\/p>\n<p>[list icon=&#8220;moon-checkmark&#8220; color=&#8220;#a62055&#8243;]  abnehmbares Kabel[\/list]<\/p>\n<p>[spacer size=&#8220;30&#8243;]<\/p>\n<h2>Beyerdynamic UNITE kaufen &#8211; Verf\u00fcgbarkeit<\/h2>\n<p>Das UNITE-System wurde zur ISE 2018 im Februar des Jahres vorgestellt und befindet sich noch in der letzten Testphase. Sobald das System erh\u00e4ltlich ist, berichten wir hier wieder an dieser Stelle.<\/p>\n<p><a href=\"https:\/\/www.konferenztechnik.de\/beyerdynamic-unite-besucherfuehrungssystem\/\">Beyerdynamic UNITE \u2013 Eindr\u00fccke von der ISE<\/a><\/p>\n<p><a href=\"https:\/\/www.konferenztechnik.de\/beyerdynamic-unite-kommunikationssystem\/\">Produktvorstellung: Beyerdynamic UNITE<\/a><br \/>\n<a href=\"\/personenfuehrungsanlage-kaufen\/\">\u00dcbersicht Personenf\u00fchrungsanlagen<\/a><\/p>\n","protected":false},"excerpt":{"rendered":"<p>Beyerdynamic UNITE digitale F\u00fchrungsanlage \u2013 technische Daten [spacer size=&#8220;30&#8243;] Unite RP-T Taschenempf\u00e4nger mit Talkback-Funktion [list icon=&#8220;moon-checkmark&#8220; color=&#8220;#a62055&#8243;] Austauschbarer Lithium-Akku[\/list] [list icon=&#8220;moon-checkmark&#8220; color=&#8220;#a62055&#8243;] Mehr als 20 Stunden Betriebsdauer[\/list] [list icon=&#8220;moon-checkmark&#8220; color=&#8220;#a62055&#8243;] Ladekontakte &#038; USB-Ladem\u00f6glichkeit[\/list] [list icon=&#8220;moon-checkmark&#8220; color=&#8220;#a62055&#8243;] Kopfh\u00f6rer \/ Headset[\/list] [list icon=&#8220;moon-checkmark&#8220; color=&#8220;#a62055&#8243;] Induktions-Nackenschlaufe f\u00fcr H\u00f6rbehinderte[\/list] [list icon=&#8220;moon-checkmark&#8220; color=&#8220;#a62055&#8243;] Internes Mikrofon[\/list] [list icon=&#8220;moon-checkmark&#8220; color=&#8220;#a62055&#8243;] Talkback[\/list] [spacer [&hellip;]<\/p>\n","protected":false},"author":1,"featured_media":45482,"parent":0,"menu_order":0,"comment_status":"closed","ping_status":"closed","template":"","meta":{"_acf_changed":false,"footnotes":""},"class_list":["post-12605","page","type-page","status-publish","has-post-thumbnail","hentry"],"acf":[],"_links":{"self":[{"href":"https:\/\/konferenztechnik.de\/en\/wp-json\/wp\/v2\/pages\/12605","targetHints":{"allow":["GET"]}}],"collection":[{"href":"https:\/\/konferenztechnik.de\/en\/wp-json\/wp\/v2\/pages"}],"about":[{"href":"https:\/\/konferenztechnik.de\/en\/wp-json\/wp\/v2\/types\/page"}],"author":[{"embeddable":true,"href":"https:\/\/konferenztechnik.de\/en\/wp-json\/wp\/v2\/users\/1"}],"replies":[{"embeddable":true,"href":"https:\/\/konferenztechnik.de\/en\/wp-json\/wp\/v2\/comments?post=12605"}],"version-history":[{"count":0,"href":"https:\/\/konferenztechnik.de\/en\/wp-json\/wp\/v2\/pages\/12605\/revisions"}],"wp:featuredmedia":[{"embeddable":true,"href":"https:\/\/konferenztechnik.de\/en\/wp-json\/wp\/v2\/media\/45482"}],"wp:attachment":[{"href":"https:\/\/konferenztechnik.de\/en\/wp-json\/wp\/v2\/media?parent=12605"}],"curies":[{"name":"wp","href":"https:\/\/api.w.org\/{rel}","templated":true}]}}