{"id":16329,"date":"2020-08-19T09:34:16","date_gmt":"2020-08-19T08:34:16","guid":{"rendered":"https:\/\/www.konferenztechnik.de\/?page_id=16329"},"modified":"2023-09-01T11:49:21","modified_gmt":"2023-09-01T09:49:21","slug":"wireless-conference-systems-buy","status":"publish","type":"page","link":"https:\/\/konferenztechnik.de\/en\/wireless-conference-systems-buy\/","title":{"rendered":"Buy wireless conference systems"},"content":{"rendered":"<h1>Drahtlose Konferenzsysteme kaufen &#8211; Komplettsysteme, Sprechstellen, Tischmikrofone und Diskussionsanlagen<\/h1>\n<p>[rev_slider alias=&#8220;drahtlose-konferenzsysteme-kaufen&#8220;][\/rev_slider]<br \/>\n[spacer size=&#8220;20&#8243;]<\/p>\n<p>Drahtlose Konferenzsysteme kaufen: Mikrofonanlagen und Konferenzsysteme ganz ohne Kabel \u2013 die Vorteile liegen auf der Hand: Schneller und sehr flexibler Aufbau, problemlose \u00c4nderung der Sitzordnung bzw. Tischanordnung, einfacher mobiler Einsatz und schneller Umbau zwischen verschiedenen R\u00e4umlichkeiten. Auch bauliche Gegebenheiten und Denkmalschutz verhindern oft die M\u00f6glichkeit, Kabel zu verlegen.<\/p>\n<p>Im Folgenden finden Sie eine Auswahl an Konferenzsystemen, die Sie \u00fcber unsere Vertriebsabteilung kaufen k\u00f6nnen. Unser Installationsteam \u00fcbernimmt gerne die Installation, Integration und Einrichtung des Systems bei Ihnen vor Ort. Wir bieten f\u00fcr alle Systeme Schulungen, regelm\u00e4\u00dfige Wartungen und Support an. Buchen Sie bei uns Techniker, die das Setup und die Betreuung gro\u00dfer Veranstaltungen \u00fcbernehmen.<\/p>\n<p>[callout add_button=&#8220;no&#8220; button_text=&#8220;Learn More&#8220; button_url=&#8220;#&#8220; button_color=&#8220;#a62055&#8243;]<\/p>\n<p>Auf dieser Seite stellen wir drahtlose Konferenzsysteme vor.<br \/>\nDrahtgebundene Systeme finden Sie unter dem folgenden Link:<br \/>\n<a href=\"https:\/\/www.konferenztechnik.de\/vertrieb-von-konferenz-und-av-medientechnik\/diskussionsanlagen\/drahtgebundene-diskussionsanlagen\/\">&#x9B; Drahtgebundene Konferenzsysteme kaufen<\/a>[\/callout]<br \/>\n[spacer size=&#8220;20&#8243;]<\/p>\n<hr>\n<p>[spacer size=&#8220;20&#8243;]<\/p>\n<p>[column size=&#8220;1-2&#8243; last=&#8220;0&#8243;]<\/p>\n<h2>Televic Confidea Flex G4<\/h2>\n<p>[\/column]<br \/>\n[column size=&#8220;1-2&#8243; last=&#8220;1&#8243;]<br \/>\n<img decoding=\"async\" src=\"https:\/\/konferenztechnik.de\/wp-content\/uploads\/2023\/01\/televic-logo.png\" alt=\"\" width=\"180\" height=\"33\" class=\"alignright size-full wp-image-20221\" title=\"\"><br \/>\n[\/column]<br \/>\n[clear]<\/p>\n<p>Die Confidea FLEX G4 ist eine kabellose All-in-One-Tischkonferenzeinheit mit integriertem 5,2-Zoll-Touchscreen mit Fingerabdruckbeschichtung. Je nach Kontext k\u00f6nnen Sie auf dem Bildschirm sehen, was relevant ist: Tagesordnung, Abstimmungen und mehr. F\u00fcr spezielle Interaktionen wie Abstimmungen nutzt das Display haptisches Feedback. Sehbehinderte Nutzende k\u00f6nnen das Ger\u00e4t mit Hilfe von Blindenschriftanzeigen und 5 Hilfslinien unterhalb des Bildschirms leichter bedienen.<\/p>\n<p>[column size=&#8220;2-3&#8243; last=&#8220;0&#8243;]<br \/>\n<img fetchpriority=\"high\" decoding=\"async\" width=\"906\" height=\"712\" src=\"https:\/\/konferenztechnik.de\/wp-content\/uploads\/2023\/01\/Televic_Confidea_4G_wireless-V2.jpg\" alt=\"Televic Confidea 4G wireless\" class=\"alignnone size-full wp-image-20234\" title=\"\" srcset=\"https:\/\/konferenztechnik.de\/wp-content\/uploads\/2023\/01\/Televic_Confidea_4G_wireless-V2.jpg 906w, https:\/\/konferenztechnik.de\/wp-content\/uploads\/2023\/01\/Televic_Confidea_4G_wireless-V2-300x236.jpg 300w, https:\/\/konferenztechnik.de\/wp-content\/uploads\/2023\/01\/Televic_Confidea_4G_wireless-V2-768x604.jpg 768w\" sizes=\"(max-width: 906px) 100vw, 906px\" \/><br \/>\n[\/column]<br \/>\n[column size=&#8220;1-3&#8243; last=&#8220;1&#8243;]<br \/>\n[list icon=&#8220;moon-checkmark&#8220; color=&#8220;#a62055&#8243;]5,2-Zoll-Touchscreen[\/list]<br \/>\n[list icon=&#8220;moon-checkmark&#8220; color=&#8220;#a62055&#8243;]Integrierter Lautsprecher[\/list]<br \/>\n[list icon=&#8220;moon-checkmark&#8220; color=&#8220;#a62055&#8243;]Doppelakkus mit Hot-Swap-Option[\/list]<br \/>\n[list icon=&#8220;moon-checkmark&#8220; color=&#8220;#a62055&#8243;]NFC-Ausweisleser[\/list]<br \/>\n[list icon=&#8220;moon-checkmark&#8220; color=&#8220;#a62055&#8243;]Zwei Kopfh\u00f6rerausg\u00e4nge[\/list]<br \/>\n[list icon=&#8220;moon-checkmark&#8220; color=&#8220;#a62055&#8243;]Braillezeilen[\/list]<br \/>\n[\/column]<br \/>\n[spacer size=&#8220;20&#8243;]<\/p>\n<p>Erweiterte Funktionen in einem einzigen Ger\u00e4t: Das Confidea FLEX G4 wurde so konzipiert, dass es die Anspr\u00fcche von verschiedenen Nutzern erf\u00fcllt. Das Ger\u00e4t verf\u00fcgt \u00fcber eine gro\u00dfe physische Taste, die je nach Konfiguration eine andere Funktion erf\u00fcllt. Die verschiedenen Funktionen leuchten auf und zeigen an, welche Aktionen mit der Taste ausf\u00fchrbar sind. Auf diese Weise kann die Taste f\u00fcr Teilnehmer, Sitzungsleiter oder f\u00fcr beide Gruppen verwendet werden.<\/p>\n<p><img decoding=\"async\" width=\"1225\" height=\"189\" src=\"https:\/\/konferenztechnik.de\/wp-content\/uploads\/2023\/01\/Televic_Confidea_4G_wireless-highlights.jpg\" alt=\"Televic_Confidea 4G wireless Highlights\" class=\"alignnone size-full wp-image-20237\" title=\"\" srcset=\"https:\/\/konferenztechnik.de\/wp-content\/uploads\/2023\/01\/Televic_Confidea_4G_wireless-highlights.jpg 1225w, https:\/\/konferenztechnik.de\/wp-content\/uploads\/2023\/01\/Televic_Confidea_4G_wireless-highlights-300x46.jpg 300w, https:\/\/konferenztechnik.de\/wp-content\/uploads\/2023\/01\/Televic_Confidea_4G_wireless-highlights-1024x158.jpg 1024w, https:\/\/konferenztechnik.de\/wp-content\/uploads\/2023\/01\/Televic_Confidea_4G_wireless-highlights-768x118.jpg 768w\" sizes=\"(max-width: 1225px) 100vw, 1225px\" \/><\/p>\n<p>[spacer size=&#8220;40&#8243;]<\/p>\n<hr>\n<p>[spacer size=&#8220;40&#8243;]<\/p>\n<p>[column size=&#8220;2-3&#8243; last=&#8220;0&#8243;]<\/p>\n<h2>Shure Complete Wireless &#8211; MXCW<\/h2>\n<p>[\/column]<br \/>\n[column size=&#8220;1-3&#8243; last=&#8220;1&#8243;]<br \/>\n<img loading=\"lazy\" decoding=\"async\" src=\"https:\/\/konferenztechnik.de\/wp-content\/uploads\/2019\/06\/1-1-2.png\" alt=\"Shure Logo\" width=\"200\" height=\"47\" class=\"alignright size-full wp-image-14815\" title=\"\"><br \/>\n[\/column]<\/p>\n<p><img loading=\"lazy\" decoding=\"async\" width=\"1200\" height=\"419\" src=\"https:\/\/konferenztechnik.de\/wp-content\/uploads\/2020\/08\/shure-mxcw-microflex-complete-wireless-kaufen-1.jpg\" alt=\"Drahtlose Konferenzsysteme kaufen: shure-mxcw-microflex-complete-wireless-kaufen\" class=\"alignleft size-full wp-image-16371\" title=\"\" srcset=\"https:\/\/konferenztechnik.de\/wp-content\/uploads\/2020\/08\/shure-mxcw-microflex-complete-wireless-kaufen-1.jpg 1200w, https:\/\/konferenztechnik.de\/wp-content\/uploads\/2020\/08\/shure-mxcw-microflex-complete-wireless-kaufen-1-300x105.jpg 300w, https:\/\/konferenztechnik.de\/wp-content\/uploads\/2020\/08\/shure-mxcw-microflex-complete-wireless-kaufen-1-1024x358.jpg 1024w, https:\/\/konferenztechnik.de\/wp-content\/uploads\/2020\/08\/shure-mxcw-microflex-complete-wireless-kaufen-1-768x268.jpg 768w\" sizes=\"(max-width: 1200px) 100vw, 1200px\" \/><\/p>\n<p>Das digitale Konferenzsystem Shure MXCW bietet volle Flexibilit\u00e4t f\u00fcr Konferenzen jeder Gr\u00f6\u00dfenordnung.<\/p>\n<p>Die Shure Tischmikrofone sind in unterschiedlichen Ausf\u00fchrungen erh\u00e4ltlich. In Vollausstattung bieten sie neben dem qualitativ hochwertigen Mikrofon die M\u00f6glichkeit, Dolmetschkan\u00e4le abzuh\u00f6ren, Abstimmungen durchzuf\u00fchren, und bieten ein gro\u00dfes Touchscreen f\u00fcr weitere Funktionen.<\/p>\n<p>F\u00fcr den Parlamentsbetrieb lassen sich die Sprechstellen personalisieren und k\u00f6nnen von Abgeordneten per Chipkarte freigeschaltet werden. F\u00fcr internationale Konferenzen l\u00e4sst sich das System mit Dolmetschtechnik erweitern. Die unterschiedlichen Sprachen k\u00f6nnen direkt an den Sprechstellen per Kopfh\u00f6rer abgeh\u00f6rt werden.<\/p>\n<p>Shure bietet mit der SW6000 Software eine umfangreiche Konferenz-Management-Software an, mit der Sie alle Funktionen w\u00e4hrend Ihrer Konferenz bequem verwalten k\u00f6nnen. Dazu geh\u00f6ren das einfache Setup des Systems, Durchf\u00fchrung von Abstimmungen, ein professionelles Mikrofonmanagement und vieles mehr.<\/p>\n<p>[spacer size=&#8220;10&#8243;]<\/p>\n<h3>Besondere Eigenschaften<\/h3>\n<p>[column size=&#8220;1-2&#8243; last=&#8220;0&#8243;]<br \/>\n[list icon=&#8220;moon-checkmark&#8220; color=&#8220;#a62055&#8243;]Einfacher Auf- und Abbau[\/list]<br \/>\n[list icon=&#8220;moon-checkmark&#8220; color=&#8220;#a62055&#8243;]Flexibel skalierbar[\/list]<br \/>\n[list icon=&#8220;moon-checkmark&#8220; color=&#8220;#a62055&#8243;]Konferenzmanagement-Software[\/list]<br \/>\n[\/column]<br \/>\n[column size=&#8220;1-2&#8243; last=&#8220;1&#8243;]<br \/>\n[list icon=&#8220;moon-checkmark&#8220; color=&#8220;#a62055&#8243;]Voting und Abstimmungen[\/list]<br \/>\n[list icon=&#8220;moon-checkmark&#8220; color=&#8220;#a62055&#8243;]Dolmetscher-Sprachkan\u00e4le[\/list]<br \/>\n[list icon=&#8220;moon-checkmark&#8220; color=&#8220;#a62055&#8243;]Gro\u00dfes Touchscreen[\/list]<br \/>\n[\/column]<br \/>\n[spacer size=&#8220;20&#8243;]<\/p>\n<div class=\"rahmen-all\">\n<h3>Downloads<\/h3>\n<p>[spacer size=&#8220;20&#8243;]<br \/>\n[column size=&#8220;1-3&#8243; last=&#8220;0&#8243;]<a href=\"https:\/\/konferenztechnik.de\/wp-content\/uploads\/2020\/08\/Broschuere-Shure-MXCW-complete-wireless-konferenzsystem-pdf.pdf\" target=\"_blank\" rel=\"noopener noreferrer\">[v_icon color=&#8220;#a62055&#8243; size=&#8220;18px&#8220; target=&#8220;_blank&#8220; name=&#8220;moon-file-pdf&#8220;]<span class=\"pcs-color\"> Brosch\u00fcre Shure MCXW<\/span>[\/column]<\/a><br \/>\n[column size=&#8220;1-3&#8243; last=&#8220;0&#8243;]<a href=\"https:\/\/konferenztechnik.de\/wp-content\/uploads\/2020\/08\/Spezifikationen-Shure-MXCW-complete-wireless-konferenzsystem-pdf.pdf\" target=\"_blank\" rel=\"noopener noreferrer\">[v_icon color=&#8220;#a62055&#8243; size=&#8220;18px&#8220; target=&#8220;_blank&#8220; name=&#8220;moon-file-pdf&#8220;]<span class=\"pcs-color\"> Spezifikationen Shure MCXW<\/span><\/a>[\/column]<br \/>\n[column size=&#8220;1-3&#8243; last=&#8220;1&#8243;]<a href=\"https:\/\/konferenztechnik.de\/wp-content\/uploads\/2020\/08\/Bedienungsanleitung-Shure-MXCW-complete-wireless-konferenzsystem-pdf.pdf\" target=\"_blank\" rel=\"noopener noreferrer\">[v_icon color=&#8220;#a62055&#8243; size=&#8220;18px&#8220; target=&#8220;_blank&#8220; name=&#8220;moon-file-pdf&#8220;]<span class=\"pcs-color\"> Bedienungsanleitung Shure MCXW<\/span><\/a>[\/column]<\/div>\n<p>[spacer size=&#8220;20&#8243;]<\/p>\n<hr>\n<p>[spacer size=&#8220;20&#8243;]<\/p>\n<p>[column size=&#8220;2-3&#8243; last=&#8220;0&#8243;]<\/p>\n<h2>Shure Microflex Wireless &#8211; MXW<\/h2>\n<p>[\/column]<br \/>\n[column size=&#8220;1-3&#8243; last=&#8220;1&#8243;]<br \/>\n<img loading=\"lazy\" decoding=\"async\" src=\"https:\/\/konferenztechnik.de\/wp-content\/uploads\/2019\/06\/1-1-2.png\" alt=\"Shure Logo\" width=\"200\" height=\"47\" class=\"alignright size-full wp-image-14815\" title=\"\"><br \/>\n[\/column]<\/p>\n<p>[spacer size=&#8220;20&#8243;]<br \/>\n<img loading=\"lazy\" decoding=\"async\" width=\"1200\" height=\"419\" src=\"https:\/\/konferenztechnik.de\/wp-content\/uploads\/2020\/08\/shure-microflex-wireless-kaufen.jpg\" alt=\"Drahtlose Konferenzsysteme kaufen: Shure Microflex Wireless kaufen\" class=\"alignleft size-full wp-image-16404\" title=\"\" srcset=\"https:\/\/konferenztechnik.de\/wp-content\/uploads\/2020\/08\/shure-microflex-wireless-kaufen.jpg 1200w, https:\/\/konferenztechnik.de\/wp-content\/uploads\/2020\/08\/shure-microflex-wireless-kaufen-300x105.jpg 300w, https:\/\/konferenztechnik.de\/wp-content\/uploads\/2020\/08\/shure-microflex-wireless-kaufen-1024x358.jpg 1024w, https:\/\/konferenztechnik.de\/wp-content\/uploads\/2020\/08\/shure-microflex-wireless-kaufen-768x268.jpg 768w\" sizes=\"(max-width: 1200px) 100vw, 1200px\" \/><\/p>\n<p>Die Microflex\u00ae Wireless-Plattform wurde von Shure f\u00fcr innovative Konferenzr\u00e4ume entwickelt und bietet flexible und elegante L\u00f6sungen f\u00fcr Ihre Konferenzumgebungen.<br \/>\nDas System besteht immer aus den gleichen Bausteinen, kann aber beliebig dimensioniert werden:<\/p>\n<p>Wiederaufladbare Mikrofonsender und Ladestationen, diskrete Transceiver f\u00fcr drahtlose Zugangspunkte, flexible Audionetzwerkschnittstellen und umfassende Software-Tools.<br \/>\nMicroflex Wireless ist einfach zu konfigurieren und zu erweitern und l\u00e4sst sich leicht von individuellen Sitzungss\u00e4len bis hin zu vernetzten Unternehmen skalieren.<\/p>\n<p>[spacer size=&#8220;10&#8243;]<\/p>\n<h3>Besondere Eigenschaften<\/h3>\n<p>[column size=&#8220;1-2&#8243; last=&#8220;0&#8243;]<br \/>\n[list icon=&#8220;moon-checkmark&#8220; color=&#8220;#a62055&#8243;]Skalierbar &#038; netzwerkf\u00e4hig[\/list]<br \/>\n[list icon=&#8220;moon-checkmark&#8220; color=&#8220;#a62055&#8243;]Verschl\u00fcsselte \u00dcbertragung[\/list]<br \/>\n[list icon=&#8220;moon-checkmark&#8220; color=&#8220;#a62055&#8243;]Umfassende Softwaresteuerung[\/list]<br \/>\n[\/column]<br \/>\n[column size=&#8220;1-2&#8243; last=&#8220;1&#8243;]<br \/>\n[list icon=&#8220;moon-checkmark&#8220; color=&#8220;#a62055&#8243;]Intelligente Energieverwaltung[\/list]<br \/>\n[list icon=&#8220;moon-checkmark&#8220; color=&#8220;#a62055&#8243;]Third-Party-Integration[\/list]<br \/>\n[list icon=&#8220;moon-checkmark&#8220; color=&#8220;#a62055&#8243;]Ma\u00dfgeschneiderte L\u00f6sungen[\/list]<br \/>\n[\/column]<br \/>\n[spacer size=&#8220;20&#8243;]<\/p>\n<div class=\"rahmen-all\">\n<h3>Downloads<\/h3>\n<p>[spacer size=&#8220;20&#8243;]<br \/>\n[column size=&#8220;1-3&#8243; last=&#8220;0&#8243;]<a href=\"https:\/\/konferenztechnik.de\/wp-content\/uploads\/2020\/08\/Microflex-Wireless_brochures_de-DE.pdf\" target=\"_blank\" rel=\"noopener noreferrer\">[v_icon color=&#8220;#a62055&#8243; size=&#8220;18px&#8220; target=&#8220;_blank&#8220; name=&#8220;moon-file-pdf&#8220;]<span class=\"pcs-color\"> Brosch\u00fcre Shure Microflex<\/span>[\/column]<\/a><br \/>\n[column size=&#8220;1-3&#8243; last=&#8220;0&#8243;]<a href=\"https:\/\/konferenztechnik.de\/wp-content\/uploads\/2020\/08\/Microflex-Wireless_specsheets_en-US.pdf\" target=\"_blank\" rel=\"noopener noreferrer\">[v_icon color=&#8220;#a62055&#8243; size=&#8220;18px&#8220; target=&#8220;_blank&#8220; name=&#8220;moon-file-pdf&#8220;]<span class=\"pcs-color\"> Spezifikationen Shure Microflex<\/span><\/a>[\/column]<br \/>\n[column size=&#8220;1-3&#8243; last=&#8220;1&#8243;]<a href=\"https:\/\/konferenztechnik.de\/wp-content\/uploads\/2020\/08\/microflex-wireless-scm820-ip-ports-protocols-english.pdf\" target=\"_blank\" rel=\"noopener noreferrer\">[v_icon color=&#8220;#a62055&#8243; size=&#8220;18px&#8220; target=&#8220;_blank&#8220; name=&#8220;moon-file-pdf&#8220;]<span class=\"pcs-color\"> Portbelegung Shure Microflex<\/span><\/a>[\/column]<\/div>\n<p>[spacer size=&#8220;20&#8243;]<\/p>\n<hr>\n<p>[spacer size=&#8220;20&#8243;]<\/p>\n<p>[column size=&#8220;2-3&#8243; last=&#8220;0&#8243;]<\/p>\n<h2 id=\"bosch\">Bosch Dicentis Drahtlose Konferenzsysteme kaufen<\/h2>\n<p>[\/column]<br \/>\n[column size=&#8220;1-3&#8243; last=&#8220;1&#8243;]<br \/>\n<img loading=\"lazy\" decoding=\"async\" src=\"https:\/\/konferenztechnik.de\/wp-content\/uploads\/2013\/09\/Bosch-Logo.jpg\" alt=\"Bosch Logo\" width=\"200\" height=\"47\" class=\"alignright size-full wp-image-5716\" title=\"\"><br \/>\n[\/column]<br \/>\n<img loading=\"lazy\" decoding=\"async\" width=\"1200\" height=\"419\" src=\"https:\/\/konferenztechnik.de\/wp-content\/uploads\/2020\/08\/bosch-dicentis-wireless-kaufen.jpg\" alt=\"Drahtlose Konferenzsysteme kaufen: Bosch Dicentis wireless kaufen\" class=\"alignleft size-full wp-image-16433\" title=\"\" srcset=\"https:\/\/konferenztechnik.de\/wp-content\/uploads\/2020\/08\/bosch-dicentis-wireless-kaufen.jpg 1200w, https:\/\/konferenztechnik.de\/wp-content\/uploads\/2020\/08\/bosch-dicentis-wireless-kaufen-300x105.jpg 300w, https:\/\/konferenztechnik.de\/wp-content\/uploads\/2020\/08\/bosch-dicentis-wireless-kaufen-1024x358.jpg 1024w, https:\/\/konferenztechnik.de\/wp-content\/uploads\/2020\/08\/bosch-dicentis-wireless-kaufen-768x268.jpg 768w\" sizes=\"(max-width: 1200px) 100vw, 1200px\" \/><\/p>\n<p>Das drahtlose Bosch Dicentis Konferenzsystem bietet sich f\u00fcr Setups an, wobei jeder Anlass einen neuen Aufbau und eine neue Konfiguration erfordert: Tagungszentren, Konferenzhotels, Mehrzweckr\u00e4ume oder Konferenzetagen in Firmengeb\u00e4uden. Das Dicentis System bietet hohe Flexibilit\u00e4t und l\u00e4sst sich dank WiFi-Technologie einfach in bestehende Umgebungen integrieren. Da keine Kabel verlegt werden m\u00fcssen, eignet sich das System auch f\u00fcr Setups mit hoher Publikumsfluktuation oder hohen Anspr\u00fcchen an den Denkmalschutz.<\/p>\n<p>Mit dem Dicentis System lassen sich automatisierte Kameras steuern, sodass Redner immer optimal im Fokus und z. B. auf Displays oder per Projektion sichtbar sind.<\/p>\n<p>[spacer size=&#8220;10&#8243;]<\/p>\n<h3>Besondere Eigenschaften<\/h3>\n<p>[column size=&#8220;1-2&#8243; last=&#8220;0&#8243;]<br \/>\n[list icon=&#8220;moon-checkmark&#8220; color=&#8220;#a62055&#8243;]WPA2-Verschl\u00fcsselung[\/list]<br \/>\n[list icon=&#8220;moon-checkmark&#8220; color=&#8220;#a62055&#8243;]DOME-Kamerasteuerung[\/list]<br \/>\n[list icon=&#8220;moon-checkmark&#8220; color=&#8220;#a62055&#8243;]Gro\u00dfes Farbdisplay[\/list]<br \/>\n[\/column]<br \/>\n[column size=&#8220;1-2&#8243; last=&#8220;1&#8243;]<br \/>\n[list icon=&#8220;moon-checkmark&#8220; color=&#8220;#a62055&#8243;]Flexibel erweiterbar[\/list]<br \/>\n[list icon=&#8220;moon-checkmark&#8220; color=&#8220;#a62055&#8243;]Sehr gute Akustik[\/list]<br \/>\n[list icon=&#8220;moon-checkmark&#8220; color=&#8220;#a62055&#8243;]Standard-WiFi-Technik[\/list]<br \/>\n[\/column]<\/p>\n<p>[spacer size=&#8220;20&#8243;]<\/p>\n<div class=\"rahmen-all\">\n<h3>Downloads<\/h3>\n<p>[spacer size=&#8220;20&#8243;]<br \/>\n[column size=&#8220;1-3&#8243; last=&#8220;0&#8243;]<a href=\"https:\/\/konferenztechnik.de\/wp-content\/uploads\/2020\/08\/bosch-dicentis-broschuere.pdf\" target=\"_blank\" rel=\"noopener noreferrer\">[v_icon color=&#8220;#a62055&#8243; size=&#8220;18px&#8220; target=&#8220;_blank&#8220; name=&#8220;moon-file-pdf&#8220;]<span class=\"pcs-color\"> Brosch\u00fcre Bosch Dicentis<\/span>[\/column]<\/a><br \/>\n[column size=&#8220;1-3&#8243; last=&#8220;0&#8243;]<a href=\"https:\/\/konferenztechnik.de\/wp-content\/uploads\/2020\/08\/Handbuch-konfiguration-bosch-dicentis.pdf\" target=\"_blank\" rel=\"noopener noreferrer\">[v_icon color=&#8220;#a62055&#8243; size=&#8220;18px&#8220; target=&#8220;_blank&#8220; name=&#8220;moon-file-pdf&#8220;]<span class=\"pcs-color\"> Handbuch Bosch Dicentis (Konfiguration)<\/span><\/a>[\/column]<br \/>\n[column size=&#8220;1-3&#8243; last=&#8220;1&#8243;]<a href=\"https:\/\/konferenztechnik.de\/wp-content\/uploads\/2020\/08\/Handbuch-installation-bosch-dicentis.pdf\" target=\"_blank\" rel=\"noopener noreferrer\">[v_icon color=&#8220;#a62055&#8243; size=&#8220;18px&#8220; target=&#8220;_blank&#8220; name=&#8220;moon-file-pdf&#8220;]<span class=\"pcs-color\"> Handbuch Bosch Dicentis (Installation)<\/span><\/a>[\/column]<\/div>\n<p>[spacer size=&#8220;20&#8243;]<\/p>\n<hr>\n<p>[spacer size=&#8220;20&#8243;]<\/p>\n<p>[column size=&#8220;2-3&#8243; last=&#8220;0&#8243;]<\/p>\n<h2>Beyerdynamic Quinta Konferenzsystem<\/h2>\n<p>[\/column]<br \/>\n[column size=&#8220;1-3&#8243; last=&#8220;1&#8243;]<br \/>\n<img loading=\"lazy\" decoding=\"async\" src=\"https:\/\/www.konferenztechnik.de\/wp-content\/uploads\/2020\/08\/byerdynamic-logo.svg\" alt=\"beyerdynamic-logo\" class=\"alignright size-full wp-image-16413\" width=\"180\" height=\"33\" title=\"\"><br \/>\n[\/column]<br \/>\n<img loading=\"lazy\" decoding=\"async\" width=\"1200\" height=\"420\" src=\"https:\/\/konferenztechnik.de\/wp-content\/uploads\/2020\/08\/beyerdynamic-quinta-kaufen.jpg\" alt=\"Drahtlose Konferenzsysteme kaufen: Beyerdynamic Quinta kaufen\" class=\"alignleft size-full wp-image-16437\" title=\"\" srcset=\"https:\/\/konferenztechnik.de\/wp-content\/uploads\/2020\/08\/beyerdynamic-quinta-kaufen.jpg 1200w, https:\/\/konferenztechnik.de\/wp-content\/uploads\/2020\/08\/beyerdynamic-quinta-kaufen-300x105.jpg 300w, https:\/\/konferenztechnik.de\/wp-content\/uploads\/2020\/08\/beyerdynamic-quinta-kaufen-1024x358.jpg 1024w, https:\/\/konferenztechnik.de\/wp-content\/uploads\/2020\/08\/beyerdynamic-quinta-kaufen-768x269.jpg 768w\" sizes=\"(max-width: 1200px) 100vw, 1200px\" \/><\/p>\n<p>Das Beyerdynamic Quinta System wurde f\u00fcr Sitzungen, Konferenzen, Video- und Pressekonferenzen, Gerichtss\u00e4le und als Dolmetscherl\u00f6sung entwickelt.<br \/>\nDas Quinta System bietet durch unterschiedliche Komponenten vielseitige Anwendungsm\u00f6glichkeiten. Neben Tischmikrofonen lassen sich auch Handmikrofone, Grenzfl\u00e4chemikrofone oder Beyerdynamic Revoluto Array-Mikrofone in das Setup integrieren.<\/p>\n<p>Das System bietet sich immer dann an, wenn es nur tempor\u00e4r genutzt oder in unterschiedlichen R\u00e4umen verwendet werden soll und dabei keine Kabel verlegt werden d\u00fcrfen. Das Konferenzsystem Quinta ist eine mobile L\u00f6sung und immer schnell und einfach auf und wieder abgebaut. Im praktischen Lade-, Transport- und Aufbewahrungskoffer ist das System sicher und mobil untergebracht und beim n\u00e4chsten Gebrauch sofort einsatzbereit.<\/p>\n<p>[spacer size=&#8220;10&#8243;]<\/p>\n<h3>Besondere Eigenschaften<\/h3>\n<p>[column size=&#8220;1-2&#8243; last=&#8220;0&#8243;]<br \/>\n[list icon=&#8220;moon-checkmark&#8220; color=&#8220;#a62055&#8243;]Grenzfl\u00e4chenmikrofon als kleine Meeting\u00f6sung[\/list]<br \/>\n[list icon=&#8220;moon-checkmark&#8220; color=&#8220;#a62055&#8243;]F\u00fcr denkmalgesch\u00fctzte R\u00e4ume[\/list]<br \/>\n[list icon=&#8220;moon-checkmark&#8220; color=&#8220;#a62055&#8243;]Mobile L\u00f6sung[\/list]<br \/>\n[\/column]<br \/>\n[column size=&#8220;1-2&#8243; last=&#8220;1&#8243;]<br \/>\n[list icon=&#8220;moon-checkmark&#8220; color=&#8220;#a62055&#8243;]Schnell aufgebaut[\/list]<br \/>\n[list icon=&#8220;moon-checkmark&#8220; color=&#8220;#a62055&#8243;]Lade- und Transportkoffer[\/list]<br \/>\n[list icon=&#8220;moon-checkmark&#8220; color=&#8220;#a62055&#8243;]Betriebssicherheit durch Triple Band[\/list]<br \/>\n[\/column]<br \/>\n[spacer size=&#8220;20&#8243;]<\/p>\n<div class=\"rahmen-all\">\n<h3>Downloads<\/h3>\n<p>[spacer size=&#8220;20&#8243;]<br \/>\n[column size=&#8220;1-3&#8243; last=&#8220;0&#8243;]<a href=\"https:\/\/konferenztechnik.de\/wp-content\/uploads\/2020\/08\/beyerdynamic-quinta-systemuebersciht-und-produkte.pdf\" target=\"_blank\" rel=\"noopener noreferrer\">[v_icon color=&#8220;#a62055&#8243; size=&#8220;18px&#8220; target=&#8220;_blank&#8220; name=&#8220;moon-file-pdf&#8220;]<span class=\"pcs-color\"> System\u00fcbersicht Beyerdynamic Quinta<\/span>[\/column]<\/a><br \/>\n[column size=&#8220;1-3&#8243; last=&#8220;0&#8243;]<a href=\"https:\/\/konferenztechnik.de\/wp-content\/uploads\/2020\/08\/beyerdynamic-quinta-quick-start-guide.pdf\" target=\"_blank\" rel=\"noopener noreferrer\">[v_icon color=&#8220;#a62055&#8243; size=&#8220;18px&#8220; target=&#8220;_blank&#8220; name=&#8220;moon-file-pdf&#8220;]<span class=\"pcs-color\"> Beyerdynamic Quinta Quick-Start-Guide<\/span><\/a>[\/column]<br \/>\n[column size=&#8220;1-3&#8243; last=&#8220;1&#8243;]<a href=\"https:\/\/konferenztechnik.de\/wp-content\/uploads\/2020\/08\/beyerdynamic-bedienungsanleitung-webserver.pdf\" target=\"_blank\" rel=\"noopener noreferrer\">[v_icon color=&#8220;#a62055&#8243; size=&#8220;18px&#8220; target=&#8220;_blank&#8220; name=&#8220;moon-file-pdf&#8220;]<span class=\"pcs-color\"> Beyerdynamic Bedienungsanleitung Webserver<\/span><\/a>[\/column]<\/div>\n<p>[spacer size=&#8220;20&#8243;]<\/p>\n<hr>\n<p>[spacer size=&#8220;20&#8243;]<br \/>\n[column size=&#8220;2-3&#8243; last=&#8220;0&#8243;]<\/p>\n<h2>Sennheiser ADNW<\/h2>\n<p>[\/column]<br \/>\n[column size=&#8220;1-3&#8243; last=&#8220;1&#8243;]<br \/>\n<img loading=\"lazy\" decoding=\"async\" src=\"https:\/\/konferenztechnik.de\/wp-content\/uploads\/2020\/08\/sennheiser-logo.png\" alt=\"Sennheiser Logo\" width=\"597\" height=\"84\" class=\"alignright size-full wp-image-16424\" title=\"\" srcset=\"https:\/\/konferenztechnik.de\/wp-content\/uploads\/2020\/08\/sennheiser-logo.png 597w, https:\/\/konferenztechnik.de\/wp-content\/uploads\/2020\/08\/sennheiser-logo-300x42.png 300w\" sizes=\"(max-width: 597px) 100vw, 597px\" \/><br \/>\n[\/column]<br \/>\n<img loading=\"lazy\" decoding=\"async\" width=\"1200\" height=\"420\" src=\"https:\/\/konferenztechnik.de\/wp-content\/uploads\/2020\/08\/Sennheiser-adn-wireless-kaufen.jpg\" alt=\"Drahtlose Konferenzsysteme kaufen: Sennheiser adn wireless kaufen\" class=\"alignleft size-full wp-image-16441\" title=\"\" srcset=\"https:\/\/konferenztechnik.de\/wp-content\/uploads\/2020\/08\/Sennheiser-adn-wireless-kaufen.jpg 1200w, https:\/\/konferenztechnik.de\/wp-content\/uploads\/2020\/08\/Sennheiser-adn-wireless-kaufen-300x105.jpg 300w, https:\/\/konferenztechnik.de\/wp-content\/uploads\/2020\/08\/Sennheiser-adn-wireless-kaufen-1024x358.jpg 1024w, https:\/\/konferenztechnik.de\/wp-content\/uploads\/2020\/08\/Sennheiser-adn-wireless-kaufen-768x269.jpg 768w\" sizes=\"(max-width: 1200px) 100vw, 1200px\" \/><\/p>\n<p>Das drahtlose Konferenzsystem Sennheiser ADNW, wurde f\u00fcr Pressekonferenzen, Podiumsdiskussion, Plenarsitzung und Konferenzen mit hohem Diskussionsbedarf entwickelt.<\/p>\n<p>Das Sennheiser ADN kann einfach und flexibel auf variable Gruppengr\u00f6\u00dfen abgestimmt werden. Das Konferenzsystem ADN ist mit einer effizienten Unterdr\u00fcckung von R\u00fcckkopplungen ausger\u00fcstet. Es kann mit vorhandener Tontechnik kombiniert werden und l\u00e4sst sich nahtlos in Ihre Konferenzr\u00e4ume integrieren.<\/p>\n<p>[spacer size=&#8220;10&#8243;]<\/p>\n<h3>Besondere Eigenschaften<\/h3>\n<p>[column size=&#8220;1-2&#8243; last=&#8220;0&#8243;]<br \/>\n[list icon=&#8220;moon-checkmark&#8220; color=&#8220;#a62055&#8243;]128-Bit-AES-Verschl\u00fcsselung[\/list]<br \/>\n[list icon=&#8220;moon-checkmark&#8220; color=&#8220;#a62055&#8243;]Unterdr\u00fcckung von R\u00fcckkopplungen[\/list]<br \/>\n[list icon=&#8220;moon-checkmark&#8220; color=&#8220;#a62055&#8243;]F\u00fcr variable Gruppengr\u00f6\u00dfen[\/list]<br \/>\n[\/column]<br \/>\n[column size=&#8220;1-2&#8243; last=&#8220;1&#8243;]<br \/>\n[list icon=&#8220;moon-checkmark&#8220; color=&#8220;#a62055&#8243;]Fokus auf maximale Betriebssicherheit[\/list]<br \/>\n[list icon=&#8220;moon-checkmark&#8220; color=&#8220;#a62055&#8243;]Hervorragender Klang[\/list]<br \/>\n[list icon=&#8220;moon-checkmark&#8220; color=&#8220;#a62055&#8243;]Einfache Integration ins bestehende Raumkonzepte[\/list]<br \/>\n[\/column]<br \/>\n[spacer size=&#8220;20&#8243;]<br \/>\n[spacer size=&#8220;20&#8243;]<\/p>\n<hr>\n<p>[spacer size=&#8220;20&#8243;]<br \/>\n[column size=&#8220;2-3&#8243; last=&#8220;0&#8243;]<\/p>\n<h2>MIPRO Tischmikrofone<\/h2>\n<p>[\/column]<br \/>\n[column size=&#8220;1-3&#8243; last=&#8220;1&#8243;]<br \/>\n<img decoding=\"async\" src=\"https:\/\/konferenztechnik.de\/wp-content\/uploads\/2019\/09\/mipro-logo-1.png\" alt=\"Mipro Logo\" height=\"60\" class=\"alignright size-full wp-image-15037\" title=\"\"><br \/>\n[\/column]<br \/>\n<img loading=\"lazy\" decoding=\"async\" width=\"1201\" height=\"420\" src=\"https:\/\/konferenztechnik.de\/wp-content\/uploads\/2020\/08\/mipro-conference-mics-kaufen.jpg\" alt=\"Drahtlose Konferenzsysteme kaufen: Mipro Conference Mics kaufen\" class=\"alignleft size-full wp-image-16445\" title=\"\" srcset=\"https:\/\/konferenztechnik.de\/wp-content\/uploads\/2020\/08\/mipro-conference-mics-kaufen.jpg 1201w, https:\/\/konferenztechnik.de\/wp-content\/uploads\/2020\/08\/mipro-conference-mics-kaufen-300x105.jpg 300w, https:\/\/konferenztechnik.de\/wp-content\/uploads\/2020\/08\/mipro-conference-mics-kaufen-1024x358.jpg 1024w, https:\/\/konferenztechnik.de\/wp-content\/uploads\/2020\/08\/mipro-conference-mics-kaufen-768x269.jpg 768w\" sizes=\"(max-width: 1201px) 100vw, 1201px\" \/><\/p>\n<p>Die drahtlosen Konferenzmikrofone der Firma Mipro eigenen sich f\u00fcr kleine und flexible Konferenzen und mEetings im kleineren Rahmen. Sie sind schnell auf- und wieder abgebaut und lassen sich auch ohne gro\u00dfe Vorkenntnisse leicht bedienen. Das Mipro-System ist ein reines Mikrofonsystem und bietet keine weiteren Funktionen.<\/p>\n<p>[spacer size=&#8220;10&#8243;]<\/p>\n<h3>Besondere Eigenschaften<\/h3>\n<p>[column size=&#8220;1-2&#8243; last=&#8220;0&#8243;]<br \/>\n[list icon=&#8220;moon-checkmark&#8220; color=&#8220;#a62055&#8243;]Ideal f\u00fcr kleine Setups[\/list]<br \/>\n[list icon=&#8220;moon-checkmark&#8220; color=&#8220;#a62055&#8243;]Schneller Auf- und Abbau[\/list]<br \/>\n[\/column]<br \/>\n[column size=&#8220;1-2&#8243; last=&#8220;1&#8243;]<br \/>\n[list icon=&#8220;moon-checkmark&#8220; color=&#8220;#a62055&#8243;]Mit anderen Mipro-Drahtlosmikrofonen kombinierbar[\/list]<br \/>\n[list icon=&#8220;moon-checkmark&#8220; color=&#8220;#a62055&#8243;]Kosteng\u00fcnstige Alternative[\/list]<br \/>\n[\/column]<br \/>\n[spacer size=&#8220;20&#8243;]<\/p>\n<div class=\"rahmen-all\">\n<h3>Downloads<\/h3>\n<p>[spacer size=&#8220;20&#8243;]<br \/>\n[column size=&#8220;2-3&#8243; last=&#8220;0&#8243;]<a href=\"https:\/\/konferenztechnik.de\/wp-content\/uploads\/2020\/08\/mipro-bc-58t-spec-sheet.pdf\" target=\"_blank\" rel=\"noopener noreferrer\">[v_icon color=&#8220;#a62055&#8243; size=&#8220;18px&#8220; target=&#8220;_blank&#8220; name=&#8220;moon-file-pdf&#8220;]<span class=\"pcs-color\"> Spezifikationen Mipro BC-58-T<\/span>[\/column]<\/a><br \/>\n[column size=&#8220;1-3&#8243; last=&#8220;1&#8243;][\/column]<\/div>\n<p>[spacer size=&#8220;20&#8243;]<\/p>\n<hr>\n<p>[spacer size=&#8220;20&#8243;]<\/p>\n<p>[column size=&#8220;2-3&#8243; last=&#8220;0&#8243;]<\/p>\n<h2 id=\"tele\">Televic Cofidea Wireless G3<\/h2>\n<p>[\/column]<br \/>\n[column size=&#8220;1-3&#8243; last=&#8220;1&#8243;]<br \/>\n<img decoding=\"async\" src=\"https:\/\/konferenztechnik.de\/wp-content\/uploads\/2013\/09\/logo_televic_audiovisual.png\" alt=\"Televic Logo\" width=\"230\" class=\"alignright size-full wp-image-5742\" title=\"\"><br \/>\n[\/column]<br \/>\n<img loading=\"lazy\" decoding=\"async\" width=\"1200\" height=\"420\" src=\"https:\/\/konferenztechnik.de\/wp-content\/uploads\/2020\/08\/televic-confidea-g3-wireless-kaufen.jpg\" alt=\"Drahtlose Konferenzsysteme kaufen: Televic confidea g3 wireless kaufen\" class=\"alignleft size-full wp-image-16449\" title=\"\" srcset=\"https:\/\/konferenztechnik.de\/wp-content\/uploads\/2020\/08\/televic-confidea-g3-wireless-kaufen.jpg 1200w, https:\/\/konferenztechnik.de\/wp-content\/uploads\/2020\/08\/televic-confidea-g3-wireless-kaufen-300x105.jpg 300w, https:\/\/konferenztechnik.de\/wp-content\/uploads\/2020\/08\/televic-confidea-g3-wireless-kaufen-1024x358.jpg 1024w, https:\/\/konferenztechnik.de\/wp-content\/uploads\/2020\/08\/televic-confidea-g3-wireless-kaufen-768x269.jpg 768w\" sizes=\"(max-width: 1200px) 100vw, 1200px\" \/><\/p>\n<p>Televic Confidea Wireless G3 ist flexibel und einfach einzurichten und bequem zu bedienen. Die Confidea eignet sich f\u00fcr Mietanwendungen, Stadtverwaltungen, Sitzungss\u00e4le, Hotels und Universit\u00e4ten. Ein System ist in nur wenigen Minuten auf- und abgebaut. Es bietet sich daher f\u00fcr tempor\u00e4re Aufstellungen oder f\u00fcr Mehrzweckr\u00e4ume an.<\/p>\n<p>In seiner einfachsten Form ben\u00f6tigt ein Confidea-System nur sehr wenige Hardware- und Softwarekomponenten. F\u00fcr ein grundlegendes Diskussionssystem fungiert der Confidea Wireless Conference Access Point (WCAP) als Mini-Zentraleinheit. Die vorhandenen Audioein- und -ausg\u00e4nge erm\u00f6glichen den einfachen Anschluss eines (drahtlosen) Handmikrofons, eines Raum-Audiosystems, eines Videokonferenzsystems oder eines Telefon-Hybridsystems.<\/p>\n<p>Der Confidea Access Point verf\u00fcgt \u00fcber einen leistungsf\u00e4higen integrierten Webserver, so dass Sie von jedem Desktop-Computer, Laptop, Tablet oder Smartphone aus die volle Kontrolle \u00fcber das System haben. F\u00fcr einfache Diskussionsanwendungen bietet die intuitive Benutzeroberfl\u00e4che alle Funktionen, die Sie als Bediener ben\u00f6tigen, und ist ohne spezielle Softwareschulung sofort einsatzbereit.<\/p>\n<p>Die \u00dcbertragung findet mit AES-Verschl\u00fcsselung statt. Kombiniert mit dem propriet\u00e4ren Kommunikationsprotokoll bietet die Confidea Sicherheit und Vertraulichkeit auf h\u00f6chstem Niveau.<\/p>\n<p>[spacer size=&#8220;10&#8243;]<\/p>\n<h3>Besondere Eigenschaften<\/h3>\n<p>[column size=&#8220;1-2&#8243; last=&#8220;0&#8243;]<br \/>\n[list icon=&#8220;moon-checkmark&#8220; color=&#8220;#a62055&#8243;]Einfacher Aufbau[\/list]<br \/>\n[list icon=&#8220;moon-checkmark&#8220; color=&#8220;#a62055&#8243;]Steuerung per Laptop, Tablet oder Smartphone[\/list]<br \/>\n[list icon=&#8220;moon-checkmark&#8220; color=&#8220;#a62055&#8243;]Batterie-Management[\/list]<br \/>\n[\/column]<br \/>\n[column size=&#8220;1-2&#8243; last=&#8220;1&#8243;]<br \/>\n[list icon=&#8220;moon-checkmark&#8220; color=&#8220;#a62055&#8243;]Intelligente Frequenzauswahl[\/list]<br \/>\n[list icon=&#8220;moon-checkmark&#8220; color=&#8220;#a62055&#8243;]2,4- und 5 GHz-WiFi[\/list]<br \/>\n[list icon=&#8220;moon-checkmark&#8220; color=&#8220;#a62055&#8243;]Standard Audioein- und ausg\u00e4nge[\/list]<br \/>\n[\/column]<br \/>\n[spacer size=&#8220;20&#8243;]<br \/>\n[spacer size=&#8220;20&#8243;]<\/p>\n<hr>\n<p>[spacer size=&#8220;20&#8243;]<\/p>\n<h2>Drahtlose Konferenzsysteme kaufen: Installation, Systemintegration und Service<\/h2>\n<p>Moderne drahtlose Diskussionsanlagen arbeiten in der Regel mit Standard-WiFi-\u00dcbertragungstechnik und sind durch starke Verschl\u00fcsselungsalgorithmen abh\u00f6rsicher. Sprechstellen (Conference Units oder auch Tischmikrofone) sind in verschiedenen Ausf\u00fchrungen erh\u00e4ltlich: mit und ohne eingebautem Lautsprecher, mit Abstimmfunktion (Voting) oder Abh\u00f6rfunktion f\u00fcr Dolmetscher-Sprachen. F\u00fcr den Parlamentsbetrieb ist es m\u00f6glich Sprechstellen zu personalisieren und per Chipkarte freizuschalten. Die System lassen sich mithilfe moderner Konferenzmanagement-Software einrichten, verwalten und bedienen.<\/p>\n<p>Die PCS GmbH unterst\u00fctzt Sie gerne bei der Installation und Einbindung dieser drahtlosen Systeme in bestehende Anlagen und Konferenzr\u00e4ume. Bei Bedarf k\u00f6nnen Sie Ihre Anlage auch durch Ger\u00e4te aus unserem umfangreichen Vermietpool erg\u00e4nzen und erweitern.<\/p>\n","protected":false},"excerpt":{"rendered":"<p>Drahtlose Konferenzsysteme kaufen &#8211; Komplettsysteme, Sprechstellen, Tischmikrofone und Diskussionsanlagen [rev_slider alias=&#8220;drahtlose-konferenzsysteme-kaufen&#8220;][\/rev_slider] [spacer size=&#8220;20&#8243;] Drahtlose Konferenzsysteme kaufen: Mikrofonanlagen und Konferenzsysteme ganz ohne Kabel \u2013 die Vorteile liegen auf der Hand: Schneller und sehr flexibler Aufbau, problemlose \u00c4nderung der Sitzordnung bzw. Tischanordnung, einfacher mobiler Einsatz und schneller Umbau zwischen verschiedenen R\u00e4umlichkeiten. Auch bauliche Gegebenheiten und Denkmalschutz verhindern [&hellip;]<\/p>\n","protected":false},"author":1,"featured_media":45482,"parent":0,"menu_order":0,"comment_status":"closed","ping_status":"closed","template":"","meta":{"_acf_changed":false,"footnotes":""},"class_list":["post-16329","page","type-page","status-publish","has-post-thumbnail","hentry"],"acf":[],"_links":{"self":[{"href":"https:\/\/konferenztechnik.de\/en\/wp-json\/wp\/v2\/pages\/16329","targetHints":{"allow":["GET"]}}],"collection":[{"href":"https:\/\/konferenztechnik.de\/en\/wp-json\/wp\/v2\/pages"}],"about":[{"href":"https:\/\/konferenztechnik.de\/en\/wp-json\/wp\/v2\/types\/page"}],"author":[{"embeddable":true,"href":"https:\/\/konferenztechnik.de\/en\/wp-json\/wp\/v2\/users\/1"}],"replies":[{"embeddable":true,"href":"https:\/\/konferenztechnik.de\/en\/wp-json\/wp\/v2\/comments?post=16329"}],"version-history":[{"count":0,"href":"https:\/\/konferenztechnik.de\/en\/wp-json\/wp\/v2\/pages\/16329\/revisions"}],"wp:featuredmedia":[{"embeddable":true,"href":"https:\/\/konferenztechnik.de\/en\/wp-json\/wp\/v2\/media\/45482"}],"wp:attachment":[{"href":"https:\/\/konferenztechnik.de\/en\/wp-json\/wp\/v2\/media?parent=16329"}],"curies":[{"name":"wp","href":"https:\/\/api.w.org\/{rel}","templated":true}]}}