{"id":40071,"date":"2023-08-17T13:51:54","date_gmt":"2023-08-17T11:51:54","guid":{"rendered":"https:\/\/konferenztechnik.de\/?page_id=40071"},"modified":"2023-10-11T10:57:18","modified_gmt":"2023-10-11T08:57:18","slug":"hotels-fairs-conference-venues","status":"publish","type":"page","link":"https:\/\/konferenztechnik.de\/en\/hotels-fairs-conference-venues\/","title":{"rendered":"Hotels, trade fairs, conference venues"},"content":{"rendered":"<div data-elementor-type=\"wp-page\" data-elementor-id=\"40071\" class=\"elementor elementor-40071\" data-elementor-post-type=\"page\">\n\t\t\t\t<div data-particle_enable=\"false\" data-particle-mobile-disabled=\"false\" class=\"elementor-element elementor-element-d8aba58 e-flex e-con-boxed e-con e-parent\" data-id=\"d8aba58\" data-element_type=\"container\" data-e-type=\"container\">\n\t\t\t\t\t<div class=\"e-con-inner\">\n\t\t\t\t<div class=\"elementor-element elementor-element-366d4e5 elementor-widget__width-inherit elementor-widget elementor-widget-heading\" data-id=\"366d4e5\" data-element_type=\"widget\" data-e-type=\"widget\" data-widget_type=\"heading.default\">\n\t\t\t\t<div class=\"elementor-widget-container\">\n\t\t\t\t\t<h1 class=\"elementor-heading-title elementor-size-default\">Hotels, trade fairs, conference venues<\/h1>\t\t\t\t<\/div>\n\t\t\t\t<\/div>\n\t\t\t\t<div class=\"elementor-element elementor-element-e4b6b7a elementor-widget elementor-widget-image\" data-id=\"e4b6b7a\" data-element_type=\"widget\" data-e-type=\"widget\" data-widget_type=\"image.default\">\n\t\t\t\t<div class=\"elementor-widget-container\">\n\t\t\t\t\t\t\t\t\t\t\t\t\t\t\t<img fetchpriority=\"high\" decoding=\"async\" width=\"2560\" height=\"1049\" src=\"https:\/\/konferenztechnik.de\/wp-content\/uploads\/2023\/08\/Konferenztechnik-fuer-Hotels_Tagungsstaetten_Messen-PCS-scaled-e1692273089536.webp\" class=\"attachment-full size-full wp-image-40093\" alt=\"Event or conference in a room flooded with light, museum\" srcset=\"https:\/\/konferenztechnik.de\/wp-content\/uploads\/2023\/08\/Konferenztechnik-fuer-Hotels_Tagungsstaetten_Messen-PCS-scaled-e1692273089536.webp 2560w, https:\/\/konferenztechnik.de\/wp-content\/uploads\/2023\/08\/Konferenztechnik-fuer-Hotels_Tagungsstaetten_Messen-PCS-scaled-e1692273089536-300x123.webp 300w, https:\/\/konferenztechnik.de\/wp-content\/uploads\/2023\/08\/Konferenztechnik-fuer-Hotels_Tagungsstaetten_Messen-PCS-scaled-e1692273089536-1024x420.webp 1024w, https:\/\/konferenztechnik.de\/wp-content\/uploads\/2023\/08\/Konferenztechnik-fuer-Hotels_Tagungsstaetten_Messen-PCS-scaled-e1692273089536-768x315.webp 768w, https:\/\/konferenztechnik.de\/wp-content\/uploads\/2023\/08\/Konferenztechnik-fuer-Hotels_Tagungsstaetten_Messen-PCS-scaled-e1692273089536-1536x629.webp 1536w, https:\/\/konferenztechnik.de\/wp-content\/uploads\/2023\/08\/Konferenztechnik-fuer-Hotels_Tagungsstaetten_Messen-PCS-scaled-e1692273089536-2048x839.webp 2048w, https:\/\/konferenztechnik.de\/wp-content\/uploads\/2023\/08\/Konferenztechnik-fuer-Hotels_Tagungsstaetten_Messen-PCS-scaled-e1692273089536-18x7.webp 18w\" sizes=\"(max-width: 2560px) 100vw, 2560px\" title=\"\">\t\t\t\t\t\t\t\t\t\t\t\t\t\t\t<\/div>\n\t\t\t\t<\/div>\n\t\t<div data-particle_enable=\"false\" data-particle-mobile-disabled=\"false\" class=\"elementor-element elementor-element-b15d0ca e-flex e-con-boxed e-con e-child\" data-id=\"b15d0ca\" data-element_type=\"container\" data-e-type=\"container\">\n\t\t\t\t\t<div class=\"e-con-inner\">\n\t\t\t\t<div class=\"elementor-element elementor-element-2ebf418 elementor-widget elementor-widget-button\" data-id=\"2ebf418\" data-element_type=\"widget\" data-e-type=\"widget\" data-widget_type=\"button.default\">\n\t\t\t\t<div class=\"elementor-widget-container\">\n\t\t\t\t\t\t\t\t\t<div class=\"elementor-button-wrapper\">\n\t\t\t\t\t<a class=\"elementor-button elementor-button-link elementor-size-lg\" href=\"#serviceteam\">\n\t\t\t\t\t\t<span class=\"elementor-button-content-wrapper\">\n\t\t\t\t\t\t<span class=\"elementor-button-icon\">\n\t\t\t\t<svg aria-hidden=\"true\" class=\"e-font-icon-svg e-far-arrow-alt-circle-down\" viewbox=\"0 0 512 512\" xmlns=\"http:\/\/www.w3.org\/2000\/svg\"><path d=\"M256 8C119 8 8 119 8 256s111 248 248 248 248-111 248-248S393 8 256 8zm0 448c-110.5 0-200-89.5-200-200S145.5 56 256 56s200 89.5 200 200-89.5 200-200 200zm-32-316v116h-67c-10.7 0-16 12.9-8.5 20.5l99 99c4.7 4.7 12.3 4.7 17 0l99-99c7.6-7.6 2.2-20.5-8.5-20.5h-67V140c0-6.6-5.4-12-12-12h-40c-6.6 0-12 5.4-12 12z\"><\/path><\/svg>\t\t\t<\/span>\n\t\t\t\t\t\t\t\t\t<span class=\"elementor-button-text\">Request now<\/span>\n\t\t\t\t\t<\/span>\n\t\t\t\t\t<\/a>\n\t\t\t\t<\/div>\n\t\t\t\t\t\t\t\t<\/div>\n\t\t\t\t<\/div>\n\t\t\t\t\t<\/div>\n\t\t\t\t<\/div>\n\t\t\t\t\t<\/div>\n\t\t\t\t<\/div>\n\t\t<div data-particle_enable=\"false\" data-particle-mobile-disabled=\"false\" class=\"elementor-element elementor-element-9deafd4 e-flex e-con-boxed e-con e-parent\" data-id=\"9deafd4\" data-element_type=\"container\" data-e-type=\"container\">\n\t\t\t\t\t<div class=\"e-con-inner\">\n\t\t\t\t<div class=\"elementor-element elementor-element-66ea8b4 elementor-widget elementor-widget-heading\" data-id=\"66ea8b4\" data-element_type=\"widget\" data-e-type=\"widget\" data-settings=\"{&quot;_animation&quot;:&quot;none&quot;}\" data-widget_type=\"heading.default\">\n\t\t\t\t<div class=\"elementor-widget-container\">\n\t\t\t\t\t<h2 class=\"elementor-heading-title elementor-size-default\">You have the premises, we take care of planning, technology and support<\/h2>\t\t\t\t<\/div>\n\t\t\t\t<\/div>\n\t\t\t\t<div class=\"elementor-element elementor-element-d16fcf6 elementor-widget__width-inherit elementor-widget elementor-widget-text-editor\" data-id=\"d16fcf6\" data-element_type=\"widget\" data-e-type=\"widget\" data-widget_type=\"text-editor.default\">\n\t\t\t\t<div class=\"elementor-widget-container\">\n\t\t\t\t\t\t\t\t\t<p>As a conference venue, you want to offer your customers and their guests a professional platform for conferences, trade fairs and congresses. You want to create a pleasant atmosphere and give participants a feeling of comfort and security. Presentations and lectures should run smoothly with modern conference technology.<\/p><p>\u00a0<\/p><p>In addition, the venue should be easily accessible and offer good connections to rail, public transport and other means of transportation, with accessibility and sustainability increasingly coming into focus.<\/p><p>\u00a0<\/p><p>A good venue should impress the audience and leave a lasting impression. Participants should look forward to the event and be able to concentrate on learning and developing new ideas and making contacts.<\/p>\t\t\t\t\t\t\t\t<\/div>\n\t\t\t\t<\/div>\n\t\t\t\t\t<\/div>\n\t\t\t\t<\/div>\n\t\t<div data-particle_enable=\"false\" data-particle-mobile-disabled=\"false\" class=\"elementor-element elementor-element-455c20b e-flex e-con-boxed e-con e-parent\" data-id=\"455c20b\" data-element_type=\"container\" data-e-type=\"container\" data-settings=\"{&quot;animation&quot;:&quot;none&quot;}\">\n\t\t\t\t\t<div class=\"e-con-inner\">\n\t\t\t\t<div class=\"elementor-element elementor-element-7734196 elementor-widget elementor-widget-heading\" data-id=\"7734196\" data-element_type=\"widget\" data-e-type=\"widget\" data-settings=\"{&quot;_animation&quot;:&quot;none&quot;}\" data-widget_type=\"heading.default\">\n\t\t\t\t<div class=\"elementor-widget-container\">\n\t\t\t\t\t<h2 class=\"elementor-heading-title elementor-size-default\">Frequent topics<\/h2>\t\t\t\t<\/div>\n\t\t\t\t<\/div>\n\t\t\t\t<div class=\"elementor-element elementor-element-1e5ddfb elementor-widget__width-inherit elementor-widget elementor-widget-eael-post-list\" data-id=\"1e5ddfb\" data-element_type=\"widget\" data-e-type=\"widget\" data-settings=\"{&quot;_animation&quot;:&quot;none&quot;}\" data-widget_type=\"eael-post-list.default\">\n\t\t\t\t<div class=\"elementor-widget-container\">\n\t\t\t\t\t<div class=\"eael-post-list-container advanced layout-advanced\"><div class=\"eael-post-list-wrap\"><div class=\"eael-post-list-posts-wrap eael-post-appender eael-post-appender-1e5ddfb\"><div class=\"eael-post-list-post\"><div class=\"eael-post-list-post-inner\"><div class=\"eael-post-list-thumbnail\"><a href=\"https:\/\/konferenztechnik.de\/en\/streaming\/\">\n                <img decoding=\"async\" src=\"https:\/\/konferenztechnik.de\/wp-content\/uploads\/2023\/04\/streaming-hosting-events-jpg.webp\" alt=\"Sound direction and video direction with event technicians in a conference hall, in front of it several times the lettering &quot;Live - Live - Live&quot;\" title=\"\">\n            <\/a><\/div><div class=\"eael-post-list-content\"><h3 class=\"eael-post-list-title\"><a href=\"https:\/\/konferenztechnik.de\/en\/streaming\/\" >Streaming and hosting<\/a><\/h3><p>Streaming of live and video content, archiving and delivery on servers and video platforms<\/p><a href=\"https:\/\/konferenztechnik.de\/en\/streaming\/\" class=\"eael-post-elements-readmore-btn\" >\u203a more<\/a><div class=\"boxed-meta\"><\/div><\/div><\/div><\/div><div class=\"eael-post-list-post\"><div class=\"eael-post-list-post-inner\"><div class=\"eael-post-list-thumbnail\"><a href=\"https:\/\/konferenztechnik.de\/en\/landingpages-for-events-virtual-event-platforms\/\">\n                <img decoding=\"async\" src=\"https:\/\/konferenztechnik.de\/wp-content\/uploads\/2023\/03\/landingpage-beitrag.jpg\" alt=\"\" title=\"\">\n            <\/a><\/div><div class=\"eael-post-list-content\"><h3 class=\"eael-post-list-title\"><a href=\"https:\/\/konferenztechnik.de\/en\/landingpages-for-events-virtual-event-platforms\/\" >Landing pages for events, virtual event platforms<\/a><\/h3><p>Landing pages for events, virtual event platforms The basic package consists of the following elements...<\/p><a href=\"https:\/\/konferenztechnik.de\/en\/landingpages-for-events-virtual-event-platforms\/\" class=\"eael-post-elements-readmore-btn\" >\u203a more<\/a><div class=\"boxed-meta\"><\/div><\/div><\/div><\/div><div class=\"eael-post-list-post\"><div class=\"eael-post-list-post-inner\"><div class=\"eael-post-list-thumbnail\"><a href=\"https:\/\/konferenztechnik.de\/en\/pcs-conference-room-bundles-modern-hybrid-conference-rooms-at-favorable-conditions\/\">\n                <img decoding=\"async\" src=\"https:\/\/konferenztechnik.de\/wp-content\/uploads\/2023\/03\/konferenzraum-bundles.jpg\" alt=\"\" title=\"\">\n            <\/a><\/div><div class=\"eael-post-list-content\"><h3 class=\"eael-post-list-title\"><a href=\"https:\/\/konferenztechnik.de\/en\/pcs-conference-room-bundles-modern-hybrid-conference-rooms-at-favorable-conditions\/\" >Conference Room Bundles<\/a><\/h3><p>Interactive, hybrid wireless and flexible meeting rooms from 5.000 EUR<\/p><a href=\"https:\/\/konferenztechnik.de\/en\/pcs-conference-room-bundles-modern-hybrid-conference-rooms-at-favorable-conditions\/\" class=\"eael-post-elements-readmore-btn\" >\u203a more<\/a><div class=\"boxed-meta\"><\/div><\/div><\/div><\/div><div class=\"eael-post-list-post\"><div class=\"eael-post-list-post-inner\"><div class=\"eael-post-list-thumbnail\"><a href=\"https:\/\/konferenztechnik.de\/en\/hybrid-events\/\">\n                <img decoding=\"async\" src=\"https:\/\/konferenztechnik.de\/wp-content\/uploads\/2023\/06\/hybride-events-jpg.webp\" alt=\"two presenters are standing on a stage and at the same time can be seen digitally on a PC monitor in a second part of the picture - as a symbol for hybrid events\" title=\"\">\n            <\/a><\/div><div class=\"eael-post-list-content\"><h3 class=\"eael-post-list-title\"><a href=\"https:\/\/konferenztechnik.de\/en\/hybrid-events\/\" >Hybrid events<\/a><\/h3><p>We connect people, spaces and places. Digital participants, presence participants, speakers and viewers...<\/p><a href=\"https:\/\/konferenztechnik.de\/en\/hybrid-events\/\" class=\"eael-post-elements-readmore-btn\" >\u203a more<\/a><div class=\"boxed-meta\"><\/div><\/div><\/div><\/div><div class=\"eael-post-list-post\"><div class=\"eael-post-list-post-inner\"><div class=\"eael-post-list-thumbnail\"><a href=\"https:\/\/konferenztechnik.de\/en\/interpreting-systems-and-interpreting-technology-rent-buy-install\/\">\n                <img decoding=\"async\" src=\"https:\/\/konferenztechnik.de\/wp-content\/uploads\/2023\/05\/simultantechnik-dolmetscheranlagen-mieten-kaufen-leasen-jpg.webp\" alt=\"\" title=\"\">\n            <\/a><\/div><div class=\"eael-post-list-content\"><h3 class=\"eael-post-list-title\"><a href=\"https:\/\/konferenztechnik.de\/en\/interpreting-systems-and-interpreting-technology-rent-buy-install\/\" >Interpreting systems and interpreting technology<\/a><\/h3><p>Wireless interpreting systems with interpreting booths and discussion systems with interpreting booths<\/p><a href=\"https:\/\/konferenztechnik.de\/en\/interpreting-systems-and-interpreting-technology-rent-buy-install\/\" class=\"eael-post-elements-readmore-btn\" >\u203a more<\/a><div class=\"boxed-meta\"><\/div><\/div><\/div><\/div><div class=\"eael-post-list-post\"><div class=\"eael-post-list-post-inner\"><div class=\"eael-post-list-thumbnail\"><a href=\"https:\/\/konferenztechnik.de\/en\/interpreting-hubs-and-interpreting-studios\/\">\n                <img decoding=\"async\" src=\"https:\/\/konferenztechnik.de\/wp-content\/uploads\/2023\/04\/dolmetschhubs.jpg\" alt=\"View of an interpreting studio, where female interpreters follow a speaker on a large monitor and translate him into various other languages in their soundproof booths\" title=\"\">\n            <\/a><\/div><div class=\"eael-post-list-content\"><h3 class=\"eael-post-list-title\"><a href=\"https:\/\/konferenztechnik.de\/en\/interpreting-hubs-and-interpreting-studios\/\" >Interpreting hubs and interpreting studios<\/a><\/h3><p>Our professional hubs for remote interpreting, interpreting for videoconferencing, streaming, on-site meetings<\/p><a href=\"https:\/\/konferenztechnik.de\/en\/interpreting-hubs-and-interpreting-studios\/\" class=\"eael-post-elements-readmore-btn\" >\u203a more<\/a><div class=\"boxed-meta\"><\/div><\/div><\/div><\/div><div class=\"eael-post-list-post\"><div class=\"eael-post-list-post-inner\"><div class=\"eael-post-list-thumbnail\"><a href=\"https:\/\/konferenztechnik.de\/en\/discussion-equipment-stations-rent-buy-install-lease\/\">\n                <img decoding=\"async\" src=\"https:\/\/konferenztechnik.de\/wp-content\/uploads\/2023\/06\/diskussionsanlage-sprechstellen-tischmikrofone.jpg\" alt=\"Table microphone units distributed on a conference table, with gooseneck microphones\" title=\"\">\n            <\/a><\/div><div class=\"eael-post-list-content\"><h3 class=\"eael-post-list-title\"><a href=\"https:\/\/konferenztechnik.de\/en\/discussion-equipment-stations-rent-buy-install-lease\/\" >Discussion systems, microphone units \u2013 rent, buy, install, lease<\/a><\/h3><p>Discussion systems, microphone units \u2013 rent, buy, install, lease<\/p><a href=\"https:\/\/konferenztechnik.de\/en\/discussion-equipment-stations-rent-buy-install-lease\/\" class=\"eael-post-elements-readmore-btn\" >\u203a more<\/a><div class=\"boxed-meta\"><\/div><\/div><\/div><\/div><div class=\"eael-post-list-post\"><div class=\"eael-post-list-post-inner\"><div class=\"eael-post-list-thumbnail\"><a href=\"https:\/\/konferenztechnik.de\/en\/av-audio-and-video-rent-buy-install-lease\/\">\n                <img decoding=\"async\" src=\"https:\/\/konferenztechnik.de\/wp-content\/uploads\/2023\/03\/audio-und-videotechnik-mieten-kaufen-installieren-1024x614.avif\" alt=\"audio-and-video-technology-rent-buy-install\" title=\"\">\n            <\/a><\/div><div class=\"eael-post-list-content\"><h3 class=\"eael-post-list-title\"><a href=\"https:\/\/konferenztechnik.de\/en\/av-audio-and-video-rent-buy-install-lease\/\" >AV: audio and video technology<\/a><\/h3><p>Microphones, PA technology, lecterns, telephone hybrids, press distribution lists, steno-s logging software...<\/p><a href=\"https:\/\/konferenztechnik.de\/en\/av-audio-and-video-rent-buy-install-lease\/\" class=\"eael-post-elements-readmore-btn\" >\u203a more<\/a><div class=\"boxed-meta\"><\/div><\/div><\/div><\/div><\/div><\/div>\n\t\t<\/div>\t\t\t\t<\/div>\n\t\t\t\t<\/div>\n\t\t\t\t\t<\/div>\n\t\t\t\t<\/div>\n\t\t<div data-particle_enable=\"false\" data-particle-mobile-disabled=\"false\" class=\"elementor-element elementor-element-eaddbcf e-flex e-con-boxed e-con e-parent\" data-id=\"eaddbcf\" data-element_type=\"container\" data-e-type=\"container\">\n\t\t\t\t\t<div class=\"e-con-inner\">\n\t\t\t\t<div class=\"elementor-element elementor-element-16f26b9 elementor-widget__width-inherit elementor-widget elementor-widget-heading\" data-id=\"16f26b9\" data-element_type=\"widget\" data-e-type=\"widget\" data-widget_type=\"heading.default\">\n\t\t\t\t<div class=\"elementor-widget-container\">\n\t\t\t\t\t<h2 class=\"elementor-heading-title elementor-size-default\">References: Hotels, trade fairs, conference venues<\/h2>\t\t\t\t<\/div>\n\t\t\t\t<\/div>\n\t\t\t\t<div class=\"elementor-element elementor-element-b211c26 elementor-widget__width-inherit elementor-widget elementor-widget-text-editor\" data-id=\"b211c26\" data-element_type=\"widget\" data-e-type=\"widget\" data-widget_type=\"text-editor.default\">\n\t\t\t\t<div class=\"elementor-widget-container\">\n\t\t\t\t\t\t\t\t\t<ul><li>Academy for Public Health D\u00fcsseldorf<\/li><li>Ballhaus Ost e.V. Berlin<\/li><li>Beethoven House Bonn<\/li><li>Bochumer Veranstaltungs-GmbH<\/li><li>Congress &amp; Event Heidenheim GmbH<\/li><li>Estrel Berlin<\/li><li>Festspielhaus and Festspiele Baden-Baden gGmbH<\/li><li>House of Technology e.V. Essen<\/li><li>Hotel ESPERANTO Kongress- und Kulturzentrum GmbH &amp; Co. KG Fulda<\/li><li>Cologne Trade Fair GmbH<\/li><li>Congress Hotel at Lake Templin<\/li><li>Landesmesse Stuttgart GmbH<\/li><li>Leipziger Messe GmbH<\/li><li>Luise-Albertz-Halle Conference and Event Center GmbH Oberhausen<\/li><li>Mercure Hotel MOA Berlin<\/li><li>Messe Berlin GmbH<\/li><li>Fair D\u00fcsseldorf<\/li><li>Messe M\u00fcnchen GmbH<\/li><li>Messe- und Veranstaltungs GmbH Kleist Forum Frankfurt\/Oder<\/li><li>M\u00f6venpick Hotel Berlin<\/li><li>Museum Art Palace D\u00fcsseldorf<\/li><li>Schauspiel Frankfurt<br \/>Tanzhaus NRW e.V. D\u00fcsseldorf<\/li><li>Velberter Kulturloewen \u2013 Kultur- und Veranstaltungsbetrieb Velbert<\/li><li>Wolf-Ferrari House Ottobrunn<\/li><\/ul>\t\t\t\t\t\t\t\t<\/div>\n\t\t\t\t<\/div>\n\t\t\t\t<div class=\"elementor-element elementor-element-f277dec elementor-icon-list--layout-traditional elementor-list-item-link-full_width elementor-widget elementor-widget-icon-list\" data-id=\"f277dec\" data-element_type=\"widget\" data-e-type=\"widget\" data-widget_type=\"icon-list.default\">\n\t\t\t\t<div class=\"elementor-widget-container\">\n\t\t\t\t\t\t\t<ul class=\"elementor-icon-list-items\">\n\t\t\t\t\t\t\t<li class=\"elementor-icon-list-item\">\n\t\t\t\t\t\t\t\t\t\t\t<a href=\"\/en\/references\/\">\n\n\t\t\t\t\t\t\t\t\t\t\t\t<span class=\"elementor-icon-list-icon\">\n\t\t\t\t\t\t\t<svg aria-hidden=\"true\" class=\"e-font-icon-svg e-fas-chevron-right\" viewbox=\"0 0 320 512\" xmlns=\"http:\/\/www.w3.org\/2000\/svg\"><path d=\"M285.476 272.971L91.132 467.314c-9.373 9.373-24.569 9.373-33.941 0l-22.667-22.667c-9.357-9.357-9.375-24.522-.04-33.901L188.505 256 34.484 101.255c-9.335-9.379-9.317-24.544.04-33.901l22.667-22.667c9.373-9.373 24.569-9.373 33.941 0L285.475 239.03c9.373 9.372 9.373 24.568.001 33.941z\"><\/path><\/svg>\t\t\t\t\t\t<\/span>\n\t\t\t\t\t\t\t\t\t\t<span class=\"elementor-icon-list-text\">More references<\/span>\n\t\t\t\t\t\t\t\t\t\t\t<\/a>\n\t\t\t\t\t\t\t\t\t<\/li>\n\t\t\t\t\t\t<\/ul>\n\t\t\t\t\t\t<\/div>\n\t\t\t\t<\/div>\n\t\t\t\t\t<\/div>\n\t\t\t\t<\/div>\n\t\t<div data-particle_enable=\"false\" data-particle-mobile-disabled=\"false\" class=\"elementor-element elementor-element-e62a659 e-flex e-con-boxed e-con e-parent\" data-id=\"e62a659\" data-element_type=\"container\" data-e-type=\"container\">\n\t\t\t\t\t<div class=\"e-con-inner\">\n\t\t\t\t<div class=\"elementor-element elementor-element-53f5abf elementor-widget elementor-widget-shortcode\" data-id=\"53f5abf\" data-element_type=\"widget\" data-e-type=\"widget\" data-widget_type=\"shortcode.default\">\n\t\t\t\t<div class=\"elementor-widget-container\">\n\t\t\t\t\t\t\t<div class=\"elementor-shortcode\"><\/div>\n\t\t\t\t\t\t<\/div>\n\t\t\t\t<\/div>\n\t\t\t\t\t<\/div>\n\t\t\t\t<\/div>\n\t\t<div data-particle_enable=\"false\" data-particle-mobile-disabled=\"false\" class=\"elementor-element elementor-element-14d115f e-flex e-con-boxed e-con e-parent\" data-id=\"14d115f\" data-element_type=\"container\" data-e-type=\"container\">\n\t\t\t\t\t<div class=\"e-con-inner\">\n\t\t\t\t<div class=\"elementor-element elementor-element-0f53c4b elementor-widget elementor-widget-shortcode\" data-id=\"0f53c4b\" data-element_type=\"widget\" data-e-type=\"widget\" data-widget_type=\"shortcode.default\">\n\t\t\t\t<div class=\"elementor-widget-container\">\n\t\t\t\t\t\t\t<div class=\"elementor-shortcode\"><\/div>\n\t\t\t\t\t\t<\/div>\n\t\t\t\t<\/div>\n\t\t\t\t\t<\/div>\n\t\t\t\t<\/div>\n\t\t\t\t<\/div>","protected":false},"excerpt":{"rendered":"<p>Hotels, Messen, Tagungsst\u00e4tten Jetzt anfragen Sie haben die R\u00e4umlichkeiten, wir k\u00fcmmern uns um Planung, Technik und Betreuung Als Tagungsst\u00e4tte m\u00f6chten Sie Ihren Kunden und deren G\u00e4sten eine professionelle Plattform f\u00fcr Tagungen, Messen und Kongresse bieten. Dazu eine angenehme Atmosph\u00e4re vermitteln, den Teilnehmenden ein Gef\u00fchl von Komfort und Sicherheit geben. Pr\u00e4sentationen und Vortr\u00e4ge sollen mit moderner [&hellip;]<\/p>\n","protected":false},"author":1,"featured_media":40093,"parent":0,"menu_order":0,"comment_status":"closed","ping_status":"closed","template":"","meta":{"_acf_changed":false,"footnotes":""},"class_list":["post-40071","page","type-page","status-publish","has-post-thumbnail","hentry"],"acf":[],"_links":{"self":[{"href":"https:\/\/konferenztechnik.de\/en\/wp-json\/wp\/v2\/pages\/40071","targetHints":{"allow":["GET"]}}],"collection":[{"href":"https:\/\/konferenztechnik.de\/en\/wp-json\/wp\/v2\/pages"}],"about":[{"href":"https:\/\/konferenztechnik.de\/en\/wp-json\/wp\/v2\/types\/page"}],"author":[{"embeddable":true,"href":"https:\/\/konferenztechnik.de\/en\/wp-json\/wp\/v2\/users\/1"}],"replies":[{"embeddable":true,"href":"https:\/\/konferenztechnik.de\/en\/wp-json\/wp\/v2\/comments?post=40071"}],"version-history":[{"count":0,"href":"https:\/\/konferenztechnik.de\/en\/wp-json\/wp\/v2\/pages\/40071\/revisions"}],"wp:featuredmedia":[{"embeddable":true,"href":"https:\/\/konferenztechnik.de\/en\/wp-json\/wp\/v2\/media\/40093"}],"wp:attachment":[{"href":"https:\/\/konferenztechnik.de\/en\/wp-json\/wp\/v2\/media?parent=40071"}],"curies":[{"name":"wp","href":"https:\/\/api.w.org\/{rel}","templated":true}]}}