{"id":5827,"date":"2015-10-12T11:52:48","date_gmt":"2015-10-12T10:52:48","guid":{"rendered":"https:\/\/konferenztechnik.de\/?page_id=5827"},"modified":"2024-12-04T13:34:56","modified_gmt":"2024-12-04T12:34:56","slug":"career","status":"publish","type":"page","link":"https:\/\/konferenztechnik.de\/en\/career\/","title":{"rendered":"Jobs"},"content":{"rendered":"<p>[spacer size=\"20\u2033]<br \/>\n[column size=\"3-4\u2033 last=\"0\u2033]<\/p>\n<h1>Jobs, vacancies and apprenticeships at PCS GmbH<\/h1>\n<p>PCS GmbH is a training company. We offer apprenticeships for event technology specialists, warehouse logistics specialists and event management assistants. Are you interested? Here you can find all vacancies.<\/p>\n<p>In addition, we are always on the lookout for qualified employees. If there is no suitable position open for you at the moment, you are also welcome to send us an unsolicited application.<\/p>\n<p>Please send applications for Munich and D\u00fcsseldorf to Thorsten Gei\u00dfler:<br \/>\n<a href=\"mailto:geissler@konferenztechnik.de\">geissler@konferenztechnik.de<\/a><\/p>\n<p>Please send applications for Berlin to Gunnar Hermenau:<br \/>\n<a href=\"mailto:hermenau@konferenztechnik.de\">hermenau@konferenztechnik.de<\/a><\/p>\n<p>Please also feel free to contact us if you have any questions about our jobs and apprenticeships<\/p>\n<p>[\/column]<\/p>\n<p>[column size=\"1-4\u2033 last=\"1\u2033]<\/p>\n<p>[\/column]<\/p>\n<h2><b>Current vacancies<\/b><\/h2>\n<p>[spacer size=\"20\u2033]<br \/>\n[column size=\"1-2\u2033 last=\"0\u2033]<br \/>\n<a href=\"https:\/\/konferenztechnik.de\/jobs\/fachkraft-fuer-veranstaltungstechnik-d-w-m-gesucht\/\"><\/a><\/p>\n<p><a href=\"https:\/\/konferenztechnik.de\/jobs\/fachkraft-fuer-veranstaltungstechnik-d-w-m-gesucht\/\"><\/p>\n<h3><b>Specialist for event technology (d\/w\/m),<br \/>\nEvent Engineers, AV Media Technicians<br \/>\nD\u00fcsseldorf<\/b><\/h3>\n<p><\/a><a href=\"https:\/\/konferenztechnik.de\/jobs\/fachkraft-fuer-veranstaltungstechnik-d-w-m-gesucht\/\"><\/a><\/p>\n<p>We are looking for technicians from different areas of event technology to support us in the technical implementation of conferences and events at our location in D\u00fcsseldorf.<\/p>\n<p>[button link=\"https:\/\/www.konferenztechnik.de\/jobs\/fachkraft-fuer-veranstaltungstechnik-d-w-m-gesucht\/\" target=\"self\" color=\"#a62055\u2033 text=\"light\"]Information and apply[\/button]<br \/>\n[\/column]<\/p>\n<p>[column size=\"1-2\u2033 last=\"0\u2033]<br \/>\n<a href=\"https:\/\/konferenztechnik.de\/en\/event-technology-specialist-d-f-m-wanted-in-berlin\/\"><\/a><\/p>\n<p><a href=\"https:\/\/konferenztechnik.de\/en\/event-technology-specialist-d-f-m-wanted-in-berlin\/\"><\/p>\n<h3><b>Specialist for event technology (d\/w\/m),<br \/>\nEvent Engineers, AV Media Technicians<br \/>\nBerlin<\/b><\/h3>\n<p><\/a><a href=\"https:\/\/konferenztechnik.de\/en\/event-technology-specialist-d-f-m-wanted-in-berlin\/\"><\/a><\/p>\n<p>We are looking for technicians from various fields of event technology to support us in the technical implementation of conferences and events at our Berlin location.<\/p>\n<p>[button link=\"https:\/\/www.konferenztechnik.de\/fachkraft-fuer-veranstaltungstechnik-d-w-m-in-berlin-gesucht\/\" target=\"self\" color=\"#a62055\u2033 text=\"light\"]Information and apply[\/button]<br \/>\n[\/column]<\/p>\n<p>[column size=\"1-3\u2033 last=\"1\u2033]<br \/>\n<a href=\"https:\/\/konferenztechnik.de\/en\/specialist-for-event-technology-d-f-m-wanted-in-munich\/\"><\/a><\/p>\n<p><a href=\"https:\/\/konferenztechnik.de\/en\/specialist-for-event-technology-d-f-m-wanted-in-munich\/\"><\/p>\n<h3><b>Specialist for event technology (d\/w\/m),<br \/>\nEvent Engineers, AV Media Technicians<br \/>\nMunich<\/b><\/h3>\n<p><\/a><a href=\"https:\/\/konferenztechnik.de\/en\/specialist-for-event-technology-d-f-m-wanted-in-munich\/\"><\/a><\/p>\n<p>We are looking for technicians from different areas of event technology to support us in the technical implementation of conferences and events at our Munich location.<\/p>\n<p>[button link=\"https:\/\/www.konferenztechnik.de\/fachkraft-fuer-veranstaltungstechnik-d-w-m-in-muenchen-gesucht\/\" target=\"self\" color=\"#a62055\u2033 text=\"light\"]Information and apply[\/button]<br \/>\n[\/column]<\/p>\n<p>[spacer size=\"50\u2033]<\/p>\n<p>[column size=\"1-2\u2033 last=\"0\u2033]<br \/>\n<a href=\"https:\/\/konferenztechnik.de\/jobs\/buero-servicekraft-m-w-d-gesucht\/\"><\/a><\/p>\n<p><a href=\"https:\/\/konferenztechnik.de\/jobs\/buero-servicekraft-m-w-d-gesucht\/\"><\/p>\n<h3><b>Office service person (m\/f\/d) wanted<br \/>\nBerlin<\/b><\/h3>\n<p><\/a><a href=\"https:\/\/konferenztechnik.de\/jobs\/buero-servicekraft-m-w-d-gesucht\/\"><\/a><\/p>\n<p>We are looking for an office service assistant (d\/w\/m) at our Berlin location to organize our office and interpreting studios before and after meetings and conferences.<\/p>\n<p>[button link=\"https:\/\/www.konferenztechnik.de\/jobs\/buero-servicekraft-m-w-d-gesucht\/\" target=\"self\" color=\"#a62055\u2033 text=\"light\"]Information and apply[\/button]<br \/>\n[\/column]<\/p>\n<p>[column size=\"1-2\u2033 last=\"0\u2033]<br \/>\n<a href=\"https:\/\/konferenztechnik.de\/jobs\/technische-hilfskraft-m-w-d-fuer-kommissionierung-und-transport-gesucht\/\"><\/a><\/p>\n<p><a href=\"https:\/\/konferenztechnik.de\/jobs\/technische-hilfskraft-m-w-d-fuer-kommissionierung-und-transport-gesucht\/\"><\/p>\n<h3><b>Technical assistant (m\/f\/d) wanted for order picking and transport<br \/>\nBerlin<\/b><\/h3>\n<p><\/a><a href=\"https:\/\/konferenztechnik.de\/jobs\/technische-hilfskraft-m-w-d-fuer-kommissionierung-und-transport-gesucht\/\"><\/a><\/p>\n<p>We are looking for a technical assistant (m\/f\/d) to support us with picking in our warehouse, transport trips and the assembly and disassembly of technical equipment.<\/p>\n<p>[button link=\"https:\/\/www.konferenztechnik.de\/jobs\/technische-hilfskraft-m-w-d-fuer-kommissionierung-und-transport-gesucht\/\" target=\"self\" color=\"#a62055\u2033 text=\"light\"]Information and apply[\/button]<br \/>\n[\/column]<\/p>\n<p>[column size=\"1-3\u2033 last=\"1\u2033]<br \/>\n<a href=\"https:\/\/konferenztechnik.de\/jobs\/technikerin-m-w-d-fuer-den-bereich-kommissionierung-und-transport-gesucht\/\"><\/a><\/p>\n<p><a href=\"https:\/\/konferenztechnik.de\/jobs\/technikerin-m-w-d-fuer-den-bereich-kommissionierung-und-transport-gesucht\/\"><\/p>\n<h3><b>Technician (m\/f\/d) wanted for the picking and transport area<br \/>\nBerlin<\/b><\/h3>\n<p><\/a><a href=\"https:\/\/konferenztechnik.de\/jobs\/technikerin-m-w-d-fuer-den-bereich-kommissionierung-und-transport-gesucht\/\"><\/a><\/p>\n<p>We are looking for a technician to support us with picking in our warehouse, transport trips and the assembly and disassembly of technical equipment.<\/p>\n<p>[button link=\"https:\/\/www.konferenztechnik.de\/jobs\/technikerin-m-w-d-fuer-den-bereich-kommissionierung-und-transport-gesucht\/\" target=\"self\" color=\"#a62055\u2033 text=\"light\"]Information and apply[\/button]<br \/>\n[\/column]<\/p>\n<p>[spacer size=\"30\u2033]<\/p>\n<hr>\n<p>[spacer size=\"30\u2033]<\/p>\n<h2><b>Training positions for 2023 \u2013 Training at PCS konferenztechnik.de<\/b><\/h2>\n<p>We are looking for trainees for the training year 2023. We are already looking forward to your applications!<\/p>\n<p>[spacer size=\"20\u2033]<\/p>\n<p>[column size=\"1-2\u2033 last=\"0\u2033]<br \/>\n<a href=\"https:\/\/konferenztechnik.de\/en\/training-as-a-specialist-for-event-technology-m-f-d-in-duesseldorf\/\"><\/a><\/p>\n<p><a href=\"https:\/\/konferenztechnik.de\/en\/training-as-a-specialist-for-event-technology-m-f-d-in-duesseldorf\/\"><\/p>\n<h3><b>Apprenticeship Specialist for Event Technology (d\/w\/m)<br \/>\nD\u00fcsseldorf<\/b><\/h3>\n<p><\/a><a href=\"https:\/\/konferenztechnik.de\/en\/training-as-a-specialist-for-event-technology-m-f-d-in-duesseldorf\/\"><\/a><\/p>\n<p>Training as an event technology specialist at our D\u00fcsseldorf branch.<\/p>\n<p>[button link=\"https:\/\/www.konferenztechnik.de\/ausbildung-zur-fachkraft-fuer-veranstaltungstechnik-m-w-d-in-duesseldorf\/\" target=\"self\" color=\"#a62055\u2033 text=\"light\"]Information and apply[\/button]<br \/>\n[\/column]<\/p>\n<p>[column size=\"1-2\u2033 last=\"0\u2033]<br \/>\n<a href=\"https:\/\/konferenztechnik.de\/en\/training-as-a-specialist-for-event-technology-m-f-d-in-berlin-2023\/\"><\/a><\/p>\n<p><a href=\"https:\/\/konferenztechnik.de\/en\/training-as-a-specialist-for-event-technology-m-f-d-in-berlin-2023\/\"><\/p>\n<h3><b>Apprenticeship Specialist for Event Technology (d\/w\/m)<br \/>\nBerlin<\/b><\/h3>\n<p><\/a><a href=\"https:\/\/konferenztechnik.de\/en\/training-as-a-specialist-for-event-technology-m-f-d-in-berlin-2023\/\"><\/a><\/p>\n<p>Training as an event technology specialist at our Berlin branch.<\/p>\n<p>[button link=\"https:\/\/www.konferenztechnik.de\/ausbildung-zur-fachkraft-fuer-veranstaltungstechnik-m-w-d-in-berlin-2023\/\" target=\"self\" color=\"#a62055\u2033 text=\"light\"]Information and apply[\/button]<br \/>\n[\/column]<\/p>\n<p>[column size=\"1-3\u2033 last=\"1\u2033]<br \/>\n<a href=\"https:\/\/konferenztechnik.de\/jobs\/ausbildungsplatz-fachkraft-lagerlogistik-berlin-2023\/\"><\/a><\/p>\n<p><a href=\"https:\/\/konferenztechnik.de\/jobs\/ausbildungsplatz-fachkraft-lagerlogistik-berlin-2023\/\"><\/p>\n<h3><b>Apprenticeship position warehouse logistics specialist (d\/w\/m)<br \/>\nBerlin<\/b><\/h3>\n<p><\/a><a href=\"https:\/\/konferenztechnik.de\/jobs\/ausbildungsplatz-fachkraft-lagerlogistik-berlin-2023\/\"><\/a><\/p>\n<p>Training as a warehouse logistics specialist at our Berlin branch.<\/p>\n<p>[button link=\"https:\/\/www.konferenztechnik.de\/jobs\/ausbildungsplatz-fachkraft-lagerlogistik-berlin-2023\/\" target=\"self\" color=\"#a62055\u2033 text=\"light\"]Information and apply[\/button]<br \/>\n[\/column]<\/p>\n<p>[spacer size=\"30\u2033]<\/p>\n<hr>\n<p>[spacer size=\"30\u2033]<\/p>\n<h2>Information on apprenticeships at PCS<\/h2>\n<p>[column size=\"1-2\u2033 last=\"0\u2033]<\/p>\n<h3><strong>Event manager<\/strong><\/h3>\n<p>Warehouse logistics specialists work in the field of logistics planning and organization. Their tasks include receiving, picking, loading, stowing, transporting and packing goods. Other components of the training include commercial management and control, environmental protection or work organization, information and communication. The training lasts three years and takes place both in our companies and the respective vocational schools.<\/p>\n<h4>More information:<\/h4>\n<p>\u203a <a href=\"https:\/\/www.ihk-berlin.de\/ausbildung\/ausbildungsberufe-von-a-bis-z\/veranstaltungskaufmann-2262380\" target=\"_blank\" rel=\"noopener noreferrer\">IHK Berlin<\/a><br \/>\n\u203a <a href=\"https:\/\/berufenet.arbeitsagentur.de\/berufenet\/faces\/index;BERUFENETJSESSIONID=H4dPyKJvbXrnWotpa2-unjyMlToiDlBPBg0q0Sm5LB_Pd5I_B9D5!358792421?path=null\/suchergebnisse\/kurzbeschreibung&amp;dkz=14448&amp;such=veranstaltungskauffrau\" target=\"_blank\" rel=\"noopener noreferrer\">Federal Employment Agency<\/a><\/p>\n<p>[\/column]<\/p>\n<p>[column size=\"1-2\u2033 last=\"0\u2033]<\/p>\n<h3><strong>Warehouse logistics specialist<\/strong><\/h3>\n<p>Warehouse logistics specialists work in the field of logistics planning and organization. Their tasks include receiving, picking, loading, stowing, transporting and packing goods. Other components of the training include commercial management and control, environmental protection or work organization, information and communication. The training lasts three years and takes place both in our companies and the respective vocational schools.<\/p>\n<h4>More information:<\/h4>\n<p>\u203a <a href=\"https:\/\/www.ihk-berlin.de\/aus_und_weiterbildung\/Ausbildung\/Ausbildungsberufe_von_A_bis_Z\/Fachkraft_fuer_Veranstaltungstechnik\/2262432\" target=\"_blank\" rel=\"noopener noreferrer\">IHK Berlin<\/a><br \/>\n\u203a <a href=\"https:\/\/berufenet.arbeitsagentur.de\/berufe\/start?dest=profession&amp;prof-id=8525_8523&amp;status=B\" target=\"_blank\" rel=\"noopener noreferrer\">Federal Employment Agency<\/a><br \/>\n\u203a <a href=\"https:\/\/de.wikipedia.org\/wiki\/Fachkraft_f%C3%BCr_Lagerlogistik\" target=\"_blank\" rel=\"noopener noreferrer\">Wikipedia<\/a><\/p>\n<p>[\/column]<\/p>\n<p>[column size=\"1-3\u2033 last=\"1\u2033]<\/p>\n<h3><strong>Specialist for event technology<\/strong><\/h3>\n<p>As an event technology specialist, you will be responsible for setting up, dismantling and operating stage and scenic structures as well as lighting, projection and sound systems. The training lasts three years and takes place both in our company and at the respective vocational schools.<\/p>\n<h4>More information:<\/h4>\n<p>\u203a <a href=\"https:\/\/www.ihk-berlin.de\/aus_und_weiterbildung\/Ausbildung\/Ausbildungsberufe_von_A_bis_Z\/Fachkraft_fuer_Veranstaltungstechnik\/2262432\" target=\"_blank\" rel=\"noopener noreferrer\">IHK Berlin<\/a><br \/>\n\u203a <a href=\"https:\/\/berufenet.arbeitsagentur.de\/berufe\/start?dest=profession&amp;prof-id=27448_27449&amp;status=B\" target=\"_blank\" rel=\"noopener noreferrer\">Federal Employment Agency<\/a><br \/>\n\u203a <a href=\"https:\/\/de.wikipedia.org\/wiki\/Fachkraft_f%C3%BCr_Lagerlogistik\" target=\"_blank\" rel=\"noopener noreferrer\">Wikipedia<\/a><\/p>\n<p>[\/column]<\/p>\n<p>[spacer size=\"30\u2033]<\/p>\n<hr>\n<p>[spacer size=\"30\u2033]<\/p>\n<h2>We are a member or supporting member of the following associations:<\/h2>\n<p>[column size=\"1-2\u2033 last=\"0\u2033]<a href=\"https:\/\/www.100pro.org\/\" target=\"_blank\" rel=\"noopener noreferrer\"><br \/>\n<img decoding=\"async\" src=\"https:\/\/konferenztechnik.de\/wp-content\/uploads\/2015\/10\/logo-100proOrg.jpg\" alt=\"Logo 100 Pro Org\" width=\"150\" height=\"149\" class=\"alignleft size-full wp-image-6492\" title=\"\"><\/a><br \/>\n[\/column]<\/p>\n<p>[column size=\"1-2\u2033 last=\"0\u2033]<br \/>\n<a href=\"https:\/\/www.vplt.org\/\" target=\"_blank\" rel=\"noopener noreferrer\"><br \/>\n<img decoding=\"async\" src=\"https:\/\/konferenztechnik.de\/wp-content\/uploads\/2015\/10\/vplt-logo.jpg\" alt=\"VPLT Logo\" width=\"216\" height=\"69\" class=\"alignleft size-full wp-image-6493\" title=\"\"><\/a><br \/>\n[\/column]<\/p>\n<p>[column size=\"1-3\u2033 last=\"1\u2033]<a href=\"https:\/\/isdv.net\/\" target=\"_blank\" rel=\"noopener noreferrer\"><br \/>\n<img decoding=\"async\" src=\"https:\/\/konferenztechnik.de\/wp-content\/uploads\/2015\/10\/isdv-logo.png\" alt=\"ISDV Logo\" width=\"240\" height=\"140\" class=\"alignleft size-full wp-image-6494\" title=\"\"><\/a><br \/>\n[\/column]<\/p>","protected":false},"excerpt":{"rendered":"<p>[spacer size=&#8220;20&#8243;] [column size=&#8220;3-4&#8243; last=&#8220;0&#8243;] Jobs, Stellenangebote und Ausbildungspl\u00e4tze bei der PCS GmbH Die PCS GmbH ist Ausbildungsbetrieb. Wir bilden zur Fachkraft f\u00fcr Veranstaltungstechnik, Fachkraft f\u00fcr Lagerlogistik und zur Veranstaltungskauffrau \/ zum Veranstaltungskaufmann aus. Sind Sie interessiert? Hier finden Sie alle freien Stellen. Au\u00dferdem sind wir immer wieder auf der Suche nach qualifizierten Mitarbeitern. Falls [&hellip;]<\/p>","protected":false},"author":1,"featured_media":45482,"parent":0,"menu_order":50,"comment_status":"closed","ping_status":"closed","template":"","meta":{"_acf_changed":false,"footnotes":""},"class_list":["post-5827","page","type-page","status-publish","has-post-thumbnail","hentry"],"acf":[],"_links":{"self":[{"href":"https:\/\/konferenztechnik.de\/en\/wp-json\/wp\/v2\/pages\/5827","targetHints":{"allow":["GET"]}}],"collection":[{"href":"https:\/\/konferenztechnik.de\/en\/wp-json\/wp\/v2\/pages"}],"about":[{"href":"https:\/\/konferenztechnik.de\/en\/wp-json\/wp\/v2\/types\/page"}],"author":[{"embeddable":true,"href":"https:\/\/konferenztechnik.de\/en\/wp-json\/wp\/v2\/users\/1"}],"replies":[{"embeddable":true,"href":"https:\/\/konferenztechnik.de\/en\/wp-json\/wp\/v2\/comments?post=5827"}],"version-history":[{"count":0,"href":"https:\/\/konferenztechnik.de\/en\/wp-json\/wp\/v2\/pages\/5827\/revisions"}],"wp:featuredmedia":[{"embeddable":true,"href":"https:\/\/konferenztechnik.de\/en\/wp-json\/wp\/v2\/media\/45482"}],"wp:attachment":[{"href":"https:\/\/konferenztechnik.de\/en\/wp-json\/wp\/v2\/media?parent=5827"}],"curies":[{"name":"wp","href":"https:\/\/api.w.org\/{rel}","templated":true}]}}