{"id":9847,"date":"2017-04-24T15:13:06","date_gmt":"2017-04-24T14:13:06","guid":{"rendered":"https:\/\/www.konferenztechnik.de\/?page_id=9847\/"},"modified":"2023-09-01T11:50:04","modified_gmt":"2023-09-01T09:50:04","slug":"conference-technology-buying","status":"publish","type":"page","link":"https:\/\/konferenztechnik.de\/en\/conference-technology-buying\/","title":{"rendered":"Buy conference technology"},"content":{"rendered":"<p>[column size=&#8220;3-4&#8243; last=&#8220;0&#8243;]<\/p>\n<h1>Konferenztechnik kaufen &#8211; Vertrieb von Konferenz- und AV-Medientechnik<\/h1>\n<p>[rev_slider alias=&#8220;vertrieb&#8220;]<br \/>\n[spacer size=&#8220;10&#8243;]<\/p>\n<p>PCS vertreibt f\u00fcr die gewerbliche Nutzung professionelle Technik zu tagesaktuellen Konditionen, inklusive Beratung und After-Sales-Service. Wir beraten herstellerunabh\u00e4ngig und stellen Ihnen gerne ein genau auf Ihre Bed\u00fcrfnisse zugeschnittenes System zusammen.<\/p>\n<p>Sie suchen Konferenz- und Mediensysteme oder ben\u00f6tigen Audio- oder Videotechnik? Wir sind Vertriebspartner der namhaften professionellen Hersteller in diesen Bereichen. Kleine und gro\u00dfe Systeme der AV-Technik k\u00f6nnen Sie bei uns genauso beziehen, wie einzelne Komponenten, Ersatzteile und Zubeh\u00f6r.<\/p>\n<p>[\/column]<\/p>\n<p>[column size=&#8220;1-4&#8243; last=&#8220;1&#8243;]<br \/>\n[spacer size=&#8220;98&#8243;]<\/p>\n<div class=\"box1-4\" style=\"margin-bottom: 0!important\">\n<b><span class=\"pcs-color\">Beratung und Verkauf<\/span><\/b><br \/>\n<img fetchpriority=\"high\" decoding=\"async\" width=\"2560\" height=\"1920\" src=\"https:\/\/konferenztechnik.de\/wp-content\/uploads\/2021\/06\/enriko-hucke-pcs-gmbh-scaled-1.jpg\" alt=\"\" class=\"alignleft size-full wp-image-17441\" title=\"\" srcset=\"https:\/\/konferenztechnik.de\/wp-content\/uploads\/2021\/06\/enriko-hucke-pcs-gmbh-scaled-1.jpg 2560w, https:\/\/konferenztechnik.de\/wp-content\/uploads\/2021\/06\/enriko-hucke-pcs-gmbh-scaled-1-300x225.jpg 300w, https:\/\/konferenztechnik.de\/wp-content\/uploads\/2021\/06\/enriko-hucke-pcs-gmbh-scaled-1-1024x768.jpg 1024w, https:\/\/konferenztechnik.de\/wp-content\/uploads\/2021\/06\/enriko-hucke-pcs-gmbh-scaled-1-768x576.jpg 768w, https:\/\/konferenztechnik.de\/wp-content\/uploads\/2021\/06\/enriko-hucke-pcs-gmbh-scaled-1-1536x1152.jpg 1536w, https:\/\/konferenztechnik.de\/wp-content\/uploads\/2021\/06\/enriko-hucke-pcs-gmbh-scaled-1-2048x1536.jpg 2048w\" sizes=\"(max-width: 2560px) 100vw, 2560px\" \/><br \/>\nRufen Sie uns doch einfach an!<br \/>\n<a href=\"tel:+49 21173779820\"><b>+49 211 737798 20<\/b><\/a><br \/>\nOder schreiben eine E-Mail an:<br \/>\n<span class=\"volleansicht\"><a href=\"mailto:vertrieb@konferenztechnik.de\" onclick=\"ga('send', 'event', 'Email-Klick', 'Kontakt Vertrieb');\">vertrieb@konferenztechnik.de<\/a><br \/>\n<\/span><br \/>\n<span class=\"mobileansicht\"><a href=\"mailto:vertrieb@konferenztechnik.de\" onclick=\"ga('send', 'event', 'Email-Klick', 'Kontakt Vertrieb');\">schreiben<\/a><br \/>\n<\/span><\/div>\n<p>[\/column]<\/p>\n<p>[spacer size=&#8220;20&#8243;]<\/p>\n<hr>\n<p>[spacer size=&#8220;20&#8243;]<\/p>\n<h2>Auswahl nach Produktgruppen<\/h2>\n<p>[spacer size=&#8220;10&#8243;]<br \/>\n[column size=&#8220;1-3&#8243; last=&#8220;0&#8243;]<br \/>\n<a href=\"\/vertrieb-von-konferenz-und-av-medientechnik\/fuehrungsanlagen\/\"><\/p>\n<h3 class=\"pcs-color\"><strong>F\u00fchrungsanlagen kaufen<\/strong><\/h3>\n<p><img decoding=\"async\" src=\"https:\/\/konferenztechnik.de\/wp-content\/uploads\/2018\/07\/fuehrungsanlagen-kaufen-1.jpg\" alt=\"Fuehrungsanlagen kaufen\" class=\"alignleft size-full wp-image-13481\" title=\"\"><\/a><br \/>\nRobust, exzellente Tonqualit\u00e4t, neue Lithium-Ionen-Akkus mit langer Akkulaufzeit.<br \/>\n[clear]<br \/>\n[button link=&#8220;\/vertrieb-von-konferenz-und-av-medientechnik\/fuehrungsanlagen\/&#8220; target=&#8220;self&#8220; color=&#8220;#a62055&#8243; text=&#8220;light&#8220;]Mehr erfahren[\/button]<br \/>\n[\/column]<\/p>\n<p>[column size=&#8220;1-3&#8243; last=&#8220;0&#8243;]<br \/>\n<a href=\"https:\/\/www.konferenztechnik.de\/drahtlose-konferenzsysteme-kaufen\/\"><\/p>\n<h3 class=\"pcs-color\"><strong>Konferenzsysteme kaufen<\/strong><\/h3>\n<p><img decoding=\"async\" class=\"alignnone size-full wp-image-1287\" src=\"https:\/\/konferenztechnik.de\/wp-content\/uploads\/2013\/06\/quinta.jpg\" alt=\"quinta\" title=\"\"><\/a><br \/>\nKaufen Sie professionelle Anlagen: drahtgebunden oder drahtlos &#8211; mit hervorragender Audioqualit\u00e4t.<br \/>\n[clear]<br \/>\n[button link=&#8220;https:\/\/www.konferenztechnik.de\/drahtlose-konferenzsysteme-kaufen\/&#8220; target=&#8220;self&#8220; color=&#8220;#a62055&#8243; text=&#8220;light&#8220;]Mehr erfahren[\/button]<br \/>\n[\/column]<\/p>\n<p>[column size=&#8220;1-3&#8243; last=&#8220;1&#8243;]<br \/>\n<a href=\"https:\/\/www.konferenztechnik.de\/dolmetscherkabinen-kaufen\/\"><\/p>\n<h3 class=\"pcs-color\"><strong>Dolmetscherkabinen kaufen<\/strong><\/h3>\n<p><img decoding=\"async\" src=\"https:\/\/konferenztechnik.de\/wp-content\/uploads\/2020\/08\/audipack-dolmetscherkabine-kaufen.jpg\" alt=\"Audipack Dolmetscherkabine kaufen\" class=\"alignleft size-full wp-image-16494\" height=\"198px\" width=\"288px\" title=\"\"><\/a><br \/>\nDolmetscherkabinen,<br \/>\nISO-zertifiziert,<br \/>\nmobil und flexibel.<br \/>\n[clear]<br \/>\n[button link=&#8220;https:\/\/www.konferenztechnik.de\/dolmetscherkabinen-kaufen\/&#8220; target=&#8220;self&#8220; color=&#8220;#a62055&#8243; text=&#8220;light&#8220;]Mehr erfahren[\/button]<br \/>\n[\/column]<\/p>\n<p>[spacer size=&#8220;20&#8243;]<\/p>\n<hr>\n<p>[spacer size=&#8220;20&#8243;]<\/p>\n<p>[column size=&#8220;1-3&#8243; last=&#8220;0&#8243;]<br \/>\n<a href=\"\/vertrieb-von-konferenz-und-av-medientechnik\/mediensteuerungen\/\"><\/p>\n<h3 class=\"pcs-color\"><strong>Mediensteuerungen<\/strong><\/h3>\n<p><img decoding=\"async\" width=\"288\" height=\"198\" class=\"alignleft size-full wp-image-3750\" src=\"https:\/\/konferenztechnik.de\/wp-content\/uploads\/2013\/11\/03-mediensteuerungen.jpg\" alt=\"Mediensteuerungen bei PCS - Crestron, AMX, RTI\" title=\"\"><\/a><br \/>\nRaum- und Geb\u00e4udesteuerung: Regeln Sie Video-, Audio-, Licht- und Haustechnik.<br \/>\n[clear]<br \/>\n[button link=&#8220;\/vertrieb-von-konferenz-und-av-medientechnik\/mediensteuerungen\/&#8220; target=&#8220;self&#8220; color=&#8220;#a62055&#8243; text=&#8220;light&#8220;]Mehr erfahren[\/button]<br \/>\n[\/column]<\/p>\n<p>[column size=&#8220;1-3&#8243; last=&#8220;0&#8243;]<br \/>\n<a href=\"\/vertrieb-von-konferenz-und-av-medientechnik\/vanerum-i3\/\"><\/p>\n<h3 class=\"pcs-color\"><strong>Intelligentes Lernen, Pr\u00e4sentieren, Zusammenarbeiten<\/strong><\/h3>\n<p><img decoding=\"async\" width=\"288\" height=\"198\" class=\"alignleft size-full wp-image-3748\" src=\"https:\/\/konferenztechnik.de\/wp-content\/uploads\/2013\/11\/01-i3.jpg\" alt=\"Vanerum i3 interaktives Whiteboard\" title=\"\"><\/a><br \/>\nInteraktive Whiteboards, interaktive Displays und Projektoren.<br \/>\n[clear]<br \/>\n[button link=&#8220;\/vertrieb-von-konferenz-und-av-medientechnik\/vanerum-i3\/&#8220; target=&#8220;self&#8220; color=&#8220;#a62055&#8243; text=&#8220;light&#8220;]Mehr erfahren[\/button]<br \/>\n[\/column]<\/p>\n<p>[column size=&#8220;1-3&#8243; last=&#8220;1&#8243;]<br \/>\n<a href=\"\/vertrieb-von-konferenz-und-av-medientechnik\/dolmetscheranlagen\/\"><\/p>\n<h3 class=\"pcs-color\"><strong>Dolmetscheranlagen<\/strong><\/h3>\n<p><img decoding=\"async\" src=\"https:\/\/konferenztechnik.de\/wp-content\/uploads\/2018\/07\/dolmetschertechnik-kaufen-1.jpg\" alt=\"Dolmetschertechnik kaufen\" class=\"alignleft size-full wp-image-13484\" title=\"\"><\/a><br \/>\nSprecher- und Dolmetscherkabinen, Dolmetscherpulte, Infrarot-Dolmetschertechnik, Funk-Dolmetschertechnik.<br \/>\n[clear]<br \/>\n[button link=&#8220;\/vertrieb-von-konferenz-und-av-medientechnik\/dolmetscheranlagen\/&#8220; target=&#8220;self&#8220; color=&#8220;#a62055&#8243; text=&#8220;light&#8220;]Mehr erfahren[\/button]<\/p>\n<p>[\/column]<\/p>\n<p>[spacer size=&#8220;20&#8243;]<\/p>\n<hr>\n<p>[spacer size=&#8220;20&#8243;]<\/p>\n<p>[column size=&#8220;1-3&#8243; last=&#8220;0&#8243;]<br \/>\n<a href=\"\/vertrieb-von-konferenz-und-av-medientechnik\/display-und-projektorhalterungen\/\"><\/p>\n<h3 class=\"pcs-color\"><strong>Display- und Projektorenhalterungen<\/strong><\/h3>\n<p><img loading=\"lazy\" decoding=\"async\" width=\"288\" height=\"198\" class=\"alignleft size-full wp-image-3751\" src=\"https:\/\/konferenztechnik.de\/wp-content\/uploads\/2013\/11\/07-projektorenhalterungen.jpg\" alt=\"Halterungen f\u00fcr Projektoren und Beamer\" title=\"\"><\/a><br \/>\nDeckenhalterungen, Bildschirmstative, Einbausysteme f\u00fcr Beamer und Bildschirme, &#8222;Fliegen&#8220; (Rigging) von Projektoren, Ger\u00e4uschd\u00e4mmung und Schallschutzgeh\u00e4use.<br \/>\n[clear]<br \/>\n[button link=&#8220;\/vertrieb-von-konferenz-und-av-medientechnik\/display-und-projektorhalterungen\/&#8220; target=&#8220;self&#8220; color=&#8220;#a62055&#8243; text=&#8220;light&#8220;]Mehr erfahren[\/button]<br \/>\n[\/column]<\/p>\n<p>[column size=&#8220;1-3&#8243; last=&#8220;0&#8243;]<br \/>\n<a href=\"\/vertrieb-von-konferenz-und-av-medientechnik\/audio-und-videotechnik\/\"><\/p>\n<h3 class=\"pcs-color\"><strong>Audiotechnik, Videotechnik<\/strong><\/h3>\n<p><img decoding=\"async\" src=\"https:\/\/konferenztechnik.de\/wp-content\/uploads\/2020\/05\/audiotechnik-kaufen-pca-1.jpg\" alt=\"Audiotechnik und Videotechnik kaufen bei PCS\" class=\"alignleft size-full wp-image-16137\" title=\"\"><\/a><br \/>\nBeschallungsanlagen, Mikrofone, Mischpulte, Videoprojektoren, Displays, Bildschirme, Visualizer, Projektionsw\u00e4nde, Digital Signage.<br \/>\n[clear]<br \/>\n[button link=&#8220;\/vertrieb-von-konferenz-und-av-medientechnik\/audio-und-videotechnik\/&#8220; target=&#8220;self&#8220; color=&#8220;#a62055&#8243; text=&#8220;light&#8220;]Mehr erfahren[\/button]<br \/>\n[\/column]<\/p>\n<p>[column size=&#8220;1-3&#8243; last=&#8220;1&#8243;]<br \/>\n<a href=\"\/vertrieb-von-konferenz-und-av-medientechnik\/barco-clickshare\/\"><\/p>\n<h3 class=\"pcs-color\"><strong>Kabelloses Pr\u00e4sentieren: Barco ClickShare<\/strong><\/h3>\n<p><img loading=\"lazy\" decoding=\"async\" width=\"288\" height=\"198\" class=\"alignnone size-full wp-image-3851\" src=\"https:\/\/konferenztechnik.de\/wp-content\/uploads\/2013\/11\/barco_clickshare_bei-pcs.jpg\" alt=\"barco_clickshare_bei-pcs\" title=\"\"><\/a><br \/>\nEin Klick und Sie sind auf dem Screen. Barco ClickShare k\u00fcmmert sich um die ganze Technik.<br \/>\n[clear]<br \/>\n[button link=&#8220;\/vertrieb-von-konferenz-und-av-medientechnik\/barco-clickshare\/&#8220; target=&#8220;self&#8220; color=&#8220;#a62055&#8243; text=&#8220;light&#8220;]Mehr erfahren[\/button]<br \/>\n[\/column]<br \/>\n[spacer size=&#8220;20&#8243;]<\/p>\n<hr>\n<p>[spacer size=&#8220;20&#8243;]<\/p>\n<h2>Auswahl nach Hersteller<\/h2>\n<div class=\"rahmen\">\n[column size=&#8220;1-6&#8243; last=&#8220;0&#8243;]<a href=\"https:\/\/konferenztechnik.de\/hersteller\/adam-hall\/\"><img loading=\"lazy\" decoding=\"async\" width=\"250\" height=\"250\" src=\"https:\/\/konferenztechnik.de\/wp-content\/uploads\/2016\/04\/logo-adamhall.jpg\" alt=\"Logo Adam Hall\" class=\"alignleft size-full wp-image-6606\" title=\"\" srcset=\"https:\/\/konferenztechnik.de\/wp-content\/uploads\/2016\/04\/logo-adamhall.jpg 250w, https:\/\/konferenztechnik.de\/wp-content\/uploads\/2016\/04\/logo-adamhall-150x150.jpg 150w\" sizes=\"(max-width: 250px) 100vw, 250px\" \/><\/a><br \/>\n[\/column]<\/p>\n<p>[column size=&#8220;1-6&#8243; last=&#8220;0&#8243;]<a href=\"https:\/\/konferenztechnik.de\/hersteller\/amx\/\"><img loading=\"lazy\" decoding=\"async\" width=\"250\" height=\"250\" src=\"https:\/\/konferenztechnik.de\/wp-content\/uploads\/2016\/04\/logo-amx.jpg\" alt=\"Logo AMX\" class=\"alignleft size-full wp-image-6607\" title=\"\" srcset=\"https:\/\/konferenztechnik.de\/wp-content\/uploads\/2016\/04\/logo-amx.jpg 250w, https:\/\/konferenztechnik.de\/wp-content\/uploads\/2016\/04\/logo-amx-150x150.jpg 150w\" sizes=\"(max-width: 250px) 100vw, 250px\" \/><\/a><br \/>\n[\/column]<\/p>\n<p>[column size=&#8220;1-6&#8243; last=&#8220;0&#8243;]<a href=\"https:\/\/konferenztechnik.de\/audipack\/\"><img loading=\"lazy\" decoding=\"async\" width=\"250\" height=\"250\" src=\"https:\/\/konferenztechnik.de\/wp-content\/uploads\/2016\/04\/logo-audipack.jpg\" alt=\"Logo Audipack\" class=\"alignleft size-full wp-image-6608\" title=\"\" srcset=\"https:\/\/konferenztechnik.de\/wp-content\/uploads\/2016\/04\/logo-audipack.jpg 250w, https:\/\/konferenztechnik.de\/wp-content\/uploads\/2016\/04\/logo-audipack-150x150.jpg 150w\" sizes=\"(max-width: 250px) 100vw, 250px\" \/><\/a><br \/>\n[\/column]<\/p>\n<p>[column size=&#8220;1-6&#8243; last=&#8220;0&#8243;]<a href=\"https:\/\/konferenztechnik.de\/hersteller\/bachmann\/\"><img loading=\"lazy\" decoding=\"async\" width=\"250\" height=\"250\" src=\"https:\/\/konferenztechnik.de\/wp-content\/uploads\/2016\/04\/logo-bachmann.jpg\" alt=\"Logo Bachmann\" class=\"alignnone size-full wp-image-6609\" title=\"\" srcset=\"https:\/\/konferenztechnik.de\/wp-content\/uploads\/2016\/04\/logo-bachmann.jpg 250w, https:\/\/konferenztechnik.de\/wp-content\/uploads\/2016\/04\/logo-bachmann-150x150.jpg 150w\" sizes=\"(max-width: 250px) 100vw, 250px\" \/><\/a><br \/>\n[\/column]<\/p>\n<p>[column size=&#8220;1-6&#8243; last=&#8220;0&#8243;]<a href=\"https:\/\/konferenztechnik.de\/barco\/\"><img loading=\"lazy\" decoding=\"async\" width=\"250\" height=\"250\" src=\"https:\/\/konferenztechnik.de\/wp-content\/uploads\/2016\/04\/logo-barco.jpg\" alt=\"Logo Barco\" class=\"alignleft size-full wp-image-6610\" title=\"\" srcset=\"https:\/\/konferenztechnik.de\/wp-content\/uploads\/2016\/04\/logo-barco.jpg 250w, https:\/\/konferenztechnik.de\/wp-content\/uploads\/2016\/04\/logo-barco-150x150.jpg 150w\" sizes=\"(max-width: 250px) 100vw, 250px\" \/><\/a><br \/>\n[\/column]<\/p>\n<p>[column size=&#8220;1-6&#8243; last=&#8220;1&#8243;]<a href=\"https:\/\/konferenztechnik.de\/hersteller\/beyerdynamic\/\"><img loading=\"lazy\" decoding=\"async\" width=\"250\" height=\"250\" src=\"https:\/\/konferenztechnik.de\/wp-content\/uploads\/2016\/04\/logo-beyerdynamic.jpg\" alt=\"Logo Beyerdynamic\" class=\"alignnone size-full wp-image-6613\" title=\"\" srcset=\"https:\/\/konferenztechnik.de\/wp-content\/uploads\/2016\/04\/logo-beyerdynamic.jpg 250w, https:\/\/konferenztechnik.de\/wp-content\/uploads\/2016\/04\/logo-beyerdynamic-150x150.jpg 150w\" sizes=\"(max-width: 250px) 100vw, 250px\" \/><\/a><br \/>\n[\/column]<\/p>\n<p>[column size=&#8220;1-6&#8243; last=&#8220;0&#8243;]<a href=\"https:\/\/konferenztechnik.de\/biamp-systems\/\"><img loading=\"lazy\" decoding=\"async\" width=\"250\" height=\"250\" src=\"https:\/\/konferenztechnik.de\/wp-content\/uploads\/2016\/04\/logo-biamp.jpg\" alt=\"Logo Biamp\" class=\"alignnone size-full wp-image-6615\" title=\"\" srcset=\"https:\/\/konferenztechnik.de\/wp-content\/uploads\/2016\/04\/logo-biamp.jpg 250w, https:\/\/konferenztechnik.de\/wp-content\/uploads\/2016\/04\/logo-biamp-150x150.jpg 150w\" sizes=\"(max-width: 250px) 100vw, 250px\" \/><\/a><br \/>\n[\/column]<\/p>\n<p>[column size=&#8220;1-6&#8243; last=&#8220;0&#8243;]<a href=\"https:\/\/konferenztechnik.de\/bosch\/\"><img loading=\"lazy\" decoding=\"async\" width=\"250\" height=\"250\" src=\"https:\/\/konferenztechnik.de\/wp-content\/uploads\/2016\/04\/logo-bosch.jpg\" alt=\"Logo Bosch\" class=\"alignnone size-full wp-image-6616\" title=\"\" srcset=\"https:\/\/konferenztechnik.de\/wp-content\/uploads\/2016\/04\/logo-bosch.jpg 250w, https:\/\/konferenztechnik.de\/wp-content\/uploads\/2016\/04\/logo-bosch-150x150.jpg 150w\" sizes=\"(max-width: 250px) 100vw, 250px\" \/><\/a><br \/>\n[\/column]<\/p>\n<p>[column size=&#8220;1-6&#8243; last=&#8220;0&#8243;]<a href=\"https:\/\/konferenztechnik.de\/bower-wilkins\/\"><img loading=\"lazy\" decoding=\"async\" width=\"250\" height=\"250\" src=\"https:\/\/konferenztechnik.de\/wp-content\/uploads\/2016\/04\/logos-bowers-wilkins.jpg\" alt=\"Logo Bowers Wilkins\" class=\"alignnone size-full wp-image-6619\" title=\"\" srcset=\"https:\/\/konferenztechnik.de\/wp-content\/uploads\/2016\/04\/logos-bowers-wilkins.jpg 250w, https:\/\/konferenztechnik.de\/wp-content\/uploads\/2016\/04\/logos-bowers-wilkins-150x150.jpg 150w\" sizes=\"(max-width: 250px) 100vw, 250px\" \/><\/a><br \/>\n[\/column]<\/p>\n<p>[column size=&#8220;1-6&#8243; last=&#8220;0&#8243;]<a href=\"https:\/\/konferenztechnik.de\/crestron\/\"><img loading=\"lazy\" decoding=\"async\" width=\"250\" height=\"250\" src=\"https:\/\/konferenztechnik.de\/wp-content\/uploads\/2016\/04\/logo-crestron.jpg\" alt=\"Logo Crestron\" class=\"alignnone size-full wp-image-6617\" title=\"\" srcset=\"https:\/\/konferenztechnik.de\/wp-content\/uploads\/2016\/04\/logo-crestron.jpg 250w, https:\/\/konferenztechnik.de\/wp-content\/uploads\/2016\/04\/logo-crestron-150x150.jpg 150w\" sizes=\"(max-width: 250px) 100vw, 250px\" \/><\/a><br \/>\n[\/column]<\/p>\n<p>[column size=&#8220;1-6&#8243; last=&#8220;0&#8243;]<a href=\"https:\/\/konferenztechnik.de\/db-technologies\/\"><img loading=\"lazy\" decoding=\"async\" width=\"250\" height=\"250\" src=\"https:\/\/konferenztechnik.de\/wp-content\/uploads\/2016\/09\/logo-dbtechnologies.jpg\" alt=\"Logo dbtechnologies\" class=\"alignnone size-full wp-image-6618\" title=\"\"><\/a><br \/>\n[\/column]<\/p>\n<p>[column size=&#8220;1-6&#8243; last=&#8220;1&#8243;]<a href=\"https:\/\/konferenztechnik.de\/dpa\/\"><img loading=\"lazy\" decoding=\"async\" width=\"250\" height=\"250\" src=\"https:\/\/konferenztechnik.de\/wp-content\/uploads\/2016\/04\/logos-dpa-microphones.jpg\" alt=\"Logo dbtechnologies\" class=\"alignnone size-full wp-image-6614\" title=\"\" srcset=\"https:\/\/konferenztechnik.de\/wp-content\/uploads\/2016\/04\/logos-dpa-microphones.jpg 250w, https:\/\/konferenztechnik.de\/wp-content\/uploads\/2016\/04\/logos-dpa-microphones-150x150.jpg 150w\" sizes=\"(max-width: 250px) 100vw, 250px\" \/><\/a><br \/>\n[\/column]<\/p>\n<p>[column size=&#8220;1-6&#8243; last=&#8220;0&#8243;]<a href=\"https:\/\/konferenztechnik.de\/eiki\/\"><img loading=\"lazy\" decoding=\"async\" width=\"250\" height=\"250\" src=\"https:\/\/konferenztechnik.de\/wp-content\/uploads\/2016\/04\/logo-eiki.jpg\" alt=\"Logo Eiki\" class=\"alignnone size-full wp-image-6643\" title=\"\" srcset=\"https:\/\/konferenztechnik.de\/wp-content\/uploads\/2016\/04\/logo-eiki.jpg 250w, https:\/\/konferenztechnik.de\/wp-content\/uploads\/2016\/04\/logo-eiki-150x150.jpg 150w\" sizes=\"(max-width: 250px) 100vw, 250px\" \/><\/a><br \/>\n[\/column]<\/p>\n<p>[column size=&#8220;1-6&#8243; last=&#8220;0&#8243;]<a href=\"https:\/\/konferenztechnik.de\/epson\/\"><img loading=\"lazy\" decoding=\"async\" width=\"250\" height=\"250\" src=\"https:\/\/konferenztechnik.de\/wp-content\/uploads\/2016\/04\/logo-epson.jpg\" alt=\"Logo Epson\" class=\"alignnone size-full wp-image-6642\" title=\"\" srcset=\"https:\/\/konferenztechnik.de\/wp-content\/uploads\/2016\/04\/logo-epson.jpg 250w, https:\/\/konferenztechnik.de\/wp-content\/uploads\/2016\/04\/logo-epson-150x150.jpg 150w\" sizes=\"(max-width: 250px) 100vw, 250px\" \/><\/a><br \/>\n[\/column]<\/p>\n<p>[column size=&#8220;1-6&#8243; last=&#8220;0&#8243;]<a href=\"https:\/\/konferenztechnik.de\/extron\/\"><img loading=\"lazy\" decoding=\"async\" width=\"250\" height=\"250\" src=\"https:\/\/konferenztechnik.de\/wp-content\/uploads\/2016\/04\/logo-extron.jpg\" alt=\"Logo Extron\" class=\"alignnone size-full wp-image-6638\" title=\"\" srcset=\"https:\/\/konferenztechnik.de\/wp-content\/uploads\/2016\/04\/logo-extron.jpg 250w, https:\/\/konferenztechnik.de\/wp-content\/uploads\/2016\/04\/logo-extron-150x150.jpg 150w\" sizes=\"(max-width: 250px) 100vw, 250px\" \/><\/a><br \/>\n[\/column]<\/p>\n<p>[column size=&#8220;1-6&#8243; last=&#8220;0&#8243;]<a href=\"https:\/\/konferenztechnik.de\/fohn\/\"><a href=\"https:\/\/konferenztechnik.de\/fohhn\/\"><img loading=\"lazy\" decoding=\"async\" width=\"250\" height=\"250\" src=\"https:\/\/konferenztechnik.de\/wp-content\/uploads\/2016\/04\/logo-fohhn.jpg\" alt=\"Logo Fohhn\" class=\"alignnone size-full wp-image-6641\" title=\"\" srcset=\"https:\/\/konferenztechnik.de\/wp-content\/uploads\/2016\/04\/logo-fohhn.jpg 250w, https:\/\/konferenztechnik.de\/wp-content\/uploads\/2016\/04\/logo-fohhn-150x150.jpg 150w\" sizes=\"(max-width: 250px) 100vw, 250px\" \/><\/a><br \/>\n[\/column]<\/p>\n<p>[column size=&#8220;1-6&#8243; last=&#8220;0&#8243;]<a href=\"https:\/\/konferenztechnik.de\/i3-technologies\/\"><a href=\"https:\/\/konferenztechnik.de\/i3-technologies\/\"><img loading=\"lazy\" decoding=\"async\" width=\"250\" height=\"250\" src=\"https:\/\/konferenztechnik.de\/wp-content\/uploads\/2016\/04\/logo-i3learning.jpg\" alt=\"Logo i3learning\" class=\"alignnone size-full wp-image-6640\" title=\"\" srcset=\"https:\/\/konferenztechnik.de\/wp-content\/uploads\/2016\/04\/logo-i3learning.jpg 250w, https:\/\/konferenztechnik.de\/wp-content\/uploads\/2016\/04\/logo-i3learning-150x150.jpg 150w\" sizes=\"(max-width: 250px) 100vw, 250px\" \/><\/a><br \/>\n[\/column]<\/p>\n<p>[column size=&#8220;1-6&#8243; last=&#8220;1&#8243;]<a href=\"https:\/\/konferenztechnik.de\/jbl\/\"><a href=\"https:\/\/konferenztechnik.de\/jbl\/\"><img loading=\"lazy\" decoding=\"async\" width=\"250\" height=\"250\" src=\"https:\/\/konferenztechnik.de\/wp-content\/uploads\/2016\/04\/logo-jbl.jpg\" alt=\"Logo JBL\" class=\"alignnone size-full wp-image-6639\" title=\"\" srcset=\"https:\/\/konferenztechnik.de\/wp-content\/uploads\/2016\/04\/logo-jbl.jpg 250w, https:\/\/konferenztechnik.de\/wp-content\/uploads\/2016\/04\/logo-jbl-150x150.jpg 150w\" sizes=\"(max-width: 250px) 100vw, 250px\" \/><\/a><br \/>\n[\/column]<\/p>\n<p>[column size=&#8220;1-6&#8243; last=&#8220;0&#8243;]<a href=\"https:\/\/konferenztechnik.de\/kindermann\/\"><img loading=\"lazy\" decoding=\"async\" width=\"250\" height=\"250\" src=\"https:\/\/konferenztechnik.de\/wp-content\/uploads\/2016\/04\/logo-kindermann.jpg\" alt=\"Logo Kindermann\" class=\"alignnone size-full wp-image-6637\" title=\"\" srcset=\"https:\/\/konferenztechnik.de\/wp-content\/uploads\/2016\/04\/logo-kindermann.jpg 250w, https:\/\/konferenztechnik.de\/wp-content\/uploads\/2016\/04\/logo-kindermann-150x150.jpg 150w\" sizes=\"(max-width: 250px) 100vw, 250px\" \/><\/a><br \/>\n[\/column]<\/p>\n<p>[column size=&#8220;1-6&#8243; last=&#8220;0&#8243;]<br \/>\n<a href=\"https:\/\/konferenztechnik.de\/kling-freitag\/\"><img loading=\"lazy\" decoding=\"async\" width=\"250\" height=\"250\" src=\"https:\/\/konferenztechnik.de\/wp-content\/uploads\/2016\/04\/logo-kling-freitag.jpg\" alt=\"Logo Kling Freitag\" class=\"alignnone size-full wp-image-6636\" title=\"\" srcset=\"https:\/\/konferenztechnik.de\/wp-content\/uploads\/2016\/04\/logo-kling-freitag.jpg 250w, https:\/\/konferenztechnik.de\/wp-content\/uploads\/2016\/04\/logo-kling-freitag-150x150.jpg 150w\" sizes=\"(max-width: 250px) 100vw, 250px\" \/><\/a><br \/>\n[\/column]<\/p>\n<p>[column size=&#8220;1-6&#8243; last=&#8220;0&#8243;]<br \/>\n<a href=\"https:\/\/konferenztechnik.de\/koenig-meyer\/\"><img loading=\"lazy\" decoding=\"async\" width=\"250\" height=\"250\" src=\"https:\/\/konferenztechnik.de\/wp-content\/uploads\/2016\/04\/logo-kundm.jpg\" alt=\"Logo Koenig und Meyer\" class=\"alignnone size-full wp-image-6635\" title=\"\" srcset=\"https:\/\/konferenztechnik.de\/wp-content\/uploads\/2016\/04\/logo-kundm.jpg 250w, https:\/\/konferenztechnik.de\/wp-content\/uploads\/2016\/04\/logo-kundm-150x150.jpg 150w\" sizes=\"(max-width: 250px) 100vw, 250px\" \/><\/a><br \/>\n[\/column]<\/p>\n<p>[column size=&#8220;1-6&#8243; last=&#8220;0&#8243;]<br \/>\n<a href=\"https:\/\/konferenztechnik.de\/kramer-2\/\"><img loading=\"lazy\" decoding=\"async\" width=\"250\" height=\"250\" src=\"https:\/\/konferenztechnik.de\/wp-content\/uploads\/2016\/04\/logo-kramer.jpg\" alt=\"Logo Kramer\" class=\"alignnone size-full wp-image-6634\" title=\"\" srcset=\"https:\/\/konferenztechnik.de\/wp-content\/uploads\/2016\/04\/logo-kramer.jpg 250w, https:\/\/konferenztechnik.de\/wp-content\/uploads\/2016\/04\/logo-kramer-150x150.jpg 150w\" sizes=\"(max-width: 250px) 100vw, 250px\" \/><\/a><br \/>\n[\/column]<\/p>\n<p>[column size=&#8220;1-6&#8243; last=&#8220;0&#8243;]<br \/>\n<a href=\"https:\/\/konferenztechnik.de\/legamaster-2\/\"><img loading=\"lazy\" decoding=\"async\" width=\"250\" height=\"250\" src=\"https:\/\/konferenztechnik.de\/wp-content\/uploads\/2016\/04\/logo-legamster.jpg\" alt=\"Logo Legamaster\" class=\"alignnone size-full wp-image-6633\" title=\"\" srcset=\"https:\/\/konferenztechnik.de\/wp-content\/uploads\/2016\/04\/logo-legamster.jpg 250w, https:\/\/konferenztechnik.de\/wp-content\/uploads\/2016\/04\/logo-legamster-150x150.jpg 150w\" sizes=\"(max-width: 250px) 100vw, 250px\" \/><\/a><br \/>\n[\/column]<\/p>\n<p>[column size=&#8220;1-6&#8243; last=&#8220;1&#8243;]<br \/>\n<a href=\"https:\/\/konferenztechnik.de\/lifesize-2\/\"><img decoding=\"async\" src=\"https:\/\/konferenztechnik.de\/wp-content\/uploads\/2016\/08\/lifesize-logo.jpg\" alt=\"Logo Lifesize\" class=\"alignnone size-full wp-image-6632\" title=\"\"><\/a><br \/>\n[\/column]<\/p>\n<p>[column size=&#8220;1-6&#8243; last=&#8220;0&#8243;]<br \/>\n<a href=\"https:\/\/konferenztechnik.de\/marantz\"><img loading=\"lazy\" decoding=\"async\" width=\"250\" height=\"250\" src=\"https:\/\/konferenztechnik.de\/wp-content\/uploads\/2016\/04\/logo-marantz.jpg\" alt=\"Logo Marantz\" class=\"alignnone size-full wp-image-6649\" title=\"\" srcset=\"https:\/\/konferenztechnik.de\/wp-content\/uploads\/2016\/04\/logo-marantz.jpg 250w, https:\/\/konferenztechnik.de\/wp-content\/uploads\/2016\/04\/logo-marantz-150x150.jpg 150w\" sizes=\"(max-width: 250px) 100vw, 250px\" \/><\/a><br \/>\n[\/column]<\/p>\n<p>[column size=&#8220;1-6&#8243; last=&#8220;0&#8243;]<br \/>\n<a href=\"https:\/\/konferenztechnik.de\/mipro\/\"><img loading=\"lazy\" decoding=\"async\" width=\"250\" height=\"250\" src=\"https:\/\/konferenztechnik.de\/wp-content\/uploads\/2016\/04\/logo-mipro.jpg\" alt=\"Logo Mipro\" class=\"alignnone size-full wp-image-6648\" title=\"\" srcset=\"https:\/\/konferenztechnik.de\/wp-content\/uploads\/2016\/04\/logo-mipro.jpg 250w, https:\/\/konferenztechnik.de\/wp-content\/uploads\/2016\/04\/logo-mipro-150x150.jpg 150w\" sizes=\"(max-width: 250px) 100vw, 250px\" \/><\/a><br \/>\n[\/column]<\/p>\n<p>[column size=&#8220;1-6&#8243; last=&#8220;0&#8243;]<br \/>\n<a href=\"https:\/\/konferenztechnik.de\/mycases\/\"><img loading=\"lazy\" decoding=\"async\" width=\"250\" height=\"250\" src=\"https:\/\/konferenztechnik.de\/wp-content\/uploads\/2016\/04\/logo-mycases.jpg\" alt=\"Logo MyCases\" class=\"alignnone size-full wp-image-6647\" title=\"\" srcset=\"https:\/\/konferenztechnik.de\/wp-content\/uploads\/2016\/04\/logo-mycases.jpg 250w, https:\/\/konferenztechnik.de\/wp-content\/uploads\/2016\/04\/logo-mycases-150x150.jpg 150w\" sizes=\"(max-width: 250px) 100vw, 250px\" \/><\/a><br \/>\n[\/column]<\/p>\n<p>[column size=&#8220;1-6&#8243; last=&#8220;0&#8243;]<br \/>\n<a href=\"https:\/\/konferenztechnik.de\/nec\/\"><img loading=\"lazy\" decoding=\"async\" width=\"250\" height=\"250\" src=\"https:\/\/konferenztechnik.de\/wp-content\/uploads\/2016\/04\/logos-nec.jpg\" alt=\"Logos NEC\" class=\"alignnone size-full wp-image-6646\" title=\"\" srcset=\"https:\/\/konferenztechnik.de\/wp-content\/uploads\/2016\/04\/logos-nec.jpg 250w, https:\/\/konferenztechnik.de\/wp-content\/uploads\/2016\/04\/logos-nec-150x150.jpg 150w\" sizes=\"(max-width: 250px) 100vw, 250px\" \/><\/a><br \/>\n[\/column]<\/p>\n<p>[column size=&#8220;1-6&#8243; last=&#8220;0&#8243;]<br \/>\n<a href=\"https:\/\/konferenztechnik.de\/panasonic\/\"><img loading=\"lazy\" decoding=\"async\" width=\"250\" height=\"250\" src=\"https:\/\/konferenztechnik.de\/wp-content\/uploads\/2016\/04\/logos-panasonic.jpg\" alt=\"Logos Panasonic\" class=\"alignnone size-full wp-image-6645\" title=\"\" srcset=\"https:\/\/konferenztechnik.de\/wp-content\/uploads\/2016\/04\/logos-panasonic.jpg 250w, https:\/\/konferenztechnik.de\/wp-content\/uploads\/2016\/04\/logos-panasonic-150x150.jpg 150w\" sizes=\"(max-width: 250px) 100vw, 250px\" \/><\/a><br \/>\n[\/column]<\/p>\n<p>[column size=&#8220;1-6&#8243; last=&#8220;1&#8243;]<br \/>\n<a href=\"https:\/\/konferenztechnik.de\/qsc\/\"><img loading=\"lazy\" decoding=\"async\" width=\"250\" height=\"250\" src=\"https:\/\/konferenztechnik.de\/wp-content\/uploads\/2016\/04\/logo-qsc.jpg\" alt=\"Logo QSC\" class=\"alignnone size-full wp-image-6657\" title=\"\" srcset=\"https:\/\/konferenztechnik.de\/wp-content\/uploads\/2016\/04\/logo-qsc.jpg 250w, https:\/\/konferenztechnik.de\/wp-content\/uploads\/2016\/04\/logo-qsc-150x150.jpg 150w\" sizes=\"(max-width: 250px) 100vw, 250px\" \/><\/a><br \/>\n[\/column]<\/p>\n<p>[column size=&#8220;1-6&#8243; last=&#8220;0&#8243;]<br \/>\n<a href=\"https:\/\/konferenztechnik.de\/rti\/\"><img loading=\"lazy\" decoding=\"async\" width=\"250\" height=\"250\" src=\"https:\/\/konferenztechnik.de\/wp-content\/uploads\/2016\/04\/logo-rti.jpg\" alt=\"Logo RTI\" class=\"alignnone size-full wp-image-6656\" title=\"\" srcset=\"https:\/\/konferenztechnik.de\/wp-content\/uploads\/2016\/04\/logo-rti.jpg 250w, https:\/\/konferenztechnik.de\/wp-content\/uploads\/2016\/04\/logo-rti-150x150.jpg 150w\" sizes=\"(max-width: 250px) 100vw, 250px\" \/><\/a><br \/>\n[\/column]<\/p>\n<p>[column size=&#8220;1-6&#8243; last=&#8220;0&#8243;]<br \/>\n<a href=\"https:\/\/konferenztechnik.de\/samsung\/\"><img loading=\"lazy\" decoding=\"async\" width=\"250\" height=\"250\" src=\"https:\/\/konferenztechnik.de\/wp-content\/uploads\/2016\/04\/logo-samsung.jpg\" alt=\"Logo Samsung\" class=\"alignnone size-full wp-image-6655\" title=\"\" srcset=\"https:\/\/konferenztechnik.de\/wp-content\/uploads\/2016\/04\/logo-samsung.jpg 250w, https:\/\/konferenztechnik.de\/wp-content\/uploads\/2016\/04\/logo-samsung-150x150.jpg 150w\" sizes=\"(max-width: 250px) 100vw, 250px\" \/><\/a><br \/>\n[\/column]<\/p>\n<p>[column size=&#8220;1-6&#8243; last=&#8220;0&#8243;]<a href=\"https:\/\/konferenztechnik.de\/sennheiser\/\"><img loading=\"lazy\" decoding=\"async\" width=\"250\" height=\"250\" src=\"https:\/\/konferenztechnik.de\/wp-content\/uploads\/2016\/04\/logo-sennheise.jpg\" alt=\"Logo Sennheiser\" class=\"alignnone size-full wp-image-6654\" title=\"\" srcset=\"https:\/\/konferenztechnik.de\/wp-content\/uploads\/2016\/04\/logo-sennheise.jpg 250w, https:\/\/konferenztechnik.de\/wp-content\/uploads\/2016\/04\/logo-sennheise-150x150.jpg 150w\" sizes=\"(max-width: 250px) 100vw, 250px\" \/><\/a><br \/>\n[\/column]<\/p>\n<p>[column size=&#8220;1-6&#8243; last=&#8220;0&#8243;]<br \/>\n<a href=\"https:\/\/konferenztechnik.de\/shure\/\"><img loading=\"lazy\" decoding=\"async\" width=\"250\" height=\"250\" src=\"https:\/\/konferenztechnik.de\/wp-content\/uploads\/2016\/04\/logo-shure.jpg\" alt=\"Logo Shure\" class=\"alignnone size-full wp-image-6659\" title=\"\" srcset=\"https:\/\/konferenztechnik.de\/wp-content\/uploads\/2016\/04\/logo-shure.jpg 250w, https:\/\/konferenztechnik.de\/wp-content\/uploads\/2016\/04\/logo-shure-150x150.jpg 150w\" sizes=\"(max-width: 250px) 100vw, 250px\" \/><\/a><br \/>\n[\/column]<\/p>\n<p>[column size=&#8220;1-6&#8243; last=&#8220;0&#8243;]<br \/>\n<a href=\"https:\/\/konferenztechnik.de\/smart-metals\/\"><img loading=\"lazy\" decoding=\"async\" width=\"250\" height=\"250\" src=\"https:\/\/konferenztechnik.de\/wp-content\/uploads\/2016\/04\/logo-smartmetals.jpg\" alt=\"Logo smartmetals\" class=\"alignnone size-full wp-image-6666\" title=\"\" srcset=\"https:\/\/konferenztechnik.de\/wp-content\/uploads\/2016\/04\/logo-smartmetals.jpg 250w, https:\/\/konferenztechnik.de\/wp-content\/uploads\/2016\/04\/logo-smartmetals-150x150.jpg 150w\" sizes=\"(max-width: 250px) 100vw, 250px\" \/><\/a><br \/>\n[\/column]<\/p>\n<p>[column size=&#8220;1-6&#8243; last=&#8220;1&#8243;]<br \/>\n<a href=\"https:\/\/konferenztechnik.de\/sommer-cable\/\"><img loading=\"lazy\" decoding=\"async\" width=\"250\" height=\"250\" src=\"https:\/\/konferenztechnik.de\/wp-content\/uploads\/2016\/04\/logo-sommercable-1.jpg\" alt=\"Logo Sommercable\" class=\"alignnone size-full wp-image-6665\" title=\"\" srcset=\"https:\/\/konferenztechnik.de\/wp-content\/uploads\/2016\/04\/logo-sommercable-1.jpg 250w, https:\/\/konferenztechnik.de\/wp-content\/uploads\/2016\/04\/logo-sommercable-1-150x150.jpg 150w\" sizes=\"(max-width: 250px) 100vw, 250px\" \/><\/a><br \/>\n[\/column]<\/p>\n<p>[column size=&#8220;1-6&#8243; last=&#8220;0&#8243;]<br \/>\n<a href=\"https:\/\/konferenztechnik.de\/sony\/\"><img loading=\"lazy\" decoding=\"async\" width=\"250\" height=\"250\" src=\"https:\/\/konferenztechnik.de\/wp-content\/uploads\/2016\/04\/logo-sony.jpg\" alt=\"Logo Sony\" class=\"alignnone size-full wp-image-6664\" title=\"\" srcset=\"https:\/\/konferenztechnik.de\/wp-content\/uploads\/2016\/04\/logo-sony.jpg 250w, https:\/\/konferenztechnik.de\/wp-content\/uploads\/2016\/04\/logo-sony-150x150.jpg 150w\" sizes=\"(max-width: 250px) 100vw, 250px\" \/><\/a><br \/>\n[\/column]<\/p>\n<p>[column size=&#8220;1-6&#8243; last=&#8220;0&#8243;]<br \/>\n<a href=\"https:\/\/konferenztechnik.de\/soundtube\/\"><img loading=\"lazy\" decoding=\"async\" width=\"250\" height=\"250\" src=\"https:\/\/konferenztechnik.de\/wp-content\/uploads\/2016\/04\/logo-soundtube.jpg\" alt=\"Logo Soundtube\" class=\"alignnone size-full wp-image-6663\" title=\"\" srcset=\"https:\/\/konferenztechnik.de\/wp-content\/uploads\/2016\/04\/logo-soundtube.jpg 250w, https:\/\/konferenztechnik.de\/wp-content\/uploads\/2016\/04\/logo-soundtube-150x150.jpg 150w\" sizes=\"(max-width: 250px) 100vw, 250px\" \/><\/a><br \/>\n[\/column]<\/p>\n<p>[column size=&#8220;1-6&#8243; last=&#8220;0&#8243;]<br \/>\n<a href=\"https:\/\/konferenztechnik.de\/symetrix\/\"><img loading=\"lazy\" decoding=\"async\" width=\"250\" height=\"250\" src=\"https:\/\/konferenztechnik.de\/wp-content\/uploads\/2016\/04\/logo-symetrix.jpg\" alt=\"Logo Symetrix\" class=\"alignnone size-full wp-image-6662\" title=\"\" srcset=\"https:\/\/konferenztechnik.de\/wp-content\/uploads\/2016\/04\/logo-symetrix.jpg 250w, https:\/\/konferenztechnik.de\/wp-content\/uploads\/2016\/04\/logo-symetrix-150x150.jpg 150w\" sizes=\"(max-width: 250px) 100vw, 250px\" \/><\/a><br \/>\n[\/column]<\/p>\n<p>[column size=&#8220;1-6&#8243; last=&#8220;0&#8243;]<br \/>\n<a href=\"https:\/\/konferenztechnik.de\/tannoy\/\"><img loading=\"lazy\" decoding=\"async\" width=\"250\" height=\"250\" src=\"https:\/\/konferenztechnik.de\/wp-content\/uploads\/2016\/04\/logo-tannoy.jpg\" alt=\"Logo Tannoy\" class=\"alignnone size-full wp-image-6667\" title=\"\" srcset=\"https:\/\/konferenztechnik.de\/wp-content\/uploads\/2016\/04\/logo-tannoy.jpg 250w, https:\/\/konferenztechnik.de\/wp-content\/uploads\/2016\/04\/logo-tannoy-150x150.jpg 150w\" sizes=\"(max-width: 250px) 100vw, 250px\" \/><\/a><br \/>\n[\/column]<\/p>\n<p>[column size=&#8220;1-6&#8243; last=&#8220;0&#8243;]<br \/>\n<a href=\"https:\/\/konferenztechnik.de\/televic\/\"><img loading=\"lazy\" decoding=\"async\" width=\"250\" height=\"250\" src=\"https:\/\/konferenztechnik.de\/wp-content\/uploads\/2016\/04\/logo-televic.jpg\" alt=\"Logo Televic\" class=\"alignnone size-full wp-image-6670\" title=\"\" srcset=\"https:\/\/konferenztechnik.de\/wp-content\/uploads\/2016\/04\/logo-televic.jpg 250w, https:\/\/konferenztechnik.de\/wp-content\/uploads\/2016\/04\/logo-televic-150x150.jpg 150w\" sizes=\"(max-width: 250px) 100vw, 250px\" \/><\/a><br \/>\n[\/column]<\/p>\n<p>[column size=&#8220;1-6&#8243; last=&#8220;1&#8243;]<br \/>\n<a href=\"https:\/\/konferenztechnik.de\/trinity-solutions\/\"><img loading=\"lazy\" decoding=\"async\" width=\"250\" height=\"250\" src=\"https:\/\/konferenztechnik.de\/wp-content\/uploads\/2016\/04\/logo-trinity.jpg\" alt=\"Logo Trinity\" class=\"alignnone size-full wp-image-6669\" title=\"\" srcset=\"https:\/\/konferenztechnik.de\/wp-content\/uploads\/2016\/04\/logo-trinity.jpg 250w, https:\/\/konferenztechnik.de\/wp-content\/uploads\/2016\/04\/logo-trinity-150x150.jpg 150w\" sizes=\"(max-width: 250px) 100vw, 250px\" \/><\/a><br \/>\n[\/column]<\/p>\n<p>[column size=&#8220;1-6&#8243; last=&#8220;0&#8243;]<br \/>\n<a href=\"https:\/\/konferenztechnik.de\/viprinet\/\"><img loading=\"lazy\" decoding=\"async\" width=\"250\" height=\"250\" src=\"https:\/\/konferenztechnik.de\/wp-content\/uploads\/2016\/04\/logo-viprinet.jpg\" alt=\"Logo Viprinet\" class=\"alignnone size-full wp-image-6668\" title=\"\" srcset=\"https:\/\/konferenztechnik.de\/wp-content\/uploads\/2016\/04\/logo-viprinet.jpg 250w, https:\/\/konferenztechnik.de\/wp-content\/uploads\/2016\/04\/logo-viprinet-150x150.jpg 150w\" sizes=\"(max-width: 250px) 100vw, 250px\" \/><\/a><br \/>\n[\/column]<\/p>\n<p>[column size=&#8220;1-6&#8243; last=&#8220;1&#8243;]<br \/>\n<a href=\"https:\/\/konferenztechnik.de\/yamaha\/\"><img loading=\"lazy\" decoding=\"async\" width=\"250\" height=\"250\" src=\"https:\/\/konferenztechnik.de\/wp-content\/uploads\/2016\/04\/logo-yamaha.jpg\" alt=\"Logo Yamaha\" class=\"alignnone size-full wp-image-6671\" title=\"\" srcset=\"https:\/\/konferenztechnik.de\/wp-content\/uploads\/2016\/04\/logo-yamaha.jpg 250w, https:\/\/konferenztechnik.de\/wp-content\/uploads\/2016\/04\/logo-yamaha-150x150.jpg 150w\" sizes=\"(max-width: 250px) 100vw, 250px\" \/><\/a><br \/>\n[\/column]<\/p>\n<\/div>\n<p>[spacer size=&#8220;30&#8243;]<\/p>\n<hr>\n<p>[spacer size=&#8220;20&#8243;]<\/p>\n<div class=\"box1-2-order\">\n<h1>PCS Konferenzraum Upgrades und Konfrenzraum Bundles<\/h1>\n<p>Wir bieten die unkomplizierte Realisierung moderner und hochwertiger Meetingr\u00e4ume, inklusive Einbettung aller g\u00e4ngiger Videokonferenzsoftware. Au\u00dferdem f\u00fchren wir Upgrades f\u00fcr Ihre bestehenden R\u00e4umlichkeiten durch. Videokonferenzen und externe Teilnehmer und Teilnehmerinnen k\u00f6nnen Sie so einfach in Ihre Konferenzen, Meetings und Events integrieren.<\/p>\n<\/div>\n<p>[column size=&#8220;1-2&#8243; last=&#8220;0&#8243;]<br \/>\n<a href=\"https:\/\/www.konferenztechnik.de\/pcs-konferenzraum-bundles-fuer-hybride-konferenzraeume\/\" class=\"pcs-color\"><\/p>\n<h3><strong>Konferenzraum-Bundles<\/strong><\/h3>\n<p><img loading=\"lazy\" decoding=\"async\" src=\"https:\/\/konferenztechnik.de\/wp-content\/uploads\/2021\/06\/1-pcs-raumbundles-konferenzraum-bundles.jpg\" alt=\"\" width=\"1200\" height=\"451\" class=\"alignleft size-full wp-image-18001\" title=\"\" srcset=\"https:\/\/konferenztechnik.de\/wp-content\/uploads\/2021\/06\/1-pcs-raumbundles-konferenzraum-bundles.jpg 1200w, https:\/\/konferenztechnik.de\/wp-content\/uploads\/2021\/06\/1-pcs-raumbundles-konferenzraum-bundles-300x113.jpg 300w, https:\/\/konferenztechnik.de\/wp-content\/uploads\/2021\/06\/1-pcs-raumbundles-konferenzraum-bundles-1024x385.jpg 1024w, https:\/\/konferenztechnik.de\/wp-content\/uploads\/2021\/06\/1-pcs-raumbundles-konferenzraum-bundles-768x289.jpg 768w\" sizes=\"(max-width: 1200px) 100vw, 1200px\" \/><\/p>\n<p>Unkomplizierte Realisierung f\u00fcr moderne und hochwertige Besprechungen, inklusive Einbettung aller g\u00e4ngiger Videokonferenzsoftware. Bundles ab 5.000 \u20ac.<\/p>\n<p><\/a><br \/>\n[button link=&#8220;https:\/\/www.konferenztechnik.de\/pcs-konferenzraum-bundles-fuer-hybride-konferenzraeume\/&#8220; target=&#8220;self&#8220; color=&#8220;#a62055&#8243; text=&#8220;light&#8220;]Mehr erfahren[\/button]<br \/>\n[\/column]<br \/>\n[column size=&#8220;1-2&#8243; last=&#8220;1&#8243;]<br \/>\n<a href=\"https:\/\/www.konferenztechnik.de\/konferenzraum-upgrade-ideale-bedingungen-fuer-videokonferenzen-schaffen\/\" class=\"pcs-color\"><\/p>\n<h3><strong>Konferenzraum-Upgrades<\/strong><\/h3>\n<p><img loading=\"lazy\" decoding=\"async\" width=\"1200\" height=\"451\" src=\"https:\/\/konferenztechnik.de\/wp-content\/uploads\/2021\/06\/konferenzraum-upgrades-videokonferenz-technik-upgrade.jpg\" alt=\"konferenzraum-upgrades-videokonferenz-technik-upgrade\" class=\"alignleft size-full wp-image-18072\" title=\"\" srcset=\"https:\/\/konferenztechnik.de\/wp-content\/uploads\/2021\/06\/konferenzraum-upgrades-videokonferenz-technik-upgrade.jpg 1200w, https:\/\/konferenztechnik.de\/wp-content\/uploads\/2021\/06\/konferenzraum-upgrades-videokonferenz-technik-upgrade-300x113.jpg 300w, https:\/\/konferenztechnik.de\/wp-content\/uploads\/2021\/06\/konferenzraum-upgrades-videokonferenz-technik-upgrade-1024x385.jpg 1024w, https:\/\/konferenztechnik.de\/wp-content\/uploads\/2021\/06\/konferenzraum-upgrades-videokonferenz-technik-upgrade-768x289.jpg 768w\" sizes=\"(max-width: 1200px) 100vw, 1200px\" \/><\/p>\n<p>Upgrades f\u00fcr Ihre bestehenden R\u00e4umlichkeiten. Videokonferenzen besser integrieren. Die Trennung von &#8222;vor Ort&#8220; und &#8222;von zu Hause&#8220; minimieren.<\/p>\n<p>[button link=&#8220;https:\/\/www.konferenztechnik.de\/konferenzraum-upgrade-ideale-bedingungen-fuer-videokonferenzen-schaffen\/&#8220; target=&#8220;self&#8220; color=&#8220;#a62055&#8243; text=&#8220;light&#8220;]Mehr erfahren[\/button]<br \/>\n[\/column]<\/p>\n<p>[spacer size=&#8220;30&#8243;]<\/p>\n<hr id=\"kontakt\">\n<p>[spacer size=&#8220;30&#8243;]<\/p>\n<div class=\"box1-4 medium-size-txt\" style=\"margin-bottom: 0!important\">\n<h2><b><span class=\"pcs-color medium-size-txt\">Ihr Serviceteam<\/span><\/b><\/h2>\n<p>[spacer size=&#8220;5&#8243;]<br \/>\n[column size=&#8220;1-2&#8243; last=&#8220;0&#8243;]<\/p>\n<p>Unsere Fachabteilung hilft gerne bei der Beantwortung Ihrer Fragen, ber\u00e4t Sie zu Produkten, erstellt Ihnen ein pers\u00f6nliches Angebot oder eine individuelle Raumkonzeption.<\/p>\n<p><img loading=\"lazy\" decoding=\"async\" src=\"https:\/\/konferenztechnik.de\/wp-content\/uploads\/2021\/06\/enricohucke-pcsgmbh.jpg\" alt=\"Enrico Hucke - Sales Team PCS GmbH\" width=\"150\" height=\"150\" class=\"alignleft size-full wp-image-17496\" title=\"\"><br \/>\n<img loading=\"lazy\" decoding=\"async\" width=\"150\" height=\"150\" src=\"https:\/\/konferenztechnik.de\/wp-content\/uploads\/2021\/06\/roland-baur-pcs-gmbh.jpeg\" alt=\"Roland Baur - Sales Team PCS GmbH\" class=\"alignleft size-full wp-image-18053\" title=\"\"><br \/>\n<img loading=\"lazy\" decoding=\"async\" src=\"https:\/\/konferenztechnik.de\/wp-content\/uploads\/2021\/06\/jeremias-daniel-pcs-gmbh-2-1.jpg\" alt=\"Jeremias Daniel - Sales Team PCS GmbH\" width=\"150\" height=\"150\" class=\"alignleft size-full wp-image-17836\" title=\"\"><br \/>\n[spacer size=&#8220;5&#8243;]<br \/>\n<span class=\"medium-size-txt\"><br \/>\nRufen Sie uns doch einfach an!<br \/>\n<a href=\"tel:+49 21173779820\"><b>+49 211 737798 20<\/b><\/a><\/p>\n<p>Schreiben Sie uns eine E-Mail an:<br \/>\n<span class=\"volleansicht\"><a href=\"mailto:vertrieb@konferenztechnik.de\" onclick=\"ga('send', 'event', 'Email-Klick', 'Kontakt Vertrieb');\">vertrieb@konferenztechnik.de<\/a><br \/>\n<\/span><br \/>\n<span class=\"mobileansicht\"><a href=\"mailto:vertrieb@konferenztechnik.de\" onclick=\"ga('send', 'event', 'Email-Klick', 'Kontakt Vertrieb');\">schreiben<\/a><br \/>\n<\/span><\/p>\n<p>Chatten Sie mit uns oder nutzen Sie unseren R\u00fcckrufservice<br \/>\n<\/span><br \/>\n[\/column]<br \/>\n[column size=&#8220;1-2&#8243; last=&#8220;1&#8243;]<\/p>\n<h2>R\u00fcckruf vereinbaren<\/h2>\n<p>[contact-form-7 id=&#8220;17990&#8243; title=&#8220;Kontakt Raumbundles\/-upgrades&#8220;]<br \/>\n[\/column]<\/p>\n<\/div>\n<p>[spacer size=&#8220;20&#8243;]<\/p>\n<hr>\n<p><span><\/span><\/div>\n<p>[spacer size=&#8220;20&#8243;]<\/p>\n<div class=\"leistungen-menu\">\n[column size=&#8220;1-4&#8243; last=&#8220;0&#8243;]<\/p>\n<h3>Dolmetschertechnik mieten<\/h3>\n<p>[menu theme_location=&#8217;dolmetschertechnik-mieten-stuttgart&#8216;]<br \/>\n[\/column]<\/p>\n<p>[column size=&#8220;1-4&#8243; last=&#8220;0&#8243;]<\/p>\n<h3>Dolmetschertechnik kaufen<\/h3>\n<p>[menu theme_location=&#8217;dolmetschertechnik-mieten-stuttgart-2&#8242;]<br \/>\n[\/column]<\/p>\n<p>[column size=&#8220;1-4&#8243; last=&#8220;0&#8243;]<\/p>\n<h3>Installation und Integration<\/h3>\n<p>[menu theme_location=&#8217;dolmetschertechnik-mieten-stuttgart-4&#8242;]<br \/>\n[\/column]<\/p>\n<p>[column size=&#8220;1-4&#8243; last=&#8220;1&#8243;]<\/p>\n<h3 >PCS Konferenztechnik<\/h3>\n<p>[menu theme_location=&#8217;dolmetschertechnik-mieten-stuttgart-3&#8242;]<br \/>\n[\/column]<\/p>\n<\/div>\n","protected":false},"excerpt":{"rendered":"<p>[column size=&#8220;3-4&#8243; last=&#8220;0&#8243;] Konferenztechnik kaufen &#8211; Vertrieb von Konferenz- und AV-Medientechnik [rev_slider alias=&#8220;vertrieb&#8220;] [spacer size=&#8220;10&#8243;] PCS vertreibt f\u00fcr die gewerbliche Nutzung professionelle Technik zu tagesaktuellen Konditionen, inklusive Beratung und After-Sales-Service. Wir beraten herstellerunabh\u00e4ngig und stellen Ihnen gerne ein genau auf Ihre Bed\u00fcrfnisse zugeschnittenes System zusammen. Sie suchen Konferenz- und Mediensysteme oder ben\u00f6tigen Audio- oder Videotechnik? [&hellip;]<\/p>\n","protected":false},"author":1,"featured_media":45482,"parent":0,"menu_order":0,"comment_status":"closed","ping_status":"closed","template":"","meta":{"_acf_changed":false,"footnotes":""},"class_list":["post-9847","page","type-page","status-publish","has-post-thumbnail","hentry"],"acf":[],"_links":{"self":[{"href":"https:\/\/konferenztechnik.de\/en\/wp-json\/wp\/v2\/pages\/9847","targetHints":{"allow":["GET"]}}],"collection":[{"href":"https:\/\/konferenztechnik.de\/en\/wp-json\/wp\/v2\/pages"}],"about":[{"href":"https:\/\/konferenztechnik.de\/en\/wp-json\/wp\/v2\/types\/page"}],"author":[{"embeddable":true,"href":"https:\/\/konferenztechnik.de\/en\/wp-json\/wp\/v2\/users\/1"}],"replies":[{"embeddable":true,"href":"https:\/\/konferenztechnik.de\/en\/wp-json\/wp\/v2\/comments?post=9847"}],"version-history":[{"count":0,"href":"https:\/\/konferenztechnik.de\/en\/wp-json\/wp\/v2\/pages\/9847\/revisions"}],"wp:featuredmedia":[{"embeddable":true,"href":"https:\/\/konferenztechnik.de\/en\/wp-json\/wp\/v2\/media\/45482"}],"wp:attachment":[{"href":"https:\/\/konferenztechnik.de\/en\/wp-json\/wp\/v2\/media?parent=9847"}],"curies":[{"name":"wp","href":"https:\/\/api.w.org\/{rel}","templated":true}]}}