{"id":10183,"date":"2017-05-21T11:04:57","date_gmt":"2017-05-21T10:04:57","guid":{"rendered":"https:\/\/www.konferenztechnik.de\/?page_id=10183\/"},"modified":"2023-07-31T13:27:02","modified_gmt":"2023-07-31T11:27:02","slug":"alquiler-de-sistemas-de-guiado-brandenburgo","status":"publish","type":"page","link":"https:\/\/konferenztechnik.de\/es\/alquiler-de-sistemas-de-guiado-brandenburgo\/","title":{"rendered":"Alquiler de sistemas de guiado Brandenburgo"},"content":{"rendered":"<div data-elementor-type=\"wp-page\" data-elementor-id=\"10183\" class=\"elementor elementor-10183\" data-elementor-post-type=\"page\">\n\t\t\t\t<div data-particle_enable=\"false\" data-particle-mobile-disabled=\"false\" class=\"elementor-element elementor-element-52d4695f e-flex e-con-boxed e-con e-parent\" data-id=\"52d4695f\" data-element_type=\"container\">\n\t\t\t\t\t<div class=\"e-con-inner\">\n\t\t\t\t<div class=\"elementor-element elementor-element-3533e288 elementor-widget elementor-widget-heading\" data-id=\"3533e288\" data-element_type=\"widget\" data-settings=\"{&quot;_animation&quot;:&quot;none&quot;}\" data-widget_type=\"heading.default\">\n\t\t\t\t<div class=\"elementor-widget-container\">\n\t\t\t\t\t<h1 class=\"elementor-heading-title elementor-size-default\">Alquiler de sistemas de guiado de peatones y sistemas de susurro en Brandenburg an der Havel<\/h1>\t\t\t\t<\/div>\n\t\t\t\t<\/div>\n\t\t\t\t\t<\/div>\n\t\t\t\t<\/div>\n\t\t<div data-particle_enable=\"false\" data-particle-mobile-disabled=\"false\" class=\"elementor-element elementor-element-2782a9a0 e-flex e-con-boxed e-con e-parent\" data-id=\"2782a9a0\" data-element_type=\"container\">\n\t\t\t\t\t<div class=\"e-con-inner\">\n\t\t\t\t<div class=\"elementor-element elementor-element-487cfa63 elementor-widget-widescreen__width-inherit elementor-widget elementor-widget-image\" data-id=\"487cfa63\" data-element_type=\"widget\" data-widget_type=\"image.default\">\n\t\t\t\t<div class=\"elementor-widget-container\">\n\t\t\t\t\t\t\t\t\t\t\t\t\t\t\t<img fetchpriority=\"high\" decoding=\"async\" width=\"1200\" height=\"450\" src=\"https:\/\/konferenztechnik.de\/wp-content\/uploads\/2017\/05\/veranstaltungstechnik-brandenburg.jpg\" class=\"attachment-full size-full wp-image-10184\" alt=\"\" srcset=\"https:\/\/konferenztechnik.de\/wp-content\/uploads\/2017\/05\/veranstaltungstechnik-brandenburg.jpg 1200w, https:\/\/konferenztechnik.de\/wp-content\/uploads\/2017\/05\/veranstaltungstechnik-brandenburg-300x113.jpg 300w, https:\/\/konferenztechnik.de\/wp-content\/uploads\/2017\/05\/veranstaltungstechnik-brandenburg-1024x384.jpg 1024w, https:\/\/konferenztechnik.de\/wp-content\/uploads\/2017\/05\/veranstaltungstechnik-brandenburg-768x288.jpg 768w\" sizes=\"(max-width: 1200px) 100vw, 1200px\" title=\"\">\t\t\t\t\t\t\t\t\t\t\t\t\t\t\t<\/div>\n\t\t\t\t<\/div>\n\t\t<div data-particle_enable=\"false\" data-particle-mobile-disabled=\"false\" class=\"elementor-element elementor-element-3ee75c5c e-flex e-con-boxed e-con e-parent\" data-id=\"3ee75c5c\" data-element_type=\"container\">\n\t\t\t\t\t<div class=\"e-con-inner\">\n\t\t\t\t<div class=\"elementor-element elementor-element-4ae29719 elementor-align-left elementor-widget elementor-widget-button\" data-id=\"4ae29719\" data-element_type=\"widget\" data-widget_type=\"button.default\">\n\t\t\t\t<div class=\"elementor-widget-container\">\n\t\t\t\t\t\t\t\t\t<div class=\"elementor-button-wrapper\">\n\t\t\t\t\t<a class=\"elementor-button elementor-button-link elementor-size-lg\" href=\"#serviceteam\">\n\t\t\t\t\t\t<span class=\"elementor-button-content-wrapper\">\n\t\t\t\t\t\t<span class=\"elementor-button-icon\">\n\t\t\t\t<svg aria-hidden=\"true\" class=\"e-font-icon-svg e-far-arrow-alt-circle-down\" viewbox=\"0 0 512 512\" xmlns=\"http:\/\/www.w3.org\/2000\/svg\"><path d=\"M256 8C119 8 8 119 8 256s111 248 248 248 248-111 248-248S393 8 256 8zm0 448c-110.5 0-200-89.5-200-200S145.5 56 256 56s200 89.5 200 200-89.5 200-200 200zm-32-316v116h-67c-10.7 0-16 12.9-8.5 20.5l99 99c4.7 4.7 12.3 4.7 17 0l99-99c7.6-7.6 2.2-20.5-8.5-20.5h-67V140c0-6.6-5.4-12-12-12h-40c-6.6 0-12 5.4-12 12z\"><\/path><\/svg>\t\t\t<\/span>\n\t\t\t\t\t\t\t\t\t<span class=\"elementor-button-text\">Solicitar informaci\u00f3n<\/span>\n\t\t\t\t\t<\/span>\n\t\t\t\t\t<\/a>\n\t\t\t\t<\/div>\n\t\t\t\t\t\t\t\t<\/div>\n\t\t\t\t<\/div>\n\t\t\t\t\t<\/div>\n\t\t\t\t<\/div>\n\t\t\t\t<div class=\"elementor-element elementor-element-7d7703a8 elementor-widget elementor-widget-shortcode\" data-id=\"7d7703a8\" data-element_type=\"widget\" data-widget_type=\"shortcode.default\">\n\t\t\t\t<div class=\"elementor-widget-container\">\n\t\t\t\t\t\t\t<div class=\"elementor-shortcode\">\t\t<div data-elementor-type=\"container\" data-elementor-id=\"37020\" class=\"elementor elementor-37020\" data-elementor-post-type=\"elementor_library\">\n\t\t\t\t<div data-particle_enable=\"false\" data-particle-mobile-disabled=\"false\" class=\"elementor-element elementor-element-349c2afa e-flex e-con-boxed e-con e-parent\" data-id=\"349c2afa\" data-element_type=\"container\">\n\t\t\t\t\t<div class=\"e-con-inner\">\n\t\t\t\t<div class=\"elementor-element elementor-element-821cbc8 elementor-widget__width-inherit elementor-widget elementor-widget-eael-post-list\" data-id=\"821cbc8\" data-element_type=\"widget\" data-settings=\"{&quot;_animation&quot;:&quot;none&quot;}\" data-widget_type=\"eael-post-list.default\">\n\t\t\t\t<div class=\"elementor-widget-container\">\n\t\t\t\t\t<div class=\"eael-post-list-container advanced layout-advanced\"><div class=\"eael-post-list-wrap\"><div class=\"eael-post-list-posts-wrap eael-post-appender eael-post-appender-821cbc8\"><div class=\"eael-post-list-post\"><div class=\"eael-post-list-post-inner\"><div class=\"eael-post-list-thumbnail\"><a href=\"https:\/\/konferenztechnik.de\/es\/televic-unite\/\">\n                <img decoding=\"async\" src=\"https:\/\/konferenztechnik.de\/wp-content\/uploads\/2023\/06\/televic-unite-fuehrungsanlage.jpg\" alt=\"Sistema de gu\u00eda y susurro Televic UNITE con micr\u00f3fono de mano y micr\u00f3fono de diadema, receptores y estaciones de carga\" title=\"\">\n            <\/a><\/div><div class=\"eael-post-list-content\"><h3 class=\"eael-post-list-title\"><a href=\"https:\/\/konferenztechnik.de\/es\/televic-unite\/\" >Sistema de guiado de pasajeros Televic Unite \u2013<\/a><\/h3><p>Sistema multifuncional: visitas guiadas, presentaciones inal\u00e1mbricas, interpretaci\u00f3n con aud\u00edfonos<\/p><a href=\"https:\/\/konferenztechnik.de\/es\/televic-unite\/\" class=\"eael-post-elements-readmore-btn\" >\u203a m\u00e1s<\/a><div class=\"boxed-meta\"><\/div><\/div><\/div><\/div><div class=\"eael-post-list-post\"><div class=\"eael-post-list-post-inner\"><div class=\"eael-post-list-thumbnail\"><a href=\"https:\/\/konferenztechnik.de\/es\/sistema-de-guiado-personal-beyerdynamic-tts-300\/\">\n                <img decoding=\"async\" src=\"https:\/\/konferenztechnik.de\/wp-content\/uploads\/2023\/06\/Beyerdynamic-TTS300-mieten.jpg\" alt=\"Sistema de susurro y guiado tipo TTS300 de Beyerdynamic con micr\u00f3fono de mano, receptores y estaciones de carga\" title=\"\">\n            <\/a><\/div><div class=\"eael-post-list-content\"><h3 class=\"eael-post-list-title\"><a href=\"https:\/\/konferenztechnik.de\/es\/sistema-de-guiado-personal-beyerdynamic-tts-300\/\" >Sistema de gu\u00eda personal TTS 300 \u2013 de Beyerdynamic<\/a><\/h3><p>Funcionamiento en paralelo de hasta 10 canales, tiempo de carga: 30 minutos<\/p><a href=\"https:\/\/konferenztechnik.de\/es\/sistema-de-guiado-personal-beyerdynamic-tts-300\/\" class=\"eael-post-elements-readmore-btn\" >\u203a m\u00e1s<\/a><div class=\"boxed-meta\"><\/div><\/div><\/div><\/div><div class=\"eael-post-list-post\"><div class=\"eael-post-list-post-inner\"><div class=\"eael-post-list-thumbnail\"><a href=\"https:\/\/konferenztechnik.de\/es\/sistema-de-guiado-personal-sennheiser-tourguide-2020-d\/\">\n                <img decoding=\"async\" src=\"https:\/\/konferenztechnik.de\/wp-content\/uploads\/2023\/06\/tourguide-system-kaufen-mieten.jpg\" alt=\"\" title=\"\">\n            <\/a><\/div><div class=\"eael-post-list-content\"><h3 class=\"eael-post-list-title\"><a href=\"https:\/\/konferenztechnik.de\/es\/sistema-de-guiado-personal-sennheiser-tourguide-2020-d\/\" >Sistema de gu\u00eda tur\u00edstico Sennheiser Tourguide 2020 D \u2013<\/a><\/h3><p>El sistema digital de gu\u00eda tur\u00edstica Sennheiser 2020-D combina facilidad de uso con funciones profesionales.<\/p><a href=\"https:\/\/konferenztechnik.de\/es\/sistema-de-guiado-personal-sennheiser-tourguide-2020-d\/\" class=\"eael-post-elements-readmore-btn\" >\u203a m\u00e1s<\/a><div class=\"boxed-meta\"><\/div><\/div><\/div><\/div><div class=\"eael-post-list-post\"><div class=\"eael-post-list-post-inner\"><div class=\"eael-post-list-thumbnail\"><a href=\"https:\/\/konferenztechnik.de\/es\/sistema-de-guiado-personal-beyerdynamic-synexis\/\">\n                <img decoding=\"async\" src=\"https:\/\/konferenztechnik.de\/wp-content\/uploads\/2023\/06\/beyerdynamic-synexis.jpg\" alt=\"Sistema de gu\u00eda y susurro Synexis de Beyerdynamic con micr\u00f3fono de mano, receptores y estaciones de carga\" title=\"\">\n            <\/a><\/div><div class=\"eael-post-list-content\"><h3 class=\"eael-post-list-title\"><a href=\"https:\/\/konferenztechnik.de\/es\/sistema-de-guiado-personal-beyerdynamic-synexis\/\" >Sistema de guiado de personas Beyerdynamic Synexis \u2013<\/a><\/h3><p>Uso vers\u00e1til: visitas guiadas, aplicaciones de interpretaci\u00f3n, asistencia auditiva<\/p><a href=\"https:\/\/konferenztechnik.de\/es\/sistema-de-guiado-personal-beyerdynamic-synexis\/\" class=\"eael-post-elements-readmore-btn\" >\u203a m\u00e1s<\/a><div class=\"boxed-meta\"><\/div><\/div><\/div><\/div><\/div><\/div>\n\t\t<\/div>\t\t\t\t<\/div>\n\t\t\t\t<\/div>\n\t\t\t\t\t<\/div>\n\t\t\t\t<\/div>\n\t\t\t\t<\/div>\n\t\t<\/div>\n\t\t\t\t\t\t<\/div>\n\t\t\t\t<\/div>\n\t\t\t\t<div class=\"elementor-element elementor-element-515cb662 elementor-widget elementor-widget-spacer\" data-id=\"515cb662\" data-element_type=\"widget\" data-widget_type=\"spacer.default\">\n\t\t\t\t<div class=\"elementor-widget-container\">\n\t\t\t\t\t\t\t<div class=\"elementor-spacer\">\n\t\t\t<div class=\"elementor-spacer-inner\"><\/div>\n\t\t<\/div>\n\t\t\t\t\t\t<\/div>\n\t\t\t\t<\/div>\n\t\t\t\t\t<\/div>\n\t\t\t\t<\/div>\n\t\t<div data-particle_enable=\"false\" data-particle-mobile-disabled=\"false\" class=\"elementor-element elementor-element-186863e5 e-flex e-con-boxed e-con e-parent\" data-id=\"186863e5\" data-element_type=\"container\">\n\t\t\t\t\t<div class=\"e-con-inner\">\n\t\t\t\t<div class=\"elementor-element elementor-element-24c46be3 elementor-widget__width-initial elementor-widget elementor-widget-text-editor\" data-id=\"24c46be3\" data-element_type=\"widget\" data-widget_type=\"text-editor.default\">\n\t\t\t\t<div class=\"elementor-widget-container\">\n\t\t\t\t\t\t\t\t\t<p>Con unos 70.000 habitantes, \u2013 a unos 70 kil\u00f3metros de Berl\u00edn, \u2013 Brandenburg an der Havel es una ciudad de tama\u00f1o medio de la regi\u00f3n metropolitana de Berl\u00edn-Brandeburgo. Debido a su historia m\u00e1s que milenaria, la ciudad del Havel tambi\u00e9n es conocida como la \"cuna de la Marca\u201d (Brandemburgo)\".<\/p>\t\t\t\t\t\t\t\t<\/div>\n\t\t\t\t<\/div>\n\t\t\t\t<div class=\"elementor-element elementor-element-3ffdf60e elementor-widget__width-initial elementor-widget elementor-widget-heading\" data-id=\"3ffdf60e\" data-element_type=\"widget\" data-settings=\"{&quot;_animation&quot;:&quot;none&quot;}\" data-widget_type=\"heading.default\">\n\t\t\t\t<div class=\"elementor-widget-container\">\n\t\t\t\t\t<h2 class=\"elementor-heading-title elementor-size-default\">Sistemas de gu\u00edas tur\u00edsticos y alquiler de ALP Brandeburgo\n<\/h2>\t\t\t\t<\/div>\n\t\t\t\t<\/div>\n\t\t\t\t<div class=\"elementor-element elementor-element-556cc8c elementor-widget__width-inherit elementor-widget elementor-widget-text-editor\" data-id=\"556cc8c\" data-element_type=\"widget\" data-widget_type=\"text-editor.default\">\n\t\t\t\t<div class=\"elementor-widget-container\">\n\t\t\t\t\t\t\t\t\t<p>No en vano, Brandenburgo an der Havel cuenta con numerosos monumentos hist\u00f3ricos, centros de conferencias y museos. PCS Konferenztechnik suministra sistemas de gu\u00eda, sistemas de gu\u00eda tur\u00edstica, sistemas de gu\u00eda de visitantes y sistemas de gu\u00eda de personas (PFA) directamente desde su almac\u00e9n de Berl\u00edn a los centros de conferencias y congresos de Brandeburgo. En lugar de adquirir estos equipos a un precio elevado y pagar usted mismo el mantenimiento peri\u00f3dico, PCS recomienda en la mayor\u00eda de los casos alquilarlos en lugar de comprarlos. Por supuesto, s\u00f3lo los sistemas \u2013 t\u00e9cnicamente probados al 100% se entregan embalados de forma segura en cajas de transporte. El hecho de que las bater\u00edas de los aparatos est\u00e9n completamente cargadas y que los auriculares en particular se limpien higi\u00e9nicamente y se entreguen siempre en un embalaje nuevo es ya una pr\u00e1ctica habitual.<\/p>\t\t\t\t\t\t\t\t<\/div>\n\t\t\t\t<\/div>\n\t\t\t\t<div class=\"elementor-element elementor-element-ec0bf8e elementor-widget__width-initial elementor-widget elementor-widget-heading\" data-id=\"ec0bf8e\" data-element_type=\"widget\" data-settings=\"{&quot;_animation&quot;:&quot;none&quot;}\" data-widget_type=\"heading.default\">\n\t\t\t\t<div class=\"elementor-widget-container\">\n\t\t\t\t\t<h2 class=\"elementor-heading-title elementor-size-default\">Disponibilidad r\u00e1pida<\/h2>\t\t\t\t<\/div>\n\t\t\t\t<\/div>\n\t\t\t\t<div class=\"elementor-element elementor-element-18bf17ed elementor-widget__width-inherit elementor-widget elementor-widget-text-editor\" data-id=\"18bf17ed\" data-element_type=\"widget\" data-widget_type=\"text-editor.default\">\n\t\t\t\t<div class=\"elementor-widget-container\">\n\t\t\t\t\t\t\t\t\t<p>PCS conf\u00eda en la r\u00e1pida disponibilidad de ALP, sistemas de gu\u00eda tur\u00edstica y maletines para susurros. La sucursal de Berl\u00edn suele responder a las solicitudes de Brandeburgo en menos de una hora. Los siguientes modelos est\u00e1n disponibles en grandes cantidades:<\/p><p>\u00a0<\/p><ul><li>Beyerdynamic Synexis<\/li><li>Beyerdynamic TTS-300<\/li><li>Sennheiser Tourguide Digital 2020-D<\/li><\/ul><div class=\"spacer\">\u00a0<\/div><p>Los siguientes dispositivos tambi\u00e9n pueden alquilarse en PCS: Sennheiser EK1039, Sennheiser Tourguide HDE-2020, Sennheiser Tourguide SKM 2020-D y Sennheiser EZL 2020-20L. Del fabricante Beyerdynamic, tenemos el receptor de radio Synexis RP8, el transmisor de mano Synexis TH8, el transmisor de bolsillo TP8 y el transmisor fijo TS8 en nuestra gama para Brandenburgo.<\/p>\t\t\t\t\t\t\t\t<\/div>\n\t\t\t\t<\/div>\n\t\t\t\t<div class=\"elementor-element elementor-element-5a69d769 elementor-widget__width-initial elementor-widget elementor-widget-heading\" data-id=\"5a69d769\" data-element_type=\"widget\" data-settings=\"{&quot;_animation&quot;:&quot;none&quot;}\" data-widget_type=\"heading.default\">\n\t\t\t\t<div class=\"elementor-widget-container\">\n\t\t\t\t\t<h2 class=\"elementor-heading-title elementor-size-default\">\u00bfD\u00f3nde se utilizan los sistemas de gu\u00edas tur\u00edsticos, las ALP y los casos de susurro?\n<\/h2>\t\t\t\t<\/div>\n\t\t\t\t<\/div>\n\t\t\t\t<div class=\"elementor-element elementor-element-4716917f elementor-widget__width-inherit elementor-widget elementor-widget-text-editor\" data-id=\"4716917f\" data-element_type=\"widget\" data-widget_type=\"text-editor.default\">\n\t\t\t\t<div class=\"elementor-widget-container\">\n\t\t\t\t\t\t\t\t\t<p>Los t\u00e9rminos sistemas de gu\u00eda personal (PFA), sistemas de gu\u00eda tur\u00edstico o sistemas de susurro hacen referencia a dispositivos t\u00e9cnicamente similares. En principio, constan de un micr\u00f3fono y un receptor (por ejemplo, auriculares o mentonera) conectados entre s\u00ed por radio. Los sistemas de susurro y similares se utilizan para visitas a f\u00e1bricas, visitas a ciudades y museos o interpretaci\u00f3n simult\u00e1nea o susurrada en conferencias o vistas judiciales cuando no se pueden utilizar cabinas de interpretaci\u00f3n.<\/p><p>\u00a0<\/p><p>No importa si desea alquilar o comprar sistemas de guiado: Ll\u00e1menos, los asesores de proyectos de la sucursal de PCS en Berl\u00edn estar\u00e1n encantados de asesorarle.<\/p>\t\t\t\t\t\t\t\t<\/div>\n\t\t\t\t<\/div>\n\t\t\t\t<div class=\"elementor-element elementor-element-47d3b55f elementor-widget__width-initial elementor-widget elementor-widget-heading\" data-id=\"47d3b55f\" data-element_type=\"widget\" data-settings=\"{&quot;_animation&quot;:&quot;none&quot;}\" data-widget_type=\"heading.default\">\n\t\t\t\t<div class=\"elementor-widget-container\">\n\t\t\t\t\t<h2 class=\"elementor-heading-title elementor-size-default\">Descargas Manuales y material informativo\n<\/h2>\t\t\t\t<\/div>\n\t\t\t\t<\/div>\n\t\t\t\t<div class=\"elementor-element elementor-element-44a1d2d9 elementor-widget elementor-widget-shortcode\" data-id=\"44a1d2d9\" data-element_type=\"widget\" data-widget_type=\"shortcode.default\">\n\t\t\t\t<div class=\"elementor-widget-container\">\n\t\t\t\t\t\t\t<div class=\"elementor-shortcode\">\t\t<div data-elementor-type=\"container\" data-elementor-id=\"30709\" class=\"elementor elementor-30709\" data-elementor-post-type=\"elementor_library\">\n\t\t\t\t<div data-particle_enable=\"false\" data-particle-mobile-disabled=\"false\" class=\"elementor-element elementor-element-50123a19 e-flex e-con-boxed e-con e-parent\" data-id=\"50123a19\" data-element_type=\"container\" data-settings=\"{&quot;background_background&quot;:&quot;classic&quot;}\">\n\t\t\t\t\t<div class=\"e-con-inner\">\n\t\t\t\t<div class=\"elementor-element elementor-element-7b023e62 elementor-icon-list--layout-traditional elementor-list-item-link-full_width elementor-widget elementor-widget-icon-list\" data-id=\"7b023e62\" data-element_type=\"widget\" data-widget_type=\"icon-list.default\">\n\t\t\t\t<div class=\"elementor-widget-container\">\n\t\t\t\t\t\t\t<ul class=\"elementor-icon-list-items\">\n\t\t\t\t\t\t\t<li class=\"elementor-icon-list-item\">\n\t\t\t\t\t\t\t\t\t\t\t<a href=\"\/wp-content\/uploads\/2017\/06\/beyerdynamic-synexis-manual-bedienungsanleitung.pdf\" target=\"_blank\">\n\n\t\t\t\t\t\t\t\t\t\t\t\t<span class=\"elementor-icon-list-icon\">\n\t\t\t\t\t\t\t<svg aria-hidden=\"true\" class=\"e-font-icon-svg e-far-file-pdf\" viewbox=\"0 0 384 512\" xmlns=\"http:\/\/www.w3.org\/2000\/svg\"><path d=\"M369.9 97.9L286 14C277 5 264.8-.1 252.1-.1H48C21.5 0 0 21.5 0 48v416c0 26.5 21.5 48 48 48h288c26.5 0 48-21.5 48-48V131.9c0-12.7-5.1-25-14.1-34zM332.1 128H256V51.9l76.1 76.1zM48 464V48h160v104c0 13.3 10.7 24 24 24h104v288H48zm250.2-143.7c-12.2-12-47-8.7-64.4-6.5-17.2-10.5-28.7-25-36.8-46.3 3.9-16.1 10.1-40.6 5.4-56-4.2-26.2-37.8-23.6-42.6-5.9-4.4 16.1-.4 38.5 7 67.1-10 23.9-24.9 56-35.4 74.4-20 10.3-47 26.2-51 46.2-3.3 15.8 26 55.2 76.1-31.2 22.4-7.4 46.8-16.5 68.4-20.1 18.9 10.2 41 17 55.8 17 25.5 0 28-28.2 17.5-38.7zm-198.1 77.8c5.1-13.7 24.5-29.5 30.4-35-19 30.3-30.4 35.7-30.4 35zm81.6-190.6c7.4 0 6.7 32.1 1.8 40.8-4.4-13.9-4.3-40.8-1.8-40.8zm-24.4 136.6c9.7-16.9 18-37 24.7-54.7 8.3 15.1 18.9 27.2 30.1 35.5-20.8 4.3-38.9 13.1-54.8 19.2zm131.6-5s-5 6-37.3-7.8c35.1-2.6 40.9 5.4 37.3 7.8z\"><\/path><\/svg>\t\t\t\t\t\t<\/span>\n\t\t\t\t\t\t\t\t\t\t<span class=\"elementor-icon-list-text\">Beyerdynamic Synexis Manual Manual de Usuario<\/span>\n\t\t\t\t\t\t\t\t\t\t\t<\/a>\n\t\t\t\t\t\t\t\t\t<\/li>\n\t\t\t\t\t\t\t\t<li class=\"elementor-icon-list-item\">\n\t\t\t\t\t\t\t\t\t\t\t<a href=\"\/wp-content\/uploads\/2017\/06\/beyerdynamic-synexis_quick-start-guide.pdf\" target=\"_blank\">\n\n\t\t\t\t\t\t\t\t\t\t\t\t<span class=\"elementor-icon-list-icon\">\n\t\t\t\t\t\t\t<svg aria-hidden=\"true\" class=\"e-font-icon-svg e-far-file-pdf\" viewbox=\"0 0 384 512\" xmlns=\"http:\/\/www.w3.org\/2000\/svg\"><path d=\"M369.9 97.9L286 14C277 5 264.8-.1 252.1-.1H48C21.5 0 0 21.5 0 48v416c0 26.5 21.5 48 48 48h288c26.5 0 48-21.5 48-48V131.9c0-12.7-5.1-25-14.1-34zM332.1 128H256V51.9l76.1 76.1zM48 464V48h160v104c0 13.3 10.7 24 24 24h104v288H48zm250.2-143.7c-12.2-12-47-8.7-64.4-6.5-17.2-10.5-28.7-25-36.8-46.3 3.9-16.1 10.1-40.6 5.4-56-4.2-26.2-37.8-23.6-42.6-5.9-4.4 16.1-.4 38.5 7 67.1-10 23.9-24.9 56-35.4 74.4-20 10.3-47 26.2-51 46.2-3.3 15.8 26 55.2 76.1-31.2 22.4-7.4 46.8-16.5 68.4-20.1 18.9 10.2 41 17 55.8 17 25.5 0 28-28.2 17.5-38.7zm-198.1 77.8c5.1-13.7 24.5-29.5 30.4-35-19 30.3-30.4 35.7-30.4 35zm81.6-190.6c7.4 0 6.7 32.1 1.8 40.8-4.4-13.9-4.3-40.8-1.8-40.8zm-24.4 136.6c9.7-16.9 18-37 24.7-54.7 8.3 15.1 18.9 27.2 30.1 35.5-20.8 4.3-38.9 13.1-54.8 19.2zm131.6-5s-5 6-37.3-7.8c35.1-2.6 40.9 5.4 37.3 7.8z\"><\/path><\/svg>\t\t\t\t\t\t<\/span>\n\t\t\t\t\t\t\t\t\t\t<span class=\"elementor-icon-list-text\">Gu\u00eda de inicio r\u00e1pido de Beyerdynamic Synexis<\/span>\n\t\t\t\t\t\t\t\t\t\t\t<\/a>\n\t\t\t\t\t\t\t\t\t<\/li>\n\t\t\t\t\t\t\t\t<li class=\"elementor-icon-list-item\">\n\t\t\t\t\t\t\t\t\t\t\t<a href=\"\/wp-content\/uploads\/2017\/06\/Bedienungsanleitung-Sennheiser-Tourguide2020_DE.pdf\" target=\"_blank\">\n\n\t\t\t\t\t\t\t\t\t\t\t\t<span class=\"elementor-icon-list-icon\">\n\t\t\t\t\t\t\t<svg aria-hidden=\"true\" class=\"e-font-icon-svg e-far-file-pdf\" viewbox=\"0 0 384 512\" xmlns=\"http:\/\/www.w3.org\/2000\/svg\"><path d=\"M369.9 97.9L286 14C277 5 264.8-.1 252.1-.1H48C21.5 0 0 21.5 0 48v416c0 26.5 21.5 48 48 48h288c26.5 0 48-21.5 48-48V131.9c0-12.7-5.1-25-14.1-34zM332.1 128H256V51.9l76.1 76.1zM48 464V48h160v104c0 13.3 10.7 24 24 24h104v288H48zm250.2-143.7c-12.2-12-47-8.7-64.4-6.5-17.2-10.5-28.7-25-36.8-46.3 3.9-16.1 10.1-40.6 5.4-56-4.2-26.2-37.8-23.6-42.6-5.9-4.4 16.1-.4 38.5 7 67.1-10 23.9-24.9 56-35.4 74.4-20 10.3-47 26.2-51 46.2-3.3 15.8 26 55.2 76.1-31.2 22.4-7.4 46.8-16.5 68.4-20.1 18.9 10.2 41 17 55.8 17 25.5 0 28-28.2 17.5-38.7zm-198.1 77.8c5.1-13.7 24.5-29.5 30.4-35-19 30.3-30.4 35.7-30.4 35zm81.6-190.6c7.4 0 6.7 32.1 1.8 40.8-4.4-13.9-4.3-40.8-1.8-40.8zm-24.4 136.6c9.7-16.9 18-37 24.7-54.7 8.3 15.1 18.9 27.2 30.1 35.5-20.8 4.3-38.9 13.1-54.8 19.2zm131.6-5s-5 6-37.3-7.8c35.1-2.6 40.9 5.4 37.3 7.8z\"><\/path><\/svg>\t\t\t\t\t\t<\/span>\n\t\t\t\t\t\t\t\t\t\t<span class=\"elementor-icon-list-text\">Manual de instrucciones Sennheiser Tourguide 2020 Alem\u00e1n<\/span>\n\t\t\t\t\t\t\t\t\t\t\t<\/a>\n\t\t\t\t\t\t\t\t\t<\/li>\n\t\t\t\t\t\t\t\t<li class=\"elementor-icon-list-item\">\n\t\t\t\t\t\t\t\t\t\t\t<a href=\"\/wp-content\/uploads\/2017\/06\/sennheiser-tourguide-SK2020DUS-en.pdf\" target=\"_blank\">\n\n\t\t\t\t\t\t\t\t\t\t\t\t<span class=\"elementor-icon-list-icon\">\n\t\t\t\t\t\t\t<svg aria-hidden=\"true\" class=\"e-font-icon-svg e-far-file-pdf\" viewbox=\"0 0 384 512\" xmlns=\"http:\/\/www.w3.org\/2000\/svg\"><path d=\"M369.9 97.9L286 14C277 5 264.8-.1 252.1-.1H48C21.5 0 0 21.5 0 48v416c0 26.5 21.5 48 48 48h288c26.5 0 48-21.5 48-48V131.9c0-12.7-5.1-25-14.1-34zM332.1 128H256V51.9l76.1 76.1zM48 464V48h160v104c0 13.3 10.7 24 24 24h104v288H48zm250.2-143.7c-12.2-12-47-8.7-64.4-6.5-17.2-10.5-28.7-25-36.8-46.3 3.9-16.1 10.1-40.6 5.4-56-4.2-26.2-37.8-23.6-42.6-5.9-4.4 16.1-.4 38.5 7 67.1-10 23.9-24.9 56-35.4 74.4-20 10.3-47 26.2-51 46.2-3.3 15.8 26 55.2 76.1-31.2 22.4-7.4 46.8-16.5 68.4-20.1 18.9 10.2 41 17 55.8 17 25.5 0 28-28.2 17.5-38.7zm-198.1 77.8c5.1-13.7 24.5-29.5 30.4-35-19 30.3-30.4 35.7-30.4 35zm81.6-190.6c7.4 0 6.7 32.1 1.8 40.8-4.4-13.9-4.3-40.8-1.8-40.8zm-24.4 136.6c9.7-16.9 18-37 24.7-54.7 8.3 15.1 18.9 27.2 30.1 35.5-20.8 4.3-38.9 13.1-54.8 19.2zm131.6-5s-5 6-37.3-7.8c35.1-2.6 40.9 5.4 37.3 7.8z\"><\/path><\/svg>\t\t\t\t\t\t<\/span>\n\t\t\t\t\t\t\t\t\t\t<span class=\"elementor-icon-list-text\">Sennheiser Tourguide SK2020D US Manual Espa\u00f1ol<\/span>\n\t\t\t\t\t\t\t\t\t\t\t<\/a>\n\t\t\t\t\t\t\t\t\t<\/li>\n\t\t\t\t\t\t<\/ul>\n\t\t\t\t\t\t<\/div>\n\t\t\t\t<\/div>\n\t\t\t\t\t<\/div>\n\t\t\t\t<\/div>\n\t\t\t\t<\/div>\n\t\t<\/div>\n\t\t\t\t\t\t<\/div>\n\t\t\t\t<\/div>\n\t\t\t\t<div class=\"elementor-element elementor-element-717a2edd elementor-widget__width-initial elementor-widget elementor-widget-heading\" data-id=\"717a2edd\" data-element_type=\"widget\" data-settings=\"{&quot;_animation&quot;:&quot;none&quot;}\" data-widget_type=\"heading.default\">\n\t\t\t\t<div class=\"elementor-widget-container\">\n\t\t\t\t\t<h2 class=\"elementor-heading-title elementor-size-default\">Alquiler de sistemas de guiado Brandenburgo<\/h2>\t\t\t\t<\/div>\n\t\t\t\t<\/div>\n\t\t\t\t<div class=\"elementor-element elementor-element-5274b6f elementor-widget elementor-widget-eael-adv-accordion\" data-id=\"5274b6f\" data-element_type=\"widget\" data-widget_type=\"eael-adv-accordion.default\">\n\t\t\t\t<div class=\"elementor-widget-container\">\n\t\t\t\t\t            <div class=\"eael-adv-accordion\" id=\"eael-adv-accordion-5274b6f\" data-scroll-on-click=\"no\" data-scroll-speed=\"300\" data-accordion-id=\"5274b6f\" data-accordion-type=\"accordion\" data-toogle-speed=\"300\">\n            <div class=\"eael-accordion-list\">\n\t\t\t\t\t<div id=\"-veranstaltungsorte-fr-events-und-kongresse-in-brandenburg-an-der-havel\" class=\"elementor-tab-title eael-accordion-header\" tabindex=\"0\" data-tab=\"1\" aria-controls=\"elementor-tab-content-8641\"><span class=\"eael-advanced-accordion-icon-closed\"><svg aria-hidden=\"true\" class=\"fa-accordion-icon e-font-icon-svg e-fas-plus\" viewbox=\"0 0 448 512\" xmlns=\"http:\/\/www.w3.org\/2000\/svg\"><path d=\"M416 208H272V64c0-17.67-14.33-32-32-32h-32c-17.67 0-32 14.33-32 32v144H32c-17.67 0-32 14.33-32 32v32c0 17.67 14.33 32 32 32h144v144c0 17.67 14.33 32 32 32h32c17.67 0 32-14.33 32-32V304h144c17.67 0 32-14.33 32-32v-32c0-17.67-14.33-32-32-32z\"><\/path><\/svg><\/span><span class=\"eael-advanced-accordion-icon-opened\"><svg aria-hidden=\"true\" class=\"fa-accordion-icon e-font-icon-svg e-fas-minus\" viewbox=\"0 0 448 512\" xmlns=\"http:\/\/www.w3.org\/2000\/svg\"><path d=\"M416 208H32c-17.67 0-32 14.33-32 32v32c0 17.67 14.33 32 32 32h384c17.67 0 32-14.33 32-32v-32c0-17.67-14.33-32-32-32z\"><\/path><\/svg><\/span><span class=\"eael-accordion-tab-title\"> Espacios para eventos y congresos en Brandenburgo an der Havel<\/span><svg aria-hidden=\"true\" class=\"fa-toggle e-font-icon-svg e-fas-angle-right\" viewbox=\"0 0 256 512\" xmlns=\"http:\/\/www.w3.org\/2000\/svg\"><path d=\"M224.3 273l-136 136c-9.4 9.4-24.6 9.4-33.9 0l-22.6-22.6c-9.4-9.4-9.4-24.6 0-33.9l96.4-96.4-96.4-96.4c-9.4-9.4-9.4-24.6 0-33.9L54.3 103c9.4-9.4 24.6-9.4 33.9 0l136 136c9.5 9.4 9.5 24.6.1 34z\"><\/path><\/svg><\/div><div id=\"elementor-tab-content-8641\" class=\"eael-accordion-content clearfix\" data-tab=\"1\" aria-labelledby=\"-veranstaltungsorte-fr-events-und-kongresse-in-brandenburg-an-der-havel\"><div><ul><li>Universidad de Ciencias Aplicadas de Brandemburgo \/ Audi Max<\/li><li>Astillero de Brandemburgo<\/li><li>Palacio de acero<\/li><li>Casa de los funcionarios<\/li><li>Teatro Brandemburgo \/ CCC \u2013 Cultur Congress Centrum<\/li><li>Club Fontane, Sankt Annen H\u00f6fe<\/li><li>Clubhouse Philipp<\/li><li>Centro comunitario en el casco antiguo<\/li><li>Restaurante Suse en Weseram<\/li><li>Monasterio de Pauli<\/li><li>Faro<\/li><li>Cl\u00ednica especializada Asklepios de Brandeburgo<\/li><li>TGZ \u2013 Centro de Tecnolog\u00eda e Innovaci\u00f3n de Brandemburgo <\/li><\/ul><\/div><\/div>\n\t\t\t\t\t<\/div><div class=\"eael-accordion-list\">\n\t\t\t\t\t<div id=\"-die-wichtigsten-veranstaltungshotels-in-brandenburg-an-der-havel\" class=\"elementor-tab-title eael-accordion-header\" tabindex=\"0\" data-tab=\"2\" aria-controls=\"elementor-tab-content-8642\"><span class=\"eael-advanced-accordion-icon-closed\"><svg aria-hidden=\"true\" class=\"fa-accordion-icon e-font-icon-svg e-fas-plus\" viewbox=\"0 0 448 512\" xmlns=\"http:\/\/www.w3.org\/2000\/svg\"><path d=\"M416 208H272V64c0-17.67-14.33-32-32-32h-32c-17.67 0-32 14.33-32 32v144H32c-17.67 0-32 14.33-32 32v32c0 17.67 14.33 32 32 32h144v144c0 17.67 14.33 32 32 32h32c17.67 0 32-14.33 32-32V304h144c17.67 0 32-14.33 32-32v-32c0-17.67-14.33-32-32-32z\"><\/path><\/svg><\/span><span class=\"eael-advanced-accordion-icon-opened\"><svg aria-hidden=\"true\" class=\"fa-accordion-icon e-font-icon-svg e-fas-minus\" viewbox=\"0 0 448 512\" xmlns=\"http:\/\/www.w3.org\/2000\/svg\"><path d=\"M416 208H32c-17.67 0-32 14.33-32 32v32c0 17.67 14.33 32 32 32h384c17.67 0 32-14.33 32-32v-32c0-17.67-14.33-32-32-32z\"><\/path><\/svg><\/span><span class=\"eael-accordion-tab-title\"> Los hoteles para eventos m\u00e1s importantes de Brandenburgo an der Havel<\/span><svg aria-hidden=\"true\" class=\"fa-toggle e-font-icon-svg e-fas-angle-right\" viewbox=\"0 0 256 512\" xmlns=\"http:\/\/www.w3.org\/2000\/svg\"><path d=\"M224.3 273l-136 136c-9.4 9.4-24.6 9.4-33.9 0l-22.6-22.6c-9.4-9.4-9.4-24.6 0-33.9l96.4-96.4-96.4-96.4c-9.4-9.4-9.4-24.6 0-33.9L54.3 103c9.4-9.4 24.6-9.4 33.9 0l136 136c9.5 9.4 9.5 24.6.1 34z\"><\/path><\/svg><\/div><div id=\"elementor-tab-content-8642\" class=\"eael-accordion-content clearfix\" data-tab=\"2\" aria-labelledby=\"-die-wichtigsten-veranstaltungshotels-in-brandenburg-an-der-havel\"><div><ul><li>\u00a0Hotel Axxon<\/li><li>Hotel am Molkenmarkt<\/li><li>Hotel Bollmannsruh<\/li><li>Castillo de Plaue<\/li><li>Hotel SORAT <\/li><\/ul><\/div><\/div>\n\t\t\t\t\t<\/div><div class=\"eael-accordion-list\">\n\t\t\t\t\t<div id=\"-wichtige-messen-in-brandenburg-an-der-havel-\" class=\"elementor-tab-title eael-accordion-header\" tabindex=\"0\" data-tab=\"3\" aria-controls=\"elementor-tab-content-8643\"><span class=\"eael-advanced-accordion-icon-closed\"><svg aria-hidden=\"true\" class=\"fa-accordion-icon e-font-icon-svg e-fas-plus\" viewbox=\"0 0 448 512\" xmlns=\"http:\/\/www.w3.org\/2000\/svg\"><path d=\"M416 208H272V64c0-17.67-14.33-32-32-32h-32c-17.67 0-32 14.33-32 32v144H32c-17.67 0-32 14.33-32 32v32c0 17.67 14.33 32 32 32h144v144c0 17.67 14.33 32 32 32h32c17.67 0 32-14.33 32-32V304h144c17.67 0 32-14.33 32-32v-32c0-17.67-14.33-32-32-32z\"><\/path><\/svg><\/span><span class=\"eael-advanced-accordion-icon-opened\"><svg aria-hidden=\"true\" class=\"fa-accordion-icon e-font-icon-svg e-fas-minus\" viewbox=\"0 0 448 512\" xmlns=\"http:\/\/www.w3.org\/2000\/svg\"><path d=\"M416 208H32c-17.67 0-32 14.33-32 32v32c0 17.67 14.33 32 32 32h384c17.67 0 32-14.33 32-32v-32c0-17.67-14.33-32-32-32z\"><\/path><\/svg><\/span><span class=\"eael-accordion-tab-title\"> Ferias importantes en Brandenburgo an der Havel <\/span><svg aria-hidden=\"true\" class=\"fa-toggle e-font-icon-svg e-fas-angle-right\" viewbox=\"0 0 256 512\" xmlns=\"http:\/\/www.w3.org\/2000\/svg\"><path d=\"M224.3 273l-136 136c-9.4 9.4-24.6 9.4-33.9 0l-22.6-22.6c-9.4-9.4-9.4-24.6 0-33.9l96.4-96.4-96.4-96.4c-9.4-9.4-9.4-24.6 0-33.9L54.3 103c9.4-9.4 24.6-9.4 33.9 0l136 136c9.5 9.4 9.5 24.6.1 34z\"><\/path><\/svg><\/div><div id=\"elementor-tab-content-8643\" class=\"eael-accordion-content clearfix\" data-tab=\"3\" aria-labelledby=\"-wichtige-messen-in-brandenburg-an-der-havel-\"><div><ul><li>Feria de contactos de la empresa Brandenburg<\/li><li>Foro de Seguridad de Brandemburgo<\/li><li>Feria de bodas Elegance Brandenburg <\/li><\/ul><\/div><\/div>\n\t\t\t\t\t<\/div><\/div>\t\t\t\t<\/div>\n\t\t\t\t<\/div>\n\t\t\t\t\t<\/div>\n\t\t\t\t<\/div>\n\t\t<div data-particle_enable=\"false\" data-particle-mobile-disabled=\"false\" class=\"elementor-element elementor-element-2720fc7c e-flex e-con-boxed e-con e-parent\" data-id=\"2720fc7c\" data-element_type=\"container\">\n\t\t\t\t\t<div class=\"e-con-inner\">\n\t\t\t\t<div class=\"elementor-element elementor-element-20af7ade elementor-widget elementor-widget-shortcode\" data-id=\"20af7ade\" data-element_type=\"widget\" data-widget_type=\"shortcode.default\">\n\t\t\t\t<div class=\"elementor-widget-container\">\n\t\t\t\t\t\t\t<div class=\"elementor-shortcode\"><\/div>\n\t\t\t\t\t\t<\/div>\n\t\t\t\t<\/div>\n\t\t\t\t\t<\/div>\n\t\t\t\t<\/div>\n\t\t\t\t<\/div>","protected":false},"excerpt":{"rendered":"<p>Alquiler de sistemas de guiado de personas y sistemas de susurro en Brandenburg an der Havel Inf\u00f3rmese ahora Con una poblaci\u00f3n de unos 70.000 habitantes, \u2013 a unos 70 kil\u00f3metros de Berl\u00edn \u2013 Brandenburg an der Havel es una ciudad de tama\u00f1o medio de la regi\u00f3n metropolitana de Berl\u00edn-Brandenburgo. Debido a sus m\u00e1s de mil a\u00f1os de historia, la ciudad del Havel tambi\u00e9n es conocida como la \u201ccuna de [...]<\/p>","protected":false},"author":1,"featured_media":45482,"parent":0,"menu_order":0,"comment_status":"closed","ping_status":"closed","template":"","meta":{"_acf_changed":false,"footnotes":""},"class_list":["post-10183","page","type-page","status-publish","has-post-thumbnail","hentry"],"acf":[],"_links":{"self":[{"href":"https:\/\/konferenztechnik.de\/es\/wp-json\/wp\/v2\/pages\/10183","targetHints":{"allow":["GET"]}}],"collection":[{"href":"https:\/\/konferenztechnik.de\/es\/wp-json\/wp\/v2\/pages"}],"about":[{"href":"https:\/\/konferenztechnik.de\/es\/wp-json\/wp\/v2\/types\/page"}],"author":[{"embeddable":true,"href":"https:\/\/konferenztechnik.de\/es\/wp-json\/wp\/v2\/users\/1"}],"replies":[{"embeddable":true,"href":"https:\/\/konferenztechnik.de\/es\/wp-json\/wp\/v2\/comments?post=10183"}],"version-history":[{"count":0,"href":"https:\/\/konferenztechnik.de\/es\/wp-json\/wp\/v2\/pages\/10183\/revisions"}],"wp:featuredmedia":[{"embeddable":true,"href":"https:\/\/konferenztechnik.de\/es\/wp-json\/wp\/v2\/media\/45482"}],"wp:attachment":[{"href":"https:\/\/konferenztechnik.de\/es\/wp-json\/wp\/v2\/media?parent=10183"}],"curies":[{"name":"wp","href":"https:\/\/api.w.org\/{rel}","templated":true}]}}