{"id":10769,"date":"2017-08-02T16:45:54","date_gmt":"2017-08-02T14:45:54","guid":{"rendered":"https:\/\/www.konferenztechnik.de\/?page_id=10769\/"},"modified":"2023-09-01T13:11:18","modified_gmt":"2023-09-01T11:11:18","slug":"alquiler-de-sistemas-de-guiado-personal","status":"publish","type":"page","link":"https:\/\/konferenztechnik.de\/es\/alquiler-de-sistemas-de-guiado-personal\/","title":{"rendered":"Contratar un sistema de gu\u00eda tur\u00edstico"},"content":{"rendered":"<h1>Contratar un sistema de gu\u00edas tur\u00edsticos: Contratar sistemas de gu\u00edas tur\u00edsticos, sistemas de gu\u00edas, ALP de forma r\u00e1pida y flexible.<\/h1>\n<p>[spacer size=\"20\u2033]<\/p>\n<div class=\"call-action-slider-img\">\n<img fetchpriority=\"high\" decoding=\"async\" width=\"1200\" height=\"448\" src=\"https:\/\/konferenztechnik.de\/wp-content\/uploads\/2017\/08\/fuehrungsanlage-sennheiser-tourguide.jpg\" alt=\"Contratar un sistema de gu\u00eda tur\u00edstico\" class=\"alignnone size-full wp-image-10776\" title=\"\" srcset=\"https:\/\/konferenztechnik.de\/wp-content\/uploads\/2017\/08\/fuehrungsanlage-sennheiser-tourguide.jpg 1200w, https:\/\/konferenztechnik.de\/wp-content\/uploads\/2017\/08\/fuehrungsanlage-sennheiser-tourguide-300x112.jpg 300w, https:\/\/konferenztechnik.de\/wp-content\/uploads\/2017\/08\/fuehrungsanlage-sennheiser-tourguide-1024x382.jpg 1024w, https:\/\/konferenztechnik.de\/wp-content\/uploads\/2017\/08\/fuehrungsanlage-sennheiser-tourguide-768x287.jpg 768w\" sizes=\"(max-width: 1200px) 100vw, 1200px\" \/><br \/>\n<button class=\"btn popmake-9405\">Solicite un presupuesto,<br \/>\nen una hora<br \/>\n\u00a1contigo! &#x9B;<\/button><\/div>\n<p>Contratar sistemas de gu\u00edas tur\u00edsticos no tiene ninguna complicaci\u00f3n: En PCS, puede alquilar sistemas de gu\u00eda tur\u00edstico, sistemas de gu\u00eda tur\u00edstico, sistemas de susurro o PFA de forma r\u00e1pida y sencilla. Los sistemas de gu\u00edas tur\u00edsticos son adecuados para visitas a f\u00e1bricas, visitas a ciudades \u2013 y visitas guiadas de todo tipo. Tambi\u00e9n pueden utilizarse para la interpretaci\u00f3n susurrada, es decir, cuando se requiere multiling\u00fcismo.<\/p>\n<p>[spacer size=\"20\u2033]<\/p>\n<div id=\"newscontainer\">\n<div class=\"newskasten\"><a href=\"https:\/\/konferenztechnik.de\/es\/alquiler-de-equipos-para-conferencias\/sistemas-de-guiado\/\">Gu\u00eda tur\u00edstica Sennheiser<br \/>\n<img decoding=\"async\" src=\"https:\/\/konferenztechnik.de\/wp-content\/uploads\/2017\/03\/fuehrungsanlagen-mieten.jpg\" alt=\"gu\u00eda-unidades-de-alquiler-berl\u00edn\" class=\"alignnone size-full wp-image-9536\" title=\"\"><\/a><br \/>\n[clear]<br \/>\n[list icon=\"moon-checkmark\" colour=\"#a62055\u2033]Receptor de mentonera[\/list]<br \/>\n[list icon=\"moon-checkmark\" colour=\"#a62055\u2033]Hasta seis canales\/grupos simult\u00e1neamente[\/list]<br \/>\n[list icon=\"moon-checkmark\" colour=\"#a62055\u2033]Pr\u00e1cticas fundas de carga[\/list]<br \/>\n<a class=\"weiter\" href=\"https:\/\/konferenztechnik.de\/es\/alquiler-de-equipos-para-conferencias\/sistemas-de-guiado\/\">\u203a M\u00e1s<\/a><\/div>\n<div class=\"newskasten\"><a href=\"https:\/\/konferenztechnik.de\/es\/alquiler-de-equipos-para-conferencias\/sistemas-de-guiado\/\">Beyerdynamic Synexis<br \/>\n<img decoding=\"async\" width=\"530\" height=\"393\" src=\"https:\/\/konferenztechnik.de\/wp-content\/uploads\/2017\/03\/fuehrungsanlagen-mieten-berlin-synexis-1.jpg\" alt=\"Alquiler de sistemas de gu\u00eda Berl\u00edn Beyerdynamic Synexis\" class=\"alignleft size-full wp-image-9707\" title=\"\" srcset=\"https:\/\/konferenztechnik.de\/wp-content\/uploads\/2017\/03\/fuehrungsanlagen-mieten-berlin-synexis-1.jpg 530w, https:\/\/konferenztechnik.de\/wp-content\/uploads\/2017\/03\/fuehrungsanlagen-mieten-berlin-synexis-1-300x222.jpg 300w\" sizes=\"(max-width: 530px) 100vw, 530px\" \/><\/a><br \/>\n[clear]<br \/>\n[list icon=\"moon-checkmark\" colour=\"#a62055\u2033]Diversos escenarios de aplicaci\u00f3n[\/list]<br \/>\n[list icon=\"moon-checkmark\" colour=\"#a62055\u2033]Hasta ocho canales\/grupos en paralelo[\/list]<br \/>\n[list icon=\"moon-checkmark\" colour=\"#a62055\u2033]Auriculares o cascos monoaurales[\/list]<br \/>\n<a class=\"weiter\" href=\"https:\/\/konferenztechnik.de\/es\/alquiler-de-equipos-para-conferencias\/sistemas-de-guiado\/\">\u203a M\u00e1s<\/a><\/div>\n<div class=\"newskasten\"><a href=\"https:\/\/konferenztechnik.de\/es\/alquiler-de-equipos-para-conferencias\/sistemas-de-interpretacion\/\">Cabinas de int\u00e9rprete<br \/>\n<img decoding=\"async\" src=\"https:\/\/konferenztechnik.de\/wp-content\/uploads\/2017\/03\/dolmetscherkabinen-mieten.jpg\" alt=\"alquiler de cabinas de interpretaci\u00f3n\" class=\"alignnone size-full wp-image-9535\" title=\"\"><\/a><br \/>\n[clear]<br \/>\n[list icon=\"moon-checkmark\" colour=\"#a62055\u2033]Para int\u00e9rpretes simult\u00e1neos[\/list]<br \/>\n[list icon=\"moon-checkmark\" colour=\"#a62055\u2033]conforme a la norma: certificado ISO[\/list]<br \/>\n[list icon=\"moon-checkmark\" colour=\"#a62055\u2033]Insonorizado[\/list]<br \/>\n<a class=\"weiter\" href=\"https:\/\/konferenztechnik.de\/es\/alquiler-de-equipos-para-conferencias\/sistemas-de-interpretacion\/\">\u203a M\u00e1s<\/a><\/div>\n<\/div>\n<h2>M\u00f3vil y flexible<\/h2>\n<p>Nuestros sistemas de guiado de peatones son m\u00f3viles y de uso flexible. En PCS no existe una cantidad m\u00ednima de pedido; los clientes reciben de nosotros exactamente el n\u00famero de unidades que necesitan. Estaremos encantados de asesorarle al respecto.<br \/>\nLos ALP constan b\u00e1sicamente de un micr\u00f3fono transmisor y receptores. De este modo, las contribuciones de un orador pueden transmitirse de forma \u00f3ptima a un grupo con varios participantes, es f\u00e1cil de entender \u2013 incluso con ruido de la calle o ruidos fuertes de producci\u00f3n. Se pueden utilizar en paralelo varios micr\u00f3fonos y, por tanto, varios grupos. Puede utilizarse tanto para grupos muy peque\u00f1os como para grupos grandes.<\/p>\n<h2>Siempre bien mantenidos y listos para su uso inmediato<\/h2>\n<p>Nuestros sistemas de guiado de pasajeros est\u00e1n siempre \"listos para funcionar\", es decir, listos para su uso inmediato. Antes de que los sistemas salgan de nuestro almac\u00e9n, se realiza una prueba de funcionamiento exhaustiva. Todas las bater\u00edas son nuevas y est\u00e1n totalmente cargadas. Por supuesto, los dispositivos se limpian higi\u00e9nicamente antes de su uso. Para que pueda empezar a trabajar de inmediato y concentrarse plenamente en su evento.<\/p>\n<h2>Servicio y asistencia<\/h2>\n<p>Nos encargamos de toda la log\u00edstica de transporte. S\u00f3lo tiene que decirnos cu\u00e1ndo y d\u00f3nde quiere que le entreguemos el sistema. Le enviaremos el sistema puntualmente por mensajer\u00eda y volveremos a recogerlo en el lugar que desee. Y, por supuesto, en todo el pa\u00eds.<br \/>\nSi necesita ayuda para utilizar el sistema, nuestros t\u00e9cnicos cualificados estar\u00e1n encantados de proporcionarle asistencia telef\u00f3nica \u2013 naturalmente ofrecemos una l\u00ednea de atenci\u00f3n 24 horas.<\/p>\n<p>[spacer size=\"20\u2033]<br \/>\n[callout add_button=\"no\" button_text=\"M\u00e1s informaci\u00f3n\" button_url=\"#\" button_color=\"#a62055\u2033]<\/p>\n<h2>Nuestros contactos locales:<\/h2>\n<div class=\"tagcloud\">\n<a href=\"https:\/\/konferenztechnik.de\/es\/alquiler-de-sistemas-de-guiado-augsburg\/\">Augsburgo <\/a><a href=\"https:\/\/konferenztechnik.de\/es\/alquiler-de-sistemas-de-guiado-berlin\/\">Berl\u00edn <\/a><a href=\"https:\/\/konferenztechnik.de\/es\/alquiler-de-sistemas-de-guiado-bielefeld\/\">Bielefeld <\/a><a href=\"https:\/\/konferenztechnik.de\/es\/alquiler-de-sistemas-de-guiado-en-bonn\/\">Bonn <\/a><a href=\"https:\/\/konferenztechnik.de\/es\/alquiler-de-sistemas-de-guiado-brandenburgo\/\">Brandemburgo <\/a><a href=\"https:\/\/konferenztechnik.de\/es\/sistemas-de-guia-de-alquiler-dortmund\/\">Dortmund <\/a><a href=\"https:\/\/konferenztechnik.de\/es\/alquiler-de-sistemas-de-guiado-duisburg\/\">Duisburgo <\/a><a href=\"https:\/\/konferenztechnik.de\/es\/alquiler-de-sistemas-de-guiado-duesseldorf\/\">D\u00fcsseldorf <\/a><a href=\"https:\/\/konferenztechnik.de\/es\/sistemas-de-guia-de-alquiler-essen\/\">Alimentaci\u00f3n <\/a><a href=\"https:\/\/konferenztechnik.de\/es\/alquiler-de-sistemas-de-guiado-frankfurt-am-main\/\">Fr\u00e1ncfort del Meno <\/a><a href=\"https:\/\/konferenztechnik.de\/es\/alquiler-de-sistemas-de-guiado-freising\/\">Freising <\/a><a href=\"https:\/\/konferenztechnik.de\/es\/alquiler-de-sistemas-de-guiado-friedrichshafen\/\">Friedrichshafen <\/a><a href=\"https:\/\/konferenztechnik.de\/es\/alquiler-de-sistemas-de-guiado-fuerstenfeldbruck\/\">Puente de F\u00fcrstenfeld <\/a><a href=\"https:\/\/konferenztechnik.de\/es\/alquiler-de-sistemas-de-guiado-en-garching\/\">Garching <\/a><a href=\"https:\/\/konferenztechnik.de\/es\/alquiler-de-sistemas-de-guiado-garmisch-partenkirchen\/\">Garmisch-Partenkirchen <\/a><a href=\"https:\/\/konferenztechnik.de\/es\/alquiler-de-sistemas-de-guiado-en-hamburgo\/\">Hamburgo <\/a><a href=\"https:\/\/konferenztechnik.de\/es\/sistemas-de-guiado-de-alquiler-heidelberg\/\">Heidelberg <\/a><a href=\"https:\/\/konferenztechnik.de\/es\/alquiler-de-sistemas-de-guiado-heilbronn\/\">Heilbronn <\/a><a href=\"https:\/\/konferenztechnik.de\/es\/alquiler-de-sistemas-de-guia-en-innsbruck\/\">Innsbruck <\/a><a href=\"https:\/\/konferenztechnik.de\/es\/alquiler-de-sistemas-de-guiado-karlsruhe\/\">Karlsruhe <\/a><a href=\"https:\/\/konferenztechnik.de\/es\/alquiler-sistemas-de-guiado-kassel\/\">Kassel <\/a><a href=\"https:\/\/konferenztechnik.de\/es\/sistemas-de-guia-de-alquiler-kempten\/\">Kempten <\/a><a href=\"https:\/\/konferenztechnik.de\/es\/alquiler-sistemas-de-guiado-colonia\/\">Colonia <\/a><a href=\"https:\/\/konferenztechnik.de\/es\/sistemas-de-guiado-en-alquiler-landsberg\/\">Landsberg <\/a><a href=\"https:\/\/konferenztechnik.de\/es\/alquiler-sistemas-de-guiado-leipzig\/\">Leipzig <\/a><a href=\"https:\/\/konferenztechnik.de\/es\/alquiler-de-sistemas-de-guiado-lindau\/\">Lindau <\/a><a href=\"https:\/\/konferenztechnik.de\/es\/alquiler-sistemas-de-guiado-mannheim\/\">Mannheim <\/a><a href=\"https:\/\/konferenztechnik.de\/es\/sistemas-de-guia-de-alquiler-munich\/\">M\u00fanich <\/a><a href=\"https:\/\/konferenztechnik.de\/es\/alquiler-de-sistemas-de-guiado-muenster\/\">Minster <\/a><a href=\"https:\/\/konferenztechnik.de\/es\/alquiler-de-sistemas-de-guiado-nuremberg\/\">Nuremberg <\/a><a href=\"https:\/\/konferenztechnik.de\/es\/alquiler-de-sistemas-de-guiado-passau\/\">Passau <\/a><a href=\"https:\/\/konferenztechnik.de\/es\/sistemas-de-guiado-en-alquiler-potsdam\/\">Potsdam <\/a><a href=\"https:\/\/konferenztechnik.de\/es\/sistemas-de-guia-de-alquiler-regensburg\/\">Ratisbona <\/a><a href=\"https:\/\/konferenztechnik.de\/es\/alquiler-de-sistemas-de-guiado-rosenheim\/\">Rosenheim <\/a><a href=\"https:\/\/konferenztechnik.de\/es\/alquiler-de-sistemas-de-guiado-rostock\/\">Rostock <\/a><a href=\"https:\/\/konferenztechnik.de\/es\/alquiler-de-sistemas-de-guiado-stuttgart\/\">Stuttgart <\/a><a href=\"https:\/\/konferenztechnik.de\/es\/sistemas-de-guiado-de-alquiler-ulm\/\">Ulm <\/a><a href=\"https:\/\/konferenztechnik.de\/es\/alquiler-de-sistemas-de-guiado-wolfsburg\/\">Wolfsburgo <\/a><a href=\"https:\/\/konferenztechnik.de\/es\/alquiler-de-sistemas-de-guiado-wuerzburgo\/\">W\u00fcrzburg <\/a><\/div>\n<p>[\/callout]<br \/>\n[spacer size=\"20\u2033]<\/p>\n<div class=\"sidebar-line\">\n<span><\/span><\/div>\n<p>[spacer size=\"20\u2033]<\/p>\n<div class=\"leistungen-menu\">\n[column size=\"1-4\u2033 last=\"1\u2033]<\/p>\n<h3>Alquiler de sistemas de gu\u00edas<\/h3>\n<p>[menu theme_location='dolmetschertechnik-mieten-stuttgart']<br \/>\n[\/columna]<\/p>\n<p>[column size=\"1-4\u2033 last=\"1\u2033]<\/p>\n<h3>Comprar sistema de gu\u00edas<\/h3>\n<p>[menu theme_location='dolmetschertechnik-mieten-stuttgart-2\u2032]<br \/>\n[\/columna]<\/p>\n<p>[column size=\"1-4\u2033 last=\"1\u2033]<\/p>\n<h3>Instalaci\u00f3n e integraci\u00f3n<\/h3>\n<p>[menu theme_location='dolmetschertechnik-mieten-stuttgart-3\u2032]<br \/>\n[\/columna]<\/p>\n<p>[column size=\"1-4\u2033 last=\"1\u2033]<\/p>\n<h3 >Tecnolog\u00eda de conferencias PCS<\/h3>\n<p>[menu theme_location='dolmetschertechnik-mieten-stuttgart-4\u2032]<br \/>\n[\/columna]<\/p>\n<\/div>","protected":false},"excerpt":{"rendered":"<p>Personenf\u00fchrungsanlage mieten: Tourguide-Systeme, F\u00fchrungsanlagen, PFAs schnell und flexibel leihen [spacer size=&#8220;20&#8243;] Angebot anfordern, in einer Stunde bei Ihnen! &#x9B; Personenf\u00fchrungsanlagen mieten funktioniert v\u00f6llig unkompliziert: Bei PCS k\u00f6nnen Sie Tourguide-Systeme, F\u00fchrungsanlagen, Fl\u00fcsteranlagen oder PFAs einfach und schnell mieten. Die Personenf\u00fchrungsanlagen sind geeignet f\u00fcr Werksf\u00fchrungen, Stadtf\u00fchrungen &#8211; also F\u00fchrungen aller Art. Auch der Einsatz beim Fl\u00fcsterdolmetschen ist [&hellip;]<\/p>","protected":false},"author":1,"featured_media":45482,"parent":0,"menu_order":0,"comment_status":"closed","ping_status":"closed","template":"","meta":{"_acf_changed":false,"footnotes":""},"class_list":["post-10769","page","type-page","status-publish","has-post-thumbnail","hentry"],"acf":[],"_links":{"self":[{"href":"https:\/\/konferenztechnik.de\/es\/wp-json\/wp\/v2\/pages\/10769","targetHints":{"allow":["GET"]}}],"collection":[{"href":"https:\/\/konferenztechnik.de\/es\/wp-json\/wp\/v2\/pages"}],"about":[{"href":"https:\/\/konferenztechnik.de\/es\/wp-json\/wp\/v2\/types\/page"}],"author":[{"embeddable":true,"href":"https:\/\/konferenztechnik.de\/es\/wp-json\/wp\/v2\/users\/1"}],"replies":[{"embeddable":true,"href":"https:\/\/konferenztechnik.de\/es\/wp-json\/wp\/v2\/comments?post=10769"}],"version-history":[{"count":0,"href":"https:\/\/konferenztechnik.de\/es\/wp-json\/wp\/v2\/pages\/10769\/revisions"}],"wp:featuredmedia":[{"embeddable":true,"href":"https:\/\/konferenztechnik.de\/es\/wp-json\/wp\/v2\/media\/45482"}],"wp:attachment":[{"href":"https:\/\/konferenztechnik.de\/es\/wp-json\/wp\/v2\/media?parent=10769"}],"curies":[{"name":"wp","href":"https:\/\/api.w.org\/{rel}","templated":true}]}}