{"id":11157,"date":"2017-08-30T11:05:27","date_gmt":"2017-08-30T09:05:27","guid":{"rendered":"https:\/\/www.konferenztechnik.de\/?page_id=11157\/"},"modified":"2023-10-04T13:29:01","modified_gmt":"2023-10-04T11:29:01","slug":"alquiler-de-puestos-de-interfonia-leipzig","status":"publish","type":"page","link":"https:\/\/konferenztechnik.de\/es\/alquiler-de-puestos-de-interfonia-leipzig\/","title":{"rendered":"Alquiler de puestos de interfon\u00eda Leipzig"},"content":{"rendered":"<div data-elementor-type=\"wp-page\" data-elementor-id=\"11157\" class=\"elementor elementor-11157\" data-elementor-post-type=\"page\">\n\t\t\t\t<div data-particle_enable=\"false\" data-particle-mobile-disabled=\"false\" class=\"elementor-element elementor-element-18940835 e-flex e-con-boxed e-con e-parent\" data-id=\"18940835\" data-element_type=\"container\">\n\t\t\t\t\t<div class=\"e-con-inner\">\n\t\t\t\t<div class=\"elementor-element elementor-element-3619efa6 elementor-widget elementor-widget-heading\" data-id=\"3619efa6\" data-element_type=\"widget\" data-settings=\"{&quot;_animation&quot;:&quot;none&quot;}\" data-widget_type=\"heading.default\">\n\t\t\t\t<div class=\"elementor-widget-container\">\n\t\t\t\t\t<h1 class=\"elementor-heading-title elementor-size-default\">Alquiler de unidades de microfon\u00eda en Leipzig, sistemas de debate inal\u00e1mbricos y con cable y sistemas de conferencia<\/h1>\t\t\t\t<\/div>\n\t\t\t\t<\/div>\n\t\t\t\t<div class=\"elementor-element elementor-element-1441d029 elementor-widget-widescreen__width-inherit elementor-widget elementor-widget-image\" data-id=\"1441d029\" data-element_type=\"widget\" data-widget_type=\"image.default\">\n\t\t\t\t<div class=\"elementor-widget-container\">\n\t\t\t\t\t\t\t\t\t\t\t\t\t\t\t<img fetchpriority=\"high\" decoding=\"async\" width=\"1200\" height=\"450\" src=\"https:\/\/konferenztechnik.de\/wp-content\/uploads\/2017\/05\/veranstaltungstechnik-leipzig.jpg\" class=\"attachment-full size-full wp-image-10180\" alt=\"\" srcset=\"https:\/\/konferenztechnik.de\/wp-content\/uploads\/2017\/05\/veranstaltungstechnik-leipzig.jpg 1200w, https:\/\/konferenztechnik.de\/wp-content\/uploads\/2017\/05\/veranstaltungstechnik-leipzig-300x113.jpg 300w, https:\/\/konferenztechnik.de\/wp-content\/uploads\/2017\/05\/veranstaltungstechnik-leipzig-1024x384.jpg 1024w, https:\/\/konferenztechnik.de\/wp-content\/uploads\/2017\/05\/veranstaltungstechnik-leipzig-768x288.jpg 768w\" sizes=\"(max-width: 1200px) 100vw, 1200px\" title=\"\">\t\t\t\t\t\t\t\t\t\t\t\t\t\t\t<\/div>\n\t\t\t\t<\/div>\n\t\t<div data-particle_enable=\"false\" data-particle-mobile-disabled=\"false\" class=\"elementor-element elementor-element-535dc426 e-flex e-con-boxed e-con e-child\" data-id=\"535dc426\" data-element_type=\"container\">\n\t\t\t\t\t<div class=\"e-con-inner\">\n\t\t\t\t<div class=\"elementor-element elementor-element-55b68b74 elementor-align-left elementor-widget elementor-widget-button\" data-id=\"55b68b74\" data-element_type=\"widget\" data-widget_type=\"button.default\">\n\t\t\t\t<div class=\"elementor-widget-container\">\n\t\t\t\t\t\t\t\t\t<div class=\"elementor-button-wrapper\">\n\t\t\t\t\t<a class=\"elementor-button elementor-button-link elementor-size-lg\" href=\"#serviceteam\">\n\t\t\t\t\t\t<span class=\"elementor-button-content-wrapper\">\n\t\t\t\t\t\t<span class=\"elementor-button-icon\">\n\t\t\t\t<svg aria-hidden=\"true\" class=\"e-font-icon-svg e-far-arrow-alt-circle-down\" viewbox=\"0 0 512 512\" xmlns=\"http:\/\/www.w3.org\/2000\/svg\"><path d=\"M256 8C119 8 8 119 8 256s111 248 248 248 248-111 248-248S393 8 256 8zm0 448c-110.5 0-200-89.5-200-200S145.5 56 256 56s200 89.5 200 200-89.5 200-200 200zm-32-316v116h-67c-10.7 0-16 12.9-8.5 20.5l99 99c4.7 4.7 12.3 4.7 17 0l99-99c7.6-7.6 2.2-20.5-8.5-20.5h-67V140c0-6.6-5.4-12-12-12h-40c-6.6 0-12 5.4-12 12z\"><\/path><\/svg>\t\t\t<\/span>\n\t\t\t\t\t\t\t\t\t<span class=\"elementor-button-text\">Solicitar informaci\u00f3n<\/span>\n\t\t\t\t\t<\/span>\n\t\t\t\t\t<\/a>\n\t\t\t\t<\/div>\n\t\t\t\t\t\t\t\t<\/div>\n\t\t\t\t<\/div>\n\t\t\t\t\t<\/div>\n\t\t\t\t<\/div>\n\t\t<div data-particle_enable=\"false\" data-particle-mobile-disabled=\"false\" class=\"elementor-element elementor-element-578f2c21 e-flex e-con-boxed e-con e-child\" data-id=\"578f2c21\" data-element_type=\"container\">\n\t\t\t\t\t<div class=\"e-con-inner\">\n\t\t\t\t<div class=\"elementor-element elementor-element-4300c465 elementor-widget elementor-widget-shortcode\" data-id=\"4300c465\" data-element_type=\"widget\" data-widget_type=\"shortcode.default\">\n\t\t\t\t<div class=\"elementor-widget-container\">\n\t\t\t\t\t\t\t<div class=\"elementor-shortcode\">\t\t<div data-elementor-type=\"section\" data-elementor-id=\"37185\" class=\"elementor elementor-37185\" data-elementor-post-type=\"elementor_library\">\n\t\t\t<div data-particle_enable=\"false\" data-particle-mobile-disabled=\"false\" class=\"elementor-element elementor-element-26482db e-flex e-con-boxed e-con e-parent\" data-id=\"26482db\" data-element_type=\"container\">\n\t\t\t\t\t<div class=\"e-con-inner\">\n\t\t\t\t<div class=\"elementor-element elementor-element-d8130b9 elementor-widget__width-inherit elementor-widget elementor-widget-eael-post-list\" data-id=\"d8130b9\" data-element_type=\"widget\" data-settings=\"{&quot;_animation&quot;:&quot;none&quot;}\" data-widget_type=\"eael-post-list.default\">\n\t\t\t\t<div class=\"elementor-widget-container\">\n\t\t\t\t\t<div class=\"eael-post-list-container advanced layout-advanced\"><div class=\"eael-post-list-wrap\"><div class=\"eael-post-list-posts-wrap eael-post-appender eael-post-appender-d8130b9\"><div class=\"eael-post-list-post\"><div class=\"eael-post-list-post-inner\"><div class=\"eael-post-list-thumbnail\"><a href=\"https:\/\/konferenztechnik.de\/es\/sistema-de-debate-televic-confidea-g4\/\">\n                <img decoding=\"async\" src=\"https:\/\/konferenztechnik.de\/wp-content\/uploads\/2023\/06\/televic-confidea-g4-1.jpg\" alt=\"Puesto de teleconferencia inal\u00e1mbrico tipo Televic Confidea G4\" title=\"\">\n            <\/a><\/div><div class=\"eael-post-list-content\"><h3 class=\"eael-post-list-title\"><a href=\"https:\/\/konferenztechnik.de\/es\/sistema-de-debate-televic-confidea-g4\/\" >Televic Confidea G4 \u2013 Unidad de debate<\/a><\/h3><p>El sistema de conferencia inal\u00e1mbrico Confidea G4 es el predecesor del sistema Flex y...<\/p><a href=\"https:\/\/konferenztechnik.de\/es\/sistema-de-debate-televic-confidea-g4\/\" class=\"eael-post-elements-readmore-btn\" >\u203a m\u00e1s<\/a><div class=\"boxed-meta\"><\/div><\/div><\/div><\/div><div class=\"eael-post-list-post\"><div class=\"eael-post-list-post-inner\"><div class=\"eael-post-list-thumbnail\"><a href=\"https:\/\/konferenztechnik.de\/es\/sistema-de-debate-completo-shure-microflex\/\">\n                <img decoding=\"async\" src=\"https:\/\/konferenztechnik.de\/wp-content\/uploads\/2023\/07\/shure-microflex-sprechstellen-jpg.webp\" alt=\"Unidad de micr\u00f3fono de la serie Microflex de Shure\" title=\"\">\n            <\/a><\/div><div class=\"eael-post-list-content\"><h3 class=\"eael-post-list-title\"><a href=\"https:\/\/konferenztechnik.de\/es\/sistema-de-debate-completo-shure-microflex\/\" >Sistema de debate Shure Microflex Complete \u2013<\/a><\/h3><p>El dise\u00f1o moderno y sencillo es elegante y discreto, y encaja bien con...<\/p><a href=\"https:\/\/konferenztechnik.de\/es\/sistema-de-debate-completo-shure-microflex\/\" class=\"eael-post-elements-readmore-btn\" >\u203a m\u00e1s<\/a><div class=\"boxed-meta\"><\/div><\/div><\/div><\/div><div class=\"eael-post-list-post\"><div class=\"eael-post-list-post-inner\"><div class=\"eael-post-list-thumbnail\"><a href=\"https:\/\/konferenztechnik.de\/es\/sistema-de-debate-televic-confidea-flex\/\">\n                <img decoding=\"async\" src=\"https:\/\/konferenztechnik.de\/wp-content\/uploads\/2022\/06\/televic-confidea-flex.jpg\" alt=\"Unidad de conferencia inal\u00e1mbrica Televic Confidea Flex\" title=\"\">\n            <\/a><\/div><div class=\"eael-post-list-content\"><h3 class=\"eael-post-list-title\"><a href=\"https:\/\/konferenztechnik.de\/es\/sistema-de-debate-televic-confidea-flex\/\" >Televic Confidea Flex \u2013 Unidad de debate<\/a><\/h3><p>El sistema Confidea Flex puede adaptarse f\u00e1cilmente a una amplia gama de escenarios de aplicaci\u00f3n. Desde...<\/p><a href=\"https:\/\/konferenztechnik.de\/es\/sistema-de-debate-televic-confidea-flex\/\" class=\"eael-post-elements-readmore-btn\" >\u203a m\u00e1s<\/a><div class=\"boxed-meta\"><\/div><\/div><\/div><\/div><div class=\"eael-post-list-post\"><div class=\"eael-post-list-post-inner\"><div class=\"eael-post-list-thumbnail\"><a href=\"https:\/\/konferenztechnik.de\/es\/sistema-de-debate-bosch-dicentis\/\">\n                <img decoding=\"async\" src=\"https:\/\/konferenztechnik.de\/wp-content\/uploads\/2022\/06\/bosch-dicentis-sprechstelle.jpg\" alt=\"Unidad de micr\u00f3fono de conferencia Dicentis de Bosch con micr\u00f3fono de cuello de cisne y una peque\u00f1a pantalla para informaci\u00f3n adicional e introducci\u00f3n de datos\" title=\"\">\n            <\/a><\/div><div class=\"eael-post-list-content\"><h3 class=\"eael-post-list-title\"><a href=\"https:\/\/konferenztechnik.de\/es\/sistema-de-debate-bosch-dicentis\/\" >Bosch Dicentis \u2013 Unidad de debate<\/a><\/h3><p>Gracias a su gran flexibilidad y sencilla instalaci\u00f3n, el sistema de conferencias inal\u00e1mbrico DICENTIS...<\/p><a href=\"https:\/\/konferenztechnik.de\/es\/sistema-de-debate-bosch-dicentis\/\" class=\"eael-post-elements-readmore-btn\" >\u203a m\u00e1s<\/a><div class=\"boxed-meta\"><\/div><\/div><\/div><\/div><div class=\"eael-post-list-post\"><div class=\"eael-post-list-post-inner\"><div class=\"eael-post-list-thumbnail\"><a href=\"https:\/\/konferenztechnik.de\/es\/sistema-de-debate-sennheiser-adn\/\">\n                <img decoding=\"async\" src=\"https:\/\/konferenztechnik.de\/wp-content\/uploads\/2022\/06\/sennheiser-adn.jpg\" alt=\"Unidad de conferencia inal\u00e1mbrica ADN de Sennheiser\" title=\"\">\n            <\/a><\/div><div class=\"eael-post-list-content\"><h3 class=\"eael-post-list-title\"><a href=\"https:\/\/konferenztechnik.de\/es\/sistema-de-debate-sennheiser-adn\/\" >Sennheiser ADN \u2013 Sistema de debate<\/a><\/h3><p>El sistema de conferencias ADN est\u00e1 equipado con una eficaz supresi\u00f3n de la retroalimentaci\u00f3n. Se...<\/p><a href=\"https:\/\/konferenztechnik.de\/es\/sistema-de-debate-sennheiser-adn\/\" class=\"eael-post-elements-readmore-btn\" >\u203a m\u00e1s<\/a><div class=\"boxed-meta\"><\/div><\/div><\/div><\/div><div class=\"eael-post-list-post\"><div class=\"eael-post-list-post-inner\"><div class=\"eael-post-list-thumbnail\"><a href=\"https:\/\/konferenztechnik.de\/es\/sistema-de-debate-beyerdynamic-quinta\/\">\n                <img decoding=\"async\" src=\"https:\/\/konferenztechnik.de\/wp-content\/uploads\/2022\/06\/beyerdynamic-quinta.jpg\" alt=\"Unidad de micr\u00f3fono de conferencia Beyerdynamic Quinta, inal\u00e1mbrica, con micr\u00f3fono de cuello de cisne\" title=\"\">\n            <\/a><\/div><div class=\"eael-post-list-content\"><h3 class=\"eael-post-list-title\"><a href=\"https:\/\/konferenztechnik.de\/es\/sistema-de-debate-beyerdynamic-quinta\/\" >Beyerdynamic Quinta \u2013 Sistema de debate<\/a><\/h3><p>El sistema Quinta de Beyerdynamic est\u00e1 dise\u00f1ado para reuniones, conferencias, videoconferencias y ruedas de prensa, salas de vistas...<\/p><a href=\"https:\/\/konferenztechnik.de\/es\/sistema-de-debate-beyerdynamic-quinta\/\" class=\"eael-post-elements-readmore-btn\" >\u203a m\u00e1s<\/a><div class=\"boxed-meta\"><\/div><\/div><\/div><\/div><div class=\"eael-post-list-post\"><div class=\"eael-post-list-post-inner\"><div class=\"eael-post-list-thumbnail\"><a href=\"https:\/\/konferenztechnik.de\/es\/sistema-de-debate-bosch\/\">\n                <img decoding=\"async\" src=\"https:\/\/konferenztechnik.de\/wp-content\/uploads\/2023\/06\/bosch-discussion-NG.jpg\" alt=\"Unidad de micr\u00f3fono Bosch Discussion Next Generation con selector de idiomas para llamar a idiomas interpretados en la unidad de micr\u00f3fono\" title=\"\">\n            <\/a><\/div><div class=\"eael-post-list-content\"><h3 class=\"eael-post-list-title\"><a href=\"https:\/\/konferenztechnik.de\/es\/sistema-de-debate-bosch\/\" >Bosch Discussion \u2013 Unidad de debate<\/a><\/h3><p>Las soluciones de conferencia de DCN se caracterizan por su versatilidad y ofrecen una alta calidad de audio y...<\/p><a href=\"https:\/\/konferenztechnik.de\/es\/sistema-de-debate-bosch\/\" class=\"eael-post-elements-readmore-btn\" >\u203a m\u00e1s<\/a><div class=\"boxed-meta\"><\/div><\/div><\/div><\/div><div class=\"eael-post-list-post\"><div class=\"eael-post-list-post-inner\"><div class=\"eael-post-list-thumbnail\"><a href=\"https:\/\/konferenztechnik.de\/es\/bosch-ccs-1000-d-unidad-de-discusion\/\">\n                <img decoding=\"async\" src=\"https:\/\/konferenztechnik.de\/wp-content\/uploads\/2023\/06\/sennheiser-ccs-1000-d.jpg\" alt=\"Estaci\u00f3n de micr\u00f3fono tipo Bosch CCS 1000 d\" title=\"\">\n            <\/a><\/div><div class=\"eael-post-list-content\"><h3 class=\"eael-post-list-title\"><a href=\"https:\/\/konferenztechnik.de\/es\/bosch-ccs-1000-d-unidad-de-discusion\/\" >BOSCH CCS 1000 D \u2013 Unidad de debate<\/a><\/h3><p>La CCS 1000 D impresiona por su sencillez sin renunciar a las innovaciones t\u00e9cnicas.<\/p><a href=\"https:\/\/konferenztechnik.de\/es\/bosch-ccs-1000-d-unidad-de-discusion\/\" class=\"eael-post-elements-readmore-btn\" >\u203a m\u00e1s<\/a><div class=\"boxed-meta\"><\/div><\/div><\/div><\/div><\/div><\/div>\n\t\t<\/div>\t\t\t\t<\/div>\n\t\t\t\t<\/div>\n\t\t\t\t\t<\/div>\n\t\t\t\t<\/div>\n\t\t\t\t<\/div>\n\t\t<\/div>\n\t\t\t\t\t\t<\/div>\n\t\t\t\t<\/div>\n\t\t\t\t\t<\/div>\n\t\t\t\t<\/div>\n\t\t\t\t\t<\/div>\n\t\t\t\t<\/div>\n\t\t<div data-particle_enable=\"false\" data-particle-mobile-disabled=\"false\" class=\"elementor-element elementor-element-4f66fb64 e-flex e-con-boxed e-con e-parent\" data-id=\"4f66fb64\" data-element_type=\"container\">\n\t\t\t\t\t<div class=\"e-con-inner\">\n\t\t\t\t<div class=\"elementor-element elementor-element-d37c85b elementor-widget__width-initial elementor-widget elementor-widget-text-editor\" data-id=\"d37c85b\" data-element_type=\"widget\" data-widget_type=\"text-editor.default\">\n\t\t\t\t<div class=\"elementor-widget-container\">\n\t\t\t\t\t\t\t\t\t<p>Leipzig es una ciudad vibrante y con estilo que hace tiempo que ha dejado de ser un secreto a voces para los organizadores de congresos y conferencias. \u00bfEst\u00e1 usted tambi\u00e9n planeando un evento en Leipzig y busca un sistema de conferencias adecuado con unidades de micr\u00f3fono y micr\u00f3fonos de mesa para una comunicaci\u00f3n \u00f3ptima entre sus invitados y participantes? Entonces ha llegado al lugar adecuado.<\/p><p>\u00a0<\/p><p>PCS es un proveedor de calidad de tecnolog\u00eda para conferencias desde hace m\u00e1s de 20 a\u00f1os. Puede alquilarnos c\u00f3modamente unidades de micr\u00f3fono y otros sistemas de conferencia para su evento en Leipzig. Nos encargamos de todo, desde la entrega y la instalaci\u00f3n hasta la asistencia y la recogida del equipo en el lugar de la conferencia, para que usted pueda concentrarse en lo esencial: la realizaci\u00f3n con \u00e9xito de su evento.<\/p>\t\t\t\t\t\t\t\t<\/div>\n\t\t\t\t<\/div>\n\t\t\t\t<div class=\"elementor-element elementor-element-39fc6ac5 elementor-widget__width-initial elementor-widget elementor-widget-heading\" data-id=\"39fc6ac5\" data-element_type=\"widget\" data-settings=\"{&quot;_animation&quot;:&quot;none&quot;}\" data-widget_type=\"heading.default\">\n\t\t\t\t<div class=\"elementor-widget-container\">\n\t\t\t\t\t<h2 class=\"elementor-heading-title elementor-size-default\">Fiables y profesionales: puede contratar estos sistemas con nosotros<\/h2>\t\t\t\t<\/div>\n\t\t\t\t<\/div>\n\t\t\t\t<div class=\"elementor-element elementor-element-42bc0dfd elementor-widget elementor-widget-image\" data-id=\"42bc0dfd\" data-element_type=\"widget\" data-widget_type=\"image.default\">\n\t\t\t\t<div class=\"elementor-widget-container\">\n\t\t\t\t\t\t\t\t\t\t\t\t\t\t\t<img decoding=\"async\" width=\"2550\" height=\"1074\" src=\"https:\/\/konferenztechnik.de\/wp-content\/uploads\/2023\/07\/sprechstellen-mieten-pcs-konferenztechnik-jpg.webp\" class=\"attachment-full size-full wp-image-37195\" alt=\"Vista de una fila de mesas de conferencias preparadas para una reuni\u00f3n, provistas de material de escritura, bebidas y unidades de micr\u00f3fono inal\u00e1mbrico para conferencias: todo parece listo para una conferencia.\" srcset=\"https:\/\/konferenztechnik.de\/wp-content\/uploads\/2023\/07\/sprechstellen-mieten-pcs-konferenztechnik-jpg.webp 2550w, https:\/\/konferenztechnik.de\/wp-content\/uploads\/2023\/07\/sprechstellen-mieten-pcs-konferenztechnik-300x126.webp 300w, https:\/\/konferenztechnik.de\/wp-content\/uploads\/2023\/07\/sprechstellen-mieten-pcs-konferenztechnik-1024x431.webp 1024w, https:\/\/konferenztechnik.de\/wp-content\/uploads\/2023\/07\/sprechstellen-mieten-pcs-konferenztechnik-768x323.webp 768w, https:\/\/konferenztechnik.de\/wp-content\/uploads\/2023\/07\/sprechstellen-mieten-pcs-konferenztechnik-1536x647.webp 1536w, https:\/\/konferenztechnik.de\/wp-content\/uploads\/2023\/07\/sprechstellen-mieten-pcs-konferenztechnik-2048x863.webp 2048w, https:\/\/konferenztechnik.de\/wp-content\/uploads\/2023\/07\/sprechstellen-mieten-pcs-konferenztechnik-18x8.webp 18w\" sizes=\"(max-width: 2550px) 100vw, 2550px\" title=\"\">\t\t\t\t\t\t\t\t\t\t\t\t\t\t\t<\/div>\n\t\t\t\t<\/div>\n\t\t\t\t<div class=\"elementor-element elementor-element-77411fe2 elementor-align-right elementor-mobile-align-center elementor-widget elementor-widget-button\" data-id=\"77411fe2\" data-element_type=\"widget\" data-widget_type=\"button.default\">\n\t\t\t\t<div class=\"elementor-widget-container\">\n\t\t\t\t\t\t\t\t\t<div class=\"elementor-button-wrapper\">\n\t\t\t\t\t<a class=\"elementor-button elementor-button-link elementor-size-lg\" href=\"#serviceteam\">\n\t\t\t\t\t\t<span class=\"elementor-button-content-wrapper\">\n\t\t\t\t\t\t<span class=\"elementor-button-icon\">\n\t\t\t\t<svg aria-hidden=\"true\" class=\"e-font-icon-svg e-far-arrow-alt-circle-down\" viewbox=\"0 0 512 512\" xmlns=\"http:\/\/www.w3.org\/2000\/svg\"><path d=\"M256 8C119 8 8 119 8 256s111 248 248 248 248-111 248-248S393 8 256 8zm0 448c-110.5 0-200-89.5-200-200S145.5 56 256 56s200 89.5 200 200-89.5 200-200 200zm-32-316v116h-67c-10.7 0-16 12.9-8.5 20.5l99 99c4.7 4.7 12.3 4.7 17 0l99-99c7.6-7.6 2.2-20.5-8.5-20.5h-67V140c0-6.6-5.4-12-12-12h-40c-6.6 0-12 5.4-12 12z\"><\/path><\/svg>\t\t\t<\/span>\n\t\t\t\t\t\t\t\t\t<span class=\"elementor-button-text\">Solicitar informaci\u00f3n<\/span>\n\t\t\t\t\t<\/span>\n\t\t\t\t\t<\/a>\n\t\t\t\t<\/div>\n\t\t\t\t\t\t\t\t<\/div>\n\t\t\t\t<\/div>\n\t\t\t\t<div class=\"elementor-element elementor-element-fc8ea8c elementor-widget__width-inherit elementor-widget elementor-widget-text-editor\" data-id=\"fc8ea8c\" data-element_type=\"widget\" data-widget_type=\"text-editor.default\">\n\t\t\t\t<div class=\"elementor-widget-container\">\n\t\t\t\t\t\t\t\t\t<p>En nuestro almac\u00e9n de Berl\u00edn disponemos de un gran parque de alquiler con electrodom\u00e9sticos de fabricantes de marca como Bosch y Televic, entre otros:<\/p>\t\t\t\t\t\t\t\t<\/div>\n\t\t\t\t<\/div>\n\t\t\t\t<div class=\"elementor-element elementor-element-41841ca8 elementor-icon-list--layout-traditional elementor-list-item-link-full_width elementor-widget elementor-widget-icon-list\" data-id=\"41841ca8\" data-element_type=\"widget\" data-widget_type=\"icon-list.default\">\n\t\t\t\t<div class=\"elementor-widget-container\">\n\t\t\t\t\t\t\t<ul class=\"elementor-icon-list-items\">\n\t\t\t\t\t\t\t<li class=\"elementor-icon-list-item\">\n\t\t\t\t\t\t\t\t\t\t\t<a href=\"https:\/\/konferenztechnik.de\/es\/sistema-de-debate-bosch-dicentis\/\">\n\n\t\t\t\t\t\t\t\t\t\t\t\t<span class=\"elementor-icon-list-icon\">\n\t\t\t\t\t\t\t<svg aria-hidden=\"true\" class=\"e-font-icon-svg e-fas-check\" viewbox=\"0 0 512 512\" xmlns=\"http:\/\/www.w3.org\/2000\/svg\"><path d=\"M173.898 439.404l-166.4-166.4c-9.997-9.997-9.997-26.206 0-36.204l36.203-36.204c9.997-9.998 26.207-9.998 36.204 0L192 312.69 432.095 72.596c9.997-9.997 26.207-9.997 36.204 0l36.203 36.204c9.997 9.997 9.997 26.206 0 36.204l-294.4 294.401c-9.998 9.997-26.207 9.997-36.204-.001z\"><\/path><\/svg>\t\t\t\t\t\t<\/span>\n\t\t\t\t\t\t\t\t\t\t<span class=\"elementor-icon-list-text\">Bosch Dicentis unidades de micr\u00f3fono \u2013 Sistema de conferencia inal\u00e1mbrico<\/span>\n\t\t\t\t\t\t\t\t\t\t\t<\/a>\n\t\t\t\t\t\t\t\t\t<\/li>\n\t\t\t\t\t\t\t\t<li class=\"elementor-icon-list-item\">\n\t\t\t\t\t\t\t\t\t\t\t<a href=\"https:\/\/konferenztechnik.de\/es\/sistema-de-debate-televic-confidea-flex\/\">\n\n\t\t\t\t\t\t\t\t\t\t\t\t<span class=\"elementor-icon-list-icon\">\n\t\t\t\t\t\t\t<svg aria-hidden=\"true\" class=\"e-font-icon-svg e-fas-check\" viewbox=\"0 0 512 512\" xmlns=\"http:\/\/www.w3.org\/2000\/svg\"><path d=\"M173.898 439.404l-166.4-166.4c-9.997-9.997-9.997-26.206 0-36.204l36.203-36.204c9.997-9.998 26.207-9.998 36.204 0L192 312.69 432.095 72.596c9.997-9.997 26.207-9.997 36.204 0l36.203 36.204c9.997 9.997 9.997 26.206 0 36.204l-294.4 294.401c-9.998 9.997-26.207 9.997-36.204-.001z\"><\/path><\/svg>\t\t\t\t\t\t<\/span>\n\t\t\t\t\t\t\t\t\t\t<span class=\"elementor-icon-list-text\">Televic Confidea Flex unidades de micr\u00f3fono \u2013 Sistema de conferencia inal\u00e1mbrico<\/span>\n\t\t\t\t\t\t\t\t\t\t\t<\/a>\n\t\t\t\t\t\t\t\t\t<\/li>\n\t\t\t\t\t\t\t\t<li class=\"elementor-icon-list-item\">\n\t\t\t\t\t\t\t\t\t\t\t<a href=\"https:\/\/konferenztechnik.de\/es\/bosch-ccs-1000-d-unidad-de-discusion\/\">\n\n\t\t\t\t\t\t\t\t\t\t\t\t<span class=\"elementor-icon-list-icon\">\n\t\t\t\t\t\t\t<svg aria-hidden=\"true\" class=\"e-font-icon-svg e-fas-check\" viewbox=\"0 0 512 512\" xmlns=\"http:\/\/www.w3.org\/2000\/svg\"><path d=\"M173.898 439.404l-166.4-166.4c-9.997-9.997-9.997-26.206 0-36.204l36.203-36.204c9.997-9.998 26.207-9.998 36.204 0L192 312.69 432.095 72.596c9.997-9.997 26.207-9.997 36.204 0l36.203 36.204c9.997 9.997 9.997 26.206 0 36.204l-294.4 294.401c-9.998 9.997-26.207 9.997-36.204-.001z\"><\/path><\/svg>\t\t\t\t\t\t<\/span>\n\t\t\t\t\t\t\t\t\t\t<span class=\"elementor-icon-list-text\">BOSCH CCS 1000 D \u2013 Unidad de debate<\/span>\n\t\t\t\t\t\t\t\t\t\t\t<\/a>\n\t\t\t\t\t\t\t\t\t<\/li>\n\t\t\t\t\t\t\t\t<li class=\"elementor-icon-list-item\">\n\t\t\t\t\t\t\t\t\t\t\t<a href=\"https:\/\/konferenztechnik.de\/es\/sistema-de-debate-bosch\/\">\n\n\t\t\t\t\t\t\t\t\t\t\t\t<span class=\"elementor-icon-list-icon\">\n\t\t\t\t\t\t\t<svg aria-hidden=\"true\" class=\"e-font-icon-svg e-fas-check\" viewbox=\"0 0 512 512\" xmlns=\"http:\/\/www.w3.org\/2000\/svg\"><path d=\"M173.898 439.404l-166.4-166.4c-9.997-9.997-9.997-26.206 0-36.204l36.203-36.204c9.997-9.998 26.207-9.998 36.204 0L192 312.69 432.095 72.596c9.997-9.997 26.207-9.997 36.204 0l36.203 36.204c9.997 9.997 9.997 26.206 0 36.204l-294.4 294.401c-9.998 9.997-26.207 9.997-36.204-.001z\"><\/path><\/svg>\t\t\t\t\t\t<\/span>\n\t\t\t\t\t\t\t\t\t\t<span class=\"elementor-icon-list-text\">Bosch Unidades de micr\u00f3fono para debate \u2013 Sistema de conferencia con cable (incl. canales de interpretaci\u00f3n\/traducci\u00f3n)<\/span>\n\t\t\t\t\t\t\t\t\t\t\t<\/a>\n\t\t\t\t\t\t\t\t\t<\/li>\n\t\t\t\t\t\t\t\t<li class=\"elementor-icon-list-item\">\n\t\t\t\t\t\t\t\t\t\t\t<a href=\"https:\/\/konferenztechnik.de\/es\/sistemas-de-discusion-unidades-de-microfono-alquiler-compra-instalacion-alquiler\/\">\n\n\t\t\t\t\t\t\t\t\t\t\t\t<span class=\"elementor-icon-list-icon\">\n\t\t\t\t\t\t\t<svg aria-hidden=\"true\" class=\"e-font-icon-svg e-fas-check\" viewbox=\"0 0 512 512\" xmlns=\"http:\/\/www.w3.org\/2000\/svg\"><path d=\"M173.898 439.404l-166.4-166.4c-9.997-9.997-9.997-26.206 0-36.204l36.203-36.204c9.997-9.998 26.207-9.998 36.204 0L192 312.69 432.095 72.596c9.997-9.997 26.207-9.997 36.204 0l36.203 36.204c9.997 9.997 9.997 26.206 0 36.204l-294.4 294.401c-9.998 9.997-26.207 9.997-36.204-.001z\"><\/path><\/svg>\t\t\t\t\t\t<\/span>\n\t\t\t\t\t\t\t\t\t\t<span class=\"elementor-icon-list-text\">Y muchos m\u00e1s...<\/span>\n\t\t\t\t\t\t\t\t\t\t\t<\/a>\n\t\t\t\t\t\t\t\t\t<\/li>\n\t\t\t\t\t\t<\/ul>\n\t\t\t\t\t\t<\/div>\n\t\t\t\t<\/div>\n\t\t\t\t<div class=\"elementor-element elementor-element-eea87e0 elementor-widget__width-inherit elementor-widget elementor-widget-text-editor\" data-id=\"eea87e0\" data-element_type=\"widget\" data-widget_type=\"text-editor.default\">\n\t\t\t\t<div class=\"elementor-widget-container\">\n\t\t\t\t\t\t\t\t\t<p>Gracias a nuestro almac\u00e9n de entrega centralizado en Berl\u00edn, podemos ofrecerle una entrega r\u00e1pida y sin complicaciones en el lugar de su evento en Leipzig. Puede elegir entre unidades de micr\u00f3fono inal\u00e1mbricas o con cable, con altavoces integrados o para conectar a su sistema de sonido interno. Nuestros planificadores de proyectos estar\u00e1n encantados de asesorarle sobre las ventajas y desventajas de cada sistema. Juntos encontraremos la soluci\u00f3n adecuada para su evento en Leipzig.<\/p>\t\t\t\t\t\t\t\t<\/div>\n\t\t\t\t<\/div>\n\t\t\t\t<div class=\"elementor-element elementor-element-3ba1e475 elementor-widget elementor-widget-image\" data-id=\"3ba1e475\" data-element_type=\"widget\" data-widget_type=\"image.default\">\n\t\t\t\t<div class=\"elementor-widget-container\">\n\t\t\t\t\t\t\t\t\t\t\t\t\t\t\t<img decoding=\"async\" width=\"1200\" height=\"450\" src=\"https:\/\/konferenztechnik.de\/wp-content\/uploads\/2016\/10\/events-berlin.jpg\" class=\"attachment-full size-full wp-image-8486\" alt=\"\" srcset=\"https:\/\/konferenztechnik.de\/wp-content\/uploads\/2016\/10\/events-berlin.jpg 1200w, https:\/\/konferenztechnik.de\/wp-content\/uploads\/2016\/10\/events-berlin-300x113.jpg 300w, https:\/\/konferenztechnik.de\/wp-content\/uploads\/2016\/10\/events-berlin-1024x384.jpg 1024w, https:\/\/konferenztechnik.de\/wp-content\/uploads\/2016\/10\/events-berlin-768x288.jpg 768w\" sizes=\"(max-width: 1200px) 100vw, 1200px\" title=\"\">\t\t\t\t\t\t\t\t\t\t\t\t\t\t\t<\/div>\n\t\t\t\t<\/div>\n\t\t<div data-particle_enable=\"false\" data-particle-mobile-disabled=\"false\" class=\"elementor-element elementor-element-7318d7e1 e-flex e-con-boxed e-con e-child\" data-id=\"7318d7e1\" data-element_type=\"container\">\n\t\t\t\t\t<div class=\"e-con-inner\">\n\t\t\t\t<div class=\"elementor-element elementor-element-14810c6a elementor-align-left elementor-widget elementor-widget-button\" data-id=\"14810c6a\" data-element_type=\"widget\" data-widget_type=\"button.default\">\n\t\t\t\t<div class=\"elementor-widget-container\">\n\t\t\t\t\t\t\t\t\t<div class=\"elementor-button-wrapper\">\n\t\t\t\t\t<a class=\"elementor-button elementor-button-link elementor-size-lg\" href=\"#serviceteam\">\n\t\t\t\t\t\t<span class=\"elementor-button-content-wrapper\">\n\t\t\t\t\t\t<span class=\"elementor-button-icon\">\n\t\t\t\t<svg aria-hidden=\"true\" class=\"e-font-icon-svg e-far-arrow-alt-circle-down\" viewbox=\"0 0 512 512\" xmlns=\"http:\/\/www.w3.org\/2000\/svg\"><path d=\"M256 8C119 8 8 119 8 256s111 248 248 248 248-111 248-248S393 8 256 8zm0 448c-110.5 0-200-89.5-200-200S145.5 56 256 56s200 89.5 200 200-89.5 200-200 200zm-32-316v116h-67c-10.7 0-16 12.9-8.5 20.5l99 99c4.7 4.7 12.3 4.7 17 0l99-99c7.6-7.6 2.2-20.5-8.5-20.5h-67V140c0-6.6-5.4-12-12-12h-40c-6.6 0-12 5.4-12 12z\"><\/path><\/svg>\t\t\t<\/span>\n\t\t\t\t\t\t\t\t\t<span class=\"elementor-button-text\">Solicitar informaci\u00f3n<\/span>\n\t\t\t\t\t<\/span>\n\t\t\t\t\t<\/a>\n\t\t\t\t<\/div>\n\t\t\t\t\t\t\t\t<\/div>\n\t\t\t\t<\/div>\n\t\t\t\t\t<\/div>\n\t\t\t\t<\/div>\n\t\t\t\t<div class=\"elementor-element elementor-element-1c39294f elementor-widget__width-initial elementor-widget elementor-widget-heading\" data-id=\"1c39294f\" data-element_type=\"widget\" data-settings=\"{&quot;_animation&quot;:&quot;none&quot;}\" data-widget_type=\"heading.default\">\n\t\t\t\t<div class=\"elementor-widget-container\">\n\t\t\t\t\t<h2 class=\"elementor-heading-title elementor-size-default\">El sistema adecuado para cada evento<\/h2>\t\t\t\t<\/div>\n\t\t\t\t<\/div>\n\t\t\t\t<div class=\"elementor-element elementor-element-20dfae08 elementor-widget__width-inherit elementor-widget elementor-widget-text-editor\" data-id=\"20dfae08\" data-element_type=\"widget\" data-widget_type=\"text-editor.default\">\n\t\t\t\t<div class=\"elementor-widget-container\">\n\t\t\t\t\t\t\t\t\t<p>\u00a0Ya se trate de rondas parlamentarias, videoconferencias y ruedas de prensa o congresos con mesas redondas, las unidades de microfon\u00eda \u2013 se utilizan en una gran variedad de eventos y garantizan la m\u00e1xima inteligibilidad para todos los participantes. Para ello, los micr\u00f3fonos de mesa se colocan en la mesa delante de cada participante. Los participantes pueden activar las unidades de micr\u00f3fono de forma independiente cuando deseen hablar. Los dispositivos se gestionan de forma centralizada mediante una unidad de control. Dependiendo del sistema, existen funciones especiales como la supervisi\u00f3n directa de los canales de interpretaci\u00f3n para participantes multiling\u00fces, la grabaci\u00f3n completa del audio de la conferencia o similares.<\/p>\t\t\t\t\t\t\t\t<\/div>\n\t\t\t\t<\/div>\n\t\t\t\t<div class=\"elementor-element elementor-element-2539d32a elementor-widget elementor-widget-heading\" data-id=\"2539d32a\" data-element_type=\"widget\" data-settings=\"{&quot;_animation&quot;:&quot;none&quot;}\" data-widget_type=\"heading.default\">\n\t\t\t\t<div class=\"elementor-widget-container\">\n\t\t\t\t\t<h2 class=\"elementor-heading-title elementor-size-default\">Posibilidad de combinar unidades de sobremesa con otros sistemas de conferencia<\/h2>\t\t\t\t<\/div>\n\t\t\t\t<\/div>\n\t\t\t\t<div class=\"elementor-element elementor-element-715f386b elementor-widget__width-inherit elementor-widget elementor-widget-text-editor\" data-id=\"715f386b\" data-element_type=\"widget\" data-widget_type=\"text-editor.default\">\n\t\t\t\t<div class=\"elementor-widget-container\">\n\t\t\t\t\t\t\t\t\t<p>\u00bfTiene previsto ampliar sus instalaciones de conferencias con equipos adecuados de nuestro parque de alquiler, por ejemplo, con cabinas de interpretaci\u00f3n o sistemas de sonido? No hay problema. P\u00f3ngase en contacto con nosotros. Estaremos encantados de asesorarle.<\/p>\t\t\t\t\t\t\t\t<\/div>\n\t\t\t\t<\/div>\n\t\t\t\t<div class=\"elementor-element elementor-element-176ffa5f elementor-widget elementor-widget-eael-adv-accordion\" data-id=\"176ffa5f\" data-element_type=\"widget\" data-widget_type=\"eael-adv-accordion.default\">\n\t\t\t\t<div class=\"elementor-widget-container\">\n\t\t\t\t\t            <div class=\"eael-adv-accordion\" id=\"eael-adv-accordion-176ffa5f\" data-scroll-on-click=\"no\" data-scroll-speed=\"300\" data-accordion-id=\"176ffa5f\" data-accordion-type=\"accordion\" data-toogle-speed=\"300\">\n            <div class=\"eael-accordion-list\">\n\t\t\t\t\t<div id=\"-veranstaltungsorte-fr-events-und-kongresse-in-leipzig\" class=\"elementor-tab-title eael-accordion-header\" tabindex=\"0\" data-tab=\"1\" aria-controls=\"elementor-tab-content-3931\"><span class=\"eael-advanced-accordion-icon-closed\"><svg aria-hidden=\"true\" class=\"fa-accordion-icon e-font-icon-svg e-fas-plus\" viewbox=\"0 0 448 512\" xmlns=\"http:\/\/www.w3.org\/2000\/svg\"><path d=\"M416 208H272V64c0-17.67-14.33-32-32-32h-32c-17.67 0-32 14.33-32 32v144H32c-17.67 0-32 14.33-32 32v32c0 17.67 14.33 32 32 32h144v144c0 17.67 14.33 32 32 32h32c17.67 0 32-14.33 32-32V304h144c17.67 0 32-14.33 32-32v-32c0-17.67-14.33-32-32-32z\"><\/path><\/svg><\/span><span class=\"eael-advanced-accordion-icon-opened\"><svg aria-hidden=\"true\" class=\"fa-accordion-icon e-font-icon-svg e-fas-minus\" viewbox=\"0 0 448 512\" xmlns=\"http:\/\/www.w3.org\/2000\/svg\"><path d=\"M416 208H32c-17.67 0-32 14.33-32 32v32c0 17.67 14.33 32 32 32h384c17.67 0 32-14.33 32-32v-32c0-17.67-14.33-32-32-32z\"><\/path><\/svg><\/span><span class=\"eael-accordion-tab-title\"> Espacios para eventos y congresos en Leipzig<\/span><svg aria-hidden=\"true\" class=\"fa-toggle e-font-icon-svg e-fas-angle-right\" viewbox=\"0 0 256 512\" xmlns=\"http:\/\/www.w3.org\/2000\/svg\"><path d=\"M224.3 273l-136 136c-9.4 9.4-24.6 9.4-33.9 0l-22.6-22.6c-9.4-9.4-9.4-24.6 0-33.9l96.4-96.4-96.4-96.4c-9.4-9.4-9.4-24.6 0-33.9L54.3 103c9.4-9.4 24.6-9.4 33.9 0l136 136c9.5 9.4 9.5 24.6.1 34z\"><\/path><\/svg><\/div><div id=\"elementor-tab-content-3931\" class=\"eael-accordion-content clearfix\" data-tab=\"1\" aria-labelledby=\"-veranstaltungsorte-fr-events-und-kongresse-in-leipzig\"><ul><li>Feria de Leipzig<\/li><li>Centro de Congresos de Leipzig \u2013 CCL<\/li><li>Palacio de Congresos del Zoo<\/li><li>Kunstkraftwerk Leipzig<\/li><li>Museo Grassi de Artes Aplicadas<\/li><li>Museo Bach<\/li><li>Pan\u00f3metro<\/li><li>Leipzig Central Cabaret \/ Sal\u00f3n Azul<\/li><li>Sal\u00f3n Elstertal<\/li><li>Punto de restauraci\u00f3n y eventos<\/li><li>Foros de Leipzig \u2013 Salles de Pologne<\/li><li>Sal\u00f3n de actos de la Johannisplatz<\/li><li>Peque\u00f1o bar de eventos<\/li><li>Antigua cerrajer\u00eda<\/li><li>Sala de negocios Leipzig<\/li><li>Villa 1910<\/li><\/ul><\/div>\n\t\t\t\t\t<\/div><div class=\"eael-accordion-list\">\n\t\t\t\t\t<div id=\"die-wichtigsten-veranstaltungshotels-in-leipzig\" class=\"elementor-tab-title eael-accordion-header\" tabindex=\"0\" data-tab=\"2\" aria-controls=\"elementor-tab-content-3932\"><span class=\"eael-advanced-accordion-icon-closed\"><svg aria-hidden=\"true\" class=\"fa-accordion-icon e-font-icon-svg e-fas-plus\" viewbox=\"0 0 448 512\" xmlns=\"http:\/\/www.w3.org\/2000\/svg\"><path d=\"M416 208H272V64c0-17.67-14.33-32-32-32h-32c-17.67 0-32 14.33-32 32v144H32c-17.67 0-32 14.33-32 32v32c0 17.67 14.33 32 32 32h144v144c0 17.67 14.33 32 32 32h32c17.67 0 32-14.33 32-32V304h144c17.67 0 32-14.33 32-32v-32c0-17.67-14.33-32-32-32z\"><\/path><\/svg><\/span><span class=\"eael-advanced-accordion-icon-opened\"><svg aria-hidden=\"true\" class=\"fa-accordion-icon e-font-icon-svg e-fas-minus\" viewbox=\"0 0 448 512\" xmlns=\"http:\/\/www.w3.org\/2000\/svg\"><path d=\"M416 208H32c-17.67 0-32 14.33-32 32v32c0 17.67 14.33 32 32 32h384c17.67 0 32-14.33 32-32v-32c0-17.67-14.33-32-32-32z\"><\/path><\/svg><\/span><span class=\"eael-accordion-tab-title\">Los hoteles para eventos m\u00e1s importantes de Leipzig<\/span><svg aria-hidden=\"true\" class=\"fa-toggle e-font-icon-svg e-fas-angle-right\" viewbox=\"0 0 256 512\" xmlns=\"http:\/\/www.w3.org\/2000\/svg\"><path d=\"M224.3 273l-136 136c-9.4 9.4-24.6 9.4-33.9 0l-22.6-22.6c-9.4-9.4-9.4-24.6 0-33.9l96.4-96.4-96.4-96.4c-9.4-9.4-9.4-24.6 0-33.9L54.3 103c9.4-9.4 24.6-9.4 33.9 0l136 136c9.5 9.4 9.5 24.6.1 34z\"><\/path><\/svg><\/div><div id=\"elementor-tab-content-3932\" class=\"eael-accordion-content clearfix\" data-tab=\"2\" aria-labelledby=\"die-wichtigsten-veranstaltungshotels-in-leipzig\"><ul><li>The Westin Leipzig<\/li><li>Commundo Conference Hotel Leipzig<\/li><li>H4 Hotel Leipzig<\/li><li>pentahotel Leipzig<\/li><li>Lindner Hotel Leipzig<\/li><li>Feria NH de Leipzig<\/li><li>GLOBANA Airport Hotel<\/li><li>Hotel Marriott de Leipzig<\/li><li>Atlanta Hotel International Leipzig<\/li><li>Mercure Hotel Leipzig am Johannisplatz<\/li><\/ul><\/div>\n\t\t\t\t\t<\/div><div class=\"eael-accordion-list\">\n\t\t\t\t\t<div id=\"-die-leipziger-messe-und-die-wichtigsten-messetermine\" class=\"elementor-tab-title eael-accordion-header\" tabindex=\"0\" data-tab=\"3\" aria-controls=\"elementor-tab-content-3933\"><span class=\"eael-advanced-accordion-icon-closed\"><svg aria-hidden=\"true\" class=\"fa-accordion-icon e-font-icon-svg e-fas-plus\" viewbox=\"0 0 448 512\" xmlns=\"http:\/\/www.w3.org\/2000\/svg\"><path d=\"M416 208H272V64c0-17.67-14.33-32-32-32h-32c-17.67 0-32 14.33-32 32v144H32c-17.67 0-32 14.33-32 32v32c0 17.67 14.33 32 32 32h144v144c0 17.67 14.33 32 32 32h32c17.67 0 32-14.33 32-32V304h144c17.67 0 32-14.33 32-32v-32c0-17.67-14.33-32-32-32z\"><\/path><\/svg><\/span><span class=\"eael-advanced-accordion-icon-opened\"><svg aria-hidden=\"true\" class=\"fa-accordion-icon e-font-icon-svg e-fas-minus\" viewbox=\"0 0 448 512\" xmlns=\"http:\/\/www.w3.org\/2000\/svg\"><path d=\"M416 208H32c-17.67 0-32 14.33-32 32v32c0 17.67 14.33 32 32 32h384c17.67 0 32-14.33 32-32v-32c0-17.67-14.33-32-32-32z\"><\/path><\/svg><\/span><span class=\"eael-accordion-tab-title\"> La Feria de Leipzig y las citas feriales m\u00e1s importantes<\/span><svg aria-hidden=\"true\" class=\"fa-toggle e-font-icon-svg e-fas-angle-right\" viewbox=\"0 0 256 512\" xmlns=\"http:\/\/www.w3.org\/2000\/svg\"><path d=\"M224.3 273l-136 136c-9.4 9.4-24.6 9.4-33.9 0l-22.6-22.6c-9.4-9.4-9.4-24.6 0-33.9l96.4-96.4-96.4-96.4c-9.4-9.4-9.4-24.6 0-33.9L54.3 103c9.4-9.4 24.6-9.4 33.9 0l136 136c9.5 9.4 9.5 24.6.1 34z\"><\/path><\/svg><\/div><div id=\"elementor-tab-content-3933\" class=\"eael-accordion-content clearfix\" data-tab=\"3\" aria-labelledby=\"-die-leipziger-messe-und-die-wichtigsten-messetermine\"><ul><li>Feria del Libro de Leipzig<\/li><li>terratec<\/li><li>monumento<\/li><li>med.Logistica, OTWorld<\/li><li>DreamHack Leipzig<\/li><li>Socio pferd.show<\/li><li>LINC<\/li><li>El espect\u00e1culo de las bodas<\/li><li>Hogar-Jard\u00edn-Ocio<\/li><li>Playa y barco<\/li><li>FERIA DE LA MOTO DE LEIPZIG<\/li><li>feria de artesan\u00eda de alemania central<\/li><li>CADEAUX Leipzig<\/li><li>\u00fanico 4+1<\/li><li>Intec<\/li><li>Floriga<\/li><li>Festival de la Lana y Feria de Tejidos de Leipzig<\/li><li>Z<\/li><li>terapia Leipzig<\/li><li>nuevo mundo energ\u00e9tico<\/li><li>Proteja<\/li><li>efa<\/li><li>Especialista dental Leipzig<\/li><li>Midora<\/li><li>Hivoltec <\/li><\/ul><\/div>\n\t\t\t\t\t<\/div><\/div>\t\t\t\t<\/div>\n\t\t\t\t<\/div>\n\t\t\t\t\t<\/div>\n\t\t\t\t<\/div>\n\t\t<div data-particle_enable=\"false\" data-particle-mobile-disabled=\"false\" class=\"elementor-element elementor-element-7f545e31 e-flex e-con-boxed e-con e-parent\" data-id=\"7f545e31\" data-element_type=\"container\">\n\t\t\t\t\t<div class=\"e-con-inner\">\n\t\t\t\t<div class=\"elementor-element elementor-element-a5ea350 elementor-widget elementor-widget-shortcode\" data-id=\"a5ea350\" data-element_type=\"widget\" data-widget_type=\"shortcode.default\">\n\t\t\t\t<div class=\"elementor-widget-container\">\n\t\t\t\t\t\t\t<div class=\"elementor-shortcode\"><\/div>\n\t\t\t\t\t\t<\/div>\n\t\t\t\t<\/div>\n\t\t\t\t\t<\/div>\n\t\t\t\t<\/div>\n\t\t\t\t<\/div>","protected":false},"excerpt":{"rendered":"<p>Alquilar unidades de micr\u00f3fono en Leipzig, sistemas de debate inal\u00e1mbricos y con cable y sistemas de conferencia Inf\u00f3rmese ahora Leipzig es una ciudad vibrante y con estilo que ya no es un secreto para los organizadores de congresos y conferencias. \u00bfEst\u00e1 usted tambi\u00e9n planeando un evento en Leipzig y busca un sistema de conferencia adecuado con unidades de micr\u00f3fono y micr\u00f3fonos de mesa para una comunicaci\u00f3n \u00f3ptima entre sus invitados?<\/p>","protected":false},"author":1,"featured_media":45482,"parent":0,"menu_order":0,"comment_status":"closed","ping_status":"closed","template":"","meta":{"_acf_changed":false,"footnotes":""},"class_list":["post-11157","page","type-page","status-publish","has-post-thumbnail","hentry"],"acf":[],"_links":{"self":[{"href":"https:\/\/konferenztechnik.de\/es\/wp-json\/wp\/v2\/pages\/11157","targetHints":{"allow":["GET"]}}],"collection":[{"href":"https:\/\/konferenztechnik.de\/es\/wp-json\/wp\/v2\/pages"}],"about":[{"href":"https:\/\/konferenztechnik.de\/es\/wp-json\/wp\/v2\/types\/page"}],"author":[{"embeddable":true,"href":"https:\/\/konferenztechnik.de\/es\/wp-json\/wp\/v2\/users\/1"}],"replies":[{"embeddable":true,"href":"https:\/\/konferenztechnik.de\/es\/wp-json\/wp\/v2\/comments?post=11157"}],"version-history":[{"count":0,"href":"https:\/\/konferenztechnik.de\/es\/wp-json\/wp\/v2\/pages\/11157\/revisions"}],"wp:featuredmedia":[{"embeddable":true,"href":"https:\/\/konferenztechnik.de\/es\/wp-json\/wp\/v2\/media\/45482"}],"wp:attachment":[{"href":"https:\/\/konferenztechnik.de\/es\/wp-json\/wp\/v2\/media?parent=11157"}],"curies":[{"name":"wp","href":"https:\/\/api.w.org\/{rel}","templated":true}]}}