{"id":11850,"date":"2017-11-10T13:08:29","date_gmt":"2017-11-10T11:08:29","guid":{"rendered":"https:\/\/www.konferenztechnik.de\/?page_id=11850"},"modified":"2023-06-21T10:27:00","modified_gmt":"2023-06-21T08:27:00","slug":"alquiler-de-material-de-interpretacion-muenster","status":"publish","type":"page","link":"https:\/\/konferenztechnik.de\/es\/alquiler-de-material-de-interpretacion-muenster\/","title":{"rendered":"Alquiler de equipos de interpretaci\u00f3n M\u00fcnster"},"content":{"rendered":"<div data-elementor-type=\"wp-page\" data-elementor-id=\"11850\" class=\"elementor elementor-11850\" data-elementor-post-type=\"page\">\n\t\t\t\t<div data-particle_enable=\"false\" data-particle-mobile-disabled=\"false\" class=\"elementor-element elementor-element-183a596a e-flex e-con-boxed e-con e-parent\" data-id=\"183a596a\" data-element_type=\"container\">\n\t\t\t\t\t<div class=\"e-con-inner\">\n\t\t\t\t<div class=\"elementor-element elementor-element-bb9acfe elementor-widget elementor-widget-heading\" data-id=\"bb9acfe\" data-element_type=\"widget\" data-settings=\"{&quot;_animation&quot;:&quot;none&quot;}\" data-widget_type=\"heading.default\">\n\t\t\t\t<div class=\"elementor-widget-container\">\n\t\t\t\t\t<h1 class=\"elementor-heading-title elementor-size-default\">Alquiler de equipos de interpretaci\u00f3n M\u00fcnster \u2013 Alquiler de equipos de interpretaci\u00f3n en M\u00fcnsterland<\/h1>\t\t\t\t<\/div>\n\t\t\t\t<\/div>\n\t\t\t\t<div class=\"elementor-element elementor-element-6269e758 elementor-widget elementor-widget-heading\" data-id=\"6269e758\" data-element_type=\"widget\" data-settings=\"{&quot;_animation&quot;:&quot;none&quot;}\" data-widget_type=\"heading.default\">\n\t\t\t\t<div class=\"elementor-widget-container\">\n\t\t\t\t\t<h2 class=\"elementor-heading-title elementor-size-default\">Presupuestos r\u00e1pidos, asistencia profesional, amplia selecci\u00f3n de tecnolog\u00eda<\/h2>\t\t\t\t<\/div>\n\t\t\t\t<\/div>\n\t\t\t\t\t<\/div>\n\t\t\t\t<\/div>\n\t\t<div data-particle_enable=\"false\" data-particle-mobile-disabled=\"false\" class=\"elementor-element elementor-element-49423408 e-flex e-con-boxed e-con e-parent\" data-id=\"49423408\" data-element_type=\"container\">\n\t\t\t\t\t<div class=\"e-con-inner\">\n\t\t\t\t<div class=\"elementor-element elementor-element-33955be1 elementor-widget elementor-widget-shortcode\" data-id=\"33955be1\" data-element_type=\"widget\" data-widget_type=\"shortcode.default\">\n\t\t\t\t<div class=\"elementor-widget-container\">\n\t\t\t\t\t\t\t<div class=\"elementor-shortcode\">\t\t<div data-elementor-type=\"container\" data-elementor-id=\"30567\" class=\"elementor elementor-30567\" data-elementor-post-type=\"elementor_library\">\n\t\t\t\t<div data-particle_enable=\"false\" data-particle-mobile-disabled=\"false\" class=\"elementor-element elementor-element-349c2afa e-flex e-con-boxed e-con e-parent\" data-id=\"349c2afa\" data-element_type=\"container\">\n\t\t\t\t\t<div class=\"e-con-inner\">\n\t\t\t\t<div class=\"elementor-element elementor-element-aafaf45 elementor-grid-4 elementor-grid-tablet-2 elementor-grid-mobile-1 elementor-posts--thumbnail-top elementor-widget elementor-widget-posts\" data-id=\"aafaf45\" data-element_type=\"widget\" data-settings=\"{&quot;classic_columns&quot;:&quot;4&quot;,&quot;classic_columns_tablet&quot;:&quot;2&quot;,&quot;classic_columns_mobile&quot;:&quot;1&quot;,&quot;classic_row_gap&quot;:{&quot;unit&quot;:&quot;px&quot;,&quot;size&quot;:35,&quot;sizes&quot;:[]},&quot;classic_row_gap_widescreen&quot;:{&quot;unit&quot;:&quot;px&quot;,&quot;size&quot;:&quot;&quot;,&quot;sizes&quot;:[]},&quot;classic_row_gap_laptop&quot;:{&quot;unit&quot;:&quot;px&quot;,&quot;size&quot;:&quot;&quot;,&quot;sizes&quot;:[]},&quot;classic_row_gap_tablet_extra&quot;:{&quot;unit&quot;:&quot;px&quot;,&quot;size&quot;:&quot;&quot;,&quot;sizes&quot;:[]},&quot;classic_row_gap_tablet&quot;:{&quot;unit&quot;:&quot;px&quot;,&quot;size&quot;:&quot;&quot;,&quot;sizes&quot;:[]},&quot;classic_row_gap_mobile&quot;:{&quot;unit&quot;:&quot;px&quot;,&quot;size&quot;:&quot;&quot;,&quot;sizes&quot;:[]}}\" data-widget_type=\"posts.classic\">\n\t\t\t\t<div class=\"elementor-widget-container\">\n\t\t\t\t\t\t\t<div class=\"elementor-posts-container elementor-posts elementor-posts--skin-classic elementor-grid\" role=\"list\">\n\t\t\t\t<article class=\"elementor-post elementor-grid-item post-24659 post type-post status-publish format-standard has-post-thumbnail hentry category-produkte category-digital-und-hybrid category-events category-populaer tag-dolmetscherhub tag-dolmetscherstudio tag-dolmetschhub tag-dolmetschstudio\" role=\"listitem\">\n\t\t\t\t<a class=\"elementor-post__thumbnail__link\" href=\"https:\/\/konferenztechnik.de\/es\/centros-y-estudios-de-interpretacion\/\" tabindex=\"-1\">\n\t\t\t<div class=\"elementor-post__thumbnail\"><img fetchpriority=\"high\" decoding=\"async\" width=\"300\" height=\"198\" src=\"https:\/\/konferenztechnik.de\/wp-content\/uploads\/2023\/04\/dolmetschhubs-300x198.jpg\" class=\"attachment-medium size-medium wp-image-24663\" alt=\"Vista de un estudio de interpretaci\u00f3n en el que los int\u00e9rpretes siguen a un orador en un gran monitor y traducen a otros idiomas en sus cabinas insonorizadas.\" title=\"\" srcset=\"https:\/\/konferenztechnik.de\/wp-content\/uploads\/2023\/04\/dolmetschhubs-300x198.jpg 300w, https:\/\/konferenztechnik.de\/wp-content\/uploads\/2023\/04\/dolmetschhubs-18x12.jpg 18w, https:\/\/konferenztechnik.de\/wp-content\/uploads\/2023\/04\/dolmetschhubs.jpg 399w\" sizes=\"(max-width: 300px) 100vw, 300px\" \/><\/div>\n\t\t<\/a>\n\t\t\t\t<div class=\"elementor-post__text\">\n\t\t\t\t<h3 class=\"elementor-post__title\">\n\t\t\t<a href=\"https:\/\/konferenztechnik.de\/es\/centros-y-estudios-de-interpretacion\/\">\n\t\t\t\tCentros y estudios de interpretaci\u00f3n\t\t\t<\/a>\n\t\t<\/h3>\n\t\t\t\t<div class=\"elementor-post__excerpt\">\n\t\t\t<p>Nuestros centros profesionales de interpretaci\u00f3n a distancia, interpretaci\u00f3n para videoconferencias, streaming y reuniones presenciales<\/p>\n\t\t<\/div>\n\t\t\t\t\t<div class=\"elementor-post__read-more-wrapper\">\n\t\t\n\t\t<a class=\"elementor-post__read-more\" href=\"https:\/\/konferenztechnik.de\/es\/centros-y-estudios-de-interpretacion\/\" aria-label=\"M\u00e1s informaci\u00f3n sobre Centros y estudios de interpretaci\u00f3n\" tabindex=\"-1\">\n\t\t\tLeer m\u00e1s \u00bb\t\t<\/a>\n\n\t\t\t\t\t<\/div>\n\t\t\t\t<\/div>\n\t\t\t\t<\/article>\n\t\t\t\t<article class=\"elementor-post elementor-grid-item post-24480 post type-post status-publish format-standard has-post-thumbnail hentry category-produkte category-events category-populaer\" role=\"listitem\">\n\t\t\t\t<a class=\"elementor-post__thumbnail__link\" href=\"https:\/\/konferenztechnik.de\/es\/sistemas-de-guiado-personal-alquiler-compra-instalacion\/\" tabindex=\"-1\">\n\t\t\t<div class=\"elementor-post__thumbnail\"><img decoding=\"async\" width=\"300\" height=\"200\" src=\"https:\/\/konferenztechnik.de\/wp-content\/uploads\/2023\/07\/personenfuehrungsanlage-mieten-kaufen-300x200.webp\" class=\"attachment-medium size-medium wp-image-41906\" alt=\"Un hombre habla por el micr\u00f3fono, un espectador escucha con el sistema de gu\u00eda tur\u00edstica durante una visita. Alquile, compre o arriende sistemas de gu\u00eda tur\u00edstico de PCS.\" title=\"\" srcset=\"https:\/\/konferenztechnik.de\/wp-content\/uploads\/2023\/07\/personenfuehrungsanlage-mieten-kaufen-300x200.webp 300w, https:\/\/konferenztechnik.de\/wp-content\/uploads\/2023\/07\/personenfuehrungsanlage-mieten-kaufen-18x12.webp 18w, https:\/\/konferenztechnik.de\/wp-content\/uploads\/2023\/07\/personenfuehrungsanlage-mieten-kaufen-jpg.webp 424w\" sizes=\"(max-width: 300px) 100vw, 300px\" \/><\/div>\n\t\t<\/a>\n\t\t\t\t<div class=\"elementor-post__text\">\n\t\t\t\t<h3 class=\"elementor-post__title\">\n\t\t\t<a href=\"https:\/\/konferenztechnik.de\/es\/sistemas-de-guiado-personal-alquiler-compra-instalacion\/\">\n\t\t\t\tSistemas de guiado de pasajeros\t\t\t<\/a>\n\t\t<\/h3>\n\t\t\t\t<div class=\"elementor-post__excerpt\">\n\t\t\t<p>Sistemas de gu\u00eda tur\u00edstico, sistemas de gu\u00eda, sistemas de susurro o ALP, auriculares, micr\u00f3fonos, unidades de carga, maletas de transporte, accesorios<\/p>\n\t\t<\/div>\n\t\t\t\t\t<div class=\"elementor-post__read-more-wrapper\">\n\t\t\n\t\t<a class=\"elementor-post__read-more\" href=\"https:\/\/konferenztechnik.de\/es\/sistemas-de-guiado-personal-alquiler-compra-instalacion\/\" aria-label=\"M\u00e1s informaci\u00f3n sobre sistemas de guiado personal\" tabindex=\"-1\">\n\t\t\tLeer m\u00e1s \u00bb\t\t<\/a>\n\n\t\t\t\t\t<\/div>\n\t\t\t\t<\/div>\n\t\t\t\t<\/article>\n\t\t\t\t<article class=\"elementor-post elementor-grid-item post-24541 post type-post status-publish format-standard has-post-thumbnail hentry category-produkte category-digital-und-hybrid category-events category-populaer\" role=\"listitem\">\n\t\t\t\t<a class=\"elementor-post__thumbnail__link\" href=\"https:\/\/konferenztechnik.de\/es\/sistemas-de-interpretacion-y-tecnologia-de-interpretacion-alquiler-compra-instalacion\/\" tabindex=\"-1\">\n\t\t\t<div class=\"elementor-post__thumbnail\"><img decoding=\"async\" width=\"300\" height=\"199\" src=\"https:\/\/konferenztechnik.de\/wp-content\/uploads\/2023\/05\/simultantechnik-dolmetscheranlagen-mieten-kaufen-leasen-300x199.webp\" class=\"attachment-medium size-medium wp-image-42814\" alt=\"\" title=\"\" srcset=\"https:\/\/konferenztechnik.de\/wp-content\/uploads\/2023\/05\/simultantechnik-dolmetscheranlagen-mieten-kaufen-leasen-300x199.webp 300w, https:\/\/konferenztechnik.de\/wp-content\/uploads\/2023\/05\/simultantechnik-dolmetscheranlagen-mieten-kaufen-leasen-18x12.webp 18w, https:\/\/konferenztechnik.de\/wp-content\/uploads\/2023\/05\/simultantechnik-dolmetscheranlagen-mieten-kaufen-leasen-jpg.webp 480w\" sizes=\"(max-width: 300px) 100vw, 300px\" \/><\/div>\n\t\t<\/a>\n\t\t\t\t<div class=\"elementor-post__text\">\n\t\t\t\t<h3 class=\"elementor-post__title\">\n\t\t\t<a href=\"https:\/\/konferenztechnik.de\/es\/sistemas-de-interpretacion-y-tecnologia-de-interpretacion-alquiler-compra-instalacion\/\">\n\t\t\t\tSistemas y tecnolog\u00eda de interpretaci\u00f3n\t\t\t<\/a>\n\t\t<\/h3>\n\t\t\t\t<div class=\"elementor-post__excerpt\">\n\t\t\t<p>Sistemas de interpretaci\u00f3n inal\u00e1mbricos con cabinas de interpretaci\u00f3n y sistemas de debate con cabinas de interpretaci\u00f3n<\/p>\n\t\t<\/div>\n\t\t\t\t\t<div class=\"elementor-post__read-more-wrapper\">\n\t\t\n\t\t<a class=\"elementor-post__read-more\" href=\"https:\/\/konferenztechnik.de\/es\/sistemas-de-interpretacion-y-tecnologia-de-interpretacion-alquiler-compra-instalacion\/\" aria-label=\"M\u00e1s informaci\u00f3n sobre Equipos y tecnolog\u00eda de interpretaci\u00f3n\" tabindex=\"-1\">\n\t\t\tLeer m\u00e1s \u00bb\t\t<\/a>\n\n\t\t\t\t\t<\/div>\n\t\t\t\t<\/div>\n\t\t\t\t<\/article>\n\t\t\t\t<article class=\"elementor-post elementor-grid-item post-21635 post type-post status-publish format-standard has-post-thumbnail hentry category-digital-und-hybrid category-events category-installation category-populaer\" role=\"listitem\">\n\t\t\t\t<a class=\"elementor-post__thumbnail__link\" href=\"https:\/\/konferenztechnik.de\/es\/camaras-ptz\/\" tabindex=\"-1\">\n\t\t\t<div class=\"elementor-post__thumbnail\"><img loading=\"lazy\" decoding=\"async\" width=\"300\" height=\"198\" src=\"https:\/\/konferenztechnik.de\/wp-content\/uploads\/2023\/03\/ptz-kameras-300x198.jpg\" class=\"attachment-medium size-medium wp-image-21637\" alt=\"\" title=\"\" srcset=\"https:\/\/konferenztechnik.de\/wp-content\/uploads\/2023\/03\/ptz-kameras-300x198.jpg 300w, https:\/\/konferenztechnik.de\/wp-content\/uploads\/2023\/03\/ptz-kameras-18x12.jpg 18w, https:\/\/konferenztechnik.de\/wp-content\/uploads\/2023\/03\/ptz-kameras.jpg 399w\" sizes=\"(max-width: 300px) 100vw, 300px\" \/><\/div>\n\t\t<\/a>\n\t\t\t\t<div class=\"elementor-post__text\">\n\t\t\t\t<h3 class=\"elementor-post__title\">\n\t\t\t<a href=\"https:\/\/konferenztechnik.de\/es\/camaras-ptz\/\">\n\t\t\t\tC\u00e1maras PTZ\t\t\t<\/a>\n\t\t<\/h3>\n\t\t\t\t<div class=\"elementor-post__excerpt\">\n\t\t\t<p>Las c\u00e1maras PTZ (a menudo tambi\u00e9n conocidas como c\u00e1maras DOME) enfocan autom\u00e1ticamente a los participantes durante un discurso.<\/p>\n\t\t<\/div>\n\t\t\t\t\t<div class=\"elementor-post__read-more-wrapper\">\n\t\t\n\t\t<a class=\"elementor-post__read-more\" href=\"https:\/\/konferenztechnik.de\/es\/camaras-ptz\/\" aria-label=\"M\u00e1s informaci\u00f3n sobre c\u00e1maras PTZ\" tabindex=\"-1\">\n\t\t\tLeer m\u00e1s \u00bb\t\t<\/a>\n\n\t\t\t\t\t<\/div>\n\t\t\t\t<\/div>\n\t\t\t\t<\/article>\n\t\t\t\t<article class=\"elementor-post elementor-grid-item post-21411 post type-post status-publish format-standard has-post-thumbnail hentry category-digital-und-hybrid category-events category-populaer\" role=\"listitem\">\n\t\t\t\t<a class=\"elementor-post__thumbnail__link\" href=\"https:\/\/konferenztechnik.de\/es\/conferencias-con-equipos-de-microsoft\/\" tabindex=\"-1\">\n\t\t\t<div class=\"elementor-post__thumbnail\"><img loading=\"lazy\" decoding=\"async\" width=\"300\" height=\"198\" src=\"https:\/\/konferenztechnik.de\/wp-content\/uploads\/2023\/03\/konferenzen-ms-teams-300x198.jpg\" class=\"attachment-medium size-medium wp-image-21474\" alt=\"\" title=\"\" srcset=\"https:\/\/konferenztechnik.de\/wp-content\/uploads\/2023\/03\/konferenzen-ms-teams-300x198.jpg 300w, https:\/\/konferenztechnik.de\/wp-content\/uploads\/2023\/03\/konferenzen-ms-teams-18x12.jpg 18w, https:\/\/konferenztechnik.de\/wp-content\/uploads\/2023\/03\/konferenzen-ms-teams.jpg 399w\" sizes=\"(max-width: 300px) 100vw, 300px\" \/><\/div>\n\t\t<\/a>\n\t\t\t\t<div class=\"elementor-post__text\">\n\t\t\t\t<h3 class=\"elementor-post__title\">\n\t\t\t<a href=\"https:\/\/konferenztechnik.de\/es\/conferencias-con-equipos-de-microsoft\/\">\n\t\t\t\tConferencias con Microsoft Teams\t\t\t<\/a>\n\t\t<\/h3>\n\t\t\t\t<div class=\"elementor-post__excerpt\">\n\t\t\t<p>MS Teams ahora tambi\u00e9n multiling\u00fce y con la funci\u00f3n \"interpretaci\u00f3n simult\u00e1nea<\/p>\n\t\t<\/div>\n\t\t\t\t\t<div class=\"elementor-post__read-more-wrapper\">\n\t\t\n\t\t<a class=\"elementor-post__read-more\" href=\"https:\/\/konferenztechnik.de\/es\/conferencias-con-equipos-de-microsoft\/\" aria-label=\"M\u00e1s informaci\u00f3n sobre Conferencias con Microsoft Teams\" tabindex=\"-1\">\n\t\t\tLeer m\u00e1s \u00bb\t\t<\/a>\n\n\t\t\t\t\t<\/div>\n\t\t\t\t<\/div>\n\t\t\t\t<\/article>\n\t\t\t\t<article class=\"elementor-post elementor-grid-item post-26634 post type-post status-publish format-standard has-post-thumbnail hentry category-produkte category-events category-populaer\" role=\"listitem\">\n\t\t\t\t<a class=\"elementor-post__thumbnail__link\" href=\"https:\/\/konferenztechnik.de\/es\/av-audio-and-video-equipment-hire-buy-install-lease\/\" tabindex=\"-1\">\n\t\t\t<div class=\"elementor-post__thumbnail\"><img loading=\"lazy\" decoding=\"async\" width=\"300\" height=\"180\" src=\"https:\/\/konferenztechnik.de\/wp-content\/uploads\/2023\/03\/audio-und-videotechnik-mieten-kaufen-installieren-300x180.avif\" class=\"attachment-medium size-medium wp-image-47449\" alt=\"tecnolog\u00eda de audio y v\u00eddeo - alquiler-compra-instalaci\u00f3n\" title=\"\" srcset=\"https:\/\/konferenztechnik.de\/wp-content\/uploads\/2023\/03\/audio-und-videotechnik-mieten-kaufen-installieren-300x180.avif 300w, https:\/\/konferenztechnik.de\/wp-content\/uploads\/2023\/03\/audio-und-videotechnik-mieten-kaufen-installieren-1024x614.avif 1024w, https:\/\/konferenztechnik.de\/wp-content\/uploads\/2023\/03\/audio-und-videotechnik-mieten-kaufen-installieren-768x461.avif 768w, https:\/\/konferenztechnik.de\/wp-content\/uploads\/2023\/03\/audio-und-videotechnik-mieten-kaufen-installieren-18x12.avif 18w, https:\/\/konferenztechnik.de\/wp-content\/uploads\/2023\/03\/audio-und-videotechnik-mieten-kaufen-installieren.avif 1400w\" sizes=\"(max-width: 300px) 100vw, 300px\" \/><\/div>\n\t\t<\/a>\n\t\t\t\t<div class=\"elementor-post__text\">\n\t\t\t\t<h3 class=\"elementor-post__title\">\n\t\t\t<a href=\"https:\/\/konferenztechnik.de\/es\/av-audio-and-video-equipment-hire-buy-install-lease\/\">\n\t\t\t\tAV: Tecnolog\u00eda de audio y v\u00eddeo\t\t\t<\/a>\n\t\t<\/h3>\n\t\t\t\t<div class=\"elementor-post__excerpt\">\n\t\t\t<p>Micr\u00f3fonos, tecnolog\u00eda de megafon\u00eda, atriles, h\u00edbridos telef\u00f3nicos, distribuidores de prensa, software de registro de taqu\u00edgrafos...<\/p>\n\t\t<\/div>\n\t\t\t\t\t<div class=\"elementor-post__read-more-wrapper\">\n\t\t\n\t\t<a class=\"elementor-post__read-more\" href=\"https:\/\/konferenztechnik.de\/es\/av-audio-and-video-equipment-hire-buy-install-lease\/\" aria-label=\"M\u00e1s informaci\u00f3n sobre AV: Tecnolog\u00eda de audio y v\u00eddeo\" tabindex=\"-1\">\n\t\t\tLeer m\u00e1s \u00bb\t\t<\/a>\n\n\t\t\t\t\t<\/div>\n\t\t\t\t<\/div>\n\t\t\t\t<\/article>\n\t\t\t\t<article class=\"elementor-post elementor-grid-item post-21559 post type-post status-publish format-standard has-post-thumbnail hentry category-news\" role=\"listitem\">\n\t\t\t\t<a class=\"elementor-post__thumbnail__link\" href=\"https:\/\/konferenztechnik.de\/es\/interpretacion-televisiva-y-tecnologia-de-conferencias\/\" tabindex=\"-1\">\n\t\t\t<div class=\"elementor-post__thumbnail\"><img loading=\"lazy\" decoding=\"async\" width=\"300\" height=\"198\" src=\"https:\/\/konferenztechnik.de\/wp-content\/uploads\/2023\/03\/konferenztechnik-televic-300x198.jpg\" class=\"attachment-medium size-medium wp-image-21565\" alt=\"\" title=\"\" srcset=\"https:\/\/konferenztechnik.de\/wp-content\/uploads\/2023\/03\/konferenztechnik-televic-300x198.jpg 300w, https:\/\/konferenztechnik.de\/wp-content\/uploads\/2023\/03\/konferenztechnik-televic-18x12.jpg 18w, https:\/\/konferenztechnik.de\/wp-content\/uploads\/2023\/03\/konferenztechnik-televic.jpg 399w\" sizes=\"(max-width: 300px) 100vw, 300px\" \/><\/div>\n\t\t<\/a>\n\t\t\t\t<div class=\"elementor-post__text\">\n\t\t\t\t<h3 class=\"elementor-post__title\">\n\t\t\t<a href=\"https:\/\/konferenztechnik.de\/es\/interpretacion-televisiva-y-tecnologia-de-conferencias\/\">\n\t\t\t\tTelevic \u2013 Tecnolog\u00eda de interpretaci\u00f3n y conferencia\t\t\t<\/a>\n\t\t<\/h3>\n\t\t\t\t<div class=\"elementor-post__excerpt\">\n\t\t\t<p>Televic \u2013 Tecnolog\u00eda de interpretaci\u00f3n y conferencia Publicado: 23.01.2023 Televic \u2013 un fabricante innovador con una gama completa de soluciones de interpretaci\u00f3n y conferencia Invertimos en<\/p>\n\t\t<\/div>\n\t\t\t\t\t<div class=\"elementor-post__read-more-wrapper\">\n\t\t\n\t\t<a class=\"elementor-post__read-more\" href=\"https:\/\/konferenztechnik.de\/es\/interpretacion-televisiva-y-tecnologia-de-conferencias\/\" aria-label=\"M\u00e1s informaci\u00f3n sobre Televic \u2013 Equipos de interpretaci\u00f3n y conferencia\" tabindex=\"-1\">\n\t\t\tLeer m\u00e1s \u00bb\t\t<\/a>\n\n\t\t\t\t\t<\/div>\n\t\t\t\t<\/div>\n\t\t\t\t<\/article>\n\t\t\t\t<\/div>\n\t\t\n\t\t\t\t\t\t<\/div>\n\t\t\t\t<\/div>\n\t\t\t\t\t<\/div>\n\t\t\t\t<\/div>\n\t\t\t\t<\/div>\n\t\t<\/div>\n\t\t\t\t\t\t<\/div>\n\t\t\t\t<\/div>\n\t\t\t\t<div class=\"elementor-element elementor-element-539fe1b3 elementor-widget elementor-widget-spacer\" data-id=\"539fe1b3\" data-element_type=\"widget\" data-widget_type=\"spacer.default\">\n\t\t\t\t<div class=\"elementor-widget-container\">\n\t\t\t\t\t\t\t<div class=\"elementor-spacer\">\n\t\t\t<div class=\"elementor-spacer-inner\"><\/div>\n\t\t<\/div>\n\t\t\t\t\t\t<\/div>\n\t\t\t\t<\/div>\n\t\t\t\t\t<\/div>\n\t\t\t\t<\/div>\n\t\t<div data-particle_enable=\"false\" data-particle-mobile-disabled=\"false\" class=\"elementor-element elementor-element-490b9b2d e-flex e-con-boxed e-con e-parent\" data-id=\"490b9b2d\" data-element_type=\"container\">\n\t\t\t\t\t<div class=\"e-con-inner\">\n\t\t\t\t<div class=\"elementor-element elementor-element-52147058 elementor-widget__width-initial elementor-widget elementor-widget-heading\" data-id=\"52147058\" data-element_type=\"widget\" data-settings=\"{&quot;_animation&quot;:&quot;none&quot;}\" data-widget_type=\"heading.default\">\n\t\t\t\t<div class=\"elementor-widget-container\">\n\t\t\t\t\t<h2 class=\"elementor-heading-title elementor-size-default\">Contratar interpretaci\u00f3n y t\u00e9cnica de conferencias en M\u00fcnster<\/h2>\t\t\t\t<\/div>\n\t\t\t\t<\/div>\n\t\t\t\t<div class=\"elementor-element elementor-element-3ba20af8 elementor-widget elementor-widget-shortcode\" data-id=\"3ba20af8\" data-element_type=\"widget\" data-widget_type=\"shortcode.default\">\n\t\t\t\t<div class=\"elementor-widget-container\">\n\t\t\t\t\t\t\t<div class=\"elementor-shortcode\">\t\t<div data-elementor-type=\"container\" data-elementor-id=\"30580\" class=\"elementor elementor-30580\" data-elementor-post-type=\"elementor_library\">\n\t\t\t\t<div data-particle_enable=\"false\" data-particle-mobile-disabled=\"false\" class=\"elementor-element elementor-element-76b67369 e-flex e-con-boxed e-con e-parent\" data-id=\"76b67369\" data-element_type=\"container\">\n\t\t\t\t\t<div class=\"e-con-inner\">\n\t\t\t\t<div class=\"elementor-element elementor-element-1ebb8808 elementor-arrows-position-inside elementor-pagination-position-outside elementor-widget elementor-widget-image-carousel\" data-id=\"1ebb8808\" data-element_type=\"widget\" data-settings=\"{&quot;slides_to_show&quot;:&quot;1&quot;,&quot;navigation&quot;:&quot;both&quot;,&quot;autoplay&quot;:&quot;yes&quot;,&quot;pause_on_hover&quot;:&quot;yes&quot;,&quot;pause_on_interaction&quot;:&quot;yes&quot;,&quot;autoplay_speed&quot;:5000,&quot;infinite&quot;:&quot;yes&quot;,&quot;effect&quot;:&quot;slide&quot;,&quot;speed&quot;:500}\" data-widget_type=\"image-carousel.default\">\n\t\t\t\t<div class=\"elementor-widget-container\">\n\t\t\t\t\t\t\t<div class=\"elementor-image-carousel-wrapper swiper\" role=\"region\" aria-roledescription=\"carousel\" aria-label=\"Carrusel de im\u00e1genes\" dir=\"ltr\">\n\t\t\t<div class=\"elementor-image-carousel swiper-wrapper swiper-image-stretch\" aria-live=\"off\">\n\t\t\t\t\t\t\t\t<div class=\"swiper-slide\" role=\"group\" aria-roledescription=\"slide\" aria-label=\"1 en 2\"><figure class=\"swiper-slide-inner\"><img decoding=\"async\" class=\"swiper-slide-image\" src=\"https:\/\/konferenztechnik.de\/wp-content\/uploads\/2017\/03\/dolmetscherpult-mieten-1.jpg\" alt=\"alquiler de pupitres de int\u00e9rprete\" title=\"\"><\/figure><\/div><div class=\"swiper-slide\" role=\"group\" aria-roledescription=\"slide\" aria-label=\"2 en 2\"><figure class=\"swiper-slide-inner\"><img decoding=\"async\" class=\"swiper-slide-image\" src=\"https:\/\/konferenztechnik.de\/wp-content\/uploads\/2017\/03\/dolmetscherkabine-fuehrungsanlage-mieten-1.jpg\" alt=\"sistema de alquiler de cabinas de interpretaci\u00f3n\" title=\"\"><\/figure><\/div>\t\t\t<\/div>\n\t\t\t\t\t\t\t\t\t\t\t\t<div class=\"elementor-swiper-button elementor-swiper-button-prev\" role=\"button\" tabindex=\"0\">\n\t\t\t\t\t\t<svg aria-hidden=\"true\" class=\"e-font-icon-svg e-eicon-chevron-left\" viewbox=\"0 0 1000 1000\" xmlns=\"http:\/\/www.w3.org\/2000\/svg\"><path d=\"M646 125C629 125 613 133 604 142L308 442C296 454 292 471 292 487 292 504 296 521 308 533L604 854C617 867 629 875 646 875 663 875 679 871 692 858 704 846 713 829 713 812 713 796 708 779 692 767L438 487 692 225C700 217 708 204 708 187 708 171 704 154 692 142 675 129 663 125 646 125Z\"><\/path><\/svg>\t\t\t\t\t<\/div>\n\t\t\t\t\t<div class=\"elementor-swiper-button elementor-swiper-button-next\" role=\"button\" tabindex=\"0\">\n\t\t\t\t\t\t<svg aria-hidden=\"true\" class=\"e-font-icon-svg e-eicon-chevron-right\" viewbox=\"0 0 1000 1000\" xmlns=\"http:\/\/www.w3.org\/2000\/svg\"><path d=\"M696 533C708 521 713 504 713 487 713 471 708 454 696 446L400 146C388 133 375 125 354 125 338 125 325 129 313 142 300 154 292 171 292 187 292 204 296 221 308 233L563 492 304 771C292 783 288 800 288 817 288 833 296 850 308 863 321 871 338 875 354 875 371 875 388 867 400 854L696 533Z\"><\/path><\/svg>\t\t\t\t\t<\/div>\n\t\t\t\t\n\t\t\t\t\t\t\t\t\t<div class=\"swiper-pagination\"><\/div>\n\t\t\t\t\t\t\t\t\t<\/div>\n\t\t\t\t\t\t<\/div>\n\t\t\t\t<\/div>\n\t\t\t\t\t<\/div>\n\t\t\t\t<\/div>\n\t\t\t\t<\/div>\n\t\t<\/div>\n\t\t\t\t\t\t<\/div>\n\t\t\t\t<\/div>\n\t\t\t\t<div class=\"elementor-element elementor-element-52f41ce8 elementor-widget__width-initial elementor-widget elementor-widget-text-editor\" data-id=\"52f41ce8\" data-element_type=\"widget\" data-widget_type=\"text-editor.default\">\n\t\t\t\t<div class=\"elementor-widget-container\">\n\t\t\t\t\t\t\t\t\t<p>Ya se trate de una conferencia acad\u00e9mica, un congreso internacional, una reuni\u00f3n de la junta directiva o una vista judicial interpretada: PCS ofrece a M\u00fcnster y sus alrededores sistemas de alquiler en el \u00e1mbito de la tecnolog\u00eda de interpretaci\u00f3n. La selecci\u00f3n de los diferentes sistemas y equipos es muy amplia: abarca desde sistemas completos en el \u00e1mbito de la tecnolog\u00eda de interpretaci\u00f3n hasta unidades de micr\u00f3fono y cadenas de micr\u00f3fonos, pasando por cabinas de interpretaci\u00f3n y maletines de susurro. PCS tambi\u00e9n ofrece tecnolog\u00eda profesional de sonido y v\u00eddeo, como sistemas de megafon\u00eda, proyectores y pantallas de alquiler en M\u00fcnsterland.<\/p>\t\t\t\t\t\t\t\t<\/div>\n\t\t\t\t<\/div>\n\t\t\t\t<div class=\"elementor-element elementor-element-379dc993 elementor-widget__width-initial elementor-widget elementor-widget-heading\" data-id=\"379dc993\" data-element_type=\"widget\" data-settings=\"{&quot;_animation&quot;:&quot;none&quot;}\" data-widget_type=\"heading.default\">\n\t\t\t\t<div class=\"elementor-widget-container\">\n\t\t\t\t\t<h2 class=\"elementor-heading-title elementor-size-default\">Tecnolog\u00eda de interpretaci\u00f3n Sistemas de marca \u2013 para la regi\u00f3n de M\u00fcnsterland<\/h2>\t\t\t\t<\/div>\n\t\t\t\t<\/div>\n\t\t\t\t<div class=\"elementor-element elementor-element-387fdcd7 elementor-widget__width-inherit elementor-widget elementor-widget-text-editor\" data-id=\"387fdcd7\" data-element_type=\"widget\" data-widget_type=\"text-editor.default\">\n\t\t\t\t<div class=\"elementor-widget-container\">\n\t\t\t\t\t\t\t\t\t<p>Cuando se trata de alquilar tecnolog\u00eda de interpretaci\u00f3n, PCS conf\u00eda sobre todo en fabricantes de marca. Por ejemplo, puede alquilar el sistema completo DCN NG de Bosch con m\u00e1s de 31 canales de interpretaci\u00f3n y un idioma de sala. Como casi todos los sistemas suministrados por PCS en M\u00fcnster, este sistema tambi\u00e9n se puede integrar f\u00e1cilmente en los sistemas de tecnolog\u00eda de sonido existentes de fabricantes establecidos. Tambi\u00e9n se caracteriza por la sencilla ampliaci\u00f3n del sistema. Las cabinas de interpretaci\u00f3n alquiladas por PCS en M\u00fcnsterland son de Audipack. El sistema de gu\u00eda de visitantes Synexis de Beyerdynamic y el sistema digital de gu\u00eda tur\u00edstica 2020-D de Sennheiser son los principales sistemas de susurro que se ofrecen para la interpretaci\u00f3n simult\u00e1nea en M\u00fcnster. <br \/><br \/>Todos los sistemas alquilados por PCS en M\u00fcnster tienen algo en com\u00fan: se limpian higi\u00e9nicamente y se someten a una prueba de funcionamiento del 100% antes de su entrega. Adem\u00e1s, por supuesto, los t\u00e9cnicos de PCS realizan un mantenimiento profesional continuo de los sistemas y se comprueba peri\u00f3dicamente el BGV A3. <\/p>\t\t\t\t\t\t\t\t<\/div>\n\t\t\t\t<\/div>\n\t\t\t\t<div class=\"elementor-element elementor-element-949fcb0 elementor-widget__width-initial elementor-widget elementor-widget-heading\" data-id=\"949fcb0\" data-element_type=\"widget\" data-settings=\"{&quot;_animation&quot;:&quot;none&quot;}\" data-widget_type=\"heading.default\">\n\t\t\t\t<div class=\"elementor-widget-container\">\n\t\t\t\t\t<h2 class=\"elementor-heading-title elementor-size-default\">La accesibilidad como nuevo \u00e1mbito de aplicaci\u00f3n<\/h2>\t\t\t\t<\/div>\n\t\t\t\t<\/div>\n\t\t\t\t<div class=\"elementor-element elementor-element-2c02b08 elementor-widget__width-inherit elementor-widget elementor-widget-text-editor\" data-id=\"2c02b08\" data-element_type=\"widget\" data-widget_type=\"text-editor.default\">\n\t\t\t\t<div class=\"elementor-widget-container\">\n\t\t\t\t\t\t\t\t\t<p>La tecnolog\u00eda de interpretaci\u00f3n contratada a PCS se utiliza en M\u00fcnster para eventos en el Messe und Congress Centrum Halle M\u00fcnsterland, entre otros. Adem\u00e1s de los congresos y conferencias multiling\u00fces, la accesibilidad es un campo de aplicaci\u00f3n relativamente nuevo para la tecnolog\u00eda de interpretaci\u00f3n que tambi\u00e9n est\u00e1 adquiriendo cada vez m\u00e1s importancia en M\u00fcnster. El uso de la tecnolog\u00eda de interpretaci\u00f3n permite a las personas con discapacidad auditiva participar en igualdad de condiciones en actos culturales o debates. Por ejemplo, la se\u00f1al de un altavoz puede transmitirse directamente a los aud\u00edfonos mediante un bucle de inducci\u00f3n \u2013, tanto si se trata del sonido original de la sala como de un canal de interpretaci\u00f3n. <br \/><br \/>El alquiler de tecnolog\u00eda de interpretaci\u00f3n en M\u00fcnster tambi\u00e9n va asociado a una amplia gama de servicios auxiliares, algunos de ellos gratuitos. Los planificadores de proyectos de PCS apoyan a sus clientes de M\u00fcnster desde la primera consulta en la planificaci\u00f3n del evento y la selecci\u00f3n de los sistemas m\u00e1s adecuados. Si lo desea, PCS puede entregar sistemas de interpretaci\u00f3n y sistemas simult\u00e1neos de cualquier tama\u00f1o directamente en los lugares donde se celebran los eventos en M\u00fcnsterland. Los t\u00e9cnicos de eventos de PCS instalan los sistemas in situ y, si es necesario, los integran \u2013 en la tecnolog\u00eda de medios audiovisuales existente. La supervisi\u00f3n t\u00e9cnica de todo un evento por parte del personal cualificado de PCS es otro servicio que se ofrece en relaci\u00f3n con el alquiler de equipos de interpretaci\u00f3n en M\u00fcnster. <br \/><br \/>M\u00fcnster y sus alrededores est\u00e1n atendidos por la central de PCS en D\u00fcsseldorf. Nuestro personal estar\u00e1 encantado de responder a cualquier pregunta que pueda tener en relaci\u00f3n con la tecnolog\u00eda de interpretaci\u00f3n.<\/p>\t\t\t\t\t\t\t\t<\/div>\n\t\t\t\t<\/div>\n\t\t\t\t<div class=\"elementor-element elementor-element-4128abf3 elementor-widget__width-initial elementor-widget elementor-widget-heading\" data-id=\"4128abf3\" data-element_type=\"widget\" data-settings=\"{&quot;_animation&quot;:&quot;none&quot;}\" data-widget_type=\"heading.default\">\n\t\t\t\t<div class=\"elementor-widget-container\">\n\t\t\t\t\t<h2 class=\"elementor-heading-title elementor-size-default\">Alquiler de equipos de interpretaci\u00f3n M\u00fcnster<\/h2>\t\t\t\t<\/div>\n\t\t\t\t<\/div>\n\t\t\t\t<div class=\"elementor-element elementor-element-789525d1 elementor-widget elementor-widget-eael-adv-accordion\" data-id=\"789525d1\" data-element_type=\"widget\" data-widget_type=\"eael-adv-accordion.default\">\n\t\t\t\t<div class=\"elementor-widget-container\">\n\t\t\t\t\t            <div class=\"eael-adv-accordion\" id=\"eael-adv-accordion-789525d1\" data-scroll-on-click=\"no\" data-scroll-speed=\"300\" data-accordion-id=\"789525d1\" data-accordion-type=\"accordion\" data-toogle-speed=\"300\">\n            <div class=\"eael-accordion-list\">\n\t\t\t\t\t<div id=\"veranstaltungsorte-fr-events-und-kongresse-in-mnster\" class=\"elementor-tab-title eael-accordion-header\" tabindex=\"0\" data-tab=\"1\" aria-controls=\"elementor-tab-content-2021\"><span class=\"eael-advanced-accordion-icon-closed\"><svg aria-hidden=\"true\" class=\"fa-accordion-icon e-font-icon-svg e-fas-plus\" viewbox=\"0 0 448 512\" xmlns=\"http:\/\/www.w3.org\/2000\/svg\"><path d=\"M416 208H272V64c0-17.67-14.33-32-32-32h-32c-17.67 0-32 14.33-32 32v144H32c-17.67 0-32 14.33-32 32v32c0 17.67 14.33 32 32 32h144v144c0 17.67 14.33 32 32 32h32c17.67 0 32-14.33 32-32V304h144c17.67 0 32-14.33 32-32v-32c0-17.67-14.33-32-32-32z\"><\/path><\/svg><\/span><span class=\"eael-advanced-accordion-icon-opened\"><svg aria-hidden=\"true\" class=\"fa-accordion-icon e-font-icon-svg e-fas-minus\" viewbox=\"0 0 448 512\" xmlns=\"http:\/\/www.w3.org\/2000\/svg\"><path d=\"M416 208H32c-17.67 0-32 14.33-32 32v32c0 17.67 14.33 32 32 32h384c17.67 0 32-14.33 32-32v-32c0-17.67-14.33-32-32-32z\"><\/path><\/svg><\/span><span class=\"eael-accordion-tab-title\">Espacios para eventos y congresos en M\u00fcnster<\/span><svg aria-hidden=\"true\" class=\"fa-toggle e-font-icon-svg e-fas-angle-right\" viewbox=\"0 0 256 512\" xmlns=\"http:\/\/www.w3.org\/2000\/svg\"><path d=\"M224.3 273l-136 136c-9.4 9.4-24.6 9.4-33.9 0l-22.6-22.6c-9.4-9.4-9.4-24.6 0-33.9l96.4-96.4-96.4-96.4c-9.4-9.4-9.4-24.6 0-33.9L54.3 103c9.4-9.4 24.6-9.4 33.9 0l136 136c9.5 9.4 9.5 24.6.1 34z\"><\/path><\/svg><\/div><div id=\"elementor-tab-content-2021\" class=\"eael-accordion-content clearfix\" data-tab=\"1\" aria-labelledby=\"veranstaltungsorte-fr-events-und-kongresse-in-mnster\"><ul><li>Centro de Exposiciones y Congresos Halle M\u00fcnsterland \u2013 MCC<\/li><li>Ayuntamiento de Hiltrup<\/li><li>Universidad Westf\u00e4lische Wilhelms de M\u00fcnster<\/li><li>Universidad de Ciencias Aplicadas de M\u00fcnster \u2013 Centro Universitario de Ciencias Aplicadas (FHZ)<\/li><li>Castillo de M\u00fcnster<\/li><li>Campus Steinfurt<\/li><li>Fundaci\u00f3n H\u00fcffer<\/li><li>Concesionario de coches Siemon M\u00fcnster<\/li><\/ul><\/div>\n\t\t\t\t\t<\/div><div class=\"eael-accordion-list\">\n\t\t\t\t\t<div id=\"die-wichtigsten-veranstaltungshotels-in-mnster\" class=\"elementor-tab-title eael-accordion-header\" tabindex=\"0\" data-tab=\"2\" aria-controls=\"elementor-tab-content-2022\"><span class=\"eael-advanced-accordion-icon-closed\"><svg aria-hidden=\"true\" class=\"fa-accordion-icon e-font-icon-svg e-fas-plus\" viewbox=\"0 0 448 512\" xmlns=\"http:\/\/www.w3.org\/2000\/svg\"><path d=\"M416 208H272V64c0-17.67-14.33-32-32-32h-32c-17.67 0-32 14.33-32 32v144H32c-17.67 0-32 14.33-32 32v32c0 17.67 14.33 32 32 32h144v144c0 17.67 14.33 32 32 32h32c17.67 0 32-14.33 32-32V304h144c17.67 0 32-14.33 32-32v-32c0-17.67-14.33-32-32-32z\"><\/path><\/svg><\/span><span class=\"eael-advanced-accordion-icon-opened\"><svg aria-hidden=\"true\" class=\"fa-accordion-icon e-font-icon-svg e-fas-minus\" viewbox=\"0 0 448 512\" xmlns=\"http:\/\/www.w3.org\/2000\/svg\"><path d=\"M416 208H32c-17.67 0-32 14.33-32 32v32c0 17.67 14.33 32 32 32h384c17.67 0 32-14.33 32-32v-32c0-17.67-14.33-32-32-32z\"><\/path><\/svg><\/span><span class=\"eael-accordion-tab-title\">Los hoteles para eventos m\u00e1s importantes de M\u00fcnster<\/span><svg aria-hidden=\"true\" class=\"fa-toggle e-font-icon-svg e-fas-angle-right\" viewbox=\"0 0 256 512\" xmlns=\"http:\/\/www.w3.org\/2000\/svg\"><path d=\"M224.3 273l-136 136c-9.4 9.4-24.6 9.4-33.9 0l-22.6-22.6c-9.4-9.4-9.4-24.6 0-33.9l96.4-96.4-96.4-96.4c-9.4-9.4-9.4-24.6 0-33.9L54.3 103c9.4-9.4 24.6-9.4 33.9 0l136 136c9.5 9.4 9.5 24.6.1 34z\"><\/path><\/svg><\/div><div id=\"elementor-tab-content-2022\" class=\"eael-accordion-content clearfix\" data-tab=\"2\" aria-labelledby=\"die-wichtigsten-veranstaltungshotels-in-mnster\"><ul><li>Hotel Factory<\/li><li>DRK Conference Hotel Dunant<\/li><li>Tryp Kongresshotel M\u00fcnster<\/li><li>\u00c1gora del lago Aa<\/li><li>City Hotel M\u00fcnster<\/li><li>M\u00f6venpick Hotel M\u00fcnster<\/li><li>Hotel Kaiserhof M\u00fcnster<\/li><li>Best Western Premier<\/li><li>Seehotel Krautkr\u00e4mer<\/li><li>Ringhotel Landhaus Eggert<\/li><li>Hotel rural Beverland<\/li><li>Hotel-Restaurant Clemens-August (Ascheberg)<\/li><\/ul><\/div>\n\t\t\t\t\t<\/div><div class=\"eael-accordion-list\">\n\t\t\t\t\t<div id=\"die-wichtigsten-messetermine-in-mnster\" class=\"elementor-tab-title eael-accordion-header\" tabindex=\"0\" data-tab=\"3\" aria-controls=\"elementor-tab-content-2023\"><span class=\"eael-advanced-accordion-icon-closed\"><svg aria-hidden=\"true\" class=\"fa-accordion-icon e-font-icon-svg e-fas-plus\" viewbox=\"0 0 448 512\" xmlns=\"http:\/\/www.w3.org\/2000\/svg\"><path d=\"M416 208H272V64c0-17.67-14.33-32-32-32h-32c-17.67 0-32 14.33-32 32v144H32c-17.67 0-32 14.33-32 32v32c0 17.67 14.33 32 32 32h144v144c0 17.67 14.33 32 32 32h32c17.67 0 32-14.33 32-32V304h144c17.67 0 32-14.33 32-32v-32c0-17.67-14.33-32-32-32z\"><\/path><\/svg><\/span><span class=\"eael-advanced-accordion-icon-opened\"><svg aria-hidden=\"true\" class=\"fa-accordion-icon e-font-icon-svg e-fas-minus\" viewbox=\"0 0 448 512\" xmlns=\"http:\/\/www.w3.org\/2000\/svg\"><path d=\"M416 208H32c-17.67 0-32 14.33-32 32v32c0 17.67 14.33 32 32 32h384c17.67 0 32-14.33 32-32v-32c0-17.67-14.33-32-32-32z\"><\/path><\/svg><\/span><span class=\"eael-accordion-tab-title\">Las citas feriales m\u00e1s importantes de M\u00fcnster<\/span><svg aria-hidden=\"true\" class=\"fa-toggle e-font-icon-svg e-fas-angle-right\" viewbox=\"0 0 256 512\" xmlns=\"http:\/\/www.w3.org\/2000\/svg\"><path d=\"M224.3 273l-136 136c-9.4 9.4-24.6 9.4-33.9 0l-22.6-22.6c-9.4-9.4-9.4-24.6 0-33.9l96.4-96.4-96.4-96.4c-9.4-9.4-9.4-24.6 0-33.9L54.3 103c9.4-9.4 24.6-9.4 33.9 0l136 136c9.5 9.4 9.5 24.6.1 34z\"><\/path><\/svg><\/div><div id=\"elementor-tab-content-2023\" class=\"eael-accordion-content clearfix\" data-tab=\"3\" aria-labelledby=\"die-wichtigsten-messetermine-in-mnster\"><ul><li>IAF \u2013 Exposici\u00f3n Internacional Tecnolog\u00eda de Chasis<\/li><li>feria del empleo m\u00fcnsterland<\/li><li>Starfire Tattoo Weekend M\u00fcnster<\/li><li>LAB-SUPPLY M\u00fcnster<\/li><li>Foro VIA M\u00fcnster<\/li><li>COLERtechnika<\/li><li>Canela y estrellas<\/li><li>LADYLIKE M\u00fcnster<\/li><li>JuBi M\u00fcnster \u2013 La Feria de Educaci\u00f3n Juvenil<\/li><li>DOGLIVE, MASTER AND MORE Feria de M\u00fcnster<\/li><li>Feria BACHELOR AND MORE de M\u00fcnster<\/li><li>HORIZON M\u00fcnster<\/li><li>Feria de Arte y Antig\u00fcedades de M\u00fcnster<\/li><li>Construir y Vivir M\u00fcnster<\/li><li>TEDDYB\u00c4R TOTAL M\u00fcnster<\/li><li>vocatium M\u00fcnsterland<\/li><li>Gasolinera y PYME<\/li><li>D\u00edas del Emprendedor AGRAR<\/li><li>Congreso de Diabetes, Ipomex<\/li><li>Jornadas de construcci\u00f3n en madera<\/li><li>mobile &amp; fit M\u00fcnster<\/li><li>Jornadas de gesti\u00f3n de residuos de M\u00fcnster<\/li><li>WLAT M\u00fcnster<\/li><\/ul><\/div>\n\t\t\t\t\t<\/div><\/div>\t\t\t\t<\/div>\n\t\t\t\t<\/div>\n\t\t\t\t\t<\/div>\n\t\t\t\t<\/div>\n\t\t<div data-particle_enable=\"false\" data-particle-mobile-disabled=\"false\" class=\"elementor-element elementor-element-3388e556 e-flex e-con-boxed e-con e-parent\" data-id=\"3388e556\" data-element_type=\"container\">\n\t\t\t\t\t<div class=\"e-con-inner\">\n\t\t\t\t<div class=\"elementor-element elementor-element-4ec90981 elementor-widget elementor-widget-shortcode\" data-id=\"4ec90981\" data-element_type=\"widget\" data-widget_type=\"shortcode.default\">\n\t\t\t\t<div class=\"elementor-widget-container\">\n\t\t\t\t\t\t\t<div class=\"elementor-shortcode\"><\/div>\n\t\t\t\t\t\t<\/div>\n\t\t\t\t<\/div>\n\t\t\t\t\t<\/div>\n\t\t\t\t<\/div>\n\t\t\t\t<\/div>","protected":false},"excerpt":{"rendered":"<p>Alquiler de equipos de interpretaci\u00f3n M\u00fcnster \u2013 Alquiler de equipos de interpretaci\u00f3n en M\u00fcnsterland Presupuestos r\u00e1pidos, asistencia profesional, gran selecci\u00f3n de equipos Alquiler de equipos de interpretaci\u00f3n y tecnolog\u00eda de conferencias en M\u00fcnster Ya sea una conferencia acad\u00e9mica, un congreso internacional, una reuni\u00f3n de la junta directiva o una vista judicial interpretada: PCS ofrece a M\u00fcnster y sus alrededores sistemas de alquiler en el campo de la tecnolog\u00eda de interpretaci\u00f3n. La selecci\u00f3n de diferentes sistemas y equipos es muy amplia: usted [...]<\/p>","protected":false},"author":1,"featured_media":45482,"parent":0,"menu_order":0,"comment_status":"closed","ping_status":"closed","template":"","meta":{"_acf_changed":false,"footnotes":""},"class_list":["post-11850","page","type-page","status-publish","has-post-thumbnail","hentry"],"acf":[],"_links":{"self":[{"href":"https:\/\/konferenztechnik.de\/es\/wp-json\/wp\/v2\/pages\/11850","targetHints":{"allow":["GET"]}}],"collection":[{"href":"https:\/\/konferenztechnik.de\/es\/wp-json\/wp\/v2\/pages"}],"about":[{"href":"https:\/\/konferenztechnik.de\/es\/wp-json\/wp\/v2\/types\/page"}],"author":[{"embeddable":true,"href":"https:\/\/konferenztechnik.de\/es\/wp-json\/wp\/v2\/users\/1"}],"replies":[{"embeddable":true,"href":"https:\/\/konferenztechnik.de\/es\/wp-json\/wp\/v2\/comments?post=11850"}],"version-history":[{"count":0,"href":"https:\/\/konferenztechnik.de\/es\/wp-json\/wp\/v2\/pages\/11850\/revisions"}],"wp:featuredmedia":[{"embeddable":true,"href":"https:\/\/konferenztechnik.de\/es\/wp-json\/wp\/v2\/media\/45482"}],"wp:attachment":[{"href":"https:\/\/konferenztechnik.de\/es\/wp-json\/wp\/v2\/media?parent=11850"}],"curies":[{"name":"wp","href":"https:\/\/api.w.org\/{rel}","templated":true}]}}