{"id":11891,"date":"2017-11-13T13:42:50","date_gmt":"2017-11-13T11:42:50","guid":{"rendered":"https:\/\/www.konferenztechnik.de\/?page_id=11891"},"modified":"2023-06-20T12:44:22","modified_gmt":"2023-06-20T10:44:22","slug":"alquiler-de-equipos-de-interpretacion-karlsruhe","status":"publish","type":"page","link":"https:\/\/konferenztechnik.de\/es\/alquiler-de-equipos-de-interpretacion-karlsruhe\/","title":{"rendered":"Alquiler de equipos de interpretaci\u00f3n Karlsruhe"},"content":{"rendered":"<div data-elementor-type=\"wp-page\" data-elementor-id=\"11891\" class=\"elementor elementor-11891\" data-elementor-post-type=\"page\">\n\t\t\t\t<div data-particle_enable=\"false\" data-particle-mobile-disabled=\"false\" class=\"elementor-element elementor-element-4c031753 e-flex e-con-boxed e-con e-parent\" data-id=\"4c031753\" data-element_type=\"container\">\n\t\t\t\t\t<div class=\"e-con-inner\">\n\t\t\t\t<div class=\"elementor-element elementor-element-faa99f3 elementor-widget elementor-widget-heading\" data-id=\"faa99f3\" data-element_type=\"widget\" data-settings=\"{&quot;_animation&quot;:&quot;none&quot;}\" data-widget_type=\"heading.default\">\n\t\t\t\t<div class=\"elementor-widget-container\">\n\t\t\t\t\t<h1 class=\"elementor-heading-title elementor-size-default\">Alquiler de equipos de interpretaci\u00f3n Karlsruhe \u2013 Alquiler de equipos de interpretaci\u00f3n en el Alto Rin Medio<\/h1>\t\t\t\t<\/div>\n\t\t\t\t<\/div>\n\t\t\t\t<div class=\"elementor-element elementor-element-59af4fe8 elementor-widget elementor-widget-heading\" data-id=\"59af4fe8\" data-element_type=\"widget\" data-settings=\"{&quot;_animation&quot;:&quot;none&quot;}\" data-widget_type=\"heading.default\">\n\t\t\t\t<div class=\"elementor-widget-container\">\n\t\t\t\t\t<h2 class=\"elementor-heading-title elementor-size-default\">Presupuestos r\u00e1pidos, asistencia profesional, amplia selecci\u00f3n de tecnolog\u00eda<\/h2>\t\t\t\t<\/div>\n\t\t\t\t<\/div>\n\t\t\t\t\t<\/div>\n\t\t\t\t<\/div>\n\t\t<div data-particle_enable=\"false\" data-particle-mobile-disabled=\"false\" class=\"elementor-element elementor-element-19aa799d e-flex e-con-boxed e-con e-parent\" data-id=\"19aa799d\" data-element_type=\"container\">\n\t\t\t\t\t<div class=\"e-con-inner\">\n\t\t\t\t<div class=\"elementor-element elementor-element-4ee2af3e elementor-widget elementor-widget-shortcode\" data-id=\"4ee2af3e\" data-element_type=\"widget\" data-widget_type=\"shortcode.default\">\n\t\t\t\t<div class=\"elementor-widget-container\">\n\t\t\t\t\t\t\t<div class=\"elementor-shortcode\">\t\t<div data-elementor-type=\"container\" data-elementor-id=\"30567\" class=\"elementor elementor-30567\" data-elementor-post-type=\"elementor_library\">\n\t\t\t\t<div data-particle_enable=\"false\" data-particle-mobile-disabled=\"false\" class=\"elementor-element elementor-element-349c2afa e-flex e-con-boxed e-con e-parent\" data-id=\"349c2afa\" data-element_type=\"container\">\n\t\t\t\t\t<div class=\"e-con-inner\">\n\t\t\t\t<div class=\"elementor-element elementor-element-aafaf45 elementor-grid-4 elementor-grid-tablet-2 elementor-grid-mobile-1 elementor-posts--thumbnail-top elementor-widget elementor-widget-posts\" data-id=\"aafaf45\" data-element_type=\"widget\" data-settings=\"{&quot;classic_columns&quot;:&quot;4&quot;,&quot;classic_columns_tablet&quot;:&quot;2&quot;,&quot;classic_columns_mobile&quot;:&quot;1&quot;,&quot;classic_row_gap&quot;:{&quot;unit&quot;:&quot;px&quot;,&quot;size&quot;:35,&quot;sizes&quot;:[]},&quot;classic_row_gap_widescreen&quot;:{&quot;unit&quot;:&quot;px&quot;,&quot;size&quot;:&quot;&quot;,&quot;sizes&quot;:[]},&quot;classic_row_gap_laptop&quot;:{&quot;unit&quot;:&quot;px&quot;,&quot;size&quot;:&quot;&quot;,&quot;sizes&quot;:[]},&quot;classic_row_gap_tablet_extra&quot;:{&quot;unit&quot;:&quot;px&quot;,&quot;size&quot;:&quot;&quot;,&quot;sizes&quot;:[]},&quot;classic_row_gap_tablet&quot;:{&quot;unit&quot;:&quot;px&quot;,&quot;size&quot;:&quot;&quot;,&quot;sizes&quot;:[]},&quot;classic_row_gap_mobile&quot;:{&quot;unit&quot;:&quot;px&quot;,&quot;size&quot;:&quot;&quot;,&quot;sizes&quot;:[]}}\" data-widget_type=\"posts.classic\">\n\t\t\t\t<div class=\"elementor-widget-container\">\n\t\t\t\t\t\t\t<div class=\"elementor-posts-container elementor-posts elementor-posts--skin-classic elementor-grid\" role=\"list\">\n\t\t\t\t<article class=\"elementor-post elementor-grid-item post-24659 post type-post status-publish format-standard has-post-thumbnail hentry category-produkte category-digital-und-hybrid category-events category-populaer tag-dolmetscherhub tag-dolmetscherstudio tag-dolmetschhub tag-dolmetschstudio\" role=\"listitem\">\n\t\t\t\t<a class=\"elementor-post__thumbnail__link\" href=\"https:\/\/konferenztechnik.de\/es\/centros-y-estudios-de-interpretacion\/\" tabindex=\"-1\">\n\t\t\t<div class=\"elementor-post__thumbnail\"><img fetchpriority=\"high\" decoding=\"async\" width=\"300\" height=\"198\" src=\"https:\/\/konferenztechnik.de\/wp-content\/uploads\/2023\/04\/dolmetschhubs-300x198.jpg\" class=\"attachment-medium size-medium wp-image-24663\" alt=\"Vista de un estudio de interpretaci\u00f3n en el que los int\u00e9rpretes siguen a un orador en un gran monitor y traducen a otros idiomas en sus cabinas insonorizadas.\" title=\"\" srcset=\"https:\/\/konferenztechnik.de\/wp-content\/uploads\/2023\/04\/dolmetschhubs-300x198.jpg 300w, https:\/\/konferenztechnik.de\/wp-content\/uploads\/2023\/04\/dolmetschhubs-18x12.jpg 18w, https:\/\/konferenztechnik.de\/wp-content\/uploads\/2023\/04\/dolmetschhubs.jpg 399w\" sizes=\"(max-width: 300px) 100vw, 300px\" \/><\/div>\n\t\t<\/a>\n\t\t\t\t<div class=\"elementor-post__text\">\n\t\t\t\t<h3 class=\"elementor-post__title\">\n\t\t\t<a href=\"https:\/\/konferenztechnik.de\/es\/centros-y-estudios-de-interpretacion\/\">\n\t\t\t\tCentros y estudios de interpretaci\u00f3n\t\t\t<\/a>\n\t\t<\/h3>\n\t\t\t\t<div class=\"elementor-post__excerpt\">\n\t\t\t<p>Nuestros centros profesionales de interpretaci\u00f3n a distancia, interpretaci\u00f3n para videoconferencias, streaming y reuniones presenciales<\/p>\n\t\t<\/div>\n\t\t\t\t\t<div class=\"elementor-post__read-more-wrapper\">\n\t\t\n\t\t<a class=\"elementor-post__read-more\" href=\"https:\/\/konferenztechnik.de\/es\/centros-y-estudios-de-interpretacion\/\" aria-label=\"M\u00e1s informaci\u00f3n sobre Centros y estudios de interpretaci\u00f3n\" tabindex=\"-1\">\n\t\t\tLeer m\u00e1s \u00bb\t\t<\/a>\n\n\t\t\t\t\t<\/div>\n\t\t\t\t<\/div>\n\t\t\t\t<\/article>\n\t\t\t\t<article class=\"elementor-post elementor-grid-item post-24480 post type-post status-publish format-standard has-post-thumbnail hentry category-produkte category-events category-populaer\" role=\"listitem\">\n\t\t\t\t<a class=\"elementor-post__thumbnail__link\" href=\"https:\/\/konferenztechnik.de\/es\/sistemas-de-guiado-personal-alquiler-compra-instalacion\/\" tabindex=\"-1\">\n\t\t\t<div class=\"elementor-post__thumbnail\"><img decoding=\"async\" width=\"300\" height=\"200\" src=\"https:\/\/konferenztechnik.de\/wp-content\/uploads\/2023\/07\/personenfuehrungsanlage-mieten-kaufen-300x200.webp\" class=\"attachment-medium size-medium wp-image-41906\" alt=\"Un hombre habla por el micr\u00f3fono, un espectador escucha con el sistema de gu\u00eda tur\u00edstica durante una visita. Alquile, compre o arriende sistemas de gu\u00eda tur\u00edstico de PCS.\" title=\"\" srcset=\"https:\/\/konferenztechnik.de\/wp-content\/uploads\/2023\/07\/personenfuehrungsanlage-mieten-kaufen-300x200.webp 300w, https:\/\/konferenztechnik.de\/wp-content\/uploads\/2023\/07\/personenfuehrungsanlage-mieten-kaufen-18x12.webp 18w, https:\/\/konferenztechnik.de\/wp-content\/uploads\/2023\/07\/personenfuehrungsanlage-mieten-kaufen-jpg.webp 424w\" sizes=\"(max-width: 300px) 100vw, 300px\" \/><\/div>\n\t\t<\/a>\n\t\t\t\t<div class=\"elementor-post__text\">\n\t\t\t\t<h3 class=\"elementor-post__title\">\n\t\t\t<a href=\"https:\/\/konferenztechnik.de\/es\/sistemas-de-guiado-personal-alquiler-compra-instalacion\/\">\n\t\t\t\tSistemas de guiado de pasajeros\t\t\t<\/a>\n\t\t<\/h3>\n\t\t\t\t<div class=\"elementor-post__excerpt\">\n\t\t\t<p>Sistemas de gu\u00eda tur\u00edstico, sistemas de gu\u00eda, sistemas de susurro o ALP, auriculares, micr\u00f3fonos, unidades de carga, maletas de transporte, accesorios<\/p>\n\t\t<\/div>\n\t\t\t\t\t<div class=\"elementor-post__read-more-wrapper\">\n\t\t\n\t\t<a class=\"elementor-post__read-more\" href=\"https:\/\/konferenztechnik.de\/es\/sistemas-de-guiado-personal-alquiler-compra-instalacion\/\" aria-label=\"M\u00e1s informaci\u00f3n sobre sistemas de guiado personal\" tabindex=\"-1\">\n\t\t\tLeer m\u00e1s \u00bb\t\t<\/a>\n\n\t\t\t\t\t<\/div>\n\t\t\t\t<\/div>\n\t\t\t\t<\/article>\n\t\t\t\t<article class=\"elementor-post elementor-grid-item post-24541 post type-post status-publish format-standard has-post-thumbnail hentry category-produkte category-digital-und-hybrid category-events category-populaer\" role=\"listitem\">\n\t\t\t\t<a class=\"elementor-post__thumbnail__link\" href=\"https:\/\/konferenztechnik.de\/es\/sistemas-de-interpretacion-y-tecnologia-de-interpretacion-alquiler-compra-instalacion\/\" tabindex=\"-1\">\n\t\t\t<div class=\"elementor-post__thumbnail\"><img decoding=\"async\" width=\"300\" height=\"199\" src=\"https:\/\/konferenztechnik.de\/wp-content\/uploads\/2023\/05\/simultantechnik-dolmetscheranlagen-mieten-kaufen-leasen-300x199.webp\" class=\"attachment-medium size-medium wp-image-42814\" alt=\"\" title=\"\" srcset=\"https:\/\/konferenztechnik.de\/wp-content\/uploads\/2023\/05\/simultantechnik-dolmetscheranlagen-mieten-kaufen-leasen-300x199.webp 300w, https:\/\/konferenztechnik.de\/wp-content\/uploads\/2023\/05\/simultantechnik-dolmetscheranlagen-mieten-kaufen-leasen-18x12.webp 18w, https:\/\/konferenztechnik.de\/wp-content\/uploads\/2023\/05\/simultantechnik-dolmetscheranlagen-mieten-kaufen-leasen-jpg.webp 480w\" sizes=\"(max-width: 300px) 100vw, 300px\" \/><\/div>\n\t\t<\/a>\n\t\t\t\t<div class=\"elementor-post__text\">\n\t\t\t\t<h3 class=\"elementor-post__title\">\n\t\t\t<a href=\"https:\/\/konferenztechnik.de\/es\/sistemas-de-interpretacion-y-tecnologia-de-interpretacion-alquiler-compra-instalacion\/\">\n\t\t\t\tSistemas y tecnolog\u00eda de interpretaci\u00f3n\t\t\t<\/a>\n\t\t<\/h3>\n\t\t\t\t<div class=\"elementor-post__excerpt\">\n\t\t\t<p>Sistemas de interpretaci\u00f3n inal\u00e1mbricos con cabinas de interpretaci\u00f3n y sistemas de debate con cabinas de interpretaci\u00f3n<\/p>\n\t\t<\/div>\n\t\t\t\t\t<div class=\"elementor-post__read-more-wrapper\">\n\t\t\n\t\t<a class=\"elementor-post__read-more\" href=\"https:\/\/konferenztechnik.de\/es\/sistemas-de-interpretacion-y-tecnologia-de-interpretacion-alquiler-compra-instalacion\/\" aria-label=\"M\u00e1s informaci\u00f3n sobre Equipos y tecnolog\u00eda de interpretaci\u00f3n\" tabindex=\"-1\">\n\t\t\tLeer m\u00e1s \u00bb\t\t<\/a>\n\n\t\t\t\t\t<\/div>\n\t\t\t\t<\/div>\n\t\t\t\t<\/article>\n\t\t\t\t<article class=\"elementor-post elementor-grid-item post-21635 post type-post status-publish format-standard has-post-thumbnail hentry category-digital-und-hybrid category-events category-installation category-populaer\" role=\"listitem\">\n\t\t\t\t<a class=\"elementor-post__thumbnail__link\" href=\"https:\/\/konferenztechnik.de\/es\/camaras-ptz\/\" tabindex=\"-1\">\n\t\t\t<div class=\"elementor-post__thumbnail\"><img loading=\"lazy\" decoding=\"async\" width=\"300\" height=\"198\" src=\"https:\/\/konferenztechnik.de\/wp-content\/uploads\/2023\/03\/ptz-kameras-300x198.jpg\" class=\"attachment-medium size-medium wp-image-21637\" alt=\"\" title=\"\" srcset=\"https:\/\/konferenztechnik.de\/wp-content\/uploads\/2023\/03\/ptz-kameras-300x198.jpg 300w, https:\/\/konferenztechnik.de\/wp-content\/uploads\/2023\/03\/ptz-kameras-18x12.jpg 18w, https:\/\/konferenztechnik.de\/wp-content\/uploads\/2023\/03\/ptz-kameras.jpg 399w\" sizes=\"(max-width: 300px) 100vw, 300px\" \/><\/div>\n\t\t<\/a>\n\t\t\t\t<div class=\"elementor-post__text\">\n\t\t\t\t<h3 class=\"elementor-post__title\">\n\t\t\t<a href=\"https:\/\/konferenztechnik.de\/es\/camaras-ptz\/\">\n\t\t\t\tC\u00e1maras PTZ\t\t\t<\/a>\n\t\t<\/h3>\n\t\t\t\t<div class=\"elementor-post__excerpt\">\n\t\t\t<p>Las c\u00e1maras PTZ (a menudo tambi\u00e9n conocidas como c\u00e1maras DOME) enfocan autom\u00e1ticamente a los participantes durante un discurso.<\/p>\n\t\t<\/div>\n\t\t\t\t\t<div class=\"elementor-post__read-more-wrapper\">\n\t\t\n\t\t<a class=\"elementor-post__read-more\" href=\"https:\/\/konferenztechnik.de\/es\/camaras-ptz\/\" aria-label=\"M\u00e1s informaci\u00f3n sobre c\u00e1maras PTZ\" tabindex=\"-1\">\n\t\t\tLeer m\u00e1s \u00bb\t\t<\/a>\n\n\t\t\t\t\t<\/div>\n\t\t\t\t<\/div>\n\t\t\t\t<\/article>\n\t\t\t\t<article class=\"elementor-post elementor-grid-item post-21411 post type-post status-publish format-standard has-post-thumbnail hentry category-digital-und-hybrid category-events category-populaer\" role=\"listitem\">\n\t\t\t\t<a class=\"elementor-post__thumbnail__link\" href=\"https:\/\/konferenztechnik.de\/es\/conferencias-con-equipos-de-microsoft\/\" tabindex=\"-1\">\n\t\t\t<div class=\"elementor-post__thumbnail\"><img loading=\"lazy\" decoding=\"async\" width=\"300\" height=\"198\" src=\"https:\/\/konferenztechnik.de\/wp-content\/uploads\/2023\/03\/konferenzen-ms-teams-300x198.jpg\" class=\"attachment-medium size-medium wp-image-21474\" alt=\"\" title=\"\" srcset=\"https:\/\/konferenztechnik.de\/wp-content\/uploads\/2023\/03\/konferenzen-ms-teams-300x198.jpg 300w, https:\/\/konferenztechnik.de\/wp-content\/uploads\/2023\/03\/konferenzen-ms-teams-18x12.jpg 18w, https:\/\/konferenztechnik.de\/wp-content\/uploads\/2023\/03\/konferenzen-ms-teams.jpg 399w\" sizes=\"(max-width: 300px) 100vw, 300px\" \/><\/div>\n\t\t<\/a>\n\t\t\t\t<div class=\"elementor-post__text\">\n\t\t\t\t<h3 class=\"elementor-post__title\">\n\t\t\t<a href=\"https:\/\/konferenztechnik.de\/es\/conferencias-con-equipos-de-microsoft\/\">\n\t\t\t\tConferencias con Microsoft Teams\t\t\t<\/a>\n\t\t<\/h3>\n\t\t\t\t<div class=\"elementor-post__excerpt\">\n\t\t\t<p>MS Teams ahora tambi\u00e9n multiling\u00fce y con la funci\u00f3n \"interpretaci\u00f3n simult\u00e1nea<\/p>\n\t\t<\/div>\n\t\t\t\t\t<div class=\"elementor-post__read-more-wrapper\">\n\t\t\n\t\t<a class=\"elementor-post__read-more\" href=\"https:\/\/konferenztechnik.de\/es\/conferencias-con-equipos-de-microsoft\/\" aria-label=\"M\u00e1s informaci\u00f3n sobre Conferencias con Microsoft Teams\" tabindex=\"-1\">\n\t\t\tLeer m\u00e1s \u00bb\t\t<\/a>\n\n\t\t\t\t\t<\/div>\n\t\t\t\t<\/div>\n\t\t\t\t<\/article>\n\t\t\t\t<article class=\"elementor-post elementor-grid-item post-26634 post type-post status-publish format-standard has-post-thumbnail hentry category-produkte category-events category-populaer\" role=\"listitem\">\n\t\t\t\t<a class=\"elementor-post__thumbnail__link\" href=\"https:\/\/konferenztechnik.de\/es\/av-audio-and-video-equipment-hire-buy-install-lease\/\" tabindex=\"-1\">\n\t\t\t<div class=\"elementor-post__thumbnail\"><img loading=\"lazy\" decoding=\"async\" width=\"300\" height=\"180\" src=\"https:\/\/konferenztechnik.de\/wp-content\/uploads\/2023\/03\/audio-und-videotechnik-mieten-kaufen-installieren-300x180.avif\" class=\"attachment-medium size-medium wp-image-47449\" alt=\"tecnolog\u00eda de audio y v\u00eddeo - alquiler-compra-instalaci\u00f3n\" title=\"\" srcset=\"https:\/\/konferenztechnik.de\/wp-content\/uploads\/2023\/03\/audio-und-videotechnik-mieten-kaufen-installieren-300x180.avif 300w, https:\/\/konferenztechnik.de\/wp-content\/uploads\/2023\/03\/audio-und-videotechnik-mieten-kaufen-installieren-1024x614.avif 1024w, https:\/\/konferenztechnik.de\/wp-content\/uploads\/2023\/03\/audio-und-videotechnik-mieten-kaufen-installieren-768x461.avif 768w, https:\/\/konferenztechnik.de\/wp-content\/uploads\/2023\/03\/audio-und-videotechnik-mieten-kaufen-installieren-18x12.avif 18w, https:\/\/konferenztechnik.de\/wp-content\/uploads\/2023\/03\/audio-und-videotechnik-mieten-kaufen-installieren.avif 1400w\" sizes=\"(max-width: 300px) 100vw, 300px\" \/><\/div>\n\t\t<\/a>\n\t\t\t\t<div class=\"elementor-post__text\">\n\t\t\t\t<h3 class=\"elementor-post__title\">\n\t\t\t<a href=\"https:\/\/konferenztechnik.de\/es\/av-audio-and-video-equipment-hire-buy-install-lease\/\">\n\t\t\t\tAV: Tecnolog\u00eda de audio y v\u00eddeo\t\t\t<\/a>\n\t\t<\/h3>\n\t\t\t\t<div class=\"elementor-post__excerpt\">\n\t\t\t<p>Micr\u00f3fonos, tecnolog\u00eda de megafon\u00eda, atriles, h\u00edbridos telef\u00f3nicos, distribuidores de prensa, software de registro de taqu\u00edgrafos...<\/p>\n\t\t<\/div>\n\t\t\t\t\t<div class=\"elementor-post__read-more-wrapper\">\n\t\t\n\t\t<a class=\"elementor-post__read-more\" href=\"https:\/\/konferenztechnik.de\/es\/av-audio-and-video-equipment-hire-buy-install-lease\/\" aria-label=\"M\u00e1s informaci\u00f3n sobre AV: Tecnolog\u00eda de audio y v\u00eddeo\" tabindex=\"-1\">\n\t\t\tLeer m\u00e1s \u00bb\t\t<\/a>\n\n\t\t\t\t\t<\/div>\n\t\t\t\t<\/div>\n\t\t\t\t<\/article>\n\t\t\t\t<article class=\"elementor-post elementor-grid-item post-21559 post type-post status-publish format-standard has-post-thumbnail hentry category-news\" role=\"listitem\">\n\t\t\t\t<a class=\"elementor-post__thumbnail__link\" href=\"https:\/\/konferenztechnik.de\/es\/interpretacion-televisiva-y-tecnologia-de-conferencias\/\" tabindex=\"-1\">\n\t\t\t<div class=\"elementor-post__thumbnail\"><img loading=\"lazy\" decoding=\"async\" width=\"300\" height=\"198\" src=\"https:\/\/konferenztechnik.de\/wp-content\/uploads\/2023\/03\/konferenztechnik-televic-300x198.jpg\" class=\"attachment-medium size-medium wp-image-21565\" alt=\"\" title=\"\" srcset=\"https:\/\/konferenztechnik.de\/wp-content\/uploads\/2023\/03\/konferenztechnik-televic-300x198.jpg 300w, https:\/\/konferenztechnik.de\/wp-content\/uploads\/2023\/03\/konferenztechnik-televic-18x12.jpg 18w, https:\/\/konferenztechnik.de\/wp-content\/uploads\/2023\/03\/konferenztechnik-televic.jpg 399w\" sizes=\"(max-width: 300px) 100vw, 300px\" \/><\/div>\n\t\t<\/a>\n\t\t\t\t<div class=\"elementor-post__text\">\n\t\t\t\t<h3 class=\"elementor-post__title\">\n\t\t\t<a href=\"https:\/\/konferenztechnik.de\/es\/interpretacion-televisiva-y-tecnologia-de-conferencias\/\">\n\t\t\t\tTelevic \u2013 Tecnolog\u00eda de interpretaci\u00f3n y conferencia\t\t\t<\/a>\n\t\t<\/h3>\n\t\t\t\t<div class=\"elementor-post__excerpt\">\n\t\t\t<p>Televic \u2013 Tecnolog\u00eda de interpretaci\u00f3n y conferencia Publicado: 23.01.2023 Televic \u2013 un fabricante innovador con una gama completa de soluciones de interpretaci\u00f3n y conferencia Invertimos en<\/p>\n\t\t<\/div>\n\t\t\t\t\t<div class=\"elementor-post__read-more-wrapper\">\n\t\t\n\t\t<a class=\"elementor-post__read-more\" href=\"https:\/\/konferenztechnik.de\/es\/interpretacion-televisiva-y-tecnologia-de-conferencias\/\" aria-label=\"M\u00e1s informaci\u00f3n sobre Televic \u2013 Equipos de interpretaci\u00f3n y conferencia\" tabindex=\"-1\">\n\t\t\tLeer m\u00e1s \u00bb\t\t<\/a>\n\n\t\t\t\t\t<\/div>\n\t\t\t\t<\/div>\n\t\t\t\t<\/article>\n\t\t\t\t<\/div>\n\t\t\n\t\t\t\t\t\t<\/div>\n\t\t\t\t<\/div>\n\t\t\t\t\t<\/div>\n\t\t\t\t<\/div>\n\t\t\t\t<\/div>\n\t\t<\/div>\n\t\t\t\t\t\t<\/div>\n\t\t\t\t<\/div>\n\t\t\t\t<div class=\"elementor-element elementor-element-9f232b3 elementor-widget elementor-widget-spacer\" data-id=\"9f232b3\" data-element_type=\"widget\" data-widget_type=\"spacer.default\">\n\t\t\t\t<div class=\"elementor-widget-container\">\n\t\t\t\t\t\t\t<div class=\"elementor-spacer\">\n\t\t\t<div class=\"elementor-spacer-inner\"><\/div>\n\t\t<\/div>\n\t\t\t\t\t\t<\/div>\n\t\t\t\t<\/div>\n\t\t\t\t\t<\/div>\n\t\t\t\t<\/div>\n\t\t<div data-particle_enable=\"false\" data-particle-mobile-disabled=\"false\" class=\"elementor-element elementor-element-72654171 e-flex e-con-boxed e-con e-parent\" data-id=\"72654171\" data-element_type=\"container\">\n\t\t\t\t\t<div class=\"e-con-inner\">\n\t\t\t\t<div class=\"elementor-element elementor-element-4a2237ea elementor-widget__width-initial elementor-widget elementor-widget-heading\" data-id=\"4a2237ea\" data-element_type=\"widget\" data-settings=\"{&quot;_animation&quot;:&quot;none&quot;}\" data-widget_type=\"heading.default\">\n\t\t\t\t<div class=\"elementor-widget-container\">\n\t\t\t\t\t<h2 class=\"elementor-heading-title elementor-size-default\">Alquiler de equipos de interpretaci\u00f3n y conferencia en Karlsruhe<\/h2>\t\t\t\t<\/div>\n\t\t\t\t<\/div>\n\t\t\t\t<div class=\"elementor-element elementor-element-4bc45ca4 elementor-widget elementor-widget-shortcode\" data-id=\"4bc45ca4\" data-element_type=\"widget\" data-widget_type=\"shortcode.default\">\n\t\t\t\t<div class=\"elementor-widget-container\">\n\t\t\t\t\t\t\t<div class=\"elementor-shortcode\">\t\t<div data-elementor-type=\"container\" data-elementor-id=\"30580\" class=\"elementor elementor-30580\" data-elementor-post-type=\"elementor_library\">\n\t\t\t\t<div data-particle_enable=\"false\" data-particle-mobile-disabled=\"false\" class=\"elementor-element elementor-element-76b67369 e-flex e-con-boxed e-con e-parent\" data-id=\"76b67369\" data-element_type=\"container\">\n\t\t\t\t\t<div class=\"e-con-inner\">\n\t\t\t\t<div class=\"elementor-element elementor-element-1ebb8808 elementor-arrows-position-inside elementor-pagination-position-outside elementor-widget elementor-widget-image-carousel\" data-id=\"1ebb8808\" data-element_type=\"widget\" data-settings=\"{&quot;slides_to_show&quot;:&quot;1&quot;,&quot;navigation&quot;:&quot;both&quot;,&quot;autoplay&quot;:&quot;yes&quot;,&quot;pause_on_hover&quot;:&quot;yes&quot;,&quot;pause_on_interaction&quot;:&quot;yes&quot;,&quot;autoplay_speed&quot;:5000,&quot;infinite&quot;:&quot;yes&quot;,&quot;effect&quot;:&quot;slide&quot;,&quot;speed&quot;:500}\" data-widget_type=\"image-carousel.default\">\n\t\t\t\t<div class=\"elementor-widget-container\">\n\t\t\t\t\t\t\t<div class=\"elementor-image-carousel-wrapper swiper\" role=\"region\" aria-roledescription=\"carousel\" aria-label=\"Carrusel de im\u00e1genes\" dir=\"ltr\">\n\t\t\t<div class=\"elementor-image-carousel swiper-wrapper swiper-image-stretch\" aria-live=\"off\">\n\t\t\t\t\t\t\t\t<div class=\"swiper-slide\" role=\"group\" aria-roledescription=\"slide\" aria-label=\"1 en 2\"><figure class=\"swiper-slide-inner\"><img decoding=\"async\" class=\"swiper-slide-image\" src=\"https:\/\/konferenztechnik.de\/wp-content\/uploads\/2017\/03\/dolmetscherpult-mieten-1.jpg\" alt=\"alquiler de pupitres de int\u00e9rprete\" title=\"\"><\/figure><\/div><div class=\"swiper-slide\" role=\"group\" aria-roledescription=\"slide\" aria-label=\"2 en 2\"><figure class=\"swiper-slide-inner\"><img decoding=\"async\" class=\"swiper-slide-image\" src=\"https:\/\/konferenztechnik.de\/wp-content\/uploads\/2017\/03\/dolmetscherkabine-fuehrungsanlage-mieten-1.jpg\" alt=\"sistema de alquiler de cabinas de interpretaci\u00f3n\" title=\"\"><\/figure><\/div>\t\t\t<\/div>\n\t\t\t\t\t\t\t\t\t\t\t\t<div class=\"elementor-swiper-button elementor-swiper-button-prev\" role=\"button\" tabindex=\"0\">\n\t\t\t\t\t\t<svg aria-hidden=\"true\" class=\"e-font-icon-svg e-eicon-chevron-left\" viewbox=\"0 0 1000 1000\" xmlns=\"http:\/\/www.w3.org\/2000\/svg\"><path d=\"M646 125C629 125 613 133 604 142L308 442C296 454 292 471 292 487 292 504 296 521 308 533L604 854C617 867 629 875 646 875 663 875 679 871 692 858 704 846 713 829 713 812 713 796 708 779 692 767L438 487 692 225C700 217 708 204 708 187 708 171 704 154 692 142 675 129 663 125 646 125Z\"><\/path><\/svg>\t\t\t\t\t<\/div>\n\t\t\t\t\t<div class=\"elementor-swiper-button elementor-swiper-button-next\" role=\"button\" tabindex=\"0\">\n\t\t\t\t\t\t<svg aria-hidden=\"true\" class=\"e-font-icon-svg e-eicon-chevron-right\" viewbox=\"0 0 1000 1000\" xmlns=\"http:\/\/www.w3.org\/2000\/svg\"><path d=\"M696 533C708 521 713 504 713 487 713 471 708 454 696 446L400 146C388 133 375 125 354 125 338 125 325 129 313 142 300 154 292 171 292 187 292 204 296 221 308 233L563 492 304 771C292 783 288 800 288 817 288 833 296 850 308 863 321 871 338 875 354 875 371 875 388 867 400 854L696 533Z\"><\/path><\/svg>\t\t\t\t\t<\/div>\n\t\t\t\t\n\t\t\t\t\t\t\t\t\t<div class=\"swiper-pagination\"><\/div>\n\t\t\t\t\t\t\t\t\t<\/div>\n\t\t\t\t\t\t<\/div>\n\t\t\t\t<\/div>\n\t\t\t\t\t<\/div>\n\t\t\t\t<\/div>\n\t\t\t\t<\/div>\n\t\t<\/div>\n\t\t\t\t\t\t<\/div>\n\t\t\t\t<\/div>\n\t\t\t\t<div class=\"elementor-element elementor-element-128d52a3 elementor-widget__width-initial elementor-widget elementor-widget-text-editor\" data-id=\"128d52a3\" data-element_type=\"widget\" data-widget_type=\"text-editor.default\">\n\t\t\t\t<div class=\"elementor-widget-container\">\n\t\t\t\t\t\t\t\t\t<p>PCS ofrece sistemas de interpretaci\u00f3n para todas las necesidades en Karlsruhe y la regi\u00f3n del Alto Rin Medio. Los sistemas de interpretaci\u00f3n alquilados a PCS se utilizan en actos internacionales organizados por las autoridades federales, as\u00ed como en congresos multiling\u00fces, conferencias acad\u00e9micas, reuniones de empresa o vistas judiciales, especialmente cuando hay int\u00e9rpretes simult\u00e1neos. Entre los lugares donde se utiliza la tecnolog\u00eda de interpretaci\u00f3n alquilada a PCS figuran el Centro de Congresos de Karlsruhe, las instalaciones del Centro de Arte y Medios de Comunicaci\u00f3n ZKM \u2013 y los diversos hoteles de congresos de la zona central del Alto Rin. Un \u00e1mbito relativamente nuevo en el que se utiliza la tecnolog\u00eda de la interpretaci\u00f3n (y a veces se abusa ligeramente de ella) es el de la accesibilidad. En representaciones teatrales o debates, por ejemplo, la tecnolog\u00eda de interpretaci\u00f3n se utiliza para transmitir las se\u00f1ales de los altavoces directamente a los aud\u00edfonos \u2013, lo que facilita enormemente la participaci\u00f3n en estos actos a las personas con deficiencias auditivas.<\/p>\t\t\t\t\t\t\t\t<\/div>\n\t\t\t\t<\/div>\n\t\t\t\t<div class=\"elementor-element elementor-element-73074d69 elementor-widget__width-initial elementor-widget elementor-widget-heading\" data-id=\"73074d69\" data-element_type=\"widget\" data-settings=\"{&quot;_animation&quot;:&quot;none&quot;}\" data-widget_type=\"heading.default\">\n\t\t\t\t<div class=\"elementor-widget-container\">\n\t\t\t\t\t<h2 class=\"elementor-heading-title elementor-size-default\">Tecnolog\u00eda de interpretaci\u00f3n de fabricantes de marca, con mantenimiento profesional<\/h2>\t\t\t\t<\/div>\n\t\t\t\t<\/div>\n\t\t\t\t<div class=\"elementor-element elementor-element-445f4fc3 elementor-widget__width-inherit elementor-widget elementor-widget-text-editor\" data-id=\"445f4fc3\" data-element_type=\"widget\" data-widget_type=\"text-editor.default\">\n\t\t\t\t<div class=\"elementor-widget-container\">\n\t\t\t\t\t\t\t\t\t<p>Los sistemas y equipos de interpretaci\u00f3n que PCS alquila en Karlsruhe proceden en su mayor\u00eda de fabricantes de marcas conocidas, son revisados peri\u00f3dicamente por t\u00e9cnicos profesionales para eventos y su funcionamiento se comprueba al cien por cien antes de entregarlos a los clientes. PCS en Karlsruhe alquila sistemas completos, como la familia de productos SIS de Beyerdynamic, as\u00ed como subsistemas y dispositivos individuales. Estos incluyen, entre muchos otros, unidades de control como la DCN CCU de Bosch, receptores de radio como el EK 1039 de Sennheiser, as\u00ed como unidades de micr\u00f3fono de sobremesa inal\u00e1mbricas y con cable y receptores de mentonera de diversos fabricantes, algunos de los cuales tambi\u00e9n ofrecen la opci\u00f3n de monitorizar un canal de interpretaci\u00f3n. A la hora de alquilar cabinas de interpretaci\u00f3n, PCS apuesta principalmente por las cabinas insonorizadas del fabricante holand\u00e9s Audipack, compatibles con todos los sistemas de interpretaci\u00f3n est\u00e1ndar. PCS tambi\u00e9n ofrece en la zona de Karlsruhe el sistema digital de gu\u00eda tur\u00edstica Sennheiser 2020-D y el sistema de gu\u00eda de visitantes Synexis de Beyerdynamic como sistema de susurro para int\u00e9rpretes como posible alternativa a la instalaci\u00f3n de cabinas de interpretaci\u00f3n.<\/p>\t\t\t\t\t\t\t\t<\/div>\n\t\t\t\t<\/div>\n\t\t\t\t<div class=\"elementor-element elementor-element-db89ccb elementor-widget__width-initial elementor-widget elementor-widget-heading\" data-id=\"db89ccb\" data-element_type=\"widget\" data-settings=\"{&quot;_animation&quot;:&quot;none&quot;}\" data-widget_type=\"heading.default\">\n\t\t\t\t<div class=\"elementor-widget-container\">\n\t\t\t\t\t<h2 class=\"elementor-heading-title elementor-size-default\">Contacto para todas las cuestiones relacionadas con la tecnolog\u00eda de interpretaci\u00f3n<\/h2>\t\t\t\t<\/div>\n\t\t\t\t<\/div>\n\t\t\t\t<div class=\"elementor-element elementor-element-a103117 elementor-widget__width-inherit elementor-widget elementor-widget-text-editor\" data-id=\"a103117\" data-element_type=\"widget\" data-widget_type=\"text-editor.default\">\n\t\t\t\t<div class=\"elementor-widget-container\">\n\t\t\t\t\t\t\t\t\t<p>Int\u00e9rpretes organizadores, agencias de eventos, organizadores de congresos, as\u00ed como autoridades p\u00fablicas y empresas de todos los tama\u00f1os de Karlsruhe conf\u00edan en la t\u00e9cnica de interpretaci\u00f3n de alquiler, entre otras cosas, porque va asociada a importantes asesoramientos y servicios. PCS apoya a sus clientes de Karlsruhe desde la primera consulta: ante todo en la planificaci\u00f3n t\u00e9cnica de un evento, en la selecci\u00f3n de los sistemas \u00f3ptimamente adecuados y con ofertas personalizadas. Los servicios prestados por PCS en el \u00e1rea de Karlsruhe y la regi\u00f3n central del Alto Rin incluyen la entrega de sistemas de cualquier tama\u00f1o directamente en el lugar del evento, la instalaci\u00f3n t\u00e9cnica de los sistemas y la supervisi\u00f3n de los eventos en curso por parte del personal de PCS. <br \/><br \/>Karlsruhe y la zona central del Alto Rin est\u00e1n atendidas por la sucursal de PCS en Heilbronn. Si tiene alguna pregunta sobre el uso de la tecnolog\u00eda de interpretaci\u00f3n en su evento, lo mejor es que se ponga en contacto inmediatamente con los t\u00e9cnicos de eventos y asesores de proyectos de PCS. La forma m\u00e1s f\u00e1cil es por correo electr\u00f3nico, pero tambi\u00e9n puede llamarnos por tel\u00e9fono.<\/p>\t\t\t\t\t\t\t\t<\/div>\n\t\t\t\t<\/div>\n\t\t\t\t<div class=\"elementor-element elementor-element-6bf196b0 elementor-widget__width-initial elementor-widget elementor-widget-heading\" data-id=\"6bf196b0\" data-element_type=\"widget\" data-settings=\"{&quot;_animation&quot;:&quot;none&quot;}\" data-widget_type=\"heading.default\">\n\t\t\t\t<div class=\"elementor-widget-container\">\n\t\t\t\t\t<h2 class=\"elementor-heading-title elementor-size-default\">Alquiler de equipos de interpretaci\u00f3n Karlsruhe<\/h2>\t\t\t\t<\/div>\n\t\t\t\t<\/div>\n\t\t\t\t<div class=\"elementor-element elementor-element-17a39335 elementor-widget elementor-widget-eael-adv-accordion\" data-id=\"17a39335\" data-element_type=\"widget\" data-widget_type=\"eael-adv-accordion.default\">\n\t\t\t\t<div class=\"elementor-widget-container\">\n\t\t\t\t\t            <div class=\"eael-adv-accordion\" id=\"eael-adv-accordion-17a39335\" data-scroll-on-click=\"no\" data-scroll-speed=\"300\" data-accordion-id=\"17a39335\" data-accordion-type=\"accordion\" data-toogle-speed=\"300\">\n            <div class=\"eael-accordion-list\">\n\t\t\t\t\t<div id=\"veranstaltungsorte-fr-events-und-kongresse-in-karlsruhe\" class=\"elementor-tab-title eael-accordion-header\" tabindex=\"0\" data-tab=\"1\" aria-controls=\"elementor-tab-content-3961\"><span class=\"eael-advanced-accordion-icon-closed\"><svg aria-hidden=\"true\" class=\"fa-accordion-icon e-font-icon-svg e-fas-plus\" viewbox=\"0 0 448 512\" xmlns=\"http:\/\/www.w3.org\/2000\/svg\"><path d=\"M416 208H272V64c0-17.67-14.33-32-32-32h-32c-17.67 0-32 14.33-32 32v144H32c-17.67 0-32 14.33-32 32v32c0 17.67 14.33 32 32 32h144v144c0 17.67 14.33 32 32 32h32c17.67 0 32-14.33 32-32V304h144c17.67 0 32-14.33 32-32v-32c0-17.67-14.33-32-32-32z\"><\/path><\/svg><\/span><span class=\"eael-advanced-accordion-icon-opened\"><svg aria-hidden=\"true\" class=\"fa-accordion-icon e-font-icon-svg e-fas-minus\" viewbox=\"0 0 448 512\" xmlns=\"http:\/\/www.w3.org\/2000\/svg\"><path d=\"M416 208H32c-17.67 0-32 14.33-32 32v32c0 17.67 14.33 32 32 32h384c17.67 0 32-14.33 32-32v-32c0-17.67-14.33-32-32-32z\"><\/path><\/svg><\/span><span class=\"eael-accordion-tab-title\">Espacios para eventos y congresos en Karlsruhe<\/span><svg aria-hidden=\"true\" class=\"fa-toggle e-font-icon-svg e-fas-angle-right\" viewbox=\"0 0 256 512\" xmlns=\"http:\/\/www.w3.org\/2000\/svg\"><path d=\"M224.3 273l-136 136c-9.4 9.4-24.6 9.4-33.9 0l-22.6-22.6c-9.4-9.4-9.4-24.6 0-33.9l96.4-96.4-96.4-96.4c-9.4-9.4-9.4-24.6 0-33.9L54.3 103c9.4-9.4 24.6-9.4 33.9 0l136 136c9.5 9.4 9.5 24.6.1 34z\"><\/path><\/svg><\/div><div id=\"elementor-tab-content-3961\" class=\"eael-accordion-content clearfix\" data-tab=\"1\" aria-labelledby=\"veranstaltungsorte-fr-events-und-kongresse-in-karlsruhe\"><ul><li>Recinto Ferial de Karlsruhe<\/li><li>Centro de Conferencias y Exposiciones<\/li><li>Centro de Congresos de Karlsruhe con Stadthalle Karlsruhe \/ Konzerthaus \/ Schwarzwaldhalle \/ Gartenhalle<\/li><li>Europahalle Karlsruhe<\/li><li>Centro de Arte y Medios de Comunicaci\u00f3n \u2013 ZKM<\/li><li>Museo Estatal de Baden<\/li><li>Galer\u00eda de Arte Estatal<\/li><li>Sala Hermann Ringwald<\/li><li>CLUB GOTEC<\/li><li>Palacio residencial de Rastatt (Rastatt)<\/li><\/ul><\/div>\n\t\t\t\t\t<\/div><div class=\"eael-accordion-list\">\n\t\t\t\t\t<div id=\"die-wichtigsten-veranstaltungshotels-karlsruhe\" class=\"elementor-tab-title eael-accordion-header\" tabindex=\"0\" data-tab=\"2\" aria-controls=\"elementor-tab-content-3962\"><span class=\"eael-advanced-accordion-icon-closed\"><svg aria-hidden=\"true\" class=\"fa-accordion-icon e-font-icon-svg e-fas-plus\" viewbox=\"0 0 448 512\" xmlns=\"http:\/\/www.w3.org\/2000\/svg\"><path d=\"M416 208H272V64c0-17.67-14.33-32-32-32h-32c-17.67 0-32 14.33-32 32v144H32c-17.67 0-32 14.33-32 32v32c0 17.67 14.33 32 32 32h144v144c0 17.67 14.33 32 32 32h32c17.67 0 32-14.33 32-32V304h144c17.67 0 32-14.33 32-32v-32c0-17.67-14.33-32-32-32z\"><\/path><\/svg><\/span><span class=\"eael-advanced-accordion-icon-opened\"><svg aria-hidden=\"true\" class=\"fa-accordion-icon e-font-icon-svg e-fas-minus\" viewbox=\"0 0 448 512\" xmlns=\"http:\/\/www.w3.org\/2000\/svg\"><path d=\"M416 208H32c-17.67 0-32 14.33-32 32v32c0 17.67 14.33 32 32 32h384c17.67 0 32-14.33 32-32v-32c0-17.67-14.33-32-32-32z\"><\/path><\/svg><\/span><span class=\"eael-accordion-tab-title\">Los hoteles para eventos m\u00e1s importantes de Karlsruhe<\/span><svg aria-hidden=\"true\" class=\"fa-toggle e-font-icon-svg e-fas-angle-right\" viewbox=\"0 0 256 512\" xmlns=\"http:\/\/www.w3.org\/2000\/svg\"><path d=\"M224.3 273l-136 136c-9.4 9.4-24.6 9.4-33.9 0l-22.6-22.6c-9.4-9.4-9.4-24.6 0-33.9l96.4-96.4-96.4-96.4c-9.4-9.4-9.4-24.6 0-33.9L54.3 103c9.4-9.4 24.6-9.4 33.9 0l136 136c9.5 9.4 9.5 24.6.1 34z\"><\/path><\/svg><\/div><div id=\"elementor-tab-content-3962\" class=\"eael-accordion-content clearfix\" data-tab=\"2\" aria-labelledby=\"die-wichtigsten-veranstaltungshotels-karlsruhe\"><ul><li>AkademieHotel de la Asociaci\u00f3n Cooperativa de Baden-W\u00fcrttemberg<\/li><li>Leonardo Hotel Karlsruhe<\/li><li>Radisson Blu Hotel Karlsruhe-Ettlingen<\/li><li>Novotel Karlsruhe City<\/li><li>Hotel Der blaue Reiter<\/li><li>Schlosshotel Karlsruhe<\/li><li>ACHAT Plaza Karlsruhe<\/li><\/ul><\/div>\n\t\t\t\t\t<\/div><div class=\"eael-accordion-list\">\n\t\t\t\t\t<div id=\"die-messe-karlsruhe-und-die-wichtigsten-messetermine\" class=\"elementor-tab-title eael-accordion-header\" tabindex=\"0\" data-tab=\"3\" aria-controls=\"elementor-tab-content-3963\"><span class=\"eael-advanced-accordion-icon-closed\"><svg aria-hidden=\"true\" class=\"fa-accordion-icon e-font-icon-svg e-fas-plus\" viewbox=\"0 0 448 512\" xmlns=\"http:\/\/www.w3.org\/2000\/svg\"><path d=\"M416 208H272V64c0-17.67-14.33-32-32-32h-32c-17.67 0-32 14.33-32 32v144H32c-17.67 0-32 14.33-32 32v32c0 17.67 14.33 32 32 32h144v144c0 17.67 14.33 32 32 32h32c17.67 0 32-14.33 32-32V304h144c17.67 0 32-14.33 32-32v-32c0-17.67-14.33-32-32-32z\"><\/path><\/svg><\/span><span class=\"eael-advanced-accordion-icon-opened\"><svg aria-hidden=\"true\" class=\"fa-accordion-icon e-font-icon-svg e-fas-minus\" viewbox=\"0 0 448 512\" xmlns=\"http:\/\/www.w3.org\/2000\/svg\"><path d=\"M416 208H32c-17.67 0-32 14.33-32 32v32c0 17.67 14.33 32 32 32h384c17.67 0 32-14.33 32-32v-32c0-17.67-14.33-32-32-32z\"><\/path><\/svg><\/span><span class=\"eael-accordion-tab-title\">El recinto ferial de Karlsruhe y las citas feriales m\u00e1s importantes<\/span><svg aria-hidden=\"true\" class=\"fa-toggle e-font-icon-svg e-fas-angle-right\" viewbox=\"0 0 256 512\" xmlns=\"http:\/\/www.w3.org\/2000\/svg\"><path d=\"M224.3 273l-136 136c-9.4 9.4-24.6 9.4-33.9 0l-22.6-22.6c-9.4-9.4-9.4-24.6 0-33.9l96.4-96.4-96.4-96.4c-9.4-9.4-9.4-24.6 0-33.9L54.3 103c9.4-9.4 24.6-9.4 33.9 0l136 136c9.5 9.4 9.5 24.6.1 34z\"><\/path><\/svg><\/div><div id=\"elementor-tab-content-3963\" class=\"eael-accordion-content clearfix\" data-tab=\"3\" aria-labelledby=\"die-messe-karlsruhe-und-die-wichtigsten-messetermine\"><ul><li>APARCAMIENTO<\/li><li>CEB<\/li><li>entre COGEN<\/li><li>Jornadas de tuning Rockford Fosgate<\/li><li>NUFAM<\/li><li>Entrada Karlsruhe<\/li><li>DesbarbadoEXPO<\/li><li>offerta Karlsruhe<\/li><li>expoSE<\/li><li>expoDIREKT<\/li><li>LEARNTEC<\/li><li>arte Karlsruhe<\/li><li>INVENTA<\/li><li>PaintExpo<\/li><li>EL MUNDO DE LAS AGUJAS<\/li><li>Film &amp; Comic Con Karlsruhe<\/li><\/ul><\/div>\n\t\t\t\t\t<\/div><\/div>\t\t\t\t<\/div>\n\t\t\t\t<\/div>\n\t\t\t\t\t<\/div>\n\t\t\t\t<\/div>\n\t\t<div data-particle_enable=\"false\" data-particle-mobile-disabled=\"false\" class=\"elementor-element elementor-element-7009fd27 e-flex e-con-boxed e-con e-parent\" data-id=\"7009fd27\" data-element_type=\"container\">\n\t\t\t\t\t<div class=\"e-con-inner\">\n\t\t\t\t<div class=\"elementor-element elementor-element-57404ea0 elementor-widget elementor-widget-shortcode\" data-id=\"57404ea0\" data-element_type=\"widget\" data-widget_type=\"shortcode.default\">\n\t\t\t\t<div class=\"elementor-widget-container\">\n\t\t\t\t\t\t\t<div class=\"elementor-shortcode\"><\/div>\n\t\t\t\t\t\t<\/div>\n\t\t\t\t<\/div>\n\t\t\t\t\t<\/div>\n\t\t\t\t<\/div>\n\t\t\t\t<\/div>","protected":false},"excerpt":{"rendered":"<p>Dolmetschertechnik mieten Karlsruhe \u2013 Vermietung von Dolmetscheranlagen am mittleren Oberrhein Schnelle Angebote, professionelle Betreuung, gro\u00dfe Auswahl an Technik Dolmetschtechnik und Konferenztechnik in Karlsruhe mieten PCS stellt f\u00fcr Karlsruhe und die Region am mittleren Oberrhein Dolmetschersysteme f\u00fcr alle Anforderungen bereit. Von PCS gemietete Dolmetscheranlagen werden bei internationalen Veranstaltungen von Bundesbeh\u00f6rden ebenso eingesetzt wie auf mehrsprachigen Kongressen, [&hellip;]<\/p>","protected":false},"author":1,"featured_media":45482,"parent":0,"menu_order":0,"comment_status":"closed","ping_status":"closed","template":"","meta":{"_acf_changed":false,"footnotes":""},"class_list":["post-11891","page","type-page","status-publish","has-post-thumbnail","hentry"],"acf":[],"_links":{"self":[{"href":"https:\/\/konferenztechnik.de\/es\/wp-json\/wp\/v2\/pages\/11891","targetHints":{"allow":["GET"]}}],"collection":[{"href":"https:\/\/konferenztechnik.de\/es\/wp-json\/wp\/v2\/pages"}],"about":[{"href":"https:\/\/konferenztechnik.de\/es\/wp-json\/wp\/v2\/types\/page"}],"author":[{"embeddable":true,"href":"https:\/\/konferenztechnik.de\/es\/wp-json\/wp\/v2\/users\/1"}],"replies":[{"embeddable":true,"href":"https:\/\/konferenztechnik.de\/es\/wp-json\/wp\/v2\/comments?post=11891"}],"version-history":[{"count":0,"href":"https:\/\/konferenztechnik.de\/es\/wp-json\/wp\/v2\/pages\/11891\/revisions"}],"wp:featuredmedia":[{"embeddable":true,"href":"https:\/\/konferenztechnik.de\/es\/wp-json\/wp\/v2\/media\/45482"}],"wp:attachment":[{"href":"https:\/\/konferenztechnik.de\/es\/wp-json\/wp\/v2\/media?parent=11891"}],"curies":[{"name":"wp","href":"https:\/\/api.w.org\/{rel}","templated":true}]}}