{"id":12008,"date":"2017-11-28T11:58:55","date_gmt":"2017-11-28T09:58:55","guid":{"rendered":"https:\/\/www.konferenztechnik.de\/?page_id=12008"},"modified":"2023-10-04T13:19:44","modified_gmt":"2023-10-04T11:19:44","slug":"alquiler-de-puestos-de-interfonia-karlsruhe","status":"publish","type":"page","link":"https:\/\/konferenztechnik.de\/es\/alquiler-de-puestos-de-interfonia-karlsruhe\/","title":{"rendered":"Alquiler de puestos de interfon\u00eda Karlsruhe"},"content":{"rendered":"<div data-elementor-type=\"wp-page\" data-elementor-id=\"12008\" class=\"elementor elementor-12008\" data-elementor-post-type=\"page\">\n\t\t\t\t<div data-particle_enable=\"false\" data-particle-mobile-disabled=\"false\" class=\"elementor-element elementor-element-636a242c e-flex e-con-boxed e-con e-parent\" data-id=\"636a242c\" data-element_type=\"container\">\n\t\t\t\t\t<div class=\"e-con-inner\">\n\t\t\t\t<div class=\"elementor-element elementor-element-7072ac4d elementor-widget elementor-widget-heading\" data-id=\"7072ac4d\" data-element_type=\"widget\" data-settings=\"{&quot;_animation&quot;:&quot;none&quot;}\" data-widget_type=\"heading.default\">\n\t\t\t\t<div class=\"elementor-widget-container\">\n\t\t\t\t\t<h1 class=\"elementor-heading-title elementor-size-default\">Alquiler de unidades de micr\u00f3fono Karlsruhe, alquiler de cadenas de micr\u00f3fono y unidades de micr\u00f3fono de debate en Karlsruhe <\/h1>\t\t\t\t<\/div>\n\t\t\t\t<\/div>\n\t\t\t\t<div class=\"elementor-element elementor-element-6f4ef605 elementor-widget-widescreen__width-inherit elementor-widget elementor-widget-image\" data-id=\"6f4ef605\" data-element_type=\"widget\" data-widget_type=\"image.default\">\n\t\t\t\t<div class=\"elementor-widget-container\">\n\t\t\t\t\t\t\t\t\t\t\t\t\t\t\t<img fetchpriority=\"high\" decoding=\"async\" width=\"850\" height=\"340\" src=\"https:\/\/konferenztechnik.de\/wp-content\/uploads\/2017\/06\/veranstaltungstechnik-karlsruhe.jpg\" class=\"attachment-full size-full wp-image-10426\" alt=\"\" srcset=\"https:\/\/konferenztechnik.de\/wp-content\/uploads\/2017\/06\/veranstaltungstechnik-karlsruhe.jpg 850w, https:\/\/konferenztechnik.de\/wp-content\/uploads\/2017\/06\/veranstaltungstechnik-karlsruhe-300x120.jpg 300w, https:\/\/konferenztechnik.de\/wp-content\/uploads\/2017\/06\/veranstaltungstechnik-karlsruhe-768x307.jpg 768w\" sizes=\"(max-width: 850px) 100vw, 850px\" title=\"\">\t\t\t\t\t\t\t\t\t\t\t\t\t\t\t<\/div>\n\t\t\t\t<\/div>\n\t\t<div data-particle_enable=\"false\" data-particle-mobile-disabled=\"false\" class=\"elementor-element elementor-element-63460911 e-flex e-con-boxed e-con e-child\" data-id=\"63460911\" data-element_type=\"container\">\n\t\t\t\t\t<div class=\"e-con-inner\">\n\t\t\t\t<div class=\"elementor-element elementor-element-155260f9 elementor-align-left elementor-widget elementor-widget-button\" data-id=\"155260f9\" data-element_type=\"widget\" data-widget_type=\"button.default\">\n\t\t\t\t<div class=\"elementor-widget-container\">\n\t\t\t\t\t\t\t\t\t<div class=\"elementor-button-wrapper\">\n\t\t\t\t\t<a class=\"elementor-button elementor-button-link elementor-size-lg\" href=\"#serviceteam\">\n\t\t\t\t\t\t<span class=\"elementor-button-content-wrapper\">\n\t\t\t\t\t\t<span class=\"elementor-button-icon\">\n\t\t\t\t<svg aria-hidden=\"true\" class=\"e-font-icon-svg e-far-arrow-alt-circle-down\" viewbox=\"0 0 512 512\" xmlns=\"http:\/\/www.w3.org\/2000\/svg\"><path d=\"M256 8C119 8 8 119 8 256s111 248 248 248 248-111 248-248S393 8 256 8zm0 448c-110.5 0-200-89.5-200-200S145.5 56 256 56s200 89.5 200 200-89.5 200-200 200zm-32-316v116h-67c-10.7 0-16 12.9-8.5 20.5l99 99c4.7 4.7 12.3 4.7 17 0l99-99c7.6-7.6 2.2-20.5-8.5-20.5h-67V140c0-6.6-5.4-12-12-12h-40c-6.6 0-12 5.4-12 12z\"><\/path><\/svg>\t\t\t<\/span>\n\t\t\t\t\t\t\t\t\t<span class=\"elementor-button-text\">Solicitar informaci\u00f3n<\/span>\n\t\t\t\t\t<\/span>\n\t\t\t\t\t<\/a>\n\t\t\t\t<\/div>\n\t\t\t\t\t\t\t\t<\/div>\n\t\t\t\t<\/div>\n\t\t\t\t\t<\/div>\n\t\t\t\t<\/div>\n\t\t<div data-particle_enable=\"false\" data-particle-mobile-disabled=\"false\" class=\"elementor-element elementor-element-4ff9ceca e-flex e-con-boxed e-con e-child\" data-id=\"4ff9ceca\" data-element_type=\"container\">\n\t\t\t\t\t<div class=\"e-con-inner\">\n\t\t\t\t<div class=\"elementor-element elementor-element-784fb046 elementor-widget elementor-widget-shortcode\" data-id=\"784fb046\" data-element_type=\"widget\" data-widget_type=\"shortcode.default\">\n\t\t\t\t<div class=\"elementor-widget-container\">\n\t\t\t\t\t\t\t<div class=\"elementor-shortcode\">\t\t<div data-elementor-type=\"section\" data-elementor-id=\"37185\" class=\"elementor elementor-37185\" data-elementor-post-type=\"elementor_library\">\n\t\t\t<div data-particle_enable=\"false\" data-particle-mobile-disabled=\"false\" class=\"elementor-element elementor-element-26482db e-flex e-con-boxed e-con e-parent\" data-id=\"26482db\" data-element_type=\"container\">\n\t\t\t\t\t<div class=\"e-con-inner\">\n\t\t\t\t<div class=\"elementor-element elementor-element-d8130b9 elementor-widget__width-inherit elementor-widget elementor-widget-eael-post-list\" data-id=\"d8130b9\" data-element_type=\"widget\" data-settings=\"{&quot;_animation&quot;:&quot;none&quot;}\" data-widget_type=\"eael-post-list.default\">\n\t\t\t\t<div class=\"elementor-widget-container\">\n\t\t\t\t\t<div class=\"eael-post-list-container advanced layout-advanced\"><div class=\"eael-post-list-wrap\"><div class=\"eael-post-list-posts-wrap eael-post-appender eael-post-appender-d8130b9\"><div class=\"eael-post-list-post\"><div class=\"eael-post-list-post-inner\"><div class=\"eael-post-list-thumbnail\"><a href=\"https:\/\/konferenztechnik.de\/es\/sistema-de-debate-televic-confidea-g4\/\">\n                <img decoding=\"async\" src=\"https:\/\/konferenztechnik.de\/wp-content\/uploads\/2023\/06\/televic-confidea-g4-1.jpg\" alt=\"Puesto de teleconferencia inal\u00e1mbrico tipo Televic Confidea G4\" title=\"\">\n            <\/a><\/div><div class=\"eael-post-list-content\"><h3 class=\"eael-post-list-title\"><a href=\"https:\/\/konferenztechnik.de\/es\/sistema-de-debate-televic-confidea-g4\/\" >Televic Confidea G4 \u2013 Unidad de debate<\/a><\/h3><p>El sistema de conferencia inal\u00e1mbrico Confidea G4 es el predecesor del sistema Flex y...<\/p><a href=\"https:\/\/konferenztechnik.de\/es\/sistema-de-debate-televic-confidea-g4\/\" class=\"eael-post-elements-readmore-btn\" >\u203a m\u00e1s<\/a><div class=\"boxed-meta\"><\/div><\/div><\/div><\/div><div class=\"eael-post-list-post\"><div class=\"eael-post-list-post-inner\"><div class=\"eael-post-list-thumbnail\"><a href=\"https:\/\/konferenztechnik.de\/es\/sistema-de-debate-completo-shure-microflex\/\">\n                <img decoding=\"async\" src=\"https:\/\/konferenztechnik.de\/wp-content\/uploads\/2023\/07\/shure-microflex-sprechstellen-jpg.webp\" alt=\"Unidad de micr\u00f3fono de la serie Microflex de Shure\" title=\"\">\n            <\/a><\/div><div class=\"eael-post-list-content\"><h3 class=\"eael-post-list-title\"><a href=\"https:\/\/konferenztechnik.de\/es\/sistema-de-debate-completo-shure-microflex\/\" >Sistema de debate Shure Microflex Complete \u2013<\/a><\/h3><p>El dise\u00f1o moderno y sencillo es elegante y discreto, y encaja bien con...<\/p><a href=\"https:\/\/konferenztechnik.de\/es\/sistema-de-debate-completo-shure-microflex\/\" class=\"eael-post-elements-readmore-btn\" >\u203a m\u00e1s<\/a><div class=\"boxed-meta\"><\/div><\/div><\/div><\/div><div class=\"eael-post-list-post\"><div class=\"eael-post-list-post-inner\"><div class=\"eael-post-list-thumbnail\"><a href=\"https:\/\/konferenztechnik.de\/es\/sistema-de-debate-televic-confidea-flex\/\">\n                <img decoding=\"async\" src=\"https:\/\/konferenztechnik.de\/wp-content\/uploads\/2022\/06\/televic-confidea-flex.jpg\" alt=\"Unidad de conferencia inal\u00e1mbrica Televic Confidea Flex\" title=\"\">\n            <\/a><\/div><div class=\"eael-post-list-content\"><h3 class=\"eael-post-list-title\"><a href=\"https:\/\/konferenztechnik.de\/es\/sistema-de-debate-televic-confidea-flex\/\" >Televic Confidea Flex \u2013 Unidad de debate<\/a><\/h3><p>El sistema Confidea Flex puede adaptarse f\u00e1cilmente a una amplia gama de escenarios de aplicaci\u00f3n. Desde...<\/p><a href=\"https:\/\/konferenztechnik.de\/es\/sistema-de-debate-televic-confidea-flex\/\" class=\"eael-post-elements-readmore-btn\" >\u203a m\u00e1s<\/a><div class=\"boxed-meta\"><\/div><\/div><\/div><\/div><div class=\"eael-post-list-post\"><div class=\"eael-post-list-post-inner\"><div class=\"eael-post-list-thumbnail\"><a href=\"https:\/\/konferenztechnik.de\/es\/sistema-de-debate-bosch-dicentis\/\">\n                <img decoding=\"async\" src=\"https:\/\/konferenztechnik.de\/wp-content\/uploads\/2022\/06\/bosch-dicentis-sprechstelle.jpg\" alt=\"Unidad de micr\u00f3fono de conferencia Dicentis de Bosch con micr\u00f3fono de cuello de cisne y una peque\u00f1a pantalla para informaci\u00f3n adicional e introducci\u00f3n de datos\" title=\"\">\n            <\/a><\/div><div class=\"eael-post-list-content\"><h3 class=\"eael-post-list-title\"><a href=\"https:\/\/konferenztechnik.de\/es\/sistema-de-debate-bosch-dicentis\/\" >Bosch Dicentis \u2013 Unidad de debate<\/a><\/h3><p>Gracias a su gran flexibilidad y sencilla instalaci\u00f3n, el sistema de conferencias inal\u00e1mbrico DICENTIS...<\/p><a href=\"https:\/\/konferenztechnik.de\/es\/sistema-de-debate-bosch-dicentis\/\" class=\"eael-post-elements-readmore-btn\" >\u203a m\u00e1s<\/a><div class=\"boxed-meta\"><\/div><\/div><\/div><\/div><div class=\"eael-post-list-post\"><div class=\"eael-post-list-post-inner\"><div class=\"eael-post-list-thumbnail\"><a href=\"https:\/\/konferenztechnik.de\/es\/sistema-de-debate-sennheiser-adn\/\">\n                <img decoding=\"async\" src=\"https:\/\/konferenztechnik.de\/wp-content\/uploads\/2022\/06\/sennheiser-adn.jpg\" alt=\"Unidad de conferencia inal\u00e1mbrica ADN de Sennheiser\" title=\"\">\n            <\/a><\/div><div class=\"eael-post-list-content\"><h3 class=\"eael-post-list-title\"><a href=\"https:\/\/konferenztechnik.de\/es\/sistema-de-debate-sennheiser-adn\/\" >Sennheiser ADN \u2013 Sistema de debate<\/a><\/h3><p>El sistema de conferencias ADN est\u00e1 equipado con una eficaz supresi\u00f3n de la retroalimentaci\u00f3n. Se...<\/p><a href=\"https:\/\/konferenztechnik.de\/es\/sistema-de-debate-sennheiser-adn\/\" class=\"eael-post-elements-readmore-btn\" >\u203a m\u00e1s<\/a><div class=\"boxed-meta\"><\/div><\/div><\/div><\/div><div class=\"eael-post-list-post\"><div class=\"eael-post-list-post-inner\"><div class=\"eael-post-list-thumbnail\"><a href=\"https:\/\/konferenztechnik.de\/es\/sistema-de-debate-beyerdynamic-quinta\/\">\n                <img decoding=\"async\" src=\"https:\/\/konferenztechnik.de\/wp-content\/uploads\/2022\/06\/beyerdynamic-quinta.jpg\" alt=\"Unidad de micr\u00f3fono de conferencia Beyerdynamic Quinta, inal\u00e1mbrica, con micr\u00f3fono de cuello de cisne\" title=\"\">\n            <\/a><\/div><div class=\"eael-post-list-content\"><h3 class=\"eael-post-list-title\"><a href=\"https:\/\/konferenztechnik.de\/es\/sistema-de-debate-beyerdynamic-quinta\/\" >Beyerdynamic Quinta \u2013 Sistema de debate<\/a><\/h3><p>El sistema Quinta de Beyerdynamic est\u00e1 dise\u00f1ado para reuniones, conferencias, videoconferencias y ruedas de prensa, salas de vistas...<\/p><a href=\"https:\/\/konferenztechnik.de\/es\/sistema-de-debate-beyerdynamic-quinta\/\" class=\"eael-post-elements-readmore-btn\" >\u203a m\u00e1s<\/a><div class=\"boxed-meta\"><\/div><\/div><\/div><\/div><div class=\"eael-post-list-post\"><div class=\"eael-post-list-post-inner\"><div class=\"eael-post-list-thumbnail\"><a href=\"https:\/\/konferenztechnik.de\/es\/sistema-de-debate-bosch\/\">\n                <img decoding=\"async\" src=\"https:\/\/konferenztechnik.de\/wp-content\/uploads\/2023\/06\/bosch-discussion-NG.jpg\" alt=\"Unidad de micr\u00f3fono Bosch Discussion Next Generation con selector de idiomas para llamar a idiomas interpretados en la unidad de micr\u00f3fono\" title=\"\">\n            <\/a><\/div><div class=\"eael-post-list-content\"><h3 class=\"eael-post-list-title\"><a href=\"https:\/\/konferenztechnik.de\/es\/sistema-de-debate-bosch\/\" >Bosch Discussion \u2013 Unidad de debate<\/a><\/h3><p>Las soluciones de conferencia de DCN se caracterizan por su versatilidad y ofrecen una alta calidad de audio y...<\/p><a href=\"https:\/\/konferenztechnik.de\/es\/sistema-de-debate-bosch\/\" class=\"eael-post-elements-readmore-btn\" >\u203a m\u00e1s<\/a><div class=\"boxed-meta\"><\/div><\/div><\/div><\/div><div class=\"eael-post-list-post\"><div class=\"eael-post-list-post-inner\"><div class=\"eael-post-list-thumbnail\"><a href=\"https:\/\/konferenztechnik.de\/es\/bosch-ccs-1000-d-unidad-de-discusion\/\">\n                <img decoding=\"async\" src=\"https:\/\/konferenztechnik.de\/wp-content\/uploads\/2023\/06\/sennheiser-ccs-1000-d.jpg\" alt=\"Estaci\u00f3n de micr\u00f3fono tipo Bosch CCS 1000 d\" title=\"\">\n            <\/a><\/div><div class=\"eael-post-list-content\"><h3 class=\"eael-post-list-title\"><a href=\"https:\/\/konferenztechnik.de\/es\/bosch-ccs-1000-d-unidad-de-discusion\/\" >BOSCH CCS 1000 D \u2013 Unidad de debate<\/a><\/h3><p>La CCS 1000 D impresiona por su sencillez sin renunciar a las innovaciones t\u00e9cnicas.<\/p><a href=\"https:\/\/konferenztechnik.de\/es\/bosch-ccs-1000-d-unidad-de-discusion\/\" class=\"eael-post-elements-readmore-btn\" >\u203a m\u00e1s<\/a><div class=\"boxed-meta\"><\/div><\/div><\/div><\/div><\/div><\/div>\n\t\t<\/div>\t\t\t\t<\/div>\n\t\t\t\t<\/div>\n\t\t\t\t\t<\/div>\n\t\t\t\t<\/div>\n\t\t\t\t<\/div>\n\t\t<\/div>\n\t\t\t\t\t\t<\/div>\n\t\t\t\t<\/div>\n\t\t\t\t\t<\/div>\n\t\t\t\t<\/div>\n\t\t\t\t\t<\/div>\n\t\t\t\t<\/div>\n\t\t<div data-particle_enable=\"false\" data-particle-mobile-disabled=\"false\" class=\"elementor-element elementor-element-4f139aa1 e-flex e-con-boxed e-con e-parent\" data-id=\"4f139aa1\" data-element_type=\"container\">\n\t\t\t\t\t<div class=\"e-con-inner\">\n\t\t\t\t<div class=\"elementor-element elementor-element-242f9718 elementor-widget__width-initial elementor-widget elementor-widget-text-editor\" data-id=\"242f9718\" data-element_type=\"widget\" data-widget_type=\"text-editor.default\">\n\t\t\t\t<div class=\"elementor-widget-container\">\n\t\t\t\t\t\t\t\t\t<p>El Tribunal Federal de Justicia es probablemente lo primero que le viene a la mente cuando piensa en Karlsruhe. Pero Karlsruhe es tambi\u00e9n la ciudad donde se inventaron la bicicleta y el autom\u00f3vil \u2013 un lugar que es sin\u00f3nimo de ideas e innovaci\u00f3n. El Centro de Congresos, el Europahalle y otros recintos ofrecen un total de 86.000 metros cuadrados de espacio para exposiciones, congresos y eventos.<\/p><p>\u00a0<\/p><p>Si est\u00e1 planificando un evento en Karlsruhe y necesita el equipo adecuado, como unidades de micr\u00f3fono de mesa o sistemas de debate, PCS Konferenztechnik es el socio adecuado para usted. En nuestros almacenes disponemos siempre de una amplia gama de unidades de micr\u00f3fono en grandes cantidades.<\/p><p>\u00a0<\/p><p>Ya se trate de una conferencia, una reuni\u00f3n o incluso una vista judicial, \u2013 de PCS puede ofrecerle asesoramiento personalizado y profesional sobre tecnolog\u00eda para conferencias. Apoyamos la comunicaci\u00f3n entre sus participantes con nuestros micr\u00f3fonos de mesa y unidades de micr\u00f3fono. Esto es aplicable tanto a grupos de debate nacionales como internacionales, ya que las unidades de micr\u00f3fono alquiladas a PCS disponen de canales de int\u00e9rprete para que la traducci\u00f3n al idioma nacional correspondiente pueda consultarse directamente en la unidad de micr\u00f3fono a trav\u00e9s de los auriculares.<\/p>\t\t\t\t\t\t\t\t<\/div>\n\t\t\t\t<\/div>\n\t\t\t\t<div class=\"elementor-element elementor-element-6e8983ae elementor-widget__width-initial elementor-widget elementor-widget-heading\" data-id=\"6e8983ae\" data-element_type=\"widget\" data-settings=\"{&quot;_animation&quot;:&quot;none&quot;}\" data-widget_type=\"heading.default\">\n\t\t\t\t<div class=\"elementor-widget-container\">\n\t\t\t\t\t<h2 class=\"elementor-heading-title elementor-size-default\">Amplia selecci\u00f3n de alquiler \u2013 nuestros fabricantes de sistemas de un vistazo<\/h2>\t\t\t\t<\/div>\n\t\t\t\t<\/div>\n\t\t\t\t<div class=\"elementor-element elementor-element-587f2067 elementor-widget elementor-widget-image\" data-id=\"587f2067\" data-element_type=\"widget\" data-widget_type=\"image.default\">\n\t\t\t\t<div class=\"elementor-widget-container\">\n\t\t\t\t\t\t\t\t\t\t\t\t\t\t\t<img decoding=\"async\" width=\"2550\" height=\"1074\" src=\"https:\/\/konferenztechnik.de\/wp-content\/uploads\/2023\/07\/sprechstellen-mieten-pcs-konferenztechnik-jpg.webp\" class=\"attachment-full size-full wp-image-37195\" alt=\"Vista de una fila de mesas de conferencias preparadas para una reuni\u00f3n, provistas de material de escritura, bebidas y unidades de micr\u00f3fono inal\u00e1mbrico para conferencias: todo parece listo para una conferencia.\" srcset=\"https:\/\/konferenztechnik.de\/wp-content\/uploads\/2023\/07\/sprechstellen-mieten-pcs-konferenztechnik-jpg.webp 2550w, https:\/\/konferenztechnik.de\/wp-content\/uploads\/2023\/07\/sprechstellen-mieten-pcs-konferenztechnik-300x126.webp 300w, https:\/\/konferenztechnik.de\/wp-content\/uploads\/2023\/07\/sprechstellen-mieten-pcs-konferenztechnik-1024x431.webp 1024w, https:\/\/konferenztechnik.de\/wp-content\/uploads\/2023\/07\/sprechstellen-mieten-pcs-konferenztechnik-768x323.webp 768w, https:\/\/konferenztechnik.de\/wp-content\/uploads\/2023\/07\/sprechstellen-mieten-pcs-konferenztechnik-1536x647.webp 1536w, https:\/\/konferenztechnik.de\/wp-content\/uploads\/2023\/07\/sprechstellen-mieten-pcs-konferenztechnik-2048x863.webp 2048w, https:\/\/konferenztechnik.de\/wp-content\/uploads\/2023\/07\/sprechstellen-mieten-pcs-konferenztechnik-18x8.webp 18w\" sizes=\"(max-width: 2550px) 100vw, 2550px\" title=\"\">\t\t\t\t\t\t\t\t\t\t\t\t\t\t\t<\/div>\n\t\t\t\t<\/div>\n\t\t\t\t<div class=\"elementor-element elementor-element-2cdbb45a elementor-align-right elementor-mobile-align-center elementor-widget elementor-widget-button\" data-id=\"2cdbb45a\" data-element_type=\"widget\" data-widget_type=\"button.default\">\n\t\t\t\t<div class=\"elementor-widget-container\">\n\t\t\t\t\t\t\t\t\t<div class=\"elementor-button-wrapper\">\n\t\t\t\t\t<a class=\"elementor-button elementor-button-link elementor-size-lg\" href=\"#serviceteam\">\n\t\t\t\t\t\t<span class=\"elementor-button-content-wrapper\">\n\t\t\t\t\t\t<span class=\"elementor-button-icon\">\n\t\t\t\t<svg aria-hidden=\"true\" class=\"e-font-icon-svg e-far-arrow-alt-circle-down\" viewbox=\"0 0 512 512\" xmlns=\"http:\/\/www.w3.org\/2000\/svg\"><path d=\"M256 8C119 8 8 119 8 256s111 248 248 248 248-111 248-248S393 8 256 8zm0 448c-110.5 0-200-89.5-200-200S145.5 56 256 56s200 89.5 200 200-89.5 200-200 200zm-32-316v116h-67c-10.7 0-16 12.9-8.5 20.5l99 99c4.7 4.7 12.3 4.7 17 0l99-99c7.6-7.6 2.2-20.5-8.5-20.5h-67V140c0-6.6-5.4-12-12-12h-40c-6.6 0-12 5.4-12 12z\"><\/path><\/svg>\t\t\t<\/span>\n\t\t\t\t\t\t\t\t\t<span class=\"elementor-button-text\">Solicitar informaci\u00f3n<\/span>\n\t\t\t\t\t<\/span>\n\t\t\t\t\t<\/a>\n\t\t\t\t<\/div>\n\t\t\t\t\t\t\t\t<\/div>\n\t\t\t\t<\/div>\n\t\t\t\t<div class=\"elementor-element elementor-element-55446155 elementor-widget elementor-widget-heading\" data-id=\"55446155\" data-element_type=\"widget\" data-settings=\"{&quot;_animation&quot;:&quot;none&quot;}\" data-widget_type=\"heading.default\">\n\t\t\t\t<div class=\"elementor-widget-container\">\n\t\t\t\t\t<h2 class=\"elementor-heading-title elementor-size-default\">Puestos de interfon\u00eda de alquiler Karlsruhe: Fabricantes en PCS<\/h2>\t\t\t\t<\/div>\n\t\t\t\t<\/div>\n\t\t\t\t<div class=\"elementor-element elementor-element-72f927a3 elementor-widget__width-inherit elementor-widget elementor-widget-text-editor\" data-id=\"72f927a3\" data-element_type=\"widget\" data-widget_type=\"text-editor.default\">\n\t\t\t\t<div class=\"elementor-widget-container\">\n\t\t\t\t\t\t\t\t\t<p>En PCS Konferenztechnik puede alquilar tanto unidades de micr\u00f3fono inal\u00e1mbricas como con cable. Nuestros planificadores de proyectos estar\u00e1n encantados de discutir con usted qu\u00e9 sistema es el m\u00e1s adecuado para su evento y en funci\u00f3n de la disposici\u00f3n de los asientos. Adem\u00e1s del asesoramiento t\u00e9cnico \u2013, tambi\u00e9n recibir\u00e1 un presupuesto flexible y una entrega r\u00e1pida.<\/p>\t\t\t\t\t\t\t\t<\/div>\n\t\t\t\t<\/div>\n\t\t\t\t<div class=\"elementor-element elementor-element-c63e5fc elementor-widget__width-inherit elementor-widget elementor-widget-text-editor\" data-id=\"c63e5fc\" data-element_type=\"widget\" data-widget_type=\"text-editor.default\">\n\t\t\t\t<div class=\"elementor-widget-container\">\n\t\t\t\t\t\t\t\t\t<p>\u00a0Puede alquilar las siguientes unidades de micr\u00f3fono y sistemas de conferencia de PCS Konferenztechnik:<\/p>\t\t\t\t\t\t\t\t<\/div>\n\t\t\t\t<\/div>\n\t\t\t\t<div class=\"elementor-element elementor-element-66954c92 elementor-icon-list--layout-traditional elementor-list-item-link-full_width elementor-widget elementor-widget-icon-list\" data-id=\"66954c92\" data-element_type=\"widget\" data-widget_type=\"icon-list.default\">\n\t\t\t\t<div class=\"elementor-widget-container\">\n\t\t\t\t\t\t\t<ul class=\"elementor-icon-list-items\">\n\t\t\t\t\t\t\t<li class=\"elementor-icon-list-item\">\n\t\t\t\t\t\t\t\t\t\t\t<a href=\"https:\/\/konferenztechnik.de\/es\/sistema-de-debate-bosch-dicentis\/\">\n\n\t\t\t\t\t\t\t\t\t\t\t\t<span class=\"elementor-icon-list-icon\">\n\t\t\t\t\t\t\t<svg aria-hidden=\"true\" class=\"e-font-icon-svg e-fas-check\" viewbox=\"0 0 512 512\" xmlns=\"http:\/\/www.w3.org\/2000\/svg\"><path d=\"M173.898 439.404l-166.4-166.4c-9.997-9.997-9.997-26.206 0-36.204l36.203-36.204c9.997-9.998 26.207-9.998 36.204 0L192 312.69 432.095 72.596c9.997-9.997 26.207-9.997 36.204 0l36.203 36.204c9.997 9.997 9.997 26.206 0 36.204l-294.4 294.401c-9.998 9.997-26.207 9.997-36.204-.001z\"><\/path><\/svg>\t\t\t\t\t\t<\/span>\n\t\t\t\t\t\t\t\t\t\t<span class=\"elementor-icon-list-text\">Bosch Dicentis unidades de micr\u00f3fono \u2013 Sistema de conferencia inal\u00e1mbrico<\/span>\n\t\t\t\t\t\t\t\t\t\t\t<\/a>\n\t\t\t\t\t\t\t\t\t<\/li>\n\t\t\t\t\t\t\t\t<li class=\"elementor-icon-list-item\">\n\t\t\t\t\t\t\t\t\t\t\t<a href=\"https:\/\/konferenztechnik.de\/es\/sistema-de-debate-televic-confidea-flex\/\">\n\n\t\t\t\t\t\t\t\t\t\t\t\t<span class=\"elementor-icon-list-icon\">\n\t\t\t\t\t\t\t<svg aria-hidden=\"true\" class=\"e-font-icon-svg e-fas-check\" viewbox=\"0 0 512 512\" xmlns=\"http:\/\/www.w3.org\/2000\/svg\"><path d=\"M173.898 439.404l-166.4-166.4c-9.997-9.997-9.997-26.206 0-36.204l36.203-36.204c9.997-9.998 26.207-9.998 36.204 0L192 312.69 432.095 72.596c9.997-9.997 26.207-9.997 36.204 0l36.203 36.204c9.997 9.997 9.997 26.206 0 36.204l-294.4 294.401c-9.998 9.997-26.207 9.997-36.204-.001z\"><\/path><\/svg>\t\t\t\t\t\t<\/span>\n\t\t\t\t\t\t\t\t\t\t<span class=\"elementor-icon-list-text\">Televic Confidea Flex unidades de micr\u00f3fono \u2013 Sistema de conferencia inal\u00e1mbrico<\/span>\n\t\t\t\t\t\t\t\t\t\t\t<\/a>\n\t\t\t\t\t\t\t\t\t<\/li>\n\t\t\t\t\t\t\t\t<li class=\"elementor-icon-list-item\">\n\t\t\t\t\t\t\t\t\t\t\t<a href=\"https:\/\/konferenztechnik.de\/es\/bosch-ccs-1000-d-unidad-de-discusion\/\">\n\n\t\t\t\t\t\t\t\t\t\t\t\t<span class=\"elementor-icon-list-icon\">\n\t\t\t\t\t\t\t<svg aria-hidden=\"true\" class=\"e-font-icon-svg e-fas-check\" viewbox=\"0 0 512 512\" xmlns=\"http:\/\/www.w3.org\/2000\/svg\"><path d=\"M173.898 439.404l-166.4-166.4c-9.997-9.997-9.997-26.206 0-36.204l36.203-36.204c9.997-9.998 26.207-9.998 36.204 0L192 312.69 432.095 72.596c9.997-9.997 26.207-9.997 36.204 0l36.203 36.204c9.997 9.997 9.997 26.206 0 36.204l-294.4 294.401c-9.998 9.997-26.207 9.997-36.204-.001z\"><\/path><\/svg>\t\t\t\t\t\t<\/span>\n\t\t\t\t\t\t\t\t\t\t<span class=\"elementor-icon-list-text\">BOSCH CCS 1000 D \u2013 Unidad de debate<\/span>\n\t\t\t\t\t\t\t\t\t\t\t<\/a>\n\t\t\t\t\t\t\t\t\t<\/li>\n\t\t\t\t\t\t\t\t<li class=\"elementor-icon-list-item\">\n\t\t\t\t\t\t\t\t\t\t\t<a href=\"https:\/\/konferenztechnik.de\/es\/sistema-de-debate-bosch\/\">\n\n\t\t\t\t\t\t\t\t\t\t\t\t<span class=\"elementor-icon-list-icon\">\n\t\t\t\t\t\t\t<svg aria-hidden=\"true\" class=\"e-font-icon-svg e-fas-check\" viewbox=\"0 0 512 512\" xmlns=\"http:\/\/www.w3.org\/2000\/svg\"><path d=\"M173.898 439.404l-166.4-166.4c-9.997-9.997-9.997-26.206 0-36.204l36.203-36.204c9.997-9.998 26.207-9.998 36.204 0L192 312.69 432.095 72.596c9.997-9.997 26.207-9.997 36.204 0l36.203 36.204c9.997 9.997 9.997 26.206 0 36.204l-294.4 294.401c-9.998 9.997-26.207 9.997-36.204-.001z\"><\/path><\/svg>\t\t\t\t\t\t<\/span>\n\t\t\t\t\t\t\t\t\t\t<span class=\"elementor-icon-list-text\">Bosch Unidades de micr\u00f3fono para debate \u2013 Sistema de conferencia con cable (incl. canales de interpretaci\u00f3n\/traducci\u00f3n)<\/span>\n\t\t\t\t\t\t\t\t\t\t\t<\/a>\n\t\t\t\t\t\t\t\t\t<\/li>\n\t\t\t\t\t\t\t\t<li class=\"elementor-icon-list-item\">\n\t\t\t\t\t\t\t\t\t\t\t<a href=\"https:\/\/konferenztechnik.de\/es\/sistemas-de-discusion-unidades-de-microfono-alquiler-compra-instalacion-alquiler\/\">\n\n\t\t\t\t\t\t\t\t\t\t\t\t<span class=\"elementor-icon-list-icon\">\n\t\t\t\t\t\t\t<svg aria-hidden=\"true\" class=\"e-font-icon-svg e-fas-check\" viewbox=\"0 0 512 512\" xmlns=\"http:\/\/www.w3.org\/2000\/svg\"><path d=\"M173.898 439.404l-166.4-166.4c-9.997-9.997-9.997-26.206 0-36.204l36.203-36.204c9.997-9.998 26.207-9.998 36.204 0L192 312.69 432.095 72.596c9.997-9.997 26.207-9.997 36.204 0l36.203 36.204c9.997 9.997 9.997 26.206 0 36.204l-294.4 294.401c-9.998 9.997-26.207 9.997-36.204-.001z\"><\/path><\/svg>\t\t\t\t\t\t<\/span>\n\t\t\t\t\t\t\t\t\t\t<span class=\"elementor-icon-list-text\">Y muchos m\u00e1s...<\/span>\n\t\t\t\t\t\t\t\t\t\t\t<\/a>\n\t\t\t\t\t\t\t\t\t<\/li>\n\t\t\t\t\t\t<\/ul>\n\t\t\t\t\t\t<\/div>\n\t\t\t\t<\/div>\n\t\t\t\t<div class=\"elementor-element elementor-element-369333bb elementor-widget__width-inherit elementor-widget elementor-widget-text-editor\" data-id=\"369333bb\" data-element_type=\"widget\" data-widget_type=\"text-editor.default\">\n\t\t\t\t<div class=\"elementor-widget-container\">\n\t\t\t\t\t\t\t\t\t<p>Para estar preparados para grupos de debate internacionales, todas nuestras unidades de micr\u00f3fono disponen de conexi\u00f3n para auriculares con selector de idiomas para traducciones, de modo que los participantes puedan seguir la conversaci\u00f3n en su propio idioma. Esto garantiza la comprensi\u00f3n del idioma y, como resultado, la participaci\u00f3n activa en el debate.<\/p>\t\t\t\t\t\t\t\t<\/div>\n\t\t\t\t<\/div>\n\t\t\t\t<div class=\"elementor-element elementor-element-60caef0b elementor-widget elementor-widget-image\" data-id=\"60caef0b\" data-element_type=\"widget\" data-widget_type=\"image.default\">\n\t\t\t\t<div class=\"elementor-widget-container\">\n\t\t\t\t\t\t\t\t\t\t\t\t\t\t\t<img decoding=\"async\" width=\"1200\" height=\"450\" src=\"https:\/\/konferenztechnik.de\/wp-content\/uploads\/2016\/10\/events-berlin.jpg\" class=\"attachment-full size-full wp-image-8486\" alt=\"\" srcset=\"https:\/\/konferenztechnik.de\/wp-content\/uploads\/2016\/10\/events-berlin.jpg 1200w, https:\/\/konferenztechnik.de\/wp-content\/uploads\/2016\/10\/events-berlin-300x113.jpg 300w, https:\/\/konferenztechnik.de\/wp-content\/uploads\/2016\/10\/events-berlin-1024x384.jpg 1024w, https:\/\/konferenztechnik.de\/wp-content\/uploads\/2016\/10\/events-berlin-768x288.jpg 768w\" sizes=\"(max-width: 1200px) 100vw, 1200px\" title=\"\">\t\t\t\t\t\t\t\t\t\t\t\t\t\t\t<\/div>\n\t\t\t\t<\/div>\n\t\t<div data-particle_enable=\"false\" data-particle-mobile-disabled=\"false\" class=\"elementor-element elementor-element-6035dc56 e-flex e-con-boxed e-con e-child\" data-id=\"6035dc56\" data-element_type=\"container\">\n\t\t\t\t\t<div class=\"e-con-inner\">\n\t\t\t\t<div class=\"elementor-element elementor-element-71dffef elementor-align-left elementor-widget elementor-widget-button\" data-id=\"71dffef\" data-element_type=\"widget\" data-widget_type=\"button.default\">\n\t\t\t\t<div class=\"elementor-widget-container\">\n\t\t\t\t\t\t\t\t\t<div class=\"elementor-button-wrapper\">\n\t\t\t\t\t<a class=\"elementor-button elementor-button-link elementor-size-lg\" href=\"#serviceteam\">\n\t\t\t\t\t\t<span class=\"elementor-button-content-wrapper\">\n\t\t\t\t\t\t<span class=\"elementor-button-icon\">\n\t\t\t\t<svg aria-hidden=\"true\" class=\"e-font-icon-svg e-far-arrow-alt-circle-down\" viewbox=\"0 0 512 512\" xmlns=\"http:\/\/www.w3.org\/2000\/svg\"><path d=\"M256 8C119 8 8 119 8 256s111 248 248 248 248-111 248-248S393 8 256 8zm0 448c-110.5 0-200-89.5-200-200S145.5 56 256 56s200 89.5 200 200-89.5 200-200 200zm-32-316v116h-67c-10.7 0-16 12.9-8.5 20.5l99 99c4.7 4.7 12.3 4.7 17 0l99-99c7.6-7.6 2.2-20.5-8.5-20.5h-67V140c0-6.6-5.4-12-12-12h-40c-6.6 0-12 5.4-12 12z\"><\/path><\/svg>\t\t\t<\/span>\n\t\t\t\t\t\t\t\t\t<span class=\"elementor-button-text\">Solicitar informaci\u00f3n<\/span>\n\t\t\t\t\t<\/span>\n\t\t\t\t\t<\/a>\n\t\t\t\t<\/div>\n\t\t\t\t\t\t\t\t<\/div>\n\t\t\t\t<\/div>\n\t\t\t\t\t<\/div>\n\t\t\t\t<\/div>\n\t\t\t\t<div class=\"elementor-element elementor-element-78055f27 elementor-widget__width-initial elementor-widget elementor-widget-heading\" data-id=\"78055f27\" data-element_type=\"widget\" data-settings=\"{&quot;_animation&quot;:&quot;none&quot;}\" data-widget_type=\"heading.default\">\n\t\t\t\t<div class=\"elementor-widget-container\">\n\t\t\t\t\t<h2 class=\"elementor-heading-title elementor-size-default\">Puestos de interfon\u00eda \u2013 diferentes modelos y sus ventajas<\/h2>\t\t\t\t<\/div>\n\t\t\t\t<\/div>\n\t\t\t\t<div class=\"elementor-element elementor-element-5563fd8 elementor-widget__width-inherit elementor-widget elementor-widget-text-editor\" data-id=\"5563fd8\" data-element_type=\"widget\" data-widget_type=\"text-editor.default\">\n\t\t\t\t<div class=\"elementor-widget-container\">\n\t\t\t\t\t\t\t\t\t<p>Las unidades de microfon\u00eda inal\u00e1mbrica son sin\u00f3nimo de dise\u00f1o moderno y permiten configurar y reconfigurar el sistema en un abrir y cerrar de ojos. Permiten una distribuci\u00f3n flexible de los asientos. En cambio, las unidades de micr\u00f3fono con cable son menos susceptibles a las interferencias externas de las ondas de radio. Tambi\u00e9n son ideales para grupos de debate muy grandes.<\/p>\t\t\t\t\t\t\t\t<\/div>\n\t\t\t\t<\/div>\n\t\t\t\t<div class=\"elementor-element elementor-element-3d122df8 elementor-widget elementor-widget-heading\" data-id=\"3d122df8\" data-element_type=\"widget\" data-settings=\"{&quot;_animation&quot;:&quot;none&quot;}\" data-widget_type=\"heading.default\">\n\t\t\t\t<div class=\"elementor-widget-container\">\n\t\t\t\t\t<h2 class=\"elementor-heading-title elementor-size-default\">\u00bfC\u00f3mo funcionan las unidades de micr\u00f3fono y los sistemas de conferencia?<\/h2>\t\t\t\t<\/div>\n\t\t\t\t<\/div>\n\t\t\t\t<div class=\"elementor-element elementor-element-5f1b4eac elementor-widget__width-inherit elementor-widget elementor-widget-text-editor\" data-id=\"5f1b4eac\" data-element_type=\"widget\" data-widget_type=\"text-editor.default\">\n\t\t\t\t<div class=\"elementor-widget-container\">\n\t\t\t\t\t\t\t\t\t<p>Las unidades de intercomunicaci\u00f3n tienen muchos nombres, como unidades de micr\u00f3fono o cadenas de micr\u00f3fonos. Sin embargo, el t\u00e9rmino siempre se refiere a un sistema de conferencia que garantiza un di\u00e1logo ordenado entre sus participantes. Cada participante tiene un micr\u00f3fono delante, sobre la mesa, que puede activar independientemente cuando quiera hablar. Los puestos de interfon\u00eda garantizan as\u00ed una mejor disciplina de reuni\u00f3n y aumentan la inteligibilidad de la palabra entre los ponentes. Adem\u00e1s de los canales de interpretaci\u00f3n para la supervisi\u00f3n directa en la unidad de micr\u00f3fono, existen diversas funciones especiales en funci\u00f3n del modelo de la unidad de micr\u00f3fono de sobremesa, como por ejemplo<\/p>\t\t\t\t\t\t\t\t<\/div>\n\t\t\t\t<\/div>\n\t\t\t\t<div class=\"elementor-element elementor-element-19966e7 elementor-icon-list--layout-traditional elementor-list-item-link-full_width elementor-widget elementor-widget-icon-list\" data-id=\"19966e7\" data-element_type=\"widget\" data-widget_type=\"icon-list.default\">\n\t\t\t\t<div class=\"elementor-widget-container\">\n\t\t\t\t\t\t\t<ul class=\"elementor-icon-list-items\">\n\t\t\t\t\t\t\t<li class=\"elementor-icon-list-item\">\n\t\t\t\t\t\t\t\t\t\t\t<a href=\"#\">\n\n\t\t\t\t\t\t\t\t\t\t\t\t<span class=\"elementor-icon-list-icon\">\n\t\t\t\t\t\t\t<svg aria-hidden=\"true\" class=\"e-font-icon-svg e-fas-check\" viewbox=\"0 0 512 512\" xmlns=\"http:\/\/www.w3.org\/2000\/svg\"><path d=\"M173.898 439.404l-166.4-166.4c-9.997-9.997-9.997-26.206 0-36.204l36.203-36.204c9.997-9.998 26.207-9.998 36.204 0L192 312.69 432.095 72.596c9.997-9.997 26.207-9.997 36.204 0l36.203 36.204c9.997 9.997 9.997 26.206 0 36.204l-294.4 294.401c-9.998 9.997-26.207 9.997-36.204-.001z\"><\/path><\/svg>\t\t\t\t\t\t<\/span>\n\t\t\t\t\t\t\t\t\t\t<span class=\"elementor-icon-list-text\">Creaci\u00f3n de listas de oradores<\/span>\n\t\t\t\t\t\t\t\t\t\t\t<\/a>\n\t\t\t\t\t\t\t\t\t<\/li>\n\t\t\t\t\t\t\t\t<li class=\"elementor-icon-list-item\">\n\t\t\t\t\t\t\t\t\t\t\t<a href=\"#\">\n\n\t\t\t\t\t\t\t\t\t\t\t\t<span class=\"elementor-icon-list-icon\">\n\t\t\t\t\t\t\t<svg aria-hidden=\"true\" class=\"e-font-icon-svg e-fas-check\" viewbox=\"0 0 512 512\" xmlns=\"http:\/\/www.w3.org\/2000\/svg\"><path d=\"M173.898 439.404l-166.4-166.4c-9.997-9.997-9.997-26.206 0-36.204l36.203-36.204c9.997-9.998 26.207-9.998 36.204 0L192 312.69 432.095 72.596c9.997-9.997 26.207-9.997 36.204 0l36.203 36.204c9.997 9.997 9.997 26.206 0 36.204l-294.4 294.401c-9.998 9.997-26.207 9.997-36.204-.001z\"><\/path><\/svg>\t\t\t\t\t\t<\/span>\n\t\t\t\t\t\t\t\t\t\t<span class=\"elementor-icon-list-text\">Visualizaci\u00f3n de los participantes activos mediante software de control<\/span>\n\t\t\t\t\t\t\t\t\t\t\t<\/a>\n\t\t\t\t\t\t\t\t\t<\/li>\n\t\t\t\t\t\t\t\t<li class=\"elementor-icon-list-item\">\n\t\t\t\t\t\t\t\t\t\t\t<a href=\"#\">\n\n\t\t\t\t\t\t\t\t\t\t\t\t<span class=\"elementor-icon-list-icon\">\n\t\t\t\t\t\t\t<svg aria-hidden=\"true\" class=\"e-font-icon-svg e-fas-check\" viewbox=\"0 0 512 512\" xmlns=\"http:\/\/www.w3.org\/2000\/svg\"><path d=\"M173.898 439.404l-166.4-166.4c-9.997-9.997-9.997-26.206 0-36.204l36.203-36.204c9.997-9.998 26.207-9.998 36.204 0L192 312.69 432.095 72.596c9.997-9.997 26.207-9.997 36.204 0l36.203 36.204c9.997 9.997 9.997 26.206 0 36.204l-294.4 294.401c-9.998 9.997-26.207 9.997-36.204-.001z\"><\/path><\/svg>\t\t\t\t\t\t<\/span>\n\t\t\t\t\t\t\t\t\t\t<span class=\"elementor-icon-list-text\"> Cesi\u00f3n de la palabra por parte de un moderador<\/span>\n\t\t\t\t\t\t\t\t\t\t\t<\/a>\n\t\t\t\t\t\t\t\t\t<\/li>\n\t\t\t\t\t\t\t\t<li class=\"elementor-icon-list-item\">\n\t\t\t\t\t\t\t\t\t\t\t<a href=\"#\">\n\n\t\t\t\t\t\t\t\t\t\t\t\t<span class=\"elementor-icon-list-icon\">\n\t\t\t\t\t\t\t<svg aria-hidden=\"true\" class=\"e-font-icon-svg e-fas-check\" viewbox=\"0 0 512 512\" xmlns=\"http:\/\/www.w3.org\/2000\/svg\"><path d=\"M173.898 439.404l-166.4-166.4c-9.997-9.997-9.997-26.206 0-36.204l36.203-36.204c9.997-9.998 26.207-9.998 36.204 0L192 312.69 432.095 72.596c9.997-9.997 26.207-9.997 36.204 0l36.203 36.204c9.997 9.997 9.997 26.206 0 36.204l-294.4 294.401c-9.998 9.997-26.207 9.997-36.204-.001z\"><\/path><\/svg>\t\t\t\t\t\t<\/span>\n\t\t\t\t\t\t\t\t\t\t<span class=\"elementor-icon-list-text\">Grabaci\u00f3n sonora de la conferencia<\/span>\n\t\t\t\t\t\t\t\t\t\t\t<\/a>\n\t\t\t\t\t\t\t\t\t<\/li>\n\t\t\t\t\t\t\t\t<li class=\"elementor-icon-list-item\">\n\t\t\t\t\t\t\t\t\t\t\t<a href=\"#\">\n\n\t\t\t\t\t\t\t\t\t\t\t\t<span class=\"elementor-icon-list-icon\">\n\t\t\t\t\t\t\t<svg aria-hidden=\"true\" class=\"e-font-icon-svg e-fas-check\" viewbox=\"0 0 512 512\" xmlns=\"http:\/\/www.w3.org\/2000\/svg\"><path d=\"M173.898 439.404l-166.4-166.4c-9.997-9.997-9.997-26.206 0-36.204l36.203-36.204c9.997-9.998 26.207-9.998 36.204 0L192 312.69 432.095 72.596c9.997-9.997 26.207-9.997 36.204 0l36.203 36.204c9.997 9.997 9.997 26.206 0 36.204l-294.4 294.401c-9.998 9.997-26.207 9.997-36.204-.001z\"><\/path><\/svg>\t\t\t\t\t\t<\/span>\n\t\t\t\t\t\t\t\t\t\t<span class=\"elementor-icon-list-text\">Conexi\u00f3n de las unidades de sobremesa a un sistema de megafon\u00eda o megafon\u00eda existente mediante altavoces integrados en cada unidad de sobremesa individual<\/span>\n\t\t\t\t\t\t\t\t\t\t\t<\/a>\n\t\t\t\t\t\t\t\t\t<\/li>\n\t\t\t\t\t\t<\/ul>\n\t\t\t\t\t\t<\/div>\n\t\t\t\t<\/div>\n\t\t\t\t<div class=\"elementor-element elementor-element-303c8d4 elementor-widget elementor-widget-heading\" data-id=\"303c8d4\" data-element_type=\"widget\" data-settings=\"{&quot;_animation&quot;:&quot;none&quot;}\" data-widget_type=\"heading.default\">\n\t\t\t\t<div class=\"elementor-widget-container\">\n\t\t\t\t\t<h3 class=\"elementor-heading-title elementor-size-default\">Puestos de interfon\u00eda en combinaci\u00f3n con otras tecnolog\u00edas de conferencia<\/h3>\t\t\t\t<\/div>\n\t\t\t\t<\/div>\n\t\t\t\t<div class=\"elementor-element elementor-element-f6f51a5 elementor-widget__width-inherit elementor-widget elementor-widget-text-editor\" data-id=\"f6f51a5\" data-element_type=\"widget\" data-widget_type=\"text-editor.default\">\n\t\t\t\t<div class=\"elementor-widget-container\">\n\t\t\t\t\t\t\t\t\t<p>Los sistemas de conferencias PCS pueden combinarse no s\u00f3lo con sistemas de megafon\u00eda, sino tambi\u00e9n con otras tecnolog\u00edas, como cabinas de int\u00e9rprete. Tambi\u00e9n puede complementar su sistema actual con dispositivos individuales de nuestro parque de alquiler de tecnolog\u00eda para eventos. P\u00f3ngase en contacto con nosotros. Nuestra l\u00ednea directa 24 horas est\u00e1 a su disposici\u00f3n las 24 horas del d\u00eda.<\/p>\t\t\t\t\t\t\t\t<\/div>\n\t\t\t\t<\/div>\n\t\t\t\t<div class=\"elementor-element elementor-element-e11fff9 elementor-widget elementor-widget-eael-adv-accordion\" data-id=\"e11fff9\" data-element_type=\"widget\" data-widget_type=\"eael-adv-accordion.default\">\n\t\t\t\t<div class=\"elementor-widget-container\">\n\t\t\t\t\t            <div class=\"eael-adv-accordion\" id=\"eael-adv-accordion-e11fff9\" data-scroll-on-click=\"no\" data-scroll-speed=\"300\" data-accordion-id=\"e11fff9\" data-accordion-type=\"accordion\" data-toogle-speed=\"300\">\n            <div class=\"eael-accordion-list\">\n\t\t\t\t\t<div id=\"veranstaltungsorte-fr-events-und-kongresse-in-karlsruhe\" class=\"elementor-tab-title eael-accordion-header\" tabindex=\"0\" data-tab=\"1\" aria-controls=\"elementor-tab-content-2361\"><span class=\"eael-advanced-accordion-icon-closed\"><svg aria-hidden=\"true\" class=\"fa-accordion-icon e-font-icon-svg e-fas-plus\" viewbox=\"0 0 448 512\" xmlns=\"http:\/\/www.w3.org\/2000\/svg\"><path d=\"M416 208H272V64c0-17.67-14.33-32-32-32h-32c-17.67 0-32 14.33-32 32v144H32c-17.67 0-32 14.33-32 32v32c0 17.67 14.33 32 32 32h144v144c0 17.67 14.33 32 32 32h32c17.67 0 32-14.33 32-32V304h144c17.67 0 32-14.33 32-32v-32c0-17.67-14.33-32-32-32z\"><\/path><\/svg><\/span><span class=\"eael-advanced-accordion-icon-opened\"><svg aria-hidden=\"true\" class=\"fa-accordion-icon e-font-icon-svg e-fas-minus\" viewbox=\"0 0 448 512\" xmlns=\"http:\/\/www.w3.org\/2000\/svg\"><path d=\"M416 208H32c-17.67 0-32 14.33-32 32v32c0 17.67 14.33 32 32 32h384c17.67 0 32-14.33 32-32v-32c0-17.67-14.33-32-32-32z\"><\/path><\/svg><\/span><span class=\"eael-accordion-tab-title\">Espacios para eventos y congresos en Karlsruhe<\/span><svg aria-hidden=\"true\" class=\"fa-toggle e-font-icon-svg e-fas-angle-right\" viewbox=\"0 0 256 512\" xmlns=\"http:\/\/www.w3.org\/2000\/svg\"><path d=\"M224.3 273l-136 136c-9.4 9.4-24.6 9.4-33.9 0l-22.6-22.6c-9.4-9.4-9.4-24.6 0-33.9l96.4-96.4-96.4-96.4c-9.4-9.4-9.4-24.6 0-33.9L54.3 103c9.4-9.4 24.6-9.4 33.9 0l136 136c9.5 9.4 9.5 24.6.1 34z\"><\/path><\/svg><\/div><div id=\"elementor-tab-content-2361\" class=\"eael-accordion-content clearfix\" data-tab=\"1\" aria-labelledby=\"veranstaltungsorte-fr-events-und-kongresse-in-karlsruhe\"><ul><li>Recinto Ferial de Karlsruhe, Centro de Conferencias<\/li><li>Centro de Congresos de Karlsruhe con Stadthalle Karlsruhe \/ Konzerthaus \/ Schwarzwaldhalle \/ Gartenhalle<\/li><li>Europahalle Karlsruhe<\/li><li>Centro de Arte y Medios de Comunicaci\u00f3n \u2013 ZKM, Badisches Landesmuseum<\/li><li>Galer\u00eda de Arte Estatal<\/li><li>Sala Hermann Ringwald, CLUB GOTEC<\/li><li>Palacio residencial de Rastatt (Rastatt)<\/li><\/ul><\/div>\n\t\t\t\t\t<\/div><div class=\"eael-accordion-list\">\n\t\t\t\t\t<div id=\"die-wichtigsten-veranstaltungshotels-karlsruhe\" class=\"elementor-tab-title eael-accordion-header\" tabindex=\"0\" data-tab=\"2\" aria-controls=\"elementor-tab-content-2362\"><span class=\"eael-advanced-accordion-icon-closed\"><svg aria-hidden=\"true\" class=\"fa-accordion-icon e-font-icon-svg e-fas-plus\" viewbox=\"0 0 448 512\" xmlns=\"http:\/\/www.w3.org\/2000\/svg\"><path d=\"M416 208H272V64c0-17.67-14.33-32-32-32h-32c-17.67 0-32 14.33-32 32v144H32c-17.67 0-32 14.33-32 32v32c0 17.67 14.33 32 32 32h144v144c0 17.67 14.33 32 32 32h32c17.67 0 32-14.33 32-32V304h144c17.67 0 32-14.33 32-32v-32c0-17.67-14.33-32-32-32z\"><\/path><\/svg><\/span><span class=\"eael-advanced-accordion-icon-opened\"><svg aria-hidden=\"true\" class=\"fa-accordion-icon e-font-icon-svg e-fas-minus\" viewbox=\"0 0 448 512\" xmlns=\"http:\/\/www.w3.org\/2000\/svg\"><path d=\"M416 208H32c-17.67 0-32 14.33-32 32v32c0 17.67 14.33 32 32 32h384c17.67 0 32-14.33 32-32v-32c0-17.67-14.33-32-32-32z\"><\/path><\/svg><\/span><span class=\"eael-accordion-tab-title\">Los hoteles para eventos m\u00e1s importantes de Karlsruhe<\/span><svg aria-hidden=\"true\" class=\"fa-toggle e-font-icon-svg e-fas-angle-right\" viewbox=\"0 0 256 512\" xmlns=\"http:\/\/www.w3.org\/2000\/svg\"><path d=\"M224.3 273l-136 136c-9.4 9.4-24.6 9.4-33.9 0l-22.6-22.6c-9.4-9.4-9.4-24.6 0-33.9l96.4-96.4-96.4-96.4c-9.4-9.4-9.4-24.6 0-33.9L54.3 103c9.4-9.4 24.6-9.4 33.9 0l136 136c9.5 9.4 9.5 24.6.1 34z\"><\/path><\/svg><\/div><div id=\"elementor-tab-content-2362\" class=\"eael-accordion-content clearfix\" data-tab=\"2\" aria-labelledby=\"die-wichtigsten-veranstaltungshotels-karlsruhe\"><ul><li>AkademieHotel de la Asociaci\u00f3n Cooperativa de Baden-W\u00fcrttemberg<\/li><li>Leonardo Hotel Karlsruhe<\/li><li>Radisson Blu Hotel Karlsruhe-Ettlingen<\/li><li>Novotel Karlsruhe City<\/li><li>Hotel Der blaue Reiter<\/li><li>Schlosshotel Karlsruhe<\/li><li>ACHAT Plaza Karlsruhe<\/li><\/ul><\/div>\n\t\t\t\t\t<\/div><div class=\"eael-accordion-list\">\n\t\t\t\t\t<div id=\"die-messe-karlsruhe-und-die-wichtigsten-messetermine\" class=\"elementor-tab-title eael-accordion-header\" tabindex=\"0\" data-tab=\"3\" aria-controls=\"elementor-tab-content-2363\"><span class=\"eael-advanced-accordion-icon-closed\"><svg aria-hidden=\"true\" class=\"fa-accordion-icon e-font-icon-svg e-fas-plus\" viewbox=\"0 0 448 512\" xmlns=\"http:\/\/www.w3.org\/2000\/svg\"><path d=\"M416 208H272V64c0-17.67-14.33-32-32-32h-32c-17.67 0-32 14.33-32 32v144H32c-17.67 0-32 14.33-32 32v32c0 17.67 14.33 32 32 32h144v144c0 17.67 14.33 32 32 32h32c17.67 0 32-14.33 32-32V304h144c17.67 0 32-14.33 32-32v-32c0-17.67-14.33-32-32-32z\"><\/path><\/svg><\/span><span class=\"eael-advanced-accordion-icon-opened\"><svg aria-hidden=\"true\" class=\"fa-accordion-icon e-font-icon-svg e-fas-minus\" viewbox=\"0 0 448 512\" xmlns=\"http:\/\/www.w3.org\/2000\/svg\"><path d=\"M416 208H32c-17.67 0-32 14.33-32 32v32c0 17.67 14.33 32 32 32h384c17.67 0 32-14.33 32-32v-32c0-17.67-14.33-32-32-32z\"><\/path><\/svg><\/span><span class=\"eael-accordion-tab-title\">El recinto ferial de Karlsruhe y las citas feriales m\u00e1s importantes<\/span><svg aria-hidden=\"true\" class=\"fa-toggle e-font-icon-svg e-fas-angle-right\" viewbox=\"0 0 256 512\" xmlns=\"http:\/\/www.w3.org\/2000\/svg\"><path d=\"M224.3 273l-136 136c-9.4 9.4-24.6 9.4-33.9 0l-22.6-22.6c-9.4-9.4-9.4-24.6 0-33.9l96.4-96.4-96.4-96.4c-9.4-9.4-9.4-24.6 0-33.9L54.3 103c9.4-9.4 24.6-9.4 33.9 0l136 136c9.5 9.4 9.5 24.6.1 34z\"><\/path><\/svg><\/div><div id=\"elementor-tab-content-2363\" class=\"eael-accordion-content clearfix\" data-tab=\"3\" aria-labelledby=\"die-messe-karlsruhe-und-die-wichtigsten-messetermine\"><ul><li>APARCAMIENTO<\/li><li>CEB<\/li><li>entre COGEN<\/li><li>Jornadas de tuning Rockford Fosgate<\/li><li>NUFAM<\/li><li>Entrada Karlsruhe<\/li><li>DesbarbadoEXPO<\/li><li>offerta Karlsruhe<\/li><li>expoSE<\/li><li>expoDIREKT<\/li><li>LEARNTEC<\/li><li>arte Karlsruhe<\/li><li>INVENTA<\/li><li>PaintExpo<\/li><li>EL MUNDO DE LAS AGUJAS<\/li><li>Film &amp; Comic Con Karlsruhe<\/li><\/ul><\/div>\n\t\t\t\t\t<\/div><\/div>\t\t\t\t<\/div>\n\t\t\t\t<\/div>\n\t\t\t\t\t<\/div>\n\t\t\t\t<\/div>\n\t\t<div data-particle_enable=\"false\" data-particle-mobile-disabled=\"false\" class=\"elementor-element elementor-element-14851d56 e-flex e-con-boxed e-con e-parent\" data-id=\"14851d56\" data-element_type=\"container\">\n\t\t\t\t\t<div class=\"e-con-inner\">\n\t\t\t\t<div class=\"elementor-element elementor-element-78d9f511 elementor-widget elementor-widget-shortcode\" data-id=\"78d9f511\" data-element_type=\"widget\" data-widget_type=\"shortcode.default\">\n\t\t\t\t<div class=\"elementor-widget-container\">\n\t\t\t\t\t\t\t<div class=\"elementor-shortcode\"><\/div>\n\t\t\t\t\t\t<\/div>\n\t\t\t\t<\/div>\n\t\t\t\t\t<\/div>\n\t\t\t\t<\/div>\n\t\t\t\t<\/div>","protected":false},"excerpt":{"rendered":"<p>Alquilar unidades de micr\u00f3fono Karlsruhe, alquilar cadenas de micr\u00f3fono y unidades de micr\u00f3fono de debate en Karlsruhe Inf\u00f3rmese ahora El Tribunal Federal de Justicia es probablemente lo primero que le viene a la mente cuando piensa en Karlsruhe. Pero Karlsruhe es tambi\u00e9n la ciudad donde se inventaron la bicicleta y el autom\u00f3vil \u2013 es un lugar que representa las ideas y la innovaci\u00f3n. Un total de 86.000 metros cuadrados de espacio para exposiciones, congresos y eventos [...].<\/p>","protected":false},"author":1,"featured_media":45482,"parent":0,"menu_order":0,"comment_status":"closed","ping_status":"closed","template":"","meta":{"_acf_changed":false,"footnotes":""},"class_list":["post-12008","page","type-page","status-publish","has-post-thumbnail","hentry"],"acf":[],"_links":{"self":[{"href":"https:\/\/konferenztechnik.de\/es\/wp-json\/wp\/v2\/pages\/12008","targetHints":{"allow":["GET"]}}],"collection":[{"href":"https:\/\/konferenztechnik.de\/es\/wp-json\/wp\/v2\/pages"}],"about":[{"href":"https:\/\/konferenztechnik.de\/es\/wp-json\/wp\/v2\/types\/page"}],"author":[{"embeddable":true,"href":"https:\/\/konferenztechnik.de\/es\/wp-json\/wp\/v2\/users\/1"}],"replies":[{"embeddable":true,"href":"https:\/\/konferenztechnik.de\/es\/wp-json\/wp\/v2\/comments?post=12008"}],"version-history":[{"count":0,"href":"https:\/\/konferenztechnik.de\/es\/wp-json\/wp\/v2\/pages\/12008\/revisions"}],"wp:featuredmedia":[{"embeddable":true,"href":"https:\/\/konferenztechnik.de\/es\/wp-json\/wp\/v2\/media\/45482"}],"wp:attachment":[{"href":"https:\/\/konferenztechnik.de\/es\/wp-json\/wp\/v2\/media?parent=12008"}],"curies":[{"name":"wp","href":"https:\/\/api.w.org\/{rel}","templated":true}]}}