{"id":12025,"date":"2017-11-28T12:51:53","date_gmt":"2017-11-28T10:51:53","guid":{"rendered":"https:\/\/www.konferenztechnik.de\/?page_id=12025"},"modified":"2023-09-21T10:53:02","modified_gmt":"2023-09-21T08:53:02","slug":"alquiler-de-puestos-de-interfonia-heidelberg","status":"publish","type":"page","link":"https:\/\/konferenztechnik.de\/es\/alquiler-de-puestos-de-interfonia-heidelberg\/","title":{"rendered":"Alquiler de puestos de interfon\u00eda Heidelberg"},"content":{"rendered":"<div data-elementor-type=\"wp-page\" data-elementor-id=\"12025\" class=\"elementor elementor-12025\" data-elementor-post-type=\"page\">\n\t\t\t\t<div data-particle_enable=\"false\" data-particle-mobile-disabled=\"false\" class=\"elementor-element elementor-element-30d136a e-flex e-con-boxed e-con e-parent\" data-id=\"30d136a\" data-element_type=\"container\">\n\t\t\t\t\t<div class=\"e-con-inner\">\n\t\t\t\t<div class=\"elementor-element elementor-element-538bc1a2 elementor-widget elementor-widget-heading\" data-id=\"538bc1a2\" data-element_type=\"widget\" data-settings=\"{&quot;_animation&quot;:&quot;none&quot;}\" data-widget_type=\"heading.default\">\n\t\t\t\t<div class=\"elementor-widget-container\">\n\t\t\t\t\t<h1 class=\"elementor-heading-title elementor-size-default\">Alquiler de micr\u00f3fonos Heidelberg: Alquiler de sistemas de conferencia y debate en la ciudad universitaria de Heidelberg <\/h1>\t\t\t\t<\/div>\n\t\t\t\t<\/div>\n\t\t\t\t<div class=\"elementor-element elementor-element-5e7718c3 elementor-widget-widescreen__width-inherit elementor-widget elementor-widget-image\" data-id=\"5e7718c3\" data-element_type=\"widget\" data-widget_type=\"image.default\">\n\t\t\t\t<div class=\"elementor-widget-container\">\n\t\t\t\t\t\t\t\t\t\t\t\t\t\t\t<img fetchpriority=\"high\" decoding=\"async\" width=\"850\" height=\"340\" src=\"https:\/\/konferenztechnik.de\/wp-content\/uploads\/2017\/06\/veranstaltungstechnik-heidelberg.jpg\" class=\"attachment-full size-full wp-image-10389\" alt=\"\" srcset=\"https:\/\/konferenztechnik.de\/wp-content\/uploads\/2017\/06\/veranstaltungstechnik-heidelberg.jpg 850w, https:\/\/konferenztechnik.de\/wp-content\/uploads\/2017\/06\/veranstaltungstechnik-heidelberg-300x120.jpg 300w, https:\/\/konferenztechnik.de\/wp-content\/uploads\/2017\/06\/veranstaltungstechnik-heidelberg-768x307.jpg 768w\" sizes=\"(max-width: 850px) 100vw, 850px\" title=\"\">\t\t\t\t\t\t\t\t\t\t\t\t\t\t\t<\/div>\n\t\t\t\t<\/div>\n\t\t<div data-particle_enable=\"false\" data-particle-mobile-disabled=\"false\" class=\"elementor-element elementor-element-ea5b898 e-flex e-con-boxed e-con e-child\" data-id=\"ea5b898\" data-element_type=\"container\">\n\t\t\t\t\t<div class=\"e-con-inner\">\n\t\t\t\t<div class=\"elementor-element elementor-element-5a6260da elementor-align-left elementor-widget elementor-widget-button\" data-id=\"5a6260da\" data-element_type=\"widget\" data-widget_type=\"button.default\">\n\t\t\t\t<div class=\"elementor-widget-container\">\n\t\t\t\t\t\t\t\t\t<div class=\"elementor-button-wrapper\">\n\t\t\t\t\t<a class=\"elementor-button elementor-button-link elementor-size-lg\" href=\"#serviceteam\">\n\t\t\t\t\t\t<span class=\"elementor-button-content-wrapper\">\n\t\t\t\t\t\t<span class=\"elementor-button-icon\">\n\t\t\t\t<svg aria-hidden=\"true\" class=\"e-font-icon-svg e-far-arrow-alt-circle-down\" viewbox=\"0 0 512 512\" xmlns=\"http:\/\/www.w3.org\/2000\/svg\"><path d=\"M256 8C119 8 8 119 8 256s111 248 248 248 248-111 248-248S393 8 256 8zm0 448c-110.5 0-200-89.5-200-200S145.5 56 256 56s200 89.5 200 200-89.5 200-200 200zm-32-316v116h-67c-10.7 0-16 12.9-8.5 20.5l99 99c4.7 4.7 12.3 4.7 17 0l99-99c7.6-7.6 2.2-20.5-8.5-20.5h-67V140c0-6.6-5.4-12-12-12h-40c-6.6 0-12 5.4-12 12z\"><\/path><\/svg>\t\t\t<\/span>\n\t\t\t\t\t\t\t\t\t<span class=\"elementor-button-text\">Solicitar informaci\u00f3n<\/span>\n\t\t\t\t\t<\/span>\n\t\t\t\t\t<\/a>\n\t\t\t\t<\/div>\n\t\t\t\t\t\t\t\t<\/div>\n\t\t\t\t<\/div>\n\t\t\t\t\t<\/div>\n\t\t\t\t<\/div>\n\t\t<div data-particle_enable=\"false\" data-particle-mobile-disabled=\"false\" class=\"elementor-element elementor-element-6a0a0215 e-flex e-con-boxed e-con e-child\" data-id=\"6a0a0215\" data-element_type=\"container\">\n\t\t\t\t\t<div class=\"e-con-inner\">\n\t\t\t\t<div class=\"elementor-element elementor-element-6d69ff37 elementor-widget elementor-widget-shortcode\" data-id=\"6d69ff37\" data-element_type=\"widget\" data-widget_type=\"shortcode.default\">\n\t\t\t\t<div class=\"elementor-widget-container\">\n\t\t\t\t\t\t\t<div class=\"elementor-shortcode\">\t\t<div data-elementor-type=\"section\" data-elementor-id=\"37185\" class=\"elementor elementor-37185\" data-elementor-post-type=\"elementor_library\">\n\t\t\t<div data-particle_enable=\"false\" data-particle-mobile-disabled=\"false\" class=\"elementor-element elementor-element-26482db e-flex e-con-boxed e-con e-parent\" data-id=\"26482db\" data-element_type=\"container\">\n\t\t\t\t\t<div class=\"e-con-inner\">\n\t\t\t\t<div class=\"elementor-element elementor-element-d8130b9 elementor-widget__width-inherit elementor-widget elementor-widget-eael-post-list\" data-id=\"d8130b9\" data-element_type=\"widget\" data-settings=\"{&quot;_animation&quot;:&quot;none&quot;}\" data-widget_type=\"eael-post-list.default\">\n\t\t\t\t<div class=\"elementor-widget-container\">\n\t\t\t\t\t<div class=\"eael-post-list-container advanced layout-advanced\"><div class=\"eael-post-list-wrap\"><div class=\"eael-post-list-posts-wrap eael-post-appender eael-post-appender-d8130b9\"><div class=\"eael-post-list-post\"><div class=\"eael-post-list-post-inner\"><div class=\"eael-post-list-thumbnail\"><a href=\"https:\/\/konferenztechnik.de\/es\/sistema-de-debate-televic-confidea-g4\/\">\n                <img decoding=\"async\" src=\"https:\/\/konferenztechnik.de\/wp-content\/uploads\/2023\/06\/televic-confidea-g4-1.jpg\" alt=\"Puesto de teleconferencia inal\u00e1mbrico tipo Televic Confidea G4\" title=\"\">\n            <\/a><\/div><div class=\"eael-post-list-content\"><h3 class=\"eael-post-list-title\"><a href=\"https:\/\/konferenztechnik.de\/es\/sistema-de-debate-televic-confidea-g4\/\" >Televic Confidea G4 \u2013 Unidad de debate<\/a><\/h3><p>El sistema de conferencia inal\u00e1mbrico Confidea G4 es el predecesor del sistema Flex y...<\/p><a href=\"https:\/\/konferenztechnik.de\/es\/sistema-de-debate-televic-confidea-g4\/\" class=\"eael-post-elements-readmore-btn\" >\u203a m\u00e1s<\/a><div class=\"boxed-meta\"><\/div><\/div><\/div><\/div><div class=\"eael-post-list-post\"><div class=\"eael-post-list-post-inner\"><div class=\"eael-post-list-thumbnail\"><a href=\"https:\/\/konferenztechnik.de\/es\/sistema-de-debate-completo-shure-microflex\/\">\n                <img decoding=\"async\" src=\"https:\/\/konferenztechnik.de\/wp-content\/uploads\/2023\/07\/shure-microflex-sprechstellen-jpg.webp\" alt=\"Unidad de micr\u00f3fono de la serie Microflex de Shure\" title=\"\">\n            <\/a><\/div><div class=\"eael-post-list-content\"><h3 class=\"eael-post-list-title\"><a href=\"https:\/\/konferenztechnik.de\/es\/sistema-de-debate-completo-shure-microflex\/\" >Sistema de debate Shure Microflex Complete \u2013<\/a><\/h3><p>El dise\u00f1o moderno y sencillo es elegante y discreto, y encaja bien con...<\/p><a href=\"https:\/\/konferenztechnik.de\/es\/sistema-de-debate-completo-shure-microflex\/\" class=\"eael-post-elements-readmore-btn\" >\u203a m\u00e1s<\/a><div class=\"boxed-meta\"><\/div><\/div><\/div><\/div><div class=\"eael-post-list-post\"><div class=\"eael-post-list-post-inner\"><div class=\"eael-post-list-thumbnail\"><a href=\"https:\/\/konferenztechnik.de\/es\/sistema-de-debate-televic-confidea-flex\/\">\n                <img decoding=\"async\" src=\"https:\/\/konferenztechnik.de\/wp-content\/uploads\/2022\/06\/televic-confidea-flex.jpg\" alt=\"Unidad de conferencia inal\u00e1mbrica Televic Confidea Flex\" title=\"\">\n            <\/a><\/div><div class=\"eael-post-list-content\"><h3 class=\"eael-post-list-title\"><a href=\"https:\/\/konferenztechnik.de\/es\/sistema-de-debate-televic-confidea-flex\/\" >Televic Confidea Flex \u2013 Unidad de debate<\/a><\/h3><p>El sistema Confidea Flex puede adaptarse f\u00e1cilmente a una amplia gama de escenarios de aplicaci\u00f3n. Desde...<\/p><a href=\"https:\/\/konferenztechnik.de\/es\/sistema-de-debate-televic-confidea-flex\/\" class=\"eael-post-elements-readmore-btn\" >\u203a m\u00e1s<\/a><div class=\"boxed-meta\"><\/div><\/div><\/div><\/div><div class=\"eael-post-list-post\"><div class=\"eael-post-list-post-inner\"><div class=\"eael-post-list-thumbnail\"><a href=\"https:\/\/konferenztechnik.de\/es\/sistema-de-debate-bosch-dicentis\/\">\n                <img decoding=\"async\" src=\"https:\/\/konferenztechnik.de\/wp-content\/uploads\/2022\/06\/bosch-dicentis-sprechstelle.jpg\" alt=\"Unidad de micr\u00f3fono de conferencia Dicentis de Bosch con micr\u00f3fono de cuello de cisne y una peque\u00f1a pantalla para informaci\u00f3n adicional e introducci\u00f3n de datos\" title=\"\">\n            <\/a><\/div><div class=\"eael-post-list-content\"><h3 class=\"eael-post-list-title\"><a href=\"https:\/\/konferenztechnik.de\/es\/sistema-de-debate-bosch-dicentis\/\" >Bosch Dicentis \u2013 Unidad de debate<\/a><\/h3><p>Gracias a su gran flexibilidad y sencilla instalaci\u00f3n, el sistema de conferencias inal\u00e1mbrico DICENTIS...<\/p><a href=\"https:\/\/konferenztechnik.de\/es\/sistema-de-debate-bosch-dicentis\/\" class=\"eael-post-elements-readmore-btn\" >\u203a m\u00e1s<\/a><div class=\"boxed-meta\"><\/div><\/div><\/div><\/div><div class=\"eael-post-list-post\"><div class=\"eael-post-list-post-inner\"><div class=\"eael-post-list-thumbnail\"><a href=\"https:\/\/konferenztechnik.de\/es\/sistema-de-debate-sennheiser-adn\/\">\n                <img decoding=\"async\" src=\"https:\/\/konferenztechnik.de\/wp-content\/uploads\/2022\/06\/sennheiser-adn.jpg\" alt=\"Unidad de conferencia inal\u00e1mbrica ADN de Sennheiser\" title=\"\">\n            <\/a><\/div><div class=\"eael-post-list-content\"><h3 class=\"eael-post-list-title\"><a href=\"https:\/\/konferenztechnik.de\/es\/sistema-de-debate-sennheiser-adn\/\" >Sennheiser ADN \u2013 Sistema de debate<\/a><\/h3><p>El sistema de conferencias ADN est\u00e1 equipado con una eficaz supresi\u00f3n de la retroalimentaci\u00f3n. Se...<\/p><a href=\"https:\/\/konferenztechnik.de\/es\/sistema-de-debate-sennheiser-adn\/\" class=\"eael-post-elements-readmore-btn\" >\u203a m\u00e1s<\/a><div class=\"boxed-meta\"><\/div><\/div><\/div><\/div><div class=\"eael-post-list-post\"><div class=\"eael-post-list-post-inner\"><div class=\"eael-post-list-thumbnail\"><a href=\"https:\/\/konferenztechnik.de\/es\/sistema-de-debate-beyerdynamic-quinta\/\">\n                <img decoding=\"async\" src=\"https:\/\/konferenztechnik.de\/wp-content\/uploads\/2022\/06\/beyerdynamic-quinta.jpg\" alt=\"Unidad de micr\u00f3fono de conferencia Beyerdynamic Quinta, inal\u00e1mbrica, con micr\u00f3fono de cuello de cisne\" title=\"\">\n            <\/a><\/div><div class=\"eael-post-list-content\"><h3 class=\"eael-post-list-title\"><a href=\"https:\/\/konferenztechnik.de\/es\/sistema-de-debate-beyerdynamic-quinta\/\" >Beyerdynamic Quinta \u2013 Sistema de debate<\/a><\/h3><p>El sistema Quinta de Beyerdynamic est\u00e1 dise\u00f1ado para reuniones, conferencias, videoconferencias y ruedas de prensa, salas de vistas...<\/p><a href=\"https:\/\/konferenztechnik.de\/es\/sistema-de-debate-beyerdynamic-quinta\/\" class=\"eael-post-elements-readmore-btn\" >\u203a m\u00e1s<\/a><div class=\"boxed-meta\"><\/div><\/div><\/div><\/div><div class=\"eael-post-list-post\"><div class=\"eael-post-list-post-inner\"><div class=\"eael-post-list-thumbnail\"><a href=\"https:\/\/konferenztechnik.de\/es\/sistema-de-debate-bosch\/\">\n                <img decoding=\"async\" src=\"https:\/\/konferenztechnik.de\/wp-content\/uploads\/2023\/06\/bosch-discussion-NG.jpg\" alt=\"Unidad de micr\u00f3fono Bosch Discussion Next Generation con selector de idiomas para llamar a idiomas interpretados en la unidad de micr\u00f3fono\" title=\"\">\n            <\/a><\/div><div class=\"eael-post-list-content\"><h3 class=\"eael-post-list-title\"><a href=\"https:\/\/konferenztechnik.de\/es\/sistema-de-debate-bosch\/\" >Bosch Discussion \u2013 Unidad de debate<\/a><\/h3><p>Las soluciones de conferencia de DCN se caracterizan por su versatilidad y ofrecen una alta calidad de audio y...<\/p><a href=\"https:\/\/konferenztechnik.de\/es\/sistema-de-debate-bosch\/\" class=\"eael-post-elements-readmore-btn\" >\u203a m\u00e1s<\/a><div class=\"boxed-meta\"><\/div><\/div><\/div><\/div><div class=\"eael-post-list-post\"><div class=\"eael-post-list-post-inner\"><div class=\"eael-post-list-thumbnail\"><a href=\"https:\/\/konferenztechnik.de\/es\/bosch-ccs-1000-d-unidad-de-discusion\/\">\n                <img decoding=\"async\" src=\"https:\/\/konferenztechnik.de\/wp-content\/uploads\/2023\/06\/sennheiser-ccs-1000-d.jpg\" alt=\"Estaci\u00f3n de micr\u00f3fono tipo Bosch CCS 1000 d\" title=\"\">\n            <\/a><\/div><div class=\"eael-post-list-content\"><h3 class=\"eael-post-list-title\"><a href=\"https:\/\/konferenztechnik.de\/es\/bosch-ccs-1000-d-unidad-de-discusion\/\" >BOSCH CCS 1000 D \u2013 Unidad de debate<\/a><\/h3><p>La CCS 1000 D impresiona por su sencillez sin renunciar a las innovaciones t\u00e9cnicas.<\/p><a href=\"https:\/\/konferenztechnik.de\/es\/bosch-ccs-1000-d-unidad-de-discusion\/\" class=\"eael-post-elements-readmore-btn\" >\u203a m\u00e1s<\/a><div class=\"boxed-meta\"><\/div><\/div><\/div><\/div><\/div><\/div>\n\t\t<\/div>\t\t\t\t<\/div>\n\t\t\t\t<\/div>\n\t\t\t\t\t<\/div>\n\t\t\t\t<\/div>\n\t\t\t\t<\/div>\n\t\t<\/div>\n\t\t\t\t\t\t<\/div>\n\t\t\t\t<\/div>\n\t\t\t\t\t<\/div>\n\t\t\t\t<\/div>\n\t\t\t\t\t<\/div>\n\t\t\t\t<\/div>\n\t\t<div data-particle_enable=\"false\" data-particle-mobile-disabled=\"false\" class=\"elementor-element elementor-element-3b144b1f e-flex e-con-boxed e-con e-parent\" data-id=\"3b144b1f\" data-element_type=\"container\">\n\t\t\t\t\t<div class=\"e-con-inner\">\n\t\t\t\t<div class=\"elementor-element elementor-element-6f8d75d8 elementor-widget__width-initial elementor-widget elementor-widget-text-editor\" data-id=\"6f8d75d8\" data-element_type=\"widget\" data-widget_type=\"text-editor.default\">\n\t\t\t\t<div class=\"elementor-widget-container\">\n\t\t\t\t\t\t\t\t\t<p>La hist\u00f3rica Heidelberg siempre merece una visita. Y el 70% de los hu\u00e9spedes que pernoctan son viajeros de negocios. Adem\u00e1s de muchos eventos culturales importantes, el \"Kongresshaus Stadthalle\" tambi\u00e9n acoge juntas generales y congresos anuales. Los hoteles de congresos de Heidelberg son el lugar ideal para reuniones y conferencias. Si usted tambi\u00e9n est\u00e1 planeando un evento en Heidelberg, en PCS Konferenztechnik estaremos encantados de suministrarle el sistema de debate adecuado. Con nuestros micr\u00f3fonos de mesa y unidades de micr\u00f3fono garantizamos una comunicaci\u00f3n perfecta entre los participantes. Esto incluye, adem\u00e1s de la organizaci\u00f3n de los debates, una excelente inteligibilidad de la voz. Ning\u00fan problema con las unidades de sobremesa PCS. Al contrario: con nuestros micr\u00f3fonos de mesa, tambi\u00e9n estamos f\u00e1cilmente equipados para grupos de debate internacionales, ya que disponen de una toma de auriculares con selector de idioma para se\u00f1ales de int\u00e9rprete. Esto significa que cada participante internacional puede captar la traducci\u00f3n al idioma nacional respectivo directamente en su propia unidad de micr\u00f3fono.<\/p><p>\u00a0<\/p><p>Alquile unidades de micr\u00f3fono para su reuni\u00f3n o conferencia en Heidelberg \u2013 Con PCS, tendr\u00e1 un socio competente a su lado cuando se trate de tecnolog\u00eda para conferencias.<\/p>\t\t\t\t\t\t\t\t<\/div>\n\t\t\t\t<\/div>\n\t\t\t\t<div class=\"elementor-element elementor-element-53dff6c elementor-widget__width-initial elementor-widget elementor-widget-heading\" data-id=\"53dff6c\" data-element_type=\"widget\" data-settings=\"{&quot;_animation&quot;:&quot;none&quot;}\" data-widget_type=\"heading.default\">\n\t\t\t\t<div class=\"elementor-widget-container\">\n\t\t\t\t\t<h2 class=\"elementor-heading-title elementor-size-default\">Puestos de interfon\u00eda de alquiler Heidelberg y sus funciones especiales<\/h2>\t\t\t\t<\/div>\n\t\t\t\t<\/div>\n\t\t\t\t<div class=\"elementor-element elementor-element-2dd9a456 elementor-widget elementor-widget-image\" data-id=\"2dd9a456\" data-element_type=\"widget\" data-widget_type=\"image.default\">\n\t\t\t\t<div class=\"elementor-widget-container\">\n\t\t\t\t\t\t\t\t\t\t\t\t\t\t\t<img decoding=\"async\" width=\"2550\" height=\"1074\" src=\"https:\/\/konferenztechnik.de\/wp-content\/uploads\/2023\/07\/sprechstellen-mieten-pcs-konferenztechnik-jpg.webp\" class=\"attachment-full size-full wp-image-37195\" alt=\"Vista de una fila de mesas de conferencias preparadas para una reuni\u00f3n, provistas de material de escritura, bebidas y unidades de micr\u00f3fono inal\u00e1mbrico para conferencias: todo parece listo para una conferencia.\" srcset=\"https:\/\/konferenztechnik.de\/wp-content\/uploads\/2023\/07\/sprechstellen-mieten-pcs-konferenztechnik-jpg.webp 2550w, https:\/\/konferenztechnik.de\/wp-content\/uploads\/2023\/07\/sprechstellen-mieten-pcs-konferenztechnik-300x126.webp 300w, https:\/\/konferenztechnik.de\/wp-content\/uploads\/2023\/07\/sprechstellen-mieten-pcs-konferenztechnik-1024x431.webp 1024w, https:\/\/konferenztechnik.de\/wp-content\/uploads\/2023\/07\/sprechstellen-mieten-pcs-konferenztechnik-768x323.webp 768w, https:\/\/konferenztechnik.de\/wp-content\/uploads\/2023\/07\/sprechstellen-mieten-pcs-konferenztechnik-1536x647.webp 1536w, https:\/\/konferenztechnik.de\/wp-content\/uploads\/2023\/07\/sprechstellen-mieten-pcs-konferenztechnik-2048x863.webp 2048w, https:\/\/konferenztechnik.de\/wp-content\/uploads\/2023\/07\/sprechstellen-mieten-pcs-konferenztechnik-18x8.webp 18w\" sizes=\"(max-width: 2550px) 100vw, 2550px\" title=\"\">\t\t\t\t\t\t\t\t\t\t\t\t\t\t\t<\/div>\n\t\t\t\t<\/div>\n\t\t\t\t<div class=\"elementor-element elementor-element-7bde9d9e elementor-align-right elementor-mobile-align-center elementor-widget elementor-widget-button\" data-id=\"7bde9d9e\" data-element_type=\"widget\" data-widget_type=\"button.default\">\n\t\t\t\t<div class=\"elementor-widget-container\">\n\t\t\t\t\t\t\t\t\t<div class=\"elementor-button-wrapper\">\n\t\t\t\t\t<a class=\"elementor-button elementor-button-link elementor-size-lg\" href=\"#serviceteam\">\n\t\t\t\t\t\t<span class=\"elementor-button-content-wrapper\">\n\t\t\t\t\t\t<span class=\"elementor-button-icon\">\n\t\t\t\t<svg aria-hidden=\"true\" class=\"e-font-icon-svg e-far-arrow-alt-circle-down\" viewbox=\"0 0 512 512\" xmlns=\"http:\/\/www.w3.org\/2000\/svg\"><path d=\"M256 8C119 8 8 119 8 256s111 248 248 248 248-111 248-248S393 8 256 8zm0 448c-110.5 0-200-89.5-200-200S145.5 56 256 56s200 89.5 200 200-89.5 200-200 200zm-32-316v116h-67c-10.7 0-16 12.9-8.5 20.5l99 99c4.7 4.7 12.3 4.7 17 0l99-99c7.6-7.6 2.2-20.5-8.5-20.5h-67V140c0-6.6-5.4-12-12-12h-40c-6.6 0-12 5.4-12 12z\"><\/path><\/svg>\t\t\t<\/span>\n\t\t\t\t\t\t\t\t\t<span class=\"elementor-button-text\">Solicitar informaci\u00f3n<\/span>\n\t\t\t\t\t<\/span>\n\t\t\t\t\t<\/a>\n\t\t\t\t<\/div>\n\t\t\t\t\t\t\t\t<\/div>\n\t\t\t\t<\/div>\n\t\t\t\t<div class=\"elementor-element elementor-element-49f1236c elementor-widget__width-inherit elementor-widget elementor-widget-text-editor\" data-id=\"49f1236c\" data-element_type=\"widget\" data-widget_type=\"text-editor.default\">\n\t\t\t\t<div class=\"elementor-widget-container\">\n\t\t\t\t\t\t\t\t\t<p>Los puestos de interfonia, tambi\u00e9n conocidos como micr\u00f3fonos de sobremesa o unidades de micr\u00f3fono, disponen, seg\u00fan el modelo, no s\u00f3lo de canales de traducci\u00f3n, sino tambi\u00e9n de otras funciones especiales como la creaci\u00f3n de listas de oradores, la visualizaci\u00f3n de los participantes activos mediante un software de control, la cesi\u00f3n de la palabra por parte de un moderador o la grabaci\u00f3n de audio de la conferencia. Tambi\u00e9n es posible conectar la unidad de micr\u00f3fono a un sistema de megafon\u00eda existente o utilizar altavoces integrados en la propia unidad de micr\u00f3fono.<\/p>\t\t\t\t\t\t\t\t<\/div>\n\t\t\t\t<\/div>\n\t\t\t\t<div class=\"elementor-element elementor-element-3e50a38 elementor-widget__width-initial elementor-widget elementor-widget-heading\" data-id=\"3e50a38\" data-element_type=\"widget\" data-settings=\"{&quot;_animation&quot;:&quot;none&quot;}\" data-widget_type=\"heading.default\">\n\t\t\t\t<div class=\"elementor-widget-container\">\n\t\t\t\t\t<h2 class=\"elementor-heading-title elementor-size-default\">Combine las unidades de sobremesa con otras tecnolog\u00edas de conferencia<\/h2>\t\t\t\t<\/div>\n\t\t\t\t<\/div>\n\t\t\t\t<div class=\"elementor-element elementor-element-27ae0e4 elementor-widget__width-inherit elementor-widget elementor-widget-text-editor\" data-id=\"27ae0e4\" data-element_type=\"widget\" data-widget_type=\"text-editor.default\">\n\t\t\t\t<div class=\"elementor-widget-container\">\n\t\t\t\t\t\t\t\t\t<p>\u00a0Los sistemas de conferencias PCS pueden combinarse f\u00e1cilmente con otras tecnolog\u00edas, como cabinas de interpretaci\u00f3n, sistemas de interpretaci\u00f3n o sistemas de megafon\u00eda. Tambi\u00e9n puede a\u00f1adir dispositivos individuales de nuestro repertorio de alquiler a los sistemas existentes. P\u00f3ngase en contacto con nosotros. Estaremos encantados de asesorarle t\u00e9cnicamente.<\/p>\t\t\t\t\t\t\t\t<\/div>\n\t\t\t\t<\/div>\n\t\t\t\t<div class=\"elementor-element elementor-element-b5049c4 elementor-widget__width-initial elementor-widget elementor-widget-heading\" data-id=\"b5049c4\" data-element_type=\"widget\" data-settings=\"{&quot;_animation&quot;:&quot;none&quot;}\" data-widget_type=\"heading.default\">\n\t\t\t\t<div class=\"elementor-widget-container\">\n\t\t\t\t\t<h2 class=\"elementor-heading-title elementor-size-default\">Micr\u00f3fonos de alquiler de PCS Konferenztechnik: resumen de nuestros fabricantes<\/h2>\t\t\t\t<\/div>\n\t\t\t\t<\/div>\n\t\t\t\t<div class=\"elementor-element elementor-element-13fdc98 elementor-widget__width-inherit elementor-widget elementor-widget-text-editor\" data-id=\"13fdc98\" data-element_type=\"widget\" data-widget_type=\"text-editor.default\">\n\t\t\t\t<div class=\"elementor-widget-container\">\n\t\t\t\t\t\t\t\t\t<p>\u00a0PCS Konferenztechnik le ofrece unidades de micr\u00f3fono inal\u00e1mbricas o con cable, seg\u00fan el lugar y el tipo de asiento.<\/p>\t\t\t\t\t\t\t\t<\/div>\n\t\t\t\t<\/div>\n\t\t\t\t<div class=\"elementor-element elementor-element-612fd690 elementor-icon-list--layout-traditional elementor-list-item-link-full_width elementor-widget elementor-widget-icon-list\" data-id=\"612fd690\" data-element_type=\"widget\" data-widget_type=\"icon-list.default\">\n\t\t\t\t<div class=\"elementor-widget-container\">\n\t\t\t\t\t\t\t<ul class=\"elementor-icon-list-items\">\n\t\t\t\t\t\t\t<li class=\"elementor-icon-list-item\">\n\t\t\t\t\t\t\t\t\t\t\t<a href=\"https:\/\/konferenztechnik.de\/es\/sistema-de-debate-bosch-dicentis\/\">\n\n\t\t\t\t\t\t\t\t\t\t\t\t<span class=\"elementor-icon-list-icon\">\n\t\t\t\t\t\t\t<svg aria-hidden=\"true\" class=\"e-font-icon-svg e-fas-check\" viewbox=\"0 0 512 512\" xmlns=\"http:\/\/www.w3.org\/2000\/svg\"><path d=\"M173.898 439.404l-166.4-166.4c-9.997-9.997-9.997-26.206 0-36.204l36.203-36.204c9.997-9.998 26.207-9.998 36.204 0L192 312.69 432.095 72.596c9.997-9.997 26.207-9.997 36.204 0l36.203 36.204c9.997 9.997 9.997 26.206 0 36.204l-294.4 294.401c-9.998 9.997-26.207 9.997-36.204-.001z\"><\/path><\/svg>\t\t\t\t\t\t<\/span>\n\t\t\t\t\t\t\t\t\t\t<span class=\"elementor-icon-list-text\">Bosch Dicentis unidades de micr\u00f3fono \u2013 Sistema de conferencia inal\u00e1mbrico<\/span>\n\t\t\t\t\t\t\t\t\t\t\t<\/a>\n\t\t\t\t\t\t\t\t\t<\/li>\n\t\t\t\t\t\t\t\t<li class=\"elementor-icon-list-item\">\n\t\t\t\t\t\t\t\t\t\t\t<a href=\"https:\/\/konferenztechnik.de\/es\/sistema-de-debate-televic-confidea-flex\/\">\n\n\t\t\t\t\t\t\t\t\t\t\t\t<span class=\"elementor-icon-list-icon\">\n\t\t\t\t\t\t\t<svg aria-hidden=\"true\" class=\"e-font-icon-svg e-fas-check\" viewbox=\"0 0 512 512\" xmlns=\"http:\/\/www.w3.org\/2000\/svg\"><path d=\"M173.898 439.404l-166.4-166.4c-9.997-9.997-9.997-26.206 0-36.204l36.203-36.204c9.997-9.998 26.207-9.998 36.204 0L192 312.69 432.095 72.596c9.997-9.997 26.207-9.997 36.204 0l36.203 36.204c9.997 9.997 9.997 26.206 0 36.204l-294.4 294.401c-9.998 9.997-26.207 9.997-36.204-.001z\"><\/path><\/svg>\t\t\t\t\t\t<\/span>\n\t\t\t\t\t\t\t\t\t\t<span class=\"elementor-icon-list-text\">Televic Confidea Flex unidades de micr\u00f3fono \u2013 Sistema de conferencia inal\u00e1mbrico<\/span>\n\t\t\t\t\t\t\t\t\t\t\t<\/a>\n\t\t\t\t\t\t\t\t\t<\/li>\n\t\t\t\t\t\t\t\t<li class=\"elementor-icon-list-item\">\n\t\t\t\t\t\t\t\t\t\t\t<a href=\"https:\/\/konferenztechnik.de\/es\/bosch-ccs-1000-d-unidad-de-discusion\/\">\n\n\t\t\t\t\t\t\t\t\t\t\t\t<span class=\"elementor-icon-list-icon\">\n\t\t\t\t\t\t\t<svg aria-hidden=\"true\" class=\"e-font-icon-svg e-fas-check\" viewbox=\"0 0 512 512\" xmlns=\"http:\/\/www.w3.org\/2000\/svg\"><path d=\"M173.898 439.404l-166.4-166.4c-9.997-9.997-9.997-26.206 0-36.204l36.203-36.204c9.997-9.998 26.207-9.998 36.204 0L192 312.69 432.095 72.596c9.997-9.997 26.207-9.997 36.204 0l36.203 36.204c9.997 9.997 9.997 26.206 0 36.204l-294.4 294.401c-9.998 9.997-26.207 9.997-36.204-.001z\"><\/path><\/svg>\t\t\t\t\t\t<\/span>\n\t\t\t\t\t\t\t\t\t\t<span class=\"elementor-icon-list-text\">BOSCH CCS 1000 D \u2013 Unidad de debate<\/span>\n\t\t\t\t\t\t\t\t\t\t\t<\/a>\n\t\t\t\t\t\t\t\t\t<\/li>\n\t\t\t\t\t\t\t\t<li class=\"elementor-icon-list-item\">\n\t\t\t\t\t\t\t\t\t\t\t<a href=\"https:\/\/konferenztechnik.de\/es\/sistema-de-debate-bosch\/\">\n\n\t\t\t\t\t\t\t\t\t\t\t\t<span class=\"elementor-icon-list-icon\">\n\t\t\t\t\t\t\t<svg aria-hidden=\"true\" class=\"e-font-icon-svg e-fas-check\" viewbox=\"0 0 512 512\" xmlns=\"http:\/\/www.w3.org\/2000\/svg\"><path d=\"M173.898 439.404l-166.4-166.4c-9.997-9.997-9.997-26.206 0-36.204l36.203-36.204c9.997-9.998 26.207-9.998 36.204 0L192 312.69 432.095 72.596c9.997-9.997 26.207-9.997 36.204 0l36.203 36.204c9.997 9.997 9.997 26.206 0 36.204l-294.4 294.401c-9.998 9.997-26.207 9.997-36.204-.001z\"><\/path><\/svg>\t\t\t\t\t\t<\/span>\n\t\t\t\t\t\t\t\t\t\t<span class=\"elementor-icon-list-text\">Bosch Unidades de micr\u00f3fono para debate \u2013 Sistema de conferencia con cable (incl. canales de interpretaci\u00f3n\/traducci\u00f3n)<\/span>\n\t\t\t\t\t\t\t\t\t\t\t<\/a>\n\t\t\t\t\t\t\t\t\t<\/li>\n\t\t\t\t\t\t\t\t<li class=\"elementor-icon-list-item\">\n\t\t\t\t\t\t\t\t\t\t\t<a href=\"https:\/\/konferenztechnik.de\/es\/sistemas-de-discusion-unidades-de-microfono-alquiler-compra-instalacion-alquiler\/\">\n\n\t\t\t\t\t\t\t\t\t\t\t\t<span class=\"elementor-icon-list-icon\">\n\t\t\t\t\t\t\t<svg aria-hidden=\"true\" class=\"e-font-icon-svg e-fas-check\" viewbox=\"0 0 512 512\" xmlns=\"http:\/\/www.w3.org\/2000\/svg\"><path d=\"M173.898 439.404l-166.4-166.4c-9.997-9.997-9.997-26.206 0-36.204l36.203-36.204c9.997-9.998 26.207-9.998 36.204 0L192 312.69 432.095 72.596c9.997-9.997 26.207-9.997 36.204 0l36.203 36.204c9.997 9.997 9.997 26.206 0 36.204l-294.4 294.401c-9.998 9.997-26.207 9.997-36.204-.001z\"><\/path><\/svg>\t\t\t\t\t\t<\/span>\n\t\t\t\t\t\t\t\t\t\t<span class=\"elementor-icon-list-text\">Y muchos m\u00e1s...<\/span>\n\t\t\t\t\t\t\t\t\t\t\t<\/a>\n\t\t\t\t\t\t\t\t\t<\/li>\n\t\t\t\t\t\t<\/ul>\n\t\t\t\t\t\t<\/div>\n\t\t\t\t<\/div>\n\t\t\t\t<div class=\"elementor-element elementor-element-44963a71 elementor-widget__width-inherit elementor-widget elementor-widget-text-editor\" data-id=\"44963a71\" data-element_type=\"widget\" data-widget_type=\"text-editor.default\">\n\t\t\t\t<div class=\"elementor-widget-container\">\n\t\t\t\t\t\t\t\t\t<p>Ambas versiones de sistemas de debate tienen sus ventajas: las unidades de micr\u00f3fono inal\u00e1mbricas convencen por su elegante dise\u00f1o y su flexibilidad en cuanto a la disposici\u00f3n de los asientos, mientras que las unidades de micr\u00f3fono con cable son menos susceptibles a las interferencias externas de las ondas de radio. Nuestros compa\u00f1eros de PCS Konferenztechnik estar\u00e1n encantados de asesorarle a la hora de elegir el sistema de conferencias adecuado para su evento en Heidelberg. Le proporcionaremos asesoramiento personalizado, presupuestos flexibles y una entrega r\u00e1pida, ya que nuestro almac\u00e9n dispone siempre de una amplia gama de unidades de micr\u00f3fono en stock en grandes cantidades.<\/p>\t\t\t\t\t\t\t\t<\/div>\n\t\t\t\t<\/div>\n\t\t\t\t<div class=\"elementor-element elementor-element-1ed390c0 elementor-widget elementor-widget-image\" data-id=\"1ed390c0\" data-element_type=\"widget\" data-widget_type=\"image.default\">\n\t\t\t\t<div class=\"elementor-widget-container\">\n\t\t\t\t\t\t\t\t\t\t\t\t\t\t\t<img decoding=\"async\" width=\"1200\" height=\"450\" src=\"https:\/\/konferenztechnik.de\/wp-content\/uploads\/2016\/10\/events-berlin.jpg\" class=\"attachment-full size-full wp-image-8486\" alt=\"\" srcset=\"https:\/\/konferenztechnik.de\/wp-content\/uploads\/2016\/10\/events-berlin.jpg 1200w, https:\/\/konferenztechnik.de\/wp-content\/uploads\/2016\/10\/events-berlin-300x113.jpg 300w, https:\/\/konferenztechnik.de\/wp-content\/uploads\/2016\/10\/events-berlin-1024x384.jpg 1024w, https:\/\/konferenztechnik.de\/wp-content\/uploads\/2016\/10\/events-berlin-768x288.jpg 768w\" sizes=\"(max-width: 1200px) 100vw, 1200px\" title=\"\">\t\t\t\t\t\t\t\t\t\t\t\t\t\t\t<\/div>\n\t\t\t\t<\/div>\n\t\t<div data-particle_enable=\"false\" data-particle-mobile-disabled=\"false\" class=\"elementor-element elementor-element-172b215a e-flex e-con-boxed e-con e-child\" data-id=\"172b215a\" data-element_type=\"container\">\n\t\t\t\t\t<div class=\"e-con-inner\">\n\t\t\t\t<div class=\"elementor-element elementor-element-54ae0f16 elementor-align-left elementor-widget elementor-widget-button\" data-id=\"54ae0f16\" data-element_type=\"widget\" data-widget_type=\"button.default\">\n\t\t\t\t<div class=\"elementor-widget-container\">\n\t\t\t\t\t\t\t\t\t<div class=\"elementor-button-wrapper\">\n\t\t\t\t\t<a class=\"elementor-button elementor-button-link elementor-size-lg\" href=\"#serviceteam\">\n\t\t\t\t\t\t<span class=\"elementor-button-content-wrapper\">\n\t\t\t\t\t\t<span class=\"elementor-button-icon\">\n\t\t\t\t<svg aria-hidden=\"true\" class=\"e-font-icon-svg e-far-arrow-alt-circle-down\" viewbox=\"0 0 512 512\" xmlns=\"http:\/\/www.w3.org\/2000\/svg\"><path d=\"M256 8C119 8 8 119 8 256s111 248 248 248 248-111 248-248S393 8 256 8zm0 448c-110.5 0-200-89.5-200-200S145.5 56 256 56s200 89.5 200 200-89.5 200-200 200zm-32-316v116h-67c-10.7 0-16 12.9-8.5 20.5l99 99c4.7 4.7 12.3 4.7 17 0l99-99c7.6-7.6 2.2-20.5-8.5-20.5h-67V140c0-6.6-5.4-12-12-12h-40c-6.6 0-12 5.4-12 12z\"><\/path><\/svg>\t\t\t<\/span>\n\t\t\t\t\t\t\t\t\t<span class=\"elementor-button-text\">Solicitar informaci\u00f3n<\/span>\n\t\t\t\t\t<\/span>\n\t\t\t\t\t<\/a>\n\t\t\t\t<\/div>\n\t\t\t\t\t\t\t\t<\/div>\n\t\t\t\t<\/div>\n\t\t\t\t\t<\/div>\n\t\t\t\t<\/div>\n\t\t\t\t<div class=\"elementor-element elementor-element-2a915c0d elementor-widget elementor-widget-eael-adv-accordion\" data-id=\"2a915c0d\" data-element_type=\"widget\" data-widget_type=\"eael-adv-accordion.default\">\n\t\t\t\t<div class=\"elementor-widget-container\">\n\t\t\t\t\t            <div class=\"eael-adv-accordion\" id=\"eael-adv-accordion-2a915c0d\" data-scroll-on-click=\"no\" data-scroll-speed=\"300\" data-accordion-id=\"2a915c0d\" data-accordion-type=\"accordion\" data-toogle-speed=\"300\">\n            <div class=\"eael-accordion-list\">\n\t\t\t\t\t<div id=\"-veranstaltungsorte-fr-events-und-kongresse-in-heidelberg-\" class=\"elementor-tab-title eael-accordion-header\" tabindex=\"0\" data-tab=\"1\" aria-controls=\"elementor-tab-content-7141\"><span class=\"eael-advanced-accordion-icon-closed\"><svg aria-hidden=\"true\" class=\"fa-accordion-icon e-font-icon-svg e-fas-plus\" viewbox=\"0 0 448 512\" xmlns=\"http:\/\/www.w3.org\/2000\/svg\"><path d=\"M416 208H272V64c0-17.67-14.33-32-32-32h-32c-17.67 0-32 14.33-32 32v144H32c-17.67 0-32 14.33-32 32v32c0 17.67 14.33 32 32 32h144v144c0 17.67 14.33 32 32 32h32c17.67 0 32-14.33 32-32V304h144c17.67 0 32-14.33 32-32v-32c0-17.67-14.33-32-32-32z\"><\/path><\/svg><\/span><span class=\"eael-advanced-accordion-icon-opened\"><svg aria-hidden=\"true\" class=\"fa-accordion-icon e-font-icon-svg e-fas-minus\" viewbox=\"0 0 448 512\" xmlns=\"http:\/\/www.w3.org\/2000\/svg\"><path d=\"M416 208H32c-17.67 0-32 14.33-32 32v32c0 17.67 14.33 32 32 32h384c17.67 0 32-14.33 32-32v-32c0-17.67-14.33-32-32-32z\"><\/path><\/svg><\/span><span class=\"eael-accordion-tab-title\"> Sedes para eventos y congresos en Heidelberg <\/span><svg aria-hidden=\"true\" class=\"fa-toggle e-font-icon-svg e-fas-angle-right\" viewbox=\"0 0 256 512\" xmlns=\"http:\/\/www.w3.org\/2000\/svg\"><path d=\"M224.3 273l-136 136c-9.4 9.4-24.6 9.4-33.9 0l-22.6-22.6c-9.4-9.4-9.4-24.6 0-33.9l96.4-96.4-96.4-96.4c-9.4-9.4-9.4-24.6 0-33.9L54.3 103c9.4-9.4 24.6-9.4 33.9 0l136 136c9.5 9.4 9.5 24.6.1 34z\"><\/path><\/svg><\/div><div id=\"elementor-tab-content-7141\" class=\"eael-accordion-content clearfix\" data-tab=\"1\" aria-labelledby=\"-veranstaltungsorte-fr-events-und-kongresse-in-heidelberg-\"><ul><li>Ayuntamiento de Heidelberg \u2013 Centro de Congresos de Heidelberg<\/li><li>Centro de Estudios Americanos de Heidelberg \u2013 HCA<\/li><li>Centro de Conferencias en el Parque Tecnol\u00f3gico de Heidelberg<\/li><li>Antigua f\u00e1brica de vino de Heidelberg<\/li><li>Centro comunitario de Heidelberg<\/li><li>Piscina femenina Heidelberg<\/li><li>Foro en el parque<\/li><li>Palacio del Pr\u00edncipe Carlos<\/li><li>Foro de Portland<\/li><li>Academia de Medios Impresos<\/li><li>Restaurante Wolfsbrunnen<\/li><li>Castillo de Heidelberg<\/li><li>Despensa 7<\/li><li>Estudio Villa Bosch<\/li><li>Estaci\u00f3n de mercanc\u00edas Heidelberg \u2013 halle02<\/li><\/ul><\/div>\n\t\t\t\t\t<\/div><div class=\"eael-accordion-list\">\n\t\t\t\t\t<div id=\"-die-wichtigsten-veranstaltungshotels-in-heidelberg-\" class=\"elementor-tab-title eael-accordion-header\" tabindex=\"0\" data-tab=\"2\" aria-controls=\"elementor-tab-content-7142\"><span class=\"eael-advanced-accordion-icon-closed\"><svg aria-hidden=\"true\" class=\"fa-accordion-icon e-font-icon-svg e-fas-plus\" viewbox=\"0 0 448 512\" xmlns=\"http:\/\/www.w3.org\/2000\/svg\"><path d=\"M416 208H272V64c0-17.67-14.33-32-32-32h-32c-17.67 0-32 14.33-32 32v144H32c-17.67 0-32 14.33-32 32v32c0 17.67 14.33 32 32 32h144v144c0 17.67 14.33 32 32 32h32c17.67 0 32-14.33 32-32V304h144c17.67 0 32-14.33 32-32v-32c0-17.67-14.33-32-32-32z\"><\/path><\/svg><\/span><span class=\"eael-advanced-accordion-icon-opened\"><svg aria-hidden=\"true\" class=\"fa-accordion-icon e-font-icon-svg e-fas-minus\" viewbox=\"0 0 448 512\" xmlns=\"http:\/\/www.w3.org\/2000\/svg\"><path d=\"M416 208H32c-17.67 0-32 14.33-32 32v32c0 17.67 14.33 32 32 32h384c17.67 0 32-14.33 32-32v-32c0-17.67-14.33-32-32-32z\"><\/path><\/svg><\/span><span class=\"eael-accordion-tab-title\"> Los hoteles para eventos m\u00e1s importantes de Heidelberg <\/span><svg aria-hidden=\"true\" class=\"fa-toggle e-font-icon-svg e-fas-angle-right\" viewbox=\"0 0 256 512\" xmlns=\"http:\/\/www.w3.org\/2000\/svg\"><path d=\"M224.3 273l-136 136c-9.4 9.4-24.6 9.4-33.9 0l-22.6-22.6c-9.4-9.4-9.4-24.6 0-33.9l96.4-96.4-96.4-96.4c-9.4-9.4-9.4-24.6 0-33.9L54.3 103c9.4-9.4 24.6-9.4 33.9 0l136 136c9.5 9.4 9.5 24.6.1 34z\"><\/path><\/svg><\/div><div id=\"elementor-tab-content-7142\" class=\"eael-accordion-content clearfix\" data-tab=\"2\" aria-labelledby=\"-die-wichtigsten-veranstaltungshotels-in-heidelberg-\"><ul><li>Crowne Plaza Hotel Heidelberg<\/li><li>NH Heidelberg<\/li><li>Hotel Chester Heidelberg<\/li><li>Tribunal Europeo de Heidelberg<\/li><li>Leonardo Hotel Heidelberg<\/li><li>Hotel Marriott de Heidelberg<\/li><li>Grenzhof Hotel &amp; Restaurant<\/li><li>Hotel Excellence<\/li><\/ul><\/div>\n\t\t\t\t\t<\/div><div class=\"eael-accordion-list\">\n\t\t\t\t\t<div id=\"-die-wichtigsten-messen-in-heidelberg-\" class=\"elementor-tab-title eael-accordion-header\" tabindex=\"0\" data-tab=\"3\" aria-controls=\"elementor-tab-content-7143\"><span class=\"eael-advanced-accordion-icon-closed\"><svg aria-hidden=\"true\" class=\"fa-accordion-icon e-font-icon-svg e-fas-plus\" viewbox=\"0 0 448 512\" xmlns=\"http:\/\/www.w3.org\/2000\/svg\"><path d=\"M416 208H272V64c0-17.67-14.33-32-32-32h-32c-17.67 0-32 14.33-32 32v144H32c-17.67 0-32 14.33-32 32v32c0 17.67 14.33 32 32 32h144v144c0 17.67 14.33 32 32 32h32c17.67 0 32-14.33 32-32V304h144c17.67 0 32-14.33 32-32v-32c0-17.67-14.33-32-32-32z\"><\/path><\/svg><\/span><span class=\"eael-advanced-accordion-icon-opened\"><svg aria-hidden=\"true\" class=\"fa-accordion-icon e-font-icon-svg e-fas-minus\" viewbox=\"0 0 448 512\" xmlns=\"http:\/\/www.w3.org\/2000\/svg\"><path d=\"M416 208H32c-17.67 0-32 14.33-32 32v32c0 17.67 14.33 32 32 32h384c17.67 0 32-14.33 32-32v-32c0-17.67-14.33-32-32-32z\"><\/path><\/svg><\/span><span class=\"eael-accordion-tab-title\"> Las ferias m\u00e1s importantes de Heidelberg <\/span><svg aria-hidden=\"true\" class=\"fa-toggle e-font-icon-svg e-fas-angle-right\" viewbox=\"0 0 256 512\" xmlns=\"http:\/\/www.w3.org\/2000\/svg\"><path d=\"M224.3 273l-136 136c-9.4 9.4-24.6 9.4-33.9 0l-22.6-22.6c-9.4-9.4-9.4-24.6 0-33.9l96.4-96.4-96.4-96.4c-9.4-9.4-9.4-24.6 0-33.9L54.3 103c9.4-9.4 24.6-9.4 33.9 0l136 136c9.5 9.4 9.5 24.6.1 34z\"><\/path><\/svg><\/div><div id=\"elementor-tab-content-7143\" class=\"eael-accordion-content clearfix\" data-tab=\"3\" aria-labelledby=\"-die-wichtigsten-messen-in-heidelberg-\"><ul><li>Jobunication Rin-Neckar<\/li><li>Feria de arranque<\/li><li>Amor felicidad Heidelberg<\/li><li>Confianza Heidelberg<\/li><li>Hacia el mundo Recinto Ferial de Heidelberg<\/li><li>Congreso Internacional AEK sobre el C\u00e1ncer<\/li><li>Convenci\u00f3n de tatuajes de Heidelberg<\/li><li>Cumbre alemana sobre t\u00f3xicos farmac\u00e9uticos<\/li><\/ul><\/div>\n\t\t\t\t\t<\/div><\/div>\t\t\t\t<\/div>\n\t\t\t\t<\/div>\n\t\t\t\t\t<\/div>\n\t\t\t\t<\/div>\n\t\t<div data-particle_enable=\"false\" data-particle-mobile-disabled=\"false\" class=\"elementor-element elementor-element-32ad8e3 e-flex e-con-boxed e-con e-parent\" data-id=\"32ad8e3\" data-element_type=\"container\">\n\t\t\t\t\t<div class=\"e-con-inner\">\n\t\t\t\t<div class=\"elementor-element elementor-element-c7318e0 elementor-widget elementor-widget-shortcode\" data-id=\"c7318e0\" data-element_type=\"widget\" data-widget_type=\"shortcode.default\">\n\t\t\t\t<div class=\"elementor-widget-container\">\n\t\t\t\t\t\t\t<div class=\"elementor-shortcode\"><\/div>\n\t\t\t\t\t\t<\/div>\n\t\t\t\t<\/div>\n\t\t\t\t\t<\/div>\n\t\t\t\t<\/div>\n\t\t\t\t<\/div>","protected":false},"excerpt":{"rendered":"<p>Sprechstellen mieten Heidelberg: Vermietung von Konferenzanlagen und Diskussionsanlagen in der Universit\u00e4tsstadt Heidelberg Jetzt anfragen Das historische Heidelberg ist wohl immer eine Reise wert. Dabei sind 70 Prozent der \u00dcbernachtungsg\u00e4ste Gesch\u00e4ftsreisende. Neben vielen kulturellen Gro\u00dfveranstaltungen finden im \u201eKongresshaus Stadthalle\u201c Hauptversammlungen und Kongresse statt. F\u00fcr Tagungen und Konferenzen sind die Heidelberger Tagungshotels der optimale Ort. Wenn auch [&hellip;]<\/p>","protected":false},"author":1,"featured_media":45482,"parent":0,"menu_order":0,"comment_status":"closed","ping_status":"closed","template":"","meta":{"_acf_changed":false,"footnotes":""},"class_list":["post-12025","page","type-page","status-publish","has-post-thumbnail","hentry"],"acf":[],"_links":{"self":[{"href":"https:\/\/konferenztechnik.de\/es\/wp-json\/wp\/v2\/pages\/12025","targetHints":{"allow":["GET"]}}],"collection":[{"href":"https:\/\/konferenztechnik.de\/es\/wp-json\/wp\/v2\/pages"}],"about":[{"href":"https:\/\/konferenztechnik.de\/es\/wp-json\/wp\/v2\/types\/page"}],"author":[{"embeddable":true,"href":"https:\/\/konferenztechnik.de\/es\/wp-json\/wp\/v2\/users\/1"}],"replies":[{"embeddable":true,"href":"https:\/\/konferenztechnik.de\/es\/wp-json\/wp\/v2\/comments?post=12025"}],"version-history":[{"count":0,"href":"https:\/\/konferenztechnik.de\/es\/wp-json\/wp\/v2\/pages\/12025\/revisions"}],"wp:featuredmedia":[{"embeddable":true,"href":"https:\/\/konferenztechnik.de\/es\/wp-json\/wp\/v2\/media\/45482"}],"wp:attachment":[{"href":"https:\/\/konferenztechnik.de\/es\/wp-json\/wp\/v2\/media?parent=12025"}],"curies":[{"name":"wp","href":"https:\/\/api.w.org\/{rel}","templated":true}]}}