{"id":15284,"date":"2019-09-26T15:54:02","date_gmt":"2019-09-26T14:54:02","guid":{"rendered":"https:\/\/www.konferenztechnik.de\/?page_id=15284"},"modified":"2023-09-01T13:19:45","modified_gmt":"2023-09-01T11:19:45","slug":"comprar-sennheiser-lsp-500-pro","status":"publish","type":"page","link":"https:\/\/konferenztechnik.de\/es\/comprar-sennheiser-lsp-500-pro\/","title":{"rendered":"Comprar Sennheiser LSP 500 PRO"},"content":{"rendered":"<h1>Comprar Sennheiser LSP 500 PRO<\/h1>\n<h2>Sistema de audio inal\u00e1mbrico para reuniones, conferencias y eventos. Funciona con bater\u00eda, se controla mediante aplicaci\u00f3n, uso flexible, paquetes PCS, entrega r\u00e1pida.<\/h2>\n<p><!-- <img decoding=\"async\" src=\"https:\/\/konferenztechnik.de\/wp-content\/uploads\/2019\/09\/sennheiser-lsp-500-pro-kaufen-und-angebote-1.jpg\" alt=\"Sennheiser LSP 500 PRO kaufen\" class=\"aligncenter size-full wp-image-15112\" title=\"\"> --><\/p>\n<p>Por favor, tenga en cuenta que Sennheiser ha descatalogado la serie LSP 500 PRO con efecto inmediato. No obstante, le ofrecemos alternativas. P\u00f3ngase en contacto con nosotros.<\/p>\n<p>Sin embargo, los servicios de garant\u00eda y las \u00f3rdenes de servicio que a\u00fan est\u00e1n en curso siguen siendo v\u00e1lidos durante el periodo especificado.<\/p>\n<p>El LSP 500 PRO de Sennheiser es un sistema de audio completo que puede funcionar de forma totalmente inal\u00e1mbrica. Los altavoces y los micr\u00f3fonos funcionan con una bater\u00eda recargable. Los receptores de los micr\u00f3fonos inal\u00e1mbricos est\u00e1n integrados en la parte posterior de los altavoces.<\/p>\n<h2>Sennheiser LSP 500 PRO \u2013 PCS ofertas y paquetes (ya no disponible)<\/h2>\n<div class=\"bundle-container\">\n<div class=\"bundle-box\"><span class=\"no-hint\">Como complemento<\/span><\/p>\n<div class=\"bundle-box-head\"><span class=\"bundle-title\">Base LSP 500<\/span><\/div>\n<figure class=\"bundle-pic\"><img fetchpriority=\"high\" decoding=\"async\" width=\"500\" height=\"280\" class=\"alignleft size-full wp-image-15171\" src=\"https:\/\/konferenztechnik.de\/wp-content\/uploads\/2019\/09\/sennheiser-lsp-500-pro-basis-angebot.jpg\" alt=\"sennheiser-lsp-500-pro-oferta b\u00e1sica\" title=\"\" srcset=\"https:\/\/konferenztechnik.de\/wp-content\/uploads\/2019\/09\/sennheiser-lsp-500-pro-basis-angebot.jpg 500w, https:\/\/konferenztechnik.de\/wp-content\/uploads\/2019\/09\/sennheiser-lsp-500-pro-basis-angebot-300x168.jpg 300w\" sizes=\"(max-width: 500px) 100vw, 500px\" \/><\/figure>\n<div class=\"bundle-box-body\">1 altavoz (mono)<br \/>\nFuncionamiento con pilas<br \/>\nStreaming por Bluetooth<br \/>\nReproducir y grabar audio<\/div>\n<\/div>\n<div class=\"bundle-box bundle-box-hint\"><span class=\"hint\">Nuestra recomendaci\u00f3n<\/span><\/p>\n<div class=\"bundle-box-head\"><span class=\"bundle-title\">LSP 500 Acci\u00f3n<\/span><\/div>\n<figure class=\"bundle-pic\"><img decoding=\"async\" width=\"500\" height=\"280\" class=\"alignleft size-full wp-image-15174\" src=\"https:\/\/konferenztechnik.de\/wp-content\/uploads\/2019\/09\/sennheiser-lsp-500-pro-start-angebot.jpg\" alt=\"\" title=\"\" srcset=\"https:\/\/konferenztechnik.de\/wp-content\/uploads\/2019\/09\/sennheiser-lsp-500-pro-start-angebot.jpg 500w, https:\/\/konferenztechnik.de\/wp-content\/uploads\/2019\/09\/sennheiser-lsp-500-pro-start-angebot-300x168.jpg 300w\" sizes=\"(max-width: 500px) 100vw, 500px\" \/><\/figure>\n<div class=\"bundle-box-body\">2 altavoces (est\u00e9reo)<br \/>\nFuncionamiento con pilas<br \/>\nStreaming por Bluetooth<br \/>\nReproducir y grabar audio<br \/>\n1 micr\u00f3fono y receptor inal\u00e1mbricos<br \/>\n2 soportes de altavoz<\/div>\n<\/div>\n<div class=\"bundle-box\"><span class=\"no-hint\">Exactamente de acuerdo con sus ideas<\/span><\/p>\n<div class=\"bundle-box-head\"><span class=\"bundle-title\">LSP 500 Personalizado<\/span><\/div>\n<figure class=\"bundle-pic\"><img decoding=\"async\" width=\"500\" height=\"280\" class=\"alignleft size-full wp-image-15176\" src=\"https:\/\/konferenztechnik.de\/wp-content\/uploads\/2019\/09\/sennheiser-lsp-500-pro-custom-angebot.jpg\" alt=\"\" title=\"\" srcset=\"https:\/\/konferenztechnik.de\/wp-content\/uploads\/2019\/09\/sennheiser-lsp-500-pro-custom-angebot.jpg 500w, https:\/\/konferenztechnik.de\/wp-content\/uploads\/2019\/09\/sennheiser-lsp-500-pro-custom-angebot-300x168.jpg 300w\" sizes=\"(max-width: 500px) 100vw, 500px\" \/><\/figure>\n<div class=\"bundle-box-body\">Configurado seg\u00fan sus deseos<br \/>\nFuncionamiento con pilas<br \/>\nStreaming por Bluetooth<br \/>\nReproducir y grabar audio<\/div>\n<\/div>\n<\/div>\n<p>El Sennheiser LSP 500 PRO se suministra de f\u00e1brica con la configuraci\u00f3n b\u00e1sica. Esta es la configuraci\u00f3n que tambi\u00e9n recibir\u00e1 de varios minoristas en l\u00ednea si encuentra el altavoz utilizando un motor de b\u00fasqueda.<\/p>\n<p>Para aprovechar al m\u00e1ximo el rendimiento y el potencial del sistema de audio, le recomendamos que opte por uno de nuestros paquetes o que nos encargue la configuraci\u00f3n del sistema seg\u00fan sus necesidades. A continuaci\u00f3n, puede encargarnos directamente el sistema preconfigurado. O puede encargar a nuestros t\u00e9cnicos que lo integren en sus instalaciones. Tambi\u00e9n ofrecemos formaci\u00f3n para usted y sus empleados. P\u00f3ngase en contacto con nosotros para obtener un presupuesto sin compromiso.<\/p>\n<h2>+ PCS ofrece un servicio completo para el LSP 500 PRO<\/h2>\n<div id=\"newscontainer\">\n<div class=\"newskasten\">\n<h3>Preconfiguraci\u00f3n<\/h3>\n<p>Empiece ahora mismo<br \/>\nTodos los dispositivos cableados<br \/>\nRegistro de frecuencias<br \/>\nBater\u00edas cargadas<\/p>\n<p><span class=\"popmake-13384\"> Solicitar informaci\u00f3n <\/span><\/p>\n<\/div>\n<div class=\"newskasten\">\n<h3>Formaci\u00f3n<\/h3>\n<p>Instrucci\u00f3n in situ<br \/>\nFormaci\u00f3n de todos los empleados<br \/>\nReuniones fruct\u00edferas<\/p>\n<p><span class=\"popmake-13384\"> Solicitar informaci\u00f3n <\/span><\/p>\n<\/div>\n<div class=\"newskasten\">\n<h3>Instalaci\u00f3n<\/h3>\n<p>Integraci\u00f3n en sus salas<br \/>\nSonido \u00f3ptimo<br \/>\nMejor colocaci\u00f3n<\/p>\n<p><span class=\"popmake-13384\"> Solicitar informaci\u00f3n <\/span><\/p>\n<\/div>\n<div class=\"newskasten\">\n<h3>Servicio<\/h3>\n<p>Ayuda r\u00e1pida<br \/>\nPor tel\u00e9fono o in situ<br \/>\nVarios niveles de apoyo reservables<\/p>\n<p><span class=\"popmake-13384\"> Solicitar informaci\u00f3n <\/span><\/p>\n<\/div>\n<\/div>\n<p>No tendr\u00e1 que preocuparse de nada y podr\u00e1 empezar a utilizar su nuevo sistema de inmediato. Nosotros nos encargamos de la preconfiguraci\u00f3n y de registrar sus frecuencias de radio en la Agencia Federal de Redes si es necesario. Nuestros t\u00e9cnicos instalar\u00e1n su sistema en sus instalaciones y organizar\u00e1n cursos de formaci\u00f3n para usted y sus empleados. Tambi\u00e9n ofrecemos nuestro r\u00e1pido servicio de asistencia PCS. Si algo no funciona, acudiremos a ayudarle. S\u00f3lo tiene que reservar estos servicios opcionales como complemento a su pedido.<\/p>\n<h2>Aspectos destacados del sistema de audio LSP 500 PRO de Sennheiser<\/h2>\n<p><img decoding=\"async\" class=\"alignleft size-full wp-image-15121\" src=\"https:\/\/konferenztechnik.de\/wp-content\/uploads\/2019\/09\/sennheiser-lsp-500-pro-ansicht-1-1.jpg\" alt=\"Sennheiser LSP 500 PRO Ver\" title=\"\"><\/p>\n<p><span style=\"font-family: AvenirLTPro-LightOblique; font-size: 1.1em; color: #ac145a;\">Sistema de audio todo en uno port\u00e1til, inal\u00e1mbrico y flexible.<\/span><\/p>\n<p>Con el LSP 500 PRO de Sennheiser s\u00f3lo compra los componentes que necesita. Si sus necesidades cambian, el sistema puede ampliarse de forma flexible en cualquier momento. Tambi\u00e9n hay disponible una amplia gama de accesorios para el LSP 500 PRO, como carros de transporte, cubiertas protectoras y bater\u00edas de repuesto.<\/p>\n<p><span class=\"popmake-13384\"> Inf\u00f3rmese ahora gratuitamente <\/span><\/p>\n<p><img decoding=\"async\" class=\"alignleft size-full wp-image-15104\" src=\"https:\/\/konferenztechnik.de\/wp-content\/uploads\/2019\/09\/Sennheiser-LSP-500-PRO-kaufen-bei-pcs-1-1.jpg\" alt=\"Comprar Sennheiser LSP 500 PRO en PCS\" title=\"\"><\/p>\n<p><span style=\"font-family: AvenirLTPro-LightOblique; font-size: 1.1em; color: #ac145a;\">Control mediante aplicaci\u00f3n, sin necesidad de mesa de mezclas.<\/span><\/p>\n<p>Todo el sistema de audio se puede nivelar y controlar a trav\u00e9s de una aplicaci\u00f3n. No necesitas una mesa de mezclas adicional para controlar el sistema. Se pueden conectar hasta 20 altavoces para cubrir incluso grandes reuniones o eventos.<\/p>\n<p><img decoding=\"async\" class=\"aligncenter size-full wp-image-15117\" src=\"https:\/\/konferenztechnik.de\/wp-content\/uploads\/2019\/09\/Sennheiser_LSP_500_PRO_anschluesse-rueckseite-1.jpg\" alt=\"Sennheiser LSP 500 PRO Conexiones traseras\" title=\"\"><\/p>\n<p><span style=\"font-family: AvenirLTPro-LightOblique; font-size: 1.1em; color: #ac145a;\">Transmisi\u00f3n de m\u00fasica por Bluetooth y UHF.<\/span><\/p>\n<p>Un receptor Bluetooth integrado permite la reproducci\u00f3n sencilla desde fuentes de audio externas (por ejemplo, un smartphone o un port\u00e1til). Tambi\u00e9n se pueden utilizar el reproductor y la grabadora de audio integrados (para reproducir y grabar).<\/p>\n<p><img loading=\"lazy\" decoding=\"async\" width=\"800\" height=\"207\" class=\"alignleft size-full wp-image-15271\" src=\"https:\/\/konferenztechnik.de\/wp-content\/uploads\/2019\/09\/sennheiser-lsp-500-pro-anschluesse-rueckseite-1.jpg\" alt=\"Sennheiser LSP 500 PRO Conexiones traseras\" title=\"\" srcset=\"https:\/\/konferenztechnik.de\/wp-content\/uploads\/2019\/09\/sennheiser-lsp-500-pro-anschluesse-rueckseite-1.jpg 800w, https:\/\/konferenztechnik.de\/wp-content\/uploads\/2019\/09\/sennheiser-lsp-500-pro-anschluesse-rueckseite-1-300x78.jpg 300w, https:\/\/konferenztechnik.de\/wp-content\/uploads\/2019\/09\/sennheiser-lsp-500-pro-anschluesse-rueckseite-1-768x199.jpg 768w\" sizes=\"(max-width: 800px) 100vw, 800px\" \/><\/p>\n<p><span style=\"font-family: AvenirLTPro-LightOblique; font-size: 1.1em; color: #ac145a;\">Conexiones para cada situaci\u00f3n.<\/span><\/p>\n<p>Conexiones para un micr\u00f3fono con cable, medios de almacenamiento USB (uso como reproductor y grabador de MP3), transmisi\u00f3n por Bluetooth, entrada y salida est\u00e9reo cinch para reproductor de CD u otros reproductores, toma de tierra para evitar bucles de zumbidos, 3 ranuras para micr\u00f3fonos inal\u00e1mbricos.<\/p>\n<h2>Accesorios para el LSP 500 PRO<\/h2>\n<p><img loading=\"lazy\" decoding=\"async\" width=\"1200\" height=\"430\" class=\"alignleft size-full wp-image-15275\" src=\"https:\/\/konferenztechnik.de\/wp-content\/uploads\/2019\/09\/sennheiser-lsp-500-pro-zubehoer.jpg\" alt=\"Accesorios Sennheiser LSP 500 PRO\" title=\"\" srcset=\"https:\/\/konferenztechnik.de\/wp-content\/uploads\/2019\/09\/sennheiser-lsp-500-pro-zubehoer.jpg 1200w, https:\/\/konferenztechnik.de\/wp-content\/uploads\/2019\/09\/sennheiser-lsp-500-pro-zubehoer-300x108.jpg 300w, https:\/\/konferenztechnik.de\/wp-content\/uploads\/2019\/09\/sennheiser-lsp-500-pro-zubehoer-1024x367.jpg 1024w, https:\/\/konferenztechnik.de\/wp-content\/uploads\/2019\/09\/sennheiser-lsp-500-pro-zubehoer-768x275.jpg 768w\" sizes=\"(max-width: 1200px) 100vw, 1200px\" \/><\/p>\n<p>1. el Sennheiser LSP PRO 500<br \/>\n2. funda sennheiser LAS 500, cubierta blanca<br \/>\n3. funda protectora sennheiser LAP 500 \u2013 negra<\/p>\n<p>4 Sennheiser Trolley LAB 500 lado frontal<br \/>\n5 Panel posterior del Sennheiser Trolley LAB 500<\/p>\n<p>Hay disponible una amplia gama de accesorios para el LSP 500 Pro: Fundas para carros, fundas protectoras, soportes para trusses, tr\u00edpodes y mucho m\u00e1s. Preg\u00fantenos, estaremos encantados de ayudarle.<\/p>\n<h2>Datos t\u00e9cnicos del sistema de audio LSP 500 PRO de Sennheiser<\/h2>\n<table class=\"tg\">\n<tbody>\n<tr>\n<td><strong>Dimensiones<\/strong><\/td>\n<td>290 x 550 x 320 mm<\/td>\n<\/tr>\n<tr>\n<td><strong>Alcance de transmisi\u00f3n (audio)<\/strong><\/td>\n<td>65 \u2013 18.000 Hz<\/td>\n<\/tr>\n<tr>\n<td><strong>Peso<\/strong><\/td>\n<td>aprox. 13 kg<\/td>\n<\/tr>\n<tr>\n<td><strong>Tiempo de carga<\/strong><\/td>\n<td>aprox. 2,5 h por pila<\/td>\n<\/tr>\n<tr>\n<td><strong>Potencia de salida (audio)<\/strong><\/td>\n<td>De 55 a 120 W (pico)<\/td>\n<\/tr>\n<tr>\n<td><strong>Bater\u00eda<\/strong><\/td>\n<td>2 bater\u00edas de iones de litio 14,4 V \/ 4,4 Ah<\/td>\n<\/tr>\n<tr>\n<td><strong>Tipo de altavoz<\/strong><\/td>\n<td>Woofer de 20,3 cm, tweeter de 19 mm<\/td>\n<\/tr>\n<\/tbody>\n<\/table>\n<h2>Descargas<\/h2>\n<p><a href=\"https:\/\/konferenztechnik.de\/wp-content\/uploads\/2019\/09\/LSP_500_PRO_Manual_03_2019_DE-1.pdf\" target=\"_blank\" rel=\"noopener noreferrer\">Manual de instrucciones Sennheiser LSP 500 PRO (7,5 MB)<\/a><\/p>\n<p><a href=\"https:\/\/konferenztechnik.de\/wp-content\/uploads\/2019\/09\/LSP_500_product_sheet-1.pdf\" target=\"_blank\" rel=\"noopener noreferrer\">Folleto Sennheiser LSP 500 PRO (2.4 MB)<\/a><\/p>\n<div class=\"boxcontainer\">\n<div class=\"box1-2\">\n<h1>Persona de contacto<\/h1>\n<\/div>\n<div class=\"box1-2-order\">\n<h1>Otros enlaces<\/h1>\n<\/div>\n<div class=\"box1-4\">\n<div class=\"box-head\">Contacto a nivel nacional<\/div>\n<\/div>\n<div class=\"box2-4-2\" style=\"order: 1;\">\n<div class=\"weiterlinks\"><a title=\"Distribuci\u00f3n por grupos de productos\" href=\"\/es\/grupos-de-productos\/\">Distribuci\u00f3n por grupos de productos<\/a><br \/>\n<a title=\"Distribuci\u00f3n por fabricante\" href=\"\/es\/fabricante\/\">Distribuci\u00f3n por fabricante<\/a><br \/>\n<a title=\"Productos a medida, mantenimiento y reparaciones\" href=\"\/es\/servicios-2\/mantenimiento-y-reparacion\/\">Productos a medida, mantenimiento y reparaciones<\/a><br \/>\n<a title=\"10 buenas razones para el PCS\" href=\"\/es\/quienes-somos\/10-buenas-razones-para-pcs\/\">10 buenas razones para el PCS<\/a><br \/>\n<a title=\"Referencias\" href=\"\/es\/quienes-somos\/lista-de-referencias-instalacion\/\">Referencias Instalaci\u00f3n e integraci\u00f3n<\/a><br \/>\n<a title=\"PCS: Todos los servicios de un vistazo\" href=\"\/es\/servicios-2\/\">PCS: Todos los servicios de un vistazo<\/a><\/p>\n<\/div>\n<\/div>\n<\/div>","protected":false},"excerpt":{"rendered":"<p>Comprar Sennheiser LSP 500 PRO Sistema de audio inal\u00e1mbrico para reuniones, conferencias y eventos. Funciona con bater\u00eda, control mediante app, uso flexible, paquetes PCS, entrega r\u00e1pida. Tenga en cuenta que Sennheiser ya no ofrece ni desarrolla la serie LSP 500 PRO. Sin embargo, le ofrecemos alternativas. P\u00f3ngase en contacto con nosotros. Todav\u00eda [...]<\/p>","protected":false},"author":1,"featured_media":45482,"parent":0,"menu_order":0,"comment_status":"closed","ping_status":"closed","template":"","meta":{"_acf_changed":false,"footnotes":""},"class_list":["post-15284","page","type-page","status-publish","has-post-thumbnail","hentry"],"acf":[],"_links":{"self":[{"href":"https:\/\/konferenztechnik.de\/es\/wp-json\/wp\/v2\/pages\/15284","targetHints":{"allow":["GET"]}}],"collection":[{"href":"https:\/\/konferenztechnik.de\/es\/wp-json\/wp\/v2\/pages"}],"about":[{"href":"https:\/\/konferenztechnik.de\/es\/wp-json\/wp\/v2\/types\/page"}],"author":[{"embeddable":true,"href":"https:\/\/konferenztechnik.de\/es\/wp-json\/wp\/v2\/users\/1"}],"replies":[{"embeddable":true,"href":"https:\/\/konferenztechnik.de\/es\/wp-json\/wp\/v2\/comments?post=15284"}],"version-history":[{"count":0,"href":"https:\/\/konferenztechnik.de\/es\/wp-json\/wp\/v2\/pages\/15284\/revisions"}],"wp:featuredmedia":[{"embeddable":true,"href":"https:\/\/konferenztechnik.de\/es\/wp-json\/wp\/v2\/media\/45482"}],"wp:attachment":[{"href":"https:\/\/konferenztechnik.de\/es\/wp-json\/wp\/v2\/media?parent=15284"}],"curies":[{"name":"wp","href":"https:\/\/api.w.org\/{rel}","templated":true}]}}