{"id":1565,"date":"2013-08-30T15:12:58","date_gmt":"2013-08-30T13:12:58","guid":{"rendered":"https:\/\/konferenztechnik.de\/?page_id=1565"},"modified":"2013-08-30T15:12:58","modified_gmt":"2013-08-30T13:12:58","slug":"lista-de-referencias-instalacion","status":"publish","type":"page","link":"https:\/\/konferenztechnik.de\/es\/quienes-somos\/lista-de-referencias-instalacion\/","title":{"rendered":"Lista de referencia de la instalaci\u00f3n"},"content":{"rendered":"<h1>Lista de referencia de la instalaci\u00f3n<\/h1>\n<ul>\n<li>1. FC Union Berlin e.V.<\/li>\n<li>Adolf W\u00fcrth GmbH &amp; Co. KG Sede del Grupo K\u00fcnzelsau<\/li>\n<li>Answers GmbH \u2013 Berl\u00edn<\/li>\n<li>August Storck KG Berl\u00edn<\/li>\n<li>A\u00dcW Allg\u00e4uer \u00dcberlandwerk GmbH Kempten<\/li>\n<li>Ardex GmbH \u2013 Witten<\/li>\n<li>Catedral de Berl\u00edn Berl\u00edn<\/li>\n<li>Universidad Beuth de Ciencias Aplicadas de Berl\u00edn<\/li>\n<li>Embajada de los Estados Unidos en Berl\u00edn<\/li>\n<li>Ministerio Federal de Trabajo y Asuntos Sociales Berl\u00edn<\/li>\n<li>Consejo Federal de Berl\u00edn<\/li>\n<li>CBC Cologne Broadcasting Centre GmbH Colonia<\/li>\n<li>Centro de Congresos CCH de Hamburgo<\/li>\n<li>CCD Centro de Congresos de D\u00fcsseldorf Messe D\u00fcsseldorf<\/li>\n<li>DEGES Deutsche Einheit Fernstra\u00dfenplanungs- und -bau GmbH Berl\u00edn<\/li>\n<li>Deutsche Apotheker- und \u00c4rztebank Sede central D\u00fcsseldorf<\/li>\n<li>Deutsche Bank AG Sede central Fr\u00e1ncfort del Meno<\/li>\n<li>Deutschlandradio Berl\u00edn<\/li>\n<li>Ecolab Alemania Monheim<\/li>\n<li>Academia Europea de Berl\u00edn<\/li>\n<li>Fundaci\u00f3n Fritz Thyssen \u2013 Instituto Hist\u00f3rico Alem\u00e1n de Mosc\u00fa<\/li>\n<li>Fundaci\u00f3n Fritz Thyssen \u2013 Casa de la Fundaci\u00f3n Fritz Thyssen \u2013 Colonia<\/li>\n<li>GEA Refrigeration Germany GmbH \u2013 Berl\u00edn<\/li>\n<li>Municipio de Burbach<\/li>\n<li>Municipio de Dossenheim<\/li>\n<li>Fundaci\u00f3n Gerda Henkel D\u00fcsseldorf<\/li>\n<li>GSK Stockmann &amp; Kollegen bufete de abogados oficina de Berl\u00edn<\/li>\n<li>Albergue Colonia \u2013 Colonia<\/li>\n<li>Instituto Ibero-Americano de Berl\u00edn<\/li>\n<li>Istituto Italiano di Cultura (Instituto Italiano de Cultura) Berl\u00edn<\/li>\n<li>Ubicaci\u00f3n del KfW Bank Berlin<\/li>\n<li>Komatsu Mining Germany GmbH D\u00fcsseldorf<\/li>\n<li>Caja de Ahorros del Distrito de Heilbronn<\/li>\n<li>Oficina Estatal de Sanidad y Asuntos Sociales de Berl\u00edn (LAGeSo)<\/li>\n<li>Distrito de Oder-Spree<\/li>\n<li>Distrito de Stendal<\/li>\n<li>MAN Truck &amp; Bus Deutschland GmbH Berl\u00edn<\/li>\n<li>Museo de la Comunicaci\u00f3n de Berl\u00edn<\/li>\n<li>Museo Kunstpalast D\u00fcsseldorf<\/li>\n<li>Normfest GmbH Velbert<\/li>\n<li>Ayuntamiento de Alt Landsberg Brandenburgo<\/li>\n<li>Ayuntamiento de Falkensee Falkensee<\/li>\n<li>Rauch M\u00f6belwerke GmbH Freudenberg<\/li>\n<li>Sala Robert Schumann de D\u00fcsseldorf<\/li>\n<li>Secretar\u00eda de la Conferencia Permanente de Ministros de Educaci\u00f3n y Asuntos Culturales Berl\u00edn<\/li>\n<li>Departamento de Trabajo, Integraci\u00f3n y Asuntos de la Mujer del Senado Berl\u00edn<\/li>\n<li>Departamento de Econom\u00eda, Tecnolog\u00eda e Investigaci\u00f3n del Senado Berl\u00edn<\/li>\n<li>Ciudad de Mettmann<\/li>\n<li>Vodafone Services Group GmbH \u2013 Ratingen<\/li>\n<li>Weiss-Druck GmbH &amp; Co. KG \u2013 Monschau<\/li>\n<li>WILO AG Dortmund<\/li>\n<li>ZDF Maguncia<\/li>\n<\/ul>","protected":false},"excerpt":{"rendered":"<p>Referencias Instalaci\u00f3n y venta 1. FC Union Berlin e.V. Adolf W\u00fcrth GmbH &amp; Co. KG Corporate Headquarters K\u00fcnzelsau Answers GmbH \u2013 Berlin August Storck KG Berlin A\u00dcW Allg\u00e4uer \u00dcberlandwerk GmbH Kempten Ardex GmbH \u2013 Witten Berliner Dom Berlin Beuth Hochschule f\u00fcr Technik Berlin Embajada de los Estados Unidos de Am\u00e9rica Berlin Ministerio Federal de Trabajo y Asuntos Sociales Berlin Bundesrat Berlin [...]<\/p>","protected":false},"author":1,"featured_media":45482,"parent":12,"menu_order":185,"comment_status":"closed","ping_status":"open","template":"page-right-sidebar.php","meta":{"_acf_changed":false,"footnotes":""},"class_list":["post-1565","page","type-page","status-publish","has-post-thumbnail","hentry"],"acf":[],"_links":{"self":[{"href":"https:\/\/konferenztechnik.de\/es\/wp-json\/wp\/v2\/pages\/1565","targetHints":{"allow":["GET"]}}],"collection":[{"href":"https:\/\/konferenztechnik.de\/es\/wp-json\/wp\/v2\/pages"}],"about":[{"href":"https:\/\/konferenztechnik.de\/es\/wp-json\/wp\/v2\/types\/page"}],"author":[{"embeddable":true,"href":"https:\/\/konferenztechnik.de\/es\/wp-json\/wp\/v2\/users\/1"}],"replies":[{"embeddable":true,"href":"https:\/\/konferenztechnik.de\/es\/wp-json\/wp\/v2\/comments?post=1565"}],"version-history":[{"count":0,"href":"https:\/\/konferenztechnik.de\/es\/wp-json\/wp\/v2\/pages\/1565\/revisions"}],"up":[{"embeddable":true,"href":"https:\/\/konferenztechnik.de\/es\/wp-json\/wp\/v2\/pages\/12"}],"wp:featuredmedia":[{"embeddable":true,"href":"https:\/\/konferenztechnik.de\/es\/wp-json\/wp\/v2\/media\/45482"}],"wp:attachment":[{"href":"https:\/\/konferenztechnik.de\/es\/wp-json\/wp\/v2\/media?parent=1565"}],"curies":[{"name":"wp","href":"https:\/\/api.w.org\/{rel}","templated":true}]}}