{"id":16329,"date":"2020-08-19T09:34:16","date_gmt":"2020-08-19T08:34:16","guid":{"rendered":"https:\/\/www.konferenztechnik.de\/?page_id=16329"},"modified":"2023-09-01T11:49:21","modified_gmt":"2023-09-01T09:49:21","slug":"comprar-sistemas-de-conferencia-inalambricos","status":"publish","type":"page","link":"https:\/\/konferenztechnik.de\/es\/comprar-sistemas-de-conferencia-inalambricos\/","title":{"rendered":"Comprar sistemas de conferencia inal\u00e1mbricos"},"content":{"rendered":"<h1>Comprar sistemas de conferencia inal\u00e1mbricos \u2013 Sistemas completos, unidades de micr\u00f3fono, micr\u00f3fonos de mesa y sistemas de debate<\/h1>\n<p>[rev_slider alias=\"comprar-sistemas-de-conferencia-inal\u00e1mbricos\"][\/rev_slider]<br \/>\n[spacer size=\"20\u2033]<\/p>\n<p>Comprar sistemas de conferencia inal\u00e1mbricos: Sistemas de micr\u00f3fonos y sistemas de conferencias sin cables \u2013 Las ventajas son evidentes: montaje r\u00e1pido y muy flexible, cambios sencillos en la disposici\u00f3n de los asientos y las mesas, uso m\u00f3vil sencillo y conversi\u00f3n r\u00e1pida entre distintas salas. Adem\u00e1s, las condiciones estructurales y los edificios protegidos suelen impedir el tendido de cables.<\/p>\n<p>A continuaci\u00f3n encontrar\u00e1 una selecci\u00f3n de sistemas de conferencia que puede adquirir en nuestro departamento de ventas. Nuestro equipo de instalaci\u00f3n estar\u00e1 encantado de instalar, integrar y configurar el sistema en sus instalaciones. Ofrecemos formaci\u00f3n, mantenimiento peri\u00f3dico y asistencia para todos los sistemas. Contrate a nuestros t\u00e9cnicos para que se encarguen de la instalaci\u00f3n y la asistencia en grandes eventos.<\/p>\n<p>[callout add_button=\"no\" button_text=\"M\u00e1s informaci\u00f3n\" button_url=\"#\" button_color=\"#a62055\u2033]<\/p>\n<p>En esta p\u00e1gina presentamos los sistemas de conferencia inal\u00e1mbricos.<br \/>\nLos sistemas cableados pueden encontrarse en el siguiente enlace:<br \/>\n<a href=\"https:\/\/konferenztechnik.de\/es\/distribucion-de-tecnologia-de-conferencia-y-av-media\/foros-de-debate\/sistemas-de-debate-por-cable\/\">&#x9B; Comprar sistemas de conferencia por cable<\/a>[\/callout]<br \/>\n[spacer size=\"20\u2033]<\/p>\n<hr>\n<p>[spacer size=\"20\u2033]<\/p>\n<p>[column size=\"1-4\u2033 last=\"1\u2033]<\/p>\n<h2>Televic Confidea Flex G4<\/h2>\n<p>[\/columna]<br \/>\n[column size=\"1-4\u2033 last=\"1\u2033]<br \/>\n<img decoding=\"async\" src=\"https:\/\/konferenztechnik.de\/wp-content\/uploads\/2023\/01\/televic-logo.png\" alt=\"\" width=\"180\" height=\"33\" class=\"alignright size-full wp-image-20221\" title=\"\"><br \/>\n[\/columna]<br \/>\n[clear]<\/p>\n<p>Confidea FLEX G4 es una unidad de conferencia de sobremesa todo en uno inal\u00e1mbrica con una pantalla t\u00e1ctil integrada de 5,2 pulgadas con revestimiento antihuellas. Dependiendo del contexto, puede ver lo relevante en la pantalla: orden del d\u00eda, votaciones y mucho m\u00e1s. La pantalla utiliza retroalimentaci\u00f3n h\u00e1ptica para interacciones especiales como la votaci\u00f3n. Los usuarios con discapacidad visual pueden manejar el dispositivo m\u00e1s f\u00e1cilmente con la ayuda de indicaciones en Braille y 5 l\u00edneas de gu\u00eda debajo de la pantalla.<\/p>\n<p>[column size=\"1-4\u2033 last=\"1\u2033]<br \/>\n<img fetchpriority=\"high\" decoding=\"async\" width=\"906\" height=\"712\" src=\"https:\/\/konferenztechnik.de\/wp-content\/uploads\/2023\/01\/Televic_Confidea_4G_wireless-V2.jpg\" alt=\"Televic Confidea 4G inal\u00e1mbrico\" class=\"alignnone size-full wp-image-20234\" title=\"\" srcset=\"https:\/\/konferenztechnik.de\/wp-content\/uploads\/2023\/01\/Televic_Confidea_4G_wireless-V2.jpg 906w, https:\/\/konferenztechnik.de\/wp-content\/uploads\/2023\/01\/Televic_Confidea_4G_wireless-V2-300x236.jpg 300w, https:\/\/konferenztechnik.de\/wp-content\/uploads\/2023\/01\/Televic_Confidea_4G_wireless-V2-768x604.jpg 768w\" sizes=\"(max-width: 906px) 100vw, 906px\" \/><br \/>\n[\/columna]<br \/>\n[column size=\"1-4\u2033 last=\"1\u2033]<br \/>\n[list icon=\"moon-checkmark\" colour=\"#a62055\u2033]Pantalla t\u00e1ctil de 5,2 pulgadas[\/list]<br \/>\n[list icon=\"moon-checkmark\" colour=\"#a62055\u2033]Altavoz integrado[\/list]<br \/>\n[list icon=\"moon-checkmark\" colour=\"#a62055\u2033]Bater\u00edas dobles con opci\u00f3n de intercambio en caliente[\/list]<br \/>\n[list icon=\"moon-checkmark\" colour=\"#a62055\u2033]Lector de tarjetas NFC[\/list]<br \/>\n[list icon=\"moon-checkmark\" colour=\"#a62055\u2033]Dos salidas de auriculares[\/list]<br \/>\n[list icon=\"moon-checkmark\" colour=\"#a62055\u2033]Pantallas braille[\/list]<br \/>\n[\/columna]<br \/>\n[spacer size=\"20\u2033]<\/p>\n<p>Funciones avanzadas en un solo dispositivo: Confidea FLEX G4 se ha dise\u00f1ado para satisfacer las necesidades de distintos usuarios. El dispositivo cuenta con un gran bot\u00f3n f\u00edsico que cumple una funci\u00f3n diferente dependiendo de la configuraci\u00f3n. Las distintas funciones se iluminan e indican qu\u00e9 acciones pueden realizarse con el bot\u00f3n. De este modo, el bot\u00f3n puede utilizarse para los participantes, los l\u00edderes de la reuni\u00f3n o ambos grupos.<\/p>\n<p><img decoding=\"async\" width=\"1225\" height=\"189\" src=\"https:\/\/konferenztechnik.de\/wp-content\/uploads\/2023\/01\/Televic_Confidea_4G_wireless-highlights.jpg\" alt=\"Televic_Confidea 4G wireless Destacados\" class=\"alignnone size-full wp-image-20237\" title=\"\" srcset=\"https:\/\/konferenztechnik.de\/wp-content\/uploads\/2023\/01\/Televic_Confidea_4G_wireless-highlights.jpg 1225w, https:\/\/konferenztechnik.de\/wp-content\/uploads\/2023\/01\/Televic_Confidea_4G_wireless-highlights-300x46.jpg 300w, https:\/\/konferenztechnik.de\/wp-content\/uploads\/2023\/01\/Televic_Confidea_4G_wireless-highlights-1024x158.jpg 1024w, https:\/\/konferenztechnik.de\/wp-content\/uploads\/2023\/01\/Televic_Confidea_4G_wireless-highlights-768x118.jpg 768w\" sizes=\"(max-width: 1225px) 100vw, 1225px\" \/><\/p>\n<p>[spacer size=\"40\u2033]<\/p>\n<hr>\n<p>[spacer size=\"40\u2033]<\/p>\n<p>[column size=\"1-4\u2033 last=\"1\u2033]<\/p>\n<h2>Inal\u00e1mbrico completo \u2013 MXCW de Shure<\/h2>\n<p>[\/columna]<br \/>\n[column size=\"1-4\u2033 last=\"1\u2033]<br \/>\n<img loading=\"lazy\" decoding=\"async\" src=\"https:\/\/konferenztechnik.de\/wp-content\/uploads\/2019\/06\/1-1-2.png\" alt=\"Logotipo de Shure\" width=\"200\" height=\"47\" class=\"alignright size-full wp-image-14815\" title=\"\"><br \/>\n[\/columna]<\/p>\n<p><img loading=\"lazy\" decoding=\"async\" width=\"1200\" height=\"419\" src=\"https:\/\/konferenztechnik.de\/wp-content\/uploads\/2020\/08\/shure-mxcw-microflex-complete-wireless-kaufen-1.jpg\" alt=\"Comprar sistemas de conferencia inal\u00e1mbricos: shure-mxcw-microflex-complete-wireless-buy\" class=\"alignleft size-full wp-image-16371\" title=\"\" srcset=\"https:\/\/konferenztechnik.de\/wp-content\/uploads\/2020\/08\/shure-mxcw-microflex-complete-wireless-kaufen-1.jpg 1200w, https:\/\/konferenztechnik.de\/wp-content\/uploads\/2020\/08\/shure-mxcw-microflex-complete-wireless-kaufen-1-300x105.jpg 300w, https:\/\/konferenztechnik.de\/wp-content\/uploads\/2020\/08\/shure-mxcw-microflex-complete-wireless-kaufen-1-1024x358.jpg 1024w, https:\/\/konferenztechnik.de\/wp-content\/uploads\/2020\/08\/shure-mxcw-microflex-complete-wireless-kaufen-1-768x268.jpg 768w\" sizes=\"(max-width: 1200px) 100vw, 1200px\" \/><\/p>\n<p>El sistema de conferencia digital MXCW de Shure ofrece una flexibilidad total para conferencias de cualquier tama\u00f1o.<\/p>\n<p>Los micr\u00f3fonos de sobremesa Shure est\u00e1n disponibles en diferentes versiones. Adem\u00e1s del micr\u00f3fono de alta calidad, est\u00e1n totalmente equipados y ofrecen la opci\u00f3n de monitorizar canales de interpretaci\u00f3n, realizar sinton\u00edas y una gran pantalla t\u00e1ctil para funciones adicionales.<\/p>\n<p>Las unidades de micr\u00f3fono pueden personalizarse para uso parlamentario y pueden ser activadas por los diputados mediante una tarjeta chip. El sistema puede ampliarse con tecnolog\u00eda de interpretaci\u00f3n para conferencias internacionales. Los distintos idiomas pueden escucharse directamente en las unidades de micr\u00f3fono mediante auriculares.<\/p>\n<p>Con el software SW6000, Shure ofrece un completo software de gesti\u00f3n de conferencias que permite gestionar c\u00f3modamente todas las funciones durante la conferencia. Esto incluye una sencilla configuraci\u00f3n del sistema, sondeo, gesti\u00f3n profesional de micr\u00f3fonos y mucho m\u00e1s.<\/p>\n<p>[spacer size=\"10\u2033]<\/p>\n<h3>Propiedades especiales<\/h3>\n<p>[column size=\"1-4\u2033 last=\"1\u2033]<br \/>\n[list icon=\"moon-checkmark\" colour=\"#a62055\u2033]F\u00e1cil montaje y desmontaje[\/list]<br \/>\n[list icon=\"moon-checkmark\" colour=\"#a62055\u2033]Flexiblemente escalable[\/list]<br \/>\n[list icon=\"moon-checkmark\" colour=\"#a62055\u2033]Software de gesti\u00f3n de conferencias[\/list]<br \/>\n[\/columna]<br \/>\n[column size=\"1-4\u2033 last=\"1\u2033]<br \/>\n[list icon=\"moon-checkmark\" colour=\"#a62055\u2033]Votaciones y encuestas[\/list]<br \/>\n[list icon=\"moon-checkmark\" colour=\"#a62055\u2033]Canales de idiomas para int\u00e9rpretes[\/list]<br \/>\n[list icon=\"moon-checkmark\" colour=\"#a62055\u2033]Gran pantalla t\u00e1ctil[\/list]<br \/>\n[\/columna]<br \/>\n[spacer size=\"20\u2033]<\/p>\n<div class=\"rahmen-all\">\n<h3>Descargas<\/h3>\n<p>[spacer size=\"20\u2033]<br \/>\n[column size=\"1-4\u2033 last=\"1\u2033]<a href=\"https:\/\/konferenztechnik.de\/wp-content\/uploads\/2020\/08\/Broschuere-Shure-MXCW-complete-wireless-konferenzsystem-pdf.pdf\" target=\"_blank\" rel=\"noopener noreferrer\">[v_icon color=\"#a62055\u2033 size=\"18px\" target=\"_blank\" name=\"archivo-lunar-pdf\"]<span class=\"pcs-color\"> Folleto Shure MCXW<\/span>[\/columna]<\/a><br \/>\n[column size=\"1-4\u2033 last=\"1\u2033]<a href=\"https:\/\/konferenztechnik.de\/wp-content\/uploads\/2020\/08\/Spezifikationen-Shure-MXCW-complete-wireless-konferenzsystem-pdf.pdf\" target=\"_blank\" rel=\"noopener noreferrer\">[v_icon color=\"#a62055\u2033 size=\"18px\" target=\"_blank\" name=\"archivo-lunar-pdf\"]<span class=\"pcs-color\"> Especificaciones Shure MCXW<\/span><\/a>[\/columna]<br \/>\n[column size=\"1-4\u2033 last=\"1\u2033]<a href=\"https:\/\/konferenztechnik.de\/wp-content\/uploads\/2020\/08\/Bedienungsanleitung-Shure-MXCW-complete-wireless-konferenzsystem-pdf.pdf\" target=\"_blank\" rel=\"noopener noreferrer\">[v_icon color=\"#a62055\u2033 size=\"18px\" target=\"_blank\" name=\"archivo-lunar-pdf\"]<span class=\"pcs-color\"> Manual de instrucciones Shure MCXW<\/span><\/a>[\/columna]<\/div>\n<p>[spacer size=\"20\u2033]<\/p>\n<hr>\n<p>[spacer size=\"20\u2033]<\/p>\n<p>[column size=\"1-4\u2033 last=\"1\u2033]<\/p>\n<h2>Microflex inal\u00e1mbrico \u2013 MXW de Shure<\/h2>\n<p>[\/columna]<br \/>\n[column size=\"1-4\u2033 last=\"1\u2033]<br \/>\n<img loading=\"lazy\" decoding=\"async\" src=\"https:\/\/konferenztechnik.de\/wp-content\/uploads\/2019\/06\/1-1-2.png\" alt=\"Logotipo de Shure\" width=\"200\" height=\"47\" class=\"alignright size-full wp-image-14815\" title=\"\"><br \/>\n[\/columna]<\/p>\n<p>[spacer size=\"20\u2033]<br \/>\n<img loading=\"lazy\" decoding=\"async\" width=\"1200\" height=\"419\" src=\"https:\/\/konferenztechnik.de\/wp-content\/uploads\/2020\/08\/shure-microflex-wireless-kaufen.jpg\" alt=\"Comprar sistemas de conferencia inal\u00e1mbricos: Comprar Shure Microflex Wireless\" class=\"alignleft size-full wp-image-16404\" title=\"\" srcset=\"https:\/\/konferenztechnik.de\/wp-content\/uploads\/2020\/08\/shure-microflex-wireless-kaufen.jpg 1200w, https:\/\/konferenztechnik.de\/wp-content\/uploads\/2020\/08\/shure-microflex-wireless-kaufen-300x105.jpg 300w, https:\/\/konferenztechnik.de\/wp-content\/uploads\/2020\/08\/shure-microflex-wireless-kaufen-1024x358.jpg 1024w, https:\/\/konferenztechnik.de\/wp-content\/uploads\/2020\/08\/shure-microflex-wireless-kaufen-768x268.jpg 768w\" sizes=\"(max-width: 1200px) 100vw, 1200px\" \/><\/p>\n<p>La plataforma inal\u00e1mbrica Microflex\u00ae fue desarrollada por Shure para salas de conferencias innovadoras y ofrece soluciones flexibles y elegantes para sus entornos de conferencias.<br \/>\nEl sistema siempre consta de los mismos componentes, pero puede dimensionarse seg\u00fan las necesidades:<\/p>\n<p>Transmisores de micr\u00f3fono recargables y estaciones de carga, transceptores discretos para puntos de acceso inal\u00e1mbricos, interfaces de red de audio flexibles y completas herramientas de software.<br \/>\nMicroflex Wireless es f\u00e1cil de configurar y ampliar, y se adapta f\u00e1cilmente desde salas de juntas individuales hasta organizaciones conectadas en red.<\/p>\n<p>[spacer size=\"10\u2033]<\/p>\n<h3>Propiedades especiales<\/h3>\n<p>[column size=\"1-4\u2033 last=\"1\u2033]<br \/>\n[list icon=\"moon-checkmark\" colour=\"#a62055\u2033]Escalable y compatible con la red[\/list]<br \/>\n[list icon=\"moon-checkmark\" colour=\"#a62055\u2033]Transmisi\u00f3n cifrada[\/list]<br \/>\n[list icon=\"moon-checkmark\" colour=\"#a62055\u2033]Control integral del software[\/list]<br \/>\n[\/columna]<br \/>\n[column size=\"1-4\u2033 last=\"1\u2033]<br \/>\n[list icon=\"moon-checkmark\" colour=\"#a62055\u2033]Gesti\u00f3n inteligente de la energ\u00eda[\/list]<br \/>\n[list icon=\"moon-checkmark\" colour=\"#a62055\u2033]Integraci\u00f3n de terceros[\/list]<br \/>\n[list icon=\"moon-checkmark\" colour=\"#a62055\u2033]Soluciones a medida[\/list]<br \/>\n[\/columna]<br \/>\n[spacer size=\"20\u2033]<\/p>\n<div class=\"rahmen-all\">\n<h3>Descargas<\/h3>\n<p>[spacer size=\"20\u2033]<br \/>\n[column size=\"1-4\u2033 last=\"1\u2033]<a href=\"https:\/\/konferenztechnik.de\/wp-content\/uploads\/2020\/08\/Microflex-Wireless_brochures_de-DE.pdf\" target=\"_blank\" rel=\"noopener noreferrer\">[v_icon color=\"#a62055\u2033 size=\"18px\" target=\"_blank\" name=\"archivo-lunar-pdf\"]<span class=\"pcs-color\"> Folleto de Shure Microflex<\/span>[\/columna]<\/a><br \/>\n[column size=\"1-4\u2033 last=\"1\u2033]<a href=\"https:\/\/konferenztechnik.de\/wp-content\/uploads\/2020\/08\/Microflex-Wireless_specsheets_en-US.pdf\" target=\"_blank\" rel=\"noopener noreferrer\">[v_icon color=\"#a62055\u2033 size=\"18px\" target=\"_blank\" name=\"archivo-lunar-pdf\"]<span class=\"pcs-color\"> Especificaciones Shure Microflex<\/span><\/a>[\/columna]<br \/>\n[column size=\"1-4\u2033 last=\"1\u2033]<a href=\"https:\/\/konferenztechnik.de\/wp-content\/uploads\/2020\/08\/microflex-wireless-scm820-ip-ports-protocols-english.pdf\" target=\"_blank\" rel=\"noopener noreferrer\">[v_icon color=\"#a62055\u2033 size=\"18px\" target=\"_blank\" name=\"archivo-lunar-pdf\"]<span class=\"pcs-color\"> Asignaci\u00f3n de puertos Shure Microflex<\/span><\/a>[\/columna]<\/div>\n<p>[spacer size=\"20\u2033]<\/p>\n<hr>\n<p>[spacer size=\"20\u2033]<\/p>\n<p>[column size=\"1-4\u2033 last=\"1\u2033]<\/p>\n<h2 id=\"bosch\">Comprar sistemas de conferencia inal\u00e1mbricos Dicentis de Bosch<\/h2>\n<p>[\/columna]<br \/>\n[column size=\"1-4\u2033 last=\"1\u2033]<br \/>\n<img loading=\"lazy\" decoding=\"async\" src=\"https:\/\/konferenztechnik.de\/wp-content\/uploads\/2013\/09\/Bosch-Logo.jpg\" alt=\"Logo Bosch\" width=\"200\" height=\"47\" class=\"alignright size-full wp-image-5716\" title=\"\"><br \/>\n[\/columna]<br \/>\n<img loading=\"lazy\" decoding=\"async\" width=\"1200\" height=\"419\" src=\"https:\/\/konferenztechnik.de\/wp-content\/uploads\/2020\/08\/bosch-dicentis-wireless-kaufen.jpg\" alt=\"Comprar sistemas de conferencia inal\u00e1mbricos: Comprar sistemas de conferencia inal\u00e1mbricos Dicentis de Bosch\" class=\"alignleft size-full wp-image-16433\" title=\"\" srcset=\"https:\/\/konferenztechnik.de\/wp-content\/uploads\/2020\/08\/bosch-dicentis-wireless-kaufen.jpg 1200w, https:\/\/konferenztechnik.de\/wp-content\/uploads\/2020\/08\/bosch-dicentis-wireless-kaufen-300x105.jpg 300w, https:\/\/konferenztechnik.de\/wp-content\/uploads\/2020\/08\/bosch-dicentis-wireless-kaufen-1024x358.jpg 1024w, https:\/\/konferenztechnik.de\/wp-content\/uploads\/2020\/08\/bosch-dicentis-wireless-kaufen-768x268.jpg 768w\" sizes=\"(max-width: 1200px) 100vw, 1200px\" \/><\/p>\n<p>El sistema de conferencias inal\u00e1mbrico Dicentis de Bosch es ideal para montajes en los que cada evento requiere una nueva instalaci\u00f3n y configuraci\u00f3n: Centros de reuniones, hoteles de conferencias, salas polivalentes o plantas de conferencias en edificios corporativos. El sistema Dicentis ofrece un alto grado de flexibilidad y puede integrarse f\u00e1cilmente en entornos existentes gracias a la tecnolog\u00eda WiFi. Como no es necesario tender cables, el sistema tambi\u00e9n es adecuado para montajes con gran fluctuaci\u00f3n de p\u00fablico o grandes exigencias de protecci\u00f3n de monumentos.<\/p>\n<p>Con el sistema Dicentis, las c\u00e1maras automatizadas pueden controlarse para que los oradores est\u00e9n siempre \u00f3ptimamente enfocados y visibles en pantallas o mediante proyecci\u00f3n, por ejemplo.<\/p>\n<p>[spacer size=\"10\u2033]<\/p>\n<h3>Propiedades especiales<\/h3>\n<p>[column size=\"1-4\u2033 last=\"1\u2033]<br \/>\n[list icon=\"moon-checkmark\" colour=\"#a62055\u2033]Cifrado WPA2[\/list]<br \/>\n[list icon=\"moon-checkmark\" colour=\"#a62055\u2033]Control de la c\u00e1mara DOME[\/list]<br \/>\n[list icon=\"moon-checkmark\" color=\"#a62055\u2033]Gran pantalla a color[\/list]<br \/>\n[\/columna]<br \/>\n[column size=\"1-4\u2033 last=\"1\u2033]<br \/>\n[list icon=\"moon-checkmark\" colour=\"#a62055\u2033]Ampliable de forma flexible[\/list]<br \/>\n[list icon=\"moon-checkmark\" colour=\"#a62055\u2033]Muy buena ac\u00fastica[\/list]<br \/>\n[list icon=\"moon-checkmark\" colour=\"#a62055\u2033]Tecnolog\u00eda WiFi est\u00e1ndar[\/list]<br \/>\n[\/columna]<\/p>\n<p>[spacer size=\"20\u2033]<\/p>\n<div class=\"rahmen-all\">\n<h3>Descargas<\/h3>\n<p>[spacer size=\"20\u2033]<br \/>\n[column size=\"1-4\u2033 last=\"1\u2033]<a href=\"https:\/\/konferenztechnik.de\/wp-content\/uploads\/2020\/08\/bosch-dicentis-broschuere.pdf\" target=\"_blank\" rel=\"noopener noreferrer\">[v_icon color=\"#a62055\u2033 size=\"18px\" target=\"_blank\" name=\"archivo-lunar-pdf\"]<span class=\"pcs-color\"> Folleto Bosch Dicentis<\/span>[\/columna]<\/a><br \/>\n[column size=\"1-4\u2033 last=\"1\u2033]<a href=\"https:\/\/konferenztechnik.de\/wp-content\/uploads\/2020\/08\/Handbuch-konfiguration-bosch-dicentis.pdf\" target=\"_blank\" rel=\"noopener noreferrer\">[v_icon color=\"#a62055\u2033 size=\"18px\" target=\"_blank\" name=\"archivo-lunar-pdf\"]<span class=\"pcs-color\"> Manual Bosch Dicentis (configuraci\u00f3n)<\/span><\/a>[\/columna]<br \/>\n[column size=\"1-4\u2033 last=\"1\u2033]<a href=\"https:\/\/konferenztechnik.de\/wp-content\/uploads\/2020\/08\/Handbuch-installation-bosch-dicentis.pdf\" target=\"_blank\" rel=\"noopener noreferrer\">[v_icon color=\"#a62055\u2033 size=\"18px\" target=\"_blank\" name=\"archivo-lunar-pdf\"]<span class=\"pcs-color\"> Manual Bosch Dicentis (instalaci\u00f3n)<\/span><\/a>[\/columna]<\/div>\n<p>[spacer size=\"20\u2033]<\/p>\n<hr>\n<p>[spacer size=\"20\u2033]<\/p>\n<p>[column size=\"1-4\u2033 last=\"1\u2033]<\/p>\n<h2>Sistema de conferencia Quinta de Beyerdynamic<\/h2>\n<p>[\/columna]<br \/>\n[column size=\"1-4\u2033 last=\"1\u2033]<br \/>\n<img loading=\"lazy\" decoding=\"async\" src=\"https:\/\/www.konferenztechnik.de\/wp-content\/uploads\/2020\/08\/byerdynamic-logo.svg\" alt=\"logo beyerdynamic\" class=\"alignright size-full wp-image-16413\" width=\"180\" height=\"33\" title=\"\"><br \/>\n[\/columna]<br \/>\n<img loading=\"lazy\" decoding=\"async\" width=\"1200\" height=\"420\" src=\"https:\/\/konferenztechnik.de\/wp-content\/uploads\/2020\/08\/beyerdynamic-quinta-kaufen.jpg\" alt=\"Comprar sistemas de conferencia inal\u00e1mbricos: Comprar Beyerdynamic Quinta\" class=\"alignleft size-full wp-image-16437\" title=\"\" srcset=\"https:\/\/konferenztechnik.de\/wp-content\/uploads\/2020\/08\/beyerdynamic-quinta-kaufen.jpg 1200w, https:\/\/konferenztechnik.de\/wp-content\/uploads\/2020\/08\/beyerdynamic-quinta-kaufen-300x105.jpg 300w, https:\/\/konferenztechnik.de\/wp-content\/uploads\/2020\/08\/beyerdynamic-quinta-kaufen-1024x358.jpg 1024w, https:\/\/konferenztechnik.de\/wp-content\/uploads\/2020\/08\/beyerdynamic-quinta-kaufen-768x269.jpg 768w\" sizes=\"(max-width: 1200px) 100vw, 1200px\" \/><\/p>\n<p>El sistema Quinta de Beyerdynamic est\u00e1 dise\u00f1ado para reuniones, conferencias, videoconferencias y ruedas de prensa, salas de vistas y como soluci\u00f3n de interpretaci\u00f3n para ...<br \/>\nEl sistema Quinta ofrece una amplia gama de posibles aplicaciones gracias a sus diversos componentes. Adem\u00e1s de los micr\u00f3fonos de sobremesa, tambi\u00e9n pueden integrarse en la configuraci\u00f3n micr\u00f3fonos de mano, micr\u00f3fonos de superficie o micr\u00f3fonos array Beyerdynamic Revoluto.<\/p>\n<p>El sistema es siempre ideal si s\u00f3lo se va a utilizar temporalmente o en diferentes salas y no es necesario tender cables. El sistema de conferencia Quinta es una soluci\u00f3n m\u00f3vil y siempre es r\u00e1pido y f\u00e1cil de montar y desmontar. El pr\u00e1ctico malet\u00edn de carga, transporte y almacenamiento mantiene el sistema seguro y m\u00f3vil y listo para su uso inmediato la pr\u00f3xima vez que se necesite.<\/p>\n<p>[spacer size=\"10\u2033]<\/p>\n<h3>Propiedades especiales<\/h3>\n<p>[column size=\"1-4\u2033 last=\"1\u2033]<br \/>\n[list icon=\"moon-checkmark\" colour=\"#a62055\u2033]Micr\u00f3fono de proximidad como soluci\u00f3n para peque\u00f1as reuniones[\/list]<br \/>\n[list icon=\"moon-checkmark\" colour=\"#a62055\u2033]Para las habitaciones de la lista[\/list]<br \/>\n[list icon=\"moon-checkmark\" colour=\"#a62055\u2033]Soluci\u00f3n m\u00f3vil[\/list]<br \/>\n[\/columna]<br \/>\n[column size=\"1-4\u2033 last=\"1\u2033]<br \/>\n[list icon=\"moon-checkmark\" colour=\"#a62055\u2033]Config\u00faralo r\u00e1pidamente[\/list]<br \/>\n[list icon=\"moon-checkmark\" colour=\"#a62055\u2033]Malet\u00edn de carga y transporte[\/list]<br \/>\n[list icon=\"moon-checkmark\" colour=\"#a62055\u2033]Fiabilidad operativa gracias a la Triple Banda[\/list]<br \/>\n[\/columna]<br \/>\n[spacer size=\"20\u2033]<\/p>\n<div class=\"rahmen-all\">\n<h3>Descargas<\/h3>\n<p>[spacer size=\"20\u2033]<br \/>\n[column size=\"1-4\u2033 last=\"1\u2033]<a href=\"https:\/\/konferenztechnik.de\/wp-content\/uploads\/2020\/08\/beyerdynamic-quinta-systemuebersciht-und-produkte.pdf\" target=\"_blank\" rel=\"noopener noreferrer\">[v_icon color=\"#a62055\u2033 size=\"18px\" target=\"_blank\" name=\"archivo-lunar-pdf\"]<span class=\"pcs-color\"> Vista general del sistema Beyerdynamic Quinta<\/span>[\/columna]<\/a><br \/>\n[column size=\"1-4\u2033 last=\"1\u2033]<a href=\"https:\/\/konferenztechnik.de\/wp-content\/uploads\/2020\/08\/beyerdynamic-quinta-quick-start-guide.pdf\" target=\"_blank\" rel=\"noopener noreferrer\">[v_icon color=\"#a62055\u2033 size=\"18px\" target=\"_blank\" name=\"archivo-lunar-pdf\"]<span class=\"pcs-color\"> Gu\u00eda r\u00e1pida Beyerdynamic Quinta<\/span><\/a>[\/columna]<br \/>\n[column size=\"1-4\u2033 last=\"1\u2033]<a href=\"https:\/\/konferenztechnik.de\/wp-content\/uploads\/2020\/08\/beyerdynamic-bedienungsanleitung-webserver.pdf\" target=\"_blank\" rel=\"noopener noreferrer\">[v_icon color=\"#a62055\u2033 size=\"18px\" target=\"_blank\" name=\"archivo-lunar-pdf\"]<span class=\"pcs-color\"> Beyerdynamic manual de usuario servidor web<\/span><\/a>[\/columna]<\/div>\n<p>[spacer size=\"20\u2033]<\/p>\n<hr>\n<p>[spacer size=\"20\u2033]<br \/>\n[column size=\"1-4\u2033 last=\"1\u2033]<\/p>\n<h2>Sennheiser ADNW<\/h2>\n<p>[\/columna]<br \/>\n[column size=\"1-4\u2033 last=\"1\u2033]<br \/>\n<img loading=\"lazy\" decoding=\"async\" src=\"https:\/\/konferenztechnik.de\/wp-content\/uploads\/2020\/08\/sennheiser-logo.png\" alt=\"Logotipo de Sennheiser\" width=\"597\" height=\"84\" class=\"alignright size-full wp-image-16424\" title=\"\" srcset=\"https:\/\/konferenztechnik.de\/wp-content\/uploads\/2020\/08\/sennheiser-logo.png 597w, https:\/\/konferenztechnik.de\/wp-content\/uploads\/2020\/08\/sennheiser-logo-300x42.png 300w\" sizes=\"(max-width: 597px) 100vw, 597px\" \/><br \/>\n[\/columna]<br \/>\n<img loading=\"lazy\" decoding=\"async\" width=\"1200\" height=\"420\" src=\"https:\/\/konferenztechnik.de\/wp-content\/uploads\/2020\/08\/Sennheiser-adn-wireless-kaufen.jpg\" alt=\"Comprar sistemas de conferencia inal\u00e1mbricos: Comprar Sennheiser adn inal\u00e1mbrico\" class=\"alignleft size-full wp-image-16441\" title=\"\" srcset=\"https:\/\/konferenztechnik.de\/wp-content\/uploads\/2020\/08\/Sennheiser-adn-wireless-kaufen.jpg 1200w, https:\/\/konferenztechnik.de\/wp-content\/uploads\/2020\/08\/Sennheiser-adn-wireless-kaufen-300x105.jpg 300w, https:\/\/konferenztechnik.de\/wp-content\/uploads\/2020\/08\/Sennheiser-adn-wireless-kaufen-1024x358.jpg 1024w, https:\/\/konferenztechnik.de\/wp-content\/uploads\/2020\/08\/Sennheiser-adn-wireless-kaufen-768x269.jpg 768w\" sizes=\"(max-width: 1200px) 100vw, 1200px\" \/><\/p>\n<p>El sistema inal\u00e1mbrico para conferencias ADNW de Sennheiser fue desarrollado para conferencias de prensa, mesas redondas, sesiones plenarias y conferencias con una gran demanda de debate.<\/p>\n<p>El ADN de Sennheiser puede adaptarse de forma sencilla y flexible a grupos de tama\u00f1o variable. El sistema de conferencias ADN est\u00e1 equipado con una eficaz supresi\u00f3n de realimentaci\u00f3n. Puede combinarse con la tecnolog\u00eda de sonido existente e integrarse perfectamente en sus salas de conferencias.<\/p>\n<p>[spacer size=\"10\u2033]<\/p>\n<h3>Propiedades especiales<\/h3>\n<p>[column size=\"1-4\u2033 last=\"1\u2033]<br \/>\n[list icon=\"moon-checkmark\" colour=\"#a62055\u2033]Cifrado AES de 128 bits[\/list]<br \/>\n[list icon=\"moon-checkmark\" colour=\"#a62055\u2033]Supresi\u00f3n de la retroalimentaci\u00f3n[\/list]<br \/>\n[list icon=\"moon-checkmark\" colour=\"#a62055\u2033]Para grupos de tama\u00f1o variable[\/list]<br \/>\n[\/columna]<br \/>\n[column size=\"1-4\u2033 last=\"1\u2033]<br \/>\n[list icon=\"moon-checkmark\" colour=\"#a62055\u2033]Centrarse en la m\u00e1xima seguridad operativa[\/list]<br \/>\n[list icon=\"moon-checkmark\" colour=\"#a62055\u2033]Excelente sonido[\/list]<br \/>\n[list icon=\"moon-checkmark\" colour=\"#a62055\u2033]F\u00e1cil integraci\u00f3n en los conceptos de sala existentes[\/list]<br \/>\n[\/columna]<br \/>\n[spacer size=\"20\u2033]<br \/>\n[spacer size=\"20\u2033]<\/p>\n<hr>\n<p>[spacer size=\"20\u2033]<br \/>\n[column size=\"1-4\u2033 last=\"1\u2033]<\/p>\n<h2>Micr\u00f3fonos de sobremesa MIPRO<\/h2>\n<p>[\/columna]<br \/>\n[column size=\"1-4\u2033 last=\"1\u2033]<br \/>\n<img decoding=\"async\" src=\"https:\/\/konferenztechnik.de\/wp-content\/uploads\/2019\/09\/mipro-logo-1.png\" alt=\"Logotipo de Mipro\" height=\"60\" class=\"alignright size-full wp-image-15037\" title=\"\"><br \/>\n[\/columna]<br \/>\n<img loading=\"lazy\" decoding=\"async\" width=\"1201\" height=\"420\" src=\"https:\/\/konferenztechnik.de\/wp-content\/uploads\/2020\/08\/mipro-conference-mics-kaufen.jpg\" alt=\"Comprar sistemas de conferencia inal\u00e1mbricos: Comprar micr\u00f3fonos de conferencia Mipro\" class=\"alignleft size-full wp-image-16445\" title=\"\" srcset=\"https:\/\/konferenztechnik.de\/wp-content\/uploads\/2020\/08\/mipro-conference-mics-kaufen.jpg 1201w, https:\/\/konferenztechnik.de\/wp-content\/uploads\/2020\/08\/mipro-conference-mics-kaufen-300x105.jpg 300w, https:\/\/konferenztechnik.de\/wp-content\/uploads\/2020\/08\/mipro-conference-mics-kaufen-1024x358.jpg 1024w, https:\/\/konferenztechnik.de\/wp-content\/uploads\/2020\/08\/mipro-conference-mics-kaufen-768x269.jpg 768w\" sizes=\"(max-width: 1201px) 100vw, 1201px\" \/><\/p>\n<p>Los micr\u00f3fonos de conferencia inal\u00e1mbricos de Mipro son adecuados para conferencias y reuniones peque\u00f1as y flexibles a menor escala. Se montan y desmontan r\u00e1pidamente y son f\u00e1ciles de manejar incluso sin muchos conocimientos previos. El sistema Mipro es puramente un sistema de micr\u00f3fonos y no ofrece ninguna otra funci\u00f3n.<\/p>\n<p>[spacer size=\"10\u2033]<\/p>\n<h3>Propiedades especiales<\/h3>\n<p>[column size=\"1-4\u2033 last=\"1\u2033]<br \/>\n[list icon=\"moon-checkmark\" colour=\"#a62055\u2033]Ideal para montajes peque\u00f1os[\/list]<br \/>\n[list icon=\"moon-checkmark\" colour=\"#a62055\u2033]Montaje y desmontaje r\u00e1pidos[\/list]<br \/>\n[\/columna]<br \/>\n[column size=\"1-4\u2033 last=\"1\u2033]<br \/>\n[list icon=\"moon-checkmark\" colour=\"#a62055\u2033]Se puede combinar con otros micr\u00f3fonos inal\u00e1mbricos Mipro[\/list]<br \/>\n[list icon=\"moon-checkmark\" colour=\"#a62055\u2033]Alternativa rentable[\/list]<br \/>\n[\/columna]<br \/>\n[spacer size=\"20\u2033]<\/p>\n<div class=\"rahmen-all\">\n<h3>Descargas<\/h3>\n<p>[spacer size=\"20\u2033]<br \/>\n[column size=\"1-4\u2033 last=\"1\u2033]<a href=\"https:\/\/konferenztechnik.de\/wp-content\/uploads\/2020\/08\/mipro-bc-58t-spec-sheet.pdf\" target=\"_blank\" rel=\"noopener noreferrer\">[v_icon color=\"#a62055\u2033 size=\"18px\" target=\"_blank\" name=\"archivo-lunar-pdf\"]<span class=\"pcs-color\"> Especificaciones Mipro BC-58-T<\/span>[\/columna]<\/a><br \/>\n[column size=\"1-3\u2033 last=\"1\u2033][\/column]<\/div>\n<p>[spacer size=\"20\u2033]<\/p>\n<hr>\n<p>[spacer size=\"20\u2033]<\/p>\n<p>[column size=\"1-4\u2033 last=\"1\u2033]<\/p>\n<h2 id=\"tele\">Televic Cofidea Inal\u00e1mbrico G3<\/h2>\n<p>[\/columna]<br \/>\n[column size=\"1-4\u2033 last=\"1\u2033]<br \/>\n<img decoding=\"async\" src=\"https:\/\/konferenztechnik.de\/wp-content\/uploads\/2013\/09\/logo_televic_audiovisual.png\" alt=\"Logotipo de Televic\" width=\"230\" class=\"alignright size-full wp-image-5742\" title=\"\"><br \/>\n[\/columna]<br \/>\n<img loading=\"lazy\" decoding=\"async\" width=\"1200\" height=\"420\" src=\"https:\/\/konferenztechnik.de\/wp-content\/uploads\/2020\/08\/televic-confidea-g3-wireless-kaufen.jpg\" alt=\"Comprar sistemas de conferencia inal\u00e1mbricos: Comprar Televic confidea g3 inal\u00e1mbrico\" class=\"alignleft size-full wp-image-16449\" title=\"\" srcset=\"https:\/\/konferenztechnik.de\/wp-content\/uploads\/2020\/08\/televic-confidea-g3-wireless-kaufen.jpg 1200w, https:\/\/konferenztechnik.de\/wp-content\/uploads\/2020\/08\/televic-confidea-g3-wireless-kaufen-300x105.jpg 300w, https:\/\/konferenztechnik.de\/wp-content\/uploads\/2020\/08\/televic-confidea-g3-wireless-kaufen-1024x358.jpg 1024w, https:\/\/konferenztechnik.de\/wp-content\/uploads\/2020\/08\/televic-confidea-g3-wireless-kaufen-768x269.jpg 768w\" sizes=\"(max-width: 1200px) 100vw, 1200px\" \/><\/p>\n<p>Televic Confidea Wireless G$ es flexible, f\u00e1cil de configurar y c\u00f3modo de usar. Confidea es adecuado para aplicaciones de alquiler, ayuntamientos, salas de reuniones, hoteles y universidades. El sistema puede montarse y desmontarse en pocos minutos. Por eso es ideal para instalaciones temporales o salas polivalentes.<\/p>\n<p>En su forma m\u00e1s sencilla, un sistema Confidea requiere muy pocos componentes de hardware y software. Para un sistema de debate b\u00e1sico, el Punto de Acceso Inal\u00e1mbrico para Conferencias (WCAP) de Confidea act\u00faa como una minicentral. Las entradas y salidas de audio existentes facilitan la conexi\u00f3n de un micr\u00f3fono de mano (inal\u00e1mbrico), un sistema de audio de sala, un sistema de videoconferencia o un sistema h\u00edbrido telef\u00f3nico.<\/p>\n<p>El punto de acceso Confidea cuenta con un potente servidor web integrado, que le ofrece un control total del sistema desde cualquier ordenador de sobremesa, port\u00e1til, tableta o smartphone. Para aplicaciones de debate sencillas, la intuitiva interfaz de usuario ofrece todas las funciones que necesita como operador y est\u00e1 lista para su uso inmediato sin necesidad de formaci\u00f3n especial en software.<\/p>\n<p>La transmisi\u00f3n se realiza mediante encriptaci\u00f3n AES. Combinado con el protocolo de comunicaci\u00f3n propietario, Confidea ofrece el m\u00e1ximo nivel de seguridad y confidencialidad.<\/p>\n<p>[spacer size=\"10\u2033]<\/p>\n<h3>Propiedades especiales<\/h3>\n<p>[column size=\"1-4\u2033 last=\"1\u2033]<br \/>\n[list icon=\"moon-checkmark\" colour=\"#a62055\u2033]Dise\u00f1o sencillo[\/list]<br \/>\n[list icon=\"moon-checkmark\" colour=\"#a62055\u2033]Control mediante port\u00e1til, tableta o smartphone[\/list]<br \/>\n[list icon=\"moon-checkmark\" colour=\"#a62055\u2033]Gesti\u00f3n de la bater\u00eda[\/list]<br \/>\n[\/columna]<br \/>\n[column size=\"1-4\u2033 last=\"1\u2033]<br \/>\n[list icon=\"moon-checkmark\" colour=\"#a62055\u2033]Selecci\u00f3n inteligente de frecuencias[\/list]<br \/>\n[list icon=\"moon-checkmark\" colour=\"#a62055\u2033]WiFi de 2,4 y 5 GHz[\/list]<br \/>\n[list icon=\"moon-checkmark\" colour=\"#a62055\u2033]Entradas y salidas de audio est\u00e1ndar[\/list]<br \/>\n[\/columna]<br \/>\n[spacer size=\"20\u2033]<br \/>\n[spacer size=\"20\u2033]<\/p>\n<hr>\n<p>[spacer size=\"20\u2033]<\/p>\n<h2>Comprar sistemas de conferencia inal\u00e1mbricos: Instalaci\u00f3n, integraci\u00f3n de sistemas y servicio<\/h2>\n<p>Los modernos sistemas de debate inal\u00e1mbricos suelen funcionar con tecnolog\u00eda de transmisi\u00f3n WiFi est\u00e1ndar y son a prueba de escuchas gracias a potentes algoritmos de encriptaci\u00f3n. Las unidades de intercomunicaci\u00f3n (unidades de conferencia o micr\u00f3fonos de mesa) est\u00e1n disponibles en diferentes versiones: con y sin altavoz incorporado, con funci\u00f3n de votaci\u00f3n o funci\u00f3n de escucha de idiomas para int\u00e9rpretes. Para uso parlamentario, es posible personalizar las unidades de micr\u00f3fono y activarlas mediante una tarjeta chip. Los sistemas pueden configurarse, gestionarse y manejarse mediante un moderno software de gesti\u00f3n de conferencias.<\/p>\n<p>PCS GmbH estar\u00e1 encantada de ayudarle en la instalaci\u00f3n e integraci\u00f3n de estos sistemas inal\u00e1mbricos en los sistemas y salas de conferencias existentes. Si lo desea, tambi\u00e9n puede complementar y ampliar su sistema con equipos de nuestro amplio parque de alquiler.<\/p>","protected":false},"excerpt":{"rendered":"<p>Comprar sistemas de conferencia inal\u00e1mbricos \u2013 Sistemas completos, unidades de micr\u00f3fono, micr\u00f3fonos de mesa y sistemas de debate [rev_slider alias=\"comprar-sistemas-de-conferencia-inal\u00e1mbricos\"][\/rev_slider] [spacer size=\"20\u2033] Comprar sistemas de conferencia inal\u00e1mbricos: Sistemas de micr\u00f3fonos y sistemas de conferencia completamente sin cables \u2013 las ventajas son evidentes: montaje r\u00e1pido y muy flexible, f\u00e1cil cambio de la disposici\u00f3n de los asientos o las mesas, uso m\u00f3vil sencillo y conversi\u00f3n r\u00e1pida entre diferentes salas. Las condiciones estructurales y los edificios catalogados tambi\u00e9n impiden [...]<\/p>","protected":false},"author":1,"featured_media":45482,"parent":0,"menu_order":0,"comment_status":"closed","ping_status":"closed","template":"","meta":{"_acf_changed":false,"footnotes":""},"class_list":["post-16329","page","type-page","status-publish","has-post-thumbnail","hentry"],"acf":[],"_links":{"self":[{"href":"https:\/\/konferenztechnik.de\/es\/wp-json\/wp\/v2\/pages\/16329","targetHints":{"allow":["GET"]}}],"collection":[{"href":"https:\/\/konferenztechnik.de\/es\/wp-json\/wp\/v2\/pages"}],"about":[{"href":"https:\/\/konferenztechnik.de\/es\/wp-json\/wp\/v2\/types\/page"}],"author":[{"embeddable":true,"href":"https:\/\/konferenztechnik.de\/es\/wp-json\/wp\/v2\/users\/1"}],"replies":[{"embeddable":true,"href":"https:\/\/konferenztechnik.de\/es\/wp-json\/wp\/v2\/comments?post=16329"}],"version-history":[{"count":0,"href":"https:\/\/konferenztechnik.de\/es\/wp-json\/wp\/v2\/pages\/16329\/revisions"}],"wp:featuredmedia":[{"embeddable":true,"href":"https:\/\/konferenztechnik.de\/es\/wp-json\/wp\/v2\/media\/45482"}],"wp:attachment":[{"href":"https:\/\/konferenztechnik.de\/es\/wp-json\/wp\/v2\/media?parent=16329"}],"curies":[{"name":"wp","href":"https:\/\/api.w.org\/{rel}","templated":true}]}}