{"id":16912,"date":"2021-03-26T08:57:30","date_gmt":"2021-03-26T07:57:30","guid":{"rendered":"https:\/\/www.konferenztechnik.de\/?page_id=16912"},"modified":"2023-08-29T14:55:56","modified_gmt":"2023-08-29T12:55:56","slug":"conferencias-eventos-reuniones-clasico-hibrido-digital-virtual-a-distancia","status":"publish","type":"page","link":"https:\/\/konferenztechnik.de\/es\/conferencias-eventos-reuniones-clasico-hibrido-digital-virtual-a-distancia\/","title":{"rendered":"Conferencias, eventos, reuniones \u2013 cl\u00e1sico, h\u00edbrido, digital, virtual, a distancia"},"content":{"rendered":"<p>[column size=\"3-4\u2033 last=\"0\u2033]<\/p>\n<h1>Eventos, conferencias, reuniones \u2013 h\u00edbrido, cl\u00e1sico, digital<\/h1>\n<p>PCS es su socio para cualquier formato de evento. Organizamos conferencias, reuniones y eventos \u2013 ya sean h\u00edbridos, cl\u00e1sicos o digitales. Utilizamos nuestros muchos a\u00f1os de experiencia para realizar con \u00e9xito su evento.<\/p>\n<p>[list icon=\"moon-checkmark\" colour=\"#a62055\u2033]Coordinaci\u00f3n y moderaci\u00f3n de eventos<br \/>\n[list icon=\"moon-checkmark\" colour=\"#a62055\u2033]Equipamiento t\u00e9cnico completo.<br \/>\n[list icon=\"moon-checkmark\" colour=\"#a62055\u2033]Direcci\u00f3n de imagen y sonido<br \/>\n[list icon=\"moon-checkmark\" colour=\"#a62055\u2033]Se puede activar la interpretaci\u00f3n simult\u00e1nea en directo<br \/>\n[list icon=\"moon-checkmark\" colour=\"#a62055\u2033]Servidores alemanes que cumplen la GDPR<br \/>\n[list icon=\"moon-checkmark\" colour=\"#a62055\u2033]Integraci\u00f3n de todos los sistemas de videoconferencia habituales.<br \/>\n[\/columna]<br \/>\n[column size=\"1-4\u2033 last=\"1\u2033]<br \/>\n[spacer size=\"40\u2033]<\/p>\n<div class=\"box1-4\" style=\"margin-bottom: 0!important; margin-top:20px\">\n<b><span class=\"pcs-color\">Consultor\u00eda y planificaci\u00f3n<\/span><\/b><br \/>\n<img decoding=\"async\" src=\"https:\/\/konferenztechnik.de\/wp-content\/uploads\/2021\/11\/Christian-becker-pcs-gmbh-foto-thomas-arendt-1.jpg\" alt=\"Christian Becker - PCS GmbH\" class=\"alignleft size-full wp-image-18690\" title=\"\"><br \/>\nLl\u00e1menos.<br \/>\n<a href=\"tel:08007274624\"><b>0800 727 46 24<\/b><\/a><br \/>\nO escriba un correo electr\u00f3nico a<br \/>\n<span class=\"volleansicht\"><a href=\"mailto:info@konferenztechnik.de\" onclick=\"ga('send', 'event', 'Email-Klick', 'Kontakt Interpreting');\">info@konferenztechnik.de<\/a><br \/>\n<\/span><br \/>\n<span class=\"mobileansicht\"><a href=\"mailto:info@konferenztechnik.de\" onclick=\"ga('send', 'event', 'Email-Klick', 'Kontakt Interpreting');\">escriba a<\/a><br \/>\n<\/span><\/div>\n<p>[\/columna]<br \/>\n[spacer size=\"20\u2033]<\/p>\n<hr>\n<p>[spacer size=\"20\u2033]<br \/>\n[column size=\"3-4\u2033 last=\"0\u2033]<\/p>\n<h2><b>Eventos h\u00edbridos<\/b><\/h2>\n<p><a href=\"https:\/\/konferenztechnik.de\/es\/eventos-hibridos\/\"><img fetchpriority=\"high\" decoding=\"async\" width=\"835\" height=\"313\" src=\"https:\/\/konferenztechnik.de\/wp-content\/uploads\/2021\/05\/hybride-events-anbieter.jpg\" alt=\"proveedor de eventos h\u00edbridos\" class=\"alignleft size-full wp-image-17211 no-bottom-margin\" title=\"\" srcset=\"https:\/\/konferenztechnik.de\/wp-content\/uploads\/2021\/05\/hybride-events-anbieter.jpg 835w, https:\/\/konferenztechnik.de\/wp-content\/uploads\/2021\/05\/hybride-events-anbieter-300x112.jpg 300w, https:\/\/konferenztechnik.de\/wp-content\/uploads\/2021\/05\/hybride-events-anbieter-768x288.jpg 768w\" sizes=\"(max-width: 835px) 100vw, 835px\" \/><\/a><\/p>\n<p><b><span class=\"smaller-img-text\">Evento con o sin p\u00fablico in situ + retransmisi\u00f3n simult\u00e1nea en directo a participantes de todo el mundo<\/span><\/b><\/p>\n<p>[spacer size=\"20\u2033]<\/p>\n<p>Los eventos h\u00edbridos son el nuevo formato est\u00e1ndar para actos, reuniones, congresos y conferencias. El objetivo es inspirar a una audiencia in situ aprovechando todas las ventajas de los eventos tradicionales y digitales, adem\u00e1s de permitir que el p\u00fablico participe a trav\u00e9s de retransmisiones en directo. A pesar de la distancia f\u00edsica, todos los participantes pueden comunicarse entre s\u00ed de forma f\u00e1cil e intuitiva, hacer presentaciones y discursos, debatir y establecer contactos.<\/p>\n<p>[button link=\"#kontakt\" target=\"self\" color=\"#a62055\u2033 text=\"light\"]Solicite informaci\u00f3n ahora[\/button] [button link=\"https:\/\/www.konferenztechnik.de\/hybride-events\/\" target=\"self\" color=\"#a62055\u2033 text=\"light\"]M\u00e1s informaci\u00f3n[\/button]<br \/>\n[\/columna]<br \/>\n[column size=\"3-4\u2033 last=\"1\u2033]<br \/>\n[\/columna]<\/p>\n<p>[column size=\"3-4\u2033 last=\"0\u2033]<br \/>\n[spacer size=\"20\u2033]<\/p>\n<hr>\n<p>[spacer size=\"20\u2033]<\/p>\n<h2><b>Actos presenciales, conferencias y reuniones in situ<\/b><\/h2>\n<p><img decoding=\"async\" width=\"835\" height=\"313\" src=\"https:\/\/konferenztechnik.de\/wp-content\/uploads\/2021\/05\/klassischer-event.jpg\" alt=\"Eventos cl\u00e1sicos, conferencias y reuniones in situ\" class=\"alignleft size-full wp-image-17223 no-bottom-margin\" title=\"\" srcset=\"https:\/\/konferenztechnik.de\/wp-content\/uploads\/2021\/05\/klassischer-event.jpg 835w, https:\/\/konferenztechnik.de\/wp-content\/uploads\/2021\/05\/klassischer-event-300x112.jpg 300w, https:\/\/konferenztechnik.de\/wp-content\/uploads\/2021\/05\/klassischer-event-768x288.jpg 768w\" sizes=\"(max-width: 835px) 100vw, 835px\" \/><\/p>\n<p class=\"smaller-img-text\"><b>Centrarse en los participantes in situ \u2013 con conceptos de higiene flexibles, legalmente conformes y una experiencia positiva tanto para los anfitriones como para los invitados.<\/b><\/p>\n<p>Organizamos sus eventos presenciales. Nuestros servicios incluyen la planificaci\u00f3n, concepci\u00f3n y realizaci\u00f3n t\u00e9cnica de sus conferencias, actos y reuniones cl\u00e1sicos. Colabore con nosotros de forma selectiva y responsable. Conceptos de higiene bien pensados, gesti\u00f3n de participantes, realizaci\u00f3n t\u00e9cnica limpia y seguridad in situ son caracter\u00edsticas de calidad de nuestros eventos. Nuestro objetivo es organizar eventos de conformidad con la ley y cuidando a sus participantes.<\/p>\n<p>[button link=\"#kontakt\" target=\"self\" colour=\"#a62055\u2033 text=\"light\"]Cons\u00faltenos ahora[\/button]<br \/>\n[\/columna]<br \/>\n[column size=\"3-4\u2033 last=\"1\u2033]<br \/>\n[\/columna]<\/p>\n<p>[column size=\"3-4\u2033 last=\"0\u2033]<br \/>\n[spacer size=\"20\u2033]<\/p>\n<hr>\n<p>[spacer size=\"20\u2033]<\/p>\n<h2><b>Eventos digitales<\/b><\/h2>\n<p><img decoding=\"async\" width=\"835\" height=\"313\" src=\"https:\/\/konferenztechnik.de\/wp-content\/uploads\/2021\/05\/digitale-events.jpg\" alt=\"Planificaci\u00f3n y realizaci\u00f3n de eventos digitales\" class=\"alignleft size-full wp-image-17232 no-bottom-margin\" title=\"\" srcset=\"https:\/\/konferenztechnik.de\/wp-content\/uploads\/2021\/05\/digitale-events.jpg 835w, https:\/\/konferenztechnik.de\/wp-content\/uploads\/2021\/05\/digitale-events-300x112.jpg 300w, https:\/\/konferenztechnik.de\/wp-content\/uploads\/2021\/05\/digitale-events-768x288.jpg 768w\" sizes=\"(max-width: 835px) 100vw, 835px\" \/><\/p>\n<p class=\"smaller-img-text\"><b>En el evento digital, el p\u00fablico est\u00e1 conectado en directo a trav\u00e9s de una transmisi\u00f3n en l\u00ednea. La interacci\u00f3n y la comunicaci\u00f3n entre ellos son f\u00e1cilmente posibles.<\/b><\/p>\n<p>El evento digital tiene lugar en l\u00ednea. Todos los participantes (ponentes, oyentes, moderadores) utilizan una plataforma de videoconferencia (por ejemplo, Zoom, Microsoft Teams, WebEx o similar) a trav\u00e9s de la cual tiene lugar toda la comunicaci\u00f3n. Las conversaciones, las consultas, la carga de presentaciones o v\u00eddeos e incluso la conexi\u00f3n de int\u00e9rpretes simult\u00e1neos para la traducci\u00f3n en directo son posibles sin ning\u00fan problema. Se utilizan herramientas interactivas y soluciones de software (por ejemplo, Miro, Slido, Mentimeter) para motivar a los participantes, fomentar la comunicaci\u00f3n y aumentar la capacidad de atenci\u00f3n. Realizamos ruedas de prensa, reuniones y comit\u00e9s digitales de forma segura, c\u00f3moda y conforme a los requisitos de la junta directiva.<\/p>\n<p>[button link=\"#kontakt\" target=\"self\" colour=\"#a62055\u2033 text=\"light\"]Cons\u00faltenos ahora[\/button]<br \/>\n[\/columna]<br \/>\n[column size=\"3-4\u2033 last=\"1\u2033]<br \/>\n[\/columna]<\/p>\n<p>[column size=\"3-4\u2033 last=\"0\u2033]<br \/>\n[spacer size=\"20\u2033]<\/p>\n<hr>\n<p>[spacer size=\"20\u2033]<\/p>\n<h2><b>Eventos digitales en el estudio con ambiente de escenario<\/b><\/h2>\n<p><a href=\"https:\/\/konferenztechnik.de\/es\/estudios-de-streaming-movil\/\"><img loading=\"lazy\" decoding=\"async\" width=\"835\" height=\"283\" src=\"https:\/\/konferenztechnik.de\/wp-content\/uploads\/2021\/05\/digitale-events-buehen-studio.jpg\" alt=\"Eventos digitales en el estudio, estudio para eventos digitales en directo\" class=\"alignleft size-full wp-image-17241 no-bottom-margin\" title=\"\" srcset=\"https:\/\/konferenztechnik.de\/wp-content\/uploads\/2021\/05\/digitale-events-buehen-studio.jpg 835w, https:\/\/konferenztechnik.de\/wp-content\/uploads\/2021\/05\/digitale-events-buehen-studio-300x102.jpg 300w, https:\/\/konferenztechnik.de\/wp-content\/uploads\/2021\/05\/digitale-events-buehen-studio-768x260.jpg 768w\" sizes=\"(max-width: 835px) 100vw, 835px\" \/><\/a><\/p>\n<p class=\"smaller-img-text\"><b>Evento digital con ambiente de estudio: el evento tiene un nivel profesional de puesta en escena, comparable a una emisi\u00f3n de televisi\u00f3n en directo desde un estudio de radiodifusi\u00f3n o televisi\u00f3n.<\/b><\/p>\n<p>Las presentaciones de productos, mesas redondas, entrevistas o moderaci\u00f3n tienen lugar en directo sobre un escenario o en un estudio y se retransmiten a los participantes de todo el mundo por streaming en directo. La producci\u00f3n in situ es tan profesional como en un estudio de televisi\u00f3n: iluminaci\u00f3n, c\u00e1maras, direcci\u00f3n de imagen y sonido, tecnolog\u00eda de audio profesional, puesta en escena atmosf\u00e9rica y una s\u00f3lida dramaturgia. Podemos realizar su evento digital en directo en uno de nuestros estudios digitales en directo o instalar la tecnolog\u00eda de forma flexible en su ubicaci\u00f3n en todo el pa\u00eds (por ejemplo, la sede de una empresa, un ministerio, incluso al aire libre).<\/p>\n<p>[button link=\"#kontakt\" target=\"self\" color=\"#a62055\u2033 text=\"light\"]Solicite informaci\u00f3n ahora[\/button] [button link=\"https:\/\/www.konferenztechnik.de\/mobile-streamingstudios\/\" target=\"self\" color=\"#a62055\u2033 text=\"light\"]M\u00e1s informaci\u00f3n[\/button]<br \/>\n[column size=\"3-4\u2033 last=\"1\u2033]<br \/>\n[\/columna]<\/p>\n<p>[column size=\"3-4\u2033 last=\"0\u2033]<br \/>\n[spacer size=\"20\u2033]<\/p>\n<hr>\n<p>[spacer size=\"20\u2033]<\/p>\n<h2><b>Videoconferencia en sala de reuniones<\/b><\/h2>\n<p><img loading=\"lazy\" decoding=\"async\" width=\"835\" height=\"283\" src=\"https:\/\/konferenztechnik.de\/wp-content\/uploads\/2021\/05\/besprechungsraum-videokonferenz.jpg\" alt=\"Videoconferencia en sala de reuniones\" class=\"alignleft size-full wp-image-17249 no-bottom-margin\" title=\"\" srcset=\"https:\/\/konferenztechnik.de\/wp-content\/uploads\/2021\/05\/besprechungsraum-videokonferenz.jpg 835w, https:\/\/konferenztechnik.de\/wp-content\/uploads\/2021\/05\/besprechungsraum-videokonferenz-300x102.jpg 300w, https:\/\/konferenztechnik.de\/wp-content\/uploads\/2021\/05\/besprechungsraum-videokonferenz-768x260.jpg 768w\" sizes=\"(max-width: 835px) 100vw, 835px\" \/><\/p>\n<p class=\"smaller-img-text\"><b>La tecnolog\u00eda profesional de audio, c\u00e1mara y v\u00eddeo puede instalarse temporalmente de forma flexible en su sala de conferencias o reuniones.<br \/>\n<\/b><\/p>\n<p>Organizamos reuniones directamente en su sala de reuniones. Eliminamos los obst\u00e1culos t\u00e9cnicos in situ y ponemos a su disposici\u00f3n nuevas posibilidades t\u00e9cnicas en cada sala de reuniones. Nuestros t\u00e9cnicos a\u00f1aden temporalmente nueva tecnolog\u00eda a sus salas de conferencias e integran sistemas de videoconferencia, sistemas de sonido, micr\u00f3fonos de mesa, tecnolog\u00eda de presentaci\u00f3n, c\u00e1maras DOME, tecnolog\u00eda de interpretaci\u00f3n, ordenadores port\u00e1tiles y conexiones de corriente, por ejemplo. Transmisi\u00f3n en directo para participantes externos y retransmisiones para usted en la sala \u2013 conectamos temporalmente en red su sala de reuniones de forma totalmente digital. Nos encargamos tanto de la instalaci\u00f3n de la tecnolog\u00eda como de la ejecuci\u00f3n t\u00e9cnica, y ofrecemos asistencia completa de nuestros t\u00e9cnicos para garantizar que su conferencia sea un \u00e9xito. Puede relajarse y disfrutar de su reuni\u00f3n mientras nosotros trabajamos entre bastidores.<br \/>\nPD: Si est\u00e1 interesado en una soluci\u00f3n permanente, nuestro equipo de instalaci\u00f3n estar\u00e1 encantado de ayudarle.<\/p>\n<p>[button link=\"#kontakt\" target=\"self\" colour=\"#a62055\u2033 text=\"light\"]Cons\u00faltenos ahora[\/button]<br \/>\n[column size=\"3-4\u2033 last=\"1\u2033]<br \/>\n[\/columna]<\/p>\n<p>[column size=\"3-4\u2033 last=\"0\u2033]<br \/>\n[spacer size=\"20\u2033]<\/p>\n<hr>\n<p>[spacer size=\"20\u2033]<\/p>\n<h2><b>Videoconferencia profesional, videoconferencia moderada<\/b><\/h2>\n<p><img loading=\"lazy\" decoding=\"async\" width=\"835\" height=\"283\" src=\"https:\/\/konferenztechnik.de\/wp-content\/uploads\/2021\/05\/professionelle-zoomkonferenz.jpg\" alt=\"Conferencias y videoconferencias profesionales con Zoom\" class=\"alignleft size-full wp-image-17259 no-bottom-margin\" title=\"\" srcset=\"https:\/\/konferenztechnik.de\/wp-content\/uploads\/2021\/05\/professionelle-zoomkonferenz.jpg 835w, https:\/\/konferenztechnik.de\/wp-content\/uploads\/2021\/05\/professionelle-zoomkonferenz-300x102.jpg 300w, https:\/\/konferenztechnik.de\/wp-content\/uploads\/2021\/05\/professionelle-zoomkonferenz-768x260.jpg 768w\" sizes=\"(max-width: 835px) 100vw, 835px\" \/><\/p>\n<p class=\"smaller-img-text\"><b>Videoconferencias moderadas por profesionales como garant\u00eda del \u00e9xito de la puesta en escena de su empresa y su conferencia.<\/b><\/p>\n<p>Nos aseguramos de que su videoconferencia se desarrolle de forma profesional, fluida y sin interrupciones. Nuestros moderadores t\u00e9cnicos ayudan a los participantes con cualquier pregunta que surja y est\u00e1n disponibles como interlocutores amables y competentes durante toda la conferencia. Se encargan de gestionar las preguntas de los asistentes, garantizan que la conferencia se desarrolle seg\u00fan el orden del d\u00eda y ofrecen una puesta en escena perfecta en consonancia con el programa. Los servicios adicionales, como las videoconferencias multiling\u00fces y con traducci\u00f3n simult\u00e1nea, son nuestra especialidad. Preferimos trabajar con el software de videoconferencia Zoom, pero tambi\u00e9n estamos abiertos a todos los dem\u00e1s fabricantes (por ejemplo, Microsoft Teams, WebEx y otros); nuestros sistemas son totalmente compatibles. Los participantes pueden decidir directamente en el software de videoconferencia qu\u00e9 idioma desean escuchar. Todos los discursos se interpretan en directo y simult\u00e1neamente. Utilizando nuestros propios servidores ubicados en Alemania, puede celebrar sus eventos de forma legalmente segura y conforme a la ley de protecci\u00f3n de datos alemana y al GDPR.<\/p>\n<p>[button link=\"#kontakt\" target=\"self\" colour=\"#a62055\u2033 text=\"light\"]Cons\u00faltenos ahora[\/button]<br \/>\n[\/columna]<br \/>\n[column size=\"3-4\u2033 last=\"1\u2033]<br \/>\n[\/columna]<br \/>\n[spacer size=\"20\u2033]<\/p>\n<hr>\n<p>[spacer size=\"20\u2033]<br \/>\n[column size=\"3-4\u2033 last=\"0\u2033]<\/p>\n<h2 id=\"beratungundplanungvonhybridenevents\"><strong>Asesoramiento, planificaci\u00f3n y ejecuci\u00f3n<\/strong><\/h2>\n<p>[spacer size=\"10\u2033]<\/p>\n<p><strong>Antes del acto<\/strong> Nos encargamos de coordinar a los participantes, planificar la log\u00edstica y los oficios, montar y supervisar la tecnolog\u00eda \u2013 se ocupa sencillamente de todo para que su evento se desarrolle con seguridad y sin contratiempos.<\/p>\n<p><strong>Durante el acto<\/strong> nuestros gestores de proyectos coordinan todos los equipos implicados, como la tecnolog\u00eda de v\u00eddeo, la tecnolog\u00eda de audio y los int\u00e9rpretes. Nuestros coordinadores t\u00e9cnicos de eventos ayudan a los participantes virtuales a conectarse al evento, coordinan los discursos y presentaciones de los participantes y ofrecen en todo momento asistencia t\u00e9cnica \u2013 in situ o a distancia por ordenador. Nuestra sala de control de v\u00eddeo y audio garantiza que todos los participantes puedan ver y o\u00edr siempre el contenido adecuado.<\/p>\n<p><strong>Despu\u00e9s del acto<\/strong> desmontamos toda la tecnolog\u00eda de forma r\u00e1pida y sencilla. Nos encargamos de la posproducci\u00f3n de grabaciones de v\u00eddeo, de la puesta a disposici\u00f3n de streams de su evento en su p\u00e1gina web o de la posterior interpretaci\u00f3n de su evento por int\u00e9rpretes profesionales.<\/p>\n<p>[\/columna]<br \/>\n[column size=\"3-4\u2033 last=\"1\u2033]<br \/>\n[\/columna]<br \/>\n[spacer size=\"20\u2033]<\/p>\n<hr>\n<p>[spacer size=\"20\u2033]<\/p>\n<h2><strong>Eventos y funciones hoy: muchos formatos, muchos t\u00e9rminos<\/strong><\/h2>\n<p>[column size=\"3-4\u2033 last=\"0\u2033]<\/p>\n<p>Actualmente existen varios t\u00e9rminos que describen eventos, conferencias o reuniones que utilizan streaming, sistemas de videoconferencia u otras formas digitales de transmisi\u00f3n.<\/p>\n<p>[\/columna]<br \/>\n[column size=\"1-4\u2033 last=\"1\u2033]<\/p>\n<ul>\n[list icon=\"moon-checkmark\" colour=\"#a62055\u2033]Presentaciones digitales de productos[\/list]<br \/>\n[list icon=\"moon-checkmark\" colour=\"#a62055\u2033]Emisiones corporativas[\/list]<br \/>\n[list icon=\"moon-checkmark\" colour=\"#a62055\u2033]Estudios de streaming[\/list]<br \/>\n[list icon=\"moon-checkmark\" colour=\"#a62055\u2033]P\u00fablico virtual en directo[\/list]<br \/>\n[list icon=\"moon-checkmark\" colour=\"#a62055\u2033]Juntas generales anuales digitales[\/list]<br \/>\n[list icon=\"moon-checkmark\" colour=\"#a62055\u2033]Evento en directo en l\u00ednea[\/list]<br \/>\n[list icon=\"moon-checkmark\" colour=\"#a62055\u2033]Reuniones virtuales[\/list]<br \/>\n[\/columna]<br \/>\n[column size=\"1-4\u2033 last=\"1\u2033]<br \/>\n[list icon=\"moon-checkmark\" colour=\"#a62055\u2033]Retransmisi\u00f3n por internet[\/list]<br \/>\n[list icon=\"moon-checkmark\" colour=\"#a62055\u2033]Evento virtual en directo[\/list]<br \/>\n[list icon=\"moon-checkmark\" colour=\"#a62055\u2033]Seminario web[\/list]<br \/>\n[list icon=\"moon-checkmark\" colour=\"#a62055\u2033]Feria a la carta[\/list]<br \/>\n[list icon=\"moon-checkmark\" colour=\"#a62055\u2033]Conferencia en l\u00ednea[\/list]<br \/>\n[list icon=\"moon-checkmark\" colour=\"#a62055\u2033]Suceso lejano[\/list]<br \/>\n[list icon=\"moon-checkmark\" colour=\"#a62055\u2033]y muchos m\u00e1s...[\/list]<br \/>\n[\/columna]<br \/>\n[spacer size=\"20\u2033]<\/p>\n<hr>\n<p>[spacer size=\"20\u2033]<br \/>\n[column size=\"1-4\u2033 last=\"1\u2033]<\/p>\n<div class=\"weiterlinks\" style=\"background-color:#ffffff;\">\n<h2>En detalle<\/h2>\n<ul>\n        [list icon=\"luna-flecha-derecha-2\u2033 color=\"#a62055\u2033]<a title=\"Eventos h\u00edbridos\"\n            href=\"\/es\/eventos-hibridos\/\">Eventos h\u00edbridos<\/a>[\/list]<br \/>\n[list icon=\"luna-flecha-derecha-2\u2033 color=\"#a62055\u2033]<a title=\"Conceptos flexibles para eventos\"\n            href=\"\/es\/conceptos-flexibles-para-eventos\/\">Conceptos flexibles para eventos<\/a>[\/list]<br \/>\n[list icon=\"luna-flecha-derecha-2\u2033 color=\"#a62055\u2033]<a title=\"Conceptos flexibles para eventos\"\n            href=\"\/es\/eventos-zoom\/\">Zoom Eventos \u2013 Ticketing, Inscripci\u00f3n Landingpages<\/a>[\/list]<\/ul>\n<\/div>\n<p>[\/columna]<br \/>\n[column size=\"3-4\u2033 last=\"1\u2033]<\/p>\n<p>No deje que los t\u00e9rminos le confundan. Al final, lo que cuenta es el \u00e9xito del evento.<br \/>\nEstaremos encantados de asesorarle y encontrar la mejor soluci\u00f3n para su evento.<\/p>\n<p>[\/columna]<br \/>\n[spacer size=\"20\u2033]<\/p>\n<hr id=\"kontakt\">\n<p>[spacer size=\"30\u2033]<\/p>\n<div class=\"box1-4 medium-size-txt\" style=\"margin-bottom: 0!important\">\n<h2><b><span class=\"pcs-color medium-size-txt\">Su equipo de servicio<\/span><\/b><\/h2>\n<p>[spacer size=\"5\u2033]<br \/>\n[column size=\"1-4\u2033 last=\"1\u2033]<\/p>\n<p>Nuestro departamento especializado estar\u00e1 encantado de ayudarle a resolver sus dudas, asesorarle sobre productos, facilitarle un presupuesto personalizado o la planificaci\u00f3n de un proyecto individual.<\/p>\n<p><img loading=\"lazy\" decoding=\"async\" src=\"https:\/\/konferenztechnik.de\/wp-content\/uploads\/2021\/08\/Sebastian-Meyer-PCS-GmbH-konferenztechnik-small.jpg\" alt=\"Sebastian-Meyer-PCS-GmbH-conferencia-tecnolog\u00eda-peque\u00f1a\" width=\"150\" height=\"150\" class=\"alignleft size-full wp-image-18120\" title=\"\"><br \/>\n<img loading=\"lazy\" decoding=\"async\" src=\"https:\/\/konferenztechnik.de\/wp-content\/uploads\/2021\/06\/christian-becker-pcs-gmbh.jpg\" alt=\"Christian Becker - PCS GmbH - Planificaci\u00f3n de eventos\" width=\"150\" height=\"150\" class=\"alignleft size-full wp-image-17771\" title=\"\"><br \/>\n<img loading=\"lazy\" decoding=\"async\" src=\"https:\/\/konferenztechnik.de\/wp-content\/uploads\/2021\/06\/sebastian-gegusch-pcs-gmbh.jpg\" alt=\"Sebastian Gegusch - PCS GmbH - Planificaci\u00f3n de proyectos\" width=\"150\" height=\"150\" class=\"alignleft size-full wp-image-17774\" title=\"\"><br \/>\n[spacer size=\"5\u2033]<br \/>\n<span class=\"medium-size-txt\"><br \/>\nLl\u00e1menos.<br \/>\n<a href=\"tel:08007274624\"><b>0800 727 46 24<\/b><\/a><\/p>\n<p>Env\u00edenos un correo electr\u00f3nico a<br \/>\n<span class=\"volleansicht\"><a href=\"mailto:info@konferenztechnik.de\" onclick=\"ga('send', 'event', 'Email-Klick', 'Kontakt Vermietung');\">info@konferenztechnik.de<\/a><br \/>\n<\/span><br \/>\n<span class=\"mobileansicht\"><a href=\"mailto:info@konferenztechnik.de\" onclick=\"ga('send', 'event', 'Email-Klick', 'Kontakt Vermietung');\">escriba a<\/a><br \/>\n<\/span><\/p>\n<p>Chatee con nosotros o utilice nuestro servicio de devoluci\u00f3n de llamada<br \/>\n<\/span><br \/>\n[\/columna]<br \/>\n[column size=\"1-4\u2033 last=\"1\u2033]<\/p>\n<h2>Organizar una devoluci\u00f3n de llamada<\/h2>\n<p>[contact-form-7 id=\"17963\u2033 title=\"Concertar una devoluci\u00f3n de llamada\"]<br \/>\n[\/columna]<\/p>\n<\/div>","protected":false},"excerpt":{"rendered":"<p>[column size=\u201c3-4\u2033 last=\u201c0\u2033] Eventos, conferencias, congresos \u2013 h\u00edbridos, cl\u00e1sicos, digitales PCS es su socio para cualquier formato de evento. Nos encargamos de conferencias, congresos y eventos \u2013, ya sean h\u00edbridos, cl\u00e1sicos o digitales. Organizamos su evento con \u00e9xito gracias a nuestros a\u00f1os de experiencia. [list icon=\u201cmoon-checkmark\u201c color=\u201c#a62055\u201c]Coordinaci\u00f3n y moderaci\u00f3n de eventos [list icon=\u201cmoon-checkmark\u201c color=\u201c#a62055\u201c]Equipamiento t\u00e9cnico completo [list icon=\u201cmoon-checkmark\u00bb color=\u00ab#a62055\u00bb]Direcci\u00f3n de imagen y sonido [list [\u2026]<\/p>","protected":false},"author":1,"featured_media":45482,"parent":0,"menu_order":0,"comment_status":"closed","ping_status":"closed","template":"","meta":{"_acf_changed":false,"footnotes":""},"class_list":["post-16912","page","type-page","status-publish","has-post-thumbnail","hentry"],"acf":[],"_links":{"self":[{"href":"https:\/\/konferenztechnik.de\/es\/wp-json\/wp\/v2\/pages\/16912","targetHints":{"allow":["GET"]}}],"collection":[{"href":"https:\/\/konferenztechnik.de\/es\/wp-json\/wp\/v2\/pages"}],"about":[{"href":"https:\/\/konferenztechnik.de\/es\/wp-json\/wp\/v2\/types\/page"}],"author":[{"embeddable":true,"href":"https:\/\/konferenztechnik.de\/es\/wp-json\/wp\/v2\/users\/1"}],"replies":[{"embeddable":true,"href":"https:\/\/konferenztechnik.de\/es\/wp-json\/wp\/v2\/comments?post=16912"}],"version-history":[{"count":0,"href":"https:\/\/konferenztechnik.de\/es\/wp-json\/wp\/v2\/pages\/16912\/revisions"}],"wp:featuredmedia":[{"embeddable":true,"href":"https:\/\/konferenztechnik.de\/es\/wp-json\/wp\/v2\/media\/45482"}],"wp:attachment":[{"href":"https:\/\/konferenztechnik.de\/es\/wp-json\/wp\/v2\/media?parent=16912"}],"curies":[{"name":"wp","href":"https:\/\/api.w.org\/{rel}","templated":true}]}}