{"id":1807,"date":"2013-09-05T11:26:39","date_gmt":"2013-09-05T09:26:39","guid":{"rendered":"https:\/\/konferenztechnik.de\/?page_id=1807"},"modified":"2013-09-05T11:26:39","modified_gmt":"2013-09-05T09:26:39","slug":"sistemas-de-guiado","status":"publish","type":"page","link":"https:\/\/konferenztechnik.de\/es\/alquiler-de-equipos-para-conferencias\/sistemas-de-guiado\/","title":{"rendered":"Sistemas de gu\u00edas de alquiler y sistemas de gu\u00edas tur\u00edsticos"},"content":{"rendered":"<h1>Sistemas de gu\u00edas de alquiler y sistemas de gu\u00edas tur\u00edsticos<\/h1>\n<p>Los sistemas inal\u00e1mbricos para gu\u00edas tur\u00edsticos se utilizan en visitas guiadas a ferias, museos, espacios p\u00fablicos o f\u00e1bricas para garantizar una conexi\u00f3n perfecta entre el orador y el grupo. Otro campo de aplicaci\u00f3n es la interpretaci\u00f3n susurrada. <\/p>\n<p>Gracias a la selecci\u00f3n flexible de canales, varios grupos pueden participar al mismo tiempo en las visitas guiadas de forma independiente. Para los participantes con aud\u00edfonos, el sonido puede transmitirse directamente a su propio aud\u00edfono mediante un bucle de inducci\u00f3n. Los sistemas de visita guiada son peque\u00f1os y manejables, se guardan en maletas y son f\u00e1ciles de transportar.<\/p>\n<p>[column size=\"1-4\u2033 last=\"1\u2033]<br \/>\n<img decoding=\"async\" src=\"https:\/\/konferenztechnik.de\/wp-content\/uploads\/2013\/09\/Holz-Pichler-2-Synexis_01-1024x683.jpg\" alt=\"Visita a la f\u00e1brica de PCS\" class=\"alignleft size-large wp-image-8451\" title=\"\"><br \/>\n[\/columna]<\/p>\n<p>[column size=\"1-4\u2033 last=\"1\u2033]<br \/>\n<img decoding=\"async\" src=\"https:\/\/konferenztechnik.de\/wp-content\/uploads\/2013\/09\/Synexis-Werksfuehrung-1024x683.jpg\" alt=\"gesti\u00f3n de f\u00e1bricas synexis\" class=\"alignleft size-large wp-image-8447\" title=\"\"><br \/>\n[\/columna]<\/p>\n<p>En PCS utilizamos, entre otros, los siguientes sistemas de gu\u00edas tur\u00edsticos:<\/p>\n<h2>Sennheiser Tourguide 2020<\/h2>\n<p>[column size=\"1-4\u2033 last=\"1\u2033]<br \/>\n<img fetchpriority=\"high\" decoding=\"async\" src=\"https:\/\/konferenztechnik.de\/wp-content\/uploads\/2015\/01\/tourguide.jpg\" alt=\"Sennheiser Tourguide SKM 2020\" width=\"320\" height=\"322\" class=\"alignleft size-full wp-image-4898\" title=\"\" srcset=\"https:\/\/konferenztechnik.de\/wp-content\/uploads\/2015\/01\/tourguide.jpg 320w, https:\/\/konferenztechnik.de\/wp-content\/uploads\/2015\/01\/tourguide-298x300.jpg 298w, https:\/\/konferenztechnik.de\/wp-content\/uploads\/2015\/01\/tourguide-150x150.jpg 150w\" sizes=\"(max-width: 320px) 100vw, 320px\" \/><br \/>\n[\/columna]<\/p>\n<p>[column size=\"1-4\u2033 last=\"1\u2033]<br \/>\nLa ventaja de este sistema es que el receptor est\u00e1 integrado directamente en el auricular y forma as\u00ed una sola unidad con los auriculares. Esto tambi\u00e9n facilita la entrega y devoluci\u00f3n de los dispositivos. Sin embargo, este sistema es algo menos c\u00f3modo de llevar durante largos periodos de varias horas.<\/p>\n<p>Los sistemas ofrecen hasta seis canales de transmisi\u00f3n simult\u00e1nea en la banda de frecuencias libre de 863-865 MHz.<\/p>\n<p>Esto facilita la gesti\u00f3n de varios grupos al mismo tiempo.<br \/>\n[\/columna]<\/p>\n<h2>Beyerdynamic Synexis<\/h2>\n<p>[column size=\"1-4\u2033 last=\"1\u2033]<br \/>\n<img decoding=\"async\" width=\"2560\" height=\"1697\" src=\"https:\/\/konferenztechnik.de\/wp-content\/uploads\/2013\/09\/Synexis-C20-Charger-Group_01-scaled-1.jpg\" alt=\"Beyerdynamic Synexis Tourguide\" class=\"alignleft size-full wp-image-8435\" title=\"\" srcset=\"https:\/\/konferenztechnik.de\/wp-content\/uploads\/2013\/09\/Synexis-C20-Charger-Group_01-scaled-1.jpg 2560w, https:\/\/konferenztechnik.de\/wp-content\/uploads\/2013\/09\/Synexis-C20-Charger-Group_01-scaled-1-300x199.jpg 300w, https:\/\/konferenztechnik.de\/wp-content\/uploads\/2013\/09\/Synexis-C20-Charger-Group_01-scaled-1-1024x679.jpg 1024w, https:\/\/konferenztechnik.de\/wp-content\/uploads\/2013\/09\/Synexis-C20-Charger-Group_01-scaled-1-768x509.jpg 768w, https:\/\/konferenztechnik.de\/wp-content\/uploads\/2013\/09\/Synexis-C20-Charger-Group_01-scaled-1-1536x1018.jpg 1536w, https:\/\/konferenztechnik.de\/wp-content\/uploads\/2013\/09\/Synexis-C20-Charger-Group_01-scaled-1-2048x1358.jpg 2048w\" sizes=\"(max-width: 2560px) 100vw, 2560px\" \/><br \/>\n[\/columna]<\/p>\n<p>[column size=\"1-4\u2033 last=\"1\u2033]<br \/>\nLa comunicaci\u00f3n eficaz es cada vez m\u00e1s importante en el mundo actual. Una tecnolog\u00eda fiable es la base de todas las aplicaciones de audio en la pol\u00edtica, la industria y las instituciones p\u00fablicas.<\/p>\n<p>El sistema inal\u00e1mbrico de interpretaci\u00f3n y gu\u00eda Synexis de Beyerdynamic le ofrece una soluci\u00f3n vers\u00e1til y rentable incluso para los requisitos m\u00e1s exigentes.<\/p>\n<p>Se pueden transmitir simult\u00e1neamente hasta 18 se\u00f1ales de audio. Synexis permite una presentaci\u00f3n clara y comprensible para todos, en cualquier lugar.<br \/>\n[\/columna]<\/p>\n<p>[clear]<\/p>\n<h2>Beyerdynamic TTS 300 <\/h2>\n<p>[column size=\"1-4\u2033 last=\"1\u2033]<br \/>\n<img decoding=\"async\" width=\"800\" height=\"404\" src=\"https:\/\/konferenztechnik.de\/wp-content\/uploads\/2013\/09\/Funkempfaenger_FE316_ohne_KPF_gross1.jpg\" alt=\"radio_receptor_FE316_sin_KPF_grande\" class=\"alignleft size-full wp-image-3021\" title=\"\" srcset=\"https:\/\/konferenztechnik.de\/wp-content\/uploads\/2013\/09\/Funkempfaenger_FE316_ohne_KPF_gross1.jpg 800w, https:\/\/konferenztechnik.de\/wp-content\/uploads\/2013\/09\/Funkempfaenger_FE316_ohne_KPF_gross1-300x152.jpg 300w, https:\/\/konferenztechnik.de\/wp-content\/uploads\/2013\/09\/Funkempfaenger_FE316_ohne_KPF_gross1-768x388.jpg 768w\" sizes=\"(max-width: 800px) 100vw, 800px\" \/><br \/>\n[\/columna]<\/p>\n<p>[column size=\"1-4\u2033 last=\"1\u2033]<br \/>\nEl sistema Beyerdynamic TTS 300 funciona con tecnolog\u00eda de alta frecuencia. La transmisi\u00f3n desde el micr\u00f3fono del altavoz inal\u00e1mbrico a los receptores tiene lugar en la moderna banda UHF (rango de frecuencia 863 \u2013 865 MHz).<\/p>\n<p>Los participantes reciben un receptor y auriculares para que puedan escuchar los canales de transmisi\u00f3n del orador o int\u00e9rprete.<\/p>\n<p>Con el sistema que aqu\u00ed se ofrece, se garantiza el funcionamiento en paralelo de hasta 10 canales. El uso multiling\u00fce es tan concebible aqu\u00ed como la divisi\u00f3n en varios grupos para el guiado (uso como sistema de guiado). Los receptores est\u00e1n listos para su reutilizaci\u00f3n en muy poco tiempo (tiempo de carga aprox. 30 minutos) con ayuda del malet\u00edn de carga asociado.<br \/>\n[\/columna]<\/p>\n<p>[spacer size=\"20\u2033]<\/p>\n<p>[callout add_button=\"no\" button_text=\"M\u00e1s informaci\u00f3n\" button_url=\"#\" button_color=\"#a62055\u2033]<br \/>\nAlquile sistemas completos de gu\u00edas tur\u00edsticos de PCS o ampl\u00ede su inventario de forma flexible con equipos de nuestro extenso parque de alquiler.<br \/>\n[\/callout]<\/p>\n<p>[spacer size=\"20\u2033]<br \/>\n[clear]<\/p>\n<p>[column size=\"1-4\u2033 last=\"1\u2033]<br \/>\n[tabs style=\"2\u2033]<br \/>\n[tab title=\"Berl\u00edn\"]<br \/>\n<img loading=\"lazy\" decoding=\"async\" width=\"800\" height=\"533\" src=\"https:\/\/konferenztechnik.de\/wp-content\/uploads\/2013\/08\/sonja_tauscher_pcs-gmbh.jpg\" alt=\"Sonja Dannenbring - PCS GmbH\" class=\"alignnone size-full wp-image-4848\" title=\"\" srcset=\"https:\/\/konferenztechnik.de\/wp-content\/uploads\/2013\/08\/sonja_tauscher_pcs-gmbh.jpg 800w, https:\/\/konferenztechnik.de\/wp-content\/uploads\/2013\/08\/sonja_tauscher_pcs-gmbh-300x200.jpg 300w, https:\/\/konferenztechnik.de\/wp-content\/uploads\/2013\/08\/sonja_tauscher_pcs-gmbh-768x512.jpg 768w\" sizes=\"(max-width: 800px) 100vw, 800px\" \/>Sonja Dannenbring<br \/>\nConsultor de proyectos Alquiler<br \/>\nTel\u00e9fono +49 30 6959690 12<br \/>\n<span class=\"volleansicht\">correo electr\u00f3nico <a href=\"mailto:berlin@konferenztechnik.de\" onclick=\"ga('send', 'event', 'Email-Klick', 'F\u00fchrungsanlagen Dannenbring');\">escriba a<\/a><br \/><\/span><br \/>\n<span class=\"mobileansicht\">correo electr\u00f3nico <a href=\"mailto:berlin@konferenztechnik.de\" onclick=\"ga('send', 'event', 'Email-Klick', 'F\u00fchrungsanlagen Dannenbring');\">escriba a<\/a><br \/><\/span><br \/>\nC\u00f3digo QR <a href=\"https:\/\/konferenztechnik.de\/wp-content\/uploads\/2013\/08\/qrcode-sonja.png\">&#x9B; mostrar<\/a><br \/>\n[\/tab]<br \/>\n[\/tabs]<br \/>\n[\/columna]<\/p>\n<p>[column size=\"1-4\u2033 last=\"1\u2033]<br \/>\n[tabs style=\"2\u2033]<br \/>\n[tab title=\"M\u00fanich\"]<br \/>\n<img loading=\"lazy\" decoding=\"async\" width=\"800\" height=\"533\" src=\"https:\/\/konferenztechnik.de\/wp-content\/uploads\/2013\/09\/sebastian_gegusch_pcs-gmbh.jpg\" alt=\"Sebastian Gegusch PCS-GmbH\" class=\"alignleft size-full wp-image-3153\" title=\"\" srcset=\"https:\/\/konferenztechnik.de\/wp-content\/uploads\/2013\/09\/sebastian_gegusch_pcs-gmbh.jpg 800w, https:\/\/konferenztechnik.de\/wp-content\/uploads\/2013\/09\/sebastian_gegusch_pcs-gmbh-300x200.jpg 300w, https:\/\/konferenztechnik.de\/wp-content\/uploads\/2013\/09\/sebastian_gegusch_pcs-gmbh-768x512.jpg 768w\" sizes=\"(max-width: 800px) 100vw, 800px\" \/>Sebastian Gegusch<br \/>\nGesti\u00f3n y programaci\u00f3n de proyectos<br \/>\nTel\u00e9fono +49 89 21553290<br \/>\n<span class=\"volleansicht\">correo electr\u00f3nico <a href=\"mailto:gegusch@konferenztechnik.de\" onclick=\"ga('send', 'event', 'Email-Klick', 'F\u00fchrungsanlagen Gegusch');\">escriba a<\/a><br \/><\/span><br \/>\n<span class=\"mobileansicht\">correo electr\u00f3nico <a href=\"mailto:gegusch@konferenztechnik.de\" onclick=\"ga('send', 'event', 'Email-Klick', 'F\u00fchrungsanlagen Gegusch');\">escriba a<\/a><br \/><\/span><br \/>\nC\u00f3digo QR <a href=\"https:\/\/konferenztechnik.de\/wp-content\/uploads\/2013\/09\/sebastian_gegusch_qrcode.png\" title=\"C\u00f3digo QR Sebastian Gegusch\">&#x9B; mostrar<\/a><br \/>\n[\/tab]<br \/>\n[\/tabs]<br \/>\n[\/columna]<\/p>\n<p>[column size=\"1-4\u2033 last=\"1\u2033]<br \/>\n[tabs style=\"2\u2033]<br \/>\n[tab title=\"D\u00fcsseldorf\"]<br \/>\n<img loading=\"lazy\" decoding=\"async\" width=\"800\" height=\"533\" src=\"https:\/\/konferenztechnik.de\/wp-content\/uploads\/2013\/09\/monika_van_den_boogaard_pcs-gmbh.jpg\" alt=\"monika_van_den_boogaard_pcs-gmbh\" class=\"alignleft size-full wp-image-2312\" title=\"\" srcset=\"https:\/\/konferenztechnik.de\/wp-content\/uploads\/2013\/09\/monika_van_den_boogaard_pcs-gmbh.jpg 800w, https:\/\/konferenztechnik.de\/wp-content\/uploads\/2013\/09\/monika_van_den_boogaard_pcs-gmbh-300x200.jpg 300w, https:\/\/konferenztechnik.de\/wp-content\/uploads\/2013\/09\/monika_van_den_boogaard_pcs-gmbh-768x512.jpg 768w\" sizes=\"(max-width: 800px) 100vw, 800px\" \/><br \/>\nMonika van den Boogaard<br \/>\nConsultor de proyectos Alquiler<br \/>\nTel\u00e9fono +49 211 737798 10<br \/>\n<span class=\"volleansicht\">correo electr\u00f3nico <a href=\"mailto:vandenboogaard@konferenztechnik.de\" onclick=\"ga('send', 'event', 'Email-Klick', 'F\u00fchrungsanlagen Boogaard');\">escriba a<\/a><br \/><\/span><br \/>\n<span class=\"mobileansicht\">correo electr\u00f3nico <a href=\"mailto:vandenboogaard@konferenztechnik.de\" onclick=\"ga('send', 'event', 'Email-Klick', 'F\u00fchrungsanlagen Boogaard');\">escriba a<\/a><br \/><\/span><br \/>\nC\u00f3digo QR <a href=\"https:\/\/konferenztechnik.de\/wp-content\/uploads\/2013\/09\/monika_van_den_boogaard_qrcode.png\" title=\"C\u00f3digo QR Monika van den Boogaard\">&#x9B; mostrar<\/a><br \/>\n[\/tab]<br \/>\n[\/tabs]<br \/>\n[\/columna]<\/p>\n<p>[column size=\"1-4\u2033 last=\"1\u2033]<br \/>\n[tabs style=\"2\u2033]<br \/>\n[tabs style=\"2\u2033]<br \/>\n[tab title=\"Heilbronn\"]<br \/>\n<img loading=\"lazy\" decoding=\"async\" width=\"800\" height=\"533\" src=\"https:\/\/konferenztechnik.de\/wp-content\/uploads\/2013\/08\/viola-eberhardt-pcs-gmbh.jpg\" alt=\"Viola Eberhardt PCS GmbH\" class=\"alignleft size-full wp-image-5950\" title=\"\" srcset=\"https:\/\/konferenztechnik.de\/wp-content\/uploads\/2013\/08\/viola-eberhardt-pcs-gmbh.jpg 800w, https:\/\/konferenztechnik.de\/wp-content\/uploads\/2013\/08\/viola-eberhardt-pcs-gmbh-300x200.jpg 300w, https:\/\/konferenztechnik.de\/wp-content\/uploads\/2013\/08\/viola-eberhardt-pcs-gmbh-768x512.jpg 768w\" sizes=\"(max-width: 800px) 100vw, 800px\" \/><br \/>\nViola Eberhardt<br \/>\nGesti\u00f3n y programaci\u00f3n de proyectos<br \/>\nTel\u00e9fono +49 7131 278010 11<br \/>\n<span class=\"volleansicht\">correo electr\u00f3nico <a href=\"mailto:eberhardt@konferenztechnik.de\" onclick=\"ga('send', 'event', 'Email-Klick', 'F\u00fchrungsanlagen Eberhardt');\">escriba a<\/a><br \/><\/span><br \/>\n<span class=\"mobileansicht\">correo electr\u00f3nico <a href=\"mailto:eberhardt@konferenztechnik.de\" onclick=\"ga('send', 'event', 'Email-Klick', 'F\u00fchrungsanlagen Eberhardt');\">escriba a<\/a><br \/><\/span><br \/>\nC\u00f3digo QR <a href=\"https:\/\/konferenztechnik.de\/wp-content\/uploads\/2013\/08\/viola-eberhardt-qr-code.png\" rel=\"attachment wp-att-5951\">Mostrar \u203a<\/a><br \/>\n[\/tab]<br \/>\n[\/tabs]<br \/>\n[\/columna]<\/p>","protected":false},"excerpt":{"rendered":"<p>Alquiler de sistemas de gu\u00eda tur\u00edstico Los sistemas inal\u00e1mbricos de gu\u00eda tur\u00edstico se utilizan en visitas guiadas a ferias, museos, espacios p\u00fablicos o f\u00e1bricas para garantizar una conexi\u00f3n perfecta entre el orador y el grupo. Otro campo de aplicaci\u00f3n es la interpretaci\u00f3n susurrada. Gracias a la selecci\u00f3n flexible de canales, varios grupos pueden participar al mismo tiempo en las visitas guiadas independientemente unos de otros. Para participantes con [...]<\/p>","protected":false},"author":1,"featured_media":45482,"parent":3618,"menu_order":159,"comment_status":"closed","ping_status":"open","template":"","meta":{"_acf_changed":false,"footnotes":""},"class_list":["post-1807","page","type-page","status-publish","has-post-thumbnail","hentry"],"acf":[],"_links":{"self":[{"href":"https:\/\/konferenztechnik.de\/es\/wp-json\/wp\/v2\/pages\/1807","targetHints":{"allow":["GET"]}}],"collection":[{"href":"https:\/\/konferenztechnik.de\/es\/wp-json\/wp\/v2\/pages"}],"about":[{"href":"https:\/\/konferenztechnik.de\/es\/wp-json\/wp\/v2\/types\/page"}],"author":[{"embeddable":true,"href":"https:\/\/konferenztechnik.de\/es\/wp-json\/wp\/v2\/users\/1"}],"replies":[{"embeddable":true,"href":"https:\/\/konferenztechnik.de\/es\/wp-json\/wp\/v2\/comments?post=1807"}],"version-history":[{"count":0,"href":"https:\/\/konferenztechnik.de\/es\/wp-json\/wp\/v2\/pages\/1807\/revisions"}],"up":[{"embeddable":true,"href":"https:\/\/konferenztechnik.de\/es\/wp-json\/wp\/v2\/pages\/3618"}],"wp:featuredmedia":[{"embeddable":true,"href":"https:\/\/konferenztechnik.de\/es\/wp-json\/wp\/v2\/media\/45482"}],"wp:attachment":[{"href":"https:\/\/konferenztechnik.de\/es\/wp-json\/wp\/v2\/media?parent=1807"}],"curies":[{"name":"wp","href":"https:\/\/api.w.org\/{rel}","templated":true}]}}