{"id":18403,"date":"2021-09-23T15:21:14","date_gmt":"2021-09-23T14:21:14","guid":{"rendered":"https:\/\/www.konferenztechnik.de\/?page_id=18403"},"modified":"2023-07-05T10:49:31","modified_gmt":"2023-07-05T08:49:31","slug":"eventos-zoom","status":"publish","type":"page","link":"https:\/\/konferenztechnik.de\/es\/eventos-zoom\/","title":{"rendered":"Zoom Eventos"},"content":{"rendered":"<div data-elementor-type=\"wp-page\" data-elementor-id=\"18403\" class=\"elementor elementor-18403\" data-elementor-post-type=\"page\">\n\t\t\t\t\t\t<section data-particle_enable=\"false\" data-particle-mobile-disabled=\"false\" class=\"elementor-section elementor-top-section elementor-element elementor-element-6d5079df elementor-section-boxed elementor-section-height-default elementor-section-height-default\" data-id=\"6d5079df\" data-element_type=\"section\">\n\t\t\t\t\t\t<div class=\"elementor-container elementor-column-gap-default\">\n\t\t\t\t\t<div class=\"elementor-column elementor-col-100 elementor-top-column elementor-element elementor-element-748553c3\" data-id=\"748553c3\" data-element_type=\"column\">\n\t\t\t<div class=\"elementor-widget-wrap elementor-element-populated\">\n\t\t\t\t\t\t<div class=\"elementor-element elementor-element-1b99b6e elementor-widget elementor-widget-text-editor\" data-id=\"1b99b6e\" data-element_type=\"widget\" data-widget_type=\"text-editor.default\">\n\t\t\t\t<div class=\"elementor-widget-container\">\n\t\t\t\t\t\t\t\t\t<h1>Zoom Events \u2013 Cree, organice y gestione eventos en l\u00ednea con la plataforma Zoom Events<\/h1>\n<img fetchpriority=\"high\" decoding=\"async\" class=\"alignleft size-full wp-image-18533\" src=\"https:\/\/konferenztechnik.de\/wp-content\/uploads\/2021\/09\/zoomevents-deutschland.png\" alt=\"Reservar eventos de Zoom en Alemania\" width=\"1920\" height=\"865\" title=\"\" srcset=\"https:\/\/konferenztechnik.de\/wp-content\/uploads\/2021\/09\/zoomevents-deutschland.png 1920w, https:\/\/konferenztechnik.de\/wp-content\/uploads\/2021\/09\/zoomevents-deutschland-300x135.png 300w, https:\/\/konferenztechnik.de\/wp-content\/uploads\/2021\/09\/zoomevents-deutschland-1024x461.png 1024w, https:\/\/konferenztechnik.de\/wp-content\/uploads\/2021\/09\/zoomevents-deutschland-768x346.png 768w, https:\/\/konferenztechnik.de\/wp-content\/uploads\/2021\/09\/zoomevents-deutschland-1536x692.png 1536w\" sizes=\"(max-width: 1920px) 100vw, 1920px\" \/>\n\n<img decoding=\"async\" src=\"https:\/\/konferenztechnik.de\/wp-content\/uploads\/2021\/09\/ze-logo-300x43.png\" alt=\"Zoom Eventos\" width=\"300\" height=\"43\" title=\"\">\n\nLa plataforma Zoom Events satisface la necesidad de llevar a cabo experiencias virtuales individuales de forma sencilla y eficaz.\n\nZoom Events es una plataforma todo en uno para eventos virtuales e h\u00edbridos de diversos formatos y tama\u00f1os. Le apoyamos en la planificaci\u00f3n y creaci\u00f3n de eventos y, con nuestros servidores en Alemania, garantizamos que se lleven a cabo de forma segura y cumpliendo la normativa de protecci\u00f3n de datos.\n\nZoom Events le ofrece todo lo que necesita para crear eventos virtuales o h\u00edbridos con total confianza. Trabaje con nuestros expertos de Zoom para crear y optimizar su evento. Le proporcionamos una infraestructura que cumple la normativa GDPR y le asesoramos y apoyamos con Zoom Meetings, Zoom Webinars y Zoom Events.\n\nHable con nuestros expertos sobre lo que ya es posible con Zoom Events.\n<div class=\"box1-4\" style=\"margin-bottom: 0!important; margin-top: 0px;\"><b><span class=\"pcs-color\">Consultor\u00eda y planificaci\u00f3n<\/span><\/b>\n<img decoding=\"async\" class=\"alignleft size-full wp-image-18690\" src=\"https:\/\/konferenztechnik.de\/wp-content\/uploads\/2021\/11\/Christian-becker-pcs-gmbh-foto-thomas-arendt-1.jpg\" alt=\"Christian Becker - PCS GmbH\" title=\"\"><\/div>\n<div><\/div>\n<div><\/div>\n<div><\/div>\n<div><\/div>\n<div><\/div>\n<div><\/div>\n<div><\/div>\n<div><\/div>\n<div><\/div>\n<div><\/div>\n<div><\/div>\n<div><\/div>\n<div><\/div>\n<div><\/div>\n<div><\/div>\n<div><\/div>\n<div><\/div>\n<div><\/div>\n<div><\/div>\n<div><\/div>\n<div><\/div>\n<div><\/div>\n<div><\/div>\n<div class=\"box1-4\" style=\"margin-bottom: 0!important; margin-top: 0px;\">Ll\u00e1menos.\n<a href=\"tel:08007274624\"><b>0800 727 46 24<\/b><\/a>\nO escriba un correo electr\u00f3nico a\n<span class=\"volleansicht\"><a href=\"mailto:info@konferenztechnik.de\">info@konferenztechnik.de<\/a>\n<\/span>\n<span class=\"mobileansicht\"><a href=\"mailto:info@konferenztechnik.de\">escriba a<\/a>\n<\/span><\/div>\n<div id=\"newscontainer\">\n<div class=\"newskasten\"><img decoding=\"async\" class=\"alignleft size-medium wp-image-18461\" src=\"https:\/\/konferenztechnik.de\/wp-content\/uploads\/2021\/09\/datensicherheit-300x221.png\" alt=\"Zoom Eventos - Sus datos seguros con PCS\" width=\"300\" height=\"221\" title=\"\" srcset=\"https:\/\/konferenztechnik.de\/wp-content\/uploads\/2021\/09\/datensicherheit-300x221.png 300w, https:\/\/konferenztechnik.de\/wp-content\/uploads\/2021\/09\/datensicherheit.png 336w\" sizes=\"(max-width: 300px) 100vw, 300px\" \/>\n<h3 class=\"pcs-color\"><strong>Seguridad de los datos<\/strong><\/h3>\nSupervisi\u00f3n y documentaci\u00f3n por expertos en protecci\u00f3n de datos de PCS\n\n<\/div>\n<div class=\"newskasten\"><img loading=\"lazy\" decoding=\"async\" class=\"alignleft size-medium wp-image-18494\" src=\"https:\/\/konferenztechnik.de\/wp-content\/uploads\/2021\/09\/zoom-dsvgo-1-300x221.png\" alt=\"Zoom Events - Protecci\u00f3n de datos conforme al GDPR\" width=\"300\" height=\"221\" title=\"\" srcset=\"https:\/\/konferenztechnik.de\/wp-content\/uploads\/2021\/09\/zoom-dsvgo-1-300x221.png 300w, https:\/\/konferenztechnik.de\/wp-content\/uploads\/2021\/09\/zoom-dsvgo-1.png 336w\" sizes=\"(max-width: 300px) 100vw, 300px\" \/>\n<h3 class=\"pcs-color\"><strong>Protecci\u00f3n de datos<\/strong><\/h3>\norganizar conferencias en servidores alemanes de conformidad con la legislaci\u00f3n alemana y europea sobre protecci\u00f3n de datos\n\n<\/div>\n<div class=\"newskasten\"><img loading=\"lazy\" decoding=\"async\" class=\"alignleft size-medium wp-image-18479\" src=\"https:\/\/konferenztechnik.de\/wp-content\/uploads\/2021\/09\/anmeldung-300x221.png\" alt=\"Zoom Eventos - Venta de entradas, inscripci\u00f3n\" width=\"300\" height=\"221\" title=\"\" srcset=\"https:\/\/konferenztechnik.de\/wp-content\/uploads\/2021\/09\/anmeldung-300x221.png 300w, https:\/\/konferenztechnik.de\/wp-content\/uploads\/2021\/09\/anmeldung.png 336w\" sizes=\"(max-width: 300px) 100vw, 300px\" \/>\n<h3 class=\"pcs-color\"><strong>Venta de entradas, registro<\/strong><\/h3>\nSistema de acceso variable y completo integrado\n\n<\/div>\n<div class=\"newskasten\"><img loading=\"lazy\" decoding=\"async\" class=\"alignleft size-medium wp-image-18507\" src=\"https:\/\/konferenztechnik.de\/wp-content\/uploads\/2021\/09\/flexible-300x221.png\" alt=\"Zoom Eventos - Escalabilidad flexible\" width=\"300\" height=\"221\" title=\"\">\n<h3 class=\"pcs-color\"><strong>Flexible y ampliable<\/strong><\/h3>\nUna amplia gama de formatos y tama\u00f1os\n\n<\/div>\n<div class=\"newskasten\"><img loading=\"lazy\" decoding=\"async\" class=\"alignleft size-medium wp-image-18498\" src=\"https:\/\/konferenztechnik.de\/wp-content\/uploads\/2021\/09\/allinone-300x221.png\" alt=\"Zoom Eventos - reservar con PCS konferenztechnik.de\" width=\"300\" height=\"221\" title=\"\">\n<h3 class=\"pcs-color\"><strong>La mejor calidad de un solo proveedor<\/strong><\/h3>\n\u00d3ptima calidad de transmisi\u00f3n y completa plataforma de eventos\n\n<\/div>\n<\/div>\n<div style=\"background-color: #f7f7f7; padding-left: 20px; padding-right: 20px; padding-top: 30px;\">\n<h3><strong>Inscripciones y gesti\u00f3n de entradas<\/strong><\/h3>\nEl registro y la venta de entradas de sus participantes son sencillos y est\u00e1n integrados. Puede establecer el n\u00famero de entradas gratuitas y de pago, permitir compras en grupo, opciones de regalo o donaciones. El registro y la venta de entradas pueden personalizarse.\n<h3><strong>Actos p\u00fablicos y privados<\/strong><\/h3>\nPuede organizar actos gratuitos y de pago, tanto p\u00fablicos como privados.\n<h3><strong>Variedad de formatos de actos<\/strong><\/h3>\nPlanifique actos individuales, series de actos, varias sesiones o reuniones paralelas. De un d\u00eda, de varios y, por supuesto, con la opci\u00f3n de publicar grabaciones despu\u00e9s del evento. En general, puede decidir si desea que un evento est\u00e9 disponible en directo o a la carta.\n<h3><strong>Vest\u00edbulo, p\u00e1gina de aterrizaje, centro de eventos<\/strong><\/h3>\nZoom Events ofrece una forma sencilla de crear un punto de partida (p\u00e1gina de aterrizaje, centro de eventos) para su evento. Estos tambi\u00e9n pueden ser p\u00fablicos o privados y se pueden utilizar con URL individuales.\n<h3><strong>Intercambios, redes<\/strong><\/h3>\nTodos los participantes pueden establecer contactos en un vest\u00edbulo, charlar con patrocinadores y expositores e intercambiar informaci\u00f3n de contacto.\n<h3><strong>Cooperaci\u00f3n y colaboraci\u00f3n<\/strong><\/h3>\nIntegra diferentes apps para fomentar la colaboraci\u00f3n, como Miro boards, Trello, Mentimeter, pero tambi\u00e9n Microsoft Teams, Slack o Google Workspace. El propio Zoom ha anunciado el desarrollo de su propia pizarra de alta calidad (13\/09\/2021), que tambi\u00e9n permitir\u00e1 la colaboraci\u00f3n en RV en el futuro.\n<h3><strong>Multiling\u00fce<\/strong><\/h3>\nPosibilitamos la interpretaci\u00f3n multiling\u00fce y simult\u00e1nea en eventos virtuales con Zoom Events\n<h3><strong>Documentaci\u00f3n y evaluaci\u00f3n<\/strong><\/h3>\nPuede realizar un seguimiento y documentar las inscripciones, el n\u00famero de visitantes, la venta de entradas y los ingresos. Zoom Events ofrece an\u00e1lisis que le ayudan a evaluar y mejorar sus eventos.\n\n<\/div>\n<h2><strong>Organizaci\u00f3n de eventos Zoom en cumplimiento de la normativa sobre protecci\u00f3n de datos<\/strong><\/h2>\nZoom Events se basa en la fiable tecnolog\u00eda de v\u00eddeo y chat de Zoom. Calificamos la tecnolog\u00eda y la infraestructura de Zoom como las de mayor calidad y fiabilidad del mercado y, con nuestros propios servidores de Zoom en Alemania, le ofrecemos eventos virtuales e h\u00edbridos conformes con la GDPR que se llevan a cabo estrictamente de acuerdo con la ley alemana de protecci\u00f3n de datos.\n<h2><strong>PCS es proveedor de Zoom Events<\/strong><\/h2>\nUtilice nuestras amplias licencias de Zoom para sus eventos. Nuestros expertos le ayudar\u00e1n con la configuraci\u00f3n, el alojamiento y la personalizaci\u00f3n, y estar\u00e1n a su disposici\u00f3n para responder a cualquier pregunta que pueda tener. Por supuesto, tambi\u00e9n le ayudaremos si ya dispone de sus propias licencias de Zoom Events.\n\nConozca Zoom Events. Le ofrecemos una introducci\u00f3n r\u00e1pida y sencilla. Tambi\u00e9n le invitamos a concertar una cita de demostraci\u00f3n para familiarizarse con las funciones y el backend.\n\nHable con nuestros expertos sobre lo que ya es posible con Zoom Events.\n<h2><b>Esto tambi\u00e9n podr\u00eda interesarle<\/b><\/h2>\n<a title=\"Eventos h\u00edbridos\" href=\"\/es\/eventos-hibridos\/\">Eventos h\u00edbridos<\/a>\n<a title=\"Conceptos flexibles para eventos\" href=\"\/es\/conceptos-flexibles-para-eventos\/\">Conceptos flexibles para eventos<\/a>\n<a href=\"https:\/\/konferenztechnik.de\/es\/interpretacion-a-distancia-2\/\">Interpretaci\u00f3n a distancia, centros y estudios<\/a>\n\n\n<a href=\"https:\/\/konferenztechnik.de\/es\/videoconferencia-2\/\">Sistemas de videoconferencia<\/a>\n<a href=\"https:\/\/konferenztechnik.de\/es\/alquiler-tecnologia-streaming\/\">Contratar tecnolog\u00eda de streaming<\/a>\n<a href=\"https:\/\/konferenztechnik.de\/es\/alquiler-de-equipos-para-conferencias\/tecnologia-av-microfonos-sistemas-de-sonido-proyectores\/\">Tecnolog\u00eda de audio, v\u00eddeo y transmisi\u00f3n<\/a>\n<div class=\"box1-4 medium-size-txt\" style=\"margin-bottom: 0!important;\">\n<h2><b><span class=\"pcs-color medium-size-txt\">Expertos en eventos<\/span><\/b><\/h2>\nNuestros expertos de Zoom Events estar\u00e1n encantados de responder a sus preguntas, asesorarle y prepararle un presupuesto personalizado o un plan de proyecto individual.\n\n<img loading=\"lazy\" decoding=\"async\" class=\"alignleft size-full wp-image-18120\" src=\"https:\/\/konferenztechnik.de\/wp-content\/uploads\/2021\/08\/Sebastian-Meyer-PCS-GmbH-konferenztechnik-small.jpg\" alt=\"Sebastian Meyer - PCS-GmbH - Planificaci\u00f3n de proyectos\" width=\"150\" height=\"150\" title=\"\">\n<img loading=\"lazy\" decoding=\"async\" class=\"alignleft size-full wp-image-17771\" src=\"https:\/\/konferenztechnik.de\/wp-content\/uploads\/2021\/06\/christian-becker-pcs-gmbh.jpg\" alt=\"Christian Becker - PCS GmbH - Planificaci\u00f3n de eventos\" width=\"150\" height=\"150\" title=\"\">\n<img loading=\"lazy\" decoding=\"async\" class=\"alignleft size-full wp-image-17774\" src=\"https:\/\/konferenztechnik.de\/wp-content\/uploads\/2021\/06\/sebastian-gegusch-pcs-gmbh.jpg\" alt=\"Sebastian Gegusch - PCS GmbH - Planificaci\u00f3n de proyectos\" width=\"150\" height=\"150\" title=\"\">\n\n<span class=\"medium-size-txt\">\nLl\u00e1menos.\n<a href=\"tel:08007274624\"><b>0800 727 46 24<\/b><\/a><\/span>\n\nEnv\u00edenos un correo electr\u00f3nico a\n<span class=\"volleansicht\"><a href=\"mailto:info@konferenztechnik.de\">info@konferenztechnik.de<\/a>\n<\/span>\n<span class=\"mobileansicht\"><a href=\"mailto:info@konferenztechnik.de\">escriba a<\/a>\n<\/span>\n\nChatee con nosotros o utilice nuestro servicio de devoluci\u00f3n de llamada\n<h2>Organizar una devoluci\u00f3n de llamada<\/h2>\n<\/div>\t\t\t\t\t\t\t\t<\/div>\n\t\t\t\t<\/div>\n\t\t\t\t\t<\/div>\n\t\t<\/div>\n\t\t\t\t\t<\/div>\n\t\t<\/section>\n\t\t\t\t<\/div>","protected":false},"excerpt":{"rendered":"<p>Zoom Events \u2013 Online-Events erstellen, hosten und verwalten mit der Zoom Events-Plattform Die Zoom Events-Plattform erf\u00fcllt die Bed\u00fcrfnisse, individuelle virtuelle Erlebnisse einfach und effizient durchzuf\u00fchren. Zoom Events ist eine All-in-one-Plattform f\u00fcr virtuelle und hybride Events unterschiedlichster Formate und Gr\u00f6\u00dfenordnungen. Wir unterst\u00fctzen Sie bei der Planung und Erstellung und sorgen mit unseren Servern in Deutschland f\u00fcr [&hellip;]<\/p>","protected":false},"author":1,"featured_media":45482,"parent":0,"menu_order":0,"comment_status":"closed","ping_status":"closed","template":"","meta":{"_acf_changed":false,"footnotes":""},"class_list":["post-18403","page","type-page","status-publish","has-post-thumbnail","hentry"],"acf":[],"_links":{"self":[{"href":"https:\/\/konferenztechnik.de\/es\/wp-json\/wp\/v2\/pages\/18403","targetHints":{"allow":["GET"]}}],"collection":[{"href":"https:\/\/konferenztechnik.de\/es\/wp-json\/wp\/v2\/pages"}],"about":[{"href":"https:\/\/konferenztechnik.de\/es\/wp-json\/wp\/v2\/types\/page"}],"author":[{"embeddable":true,"href":"https:\/\/konferenztechnik.de\/es\/wp-json\/wp\/v2\/users\/1"}],"replies":[{"embeddable":true,"href":"https:\/\/konferenztechnik.de\/es\/wp-json\/wp\/v2\/comments?post=18403"}],"version-history":[{"count":0,"href":"https:\/\/konferenztechnik.de\/es\/wp-json\/wp\/v2\/pages\/18403\/revisions"}],"wp:featuredmedia":[{"embeddable":true,"href":"https:\/\/konferenztechnik.de\/es\/wp-json\/wp\/v2\/media\/45482"}],"wp:attachment":[{"href":"https:\/\/konferenztechnik.de\/es\/wp-json\/wp\/v2\/media?parent=18403"}],"curies":[{"name":"wp","href":"https:\/\/api.w.org\/{rel}","templated":true}]}}