{"id":19439,"date":"2022-06-09T09:54:33","date_gmt":"2022-06-09T08:54:33","guid":{"rendered":"https:\/\/www.konferenztechnik.de\/?page_id=19439"},"modified":"2023-12-05T15:51:28","modified_gmt":"2023-12-05T14:51:28","slug":"sostenibilidad","status":"publish","type":"page","link":"https:\/\/konferenztechnik.de\/es\/sostenibilidad\/","title":{"rendered":"Sostenibilidad"},"content":{"rendered":"<div data-elementor-type=\"wp-page\" data-elementor-id=\"19439\" class=\"elementor elementor-19439\" data-elementor-post-type=\"page\">\n\t\t\t\t<div data-particle_enable=\"false\" data-particle-mobile-disabled=\"false\" class=\"elementor-element elementor-element-eeb9d57 e-flex e-con-boxed e-con e-parent\" data-id=\"eeb9d57\" data-element_type=\"container\">\n\t\t\t\t\t<div class=\"e-con-inner\">\n\t\t<div data-particle_enable=\"false\" data-particle-mobile-disabled=\"false\" class=\"elementor-element elementor-element-3b6def5 e-flex e-con-boxed e-con e-child\" data-id=\"3b6def5\" data-element_type=\"container\">\n\t\t\t\t\t<div class=\"e-con-inner\">\n\t\t\t\t<div class=\"elementor-element elementor-element-4ec1e57 elementor-widget elementor-widget-heading\" data-id=\"4ec1e57\" data-element_type=\"widget\" data-widget_type=\"heading.default\">\n\t\t\t\t<div class=\"elementor-widget-container\">\n\t\t\t\t\t<h1 class=\"elementor-heading-title elementor-size-default\">Sostenibilidad y responsabilidad<\/h1>\t\t\t\t<\/div>\n\t\t\t\t<\/div>\n\t\t<div data-particle_enable=\"false\" data-particle-mobile-disabled=\"false\" class=\"elementor-element elementor-element-d1db775 e-flex e-con-boxed e-con e-child\" data-id=\"d1db775\" data-element_type=\"container\">\n\t\t\t\t\t<div class=\"e-con-inner\">\n\t\t<div data-particle_enable=\"false\" data-particle-mobile-disabled=\"false\" class=\"elementor-element elementor-element-1594635 e-con-full e-flex e-con e-child\" data-id=\"1594635\" data-element_type=\"container\">\n\t\t\t\t<div class=\"elementor-element elementor-element-e4e001b elementor-widget__width-auto elementor-widget elementor-widget-image\" data-id=\"e4e001b\" data-element_type=\"widget\" data-widget_type=\"image.default\">\n\t\t\t\t<div class=\"elementor-widget-container\">\n\t\t\t\t\t\t\t\t\t\t\t\t\t\t\t<img decoding=\"async\" width=\"300\" height=\"108\" src=\"https:\/\/konferenztechnik.de\/wp-content\/uploads\/2023\/02\/SUSTAINABLE_MEETINGS_BERLIN_Logo_RGB_High_Performer-scaled-1-300x108.jpg\" class=\"attachment-medium size-medium wp-image-20390\" alt=\"PCS es una empresa de alto rendimiento de SUSTAINABLE MEETINGS_BERLIN\" srcset=\"https:\/\/konferenztechnik.de\/wp-content\/uploads\/2023\/02\/SUSTAINABLE_MEETINGS_BERLIN_Logo_RGB_High_Performer-scaled-1-300x108.jpg 300w, https:\/\/konferenztechnik.de\/wp-content\/uploads\/2023\/02\/SUSTAINABLE_MEETINGS_BERLIN_Logo_RGB_High_Performer-scaled-1-1024x368.jpg 1024w, https:\/\/konferenztechnik.de\/wp-content\/uploads\/2023\/02\/SUSTAINABLE_MEETINGS_BERLIN_Logo_RGB_High_Performer-scaled-1-768x276.jpg 768w, https:\/\/konferenztechnik.de\/wp-content\/uploads\/2023\/02\/SUSTAINABLE_MEETINGS_BERLIN_Logo_RGB_High_Performer-scaled-1-1536x553.jpg 1536w, https:\/\/konferenztechnik.de\/wp-content\/uploads\/2023\/02\/SUSTAINABLE_MEETINGS_BERLIN_Logo_RGB_High_Performer-scaled-1-2048x737.jpg 2048w\" sizes=\"(max-width: 300px) 100vw, 300px\" title=\"\">\t\t\t\t\t\t\t\t\t\t\t\t\t\t\t<\/div>\n\t\t\t\t<\/div>\n\t\t\t\t<\/div>\n\t\t<div data-particle_enable=\"false\" data-particle-mobile-disabled=\"false\" class=\"elementor-element elementor-element-4bf82f3 e-con-full e-flex e-con e-child\" data-id=\"4bf82f3\" data-element_type=\"container\">\n\t\t\t\t<div class=\"elementor-element elementor-element-a99328f elementor-widget__width-auto elementor-widget elementor-widget-image\" data-id=\"a99328f\" data-element_type=\"widget\" data-widget_type=\"image.default\">\n\t\t\t\t<div class=\"elementor-widget-container\">\n\t\t\t\t\t\t\t\t\t\t\t\t\t\t\t<img decoding=\"async\" width=\"300\" height=\"139\" src=\"https:\/\/konferenztechnik.de\/wp-content\/uploads\/2023\/03\/stiftung-allianz-entwicklung-klima-300x139.png\" class=\"attachment-medium size-medium wp-image-21095\" alt=\"Fundaci\u00f3n Alianza para el Desarrollo Clim\u00e1tico\" srcset=\"https:\/\/konferenztechnik.de\/wp-content\/uploads\/2023\/03\/stiftung-allianz-entwicklung-klima-300x139.png 300w, https:\/\/konferenztechnik.de\/wp-content\/uploads\/2023\/03\/stiftung-allianz-entwicklung-klima-18x8.png 18w, https:\/\/konferenztechnik.de\/wp-content\/uploads\/2023\/03\/stiftung-allianz-entwicklung-klima.png 768w\" sizes=\"(max-width: 300px) 100vw, 300px\" title=\"\">\t\t\t\t\t\t\t\t\t\t\t\t\t\t\t<\/div>\n\t\t\t\t<\/div>\n\t\t\t\t<\/div>\n\t\t\t\t\t<\/div>\n\t\t\t\t<\/div>\n\t\t\t\t<div class=\"elementor-element elementor-element-04e60ed elementor-widget elementor-widget-heading\" data-id=\"04e60ed\" data-element_type=\"widget\" data-widget_type=\"heading.default\">\n\t\t\t\t<div class=\"elementor-widget-container\">\n\t\t\t\t\t<h2 class=\"elementor-heading-title elementor-size-default\">Estamos certificados como empresa sostenible y Socio de Reuniones Sostenibles.<\/h2>\t\t\t\t<\/div>\n\t\t\t\t<\/div>\n\t\t\t\t<div class=\"elementor-element elementor-element-7b85612 elementor-widget elementor-widget-text-editor\" data-id=\"7b85612\" data-element_type=\"widget\" data-widget_type=\"text-editor.default\">\n\t\t\t\t<div class=\"elementor-widget-container\">\n\t\t\t\t\t\t\t\t\t<p>El comportamiento y la gesti\u00f3n sostenibles no s\u00f3lo afectan al medio ambiente, sino tambi\u00e9n a temas de distintos \u00e1mbitos.<\/p><p>\u00a0<\/p><p>En PCS nos basamos en el modelo de los cuatro pilares del desarrollo sostenible. El modelo de los cuatro pilares del desarrollo sostenible se basa en la idea de que este desarrollo solo puede lograrse mediante la realizaci\u00f3n simult\u00e1nea y equitativa de objetivos medioambientales, econ\u00f3micos, institucionales-pol\u00edticos y sociales.<\/p>\t\t\t\t\t\t\t\t<\/div>\n\t\t\t\t<\/div>\n\t\t\t\t<div class=\"elementor-element elementor-element-341c18f elementor-widget elementor-widget-heading\" data-id=\"341c18f\" data-element_type=\"widget\" data-widget_type=\"heading.default\">\n\t\t\t\t<div class=\"elementor-widget-container\">\n\t\t\t\t\t<h2 class=\"elementor-heading-title elementor-size-default\">Nuestra estrategia y visi\u00f3n de la sostenibilidad\n<\/h2>\t\t\t\t<\/div>\n\t\t\t\t<\/div>\n\t\t\t\t<div class=\"elementor-element elementor-element-1e4119d elementor-widget elementor-widget-text-editor\" data-id=\"1e4119d\" data-element_type=\"widget\" data-widget_type=\"text-editor.default\">\n\t\t\t\t<div class=\"elementor-widget-container\">\n\t\t\t\t\t\t\t\t\t<p>Nuestro objetivo es facilitar la comunicaci\u00f3n y la creaci\u00f3n de redes sin barreras, multiling\u00fces y sostenibles en actos y conferencias.<\/p><p>\u00a0<\/p><p>En un mercado en constante evoluci\u00f3n, PCS GmbH es un socio fiable para la realizaci\u00f3n innovadora, sostenible, ecol\u00f3gica y con ahorro de recursos de conferencias y eventos.<\/p><p>\u00a0<\/p><p>Nuestra m\u00e1xima prioridad son siempre las necesidades de nuestros clientes y partes interesadas, as\u00ed como una interacci\u00f3n responsable y basada en la colaboraci\u00f3n.<\/p><p>\u00a0<\/p><p>PCS GmbH se gu\u00eda por los Objetivos de Desarrollo Sostenible de la Agenda 2030 de las Naciones Unidas y desarrolla sus propios objetivos y estrategias de sostenibilidad bas\u00e1ndose en ellos.<\/p>\t\t\t\t\t\t\t\t<\/div>\n\t\t\t\t<\/div>\n\t\t\t\t<div class=\"elementor-element elementor-element-9ef848f elementor-widget elementor-widget-image\" data-id=\"9ef848f\" data-element_type=\"widget\" data-widget_type=\"image.default\">\n\t\t\t\t<div class=\"elementor-widget-container\">\n\t\t\t\t\t\t\t\t\t\t\t\t\t\t\t<img fetchpriority=\"high\" decoding=\"async\" width=\"1023\" height=\"575\" src=\"https:\/\/konferenztechnik.de\/wp-content\/uploads\/2022\/06\/Goals-2030.jpg\" class=\"attachment-full size-full wp-image-19441\" alt=\"Logotipo de la Agenda 2030 de las Naciones Unidas con sus 17 Objetivos de Desarrollo Sostenible (ODS)\" srcset=\"https:\/\/konferenztechnik.de\/wp-content\/uploads\/2022\/06\/Goals-2030.jpg 1023w, https:\/\/konferenztechnik.de\/wp-content\/uploads\/2022\/06\/Goals-2030-300x169.jpg 300w, https:\/\/konferenztechnik.de\/wp-content\/uploads\/2022\/06\/Goals-2030-768x432.jpg 768w\" sizes=\"(max-width: 1023px) 100vw, 1023px\" title=\"\">\t\t\t\t\t\t\t\t\t\t\t\t\t\t\t<\/div>\n\t\t\t\t<\/div>\n\t\t\t\t<div class=\"elementor-element elementor-element-f7087e8 elementor-widget elementor-widget-heading\" data-id=\"f7087e8\" data-element_type=\"widget\" data-widget_type=\"heading.default\">\n\t\t\t\t<div class=\"elementor-widget-container\">\n\t\t\t\t\t<h2 class=\"elementor-heading-title elementor-size-default\">Nuestros cuatro objetivos principales<\/h2>\t\t\t\t<\/div>\n\t\t\t\t<\/div>\n\t\t\t\t<div class=\"elementor-element elementor-element-74d1ddb elementor-widget elementor-widget-heading\" data-id=\"74d1ddb\" data-element_type=\"widget\" data-widget_type=\"heading.default\">\n\t\t\t\t<div class=\"elementor-widget-container\">\n\t\t\t\t\t<h3 class=\"elementor-heading-title elementor-size-default\">Movilidad y transporte\n<\/h3>\t\t\t\t<\/div>\n\t\t\t\t<\/div>\n\t\t\t\t<div class=\"elementor-element elementor-element-42c54a9 elementor-widget elementor-widget-text-editor\" data-id=\"42c54a9\" data-element_type=\"widget\" data-widget_type=\"text-editor.default\">\n\t\t\t\t<div class=\"elementor-widget-container\">\n\t\t\t\t\t\t\t\t\tA largo plazo, nuestro objetivo es alcanzar unas emisiones de CO<sub>2<\/sub>-neutralidad en el transporte de nuestros productos y en la movilidad de nuestros empleados.\nLos coches de nueva adquisici\u00f3n en PCS GmbH s\u00f3lo pueden estar equipados con sistemas de propulsi\u00f3n h\u00edbridos o el\u00e9ctricos. La velocidad m\u00e1xima de todos los camiones ya se ha reducido a 130 km\/h para reducir el consumo y fomentar una conducci\u00f3n responsable y respetuosa con los recursos.\n\nPlanificamos activamente las rutas de todos los transportes, entregas y recogidas para reducir los tiempos y distancias de los trayectos. Tambi\u00e9n confiamos cada vez m\u00e1s en los servicios de mensajer\u00eda para mantener reducida nuestra propia flota de veh\u00edculos y utilizar los recursos existentes. Dentro de la ciudad, damos prioridad a la contrataci\u00f3n de servicios de mensajer\u00eda en bicicleta (bicicletas y bicicletas de carga) para los transportes.\n\nDamos prioridad a los sistemas de videoconferencia est\u00e1ndar para las reuniones, con el fin de reducir las reuniones cara a cara. Los desplazamientos inevitables se realizan en tren siempre que es posible. Promovemos las tarjetas de tren para todos los empleados.\n\nLas sedes de nuestras empresas est\u00e1n deliberadamente situadas en el centro y muy bien conectadas con la red de transporte p\u00fablico. Subvencionamos abonos anuales de transporte p\u00fablico\/billetes alemanes para los empleados.\n\nEn nuestras sucursales hay aparcamientos para bicicletas. Muchos empleados van al trabajo en bicicleta. Tambi\u00e9n apoyamos la compra de bicicletas con la ayuda de la subvenci\u00f3n para bicicletas de trabajo. En nuestras tres sedes hay puntos de recarga para quienes se desplacen al trabajo en coche el\u00e9ctrico.\n\nEn el caso de los viajes inevitables en avi\u00f3n, los empleados deben pagar el suplemento de CO<sub>2<\/sub>-tambi\u00e9n debe reservarse una indemnizaci\u00f3n.\t\t\t\t\t\t\t\t<\/div>\n\t\t\t\t<\/div>\n\t\t\t\t<div class=\"elementor-element elementor-element-fbe4e68 elementor-widget elementor-widget-heading\" data-id=\"fbe4e68\" data-element_type=\"widget\" data-widget_type=\"heading.default\">\n\t\t\t\t<div class=\"elementor-widget-container\">\n\t\t\t\t\t<h3 class=\"elementor-heading-title elementor-size-default\">Materias primas y productos<\/h3>\t\t\t\t<\/div>\n\t\t\t\t<\/div>\n\t\t\t\t<div class=\"elementor-element elementor-element-11788f4 elementor-widget elementor-widget-text-editor\" data-id=\"11788f4\" data-element_type=\"widget\" data-widget_type=\"text-editor.default\">\n\t\t\t\t<div class=\"elementor-widget-container\">\n\t\t\t\t\t\t\t\t\t<p>Ofrecemos alternativas digitales y a distancia para muchos de nuestros servicios. Esto le permite decidir en la fase de planificaci\u00f3n del evento qu\u00e9 forma de evento es m\u00e1s sostenible y eficiente en cuanto a recursos: un evento in situ (evento presencial tradicional), un evento h\u00edbrido o un formato puramente en l\u00ednea.<br \/>Ofrecemos el alquiler y el leasing de tecnolog\u00eda. En la mayor\u00eda de los casos, el alquiler ahorra recursos y materias primas y tambi\u00e9n ayuda a evitar residuos.<\/p><p>\u00a0<\/p><p>Ofrecemos tecnolog\u00eda adicional que fomenta a\u00fan m\u00e1s la comunicaci\u00f3n sin barreras en actos y conferencias. Esto incluye tecnolog\u00eda para personas con deficiencias auditivas (tecnolog\u00eda de inducci\u00f3n), la transmisi\u00f3n de la interpretaci\u00f3n en lengua de signos, la audiodescripci\u00f3n para personas con deficiencias visuales, la interpretaci\u00f3n escrita o la interpretaci\u00f3n en lenguaje f\u00e1cil. Y las barreras ling\u00fc\u00edsticas se superan con los servicios de interpretaci\u00f3n simult\u00e1nea que se ofrecen.<\/p><p>\u00a0<\/p><p>Utilizamos materiales lavables para nuestras almohadillas de auriculares y sujeciones de micr\u00f3fono, en lugar de productos desechables, y los procesamos higi\u00e9nicamente en talleres para discapacitados.<\/p><p>\u00a0<\/p><p>Utilizamos pilas recargables \u2013 siempre que es posible. Nos deshacemos de las pilas adecuadamente y las hacemos reciclar, para lo cual estamos conectados a un sistema de reciclaje profesional.<\/p><p>\u00a0<\/p><p>Los productos de limpieza y consumibles para nuestras oficinas y operaciones proceden principalmente de proveedores sostenibles y certificados.<\/p><p>\u00a0<\/p><p>Tenemos productos impresos producidos en papel certificado y\/o ofrecemos compensaci\u00f3n de CO<sub>2<\/sub> por la producci\u00f3n. Nos basamos en procesos digitales y sin papel.<\/p>\t\t\t\t\t\t\t\t<\/div>\n\t\t\t\t<\/div>\n\t\t\t\t<div class=\"elementor-element elementor-element-7961e7b elementor-widget elementor-widget-heading\" data-id=\"7961e7b\" data-element_type=\"widget\" data-widget_type=\"heading.default\">\n\t\t\t\t<div class=\"elementor-widget-container\">\n\t\t\t\t\t<h3 class=\"elementor-heading-title elementor-size-default\">Vida, trabajo, uni\u00f3n<\/h3>\t\t\t\t<\/div>\n\t\t\t\t<\/div>\n\t\t\t\t<div class=\"elementor-element elementor-element-f121ca3 elementor-widget elementor-widget-text-editor\" data-id=\"f121ca3\" data-element_type=\"widget\" data-widget_type=\"text-editor.default\">\n\t\t\t\t<div class=\"elementor-widget-container\">\n\t\t\t\t\t\t\t\t\t<p>La igualdad de derechos y de trato de nuestros empleados, independientemente de su sexo, origen o religi\u00f3n, es nuestra m\u00e1xima prioridad.<\/p><p>\u00a0<\/p><p>La prevenci\u00f3n desempe\u00f1a un papel importante en el \u00e1mbito de la salud. Proporcionamos a todos los empleados puestos de trabajo dise\u00f1ados ergon\u00f3micamente. En todas las sucursales hay bebidas gratuitas.<\/p><p>\u00a0<\/p><p>La seguridad laboral es una prioridad absoluta para nosotros. Todos los empleados reciben equipos de protecci\u00f3n individual, en funci\u00f3n de su \u00e1rea de trabajo. Todos los empleados reciben formaci\u00f3n en materia de prevenci\u00f3n de accidentes, conducci\u00f3n de veh\u00edculos y seguridad laboral. La formaci\u00f3n se actualiza anualmente.<\/p><p>\u00a0<\/p><p>Trabajamos con flexibilidad y permitimos el trabajo m\u00f3vil siempre que es posible para armonizar la vida familiar y profesional y reducir los tiempos de desplazamiento.<\/p><p>\u00a0<\/p><p>Ofrecemos a todos los empleados prestaciones adicionales, como un seguro m\u00e9dico de empresa complementario y un plan de pensiones de empresa. Tambi\u00e9n contribuimos al coste del transporte p\u00fablico y ofrecemos la oportunidad de utilizar una bicicleta de empresa.<\/p><p>\u00a0<\/p><p>Fomentamos la uni\u00f3n dentro de la empresa organizando actividades y almuerzos conjuntos. Trabajamos juntos por el \u00e9xito de la empresa. En las reuniones semanales, los grupos de trabajo y los equipos especiales de cada departamento, todos los empleados tienen la oportunidad de participar en los procesos de la empresa, compartir sus experiencias e intercambiar conocimientos. Tenemos jerarqu\u00edas planas y siempre estamos disponibles para discusiones y sugerencias.<\/p>\t\t\t\t\t\t\t\t<\/div>\n\t\t\t\t<\/div>\n\t\t\t\t<div class=\"elementor-element elementor-element-4528784 elementor-widget elementor-widget-heading\" data-id=\"4528784\" data-element_type=\"widget\" data-widget_type=\"heading.default\">\n\t\t\t\t<div class=\"elementor-widget-container\">\n\t\t\t\t\t<h3 class=\"elementor-heading-title elementor-size-default\">Formaci\u00f3n y perfeccionamiento profesional\n<\/h3>\t\t\t\t<\/div>\n\t\t\t\t<\/div>\n\t\t\t\t<div class=\"elementor-element elementor-element-baed398 elementor-widget elementor-widget-text-editor\" data-id=\"baed398\" data-element_type=\"widget\" data-widget_type=\"text-editor.default\">\n\t\t\t\t<div class=\"elementor-widget-container\">\n\t\t\t\t\t\t\t\t\t<p>Apoyamos a todos los empleados mediante oportunidades de formaci\u00f3n y perfeccionamiento. Dependiendo del \u00e1rea de responsabilidad, esto incluye, por ejemplo, una cualificaci\u00f3n como maestro artesano, un permiso de formaci\u00f3n, un permiso de conducci\u00f3n de camiones, formaci\u00f3n inform\u00e1tica complementaria, diversos certificados y mucho m\u00e1s. Adem\u00e1s, todos los a\u00f1os ofrecemos pr\u00e1cticas para las siguientes profesiones:<\/p><p>\u00a0<\/p><ul><li>Especialista en tecnolog\u00eda de eventos (h\/m\/d)<\/li><li>Asistente de gesti\u00f3n de eventos (h\/m\/d)<\/li><li>Especialista en log\u00edstica de almac\u00e9n (h\/m\/d)<\/li><\/ul>\t\t\t\t\t\t\t\t<\/div>\n\t\t\t\t<\/div>\n\t\t\t\t<div class=\"elementor-element elementor-element-17b60af elementor-widget elementor-widget-heading\" data-id=\"17b60af\" data-element_type=\"widget\" data-widget_type=\"heading.default\">\n\t\t\t\t<div class=\"elementor-widget-container\">\n\t\t\t\t\t<h2 class=\"elementor-heading-title elementor-size-default\">Descargar los objetivos de sostenibilidad de PCS GmbH<\/h2>\t\t\t\t<\/div>\n\t\t\t\t<\/div>\n\t\t\t\t<div class=\"elementor-element elementor-element-ed58116 elementor-widget elementor-widget-text-editor\" data-id=\"ed58116\" data-element_type=\"widget\" data-widget_type=\"text-editor.default\">\n\t\t\t\t<div class=\"elementor-widget-container\">\n\t\t\t\t\t\t\t\t\t<p>Puede descargar nuestros objetivos de sostenibilidad aqu\u00ed:<\/p>\t\t\t\t\t\t\t\t<\/div>\n\t\t\t\t<\/div>\n\t\t\t\t<div class=\"elementor-element elementor-element-5e63271 elementor-widget elementor-widget-button\" data-id=\"5e63271\" data-element_type=\"widget\" data-widget_type=\"button.default\">\n\t\t\t\t<div class=\"elementor-widget-container\">\n\t\t\t\t\t\t\t\t\t<div class=\"elementor-button-wrapper\">\n\t\t\t\t\t<a class=\"elementor-button elementor-button-link elementor-size-sm elementor-animation-grow\" href=\"https:\/\/konferenztechnik.de\/wp-content\/uploads\/2023\/12\/Nachhaltigkeitsziele_der_PCS_GmbH.pdf\" target=\"_blank\">\n\t\t\t\t\t\t<span class=\"elementor-button-content-wrapper\">\n\t\t\t\t\t\t\t\t\t<span class=\"elementor-button-text\">Descargar ahora<\/span>\n\t\t\t\t\t<\/span>\n\t\t\t\t\t<\/a>\n\t\t\t\t<\/div>\n\t\t\t\t\t\t\t\t<\/div>\n\t\t\t\t<\/div>\n\t\t\t\t<div class=\"elementor-element elementor-element-200eb36 elementor-widget elementor-widget-heading\" data-id=\"200eb36\" data-element_type=\"widget\" data-widget_type=\"heading.default\">\n\t\t\t\t<div class=\"elementor-widget-container\">\n\t\t\t\t\t<h2 class=\"elementor-heading-title elementor-size-default\">Persona de contacto para la sostenibilidad<\/h2>\t\t\t\t<\/div>\n\t\t\t\t<\/div>\n\t\t\t\t<div class=\"elementor-element elementor-element-1810040 elementor-widget elementor-widget-text-editor\" data-id=\"1810040\" data-element_type=\"widget\" data-widget_type=\"text-editor.default\">\n\t\t\t\t<div class=\"elementor-widget-container\">\n\t\t\t\t\t\t\t\t\t<p>Si tiene alguna pregunta sobre el tema de la sostenibilidad, no dude en ponerse en contacto conmigo.<\/p><p><span class=\"medium-size-txt\">J\u00f6rg Peschka<br \/><a href=\"tel:+493069596900\"><b>030 6959690 0<\/b><\/a><br \/><span class=\"volleansicht\"><a href=\"mailto:peschka@konferenztechnik.de\">peschka@konferenztechnik.de<\/a><\/span><\/span><\/p>\t\t\t\t\t\t\t\t<\/div>\n\t\t\t\t<\/div>\n\t\t\t\t\t<\/div>\n\t\t\t\t<\/div>\n\t\t\t\t\t<\/div>\n\t\t\t\t<\/div>\n\t\t\t\t<\/div>","protected":false},"excerpt":{"rendered":"<p>Nachhaltigkeit und Verantwortung Wir sind als nachhaltiges Unternehmen und Sustainable Meeting Partner zertifiziert. Nachhaltiges Handeln und Wirtschaften betrifft nicht nur die Umwelt, sondern Themen aus unterschiedlichen Bereichen. \u00a0 Wir setzen bei PCS auf das Vier-S\u00e4ulen-Modell der nachhaltigen Entwicklung. Das Vier-S\u00e4ulen-Modell der nachhaltigen Entwicklung geht von der Vorstellung aus, dass diese Entwicklung nur durch das gleichzeitige [&hellip;]<\/p>","protected":false},"author":1,"featured_media":45482,"parent":0,"menu_order":0,"comment_status":"closed","ping_status":"closed","template":"","meta":{"_acf_changed":false,"footnotes":""},"class_list":["post-19439","page","type-page","status-publish","has-post-thumbnail","hentry"],"acf":[],"_links":{"self":[{"href":"https:\/\/konferenztechnik.de\/es\/wp-json\/wp\/v2\/pages\/19439","targetHints":{"allow":["GET"]}}],"collection":[{"href":"https:\/\/konferenztechnik.de\/es\/wp-json\/wp\/v2\/pages"}],"about":[{"href":"https:\/\/konferenztechnik.de\/es\/wp-json\/wp\/v2\/types\/page"}],"author":[{"embeddable":true,"href":"https:\/\/konferenztechnik.de\/es\/wp-json\/wp\/v2\/users\/1"}],"replies":[{"embeddable":true,"href":"https:\/\/konferenztechnik.de\/es\/wp-json\/wp\/v2\/comments?post=19439"}],"version-history":[{"count":0,"href":"https:\/\/konferenztechnik.de\/es\/wp-json\/wp\/v2\/pages\/19439\/revisions"}],"wp:featuredmedia":[{"embeddable":true,"href":"https:\/\/konferenztechnik.de\/es\/wp-json\/wp\/v2\/media\/45482"}],"wp:attachment":[{"href":"https:\/\/konferenztechnik.de\/es\/wp-json\/wp\/v2\/media?parent=19439"}],"curies":[{"name":"wp","href":"https:\/\/api.w.org\/{rel}","templated":true}]}}