{"id":24845,"date":"2023-04-18T10:22:58","date_gmt":"2023-04-18T08:22:58","guid":{"rendered":"http:\/\/dev.konferenztechnik.de\/?page_id=24845"},"modified":"2025-12-20T19:21:26","modified_gmt":"2025-12-20T18:21:26","slug":"asociaciones-y-clubes","status":"publish","type":"page","link":"https:\/\/konferenztechnik.de\/es\/asociaciones-y-clubes\/","title":{"rendered":"Asociaciones y clubes"},"content":{"rendered":"<div data-elementor-type=\"wp-page\" data-elementor-id=\"24845\" class=\"elementor elementor-24845\" data-elementor-post-type=\"page\">\n\t\t\t\t<div data-particle_enable=\"false\" data-particle-mobile-disabled=\"false\" class=\"elementor-element elementor-element-d8aba58 e-flex e-con-boxed e-con e-parent\" data-id=\"d8aba58\" data-element_type=\"container\">\n\t\t\t\t\t<div class=\"e-con-inner\">\n\t\t\t\t<div class=\"elementor-element elementor-element-366d4e5 elementor-widget__width-inherit elementor-widget elementor-widget-heading\" data-id=\"366d4e5\" data-element_type=\"widget\" data-widget_type=\"heading.default\">\n\t\t\t\t<div class=\"elementor-widget-container\">\n\t\t\t\t\t<h1 class=\"elementor-heading-title elementor-size-default\">Asociaciones y federaciones<\/h1>\t\t\t\t<\/div>\n\t\t\t\t<\/div>\n\t\t\t\t<div class=\"elementor-element elementor-element-e4b6b7a elementor-widget elementor-widget-image\" data-id=\"e4b6b7a\" data-element_type=\"widget\" data-widget_type=\"image.default\">\n\t\t\t\t<div class=\"elementor-widget-container\">\n\t\t\t\t\t\t\t\t\t\t\t\t\t\t\t<img fetchpriority=\"high\" decoding=\"async\" width=\"1300\" height=\"486\" src=\"https:\/\/konferenztechnik.de\/wp-content\/uploads\/2023\/04\/verbaende-vereine-installation.jpg\" class=\"attachment-full size-full wp-image-24846\" alt=\"En una ronda de participantes, algunos levantan la mano, ya que probablemente se est\u00e9 llevando a cabo una votaci\u00f3n - aqu\u00ed est\u00e1n los representantes de nuestras Asociaciones y Clubes &quot; secci\u00f3n &quot;\" srcset=\"https:\/\/konferenztechnik.de\/wp-content\/uploads\/2023\/04\/verbaende-vereine-installation.jpg 1300w, https:\/\/konferenztechnik.de\/wp-content\/uploads\/2023\/04\/verbaende-vereine-installation-300x112.jpg 300w, https:\/\/konferenztechnik.de\/wp-content\/uploads\/2023\/04\/verbaende-vereine-installation-1024x383.jpg 1024w, https:\/\/konferenztechnik.de\/wp-content\/uploads\/2023\/04\/verbaende-vereine-installation-768x287.jpg 768w, https:\/\/konferenztechnik.de\/wp-content\/uploads\/2023\/04\/verbaende-vereine-installation-18x7.jpg 18w\" sizes=\"(max-width: 1300px) 100vw, 1300px\" title=\"\">\t\t\t\t\t\t\t\t\t\t\t\t\t\t\t<\/div>\n\t\t\t\t<\/div>\n\t\t\t\t\t<\/div>\n\t\t\t\t<\/div>\n\t\t<div data-particle_enable=\"false\" data-particle-mobile-disabled=\"false\" class=\"elementor-element elementor-element-9deafd4 e-flex e-con-boxed e-con e-parent\" data-id=\"9deafd4\" data-element_type=\"container\">\n\t\t\t\t\t<div class=\"e-con-inner\">\n\t\t\t\t<div class=\"elementor-element elementor-element-66ea8b4 elementor-widget elementor-widget-heading\" data-id=\"66ea8b4\" data-element_type=\"widget\" data-settings=\"{&quot;_animation&quot;:&quot;none&quot;}\" data-widget_type=\"heading.default\">\n\t\t\t\t<div class=\"elementor-widget-container\">\n\t\t\t\t\t<h2 class=\"elementor-heading-title elementor-size-default\">Tecnolog\u00eda para eventos y medios de comunicaci\u00f3n para asociaciones y federaciones en Alemania <\/h2>\t\t\t\t<\/div>\n\t\t\t\t<\/div>\n\t\t\t\t<div class=\"elementor-element elementor-element-d16fcf6 elementor-widget__width-inherit elementor-widget elementor-widget-text-editor\" data-id=\"d16fcf6\" data-element_type=\"widget\" data-widget_type=\"text-editor.default\">\n\t\t\t\t<div class=\"elementor-widget-container\">\n\t\t\t\t\t\t\t\t\t<p>Con m\u00e1s de 600 000 clubes y asociaciones, el mundo asociativo tiene una gran influencia en la vida social de Alemania. Estas organizaciones hacen una contribuci\u00f3n importante a la cultura, la educaci\u00f3n, el deporte y el compromiso social. Valoramos esta estructura y tenemos mucha experiencia trabajando con clubes, asociaciones e instituciones.<\/p><p>\u00a0<\/p><p>En proyectos de tecnolog\u00eda para eventos y medios de comunicaci\u00f3n, prestamos apoyo a asambleas de socios, conferencias, congresos y eventos p\u00fablicos \u2013, desde tecnolog\u00eda profesional de audio y v\u00eddeo hasta sistemas de presentaci\u00f3n, pasando por formatos de eventos h\u00edbridos y digitales.<\/p><p>\u00a0<\/p><p>La colaboraci\u00f3n con asociaciones y federaciones nos permite conocer diferentes formas de organizaci\u00f3n, estructuras de decisi\u00f3n y grupos destinatarios. La diversidad, la participaci\u00f3n y la comunicaci\u00f3n transparente son requisitos fundamentales que respaldamos con una tecnolog\u00eda fiable y segura.<\/p><p>\u00a0<\/p><p>Como proveedor de servicios t\u00e9cnicos, disfrutamos de una colaboraci\u00f3n basada en la cooperaci\u00f3n y un gran reconocimiento. Estos proyectos se caracterizan por sus objetivos claros, su relevancia social y la exigencia de soluciones tecnol\u00f3gicas multimedia fiables, comprensibles y sostenibles.<\/p>\t\t\t\t\t\t\t\t<\/div>\n\t\t\t\t<\/div>\n\t\t\t\t\t<\/div>\n\t\t\t\t<\/div>\n\t\t<div data-particle_enable=\"false\" data-particle-mobile-disabled=\"false\" class=\"elementor-element elementor-element-455c20b e-flex e-con-boxed e-con e-parent\" data-id=\"455c20b\" data-element_type=\"container\" data-settings=\"{&quot;animation&quot;:&quot;none&quot;}\">\n\t\t\t\t\t<div class=\"e-con-inner\">\n\t\t\t\t<div class=\"elementor-element elementor-element-7734196 elementor-widget elementor-widget-heading\" data-id=\"7734196\" data-element_type=\"widget\" data-settings=\"{&quot;_animation&quot;:&quot;none&quot;}\" data-widget_type=\"heading.default\">\n\t\t\t\t<div class=\"elementor-widget-container\">\n\t\t\t\t\t<h2 class=\"elementor-heading-title elementor-size-default\">Temas frecuentes<\/h2>\t\t\t\t<\/div>\n\t\t\t\t<\/div>\n\t\t\t\t<div class=\"elementor-element elementor-element-d1cf50a elementor-widget__width-inherit smart-post-list-4-col elementor-widget elementor-widget-eael-post-list\" data-id=\"d1cf50a\" data-element_type=\"widget\" data-settings=\"{&quot;_animation&quot;:&quot;none&quot;}\" data-widget_type=\"eael-post-list.default\">\n\t\t\t\t<div class=\"elementor-widget-container\">\n\t\t\t\t\t<div class=\"eael-post-list-container advanced layout-advanced\"><div class=\"eael-post-list-wrap\"><div class=\"eael-post-list-posts-wrap eael-post-appender eael-post-appender-d1cf50a\"><div class=\"eael-post-list-post\"><div class=\"eael-post-list-post-inner\"><div class=\"eael-post-list-thumbnail\"><a href=\"https:\/\/konferenztechnik.de\/es\/sistemas-de-guiado-personal-alquiler-compra-instalacion\/\">\n                <img decoding=\"async\" src=\"https:\/\/konferenztechnik.de\/wp-content\/uploads\/2023\/07\/personenfuehrungsanlage-mieten-kaufen-jpg.webp\" alt=\"Un hombre habla por el micr\u00f3fono, un espectador escucha con el sistema de gu\u00eda tur\u00edstica durante una visita. Alquile, compre o arriende sistemas de gu\u00eda tur\u00edstico de PCS.\" title=\"\">\n            <\/a><\/div><div class=\"eael-post-list-content\"><h3 class=\"eael-post-list-title\"><a href=\"https:\/\/konferenztechnik.de\/es\/sistemas-de-guiado-personal-alquiler-compra-instalacion\/\" >Sistemas de guiado de pasajeros<\/a><\/h3><p>Sistemas de gu\u00eda tur\u00edstico, sistemas de gu\u00eda, sistemas de susurro o ALP, auriculares, micr\u00f3fonos, unidades de carga, maletas de transporte, accesorios<\/p><a href=\"https:\/\/konferenztechnik.de\/es\/sistemas-de-guiado-personal-alquiler-compra-instalacion\/\" class=\"eael-post-elements-readmore-btn\" >\u203a m\u00e1s<\/a><div class=\"boxed-meta\"><\/div><\/div><\/div><\/div><div class=\"eael-post-list-post\"><div class=\"eael-post-list-post-inner\"><div class=\"eael-post-list-thumbnail\"><a href=\"https:\/\/konferenztechnik.de\/es\/la-mejora-de-la-sala-de-conferencias-crea-las-condiciones-ideales-para-las-videoconferencias\/\">\n                <img decoding=\"async\" src=\"https:\/\/konferenztechnik.de\/wp-content\/uploads\/2023\/03\/konferenzraum-upgrades.jpg\" alt=\"\" title=\"\">\n            <\/a><\/div><div class=\"eael-post-list-content\"><h3 class=\"eael-post-list-title\"><a href=\"https:\/\/konferenztechnik.de\/es\/la-mejora-de-la-sala-de-conferencias-crea-las-condiciones-ideales-para-las-videoconferencias\/\" >Mejora de la sala de conferencias: sala de conferencias h\u00edbrida<\/a><\/h3><p>Una estela de v\u00eddeo, un cubo: los participantes en el v\u00eddeo como objeto f\u00edsico en el espacio. El...<\/p><a href=\"https:\/\/konferenztechnik.de\/es\/la-mejora-de-la-sala-de-conferencias-crea-las-condiciones-ideales-para-las-videoconferencias\/\" class=\"eael-post-elements-readmore-btn\" >\u203a m\u00e1s<\/a><div class=\"boxed-meta\"><\/div><\/div><\/div><\/div><div class=\"eael-post-list-post\"><div class=\"eael-post-list-post-inner\"><div class=\"eael-post-list-thumbnail\"><a href=\"https:\/\/konferenztechnik.de\/es\/pcs-paquetes-de-salas-de-conferencias-modernas-salas-de-conferencias-hibridas-en-condiciones-favorables\/\">\n                <img decoding=\"async\" src=\"https:\/\/konferenztechnik.de\/wp-content\/uploads\/2023\/03\/konferenzraum-bundles.jpg\" alt=\"\" title=\"\">\n            <\/a><\/div><div class=\"eael-post-list-content\"><h3 class=\"eael-post-list-title\"><a href=\"https:\/\/konferenztechnik.de\/es\/pcs-paquetes-de-salas-de-conferencias-modernas-salas-de-conferencias-hibridas-en-condiciones-favorables\/\" >Paquetes para salas de conferencias<\/a><\/h3><p>Salas de reuniones interactivas, h\u00edbridas, inal\u00e1mbricas y flexibles desde 5.000 euros<\/p><a href=\"https:\/\/konferenztechnik.de\/es\/pcs-paquetes-de-salas-de-conferencias-modernas-salas-de-conferencias-hibridas-en-condiciones-favorables\/\" class=\"eael-post-elements-readmore-btn\" >\u203a m\u00e1s<\/a><div class=\"boxed-meta\"><\/div><\/div><\/div><\/div><div class=\"eael-post-list-post\"><div class=\"eael-post-list-post-inner\"><div class=\"eael-post-list-thumbnail\"><a href=\"https:\/\/konferenztechnik.de\/es\/pantallas-interactivas-pizarras-blancas-rotafolios\/\">\n                <img decoding=\"async\" src=\"https:\/\/konferenztechnik.de\/wp-content\/uploads\/2023\/04\/i3-displays-whiteboards-flipcharts-jpg.webp\" alt=\"2 expositores de la marca I3 sobre tr\u00edpodes m\u00f3viles\" title=\"\">\n            <\/a><\/div><div class=\"eael-post-list-content\"><h3 class=\"eael-post-list-title\"><a href=\"https:\/\/konferenztechnik.de\/es\/pantallas-interactivas-pizarras-blancas-rotafolios\/\" >Pantallas interactivas, pizarras blancas, rotafolios<\/a><\/h3><p>Nuestra primera elecci\u00f3n para pantallas t\u00e1ctiles, pizarras blancas y rotafolios digitales suele ser i3-Technologies.<\/p><a href=\"https:\/\/konferenztechnik.de\/es\/pantallas-interactivas-pizarras-blancas-rotafolios\/\" class=\"eael-post-elements-readmore-btn\" >\u203a m\u00e1s<\/a><div class=\"boxed-meta\"><\/div><\/div><\/div><\/div><div class=\"eael-post-list-post\"><div class=\"eael-post-list-post-inner\"><div class=\"eael-post-list-thumbnail\"><a href=\"https:\/\/konferenztechnik.de\/es\/salas-de-reuniones-hibridas-para-videoconferencias-2\/\">\n                <img decoding=\"async\" src=\"https:\/\/konferenztechnik.de\/wp-content\/uploads\/2023\/03\/hybride-besprechungsraeume.jpg\" alt=\"\" title=\"\">\n            <\/a><\/div><div class=\"eael-post-list-content\"><h3 class=\"eael-post-list-title\"><a href=\"https:\/\/konferenztechnik.de\/es\/salas-de-reuniones-hibridas-para-videoconferencias-2\/\" >Salas de reuniones h\u00edbridas para videoconferencias<\/a><\/h3><p>Condiciones \u00f3ptimas en la sala y para los participantes conectados y uso armonioso...<\/p><a href=\"https:\/\/konferenztechnik.de\/es\/salas-de-reuniones-hibridas-para-videoconferencias-2\/\" class=\"eael-post-elements-readmore-btn\" >\u203a m\u00e1s<\/a><div class=\"boxed-meta\"><\/div><\/div><\/div><\/div><div class=\"eael-post-list-post\"><div class=\"eael-post-list-post-inner\"><div class=\"eael-post-list-thumbnail\"><a href=\"https:\/\/konferenztechnik.de\/es\/sistemas-de-discusion-unidades-de-microfono-alquiler-compra-instalacion-alquiler\/\">\n                <img decoding=\"async\" src=\"https:\/\/konferenztechnik.de\/wp-content\/uploads\/2023\/06\/diskussionsanlage-sprechstellen-tischmikrofone.jpg\" alt=\"Unidades de micr\u00f3fono de mesa distribuidas alrededor de una mesa de conferencias, con micr\u00f3fonos de cuello de cisne\" title=\"\">\n            <\/a><\/div><div class=\"eael-post-list-content\"><h3 class=\"eael-post-list-title\"><a href=\"https:\/\/konferenztechnik.de\/es\/sistemas-de-discusion-unidades-de-microfono-alquiler-compra-instalacion-alquiler\/\" >sistemas de discusi\u00f3n unidades de micr\u00f3fono alquiler compra instalaci\u00f3n alquiler<\/a><\/h3><p>sistemas de discusi\u00f3n unidades de micr\u00f3fono alquiler compra instalaci\u00f3n alquiler<\/p><a href=\"https:\/\/konferenztechnik.de\/es\/sistemas-de-discusion-unidades-de-microfono-alquiler-compra-instalacion-alquiler\/\" class=\"eael-post-elements-readmore-btn\" >\u203a m\u00e1s<\/a><div class=\"boxed-meta\"><\/div><\/div><\/div><\/div><div class=\"eael-post-list-post\"><div class=\"eael-post-list-post-inner\"><div class=\"eael-post-list-thumbnail\"><a href=\"https:\/\/konferenztechnik.de\/es\/votar-eventos-de-votacion\/\">\n                <img decoding=\"async\" src=\"https:\/\/konferenztechnik.de\/wp-content\/uploads\/2023\/04\/abstimmen-events.jpg\" alt=\"S\u00edmbolo de voto\" title=\"\">\n            <\/a><\/div><div class=\"eael-post-list-content\"><h3 class=\"eael-post-list-title\"><a href=\"https:\/\/konferenztechnik.de\/es\/votar-eventos-de-votacion\/\" >Votar<\/a><\/h3><p>M\u00e1quinas de votaci\u00f3n, votaci\u00f3n en l\u00ednea, elecciones digitales: votaciones nominales, no nominales, secretas...<\/p><a href=\"https:\/\/konferenztechnik.de\/es\/votar-eventos-de-votacion\/\" class=\"eael-post-elements-readmore-btn\" >\u203a m\u00e1s<\/a><div class=\"boxed-meta\"><\/div><\/div><\/div><\/div><\/div><\/div>\n\t\t<\/div>\t\t\t\t<\/div>\n\t\t\t\t<\/div>\n\t\t\t\t\t<\/div>\n\t\t\t\t<\/div>\n\t\t<div data-particle_enable=\"false\" data-particle-mobile-disabled=\"false\" class=\"elementor-element elementor-element-eaddbcf e-flex e-con-boxed e-con e-parent\" data-id=\"eaddbcf\" data-element_type=\"container\">\n\t\t\t\t\t<div class=\"e-con-inner\">\n\t\t\t\t<div class=\"elementor-element elementor-element-7fa8348 elementor-widget__width-inherit elementor-widget elementor-widget-heading\" data-id=\"7fa8348\" data-element_type=\"widget\" data-widget_type=\"heading.default\">\n\t\t\t\t<div class=\"elementor-widget-container\">\n\t\t\t\t\t<h2 class=\"elementor-heading-title elementor-size-default\">Referencias: Asociaciones y clubes<\/h2>\t\t\t\t<\/div>\n\t\t\t\t<\/div>\n\t\t\t\t<div class=\"elementor-element elementor-element-28236df elementor-widget__width-inherit elementor-widget elementor-widget-text-editor\" data-id=\"28236df\" data-element_type=\"widget\" data-widget_type=\"text-editor.default\">\n\t\t\t\t<div class=\"elementor-widget-container\">\n\t\t\t\t\t\t\t\t\t<ul><li>Asociaci\u00f3n M\u00e9dica Regional y de Distrito de M\u00fanich<\/li><li>Asociaci\u00f3n B\u00e1vara de Equitaci\u00f3n y Conducci\u00f3n e.V.<\/li><li>Asociaci\u00f3n de Arquitectos Alemanes, Asociaci\u00f3n Regional de Sajonia-Anhalt<\/li><li>Federaci\u00f3n de Industrias Alemanas<\/li><li>Asociaci\u00f3n Federal de la Industria Alemana de Bebidas Espirituosas e Importadores (BSI)<\/li><li>Asociaci\u00f3n de Bancos Alemanes<\/li><li>Asociaci\u00f3n Profesional de Medicina Nuclear Alemana<\/li><li>Asociaci\u00f3n de Bancos P\u00fablicos Alemanes V\u00d6B<\/li><li>Bundesverband Industrie Kommunikation e.V.<\/li><li>Asociaci\u00f3n Alemana de Editores y Libreros<\/li><li>Asociaci\u00f3n Federal de Int\u00e9rpretes y Traductores (BD\u00dc)<\/li><li>Asociaci\u00f3n C\u00e1ritas de la di\u00f3cesis de Rottenburg-Stuttgart e.V.<\/li><li>Asociaci\u00f3n Alemana de Cajas de Ahorros y Giro e.V.<\/li><li>Asociaci\u00f3n Central Alemana de M\u00e9dicos Home\u00f3patas Bavaria e.V.<\/li><li>DFB \u2013 Asociaci\u00f3n Alemana de F\u00fatbol e.V.<\/li><li>Fundaci\u00f3n Dieter Schwarz, organizaci\u00f3n sin \u00e1nimo de lucro<\/li><li>EUREGIO Asociaci\u00f3n germano-holandesa con fines especiales<\/li><li>Fachverband Biogas e.V.<\/li><li>Fundaci\u00f3n Fritz Thyssen \u2013 Casa de la Fundaci\u00f3n Fritz Thyssen \u2013 Colonia<\/li><li>Fundaci\u00f3n Gerda Henkel D\u00fcsseldorf<\/li><li>Asociaci\u00f3n Alemana de Seguros<\/li><li>Asociaci\u00f3n de M\u00e9dicos del Seguro de Enfermedad Obligatorio de Baden-W\u00fcrttemberg<\/li><li>Kunststiftung NRW D\u00fcsseldorf<\/li><li>Federaci\u00f3n de Lesbianas y Gays LSVD\u00a0<\/li><li>Memorial y Centro Conmemorativo de Ravensbr\u00fcck<\/li><li>Asociaci\u00f3n Naturland de Agricultura Ecol\u00f3gica<\/li><li>Parit\u00e4tischer Wohlfahrtsverband LV Berlin e.V.\u00a0<\/li><li>Stifterverband f\u00fcr die Deutsche Wissenschaft e.V. (Asociaci\u00f3n de Cient\u00edficos Alemanes)<\/li><li>UNITI Asociaci\u00f3n Federal de Empresas Petroleras Medianas<\/li><li>VDMA e.V. Asociaci\u00f3n de Herramientas de Precisi\u00f3n<\/li><li>Asociaci\u00f3n de Di\u00f3cesis Alemanas, Secretar\u00eda de la Conferencia Episcopal Alemana<\/li><li>Asociaci\u00f3n de Int\u00e9rpretes de Conferencias VKD<\/li><li>Asociaci\u00f3n de Viveros Forestales Alemanes e.V.<\/li><li>Asociaci\u00f3n de Centros Renales Alemanes (DN) e.V.<\/li><li>Asociaci\u00f3n Alemana de Cementeras<\/li><\/ul>\t\t\t\t\t\t\t\t<\/div>\n\t\t\t\t<\/div>\n\t\t\t\t<div class=\"elementor-element elementor-element-b6366d1 elementor-icon-list--layout-traditional elementor-list-item-link-full_width elementor-widget elementor-widget-icon-list\" data-id=\"b6366d1\" data-element_type=\"widget\" data-widget_type=\"icon-list.default\">\n\t\t\t\t<div class=\"elementor-widget-container\">\n\t\t\t\t\t\t\t<ul class=\"elementor-icon-list-items\">\n\t\t\t\t\t\t\t<li class=\"elementor-icon-list-item\">\n\t\t\t\t\t\t\t\t\t\t\t<a href=\"\/es\/referencias\/\">\n\n\t\t\t\t\t\t\t\t\t\t\t\t<span class=\"elementor-icon-list-icon\">\n\t\t\t\t\t\t\t<svg aria-hidden=\"true\" class=\"e-font-icon-svg e-fas-chevron-right\" viewbox=\"0 0 320 512\" xmlns=\"http:\/\/www.w3.org\/2000\/svg\"><path d=\"M285.476 272.971L91.132 467.314c-9.373 9.373-24.569 9.373-33.941 0l-22.667-22.667c-9.357-9.357-9.375-24.522-.04-33.901L188.505 256 34.484 101.255c-9.335-9.379-9.317-24.544.04-33.901l22.667-22.667c9.373-9.373 24.569-9.373 33.941 0L285.475 239.03c9.373 9.372 9.373 24.568.001 33.941z\"><\/path><\/svg>\t\t\t\t\t\t<\/span>\n\t\t\t\t\t\t\t\t\t\t<span class=\"elementor-icon-list-text\">Otras referencias<\/span>\n\t\t\t\t\t\t\t\t\t\t\t<\/a>\n\t\t\t\t\t\t\t\t\t<\/li>\n\t\t\t\t\t\t<\/ul>\n\t\t\t\t\t\t<\/div>\n\t\t\t\t<\/div>\n\t\t\t\t\t<\/div>\n\t\t\t\t<\/div>\n\t\t<div data-particle_enable=\"false\" data-particle-mobile-disabled=\"false\" class=\"elementor-element elementor-element-567038e e-flex e-con-boxed e-con e-parent\" data-id=\"567038e\" data-element_type=\"container\">\n\t\t\t\t\t<div class=\"e-con-inner\">\n\t\t\t\t<div class=\"elementor-element elementor-element-9635f09 elementor-widget elementor-widget-shortcode\" data-id=\"9635f09\" data-element_type=\"widget\" data-widget_type=\"shortcode.default\">\n\t\t\t\t<div class=\"elementor-widget-container\">\n\t\t\t\t\t\t\t<div class=\"elementor-shortcode\"><\/div>\n\t\t\t\t\t\t<\/div>\n\t\t\t\t<\/div>\n\t\t\t\t\t<\/div>\n\t\t\t\t<\/div>\n\t\t<div data-particle_enable=\"false\" data-particle-mobile-disabled=\"false\" class=\"elementor-element elementor-element-14d115f e-flex e-con-boxed e-con e-parent\" data-id=\"14d115f\" data-element_type=\"container\">\n\t\t\t\t\t<div class=\"e-con-inner\">\n\t\t\t\t<div class=\"elementor-element elementor-element-0f53c4b elementor-widget elementor-widget-shortcode\" data-id=\"0f53c4b\" data-element_type=\"widget\" data-widget_type=\"shortcode.default\">\n\t\t\t\t<div class=\"elementor-widget-container\">\n\t\t\t\t\t\t\t<div class=\"elementor-shortcode\"><\/div>\n\t\t\t\t\t\t<\/div>\n\t\t\t\t<\/div>\n\t\t\t\t\t<\/div>\n\t\t\t\t<\/div>\n\t\t\t\t<\/div>","protected":false},"excerpt":{"rendered":"<p>Vereine und Verb\u00e4nde Veranstaltungs- und Medientechnik f\u00fcr Vereine und Verb\u00e4nde in Deutschland Mit \u00fcber 600.000 Vereinen und Verb\u00e4nden pr\u00e4gt das Vereinswesen ma\u00dfgeblich das gesellschaftliche Leben in Deutschland. Diese Organisationen leisten einen wichtigen Beitrag zu Kultur, Bildung, Sport und sozialem Engagement. Wir sch\u00e4tzen diese Struktur und verf\u00fcgen \u00fcber umfangreiche Erfahrung in der Zusammenarbeit mit Vereinen, Verb\u00e4nden [&hellip;]<\/p>","protected":false},"author":2,"featured_media":45482,"parent":0,"menu_order":0,"comment_status":"closed","ping_status":"closed","template":"","meta":{"_acf_changed":false,"footnotes":""},"class_list":["post-24845","page","type-page","status-publish","has-post-thumbnail","hentry"],"acf":[],"_links":{"self":[{"href":"https:\/\/konferenztechnik.de\/es\/wp-json\/wp\/v2\/pages\/24845","targetHints":{"allow":["GET"]}}],"collection":[{"href":"https:\/\/konferenztechnik.de\/es\/wp-json\/wp\/v2\/pages"}],"about":[{"href":"https:\/\/konferenztechnik.de\/es\/wp-json\/wp\/v2\/types\/page"}],"author":[{"embeddable":true,"href":"https:\/\/konferenztechnik.de\/es\/wp-json\/wp\/v2\/users\/2"}],"replies":[{"embeddable":true,"href":"https:\/\/konferenztechnik.de\/es\/wp-json\/wp\/v2\/comments?post=24845"}],"version-history":[{"count":0,"href":"https:\/\/konferenztechnik.de\/es\/wp-json\/wp\/v2\/pages\/24845\/revisions"}],"wp:featuredmedia":[{"embeddable":true,"href":"https:\/\/konferenztechnik.de\/es\/wp-json\/wp\/v2\/media\/45482"}],"wp:attachment":[{"href":"https:\/\/konferenztechnik.de\/es\/wp-json\/wp\/v2\/media?parent=24845"}],"curies":[{"name":"wp","href":"https:\/\/api.w.org\/{rel}","templated":true}]}}