{"id":2516,"date":"2013-09-23T13:27:25","date_gmt":"2013-09-23T11:27:25","guid":{"rendered":"https:\/\/konferenztechnik.de\/?page_id=2516"},"modified":"2023-07-05T15:05:51","modified_gmt":"2023-07-05T13:05:51","slug":"registro","status":"publish","type":"page","link":"https:\/\/konferenztechnik.de\/es\/distribucion-de-tecnologia-de-conferencia-y-av-media\/registro\/","title":{"rendered":"Registro"},"content":{"rendered":"<h1>Registro<\/h1>\n<p>En el mercado existen diversos dispositivos para la grabaci\u00f3n convencional de audio de conferencias. Mientras que aparatos anticuados como los magnet\u00f3fonos y los dict\u00e1fonos han pasado de moda, los grabadores de MD y CD se han unido a los conocidos grabadores de casete y DAT. La grabaci\u00f3n en disco duro tambi\u00e9n es cada vez m\u00e1s asequible. Sin embargo, aparte del hardware, la tendencia se est\u00e1 desplazando gradualmente hacia la grabaci\u00f3n por software. Para ello se necesita un PC o un port\u00e1til, un micr\u00f3fono o un micr\u00f3fono USB y el software adecuado \u2013 y ya se puede empezar a grabar.<\/p>\n<h2>Grabador MP3 Marantz<\/h2>\n<p><a href=\"https:\/\/konferenztechnik.de\/wp-content\/uploads\/2013\/09\/marrantz_mp3-recorder_gross.jpg\"><img decoding=\"async\" width=\"400\" height=\"105\" class=\"alignleft size-full wp-image-2912\" src=\"https:\/\/konferenztechnik.de\/wp-content\/uploads\/2013\/09\/marrantz_mp3-recorder_gross.jpg\" alt=\"Grabador MP3 Marantz\" title=\"\" srcset=\"https:\/\/konferenztechnik.de\/wp-content\/uploads\/2013\/09\/marrantz_mp3-recorder_gross.jpg 400w, https:\/\/konferenztechnik.de\/wp-content\/uploads\/2013\/09\/marrantz_mp3-recorder_gross-300x79.jpg 300w\" sizes=\"(max-width: 400px) 100vw, 400px\" \/><\/a><\/p>\n<p>Un grabador MP3 es probablemente uno de los dispositivos de grabaci\u00f3n m\u00e1s populares de los tiempos modernos. El audio se graba en un soporte de almacenamiento est\u00e1ndar como, por ejemplo, una tarjeta CompactFlash. Los dispositivos m\u00e1s profesionales pueden controlarse y leerse a trav\u00e9s de un PC mediante una interfaz serie (RS-232C) o una interfaz Ethernet (LAN\/RJ-45), y ahora tambi\u00e9n suele disponerse de una conexi\u00f3n USB para la transferencia de datos.<\/p>\n<h2>Grabadora DAT<\/h2>\n<p><a href=\"https:\/\/konferenztechnik.de\/wp-content\/uploads\/2013\/09\/Sony_DAT-Recorder_gross.jpg\"><img fetchpriority=\"high\" decoding=\"async\" width=\"490\" height=\"151\" class=\"alignleft size-full wp-image-2911\" src=\"https:\/\/konferenztechnik.de\/wp-content\/uploads\/2013\/09\/Sony_DAT-Recorder_gross.jpg\" alt=\"Grabadora DAT\" title=\"\" srcset=\"https:\/\/konferenztechnik.de\/wp-content\/uploads\/2013\/09\/Sony_DAT-Recorder_gross.jpg 490w, https:\/\/konferenztechnik.de\/wp-content\/uploads\/2013\/09\/Sony_DAT-Recorder_gross-300x92.jpg 300w\" sizes=\"(max-width: 490px) 100vw, 490px\" \/><\/a><\/p>\n<p>Aunque el formato DAT tuvo dificultades para imponerse en el sector de consumo en los a\u00f1os 90, esta tecnolog\u00eda ha conseguido mantenerse como soporte cl\u00e1sico en los estudios y el sector profesional hasta nuestros d\u00edas, ya que ofrece las ventajas de una larga duraci\u00f3n de reproducci\u00f3n (de hasta tres horas), as\u00ed como una grabaci\u00f3n sin p\u00e9rdidas, sin comprimir y de alta calidad.<\/p>\n<h1>Software de protocolo y grabaci\u00f3n \u2013 stenos-s<\/h1>\n<h2>steno-s 4<\/h2>\n<p><a href=\"https:\/\/konferenztechnik.de\/wp-content\/uploads\/2013\/09\/beyerdynamic_stenos-s4_court_klein.jpg\"><img decoding=\"async\" width=\"130\" height=\"130\" class=\"alignleft size-full wp-image-2917\" src=\"https:\/\/konferenztechnik.de\/wp-content\/uploads\/2013\/09\/beyerdynamic_stenos-s4_court_klein.jpg\" alt=\"Software de registro Beyerdynamic stenos-s4\" title=\"\"><\/a><\/p>\n<p>El software de grabaci\u00f3n steno-s es una potente herramienta para la grabaci\u00f3n de audio en conferencias, reuniones o en la sala del tribunal. Con steno-s, el material grabado puede gestionarse y archivarse de forma \u00f3ptima mediante diversas funciones como marcadores, integraci\u00f3n de archivos multimedia (por ejemplo, Word, Excel, PowerPoint) y comentarios.<\/p>\n<p>Con steno-s, tambi\u00e9n puede acceder a contenidos individuales de forma f\u00e1cil y selectiva despu\u00e9s de la reuni\u00f3n. Las decisiones, comentarios o preguntas se marcan con marcadores en la grabaci\u00f3n y, por tanto, se pueden volver a escuchar f\u00e1cilmente para crear el acta. Para archivar sin papel, basta con grabar la grabaci\u00f3n en un CD o poner los datos a disposici\u00f3n en la red.<\/p>\n<h2>steno-s 4<\/h2>\n<p>Algunas caracter\u00edsticas de los taqu\u00edgrafos 4:<\/p>\n<ul>\n<li>Grabaci\u00f3n de larga duraci\u00f3n durante varias horas\/d\u00edas<\/li>\n<li>Grabaci\u00f3n simult\u00e1nea de varios canales<\/li>\n<li>Incrustaci\u00f3n de cualquier archivo (por ejemplo, Excel o PowerPoint)<\/li>\n<li>Integraci\u00f3n de aplicaciones de administraci\u00f3n electr\u00f3nica (por ejemplo, ALLRIS)<\/li>\n<li>Cambio de la velocidad de reproducci\u00f3n sin desplazamiento del tono<\/li>\n<li>Reproducci\u00f3n de la reuni\u00f3n mientras la grabaci\u00f3n sigue en curso<\/li>\n<li>C\u00f3modo control de reproducci\u00f3n mediante pedal USB opcional<\/li>\n<li>Modo reproductor de steno-s gratuito para la reproducci\u00f3n de reuniones grabadas<\/li>\n<\/ul>\n<p>Nota: steno-s 4 s\u00f3lo es compatible con Windows 7 y versiones superiores. Si necesita steno-s para una versi\u00f3n anterior de Windows, p\u00f3ngase en contacto con nosotros.<\/p>\n<p>Tambi\u00e9n hay disponibles varios dispositivos operativos, como pedales de control, auriculares y micr\u00f3fonos USB, que se adaptan al software:<\/p>\n<h2>Auriculares con mentonera Steno-S STA-22<\/h2>\n<p><a href=\"https:\/\/konferenztechnik.de\/wp-content\/uploads\/2013\/09\/Steno-S_Kinnbuegelkopfhoerer_STA-22_gross.jpg\"><img loading=\"lazy\" decoding=\"async\" width=\"353\" height=\"600\" class=\"alignleft size-full wp-image-2916\" src=\"https:\/\/konferenztechnik.de\/wp-content\/uploads\/2013\/09\/Steno-S_Kinnbuegelkopfhoerer_STA-22_gross.jpg\" alt=\"Auriculares con mentonera Steno-S STA-22 \" title=\"\" srcset=\"https:\/\/konferenztechnik.de\/wp-content\/uploads\/2013\/09\/Steno-S_Kinnbuegelkopfhoerer_STA-22_gross.jpg 353w, https:\/\/konferenztechnik.de\/wp-content\/uploads\/2013\/09\/Steno-S_Kinnbuegelkopfhoerer_STA-22_gross-177x300.jpg 177w\" sizes=\"(max-width: 353px) 100vw, 353px\" \/><\/a><\/p>\n<p>STA 22: Auricular con mentonera y conector de 3,5 mm<\/p>\n<p>Caracter\u00edsticas:<\/p>\n<ul>\n<li>Cable de 2,5 m con control de volumen integrado<\/li>\n<li>Clavija de 3,5 mm<\/li>\n<li>Conexi\u00f3n est\u00e9reo, 21 Ohm, 20-20.000 Hz<\/li>\n<li>Posibilidad de conexi\u00f3n directa al PC<\/li>\n<\/ul>\n<h2>Interruptor de pedal Steno-S STA-44<\/h2>\n<p><a href=\"https:\/\/konferenztechnik.de\/wp-content\/uploads\/2013\/09\/Steno-S_Fussschalter_STA-44_klein.jpg\"><img loading=\"lazy\" decoding=\"async\" width=\"180\" height=\"115\" class=\"alignleft size-full wp-image-2919\" src=\"https:\/\/konferenztechnik.de\/wp-content\/uploads\/2013\/09\/Steno-S_Fussschalter_STA-44_klein.jpg\" alt=\"Interruptor de pedal Steno-S STA-44\" title=\"\"><\/a><\/p>\n<p>Con el pedal STA-44 puede controlar Steno-S y el reproductor gratuito Steno-S Player sin utilizar el rat\u00f3n ni el teclado. El pedal se puede conectar al ordenador mediante una interfaz RS232 o USB. Se maneja mediante 3 botones que se pueden personalizar en las opciones de configuraci\u00f3n del software Steno-S.<\/p>\n<h2>Micr\u00f3fono de superficie MPC 70 USB<\/h2>\n<p><a href=\"https:\/\/konferenztechnik.de\/wp-content\/uploads\/2013\/09\/Steno-S_Grenzflaechenmikrofon_MPC-70_USB_klein.jpg\"><img loading=\"lazy\" decoding=\"async\" width=\"155\" height=\"116\" class=\"alignleft size-full wp-image-2325\" src=\"https:\/\/konferenztechnik.de\/wp-content\/uploads\/2013\/09\/Steno-S_Grenzflaechenmikrofon_MPC-70_USB_klein.jpg\" alt=\"Micr\u00f3fono de superficie MPC 70 USB de Beyerdynamic\" title=\"\"><\/a><\/p>\n<p>El MPC 70 USB es un micr\u00f3fono de superficie con conexi\u00f3n USB est\u00e1ndar. El micr\u00f3fono puede utilizarse para aplicaciones de software como estenofon\u00eda, pero tambi\u00e9n puede integrarse en sistemas de videoconferencia, por ejemplo, donde ofrece nuevas posibilidades de grabaci\u00f3n y calidad de voz.<\/p>\n<h2>Micr\u00f3fono de superficie MPC 70 USB<\/h2>\n<p>El interruptor de membrana integrado permite alternar entre los tres modos de funcionamiento On\/Off, Push to Talk o Push to Mute, en funci\u00f3n de la aplicaci\u00f3n. El indicador LED se ilumina en rojo cuando el micr\u00f3fono est\u00e1 activado. La sensibilidad del micr\u00f3fono puede preseleccionarse en dos niveles. Adem\u00e1s, se puede activar una reducci\u00f3n de graves para desacoplar el ruido estructural. El cable es desmontable y la longitud de tres metros permite colocar c\u00f3modamente el MPC 70 en la mesa de conferencias.<\/p>","protected":false},"excerpt":{"rendered":"<p>Protokollierung F\u00fcr eine herk\u00f6mmliche tontechnische Aufzeichnung von Konferenzen sind verschiedene Ger\u00e4te auf dem Markt. W\u00e4hrend veraltete Ger\u00e4te wie Tonbandmaschinen und Diktierger\u00e4te aus der Mode gekommen sind, kamen in der Zwischenzeit zu den altbekannten Kassettenrecordern und DAT-Recordern auch MD-Recorder und CD-Recorder. Auch ein Harddisc-Recording wird immer erschwinglicher. Ganz abgesehen von dieser Hardware geht der Trend aber [&hellip;]<\/p>","protected":false},"author":1,"featured_media":45482,"parent":3614,"menu_order":135,"comment_status":"closed","ping_status":"open","template":"","meta":{"_acf_changed":false,"footnotes":""},"class_list":["post-2516","page","type-page","status-publish","has-post-thumbnail","hentry"],"acf":[],"_links":{"self":[{"href":"https:\/\/konferenztechnik.de\/es\/wp-json\/wp\/v2\/pages\/2516","targetHints":{"allow":["GET"]}}],"collection":[{"href":"https:\/\/konferenztechnik.de\/es\/wp-json\/wp\/v2\/pages"}],"about":[{"href":"https:\/\/konferenztechnik.de\/es\/wp-json\/wp\/v2\/types\/page"}],"author":[{"embeddable":true,"href":"https:\/\/konferenztechnik.de\/es\/wp-json\/wp\/v2\/users\/1"}],"replies":[{"embeddable":true,"href":"https:\/\/konferenztechnik.de\/es\/wp-json\/wp\/v2\/comments?post=2516"}],"version-history":[{"count":0,"href":"https:\/\/konferenztechnik.de\/es\/wp-json\/wp\/v2\/pages\/2516\/revisions"}],"up":[{"embeddable":true,"href":"https:\/\/konferenztechnik.de\/es\/wp-json\/wp\/v2\/pages\/3614"}],"wp:featuredmedia":[{"embeddable":true,"href":"https:\/\/konferenztechnik.de\/es\/wp-json\/wp\/v2\/media\/45482"}],"wp:attachment":[{"href":"https:\/\/konferenztechnik.de\/es\/wp-json\/wp\/v2\/media?parent=2516"}],"curies":[{"name":"wp","href":"https:\/\/api.w.org\/{rel}","templated":true}]}}