{"id":3062,"date":"2013-09-27T15:17:26","date_gmt":"2013-09-27T13:17:26","guid":{"rendered":"https:\/\/konferenztechnik.de\/?page_id=3062"},"modified":"2013-09-27T15:17:26","modified_gmt":"2013-09-27T13:17:26","slug":"cabinas-y-mostradores-de-interpretacion","status":"publish","type":"page","link":"https:\/\/konferenztechnik.de\/es\/distribucion-de-tecnologia-de-conferencia-y-av-media\/cabinas-y-mostradores-de-interpretacion\/","title":{"rendered":"Cabinas y mostradores de interpretaci\u00f3n"},"content":{"rendered":"<h1>Cabinas y mostradores de interpretaci\u00f3n<\/h1>\n<p><img decoding=\"async\" src=\"https:\/\/konferenztechnik.de\/wp-content\/uploads\/2013\/09\/PCS-GmbH-Audipack-authorized-dealer-small.jpg\" alt=\"PCS GmbH es un distribuidor autorizado de Audipack\" width=\"200\" height=\"81\" class=\"alignright size-full wp-image-5489\" title=\"\"><\/p>\n<p>Las cabinas de interpretaci\u00f3n son el lugar de trabajo de los int\u00e9rpretes simult\u00e1neos. Los int\u00e9rpretes pueden trabajar en paz y tranquilidad en las cabinas de interpretaci\u00f3n, fuertemente insonorizadas, sin molestar a los invitados a la conferencia ni ser distra\u00eddos por el ruido exterior. Los int\u00e9rpretes suelen trabajar en equipo, por lo que las cabinas ofrecen espacio para al menos dos personas. La ventilaci\u00f3n adjunta garantiza suficiente aire fresco. Nuestra gama incluye cabinas para 2, 3 y 4 personas. El tama\u00f1o tambi\u00e9n puede modificarse seg\u00fan las necesidades.<\/p>\n<h2>\u00c1mbitos de aplicaci\u00f3n de las cabinas de interpretaci\u00f3n<\/h2>\n<p>Las cabinas de interpretaci\u00f3n se utilizan en conferencias, reuniones y congresos internacionales. Pueden utilizarse de forma m\u00f3vil o como parte fija de salas de conferencias en ministerios, universidades, sedes de empresas u otros lugares de conferencias.<\/p>\n<p>[tabs style=\"1\u2033]<br \/>\n[tab title=\"Art\u00edculo\"]<\/p>\n<h2>Cabina de interpretaci\u00f3n Silent 9600<\/h2>\n<p>[column size=\"2-5\u2033 last=\"0\u2033]<\/p>\n<p><a href=\"https:\/\/konferenztechnik.de\/es\/comprar-audipack-silent-9600\/\"><img decoding=\"async\" src=\"https:\/\/konferenztechnik.de\/wp-content\/uploads\/2018\/07\/dolmetscherkabinen-kaufen-1.jpg\" alt=\"Comprar cabinas de interpretaci\u00f3n\" class=\"alignleft size-full wp-image-13486\" title=\"\"><\/a><\/p>\n<p>[\/columna]<br \/>\n[column size=\"3-5\u2033 last=\"1\u2033]<\/p>\n<p>La cabina de interpretaci\u00f3n Audipack Silent 9600 es el nuevo est\u00e1ndar para uso m\u00f3vil. Esta cabina de interpretaci\u00f3n simult\u00e1nea insonorizada cumple la nueva norma internacional ISO 4043:2016 y puede equiparse con una serie de elementos t\u00e9cnicos destacados, como luz de techo o luz de CO<sup style=\"font-size:.7em; line-height:2em;\">2<\/sup>-tecnolog\u00eda de medici\u00f3n.<br \/>\nEn esta cabina (con unas dimensiones interiores de 1,60 x 1,60 metros) hay espacio para dos int\u00e9rpretes. La cabina puede ampliarse f\u00e1cilmente con piezas adicionales, por lo que puede alojar hasta cuatro personas. La cabina tiene un dise\u00f1o modular, de modo que la puerta de entrada tambi\u00e9n puede colocarse de forma flexible. El color est\u00e1ndar de la Silent 9600 es el gris, pero tambi\u00e9n puede suministrarse en otros colores.<\/p>\n<p>[button link=\"https:\/\/www.konferenztechnik.de\/audipack-silent-9600-kaufen\/\" target=\"self\" colour=\"#a62055\u2033 text=\"light\"]M\u00e1s informaci\u00f3n[\/button]<br \/>\n[\/columna]<br \/>\n[\/tab]<br \/>\n[\/tabs]<\/p>\n<p>[spacer size=\"20\u2033]<br \/>\n[tabs style=\"1\u2033]<br \/>\n[tab title=\"Art\u00edculo\"]<\/p>\n<h2>Cabina de interpretaci\u00f3n Silent 9700<\/h2>\n<p>[column size=\"2-5\u2033 last=\"0\u2033]<\/p>\n<p><a href=\"https:\/\/konferenztechnik.de\/es\/comprar-audipack-silent-9700\/\"><img decoding=\"async\" src=\"https:\/\/konferenztechnik.de\/wp-content\/uploads\/2018\/07\/audipack-silent-9700-dolmetscherkabine-1.jpg\" alt=\"Cabina de interpretaci\u00f3n Aaudipack Silent 9700\" class=\"alignleft size-full wp-image-13520\" title=\"\"><\/a><\/p>\n<p>[\/columna]<br \/>\n[column size=\"3-5\u2033 last=\"1\u2033]<\/p>\n<p>La construcci\u00f3n de la cabina de int\u00e9rprete 9700 es casi id\u00e9ntica a la de la 9600 descrita anteriormente, s\u00f3lo las partes individuales difieren en sus dimensiones. Los paneles principales no est\u00e1n dispuestos verticalmente, sino horizontalmente, de modo que la cabina puede desmontarse en partes individuales m\u00e1s peque\u00f1as. Esto permite embalar la cabina ahorrando espacio.<\/p>\n<p>[button link=\"https:\/\/www.konferenztechnik.de\/audipack-silent-9700-kaufen\/\" target=\"self\" colour=\"#a62055\u2033 text=\"light\"]M\u00e1s informaci\u00f3n[\/button]<\/p>\n<p>[\/columna]<br \/>\n[\/tab]<br \/>\n[\/tabs]<\/p>\n<p>[spacer size=\"20\u2033]<br \/>\n[tabs style=\"1\u2033]<br \/>\n[tab title=\"Art\u00edculo\"]<\/p>\n<h2>Cabina de int\u00e9rprete Silent 6300<\/h2>\n<p>[column size=\"2-5\u2033 last=\"0\u2033]<br \/>\n<img decoding=\"async\" src=\"https:\/\/konferenztechnik.de\/wp-content\/uploads\/2018\/07\/audipack-silent-6300-dolmetscherkabine-1.jpg\" alt=\"Cabina de int\u00e9rprete Audipack Silent 6300\" class=\"alignleft size-full wp-image-13523\" title=\"\"><\/p>\n<p>[\/columna]<br \/>\n[column size=\"3-5\u2033 last=\"1\u2033]<br \/>\nEl modelo Silent 6300 es la elecci\u00f3n adecuada para requisitos de aislamiento ac\u00fastico especialmente elevados. Esta cabina de interpretaci\u00f3n tiene un grosor de pared significativamente mayor, elementos de suelo aislados adicionalmente y doble acristalamiento a petici\u00f3n. Por tanto, supera claramente las normas y especificaciones de la norma ISO 4043 y tambi\u00e9n alcanza f\u00e1cilmente los valores de atenuaci\u00f3n de la norma DIN 56924, parte 2. La cabina tambi\u00e9n tiene un peso superior debido al elevado aislamiento ac\u00fastico. Mientras que los modelos 9600 y 9700 pesan alrededor de 210 kg, el 6300 pesa unos 340 kg. Por tanto, recomendamos los modelos 9600 o 9700 para montajes y desmontajes muy frecuentes.<br \/>\n[\/columna]<br \/>\n[\/tab]<br \/>\n[\/tabs]<\/p>\n<p>[spacer size=\"20\u2033]<br \/>\n[tabs style=\"1\u2033]<br \/>\n[tab title=\"Modelo descatalogado\"]<\/p>\n<h2>Cabina de interpretaci\u00f3n Silent 9300<\/h2>\n<p>[column size=\"2-5\u2033 last=\"0\u2033]<\/p>\n<p><a href=\"https:\/\/konferenztechnik.de\/wp-content\/uploads\/2013\/09\/Dolmetscherkabine_Silent-9300_gross.jpg\"><img fetchpriority=\"high\" decoding=\"async\" width=\"274\" height=\"294\" src=\"https:\/\/konferenztechnik.de\/wp-content\/uploads\/2013\/09\/Dolmetscherkabine_Silent-9300_gross.jpg\" alt=\"Cabina de interpretaci\u00f3n Silent 9300\" class=\"alignleft size-full wp-image-3085\" title=\"\"><\/a><\/p>\n<p>[\/columna]<br \/>\n[column size=\"3-5\u2033 last=\"1\u2033]<\/p>\n<p>La producci\u00f3n del Audipack Silent 9300 se interrumpi\u00f3 en 2018. Las cabinas ser\u00e1n sustituidas por el nuevo modelo Audipack Silent 9600. Los nuevos modelos ofrecen una mayor \u00e1rea de visi\u00f3n, iluminaci\u00f3n de techo, dispositivos de medici\u00f3n de CO2 y est\u00e1n certificados seg\u00fan la norma m\u00e1s reciente para cabinas de interpretaci\u00f3n m\u00f3viles.<\/p>\n<p>[button link=\"https:\/\/www.konferenztechnik.de\/audipack-silent-9600-kaufen\/\" target=\"self\" colour=\"#a62055\u2033 text=\"light\"]M\u00e1s informaci\u00f3n[\/button]<\/p>\n<p>[\/columna]<br \/>\n[\/tab]<br \/>\n[\/tabs]<\/p>\n<p>[spacer size=\"20\u2033]<br \/>\n[tabs style=\"1\u2033]<br \/>\n[tab title=\"Modelo descatalogado\"]<\/p>\n<h2>Cabina de int\u00e9rprete Silent 9500<\/h2>\n<p>[column size=\"2-5\u2033 last=\"0\u2033]<\/p>\n<p><a href=\"https:\/\/konferenztechnik.de\/wp-content\/uploads\/2013\/09\/Dolmetscherkabine_Silent-9500_gross.jpg\"><img decoding=\"async\" width=\"272\" height=\"204\" src=\"https:\/\/konferenztechnik.de\/wp-content\/uploads\/2013\/09\/Dolmetscherkabine_Silent-9500_gross.jpg\" alt=\"Cabina de int\u00e9rprete Silent 9500\" class=\"alignleft size-full wp-image-3008\" title=\"\"><\/a><\/p>\n<p>[\/columna]<br \/>\n[column size=\"3-5\u2033 last=\"1\u2033]<\/p>\n<p>La producci\u00f3n del Audipack Silent 9500 se interrumpi\u00f3 en 2018. Las cabinas ser\u00e1n sustituidas por el nuevo modelo Audipack Silent 9700. Los nuevos modelos ofrecen iluminaci\u00f3n de techo, dispositivos de medici\u00f3n de CO2 y est\u00e1n certificados seg\u00fan la norma m\u00e1s reciente para cabinas de interpretaci\u00f3n m\u00f3viles.<\/p>\n<p>[button link=\"https:\/\/www.konferenztechnik.de\/audipack-silent-9700-kaufen\/\" target=\"self\" colour=\"#a62055\u2033 text=\"light\"]M\u00e1s informaci\u00f3n[\/button]<br \/>\n[\/columna]<br \/>\n[\/tab]<br \/>\n[\/tabs]<br \/>\n[spacer size=\"20\u2033]<\/p>\n<h2>Accesorios y m\u00e1s informaci\u00f3n<\/h2>\n<p>[column size=\"1-4\u2033 last=\"1\u2033]<\/p>\n<p><figure id=\"attachment_9210\" aria-describedby=\"caption-attachment-9210\" style=\"width: 536px\" class=\"wp-caption alignleft\"><img loading=\"lazy\" decoding=\"async\" width=\"536\" height=\"413\" src=\"https:\/\/konferenztechnik.de\/wp-content\/uploads\/2013\/09\/Audipack-Silent-Daempfungsgrad-Standard.jpg\" alt=\"Audipack-Silent-Daempfungsgrad-Standard\" class=\"size-full wp-image-9210\" title=\"\" srcset=\"https:\/\/konferenztechnik.de\/wp-content\/uploads\/2013\/09\/Audipack-Silent-Daempfungsgrad-Standard.jpg 536w, https:\/\/konferenztechnik.de\/wp-content\/uploads\/2013\/09\/Audipack-Silent-Daempfungsgrad-Standard-300x231.jpg 300w\" sizes=\"(max-width: 536px) 100vw, 536px\" \/><figcaption id=\"caption-attachment-9210\" class=\"wp-caption-text\">Alto grado de amortiguaci\u00f3n<\/figcaption><\/figure><br \/>\n[\/columna]<\/p>\n<p>[column size=\"1-4\u2033 last=\"1\u2033]<br \/>\n<figure id=\"attachment_9211\" aria-describedby=\"caption-attachment-9211\" style=\"width: 548px\" class=\"wp-caption alignleft\"><img loading=\"lazy\" decoding=\"async\" width=\"548\" height=\"412\" src=\"https:\/\/konferenztechnik.de\/wp-content\/uploads\/2013\/09\/Audipack-Flightcase-Doplmetscherkabine-5604.jpg\" alt=\"Audipack-Maleta de vuelo-Doplmetscher-Cabina-5604\" class=\"size-full wp-image-9211\" title=\"\" srcset=\"https:\/\/konferenztechnik.de\/wp-content\/uploads\/2013\/09\/Audipack-Flightcase-Doplmetscherkabine-5604.jpg 548w, https:\/\/konferenztechnik.de\/wp-content\/uploads\/2013\/09\/Audipack-Flightcase-Doplmetscherkabine-5604-300x226.jpg 300w\" sizes=\"(max-width: 548px) 100vw, 548px\" \/><figcaption id=\"caption-attachment-9211\" class=\"wp-caption-text\">Selecci\u00f3n de maletas de transporte<\/figcaption><\/figure><br \/>\n[\/columna]<\/p>\n<p>[column size=\"1-4\u2033 last=\"1\u2033]<br \/>\n<figure id=\"attachment_9212\" aria-describedby=\"caption-attachment-9212\" style=\"width: 548px\" class=\"wp-caption alignleft\"><img loading=\"lazy\" decoding=\"async\" width=\"548\" height=\"412\" src=\"https:\/\/konferenztechnik.de\/wp-content\/uploads\/2013\/09\/Audipack-Doplmetscherkabine-Ventilator.jpg\" alt=\"Ventilador de cabina Audipack de doble metro\" class=\"size-full wp-image-9212\" title=\"\" srcset=\"https:\/\/konferenztechnik.de\/wp-content\/uploads\/2013\/09\/Audipack-Doplmetscherkabine-Ventilator.jpg 548w, https:\/\/konferenztechnik.de\/wp-content\/uploads\/2013\/09\/Audipack-Doplmetscherkabine-Ventilator-300x226.jpg 300w\" sizes=\"(max-width: 548px) 100vw, 548px\" \/><figcaption id=\"caption-attachment-9212\" class=\"wp-caption-text\">Varios sistemas de ventilaci\u00f3n<\/figcaption><\/figure><br \/>\n[\/columna]<\/p>\n<p>[column size=\"1-4\u2033 last=\"1\u2033]<br \/>\n<figure id=\"attachment_9213\" aria-describedby=\"caption-attachment-9213\" style=\"width: 548px\" class=\"wp-caption alignleft\"><img loading=\"lazy\" decoding=\"async\" width=\"548\" height=\"412\" src=\"https:\/\/konferenztechnik.de\/wp-content\/uploads\/2013\/09\/Audipack-Erweiterungsset-Doplmetscherkabine.jpg\" alt=\"Juego de ampliaci\u00f3n Audipack cabina doble metro\" class=\"size-full wp-image-9213\" title=\"\" srcset=\"https:\/\/konferenztechnik.de\/wp-content\/uploads\/2013\/09\/Audipack-Erweiterungsset-Doplmetscherkabine.jpg 548w, https:\/\/konferenztechnik.de\/wp-content\/uploads\/2013\/09\/Audipack-Erweiterungsset-Doplmetscherkabine-300x226.jpg 300w\" sizes=\"(max-width: 548px) 100vw, 548px\" \/><figcaption id=\"caption-attachment-9213\" class=\"wp-caption-text\">Juegos de extensi\u00f3n disponibles<\/figcaption><\/figure><br \/>\n[\/columna]<\/p>\n<p>[column size=\"1-4\u2033 last=\"1\u2033]<br \/>\n<figure id=\"attachment_9214\" aria-describedby=\"caption-attachment-9214\" style=\"width: 403px\" class=\"wp-caption alignleft\"><img loading=\"lazy\" decoding=\"async\" width=\"403\" height=\"401\" src=\"https:\/\/konferenztechnik.de\/wp-content\/uploads\/2013\/09\/Audipack-Silent-Dolmetscherkabine-Grundriss-Standard.png\" alt=\"Plano de la cabina de int\u00e9rprete silencioso Audipack est\u00e1ndar\" class=\"size-full wp-image-9214\" title=\"\" srcset=\"https:\/\/konferenztechnik.de\/wp-content\/uploads\/2013\/09\/Audipack-Silent-Dolmetscherkabine-Grundriss-Standard.png 403w, https:\/\/konferenztechnik.de\/wp-content\/uploads\/2013\/09\/Audipack-Silent-Dolmetscherkabine-Grundriss-Standard-300x300.png 300w, https:\/\/konferenztechnik.de\/wp-content\/uploads\/2013\/09\/Audipack-Silent-Dolmetscherkabine-Grundriss-Standard-150x150.png 150w\" sizes=\"(max-width: 403px) 100vw, 403px\" \/><figcaption id=\"caption-attachment-9214\" class=\"wp-caption-text\">Plano est\u00e1ndar desde arriba<\/figcaption><\/figure><br \/>\n[\/columna]<\/p>\n<p>[column size=\"1-4\u2033 last=\"1\u2033]<br \/>\n<figure id=\"attachment_9215\" aria-describedby=\"caption-attachment-9215\" style=\"width: 548px\" class=\"wp-caption alignleft\"><img loading=\"lazy\" decoding=\"async\" width=\"548\" height=\"412\" src=\"https:\/\/konferenztechnik.de\/wp-content\/uploads\/2013\/09\/Audipack-Transportwagen-Doplmetscherkabine.jpg\" alt=\"Carro de transporte Audipack cabina doble metro\" class=\"size-full wp-image-9215\" title=\"\" srcset=\"https:\/\/konferenztechnik.de\/wp-content\/uploads\/2013\/09\/Audipack-Transportwagen-Doplmetscherkabine.jpg 548w, https:\/\/konferenztechnik.de\/wp-content\/uploads\/2013\/09\/Audipack-Transportwagen-Doplmetscherkabine-300x226.jpg 300w\" sizes=\"(max-width: 548px) 100vw, 548px\" \/><figcaption id=\"caption-attachment-9215\" class=\"wp-caption-text\">Carro de transporte<\/figcaption><\/figure><br \/>\n[\/columna]<\/p>\n<p>[spacer size=\"20\u2033]<\/p>\n<h1>Pupitres de int\u00e9rprete<\/h1>\n<p>El equipamiento b\u00e1sico de una cabina de int\u00e9rprete incluye un pupitre de int\u00e9rprete. En \u00e9l, el int\u00e9rprete selecciona el canal del idioma al que est\u00e1 traduciendo. Un bot\u00f3n de carraspeo le permite interrumpir brevemente la transmisi\u00f3n. Un control de sonido permite al int\u00e9rprete ajustar la se\u00f1al a sus necesidades.<\/p>\n<p><a href=\"https:\/\/konferenztechnik.de\/wp-content\/uploads\/2013\/09\/SichtAusDerDolmetscherkabine.jpg\"><img loading=\"lazy\" decoding=\"async\" width=\"480\" height=\"249\" src=\"https:\/\/konferenztechnik.de\/wp-content\/uploads\/2013\/09\/SichtAusDerDolmetscherkabine.jpg\" alt=\"Vista desde una cabina de int\u00e9rprete\" class=\"size-full wp-image-3090\" title=\"\" srcset=\"https:\/\/konferenztechnik.de\/wp-content\/uploads\/2013\/09\/SichtAusDerDolmetscherkabine.jpg 480w, https:\/\/konferenztechnik.de\/wp-content\/uploads\/2013\/09\/SichtAusDerDolmetscherkabine-300x156.jpg 300w\" sizes=\"(max-width: 480px) 100vw, 480px\" \/><\/a><\/p>\n<p>Los int\u00e9rpretes pueden decidir si quieren o\u00edr el sonido original de la sala de conferencias o un canal de retransmisi\u00f3n, es decir, el sonido interpretado de una cabina vecina. Aqu\u00ed se explica brevemente el modo rel\u00e9: En conferencias y congresos pueden darse simult\u00e1neamente muchas combinaciones ling\u00fc\u00edsticas. Un int\u00e9rprete no tiene por qu\u00e9 hablar todos los idiomas necesarios. Los int\u00e9rpretes de conferencias de una cabina alemana, por ejemplo, que trabajan del ingl\u00e9s al alem\u00e1n, no tienen por qu\u00e9 interpretar tambi\u00e9n del japon\u00e9s. En cuanto un orador japon\u00e9s toma la palabra, los int\u00e9rpretes que no est\u00e1n familiarizados con el idioma pasan a la \"cabina japonesa\" y escuchan a su colega traduciendo al ingl\u00e9s, por ejemplo. Los int\u00e9rpretes de la \"cabina alemana\" traducen del ingl\u00e9s al alem\u00e1n.<\/p>\n<p>Los auriculares se conectan al pupitre del int\u00e9rprete. La distancia constante entre la boca y el micr\u00f3fono de brazo permite que siempre se le oiga muy bien, incluso en movimiento. Adem\u00e1s, los auriculares deben ser ligeros para poder llevarlos c\u00f3modamente durante toda la misi\u00f3n.<\/p>\n<p>Fuera de Alemania, los auriculares son menos habituales, utiliz\u00e1ndose en su lugar micr\u00f3fonos de mesa fijos y simples auriculares. A primera vista, esto puede parecer m\u00e1s c\u00f3modo porque los auriculares pesan un poco menos que los cascos, pero dependiendo de la posici\u00f3n y la agilidad de los int\u00e9rpretes, la distancia de encuentro con el micr\u00f3fono cambia constantemente, lo que a su vez se percibe como una fluctuaci\u00f3n de nivel desagradable para los participantes en la sala. Si a pesar de todo se desea esta variante, deben preverse componentes de control adecuados para una instalaci\u00f3n fija.<\/p>\n<p>Ofrecemos consolas de interpretaci\u00f3n de Bosch y Beyerdynamic.<\/p>\n<p>[spacer size=\"20\u2033]<br \/>\n[tabs style=\"1\u2033]<br \/>\n[tab title=\"Art\u00edculo\"]<\/p>\n<h2>Pupitre de int\u00e9rprete DCN-IDESK de Bosch<\/h2>\n<p>[column size=\"2-5\u2033 last=\"0\u2033]<\/p>\n<p><a href=\"https:\/\/konferenztechnik.de\/wp-content\/uploads\/2013\/09\/Dolmetscherpult_DCN-IDESK_gross.jpg\"><img loading=\"lazy\" decoding=\"async\" width=\"466\" height=\"212\" src=\"https:\/\/konferenztechnik.de\/wp-content\/uploads\/2013\/09\/Dolmetscherpult_DCN-IDESK_gross.jpg\" alt=\"Pupitre de int\u00e9rprete DCN-IDESK de Bosch \" class=\"alignleft size-full wp-image-3010\" title=\"\" srcset=\"https:\/\/konferenztechnik.de\/wp-content\/uploads\/2013\/09\/Dolmetscherpult_DCN-IDESK_gross.jpg 466w, https:\/\/konferenztechnik.de\/wp-content\/uploads\/2013\/09\/Dolmetscherpult_DCN-IDESK_gross-300x136.jpg 300w\" sizes=\"(max-width: 466px) 100vw, 466px\" \/><\/a><\/p>\n<p>[\/columna]<br \/>\n[column size=\"3-5\u2033 last=\"1\u2033]<\/p>\n<p>El DCN-IDESK es un pupitre de int\u00e9rprete con un dise\u00f1o elegante y moderno para un solo usuario. Cumple todas las normas internacionales. La clara distribuci\u00f3n de los controles del pupitre por \u00e1reas funcionales garantiza un manejo intuitivo y sin errores. El pupitre puede utilizarse con un micr\u00f3fono enchufable o con auriculares. <\/p>\n<p>[\/columna]<br \/>\n[\/tab]<br \/>\n[tab title=\"Ficha t\u00e9cnica\"]<\/p>\n<h2>Pupitre de int\u00e9rprete DCN-IDESK de Bosch<\/h2>\n<ul>\n<li>Hasta 31 canales de interpretaci\u00f3n m\u00e1s idioma de la sala con un ancho de banda de audio de 20 kHz<\/li>\n<li>Pantalla gr\u00e1fica LCD retroiluminada para una visualizaci\u00f3n de la informaci\u00f3n f\u00e1cilmente reconocible en condiciones de poca luz<\/li>\n<li>Altavoz integrado<\/li>\n<li>Dise\u00f1o ergon\u00f3mico y funciones para discapacitados visuales<\/li>\n<li>Baja sensibilidad a las interferencias de telefon\u00eda m\u00f3vil<\/li>\n<\/ul>\n<p>[\/tab]<br \/>\n[\/tabs]<\/p>\n<p>[spacer size=\"20\u2033]<br \/>\n[tabs style=\"1\u2033]<br \/>\n[tab title=\"Art\u00edculo\"]<\/p>\n<h2>Auriculares LBB 9095\/30<\/h2>\n<p>[column size=\"2-5\u2033 last=\"0\u2033]<\/p>\n<p><a href=\"https:\/\/konferenztechnik.de\/wp-content\/uploads\/2013\/09\/Dolmetscherkopfhoerer_LBB-9095-30_gross.jpg\"><img loading=\"lazy\" decoding=\"async\" width=\"466\" height=\"187\" src=\"https:\/\/konferenztechnik.de\/wp-content\/uploads\/2013\/09\/Dolmetscherkopfhoerer_LBB-9095-30_gross.jpg\" alt=\"Auriculares LBB 9095\/30\" class=\"alignleft size-full wp-image-3009\" title=\"\" srcset=\"https:\/\/konferenztechnik.de\/wp-content\/uploads\/2013\/09\/Dolmetscherkopfhoerer_LBB-9095-30_gross.jpg 466w, https:\/\/konferenztechnik.de\/wp-content\/uploads\/2013\/09\/Dolmetscherkopfhoerer_LBB-9095-30_gross-300x120.jpg 300w\" sizes=\"(max-width: 466px) 100vw, 466px\" \/><\/a><\/p>\n<p>[\/columna]<br \/>\n[column size=\"3-5\u2033 last=\"1\u2033]<\/p>\n<p>Auriculares din\u00e1micos y ligeros para conexi\u00f3n directa a la consola de interpretaci\u00f3n DCN-IDESK. Cable de 2,2 m con conector jack est\u00e9reo de 6,3 mm. <\/p>\n<p>[\/columna]<br \/>\n[\/tab]<br \/>\n[\/tabs]<\/p>\n<p>[spacer size=\"20\u2033]<br \/>\n[tabs style=\"1\u2033]<br \/>\n[tab title=\"Art\u00edculo\"]<\/p>\n<h2>Centro de interpretaci\u00f3n DCN-CCU<\/h2>\n<p>[column size=\"2-5\u2033 last=\"0\u2033]<\/p>\n<p><a href=\"https:\/\/konferenztechnik.de\/wp-content\/uploads\/2013\/09\/Steuerzentrale_DCN-CCU_gross.jpg\"><img loading=\"lazy\" decoding=\"async\" width=\"439\" height=\"207\" src=\"https:\/\/konferenztechnik.de\/wp-content\/uploads\/2013\/09\/Steuerzentrale_DCN-CCU_gross.jpg\" alt=\"Centro de interpretaci\u00f3n DCN-CCU\" class=\"alignleft size-full wp-image-3013\" title=\"\" srcset=\"https:\/\/konferenztechnik.de\/wp-content\/uploads\/2013\/09\/Steuerzentrale_DCN-CCU_gross.jpg 439w, https:\/\/konferenztechnik.de\/wp-content\/uploads\/2013\/09\/Steuerzentrale_DCN-CCU_gross-300x141.jpg 300w\" sizes=\"(max-width: 439px) 100vw, 439px\" \/><\/a><\/p>\n<p>[\/columna]<br \/>\n[column size=\"3-5\u2033 last=\"1\u2033]<\/p>\n<p>La unidad de control central DCN-CCU constituye la pieza central del sistema de conferencias de Bosch con 2 x 32 canales de audio que ofrecen una alta calidad de sonido. Admite aplicaciones de interpretaci\u00f3n con el idioma de la sala y hasta 31 idiomas de interpretaci\u00f3n.<br \/>\nLa CCU est\u00e1 disponible como sistema cableado e inal\u00e1mbrico. <\/p>\n<p>[\/columna]<br \/>\n[\/tab]<br \/>\n[tab title=\"Ficha t\u00e9cnica\"]<\/p>\n<h2>Centro de interpretaci\u00f3n DCN-CCU<\/h2>\n<ul>\n<li>Dise\u00f1o premiado<\/li>\n<li>Control de hasta 245 unidades de contribuci\u00f3n<\/li>\n<li>Dispositivos de control para un n\u00famero ilimitado de unidades selectoras de canales DCN-FCS para 32 canales<\/li>\n<li>Red \u00f3ptica para conectar la unidad de control central a los expansores de audio PRS-4AEX4 y permitir transmisiones de audio vers\u00e1tiles<\/li>\n<\/ul>\n<p>[\/tab]<br \/>\n[\/tabs]<\/p>\n<p>[spacer size=\"20\u2033]<br \/>\n[tabs style=\"1\u2033]<br \/>\n[tab title=\"Art\u00edculo\"]<\/p>\n<h2>Consola de int\u00e9rprete Beyerdynamic SIS 1202<\/h2>\n<p>[column size=\"2-5\u2033 last=\"0\u2033]<\/p>\n<p><a href=\"https:\/\/konferenztechnik.de\/wp-content\/uploads\/2013\/09\/Dolmetscherpult_SIS1202_gross.jpg\"><img loading=\"lazy\" decoding=\"async\" width=\"800\" height=\"533\" src=\"https:\/\/konferenztechnik.de\/wp-content\/uploads\/2013\/09\/Dolmetscherpult_SIS1202_gross.jpg\" alt=\"Consola de int\u00e9rprete Beyerdynamic SIS 1202\" class=\"alignleft size-full wp-image-3011\" title=\"\" srcset=\"https:\/\/konferenztechnik.de\/wp-content\/uploads\/2013\/09\/Dolmetscherpult_SIS1202_gross.jpg 800w, https:\/\/konferenztechnik.de\/wp-content\/uploads\/2013\/09\/Dolmetscherpult_SIS1202_gross-300x200.jpg 300w, https:\/\/konferenztechnik.de\/wp-content\/uploads\/2013\/09\/Dolmetscherpult_SIS1202_gross-768x512.jpg 768w\" sizes=\"(max-width: 800px) 100vw, 800px\" \/><\/a><\/p>\n<p>[\/columna]<br \/>\n[column size=\"3-5\u2033 last=\"1\u2033]<\/p>\n<p>En una cabina insonorizada, la consola de int\u00e9rprete se utiliza como la herramienta de trabajo m\u00e1s importante para los int\u00e9rpretes simult\u00e1neos. El panel de control del SIS 1202 ha sido dise\u00f1ado por Beyerdynamic como una consola doble para ser utilizada alternativamente por dos int\u00e9rpretes para operaciones de traducci\u00f3n sin interrupciones. Todos los ajustes relevantes para el funcionamiento (por ejemplo, canales de monitorizaci\u00f3n\/retransmisi\u00f3n y canales de salida directamente o en modo A\/B) pueden ser realizados no s\u00f3lo por un t\u00e9cnico en el centro de control, sino tambi\u00e9n por los propios int\u00e9rpretes en las respectivas consolas, antes e incluso durante la interpretaci\u00f3n. En el puesto del int\u00e9rprete se puede supervisar y traducir simult\u00e1neamente el idioma original del orador, ya sea a trav\u00e9s de auriculares y micr\u00f3fono o mediante la combinaci\u00f3n de auriculares DT 394.SIS. Adem\u00e1s, el canal de retransmisi\u00f3n de libre elecci\u00f3n en el puesto de comunicaci\u00f3n permite cambiar a la traducci\u00f3n preestablecida de otro int\u00e9rprete (pivote de cabina) con s\u00f3lo pulsar un bot\u00f3n y sin cortes de audio si no se habla el idioma original del orador. Por supuesto, se puede volver al idioma original con la misma rapidez. Adem\u00e1s de los canales de habla y retransmisi\u00f3n seleccionables, en la gran pantalla de 4 l\u00edneas tambi\u00e9n se puede visualizar informaci\u00f3n de la funci\u00f3n patentada de protecci\u00f3n auditiva EarPatron\u00ae en tiempo real. Los datos \u00fatiles programables individualmente, como el nombre del orador actual o la hora, tambi\u00e9n se muestran a trav\u00e9s del centro de control. Una se\u00f1al roja muy visible en el aire indica que el pupitre del int\u00e9rprete est\u00e1 en modo de traducci\u00f3n. En caso necesario, el int\u00e9rprete puede avisar a un t\u00e9cnico de servicio mediante un bot\u00f3n de servicio con un mensaje en la pantalla t\u00e1ctil del centro de control. El int\u00e9rprete recibe una confirmaci\u00f3n visual del t\u00e9cnico. Los requisitos personales del int\u00e9rprete se pueden personalizar ajustando el volumen, los agudos y los graves. La funci\u00f3n de silencio (bot\u00f3n de carraspeo) permite interrumpir la transmisi\u00f3n de audio al sistema mientras se mantenga pulsado el bot\u00f3n. <\/p>\n<p>[\/columna]<br \/>\n[\/tab]<br \/>\n[\/tabs]<\/p>\n<p>[spacer size=\"20\u2033]<br \/>\n[tabs style=\"1\u2033]<br \/>\n[tab title=\"Art\u00edculo\"]<\/p>\n<h2>Auriculares DT 394.SIS<\/h2>\n<p>[column size=\"2-5\u2033 last=\"0\u2033]<\/p>\n<p><a href=\"https:\/\/konferenztechnik.de\/wp-content\/uploads\/2013\/09\/Dolmetschheadset_DT-394_SIS_gross.jpg\"><img loading=\"lazy\" decoding=\"async\" width=\"447\" height=\"600\" src=\"https:\/\/konferenztechnik.de\/wp-content\/uploads\/2013\/09\/Dolmetschheadset_DT-394_SIS_gross.jpg\" alt=\"Auriculares DT 394.SIS\" class=\"alignleft size-full wp-image-3012\" title=\"\" srcset=\"https:\/\/konferenztechnik.de\/wp-content\/uploads\/2013\/09\/Dolmetschheadset_DT-394_SIS_gross.jpg 447w, https:\/\/konferenztechnik.de\/wp-content\/uploads\/2013\/09\/Dolmetschheadset_DT-394_SIS_gross-224x300.jpg 224w\" sizes=\"(max-width: 447px) 100vw, 447px\" \/><\/a><\/p>\n<p>[\/columna]<br \/>\n[column size=\"3-5\u2033 last=\"1\u2033]<\/p>\n<p>Los auriculares DT 394.SIS son extremadamente ligeros (154 g) y disponen de una diadema acolchada para un m\u00e1ximo confort, por lo que resultan especialmente adecuados para las traducciones simult\u00e1neas en los pupitres de los int\u00e9rpretes. Los potentes sistemas magn\u00e9ticos de neodimio en los auriculares semiabiertos y el micr\u00f3fono de condensador de ajuste continuo con caracter\u00edstica cardioide y alta cancelaci\u00f3n de ruido en un cuello de cisne flexible garantizan una excelente inteligibilidad de la voz. El DT 394.SIS se conecta mediante conectores XLR de 3 polos y conectores jack est\u00e9reo de 6,35 mm. Las almohadillas de f\u00e1cil cuidado se pueden cambiar f\u00e1cilmente. Se suministran en una funda de cuero con un par de almohadillas de repuesto. <\/p>\n<p>[\/columna]<br \/>\n[\/tab]<br \/>\n[\/tabs]<\/p>","protected":false},"excerpt":{"rendered":"<p>Cabinas de interpretaci\u00f3n y pupitres de interpretaci\u00f3n Las cabinas de interpretaci\u00f3n son el lugar de trabajo de los int\u00e9rpretes simult\u00e1neos. En las cabinas de interpretaci\u00f3n, fuertemente insonorizadas, los int\u00e9rpretes pueden trabajar tranquilamente sin molestar a los invitados a la conferencia ni ser distra\u00eddos por el ruido exterior. Los int\u00e9rpretes suelen trabajar en equipo, por lo que las cabinas ofrecen espacio para al menos dos personas. La ventilaci\u00f3n adjunta garantiza suficiente aire fresco. En nuestra gama encontrar\u00e1 [...]<\/p>","protected":false},"author":1,"featured_media":45482,"parent":3614,"menu_order":123,"comment_status":"closed","ping_status":"open","template":"page-right-sidebar.php","meta":{"_acf_changed":false,"footnotes":""},"class_list":["post-3062","page","type-page","status-publish","has-post-thumbnail","hentry"],"acf":[],"_links":{"self":[{"href":"https:\/\/konferenztechnik.de\/es\/wp-json\/wp\/v2\/pages\/3062","targetHints":{"allow":["GET"]}}],"collection":[{"href":"https:\/\/konferenztechnik.de\/es\/wp-json\/wp\/v2\/pages"}],"about":[{"href":"https:\/\/konferenztechnik.de\/es\/wp-json\/wp\/v2\/types\/page"}],"author":[{"embeddable":true,"href":"https:\/\/konferenztechnik.de\/es\/wp-json\/wp\/v2\/users\/1"}],"replies":[{"embeddable":true,"href":"https:\/\/konferenztechnik.de\/es\/wp-json\/wp\/v2\/comments?post=3062"}],"version-history":[{"count":0,"href":"https:\/\/konferenztechnik.de\/es\/wp-json\/wp\/v2\/pages\/3062\/revisions"}],"up":[{"embeddable":true,"href":"https:\/\/konferenztechnik.de\/es\/wp-json\/wp\/v2\/pages\/3614"}],"wp:featuredmedia":[{"embeddable":true,"href":"https:\/\/konferenztechnik.de\/es\/wp-json\/wp\/v2\/media\/45482"}],"wp:attachment":[{"href":"https:\/\/konferenztechnik.de\/es\/wp-json\/wp\/v2\/media?parent=3062"}],"curies":[{"name":"wp","href":"https:\/\/api.w.org\/{rel}","templated":true}]}}