{"id":40071,"date":"2023-08-17T13:51:54","date_gmt":"2023-08-17T11:51:54","guid":{"rendered":"https:\/\/konferenztechnik.de\/?page_id=40071"},"modified":"2023-10-11T10:57:18","modified_gmt":"2023-10-11T08:57:18","slug":"hoteles-a-medida-centros-de-conferencias","status":"publish","type":"page","link":"https:\/\/konferenztechnik.de\/es\/hoteles-a-medida-centros-de-conferencias\/","title":{"rendered":"Hoteles, ferias, centros de conferencias"},"content":{"rendered":"<div data-elementor-type=\"wp-page\" data-elementor-id=\"40071\" class=\"elementor elementor-40071\" data-elementor-post-type=\"page\">\n\t\t\t\t<div data-particle_enable=\"false\" data-particle-mobile-disabled=\"false\" class=\"elementor-element elementor-element-d8aba58 e-flex e-con-boxed e-con e-parent\" data-id=\"d8aba58\" data-element_type=\"container\" data-e-type=\"container\">\n\t\t\t\t\t<div class=\"e-con-inner\">\n\t\t\t\t<div class=\"elementor-element elementor-element-366d4e5 elementor-widget__width-inherit elementor-widget elementor-widget-heading\" data-id=\"366d4e5\" data-element_type=\"widget\" data-e-type=\"widget\" data-widget_type=\"heading.default\">\n\t\t\t\t<div class=\"elementor-widget-container\">\n\t\t\t\t\t<h1 class=\"elementor-heading-title elementor-size-default\">Hoteles, ferias, centros de conferencias<\/h1>\t\t\t\t<\/div>\n\t\t\t\t<\/div>\n\t\t\t\t<div class=\"elementor-element elementor-element-e4b6b7a elementor-widget elementor-widget-image\" data-id=\"e4b6b7a\" data-element_type=\"widget\" data-e-type=\"widget\" data-widget_type=\"image.default\">\n\t\t\t\t<div class=\"elementor-widget-container\">\n\t\t\t\t\t\t\t\t\t\t\t\t\t\t\t<img fetchpriority=\"high\" decoding=\"async\" width=\"2560\" height=\"1049\" src=\"https:\/\/konferenztechnik.de\/wp-content\/uploads\/2023\/08\/Konferenztechnik-fuer-Hotels_Tagungsstaetten_Messen-PCS-scaled-e1692273089536.webp\" class=\"attachment-full size-full wp-image-40093\" alt=\"Evento o conferencia en una sala iluminada, museo\" srcset=\"https:\/\/konferenztechnik.de\/wp-content\/uploads\/2023\/08\/Konferenztechnik-fuer-Hotels_Tagungsstaetten_Messen-PCS-scaled-e1692273089536.webp 2560w, https:\/\/konferenztechnik.de\/wp-content\/uploads\/2023\/08\/Konferenztechnik-fuer-Hotels_Tagungsstaetten_Messen-PCS-scaled-e1692273089536-300x123.webp 300w, https:\/\/konferenztechnik.de\/wp-content\/uploads\/2023\/08\/Konferenztechnik-fuer-Hotels_Tagungsstaetten_Messen-PCS-scaled-e1692273089536-1024x420.webp 1024w, https:\/\/konferenztechnik.de\/wp-content\/uploads\/2023\/08\/Konferenztechnik-fuer-Hotels_Tagungsstaetten_Messen-PCS-scaled-e1692273089536-768x315.webp 768w, https:\/\/konferenztechnik.de\/wp-content\/uploads\/2023\/08\/Konferenztechnik-fuer-Hotels_Tagungsstaetten_Messen-PCS-scaled-e1692273089536-1536x629.webp 1536w, https:\/\/konferenztechnik.de\/wp-content\/uploads\/2023\/08\/Konferenztechnik-fuer-Hotels_Tagungsstaetten_Messen-PCS-scaled-e1692273089536-2048x839.webp 2048w, https:\/\/konferenztechnik.de\/wp-content\/uploads\/2023\/08\/Konferenztechnik-fuer-Hotels_Tagungsstaetten_Messen-PCS-scaled-e1692273089536-18x7.webp 18w\" sizes=\"(max-width: 2560px) 100vw, 2560px\" title=\"\">\t\t\t\t\t\t\t\t\t\t\t\t\t\t\t<\/div>\n\t\t\t\t<\/div>\n\t\t<div data-particle_enable=\"false\" data-particle-mobile-disabled=\"false\" class=\"elementor-element elementor-element-b15d0ca e-flex e-con-boxed e-con e-child\" data-id=\"b15d0ca\" data-element_type=\"container\" data-e-type=\"container\">\n\t\t\t\t\t<div class=\"e-con-inner\">\n\t\t\t\t<div class=\"elementor-element elementor-element-2ebf418 elementor-widget elementor-widget-button\" data-id=\"2ebf418\" data-element_type=\"widget\" data-e-type=\"widget\" data-widget_type=\"button.default\">\n\t\t\t\t<div class=\"elementor-widget-container\">\n\t\t\t\t\t\t\t\t\t<div class=\"elementor-button-wrapper\">\n\t\t\t\t\t<a class=\"elementor-button elementor-button-link elementor-size-lg\" href=\"#serviceteam\">\n\t\t\t\t\t\t<span class=\"elementor-button-content-wrapper\">\n\t\t\t\t\t\t<span class=\"elementor-button-icon\">\n\t\t\t\t<svg aria-hidden=\"true\" class=\"e-font-icon-svg e-far-arrow-alt-circle-down\" viewbox=\"0 0 512 512\" xmlns=\"http:\/\/www.w3.org\/2000\/svg\"><path d=\"M256 8C119 8 8 119 8 256s111 248 248 248 248-111 248-248S393 8 256 8zm0 448c-110.5 0-200-89.5-200-200S145.5 56 256 56s200 89.5 200 200-89.5 200-200 200zm-32-316v116h-67c-10.7 0-16 12.9-8.5 20.5l99 99c4.7 4.7 12.3 4.7 17 0l99-99c7.6-7.6 2.2-20.5-8.5-20.5h-67V140c0-6.6-5.4-12-12-12h-40c-6.6 0-12 5.4-12 12z\"><\/path><\/svg>\t\t\t<\/span>\n\t\t\t\t\t\t\t\t\t<span class=\"elementor-button-text\">Solicitar informaci\u00f3n<\/span>\n\t\t\t\t\t<\/span>\n\t\t\t\t\t<\/a>\n\t\t\t\t<\/div>\n\t\t\t\t\t\t\t\t<\/div>\n\t\t\t\t<\/div>\n\t\t\t\t\t<\/div>\n\t\t\t\t<\/div>\n\t\t\t\t\t<\/div>\n\t\t\t\t<\/div>\n\t\t<div data-particle_enable=\"false\" data-particle-mobile-disabled=\"false\" class=\"elementor-element elementor-element-9deafd4 e-flex e-con-boxed e-con e-parent\" data-id=\"9deafd4\" data-element_type=\"container\" data-e-type=\"container\">\n\t\t\t\t\t<div class=\"e-con-inner\">\n\t\t\t\t<div class=\"elementor-element elementor-element-66ea8b4 elementor-widget elementor-widget-heading\" data-id=\"66ea8b4\" data-element_type=\"widget\" data-e-type=\"widget\" data-settings=\"{&quot;_animation&quot;:&quot;none&quot;}\" data-widget_type=\"heading.default\">\n\t\t\t\t<div class=\"elementor-widget-container\">\n\t\t\t\t\t<h2 class=\"elementor-heading-title elementor-size-default\">Usted dispone de las instalaciones, nosotros nos encargamos de la planificaci\u00f3n, la tecnolog\u00eda y la asistencia<\/h2>\t\t\t\t<\/div>\n\t\t\t\t<\/div>\n\t\t\t\t<div class=\"elementor-element elementor-element-d16fcf6 elementor-widget__width-inherit elementor-widget elementor-widget-text-editor\" data-id=\"d16fcf6\" data-element_type=\"widget\" data-e-type=\"widget\" data-widget_type=\"text-editor.default\">\n\t\t\t\t<div class=\"elementor-widget-container\">\n\t\t\t\t\t\t\t\t\t<p>Como centro de conferencias, quiere ofrecer a sus clientes y a sus invitados una plataforma profesional para conferencias, ferias y congresos. Quiere crear un ambiente agradable y dar a los participantes una sensaci\u00f3n de comodidad y seguridad. Las presentaciones y conferencias deben desarrollarse sin problemas gracias a la moderna tecnolog\u00eda de conferencias.<\/p><p>\u00a0<\/p><p>Adem\u00e1s, el recinto debe ser de f\u00e1cil acceso y ofrecer buenas conexiones con el ferrocarril, el transporte p\u00fablico y otros medios de transporte, ya que la accesibilidad y la sostenibilidad son cada vez m\u00e1s importantes.<\/p><p>\u00a0<\/p><p>Un buen lugar para un evento debe impresionar a los asistentes y dejarles una impresi\u00f3n duradera. Los participantes deben esperar con ilusi\u00f3n el acto y poder concentrarse en aprender y desarrollar nuevas ideas y hacer nuevos contactos.<\/p>\t\t\t\t\t\t\t\t<\/div>\n\t\t\t\t<\/div>\n\t\t\t\t\t<\/div>\n\t\t\t\t<\/div>\n\t\t<div data-particle_enable=\"false\" data-particle-mobile-disabled=\"false\" class=\"elementor-element elementor-element-455c20b e-flex e-con-boxed e-con e-parent\" data-id=\"455c20b\" data-element_type=\"container\" data-e-type=\"container\" data-settings=\"{&quot;animation&quot;:&quot;none&quot;}\">\n\t\t\t\t\t<div class=\"e-con-inner\">\n\t\t\t\t<div class=\"elementor-element elementor-element-7734196 elementor-widget elementor-widget-heading\" data-id=\"7734196\" data-element_type=\"widget\" data-e-type=\"widget\" data-settings=\"{&quot;_animation&quot;:&quot;none&quot;}\" data-widget_type=\"heading.default\">\n\t\t\t\t<div class=\"elementor-widget-container\">\n\t\t\t\t\t<h2 class=\"elementor-heading-title elementor-size-default\">Temas frecuentes<\/h2>\t\t\t\t<\/div>\n\t\t\t\t<\/div>\n\t\t\t\t<div class=\"elementor-element elementor-element-1e5ddfb elementor-widget__width-inherit elementor-widget elementor-widget-eael-post-list\" data-id=\"1e5ddfb\" data-element_type=\"widget\" data-e-type=\"widget\" data-settings=\"{&quot;_animation&quot;:&quot;none&quot;}\" data-widget_type=\"eael-post-list.default\">\n\t\t\t\t<div class=\"elementor-widget-container\">\n\t\t\t\t\t<div class=\"eael-post-list-container advanced layout-advanced\"><div class=\"eael-post-list-wrap\"><div class=\"eael-post-list-posts-wrap eael-post-appender eael-post-appender-1e5ddfb\"><div class=\"eael-post-list-post\"><div class=\"eael-post-list-post-inner\"><div class=\"eael-post-list-thumbnail\"><a href=\"https:\/\/konferenztechnik.de\/es\/streaming\/\">\n                <img decoding=\"async\" src=\"https:\/\/konferenztechnik.de\/wp-content\/uploads\/2023\/04\/streaming-hosting-events-jpg.webp\" alt=\"Direcci\u00f3n de sonido y direcci\u00f3n de v\u00eddeo con t\u00e9cnicos de eventos en una sala de conferencias, con la inscripci\u00f3n &quot;Live - Live - Live&quot; varias veces delante\" title=\"\">\n            <\/a><\/div><div class=\"eael-post-list-content\"><h3 class=\"eael-post-list-title\"><a href=\"https:\/\/konferenztechnik.de\/es\/streaming\/\" >Streaming y alojamiento<\/a><\/h3><p>Transmisi\u00f3n de contenidos en directo y v\u00eddeo, archivo y puesta a disposici\u00f3n en servidores y plataformas de v\u00eddeo<\/p><a href=\"https:\/\/konferenztechnik.de\/es\/streaming\/\" class=\"eael-post-elements-readmore-btn\" >\u203a m\u00e1s<\/a><div class=\"boxed-meta\"><\/div><\/div><\/div><\/div><div class=\"eael-post-list-post\"><div class=\"eael-post-list-post-inner\"><div class=\"eael-post-list-thumbnail\"><a href=\"https:\/\/konferenztechnik.de\/es\/paginas-de-aterrizaje-para-eventos-plataformas-virtuales-de-eventos\/\">\n                <img decoding=\"async\" src=\"https:\/\/konferenztechnik.de\/wp-content\/uploads\/2023\/03\/landingpage-beitrag.jpg\" alt=\"\" title=\"\">\n            <\/a><\/div><div class=\"eael-post-list-content\"><h3 class=\"eael-post-list-title\"><a href=\"https:\/\/konferenztechnik.de\/es\/paginas-de-aterrizaje-para-eventos-plataformas-virtuales-de-eventos\/\" >P\u00e1ginas de aterrizaje para eventos, plataformas de eventos virtuales<\/a><\/h3><p>P\u00e1ginas de aterrizaje para eventos, plataformas de eventos virtuales El paquete b\u00e1sico consta de los siguientes elementos...<\/p><a href=\"https:\/\/konferenztechnik.de\/es\/paginas-de-aterrizaje-para-eventos-plataformas-virtuales-de-eventos\/\" class=\"eael-post-elements-readmore-btn\" >\u203a m\u00e1s<\/a><div class=\"boxed-meta\"><\/div><\/div><\/div><\/div><div class=\"eael-post-list-post\"><div class=\"eael-post-list-post-inner\"><div class=\"eael-post-list-thumbnail\"><a href=\"https:\/\/konferenztechnik.de\/es\/pcs-paquetes-de-salas-de-conferencias-modernas-salas-de-conferencias-hibridas-en-condiciones-favorables\/\">\n                <img decoding=\"async\" src=\"https:\/\/konferenztechnik.de\/wp-content\/uploads\/2023\/03\/konferenzraum-bundles.jpg\" alt=\"\" title=\"\">\n            <\/a><\/div><div class=\"eael-post-list-content\"><h3 class=\"eael-post-list-title\"><a href=\"https:\/\/konferenztechnik.de\/es\/pcs-paquetes-de-salas-de-conferencias-modernas-salas-de-conferencias-hibridas-en-condiciones-favorables\/\" >Paquetes para salas de conferencias<\/a><\/h3><p>Salas de reuniones interactivas, h\u00edbridas, inal\u00e1mbricas y flexibles desde 5.000 euros<\/p><a href=\"https:\/\/konferenztechnik.de\/es\/pcs-paquetes-de-salas-de-conferencias-modernas-salas-de-conferencias-hibridas-en-condiciones-favorables\/\" class=\"eael-post-elements-readmore-btn\" >\u203a m\u00e1s<\/a><div class=\"boxed-meta\"><\/div><\/div><\/div><\/div><div class=\"eael-post-list-post\"><div class=\"eael-post-list-post-inner\"><div class=\"eael-post-list-thumbnail\"><a href=\"https:\/\/konferenztechnik.de\/es\/eventos-hibridos\/\">\n                <img decoding=\"async\" src=\"https:\/\/konferenztechnik.de\/wp-content\/uploads\/2023\/06\/hybride-events-jpg.webp\" alt=\"Dos presentadores se sit\u00faan en un escenario y pueden verse simult\u00e1neamente en una segunda secci\u00f3n de imagen digital en el monitor de un PC, como s\u00edmbolo de los eventos h\u00edbridos.\" title=\"\">\n            <\/a><\/div><div class=\"eael-post-list-content\"><h3 class=\"eael-post-list-title\"><a href=\"https:\/\/konferenztechnik.de\/es\/eventos-hibridos\/\" >Eventos h\u00edbridos<\/a><\/h3><p>Conectamos personas, espacios y lugares. Participantes digitales, participantes presenciales, ponentes y espectadores...<\/p><a href=\"https:\/\/konferenztechnik.de\/es\/eventos-hibridos\/\" class=\"eael-post-elements-readmore-btn\" >\u203a m\u00e1s<\/a><div class=\"boxed-meta\"><\/div><\/div><\/div><\/div><div class=\"eael-post-list-post\"><div class=\"eael-post-list-post-inner\"><div class=\"eael-post-list-thumbnail\"><a href=\"https:\/\/konferenztechnik.de\/es\/sistemas-de-interpretacion-y-tecnologia-de-interpretacion-alquiler-compra-instalacion\/\">\n                <img decoding=\"async\" src=\"https:\/\/konferenztechnik.de\/wp-content\/uploads\/2023\/05\/simultantechnik-dolmetscheranlagen-mieten-kaufen-leasen-jpg.webp\" alt=\"\" title=\"\">\n            <\/a><\/div><div class=\"eael-post-list-content\"><h3 class=\"eael-post-list-title\"><a href=\"https:\/\/konferenztechnik.de\/es\/sistemas-de-interpretacion-y-tecnologia-de-interpretacion-alquiler-compra-instalacion\/\" >Sistemas y tecnolog\u00eda de interpretaci\u00f3n<\/a><\/h3><p>Sistemas de interpretaci\u00f3n inal\u00e1mbricos con cabinas de interpretaci\u00f3n y sistemas de debate con cabinas de interpretaci\u00f3n<\/p><a href=\"https:\/\/konferenztechnik.de\/es\/sistemas-de-interpretacion-y-tecnologia-de-interpretacion-alquiler-compra-instalacion\/\" class=\"eael-post-elements-readmore-btn\" >\u203a m\u00e1s<\/a><div class=\"boxed-meta\"><\/div><\/div><\/div><\/div><div class=\"eael-post-list-post\"><div class=\"eael-post-list-post-inner\"><div class=\"eael-post-list-thumbnail\"><a href=\"https:\/\/konferenztechnik.de\/es\/centros-y-estudios-de-interpretacion\/\">\n                <img decoding=\"async\" src=\"https:\/\/konferenztechnik.de\/wp-content\/uploads\/2023\/04\/dolmetschhubs.jpg\" alt=\"Vista de un estudio de interpretaci\u00f3n en el que los int\u00e9rpretes siguen a un orador en un gran monitor y traducen a otros idiomas en sus cabinas insonorizadas.\" title=\"\">\n            <\/a><\/div><div class=\"eael-post-list-content\"><h3 class=\"eael-post-list-title\"><a href=\"https:\/\/konferenztechnik.de\/es\/centros-y-estudios-de-interpretacion\/\" >Centros y estudios de interpretaci\u00f3n<\/a><\/h3><p>Nuestros centros profesionales de interpretaci\u00f3n a distancia, interpretaci\u00f3n para videoconferencias, streaming y reuniones presenciales<\/p><a href=\"https:\/\/konferenztechnik.de\/es\/centros-y-estudios-de-interpretacion\/\" class=\"eael-post-elements-readmore-btn\" >\u203a m\u00e1s<\/a><div class=\"boxed-meta\"><\/div><\/div><\/div><\/div><div class=\"eael-post-list-post\"><div class=\"eael-post-list-post-inner\"><div class=\"eael-post-list-thumbnail\"><a href=\"https:\/\/konferenztechnik.de\/es\/sistemas-de-discusion-unidades-de-microfono-alquiler-compra-instalacion-alquiler\/\">\n                <img decoding=\"async\" src=\"https:\/\/konferenztechnik.de\/wp-content\/uploads\/2023\/06\/diskussionsanlage-sprechstellen-tischmikrofone.jpg\" alt=\"Unidades de micr\u00f3fono de mesa distribuidas alrededor de una mesa de conferencias, con micr\u00f3fonos de cuello de cisne\" title=\"\">\n            <\/a><\/div><div class=\"eael-post-list-content\"><h3 class=\"eael-post-list-title\"><a href=\"https:\/\/konferenztechnik.de\/es\/sistemas-de-discusion-unidades-de-microfono-alquiler-compra-instalacion-alquiler\/\" >sistemas de discusi\u00f3n unidades de micr\u00f3fono alquiler compra instalaci\u00f3n alquiler<\/a><\/h3><p>sistemas de discusi\u00f3n unidades de micr\u00f3fono alquiler compra instalaci\u00f3n alquiler<\/p><a href=\"https:\/\/konferenztechnik.de\/es\/sistemas-de-discusion-unidades-de-microfono-alquiler-compra-instalacion-alquiler\/\" class=\"eael-post-elements-readmore-btn\" >\u203a m\u00e1s<\/a><div class=\"boxed-meta\"><\/div><\/div><\/div><\/div><div class=\"eael-post-list-post\"><div class=\"eael-post-list-post-inner\"><div class=\"eael-post-list-thumbnail\"><a href=\"https:\/\/konferenztechnik.de\/es\/av-audio-and-video-equipment-hire-buy-install-lease\/\">\n                <img decoding=\"async\" src=\"https:\/\/konferenztechnik.de\/wp-content\/uploads\/2023\/03\/audio-und-videotechnik-mieten-kaufen-installieren-1024x614.avif\" alt=\"tecnolog\u00eda de audio y v\u00eddeo - alquiler-compra-instalaci\u00f3n\" title=\"\">\n            <\/a><\/div><div class=\"eael-post-list-content\"><h3 class=\"eael-post-list-title\"><a href=\"https:\/\/konferenztechnik.de\/es\/av-audio-and-video-equipment-hire-buy-install-lease\/\" >AV: Tecnolog\u00eda de audio y v\u00eddeo<\/a><\/h3><p>Micr\u00f3fonos, tecnolog\u00eda de megafon\u00eda, atriles, h\u00edbridos telef\u00f3nicos, distribuidores de prensa, software de registro de taqu\u00edgrafos...<\/p><a href=\"https:\/\/konferenztechnik.de\/es\/av-audio-and-video-equipment-hire-buy-install-lease\/\" class=\"eael-post-elements-readmore-btn\" >\u203a m\u00e1s<\/a><div class=\"boxed-meta\"><\/div><\/div><\/div><\/div><\/div><\/div>\n\t\t<\/div>\t\t\t\t<\/div>\n\t\t\t\t<\/div>\n\t\t\t\t\t<\/div>\n\t\t\t\t<\/div>\n\t\t<div data-particle_enable=\"false\" data-particle-mobile-disabled=\"false\" class=\"elementor-element elementor-element-eaddbcf e-flex e-con-boxed e-con e-parent\" data-id=\"eaddbcf\" data-element_type=\"container\" data-e-type=\"container\">\n\t\t\t\t\t<div class=\"e-con-inner\">\n\t\t\t\t<div class=\"elementor-element elementor-element-16f26b9 elementor-widget__width-inherit elementor-widget elementor-widget-heading\" data-id=\"16f26b9\" data-element_type=\"widget\" data-e-type=\"widget\" data-widget_type=\"heading.default\">\n\t\t\t\t<div class=\"elementor-widget-container\">\n\t\t\t\t\t<h2 class=\"elementor-heading-title elementor-size-default\">Referencias: Hoteles, ferias, centros de conferencias<\/h2>\t\t\t\t<\/div>\n\t\t\t\t<\/div>\n\t\t\t\t<div class=\"elementor-element elementor-element-b211c26 elementor-widget__width-inherit elementor-widget elementor-widget-text-editor\" data-id=\"b211c26\" data-element_type=\"widget\" data-e-type=\"widget\" data-widget_type=\"text-editor.default\">\n\t\t\t\t<div class=\"elementor-widget-container\">\n\t\t\t\t\t\t\t\t\t<ul><li>Academia de Salud P\u00fablica de D\u00fcsseldorf<\/li><li>Ballhaus Ost e.V. Berl\u00edn<\/li><li>Casa Beethoven Bonn<\/li><li>Bochumer Veranstaltungs-GmbH<\/li><li>Congresos y Eventos Heidenheim GmbH<\/li><li>Estrel Berl\u00edn<\/li><li>Festspielhaus y Festspiele Baden-Baden gGmbH<\/li><li>Haus der Technik e.V. Essen<\/li><li>Hotel ESPERANTO Kongress- und Kulturzentrum GmbH &amp; Co. KG Fulda<\/li><li>K\u00f6lnmesse GmbH<\/li><li>Hotel de congresos en el lago Templin<\/li><li>Recinto Ferial de Stuttgart<\/li><li>Leipziger Messe GmbH<\/li><li>Centro de Conferencias y Eventos Luise-Albertz-Halle GmbH Oberhausen<\/li><li>Mercure Hotel MOA Berl\u00edn<\/li><li>Messe Berlin GmbH<\/li><li>Recinto Ferial de D\u00fcsseldorf<\/li><li>Messe M\u00fcnchen GmbH<\/li><li>Messe- und Veranstaltungs GmbH Kleist Forum Frankfurt\/Oder<\/li><li>M\u00f6venpick Hotel Berl\u00edn<\/li><li>Museo Kunstpalast D\u00fcsseldorf<\/li><li>Teatro de Fr\u00e1ncfort<br \/>Tanzhaus NRW e.V. D\u00fcsseldorf<\/li><li>Velberter Kulturloewen \u2013 Kultur- und Veranstaltungsbetrieb Velbert<\/li><li>Casa Wolf-Ferrari de Ottobrunn<\/li><\/ul>\t\t\t\t\t\t\t\t<\/div>\n\t\t\t\t<\/div>\n\t\t\t\t<div class=\"elementor-element elementor-element-f277dec elementor-icon-list--layout-traditional elementor-list-item-link-full_width elementor-widget elementor-widget-icon-list\" data-id=\"f277dec\" data-element_type=\"widget\" data-e-type=\"widget\" data-widget_type=\"icon-list.default\">\n\t\t\t\t<div class=\"elementor-widget-container\">\n\t\t\t\t\t\t\t<ul class=\"elementor-icon-list-items\">\n\t\t\t\t\t\t\t<li class=\"elementor-icon-list-item\">\n\t\t\t\t\t\t\t\t\t\t\t<a href=\"\/es\/referencias\/\">\n\n\t\t\t\t\t\t\t\t\t\t\t\t<span class=\"elementor-icon-list-icon\">\n\t\t\t\t\t\t\t<svg aria-hidden=\"true\" class=\"e-font-icon-svg e-fas-chevron-right\" viewbox=\"0 0 320 512\" xmlns=\"http:\/\/www.w3.org\/2000\/svg\"><path d=\"M285.476 272.971L91.132 467.314c-9.373 9.373-24.569 9.373-33.941 0l-22.667-22.667c-9.357-9.357-9.375-24.522-.04-33.901L188.505 256 34.484 101.255c-9.335-9.379-9.317-24.544.04-33.901l22.667-22.667c9.373-9.373 24.569-9.373 33.941 0L285.475 239.03c9.373 9.372 9.373 24.568.001 33.941z\"><\/path><\/svg>\t\t\t\t\t\t<\/span>\n\t\t\t\t\t\t\t\t\t\t<span class=\"elementor-icon-list-text\">Otras referencias<\/span>\n\t\t\t\t\t\t\t\t\t\t\t<\/a>\n\t\t\t\t\t\t\t\t\t<\/li>\n\t\t\t\t\t\t<\/ul>\n\t\t\t\t\t\t<\/div>\n\t\t\t\t<\/div>\n\t\t\t\t\t<\/div>\n\t\t\t\t<\/div>\n\t\t<div data-particle_enable=\"false\" data-particle-mobile-disabled=\"false\" class=\"elementor-element elementor-element-e62a659 e-flex e-con-boxed e-con e-parent\" data-id=\"e62a659\" data-element_type=\"container\" data-e-type=\"container\">\n\t\t\t\t\t<div class=\"e-con-inner\">\n\t\t\t\t<div class=\"elementor-element elementor-element-53f5abf elementor-widget elementor-widget-shortcode\" data-id=\"53f5abf\" data-element_type=\"widget\" data-e-type=\"widget\" data-widget_type=\"shortcode.default\">\n\t\t\t\t<div class=\"elementor-widget-container\">\n\t\t\t\t\t\t\t<div class=\"elementor-shortcode\"><\/div>\n\t\t\t\t\t\t<\/div>\n\t\t\t\t<\/div>\n\t\t\t\t\t<\/div>\n\t\t\t\t<\/div>\n\t\t<div data-particle_enable=\"false\" data-particle-mobile-disabled=\"false\" class=\"elementor-element elementor-element-14d115f e-flex e-con-boxed e-con e-parent\" data-id=\"14d115f\" data-element_type=\"container\" data-e-type=\"container\">\n\t\t\t\t\t<div class=\"e-con-inner\">\n\t\t\t\t<div class=\"elementor-element elementor-element-0f53c4b elementor-widget elementor-widget-shortcode\" data-id=\"0f53c4b\" data-element_type=\"widget\" data-e-type=\"widget\" data-widget_type=\"shortcode.default\">\n\t\t\t\t<div class=\"elementor-widget-container\">\n\t\t\t\t\t\t\t<div class=\"elementor-shortcode\"><\/div>\n\t\t\t\t\t\t<\/div>\n\t\t\t\t<\/div>\n\t\t\t\t\t<\/div>\n\t\t\t\t<\/div>\n\t\t\t\t<\/div>","protected":false},"excerpt":{"rendered":"<p>Hotels, Messen, Tagungsst\u00e4tten Jetzt anfragen Sie haben die R\u00e4umlichkeiten, wir k\u00fcmmern uns um Planung, Technik und Betreuung Als Tagungsst\u00e4tte m\u00f6chten Sie Ihren Kunden und deren G\u00e4sten eine professionelle Plattform f\u00fcr Tagungen, Messen und Kongresse bieten. Dazu eine angenehme Atmosph\u00e4re vermitteln, den Teilnehmenden ein Gef\u00fchl von Komfort und Sicherheit geben. Pr\u00e4sentationen und Vortr\u00e4ge sollen mit moderner [&hellip;]<\/p>\n","protected":false},"author":1,"featured_media":40093,"parent":0,"menu_order":0,"comment_status":"closed","ping_status":"closed","template":"","meta":{"_acf_changed":false,"footnotes":""},"class_list":["post-40071","page","type-page","status-publish","has-post-thumbnail","hentry"],"acf":[],"_links":{"self":[{"href":"https:\/\/konferenztechnik.de\/es\/wp-json\/wp\/v2\/pages\/40071","targetHints":{"allow":["GET"]}}],"collection":[{"href":"https:\/\/konferenztechnik.de\/es\/wp-json\/wp\/v2\/pages"}],"about":[{"href":"https:\/\/konferenztechnik.de\/es\/wp-json\/wp\/v2\/types\/page"}],"author":[{"embeddable":true,"href":"https:\/\/konferenztechnik.de\/es\/wp-json\/wp\/v2\/users\/1"}],"replies":[{"embeddable":true,"href":"https:\/\/konferenztechnik.de\/es\/wp-json\/wp\/v2\/comments?post=40071"}],"version-history":[{"count":0,"href":"https:\/\/konferenztechnik.de\/es\/wp-json\/wp\/v2\/pages\/40071\/revisions"}],"wp:featuredmedia":[{"embeddable":true,"href":"https:\/\/konferenztechnik.de\/es\/wp-json\/wp\/v2\/media\/40093"}],"wp:attachment":[{"href":"https:\/\/konferenztechnik.de\/es\/wp-json\/wp\/v2\/media?parent=40071"}],"curies":[{"name":"wp","href":"https:\/\/api.w.org\/{rel}","templated":true}]}}