{"id":42874,"date":"2023-12-07T13:31:12","date_gmt":"2023-12-07T12:31:12","guid":{"rendered":"https:\/\/konferenztechnik.de\/?page_id=42874"},"modified":"2023-12-08T11:38:36","modified_gmt":"2023-12-08T10:38:36","slug":"vamos-al-centro","status":"publish","type":"page","link":"https:\/\/konferenztechnik.de\/es\/vamos-al-centro\/","title":{"rendered":"vamos al centro"},"content":{"rendered":"<div data-elementor-type=\"wp-page\" data-elementor-id=\"42874\" class=\"elementor elementor-42874\" data-elementor-post-type=\"page\">\n\t\t\t\t<div data-particle_enable=\"false\" data-particle-mobile-disabled=\"false\" class=\"elementor-element elementor-element-ea05a3e e-flex e-con-boxed e-con e-parent\" data-id=\"ea05a3e\" data-element_type=\"container\">\n\t\t\t\t\t<div class=\"e-con-inner\">\n\t\t\t\t<div class=\"elementor-element elementor-element-4665641 elementor-widget elementor-widget-heading\" data-id=\"4665641\" data-element_type=\"widget\" data-settings=\"{&quot;_animation&quot;:&quot;none&quot;}\" data-widget_type=\"heading.default\">\n\t\t\t\t<div class=\"elementor-widget-container\">\n\t\t\t\t\t<h2 class=\"elementor-heading-title elementor-size-default\">Invitaci\u00f3n a la inauguraci\u00f3n del hub<\/h2>\t\t\t\t<\/div>\n\t\t\t\t<\/div>\n\t\t\t\t<div class=\"elementor-element elementor-element-7d884d41 elementor-widget elementor-widget-image\" data-id=\"7d884d41\" data-element_type=\"widget\" data-widget_type=\"image.default\">\n\t\t\t\t<div class=\"elementor-widget-container\">\n\t\t\t\t\t\t\t\t\t\t\t\t\t\t\t<img fetchpriority=\"high\" decoding=\"async\" width=\"1920\" height=\"1182\" src=\"https:\/\/konferenztechnik.de\/wp-content\/uploads\/2023\/12\/Einweihung-Dolmetsch-Hub-Duesseldorf-jpg.webp\" class=\"attachment-full size-full wp-image-42876\" alt=\"\" srcset=\"https:\/\/konferenztechnik.de\/wp-content\/uploads\/2023\/12\/Einweihung-Dolmetsch-Hub-Duesseldorf-jpg.webp 1920w, https:\/\/konferenztechnik.de\/wp-content\/uploads\/2023\/12\/Einweihung-Dolmetsch-Hub-Duesseldorf-300x185.webp 300w, https:\/\/konferenztechnik.de\/wp-content\/uploads\/2023\/12\/Einweihung-Dolmetsch-Hub-Duesseldorf-1024x630.webp 1024w, https:\/\/konferenztechnik.de\/wp-content\/uploads\/2023\/12\/Einweihung-Dolmetsch-Hub-Duesseldorf-768x473.webp 768w, https:\/\/konferenztechnik.de\/wp-content\/uploads\/2023\/12\/Einweihung-Dolmetsch-Hub-Duesseldorf-1536x946.webp 1536w, https:\/\/konferenztechnik.de\/wp-content\/uploads\/2023\/12\/Einweihung-Dolmetsch-Hub-Duesseldorf-18x12.webp 18w\" sizes=\"(max-width: 1920px) 100vw, 1920px\" title=\"\">\t\t\t\t\t\t\t\t\t\t\t\t\t\t\t<\/div>\n\t\t\t\t<\/div>\n\t\t\t\t<div class=\"elementor-element elementor-element-6743c4d0 elementor-widget__width-inherit elementor-widget elementor-widget-text-editor\" data-id=\"6743c4d0\" data-element_type=\"widget\" data-widget_type=\"text-editor.default\">\n\t\t\t\t<div class=\"elementor-widget-container\">\n\t\t\t\t\t\t\t\t\t<p>Le invitamos cordialmente a la inauguraci\u00f3n de nuestro nuevo centro de interpretaci\u00f3n en D\u00fcsseldorf.<br \/>Nuestras jornadas de puertas abiertas duran de <strong>Del 9 al 11 de enero de 2024<\/strong>.<\/p>\t\t\t\t\t\t\t\t<\/div>\n\t\t\t\t<\/div>\n\t\t\t\t\t<\/div>\n\t\t\t\t<\/div>\n\t\t<div data-particle_enable=\"false\" data-particle-mobile-disabled=\"false\" class=\"elementor-element elementor-element-5094340 e-flex e-con-boxed e-con e-parent\" data-id=\"5094340\" data-element_type=\"container\">\n\t\t\t\t\t<div class=\"e-con-inner\">\n\t\t\t\t<div class=\"elementor-element elementor-element-3255e407 elementor-widget elementor-widget-video\" data-id=\"3255e407\" data-element_type=\"widget\" data-settings=\"{&quot;youtube_url&quot;:&quot;https:\\\/\\\/www.youtube.com\\\/watch?v=lPV5FrydqDE&quot;,&quot;loop&quot;:&quot;yes&quot;,&quot;yt_privacy&quot;:&quot;yes&quot;,&quot;video_type&quot;:&quot;youtube&quot;,&quot;controls&quot;:&quot;yes&quot;}\" data-widget_type=\"video.default\">\n\t\t\t\t<div class=\"elementor-widget-container\">\n\t\t\t\t\t\t\t<div class=\"elementor-wrapper elementor-open-inline\">\n\t\t\t<div class=\"elementor-video\"><\/div>\t\t<\/div>\n\t\t\t\t\t\t<\/div>\n\t\t\t\t<\/div>\n\t\t\t\t<div class=\"elementor-element elementor-element-2543704e elementor-widget__width-inherit elementor-widget elementor-widget-text-editor\" data-id=\"2543704e\" data-element_type=\"widget\" data-widget_type=\"text-editor.default\">\n\t\t\t\t<div class=\"elementor-widget-container\">\n\t\t\t\t\t\t\t\t\t<p>Hey Danny, \u00bfhe o\u00eddo Hub?<\/p>\t\t\t\t\t\t\t\t<\/div>\n\t\t\t\t<\/div>\n\t\t\t\t<div class=\"elementor-element elementor-element-e179956 elementor-widget__width-inherit elementor-widget elementor-widget-text-editor\" data-id=\"e179956\" data-element_type=\"widget\" data-widget_type=\"text-editor.default\">\n\t\t\t\t<div class=\"elementor-widget-container\">\n\t\t\t\t\t\t\t\t\t<p>Nuestro nuevo centro de D\u00fcsseldorf est\u00e1 equipado con hasta 10 puestos de interpretaci\u00f3n, espacios de co-working, una sala de videoconferencias, un sal\u00f3n y una terraza en la azotea.<\/p><p>Los int\u00e9rpretes experimentados, en particular, tambi\u00e9n pueden utilizar este centro por horas, por iniciativa propia y m\u00e1s all\u00e1 de la interpretaci\u00f3n simult\u00e1nea.\u00a0<\/p><p>Le mostramos las posibilidades de las habitaciones. Haz de nuestro hub tu hub. Ya lo conoces. Mi Casa Su Casa. Te esperamos.<\/p>\t\t\t\t\t\t\t\t<\/div>\n\t\t\t\t<\/div>\n\t\t\t\t<div class=\"elementor-element elementor-element-4e6ef9b0 elementor-widget elementor-widget-heading\" data-id=\"4e6ef9b0\" data-element_type=\"widget\" data-settings=\"{&quot;_animation&quot;:&quot;none&quot;}\" data-widget_type=\"heading.default\">\n\t\t\t\t<div class=\"elementor-widget-container\">\n\t\t\t\t\t<h2 class=\"elementor-heading-title elementor-size-default\">Inscripci\u00f3n<\/h2>\t\t\t\t<\/div>\n\t\t\t\t<\/div>\n\t\t\t\t<div class=\"elementor-element elementor-element-58f317af elementor-widget__width-initial elementor-button-align-stretch elementor-widget elementor-widget-form\" data-id=\"58f317af\" data-element_type=\"widget\" data-settings=\"{&quot;step_next_label&quot;:&quot;N\\u00e4chster&quot;,&quot;step_previous_label&quot;:&quot;Voriger&quot;,&quot;button_width&quot;:&quot;100&quot;,&quot;step_type&quot;:&quot;number_text&quot;,&quot;step_icon_shape&quot;:&quot;circle&quot;}\" data-widget_type=\"form.default\">\n\t\t\t\t<div class=\"elementor-widget-container\">\n\t\t\t\t\t\t\t<form class=\"elementor-form\" method=\"post\" name=\"Bitte um R\u00fcckruf\" aria-label=\"Por favor, ll\u00e1meme\" action=\"\">\n\t\t\t<input type=\"hidden\" name=\"post_id\" value=\"42874\"\/>\n\t\t\t<input type=\"hidden\" name=\"form_id\" value=\"58f317af\"\/>\n\t\t\t<input type=\"hidden\" name=\"referer_title\" value=\"\" \/>\n\n\t\t\t\n\t\t\t<div class=\"elementor-form-fields-wrapper elementor-labels-above\">\n\t\t\t\t\t\t\t\t<div class=\"elementor-field-type-email elementor-field-group elementor-column elementor-field-group-user_email elementor-col-100\">\n\t\t\t\t\t\t\t\t\t\t\t\t<label for=\"form-field-user_email\" class=\"elementor-field-label\">\n\t\t\t\t\t\t\t\tDirecci\u00f3n de correo electr\u00f3nico\t\t\t\t\t\t\t<\/label>\n\t\t\t\t\t\t\t\t\t\t\t\t\t\t<input size=\"1\" type=\"email\" name=\"form_fields[user_email]\" id=\"form-field-user_email\" class=\"elementor-field elementor-size-sm  elementor-field-textual\">\n\t\t\t\t\t\t\t\t\t\t\t<\/div>\n\t\t\t\t\t\t\t\t<div class=\"elementor-field-type-text\">\n\t\t\t\t\t<input size=\"1\" type=\"text\" name=\"form_fields[field_ca93b28]\" id=\"form-field-field_ca93b28\" class=\"elementor-field elementor-size-sm\" style=\"display:none !important;\">\t\t\t\t<\/div>\n\t\t\t\t\t\t\t\t<div class=\"elementor-field-type-text elementor-field-group elementor-column elementor-field-group-email elementor-col-100 elementor-field-required\">\n\t\t\t\t\t\t\t\t\t\t\t\t<label for=\"form-field-email\" class=\"elementor-field-label\">\n\t\t\t\t\t\t\t\tNombre *\t\t\t\t\t\t\t<\/label>\n\t\t\t\t\t\t\t\t\t\t\t\t\t\t<input size=\"1\" type=\"text\" name=\"form_fields[email]\" id=\"form-field-email\" class=\"elementor-field elementor-size-sm  elementor-field-textual\" required=\"required\">\n\t\t\t\t\t\t\t\t\t\t\t<\/div>\n\t\t\t\t\t\t\t\t<div class=\"elementor-field-type-select elementor-field-group elementor-column elementor-field-group-field_4ca5f70 elementor-col-100 elementor-field-required\">\n\t\t\t\t\t\t\t\t\t\t\t\t<label for=\"form-field-field_4ca5f70\" class=\"elementor-field-label\">\n\t\t\t\t\t\t\t\tVengo en *\t\t\t\t\t\t\t<\/label>\n\t\t\t\t\t\t\t\t<div class=\"elementor-field elementor-select-wrapper remove-before\">\n\t\t\t<div class=\"select-caret-down-wrapper\">\n\t\t\t\t<svg aria-hidden=\"true\" class=\"e-font-icon-svg e-eicon-caret-down\" viewbox=\"0 0 571.4 571.4\" xmlns=\"http:\/\/www.w3.org\/2000\/svg\"><path d=\"M571 393Q571 407 561 418L311 668Q300 679 286 679T261 668L11 418Q0 407 0 393T11 368 36 357H536Q550 357 561 368T571 393Z\"><\/path><\/svg>\t\t\t<\/div>\n\t\t\t<select name=\"form_fields[field_4ca5f70]\" id=\"form-field-field_4ca5f70\" class=\"elementor-field-textual elementor-size-sm\" required=\"required\">\n\t\t\t\t\t\t\t\t\t<option value=\"Bitte w\u00e4hlen...\">Por favor, seleccione...<\/option>\n\t\t\t\t\t\t\t\t\t<option value=\"Dienstag, 9. Januar 2024\">Martes, 9 de enero de 2024<\/option>\n\t\t\t\t\t\t\t\t\t<option value=\"Mittwoch, 10. Januar 2024\">Mi\u00e9rcoles, 10 de enero de 2024<\/option>\n\t\t\t\t\t\t\t\t\t<option value=\"Donnerstag, 11. Januar 2024\">Jueves, 11 de enero de 2024<\/option>\n\t\t\t\t\t\t\t<\/select>\n\t\t<\/div>\n\t\t\t\t\t\t<\/div>\n\t\t\t\t\t\t\t\t<div class=\"elementor-field-type-select elementor-field-group elementor-column elementor-field-group-field_3d3ec44 elementor-col-100 elementor-field-required\">\n\t\t\t\t\t\t\t\t\t\t\t\t<label for=\"form-field-field_3d3ec44\" class=\"elementor-field-label\">\n\t\t\t\t\t\t\t\tI come round *\t\t\t\t\t\t\t<\/label>\n\t\t\t\t\t\t\t\t<div class=\"elementor-field elementor-select-wrapper remove-before\">\n\t\t\t<div class=\"select-caret-down-wrapper\">\n\t\t\t\t<svg aria-hidden=\"true\" class=\"e-font-icon-svg e-eicon-caret-down\" viewbox=\"0 0 571.4 571.4\" xmlns=\"http:\/\/www.w3.org\/2000\/svg\"><path d=\"M571 393Q571 407 561 418L311 668Q300 679 286 679T261 668L11 418Q0 407 0 393T11 368 36 357H536Q550 357 561 368T571 393Z\"><\/path><\/svg>\t\t\t<\/div>\n\t\t\t<select name=\"form_fields[field_3d3ec44]\" id=\"form-field-field_3d3ec44\" class=\"elementor-field-textual elementor-size-sm\" required=\"required\">\n\t\t\t\t\t\t\t\t\t<option value=\"Bitte w\u00e4hlen...\">Por favor, seleccione...<\/option>\n\t\t\t\t\t\t\t\t\t<option value=\"10:00 Uhr\">10 de la ma\u00f1ana<\/option>\n\t\t\t\t\t\t\t\t\t<option value=\"11:00 Uhr\">11 de la ma\u00f1ana<\/option>\n\t\t\t\t\t\t\t\t\t<option value=\"12:00 Uhr\">12h00<\/option>\n\t\t\t\t\t\t\t\t\t<option value=\"13:00 Uhr\">13:00 h<\/option>\n\t\t\t\t\t\t\t\t\t<option value=\"14:00 Uhr\">14:00 h<\/option>\n\t\t\t\t\t\t\t\t\t<option value=\"15:00 Uhr\">15:00 h<\/option>\n\t\t\t\t\t\t\t\t\t<option value=\"16:00 Uhr\">16:00<\/option>\n\t\t\t\t\t\t\t<\/select>\n\t\t<\/div>\n\t\t\t\t\t\t<\/div>\n\t\t\t\t\t\t\t\t<div class=\"elementor-field-type-textarea elementor-field-group elementor-column elementor-field-group-message elementor-col-100\">\n\t\t\t\t\t\t\t\t\t\t\t\t<label for=\"form-field-message\" class=\"elementor-field-label\">\n\t\t\t\t\t\t\t\tMensaje\t\t\t\t\t\t\t<\/label>\n\t\t\t\t\t\t<textarea class=\"elementor-field-textual elementor-field  elementor-size-sm\" name=\"form_fields[message]\" id=\"form-field-message\" rows=\"4\"><\/textarea>\t\t\t\t<\/div>\n\t\t\t\t\t\t\t\t<div class=\"elementor-field-type-text\">\n\t\t\t\t\t<input size=\"1\" type=\"text\" name=\"form_fields[field_871fdfb]\" id=\"form-field-field_871fdfb\" class=\"elementor-field elementor-size-sm\" style=\"display:none !important;\">\t\t\t\t<\/div>\n\t\t\t\t\t\t\t\t<div class=\"elementor-field-type-acceptance elementor-field-group elementor-column elementor-field-group-field_a3fe0aa elementor-col-100 elementor-field-required\">\n\t\t\t\t\t\t\t<div class=\"elementor-field-subgroup\">\n\t\t\t<span class=\"elementor-field-option\">\n\t\t\t\t<input type=\"checkbox\" name=\"form_fields[field_a3fe0aa]\" id=\"form-field-field_a3fe0aa\" class=\"elementor-field elementor-size-sm  elementor-acceptance-field\" required=\"required\">\n\t\t\t\t<label for=\"form-field-field_a3fe0aa\">Por la presente autorizo el tratamiento de los datos introducidos y la <a href=\"https:\/\/konferenztechnik.de\/es\/declaracion-de-proteccion-de-datos\/\" target=\"_blank\">Pol\u00edtica de privacidad<\/a> de acuerdo.<br><br>\n* Campos obligatorios<\/label>\t\t\t<\/span>\n\t\t<\/div>\n\t\t\t\t\t\t<\/div>\n\t\t\t\t\t\t\t\t<div class=\"elementor-field-group elementor-column elementor-field-type-submit elementor-col-100 e-form__buttons\">\n\t\t\t\t\t<button class=\"elementor-button elementor-size-sm elementor-animation-shrink\" type=\"submit\">\n\t\t\t\t\t\t<span class=\"elementor-button-content-wrapper\">\n\t\t\t\t\t\t\t\t\t\t\t\t\t\t\t\t\t\t\t\t\t\t<span class=\"elementor-button-text\">Enviar<\/span>\n\t\t\t\t\t\t\t\t\t\t\t\t\t<\/span>\n\t\t\t\t\t<\/button>\n\t\t\t\t<\/div>\n\t\t\t<\/div>\n\t\t<input type=\"hidden\" name=\"trp-form-language\" value=\"es\"\/><\/form>\n\t\t\t\t\t\t<\/div>\n\t\t\t\t<\/div>\n\t\t<div data-particle_enable=\"false\" data-particle-mobile-disabled=\"false\" class=\"elementor-element elementor-element-e7462a4 e-flex e-con-boxed e-con e-child\" data-id=\"e7462a4\" data-element_type=\"container\">\n\t\t\t\t\t<div class=\"e-con-inner\">\n\t\t<div data-particle_enable=\"false\" data-particle-mobile-disabled=\"false\" class=\"elementor-element elementor-element-293d52f5 e-flex e-con-boxed e-con e-child\" data-id=\"293d52f5\" data-element_type=\"container\">\n\t\t\t\t\t<div class=\"e-con-inner\">\n\t\t\t\t<div class=\"elementor-element elementor-element-5be14b05 elementor-widget elementor-widget-heading\" data-id=\"5be14b05\" data-element_type=\"widget\" data-settings=\"{&quot;_animation&quot;:&quot;none&quot;}\" data-widget_type=\"heading.default\">\n\t\t\t\t<div class=\"elementor-widget-container\">\n\t\t\t\t\t<h2 class=\"elementor-heading-title elementor-size-default\">C\u00f3mo encontrarnos<\/h2>\t\t\t\t<\/div>\n\t\t\t\t<\/div>\n\t\t\t\t<div class=\"elementor-element elementor-element-296c4960 elementor-widget elementor-widget-image\" data-id=\"296c4960\" data-element_type=\"widget\" data-widget_type=\"image.default\">\n\t\t\t\t<div class=\"elementor-widget-container\">\n\t\t\t\t\t\t\t\t\t\t\t\t\t\t\t<img decoding=\"async\" width=\"800\" height=\"566\" src=\"https:\/\/konferenztechnik.de\/wp-content\/uploads\/2022\/04\/Lagebeplan-PCS-Dolmetschhub-Duesseldorf-1-1024x724.png\" class=\"attachment-large size-large wp-image-40067\" alt=\"Plano del centro PCS Dolmetsch-Hub D\u00fcsseldorf\" srcset=\"https:\/\/konferenztechnik.de\/wp-content\/uploads\/2022\/04\/Lagebeplan-PCS-Dolmetschhub-Duesseldorf-1-1024x724.png 1024w, https:\/\/konferenztechnik.de\/wp-content\/uploads\/2022\/04\/Lagebeplan-PCS-Dolmetschhub-Duesseldorf-1-300x212.png 300w, https:\/\/konferenztechnik.de\/wp-content\/uploads\/2022\/04\/Lagebeplan-PCS-Dolmetschhub-Duesseldorf-1-768x543.png 768w, https:\/\/konferenztechnik.de\/wp-content\/uploads\/2022\/04\/Lagebeplan-PCS-Dolmetschhub-Duesseldorf-1-18x12.png 18w, https:\/\/konferenztechnik.de\/wp-content\/uploads\/2022\/04\/Lagebeplan-PCS-Dolmetschhub-Duesseldorf-1.png 1200w\" sizes=\"(max-width: 800px) 100vw, 800px\" title=\"\">\t\t\t\t\t\t\t\t\t\t\t\t\t\t\t<\/div>\n\t\t\t\t<\/div>\n\t\t\t\t<div class=\"elementor-element elementor-element-579ddeb5 elementor-widget elementor-widget-heading\" data-id=\"579ddeb5\" data-element_type=\"widget\" data-settings=\"{&quot;_animation&quot;:&quot;none&quot;}\" data-widget_type=\"heading.default\">\n\t\t\t\t<div class=\"elementor-widget-container\">\n\t\t\t\t\t<h2 class=\"elementor-heading-title elementor-size-default\">Direcci\u00f3n<\/h2>\t\t\t\t<\/div>\n\t\t\t\t<\/div>\n\t\t\t\t<div class=\"elementor-element elementor-element-7a639741 elementor-widget__width-inherit elementor-widget elementor-widget-text-editor\" data-id=\"7a639741\" data-element_type=\"widget\" data-widget_type=\"text-editor.default\">\n\t\t\t\t<div class=\"elementor-widget-container\">\n\t\t\t\t\t\t\t\t\t<p>Centro de interpretaci\u00f3n PCS de D\u00fcsseldorf<br \/>Reisholzer Werftstr. 38<\/p><p>Tome el ascensor hasta la 4\u00aa planta\u00a0\u00a0<br \/>40589 D\u00fcsseldorf<\/p>\t\t\t\t\t\t\t\t<\/div>\n\t\t\t\t<\/div>\n\t\t\t\t<div class=\"elementor-element elementor-element-7110d510 elementor-widget elementor-widget-spacer\" data-id=\"7110d510\" data-element_type=\"widget\" data-widget_type=\"spacer.default\">\n\t\t\t\t<div class=\"elementor-widget-container\">\n\t\t\t\t\t\t\t<div class=\"elementor-spacer\">\n\t\t\t<div class=\"elementor-spacer-inner\"><\/div>\n\t\t<\/div>\n\t\t\t\t\t\t<\/div>\n\t\t\t\t<\/div>\n\t\t\t\t<div class=\"elementor-element elementor-element-73c615a4 elementor-widget elementor-widget-heading\" data-id=\"73c615a4\" data-element_type=\"widget\" data-settings=\"{&quot;_animation&quot;:&quot;none&quot;}\" data-widget_type=\"heading.default\">\n\t\t\t\t<div class=\"elementor-widget-container\">\n\t\t\t\t\t<h2 class=\"elementor-heading-title elementor-size-default\">Aparcamiento<\/h2>\t\t\t\t<\/div>\n\t\t\t\t<\/div>\n\t\t\t\t<div class=\"elementor-element elementor-element-6a9fed22 elementor-widget__width-inherit elementor-widget elementor-widget-text-editor\" data-id=\"6a9fed22\" data-element_type=\"widget\" data-widget_type=\"text-editor.default\">\n\t\t\t\t<div class=\"elementor-widget-container\">\n\t\t\t\t\t\t\t\t\t<p>La entrada al aparcamiento subterr\u00e1neo est\u00e1 a la derecha del edificio. En \u00e9l hay cinco plazas de aparcamiento gratuitas (utilice los aparcamientos con los n\u00fameros 64, 65, 66, 67 o 68).<\/p>\n<p><\/p>\n<p>Puede llegar desde el aparcamiento subterr\u00e1neo por la escalera H38.<\/p>\n<p>Tambi\u00e9n puede utilizar el aparcamiento gratuito situado detr\u00e1s del Rheinh\u00f6fe.<\/p>\n<p><\/p>\n<p>Hay aparcamientos el\u00e9ctricos en nuestra sede, en el mismo recinto. Los encontrar\u00e1 frente al pabell\u00f3n 1.&nbsp;<\/p>\n<p><\/p>\t\t\t\t\t\t\t\t<\/div>\n\t\t\t\t<\/div>\n\t\t\t\t<div class=\"elementor-element elementor-element-6977640f elementor-widget elementor-widget-spacer\" data-id=\"6977640f\" data-element_type=\"widget\" data-widget_type=\"spacer.default\">\n\t\t\t\t<div class=\"elementor-widget-container\">\n\t\t\t\t\t\t\t<div class=\"elementor-spacer\">\n\t\t\t<div class=\"elementor-spacer-inner\"><\/div>\n\t\t<\/div>\n\t\t\t\t\t\t<\/div>\n\t\t\t\t<\/div>\n\t\t\t\t<div class=\"elementor-element elementor-element-1e8a68ca elementor-widget elementor-widget-eael-adv-accordion\" data-id=\"1e8a68ca\" data-element_type=\"widget\" data-widget_type=\"eael-adv-accordion.default\">\n\t\t\t\t<div class=\"elementor-widget-container\">\n\t\t\t\t\t            <div class=\"eael-adv-accordion\" id=\"eael-adv-accordion-1e8a68ca\" data-scroll-on-click=\"no\" data-scroll-speed=\"300\" data-accordion-id=\"1e8a68ca\" data-accordion-type=\"accordion\" data-toogle-speed=\"300\">\n            <div class=\"eael-accordion-list\">\n\t\t\t\t\t<div id=\"anreise-mit-den-ffentlichen\" class=\"elementor-tab-title eael-accordion-header\" tabindex=\"0\" data-tab=\"1\" aria-controls=\"elementor-tab-content-5121\"><span class=\"eael-advanced-accordion-icon-closed\"><svg aria-hidden=\"true\" class=\"fa-accordion-icon e-font-icon-svg e-fas-chevron-down\" viewbox=\"0 0 448 512\" xmlns=\"http:\/\/www.w3.org\/2000\/svg\"><path d=\"M207.029 381.476L12.686 187.132c-9.373-9.373-9.373-24.569 0-33.941l22.667-22.667c9.357-9.357 24.522-9.375 33.901-.04L224 284.505l154.745-154.021c9.379-9.335 24.544-9.317 33.901.04l22.667 22.667c9.373 9.373 9.373 24.569 0 33.941L240.971 381.476c-9.373 9.372-24.569 9.372-33.942 0z\"><\/path><\/svg><\/span><span class=\"eael-advanced-accordion-icon-opened\"><svg aria-hidden=\"true\" class=\"fa-accordion-icon e-font-icon-svg e-fas-chevron-up\" viewbox=\"0 0 448 512\" xmlns=\"http:\/\/www.w3.org\/2000\/svg\"><path d=\"M240.971 130.524l194.343 194.343c9.373 9.373 9.373 24.569 0 33.941l-22.667 22.667c-9.357 9.357-24.522 9.375-33.901.04L224 227.495 69.255 381.516c-9.379 9.335-24.544 9.317-33.901-.04l-22.667-22.667c-9.373-9.373-9.373-24.569 0-33.941L207.03 130.525c9.372-9.373 24.568-9.373 33.941-.001z\"><\/path><\/svg><\/span><span class=\"eael-accordion-tab-title\">Viajar en transporte p\u00fablico<\/span><\/div><div id=\"elementor-tab-content-5121\" class=\"eael-accordion-content clearfix\" data-tab=\"1\" aria-labelledby=\"anreise-mit-den-ffentlichen\"><div id=\"elementor-tab-content-1031\" class=\"elementor-tab-content elementor-clearfix elementor-active\" role=\"tabpanel\" data-tab=\"1\" aria-labelledby=\"elementor-tab-title-1031\"><p>La mejor forma de llegar es desde la estaci\u00f3n de metro D-Niederheid (U71, U83) o la parada de autob\u00fas Industriepark Niederheid (Bus 724).<\/p><\/div><\/div>\n\t\t\t\t\t<\/div><div class=\"eael-accordion-list\">\n\t\t\t\t\t<div id=\"anreise-mit-dem-auto-und-fahrrad\" class=\"elementor-tab-title eael-accordion-header\" tabindex=\"0\" data-tab=\"2\" aria-controls=\"elementor-tab-content-5122\"><span class=\"eael-advanced-accordion-icon-closed\"><svg aria-hidden=\"true\" class=\"fa-accordion-icon e-font-icon-svg e-fas-chevron-down\" viewbox=\"0 0 448 512\" xmlns=\"http:\/\/www.w3.org\/2000\/svg\"><path d=\"M207.029 381.476L12.686 187.132c-9.373-9.373-9.373-24.569 0-33.941l22.667-22.667c9.357-9.357 24.522-9.375 33.901-.04L224 284.505l154.745-154.021c9.379-9.335 24.544-9.317 33.901.04l22.667 22.667c9.373 9.373 9.373 24.569 0 33.941L240.971 381.476c-9.373 9.372-24.569 9.372-33.942 0z\"><\/path><\/svg><\/span><span class=\"eael-advanced-accordion-icon-opened\"><svg aria-hidden=\"true\" class=\"fa-accordion-icon e-font-icon-svg e-fas-chevron-up\" viewbox=\"0 0 448 512\" xmlns=\"http:\/\/www.w3.org\/2000\/svg\"><path d=\"M240.971 130.524l194.343 194.343c9.373 9.373 9.373 24.569 0 33.941l-22.667 22.667c-9.357 9.357-24.522 9.375-33.901.04L224 227.495 69.255 381.516c-9.379 9.335-24.544 9.317-33.901-.04l-22.667-22.667c-9.373-9.373-9.373-24.569 0-33.941L207.03 130.525c9.372-9.373 24.568-9.373 33.941-.001z\"><\/path><\/svg><\/span><span class=\"eael-accordion-tab-title\">Viajar en coche y en bicicleta<\/span><\/div><div id=\"elementor-tab-content-5122\" class=\"eael-accordion-content clearfix\" data-tab=\"2\" aria-labelledby=\"anreise-mit-dem-auto-und-fahrrad\"><div id=\"elementor-tab-content-1031\" class=\"elementor-tab-content elementor-clearfix elementor-active\" role=\"tabpanel\" data-tab=\"1\" aria-labelledby=\"elementor-tab-title-1031\"><p>Hay aparcamiento gratuito en nuestro parking subterr\u00e1neo y en las instalaciones.<\/p><p>Las bicicletas se pueden guardar en el patio interior.<\/p><\/div><\/div>\n\t\t\t\t\t<\/div><div class=\"eael-accordion-list\">\n\t\t\t\t\t<div id=\"google-maps\" class=\"elementor-tab-title eael-accordion-header\" tabindex=\"0\" data-tab=\"3\" aria-controls=\"elementor-tab-content-5123\"><span class=\"eael-advanced-accordion-icon-closed\"><svg aria-hidden=\"true\" class=\"fa-accordion-icon e-font-icon-svg e-fas-chevron-down\" viewbox=\"0 0 448 512\" xmlns=\"http:\/\/www.w3.org\/2000\/svg\"><path d=\"M207.029 381.476L12.686 187.132c-9.373-9.373-9.373-24.569 0-33.941l22.667-22.667c9.357-9.357 24.522-9.375 33.901-.04L224 284.505l154.745-154.021c9.379-9.335 24.544-9.317 33.901.04l22.667 22.667c9.373 9.373 9.373 24.569 0 33.941L240.971 381.476c-9.373 9.372-24.569 9.372-33.942 0z\"><\/path><\/svg><\/span><span class=\"eael-advanced-accordion-icon-opened\"><svg aria-hidden=\"true\" class=\"fa-accordion-icon e-font-icon-svg e-fas-chevron-up\" viewbox=\"0 0 448 512\" xmlns=\"http:\/\/www.w3.org\/2000\/svg\"><path d=\"M240.971 130.524l194.343 194.343c9.373 9.373 9.373 24.569 0 33.941l-22.667 22.667c-9.357 9.357-24.522 9.375-33.901.04L224 227.495 69.255 381.516c-9.379 9.335-24.544 9.317-33.901-.04l-22.667-22.667c-9.373-9.373-9.373-24.569 0-33.941L207.03 130.525c9.372-9.373 24.568-9.373 33.941-.001z\"><\/path><\/svg><\/span><span class=\"eael-accordion-tab-title\">Google Maps<\/span><\/div><div id=\"elementor-tab-content-5123\" class=\"eael-accordion-content clearfix\" data-tab=\"3\" aria-labelledby=\"google-maps\"><a href=\"https:\/\/www.google.de\/maps\/place\/Reisholzer+Werftstra%C3%9Fe+38,+40589+D%C3%BCsseldorf\/@51.168588,6.8357952,17z\/data=!3m1!4b1!4m6!3m5!1s0x47b8cb609d165e7d:0xd08e64334c7f096e!8m2!3d51.1685847!4d6.8383701!16s%2Fg%2F11c1zgj7g4?entry=ttu\" target=\"_blank\" rel=\"noopener\">Enlace a Google Maps<\/a><\/div>\n\t\t\t\t\t<\/div><\/div>\t\t\t\t<\/div>\n\t\t\t\t<\/div>\n\t\t\t\t<div class=\"elementor-element elementor-element-42eb357 elementor-align-center e-transform button-slow-transitation elementor-tablet-align-center elementor-widget elementor-widget-button\" data-id=\"42eb357\" data-element_type=\"widget\" data-settings=\"{&quot;_transform_translateX_effect&quot;:{&quot;unit&quot;:&quot;px&quot;,&quot;size&quot;:0,&quot;sizes&quot;:[]},&quot;_transform_translateY_effect&quot;:{&quot;unit&quot;:&quot;px&quot;,&quot;size&quot;:0,&quot;sizes&quot;:[]},&quot;_transform_translateX_effect_widescreen&quot;:{&quot;unit&quot;:&quot;px&quot;,&quot;size&quot;:&quot;&quot;,&quot;sizes&quot;:[]},&quot;_transform_translateX_effect_laptop&quot;:{&quot;unit&quot;:&quot;px&quot;,&quot;size&quot;:&quot;&quot;,&quot;sizes&quot;:[]},&quot;_transform_translateX_effect_tablet_extra&quot;:{&quot;unit&quot;:&quot;px&quot;,&quot;size&quot;:&quot;&quot;,&quot;sizes&quot;:[]},&quot;_transform_translateX_effect_tablet&quot;:{&quot;unit&quot;:&quot;px&quot;,&quot;size&quot;:&quot;&quot;,&quot;sizes&quot;:[]},&quot;_transform_translateX_effect_mobile&quot;:{&quot;unit&quot;:&quot;px&quot;,&quot;size&quot;:&quot;&quot;,&quot;sizes&quot;:[]},&quot;_transform_translateY_effect_widescreen&quot;:{&quot;unit&quot;:&quot;px&quot;,&quot;size&quot;:&quot;&quot;,&quot;sizes&quot;:[]},&quot;_transform_translateY_effect_laptop&quot;:{&quot;unit&quot;:&quot;px&quot;,&quot;size&quot;:&quot;&quot;,&quot;sizes&quot;:[]},&quot;_transform_translateY_effect_tablet_extra&quot;:{&quot;unit&quot;:&quot;px&quot;,&quot;size&quot;:&quot;&quot;,&quot;sizes&quot;:[]},&quot;_transform_translateY_effect_tablet&quot;:{&quot;unit&quot;:&quot;px&quot;,&quot;size&quot;:&quot;&quot;,&quot;sizes&quot;:[]},&quot;_transform_translateY_effect_mobile&quot;:{&quot;unit&quot;:&quot;px&quot;,&quot;size&quot;:&quot;&quot;,&quot;sizes&quot;:[]}}\" data-widget_type=\"button.default\">\n\t\t\t\t<div class=\"elementor-widget-container\">\n\t\t\t\t\t\t\t\t\t<div class=\"elementor-button-wrapper\">\n\t\t\t\t\t<a class=\"elementor-button elementor-button-link elementor-size-md\" href=\"\/es\/interpreting-hub-interpreting-studio-duesseldorf\/\">\n\t\t\t\t\t\t<span class=\"elementor-button-content-wrapper\">\n\t\t\t\t\t\t\t\t\t<span class=\"elementor-button-text\">M\u00e1s informaci\u00f3n sobre el <s>L\u00fapulo<\/s>ne HUB<\/span>\n\t\t\t\t\t<\/span>\n\t\t\t\t\t<\/a>\n\t\t\t\t<\/div>\n\t\t\t\t\t\t\t\t<\/div>\n\t\t\t\t<\/div>\n\t\t\t\t\t<\/div>\n\t\t\t\t<\/div>\n\t\t\t\t\t<\/div>\n\t\t\t\t<\/div>\n\t\t\t\t\t<\/div>\n\t\t\t\t<\/div>\n\t\t\t\t<\/div>","protected":false},"excerpt":{"rendered":"<p>Invitaci\u00f3n a la inauguraci\u00f3n del hub Le invitamos cordialmente a la inauguraci\u00f3n de nuestro nuevo hub de interpretaci\u00f3n en D\u00fcsseldorf, que estar\u00e1 abierto del 9 al 11 de enero de 2024. https:\/\/www.youtube.com\/watch?v=lPV5FrydqDE Hola Danny, \u00bfhe o\u00eddo hub? Nuestro nuevo centro de D\u00fcsseldorf est\u00e1 equipado con hasta 10 puestos de interpretaci\u00f3n, espacios de trabajo, una sala de videoconferencias, un sal\u00f3n y una terraza en la azotea. Sobre todo los int\u00e9rpretes con experiencia pueden [...]<\/p>","protected":false},"author":2,"featured_media":45482,"parent":0,"menu_order":0,"comment_status":"closed","ping_status":"closed","template":"","meta":{"_acf_changed":false,"footnotes":""},"class_list":["post-42874","page","type-page","status-publish","has-post-thumbnail","hentry"],"acf":[],"_links":{"self":[{"href":"https:\/\/konferenztechnik.de\/es\/wp-json\/wp\/v2\/pages\/42874","targetHints":{"allow":["GET"]}}],"collection":[{"href":"https:\/\/konferenztechnik.de\/es\/wp-json\/wp\/v2\/pages"}],"about":[{"href":"https:\/\/konferenztechnik.de\/es\/wp-json\/wp\/v2\/types\/page"}],"author":[{"embeddable":true,"href":"https:\/\/konferenztechnik.de\/es\/wp-json\/wp\/v2\/users\/2"}],"replies":[{"embeddable":true,"href":"https:\/\/konferenztechnik.de\/es\/wp-json\/wp\/v2\/comments?post=42874"}],"version-history":[{"count":0,"href":"https:\/\/konferenztechnik.de\/es\/wp-json\/wp\/v2\/pages\/42874\/revisions"}],"wp:featuredmedia":[{"embeddable":true,"href":"https:\/\/konferenztechnik.de\/es\/wp-json\/wp\/v2\/media\/45482"}],"wp:attachment":[{"href":"https:\/\/konferenztechnik.de\/es\/wp-json\/wp\/v2\/media?parent=42874"}],"curies":[{"name":"wp","href":"https:\/\/api.w.org\/{rel}","templated":true}]}}