{"id":4984,"date":"2015-02-02T14:48:25","date_gmt":"2015-02-02T13:48:25","guid":{"rendered":"https:\/\/konferenztechnik.de\/?page_id=4984"},"modified":"2023-09-01T11:47:24","modified_gmt":"2023-09-01T09:47:24","slug":"pcs-seleccionados-oferta-especial-bosch-ccs-1000d","status":"publish","type":"page","link":"https:\/\/konferenztechnik.de\/es\/pcs-seleccionados-oferta-especial-bosch-ccs-1000d\/","title":{"rendered":"PCS Selected: Comprar Bosch CCS 1000D"},"content":{"rendered":"<p>[column size=\"1-4\u2033 last=\"1\u2033]<\/p>\n<h1>Comprar Bosch CCS 1000 D \u2013 Oferta de lanzamiento: Sistema de debate digital Bosch CCS 1000 D<\/h1>\n<p>[\/columna]<br \/>\n[column size=\"1-4\u2033 last=\"1\u2033]<\/p>\n<p>[\/columna]<\/p>\n<p><a href=\"https:\/\/konferenztechnik.de\/wp-content\/uploads\/2015\/02\/8.jpg\"><img fetchpriority=\"high\" decoding=\"async\" class=\"alignnone size-full wp-image-5243\" src=\"https:\/\/konferenztechnik.de\/wp-content\/uploads\/2015\/02\/8.jpg\" alt=\"_8\" width=\"941\" height=\"228\" title=\"\" srcset=\"https:\/\/konferenztechnik.de\/wp-content\/uploads\/2015\/02\/8.jpg 941w, https:\/\/konferenztechnik.de\/wp-content\/uploads\/2015\/02\/8-300x73.jpg 300w, https:\/\/konferenztechnik.de\/wp-content\/uploads\/2015\/02\/8-768x186.jpg 768w\" sizes=\"(max-width: 941px) 100vw, 941px\" \/><\/a><br \/>\n<a href=\"https:\/\/konferenztechnik.de\/wp-content\/uploads\/2015\/02\/Bosch-CCS-1000-D-PCSAngebot.jpg\"><img decoding=\"async\" class=\"alignnone size-full wp-image-5346\" src=\"https:\/\/konferenztechnik.de\/wp-content\/uploads\/2015\/02\/Bosch-CCS-1000-D-PCSAngebot.jpg\" alt=\"Comprar Bosch-CCS-1000 D\" width=\"940\" height=\"411\" title=\"\" srcset=\"https:\/\/konferenztechnik.de\/wp-content\/uploads\/2015\/02\/Bosch-CCS-1000-D-PCSAngebot.jpg 940w, https:\/\/konferenztechnik.de\/wp-content\/uploads\/2015\/02\/Bosch-CCS-1000-D-PCSAngebot-300x131.jpg 300w, https:\/\/konferenztechnik.de\/wp-content\/uploads\/2015\/02\/Bosch-CCS-1000-D-PCSAngebot-768x336.jpg 768w\" sizes=\"(max-width: 940px) 100vw, 940px\" \/><\/a><br \/>\nBosch presentar\u00e1 un nuevo sistema de debate digital en la feria Integrated Systems Europe de \u00c1msterdam el 10 de febrero de 2015. Ya hemos probado el sistema y estamos encantados con \u00e9l.<\/p>\n<p>Las nuevas instalaciones, concebidas para reuniones y actos de peque\u00f1o y mediano tama\u00f1o, nos han dado una puntuaci\u00f3n muy alta en todos los aspectos.<\/p>\n<p>Bosch ofrece un precio de lanzamiento imbatible para un nuevo sistema de debate de gran \u00e9xito. Bosch quiere dar a conocer r\u00e1pidamente el sistema en el mercado internacional. Estamos convencidos del sistema y estamos encantados de trasladarle esta ventaja.<br \/>\n[spacer size=\"20\u2033]<\/p>\n<h1>Oferta de lanzamiento Bosch\/PCS \u2013 Sistema de debate digital Bosch CCS 1000 D<\/h1>\n<p>Dos puestos de interfon\u00eda gratis por juego de 6, oferta \u00fanica de lanzamiento v\u00e1lida solo del 5 de febrero al 5 de marzo de 2015.<\/p>\n<p><a href=\"https:\/\/konferenztechnik.de\/wp-content\/uploads\/2015\/02\/Bosch-CCS-1000-D-PCSAngebot2.jpg\"><img decoding=\"async\" class=\"alignnone size-full wp-image-5350\" src=\"https:\/\/konferenztechnik.de\/wp-content\/uploads\/2015\/02\/Bosch-CCS-1000-D-PCSAngebot2.jpg\" alt=\"Oferta especial Bosch-CCS-1000 D\" width=\"940\" height=\"411\" title=\"\" srcset=\"https:\/\/konferenztechnik.de\/wp-content\/uploads\/2015\/02\/Bosch-CCS-1000-D-PCSAngebot2.jpg 940w, https:\/\/konferenztechnik.de\/wp-content\/uploads\/2015\/02\/Bosch-CCS-1000-D-PCSAngebot2-300x131.jpg 300w, https:\/\/konferenztechnik.de\/wp-content\/uploads\/2015\/02\/Bosch-CCS-1000-D-PCSAngebot2-768x336.jpg 768w\" sizes=\"(max-width: 940px) 100vw, 940px\" \/><\/a><br \/>\nV\u00e1lido por juego b\u00e1sico de 6 unidades de micr\u00f3fono + precio especial para unidad de control, cable de extensi\u00f3n y accesorios. Adquiera el nuevo sistema de intercomunicaci\u00f3n de Bosch a un precio de lanzamiento imbatible.<\/p>\n<p>Puede conocer el sistema en nuestras sucursales. Del 10 al 12 de febrero, Bosch presentar\u00e1 el sistema en la feria ISE Integrated Systems Europe Amsterdam en el stand 3-A81. Le invitamos a concertar all\u00ed una cita con nosotros. <a href=\"mailto:peschka@konferenztechnik.de?subject=Treffen auf der ISE Amsterdam\">Cita previa<\/a>.<\/p>\n<p><a href=\"https:\/\/www.iseurope.org\/home.php?navi=148&amp;clean_cat=search&amp;searchstring=bosch\" target=\"_blank\" rel=\"noopener\">Bosch con el CCS 1000 D en la feria ISE Integrated Systems Europe Amsterdam<\/a><\/p>\n<p>[spacer size=\"10\u2033]<\/p>\n<p><a style=\"line-height: 1.8em;\" title=\"\" href=\"\/es\/bosch-ccs-1000-d\/\">Nueva introducci\u00f3n Bosch CCS 1000 D<\/a><br \/>\n<a style=\"line-height: 1.8em;\" title=\"R\" href=\"\/es\/bosch-ccs-1000-d-resultado-de-la-prueba\/\">Resultado de la prueba PCS Bosch CCS 1000 D<\/a><br \/>\n<a style=\"line-height: 1.8em;\" title=\"\" href=\"\/es\/bosch-ccs-1000d-caracteristicas\/\">Espectro de prestaciones \/ Caracter\u00edsticas Bosch CCS 1000 D<\/a><br \/>\n<!--\n<b>Highend-Ausstattung zum Einsteigerpreis<\/b>\n[list icon=\"moon-checkmark-3\" color=\"#a62055\"]Exzellenter Klang und h\u00f6here Lautst\u00e4rken ohne R\u00fcckkopplung[\/list]\n[list icon=\"moon-checkmark-3\" color=\"#a62055\"]Kompakt, einfach aufzubauen, einfach zu bedienen[\/list]\n[list icon=\"moon-checkmark-3\" color=\"#a62055\"]Komfortable Aufzeichnung einfach auf den USB-Stick[\/list]\n[list icon=\"moon-checkmark-3\" color=\"#a62055\"]Steuerung der Anlage einach \u00fcber Tablet, Smartphone oder Web-Browser[\/list]\n[list icon=\"moon-checkmark-3\" color=\"#a62055\"]Integrierte, automatische Steuerung von DOM z. B. f\u00fcr Videokonferenzen[\/list]\n[spacer size=\"30\"]\n--><\/p>\n<p>[spacer size=\"20\u2033]<\/p>\n<p><!--\n\n<b>Zusatzangebot \u201eISE-Besuch\u201c \/ die Anlage auf der ISE kennenlernen<\/b>\n\nBesuchen Sie Bosch auf der ISE in Amsterdam. Bringen Sie unser PCS-Angebot als Ausdruck mit und Sie erhalten zus\u00e4tzlich 100 EUR Er\u00f6ffnungsrabatt.\n\nBesuchen Sie Bosch auf dem Stand 3-A81 und legen Sie dort unser Angebot zum Unterzeichnen vor und Sie erhalten im Aktionszeitraum nochmals zus\u00e4tzlich 100 EUR Preisnachlass auf Ihre erste Bestellung.\n\n* G\u00fcltig ab Abnahmemenge 1 Basiskoffer (5 + 1 for free) + 100 EUR ISE-Aktion. Angebot g\u00fcltig f\u00fcr den Gesamtzeitraum 5. Februar bis 31. M\u00e4rz, Abzeichnung Angebot nur auf der ISE m\u00f6glich.\n\nISE Integrated Systems Europe Amsterdam\n10.02.2015 - 12.02.2015\nAusstellung f\u00fcr professionelle AV Systemintegration &amp; elektronische Integration in Gesch\u00e4fts- und Wohngeb\u00e4uden\n\nBesuchen Sie Bosch und nutzen Sie die Chance, die Anlage kennenzulernen; Bosch CCS 1000 D, Stand 3-A81\n--><\/p>\n<p>[spacer size=\"20\u2033]<\/p>\n<h1>Sus personas de contacto<\/h1>\n<p>[spacer size=\"20\u2033]<br \/>\n[column size=\"1-4\u2033 last=\"1\u2033]<br \/>\n[tabs style=\"2\u2033]<br \/>\n[tab title=\"Berl\u00edn\"]<br \/>\n<img loading=\"lazy\" decoding=\"async\" width=\"800\" height=\"533\" class=\"alignleft size-full wp-image-2301\" src=\"https:\/\/konferenztechnik.de\/wp-content\/uploads\/2013\/09\/gunnar_hermenau_pcs-gmbh.jpg\" alt=\"gunnar_hermenau_pcs-gmbh\" title=\"\" srcset=\"https:\/\/konferenztechnik.de\/wp-content\/uploads\/2013\/09\/gunnar_hermenau_pcs-gmbh.jpg 800w, https:\/\/konferenztechnik.de\/wp-content\/uploads\/2013\/09\/gunnar_hermenau_pcs-gmbh-300x200.jpg 300w, https:\/\/konferenztechnik.de\/wp-content\/uploads\/2013\/09\/gunnar_hermenau_pcs-gmbh-768x512.jpg 768w\" sizes=\"(max-width: 800px) 100vw, 800px\" \/><br \/>\nGunnar Hermenau<br \/>\nDirector de sucursal en Berl\u00edn<br \/>\nTel\u00e9fono +49 30 6959690 14<br \/>\ncorreo electr\u00f3nico <a href=\"mailto:hermenau@konferenztechnik.de\">hermenau@konferenztechnik.de<\/a><br \/>\nC\u00f3digo QR <a title=\"C\u00f3digo QR Gunnar Hermenau\" href=\"https:\/\/konferenztechnik.de\/wp-content\/uploads\/2013\/09\/gunnar_hermenau_qrcode.png\">Mostrar \u203a<\/a><br \/>\n[\/tab]<br \/>\n[\/tabs]<br \/>\n[\/columna]<br \/>\n[column size=\"1-4\u2033 last=\"1\u2033]<br \/>\n[tabs style=\"2\u2033]<br \/>\n[tab title=\"Heilbronn\"]<br \/>\n<img loading=\"lazy\" decoding=\"async\" width=\"800\" height=\"533\" class=\"alignleft size-full wp-image-2289\" src=\"https:\/\/konferenztechnik.de\/wp-content\/uploads\/2013\/09\/carsten_adam_pcs-gmbh.jpg\" alt=\"carsten_adam_pcs-gmbh\" title=\"\" srcset=\"https:\/\/konferenztechnik.de\/wp-content\/uploads\/2013\/09\/carsten_adam_pcs-gmbh.jpg 800w, https:\/\/konferenztechnik.de\/wp-content\/uploads\/2013\/09\/carsten_adam_pcs-gmbh-300x200.jpg 300w, https:\/\/konferenztechnik.de\/wp-content\/uploads\/2013\/09\/carsten_adam_pcs-gmbh-768x512.jpg 768w\" sizes=\"(max-width: 800px) 100vw, 800px\" \/><br \/>\nCarsten Adam<br \/>\nDirector de sucursal en Heilbronn y M\u00fanich<br \/>\nTel\u00e9fono +49 7131 278010 11<br \/>\ncorreo electr\u00f3nico <a href=\"mailto:adam@konferenztechnik.de\">adam@konferenztechnik.de<\/a><br \/>\nC\u00f3digo QR <a title=\"C\u00f3digo QR Carsten Adam\" href=\"https:\/\/konferenztechnik.de\/wp-content\/uploads\/2013\/09\/carsten_adam_qrcode.png\">Mostrar \u203a<\/a><br \/>\n[\/tab]<br \/>\n[\/tabs]<br \/>\n[\/columna]<\/p>\n<p>[column size=\"1-4\u2033 last=\"1\u2033]<br \/>\n[tabs style=\"2\u2033]<br \/>\n[tab title=\"D\u00fcsseldorf\"]<br \/>\n<a href=\"https:\/\/konferenztechnik.de\/wp-content\/uploads\/2013\/09\/dirk_neumann_pcs-gmbh.jpg\"><img loading=\"lazy\" decoding=\"async\" width=\"800\" height=\"533\" class=\"alignleft size-full wp-image-2297\" src=\"https:\/\/konferenztechnik.de\/wp-content\/uploads\/2013\/09\/dirk_neumann_pcs-gmbh.jpg\" alt=\"Dirk Neumann Director General PCS GmbH\" title=\"\" srcset=\"https:\/\/konferenztechnik.de\/wp-content\/uploads\/2013\/09\/dirk_neumann_pcs-gmbh.jpg 800w, https:\/\/konferenztechnik.de\/wp-content\/uploads\/2013\/09\/dirk_neumann_pcs-gmbh-300x200.jpg 300w, https:\/\/konferenztechnik.de\/wp-content\/uploads\/2013\/09\/dirk_neumann_pcs-gmbh-768x512.jpg 768w\" sizes=\"(max-width: 800px) 100vw, 800px\" \/><\/a><br \/>\nDirk Neumann<br \/>\nDirector General<br \/>\nTel\u00e9fono +49 211 737798 0<br \/>\ncorreo electr\u00f3nico <a href=\"mailto:vertrieb@konferenztechnik.de\">vertrieb@konferenztechnik.de<\/a><br \/>\nC\u00f3digo QR <a title=\"C\u00f3digo QR Dirk Neumann\" href=\"https:\/\/konferenztechnik.de\/wp-content\/uploads\/2013\/09\/dirk_neumann_qrcode.png\">Mostrar \u203a<\/a>[\/tab]<br \/>\n[\/tabs]<br \/>\n[\/columna]<\/p>\n<p>[spacer size=\"30\u2033]<\/p>\n<div class=\"weiterlinks\">\n<h1>M\u00e1s enlaces:<\/h1>\n<ul>\n<li>\u203a <a title=\"Distribuci\u00f3n\" href=\"\/es\/distribucion-de-tecnologia-de-conferencia-y-av-media\/\">Distribuci\u00f3n de tecnolog\u00eda de conferencias y medios de comunicaci\u00f3n<\/a><\/li>\n<li>\u203a <a title=\"Instalaci\u00f3n\" href=\"\/es\/instalacion-e-integracion-de-tecnologia-de-conferencias-y-sistemas-multimedia\/\">Instalaci\u00f3n e integraci\u00f3n de tecnolog\u00eda de conferencias y sistemas multimedia<\/a><\/li>\n<li>\u203a <a title=\"Soporte para eventos multiling\u00fces\" href=\"\/es\/servicios-2\/soporte-para-eventos-multilinguees\/\">Soporte para eventos multiling\u00fces<\/a><\/li>\n<\/ul>\n<\/div>","protected":false},"excerpt":{"rendered":"<p>[column size=\"2-3\u2033 last=\"0\u2033] Comprar Bosch CCS 1000 D \u2013 Oferta de lanzamiento: Sistema de debate digital Bosch CCS 1000 D [\/column] [column size=\"1-3\u2033 last=\"1\u2033] [\/column] Bosch presentar\u00e1 un nuevo sistema de debate digital en Integrated Systems Europe en \u00c1msterdam el 10 de febrero de 2015. Ya hemos podido poner el sistema a prueba y estamos encantados. El nuevo [...]<\/p>","protected":false},"author":1,"featured_media":45482,"parent":0,"menu_order":34,"comment_status":"closed","ping_status":"open","template":"","meta":{"_acf_changed":false,"footnotes":""},"class_list":["post-4984","page","type-page","status-publish","has-post-thumbnail","hentry"],"acf":[],"_links":{"self":[{"href":"https:\/\/konferenztechnik.de\/es\/wp-json\/wp\/v2\/pages\/4984","targetHints":{"allow":["GET"]}}],"collection":[{"href":"https:\/\/konferenztechnik.de\/es\/wp-json\/wp\/v2\/pages"}],"about":[{"href":"https:\/\/konferenztechnik.de\/es\/wp-json\/wp\/v2\/types\/page"}],"author":[{"embeddable":true,"href":"https:\/\/konferenztechnik.de\/es\/wp-json\/wp\/v2\/users\/1"}],"replies":[{"embeddable":true,"href":"https:\/\/konferenztechnik.de\/es\/wp-json\/wp\/v2\/comments?post=4984"}],"version-history":[{"count":0,"href":"https:\/\/konferenztechnik.de\/es\/wp-json\/wp\/v2\/pages\/4984\/revisions"}],"wp:featuredmedia":[{"embeddable":true,"href":"https:\/\/konferenztechnik.de\/es\/wp-json\/wp\/v2\/media\/45482"}],"wp:attachment":[{"href":"https:\/\/konferenztechnik.de\/es\/wp-json\/wp\/v2\/media?parent=4984"}],"curies":[{"name":"wp","href":"https:\/\/api.w.org\/{rel}","templated":true}]}}