{"id":5827,"date":"2015-10-12T11:52:48","date_gmt":"2015-10-12T10:52:48","guid":{"rendered":"https:\/\/konferenztechnik.de\/?page_id=5827"},"modified":"2024-12-04T13:34:56","modified_gmt":"2024-12-04T12:34:56","slug":"carrera","status":"publish","type":"page","link":"https:\/\/konferenztechnik.de\/es\/carrera\/","title":{"rendered":"Empleo"},"content":{"rendered":"<p>[spacer size=\"20\u2033]<br \/>\n[column size=\"3-4\u2033 last=\"0\u2033]<\/p>\n<h1>Ofertas de empleo y formaci\u00f3n en PCS GmbH<\/h1>\n<p>PCS GmbH es una organizaci\u00f3n de formaci\u00f3n. Formamos a especialistas en tecnolog\u00eda de eventos, especialistas en log\u00edstica de almacenes y asistentes de gesti\u00f3n de eventos. \u00bfLe interesa? Aqu\u00ed encontrar\u00e1 todas las vacantes.<\/p>\n<p>Tambi\u00e9n estamos siempre a la b\u00fasqueda de empleados cualificados. Si actualmente no hay ninguna vacante adecuada para usted, tambi\u00e9n puede enviarnos una solicitud espont\u00e1nea.<\/p>\n<p>Por favor, env\u00ede las solicitudes para M\u00fanich y D\u00fcsseldorf a Thorsten Gei\u00dfler:<br \/>\n<a href=\"mailto:geissler@konferenztechnik.de\">geissler@konferenztechnik.de<\/a><\/p>\n<p>Se ruega enviar las solicitudes para Berl\u00edn a Gunnar Hermenau:<br \/>\n<a href=\"mailto:hermenau@konferenztechnik.de\">hermenau@konferenztechnik.de<\/a><\/p>\n<p>P\u00f3ngase en contacto con nosotros si tiene alguna pregunta sobre nuestros puestos de trabajo y aprendizaje<\/p>\n<p>[\/columna]<\/p>\n<p>[column size=\"1-4\u2033 last=\"1\u2033]<\/p>\n<p>[\/columna]<\/p>\n<h2><b>Puestos vacantes<\/b><\/h2>\n<p>[spacer size=\"20\u2033]<br \/>\n[column size=\"1-4\u2033 last=\"1\u2033]<br \/>\n<a href=\"https:\/\/konferenztechnik.de\/jobs\/fachkraft-fuer-veranstaltungstechnik-d-w-m-gesucht\/\"><\/a><\/p>\n<p><a href=\"https:\/\/konferenztechnik.de\/jobs\/fachkraft-fuer-veranstaltungstechnik-d-w-m-gesucht\/\"><\/p>\n<h3><b>Especialista en tecnolog\u00eda de eventos (d\/w\/m),<br \/>\nIngenieros de eventos, t\u00e9cnicos de medios audiovisuales<br \/>\nD\u00fcsseldorf<\/b><\/h3>\n<p><\/a><a href=\"https:\/\/konferenztechnik.de\/jobs\/fachkraft-fuer-veranstaltungstechnik-d-w-m-gesucht\/\"><\/a><\/p>\n<p>Actualmente buscamos t\u00e9cnicos de diversas \u00e1reas de la tecnolog\u00eda de eventos para que nos apoyen en la realizaci\u00f3n t\u00e9cnica de conferencias y eventos en nuestra sede de D\u00fcsseldorf.<\/p>\n<p>[button link=\"https:\/\/www.konferenztechnik.de\/jobs\/fachkraft-fuer-veranstaltungstechnik-d-w-m-gesucht\/\" target=\"self\" colour=\"#a62055\u2033 text=\"light\"]Informaci\u00f3n y solicitud[\/button]<br \/>\n[\/columna]<\/p>\n<p>[column size=\"1-4\u2033 last=\"1\u2033]<br \/>\n<a href=\"https:\/\/konferenztechnik.de\/es\/se-busca-especialista-en-tecnologia-de-eventos-d-f-m-en-berlin\/\"><\/a><\/p>\n<p><a href=\"https:\/\/konferenztechnik.de\/es\/se-busca-especialista-en-tecnologia-de-eventos-d-f-m-en-berlin\/\"><\/p>\n<h3><b>Especialista en tecnolog\u00eda de eventos (d\/w\/m),<br \/>\nIngenieros de eventos, t\u00e9cnicos de medios audiovisuales<br \/>\nBerl\u00edn<\/b><\/h3>\n<p><\/a><a href=\"https:\/\/konferenztechnik.de\/es\/se-busca-especialista-en-tecnologia-de-eventos-d-f-m-en-berlin\/\"><\/a><\/p>\n<p>Actualmente buscamos t\u00e9cnicos de diversas \u00e1reas de la tecnolog\u00eda de eventos para que nos apoyen en la realizaci\u00f3n t\u00e9cnica de conferencias y eventos en nuestra sede de Berl\u00edn.<\/p>\n<p>[button link=\"https:\/\/www.konferenztechnik.de\/fachkraft-fuer-veranstaltungstechnik-d-w-m-in-berlin-gesucht\/\" target=\"self\" colour=\"#a62055\u2033 text=\"light\"]Informaci\u00f3n y solicitud[\/button]<br \/>\n[\/columna]<\/p>\n<p>[column size=\"1-4\u2033 last=\"1\u2033]<br \/>\n<a href=\"https:\/\/konferenztechnik.de\/es\/se-busca-especialista-en-tecnologia-de-eventos-d-f-m-en-munich-2\/\"><\/a><\/p>\n<p><a href=\"https:\/\/konferenztechnik.de\/es\/se-busca-especialista-en-tecnologia-de-eventos-d-f-m-en-munich-2\/\"><\/p>\n<h3><b>Especialista en tecnolog\u00eda de eventos (d\/w\/m),<br \/>\nIngenieros de eventos, t\u00e9cnicos de medios audiovisuales<br \/>\nM\u00fanich<\/b><\/h3>\n<p><\/a><a href=\"https:\/\/konferenztechnik.de\/es\/se-busca-especialista-en-tecnologia-de-eventos-d-f-m-en-munich-2\/\"><\/a><\/p>\n<p>Actualmente buscamos t\u00e9cnicos de diversas \u00e1reas de la tecnolog\u00eda de eventos para que nos apoyen en la realizaci\u00f3n t\u00e9cnica de conferencias y eventos en nuestra sede de M\u00fanich.<\/p>\n<p>[button link=\"https:\/\/www.konferenztechnik.de\/fachkraft-fuer-veranstaltungstechnik-d-w-m-in-muenchen-gesucht\/\" target=\"self\" colour=\"#a62055\u2033 text=\"light\"]Informaci\u00f3n y solicitud[\/button]<br \/>\n[\/columna]<\/p>\n<p>[spacer size=\"50\u2033]<\/p>\n<p>[column size=\"1-4\u2033 last=\"1\u2033]<br \/>\n<a href=\"https:\/\/konferenztechnik.de\/jobs\/buero-servicekraft-m-w-d-gesucht\/\"><\/a><\/p>\n<p><a href=\"https:\/\/konferenztechnik.de\/jobs\/buero-servicekraft-m-w-d-gesucht\/\"><\/p>\n<h3><b>Se busca empleado de servicios de oficina (h\/m\/d)<br \/>\nBerl\u00edn<\/b><\/h3>\n<p><\/a><a href=\"https:\/\/konferenztechnik.de\/jobs\/buero-servicekraft-m-w-d-gesucht\/\"><\/a><\/p>\n<p>Actualmente buscamos un asistente de servicios de oficina (d\/f\/m) en nuestra oficina de Berl\u00edn para organizar nuestra oficina y los estudios de interpretaci\u00f3n antes y despu\u00e9s de las reuniones y conferencias.<\/p>\n<p>[button link=\"https:\/\/www.konferenztechnik.de\/jobs\/buero-servicekraft-m-w-d-gesucht\/\" target=\"self\" colour=\"#a62055\u2033 text=\"light\"]Informaci\u00f3n y solicitud[\/button]<br \/>\n[\/columna]<\/p>\n<p>[column size=\"1-4\u2033 last=\"1\u2033]<br \/>\n<a href=\"https:\/\/konferenztechnik.de\/jobs\/technische-hilfskraft-m-w-d-fuer-kommissionierung-und-transport-gesucht\/\"><\/a><\/p>\n<p><a href=\"https:\/\/konferenztechnik.de\/jobs\/technische-hilfskraft-m-w-d-fuer-kommissionierung-und-transport-gesucht\/\"><\/p>\n<h3><b>Se busca asistente t\u00e9cnico (h\/m\/d) para preparaci\u00f3n de pedidos y transporte<br \/>\nBerl\u00edn<\/b><\/h3>\n<p><\/a><a href=\"https:\/\/konferenztechnik.de\/jobs\/technische-hilfskraft-m-w-d-fuer-kommissionierung-und-transport-gesucht\/\"><\/a><\/p>\n<p>Buscamos un asistente t\u00e9cnico (h\/m\/d) que nos apoye en la preparaci\u00f3n de pedidos en nuestro almac\u00e9n, en los desplazamientos de transporte y en el montaje y desmontaje de equipos t\u00e9cnicos.<\/p>\n<p>[button link=\"https:\/\/www.konferenztechnik.de\/jobs\/technische-hilfskraft-m-w-d-fuer-kommissionierung-und-transport-gesucht\/\" target=\"self\" colour=\"#a62055\u2033 text=\"light\"]Informaci\u00f3n y solicitud[\/button]<br \/>\n[\/columna]<\/p>\n<p>[column size=\"1-4\u2033 last=\"1\u2033]<br \/>\n<a href=\"https:\/\/konferenztechnik.de\/jobs\/technikerin-m-w-d-fuer-den-bereich-kommissionierung-und-transport-gesucht\/\"><\/a><\/p>\n<p><a href=\"https:\/\/konferenztechnik.de\/jobs\/technikerin-m-w-d-fuer-den-bereich-kommissionierung-und-transport-gesucht\/\"><\/p>\n<h3><b>Se busca t\u00e9cnico (h\/m\/d) para el \u00e1rea de preparaci\u00f3n de pedidos y transporte<br \/>\nBerl\u00edn<\/b><\/h3>\n<p><\/a><a href=\"https:\/\/konferenztechnik.de\/jobs\/technikerin-m-w-d-fuer-den-bereich-kommissionierung-und-transport-gesucht\/\"><\/a><\/p>\n<p>Buscamos un t\u00e9cnico que nos apoye en la preparaci\u00f3n de pedidos en nuestro almac\u00e9n, en los desplazamientos de transporte y en el montaje y desmontaje de equipos t\u00e9cnicos.<\/p>\n<p>[button link=\"https:\/\/www.konferenztechnik.de\/jobs\/technikerin-m-w-d-fuer-den-bereich-kommissionierung-und-transport-gesucht\/\" target=\"self\" colour=\"#a62055\u2033 text=\"light\"]Informaci\u00f3n y solicitud[\/button]<br \/>\n[\/columna]<\/p>\n<p>[spacer size=\"30\u2033]<\/p>\n<hr>\n<p>[spacer size=\"30\u2033]<\/p>\n<h2><b>Aprendizaje para 2023 \u2013 Aprendizaje en PCS konferenztechnik.de<\/b><\/h2>\n<p>Estamos buscando becarios para el a\u00f1o de formaci\u00f3n 2023 y esperamos recibir sus solicitudes.<\/p>\n<p>[spacer size=\"20\u2033]<\/p>\n<p>[column size=\"1-4\u2033 last=\"1\u2033]<br \/>\n<a href=\"https:\/\/konferenztechnik.de\/es\/formacion-como-especialista-en-tecnologia-de-eventos-m-f-d-en-duesseldorf-2\/\"><\/a><\/p>\n<p><a href=\"https:\/\/konferenztechnik.de\/es\/formacion-como-especialista-en-tecnologia-de-eventos-m-f-d-en-duesseldorf-2\/\"><\/p>\n<h3><b>Aprendizaje como especialista en tecnolog\u00eda de eventos (d\/w\/m)<br \/>\nD\u00fcsseldorf<\/b><\/h3>\n<p><\/a><a href=\"https:\/\/konferenztechnik.de\/es\/formacion-como-especialista-en-tecnologia-de-eventos-m-f-d-en-duesseldorf-2\/\"><\/a><\/p>\n<p>Formaci\u00f3n como especialista en tecnolog\u00eda de eventos en nuestra sucursal de D\u00fcsseldorf.<\/p>\n<p>[button link=\"https:\/\/www.konferenztechnik.de\/ausbildung-zur-fachkraft-fuer-veranstaltungstechnik-m-w-d-in-duesseldorf\/\" target=\"self\" colour=\"#a62055\u2033 text=\"light\"]Informaci\u00f3n y solicitud[\/button]<br \/>\n[\/columna]<\/p>\n<p>[column size=\"1-4\u2033 last=\"1\u2033]<br \/>\n<a href=\"https:\/\/konferenztechnik.de\/es\/formacion-como-especialista-en-tecnologia-de-eventos-m-f-d-en-berlin-2\/\"><\/a><\/p>\n<p><a href=\"https:\/\/konferenztechnik.de\/es\/formacion-como-especialista-en-tecnologia-de-eventos-m-f-d-en-berlin-2\/\"><\/p>\n<h3><b>Aprendizaje como especialista en tecnolog\u00eda de eventos (d\/w\/m)<br \/>\nBerl\u00edn<\/b><\/h3>\n<p><\/a><a href=\"https:\/\/konferenztechnik.de\/es\/formacion-como-especialista-en-tecnologia-de-eventos-m-f-d-en-berlin-2\/\"><\/a><\/p>\n<p>Formaci\u00f3n como especialista en tecnolog\u00eda de eventos en nuestra sucursal de Berl\u00edn.<\/p>\n<p>[button link=\"https:\/\/www.konferenztechnik.de\/ausbildung-zur-fachkraft-fuer-veranstaltungstechnik-m-w-d-in-berlin-2023\/\" target=\"self\" colour=\"#a62055\u2033 text=\"light\"]Informaci\u00f3n y solicitud[\/button]<br \/>\n[\/columna]<\/p>\n<p>[column size=\"1-4\u2033 last=\"1\u2033]<br \/>\n<a href=\"https:\/\/konferenztechnik.de\/jobs\/ausbildungsplatz-fachkraft-lagerlogistik-berlin-2023\/\"><\/a><\/p>\n<p><a href=\"https:\/\/konferenztechnik.de\/jobs\/ausbildungsplatz-fachkraft-lagerlogistik-berlin-2023\/\"><\/p>\n<h3><b>Aprendizaje como especialista en log\u00edstica de almac\u00e9n (d\/w\/m)<br \/>\nBerl\u00edn<\/b><\/h3>\n<p><\/a><a href=\"https:\/\/konferenztechnik.de\/jobs\/ausbildungsplatz-fachkraft-lagerlogistik-berlin-2023\/\"><\/a><\/p>\n<p>Formaci\u00f3n como especialista en log\u00edstica de almac\u00e9n en nuestra sucursal de Berl\u00edn.<\/p>\n<p>[button link=\"https:\/\/www.konferenztechnik.de\/jobs\/ausbildungsplatz-fachkraft-lagerlogistik-berlin-2023\/\" target=\"self\" colour=\"#a62055\u2033 text=\"light\"]Informaci\u00f3n y solicitud[\/button]<br \/>\n[\/columna]<\/p>\n<p>[spacer size=\"30\u2033]<\/p>\n<hr>\n<p>[spacer size=\"30\u2033]<\/p>\n<h2>Informaci\u00f3n sobre el aprendizaje en el PCS<\/h2>\n<p>[column size=\"1-4\u2033 last=\"1\u2033]<\/p>\n<h3><strong>Asistente de gesti\u00f3n de eventos<\/strong><\/h3>\n<p>Los especialistas en log\u00edstica de almac\u00e9n trabajan en el campo de la planificaci\u00f3n y organizaci\u00f3n de la log\u00edstica. Sus tareas incluyen la recepci\u00f3n, preparaci\u00f3n de pedidos, carga, estiba, transporte y embalaje de mercanc\u00edas. Otros componentes de la formaci\u00f3n son la gesti\u00f3n y el control comercial, la protecci\u00f3n del medio ambiente o la organizaci\u00f3n del trabajo, la informaci\u00f3n y la comunicaci\u00f3n. El aprendizaje dura tres a\u00f1os y tiene lugar tanto en nuestras empresas como en las respectivas escuelas de formaci\u00f3n profesional.<\/p>\n<h4>Para m\u00e1s informaci\u00f3n:<\/h4>\n<p>\u203a <a href=\"https:\/\/www.ihk-berlin.de\/ausbildung\/ausbildungsberufe-von-a-bis-z\/veranstaltungskaufmann-2262380\" target=\"_blank\" rel=\"noopener noreferrer\">IHK Berl\u00edn<\/a><br \/>\n\u203a <a href=\"https:\/\/berufenet.arbeitsagentur.de\/berufenet\/faces\/index;BERUFENETJSESSIONID=H4dPyKJvbXrnWotpa2-unjyMlToiDlBPBg0q0Sm5LB_Pd5I_B9D5!358792421?path=null\/suchergebnisse\/kurzbeschreibung&amp;dkz=14448&amp;such=veranstaltungskauffrau\" target=\"_blank\" rel=\"noopener noreferrer\">Agencia Federal de Empleo<\/a><\/p>\n<p>[\/columna]<\/p>\n<p>[column size=\"1-4\u2033 last=\"1\u2033]<\/p>\n<h3><strong>Especialista en log\u00edstica de almacenes<\/strong><\/h3>\n<p>Los especialistas en log\u00edstica de almac\u00e9n trabajan en el campo de la planificaci\u00f3n y organizaci\u00f3n de la log\u00edstica. Sus tareas incluyen la recepci\u00f3n, preparaci\u00f3n de pedidos, carga, estiba, transporte y embalaje de mercanc\u00edas. Otros componentes de la formaci\u00f3n son la gesti\u00f3n y el control comercial, la protecci\u00f3n del medio ambiente o la organizaci\u00f3n del trabajo, la informaci\u00f3n y la comunicaci\u00f3n. El aprendizaje dura tres a\u00f1os y tiene lugar tanto en nuestras empresas como en las respectivas escuelas de formaci\u00f3n profesional.<\/p>\n<h4>Para m\u00e1s informaci\u00f3n:<\/h4>\n<p>\u203a <a href=\"https:\/\/www.ihk-berlin.de\/aus_und_weiterbildung\/Ausbildung\/Ausbildungsberufe_von_A_bis_Z\/Fachkraft_fuer_Veranstaltungstechnik\/2262432\" target=\"_blank\" rel=\"noopener noreferrer\">IHK Berl\u00edn<\/a><br \/>\n\u203a <a href=\"https:\/\/berufenet.arbeitsagentur.de\/berufe\/start?dest=profession&amp;prof-id=8525_8523&amp;status=B\" target=\"_blank\" rel=\"noopener noreferrer\">Agencia Federal de Empleo<\/a><br \/>\n\u203a <a href=\"https:\/\/de.wikipedia.org\/wiki\/Fachkraft_f%C3%BCr_Lagerlogistik\" target=\"_blank\" rel=\"noopener noreferrer\">Wikipedia<\/a><\/p>\n<p>[\/columna]<\/p>\n<p>[column size=\"1-4\u2033 last=\"1\u2033]<\/p>\n<h3><strong>Especialista en tecnolog\u00eda para eventos<\/strong><\/h3>\n<p>Como especialista en tecnolog\u00eda de eventos, ser\u00e1s responsable de montar, desmontar y operar estructuras esc\u00e9nicas y escenogr\u00e1ficas, as\u00ed como sistemas de iluminaci\u00f3n, proyecci\u00f3n y sonido. El aprendizaje dura tres a\u00f1os y tiene lugar tanto en nuestra empresa como en las respectivas escuelas de formaci\u00f3n profesional.<\/p>\n<h4>Para m\u00e1s informaci\u00f3n:<\/h4>\n<p>\u203a <a href=\"https:\/\/www.ihk-berlin.de\/aus_und_weiterbildung\/Ausbildung\/Ausbildungsberufe_von_A_bis_Z\/Fachkraft_fuer_Veranstaltungstechnik\/2262432\" target=\"_blank\" rel=\"noopener noreferrer\">IHK Berl\u00edn<\/a><br \/>\n\u203a <a href=\"https:\/\/berufenet.arbeitsagentur.de\/berufe\/start?dest=profession&amp;prof-id=27448_27449&amp;status=B\" target=\"_blank\" rel=\"noopener noreferrer\">Agencia Federal de Empleo<\/a><br \/>\n\u203a <a href=\"https:\/\/de.wikipedia.org\/wiki\/Fachkraft_f%C3%BCr_Lagerlogistik\" target=\"_blank\" rel=\"noopener noreferrer\">Wikipedia<\/a><\/p>\n<p>[\/columna]<\/p>\n<p>[spacer size=\"30\u2033]<\/p>\n<hr>\n<p>[spacer size=\"30\u2033]<\/p>\n<h2>Somos miembros o miembros colaboradores de las siguientes asociaciones:<\/h2>\n<p>[column size=\"1-4\u2033 last=\"1\u2033]<a href=\"https:\/\/www.100pro.org\/\" target=\"_blank\" rel=\"noopener noreferrer\"><br \/>\n<img decoding=\"async\" src=\"https:\/\/konferenztechnik.de\/wp-content\/uploads\/2015\/10\/logo-100proOrg.jpg\" alt=\"Logotipo 100 Pro Org\" width=\"150\" height=\"149\" class=\"alignleft size-full wp-image-6492\" title=\"\"><\/a><br \/>\n[\/columna]<\/p>\n<p>[column size=\"1-4\u2033 last=\"1\u2033]<br \/>\n<a href=\"https:\/\/www.vplt.org\/\" target=\"_blank\" rel=\"noopener noreferrer\"><br \/>\n<img decoding=\"async\" src=\"https:\/\/konferenztechnik.de\/wp-content\/uploads\/2015\/10\/vplt-logo.jpg\" alt=\"Logotipo VPLT\" width=\"216\" height=\"69\" class=\"alignleft size-full wp-image-6493\" title=\"\"><\/a><br \/>\n[\/columna]<\/p>\n<p>[column size=\"1-4\u2033 last=\"1\u2033]<a href=\"https:\/\/isdv.net\/\" target=\"_blank\" rel=\"noopener noreferrer\"><br \/>\n<img decoding=\"async\" src=\"https:\/\/konferenztechnik.de\/wp-content\/uploads\/2015\/10\/isdv-logo.png\" alt=\"Logotipo ISDV\" width=\"240\" height=\"140\" class=\"alignleft size-full wp-image-6494\" title=\"\"><\/a><br \/>\n[\/columna]<\/p>","protected":false},"excerpt":{"rendered":"<p>[spacer size=&#8220;20&#8243;] [column size=&#8220;3-4&#8243; last=&#8220;0&#8243;] Jobs, Stellenangebote und Ausbildungspl\u00e4tze bei der PCS GmbH Die PCS GmbH ist Ausbildungsbetrieb. Wir bilden zur Fachkraft f\u00fcr Veranstaltungstechnik, Fachkraft f\u00fcr Lagerlogistik und zur Veranstaltungskauffrau \/ zum Veranstaltungskaufmann aus. Sind Sie interessiert? Hier finden Sie alle freien Stellen. Au\u00dferdem sind wir immer wieder auf der Suche nach qualifizierten Mitarbeitern. Falls [&hellip;]<\/p>","protected":false},"author":1,"featured_media":45482,"parent":0,"menu_order":50,"comment_status":"closed","ping_status":"closed","template":"","meta":{"_acf_changed":false,"footnotes":""},"class_list":["post-5827","page","type-page","status-publish","has-post-thumbnail","hentry"],"acf":[],"_links":{"self":[{"href":"https:\/\/konferenztechnik.de\/es\/wp-json\/wp\/v2\/pages\/5827","targetHints":{"allow":["GET"]}}],"collection":[{"href":"https:\/\/konferenztechnik.de\/es\/wp-json\/wp\/v2\/pages"}],"about":[{"href":"https:\/\/konferenztechnik.de\/es\/wp-json\/wp\/v2\/types\/page"}],"author":[{"embeddable":true,"href":"https:\/\/konferenztechnik.de\/es\/wp-json\/wp\/v2\/users\/1"}],"replies":[{"embeddable":true,"href":"https:\/\/konferenztechnik.de\/es\/wp-json\/wp\/v2\/comments?post=5827"}],"version-history":[{"count":0,"href":"https:\/\/konferenztechnik.de\/es\/wp-json\/wp\/v2\/pages\/5827\/revisions"}],"wp:featuredmedia":[{"embeddable":true,"href":"https:\/\/konferenztechnik.de\/es\/wp-json\/wp\/v2\/media\/45482"}],"wp:attachment":[{"href":"https:\/\/konferenztechnik.de\/es\/wp-json\/wp\/v2\/media?parent=5827"}],"curies":[{"name":"wp","href":"https:\/\/api.w.org\/{rel}","templated":true}]}}