{"id":6443,"date":"2016-04-07T15:41:05","date_gmt":"2016-04-07T14:41:05","guid":{"rendered":"https:\/\/konferenztechnik.de\/?page_id=6443"},"modified":"2023-09-01T12:08:03","modified_gmt":"2023-09-01T10:08:03","slug":"cable-de-verano","status":"publish","type":"page","link":"https:\/\/konferenztechnik.de\/es\/fabricante\/cable-de-verano\/","title":{"rendered":"Cable de verano"},"content":{"rendered":"<p>[column size=\"1-4\u2033 last=\"1\u2033]<\/p>\n<h1>Cable de verano<\/h1>\n<p>[\/columna]<br \/>\n[column size=\"1-4\u2033 last=\"1\u2033]<img decoding=\"async\" width=\"407\" height=\"74\" src=\"https:\/\/konferenztechnik.de\/wp-content\/uploads\/2016\/04\/logo-sommercable.jpg\" alt=\"Logotipo Sommercable\" class=\"alignright size-full wp-image-6445\" title=\"\" srcset=\"https:\/\/konferenztechnik.de\/wp-content\/uploads\/2016\/04\/logo-sommercable.jpg 407w, https:\/\/konferenztechnik.de\/wp-content\/uploads\/2016\/04\/logo-sommercable-300x55.jpg 300w\" sizes=\"(max-width: 407px) 100vw, 407px\" \/>[\/columna]<\/p>\n<p>Sommer Cable es especialista en tecnolog\u00eda profesional de cables y conexiones, especialmente en audio, v\u00eddeo, radiodifusi\u00f3n, estudios y medios de comunicaci\u00f3n.<\/p>\n<p><img fetchpriority=\"high\" decoding=\"async\" width=\"933\" height=\"425\" src=\"https:\/\/konferenztechnik.de\/wp-content\/uploads\/2016\/04\/sommercable-pcs.jpg\" alt=\"Sommercable en PCS\" class=\"alignleft size-full wp-image-6450\" title=\"\" srcset=\"https:\/\/konferenztechnik.de\/wp-content\/uploads\/2016\/04\/sommercable-pcs.jpg 933w, https:\/\/konferenztechnik.de\/wp-content\/uploads\/2016\/04\/sommercable-pcs-300x137.jpg 300w, https:\/\/konferenztechnik.de\/wp-content\/uploads\/2016\/04\/sommercable-pcs-768x350.jpg 768w\" sizes=\"(max-width: 933px) 100vw, 933px\" \/><\/p>\n<p>Sommercable no s\u00f3lo ofrece el cable perfecto para cada aplicaci\u00f3n, sino tambi\u00e9n un servicio perfecto, plazos de entrega r\u00e1pidos y soluciones para consultas individuales. Sommercable tambi\u00e9n suministra componentes activos, paneles de conexi\u00f3n, adaptadores y muchas soluciones para instalaciones fijas.<\/p>\n<p>[column size=\"1-4\u2033 last=\"1\u2033]<\/p>\n<h2>Cables<\/h2>\n<p>Audio por metros<br \/>\nInstrumento por metros<br \/>\nAltavoz por metros<br \/>\nV\u00eddeo por metros<br \/>\nFibra\/LAN\/CAT por metros<br \/>\nMedidor de potencia\/control<br \/>\nH\u00edbrido\/combinaci\u00f3n por metros<br \/>\nCable de audio\/altavoz<br \/>\nCable BNC\/v\u00eddeo<br \/>\nOrdenador\/cable multimedia<br \/>\nHiFi y Hogar<br \/>\nCable del instrumento<br \/>\nCable de carga\/alimentaci\u00f3n<br \/>\nMulticanal\/multicore<br \/>\nCable de micr\u00f3fono<br \/>\nCable de conexi\u00f3n\/adaptador<br \/>\nTelares de estudio<br \/>\nOtros<br \/>\n[\/columna]<\/p>\n<p>[column size=\"1-4\u2033 last=\"1\u2033]<\/p>\n<h2>Conector<\/h2>\n<p>Adaptador<br \/>\nBNC\/coaxial<br \/>\nCinch (RCA)<br \/>\nHiFi<br \/>\nJack\/Jack<br \/>\nCarga\/Potencia<br \/>\nMulticanal\/multipolar<br \/>\nRJ45\/CAT\/FIBRA<br \/>\nAltavoz<br \/>\nXLR<br \/>\nOtros<br \/>\nAccesorios<br \/>\n[\/columna]<\/p>\n<p>[column size=\"1-4\u2033 last=\"1\u2033]<\/p>\n<h2>Sistemas de distribuci\u00f3n<\/h2>\n<p>Paneles de conexi\u00f3n 19\u2033<br \/>\nInstalaci\u00f3n fija<br \/>\nCarga\/Potencia<br \/>\nMultimedia\/Fibra\/H\u00edbrido<br \/>\nAltavoz<br \/>\nCajas esc\u00e9nicas<br \/>\nStagereels<br \/>\nMultin\u00facleos esc\u00e9nicos<br \/>\nSistema de armarios SYSBOXX<br \/>\nCaja mural SYSBOARD<br \/>\nTanque de sobremesa SYSDESK<br \/>\nSYSFLOOR suelo bastidor dep\u00f3sito<br \/>\nSistema de instalaci\u00f3n SYSPANEL 1U<br \/>\nSistema de m\u00f3dulos murales SYSWALL<br \/>\nAccesorios<br \/>\n[\/columna]<\/p>\n<p>[button link=\"https:\/\/konferenztechnik.de\/hersteller\/\" target=\"self\" icon=\"moon-arrow-left-9\u2033 color=\"#a62055\u2033 text=\"light\"]Volver[\/button]<\/p>","protected":false},"excerpt":{"rendered":"<p>[column size=&#8220;1-2&#8243; last=&#8220;0&#8243;] Sommer Cable [\/column] [column size=&#8220;1-2&#8243; last=&#8220;1&#8243;][\/column] Sommercable ist der Spezialist f\u00fcr professionelle Kabel- und Anschlusstechnik, insbesondere in Sachen Audio, Video, Broadcast, Studio- und Medientechnik. Sommercable bietet nicht nur f\u00fcr jeden Anwendungsfall das perfekte Kabel, sondern auch perfekten Service, schnelle Lieferzeiten und L\u00f6sungen f\u00fcr individuelle Anfragen. Wir beziehen bei Sommercable au\u00dferdem aktive Komponenten, [&hellip;]<\/p>","protected":false},"author":1,"featured_media":45482,"parent":6152,"menu_order":41,"comment_status":"closed","ping_status":"closed","template":"","meta":{"_acf_changed":false,"footnotes":""},"class_list":["post-6443","page","type-page","status-publish","has-post-thumbnail","hentry"],"acf":[],"_links":{"self":[{"href":"https:\/\/konferenztechnik.de\/es\/wp-json\/wp\/v2\/pages\/6443","targetHints":{"allow":["GET"]}}],"collection":[{"href":"https:\/\/konferenztechnik.de\/es\/wp-json\/wp\/v2\/pages"}],"about":[{"href":"https:\/\/konferenztechnik.de\/es\/wp-json\/wp\/v2\/types\/page"}],"author":[{"embeddable":true,"href":"https:\/\/konferenztechnik.de\/es\/wp-json\/wp\/v2\/users\/1"}],"replies":[{"embeddable":true,"href":"https:\/\/konferenztechnik.de\/es\/wp-json\/wp\/v2\/comments?post=6443"}],"version-history":[{"count":0,"href":"https:\/\/konferenztechnik.de\/es\/wp-json\/wp\/v2\/pages\/6443\/revisions"}],"up":[{"embeddable":true,"href":"https:\/\/konferenztechnik.de\/es\/wp-json\/wp\/v2\/pages\/6152"}],"wp:featuredmedia":[{"embeddable":true,"href":"https:\/\/konferenztechnik.de\/es\/wp-json\/wp\/v2\/media\/45482"}],"wp:attachment":[{"href":"https:\/\/konferenztechnik.de\/es\/wp-json\/wp\/v2\/media?parent=6443"}],"curies":[{"name":"wp","href":"https:\/\/api.w.org\/{rel}","templated":true}]}}