{"id":6727,"date":"2016-05-03T10:09:19","date_gmt":"2016-05-03T08:09:19","guid":{"rendered":"https:\/\/konferenztechnik.de\/?page_id=6727"},"modified":"2023-09-01T13:24:03","modified_gmt":"2023-09-01T11:24:03","slug":"conferencia-de-ventas-tecnologia","status":"publish","type":"page","link":"https:\/\/konferenztechnik.de\/es\/conferencia-de-ventas-tecnologia\/","title":{"rendered":"Venta de tecnolog\u00eda para conferencias"},"content":{"rendered":"<h1>Distribuci\u00f3n de tecnolog\u00eda para conferencias y medios audiovisuales<\/h1>\n<p>[rev_slider alias=\"ventas\"]<br \/>\n[spacer size=\"20\u2033]<br \/>\n\u00bfBusca sistemas de conferencia y multimedia o necesita tecnolog\u00eda de audio o v\u00eddeo? Somos socios comerciales de fabricantes profesionales de renombre en estos \u00e1mbitos. Puede adquirir con nosotros sistemas de tecnolog\u00eda audiovisual grandes y peque\u00f1os, as\u00ed como componentes individuales, piezas de repuesto y accesorios.<br \/>\n[spacer size=\"25\u2033]<br \/>\n<span class=\"taster\"><a href=\"\/es\/fabricante\/\">[v_icon color=\"#a62055\u2033 size=\"16px\" target=\"_blank\" name=\"luna-flecha-derecha-2\u2033] Ordenar por fabricante&nbsp;&nbsp;&nbsp;&nbsp;&nbsp;<\/a><\/span> <span class=\"taster\"><a href=\"\/es\/grupos-de-productos\/\">[v_icon color=\"#a62055\u2033 size=\"16px\" target=\"_blank\" name=\"luna-flecha-derecha-2\u2033] Ordenar por grupo de productos<\/a><\/span><br \/>\n[spacer size=\"25\u2033]<br \/>\n<a href=\"\/es\/fabricante\/\"><img fetchpriority=\"high\" decoding=\"async\" src=\"https:\/\/konferenztechnik.de\/wp-content\/uploads\/2016\/08\/produkte-neu.jpg\" alt=\"productos-nuevo\" width=\"1202\" height=\"905\" class=\"alignnone size-full wp-image-7206\" title=\"\"><\/a><br \/>\n[spacer size=\"10\u2033]<\/p>\n<p>PCS vende tecnolog\u00eda profesional para uso comercial en condiciones actualizadas diariamente, incluido el asesoramiento y el servicio posventa. Proporcionamos asesoramiento independiente del fabricante y estaremos encantados de elaborar un sistema adaptado exactamente a sus necesidades.<\/p>\n<p>[callout add_button=\"no\" button_text=\"M\u00e1s informaci\u00f3n\" button_url=\"#\" button_color=\"#a62055\u2033]<\/p>\n<p>\u00bfNecesita piezas de repuesto, accesorios o elementos electr\u00f3nicos \u2013 para tecnolog\u00eda del pasado? Hable con nuestro departamento de ventas.<br \/>\n<img decoding=\"async\" src=\"\/wp-content\/uploads\/2016\/08\/retro-technik.jpg\" alt=\"retro-tecnolog\u00eda\" class=\"alignnone size-full wp-image-7183\" title=\"\"><\/p>\n<p>[\/callout]<\/p>\n<div class=\"boxcontainer\">\n<div class=\"box1-2\">\n<h1>Persona de contacto<\/h1>\n<\/div>\n<div class=\"box1-2-order\">\n<h1>Otros enlaces<\/h1>\n<\/div>\n<div class=\"box1-4\">\n<div class=\"box-head\">Integraci\u00f3n del sistema<\/div>\n<p><img decoding=\"async\" width=\"800\" height=\"533\" src=\"https:\/\/konferenztechnik.de\/wp-content\/uploads\/2013\/08\/pcs-gmbh-andreas-bagattini.jpg\" alt=\"PCS GmbH Andreas Bagattini\" class=\"alignleft size-full wp-image-6340\" title=\"\" srcset=\"https:\/\/konferenztechnik.de\/wp-content\/uploads\/2013\/08\/pcs-gmbh-andreas-bagattini.jpg 800w, https:\/\/konferenztechnik.de\/wp-content\/uploads\/2013\/08\/pcs-gmbh-andreas-bagattini-300x200.jpg 300w, https:\/\/konferenztechnik.de\/wp-content\/uploads\/2013\/08\/pcs-gmbh-andreas-bagattini-768x512.jpg 768w\" sizes=\"(max-width: 800px) 100vw, 800px\" \/><br \/>\nAndreas Bagattini<br \/>\nGesti\u00f3n de proyectos<br \/>\nTel\u00e9fono +49 211 737798 21<br \/>\ncorreo electr\u00f3nico <a href=\"mailto:vertrieb@konferenztechnik.de\" onclick=\"ga('send', 'event', 'Email-Klick', 'Vertrieb Bagattini');\">escriba a<\/a><br \/>\nC\u00f3digo QR <a href=\"https:\/\/konferenztechnik.de\/wp-content\/uploads\/2013\/08\/qrcode-andreas-bagattini.jpeg\">&#x9B; mostrar<\/a><\/div>\n<div class=\"box1-4\">\n<div class=\"box-head\">Consultor\u00eda y ventas<\/div>\n<p><img decoding=\"async\" width=\"800\" height=\"533\" src=\"https:\/\/konferenztechnik.de\/wp-content\/uploads\/2013\/09\/jens_timmermann_pcs-gmbh.jpg\" alt=\"jens_timmermann_pcs-gmbh\" class=\"alignleft size-full wp-image-2307\" title=\"\" srcset=\"https:\/\/konferenztechnik.de\/wp-content\/uploads\/2013\/09\/jens_timmermann_pcs-gmbh.jpg 800w, https:\/\/konferenztechnik.de\/wp-content\/uploads\/2013\/09\/jens_timmermann_pcs-gmbh-300x200.jpg 300w, https:\/\/konferenztechnik.de\/wp-content\/uploads\/2013\/09\/jens_timmermann_pcs-gmbh-768x512.jpg 768w\" sizes=\"(max-width: 800px) 100vw, 800px\" \/><br \/>\nJens Timmermann<br \/>\nConsultor de proyectos<br \/>\nTel\u00e9fono +49 211 737798 20<br \/>\ncorreo electr\u00f3nico <a href=\"mailto:timmermann@konferenztechnik.de\" onclick=\"ga('send', 'event', 'Email-Klick', 'Vertrieb Timmermann');\">escriba a<\/a><br \/>\nC\u00f3digo QR <a href=\"https:\/\/konferenztechnik.de\/wp-content\/uploads\/2013\/09\/jens_timmermann_qrcode.png\">&#x9B; mostrar<\/a><\/div>\n<div class=\"box2-4-2\" style=\"order:1;\" >\n<div class=\"weiterlinks\">\n<ul>\n[list icon=\"luna-flecha-derecha-2\u2033 color=\"#a62055\u2033]<a title=\"Distribuci\u00f3n por grupos de productos\" href=\"\/es\/grupos-de-productos\/\">Distribuci\u00f3n por grupos de productos<\/a>[\/list]<br \/>\n[list icon=\"luna-flecha-derecha-2\u2033 color=\"#a62055\u2033]<a title=\"Distribuci\u00f3n por fabricante\" href=\"\/es\/fabricante\/\">Distribuci\u00f3n por fabricante<\/a>[\/list]<br \/>\n[list icon=\"luna-flecha-derecha-2\u2033 color=\"#a62055\u2033]<a title=\"Productos a medida, mantenimiento y reparaciones\" href=\"\/es\/servicios-2\/mantenimiento-y-reparacion\/\">Productos a medida, mantenimiento y reparaciones<\/a>[\/list]<br \/>\n[list icon=\"luna-flecha-derecha-2\u2033 color=\"#a62055\u2033]<a title=\"10 buenas razones para el PCS\" href=\"\/es\/quienes-somos\/10-buenas-razones-para-pcs\/\">10 buenas razones para el PCS<\/a>[\/list]<br \/>\n[list icon=\"luna-flecha-derecha-2\u2033 color=\"#a62055\u2033]<a title=\"Referencias\" href=\"\/es\/quienes-somos\/lista-de-referencias-instalacion\/\">Referencias Instalaci\u00f3n e integraci\u00f3n<\/a>[\/list]<br \/>\n[list icon=\"luna-flecha-derecha-2\u2033 color=\"#a62055\u2033]<a title=\"PCS: Todos los servicios de un vistazo\" href=\"\/es\/servicios-2\/\">PCS: Todos los servicios de un vistazo<\/a>[\/list]<\/ul>\n<\/div>\n<\/div>\n<\/div>\n<\/div>","protected":false},"excerpt":{"rendered":"<p>Distribuci\u00f3n de tecnolog\u00eda de conferencias y medios audiovisuales [rev_slider alias=\"vertrieb\"] [spacer size=\"20\u2033] \u00bfBusca sistemas de conferencias y medios audiovisuales o necesita tecnolog\u00eda de audio o v\u00eddeo? Somos socios comerciales de los fabricantes profesionales m\u00e1s conocidos en estos \u00e1mbitos. Puede adquirir con nosotros sistemas de tecnolog\u00eda AV peque\u00f1os y grandes, as\u00ed como componentes individuales, piezas de repuesto y accesorios. [spacer size=\"25\u2033] [v_icon colour=\"#a62055\u2033 size=\"16px\" target=\"_blank\" name=\"moon-arrow-right-2\u2033] Despu\u00e9s de [...]<\/p>","protected":false},"author":1,"featured_media":45482,"parent":0,"menu_order":91,"comment_status":"closed","ping_status":"closed","template":"","meta":{"_acf_changed":false,"footnotes":""},"class_list":["post-6727","page","type-page","status-publish","has-post-thumbnail","hentry"],"acf":[],"_links":{"self":[{"href":"https:\/\/konferenztechnik.de\/es\/wp-json\/wp\/v2\/pages\/6727","targetHints":{"allow":["GET"]}}],"collection":[{"href":"https:\/\/konferenztechnik.de\/es\/wp-json\/wp\/v2\/pages"}],"about":[{"href":"https:\/\/konferenztechnik.de\/es\/wp-json\/wp\/v2\/types\/page"}],"author":[{"embeddable":true,"href":"https:\/\/konferenztechnik.de\/es\/wp-json\/wp\/v2\/users\/1"}],"replies":[{"embeddable":true,"href":"https:\/\/konferenztechnik.de\/es\/wp-json\/wp\/v2\/comments?post=6727"}],"version-history":[{"count":0,"href":"https:\/\/konferenztechnik.de\/es\/wp-json\/wp\/v2\/pages\/6727\/revisions"}],"wp:featuredmedia":[{"embeddable":true,"href":"https:\/\/konferenztechnik.de\/es\/wp-json\/wp\/v2\/media\/45482"}],"wp:attachment":[{"href":"https:\/\/konferenztechnik.de\/es\/wp-json\/wp\/v2\/media?parent=6727"}],"curies":[{"name":"wp","href":"https:\/\/api.w.org\/{rel}","templated":true}]}}