{"id":9681,"date":"2017-03-29T11:55:54","date_gmt":"2017-03-29T10:55:54","guid":{"rendered":"https:\/\/www.konferenztechnik.de\/?page_id=9681\/"},"modified":"2023-07-10T15:20:41","modified_gmt":"2023-07-10T13:20:41","slug":"alquiler-de-sistemas-de-guiado-berlin","status":"publish","type":"page","link":"https:\/\/konferenztechnik.de\/es\/alquiler-de-sistemas-de-guiado-berlin\/","title":{"rendered":"Alquiler de sistemas de guiado Berl\u00edn \u2013 Entrega r\u00e1pida, alta disponibilidad, buen mantenimiento"},"content":{"rendered":"<div data-elementor-type=\"wp-page\" data-elementor-id=\"9681\" class=\"elementor elementor-9681\" data-elementor-post-type=\"page\">\n\t\t\t\t<div data-particle_enable=\"false\" data-particle-mobile-disabled=\"false\" class=\"elementor-element elementor-element-33c08ed8 e-flex e-con-boxed e-con e-parent\" data-id=\"33c08ed8\" data-element_type=\"container\">\n\t\t\t\t\t<div class=\"e-con-inner\">\n\t\t\t\t<div class=\"elementor-element elementor-element-2b4b3d60 elementor-widget elementor-widget-heading\" data-id=\"2b4b3d60\" data-element_type=\"widget\" data-settings=\"{&quot;_animation&quot;:&quot;none&quot;}\" data-widget_type=\"heading.default\">\n\t\t\t\t<div class=\"elementor-widget-container\">\n\t\t\t\t\t<h1 class=\"elementor-heading-title elementor-size-default\">Alquiler de sistemas de gu\u00edas tur\u00edsticos, alquiler de sistemas de gu\u00edas tur\u00edsticos, alquiler de sistemas de gu\u00edas tur\u00edsticos en Berl\u00edn<\/h1>\t\t\t\t<\/div>\n\t\t\t\t<\/div>\n\t\t\t\t\t<\/div>\n\t\t\t\t<\/div>\n\t\t<div data-particle_enable=\"false\" data-particle-mobile-disabled=\"false\" class=\"elementor-element elementor-element-5447b4ae e-flex e-con-boxed e-con e-parent\" data-id=\"5447b4ae\" data-element_type=\"container\">\n\t\t\t\t\t<div class=\"e-con-inner\">\n\t\t\t\t<div class=\"elementor-element elementor-element-6b9548e elementor-widget-widescreen__width-inherit elementor-widget elementor-widget-image\" data-id=\"6b9548e\" data-element_type=\"widget\" data-widget_type=\"image.default\">\n\t\t\t\t<div class=\"elementor-widget-container\">\n\t\t\t\t\t\t\t\t\t\t\t\t\t\t\t<img fetchpriority=\"high\" decoding=\"async\" width=\"1200\" height=\"450\" src=\"https:\/\/konferenztechnik.de\/wp-content\/uploads\/2017\/03\/dolmetschertechnik-mieten-berlin.jpg\" class=\"attachment-full size-full wp-image-9278\" alt=\"Alquiler de puestos de interfon\u00eda Berl\u00edn\" srcset=\"https:\/\/konferenztechnik.de\/wp-content\/uploads\/2017\/03\/dolmetschertechnik-mieten-berlin.jpg 1200w, https:\/\/konferenztechnik.de\/wp-content\/uploads\/2017\/03\/dolmetschertechnik-mieten-berlin-300x113.jpg 300w, https:\/\/konferenztechnik.de\/wp-content\/uploads\/2017\/03\/dolmetschertechnik-mieten-berlin-1024x384.jpg 1024w, https:\/\/konferenztechnik.de\/wp-content\/uploads\/2017\/03\/dolmetschertechnik-mieten-berlin-768x288.jpg 768w\" sizes=\"(max-width: 1200px) 100vw, 1200px\" title=\"\">\t\t\t\t\t\t\t\t\t\t\t\t\t\t\t<\/div>\n\t\t\t\t<\/div>\n\t\t<div data-particle_enable=\"false\" data-particle-mobile-disabled=\"false\" class=\"elementor-element elementor-element-a628043 e-flex e-con-boxed e-con e-parent\" data-id=\"a628043\" data-element_type=\"container\">\n\t\t\t\t\t<div class=\"e-con-inner\">\n\t\t\t\t<div class=\"elementor-element elementor-element-a37a5da elementor-align-left elementor-widget elementor-widget-button\" data-id=\"a37a5da\" data-element_type=\"widget\" data-widget_type=\"button.default\">\n\t\t\t\t<div class=\"elementor-widget-container\">\n\t\t\t\t\t\t\t\t\t<div class=\"elementor-button-wrapper\">\n\t\t\t\t\t<a class=\"elementor-button elementor-button-link elementor-size-lg\" href=\"#serviceteam\">\n\t\t\t\t\t\t<span class=\"elementor-button-content-wrapper\">\n\t\t\t\t\t\t<span class=\"elementor-button-icon\">\n\t\t\t\t<svg aria-hidden=\"true\" class=\"e-font-icon-svg e-far-arrow-alt-circle-down\" viewbox=\"0 0 512 512\" xmlns=\"http:\/\/www.w3.org\/2000\/svg\"><path d=\"M256 8C119 8 8 119 8 256s111 248 248 248 248-111 248-248S393 8 256 8zm0 448c-110.5 0-200-89.5-200-200S145.5 56 256 56s200 89.5 200 200-89.5 200-200 200zm-32-316v116h-67c-10.7 0-16 12.9-8.5 20.5l99 99c4.7 4.7 12.3 4.7 17 0l99-99c7.6-7.6 2.2-20.5-8.5-20.5h-67V140c0-6.6-5.4-12-12-12h-40c-6.6 0-12 5.4-12 12z\"><\/path><\/svg>\t\t\t<\/span>\n\t\t\t\t\t\t\t\t\t<span class=\"elementor-button-text\">Solicitar informaci\u00f3n<\/span>\n\t\t\t\t\t<\/span>\n\t\t\t\t\t<\/a>\n\t\t\t\t<\/div>\n\t\t\t\t\t\t\t\t<\/div>\n\t\t\t\t<\/div>\n\t\t\t\t\t<\/div>\n\t\t\t\t<\/div>\n\t\t\t\t<div class=\"elementor-element elementor-element-2230bb7b elementor-widget elementor-widget-shortcode\" data-id=\"2230bb7b\" data-element_type=\"widget\" data-widget_type=\"shortcode.default\">\n\t\t\t\t<div class=\"elementor-widget-container\">\n\t\t\t\t\t\t\t<div class=\"elementor-shortcode\">\t\t<div data-elementor-type=\"container\" data-elementor-id=\"37020\" class=\"elementor elementor-37020\" data-elementor-post-type=\"elementor_library\">\n\t\t\t\t<div data-particle_enable=\"false\" data-particle-mobile-disabled=\"false\" class=\"elementor-element elementor-element-349c2afa e-flex e-con-boxed e-con e-parent\" data-id=\"349c2afa\" data-element_type=\"container\">\n\t\t\t\t\t<div class=\"e-con-inner\">\n\t\t\t\t<div class=\"elementor-element elementor-element-821cbc8 elementor-widget__width-inherit elementor-widget elementor-widget-eael-post-list\" data-id=\"821cbc8\" data-element_type=\"widget\" data-settings=\"{&quot;_animation&quot;:&quot;none&quot;}\" data-widget_type=\"eael-post-list.default\">\n\t\t\t\t<div class=\"elementor-widget-container\">\n\t\t\t\t\t<div class=\"eael-post-list-container advanced layout-advanced\"><div class=\"eael-post-list-wrap\"><div class=\"eael-post-list-posts-wrap eael-post-appender eael-post-appender-821cbc8\"><div class=\"eael-post-list-post\"><div class=\"eael-post-list-post-inner\"><div class=\"eael-post-list-thumbnail\"><a href=\"https:\/\/konferenztechnik.de\/es\/televic-unite\/\">\n                <img decoding=\"async\" src=\"https:\/\/konferenztechnik.de\/wp-content\/uploads\/2023\/06\/televic-unite-fuehrungsanlage.jpg\" alt=\"Sistema de gu\u00eda y susurro Televic UNITE con micr\u00f3fono de mano y micr\u00f3fono de diadema, receptores y estaciones de carga\" title=\"\">\n            <\/a><\/div><div class=\"eael-post-list-content\"><h3 class=\"eael-post-list-title\"><a href=\"https:\/\/konferenztechnik.de\/es\/televic-unite\/\" >Sistema de guiado de pasajeros Televic Unite \u2013<\/a><\/h3><p>Sistema multifuncional: visitas guiadas, presentaciones inal\u00e1mbricas, interpretaci\u00f3n con aud\u00edfonos<\/p><a href=\"https:\/\/konferenztechnik.de\/es\/televic-unite\/\" class=\"eael-post-elements-readmore-btn\" >\u203a m\u00e1s<\/a><div class=\"boxed-meta\"><\/div><\/div><\/div><\/div><div class=\"eael-post-list-post\"><div class=\"eael-post-list-post-inner\"><div class=\"eael-post-list-thumbnail\"><a href=\"https:\/\/konferenztechnik.de\/es\/sistema-de-guiado-personal-beyerdynamic-tts-300\/\">\n                <img decoding=\"async\" src=\"https:\/\/konferenztechnik.de\/wp-content\/uploads\/2023\/06\/Beyerdynamic-TTS300-mieten.jpg\" alt=\"Sistema de susurro y guiado tipo TTS300 de Beyerdynamic con micr\u00f3fono de mano, receptores y estaciones de carga\" title=\"\">\n            <\/a><\/div><div class=\"eael-post-list-content\"><h3 class=\"eael-post-list-title\"><a href=\"https:\/\/konferenztechnik.de\/es\/sistema-de-guiado-personal-beyerdynamic-tts-300\/\" >Sistema de gu\u00eda personal TTS 300 \u2013 de Beyerdynamic<\/a><\/h3><p>Funcionamiento en paralelo de hasta 10 canales, tiempo de carga: 30 minutos<\/p><a href=\"https:\/\/konferenztechnik.de\/es\/sistema-de-guiado-personal-beyerdynamic-tts-300\/\" class=\"eael-post-elements-readmore-btn\" >\u203a m\u00e1s<\/a><div class=\"boxed-meta\"><\/div><\/div><\/div><\/div><div class=\"eael-post-list-post\"><div class=\"eael-post-list-post-inner\"><div class=\"eael-post-list-thumbnail\"><a href=\"https:\/\/konferenztechnik.de\/es\/sistema-de-guiado-personal-sennheiser-tourguide-2020-d\/\">\n                <img decoding=\"async\" src=\"https:\/\/konferenztechnik.de\/wp-content\/uploads\/2023\/06\/tourguide-system-kaufen-mieten.jpg\" alt=\"\" title=\"\">\n            <\/a><\/div><div class=\"eael-post-list-content\"><h3 class=\"eael-post-list-title\"><a href=\"https:\/\/konferenztechnik.de\/es\/sistema-de-guiado-personal-sennheiser-tourguide-2020-d\/\" >Sistema de gu\u00eda tur\u00edstico Sennheiser Tourguide 2020 D \u2013<\/a><\/h3><p>El sistema digital de gu\u00eda tur\u00edstica Sennheiser 2020-D combina facilidad de uso con funciones profesionales.<\/p><a href=\"https:\/\/konferenztechnik.de\/es\/sistema-de-guiado-personal-sennheiser-tourguide-2020-d\/\" class=\"eael-post-elements-readmore-btn\" >\u203a m\u00e1s<\/a><div class=\"boxed-meta\"><\/div><\/div><\/div><\/div><div class=\"eael-post-list-post\"><div class=\"eael-post-list-post-inner\"><div class=\"eael-post-list-thumbnail\"><a href=\"https:\/\/konferenztechnik.de\/es\/sistema-de-guiado-personal-beyerdynamic-synexis\/\">\n                <img decoding=\"async\" src=\"https:\/\/konferenztechnik.de\/wp-content\/uploads\/2023\/06\/beyerdynamic-synexis.jpg\" alt=\"Sistema de gu\u00eda y susurro Synexis de Beyerdynamic con micr\u00f3fono de mano, receptores y estaciones de carga\" title=\"\">\n            <\/a><\/div><div class=\"eael-post-list-content\"><h3 class=\"eael-post-list-title\"><a href=\"https:\/\/konferenztechnik.de\/es\/sistema-de-guiado-personal-beyerdynamic-synexis\/\" >Sistema de guiado de personas Beyerdynamic Synexis \u2013<\/a><\/h3><p>Uso vers\u00e1til: visitas guiadas, aplicaciones de interpretaci\u00f3n, asistencia auditiva<\/p><a href=\"https:\/\/konferenztechnik.de\/es\/sistema-de-guiado-personal-beyerdynamic-synexis\/\" class=\"eael-post-elements-readmore-btn\" >\u203a m\u00e1s<\/a><div class=\"boxed-meta\"><\/div><\/div><\/div><\/div><\/div><\/div>\n\t\t<\/div>\t\t\t\t<\/div>\n\t\t\t\t<\/div>\n\t\t\t\t\t<\/div>\n\t\t\t\t<\/div>\n\t\t\t\t<\/div>\n\t\t<\/div>\n\t\t\t\t\t\t<\/div>\n\t\t\t\t<\/div>\n\t\t\t\t<div class=\"elementor-element elementor-element-328643ac elementor-widget elementor-widget-spacer\" data-id=\"328643ac\" data-element_type=\"widget\" data-widget_type=\"spacer.default\">\n\t\t\t\t<div class=\"elementor-widget-container\">\n\t\t\t\t\t\t\t<div class=\"elementor-spacer\">\n\t\t\t<div class=\"elementor-spacer-inner\"><\/div>\n\t\t<\/div>\n\t\t\t\t\t\t<\/div>\n\t\t\t\t<\/div>\n\t\t\t\t\t<\/div>\n\t\t\t\t<\/div>\n\t\t<div data-particle_enable=\"false\" data-particle-mobile-disabled=\"false\" class=\"elementor-element elementor-element-7464a821 e-flex e-con-boxed e-con e-parent\" data-id=\"7464a821\" data-element_type=\"container\">\n\t\t\t\t\t<div class=\"e-con-inner\">\n\t\t\t\t<div class=\"elementor-element elementor-element-74a07cb8 elementor-widget__width-initial elementor-widget elementor-widget-text-editor\" data-id=\"74a07cb8\" data-element_type=\"widget\" data-widget_type=\"text-editor.default\">\n\t\t\t\t<div class=\"elementor-widget-container\">\n\t\t\t\t\t\t\t\t\t<p>Alquile con nosotros sistemas de gu\u00eda tur\u00edstico, sistemas de gu\u00eda de turismo o ALP sin complicaciones. Nuestros sistemas son ideales para visitas a f\u00e1bricas, recorridos urbanos por Berl\u00edn o para su uso en interpretaci\u00f3n susurrada. Los sistemas de gu\u00eda tur\u00edstico constan de uno o varios micr\u00f3fonos y los receptores correspondientes (auriculares, cascos). Puede alquilarnos cualquier n\u00famero de receptores. No existe una cantidad m\u00ednima de pedido, los receptores para gu\u00edas tur\u00edsticos se facturan individualmente. Nuestros sistemas est\u00e1n siempre en perfecto estado. Se realiza una prueba de funcionamiento de los sistemas de gu\u00eda antes de cada uso. De nuestro almac\u00e9n de Berl\u00edn s\u00f3lo salen sistemas de gu\u00eda 100% totalmente funcionales. Todos los auriculares y dem\u00e1s componentes de los sistemas de gu\u00eda se limpian y embalan higi\u00e9nicamente. Se suministra material de limpieza para su uso in situ.<\/p>\t\t\t\t\t\t\t\t<\/div>\n\t\t\t\t<\/div>\n\t\t\t\t<div class=\"elementor-element elementor-element-58728bc9 elementor-widget__width-initial elementor-widget elementor-widget-heading\" data-id=\"58728bc9\" data-element_type=\"widget\" data-settings=\"{&quot;_animation&quot;:&quot;none&quot;}\" data-widget_type=\"heading.default\">\n\t\t\t\t<div class=\"elementor-widget-container\">\n\t\t\t\t\t<h2 class=\"elementor-heading-title elementor-size-default\">\u00c1mbitos de aplicaci\u00f3n de los sistemas de gu\u00eda y de gu\u00eda tur\u00edstico\n<\/h2>\t\t\t\t<\/div>\n\t\t\t\t<\/div>\n\t\t\t\t<div class=\"elementor-element elementor-element-31e3a954 elementor-widget__width-inherit elementor-widget elementor-widget-text-editor\" data-id=\"31e3a954\" data-element_type=\"widget\" data-widget_type=\"text-editor.default\">\n\t\t\t\t<div class=\"elementor-widget-container\">\n\t\t\t\t\t\t\t\t\t<p>Los sistemas de guiado se utilizan siempre que hay que hablar a un grupo en situaciones ac\u00fasticamente desfavorables (ruido de la calle, grandes edificios, naves industriales, instalaciones de producci\u00f3n, naves industriales). Los \u00e1mbitos de aplicaci\u00f3n cl\u00e1sicos son las visitas a f\u00e1bricas, ciudades o museos. Los sistemas de gu\u00eda tur\u00edstica tambi\u00e9n se utilizan con frecuencia para la interpretaci\u00f3n susurrada en salas de vistas (cuando no es posible utilizar una cabina de interpretaci\u00f3n profesional). Los sistemas de gu\u00eda tur\u00edstica tambi\u00e9n pueden utilizarse para otras aplicaciones de interpretaci\u00f3n o para asistencia auditiva.<\/p>\t\t\t\t\t\t\t\t<\/div>\n\t\t\t\t<\/div>\n\t\t\t\t<div class=\"elementor-element elementor-element-2ad997aa elementor-widget__width-initial elementor-widget elementor-widget-heading\" data-id=\"2ad997aa\" data-element_type=\"widget\" data-settings=\"{&quot;_animation&quot;:&quot;none&quot;}\" data-widget_type=\"heading.default\">\n\t\t\t\t<div class=\"elementor-widget-container\">\n\t\t\t\t\t<h2 class=\"elementor-heading-title elementor-size-default\">Ofertas y env\u00edos de sistemas de guiado en Berl\u00edn<\/h2>\t\t\t\t<\/div>\n\t\t\t\t<\/div>\n\t\t\t\t<div class=\"elementor-element elementor-element-20d487b3 elementor-widget__width-inherit elementor-widget elementor-widget-text-editor\" data-id=\"20d487b3\" data-element_type=\"widget\" data-widget_type=\"text-editor.default\">\n\t\t\t\t<div class=\"elementor-widget-container\">\n\t\t\t\t\t\t\t\t\t<p>Si nos env\u00eda una solicitud de alquiler, normalmente podremos enviarle un presupuesto en menos de una hora. Una vez confirmado el presupuesto, el sistema estar\u00e1 listo para su env\u00edo en breve. Por supuesto, tambi\u00e9n podemos enviarle los sistemas de gu\u00edas tur\u00edsticos en la fecha que desee. El env\u00edo es posible en todo Berl\u00edn, Brandeburgo e incluso en todo el pa\u00eds. Tampoco nos supone ning\u00fan problema si las direcciones de entrega y recogida son diferentes.<\/p>\t\t\t\t\t\t\t\t<\/div>\n\t\t\t\t<\/div>\n\t\t\t\t<div class=\"elementor-element elementor-element-5445f50 elementor-widget__width-initial elementor-widget elementor-widget-heading\" data-id=\"5445f50\" data-element_type=\"widget\" data-settings=\"{&quot;_animation&quot;:&quot;none&quot;}\" data-widget_type=\"heading.default\">\n\t\t\t\t<div class=\"elementor-widget-container\">\n\t\t\t\t\t<h2 class=\"elementor-heading-title elementor-size-default\">Alquiler de sistemas de gu\u00edas en Berl\u00edn: M\u00e1s informaci\u00f3n\n<\/h2>\t\t\t\t<\/div>\n\t\t\t\t<\/div>\n\t\t\t\t<div class=\"elementor-element elementor-element-81e342d elementor-widget__width-inherit elementor-widget elementor-widget-text-editor\" data-id=\"81e342d\" data-element_type=\"widget\" data-widget_type=\"text-editor.default\">\n\t\t\t\t<div class=\"elementor-widget-container\">\n\t\t\t\t\t\t\t\t\t<p>Si alquila sistemas de guiado en Berl\u00edn, podemos ofrecerle una entrega r\u00e1pida y flexible de los sistemas. Desde nuestro almac\u00e9n en Berl\u00edn-Kreuzberg, tenemos distancias de desplazamiento muy cortas a las localidades y lugares de eventos m\u00e1s importantes de Berl\u00edn. Adem\u00e1s, siempre nos esforzamos por trabajar de forma sostenible. Para la mayor\u00eda de los trayectos utilizamos mensajeros en bicicleta. Esto protege el medio ambiente, reduce el tr\u00e1fico y permite la entrega directa en el lugar del evento. Estaremos encantados de entregarle el sistema de gu\u00edas directamente en su domicilio o en cualquier lugar de Berl\u00edn que desee. En hoteles, centros de congresos o sedes de conferencias, siempre es posible dejarle el equipo de gu\u00eda tur\u00edstico en recepci\u00f3n.<br \/>Tambi\u00e9n podemos organizar la recogida del material despu\u00e9s de su evento en Berl\u00edn con la misma facilidad.<\/p>\t\t\t\t\t\t\t\t<\/div>\n\t\t\t\t<\/div>\n\t\t\t\t<div class=\"elementor-element elementor-element-30fd333d elementor-widget__width-initial elementor-widget elementor-widget-heading\" data-id=\"30fd333d\" data-element_type=\"widget\" data-settings=\"{&quot;_animation&quot;:&quot;none&quot;}\" data-widget_type=\"heading.default\">\n\t\t\t\t<div class=\"elementor-widget-container\">\n\t\t\t\t\t<h2 class=\"elementor-heading-title elementor-size-default\">Sistemas de visitas guiadas, sistemas de gu\u00eda de visitantes, ALP, gu\u00edas tur\u00edsticos. \u00bfQu\u00e9 t\u00e9rmino es correcto?<\/h2>\t\t\t\t<\/div>\n\t\t\t\t<\/div>\n\t\t\t\t<div class=\"elementor-element elementor-element-979b9d1 elementor-widget__width-inherit elementor-widget elementor-widget-text-editor\" data-id=\"979b9d1\" data-element_type=\"widget\" data-widget_type=\"text-editor.default\">\n\t\t\t\t<div class=\"elementor-widget-container\">\n\t\t\t\t\t\t\t\t\t<p>Hay muchos nombres, tipos o denominaciones de fabricantes que describen la misma tecnolog\u00eda. Esto puede resultar a veces muy confuso. Las denominaciones tambi\u00e9n suelen variar de un fabricante a otro. Esto se hace para facilitar la distinci\u00f3n entre ellos. Por supuesto, tambi\u00e9n hay abreviaturas o \"apodos\" que surgen en el uso diario con los sistemas. A continuaci\u00f3n enumeramos algunas de las denominaciones m\u00e1s comunes para facilitarle el pedido:<\/p><ul><li>Sistema de orientaci\u00f3n de personal \u2013 esta es la designaci\u00f3n oficial, pero rara vez se utiliza en el lenguaje cotidiano.<\/li><li>El sistema de guiado \u2013 se deriva del sistema de guiado de personal y se utiliza con m\u00e1s frecuencia.<\/li><li>PFA o Pefa \u2013 es la abreviatura de personal guidance system (sistema de gu\u00eda personal) y lo utilizan a menudo los int\u00e9rpretes.<\/li><li>Caja de susurros\/sistema de susurros<\/li><li>Sistema de gu\u00eda de visitantes<\/li><li>Sistema de gu\u00edas tur\u00edsticos<\/li><li>Sistema de gu\u00edas tur\u00edsticos<\/li><\/ul>\t\t\t\t\t\t\t\t<\/div>\n\t\t\t\t<\/div>\n\t\t\t\t<div class=\"elementor-element elementor-element-7c05bb6 elementor-widget__width-initial elementor-widget elementor-widget-heading\" data-id=\"7c05bb6\" data-element_type=\"widget\" data-settings=\"{&quot;_animation&quot;:&quot;none&quot;}\" data-widget_type=\"heading.default\">\n\t\t\t\t<div class=\"elementor-widget-container\">\n\t\t\t\t\t<h2 class=\"elementor-heading-title elementor-size-default\">Puede alquilar estos sistemas de gu\u00edas tur\u00edsticos y sistemas de gu\u00edas con nosotros \u2013 sistemas de gu\u00edas de alquiler Berl\u00edn<\/h2>\t\t\t\t<\/div>\n\t\t\t\t<\/div>\n\t\t\t\t<div class=\"elementor-element elementor-element-e6dfd98 elementor-widget__width-inherit elementor-widget elementor-widget-text-editor\" data-id=\"e6dfd98\" data-element_type=\"widget\" data-widget_type=\"text-editor.default\">\n\t\t\t\t<div class=\"elementor-widget-container\">\n\t\t\t\t\t\t\t\t\t<p>En nuestra sede de Berl\u00edn tenemos siempre en stock un gran n\u00famero de los siguientes sistemas de gu\u00eda tur\u00edstico. Estaremos encantados de asesorarle sobre qu\u00e9 sistema es el m\u00e1s adecuado para su evento.<\/p><ul><li>Televic UNITE<\/li><li>Sennheiser Tourguide 2020-D<\/li><li>Beyerdynamic Synexis<\/li><li>Beyerdynamic TTS-300<\/li><\/ul><div class=\"spacer\">\u00a0<\/div><p>En detalle, PCS tiene grandes cantidades en stock en Berl\u00edn:<\/p><p>\u00a0<\/p><ul><li>Receptor de radio digital Sennheiser Tourguide HDE 2020-D<\/li><li>Emisor de mano digital Sennheiser Tourguide SKM 2020-D<\/li><li>Malet\u00edn de carga Sennheiser EZL 2020-20L<\/li><\/ul><div class=\"spacer\">\u00a0<\/div><ul><li>Transmisor de bolsillo Televic Unite TP<\/li><li>Emisor de mano Televic Unite TH<\/li><li>Receptor de bolsillo Televic Unite RP<\/li><li>Receptor de bolsillo Televic Unite RP-T con micr\u00f3fono y canal de retorno<\/li><\/ul><p>\u00a0<\/p><ul><li>Receptor inal\u00e1mbrico Beyerdynamic Synexis RP8<\/li><\/ul><ul><li>Transmisor de mano Synexis TH8 de Beyerdynamic<\/li><li>Transmisor de bolsillo Beyerdynamic Synexis TP8<\/li><li>Transmisor fijo Beyerdynamic Synexis TS8<\/li><\/ul><div class=\"spacer\">\u00a0<\/div><ul><li>Receptores inal\u00e1mbricos FE30 y FE316 de Beyerdynamic<\/li><li>Transmisores de mano SEM30 y SEM316 de Beyerdynamic<\/li><li>Transmisores de bolsillo TS30 y TS316 de Beyerdynamic<\/li><li>Transmisor fijo CT30 y CT316 de Beyerdynamic<\/li><\/ul><p>Otros sistemas de guiado y una amplia tecnolog\u00eda de eventos est\u00e1n disponibles bajo petici\u00f3n.<\/p><p>\u00a0<\/p><p>Ll\u00e1menos o env\u00edenos un correo electr\u00f3nico. Estaremos encantados de ayudarle.<\/p>\t\t\t\t\t\t\t\t<\/div>\n\t\t\t\t<\/div>\n\t\t\t\t<div class=\"elementor-element elementor-element-5256e86 elementor-widget__width-initial elementor-widget elementor-widget-heading\" data-id=\"5256e86\" data-element_type=\"widget\" data-settings=\"{&quot;_animation&quot;:&quot;none&quot;}\" data-widget_type=\"heading.default\">\n\t\t\t\t<div class=\"elementor-widget-container\">\n\t\t\t\t\t<h2 class=\"elementor-heading-title elementor-size-default\">Descargas Manuales y material informativo\n<\/h2>\t\t\t\t<\/div>\n\t\t\t\t<\/div>\n\t\t\t\t<div class=\"elementor-element elementor-element-b79a253 elementor-widget elementor-widget-shortcode\" data-id=\"b79a253\" data-element_type=\"widget\" data-widget_type=\"shortcode.default\">\n\t\t\t\t<div class=\"elementor-widget-container\">\n\t\t\t\t\t\t\t<div class=\"elementor-shortcode\">\t\t<div data-elementor-type=\"container\" data-elementor-id=\"30709\" class=\"elementor elementor-30709\" data-elementor-post-type=\"elementor_library\">\n\t\t\t\t<div data-particle_enable=\"false\" data-particle-mobile-disabled=\"false\" class=\"elementor-element elementor-element-50123a19 e-flex e-con-boxed e-con e-parent\" data-id=\"50123a19\" data-element_type=\"container\" data-settings=\"{&quot;background_background&quot;:&quot;classic&quot;}\">\n\t\t\t\t\t<div class=\"e-con-inner\">\n\t\t\t\t<div class=\"elementor-element elementor-element-7b023e62 elementor-icon-list--layout-traditional elementor-list-item-link-full_width elementor-widget elementor-widget-icon-list\" data-id=\"7b023e62\" data-element_type=\"widget\" data-widget_type=\"icon-list.default\">\n\t\t\t\t<div class=\"elementor-widget-container\">\n\t\t\t\t\t\t\t<ul class=\"elementor-icon-list-items\">\n\t\t\t\t\t\t\t<li class=\"elementor-icon-list-item\">\n\t\t\t\t\t\t\t\t\t\t\t<a href=\"\/wp-content\/uploads\/2017\/06\/beyerdynamic-synexis-manual-bedienungsanleitung.pdf\" target=\"_blank\">\n\n\t\t\t\t\t\t\t\t\t\t\t\t<span class=\"elementor-icon-list-icon\">\n\t\t\t\t\t\t\t<svg aria-hidden=\"true\" class=\"e-font-icon-svg e-far-file-pdf\" viewbox=\"0 0 384 512\" xmlns=\"http:\/\/www.w3.org\/2000\/svg\"><path d=\"M369.9 97.9L286 14C277 5 264.8-.1 252.1-.1H48C21.5 0 0 21.5 0 48v416c0 26.5 21.5 48 48 48h288c26.5 0 48-21.5 48-48V131.9c0-12.7-5.1-25-14.1-34zM332.1 128H256V51.9l76.1 76.1zM48 464V48h160v104c0 13.3 10.7 24 24 24h104v288H48zm250.2-143.7c-12.2-12-47-8.7-64.4-6.5-17.2-10.5-28.7-25-36.8-46.3 3.9-16.1 10.1-40.6 5.4-56-4.2-26.2-37.8-23.6-42.6-5.9-4.4 16.1-.4 38.5 7 67.1-10 23.9-24.9 56-35.4 74.4-20 10.3-47 26.2-51 46.2-3.3 15.8 26 55.2 76.1-31.2 22.4-7.4 46.8-16.5 68.4-20.1 18.9 10.2 41 17 55.8 17 25.5 0 28-28.2 17.5-38.7zm-198.1 77.8c5.1-13.7 24.5-29.5 30.4-35-19 30.3-30.4 35.7-30.4 35zm81.6-190.6c7.4 0 6.7 32.1 1.8 40.8-4.4-13.9-4.3-40.8-1.8-40.8zm-24.4 136.6c9.7-16.9 18-37 24.7-54.7 8.3 15.1 18.9 27.2 30.1 35.5-20.8 4.3-38.9 13.1-54.8 19.2zm131.6-5s-5 6-37.3-7.8c35.1-2.6 40.9 5.4 37.3 7.8z\"><\/path><\/svg>\t\t\t\t\t\t<\/span>\n\t\t\t\t\t\t\t\t\t\t<span class=\"elementor-icon-list-text\">Beyerdynamic Synexis Manual Manual de Usuario<\/span>\n\t\t\t\t\t\t\t\t\t\t\t<\/a>\n\t\t\t\t\t\t\t\t\t<\/li>\n\t\t\t\t\t\t\t\t<li class=\"elementor-icon-list-item\">\n\t\t\t\t\t\t\t\t\t\t\t<a href=\"\/wp-content\/uploads\/2017\/06\/beyerdynamic-synexis_quick-start-guide.pdf\" target=\"_blank\">\n\n\t\t\t\t\t\t\t\t\t\t\t\t<span class=\"elementor-icon-list-icon\">\n\t\t\t\t\t\t\t<svg aria-hidden=\"true\" class=\"e-font-icon-svg e-far-file-pdf\" viewbox=\"0 0 384 512\" xmlns=\"http:\/\/www.w3.org\/2000\/svg\"><path d=\"M369.9 97.9L286 14C277 5 264.8-.1 252.1-.1H48C21.5 0 0 21.5 0 48v416c0 26.5 21.5 48 48 48h288c26.5 0 48-21.5 48-48V131.9c0-12.7-5.1-25-14.1-34zM332.1 128H256V51.9l76.1 76.1zM48 464V48h160v104c0 13.3 10.7 24 24 24h104v288H48zm250.2-143.7c-12.2-12-47-8.7-64.4-6.5-17.2-10.5-28.7-25-36.8-46.3 3.9-16.1 10.1-40.6 5.4-56-4.2-26.2-37.8-23.6-42.6-5.9-4.4 16.1-.4 38.5 7 67.1-10 23.9-24.9 56-35.4 74.4-20 10.3-47 26.2-51 46.2-3.3 15.8 26 55.2 76.1-31.2 22.4-7.4 46.8-16.5 68.4-20.1 18.9 10.2 41 17 55.8 17 25.5 0 28-28.2 17.5-38.7zm-198.1 77.8c5.1-13.7 24.5-29.5 30.4-35-19 30.3-30.4 35.7-30.4 35zm81.6-190.6c7.4 0 6.7 32.1 1.8 40.8-4.4-13.9-4.3-40.8-1.8-40.8zm-24.4 136.6c9.7-16.9 18-37 24.7-54.7 8.3 15.1 18.9 27.2 30.1 35.5-20.8 4.3-38.9 13.1-54.8 19.2zm131.6-5s-5 6-37.3-7.8c35.1-2.6 40.9 5.4 37.3 7.8z\"><\/path><\/svg>\t\t\t\t\t\t<\/span>\n\t\t\t\t\t\t\t\t\t\t<span class=\"elementor-icon-list-text\">Gu\u00eda de inicio r\u00e1pido de Beyerdynamic Synexis<\/span>\n\t\t\t\t\t\t\t\t\t\t\t<\/a>\n\t\t\t\t\t\t\t\t\t<\/li>\n\t\t\t\t\t\t\t\t<li class=\"elementor-icon-list-item\">\n\t\t\t\t\t\t\t\t\t\t\t<a href=\"\/wp-content\/uploads\/2017\/06\/Bedienungsanleitung-Sennheiser-Tourguide2020_DE.pdf\" target=\"_blank\">\n\n\t\t\t\t\t\t\t\t\t\t\t\t<span class=\"elementor-icon-list-icon\">\n\t\t\t\t\t\t\t<svg aria-hidden=\"true\" class=\"e-font-icon-svg e-far-file-pdf\" viewbox=\"0 0 384 512\" xmlns=\"http:\/\/www.w3.org\/2000\/svg\"><path d=\"M369.9 97.9L286 14C277 5 264.8-.1 252.1-.1H48C21.5 0 0 21.5 0 48v416c0 26.5 21.5 48 48 48h288c26.5 0 48-21.5 48-48V131.9c0-12.7-5.1-25-14.1-34zM332.1 128H256V51.9l76.1 76.1zM48 464V48h160v104c0 13.3 10.7 24 24 24h104v288H48zm250.2-143.7c-12.2-12-47-8.7-64.4-6.5-17.2-10.5-28.7-25-36.8-46.3 3.9-16.1 10.1-40.6 5.4-56-4.2-26.2-37.8-23.6-42.6-5.9-4.4 16.1-.4 38.5 7 67.1-10 23.9-24.9 56-35.4 74.4-20 10.3-47 26.2-51 46.2-3.3 15.8 26 55.2 76.1-31.2 22.4-7.4 46.8-16.5 68.4-20.1 18.9 10.2 41 17 55.8 17 25.5 0 28-28.2 17.5-38.7zm-198.1 77.8c5.1-13.7 24.5-29.5 30.4-35-19 30.3-30.4 35.7-30.4 35zm81.6-190.6c7.4 0 6.7 32.1 1.8 40.8-4.4-13.9-4.3-40.8-1.8-40.8zm-24.4 136.6c9.7-16.9 18-37 24.7-54.7 8.3 15.1 18.9 27.2 30.1 35.5-20.8 4.3-38.9 13.1-54.8 19.2zm131.6-5s-5 6-37.3-7.8c35.1-2.6 40.9 5.4 37.3 7.8z\"><\/path><\/svg>\t\t\t\t\t\t<\/span>\n\t\t\t\t\t\t\t\t\t\t<span class=\"elementor-icon-list-text\">Manual de instrucciones Sennheiser Tourguide 2020 Alem\u00e1n<\/span>\n\t\t\t\t\t\t\t\t\t\t\t<\/a>\n\t\t\t\t\t\t\t\t\t<\/li>\n\t\t\t\t\t\t\t\t<li class=\"elementor-icon-list-item\">\n\t\t\t\t\t\t\t\t\t\t\t<a href=\"\/wp-content\/uploads\/2017\/06\/sennheiser-tourguide-SK2020DUS-en.pdf\" target=\"_blank\">\n\n\t\t\t\t\t\t\t\t\t\t\t\t<span class=\"elementor-icon-list-icon\">\n\t\t\t\t\t\t\t<svg aria-hidden=\"true\" class=\"e-font-icon-svg e-far-file-pdf\" viewbox=\"0 0 384 512\" xmlns=\"http:\/\/www.w3.org\/2000\/svg\"><path d=\"M369.9 97.9L286 14C277 5 264.8-.1 252.1-.1H48C21.5 0 0 21.5 0 48v416c0 26.5 21.5 48 48 48h288c26.5 0 48-21.5 48-48V131.9c0-12.7-5.1-25-14.1-34zM332.1 128H256V51.9l76.1 76.1zM48 464V48h160v104c0 13.3 10.7 24 24 24h104v288H48zm250.2-143.7c-12.2-12-47-8.7-64.4-6.5-17.2-10.5-28.7-25-36.8-46.3 3.9-16.1 10.1-40.6 5.4-56-4.2-26.2-37.8-23.6-42.6-5.9-4.4 16.1-.4 38.5 7 67.1-10 23.9-24.9 56-35.4 74.4-20 10.3-47 26.2-51 46.2-3.3 15.8 26 55.2 76.1-31.2 22.4-7.4 46.8-16.5 68.4-20.1 18.9 10.2 41 17 55.8 17 25.5 0 28-28.2 17.5-38.7zm-198.1 77.8c5.1-13.7 24.5-29.5 30.4-35-19 30.3-30.4 35.7-30.4 35zm81.6-190.6c7.4 0 6.7 32.1 1.8 40.8-4.4-13.9-4.3-40.8-1.8-40.8zm-24.4 136.6c9.7-16.9 18-37 24.7-54.7 8.3 15.1 18.9 27.2 30.1 35.5-20.8 4.3-38.9 13.1-54.8 19.2zm131.6-5s-5 6-37.3-7.8c35.1-2.6 40.9 5.4 37.3 7.8z\"><\/path><\/svg>\t\t\t\t\t\t<\/span>\n\t\t\t\t\t\t\t\t\t\t<span class=\"elementor-icon-list-text\">Sennheiser Tourguide SK2020D US Manual Espa\u00f1ol<\/span>\n\t\t\t\t\t\t\t\t\t\t\t<\/a>\n\t\t\t\t\t\t\t\t\t<\/li>\n\t\t\t\t\t\t<\/ul>\n\t\t\t\t\t\t<\/div>\n\t\t\t\t<\/div>\n\t\t\t\t\t<\/div>\n\t\t\t\t<\/div>\n\t\t\t\t<\/div>\n\t\t<\/div>\n\t\t\t\t\t\t<\/div>\n\t\t\t\t<\/div>\n\t\t\t\t<div class=\"elementor-element elementor-element-149d800 elementor-widget__width-initial elementor-widget elementor-widget-heading\" data-id=\"149d800\" data-element_type=\"widget\" data-settings=\"{&quot;_animation&quot;:&quot;none&quot;}\" data-widget_type=\"heading.default\">\n\t\t\t\t<div class=\"elementor-widget-container\">\n\t\t\t\t\t<h2 class=\"elementor-heading-title elementor-size-default\">Alquilar sistemas de gu\u00edas tur\u00edsticos Berl\u00edn<\/h2>\t\t\t\t<\/div>\n\t\t\t\t<\/div>\n\t\t\t\t<div class=\"elementor-element elementor-element-9dc79fa elementor-widget elementor-widget-eael-adv-accordion\" data-id=\"9dc79fa\" data-element_type=\"widget\" data-widget_type=\"eael-adv-accordion.default\">\n\t\t\t\t<div class=\"elementor-widget-container\">\n\t\t\t\t\t            <div class=\"eael-adv-accordion\" id=\"eael-adv-accordion-9dc79fa\" data-scroll-on-click=\"no\" data-scroll-speed=\"300\" data-accordion-id=\"9dc79fa\" data-accordion-type=\"accordion\" data-toogle-speed=\"300\">\n            <div class=\"eael-accordion-list\">\n\t\t\t\t\t<div id=\"museen-in-berlin\" class=\"elementor-tab-title eael-accordion-header\" tabindex=\"0\" data-tab=\"1\" aria-controls=\"elementor-tab-content-1651\"><span class=\"eael-advanced-accordion-icon-closed\"><svg aria-hidden=\"true\" class=\"fa-accordion-icon e-font-icon-svg e-fas-plus\" viewbox=\"0 0 448 512\" xmlns=\"http:\/\/www.w3.org\/2000\/svg\"><path d=\"M416 208H272V64c0-17.67-14.33-32-32-32h-32c-17.67 0-32 14.33-32 32v144H32c-17.67 0-32 14.33-32 32v32c0 17.67 14.33 32 32 32h144v144c0 17.67 14.33 32 32 32h32c17.67 0 32-14.33 32-32V304h144c17.67 0 32-14.33 32-32v-32c0-17.67-14.33-32-32-32z\"><\/path><\/svg><\/span><span class=\"eael-advanced-accordion-icon-opened\"><svg aria-hidden=\"true\" class=\"fa-accordion-icon e-font-icon-svg e-fas-minus\" viewbox=\"0 0 448 512\" xmlns=\"http:\/\/www.w3.org\/2000\/svg\"><path d=\"M416 208H32c-17.67 0-32 14.33-32 32v32c0 17.67 14.33 32 32 32h384c17.67 0 32-14.33 32-32v-32c0-17.67-14.33-32-32-32z\"><\/path><\/svg><\/span><span class=\"eael-accordion-tab-title\">Museos de Berl\u00edn<\/span><svg aria-hidden=\"true\" class=\"fa-toggle e-font-icon-svg e-fas-angle-right\" viewbox=\"0 0 256 512\" xmlns=\"http:\/\/www.w3.org\/2000\/svg\"><path d=\"M224.3 273l-136 136c-9.4 9.4-24.6 9.4-33.9 0l-22.6-22.6c-9.4-9.4-9.4-24.6 0-33.9l96.4-96.4-96.4-96.4c-9.4-9.4-9.4-24.6 0-33.9L54.3 103c9.4-9.4 24.6-9.4 33.9 0l136 136c9.5 9.4 9.5 24.6.1 34z\"><\/path><\/svg><\/div><div id=\"elementor-tab-content-1651\" class=\"eael-accordion-content clearfix\" data-tab=\"1\" aria-labelledby=\"museen-in-berlin\"><div><ul><li>Museo de P\u00e9rgamo<\/li><li>Topograf\u00eda del terrorMuseo Hist\u00f3rico Alem\u00e1n<\/li><li>Casa en el Checkpoint Charlie<\/li><li>Museo de la Muralla<\/li><li>Memorial del Muro de Berl\u00edn<\/li><li>Museo Jud\u00edo<\/li><li>Nuevo museo<\/li><li>Museo de la RDA<\/li><li>Nueva Galer\u00eda Nacional<\/li><li>Antigua Galer\u00eda Nacional<\/li><li>Estaci\u00f3n de Hamburgo<\/li><li>Catedral alemana<\/li><li>Los bajos fondos de Berl\u00edn<\/li><li>Dominio Dahlem<\/li><li>Galer\u00eda de im\u00e1genes<\/li><li>Monumento conmemorativo de Hohensch\u00f6nhausen<\/li><\/ul><\/div><\/div>\n\t\t\t\t\t<\/div><\/div>\t\t\t\t<\/div>\n\t\t\t\t<\/div>\n\t\t\t\t\t<\/div>\n\t\t\t\t<\/div>\n\t\t<div data-particle_enable=\"false\" data-particle-mobile-disabled=\"false\" class=\"elementor-element elementor-element-386dea9a e-flex e-con-boxed e-con e-parent\" data-id=\"386dea9a\" data-element_type=\"container\">\n\t\t\t\t\t<div class=\"e-con-inner\">\n\t\t\t\t<div class=\"elementor-element elementor-element-18dd688b elementor-widget elementor-widget-shortcode\" data-id=\"18dd688b\" data-element_type=\"widget\" data-widget_type=\"shortcode.default\">\n\t\t\t\t<div class=\"elementor-widget-container\">\n\t\t\t\t\t\t\t<div class=\"elementor-shortcode\"><\/div>\n\t\t\t\t\t\t<\/div>\n\t\t\t\t<\/div>\n\t\t\t\t\t<\/div>\n\t\t\t\t<\/div>\n\t\t\t\t<\/div>","protected":false},"excerpt":{"rendered":"<p>F\u00fchrungsanlagen mieten, Tourguide-Systeme mieten, Personenf\u00fchrungsanlagen mieten in Berlin Jetzt anfragen Mieten Sie bei uns ganz unkompliziert Personenf\u00fchrungsanlagen, Tourguide-Systeme oder PFAs. Unsere Anlagen sind bestens f\u00fcr Werksf\u00fchrungen, Stadtf\u00fchrungen durch Berlin oder zum Einsatz beim Fl\u00fcsterdolmetschen geeignet. Die F\u00fchrungsanlagen bestehen aus einem oder mehreren Mikrofonen und den zugeh\u00f6rigen Empf\u00e4ngern (Headsets, Kopfh\u00f6rern). Sie k\u00f6nnen bei uns Empf\u00e4nger in [&hellip;]<\/p>","protected":false},"author":1,"featured_media":45482,"parent":0,"menu_order":0,"comment_status":"closed","ping_status":"closed","template":"","meta":{"_acf_changed":false,"footnotes":""},"class_list":["post-9681","page","type-page","status-publish","has-post-thumbnail","hentry"],"acf":[],"_links":{"self":[{"href":"https:\/\/konferenztechnik.de\/es\/wp-json\/wp\/v2\/pages\/9681","targetHints":{"allow":["GET"]}}],"collection":[{"href":"https:\/\/konferenztechnik.de\/es\/wp-json\/wp\/v2\/pages"}],"about":[{"href":"https:\/\/konferenztechnik.de\/es\/wp-json\/wp\/v2\/types\/page"}],"author":[{"embeddable":true,"href":"https:\/\/konferenztechnik.de\/es\/wp-json\/wp\/v2\/users\/1"}],"replies":[{"embeddable":true,"href":"https:\/\/konferenztechnik.de\/es\/wp-json\/wp\/v2\/comments?post=9681"}],"version-history":[{"count":0,"href":"https:\/\/konferenztechnik.de\/es\/wp-json\/wp\/v2\/pages\/9681\/revisions"}],"wp:featuredmedia":[{"embeddable":true,"href":"https:\/\/konferenztechnik.de\/es\/wp-json\/wp\/v2\/media\/45482"}],"wp:attachment":[{"href":"https:\/\/konferenztechnik.de\/es\/wp-json\/wp\/v2\/media?parent=9681"}],"curies":[{"name":"wp","href":"https:\/\/api.w.org\/{rel}","templated":true}]}}