{"id":10733,"date":"2017-07-27T13:25:41","date_gmt":"2017-07-27T12:25:41","guid":{"rendered":"https:\/\/www.konferenztechnik.de\/?page_id=10733\/"},"modified":"2023-06-12T12:20:47","modified_gmt":"2023-06-12T10:20:47","slug":"location-cabines-dinterpretes-augsbourg","status":"publish","type":"page","link":"https:\/\/konferenztechnik.de\/fr\/location-cabines-dinterpretes-augsbourg\/","title":{"rendered":"Louer des cabines d'interpr\u00e9tation \u00e0 Augsbourg"},"content":{"rendered":"<div data-elementor-type=\"wp-page\" data-elementor-id=\"10733\" class=\"elementor elementor-10733\" data-elementor-post-type=\"page\">\n\t\t\t\t<div data-particle_enable=\"false\" data-particle-mobile-disabled=\"false\" class=\"elementor-element elementor-element-676dfe5 e-flex e-con-boxed e-con e-parent\" data-id=\"676dfe5\" data-element_type=\"container\">\n\t\t\t\t\t<div class=\"e-con-inner\">\n\t\t\t\t<div class=\"elementor-element elementor-element-1ede61a1 elementor-widget elementor-widget-heading\" data-id=\"1ede61a1\" data-element_type=\"widget\" data-settings=\"{&quot;_animation&quot;:&quot;none&quot;}\" data-widget_type=\"heading.default\">\n\t\t\t\t<div class=\"elementor-widget-container\">\n\t\t\t\t\t<h1 class=\"elementor-heading-title elementor-size-default\">Location de cabines d'interpr\u00e9tation \u00e0 Augsbourg : location de cabines de traduction en Souabe<\/h1>\t\t\t\t<\/div>\n\t\t\t\t<\/div>\n\t\t\t\t<div class=\"elementor-element elementor-element-1fe268ea elementor-widget elementor-widget-image\" data-id=\"1fe268ea\" data-element_type=\"widget\" data-widget_type=\"image.default\">\n\t\t\t\t<div class=\"elementor-widget-container\">\n\t\t\t\t\t\t\t\t\t\t\t\t\t\t\t<img fetchpriority=\"high\" decoding=\"async\" width=\"800\" height=\"358\" src=\"https:\/\/konferenztechnik.de\/wp-content\/uploads\/2017\/05\/veranstaltungstechnik-augsburg.jpg\" class=\"attachment-large size-large wp-image-10001\" alt=\"\" srcset=\"https:\/\/konferenztechnik.de\/wp-content\/uploads\/2017\/05\/veranstaltungstechnik-augsburg.jpg 850w, https:\/\/konferenztechnik.de\/wp-content\/uploads\/2017\/05\/veranstaltungstechnik-augsburg-300x134.jpg 300w, https:\/\/konferenztechnik.de\/wp-content\/uploads\/2017\/05\/veranstaltungstechnik-augsburg-768x343.jpg 768w\" sizes=\"(max-width: 800px) 100vw, 800px\" title=\"\">\t\t\t\t\t\t\t\t\t\t\t\t\t\t\t<\/div>\n\t\t\t\t<\/div>\n\t\t\t\t<div class=\"elementor-element elementor-element-7cd61fb0 elementor-widget__width-initial elementor-widget elementor-widget-text-editor\" data-id=\"7cd61fb0\" data-element_type=\"widget\" data-widget_type=\"text-editor.default\">\n\t\t\t\t<div class=\"elementor-widget-container\">\n\t\t\t\t\t\t\t\t\t<p>Avec pr\u00e8s de 290.000 habitants, Augsbourg est la troisi\u00e8me plus grande ville de Bavi\u00e8re et le centre du district administratif de Souabe. En tant que site universitaire et centre d'une agglom\u00e9ration comptant la troisi\u00e8me plus grande puissance \u00e9conomique de Bavi\u00e8re, Augsbourg est un lieu appr\u00e9ci\u00e9 pour l'organisation de congr\u00e8s multilingues, de conf\u00e9rences, d'assembl\u00e9es d'actionnaires, de r\u00e9unions de conseils d'administration ou encore de r\u00e9unions de comit\u00e9s d'entreprise europ\u00e9ens. Les centres de congr\u00e8s internationaux d'Augsbourg sont, entre autres, la Kongresshalle Augsburg et les installations de la Messe Augsburg.<\/p>\t\t\t\t\t\t\t\t<\/div>\n\t\t\t\t<\/div>\n\t\t\t\t\t<\/div>\n\t\t\t\t<\/div>\n\t\t<div data-particle_enable=\"false\" data-particle-mobile-disabled=\"false\" class=\"elementor-element elementor-element-fb304c6 e-flex e-con-boxed e-con e-parent\" data-id=\"fb304c6\" data-element_type=\"container\">\n\t\t\t\t\t<div class=\"e-con-inner\">\n\t\t\t\t<div class=\"elementor-element elementor-element-64a4615a elementor-widget elementor-widget-image\" data-id=\"64a4615a\" data-element_type=\"widget\" data-widget_type=\"image.default\">\n\t\t\t\t<div class=\"elementor-widget-container\">\n\t\t\t\t\t\t\t\t\t\t\t\t\t\t\t<img decoding=\"async\" width=\"800\" height=\"407\" src=\"https:\/\/konferenztechnik.de\/wp-content\/uploads\/2016\/10\/dolmetscherkabinen-mieten-1024x521.jpg\" class=\"attachment-large size-large wp-image-8570\" alt=\"\" srcset=\"https:\/\/konferenztechnik.de\/wp-content\/uploads\/2016\/10\/dolmetscherkabinen-mieten-1024x521.jpg 1024w, https:\/\/konferenztechnik.de\/wp-content\/uploads\/2016\/10\/dolmetscherkabinen-mieten-300x153.jpg 300w, https:\/\/konferenztechnik.de\/wp-content\/uploads\/2016\/10\/dolmetscherkabinen-mieten-768x390.jpg 768w, https:\/\/konferenztechnik.de\/wp-content\/uploads\/2016\/10\/dolmetscherkabinen-mieten.jpg 1200w\" sizes=\"(max-width: 800px) 100vw, 800px\" title=\"\">\t\t\t\t\t\t\t\t\t\t\t\t\t\t\t<\/div>\n\t\t\t\t<\/div>\n\t\t\t\t\t<\/div>\n\t\t\t\t<\/div>\n\t\t<div data-particle_enable=\"false\" data-particle-mobile-disabled=\"false\" class=\"elementor-element elementor-element-688e55b e-flex e-con-boxed e-con e-parent\" data-id=\"688e55b\" data-element_type=\"container\">\n\t\t\t\t\t<div class=\"e-con-inner\">\n\t\t\t\t<div class=\"elementor-element elementor-element-531f6eb6 elementor-widget elementor-widget-spacer\" data-id=\"531f6eb6\" data-element_type=\"widget\" data-widget_type=\"spacer.default\">\n\t\t\t\t<div class=\"elementor-widget-container\">\n\t\t\t\t\t\t\t<div class=\"elementor-spacer\">\n\t\t\t<div class=\"elementor-spacer-inner\"><\/div>\n\t\t<\/div>\n\t\t\t\t\t\t<\/div>\n\t\t\t\t<\/div>\n\t\t\t\t<div class=\"elementor-element elementor-element-44d7791 elementor-widget__width-initial elementor-widget elementor-widget-heading\" data-id=\"44d7791\" data-element_type=\"widget\" data-settings=\"{&quot;_animation&quot;:&quot;none&quot;}\" data-widget_type=\"heading.default\">\n\t\t\t\t<div class=\"elementor-widget-container\">\n\t\t\t\t\t<h2 class=\"elementor-heading-title elementor-size-default\">Cr\u00e9er des conditions optimales pour les interpr\u00e8tes de conf\u00e9rence\n\n<\/h2>\t\t\t\t<\/div>\n\t\t\t\t<\/div>\n\t\t\t\t<div class=\"elementor-element elementor-element-1eee64d elementor-widget__width-initial elementor-widget elementor-widget-text-editor\" data-id=\"1eee64d\" data-element_type=\"widget\" data-widget_type=\"text-editor.default\">\n\t\t\t\t<div class=\"elementor-widget-container\">\n\t\t\t\t\t\t\t\t\t<p>Depuis son site de Munich, PCS fournit des cabines d'interpr\u00e9tation du fabricant n\u00e9erlandais Audipack pour les r\u00e9unions et \u00e9v\u00e9nements multilingues \u00e0 Augsbourg et dans les environs. Pour ce faire, PCS mise avant tout sur les cabines d'orateur de la s\u00e9rie Silent 9300, qui se sont entre-temps impos\u00e9es comme un standard industriel g\u00e9n\u00e9ralement reconnu. La s\u00e9rie 9300 d'Audipack est certifi\u00e9e selon les normes ISO 4043 et DIN 56924 (partie 2) et offre deux postes de travail professionnels par cabine pour les interpr\u00e8tes simultan\u00e9s. Le nombre de postes de travail par cabine est extensible de mani\u00e8re flexible \u00e0 quatre places, \u00e0 quoi s'ajoute le fait qu'il est possible de juxtaposer autant de cabines d'interpr\u00e8tes que l'on veut. Une technique de conf\u00e9rence et d'interpr\u00e9tation de haute qualit\u00e9 garantit aux interpr\u00e8tes de conf\u00e9rence des conditions de travail optimales \u2013, ce qui contribue largement \u00e0 la r\u00e9ussite des manifestations multilingues. Outre les caract\u00e9ristiques de qualit\u00e9 qui sont importantes pour les interpr\u00e8tes, les solutions propos\u00e9es par PCS se distinguent \u00e9galement par un montage et un d\u00e9montage rapides et professionnels des cabines et, bien entendu, par une livraison et un retour ponctuels sur le lieu de la conf\u00e9rence.<\/p>\t\t\t\t\t\t\t\t<\/div>\n\t\t\t\t<\/div>\n\t\t\t\t<div class=\"elementor-element elementor-element-851d84f elementor-widget__width-initial elementor-widget elementor-widget-heading\" data-id=\"851d84f\" data-element_type=\"widget\" data-settings=\"{&quot;_animation&quot;:&quot;none&quot;}\" data-widget_type=\"heading.default\">\n\t\t\t\t<div class=\"elementor-widget-container\">\n\t\t\t\t\t<h2 class=\"elementor-heading-title elementor-size-default\">Assistance technique compl\u00e8te pour les clients d'Augsbourg\n<\/h2>\t\t\t\t<\/div>\n\t\t\t\t<\/div>\n\t\t\t\t<div class=\"elementor-element elementor-element-5af2d96 elementor-widget__width-initial elementor-widget elementor-widget-text-editor\" data-id=\"5af2d96\" data-element_type=\"widget\" data-widget_type=\"text-editor.default\">\n\t\t\t\t<div class=\"elementor-widget-container\">\n\t\t\t\t\t\t\t\t\t<p>Dans le cadre de la location de cabines d'interpr\u00e9tation, PCS propose \u00e9galement une assistance technique compl\u00e8te aux clients d'Augsbourg. Les personnes qui louent des cabines d'interpr\u00e9tation \u00e0 Augsbourg peuvent recourir \u00e0 l'ensemble de l'offre et au savoir-faire de PCS dans le domaine de la technique \u00e9v\u00e9nementielle. Pour les demandes concr\u00e8tes de cabines d'interpr\u00e9tation, il est judicieux que les clients disposent d\u00e9j\u00e0 d'informations sur la taille et la nature du lieu de l'\u00e9v\u00e9nement, qu'ils sachent combien de participants ils attendent approximativement et combien de langues seront parl\u00e9es lors de l'\u00e9v\u00e9nement. PCS se fera un plaisir de vous conseiller en amont de votre \u00e9v\u00e9nement et pourra parfois \u00e9tablir plusieurs devis comparatifs si certains des facteurs susmentionn\u00e9s ne sont pas encore d\u00e9finitivement \u00e9tablis.<\/p>\t\t\t\t\t\t\t\t<\/div>\n\t\t\t\t<\/div>\n\t\t\t\t<div class=\"elementor-element elementor-element-349bc70d elementor-widget__width-initial elementor-widget elementor-widget-heading\" data-id=\"349bc70d\" data-element_type=\"widget\" data-settings=\"{&quot;_animation&quot;:&quot;none&quot;}\" data-widget_type=\"heading.default\">\n\t\t\t\t<div class=\"elementor-widget-container\">\n\t\t\t\t\t<h2 class=\"elementor-heading-title elementor-size-default\">Mat\u00e9riel de conf\u00e9rence pour interpr\u00e8tes \u2013 s\u00e9rie Audipack Silent 9300\n<\/h2>\t\t\t\t<\/div>\n\t\t\t\t<\/div>\n\t\t\t\t<div class=\"elementor-element elementor-element-48584165 elementor-widget__width-initial elementor-widget elementor-widget-text-editor\" data-id=\"48584165\" data-element_type=\"widget\" data-widget_type=\"text-editor.default\">\n\t\t\t\t<div class=\"elementor-widget-container\">\n\t\t\t\t\t\t\t\t\t<p>Le fournisseur d'\u00e9quipements de conf\u00e9rence PCS fournit des cabines d'interpr\u00e9tation et la technologie associ\u00e9e \u00e0 des conf\u00e9rences multilingues \u00e0 Berlin et dans ses environs, comme par exemple des installations de sonorisation, des installations de discussion, des techniques de transmission vocale, des installations de vote, des techniques vid\u00e9o et autres. Pour la location de cabines d'interpr\u00e9tation et de traduction de tr\u00e8s haut niveau technique, PCS mise sur le fabricant de marque n\u00e9erlandais Audipack \u2013, concr\u00e8tement sur la s\u00e9rie Audipack Silent 9300, qui est \u00e9galement disponible \u00e0 la location en grandes quantit\u00e9s \u00e0 Berlin. Entre-temps, les cabines d'interpr\u00e9tation d'Audipack se sont \u00e9tablies comme standard industriel dans le monde entier, la s\u00e9rie Audipack Silent 9300 se distingue dans ce contexte par les caract\u00e9ristiques suivantes<\/p>\t\t\t\t\t\t\t\t<\/div>\n\t\t\t\t<\/div>\n\t\t\t\t\t<\/div>\n\t\t\t\t<\/div>\n\t\t<div data-particle_enable=\"false\" data-particle-mobile-disabled=\"false\" class=\"elementor-element elementor-element-88785e5 e-flex e-con-boxed e-con e-parent\" data-id=\"88785e5\" data-element_type=\"container\">\n\t\t\t\t\t<div class=\"e-con-inner\">\n\t\t\t\t<div class=\"elementor-element elementor-element-4df270f5 elementor-widget__width-initial elementor-list-item-link-full_width elementor-widget elementor-widget-icon-list\" data-id=\"4df270f5\" data-element_type=\"widget\" data-widget_type=\"icon-list.default\">\n\t\t\t\t<div class=\"elementor-widget-container\">\n\t\t\t\t\t\t\t<ul class=\"elementor-icon-list-items\">\n\t\t\t\t\t\t\t<li class=\"elementor-icon-list-item\">\n\t\t\t\t\t\t\t\t\t\t\t<span class=\"elementor-icon-list-icon\">\n\t\t\t\t\t\t\t<svg aria-hidden=\"true\" class=\"e-font-icon-svg e-fas-check\" viewbox=\"0 0 512 512\" xmlns=\"http:\/\/www.w3.org\/2000\/svg\"><path d=\"M173.898 439.404l-166.4-166.4c-9.997-9.997-9.997-26.206 0-36.204l36.203-36.204c9.997-9.998 26.207-9.998 36.204 0L192 312.69 432.095 72.596c9.997-9.997 26.207-9.997 36.204 0l36.203 36.204c9.997 9.997 9.997 26.206 0 36.204l-294.4 294.401c-9.998 9.997-26.207 9.997-36.204-.001z\"><\/path><\/svg>\t\t\t\t\t\t<\/span>\n\t\t\t\t\t\t\t\t\t\t<span class=\"elementor-icon-list-text\">tr\u00e8s bonne isolation acoustique \u2013 presque insonoris\u00e9e<\/span>\n\t\t\t\t\t\t\t\t\t<\/li>\n\t\t\t\t\t\t\t\t<li class=\"elementor-icon-list-item\">\n\t\t\t\t\t\t\t\t\t\t\t<span class=\"elementor-icon-list-icon\">\n\t\t\t\t\t\t\t<svg aria-hidden=\"true\" class=\"e-font-icon-svg e-fas-check\" viewbox=\"0 0 512 512\" xmlns=\"http:\/\/www.w3.org\/2000\/svg\"><path d=\"M173.898 439.404l-166.4-166.4c-9.997-9.997-9.997-26.206 0-36.204l36.203-36.204c9.997-9.998 26.207-9.998 36.204 0L192 312.69 432.095 72.596c9.997-9.997 26.207-9.997 36.204 0l36.203 36.204c9.997 9.997 9.997 26.206 0 36.204l-294.4 294.401c-9.998 9.997-26.207 9.997-36.204-.001z\"><\/path><\/svg>\t\t\t\t\t\t<\/span>\n\t\t\t\t\t\t\t\t\t\t<span class=\"elementor-icon-list-text\">structure modulaire (le standard est de deux postes d'interpr\u00e9tation par cabine, extensible de mani\u00e8re flexible \u00e0 trois ou quatre postes de travail par cabine), possibilit\u00e9 d'utiliser autant de cabines que souhait\u00e9 en parall\u00e8le<\/span>\n\t\t\t\t\t\t\t\t\t<\/li>\n\t\t\t\t\t\t\t\t<li class=\"elementor-icon-list-item\">\n\t\t\t\t\t\t\t\t\t\t\t<span class=\"elementor-icon-list-icon\">\n\t\t\t\t\t\t\t<svg aria-hidden=\"true\" class=\"e-font-icon-svg e-fas-check\" viewbox=\"0 0 512 512\" xmlns=\"http:\/\/www.w3.org\/2000\/svg\"><path d=\"M173.898 439.404l-166.4-166.4c-9.997-9.997-9.997-26.206 0-36.204l36.203-36.204c9.997-9.998 26.207-9.998 36.204 0L192 312.69 432.095 72.596c9.997-9.997 26.207-9.997 36.204 0l36.203 36.204c9.997 9.997 9.997 26.206 0 36.204l-294.4 294.401c-9.998 9.997-26.207 9.997-36.204-.001z\"><\/path><\/svg>\t\t\t\t\t\t<\/span>\n\t\t\t\t\t\t\t\t\t\t<span class=\"elementor-icon-list-text\">transport facile, montage et d\u00e9montage rapides sur le lieu de la r\u00e9union<\/span>\n\t\t\t\t\t\t\t\t\t<\/li>\n\t\t\t\t\t\t\t\t<li class=\"elementor-icon-list-item\">\n\t\t\t\t\t\t\t\t\t\t\t<span class=\"elementor-icon-list-icon\">\n\t\t\t\t\t\t\t<svg aria-hidden=\"true\" class=\"e-font-icon-svg e-fas-check\" viewbox=\"0 0 512 512\" xmlns=\"http:\/\/www.w3.org\/2000\/svg\"><path d=\"M173.898 439.404l-166.4-166.4c-9.997-9.997-9.997-26.206 0-36.204l36.203-36.204c9.997-9.998 26.207-9.998 36.204 0L192 312.69 432.095 72.596c9.997-9.997 26.207-9.997 36.204 0l36.203 36.204c9.997 9.997 9.997 26.206 0 36.204l-294.4 294.401c-9.998 9.997-26.207 9.997-36.204-.001z\"><\/path><\/svg>\t\t\t\t\t\t<\/span>\n\t\t\t\t\t\t\t\t\t\t<span class=\"elementor-icon-list-text\">grandes vitres pour une tr\u00e8s bonne vue sur le podium et la salle<\/span>\n\t\t\t\t\t\t\t\t\t<\/li>\n\t\t\t\t\t\t\t\t<li class=\"elementor-icon-list-item\">\n\t\t\t\t\t\t\t\t\t\t\t<span class=\"elementor-icon-list-icon\">\n\t\t\t\t\t\t\t<svg aria-hidden=\"true\" class=\"e-font-icon-svg e-fas-check\" viewbox=\"0 0 512 512\" xmlns=\"http:\/\/www.w3.org\/2000\/svg\"><path d=\"M173.898 439.404l-166.4-166.4c-9.997-9.997-9.997-26.206 0-36.204l36.203-36.204c9.997-9.998 26.207-9.998 36.204 0L192 312.69 432.095 72.596c9.997-9.997 26.207-9.997 36.204 0l36.203 36.204c9.997 9.997 9.997 26.206 0 36.204l-294.4 294.401c-9.998 9.997-26.207 9.997-36.204-.001z\"><\/path><\/svg>\t\t\t\t\t\t<\/span>\n\t\t\t\t\t\t\t\t\t\t<span class=\"elementor-icon-list-text\">y compris une table particuli\u00e8rement profonde, une ventilation silencieuse, des passages de c\u00e2bles lat\u00e9raux et des lampes de travail adapt\u00e9es<\/span>\n\t\t\t\t\t\t\t\t\t<\/li>\n\t\t\t\t\t\t\t\t<li class=\"elementor-icon-list-item\">\n\t\t\t\t\t\t\t\t\t\t\t<span class=\"elementor-icon-list-icon\">\n\t\t\t\t\t\t\t<svg aria-hidden=\"true\" class=\"e-font-icon-svg e-fas-check\" viewbox=\"0 0 512 512\" xmlns=\"http:\/\/www.w3.org\/2000\/svg\"><path d=\"M173.898 439.404l-166.4-166.4c-9.997-9.997-9.997-26.206 0-36.204l36.203-36.204c9.997-9.998 26.207-9.998 36.204 0L192 312.69 432.095 72.596c9.997-9.997 26.207-9.997 36.204 0l36.203 36.204c9.997 9.997 9.997 26.206 0 36.204l-294.4 294.401c-9.998 9.997-26.207 9.997-36.204-.001z\"><\/path><\/svg>\t\t\t\t\t\t<\/span>\n\t\t\t\t\t\t\t\t\t\t<span class=\"elementor-icon-list-text\">compatible avec tous les syst\u00e8mes d'interpr\u00e9tation courants<\/span>\n\t\t\t\t\t\t\t\t\t<\/li>\n\t\t\t\t\t\t\t\t<li class=\"elementor-icon-list-item\">\n\t\t\t\t\t\t\t\t\t\t\t<span class=\"elementor-icon-list-icon\">\n\t\t\t\t\t\t\t<svg aria-hidden=\"true\" class=\"e-font-icon-svg e-fas-check\" viewbox=\"0 0 512 512\" xmlns=\"http:\/\/www.w3.org\/2000\/svg\"><path d=\"M173.898 439.404l-166.4-166.4c-9.997-9.997-9.997-26.206 0-36.204l36.203-36.204c9.997-9.998 26.207-9.998 36.204 0L192 312.69 432.095 72.596c9.997-9.997 26.207-9.997 36.204 0l36.203 36.204c9.997 9.997 9.997 26.206 0 36.204l-294.4 294.401c-9.998 9.997-26.207 9.997-36.204-.001z\"><\/path><\/svg>\t\t\t\t\t\t<\/span>\n\t\t\t\t\t\t\t\t\t\t<span class=\"elementor-icon-list-text\">g\u00e9n\u00e9ralement \u00e9quip\u00e9s de pupitres d'interpr\u00e9tation professionnels et\/ou de casques avec microphones et \u00e9couteurs<\/span>\n\t\t\t\t\t\t\t\t\t<\/li>\n\t\t\t\t\t\t\t\t<li class=\"elementor-icon-list-item\">\n\t\t\t\t\t\t\t\t\t\t\t<span class=\"elementor-icon-list-icon\">\n\t\t\t\t\t\t\t<svg aria-hidden=\"true\" class=\"e-font-icon-svg e-fas-check\" viewbox=\"0 0 512 512\" xmlns=\"http:\/\/www.w3.org\/2000\/svg\"><path d=\"M173.898 439.404l-166.4-166.4c-9.997-9.997-9.997-26.206 0-36.204l36.203-36.204c9.997-9.998 26.207-9.998 36.204 0L192 312.69 432.095 72.596c9.997-9.997 26.207-9.997 36.204 0l36.203 36.204c9.997 9.997 9.997 26.206 0 36.204l-294.4 294.401c-9.998 9.997-26.207 9.997-36.204-.001z\"><\/path><\/svg>\t\t\t\t\t\t<\/span>\n\t\t\t\t\t\t\t\t\t\t<span class=\"elementor-icon-list-text\">Certifi\u00e9 ISO - r\u00e9pond au minimum \u00e0 la norme ISO 4043<\/span>\n\t\t\t\t\t\t\t\t\t<\/li>\n\t\t\t\t\t\t<\/ul>\n\t\t\t\t\t\t<\/div>\n\t\t\t\t<\/div>\n\t\t\t\t<div class=\"elementor-element elementor-element-3935689b elementor-widget__width-initial elementor-widget elementor-widget-text-editor\" data-id=\"3935689b\" data-element_type=\"widget\" data-widget_type=\"text-editor.default\">\n\t\t\t\t<div class=\"elementor-widget-container\">\n\t\t\t\t\t\t\t\t\t<p>Les cabines d'interpr\u00e8tes\/de conf\u00e9renciers insonoris\u00e9es de la s\u00e9rie Audipack Silent 9300 sont livr\u00e9es dans un gris clair discret ou dans un gris souris avec des dimensions int\u00e9rieures de 160 x 160 x 200 cm. Les dimensions ext\u00e9rieures sont de 168 x 168 x 220 cm environ, le poids d'une cabine standard est de 210 kg.<\/p>\t\t\t\t\t\t\t\t<\/div>\n\t\t\t\t<\/div>\n\t\t\t\t<div class=\"elementor-element elementor-element-60098e39 elementor-widget__width-initial elementor-widget elementor-widget-heading\" data-id=\"60098e39\" data-element_type=\"widget\" data-settings=\"{&quot;_animation&quot;:&quot;none&quot;}\" data-widget_type=\"heading.default\">\n\t\t\t\t<div class=\"elementor-widget-container\">\n\t\t\t\t\t<h2 class=\"elementor-heading-title elementor-size-default\">\nSp\u00e9cifications des cabines d'interpr\u00e9tation PCS (Audipack Silent 9300 Series)<\/h2>\t\t\t\t<\/div>\n\t\t\t\t<\/div>\n\t\t<div data-particle_enable=\"false\" data-particle-mobile-disabled=\"false\" class=\"elementor-element elementor-element-bccf58d e-flex e-con-boxed e-con e-parent\" data-id=\"bccf58d\" data-element_type=\"container\" data-settings=\"{&quot;background_background&quot;:&quot;classic&quot;,&quot;background_motion_fx_motion_fx_scrolling&quot;:&quot;yes&quot;,&quot;background_motion_fx_devices&quot;:[&quot;widescreen&quot;,&quot;desktop&quot;,&quot;laptop&quot;,&quot;tablet_extra&quot;,&quot;tablet&quot;,&quot;mobile&quot;]}\">\n\t\t\t\t\t<div class=\"e-con-inner\">\n\t\t<div data-particle_enable=\"false\" data-particle-mobile-disabled=\"false\" class=\"elementor-element elementor-element-585473e1 e-flex e-con-boxed e-con e-parent\" data-id=\"585473e1\" data-element_type=\"container\" data-settings=\"{&quot;background_background&quot;:&quot;classic&quot;}\">\n\t\t\t\t\t<div class=\"e-con-inner\">\n\t\t\t\t<div class=\"elementor-element elementor-element-78256ab4 elementor-widget__width-auto elementor-widget elementor-widget-heading\" data-id=\"78256ab4\" data-element_type=\"widget\" data-settings=\"{&quot;_animation&quot;:&quot;none&quot;}\" data-widget_type=\"heading.default\">\n\t\t\t\t<div class=\"elementor-widget-container\">\n\t\t\t\t\t<h3 class=\"elementor-heading-title elementor-size-medium\">Certifi\u00e9 ISO<\/h3>\t\t\t\t<\/div>\n\t\t\t\t<\/div>\n\t\t\t\t<div class=\"elementor-element elementor-element-50f7d692 elementor-widget__width-initial elementor-view-default elementor-widget elementor-widget-icon\" data-id=\"50f7d692\" data-element_type=\"widget\" data-widget_type=\"icon.default\">\n\t\t\t\t<div class=\"elementor-widget-container\">\n\t\t\t\t\t\t\t<div class=\"elementor-icon-wrapper\">\n\t\t\t<div class=\"elementor-icon\">\n\t\t\t<svg aria-hidden=\"true\" class=\"e-font-icon-svg e-fas-certificate\" viewbox=\"0 0 512 512\" xmlns=\"http:\/\/www.w3.org\/2000\/svg\"><path d=\"M458.622 255.92l45.985-45.005c13.708-12.977 7.316-36.039-10.664-40.339l-62.65-15.99 17.661-62.015c4.991-17.838-11.829-34.663-29.661-29.671l-61.994 17.667-15.984-62.671C337.085.197 313.765-6.276 300.99 7.228L256 53.57 211.011 7.229c-12.63-13.351-36.047-7.234-40.325 10.668l-15.984 62.671-61.995-17.667C74.87 57.907 58.056 74.738 63.046 92.572l17.661 62.015-62.65 15.99C.069 174.878-6.31 197.944 7.392 210.915l45.985 45.005-45.985 45.004c-13.708 12.977-7.316 36.039 10.664 40.339l62.65 15.99-17.661 62.015c-4.991 17.838 11.829 34.663 29.661 29.671l61.994-17.667 15.984 62.671c4.439 18.575 27.696 24.018 40.325 10.668L256 458.61l44.989 46.001c12.5 13.488 35.987 7.486 40.325-10.668l15.984-62.671 61.994 17.667c17.836 4.994 34.651-11.837 29.661-29.671l-17.661-62.015 62.65-15.99c17.987-4.302 24.366-27.367 10.664-40.339l-45.984-45.004z\"><\/path><\/svg>\t\t\t<\/div>\n\t\t<\/div>\n\t\t\t\t\t\t<\/div>\n\t\t\t\t<\/div>\n\t\t\t\t\t<\/div>\n\t\t\t\t<\/div>\n\t\t<div data-particle_enable=\"false\" data-particle-mobile-disabled=\"false\" class=\"elementor-element elementor-element-243af84d e-flex e-con-boxed e-con e-parent\" data-id=\"243af84d\" data-element_type=\"container\" data-settings=\"{&quot;background_background&quot;:&quot;classic&quot;}\">\n\t\t\t\t\t<div class=\"e-con-inner\">\n\t\t\t\t<div class=\"elementor-element elementor-element-26e79635 elementor-widget__width-inherit elementor-widget elementor-widget-text-editor\" data-id=\"26e79635\" data-element_type=\"widget\" data-widget_type=\"text-editor.default\">\n\t\t\t\t<div class=\"elementor-widget-container\">\n\t\t\t\t\t\t\t\t\t<p>Les cabines d'interpr\u00e9tation Audipack sont certifi\u00e9es selon la norme ISO 4043\/2016 et DIN 56924.<\/p>\t\t\t\t\t\t\t\t<\/div>\n\t\t\t\t<\/div>\n\t\t\t\t\t<\/div>\n\t\t\t\t<\/div>\n\t\t<div data-particle_enable=\"false\" data-particle-mobile-disabled=\"false\" class=\"elementor-element elementor-element-3f3834aa e-flex e-con-boxed e-con e-parent\" data-id=\"3f3834aa\" data-element_type=\"container\" data-settings=\"{&quot;background_background&quot;:&quot;classic&quot;}\">\n\t\t\t\t\t<div class=\"e-con-inner\">\n\t\t\t\t<div class=\"elementor-element elementor-element-366f74df elementor-widget__width-auto elementor-widget elementor-widget-heading\" data-id=\"366f74df\" data-element_type=\"widget\" data-settings=\"{&quot;_animation&quot;:&quot;none&quot;}\" data-widget_type=\"heading.default\">\n\t\t\t\t<div class=\"elementor-widget-container\">\n\t\t\t\t\t<h3 class=\"elementor-heading-title elementor-size-medium\">Poids<\/h3>\t\t\t\t<\/div>\n\t\t\t\t<\/div>\n\t\t\t\t<div class=\"elementor-element elementor-element-3895892f elementor-widget__width-initial elementor-view-default elementor-widget elementor-widget-icon\" data-id=\"3895892f\" data-element_type=\"widget\" data-widget_type=\"icon.default\">\n\t\t\t\t<div class=\"elementor-widget-container\">\n\t\t\t\t\t\t\t<div class=\"elementor-icon-wrapper\">\n\t\t\t<div class=\"elementor-icon\">\n\t\t\t<svg aria-hidden=\"true\" class=\"e-font-icon-svg e-fas-weight-hanging\" viewbox=\"0 0 512 512\" xmlns=\"http:\/\/www.w3.org\/2000\/svg\"><path d=\"M510.28 445.86l-73.03-292.13c-3.8-15.19-16.44-25.72-30.87-25.72h-60.25c3.57-10.05 5.88-20.72 5.88-32 0-53.02-42.98-96-96-96s-96 42.98-96 96c0 11.28 2.3 21.95 5.88 32h-60.25c-14.43 0-27.08 10.54-30.87 25.72L1.72 445.86C-6.61 479.17 16.38 512 48.03 512h415.95c31.64 0 54.63-32.83 46.3-66.14zM256 128c-17.64 0-32-14.36-32-32s14.36-32 32-32 32 14.36 32 32-14.36 32-32 32z\"><\/path><\/svg>\t\t\t<\/div>\n\t\t<\/div>\n\t\t\t\t\t\t<\/div>\n\t\t\t\t<\/div>\n\t\t\t\t\t<\/div>\n\t\t\t\t<\/div>\n\t\t<div data-particle_enable=\"false\" data-particle-mobile-disabled=\"false\" class=\"elementor-element elementor-element-1ba2a591 e-flex e-con-boxed e-con e-parent\" data-id=\"1ba2a591\" data-element_type=\"container\" data-settings=\"{&quot;background_background&quot;:&quot;classic&quot;}\">\n\t\t\t\t\t<div class=\"e-con-inner\">\n\t\t\t\t<div class=\"elementor-element elementor-element-da49854 elementor-widget__width-inherit elementor-widget elementor-widget-text-editor\" data-id=\"da49854\" data-element_type=\"widget\" data-widget_type=\"text-editor.default\">\n\t\t\t\t<div class=\"elementor-widget-container\">\n\t\t\t\t\t\t\t\t\t<p>210 kg<\/p>\t\t\t\t\t\t\t\t<\/div>\n\t\t\t\t<\/div>\n\t\t\t\t\t<\/div>\n\t\t\t\t<\/div>\n\t\t<div data-particle_enable=\"false\" data-particle-mobile-disabled=\"false\" class=\"elementor-element elementor-element-5236e245 e-flex e-con-boxed e-con e-parent\" data-id=\"5236e245\" data-element_type=\"container\" data-settings=\"{&quot;background_background&quot;:&quot;classic&quot;}\">\n\t\t\t\t\t<div class=\"e-con-inner\">\n\t\t\t\t<div class=\"elementor-element elementor-element-43a4e283 elementor-widget__width-auto elementor-widget elementor-widget-heading\" data-id=\"43a4e283\" data-element_type=\"widget\" data-settings=\"{&quot;_animation&quot;:&quot;none&quot;}\" data-widget_type=\"heading.default\">\n\t\t\t\t<div class=\"elementor-widget-container\">\n\t\t\t\t\t<h3 class=\"elementor-heading-title elementor-size-medium\">Isolation phonique<\/h3>\t\t\t\t<\/div>\n\t\t\t\t<\/div>\n\t\t\t\t<div class=\"elementor-element elementor-element-34c7d382 elementor-widget__width-initial elementor-view-default elementor-widget elementor-widget-icon\" data-id=\"34c7d382\" data-element_type=\"widget\" data-widget_type=\"icon.default\">\n\t\t\t\t<div class=\"elementor-widget-container\">\n\t\t\t\t\t\t\t<div class=\"elementor-icon-wrapper\">\n\t\t\t<div class=\"elementor-icon\">\n\t\t\t<svg aria-hidden=\"true\" class=\"e-font-icon-svg e-fas-volume-mute\" viewbox=\"0 0 512 512\" xmlns=\"http:\/\/www.w3.org\/2000\/svg\"><path d=\"M215.03 71.05L126.06 160H24c-13.26 0-24 10.74-24 24v144c0 13.25 10.74 24 24 24h102.06l88.97 88.95c15.03 15.03 40.97 4.47 40.97-16.97V88.02c0-21.46-25.96-31.98-40.97-16.97zM461.64 256l45.64-45.64c6.3-6.3 6.3-16.52 0-22.82l-22.82-22.82c-6.3-6.3-16.52-6.3-22.82 0L416 210.36l-45.64-45.64c-6.3-6.3-16.52-6.3-22.82 0l-22.82 22.82c-6.3 6.3-6.3 16.52 0 22.82L370.36 256l-45.63 45.63c-6.3 6.3-6.3 16.52 0 22.82l22.82 22.82c6.3 6.3 16.52 6.3 22.82 0L416 301.64l45.64 45.64c6.3 6.3 16.52 6.3 22.82 0l22.82-22.82c6.3-6.3 6.3-16.52 0-22.82L461.64 256z\"><\/path><\/svg>\t\t\t<\/div>\n\t\t<\/div>\n\t\t\t\t\t\t<\/div>\n\t\t\t\t<\/div>\n\t\t\t\t\t<\/div>\n\t\t\t\t<\/div>\n\t\t<div data-particle_enable=\"false\" data-particle-mobile-disabled=\"false\" class=\"elementor-element elementor-element-153e5827 e-flex e-con-boxed e-con e-parent\" data-id=\"153e5827\" data-element_type=\"container\" data-settings=\"{&quot;background_background&quot;:&quot;classic&quot;}\">\n\t\t\t\t\t<div class=\"e-con-inner\">\n\t\t\t\t<div class=\"elementor-element elementor-element-1c551eeb elementor-widget__width-inherit elementor-widget elementor-widget-text-editor\" data-id=\"1c551eeb\" data-element_type=\"widget\" data-widget_type=\"text-editor.default\">\n\t\t\t\t<div class=\"elementor-widget-container\">\n\t\t\t\t\t\t\t\t\t<p>210 kg<\/p>\t\t\t\t\t\t\t\t<\/div>\n\t\t\t\t<\/div>\n\t\t\t\t\t<\/div>\n\t\t\t\t<\/div>\n\t\t<div data-particle_enable=\"false\" data-particle-mobile-disabled=\"false\" class=\"elementor-element elementor-element-7dca3a9 e-flex e-con-boxed e-con e-parent\" data-id=\"7dca3a9\" data-element_type=\"container\" data-settings=\"{&quot;background_background&quot;:&quot;classic&quot;}\">\n\t\t\t\t\t<div class=\"e-con-inner\">\n\t\t\t\t<div class=\"elementor-element elementor-element-4b22abf6 elementor-widget__width-auto elementor-widget elementor-widget-heading\" data-id=\"4b22abf6\" data-element_type=\"widget\" data-settings=\"{&quot;_animation&quot;:&quot;none&quot;}\" data-widget_type=\"heading.default\">\n\t\t\t\t<div class=\"elementor-widget-container\">\n\t\t\t\t\t<h3 class=\"elementor-heading-title elementor-size-medium\">Dimensions int\u00e9rieures<\/h3>\t\t\t\t<\/div>\n\t\t\t\t<\/div>\n\t\t\t\t<div class=\"elementor-element elementor-element-72f887c3 elementor-widget__width-initial elementor-view-default elementor-widget elementor-widget-icon\" data-id=\"72f887c3\" data-element_type=\"widget\" data-widget_type=\"icon.default\">\n\t\t\t\t<div class=\"elementor-widget-container\">\n\t\t\t\t\t\t\t<div class=\"elementor-icon-wrapper\">\n\t\t\t<div class=\"elementor-icon\">\n\t\t\t<svg aria-hidden=\"true\" class=\"e-font-icon-svg e-fas-ruler-combined\" viewbox=\"0 0 512 512\" xmlns=\"http:\/\/www.w3.org\/2000\/svg\"><path d=\"M160 288h-56c-4.42 0-8-3.58-8-8v-16c0-4.42 3.58-8 8-8h56v-64h-56c-4.42 0-8-3.58-8-8v-16c0-4.42 3.58-8 8-8h56V96h-56c-4.42 0-8-3.58-8-8V72c0-4.42 3.58-8 8-8h56V32c0-17.67-14.33-32-32-32H32C14.33 0 0 14.33 0 32v448c0 2.77.91 5.24 1.57 7.8L160 329.38V288zm320 64h-32v56c0 4.42-3.58 8-8 8h-16c-4.42 0-8-3.58-8-8v-56h-64v56c0 4.42-3.58 8-8 8h-16c-4.42 0-8-3.58-8-8v-56h-64v56c0 4.42-3.58 8-8 8h-16c-4.42 0-8-3.58-8-8v-56h-41.37L24.2 510.43c2.56.66 5.04 1.57 7.8 1.57h448c17.67 0 32-14.33 32-32v-96c0-17.67-14.33-32-32-32z\"><\/path><\/svg>\t\t\t<\/div>\n\t\t<\/div>\n\t\t\t\t\t\t<\/div>\n\t\t\t\t<\/div>\n\t\t\t\t\t<\/div>\n\t\t\t\t<\/div>\n\t\t<div data-particle_enable=\"false\" data-particle-mobile-disabled=\"false\" class=\"elementor-element elementor-element-435ef947 e-flex e-con-boxed e-con e-parent\" data-id=\"435ef947\" data-element_type=\"container\" data-settings=\"{&quot;background_background&quot;:&quot;classic&quot;}\">\n\t\t\t\t\t<div class=\"e-con-inner\">\n\t\t\t\t<div class=\"elementor-element elementor-element-48ad2e28 elementor-widget__width-inherit elementor-widget elementor-widget-text-editor\" data-id=\"48ad2e28\" data-element_type=\"widget\" data-widget_type=\"text-editor.default\">\n\t\t\t\t<div class=\"elementor-widget-container\">\n\t\t\t\t\t\t\t\t\t<p>160cm x 160cm x 200cm (l\/p\/h)<\/p>\t\t\t\t\t\t\t\t<\/div>\n\t\t\t\t<\/div>\n\t\t\t\t\t<\/div>\n\t\t\t\t<\/div>\n\t\t<div data-particle_enable=\"false\" data-particle-mobile-disabled=\"false\" class=\"elementor-element elementor-element-69d76b5c e-flex e-con-boxed e-con e-parent\" data-id=\"69d76b5c\" data-element_type=\"container\" data-settings=\"{&quot;background_background&quot;:&quot;classic&quot;}\">\n\t\t\t\t\t<div class=\"e-con-inner\">\n\t\t\t\t<div class=\"elementor-element elementor-element-6819d0f4 elementor-widget__width-auto elementor-widget elementor-widget-heading\" data-id=\"6819d0f4\" data-element_type=\"widget\" data-settings=\"{&quot;_animation&quot;:&quot;none&quot;}\" data-widget_type=\"heading.default\">\n\t\t\t\t<div class=\"elementor-widget-container\">\n\t\t\t\t\t<h3 class=\"elementor-heading-title elementor-size-medium\">Dimensions ext\u00e9rieures<\/h3>\t\t\t\t<\/div>\n\t\t\t\t<\/div>\n\t\t\t\t<div class=\"elementor-element elementor-element-4c0e4cb6 elementor-widget__width-initial elementor-view-default elementor-widget elementor-widget-icon\" data-id=\"4c0e4cb6\" data-element_type=\"widget\" data-widget_type=\"icon.default\">\n\t\t\t\t<div class=\"elementor-widget-container\">\n\t\t\t\t\t\t\t<div class=\"elementor-icon-wrapper\">\n\t\t\t<div class=\"elementor-icon\">\n\t\t\t<svg aria-hidden=\"true\" class=\"e-font-icon-svg e-fas-ruler-combined\" viewbox=\"0 0 512 512\" xmlns=\"http:\/\/www.w3.org\/2000\/svg\"><path d=\"M160 288h-56c-4.42 0-8-3.58-8-8v-16c0-4.42 3.58-8 8-8h56v-64h-56c-4.42 0-8-3.58-8-8v-16c0-4.42 3.58-8 8-8h56V96h-56c-4.42 0-8-3.58-8-8V72c0-4.42 3.58-8 8-8h56V32c0-17.67-14.33-32-32-32H32C14.33 0 0 14.33 0 32v448c0 2.77.91 5.24 1.57 7.8L160 329.38V288zm320 64h-32v56c0 4.42-3.58 8-8 8h-16c-4.42 0-8-3.58-8-8v-56h-64v56c0 4.42-3.58 8-8 8h-16c-4.42 0-8-3.58-8-8v-56h-64v56c0 4.42-3.58 8-8 8h-16c-4.42 0-8-3.58-8-8v-56h-41.37L24.2 510.43c2.56.66 5.04 1.57 7.8 1.57h448c17.67 0 32-14.33 32-32v-96c0-17.67-14.33-32-32-32z\"><\/path><\/svg>\t\t\t<\/div>\n\t\t<\/div>\n\t\t\t\t\t\t<\/div>\n\t\t\t\t<\/div>\n\t\t\t\t\t<\/div>\n\t\t\t\t<\/div>\n\t\t<div data-particle_enable=\"false\" data-particle-mobile-disabled=\"false\" class=\"elementor-element elementor-element-2d1f008f e-flex e-con-boxed e-con e-parent\" data-id=\"2d1f008f\" data-element_type=\"container\" data-settings=\"{&quot;background_background&quot;:&quot;classic&quot;}\">\n\t\t\t\t\t<div class=\"e-con-inner\">\n\t\t\t\t<div class=\"elementor-element elementor-element-397fd97a elementor-widget__width-inherit elementor-widget elementor-widget-text-editor\" data-id=\"397fd97a\" data-element_type=\"widget\" data-widget_type=\"text-editor.default\">\n\t\t\t\t<div class=\"elementor-widget-container\">\n\t\t\t\t\t\t\t\t\t<p>168cm x 168cm x env. 220cm (avec ventilateur, L\/P\/H)<br \/>(Veuillez pr\u00e9voir un espace de 0,5 m \u00e0 gauche, \u00e0 droite ou \u00e0 l'arri\u00e8re pour la porte et le passage)<\/p>\t\t\t\t\t\t\t\t<\/div>\n\t\t\t\t<\/div>\n\t\t\t\t\t<\/div>\n\t\t\t\t<\/div>\n\t\t\t\t\t<\/div>\n\t\t\t\t<\/div>\n\t\t\t\t\t<\/div>\n\t\t\t\t<\/div>\n\t\t<div data-particle_enable=\"false\" data-particle-mobile-disabled=\"false\" class=\"elementor-element elementor-element-783290bc e-flex e-con-boxed e-con e-parent\" data-id=\"783290bc\" data-element_type=\"container\">\n\t\t\t\t\t<div class=\"e-con-inner\">\n\t\t\t\t<div class=\"elementor-element elementor-element-2bdc2da0 elementor-widget elementor-widget-image\" data-id=\"2bdc2da0\" data-element_type=\"widget\" data-widget_type=\"image.default\">\n\t\t\t\t<div class=\"elementor-widget-container\">\n\t\t\t\t\t\t\t\t\t\t\t\t\t\t\t<img decoding=\"async\" width=\"800\" height=\"298\" src=\"https:\/\/konferenztechnik.de\/wp-content\/uploads\/2016\/10\/sprecherkabinen-mieten-1-1024x381.jpg\" class=\"attachment-large size-large wp-image-8569\" alt=\"\" srcset=\"https:\/\/konferenztechnik.de\/wp-content\/uploads\/2016\/10\/sprecherkabinen-mieten-1-1024x381.jpg 1024w, https:\/\/konferenztechnik.de\/wp-content\/uploads\/2016\/10\/sprecherkabinen-mieten-1-300x112.jpg 300w, https:\/\/konferenztechnik.de\/wp-content\/uploads\/2016\/10\/sprecherkabinen-mieten-1-768x286.jpg 768w, https:\/\/konferenztechnik.de\/wp-content\/uploads\/2016\/10\/sprecherkabinen-mieten-1.jpg 1200w\" sizes=\"(max-width: 800px) 100vw, 800px\" title=\"\">\t\t\t\t\t\t\t\t\t\t\t\t\t\t\t<\/div>\n\t\t\t\t<\/div>\n\t\t\t\t\t<\/div>\n\t\t\t\t<\/div>\n\t\t<div data-particle_enable=\"false\" data-particle-mobile-disabled=\"false\" class=\"elementor-element elementor-element-76dc2096 e-flex e-con-boxed e-con e-parent\" data-id=\"76dc2096\" data-element_type=\"container\">\n\t\t\t\t\t<div class=\"e-con-inner\">\n\t\t\t\t<div class=\"elementor-element elementor-element-185e1b29 elementor-widget elementor-widget-spacer\" data-id=\"185e1b29\" data-element_type=\"widget\" data-widget_type=\"spacer.default\">\n\t\t\t\t<div class=\"elementor-widget-container\">\n\t\t\t\t\t\t\t<div class=\"elementor-spacer\">\n\t\t\t<div class=\"elementor-spacer-inner\"><\/div>\n\t\t<\/div>\n\t\t\t\t\t\t<\/div>\n\t\t\t\t<\/div>\n\t\t\t\t<div class=\"elementor-element elementor-element-38cd6f9c elementor-widget__width-initial elementor-widget elementor-widget-heading\" data-id=\"38cd6f9c\" data-element_type=\"widget\" data-settings=\"{&quot;_animation&quot;:&quot;none&quot;}\" data-widget_type=\"heading.default\">\n\t\t\t\t<div class=\"elementor-widget-container\">\n\t\t\t\t\t<h2 class=\"elementor-heading-title elementor-size-default\">Plan des cabines d'interpr\u00e9tation PCS<\/h2>\t\t\t\t<\/div>\n\t\t\t\t<\/div>\n\t\t\t\t\t<\/div>\n\t\t\t\t<\/div>\n\t\t<div data-particle_enable=\"false\" data-particle-mobile-disabled=\"false\" class=\"elementor-element elementor-element-41e858bc e-flex e-con-boxed e-con e-parent\" data-id=\"41e858bc\" data-element_type=\"container\">\n\t\t\t\t\t<div class=\"e-con-inner\">\n\t\t\t\t<div class=\"elementor-element elementor-element-28aaf4f1 elementor-widget elementor-widget-image\" data-id=\"28aaf4f1\" data-element_type=\"widget\" data-widget_type=\"image.default\">\n\t\t\t\t<div class=\"elementor-widget-container\">\n\t\t\t\t\t\t\t\t\t\t\t\t\t\t\t<img loading=\"lazy\" decoding=\"async\" width=\"800\" height=\"300\" src=\"https:\/\/konferenztechnik.de\/wp-content\/uploads\/2017\/08\/grundriss-dolmetscherkabine-audipack-1024x384.jpg\" class=\"attachment-large size-large wp-image-11001\" alt=\"\" srcset=\"https:\/\/konferenztechnik.de\/wp-content\/uploads\/2017\/08\/grundriss-dolmetscherkabine-audipack-1024x384.jpg 1024w, https:\/\/konferenztechnik.de\/wp-content\/uploads\/2017\/08\/grundriss-dolmetscherkabine-audipack-300x113.jpg 300w, https:\/\/konferenztechnik.de\/wp-content\/uploads\/2017\/08\/grundriss-dolmetscherkabine-audipack-768x288.jpg 768w, https:\/\/konferenztechnik.de\/wp-content\/uploads\/2017\/08\/grundriss-dolmetscherkabine-audipack.jpg 1200w\" sizes=\"(max-width: 800px) 100vw, 800px\" title=\"\">\t\t\t\t\t\t\t\t\t\t\t\t\t\t\t<\/div>\n\t\t\t\t<\/div>\n\t\t\t\t<div class=\"elementor-element elementor-element-14c627c7 elementor-widget elementor-widget-spacer\" data-id=\"14c627c7\" data-element_type=\"widget\" data-widget_type=\"spacer.default\">\n\t\t\t\t<div class=\"elementor-widget-container\">\n\t\t\t\t\t\t\t<div class=\"elementor-spacer\">\n\t\t\t<div class=\"elementor-spacer-inner\"><\/div>\n\t\t<\/div>\n\t\t\t\t\t\t<\/div>\n\t\t\t\t<\/div>\n\t\t\t\t<div class=\"elementor-element elementor-element-1e0bedb0 elementor-widget elementor-widget-shortcode\" data-id=\"1e0bedb0\" data-element_type=\"widget\" data-widget_type=\"shortcode.default\">\n\t\t\t\t<div class=\"elementor-widget-container\">\n\t\t\t\t\t\t\t<div class=\"elementor-shortcode\">\t\t<div data-elementor-type=\"container\" data-elementor-id=\"29969\" class=\"elementor elementor-29969\" data-elementor-post-type=\"elementor_library\">\n\t\t\t\t<div data-particle_enable=\"false\" data-particle-mobile-disabled=\"false\" class=\"elementor-element elementor-element-ea6b94b e-flex e-con-boxed e-con e-parent\" data-id=\"ea6b94b\" data-element_type=\"container\" data-settings=\"{&quot;background_background&quot;:&quot;classic&quot;,&quot;background_motion_fx_motion_fx_scrolling&quot;:&quot;yes&quot;,&quot;background_motion_fx_devices&quot;:[&quot;widescreen&quot;,&quot;desktop&quot;,&quot;laptop&quot;,&quot;tablet_extra&quot;,&quot;tablet&quot;,&quot;mobile&quot;]}\">\n\t\t\t\t\t<div class=\"e-con-inner\">\n\t\t\t\t<div class=\"elementor-element elementor-element-4b29be6a elementor-widget__width-initial elementor-widget elementor-widget-heading\" data-id=\"4b29be6a\" data-element_type=\"widget\" data-settings=\"{&quot;_animation&quot;:&quot;none&quot;}\" data-widget_type=\"heading.default\">\n\t\t\t\t<div class=\"elementor-widget-container\">\n\t\t\t\t\t<h2 class=\"elementor-heading-title elementor-size-default\">T\u00e9l\u00e9chargements : Manuels, instructions de montage, brochures d'information<\/h2>\t\t\t\t<\/div>\n\t\t\t\t<\/div>\n\t\t<div data-particle_enable=\"false\" data-particle-mobile-disabled=\"false\" class=\"elementor-element elementor-element-672f32c4 e-flex e-con-boxed e-con e-parent\" data-id=\"672f32c4\" data-element_type=\"container\" data-settings=\"{&quot;background_background&quot;:&quot;classic&quot;}\">\n\t\t\t\t\t<div class=\"e-con-inner\">\n\t\t\t\t<div class=\"elementor-element elementor-element-6df42967 elementor-icon-list--layout-traditional elementor-list-item-link-full_width elementor-widget elementor-widget-icon-list\" data-id=\"6df42967\" data-element_type=\"widget\" data-widget_type=\"icon-list.default\">\n\t\t\t\t<div class=\"elementor-widget-container\">\n\t\t\t\t\t\t\t<ul class=\"elementor-icon-list-items\">\n\t\t\t\t\t\t\t<li class=\"elementor-icon-list-item\">\n\t\t\t\t\t\t\t\t\t\t\t<a href=\"http:\/\/www.konferenztechnik.de\/wp-content\/uploads\/2017\/05\/Audipack-Silent-Serie-Interpreter-Booth-Manual.pdf\" target=\"_blank\">\n\n\t\t\t\t\t\t\t\t\t\t\t\t<span class=\"elementor-icon-list-icon\">\n\t\t\t\t\t\t\t<svg aria-hidden=\"true\" class=\"e-font-icon-svg e-far-file-pdf\" viewbox=\"0 0 384 512\" xmlns=\"http:\/\/www.w3.org\/2000\/svg\"><path d=\"M369.9 97.9L286 14C277 5 264.8-.1 252.1-.1H48C21.5 0 0 21.5 0 48v416c0 26.5 21.5 48 48 48h288c26.5 0 48-21.5 48-48V131.9c0-12.7-5.1-25-14.1-34zM332.1 128H256V51.9l76.1 76.1zM48 464V48h160v104c0 13.3 10.7 24 24 24h104v288H48zm250.2-143.7c-12.2-12-47-8.7-64.4-6.5-17.2-10.5-28.7-25-36.8-46.3 3.9-16.1 10.1-40.6 5.4-56-4.2-26.2-37.8-23.6-42.6-5.9-4.4 16.1-.4 38.5 7 67.1-10 23.9-24.9 56-35.4 74.4-20 10.3-47 26.2-51 46.2-3.3 15.8 26 55.2 76.1-31.2 22.4-7.4 46.8-16.5 68.4-20.1 18.9 10.2 41 17 55.8 17 25.5 0 28-28.2 17.5-38.7zm-198.1 77.8c5.1-13.7 24.5-29.5 30.4-35-19 30.3-30.4 35.7-30.4 35zm81.6-190.6c7.4 0 6.7 32.1 1.8 40.8-4.4-13.9-4.3-40.8-1.8-40.8zm-24.4 136.6c9.7-16.9 18-37 24.7-54.7 8.3 15.1 18.9 27.2 30.1 35.5-20.8 4.3-38.9 13.1-54.8 19.2zm131.6-5s-5 6-37.3-7.8c35.1-2.6 40.9 5.4 37.3 7.8z\"><\/path><\/svg>\t\t\t\t\t\t<\/span>\n\t\t\t\t\t\t\t\t\t\t<span class=\"elementor-icon-list-text\">Audipack Silent Series Interpreter Booth Manual<\/span>\n\t\t\t\t\t\t\t\t\t\t\t<\/a>\n\t\t\t\t\t\t\t\t\t<\/li>\n\t\t\t\t\t\t\t\t<li class=\"elementor-icon-list-item\">\n\t\t\t\t\t\t\t\t\t\t\t<a href=\"http:\/\/www.konferenztechnik.de\/wp-content\/uploads\/2017\/05\/Audipack-Silent-Serie-Dolmetschkabine-Aufbauanleitung.pdf\" target=\"_blank\">\n\n\t\t\t\t\t\t\t\t\t\t\t\t<span class=\"elementor-icon-list-icon\">\n\t\t\t\t\t\t\t<svg aria-hidden=\"true\" class=\"e-font-icon-svg e-far-file-pdf\" viewbox=\"0 0 384 512\" xmlns=\"http:\/\/www.w3.org\/2000\/svg\"><path d=\"M369.9 97.9L286 14C277 5 264.8-.1 252.1-.1H48C21.5 0 0 21.5 0 48v416c0 26.5 21.5 48 48 48h288c26.5 0 48-21.5 48-48V131.9c0-12.7-5.1-25-14.1-34zM332.1 128H256V51.9l76.1 76.1zM48 464V48h160v104c0 13.3 10.7 24 24 24h104v288H48zm250.2-143.7c-12.2-12-47-8.7-64.4-6.5-17.2-10.5-28.7-25-36.8-46.3 3.9-16.1 10.1-40.6 5.4-56-4.2-26.2-37.8-23.6-42.6-5.9-4.4 16.1-.4 38.5 7 67.1-10 23.9-24.9 56-35.4 74.4-20 10.3-47 26.2-51 46.2-3.3 15.8 26 55.2 76.1-31.2 22.4-7.4 46.8-16.5 68.4-20.1 18.9 10.2 41 17 55.8 17 25.5 0 28-28.2 17.5-38.7zm-198.1 77.8c5.1-13.7 24.5-29.5 30.4-35-19 30.3-30.4 35.7-30.4 35zm81.6-190.6c7.4 0 6.7 32.1 1.8 40.8-4.4-13.9-4.3-40.8-1.8-40.8zm-24.4 136.6c9.7-16.9 18-37 24.7-54.7 8.3 15.1 18.9 27.2 30.1 35.5-20.8 4.3-38.9 13.1-54.8 19.2zm131.6-5s-5 6-37.3-7.8c35.1-2.6 40.9 5.4 37.3 7.8z\"><\/path><\/svg>\t\t\t\t\t\t<\/span>\n\t\t\t\t\t\t\t\t\t\t<span class=\"elementor-icon-list-text\">Audipack Silent Series Cabine d'interpr\u00e9tation Instructions de montage<\/span>\n\t\t\t\t\t\t\t\t\t\t\t<\/a>\n\t\t\t\t\t\t\t\t\t<\/li>\n\t\t\t\t\t\t\t\t<li class=\"elementor-icon-list-item\">\n\t\t\t\t\t\t\t\t\t\t\t<a href=\"http:\/\/www.konferenztechnik.de\/wp-content\/uploads\/2017\/05\/Audipack-Silent-Series-ISO-Certification.pdf\" target=\"_blank\">\n\n\t\t\t\t\t\t\t\t\t\t\t\t<span class=\"elementor-icon-list-icon\">\n\t\t\t\t\t\t\t<svg aria-hidden=\"true\" class=\"e-font-icon-svg e-far-file-pdf\" viewbox=\"0 0 384 512\" xmlns=\"http:\/\/www.w3.org\/2000\/svg\"><path d=\"M369.9 97.9L286 14C277 5 264.8-.1 252.1-.1H48C21.5 0 0 21.5 0 48v416c0 26.5 21.5 48 48 48h288c26.5 0 48-21.5 48-48V131.9c0-12.7-5.1-25-14.1-34zM332.1 128H256V51.9l76.1 76.1zM48 464V48h160v104c0 13.3 10.7 24 24 24h104v288H48zm250.2-143.7c-12.2-12-47-8.7-64.4-6.5-17.2-10.5-28.7-25-36.8-46.3 3.9-16.1 10.1-40.6 5.4-56-4.2-26.2-37.8-23.6-42.6-5.9-4.4 16.1-.4 38.5 7 67.1-10 23.9-24.9 56-35.4 74.4-20 10.3-47 26.2-51 46.2-3.3 15.8 26 55.2 76.1-31.2 22.4-7.4 46.8-16.5 68.4-20.1 18.9 10.2 41 17 55.8 17 25.5 0 28-28.2 17.5-38.7zm-198.1 77.8c5.1-13.7 24.5-29.5 30.4-35-19 30.3-30.4 35.7-30.4 35zm81.6-190.6c7.4 0 6.7 32.1 1.8 40.8-4.4-13.9-4.3-40.8-1.8-40.8zm-24.4 136.6c9.7-16.9 18-37 24.7-54.7 8.3 15.1 18.9 27.2 30.1 35.5-20.8 4.3-38.9 13.1-54.8 19.2zm131.6-5s-5 6-37.3-7.8c35.1-2.6 40.9 5.4 37.3 7.8z\"><\/path><\/svg>\t\t\t\t\t\t<\/span>\n\t\t\t\t\t\t\t\t\t\t<span class=\"elementor-icon-list-text\">Audipack Silent Series Certification ISO<\/span>\n\t\t\t\t\t\t\t\t\t\t\t<\/a>\n\t\t\t\t\t\t\t\t\t<\/li>\n\t\t\t\t\t\t\t\t<li class=\"elementor-icon-list-item\">\n\t\t\t\t\t\t\t\t\t\t\t<a href=\"http:\/\/www.konferenztechnik.de\/wp-content\/uploads\/2017\/05\/Audipack-Silent-Serie-Broschuere.pdf\" target=\"_blank\">\n\n\t\t\t\t\t\t\t\t\t\t\t\t<span class=\"elementor-icon-list-icon\">\n\t\t\t\t\t\t\t<svg aria-hidden=\"true\" class=\"e-font-icon-svg e-far-file-pdf\" viewbox=\"0 0 384 512\" xmlns=\"http:\/\/www.w3.org\/2000\/svg\"><path d=\"M369.9 97.9L286 14C277 5 264.8-.1 252.1-.1H48C21.5 0 0 21.5 0 48v416c0 26.5 21.5 48 48 48h288c26.5 0 48-21.5 48-48V131.9c0-12.7-5.1-25-14.1-34zM332.1 128H256V51.9l76.1 76.1zM48 464V48h160v104c0 13.3 10.7 24 24 24h104v288H48zm250.2-143.7c-12.2-12-47-8.7-64.4-6.5-17.2-10.5-28.7-25-36.8-46.3 3.9-16.1 10.1-40.6 5.4-56-4.2-26.2-37.8-23.6-42.6-5.9-4.4 16.1-.4 38.5 7 67.1-10 23.9-24.9 56-35.4 74.4-20 10.3-47 26.2-51 46.2-3.3 15.8 26 55.2 76.1-31.2 22.4-7.4 46.8-16.5 68.4-20.1 18.9 10.2 41 17 55.8 17 25.5 0 28-28.2 17.5-38.7zm-198.1 77.8c5.1-13.7 24.5-29.5 30.4-35-19 30.3-30.4 35.7-30.4 35zm81.6-190.6c7.4 0 6.7 32.1 1.8 40.8-4.4-13.9-4.3-40.8-1.8-40.8zm-24.4 136.6c9.7-16.9 18-37 24.7-54.7 8.3 15.1 18.9 27.2 30.1 35.5-20.8 4.3-38.9 13.1-54.8 19.2zm131.6-5s-5 6-37.3-7.8c35.1-2.6 40.9 5.4 37.3 7.8z\"><\/path><\/svg>\t\t\t\t\t\t<\/span>\n\t\t\t\t\t\t\t\t\t\t<span class=\"elementor-icon-list-text\">Brochure Audipack Silent Series<\/span>\n\t\t\t\t\t\t\t\t\t\t\t<\/a>\n\t\t\t\t\t\t\t\t\t<\/li>\n\t\t\t\t\t\t<\/ul>\n\t\t\t\t\t\t<\/div>\n\t\t\t\t<\/div>\n\t\t\t\t\t<\/div>\n\t\t\t\t<\/div>\n\t\t\t\t\t<\/div>\n\t\t\t\t<\/div>\n\t\t\t\t<\/div>\n\t\t<\/div>\n\t\t\t\t\t\t<\/div>\n\t\t\t\t<\/div>\n\t\t\t\t\t<\/div>\n\t\t\t\t<\/div>\n\t\t<div data-particle_enable=\"false\" data-particle-mobile-disabled=\"false\" class=\"elementor-element elementor-element-591ef55e e-flex e-con-boxed e-con e-parent\" data-id=\"591ef55e\" data-element_type=\"container\" data-settings=\"{&quot;background_background&quot;:&quot;classic&quot;,&quot;background_motion_fx_motion_fx_scrolling&quot;:&quot;yes&quot;,&quot;background_motion_fx_devices&quot;:[&quot;widescreen&quot;,&quot;desktop&quot;,&quot;laptop&quot;,&quot;tablet_extra&quot;,&quot;tablet&quot;,&quot;mobile&quot;]}\">\n\t\t\t\t\t<div class=\"e-con-inner\">\n\t\t\t\t<div class=\"elementor-element elementor-element-27e7be0b elementor-widget elementor-widget-spacer\" data-id=\"27e7be0b\" data-element_type=\"widget\" data-widget_type=\"spacer.default\">\n\t\t\t\t<div class=\"elementor-widget-container\">\n\t\t\t\t\t\t\t<div class=\"elementor-spacer\">\n\t\t\t<div class=\"elementor-spacer-inner\"><\/div>\n\t\t<\/div>\n\t\t\t\t\t\t<\/div>\n\t\t\t\t<\/div>\n\t\t\t\t<div class=\"elementor-element elementor-element-63a0dcd1 elementor-widget__width-initial elementor-widget elementor-widget-heading\" data-id=\"63a0dcd1\" data-element_type=\"widget\" data-settings=\"{&quot;_animation&quot;:&quot;none&quot;}\" data-widget_type=\"heading.default\">\n\t\t\t\t<div class=\"elementor-widget-container\">\n\t\t\t\t\t<h2 class=\"elementor-heading-title elementor-size-default\">Concentration totale sur le travail \u2013 processus optimal\n<\/h2>\t\t\t\t<\/div>\n\t\t\t\t<\/div>\n\t\t\t\t<div class=\"elementor-element elementor-element-378d7bae elementor-widget__width-inherit elementor-widget elementor-widget-text-editor\" data-id=\"378d7bae\" data-element_type=\"widget\" data-widget_type=\"text-editor.default\">\n\t\t\t\t<div class=\"elementor-widget-container\">\n\t\t\t\t\t\t\t\t\t<p>Une bonne cabine d'interpr\u00e9tation doit offrir aux interpr\u00e8tes de conf\u00e9rence ou aux interpr\u00e8tes simultan\u00e9s un poste de travail optimal leur permettant de se concentrer pleinement sur leur activit\u00e9 exigeante. Outre une tr\u00e8s bonne insonorisation, il est n\u00e9cessaire que la technique de conf\u00e9rence correspondante fonctionne parfaitement afin de garantir des d\u00e9roulements aussi peu perturb\u00e9s que possible dans le cadre de manifestations souvent turbulentes.<\/p>\t\t\t\t\t\t\t\t<\/div>\n\t\t\t\t<\/div>\n\t\t\t\t<div class=\"elementor-element elementor-element-3a7377cb elementor-widget__width-inherit elementor-widget elementor-widget-text-editor\" data-id=\"3a7377cb\" data-element_type=\"widget\" data-widget_type=\"text-editor.default\">\n\t\t\t\t<div class=\"elementor-widget-container\">\n\t\t\t\t\t\t\t\t\t<p>Les entreprises et les organisateurs berlinois qui souhaitent louer des cabines d'interpr\u00e9tation ou des cabines de langues sont conseill\u00e9s en d\u00e9tail par PCS. Le mieux est de nous contacter imm\u00e9diatement et de nous indiquer, lors de votre demande, le nombre de langues dans lesquelles vous pr\u00e9voyez de traduire\/interpr\u00e9ter, la taille approximative des locaux et le nombre de participants que vous attendez pour votre r\u00e9union ou votre \u00e9v\u00e9nement.<\/p>\t\t\t\t\t\t\t\t<\/div>\n\t\t\t\t<\/div>\n\t\t\t\t<div class=\"elementor-element elementor-element-aba22fc elementor-widget elementor-widget-image\" data-id=\"aba22fc\" data-element_type=\"widget\" data-widget_type=\"image.default\">\n\t\t\t\t<div class=\"elementor-widget-container\">\n\t\t\t\t\t\t\t\t\t\t\t\t\t\t\t<img loading=\"lazy\" decoding=\"async\" width=\"800\" height=\"300\" src=\"https:\/\/konferenztechnik.de\/wp-content\/uploads\/2016\/10\/specherkabinen-events-1024x384.jpg\" class=\"attachment-large size-large wp-image-8490\" alt=\"\" srcset=\"https:\/\/konferenztechnik.de\/wp-content\/uploads\/2016\/10\/specherkabinen-events-1024x384.jpg 1024w, https:\/\/konferenztechnik.de\/wp-content\/uploads\/2016\/10\/specherkabinen-events-300x113.jpg 300w, https:\/\/konferenztechnik.de\/wp-content\/uploads\/2016\/10\/specherkabinen-events-768x288.jpg 768w, https:\/\/konferenztechnik.de\/wp-content\/uploads\/2016\/10\/specherkabinen-events.jpg 1200w\" sizes=\"(max-width: 800px) 100vw, 800px\" title=\"\">\t\t\t\t\t\t\t\t\t\t\t\t\t\t\t<\/div>\n\t\t\t\t<\/div>\n\t\t\t\t<div class=\"elementor-element elementor-element-1a39b5b8 elementor-widget__width-initial elementor-widget elementor-widget-heading\" data-id=\"1a39b5b8\" data-element_type=\"widget\" data-settings=\"{&quot;_animation&quot;:&quot;none&quot;}\" data-widget_type=\"heading.default\">\n\t\t\t\t<div class=\"elementor-widget-container\">\n\t\t\t\t\t<h2 class=\"elementor-heading-title elementor-size-default\">Louer des cabines d'interpr\u00e9tation \u00e0 Augsbourg<\/h2>\t\t\t\t<\/div>\n\t\t\t\t<\/div>\n\t\t\t\t<div class=\"elementor-element elementor-element-4eabf130 elementor-widget elementor-widget-eael-adv-accordion\" data-id=\"4eabf130\" data-element_type=\"widget\" data-widget_type=\"eael-adv-accordion.default\">\n\t\t\t\t<div class=\"elementor-widget-container\">\n\t\t\t\t\t            <div class=\"eael-adv-accordion\" id=\"eael-adv-accordion-4eabf130\" data-scroll-on-click=\"no\" data-scroll-speed=\"300\" data-accordion-id=\"4eabf130\" data-accordion-type=\"accordion\" data-toogle-speed=\"300\">\n            <div class=\"eael-accordion-list\">\n\t\t\t\t\t<div id=\"tagungshotels-in-augsburg\" class=\"elementor-tab-title eael-accordion-header\" tabindex=\"0\" data-tab=\"1\" aria-controls=\"elementor-tab-content-1311\"><span class=\"eael-advanced-accordion-icon-closed\"><svg aria-hidden=\"true\" class=\"fa-accordion-icon e-font-icon-svg e-fas-plus\" viewbox=\"0 0 448 512\" xmlns=\"http:\/\/www.w3.org\/2000\/svg\"><path d=\"M416 208H272V64c0-17.67-14.33-32-32-32h-32c-17.67 0-32 14.33-32 32v144H32c-17.67 0-32 14.33-32 32v32c0 17.67 14.33 32 32 32h144v144c0 17.67 14.33 32 32 32h32c17.67 0 32-14.33 32-32V304h144c17.67 0 32-14.33 32-32v-32c0-17.67-14.33-32-32-32z\"><\/path><\/svg><\/span><span class=\"eael-advanced-accordion-icon-opened\"><svg aria-hidden=\"true\" class=\"fa-accordion-icon e-font-icon-svg e-fas-minus\" viewbox=\"0 0 448 512\" xmlns=\"http:\/\/www.w3.org\/2000\/svg\"><path d=\"M416 208H32c-17.67 0-32 14.33-32 32v32c0 17.67 14.33 32 32 32h384c17.67 0 32-14.33 32-32v-32c0-17.67-14.33-32-32-32z\"><\/path><\/svg><\/span><span class=\"eael-accordion-tab-title\">H\u00f4tels de congr\u00e8s \u00e0 Augsbourg<\/span><svg aria-hidden=\"true\" class=\"fa-toggle e-font-icon-svg e-fas-angle-right\" viewbox=\"0 0 256 512\" xmlns=\"http:\/\/www.w3.org\/2000\/svg\"><path d=\"M224.3 273l-136 136c-9.4 9.4-24.6 9.4-33.9 0l-22.6-22.6c-9.4-9.4-9.4-24.6 0-33.9l96.4-96.4-96.4-96.4c-9.4-9.4-9.4-24.6 0-33.9L54.3 103c9.4-9.4 24.6-9.4 33.9 0l136 136c9.5 9.4 9.5 24.6.1 34z\"><\/path><\/svg><\/div><div id=\"elementor-tab-content-1311\" class=\"eael-accordion-content clearfix\" data-tab=\"1\" aria-labelledby=\"tagungshotels-in-augsburg\"><ul><li>H\u00f4tel Augusta<\/li><li>H\u00f4tel de congr\u00e8s Haus Sankt Ulrich<\/li><li>Dorint An der Kongresshalle Augsburg<\/li><li>InterCityHotel Augsbourg<\/li><li>H\u00f4tel Ringhotel Alpenhof<\/li><li>H\u00f4tel Drei Mohren<\/li><li>Augsbourg<\/li><\/ul><\/div>\n\t\t\t\t\t<\/div><div class=\"eael-accordion-list\">\n\t\t\t\t\t<div id=\"event-locations-in-augsburg\" class=\"elementor-tab-title eael-accordion-header\" tabindex=\"0\" data-tab=\"2\" aria-controls=\"elementor-tab-content-1312\"><span class=\"eael-advanced-accordion-icon-closed\"><svg aria-hidden=\"true\" class=\"fa-accordion-icon e-font-icon-svg e-fas-plus\" viewbox=\"0 0 448 512\" xmlns=\"http:\/\/www.w3.org\/2000\/svg\"><path d=\"M416 208H272V64c0-17.67-14.33-32-32-32h-32c-17.67 0-32 14.33-32 32v144H32c-17.67 0-32 14.33-32 32v32c0 17.67 14.33 32 32 32h144v144c0 17.67 14.33 32 32 32h32c17.67 0 32-14.33 32-32V304h144c17.67 0 32-14.33 32-32v-32c0-17.67-14.33-32-32-32z\"><\/path><\/svg><\/span><span class=\"eael-advanced-accordion-icon-opened\"><svg aria-hidden=\"true\" class=\"fa-accordion-icon e-font-icon-svg e-fas-minus\" viewbox=\"0 0 448 512\" xmlns=\"http:\/\/www.w3.org\/2000\/svg\"><path d=\"M416 208H32c-17.67 0-32 14.33-32 32v32c0 17.67 14.33 32 32 32h384c17.67 0 32-14.33 32-32v-32c0-17.67-14.33-32-32-32z\"><\/path><\/svg><\/span><span class=\"eael-accordion-tab-title\">Lieux d'\u00e9v\u00e9nements \u00e0 Augsbourg<\/span><svg aria-hidden=\"true\" class=\"fa-toggle e-font-icon-svg e-fas-angle-right\" viewbox=\"0 0 256 512\" xmlns=\"http:\/\/www.w3.org\/2000\/svg\"><path d=\"M224.3 273l-136 136c-9.4 9.4-24.6 9.4-33.9 0l-22.6-22.6c-9.4-9.4-9.4-24.6 0-33.9l96.4-96.4-96.4-96.4c-9.4-9.4-9.4-24.6 0-33.9L54.3 103c9.4-9.4 24.6-9.4 33.9 0l136 136c9.5 9.4 9.5 24.6.1 34z\"><\/path><\/svg><\/div><div id=\"elementor-tab-content-1312\" class=\"eael-accordion-content clearfix\" data-tab=\"2\" aria-labelledby=\"event-locations-in-augsburg\"><ul><li>Salle de congr\u00e8s d'Augsbourg<\/li><li>Ch\u00e2teau d'Oberndorf<\/li><li>Centre de conf\u00e9rence Golden<\/li><li>Ambre, Annahof<\/li><li>Salle Augustana<\/li><li>\u00c9glise des Cordeliers<\/li><li>Jardin botanique Orangerie (b\u00e2timent de la poste de Grottenau)<\/li><\/ul><\/div>\n\t\t\t\t\t<\/div><\/div>\t\t\t\t<\/div>\n\t\t\t\t<\/div>\n\t\t\t\t\t<\/div>\n\t\t\t\t<\/div>\n\t\t<div data-particle_enable=\"false\" data-particle-mobile-disabled=\"false\" class=\"elementor-element elementor-element-667e3b3b e-flex e-con-boxed e-con e-parent\" data-id=\"667e3b3b\" data-element_type=\"container\">\n\t\t\t\t\t<div class=\"e-con-inner\">\n\t\t\t\t<div class=\"elementor-element elementor-element-178fb873 elementor-widget elementor-widget-shortcode\" data-id=\"178fb873\" data-element_type=\"widget\" data-widget_type=\"shortcode.default\">\n\t\t\t\t<div class=\"elementor-widget-container\">\n\t\t\t\t\t\t\t<div class=\"elementor-shortcode\"><\/div>\n\t\t\t\t\t\t<\/div>\n\t\t\t\t<\/div>\n\t\t\t\t\t<\/div>\n\t\t\t\t<\/div>\n\t\t\t\t<\/div>","protected":false},"excerpt":{"rendered":"<p>Dolmetscherkabinen mieten Augsburg: Verleih von \u00dcbersetzerkabinen in Schwaben Mit seinen knapp 290.000 Einwohnern ist Augsburg die drittgr\u00f6\u00dfte Stadt in Bayern und Zentrum des Regierungsbezirks Schwaben. Als Universit\u00e4tsstandort und Zentrum eines Ballungsraums mit der drittgr\u00f6\u00dften Wirtschaftskraft in Bayern ist Augsburg beliebter Austragungsort von mehrsprachigen Kongressen, Konferenzen, Aktion\u00e4rsversammlungen, Vorstandssitzungen oder auch EU-Betriebsratssitzungen. Zentren des internationalen Tagungsgeschehens in [&hellip;]<\/p>","protected":false},"author":1,"featured_media":45482,"parent":0,"menu_order":0,"comment_status":"closed","ping_status":"closed","template":"","meta":{"_acf_changed":false,"footnotes":""},"class_list":["post-10733","page","type-page","status-publish","has-post-thumbnail","hentry"],"acf":[],"_links":{"self":[{"href":"https:\/\/konferenztechnik.de\/fr\/wp-json\/wp\/v2\/pages\/10733","targetHints":{"allow":["GET"]}}],"collection":[{"href":"https:\/\/konferenztechnik.de\/fr\/wp-json\/wp\/v2\/pages"}],"about":[{"href":"https:\/\/konferenztechnik.de\/fr\/wp-json\/wp\/v2\/types\/page"}],"author":[{"embeddable":true,"href":"https:\/\/konferenztechnik.de\/fr\/wp-json\/wp\/v2\/users\/1"}],"replies":[{"embeddable":true,"href":"https:\/\/konferenztechnik.de\/fr\/wp-json\/wp\/v2\/comments?post=10733"}],"version-history":[{"count":0,"href":"https:\/\/konferenztechnik.de\/fr\/wp-json\/wp\/v2\/pages\/10733\/revisions"}],"wp:featuredmedia":[{"embeddable":true,"href":"https:\/\/konferenztechnik.de\/fr\/wp-json\/wp\/v2\/media\/45482"}],"wp:attachment":[{"href":"https:\/\/konferenztechnik.de\/fr\/wp-json\/wp\/v2\/media?parent=10733"}],"curies":[{"name":"wp","href":"https:\/\/api.w.org\/{rel}","templated":true}]}}