{"id":11573,"date":"2017-09-23T16:18:33","date_gmt":"2017-09-23T14:18:33","guid":{"rendered":"https:\/\/www.konferenztechnik.de\/?page_id=11573"},"modified":"2023-07-28T11:38:07","modified_gmt":"2023-07-28T09:38:07","slug":"location-de-materiel-de-conference-wuerzburg","status":"publish","type":"page","link":"https:\/\/konferenztechnik.de\/fr\/location-de-materiel-de-conference-wuerzburg\/","title":{"rendered":"Location de mat\u00e9riel de conf\u00e9rence W\u00fcrzburg"},"content":{"rendered":"<div data-elementor-type=\"wp-page\" data-elementor-id=\"11573\" class=\"elementor elementor-11573\" data-elementor-post-type=\"page\">\n\t\t\t\t<div data-particle_enable=\"false\" data-particle-mobile-disabled=\"false\" class=\"elementor-element elementor-element-462ebe15 e-flex e-con-boxed e-con e-parent\" data-id=\"462ebe15\" data-element_type=\"container\">\n\t\t\t\t\t<div class=\"e-con-inner\">\n\t\t\t\t<div class=\"elementor-element elementor-element-749169e7 elementor-widget elementor-widget-heading\" data-id=\"749169e7\" data-element_type=\"widget\" data-settings=\"{&quot;_animation&quot;:&quot;none&quot;}\" data-widget_type=\"heading.default\">\n\t\t\t\t<div class=\"elementor-widget-container\">\n\t\t\t\t\t<h1 class=\"elementor-heading-title elementor-size-default\">Location de mat\u00e9riel de conf\u00e9rence W\u00fcrzburg, location de mat\u00e9riel audio, vid\u00e9o et simultan\u00e9 en Mainfranken<\/h1>\t\t\t\t<\/div>\n\t\t\t\t<\/div>\n\t\t\t\t<div class=\"elementor-element elementor-element-76bdcc4b elementor-widget-widescreen__width-inherit elementor-widget elementor-widget-image\" data-id=\"76bdcc4b\" data-element_type=\"widget\" data-widget_type=\"image.default\">\n\t\t\t\t<div class=\"elementor-widget-container\">\n\t\t\t\t\t\t\t\t\t\t\t\t\t\t\t<img fetchpriority=\"high\" decoding=\"async\" width=\"850\" height=\"340\" src=\"https:\/\/konferenztechnik.de\/wp-content\/uploads\/2017\/06\/veranstaltungstechnik-wuerzburg.jpg\" class=\"attachment-full size-full wp-image-10407\" alt=\"\" srcset=\"https:\/\/konferenztechnik.de\/wp-content\/uploads\/2017\/06\/veranstaltungstechnik-wuerzburg.jpg 850w, https:\/\/konferenztechnik.de\/wp-content\/uploads\/2017\/06\/veranstaltungstechnik-wuerzburg-300x120.jpg 300w, https:\/\/konferenztechnik.de\/wp-content\/uploads\/2017\/06\/veranstaltungstechnik-wuerzburg-768x307.jpg 768w\" sizes=\"(max-width: 850px) 100vw, 850px\" title=\"\">\t\t\t\t\t\t\t\t\t\t\t\t\t\t\t<\/div>\n\t\t\t\t<\/div>\n\t\t<div data-particle_enable=\"false\" data-particle-mobile-disabled=\"false\" class=\"elementor-element elementor-element-60e4b837 e-flex e-con-boxed e-con e-parent\" data-id=\"60e4b837\" data-element_type=\"container\">\n\t\t\t\t\t<div class=\"e-con-inner\">\n\t\t\t\t<div class=\"elementor-element elementor-element-1d78a5a8 elementor-align-left elementor-widget elementor-widget-button\" data-id=\"1d78a5a8\" data-element_type=\"widget\" data-widget_type=\"button.default\">\n\t\t\t\t<div class=\"elementor-widget-container\">\n\t\t\t\t\t\t\t\t\t<div class=\"elementor-button-wrapper\">\n\t\t\t\t\t<a class=\"elementor-button elementor-button-link elementor-size-lg\" href=\"#serviceteam\">\n\t\t\t\t\t\t<span class=\"elementor-button-content-wrapper\">\n\t\t\t\t\t\t<span class=\"elementor-button-icon\">\n\t\t\t\t<svg aria-hidden=\"true\" class=\"e-font-icon-svg e-far-arrow-alt-circle-down\" viewbox=\"0 0 512 512\" xmlns=\"http:\/\/www.w3.org\/2000\/svg\"><path d=\"M256 8C119 8 8 119 8 256s111 248 248 248 248-111 248-248S393 8 256 8zm0 448c-110.5 0-200-89.5-200-200S145.5 56 256 56s200 89.5 200 200-89.5 200-200 200zm-32-316v116h-67c-10.7 0-16 12.9-8.5 20.5l99 99c4.7 4.7 12.3 4.7 17 0l99-99c7.6-7.6 2.2-20.5-8.5-20.5h-67V140c0-6.6-5.4-12-12-12h-40c-6.6 0-12 5.4-12 12z\"><\/path><\/svg>\t\t\t<\/span>\n\t\t\t\t\t\t\t\t\t<span class=\"elementor-button-text\">Demander maintenant<\/span>\n\t\t\t\t\t<\/span>\n\t\t\t\t\t<\/a>\n\t\t\t\t<\/div>\n\t\t\t\t\t\t\t\t<\/div>\n\t\t\t\t<\/div>\n\t\t\t\t\t<\/div>\n\t\t\t\t<\/div>\n\t\t<div data-particle_enable=\"false\" data-particle-mobile-disabled=\"false\" class=\"elementor-element elementor-element-10ea34b e-flex e-con-boxed e-con e-parent\" data-id=\"10ea34b\" data-element_type=\"container\">\n\t\t\t\t\t<div class=\"e-con-inner\">\n\t\t\t\t<div class=\"elementor-element elementor-element-5c443455 elementor-widget__width-inherit smart-post-list-4-col elementor-hidden-mobile elementor-widget elementor-widget-eael-post-list\" data-id=\"5c443455\" data-element_type=\"widget\" data-settings=\"{&quot;_animation&quot;:&quot;none&quot;}\" data-widget_type=\"eael-post-list.default\">\n\t\t\t\t<div class=\"elementor-widget-container\">\n\t\t\t\t\t<div class=\"eael-post-list-container advanced layout-advanced\"><div class=\"eael-post-list-wrap\"><div class=\"eael-post-list-posts-wrap eael-post-appender eael-post-appender-5c443455\"><div class=\"eael-post-list-post\"><div class=\"eael-post-list-post-inner\"><div class=\"eael-post-list-thumbnail\"><a href=\"https:\/\/konferenztechnik.de\/fr\/louer-acheter-installer-des-systemes-de-transport-de-personnes\/\">\n                <img decoding=\"async\" src=\"https:\/\/konferenztechnik.de\/wp-content\/uploads\/2023\/07\/personenfuehrungsanlage-mieten-kaufen-jpg.webp\" alt=\"L&#039;homme parle dans le microphone, le spectateur \u00e9coute avec le syst\u00e8me de guide touristique lors d&#039;une visite. Louer, acheter, prendre en leasing des syst\u00e8mes de guidage de personnes chez PCS.\" title=\"\">\n            <\/a><\/div><div class=\"eael-post-list-content\"><h3 class=\"eael-post-list-title\"><a href=\"https:\/\/konferenztechnik.de\/fr\/louer-acheter-installer-des-systemes-de-transport-de-personnes\/\" >Installations de guidage de personnes<\/a><\/h3><p>Syst\u00e8mes de tourguide, syst\u00e8mes de guidage, syst\u00e8mes de chuchotage ou PFA, casques, microphones, unit\u00e9s de chargement, mallettes de transport, accessoires<\/p><a href=\"https:\/\/konferenztechnik.de\/fr\/louer-acheter-installer-des-systemes-de-transport-de-personnes\/\" class=\"eael-post-elements-readmore-btn\" >\u203a plus<\/a><div class=\"boxed-meta\"><\/div><\/div><\/div><\/div><div class=\"eael-post-list-post\"><div class=\"eael-post-list-post-inner\"><div class=\"eael-post-list-thumbnail\"><a href=\"https:\/\/konferenztechnik.de\/fr\/recepteur-de-conference-recepteur-decouteurs\/\">\n                <img decoding=\"async\" src=\"https:\/\/konferenztechnik.de\/wp-content\/uploads\/2023\/06\/kopfhoerer-empfaenger-jpg.webp\" alt=\"deux r\u00e9cepteurs de conf\u00e9rence plac\u00e9s sur une table de conf\u00e9rence, avec des \u00e9couteurs pour l&#039;\u00e9coute des langues interpr\u00e9t\u00e9es\" title=\"\">\n            <\/a><\/div><div class=\"eael-post-list-content\"><h3 class=\"eael-post-list-title\"><a href=\"https:\/\/konferenztechnik.de\/fr\/recepteur-de-conference-recepteur-decouteurs\/\" >R\u00e9cepteur de conf\u00e9rence, r\u00e9cepteur de casque<\/a><\/h3><p>Louer des r\u00e9cepteurs de conf\u00e9rence : R\u00e9cepteurs et casques pour conf\u00e9rences avec interpr\u00e9tation simultan\u00e9e<\/p><a href=\"https:\/\/konferenztechnik.de\/fr\/recepteur-de-conference-recepteur-decouteurs\/\" class=\"eael-post-elements-readmore-btn\" >\u203a plus<\/a><div class=\"boxed-meta\"><\/div><\/div><\/div><\/div><div class=\"eael-post-list-post\"><div class=\"eael-post-list-post-inner\"><div class=\"eael-post-list-thumbnail\"><a href=\"https:\/\/konferenztechnik.de\/fr\/systemes-de-discussion-postes-dinterphonie-louer-acheter-installer-leasing\/\">\n                <img decoding=\"async\" src=\"https:\/\/konferenztechnik.de\/wp-content\/uploads\/2023\/06\/diskussionsanlage-sprechstellen-tischmikrofone.jpg\" alt=\"Postes de table r\u00e9partis sur une table de conf\u00e9rence, avec microphones \u00e0 col de cygne\" title=\"\">\n            <\/a><\/div><div class=\"eael-post-list-content\"><h3 class=\"eael-post-list-title\"><a href=\"https:\/\/konferenztechnik.de\/fr\/systemes-de-discussion-postes-dinterphonie-louer-acheter-installer-leasing\/\" >Syst\u00e8mes de discussion, Postes d'interphonie \u2013 louer, acheter, installer, leasing<\/a><\/h3><p>Syst\u00e8mes de discussion, Postes d'interphonie \u2013 louer, acheter, installer, leasing<\/p><a href=\"https:\/\/konferenztechnik.de\/fr\/systemes-de-discussion-postes-dinterphonie-louer-acheter-installer-leasing\/\" class=\"eael-post-elements-readmore-btn\" >\u203a plus<\/a><div class=\"boxed-meta\"><\/div><\/div><\/div><\/div><div class=\"eael-post-list-post\"><div class=\"eael-post-list-post-inner\"><div class=\"eael-post-list-thumbnail\"><a href=\"https:\/\/konferenztechnik.de\/fr\/cabines-dinterpretation-et-cabines-dorateur\/\">\n                <img decoding=\"async\" src=\"https:\/\/konferenztechnik.de\/wp-content\/uploads\/2022\/06\/dolmetscherkabine-sprecherkabine-mieten-kaufen-leasen-jpg.webp\" alt=\"Cabine d&#039;interpr\u00e9tation pour 2 interpr\u00e8tes simultan\u00e9s*.\" title=\"\">\n            <\/a><\/div><div class=\"eael-post-list-content\"><h3 class=\"eael-post-list-title\"><a href=\"https:\/\/konferenztechnik.de\/fr\/cabines-dinterpretation-et-cabines-dorateur\/\" >Cabines d'interpr\u00e9tation et cabines de conf\u00e9renciers<\/a><\/h3><p>La cabine d'interpr\u00e9tation est le lieu de travail des interpr\u00e8tes simultan\u00e9s*.<\/p><a href=\"https:\/\/konferenztechnik.de\/fr\/cabines-dinterpretation-et-cabines-dorateur\/\" class=\"eael-post-elements-readmore-btn\" >\u203a plus<\/a><div class=\"boxed-meta\"><\/div><\/div><\/div><\/div><div class=\"eael-post-list-post\"><div class=\"eael-post-list-post-inner\"><div class=\"eael-post-list-thumbnail\"><a href=\"https:\/\/konferenztechnik.de\/fr\/pupitres-dinterpretation\/\">\n                <img decoding=\"async\" src=\"https:\/\/konferenztechnik.de\/wp-content\/uploads\/2022\/06\/dolmetscherpulte-mieten-kaufen-leasen-jpg.webp\" alt=\"Pupitre d&#039;interpr\u00e9tation Televic\" title=\"\">\n            <\/a><\/div><div class=\"eael-post-list-content\"><h3 class=\"eael-post-list-title\"><a href=\"https:\/\/konferenztechnik.de\/fr\/pupitres-dinterpretation\/\" >Pupitres d'interpr\u00e9tation<\/a><\/h3><p>L'\u00e9quipement de base d'une cabine d'interpr\u00e9tation comprend un pupitre d'interpr\u00e9tation.<\/p><a href=\"https:\/\/konferenztechnik.de\/fr\/pupitres-dinterpretation\/\" class=\"eael-post-elements-readmore-btn\" >\u203a plus<\/a><div class=\"boxed-meta\"><\/div><\/div><\/div><\/div><\/div><\/div>\n\t\t<\/div>\t\t\t\t<\/div>\n\t\t\t\t<\/div>\n\t\t\t\t\t<\/div>\n\t\t\t\t<\/div>\n\t\t\t\t\t<\/div>\n\t\t\t\t<\/div>\n\t\t<div data-particle_enable=\"false\" data-particle-mobile-disabled=\"false\" class=\"elementor-element elementor-element-4ae74d e-flex e-con-boxed e-con e-parent\" data-id=\"4ae74d\" data-element_type=\"container\">\n\t\t\t\t\t<div class=\"e-con-inner\">\n\t\t\t\t<div class=\"elementor-element elementor-element-5ea71e82 elementor-widget__width-initial elementor-widget elementor-widget-text-editor\" data-id=\"5ea71e82\" data-element_type=\"widget\" data-widget_type=\"text-editor.default\">\n\t\t\t\t<div class=\"elementor-widget-container\">\n\t\t\t\t\t\t\t\t\t<div class=\"call-action-slider-img\"><img decoding=\"async\" class=\"alignleft size-full wp-image-9527\" src=\"http:\/\/old.konferenztechnik.de\/wp-content\/uploads\/2017\/06\/veranstaltungstechnik-wuerzburg.jpg\" alt=\"Location de mat\u00e9riel de conf\u00e9rence W\u00fcrzburg\" title=\"\"><\/div><p>La location d'\u00e9quipements de conf\u00e9rence pr\u00e9sente de r\u00e9els avantages tant pour les organisateurs professionnels de congr\u00e8s, les interpr\u00e8tes-conseils et les organisateurs d'\u00e9v\u00e9nements que pour les entreprises qui n'organisent que des manifestations au cas par cas. PCS fournit \u00e0 W\u00fcrzburg et \u00e0 la r\u00e9gion de Basse-Franconie \/ Franconie-Main des installations de location de nombreux fabricants de marque, comme Audipack, Yamaha, NEC, Bosch, Sennheiser ou Panasonic Business. PCS loue notamment dans la r\u00e9gion de W\u00fcrzburg : <\/p>\t\t\t\t\t\t\t\t<\/div>\n\t\t\t\t<\/div>\n\t\t\t\t<div class=\"elementor-element elementor-element-6b007433 elementor-icon-list--layout-traditional elementor-list-item-link-full_width elementor-widget elementor-widget-icon-list\" data-id=\"6b007433\" data-element_type=\"widget\" data-widget_type=\"icon-list.default\">\n\t\t\t\t<div class=\"elementor-widget-container\">\n\t\t\t\t\t\t\t<ul class=\"elementor-icon-list-items\">\n\t\t\t\t\t\t\t<li class=\"elementor-icon-list-item\">\n\t\t\t\t\t\t\t\t\t\t\t<span class=\"elementor-icon-list-icon\">\n\t\t\t\t\t\t\t<svg aria-hidden=\"true\" class=\"e-font-icon-svg e-fas-check\" viewbox=\"0 0 512 512\" xmlns=\"http:\/\/www.w3.org\/2000\/svg\"><path d=\"M173.898 439.404l-166.4-166.4c-9.997-9.997-9.997-26.206 0-36.204l36.203-36.204c9.997-9.998 26.207-9.998 36.204 0L192 312.69 432.095 72.596c9.997-9.997 26.207-9.997 36.204 0l36.203 36.204c9.997 9.997 9.997 26.206 0 36.204l-294.4 294.401c-9.998 9.997-26.207 9.997-36.204-.001z\"><\/path><\/svg>\t\t\t\t\t\t<\/span>\n\t\t\t\t\t\t\t\t\t\t<span class=\"elementor-icon-list-text\">Installations de conf\u00e9rence \/ technique audio, c'est-\u00e0-dire technique de microphone de haute qualit\u00e9, pupitres de table, technique d'enregistrement, installations de vote TED <\/span>\n\t\t\t\t\t\t\t\t\t<\/li>\n\t\t\t\t\t\t\t\t<li class=\"elementor-icon-list-item\">\n\t\t\t\t\t\t\t\t\t\t\t<span class=\"elementor-icon-list-icon\">\n\t\t\t\t\t\t\t<svg aria-hidden=\"true\" class=\"e-font-icon-svg e-fas-check\" viewbox=\"0 0 512 512\" xmlns=\"http:\/\/www.w3.org\/2000\/svg\"><path d=\"M173.898 439.404l-166.4-166.4c-9.997-9.997-9.997-26.206 0-36.204l36.203-36.204c9.997-9.998 26.207-9.998 36.204 0L192 312.69 432.095 72.596c9.997-9.997 26.207-9.997 36.204 0l36.203 36.204c9.997 9.997 9.997 26.206 0 36.204l-294.4 294.401c-9.998 9.997-26.207 9.997-36.204-.001z\"><\/path><\/svg>\t\t\t\t\t\t<\/span>\n\t\t\t\t\t\t\t\t\t\t<span class=\"elementor-icon-list-text\">Installations d'interpr\u00e9tation, cabines d'interpr\u00e9tation et technique de traduction simultan\u00e9e professionnelle<\/span>\n\t\t\t\t\t\t\t\t\t<\/li>\n\t\t\t\t\t\t\t\t<li class=\"elementor-icon-list-item\">\n\t\t\t\t\t\t\t\t\t\t\t<span class=\"elementor-icon-list-icon\">\n\t\t\t\t\t\t\t<svg aria-hidden=\"true\" class=\"e-font-icon-svg e-fas-check\" viewbox=\"0 0 512 512\" xmlns=\"http:\/\/www.w3.org\/2000\/svg\"><path d=\"M173.898 439.404l-166.4-166.4c-9.997-9.997-9.997-26.206 0-36.204l36.203-36.204c9.997-9.998 26.207-9.998 36.204 0L192 312.69 432.095 72.596c9.997-9.997 26.207-9.997 36.204 0l36.203 36.204c9.997 9.997 9.997 26.206 0 36.204l-294.4 294.401c-9.998 9.997-26.207 9.997-36.204-.001z\"><\/path><\/svg>\t\t\t\t\t\t<\/span>\n\t\t\t\t\t\t\t\t\t\t<span class=\"elementor-icon-list-text\">les \u00e9quipements de sonorisation tels que les haut-parleurs, les amplificateurs et les enceintes de monitoring<\/span>\n\t\t\t\t\t\t\t\t\t<\/li>\n\t\t\t\t\t\t\t\t<li class=\"elementor-icon-list-item\">\n\t\t\t\t\t\t\t\t\t\t\t<span class=\"elementor-icon-list-icon\">\n\t\t\t\t\t\t\t<svg aria-hidden=\"true\" class=\"e-font-icon-svg e-fas-check\" viewbox=\"0 0 512 512\" xmlns=\"http:\/\/www.w3.org\/2000\/svg\"><path d=\"M173.898 439.404l-166.4-166.4c-9.997-9.997-9.997-26.206 0-36.204l36.203-36.204c9.997-9.998 26.207-9.998 36.204 0L192 312.69 432.095 72.596c9.997-9.997 26.207-9.997 36.204 0l36.203 36.204c9.997 9.997 9.997 26.206 0 36.204l-294.4 294.401c-9.998 9.997-26.207 9.997-36.204-.001z\"><\/path><\/svg>\t\t\t\t\t\t<\/span>\n\t\t\t\t\t\t\t\t\t\t<span class=\"elementor-icon-list-text\">Technique vid\u00e9o comme les \u00e9crans, les \u00e9crans de visualisation, les projecteurs et les \u00e9crans de projection<\/span>\n\t\t\t\t\t\t\t\t\t<\/li>\n\t\t\t\t\t\t\t\t<li class=\"elementor-icon-list-item\">\n\t\t\t\t\t\t\t\t\t\t\t<span class=\"elementor-icon-list-icon\">\n\t\t\t\t\t\t\t<svg aria-hidden=\"true\" class=\"e-font-icon-svg e-fas-check\" viewbox=\"0 0 512 512\" xmlns=\"http:\/\/www.w3.org\/2000\/svg\"><path d=\"M173.898 439.404l-166.4-166.4c-9.997-9.997-9.997-26.206 0-36.204l36.203-36.204c9.997-9.998 26.207-9.998 36.204 0L192 312.69 432.095 72.596c9.997-9.997 26.207-9.997 36.204 0l36.203 36.204c9.997 9.997 9.997 26.206 0 36.204l-294.4 294.401c-9.998 9.997-26.207 9.997-36.204-.001z\"><\/path><\/svg>\t\t\t\t\t\t<\/span>\n\t\t\t\t\t\t\t\t\t\t<span class=\"elementor-icon-list-text\">Syst\u00e8mes de guidage de personnes (\u00e9galement appel\u00e9s PFA \/ Pefa, syst\u00e8mes de tourguide et syst\u00e8mes de chuchotage \/ valises de chuchotage)<\/span>\n\t\t\t\t\t\t\t\t\t<\/li>\n\t\t\t\t\t\t<\/ul>\n\t\t\t\t\t\t<\/div>\n\t\t\t\t<\/div>\n\t\t\t\t<div class=\"elementor-element elementor-element-2cf1751b elementor-widget__width-initial elementor-widget elementor-widget-heading\" data-id=\"2cf1751b\" data-element_type=\"widget\" data-settings=\"{&quot;_animation&quot;:&quot;none&quot;}\" data-widget_type=\"heading.default\">\n\t\t\t\t<div class=\"elementor-widget-container\">\n\t\t\t\t\t<h2 class=\"elementor-heading-title elementor-size-default\">Tendance aux solutions sans fil pour les postes d'interphonie<\/h2>\t\t\t\t<\/div>\n\t\t\t\t<\/div>\n\t\t\t\t<div class=\"elementor-element elementor-element-dcd20b2 elementor-widget elementor-widget-image\" data-id=\"dcd20b2\" data-element_type=\"widget\" data-widget_type=\"image.default\">\n\t\t\t\t<div class=\"elementor-widget-container\">\n\t\t\t\t\t\t\t\t\t\t\t\t\t\t\t<img decoding=\"async\" width=\"1200\" height=\"450\" src=\"https:\/\/konferenztechnik.de\/wp-content\/uploads\/2016\/10\/events-fullservice.jpg\" class=\"attachment-full size-full wp-image-8489\" alt=\"events-fullservice\" srcset=\"https:\/\/konferenztechnik.de\/wp-content\/uploads\/2016\/10\/events-fullservice.jpg 1200w, https:\/\/konferenztechnik.de\/wp-content\/uploads\/2016\/10\/events-fullservice-300x113.jpg 300w, https:\/\/konferenztechnik.de\/wp-content\/uploads\/2016\/10\/events-fullservice-1024x384.jpg 1024w, https:\/\/konferenztechnik.de\/wp-content\/uploads\/2016\/10\/events-fullservice-768x288.jpg 768w\" sizes=\"(max-width: 1200px) 100vw, 1200px\" title=\"\">\t\t\t\t\t\t\t\t\t\t\t\t\t\t\t<\/div>\n\t\t\t\t<\/div>\n\t\t\t\t<div class=\"elementor-element elementor-element-8780389 elementor-widget__width-inherit elementor-widget elementor-widget-text-editor\" data-id=\"8780389\" data-element_type=\"widget\" data-widget_type=\"text-editor.default\">\n\t\t\t\t<div class=\"elementor-widget-container\">\n\t\t\t\t\t\t\t\t\t<p>D'une mani\u00e8re g\u00e9n\u00e9rale, la demande de syst\u00e8mes sans fil pouvant \u00eatre install\u00e9s rapidement et positionn\u00e9s facilement est de plus en plus forte dans la r\u00e9gion de W\u00fcrzburg. Cette tendance est particuli\u00e8rement marqu\u00e9e pour les postes de table, \u00e9galement appel\u00e9s syst\u00e8mes de discussion, cha\u00eenes de microphones, postes de d\u00e9l\u00e9gu\u00e9s. PCS propose notamment \u00e0 la location le syst\u00e8me de conf\u00e9rence sans fil Bosch Dicentis \u00e0 W\u00fcrzburg et en Franconie.<\/p><p>\u00a0<\/p><p>Alors que les locataires de mat\u00e9riel vid\u00e9o, audio et simultan\u00e9 disposent toujours d'installations entretenues de mani\u00e8re professionnelle et dont le fonctionnement a \u00e9t\u00e9 test\u00e9, la location de mat\u00e9riel de conf\u00e9rence s'accompagne \u00e9galement d'une offre compl\u00e8te de services et de conseils. Ainsi, PCS livre des installations et des syst\u00e8mes de toutes tailles directement sur les lieux de manifestations et d'\u00e9v\u00e9nements dans toute la Franconie du Main, comme par exemple au Congress Centrum W\u00fcrzburg, au Vogel Convention Center ou au centre de congr\u00e8s Festung Marienberg. Les syst\u00e8mes y sont mont\u00e9s et install\u00e9s \u2013 et, si n\u00e9cessaire, les techniciens \u00e9v\u00e9nementiels form\u00e9s de PCS se chargent \u00e9galement de l'encadrement technique de l'ensemble de la manifestation.<\/p>\t\t\t\t\t\t\t\t<\/div>\n\t\t\t\t<\/div>\n\t\t\t\t<div class=\"elementor-element elementor-element-19141140 elementor-widget elementor-widget-image\" data-id=\"19141140\" data-element_type=\"widget\" data-widget_type=\"image.default\">\n\t\t\t\t<div class=\"elementor-widget-container\">\n\t\t\t\t\t\t\t\t\t\t\t\t\t\t\t<img decoding=\"async\" width=\"1200\" height=\"450\" src=\"https:\/\/konferenztechnik.de\/wp-content\/uploads\/2016\/10\/events-berlin.jpg\" class=\"attachment-full size-full wp-image-8486\" alt=\"\" srcset=\"https:\/\/konferenztechnik.de\/wp-content\/uploads\/2016\/10\/events-berlin.jpg 1200w, https:\/\/konferenztechnik.de\/wp-content\/uploads\/2016\/10\/events-berlin-300x113.jpg 300w, https:\/\/konferenztechnik.de\/wp-content\/uploads\/2016\/10\/events-berlin-1024x384.jpg 1024w, https:\/\/konferenztechnik.de\/wp-content\/uploads\/2016\/10\/events-berlin-768x288.jpg 768w\" sizes=\"(max-width: 1200px) 100vw, 1200px\" title=\"\">\t\t\t\t\t\t\t\t\t\t\t\t\t\t\t<\/div>\n\t\t\t\t<\/div>\n\t\t<div data-particle_enable=\"false\" data-particle-mobile-disabled=\"false\" class=\"elementor-element elementor-element-3a7d8995 e-flex e-con-boxed e-con e-parent\" data-id=\"3a7d8995\" data-element_type=\"container\">\n\t\t\t\t\t<div class=\"e-con-inner\">\n\t\t\t\t<div class=\"elementor-element elementor-element-65fbf7d7 elementor-align-left elementor-widget elementor-widget-button\" data-id=\"65fbf7d7\" data-element_type=\"widget\" data-widget_type=\"button.default\">\n\t\t\t\t<div class=\"elementor-widget-container\">\n\t\t\t\t\t\t\t\t\t<div class=\"elementor-button-wrapper\">\n\t\t\t\t\t<a class=\"elementor-button elementor-button-link elementor-size-lg\" href=\"#serviceteam\">\n\t\t\t\t\t\t<span class=\"elementor-button-content-wrapper\">\n\t\t\t\t\t\t<span class=\"elementor-button-icon\">\n\t\t\t\t<svg aria-hidden=\"true\" class=\"e-font-icon-svg e-far-arrow-alt-circle-down\" viewbox=\"0 0 512 512\" xmlns=\"http:\/\/www.w3.org\/2000\/svg\"><path d=\"M256 8C119 8 8 119 8 256s111 248 248 248 248-111 248-248S393 8 256 8zm0 448c-110.5 0-200-89.5-200-200S145.5 56 256 56s200 89.5 200 200-89.5 200-200 200zm-32-316v116h-67c-10.7 0-16 12.9-8.5 20.5l99 99c4.7 4.7 12.3 4.7 17 0l99-99c7.6-7.6 2.2-20.5-8.5-20.5h-67V140c0-6.6-5.4-12-12-12h-40c-6.6 0-12 5.4-12 12z\"><\/path><\/svg>\t\t\t<\/span>\n\t\t\t\t\t\t\t\t\t<span class=\"elementor-button-text\">Demander maintenant<\/span>\n\t\t\t\t\t<\/span>\n\t\t\t\t\t<\/a>\n\t\t\t\t<\/div>\n\t\t\t\t\t\t\t\t<\/div>\n\t\t\t\t<\/div>\n\t\t\t\t\t<\/div>\n\t\t\t\t<\/div>\n\t\t\t\t<div class=\"elementor-element elementor-element-71acfe09 elementor-widget__width-initial elementor-widget elementor-widget-heading\" data-id=\"71acfe09\" data-element_type=\"widget\" data-settings=\"{&quot;_animation&quot;:&quot;none&quot;}\" data-widget_type=\"heading.default\">\n\t\t\t\t<div class=\"elementor-widget-container\">\n\t\t\t\t\t<h2 class=\"elementor-heading-title elementor-size-default\">20 ans d'exp\u00e9rience dans le secteur des technologies de conf\u00e9rence et des m\u00e9dias audiovisuels<\/h2>\t\t\t\t<\/div>\n\t\t\t\t<\/div>\n\t\t\t\t<div class=\"elementor-element elementor-element-5bfcb239 elementor-widget__width-inherit elementor-widget elementor-widget-text-editor\" data-id=\"5bfcb239\" data-element_type=\"widget\" data-widget_type=\"text-editor.default\">\n\t\t\t\t<div class=\"elementor-widget-container\">\n\t\t\t\t\t\t\t\t\t<p>Forts de plus de 20 ans d'exp\u00e9rience dans la location d'\u00e9quipements de conf\u00e9rence et de m\u00e9dias audiovisuels, les techniciens \u00e9v\u00e9nementiels de PCS disposent d'une connaissance approfondie de ces domaines, qu'ils partagent volontiers avec les organisateurs de congr\u00e8s, les organisateurs d'\u00e9v\u00e9nements, les interpr\u00e8tes organisateurs et les entreprises commerciales de toutes tailles et de toutes orientations. Les services de conseil en amont de l'\u00e9v\u00e9nement, g\u00e9n\u00e9ralement gratuits, sont particuli\u00e8rement demand\u00e9s. Ainsi, pour la location d'installations de technique de conf\u00e9rence et de technique audiovisuelle, PCS soutient activement ses clients dans la planification de leur manifestation.<\/p><p>\u00a0<\/p><p>Le bureau de PCS \u00e0 Heilbronn s'occupe de W\u00fcrzburg et de la r\u00e9gion Mainfranken ou Unterfranken. L'un des moyens les plus simples de nous contacter est de nous envoyer un e-mail \u2013. Nous r\u00e9pondons g\u00e9n\u00e9ralement aux demandes dans l'heure qui suit. Et bien entendu, PCS est \u00e9galement joignable \u00e0 tout moment par t\u00e9l\u00e9phone.<\/p>\t\t\t\t\t\t\t\t<\/div>\n\t\t\t\t<\/div>\n\t\t\t\t<div class=\"elementor-element elementor-element-6392959b elementor-widget__width-initial elementor-widget elementor-widget-heading\" data-id=\"6392959b\" data-element_type=\"widget\" data-settings=\"{&quot;_animation&quot;:&quot;none&quot;}\" data-widget_type=\"heading.default\">\n\t\t\t\t<div class=\"elementor-widget-container\">\n\t\t\t\t\t<h2 class=\"elementor-heading-title elementor-size-default\">Location de mat\u00e9riel de conf\u00e9rence W\u00fcrzburg<\/h2>\t\t\t\t<\/div>\n\t\t\t\t<\/div>\n\t\t\t\t<div class=\"elementor-element elementor-element-451dd948 elementor-widget elementor-widget-eael-adv-accordion\" data-id=\"451dd948\" data-element_type=\"widget\" data-widget_type=\"eael-adv-accordion.default\">\n\t\t\t\t<div class=\"elementor-widget-container\">\n\t\t\t\t\t            <div class=\"eael-adv-accordion\" id=\"eael-adv-accordion-451dd948\" data-scroll-on-click=\"no\" data-scroll-speed=\"300\" data-accordion-id=\"451dd948\" data-accordion-type=\"accordion\" data-toogle-speed=\"300\">\n            <div class=\"eael-accordion-list\">\n\t\t\t\t\t<div id=\"veranstaltungsorte-fr-events-und-kongresse-in-wrzburg\" class=\"elementor-tab-title eael-accordion-header\" tabindex=\"0\" data-tab=\"1\" aria-controls=\"elementor-tab-content-1151\"><span class=\"eael-advanced-accordion-icon-closed\"><svg aria-hidden=\"true\" class=\"fa-accordion-icon e-font-icon-svg e-fas-plus\" viewbox=\"0 0 448 512\" xmlns=\"http:\/\/www.w3.org\/2000\/svg\"><path d=\"M416 208H272V64c0-17.67-14.33-32-32-32h-32c-17.67 0-32 14.33-32 32v144H32c-17.67 0-32 14.33-32 32v32c0 17.67 14.33 32 32 32h144v144c0 17.67 14.33 32 32 32h32c17.67 0 32-14.33 32-32V304h144c17.67 0 32-14.33 32-32v-32c0-17.67-14.33-32-32-32z\"><\/path><\/svg><\/span><span class=\"eael-advanced-accordion-icon-opened\"><svg aria-hidden=\"true\" class=\"fa-accordion-icon e-font-icon-svg e-fas-minus\" viewbox=\"0 0 448 512\" xmlns=\"http:\/\/www.w3.org\/2000\/svg\"><path d=\"M416 208H32c-17.67 0-32 14.33-32 32v32c0 17.67 14.33 32 32 32h384c17.67 0 32-14.33 32-32v-32c0-17.67-14.33-32-32-32z\"><\/path><\/svg><\/span><span class=\"eael-accordion-tab-title\">Lieux de manifestations et de congr\u00e8s \u00e0 W\u00fcrzburg<\/span><svg aria-hidden=\"true\" class=\"fa-toggle e-font-icon-svg e-fas-angle-right\" viewbox=\"0 0 256 512\" xmlns=\"http:\/\/www.w3.org\/2000\/svg\"><path d=\"M224.3 273l-136 136c-9.4 9.4-24.6 9.4-33.9 0l-22.6-22.6c-9.4-9.4-9.4-24.6 0-33.9l96.4-96.4-96.4-96.4c-9.4-9.4-9.4-24.6 0-33.9L54.3 103c9.4-9.4 24.6-9.4 33.9 0l136 136c9.5 9.4 9.5 24.6.1 34z\"><\/path><\/svg><\/div><div id=\"elementor-tab-content-1151\" class=\"eael-accordion-content clearfix\" data-tab=\"1\" aria-labelledby=\"veranstaltungsorte-fr-events-und-kongresse-in-wrzburg\"><div><ul><li>\u00a0S. Oliver Arena<\/li><li>Centre de convention Vogel<\/li><li>Centre de congr\u00e8s de W\u00fcrzburg<\/li><li>Centre de conf\u00e9rence Festung Marienberg<\/li><li>Terrain d'exposition sur le Main<\/li><li>Campus Hubland Sud Universit\u00e9 de W\u00fcrzburg, Novum Businesscenter<\/li><li>Mus\u00e9e de la m\u00e9moire culturelle de W\u00fcrzburg<\/li><li>Hall postal de W\u00fcrzburg<\/li><li>Restaurants de la r\u00e9sidence<\/li><li>Decathlon W\u00fcrzburg<\/li><li>R\u00e9sidence de W\u00fcrzburg<\/li><li>Centre culturel de la jeunesse Cairo<\/li><li>Salle des cyclistes Heidingsfeld <\/li><\/ul><\/div><\/div>\n\t\t\t\t\t<\/div><div class=\"eael-accordion-list\">\n\t\t\t\t\t<div id=\"die-wichtigsten-veranstaltungshotels-in-wrzburg\" class=\"elementor-tab-title eael-accordion-header\" tabindex=\"0\" data-tab=\"2\" aria-controls=\"elementor-tab-content-1152\"><span class=\"eael-advanced-accordion-icon-closed\"><svg aria-hidden=\"true\" class=\"fa-accordion-icon e-font-icon-svg e-fas-plus\" viewbox=\"0 0 448 512\" xmlns=\"http:\/\/www.w3.org\/2000\/svg\"><path d=\"M416 208H272V64c0-17.67-14.33-32-32-32h-32c-17.67 0-32 14.33-32 32v144H32c-17.67 0-32 14.33-32 32v32c0 17.67 14.33 32 32 32h144v144c0 17.67 14.33 32 32 32h32c17.67 0 32-14.33 32-32V304h144c17.67 0 32-14.33 32-32v-32c0-17.67-14.33-32-32-32z\"><\/path><\/svg><\/span><span class=\"eael-advanced-accordion-icon-opened\"><svg aria-hidden=\"true\" class=\"fa-accordion-icon e-font-icon-svg e-fas-minus\" viewbox=\"0 0 448 512\" xmlns=\"http:\/\/www.w3.org\/2000\/svg\"><path d=\"M416 208H32c-17.67 0-32 14.33-32 32v32c0 17.67 14.33 32 32 32h384c17.67 0 32-14.33 32-32v-32c0-17.67-14.33-32-32-32z\"><\/path><\/svg><\/span><span class=\"eael-accordion-tab-title\">Les principaux h\u00f4tels pour \u00e9v\u00e9nements \u00e0 W\u00fcrzburg<\/span><svg aria-hidden=\"true\" class=\"fa-toggle e-font-icon-svg e-fas-angle-right\" viewbox=\"0 0 256 512\" xmlns=\"http:\/\/www.w3.org\/2000\/svg\"><path d=\"M224.3 273l-136 136c-9.4 9.4-24.6 9.4-33.9 0l-22.6-22.6c-9.4-9.4-9.4-24.6 0-33.9l96.4-96.4-96.4-96.4c-9.4-9.4-9.4-24.6 0-33.9L54.3 103c9.4-9.4 24.6-9.4 33.9 0l136 136c9.5 9.4 9.5 24.6.1 34z\"><\/path><\/svg><\/div><div id=\"elementor-tab-content-1152\" class=\"eael-accordion-content clearfix\" data-tab=\"2\" aria-labelledby=\"die-wichtigsten-veranstaltungshotels-in-wrzburg\"><div><ul><li>H\u00f4tel Maritim W\u00fcrzburg<\/li><li>H\u00f4tel circulaire Wittelsbacher H\u00f6h<\/li><li>GHOTEL H\u00f4tel &amp; living W\u00fcrzburg<\/li><li>H\u00f4tel de la Poste de W\u00fcrzburg<\/li><li>BEST WESTERN PREMIER Rebstock<\/li><li>Novotel W\u00fcrzburg<\/li><li>H\u00f4tel du ch\u00e2teau de Steinburg<\/li><li>mD-H\u00f4tel Walfisch<\/li><li>BEST WESTERN H\u00f4tel Polisina (Ochsenfurt) <\/li><\/ul><\/div><\/div>\n\t\t\t\t\t<\/div><div class=\"eael-accordion-list\">\n\t\t\t\t\t<div id=\"die-wichtigsten-messetermine-in-wrzburg\" class=\"elementor-tab-title eael-accordion-header\" tabindex=\"0\" data-tab=\"3\" aria-controls=\"elementor-tab-content-1153\"><span class=\"eael-advanced-accordion-icon-closed\"><svg aria-hidden=\"true\" class=\"fa-accordion-icon e-font-icon-svg e-fas-plus\" viewbox=\"0 0 448 512\" xmlns=\"http:\/\/www.w3.org\/2000\/svg\"><path d=\"M416 208H272V64c0-17.67-14.33-32-32-32h-32c-17.67 0-32 14.33-32 32v144H32c-17.67 0-32 14.33-32 32v32c0 17.67 14.33 32 32 32h144v144c0 17.67 14.33 32 32 32h32c17.67 0 32-14.33 32-32V304h144c17.67 0 32-14.33 32-32v-32c0-17.67-14.33-32-32-32z\"><\/path><\/svg><\/span><span class=\"eael-advanced-accordion-icon-opened\"><svg aria-hidden=\"true\" class=\"fa-accordion-icon e-font-icon-svg e-fas-minus\" viewbox=\"0 0 448 512\" xmlns=\"http:\/\/www.w3.org\/2000\/svg\"><path d=\"M416 208H32c-17.67 0-32 14.33-32 32v32c0 17.67 14.33 32 32 32h384c17.67 0 32-14.33 32-32v-32c0-17.67-14.33-32-32-32z\"><\/path><\/svg><\/span><span class=\"eael-accordion-tab-title\">Les dates des principaux salons \u00e0 W\u00fcrzburg<\/span><svg aria-hidden=\"true\" class=\"fa-toggle e-font-icon-svg e-fas-angle-right\" viewbox=\"0 0 256 512\" xmlns=\"http:\/\/www.w3.org\/2000\/svg\"><path d=\"M224.3 273l-136 136c-9.4 9.4-24.6 9.4-33.9 0l-22.6-22.6c-9.4-9.4-9.4-24.6 0-33.9l96.4-96.4-96.4-96.4c-9.4-9.4-9.4-24.6 0-33.9L54.3 103c9.4-9.4 24.6-9.4 33.9 0l136 136c9.5 9.4 9.5 24.6.1 34z\"><\/path><\/svg><\/div><div id=\"elementor-tab-content-1153\" class=\"eael-accordion-content clearfix\" data-tab=\"3\" aria-labelledby=\"die-wichtigsten-messetermine-in-wrzburg\"><div><ul><li>Foire de Mainfranken \u00e0 W\u00fcrzburg<\/li><li>vocatium Basse-Franconie<\/li><li>Salon de l'emploi et de la carri\u00e8re Mainfranken<\/li><li>Congr\u00e8s professionnel sur l'\u00e9nergie du bois<\/li><li>Foire de Mainfranken<\/li><li>Mariage de r\u00eave W\u00fcrzburg<\/li><li>\u00e9tudier &amp; s\u00e9journer<\/li><li>parentum W\u00fcrzburg<\/li><li>EDPC<\/li><li>Just Married W\u00fcrzburg<\/li><li>Salon Sant\u00e9 &amp; Vital<\/li><li>WWM W\u00fcrzburger Werbemittel Messe (Salon des moyens publicitaires de W\u00fcrzburg)<\/li><li>DiGA W\u00fcrzburg, LebensIMPULS W\u00fcrzburg<\/li><li>Salon du tatouage de W\u00fcrzburg<\/li><li>SALON DU GO\u00dbT WALTHER<\/li><li>Habitat Construction Ambiance W\u00fcrzburg<\/li><li>W\u00fcFIT<\/li><li>Forum de W\u00fcrzburg sur les moisissures <\/li><\/ul><\/div><\/div>\n\t\t\t\t\t<\/div><\/div>\t\t\t\t<\/div>\n\t\t\t\t<\/div>\n\t\t\t\t\t<\/div>\n\t\t\t\t<\/div>\n\t\t<div data-particle_enable=\"false\" data-particle-mobile-disabled=\"false\" class=\"elementor-element elementor-element-3e814db5 e-flex e-con-boxed e-con e-parent\" data-id=\"3e814db5\" data-element_type=\"container\">\n\t\t\t\t\t<div class=\"e-con-inner\">\n\t\t\t\t<div class=\"elementor-element elementor-element-75a4caf5 elementor-widget elementor-widget-shortcode\" data-id=\"75a4caf5\" data-element_type=\"widget\" data-widget_type=\"shortcode.default\">\n\t\t\t\t<div class=\"elementor-widget-container\">\n\t\t\t\t\t\t\t<div class=\"elementor-shortcode\"><\/div>\n\t\t\t\t\t\t<\/div>\n\t\t\t\t<\/div>\n\t\t\t\t\t<\/div>\n\t\t\t\t<\/div>\n\t\t\t\t<\/div>","protected":false},"excerpt":{"rendered":"<p>Location de mat\u00e9riel de conf\u00e9rence Brandebourg, location de mat\u00e9riel audiovisuel et simultan\u00e9 dans les environs de Berlin Demander maintenant Installations de discussion, pupitres \u2013 louer, acheter, installer, leasing Installations de discussion, pupitres \u2013 louer, acheter, installer, leasing \u203a plus Cabines d'interpr\u00e9tation et cabines d'orateur La cabine d'interpr\u00e9tation est le poste de travail des interpr\u00e8tes simultan\u00e9s* \u203a plus Pupitres d'interpr\u00e9tation L'\u00e9quipement de base d'une cabine d'interpr\u00e9tation comprend un pupitre d'interpr\u00e9tation. \u203a plus R\u00e9cepteur de conf\u00e9rence, r\u00e9cepteur de casque R\u00e9cepteur de conf\u00e9rence [...].<\/p>","protected":false},"author":1,"featured_media":45482,"parent":0,"menu_order":0,"comment_status":"closed","ping_status":"closed","template":"","meta":{"_acf_changed":false,"footnotes":""},"class_list":["post-11573","page","type-page","status-publish","has-post-thumbnail","hentry"],"acf":[],"_links":{"self":[{"href":"https:\/\/konferenztechnik.de\/fr\/wp-json\/wp\/v2\/pages\/11573","targetHints":{"allow":["GET"]}}],"collection":[{"href":"https:\/\/konferenztechnik.de\/fr\/wp-json\/wp\/v2\/pages"}],"about":[{"href":"https:\/\/konferenztechnik.de\/fr\/wp-json\/wp\/v2\/types\/page"}],"author":[{"embeddable":true,"href":"https:\/\/konferenztechnik.de\/fr\/wp-json\/wp\/v2\/users\/1"}],"replies":[{"embeddable":true,"href":"https:\/\/konferenztechnik.de\/fr\/wp-json\/wp\/v2\/comments?post=11573"}],"version-history":[{"count":0,"href":"https:\/\/konferenztechnik.de\/fr\/wp-json\/wp\/v2\/pages\/11573\/revisions"}],"wp:featuredmedia":[{"embeddable":true,"href":"https:\/\/konferenztechnik.de\/fr\/wp-json\/wp\/v2\/media\/45482"}],"wp:attachment":[{"href":"https:\/\/konferenztechnik.de\/fr\/wp-json\/wp\/v2\/media?parent=11573"}],"curies":[{"name":"wp","href":"https:\/\/api.w.org\/{rel}","templated":true}]}}