{"id":11850,"date":"2017-11-10T13:08:29","date_gmt":"2017-11-10T11:08:29","guid":{"rendered":"https:\/\/www.konferenztechnik.de\/?page_id=11850"},"modified":"2023-06-21T10:27:00","modified_gmt":"2023-06-21T08:27:00","slug":"location-de-materiel-dinterpretation-a-muenster","status":"publish","type":"page","link":"https:\/\/konferenztechnik.de\/fr\/location-de-materiel-dinterpretation-a-muenster\/","title":{"rendered":"Location de mat\u00e9riel d'interpr\u00e9tation \u00e0 M\u00fcnster"},"content":{"rendered":"<div data-elementor-type=\"wp-page\" data-elementor-id=\"11850\" class=\"elementor elementor-11850\" data-elementor-post-type=\"page\">\n\t\t\t\t<div data-particle_enable=\"false\" data-particle-mobile-disabled=\"false\" class=\"elementor-element elementor-element-183a596a e-flex e-con-boxed e-con e-parent\" data-id=\"183a596a\" data-element_type=\"container\">\n\t\t\t\t\t<div class=\"e-con-inner\">\n\t\t\t\t<div class=\"elementor-element elementor-element-bb9acfe elementor-widget elementor-widget-heading\" data-id=\"bb9acfe\" data-element_type=\"widget\" data-settings=\"{&quot;_animation&quot;:&quot;none&quot;}\" data-widget_type=\"heading.default\">\n\t\t\t\t<div class=\"elementor-widget-container\">\n\t\t\t\t\t<h1 class=\"elementor-heading-title elementor-size-default\">Location de mat\u00e9riel d'interpr\u00e9tation \u00e0 M\u00fcnster \u2013 Location de mat\u00e9riel d'interpr\u00e9tation \u00e0 M\u00fcnsterland<\/h1>\t\t\t\t<\/div>\n\t\t\t\t<\/div>\n\t\t\t\t<div class=\"elementor-element elementor-element-6269e758 elementor-widget elementor-widget-heading\" data-id=\"6269e758\" data-element_type=\"widget\" data-settings=\"{&quot;_animation&quot;:&quot;none&quot;}\" data-widget_type=\"heading.default\">\n\t\t\t\t<div class=\"elementor-widget-container\">\n\t\t\t\t\t<h2 class=\"elementor-heading-title elementor-size-default\">Devis rapides, assistance professionnelle, grand choix de techniques<\/h2>\t\t\t\t<\/div>\n\t\t\t\t<\/div>\n\t\t\t\t\t<\/div>\n\t\t\t\t<\/div>\n\t\t<div data-particle_enable=\"false\" data-particle-mobile-disabled=\"false\" class=\"elementor-element elementor-element-49423408 e-flex e-con-boxed e-con e-parent\" data-id=\"49423408\" data-element_type=\"container\">\n\t\t\t\t\t<div class=\"e-con-inner\">\n\t\t\t\t<div class=\"elementor-element elementor-element-33955be1 elementor-widget elementor-widget-shortcode\" data-id=\"33955be1\" data-element_type=\"widget\" data-widget_type=\"shortcode.default\">\n\t\t\t\t<div class=\"elementor-widget-container\">\n\t\t\t\t\t\t\t<div class=\"elementor-shortcode\">\t\t<div data-elementor-type=\"container\" data-elementor-id=\"30567\" class=\"elementor elementor-30567\" data-elementor-post-type=\"elementor_library\">\n\t\t\t\t<div data-particle_enable=\"false\" data-particle-mobile-disabled=\"false\" class=\"elementor-element elementor-element-349c2afa e-flex e-con-boxed e-con e-parent\" data-id=\"349c2afa\" data-element_type=\"container\">\n\t\t\t\t\t<div class=\"e-con-inner\">\n\t\t\t\t<div class=\"elementor-element elementor-element-aafaf45 elementor-grid-4 elementor-grid-tablet-2 elementor-grid-mobile-1 elementor-posts--thumbnail-top elementor-widget elementor-widget-posts\" data-id=\"aafaf45\" data-element_type=\"widget\" data-settings=\"{&quot;classic_columns&quot;:&quot;4&quot;,&quot;classic_columns_tablet&quot;:&quot;2&quot;,&quot;classic_columns_mobile&quot;:&quot;1&quot;,&quot;classic_row_gap&quot;:{&quot;unit&quot;:&quot;px&quot;,&quot;size&quot;:35,&quot;sizes&quot;:[]},&quot;classic_row_gap_widescreen&quot;:{&quot;unit&quot;:&quot;px&quot;,&quot;size&quot;:&quot;&quot;,&quot;sizes&quot;:[]},&quot;classic_row_gap_laptop&quot;:{&quot;unit&quot;:&quot;px&quot;,&quot;size&quot;:&quot;&quot;,&quot;sizes&quot;:[]},&quot;classic_row_gap_tablet_extra&quot;:{&quot;unit&quot;:&quot;px&quot;,&quot;size&quot;:&quot;&quot;,&quot;sizes&quot;:[]},&quot;classic_row_gap_tablet&quot;:{&quot;unit&quot;:&quot;px&quot;,&quot;size&quot;:&quot;&quot;,&quot;sizes&quot;:[]},&quot;classic_row_gap_mobile&quot;:{&quot;unit&quot;:&quot;px&quot;,&quot;size&quot;:&quot;&quot;,&quot;sizes&quot;:[]}}\" data-widget_type=\"posts.classic\">\n\t\t\t\t<div class=\"elementor-widget-container\">\n\t\t\t\t\t\t\t<div class=\"elementor-posts-container elementor-posts elementor-posts--skin-classic elementor-grid\" role=\"list\">\n\t\t\t\t<article class=\"elementor-post elementor-grid-item post-24659 post type-post status-publish format-standard has-post-thumbnail hentry category-produkte category-digital-und-hybrid category-events category-populaer tag-dolmetscherhub tag-dolmetscherstudio tag-dolmetschhub tag-dolmetschstudio\" role=\"listitem\">\n\t\t\t\t<a class=\"elementor-post__thumbnail__link\" href=\"https:\/\/konferenztechnik.de\/fr\/hubs-dinterpretation-et-studios-dinterpretation\/\" tabindex=\"-1\">\n\t\t\t<div class=\"elementor-post__thumbnail\"><img fetchpriority=\"high\" decoding=\"async\" width=\"300\" height=\"198\" src=\"https:\/\/konferenztechnik.de\/wp-content\/uploads\/2023\/04\/dolmetschhubs-300x198.jpg\" class=\"attachment-medium size-medium wp-image-24663\" alt=\"Vue d&#039;un studio d&#039;interpr\u00e9tation o\u00f9 les interpr\u00e8tes suivent un orateur sur un grand \u00e9cran et le traduisent dans diff\u00e9rentes autres langues dans leurs cabines insonoris\u00e9es.\" title=\"\" srcset=\"https:\/\/konferenztechnik.de\/wp-content\/uploads\/2023\/04\/dolmetschhubs-300x198.jpg 300w, https:\/\/konferenztechnik.de\/wp-content\/uploads\/2023\/04\/dolmetschhubs-18x12.jpg 18w, https:\/\/konferenztechnik.de\/wp-content\/uploads\/2023\/04\/dolmetschhubs.jpg 399w\" sizes=\"(max-width: 300px) 100vw, 300px\" \/><\/div>\n\t\t<\/a>\n\t\t\t\t<div class=\"elementor-post__text\">\n\t\t\t\t<h3 class=\"elementor-post__title\">\n\t\t\t<a href=\"https:\/\/konferenztechnik.de\/fr\/hubs-dinterpretation-et-studios-dinterpretation\/\">\n\t\t\t\tHubs d'interpr\u00e9tation et studios d'interpr\u00e9tation\t\t\t<\/a>\n\t\t<\/h3>\n\t\t\t\t<div class=\"elementor-post__excerpt\">\n\t\t\t<p>Nos hubs professionnels pour l'interpr\u00e9tation \u00e0 distance, l'interpr\u00e9tation pour les vid\u00e9oconf\u00e9rences, le streaming, les r\u00e9unions sur site<\/p>\n\t\t<\/div>\n\t\t\t\t\t<div class=\"elementor-post__read-more-wrapper\">\n\t\t\n\t\t<a class=\"elementor-post__read-more\" href=\"https:\/\/konferenztechnik.de\/fr\/hubs-dinterpretation-et-studios-dinterpretation\/\" aria-label=\"En savoir plus sur Centres d&#039;interpr\u00e9tation et studios d&#039;interpr\u00e9tation\" tabindex=\"-1\">\n\t\t\tLire la suite \u00bb\t\t<\/a>\n\n\t\t\t\t\t<\/div>\n\t\t\t\t<\/div>\n\t\t\t\t<\/article>\n\t\t\t\t<article class=\"elementor-post elementor-grid-item post-24480 post type-post status-publish format-standard has-post-thumbnail hentry category-produkte category-events category-populaer\" role=\"listitem\">\n\t\t\t\t<a class=\"elementor-post__thumbnail__link\" href=\"https:\/\/konferenztechnik.de\/fr\/louer-acheter-installer-des-systemes-de-transport-de-personnes\/\" tabindex=\"-1\">\n\t\t\t<div class=\"elementor-post__thumbnail\"><img decoding=\"async\" width=\"300\" height=\"200\" src=\"https:\/\/konferenztechnik.de\/wp-content\/uploads\/2023\/07\/personenfuehrungsanlage-mieten-kaufen-300x200.webp\" class=\"attachment-medium size-medium wp-image-41906\" alt=\"L&#039;homme parle dans le microphone, le spectateur \u00e9coute avec le syst\u00e8me de guide touristique lors d&#039;une visite. Louer, acheter, prendre en leasing des syst\u00e8mes de guidage de personnes chez PCS.\" title=\"\" srcset=\"https:\/\/konferenztechnik.de\/wp-content\/uploads\/2023\/07\/personenfuehrungsanlage-mieten-kaufen-300x200.webp 300w, https:\/\/konferenztechnik.de\/wp-content\/uploads\/2023\/07\/personenfuehrungsanlage-mieten-kaufen-18x12.webp 18w, https:\/\/konferenztechnik.de\/wp-content\/uploads\/2023\/07\/personenfuehrungsanlage-mieten-kaufen-jpg.webp 424w\" sizes=\"(max-width: 300px) 100vw, 300px\" \/><\/div>\n\t\t<\/a>\n\t\t\t\t<div class=\"elementor-post__text\">\n\t\t\t\t<h3 class=\"elementor-post__title\">\n\t\t\t<a href=\"https:\/\/konferenztechnik.de\/fr\/louer-acheter-installer-des-systemes-de-transport-de-personnes\/\">\n\t\t\t\tInstallations de guidage de personnes\t\t\t<\/a>\n\t\t<\/h3>\n\t\t\t\t<div class=\"elementor-post__excerpt\">\n\t\t\t<p>Syst\u00e8mes de tourguide, syst\u00e8mes de guidage, syst\u00e8mes de chuchotage ou PFA, casques, microphones, unit\u00e9s de chargement, mallettes de transport, accessoires<\/p>\n\t\t<\/div>\n\t\t\t\t\t<div class=\"elementor-post__read-more-wrapper\">\n\t\t\n\t\t<a class=\"elementor-post__read-more\" href=\"https:\/\/konferenztechnik.de\/fr\/louer-acheter-installer-des-systemes-de-transport-de-personnes\/\" aria-label=\"En savoir plus sur Installations de guidage de personnes\" tabindex=\"-1\">\n\t\t\tLire la suite \u00bb\t\t<\/a>\n\n\t\t\t\t\t<\/div>\n\t\t\t\t<\/div>\n\t\t\t\t<\/article>\n\t\t\t\t<article class=\"elementor-post elementor-grid-item post-24541 post type-post status-publish format-standard has-post-thumbnail hentry category-produkte category-digital-und-hybrid category-events category-populaer\" role=\"listitem\">\n\t\t\t\t<a class=\"elementor-post__thumbnail__link\" href=\"https:\/\/konferenztechnik.de\/fr\/location-de-materiel-dinterpretation-et-installation-de-materiel-dinterpretation\/\" tabindex=\"-1\">\n\t\t\t<div class=\"elementor-post__thumbnail\"><img decoding=\"async\" width=\"300\" height=\"199\" src=\"https:\/\/konferenztechnik.de\/wp-content\/uploads\/2023\/05\/simultantechnik-dolmetscheranlagen-mieten-kaufen-leasen-300x199.webp\" class=\"attachment-medium size-medium wp-image-42814\" alt=\"\" title=\"\" srcset=\"https:\/\/konferenztechnik.de\/wp-content\/uploads\/2023\/05\/simultantechnik-dolmetscheranlagen-mieten-kaufen-leasen-300x199.webp 300w, https:\/\/konferenztechnik.de\/wp-content\/uploads\/2023\/05\/simultantechnik-dolmetscheranlagen-mieten-kaufen-leasen-18x12.webp 18w, https:\/\/konferenztechnik.de\/wp-content\/uploads\/2023\/05\/simultantechnik-dolmetscheranlagen-mieten-kaufen-leasen-jpg.webp 480w\" sizes=\"(max-width: 300px) 100vw, 300px\" \/><\/div>\n\t\t<\/a>\n\t\t\t\t<div class=\"elementor-post__text\">\n\t\t\t\t<h3 class=\"elementor-post__title\">\n\t\t\t<a href=\"https:\/\/konferenztechnik.de\/fr\/location-de-materiel-dinterpretation-et-installation-de-materiel-dinterpretation\/\">\n\t\t\t\tMat\u00e9riel d'interpr\u00e9tation et technique d'interpr\u00e9tation\t\t\t<\/a>\n\t\t<\/h3>\n\t\t\t\t<div class=\"elementor-post__excerpt\">\n\t\t\t<p>Installations d'interpr\u00e9tation sans fil avec cabines d'interpr\u00e9tation et installations de discussion avec cabines d'interpr\u00e9tation<\/p>\n\t\t<\/div>\n\t\t\t\t\t<div class=\"elementor-post__read-more-wrapper\">\n\t\t\n\t\t<a class=\"elementor-post__read-more\" href=\"https:\/\/konferenztechnik.de\/fr\/location-de-materiel-dinterpretation-et-installation-de-materiel-dinterpretation\/\" aria-label=\"En savoir plus sur Mat\u00e9riel d&#039;interpr\u00e9tation et technique d&#039;interpr\u00e9tation\" tabindex=\"-1\">\n\t\t\tLire la suite \u00bb\t\t<\/a>\n\n\t\t\t\t\t<\/div>\n\t\t\t\t<\/div>\n\t\t\t\t<\/article>\n\t\t\t\t<article class=\"elementor-post elementor-grid-item post-21635 post type-post status-publish format-standard has-post-thumbnail hentry category-digital-und-hybrid category-events category-installation category-populaer\" role=\"listitem\">\n\t\t\t\t<a class=\"elementor-post__thumbnail__link\" href=\"https:\/\/konferenztechnik.de\/fr\/cameras-ptz\/\" tabindex=\"-1\">\n\t\t\t<div class=\"elementor-post__thumbnail\"><img loading=\"lazy\" decoding=\"async\" width=\"300\" height=\"198\" src=\"https:\/\/konferenztechnik.de\/wp-content\/uploads\/2023\/03\/ptz-kameras-300x198.jpg\" class=\"attachment-medium size-medium wp-image-21637\" alt=\"\" title=\"\" srcset=\"https:\/\/konferenztechnik.de\/wp-content\/uploads\/2023\/03\/ptz-kameras-300x198.jpg 300w, https:\/\/konferenztechnik.de\/wp-content\/uploads\/2023\/03\/ptz-kameras-18x12.jpg 18w, https:\/\/konferenztechnik.de\/wp-content\/uploads\/2023\/03\/ptz-kameras.jpg 399w\" sizes=\"(max-width: 300px) 100vw, 300px\" \/><\/div>\n\t\t<\/a>\n\t\t\t\t<div class=\"elementor-post__text\">\n\t\t\t\t<h3 class=\"elementor-post__title\">\n\t\t\t<a href=\"https:\/\/konferenztechnik.de\/fr\/cameras-ptz\/\">\n\t\t\t\tCam\u00e9ras PTZ\t\t\t<\/a>\n\t\t<\/h3>\n\t\t\t\t<div class=\"elementor-post__excerpt\">\n\t\t\t<p>Les cam\u00e9ras PTZ (souvent aussi appel\u00e9es cam\u00e9ras DOME) dirigent automatiquement la focalisation sur les participants lors de la prise de parole.<\/p>\n\t\t<\/div>\n\t\t\t\t\t<div class=\"elementor-post__read-more-wrapper\">\n\t\t\n\t\t<a class=\"elementor-post__read-more\" href=\"https:\/\/konferenztechnik.de\/fr\/cameras-ptz\/\" aria-label=\"En savoir plus sur Cam\u00e9ras PTZ\" tabindex=\"-1\">\n\t\t\tLire la suite \u00bb\t\t<\/a>\n\n\t\t\t\t\t<\/div>\n\t\t\t\t<\/div>\n\t\t\t\t<\/article>\n\t\t\t\t<article class=\"elementor-post elementor-grid-item post-21411 post type-post status-publish format-standard has-post-thumbnail hentry category-digital-und-hybrid category-events category-populaer\" role=\"listitem\">\n\t\t\t\t<a class=\"elementor-post__thumbnail__link\" href=\"https:\/\/konferenztechnik.de\/fr\/conferences-avec-microsoft-teams\/\" tabindex=\"-1\">\n\t\t\t<div class=\"elementor-post__thumbnail\"><img loading=\"lazy\" decoding=\"async\" width=\"300\" height=\"198\" src=\"https:\/\/konferenztechnik.de\/wp-content\/uploads\/2023\/03\/konferenzen-ms-teams-300x198.jpg\" class=\"attachment-medium size-medium wp-image-21474\" alt=\"\" title=\"\" srcset=\"https:\/\/konferenztechnik.de\/wp-content\/uploads\/2023\/03\/konferenzen-ms-teams-300x198.jpg 300w, https:\/\/konferenztechnik.de\/wp-content\/uploads\/2023\/03\/konferenzen-ms-teams-18x12.jpg 18w, https:\/\/konferenztechnik.de\/wp-content\/uploads\/2023\/03\/konferenzen-ms-teams.jpg 399w\" sizes=\"(max-width: 300px) 100vw, 300px\" \/><\/div>\n\t\t<\/a>\n\t\t\t\t<div class=\"elementor-post__text\">\n\t\t\t\t<h3 class=\"elementor-post__title\">\n\t\t\t<a href=\"https:\/\/konferenztechnik.de\/fr\/conferences-avec-microsoft-teams\/\">\n\t\t\t\tConf\u00e9rences avec Microsoft Teams\t\t\t<\/a>\n\t\t<\/h3>\n\t\t\t\t<div class=\"elementor-post__excerpt\">\n\t\t\t<p>MS Teams d\u00e9sormais disponible en plusieurs langues et avec la fonction \"Interpr\u00e9tation simultan\u00e9e\".<\/p>\n\t\t<\/div>\n\t\t\t\t\t<div class=\"elementor-post__read-more-wrapper\">\n\t\t\n\t\t<a class=\"elementor-post__read-more\" href=\"https:\/\/konferenztechnik.de\/fr\/conferences-avec-microsoft-teams\/\" aria-label=\"En savoir plus sur Conf\u00e9rences avec Microsoft Teams\" tabindex=\"-1\">\n\t\t\tLire la suite \u00bb\t\t<\/a>\n\n\t\t\t\t\t<\/div>\n\t\t\t\t<\/div>\n\t\t\t\t<\/article>\n\t\t\t\t<article class=\"elementor-post elementor-grid-item post-26634 post type-post status-publish format-standard has-post-thumbnail hentry category-produkte category-events category-populaer\" role=\"listitem\">\n\t\t\t\t<a class=\"elementor-post__thumbnail__link\" href=\"https:\/\/konferenztechnik.de\/fr\/av-audio-et-video-location-achat-installation-leasing\/\" tabindex=\"-1\">\n\t\t\t<div class=\"elementor-post__thumbnail\"><img loading=\"lazy\" decoding=\"async\" width=\"300\" height=\"180\" src=\"https:\/\/konferenztechnik.de\/wp-content\/uploads\/2023\/03\/audio-und-videotechnik-mieten-kaufen-installieren-300x180.avif\" class=\"attachment-medium size-medium wp-image-47449\" alt=\"audio-et-vid\u00e9o-louer-acheter-installer\" title=\"\" srcset=\"https:\/\/konferenztechnik.de\/wp-content\/uploads\/2023\/03\/audio-und-videotechnik-mieten-kaufen-installieren-300x180.avif 300w, https:\/\/konferenztechnik.de\/wp-content\/uploads\/2023\/03\/audio-und-videotechnik-mieten-kaufen-installieren-1024x614.avif 1024w, https:\/\/konferenztechnik.de\/wp-content\/uploads\/2023\/03\/audio-und-videotechnik-mieten-kaufen-installieren-768x461.avif 768w, https:\/\/konferenztechnik.de\/wp-content\/uploads\/2023\/03\/audio-und-videotechnik-mieten-kaufen-installieren-18x12.avif 18w, https:\/\/konferenztechnik.de\/wp-content\/uploads\/2023\/03\/audio-und-videotechnik-mieten-kaufen-installieren.avif 1400w\" sizes=\"(max-width: 300px) 100vw, 300px\" \/><\/div>\n\t\t<\/a>\n\t\t\t\t<div class=\"elementor-post__text\">\n\t\t\t\t<h3 class=\"elementor-post__title\">\n\t\t\t<a href=\"https:\/\/konferenztechnik.de\/fr\/av-audio-et-video-location-achat-installation-leasing\/\">\n\t\t\t\tAV : Technique audio et vid\u00e9o\t\t\t<\/a>\n\t\t<\/h3>\n\t\t\t\t<div class=\"elementor-post__excerpt\">\n\t\t\t<p>Microphone, technique de sonorisation, pupitres, hybrides t\u00e9l\u00e9phoniques, distributeurs de presse, logiciel de protocole steno-s...<\/p>\n\t\t<\/div>\n\t\t\t\t\t<div class=\"elementor-post__read-more-wrapper\">\n\t\t\n\t\t<a class=\"elementor-post__read-more\" href=\"https:\/\/konferenztechnik.de\/fr\/av-audio-et-video-location-achat-installation-leasing\/\" aria-label=\"En savoir plus sur AV : Technique audio et vid\u00e9o\" tabindex=\"-1\">\n\t\t\tLire la suite \u00bb\t\t<\/a>\n\n\t\t\t\t\t<\/div>\n\t\t\t\t<\/div>\n\t\t\t\t<\/article>\n\t\t\t\t<article class=\"elementor-post elementor-grid-item post-21559 post type-post status-publish format-standard has-post-thumbnail hentry category-news\" role=\"listitem\">\n\t\t\t\t<a class=\"elementor-post__thumbnail__link\" href=\"https:\/\/konferenztechnik.de\/fr\/televic-technique-dinterpretation-et-de-conference\/\" tabindex=\"-1\">\n\t\t\t<div class=\"elementor-post__thumbnail\"><img loading=\"lazy\" decoding=\"async\" width=\"300\" height=\"198\" src=\"https:\/\/konferenztechnik.de\/wp-content\/uploads\/2023\/03\/konferenztechnik-televic-300x198.jpg\" class=\"attachment-medium size-medium wp-image-21565\" alt=\"\" title=\"\" srcset=\"https:\/\/konferenztechnik.de\/wp-content\/uploads\/2023\/03\/konferenztechnik-televic-300x198.jpg 300w, https:\/\/konferenztechnik.de\/wp-content\/uploads\/2023\/03\/konferenztechnik-televic-18x12.jpg 18w, https:\/\/konferenztechnik.de\/wp-content\/uploads\/2023\/03\/konferenztechnik-televic.jpg 399w\" sizes=\"(max-width: 300px) 100vw, 300px\" \/><\/div>\n\t\t<\/a>\n\t\t\t\t<div class=\"elementor-post__text\">\n\t\t\t\t<h3 class=\"elementor-post__title\">\n\t\t\t<a href=\"https:\/\/konferenztechnik.de\/fr\/televic-technique-dinterpretation-et-de-conference\/\">\n\t\t\t\tTelevic \u2013 Mat\u00e9riel d'interpr\u00e9tation et de conf\u00e9rence\t\t\t<\/a>\n\t\t<\/h3>\n\t\t\t\t<div class=\"elementor-post__excerpt\">\n\t\t\t<p>Televic \u2013 Mat\u00e9riel d'interpr\u00e9tation et de conf\u00e9rence Publi\u00e9 : 23.01.2023 Televic \u2013 un fabricant innovant avec une gamme compl\u00e8te de solutions d'interpr\u00e9tation et de conf\u00e9rence Nous investissons dans<\/p>\n\t\t<\/div>\n\t\t\t\t\t<div class=\"elementor-post__read-more-wrapper\">\n\t\t\n\t\t<a class=\"elementor-post__read-more\" href=\"https:\/\/konferenztechnik.de\/fr\/televic-technique-dinterpretation-et-de-conference\/\" aria-label=\"En savoir plus sur Televic \u2013 Technique d&#039;interpr\u00e9tation et de conf\u00e9rence\" tabindex=\"-1\">\n\t\t\tLire la suite \u00bb\t\t<\/a>\n\n\t\t\t\t\t<\/div>\n\t\t\t\t<\/div>\n\t\t\t\t<\/article>\n\t\t\t\t<\/div>\n\t\t\n\t\t\t\t\t\t<\/div>\n\t\t\t\t<\/div>\n\t\t\t\t\t<\/div>\n\t\t\t\t<\/div>\n\t\t\t\t<\/div>\n\t\t<\/div>\n\t\t\t\t\t\t<\/div>\n\t\t\t\t<\/div>\n\t\t\t\t<div class=\"elementor-element elementor-element-539fe1b3 elementor-widget elementor-widget-spacer\" data-id=\"539fe1b3\" data-element_type=\"widget\" data-widget_type=\"spacer.default\">\n\t\t\t\t<div class=\"elementor-widget-container\">\n\t\t\t\t\t\t\t<div class=\"elementor-spacer\">\n\t\t\t<div class=\"elementor-spacer-inner\"><\/div>\n\t\t<\/div>\n\t\t\t\t\t\t<\/div>\n\t\t\t\t<\/div>\n\t\t\t\t\t<\/div>\n\t\t\t\t<\/div>\n\t\t<div data-particle_enable=\"false\" data-particle-mobile-disabled=\"false\" class=\"elementor-element elementor-element-490b9b2d e-flex e-con-boxed e-con e-parent\" data-id=\"490b9b2d\" data-element_type=\"container\">\n\t\t\t\t\t<div class=\"e-con-inner\">\n\t\t\t\t<div class=\"elementor-element elementor-element-52147058 elementor-widget__width-initial elementor-widget elementor-widget-heading\" data-id=\"52147058\" data-element_type=\"widget\" data-settings=\"{&quot;_animation&quot;:&quot;none&quot;}\" data-widget_type=\"heading.default\">\n\t\t\t\t<div class=\"elementor-widget-container\">\n\t\t\t\t\t<h2 class=\"elementor-heading-title elementor-size-default\">Location de mat\u00e9riel d'interpr\u00e9tation et de conf\u00e9rence \u00e0 M\u00fcnster<\/h2>\t\t\t\t<\/div>\n\t\t\t\t<\/div>\n\t\t\t\t<div class=\"elementor-element elementor-element-3ba20af8 elementor-widget elementor-widget-shortcode\" data-id=\"3ba20af8\" data-element_type=\"widget\" data-widget_type=\"shortcode.default\">\n\t\t\t\t<div class=\"elementor-widget-container\">\n\t\t\t\t\t\t\t<div class=\"elementor-shortcode\">\t\t<div data-elementor-type=\"container\" data-elementor-id=\"30580\" class=\"elementor elementor-30580\" data-elementor-post-type=\"elementor_library\">\n\t\t\t\t<div data-particle_enable=\"false\" data-particle-mobile-disabled=\"false\" class=\"elementor-element elementor-element-76b67369 e-flex e-con-boxed e-con e-parent\" data-id=\"76b67369\" data-element_type=\"container\">\n\t\t\t\t\t<div class=\"e-con-inner\">\n\t\t\t\t<div class=\"elementor-element elementor-element-1ebb8808 elementor-arrows-position-inside elementor-pagination-position-outside elementor-widget elementor-widget-image-carousel\" data-id=\"1ebb8808\" data-element_type=\"widget\" data-settings=\"{&quot;slides_to_show&quot;:&quot;1&quot;,&quot;navigation&quot;:&quot;both&quot;,&quot;autoplay&quot;:&quot;yes&quot;,&quot;pause_on_hover&quot;:&quot;yes&quot;,&quot;pause_on_interaction&quot;:&quot;yes&quot;,&quot;autoplay_speed&quot;:5000,&quot;infinite&quot;:&quot;yes&quot;,&quot;effect&quot;:&quot;slide&quot;,&quot;speed&quot;:500}\" data-widget_type=\"image-carousel.default\">\n\t\t\t\t<div class=\"elementor-widget-container\">\n\t\t\t\t\t\t\t<div class=\"elementor-image-carousel-wrapper swiper\" role=\"region\" aria-roledescription=\"carousel\" aria-label=\"Carrousel d&#039;images\" dir=\"ltr\">\n\t\t\t<div class=\"elementor-image-carousel swiper-wrapper swiper-image-stretch\" aria-live=\"off\">\n\t\t\t\t\t\t\t\t<div class=\"swiper-slide\" role=\"group\" aria-roledescription=\"slide\" aria-label=\"1 sur 2\"><figure class=\"swiper-slide-inner\"><img decoding=\"async\" class=\"swiper-slide-image\" src=\"https:\/\/konferenztechnik.de\/wp-content\/uploads\/2017\/03\/dolmetscherpult-mieten-1.jpg\" alt=\"location de pupitres d&#039;interpr\u00e9tation\" title=\"\"><\/figure><\/div><div class=\"swiper-slide\" role=\"group\" aria-roledescription=\"slide\" aria-label=\"2 sur 2\"><figure class=\"swiper-slide-inner\"><img decoding=\"async\" class=\"swiper-slide-image\" src=\"https:\/\/konferenztechnik.de\/wp-content\/uploads\/2017\/03\/dolmetscherkabine-fuehrungsanlage-mieten-1.jpg\" alt=\"location de cabines d&#039;interpr\u00e9tation et de guides interpr\u00e8tes\" title=\"\"><\/figure><\/div>\t\t\t<\/div>\n\t\t\t\t\t\t\t\t\t\t\t\t<div class=\"elementor-swiper-button elementor-swiper-button-prev\" role=\"button\" tabindex=\"0\">\n\t\t\t\t\t\t<svg aria-hidden=\"true\" class=\"e-font-icon-svg e-eicon-chevron-left\" viewbox=\"0 0 1000 1000\" xmlns=\"http:\/\/www.w3.org\/2000\/svg\"><path d=\"M646 125C629 125 613 133 604 142L308 442C296 454 292 471 292 487 292 504 296 521 308 533L604 854C617 867 629 875 646 875 663 875 679 871 692 858 704 846 713 829 713 812 713 796 708 779 692 767L438 487 692 225C700 217 708 204 708 187 708 171 704 154 692 142 675 129 663 125 646 125Z\"><\/path><\/svg>\t\t\t\t\t<\/div>\n\t\t\t\t\t<div class=\"elementor-swiper-button elementor-swiper-button-next\" role=\"button\" tabindex=\"0\">\n\t\t\t\t\t\t<svg aria-hidden=\"true\" class=\"e-font-icon-svg e-eicon-chevron-right\" viewbox=\"0 0 1000 1000\" xmlns=\"http:\/\/www.w3.org\/2000\/svg\"><path d=\"M696 533C708 521 713 504 713 487 713 471 708 454 696 446L400 146C388 133 375 125 354 125 338 125 325 129 313 142 300 154 292 171 292 187 292 204 296 221 308 233L563 492 304 771C292 783 288 800 288 817 288 833 296 850 308 863 321 871 338 875 354 875 371 875 388 867 400 854L696 533Z\"><\/path><\/svg>\t\t\t\t\t<\/div>\n\t\t\t\t\n\t\t\t\t\t\t\t\t\t<div class=\"swiper-pagination\"><\/div>\n\t\t\t\t\t\t\t\t\t<\/div>\n\t\t\t\t\t\t<\/div>\n\t\t\t\t<\/div>\n\t\t\t\t\t<\/div>\n\t\t\t\t<\/div>\n\t\t\t\t<\/div>\n\t\t<\/div>\n\t\t\t\t\t\t<\/div>\n\t\t\t\t<\/div>\n\t\t\t\t<div class=\"elementor-element elementor-element-52f41ce8 elementor-widget__width-initial elementor-widget elementor-widget-text-editor\" data-id=\"52f41ce8\" data-element_type=\"widget\" data-widget_type=\"text-editor.default\">\n\t\t\t\t<div class=\"elementor-widget-container\">\n\t\t\t\t\t\t\t\t\t<p>Qu'il s'agisse d'une conf\u00e9rence universitaire, d'un congr\u00e8s international, d'une r\u00e9union de conseil d'administration ou d'une audience de tribunal interpr\u00e9t\u00e9e : PCS fournit \u00e0 M\u00fcnster et \u00e0 ses environs des syst\u00e8mes de location dans le domaine de la technique d'interpr\u00e9tation. Le choix d'installations et d'appareils est tr\u00e8s large : il va des syst\u00e8mes complets dans le domaine de la technique d'interpr\u00e9tation aux cabines d'interpr\u00e9tation et aux mallettes de chuchotage, en passant par les pupitres et les cha\u00eenes de microphones. En outre, PCS propose \u00e9galement \u00e0 la location dans le M\u00fcnsterland des \u00e9quipements audio et vid\u00e9o professionnels tels que des syst\u00e8mes de sonorisation, des projecteurs ou des \u00e9crans.<\/p>\t\t\t\t\t\t\t\t<\/div>\n\t\t\t\t<\/div>\n\t\t\t\t<div class=\"elementor-element elementor-element-379dc993 elementor-widget__width-initial elementor-widget elementor-widget-heading\" data-id=\"379dc993\" data-element_type=\"widget\" data-settings=\"{&quot;_animation&quot;:&quot;none&quot;}\" data-widget_type=\"heading.default\">\n\t\t\t\t<div class=\"elementor-widget-container\">\n\t\t\t\t\t<h2 class=\"elementor-heading-title elementor-size-default\">Technique d'interpr\u00e9tation \u2013 Syst\u00e8mes de marque pour le M\u00fcnsterland<\/h2>\t\t\t\t<\/div>\n\t\t\t\t<\/div>\n\t\t\t\t<div class=\"elementor-element elementor-element-387fdcd7 elementor-widget__width-inherit elementor-widget elementor-widget-text-editor\" data-id=\"387fdcd7\" data-element_type=\"widget\" data-widget_type=\"text-editor.default\">\n\t\t\t\t<div class=\"elementor-widget-container\">\n\t\t\t\t\t\t\t\t\t<p>Pour la location de mat\u00e9riel d'interpr\u00e9tation, PCS mise avant tout sur des fabricants de marque. On loue par exemple le syst\u00e8me complet Bosch DCN NG avec plus de 31 canaux d'interpr\u00e9tation et une langue de salle. Comme presque toutes les installations mises \u00e0 disposition par PCS \u00e0 M\u00fcnster, ce syst\u00e8me s'int\u00e8gre sans probl\u00e8me dans les syst\u00e8mes de sonorisation existants des fabricants courants. Il se caract\u00e9rise en outre par une extension facile du syst\u00e8me. Les cabines d'interpr\u00e9tation lou\u00e9es par PCS dans la r\u00e9gion de M\u00fcnster proviennent d'Audipack. Les installations de chuchotage pour l'interpr\u00e9tation simultan\u00e9e propos\u00e9es \u00e0 M\u00fcnster sont principalement le syst\u00e8me de visite guid\u00e9e Synexis de Beyerdynamic et le syst\u00e8me num\u00e9rique Tourguide 2020-D de Sennheiser. <br \/><br \/>Toutes les installations lou\u00e9es par PCS \u00e0 M\u00fcnster ont en commun d'\u00eatre nettoy\u00e9es de mani\u00e8re hygi\u00e9nique et soumises \u00e0 un test de fonctionnement \u00e0 100 % avant leur livraison. En outre, les installations sont bien entendu entretenues en permanence de mani\u00e8re professionnelle par les techniciens de PCS et contr\u00f4l\u00e9es \u00e0 intervalles r\u00e9guliers par le BGV A3. <\/p>\t\t\t\t\t\t\t\t<\/div>\n\t\t\t\t<\/div>\n\t\t\t\t<div class=\"elementor-element elementor-element-949fcb0 elementor-widget__width-initial elementor-widget elementor-widget-heading\" data-id=\"949fcb0\" data-element_type=\"widget\" data-settings=\"{&quot;_animation&quot;:&quot;none&quot;}\" data-widget_type=\"heading.default\">\n\t\t\t\t<div class=\"elementor-widget-container\">\n\t\t\t\t\t<h2 class=\"elementor-heading-title elementor-size-default\">L'accessibilit\u00e9 comme nouveau domaine d'application<\/h2>\t\t\t\t<\/div>\n\t\t\t\t<\/div>\n\t\t\t\t<div class=\"elementor-element elementor-element-2c02b08 elementor-widget__width-inherit elementor-widget elementor-widget-text-editor\" data-id=\"2c02b08\" data-element_type=\"widget\" data-widget_type=\"text-editor.default\">\n\t\t\t\t<div class=\"elementor-widget-container\">\n\t\t\t\t\t\t\t\t\t<p>La technique d'interpr\u00e9tation lou\u00e9e par PCS est utilis\u00e9e \u00e0 M\u00fcnster, entre autres, lors de manifestations organis\u00e9es au centre d'exposition et de congr\u00e8s Halle M\u00fcnsterland. Outre les congr\u00e8s et les conf\u00e9rences multilingues, l'accessibilit\u00e9 est un domaine d'application relativement nouveau de la technique d'interpr\u00e9tation, qui prend de plus en plus d'importance \u00e0 M\u00fcnster \u00e9galement. L'utilisation de la technique d'interpr\u00e9tation permet surtout aux personnes ayant une capacit\u00e9 auditive r\u00e9duite de participer \u00e0 des manifestations culturelles ou \u00e0 des d\u00e9bats sur un pied d'\u00e9galit\u00e9. Par exemple, une boucle d'induction permet de transmettre un signal de haut-parleur directement aux appareils auditifs \u2013 que ce soit le son original de la salle ou un canal d'interpr\u00e9tation. <br \/><br \/>La location de mat\u00e9riel d'interpr\u00e9tation s'accompagne \u00e9galement \u00e0 M\u00fcnster d'une offre vari\u00e9e de services annexes, dont certains sont gratuits. Ainsi, d\u00e8s la premi\u00e8re demande, les planificateurs de projets de PCS aident leurs clients de M\u00fcnster \u00e0 planifier leur manifestation et \u00e0 choisir les syst\u00e8mes les mieux adapt\u00e9s \u00e0 leurs besoins. Sur demande, PCS livre des syst\u00e8mes d'interpr\u00e9tation et des installations simultan\u00e9es de toutes tailles directement sur les lieux de la manifestation dans le M\u00fcnsterland. Les techniciens PCS installent les syst\u00e8mes sur place et les \u2013 int\u00e8grent si n\u00e9cessaire dans la technique audiovisuelle existante. L'encadrement technique de l'ensemble d'un \u00e9v\u00e9nement par les collaborateurs form\u00e9s de PCS est une autre offre en rapport avec la location de mat\u00e9riel d'interpr\u00e9tation \u00e0 M\u00fcnster. <br \/><br \/>M\u00fcnster et ses environs sont desservis par le si\u00e8ge de PCS \u00e0 D\u00fcsseldorf. Nos collaborateurs se tiennent \u00e0 votre disposition pour toute question relative \u00e0 la technique d'interpr\u00e9tation.<\/p>\t\t\t\t\t\t\t\t<\/div>\n\t\t\t\t<\/div>\n\t\t\t\t<div class=\"elementor-element elementor-element-4128abf3 elementor-widget__width-initial elementor-widget elementor-widget-heading\" data-id=\"4128abf3\" data-element_type=\"widget\" data-settings=\"{&quot;_animation&quot;:&quot;none&quot;}\" data-widget_type=\"heading.default\">\n\t\t\t\t<div class=\"elementor-widget-container\">\n\t\t\t\t\t<h2 class=\"elementor-heading-title elementor-size-default\">Location de mat\u00e9riel d'interpr\u00e9tation \u00e0 M\u00fcnster<\/h2>\t\t\t\t<\/div>\n\t\t\t\t<\/div>\n\t\t\t\t<div class=\"elementor-element elementor-element-789525d1 elementor-widget elementor-widget-eael-adv-accordion\" data-id=\"789525d1\" data-element_type=\"widget\" data-widget_type=\"eael-adv-accordion.default\">\n\t\t\t\t<div class=\"elementor-widget-container\">\n\t\t\t\t\t            <div class=\"eael-adv-accordion\" id=\"eael-adv-accordion-789525d1\" data-scroll-on-click=\"no\" data-scroll-speed=\"300\" data-accordion-id=\"789525d1\" data-accordion-type=\"accordion\" data-toogle-speed=\"300\">\n            <div class=\"eael-accordion-list\">\n\t\t\t\t\t<div id=\"veranstaltungsorte-fr-events-und-kongresse-in-mnster\" class=\"elementor-tab-title eael-accordion-header\" tabindex=\"0\" data-tab=\"1\" aria-controls=\"elementor-tab-content-2021\"><span class=\"eael-advanced-accordion-icon-closed\"><svg aria-hidden=\"true\" class=\"fa-accordion-icon e-font-icon-svg e-fas-plus\" viewbox=\"0 0 448 512\" xmlns=\"http:\/\/www.w3.org\/2000\/svg\"><path d=\"M416 208H272V64c0-17.67-14.33-32-32-32h-32c-17.67 0-32 14.33-32 32v144H32c-17.67 0-32 14.33-32 32v32c0 17.67 14.33 32 32 32h144v144c0 17.67 14.33 32 32 32h32c17.67 0 32-14.33 32-32V304h144c17.67 0 32-14.33 32-32v-32c0-17.67-14.33-32-32-32z\"><\/path><\/svg><\/span><span class=\"eael-advanced-accordion-icon-opened\"><svg aria-hidden=\"true\" class=\"fa-accordion-icon e-font-icon-svg e-fas-minus\" viewbox=\"0 0 448 512\" xmlns=\"http:\/\/www.w3.org\/2000\/svg\"><path d=\"M416 208H32c-17.67 0-32 14.33-32 32v32c0 17.67 14.33 32 32 32h384c17.67 0 32-14.33 32-32v-32c0-17.67-14.33-32-32-32z\"><\/path><\/svg><\/span><span class=\"eael-accordion-tab-title\">Lieux de r\u00e9union pour \u00e9v\u00e9nements et congr\u00e8s \u00e0 M\u00fcnster<\/span><svg aria-hidden=\"true\" class=\"fa-toggle e-font-icon-svg e-fas-angle-right\" viewbox=\"0 0 256 512\" xmlns=\"http:\/\/www.w3.org\/2000\/svg\"><path d=\"M224.3 273l-136 136c-9.4 9.4-24.6 9.4-33.9 0l-22.6-22.6c-9.4-9.4-9.4-24.6 0-33.9l96.4-96.4-96.4-96.4c-9.4-9.4-9.4-24.6 0-33.9L54.3 103c9.4-9.4 24.6-9.4 33.9 0l136 136c9.5 9.4 9.5 24.6.1 34z\"><\/path><\/svg><\/div><div id=\"elementor-tab-content-2021\" class=\"eael-accordion-content clearfix\" data-tab=\"1\" aria-labelledby=\"veranstaltungsorte-fr-events-und-kongresse-in-mnster\"><ul><li>Centre d'exposition et de congr\u00e8s Halle M\u00fcnsterland \u2013 MCC<\/li><li>Salle municipale de Hiltrup<\/li><li>Universit\u00e9 westphalienne Wilhelms de M\u00fcnster<\/li><li>Universit\u00e9 des sciences appliqu\u00e9es de M\u00fcnster \u2013 Centre des hautes \u00e9tudes sp\u00e9cialis\u00e9es (FHZ)<\/li><li>Ch\u00e2teau de M\u00fcnster<\/li><li>Campus de Steinfurt<\/li><li>H\u00fcfferstiftung<\/li><li>Autohaus Siemon M\u00fcnster<\/li><\/ul><\/div>\n\t\t\t\t\t<\/div><div class=\"eael-accordion-list\">\n\t\t\t\t\t<div id=\"die-wichtigsten-veranstaltungshotels-in-mnster\" class=\"elementor-tab-title eael-accordion-header\" tabindex=\"0\" data-tab=\"2\" aria-controls=\"elementor-tab-content-2022\"><span class=\"eael-advanced-accordion-icon-closed\"><svg aria-hidden=\"true\" class=\"fa-accordion-icon e-font-icon-svg e-fas-plus\" viewbox=\"0 0 448 512\" xmlns=\"http:\/\/www.w3.org\/2000\/svg\"><path d=\"M416 208H272V64c0-17.67-14.33-32-32-32h-32c-17.67 0-32 14.33-32 32v144H32c-17.67 0-32 14.33-32 32v32c0 17.67 14.33 32 32 32h144v144c0 17.67 14.33 32 32 32h32c17.67 0 32-14.33 32-32V304h144c17.67 0 32-14.33 32-32v-32c0-17.67-14.33-32-32-32z\"><\/path><\/svg><\/span><span class=\"eael-advanced-accordion-icon-opened\"><svg aria-hidden=\"true\" class=\"fa-accordion-icon e-font-icon-svg e-fas-minus\" viewbox=\"0 0 448 512\" xmlns=\"http:\/\/www.w3.org\/2000\/svg\"><path d=\"M416 208H32c-17.67 0-32 14.33-32 32v32c0 17.67 14.33 32 32 32h384c17.67 0 32-14.33 32-32v-32c0-17.67-14.33-32-32-32z\"><\/path><\/svg><\/span><span class=\"eael-accordion-tab-title\">Les principaux h\u00f4tels \u00e9v\u00e9nementiels de M\u00fcnster<\/span><svg aria-hidden=\"true\" class=\"fa-toggle e-font-icon-svg e-fas-angle-right\" viewbox=\"0 0 256 512\" xmlns=\"http:\/\/www.w3.org\/2000\/svg\"><path d=\"M224.3 273l-136 136c-9.4 9.4-24.6 9.4-33.9 0l-22.6-22.6c-9.4-9.4-9.4-24.6 0-33.9l96.4-96.4-96.4-96.4c-9.4-9.4-9.4-24.6 0-33.9L54.3 103c9.4-9.4 24.6-9.4 33.9 0l136 136c9.5 9.4 9.5 24.6.1 34z\"><\/path><\/svg><\/div><div id=\"elementor-tab-content-2022\" class=\"eael-accordion-content clearfix\" data-tab=\"2\" aria-labelledby=\"die-wichtigsten-veranstaltungshotels-in-mnster\"><ul><li>H\u00f4tel Factory<\/li><li>DRK H\u00f4tel de congr\u00e8s Dunant<\/li><li>H\u00f4tel de congr\u00e8s Tryp de M\u00fcnster<\/li><li>Agora au bord du lac Aasee<\/li><li>H\u00f4tel de ville de M\u00fcnster<\/li><li>H\u00f4tel M\u00f6venpick M\u00fcnster<\/li><li>H\u00f4tel Kaiserhof M\u00fcnster<\/li><li>Best Western Premier<\/li><li>H\u00f4tel du lac Krautkr\u00e4mer<\/li><li>Ringhotel Landhaus Eggert<\/li><li>H\u00f4tel de campagne Beverland<\/li><li>H\u00f4tel-Restaurant Clemens-August (Ascheberg)<\/li><\/ul><\/div>\n\t\t\t\t\t<\/div><div class=\"eael-accordion-list\">\n\t\t\t\t\t<div id=\"die-wichtigsten-messetermine-in-mnster\" class=\"elementor-tab-title eael-accordion-header\" tabindex=\"0\" data-tab=\"3\" aria-controls=\"elementor-tab-content-2023\"><span class=\"eael-advanced-accordion-icon-closed\"><svg aria-hidden=\"true\" class=\"fa-accordion-icon e-font-icon-svg e-fas-plus\" viewbox=\"0 0 448 512\" xmlns=\"http:\/\/www.w3.org\/2000\/svg\"><path d=\"M416 208H272V64c0-17.67-14.33-32-32-32h-32c-17.67 0-32 14.33-32 32v144H32c-17.67 0-32 14.33-32 32v32c0 17.67 14.33 32 32 32h144v144c0 17.67 14.33 32 32 32h32c17.67 0 32-14.33 32-32V304h144c17.67 0 32-14.33 32-32v-32c0-17.67-14.33-32-32-32z\"><\/path><\/svg><\/span><span class=\"eael-advanced-accordion-icon-opened\"><svg aria-hidden=\"true\" class=\"fa-accordion-icon e-font-icon-svg e-fas-minus\" viewbox=\"0 0 448 512\" xmlns=\"http:\/\/www.w3.org\/2000\/svg\"><path d=\"M416 208H32c-17.67 0-32 14.33-32 32v32c0 17.67 14.33 32 32 32h384c17.67 0 32-14.33 32-32v-32c0-17.67-14.33-32-32-32z\"><\/path><\/svg><\/span><span class=\"eael-accordion-tab-title\">Les dates des principaux salons \u00e0 M\u00fcnster<\/span><svg aria-hidden=\"true\" class=\"fa-toggle e-font-icon-svg e-fas-angle-right\" viewbox=\"0 0 256 512\" xmlns=\"http:\/\/www.w3.org\/2000\/svg\"><path d=\"M224.3 273l-136 136c-9.4 9.4-24.6 9.4-33.9 0l-22.6-22.6c-9.4-9.4-9.4-24.6 0-33.9l96.4-96.4-96.4-96.4c-9.4-9.4-9.4-24.6 0-33.9L54.3 103c9.4-9.4 24.6-9.4 33.9 0l136 136c9.5 9.4 9.5 24.6.1 34z\"><\/path><\/svg><\/div><div id=\"elementor-tab-content-2023\" class=\"eael-accordion-content clearfix\" data-tab=\"3\" aria-labelledby=\"die-wichtigsten-messetermine-in-mnster\"><ul><li>IAF \u2013 Exposition internationale de la technologie du ch\u00e2ssis<\/li><li>salon de l'emploi m\u00fcnsterland<\/li><li>Week-end du tatouage Starfire \u00e0 M\u00fcnster<\/li><li>LAB-SUPPLY M\u00fcnster<\/li><li>Forum VIA M\u00fcnster<\/li><li>COLERtechnika<\/li><li>Cannelle &amp; \u00e9toiles<\/li><li>LADYLIKE M\u00fcnster<\/li><li>JuBi M\u00fcnster \u2013 Le salon de la formation des jeunes<\/li><li>DOGLIVE, MASTER AND MORE Salon de M\u00fcnster<\/li><li>BACHELOR AND MORE Salon de M\u00fcnster<\/li><li>HORIZON M\u00fcnster<\/li><li>Foire Art &amp; Antik M\u00fcnster<\/li><li>Construire &amp; habiter M\u00fcnster<\/li><li>TEDDYB\u00c4R TOTAL M\u00fcnster<\/li><li>vocatium M\u00fcnsterland<\/li><li>Station-service &amp; PME<\/li><li>Journ\u00e9es des entrepreneurs AGRAR<\/li><li>Congr\u00e8s sur le diab\u00e8te, Ipomex<\/li><li>Journ\u00e9es de la construction en bois<\/li><li>mobil &amp; fit M\u00fcnster<\/li><li>Journ\u00e9es de M\u00fcnster sur la gestion des d\u00e9chets<\/li><li>WLAT M\u00fcnster<\/li><\/ul><\/div>\n\t\t\t\t\t<\/div><\/div>\t\t\t\t<\/div>\n\t\t\t\t<\/div>\n\t\t\t\t\t<\/div>\n\t\t\t\t<\/div>\n\t\t<div data-particle_enable=\"false\" data-particle-mobile-disabled=\"false\" class=\"elementor-element elementor-element-3388e556 e-flex e-con-boxed e-con e-parent\" data-id=\"3388e556\" data-element_type=\"container\">\n\t\t\t\t\t<div class=\"e-con-inner\">\n\t\t\t\t<div class=\"elementor-element elementor-element-4ec90981 elementor-widget elementor-widget-shortcode\" data-id=\"4ec90981\" data-element_type=\"widget\" data-widget_type=\"shortcode.default\">\n\t\t\t\t<div class=\"elementor-widget-container\">\n\t\t\t\t\t\t\t<div class=\"elementor-shortcode\"><\/div>\n\t\t\t\t\t\t<\/div>\n\t\t\t\t<\/div>\n\t\t\t\t\t<\/div>\n\t\t\t\t<\/div>\n\t\t\t\t<\/div>","protected":false},"excerpt":{"rendered":"<p>Dolmetschertechnik mieten M\u00fcnster \u2013 Vermietung von Dolmetscheranlagen im M\u00fcnsterland Schnelle Angebote, professionelle Betreuung, gro\u00dfe Auswahl an Technik Dolmetschtechnik und Konferenztechnik in M\u00fcnster mieten Ob akademische Fachtagung, internationaler Kongress, Vorstandsmeeting oder gedolmetschte Gerichtsverhandlung: PCS versorgt M\u00fcnster und seine Umgebung mit Miet-Systemen im Bereich Dolmetschertechnik. Die Auswahl an verschiedenen Anlagen und Ger\u00e4ten ist \u00fcberaus breit gestreut: Sie [&hellip;]<\/p>","protected":false},"author":1,"featured_media":45482,"parent":0,"menu_order":0,"comment_status":"closed","ping_status":"closed","template":"","meta":{"_acf_changed":false,"footnotes":""},"class_list":["post-11850","page","type-page","status-publish","has-post-thumbnail","hentry"],"acf":[],"_links":{"self":[{"href":"https:\/\/konferenztechnik.de\/fr\/wp-json\/wp\/v2\/pages\/11850","targetHints":{"allow":["GET"]}}],"collection":[{"href":"https:\/\/konferenztechnik.de\/fr\/wp-json\/wp\/v2\/pages"}],"about":[{"href":"https:\/\/konferenztechnik.de\/fr\/wp-json\/wp\/v2\/types\/page"}],"author":[{"embeddable":true,"href":"https:\/\/konferenztechnik.de\/fr\/wp-json\/wp\/v2\/users\/1"}],"replies":[{"embeddable":true,"href":"https:\/\/konferenztechnik.de\/fr\/wp-json\/wp\/v2\/comments?post=11850"}],"version-history":[{"count":0,"href":"https:\/\/konferenztechnik.de\/fr\/wp-json\/wp\/v2\/pages\/11850\/revisions"}],"wp:featuredmedia":[{"embeddable":true,"href":"https:\/\/konferenztechnik.de\/fr\/wp-json\/wp\/v2\/media\/45482"}],"wp:attachment":[{"href":"https:\/\/konferenztechnik.de\/fr\/wp-json\/wp\/v2\/media?parent=11850"}],"curies":[{"name":"wp","href":"https:\/\/api.w.org\/{rel}","templated":true}]}}