{"id":11972,"date":"2017-11-21T17:06:48","date_gmt":"2017-11-21T15:06:48","guid":{"rendered":"https:\/\/www.konferenztechnik.de\/?page_id=11972"},"modified":"2023-10-04T13:26:06","modified_gmt":"2023-10-04T11:26:06","slug":"louer-des-pupitres-a-munich","status":"publish","type":"page","link":"https:\/\/konferenztechnik.de\/fr\/louer-des-pupitres-a-munich\/","title":{"rendered":"Location de panneaux d'affichage \u00e0 Munich"},"content":{"rendered":"<div data-elementor-type=\"wp-page\" data-elementor-id=\"11972\" class=\"elementor elementor-11972\" data-elementor-post-type=\"page\">\n\t\t\t\t<div data-particle_enable=\"false\" data-particle-mobile-disabled=\"false\" class=\"elementor-element elementor-element-11dbbeec e-flex e-con-boxed e-con e-parent\" data-id=\"11dbbeec\" data-element_type=\"container\">\n\t\t\t\t\t<div class=\"e-con-inner\">\n\t\t\t\t<div class=\"elementor-element elementor-element-266a7205 elementor-widget elementor-widget-heading\" data-id=\"266a7205\" data-element_type=\"widget\" data-settings=\"{&quot;_animation&quot;:&quot;none&quot;}\" data-widget_type=\"heading.default\">\n\t\t\t\t<div class=\"elementor-widget-container\">\n\t\t\t\t\t<h1 class=\"elementor-heading-title elementor-size-default\">Location de pupitres \u00e0 Munich : Location de microphones de table, de syst\u00e8mes de conf\u00e9rence et d'installations de discussion sur notre site d'entreprise \u00e0 Munich <\/h1>\t\t\t\t<\/div>\n\t\t\t\t<\/div>\n\t\t\t\t<div class=\"elementor-element elementor-element-11fa4d01 elementor-widget-widescreen__width-inherit elementor-widget elementor-widget-image\" data-id=\"11fa4d01\" data-element_type=\"widget\" data-widget_type=\"image.default\">\n\t\t\t\t<div class=\"elementor-widget-container\">\n\t\t\t\t\t\t\t\t\t\t\t\t\t\t\t<img fetchpriority=\"high\" decoding=\"async\" width=\"850\" height=\"411\" src=\"https:\/\/konferenztechnik.de\/wp-content\/uploads\/2017\/03\/veranstaltungstechnik-muenchen.jpg\" class=\"attachment-full size-full wp-image-9678\" alt=\"\" srcset=\"https:\/\/konferenztechnik.de\/wp-content\/uploads\/2017\/03\/veranstaltungstechnik-muenchen.jpg 850w, https:\/\/konferenztechnik.de\/wp-content\/uploads\/2017\/03\/veranstaltungstechnik-muenchen-300x145.jpg 300w, https:\/\/konferenztechnik.de\/wp-content\/uploads\/2017\/03\/veranstaltungstechnik-muenchen-768x371.jpg 768w\" sizes=\"(max-width: 850px) 100vw, 850px\" title=\"\">\t\t\t\t\t\t\t\t\t\t\t\t\t\t\t<\/div>\n\t\t\t\t<\/div>\n\t\t<div data-particle_enable=\"false\" data-particle-mobile-disabled=\"false\" class=\"elementor-element elementor-element-11cbb448 e-flex e-con-boxed e-con e-child\" data-id=\"11cbb448\" data-element_type=\"container\">\n\t\t\t\t\t<div class=\"e-con-inner\">\n\t\t\t\t<div class=\"elementor-element elementor-element-7e60278b elementor-align-left elementor-widget elementor-widget-button\" data-id=\"7e60278b\" data-element_type=\"widget\" data-widget_type=\"button.default\">\n\t\t\t\t<div class=\"elementor-widget-container\">\n\t\t\t\t\t\t\t\t\t<div class=\"elementor-button-wrapper\">\n\t\t\t\t\t<a class=\"elementor-button elementor-button-link elementor-size-lg\" href=\"#serviceteam\">\n\t\t\t\t\t\t<span class=\"elementor-button-content-wrapper\">\n\t\t\t\t\t\t<span class=\"elementor-button-icon\">\n\t\t\t\t<svg aria-hidden=\"true\" class=\"e-font-icon-svg e-far-arrow-alt-circle-down\" viewbox=\"0 0 512 512\" xmlns=\"http:\/\/www.w3.org\/2000\/svg\"><path d=\"M256 8C119 8 8 119 8 256s111 248 248 248 248-111 248-248S393 8 256 8zm0 448c-110.5 0-200-89.5-200-200S145.5 56 256 56s200 89.5 200 200-89.5 200-200 200zm-32-316v116h-67c-10.7 0-16 12.9-8.5 20.5l99 99c4.7 4.7 12.3 4.7 17 0l99-99c7.6-7.6 2.2-20.5-8.5-20.5h-67V140c0-6.6-5.4-12-12-12h-40c-6.6 0-12 5.4-12 12z\"><\/path><\/svg>\t\t\t<\/span>\n\t\t\t\t\t\t\t\t\t<span class=\"elementor-button-text\">Demander maintenant<\/span>\n\t\t\t\t\t<\/span>\n\t\t\t\t\t<\/a>\n\t\t\t\t<\/div>\n\t\t\t\t\t\t\t\t<\/div>\n\t\t\t\t<\/div>\n\t\t\t\t\t<\/div>\n\t\t\t\t<\/div>\n\t\t<div data-particle_enable=\"false\" data-particle-mobile-disabled=\"false\" class=\"elementor-element elementor-element-6c5e8c32 e-flex e-con-boxed e-con e-child\" data-id=\"6c5e8c32\" data-element_type=\"container\">\n\t\t\t\t\t<div class=\"e-con-inner\">\n\t\t\t\t<div class=\"elementor-element elementor-element-12f78b01 elementor-widget elementor-widget-shortcode\" data-id=\"12f78b01\" data-element_type=\"widget\" data-widget_type=\"shortcode.default\">\n\t\t\t\t<div class=\"elementor-widget-container\">\n\t\t\t\t\t\t\t<div class=\"elementor-shortcode\">\t\t<div data-elementor-type=\"section\" data-elementor-id=\"37185\" class=\"elementor elementor-37185\" data-elementor-post-type=\"elementor_library\">\n\t\t\t<div data-particle_enable=\"false\" data-particle-mobile-disabled=\"false\" class=\"elementor-element elementor-element-26482db e-flex e-con-boxed e-con e-parent\" data-id=\"26482db\" data-element_type=\"container\">\n\t\t\t\t\t<div class=\"e-con-inner\">\n\t\t\t\t<div class=\"elementor-element elementor-element-d8130b9 elementor-widget__width-inherit elementor-widget elementor-widget-eael-post-list\" data-id=\"d8130b9\" data-element_type=\"widget\" data-settings=\"{&quot;_animation&quot;:&quot;none&quot;}\" data-widget_type=\"eael-post-list.default\">\n\t\t\t\t<div class=\"elementor-widget-container\">\n\t\t\t\t\t<div class=\"eael-post-list-container advanced layout-advanced\"><div class=\"eael-post-list-wrap\"><div class=\"eael-post-list-posts-wrap eael-post-appender eael-post-appender-d8130b9\"><div class=\"eael-post-list-post\"><div class=\"eael-post-list-post-inner\"><div class=\"eael-post-list-thumbnail\"><a href=\"https:\/\/konferenztechnik.de\/fr\/televic-confidea-g4-systeme-de-discussion\/\">\n                <img decoding=\"async\" src=\"https:\/\/konferenztechnik.de\/wp-content\/uploads\/2023\/06\/televic-confidea-g4-1.jpg\" alt=\"poste de conf\u00e9rence sans fil type Televic Confidea G4\" title=\"\">\n            <\/a><\/div><div class=\"eael-post-list-content\"><h3 class=\"eael-post-list-title\"><a href=\"https:\/\/konferenztechnik.de\/fr\/televic-confidea-g4-systeme-de-discussion\/\" >Televic Confidea G4 \u2013 Installation de discussion<\/a><\/h3><p>Le syst\u00e8me de conf\u00e9rence sans fil Confidea G4 est le pr\u00e9d\u00e9cesseur du syst\u00e8me Flex et...<\/p><a href=\"https:\/\/konferenztechnik.de\/fr\/televic-confidea-g4-systeme-de-discussion\/\" class=\"eael-post-elements-readmore-btn\" >\u203a plus<\/a><div class=\"boxed-meta\"><\/div><\/div><\/div><\/div><div class=\"eael-post-list-post\"><div class=\"eael-post-list-post-inner\"><div class=\"eael-post-list-thumbnail\"><a href=\"https:\/\/konferenztechnik.de\/fr\/shure-microflex-complete-systeme-de-discussion\/\">\n                <img decoding=\"async\" src=\"https:\/\/konferenztechnik.de\/wp-content\/uploads\/2023\/07\/shure-microflex-sprechstellen-jpg.webp\" alt=\"Poste d&#039;interphonie Shure de la s\u00e9rie Microflex\" title=\"\">\n            <\/a><\/div><div class=\"eael-post-list-content\"><h3 class=\"eael-post-list-title\"><a href=\"https:\/\/konferenztechnik.de\/fr\/shure-microflex-complete-systeme-de-discussion\/\" >Syst\u00e8me de discussion Shure Microflex Complete \u2013<\/a><\/h3><p>Le design moderne et sobre est esth\u00e9tique et discret et s'int\u00e8gre aussi bien...<\/p><a href=\"https:\/\/konferenztechnik.de\/fr\/shure-microflex-complete-systeme-de-discussion\/\" class=\"eael-post-elements-readmore-btn\" >\u203a plus<\/a><div class=\"boxed-meta\"><\/div><\/div><\/div><\/div><div class=\"eael-post-list-post\"><div class=\"eael-post-list-post-inner\"><div class=\"eael-post-list-thumbnail\"><a href=\"https:\/\/konferenztechnik.de\/fr\/televic-confidea-flex-systeme-de-discussion\/\">\n                <img decoding=\"async\" src=\"https:\/\/konferenztechnik.de\/wp-content\/uploads\/2022\/06\/televic-confidea-flex.jpg\" alt=\"Poste de conf\u00e9rence sans fil Televic Confidea Flex\" title=\"\">\n            <\/a><\/div><div class=\"eael-post-list-content\"><h3 class=\"eael-post-list-title\"><a href=\"https:\/\/konferenztechnik.de\/fr\/televic-confidea-flex-systeme-de-discussion\/\" >Televic Confidea Flex \u2013 Syst\u00e8me de discussion<\/a><\/h3><p>Le syst\u00e8me Confidea Flex s'adapte facilement \u00e0 de multiples sc\u00e9narios d'application. De la...<\/p><a href=\"https:\/\/konferenztechnik.de\/fr\/televic-confidea-flex-systeme-de-discussion\/\" class=\"eael-post-elements-readmore-btn\" >\u203a plus<\/a><div class=\"boxed-meta\"><\/div><\/div><\/div><\/div><div class=\"eael-post-list-post\"><div class=\"eael-post-list-post-inner\"><div class=\"eael-post-list-thumbnail\"><a href=\"https:\/\/konferenztechnik.de\/fr\/bosch-dicentis-installation-de-discussion\/\">\n                <img decoding=\"async\" src=\"https:\/\/konferenztechnik.de\/wp-content\/uploads\/2022\/06\/bosch-dicentis-sprechstelle.jpg\" alt=\"Poste de conf\u00e9rence Bosch Dicentis avec microphone \u00e0 col de cygne et un petit \u00e9cran pour l&#039;enregistrement d&#039;informations et de donn\u00e9es suppl\u00e9mentaires.\" title=\"\">\n            <\/a><\/div><div class=\"eael-post-list-content\"><h3 class=\"eael-post-list-title\"><a href=\"https:\/\/konferenztechnik.de\/fr\/bosch-dicentis-installation-de-discussion\/\" >Syst\u00e8me de discussion Bosch Dicentis \u2013<\/a><\/h3><p>Gr\u00e2ce \u00e0 sa grande flexibilit\u00e9 et \u00e0 sa facilit\u00e9 d'installation, le syst\u00e8me de conf\u00e9rence sans fil DICENTIS est...<\/p><a href=\"https:\/\/konferenztechnik.de\/fr\/bosch-dicentis-installation-de-discussion\/\" class=\"eael-post-elements-readmore-btn\" >\u203a plus<\/a><div class=\"boxed-meta\"><\/div><\/div><\/div><\/div><div class=\"eael-post-list-post\"><div class=\"eael-post-list-post-inner\"><div class=\"eael-post-list-thumbnail\"><a href=\"https:\/\/konferenztechnik.de\/fr\/sennheiser-adn-systeme-de-discussion\/\">\n                <img decoding=\"async\" src=\"https:\/\/konferenztechnik.de\/wp-content\/uploads\/2022\/06\/sennheiser-adn.jpg\" alt=\"Poste de conf\u00e9rence Sennheiser ADN sans fil\" title=\"\">\n            <\/a><\/div><div class=\"eael-post-list-content\"><h3 class=\"eael-post-list-title\"><a href=\"https:\/\/konferenztechnik.de\/fr\/sennheiser-adn-systeme-de-discussion\/\" >Sennheiser ADN \u2013 Syst\u00e8me de discussion<\/a><\/h3><p>Le syst\u00e8me de conf\u00e9rence ADN est \u00e9quip\u00e9 d'un syst\u00e8me efficace de suppression de l'effet Larsen. Il ...<\/p><a href=\"https:\/\/konferenztechnik.de\/fr\/sennheiser-adn-systeme-de-discussion\/\" class=\"eael-post-elements-readmore-btn\" >\u203a plus<\/a><div class=\"boxed-meta\"><\/div><\/div><\/div><\/div><div class=\"eael-post-list-post\"><div class=\"eael-post-list-post-inner\"><div class=\"eael-post-list-thumbnail\"><a href=\"https:\/\/konferenztechnik.de\/fr\/beyerdynamic-quinta-systeme-de-discussion\/\">\n                <img decoding=\"async\" src=\"https:\/\/konferenztechnik.de\/wp-content\/uploads\/2022\/06\/beyerdynamic-quinta.jpg\" alt=\"Poste de conf\u00e9rence Beyerdynamic Quinta, sans fil, avec microphone col de cygne\" title=\"\">\n            <\/a><\/div><div class=\"eael-post-list-content\"><h3 class=\"eael-post-list-title\"><a href=\"https:\/\/konferenztechnik.de\/fr\/beyerdynamic-quinta-systeme-de-discussion\/\" >Beyerdynamic Quinta \u2013 Syst\u00e8me de discussion<\/a><\/h3><p>Le syst\u00e8me Beyerdynamic Quinta est con\u00e7u pour les r\u00e9unions, les conf\u00e9rences, les vid\u00e9oconf\u00e9rences, les conf\u00e9rences de presse, les salles d'audience...<\/p><a href=\"https:\/\/konferenztechnik.de\/fr\/beyerdynamic-quinta-systeme-de-discussion\/\" class=\"eael-post-elements-readmore-btn\" >\u203a plus<\/a><div class=\"boxed-meta\"><\/div><\/div><\/div><\/div><div class=\"eael-post-list-post\"><div class=\"eael-post-list-post-inner\"><div class=\"eael-post-list-thumbnail\"><a href=\"https:\/\/konferenztechnik.de\/fr\/bosch-discussion-installation-de-discussion\/\">\n                <img decoding=\"async\" src=\"https:\/\/konferenztechnik.de\/wp-content\/uploads\/2023\/06\/bosch-discussion-NG.jpg\" alt=\"Poste d&#039;interphonie \u00e0 microphone Discussion Next Generation de Bosch avec s\u00e9lecteur de langue permettant d&#039;appeler les langues interpr\u00e9t\u00e9es sur le poste d&#039;interphonie\" title=\"\">\n            <\/a><\/div><div class=\"eael-post-list-content\"><h3 class=\"eael-post-list-title\"><a href=\"https:\/\/konferenztechnik.de\/fr\/bosch-discussion-installation-de-discussion\/\" >Bosch Discussion \u2013 Syst\u00e8me de discussion<\/a><\/h3><p>Les solutions de conf\u00e9rence DCN se distinguent par leur polyvalence et offrent un haut niveau d'audio...<\/p><a href=\"https:\/\/konferenztechnik.de\/fr\/bosch-discussion-installation-de-discussion\/\" class=\"eael-post-elements-readmore-btn\" >\u203a plus<\/a><div class=\"boxed-meta\"><\/div><\/div><\/div><\/div><div class=\"eael-post-list-post\"><div class=\"eael-post-list-post-inner\"><div class=\"eael-post-list-thumbnail\"><a href=\"https:\/\/konferenztechnik.de\/fr\/bosch-ccs-1000-d-installation-de-discussion\/\">\n                <img decoding=\"async\" src=\"https:\/\/konferenztechnik.de\/wp-content\/uploads\/2023\/06\/sennheiser-ccs-1000-d.jpg\" alt=\"Poste d&#039;interphonie microphonique de type Bosch CCS 1000 d\" title=\"\">\n            <\/a><\/div><div class=\"eael-post-list-content\"><h3 class=\"eael-post-list-title\"><a href=\"https:\/\/konferenztechnik.de\/fr\/bosch-ccs-1000-d-installation-de-discussion\/\" >BOSCH CCS 1000 D \u2013 Syst\u00e8me de discussion<\/a><\/h3><p>Le CCS 1000 D convainc par sa simplicit\u00e9, sans pour autant renoncer aux innovations techniques...<\/p><a href=\"https:\/\/konferenztechnik.de\/fr\/bosch-ccs-1000-d-installation-de-discussion\/\" class=\"eael-post-elements-readmore-btn\" >\u203a plus<\/a><div class=\"boxed-meta\"><\/div><\/div><\/div><\/div><\/div><\/div>\n\t\t<\/div>\t\t\t\t<\/div>\n\t\t\t\t<\/div>\n\t\t\t\t\t<\/div>\n\t\t\t\t<\/div>\n\t\t\t\t<\/div>\n\t\t<\/div>\n\t\t\t\t\t\t<\/div>\n\t\t\t\t<\/div>\n\t\t\t\t\t<\/div>\n\t\t\t\t<\/div>\n\t\t\t\t\t<\/div>\n\t\t\t\t<\/div>\n\t\t<div data-particle_enable=\"false\" data-particle-mobile-disabled=\"false\" class=\"elementor-element elementor-element-5ac0ec95 e-flex e-con-boxed e-con e-parent\" data-id=\"5ac0ec95\" data-element_type=\"container\">\n\t\t\t\t\t<div class=\"e-con-inner\">\n\t\t\t\t<div class=\"elementor-element elementor-element-14989e5f elementor-widget__width-initial elementor-widget elementor-widget-text-editor\" data-id=\"14989e5f\" data-element_type=\"widget\" data-widget_type=\"text-editor.default\">\n\t\t\t\t<div class=\"elementor-widget-container\">\n\t\t\t\t\t\t\t\t\t<p>Entre la saucisse blanche et la bi\u00e8re blanche, le dirndl et le Lederhose, la capitale de la Bavi\u00e8re compte parmi les principales m\u00e9tropoles \u00e9conomiques d'Europe. PCS Konferenztechnik s'y est \u00e9galement \u00e9tabli et est sur place en ce qui concerne la technique de conf\u00e9rence, si vous souhaitez louer des installations de discussion pour votre congr\u00e8s ou votre conf\u00e9rence \u00e0 Munich. Louez chez nous des pupitres pour vos tables rondes ou commandez le package technique sans souci \u2013. Avec nous, PCS, vous avez un partenaire comp\u00e9tent et fiable \u00e0 vos c\u00f4t\u00e9s.<\/p><p>\u00a0<\/p><p>Qu'il s'agisse d'un congr\u00e8s, d'une r\u00e9union ou d'une assembl\u00e9e d'entreprise, \u2013 PCS Konferenztechnik assure une communication parfaite entre vos participants gr\u00e2ce \u00e0 ses postes d'interphonie. Et m\u00eame les groupes de discussion internationaux ne posent aucun probl\u00e8me avec nos pupitres, car ils disposent d'une prise casque avec s\u00e9lecteur de langue pour la traduction dans la langue du pays concern\u00e9.<\/p>\t\t\t\t\t\t\t\t<\/div>\n\t\t\t\t<\/div>\n\t\t\t\t<div class=\"elementor-element elementor-element-3d1ffeb3 elementor-widget__width-initial elementor-widget elementor-widget-heading\" data-id=\"3d1ffeb3\" data-element_type=\"widget\" data-settings=\"{&quot;_animation&quot;:&quot;none&quot;}\" data-widget_type=\"heading.default\">\n\t\t\t\t<div class=\"elementor-widget-container\">\n\t\t\t\t\t<h2 class=\"elementor-heading-title elementor-size-default\">Comment fonctionnent les postes d'interphonie et les syst\u00e8mes de conf\u00e9rence ?<\/h2>\t\t\t\t<\/div>\n\t\t\t\t<\/div>\n\t\t\t\t<div class=\"elementor-element elementor-element-55dbde0d elementor-widget elementor-widget-image\" data-id=\"55dbde0d\" data-element_type=\"widget\" data-widget_type=\"image.default\">\n\t\t\t\t<div class=\"elementor-widget-container\">\n\t\t\t\t\t\t\t\t\t\t\t\t\t\t\t<img decoding=\"async\" width=\"2550\" height=\"1074\" src=\"https:\/\/konferenztechnik.de\/wp-content\/uploads\/2023\/07\/sprechstellen-mieten-pcs-konferenztechnik-jpg.webp\" class=\"attachment-full size-full wp-image-37195\" alt=\"Vue sur une rang\u00e9e de tables de conf\u00e9rence pr\u00e9par\u00e9es pour une r\u00e9union, \u00e9quip\u00e9es de sous-mains, de boissons et de postes de conf\u00e9rence sans fil - tout semble pr\u00eat pour une conf\u00e9rence.\" srcset=\"https:\/\/konferenztechnik.de\/wp-content\/uploads\/2023\/07\/sprechstellen-mieten-pcs-konferenztechnik-jpg.webp 2550w, https:\/\/konferenztechnik.de\/wp-content\/uploads\/2023\/07\/sprechstellen-mieten-pcs-konferenztechnik-300x126.webp 300w, https:\/\/konferenztechnik.de\/wp-content\/uploads\/2023\/07\/sprechstellen-mieten-pcs-konferenztechnik-1024x431.webp 1024w, https:\/\/konferenztechnik.de\/wp-content\/uploads\/2023\/07\/sprechstellen-mieten-pcs-konferenztechnik-768x323.webp 768w, https:\/\/konferenztechnik.de\/wp-content\/uploads\/2023\/07\/sprechstellen-mieten-pcs-konferenztechnik-1536x647.webp 1536w, https:\/\/konferenztechnik.de\/wp-content\/uploads\/2023\/07\/sprechstellen-mieten-pcs-konferenztechnik-2048x863.webp 2048w, https:\/\/konferenztechnik.de\/wp-content\/uploads\/2023\/07\/sprechstellen-mieten-pcs-konferenztechnik-18x8.webp 18w\" sizes=\"(max-width: 2550px) 100vw, 2550px\" title=\"\">\t\t\t\t\t\t\t\t\t\t\t\t\t\t\t<\/div>\n\t\t\t\t<\/div>\n\t\t\t\t<div class=\"elementor-element elementor-element-729ef93d elementor-align-right elementor-mobile-align-center elementor-widget elementor-widget-button\" data-id=\"729ef93d\" data-element_type=\"widget\" data-widget_type=\"button.default\">\n\t\t\t\t<div class=\"elementor-widget-container\">\n\t\t\t\t\t\t\t\t\t<div class=\"elementor-button-wrapper\">\n\t\t\t\t\t<a class=\"elementor-button elementor-button-link elementor-size-lg\" href=\"#serviceteam\">\n\t\t\t\t\t\t<span class=\"elementor-button-content-wrapper\">\n\t\t\t\t\t\t<span class=\"elementor-button-icon\">\n\t\t\t\t<svg aria-hidden=\"true\" class=\"e-font-icon-svg e-far-arrow-alt-circle-down\" viewbox=\"0 0 512 512\" xmlns=\"http:\/\/www.w3.org\/2000\/svg\"><path d=\"M256 8C119 8 8 119 8 256s111 248 248 248 248-111 248-248S393 8 256 8zm0 448c-110.5 0-200-89.5-200-200S145.5 56 256 56s200 89.5 200 200-89.5 200-200 200zm-32-316v116h-67c-10.7 0-16 12.9-8.5 20.5l99 99c4.7 4.7 12.3 4.7 17 0l99-99c7.6-7.6 2.2-20.5-8.5-20.5h-67V140c0-6.6-5.4-12-12-12h-40c-6.6 0-12 5.4-12 12z\"><\/path><\/svg>\t\t\t<\/span>\n\t\t\t\t\t\t\t\t\t<span class=\"elementor-button-text\">Demander maintenant<\/span>\n\t\t\t\t\t<\/span>\n\t\t\t\t\t<\/a>\n\t\t\t\t<\/div>\n\t\t\t\t\t\t\t\t<\/div>\n\t\t\t\t<\/div>\n\t\t\t\t<div class=\"elementor-element elementor-element-78e83972 elementor-widget__width-inherit elementor-widget elementor-widget-text-editor\" data-id=\"78e83972\" data-element_type=\"widget\" data-widget_type=\"text-editor.default\">\n\t\t\t\t<div class=\"elementor-widget-container\">\n\t\t\t\t\t\t\t\t\t<p>Les postes d'interphonie, \u00e9galement appel\u00e9s microphones de table ou postes d'interphonie \u00e0 microphone, sont des installations de discussion qui assurent une meilleure intelligibilit\u00e9 de la parole. Les participants \u00e0 la discussion ont un microphone devant eux sur la table, qu'ils peuvent activer eux-m\u00eames lorsqu'ils souhaitent prendre la parole. Les pupitres assurent ainsi \u00e9galement une meilleure discipline de r\u00e9union. Outre les canaux d'interpr\u00e9tation pour l'\u00e9coute directe au poste d'interphonie, il existe, selon le mod\u00e8le de poste d'interphonie de table, toute une s\u00e9rie de fonctions sp\u00e9ciales telles que<\/p>\t\t\t\t\t\t\t\t<\/div>\n\t\t\t\t<\/div>\n\t\t\t\t<div class=\"elementor-element elementor-element-5180417 elementor-icon-list--layout-traditional elementor-list-item-link-full_width elementor-widget elementor-widget-icon-list\" data-id=\"5180417\" data-element_type=\"widget\" data-widget_type=\"icon-list.default\">\n\t\t\t\t<div class=\"elementor-widget-container\">\n\t\t\t\t\t\t\t<ul class=\"elementor-icon-list-items\">\n\t\t\t\t\t\t\t<li class=\"elementor-icon-list-item\">\n\t\t\t\t\t\t\t\t\t\t\t<a href=\"#\">\n\n\t\t\t\t\t\t\t\t\t\t\t\t<span class=\"elementor-icon-list-icon\">\n\t\t\t\t\t\t\t<svg aria-hidden=\"true\" class=\"e-font-icon-svg e-fas-check\" viewbox=\"0 0 512 512\" xmlns=\"http:\/\/www.w3.org\/2000\/svg\"><path d=\"M173.898 439.404l-166.4-166.4c-9.997-9.997-9.997-26.206 0-36.204l36.203-36.204c9.997-9.998 26.207-9.998 36.204 0L192 312.69 432.095 72.596c9.997-9.997 26.207-9.997 36.204 0l36.203 36.204c9.997 9.997 9.997 26.206 0 36.204l-294.4 294.401c-9.998 9.997-26.207 9.997-36.204-.001z\"><\/path><\/svg>\t\t\t\t\t\t<\/span>\n\t\t\t\t\t\t\t\t\t\t<span class=\"elementor-icon-list-text\">Cr\u00e9ation de listes de discours<\/span>\n\t\t\t\t\t\t\t\t\t\t\t<\/a>\n\t\t\t\t\t\t\t\t\t<\/li>\n\t\t\t\t\t\t\t\t<li class=\"elementor-icon-list-item\">\n\t\t\t\t\t\t\t\t\t\t\t<a href=\"#\">\n\n\t\t\t\t\t\t\t\t\t\t\t\t<span class=\"elementor-icon-list-icon\">\n\t\t\t\t\t\t\t<svg aria-hidden=\"true\" class=\"e-font-icon-svg e-fas-check\" viewbox=\"0 0 512 512\" xmlns=\"http:\/\/www.w3.org\/2000\/svg\"><path d=\"M173.898 439.404l-166.4-166.4c-9.997-9.997-9.997-26.206 0-36.204l36.203-36.204c9.997-9.998 26.207-9.998 36.204 0L192 312.69 432.095 72.596c9.997-9.997 26.207-9.997 36.204 0l36.203 36.204c9.997 9.997 9.997 26.206 0 36.204l-294.4 294.401c-9.998 9.997-26.207 9.997-36.204-.001z\"><\/path><\/svg>\t\t\t\t\t\t<\/span>\n\t\t\t\t\t\t\t\t\t\t<span class=\"elementor-icon-list-text\">Visualisation des participants actifs par un logiciel de contr\u00f4le<\/span>\n\t\t\t\t\t\t\t\t\t\t\t<\/a>\n\t\t\t\t\t\t\t\t\t<\/li>\n\t\t\t\t\t\t\t\t<li class=\"elementor-icon-list-item\">\n\t\t\t\t\t\t\t\t\t\t\t<a href=\"#\">\n\n\t\t\t\t\t\t\t\t\t\t\t\t<span class=\"elementor-icon-list-icon\">\n\t\t\t\t\t\t\t<svg aria-hidden=\"true\" class=\"e-font-icon-svg e-fas-check\" viewbox=\"0 0 512 512\" xmlns=\"http:\/\/www.w3.org\/2000\/svg\"><path d=\"M173.898 439.404l-166.4-166.4c-9.997-9.997-9.997-26.206 0-36.204l36.203-36.204c9.997-9.998 26.207-9.998 36.204 0L192 312.69 432.095 72.596c9.997-9.997 26.207-9.997 36.204 0l36.203 36.204c9.997 9.997 9.997 26.206 0 36.204l-294.4 294.401c-9.998 9.997-26.207 9.997-36.204-.001z\"><\/path><\/svg>\t\t\t\t\t\t<\/span>\n\t\t\t\t\t\t\t\t\t\t<span class=\"elementor-icon-list-text\">Donner la parole \u00e0 un animateur de d\u00e9bat<\/span>\n\t\t\t\t\t\t\t\t\t\t\t<\/a>\n\t\t\t\t\t\t\t\t\t<\/li>\n\t\t\t\t\t\t\t\t<li class=\"elementor-icon-list-item\">\n\t\t\t\t\t\t\t\t\t\t\t<a href=\"#\">\n\n\t\t\t\t\t\t\t\t\t\t\t\t<span class=\"elementor-icon-list-icon\">\n\t\t\t\t\t\t\t<svg aria-hidden=\"true\" class=\"e-font-icon-svg e-fas-check\" viewbox=\"0 0 512 512\" xmlns=\"http:\/\/www.w3.org\/2000\/svg\"><path d=\"M173.898 439.404l-166.4-166.4c-9.997-9.997-9.997-26.206 0-36.204l36.203-36.204c9.997-9.998 26.207-9.998 36.204 0L192 312.69 432.095 72.596c9.997-9.997 26.207-9.997 36.204 0l36.203 36.204c9.997 9.997 9.997 26.206 0 36.204l-294.4 294.401c-9.998 9.997-26.207 9.997-36.204-.001z\"><\/path><\/svg>\t\t\t\t\t\t<\/span>\n\t\t\t\t\t\t\t\t\t\t<span class=\"elementor-icon-list-text\">Enregistrement audio de la conf\u00e9rence<\/span>\n\t\t\t\t\t\t\t\t\t\t\t<\/a>\n\t\t\t\t\t\t\t\t\t<\/li>\n\t\t\t\t\t\t<\/ul>\n\t\t\t\t\t\t<\/div>\n\t\t\t\t<\/div>\n\t\t\t\t<div class=\"elementor-element elementor-element-05cd6e4 elementor-widget__width-inherit elementor-widget elementor-widget-text-editor\" data-id=\"05cd6e4\" data-element_type=\"widget\" data-widget_type=\"text-editor.default\">\n\t\t\t\t<div class=\"elementor-widget-container\">\n\t\t\t\t\t\t\t\t\t<p>Le signal microphone des postes d'interphonie peut \u00eatre reproduit par des haut-parleurs internes sur chaque poste d'interphonie lui-m\u00eame ou par un syst\u00e8me de sonorisation raccord\u00e9.<\/p><p>\u00a0<\/p><p>Vous pouvez louer les postes d'interphonie suivants aupr\u00e8s de PCS-Konferenztechnik :<\/p>\t\t\t\t\t\t\t\t<\/div>\n\t\t\t\t<\/div>\n\t\t\t\t<div class=\"elementor-element elementor-element-7348a255 elementor-icon-list--layout-traditional elementor-list-item-link-full_width elementor-widget elementor-widget-icon-list\" data-id=\"7348a255\" data-element_type=\"widget\" data-widget_type=\"icon-list.default\">\n\t\t\t\t<div class=\"elementor-widget-container\">\n\t\t\t\t\t\t\t<ul class=\"elementor-icon-list-items\">\n\t\t\t\t\t\t\t<li class=\"elementor-icon-list-item\">\n\t\t\t\t\t\t\t\t\t\t\t<a href=\"https:\/\/konferenztechnik.de\/fr\/bosch-dicentis-installation-de-discussion\/\">\n\n\t\t\t\t\t\t\t\t\t\t\t\t<span class=\"elementor-icon-list-icon\">\n\t\t\t\t\t\t\t<svg aria-hidden=\"true\" class=\"e-font-icon-svg e-fas-check\" viewbox=\"0 0 512 512\" xmlns=\"http:\/\/www.w3.org\/2000\/svg\"><path d=\"M173.898 439.404l-166.4-166.4c-9.997-9.997-9.997-26.206 0-36.204l36.203-36.204c9.997-9.998 26.207-9.998 36.204 0L192 312.69 432.095 72.596c9.997-9.997 26.207-9.997 36.204 0l36.203 36.204c9.997 9.997 9.997 26.206 0 36.204l-294.4 294.401c-9.998 9.997-26.207 9.997-36.204-.001z\"><\/path><\/svg>\t\t\t\t\t\t<\/span>\n\t\t\t\t\t\t\t\t\t\t<span class=\"elementor-icon-list-text\">Postes d'interphonie Bosch Dicentis \u2013 Syst\u00e8me de conf\u00e9rence sans fil<\/span>\n\t\t\t\t\t\t\t\t\t\t\t<\/a>\n\t\t\t\t\t\t\t\t\t<\/li>\n\t\t\t\t\t\t\t\t<li class=\"elementor-icon-list-item\">\n\t\t\t\t\t\t\t\t\t\t\t<a href=\"https:\/\/konferenztechnik.de\/fr\/televic-confidea-flex-systeme-de-discussion\/\">\n\n\t\t\t\t\t\t\t\t\t\t\t\t<span class=\"elementor-icon-list-icon\">\n\t\t\t\t\t\t\t<svg aria-hidden=\"true\" class=\"e-font-icon-svg e-fas-check\" viewbox=\"0 0 512 512\" xmlns=\"http:\/\/www.w3.org\/2000\/svg\"><path d=\"M173.898 439.404l-166.4-166.4c-9.997-9.997-9.997-26.206 0-36.204l36.203-36.204c9.997-9.998 26.207-9.998 36.204 0L192 312.69 432.095 72.596c9.997-9.997 26.207-9.997 36.204 0l36.203 36.204c9.997 9.997 9.997 26.206 0 36.204l-294.4 294.401c-9.998 9.997-26.207 9.997-36.204-.001z\"><\/path><\/svg>\t\t\t\t\t\t<\/span>\n\t\t\t\t\t\t\t\t\t\t<span class=\"elementor-icon-list-text\">Postes d'interphonie Televic Confidea Flex \u2013 Syst\u00e8me de conf\u00e9rence sans fil<\/span>\n\t\t\t\t\t\t\t\t\t\t\t<\/a>\n\t\t\t\t\t\t\t\t\t<\/li>\n\t\t\t\t\t\t\t\t<li class=\"elementor-icon-list-item\">\n\t\t\t\t\t\t\t\t\t\t\t<a href=\"https:\/\/konferenztechnik.de\/fr\/bosch-ccs-1000-d-installation-de-discussion\/\">\n\n\t\t\t\t\t\t\t\t\t\t\t\t<span class=\"elementor-icon-list-icon\">\n\t\t\t\t\t\t\t<svg aria-hidden=\"true\" class=\"e-font-icon-svg e-fas-check\" viewbox=\"0 0 512 512\" xmlns=\"http:\/\/www.w3.org\/2000\/svg\"><path d=\"M173.898 439.404l-166.4-166.4c-9.997-9.997-9.997-26.206 0-36.204l36.203-36.204c9.997-9.998 26.207-9.998 36.204 0L192 312.69 432.095 72.596c9.997-9.997 26.207-9.997 36.204 0l36.203 36.204c9.997 9.997 9.997 26.206 0 36.204l-294.4 294.401c-9.998 9.997-26.207 9.997-36.204-.001z\"><\/path><\/svg>\t\t\t\t\t\t<\/span>\n\t\t\t\t\t\t\t\t\t\t<span class=\"elementor-icon-list-text\">BOSCH CCS 1000 D \u2013 Syst\u00e8me de discussion<\/span>\n\t\t\t\t\t\t\t\t\t\t\t<\/a>\n\t\t\t\t\t\t\t\t\t<\/li>\n\t\t\t\t\t\t\t\t<li class=\"elementor-icon-list-item\">\n\t\t\t\t\t\t\t\t\t\t\t<a href=\"https:\/\/konferenztechnik.de\/fr\/bosch-discussion-installation-de-discussion\/\">\n\n\t\t\t\t\t\t\t\t\t\t\t\t<span class=\"elementor-icon-list-icon\">\n\t\t\t\t\t\t\t<svg aria-hidden=\"true\" class=\"e-font-icon-svg e-fas-check\" viewbox=\"0 0 512 512\" xmlns=\"http:\/\/www.w3.org\/2000\/svg\"><path d=\"M173.898 439.404l-166.4-166.4c-9.997-9.997-9.997-26.206 0-36.204l36.203-36.204c9.997-9.998 26.207-9.998 36.204 0L192 312.69 432.095 72.596c9.997-9.997 26.207-9.997 36.204 0l36.203 36.204c9.997 9.997 9.997 26.206 0 36.204l-294.4 294.401c-9.998 9.997-26.207 9.997-36.204-.001z\"><\/path><\/svg>\t\t\t\t\t\t<\/span>\n\t\t\t\t\t\t\t\t\t\t<span class=\"elementor-icon-list-text\">Postes de discussion Bosch \u2013 Syst\u00e8me de conf\u00e9rence filaire (canaux d'interpr\u00e9tation\/traduction inclus)<\/span>\n\t\t\t\t\t\t\t\t\t\t\t<\/a>\n\t\t\t\t\t\t\t\t\t<\/li>\n\t\t\t\t\t\t\t\t<li class=\"elementor-icon-list-item\">\n\t\t\t\t\t\t\t\t\t\t\t<a href=\"https:\/\/konferenztechnik.de\/fr\/systemes-de-discussion-postes-dinterphonie-louer-acheter-installer-leasing\/\">\n\n\t\t\t\t\t\t\t\t\t\t\t\t<span class=\"elementor-icon-list-icon\">\n\t\t\t\t\t\t\t<svg aria-hidden=\"true\" class=\"e-font-icon-svg e-fas-check\" viewbox=\"0 0 512 512\" xmlns=\"http:\/\/www.w3.org\/2000\/svg\"><path d=\"M173.898 439.404l-166.4-166.4c-9.997-9.997-9.997-26.206 0-36.204l36.203-36.204c9.997-9.998 26.207-9.998 36.204 0L192 312.69 432.095 72.596c9.997-9.997 26.207-9.997 36.204 0l36.203 36.204c9.997 9.997 9.997 26.206 0 36.204l-294.4 294.401c-9.998 9.997-26.207 9.997-36.204-.001z\"><\/path><\/svg>\t\t\t\t\t\t<\/span>\n\t\t\t\t\t\t\t\t\t\t<span class=\"elementor-icon-list-text\">Et bien d'autres encore...<\/span>\n\t\t\t\t\t\t\t\t\t\t\t<\/a>\n\t\t\t\t\t\t\t\t\t<\/li>\n\t\t\t\t\t\t<\/ul>\n\t\t\t\t\t\t<\/div>\n\t\t\t\t<\/div>\n\t\t\t\t<div class=\"elementor-element elementor-element-69154aa3 elementor-widget__width-inherit elementor-widget elementor-widget-text-editor\" data-id=\"69154aa3\" data-element_type=\"widget\" data-widget_type=\"text-editor.default\">\n\t\t\t\t<div class=\"elementor-widget-container\">\n\t\t\t\t\t\t\t\t\t<p>Afin d'\u00eatre pr\u00eats pour des groupes de discussion internationaux, tous nos postes d'interphonie disposent d'une prise casque avec un s\u00e9lecteur de canaux pour la traduction dans la langue du pays de vos interlocuteurs. Cela garantit la compr\u00e9hension de la langue et, par cons\u00e9quent, une participation active \u00e0 la discussion.<\/p><p>\u00a0<\/p><p>Qu'il s'agisse de postes de table ou de microphones de table, de postes microphoniques ou de cha\u00eenes de microphones \u2013, il s'agit toujours de syst\u00e8mes de conf\u00e9rence qui assurent une meilleure discipline d'orateur parmi vos participants. Selon le mod\u00e8le de pupitre, il existe en outre diff\u00e9rentes fonctions sp\u00e9ciales telles que<\/p>\t\t\t\t\t\t\t\t<\/div>\n\t\t\t\t<\/div>\n\t\t\t\t<div class=\"elementor-element elementor-element-ad63f73 elementor-widget elementor-widget-image\" data-id=\"ad63f73\" data-element_type=\"widget\" data-widget_type=\"image.default\">\n\t\t\t\t<div class=\"elementor-widget-container\">\n\t\t\t\t\t\t\t\t\t\t\t\t\t\t\t<img decoding=\"async\" width=\"1200\" height=\"450\" src=\"https:\/\/konferenztechnik.de\/wp-content\/uploads\/2016\/10\/events-berlin.jpg\" class=\"attachment-full size-full wp-image-8486\" alt=\"\" srcset=\"https:\/\/konferenztechnik.de\/wp-content\/uploads\/2016\/10\/events-berlin.jpg 1200w, https:\/\/konferenztechnik.de\/wp-content\/uploads\/2016\/10\/events-berlin-300x113.jpg 300w, https:\/\/konferenztechnik.de\/wp-content\/uploads\/2016\/10\/events-berlin-1024x384.jpg 1024w, https:\/\/konferenztechnik.de\/wp-content\/uploads\/2016\/10\/events-berlin-768x288.jpg 768w\" sizes=\"(max-width: 1200px) 100vw, 1200px\" title=\"\">\t\t\t\t\t\t\t\t\t\t\t\t\t\t\t<\/div>\n\t\t\t\t<\/div>\n\t\t<div data-particle_enable=\"false\" data-particle-mobile-disabled=\"false\" class=\"elementor-element elementor-element-2b0b0e63 e-flex e-con-boxed e-con e-child\" data-id=\"2b0b0e63\" data-element_type=\"container\">\n\t\t\t\t\t<div class=\"e-con-inner\">\n\t\t\t\t<div class=\"elementor-element elementor-element-41e900f4 elementor-align-left elementor-widget elementor-widget-button\" data-id=\"41e900f4\" data-element_type=\"widget\" data-widget_type=\"button.default\">\n\t\t\t\t<div class=\"elementor-widget-container\">\n\t\t\t\t\t\t\t\t\t<div class=\"elementor-button-wrapper\">\n\t\t\t\t\t<a class=\"elementor-button elementor-button-link elementor-size-lg\" href=\"#serviceteam\">\n\t\t\t\t\t\t<span class=\"elementor-button-content-wrapper\">\n\t\t\t\t\t\t<span class=\"elementor-button-icon\">\n\t\t\t\t<svg aria-hidden=\"true\" class=\"e-font-icon-svg e-far-arrow-alt-circle-down\" viewbox=\"0 0 512 512\" xmlns=\"http:\/\/www.w3.org\/2000\/svg\"><path d=\"M256 8C119 8 8 119 8 256s111 248 248 248 248-111 248-248S393 8 256 8zm0 448c-110.5 0-200-89.5-200-200S145.5 56 256 56s200 89.5 200 200-89.5 200-200 200zm-32-316v116h-67c-10.7 0-16 12.9-8.5 20.5l99 99c4.7 4.7 12.3 4.7 17 0l99-99c7.6-7.6 2.2-20.5-8.5-20.5h-67V140c0-6.6-5.4-12-12-12h-40c-6.6 0-12 5.4-12 12z\"><\/path><\/svg>\t\t\t<\/span>\n\t\t\t\t\t\t\t\t\t<span class=\"elementor-button-text\">Demander maintenant<\/span>\n\t\t\t\t\t<\/span>\n\t\t\t\t\t<\/a>\n\t\t\t\t<\/div>\n\t\t\t\t\t\t\t\t<\/div>\n\t\t\t\t<\/div>\n\t\t\t\t\t<\/div>\n\t\t\t\t<\/div>\n\t\t\t\t<div class=\"elementor-element elementor-element-6a68eee4 elementor-widget__width-inherit elementor-widget elementor-widget-text-editor\" data-id=\"6a68eee4\" data-element_type=\"widget\" data-widget_type=\"text-editor.default\">\n\t\t\t\t<div class=\"elementor-widget-container\">\n\t\t\t\t\t\t\t\t\t<p>\u00a0Chez PCS Konferenztechnik, nous vous proposons des postes d'interphonie sans fil ou c\u00e2bl\u00e9s, en fonction du lieu et du type d'\u00e9v\u00e9nement. Les deux syst\u00e8mes de conf\u00e9rence ont leurs avantages : tandis que les pupitres sans fil s\u00e9duisent par leur design chic et leur montage et d\u00e9montage tr\u00e8s facile et surtout rapide, les pupitres filaires sont bien adapt\u00e9s aux tr\u00e8s grandes assembl\u00e9es. Nos planificateurs de projet sur place \u00e0 Munich se feront un plaisir de discuter avec vous du syst\u00e8me le plus adapt\u00e9 \u00e0 votre table ronde. Nous vous fournissons des conseils techniques professionnels, des offres flexibles et une livraison rapide. Nous disposons en permanence d'un large assortiment de postes d'interphonie en grande quantit\u00e9 dans notre entrep\u00f4t.<\/p>\t\t\t\t\t\t\t\t<\/div>\n\t\t\t\t<\/div>\n\t\t\t\t<div class=\"elementor-element elementor-element-2522e2c2 elementor-widget elementor-widget-heading\" data-id=\"2522e2c2\" data-element_type=\"widget\" data-settings=\"{&quot;_animation&quot;:&quot;none&quot;}\" data-widget_type=\"heading.default\">\n\t\t\t\t<div class=\"elementor-widget-container\">\n\t\t\t\t\t<h2 class=\"elementor-heading-title elementor-size-default\">Combiner les postes d'interphonie avec d'autres \u00e9quipements de conf\u00e9rence<\/h2>\t\t\t\t<\/div>\n\t\t\t\t<\/div>\n\t\t\t\t<div class=\"elementor-element elementor-element-55bd50ee elementor-widget__width-inherit elementor-widget elementor-widget-text-editor\" data-id=\"55bd50ee\" data-element_type=\"widget\" data-widget_type=\"text-editor.default\">\n\t\t\t\t<div class=\"elementor-widget-container\">\n\t\t\t\t\t\t\t\t\t<p>Combiner des syst\u00e8mes de conf\u00e9rence PCS avec d'autres techniques telles que des cabines d'interpr\u00e9tation, des installations d'interpr\u00e9tation ou des syst\u00e8mes de sonorisation ne pose aucun probl\u00e8me. Il est \u00e9galement possible de compl\u00e9ter des installations existantes par des appareils individuels de notre r\u00e9pertoire de location. N'h\u00e9sitez pas \u00e0 nous contacter. Nous nous ferons un plaisir de vous conseiller.<\/p>\t\t\t\t\t\t\t\t<\/div>\n\t\t\t\t<\/div>\n\t\t\t\t<div class=\"elementor-element elementor-element-2c7dfbac elementor-widget elementor-widget-eael-adv-accordion\" data-id=\"2c7dfbac\" data-element_type=\"widget\" data-widget_type=\"eael-adv-accordion.default\">\n\t\t\t\t<div class=\"elementor-widget-container\">\n\t\t\t\t\t            <div class=\"eael-adv-accordion\" id=\"eael-adv-accordion-2c7dfbac\" data-scroll-on-click=\"no\" data-scroll-speed=\"300\" data-accordion-id=\"2c7dfbac\" data-accordion-type=\"accordion\" data-toogle-speed=\"300\">\n            <div class=\"eael-accordion-list\">\n\t\t\t\t\t<div id=\"veranstaltungsorte-fr-events-und-kongresse-in-mnster\" class=\"elementor-tab-title eael-accordion-header\" tabindex=\"0\" data-tab=\"1\" aria-controls=\"elementor-tab-content-7461\"><span class=\"eael-advanced-accordion-icon-closed\"><svg aria-hidden=\"true\" class=\"fa-accordion-icon e-font-icon-svg e-fas-plus\" viewbox=\"0 0 448 512\" xmlns=\"http:\/\/www.w3.org\/2000\/svg\"><path d=\"M416 208H272V64c0-17.67-14.33-32-32-32h-32c-17.67 0-32 14.33-32 32v144H32c-17.67 0-32 14.33-32 32v32c0 17.67 14.33 32 32 32h144v144c0 17.67 14.33 32 32 32h32c17.67 0 32-14.33 32-32V304h144c17.67 0 32-14.33 32-32v-32c0-17.67-14.33-32-32-32z\"><\/path><\/svg><\/span><span class=\"eael-advanced-accordion-icon-opened\"><svg aria-hidden=\"true\" class=\"fa-accordion-icon e-font-icon-svg e-fas-minus\" viewbox=\"0 0 448 512\" xmlns=\"http:\/\/www.w3.org\/2000\/svg\"><path d=\"M416 208H32c-17.67 0-32 14.33-32 32v32c0 17.67 14.33 32 32 32h384c17.67 0 32-14.33 32-32v-32c0-17.67-14.33-32-32-32z\"><\/path><\/svg><\/span><span class=\"eael-accordion-tab-title\">Lieux de r\u00e9union pour \u00e9v\u00e9nements et congr\u00e8s \u00e0 M\u00fcnster<\/span><svg aria-hidden=\"true\" class=\"fa-toggle e-font-icon-svg e-fas-angle-right\" viewbox=\"0 0 256 512\" xmlns=\"http:\/\/www.w3.org\/2000\/svg\"><path d=\"M224.3 273l-136 136c-9.4 9.4-24.6 9.4-33.9 0l-22.6-22.6c-9.4-9.4-9.4-24.6 0-33.9l96.4-96.4-96.4-96.4c-9.4-9.4-9.4-24.6 0-33.9L54.3 103c9.4-9.4 24.6-9.4 33.9 0l136 136c9.5 9.4 9.5 24.6.1 34z\"><\/path><\/svg><\/div><div id=\"elementor-tab-content-7461\" class=\"eael-accordion-content clearfix\" data-tab=\"1\" aria-labelledby=\"veranstaltungsorte-fr-events-und-kongresse-in-mnster\"><ul><li>Centre d'exposition et de congr\u00e8s Halle M\u00fcnsterland \u2013 MCC<\/li><li>Salle municipale de Hiltrup<\/li><li>Universit\u00e9 westphalienne Wilhelms de M\u00fcnster<\/li><li>Universit\u00e9 des sciences appliqu\u00e9es de M\u00fcnster \u2013 Centre des hautes \u00e9tudes sp\u00e9cialis\u00e9es (FHZ)<\/li><li>Ch\u00e2teau de M\u00fcnster<\/li><li>Campus de Steinfurt<\/li><li>H\u00fcfferstiftung<\/li><li>Autohaus Siemon M\u00fcnster<\/li><\/ul><\/div>\n\t\t\t\t\t<\/div><div class=\"eael-accordion-list\">\n\t\t\t\t\t<div id=\"die-wichtigsten-veranstaltungshotels-in-mnster\" class=\"elementor-tab-title eael-accordion-header\" tabindex=\"0\" data-tab=\"2\" aria-controls=\"elementor-tab-content-7462\"><span class=\"eael-advanced-accordion-icon-closed\"><svg aria-hidden=\"true\" class=\"fa-accordion-icon e-font-icon-svg e-fas-plus\" viewbox=\"0 0 448 512\" xmlns=\"http:\/\/www.w3.org\/2000\/svg\"><path d=\"M416 208H272V64c0-17.67-14.33-32-32-32h-32c-17.67 0-32 14.33-32 32v144H32c-17.67 0-32 14.33-32 32v32c0 17.67 14.33 32 32 32h144v144c0 17.67 14.33 32 32 32h32c17.67 0 32-14.33 32-32V304h144c17.67 0 32-14.33 32-32v-32c0-17.67-14.33-32-32-32z\"><\/path><\/svg><\/span><span class=\"eael-advanced-accordion-icon-opened\"><svg aria-hidden=\"true\" class=\"fa-accordion-icon e-font-icon-svg e-fas-minus\" viewbox=\"0 0 448 512\" xmlns=\"http:\/\/www.w3.org\/2000\/svg\"><path d=\"M416 208H32c-17.67 0-32 14.33-32 32v32c0 17.67 14.33 32 32 32h384c17.67 0 32-14.33 32-32v-32c0-17.67-14.33-32-32-32z\"><\/path><\/svg><\/span><span class=\"eael-accordion-tab-title\">Les principaux h\u00f4tels \u00e9v\u00e9nementiels de M\u00fcnster<\/span><svg aria-hidden=\"true\" class=\"fa-toggle e-font-icon-svg e-fas-angle-right\" viewbox=\"0 0 256 512\" xmlns=\"http:\/\/www.w3.org\/2000\/svg\"><path d=\"M224.3 273l-136 136c-9.4 9.4-24.6 9.4-33.9 0l-22.6-22.6c-9.4-9.4-9.4-24.6 0-33.9l96.4-96.4-96.4-96.4c-9.4-9.4-9.4-24.6 0-33.9L54.3 103c9.4-9.4 24.6-9.4 33.9 0l136 136c9.5 9.4 9.5 24.6.1 34z\"><\/path><\/svg><\/div><div id=\"elementor-tab-content-7462\" class=\"eael-accordion-content clearfix\" data-tab=\"2\" aria-labelledby=\"die-wichtigsten-veranstaltungshotels-in-mnster\"><ul><li>H\u00f4tel Factory<\/li><li>DRK H\u00f4tel de congr\u00e8s Dunant<\/li><li>H\u00f4tel de congr\u00e8s Tryp de M\u00fcnster<\/li><li>Agora au bord du lac Aasee<\/li><li>H\u00f4tel de ville de M\u00fcnster<\/li><li>H\u00f4tel M\u00f6venpick M\u00fcnster<\/li><li>H\u00f4tel Kaiserhof M\u00fcnster<\/li><li>Best Western Premier Seehotel Krautkr\u00e4mer<\/li><li>Ringhotel Landhaus Eggert<\/li><li>H\u00f4tel de campagne Beverland<\/li><li>H\u00f4tel-Restaurant Clemens-August (Ascheberg)<\/li><\/ul><\/div>\n\t\t\t\t\t<\/div><div class=\"eael-accordion-list\">\n\t\t\t\t\t<div id=\"die-wichtigsten-messetermine-in-mnster\" class=\"elementor-tab-title eael-accordion-header\" tabindex=\"0\" data-tab=\"3\" aria-controls=\"elementor-tab-content-7463\"><span class=\"eael-advanced-accordion-icon-closed\"><svg aria-hidden=\"true\" class=\"fa-accordion-icon e-font-icon-svg e-fas-plus\" viewbox=\"0 0 448 512\" xmlns=\"http:\/\/www.w3.org\/2000\/svg\"><path d=\"M416 208H272V64c0-17.67-14.33-32-32-32h-32c-17.67 0-32 14.33-32 32v144H32c-17.67 0-32 14.33-32 32v32c0 17.67 14.33 32 32 32h144v144c0 17.67 14.33 32 32 32h32c17.67 0 32-14.33 32-32V304h144c17.67 0 32-14.33 32-32v-32c0-17.67-14.33-32-32-32z\"><\/path><\/svg><\/span><span class=\"eael-advanced-accordion-icon-opened\"><svg aria-hidden=\"true\" class=\"fa-accordion-icon e-font-icon-svg e-fas-minus\" viewbox=\"0 0 448 512\" xmlns=\"http:\/\/www.w3.org\/2000\/svg\"><path d=\"M416 208H32c-17.67 0-32 14.33-32 32v32c0 17.67 14.33 32 32 32h384c17.67 0 32-14.33 32-32v-32c0-17.67-14.33-32-32-32z\"><\/path><\/svg><\/span><span class=\"eael-accordion-tab-title\">Les dates des principaux salons \u00e0 M\u00fcnster<\/span><svg aria-hidden=\"true\" class=\"fa-toggle e-font-icon-svg e-fas-angle-right\" viewbox=\"0 0 256 512\" xmlns=\"http:\/\/www.w3.org\/2000\/svg\"><path d=\"M224.3 273l-136 136c-9.4 9.4-24.6 9.4-33.9 0l-22.6-22.6c-9.4-9.4-9.4-24.6 0-33.9l96.4-96.4-96.4-96.4c-9.4-9.4-9.4-24.6 0-33.9L54.3 103c9.4-9.4 24.6-9.4 33.9 0l136 136c9.5 9.4 9.5 24.6.1 34z\"><\/path><\/svg><\/div><div id=\"elementor-tab-content-7463\" class=\"eael-accordion-content clearfix\" data-tab=\"3\" aria-labelledby=\"die-wichtigsten-messetermine-in-mnster\"><ul><li>IAF \u2013 Exposition internationale de la technologie du ch\u00e2ssis<\/li><li>salon de l'emploi m\u00fcnsterland<\/li><li>Week-end du tatouage Starfire \u00e0 M\u00fcnster<\/li><li>LAB-SUPPLY M\u00fcnster<\/li><li>Forum VIA M\u00fcnster<\/li><li>COLERtechnika, Cannelle &amp; \u00e9toiles<\/li><li>LADYLIKE M\u00fcnster<\/li><li>JuBi M\u00fcnster \u2013 Le salon de la formation des jeunes<\/li><li>DOGLIVE, MASTER AND MORE Salon de M\u00fcnster<\/li><li>BACHELOR AND MORE Salon de M\u00fcnster<\/li><li>HORIZON M\u00fcnster<\/li><li>Foire Art &amp; Antik M\u00fcnster<\/li><li>Construire &amp; habiter M\u00fcnster<\/li><li>TEDDYB\u00c4R TOTAL M\u00fcnster<\/li><li>vocatium M\u00fcnsterland<\/li><li>Station-service &amp; PME<\/li><li>Journ\u00e9es des entrepreneurs AGRAR<\/li><li>Congr\u00e8s sur le diab\u00e8te<\/li><li>Ipomex<\/li><li>Journ\u00e9es de la construction en bois<\/li><li>mobil &amp; fit M\u00fcnster<\/li><li>Journ\u00e9es de M\u00fcnster sur la gestion des d\u00e9chets<\/li><li>WLAT M\u00fcnster <\/li><\/ul><\/div>\n\t\t\t\t\t<\/div><\/div>\t\t\t\t<\/div>\n\t\t\t\t<\/div>\n\t\t\t\t\t<\/div>\n\t\t\t\t<\/div>\n\t\t<div data-particle_enable=\"false\" data-particle-mobile-disabled=\"false\" class=\"elementor-element elementor-element-755ebbd1 e-flex e-con-boxed e-con e-parent\" data-id=\"755ebbd1\" data-element_type=\"container\">\n\t\t\t\t\t<div class=\"e-con-inner\">\n\t\t\t\t<div class=\"elementor-element elementor-element-74538280 elementor-widget elementor-widget-shortcode\" data-id=\"74538280\" data-element_type=\"widget\" data-widget_type=\"shortcode.default\">\n\t\t\t\t<div class=\"elementor-widget-container\">\n\t\t\t\t\t\t\t<div class=\"elementor-shortcode\"><\/div>\n\t\t\t\t\t\t<\/div>\n\t\t\t\t<\/div>\n\t\t\t\t\t<\/div>\n\t\t\t\t<\/div>\n\t\t\t\t<\/div>","protected":false},"excerpt":{"rendered":"<p>Sprechstellen mieten M\u00fcnchen: Vermietung von Tischmikrofonen, Konferenzsystemen und Diskussionsanlagen an unserem Firmenstandort M\u00fcnchen Jetzt anfragen Zwischen Wei\u00dfwurst und Wei\u00dfbier, Dirndl und Lederhose z\u00e4hlt die bayerische Landeshauptstadt zu den f\u00fchrenden Wirtschaftsmetropolen Europas. Auch PCS Konferenztechnik hat sich hier niedergelassen und ist in Bezug auf Konferenztechnik an Ort und Stelle, wenn Sie f\u00fcr Ihre Tagung oder Konferenz [&hellip;]<\/p>","protected":false},"author":1,"featured_media":45482,"parent":0,"menu_order":0,"comment_status":"closed","ping_status":"closed","template":"","meta":{"_acf_changed":false,"footnotes":""},"class_list":["post-11972","page","type-page","status-publish","has-post-thumbnail","hentry"],"acf":[],"_links":{"self":[{"href":"https:\/\/konferenztechnik.de\/fr\/wp-json\/wp\/v2\/pages\/11972","targetHints":{"allow":["GET"]}}],"collection":[{"href":"https:\/\/konferenztechnik.de\/fr\/wp-json\/wp\/v2\/pages"}],"about":[{"href":"https:\/\/konferenztechnik.de\/fr\/wp-json\/wp\/v2\/types\/page"}],"author":[{"embeddable":true,"href":"https:\/\/konferenztechnik.de\/fr\/wp-json\/wp\/v2\/users\/1"}],"replies":[{"embeddable":true,"href":"https:\/\/konferenztechnik.de\/fr\/wp-json\/wp\/v2\/comments?post=11972"}],"version-history":[{"count":0,"href":"https:\/\/konferenztechnik.de\/fr\/wp-json\/wp\/v2\/pages\/11972\/revisions"}],"wp:featuredmedia":[{"embeddable":true,"href":"https:\/\/konferenztechnik.de\/fr\/wp-json\/wp\/v2\/media\/45482"}],"wp:attachment":[{"href":"https:\/\/konferenztechnik.de\/fr\/wp-json\/wp\/v2\/media?parent=11972"}],"curies":[{"name":"wp","href":"https:\/\/api.w.org\/{rel}","templated":true}]}}