{"id":12025,"date":"2017-11-28T12:51:53","date_gmt":"2017-11-28T10:51:53","guid":{"rendered":"https:\/\/www.konferenztechnik.de\/?page_id=12025"},"modified":"2023-09-21T10:53:02","modified_gmt":"2023-09-21T08:53:02","slug":"louer-des-postes-de-radio-a-heidelberg","status":"publish","type":"page","link":"https:\/\/konferenztechnik.de\/fr\/louer-des-postes-de-radio-a-heidelberg\/","title":{"rendered":"Location de panneaux d'affichage Heidelberg"},"content":{"rendered":"<div data-elementor-type=\"wp-page\" data-elementor-id=\"12025\" class=\"elementor elementor-12025\" data-elementor-post-type=\"page\">\n\t\t\t\t<div data-particle_enable=\"false\" data-particle-mobile-disabled=\"false\" class=\"elementor-element elementor-element-30d136a e-flex e-con-boxed e-con e-parent\" data-id=\"30d136a\" data-element_type=\"container\">\n\t\t\t\t\t<div class=\"e-con-inner\">\n\t\t\t\t<div class=\"elementor-element elementor-element-538bc1a2 elementor-widget elementor-widget-heading\" data-id=\"538bc1a2\" data-element_type=\"widget\" data-settings=\"{&quot;_animation&quot;:&quot;none&quot;}\" data-widget_type=\"heading.default\">\n\t\t\t\t<div class=\"elementor-widget-container\">\n\t\t\t\t\t<h1 class=\"elementor-heading-title elementor-size-default\">Location de pupitres Heidelberg : location d'installations de conf\u00e9rence et de discussion dans la ville universitaire de Heidelberg <\/h1>\t\t\t\t<\/div>\n\t\t\t\t<\/div>\n\t\t\t\t<div class=\"elementor-element elementor-element-5e7718c3 elementor-widget-widescreen__width-inherit elementor-widget elementor-widget-image\" data-id=\"5e7718c3\" data-element_type=\"widget\" data-widget_type=\"image.default\">\n\t\t\t\t<div class=\"elementor-widget-container\">\n\t\t\t\t\t\t\t\t\t\t\t\t\t\t\t<img fetchpriority=\"high\" decoding=\"async\" width=\"850\" height=\"340\" src=\"https:\/\/konferenztechnik.de\/wp-content\/uploads\/2017\/06\/veranstaltungstechnik-heidelberg.jpg\" class=\"attachment-full size-full wp-image-10389\" alt=\"\" srcset=\"https:\/\/konferenztechnik.de\/wp-content\/uploads\/2017\/06\/veranstaltungstechnik-heidelberg.jpg 850w, https:\/\/konferenztechnik.de\/wp-content\/uploads\/2017\/06\/veranstaltungstechnik-heidelberg-300x120.jpg 300w, https:\/\/konferenztechnik.de\/wp-content\/uploads\/2017\/06\/veranstaltungstechnik-heidelberg-768x307.jpg 768w\" sizes=\"(max-width: 850px) 100vw, 850px\" title=\"\">\t\t\t\t\t\t\t\t\t\t\t\t\t\t\t<\/div>\n\t\t\t\t<\/div>\n\t\t<div data-particle_enable=\"false\" data-particle-mobile-disabled=\"false\" class=\"elementor-element elementor-element-ea5b898 e-flex e-con-boxed e-con e-child\" data-id=\"ea5b898\" data-element_type=\"container\">\n\t\t\t\t\t<div class=\"e-con-inner\">\n\t\t\t\t<div class=\"elementor-element elementor-element-5a6260da elementor-align-left elementor-widget elementor-widget-button\" data-id=\"5a6260da\" data-element_type=\"widget\" data-widget_type=\"button.default\">\n\t\t\t\t<div class=\"elementor-widget-container\">\n\t\t\t\t\t\t\t\t\t<div class=\"elementor-button-wrapper\">\n\t\t\t\t\t<a class=\"elementor-button elementor-button-link elementor-size-lg\" href=\"#serviceteam\">\n\t\t\t\t\t\t<span class=\"elementor-button-content-wrapper\">\n\t\t\t\t\t\t<span class=\"elementor-button-icon\">\n\t\t\t\t<svg aria-hidden=\"true\" class=\"e-font-icon-svg e-far-arrow-alt-circle-down\" viewbox=\"0 0 512 512\" xmlns=\"http:\/\/www.w3.org\/2000\/svg\"><path d=\"M256 8C119 8 8 119 8 256s111 248 248 248 248-111 248-248S393 8 256 8zm0 448c-110.5 0-200-89.5-200-200S145.5 56 256 56s200 89.5 200 200-89.5 200-200 200zm-32-316v116h-67c-10.7 0-16 12.9-8.5 20.5l99 99c4.7 4.7 12.3 4.7 17 0l99-99c7.6-7.6 2.2-20.5-8.5-20.5h-67V140c0-6.6-5.4-12-12-12h-40c-6.6 0-12 5.4-12 12z\"><\/path><\/svg>\t\t\t<\/span>\n\t\t\t\t\t\t\t\t\t<span class=\"elementor-button-text\">Demander maintenant<\/span>\n\t\t\t\t\t<\/span>\n\t\t\t\t\t<\/a>\n\t\t\t\t<\/div>\n\t\t\t\t\t\t\t\t<\/div>\n\t\t\t\t<\/div>\n\t\t\t\t\t<\/div>\n\t\t\t\t<\/div>\n\t\t<div data-particle_enable=\"false\" data-particle-mobile-disabled=\"false\" class=\"elementor-element elementor-element-6a0a0215 e-flex e-con-boxed e-con e-child\" data-id=\"6a0a0215\" data-element_type=\"container\">\n\t\t\t\t\t<div class=\"e-con-inner\">\n\t\t\t\t<div class=\"elementor-element elementor-element-6d69ff37 elementor-widget elementor-widget-shortcode\" data-id=\"6d69ff37\" data-element_type=\"widget\" data-widget_type=\"shortcode.default\">\n\t\t\t\t<div class=\"elementor-widget-container\">\n\t\t\t\t\t\t\t<div class=\"elementor-shortcode\">\t\t<div data-elementor-type=\"section\" data-elementor-id=\"37185\" class=\"elementor elementor-37185\" data-elementor-post-type=\"elementor_library\">\n\t\t\t<div data-particle_enable=\"false\" data-particle-mobile-disabled=\"false\" class=\"elementor-element elementor-element-26482db e-flex e-con-boxed e-con e-parent\" data-id=\"26482db\" data-element_type=\"container\">\n\t\t\t\t\t<div class=\"e-con-inner\">\n\t\t\t\t<div class=\"elementor-element elementor-element-d8130b9 elementor-widget__width-inherit elementor-widget elementor-widget-eael-post-list\" data-id=\"d8130b9\" data-element_type=\"widget\" data-settings=\"{&quot;_animation&quot;:&quot;none&quot;}\" data-widget_type=\"eael-post-list.default\">\n\t\t\t\t<div class=\"elementor-widget-container\">\n\t\t\t\t\t<div class=\"eael-post-list-container advanced layout-advanced\"><div class=\"eael-post-list-wrap\"><div class=\"eael-post-list-posts-wrap eael-post-appender eael-post-appender-d8130b9\"><div class=\"eael-post-list-post\"><div class=\"eael-post-list-post-inner\"><div class=\"eael-post-list-thumbnail\"><a href=\"https:\/\/konferenztechnik.de\/fr\/televic-confidea-g4-systeme-de-discussion\/\">\n                <img decoding=\"async\" src=\"https:\/\/konferenztechnik.de\/wp-content\/uploads\/2023\/06\/televic-confidea-g4-1.jpg\" alt=\"poste de conf\u00e9rence sans fil type Televic Confidea G4\" title=\"\">\n            <\/a><\/div><div class=\"eael-post-list-content\"><h3 class=\"eael-post-list-title\"><a href=\"https:\/\/konferenztechnik.de\/fr\/televic-confidea-g4-systeme-de-discussion\/\" >Televic Confidea G4 \u2013 Installation de discussion<\/a><\/h3><p>Le syst\u00e8me de conf\u00e9rence sans fil Confidea G4 est le pr\u00e9d\u00e9cesseur du syst\u00e8me Flex et...<\/p><a href=\"https:\/\/konferenztechnik.de\/fr\/televic-confidea-g4-systeme-de-discussion\/\" class=\"eael-post-elements-readmore-btn\" >\u203a plus<\/a><div class=\"boxed-meta\"><\/div><\/div><\/div><\/div><div class=\"eael-post-list-post\"><div class=\"eael-post-list-post-inner\"><div class=\"eael-post-list-thumbnail\"><a href=\"https:\/\/konferenztechnik.de\/fr\/shure-microflex-complete-systeme-de-discussion\/\">\n                <img decoding=\"async\" src=\"https:\/\/konferenztechnik.de\/wp-content\/uploads\/2023\/07\/shure-microflex-sprechstellen-jpg.webp\" alt=\"Poste d&#039;interphonie Shure de la s\u00e9rie Microflex\" title=\"\">\n            <\/a><\/div><div class=\"eael-post-list-content\"><h3 class=\"eael-post-list-title\"><a href=\"https:\/\/konferenztechnik.de\/fr\/shure-microflex-complete-systeme-de-discussion\/\" >Syst\u00e8me de discussion Shure Microflex Complete \u2013<\/a><\/h3><p>Le design moderne et sobre est esth\u00e9tique et discret et s'int\u00e8gre aussi bien...<\/p><a href=\"https:\/\/konferenztechnik.de\/fr\/shure-microflex-complete-systeme-de-discussion\/\" class=\"eael-post-elements-readmore-btn\" >\u203a plus<\/a><div class=\"boxed-meta\"><\/div><\/div><\/div><\/div><div class=\"eael-post-list-post\"><div class=\"eael-post-list-post-inner\"><div class=\"eael-post-list-thumbnail\"><a href=\"https:\/\/konferenztechnik.de\/fr\/televic-confidea-flex-systeme-de-discussion\/\">\n                <img decoding=\"async\" src=\"https:\/\/konferenztechnik.de\/wp-content\/uploads\/2022\/06\/televic-confidea-flex.jpg\" alt=\"Poste de conf\u00e9rence sans fil Televic Confidea Flex\" title=\"\">\n            <\/a><\/div><div class=\"eael-post-list-content\"><h3 class=\"eael-post-list-title\"><a href=\"https:\/\/konferenztechnik.de\/fr\/televic-confidea-flex-systeme-de-discussion\/\" >Televic Confidea Flex \u2013 Syst\u00e8me de discussion<\/a><\/h3><p>Le syst\u00e8me Confidea Flex s'adapte facilement \u00e0 de multiples sc\u00e9narios d'application. De la...<\/p><a href=\"https:\/\/konferenztechnik.de\/fr\/televic-confidea-flex-systeme-de-discussion\/\" class=\"eael-post-elements-readmore-btn\" >\u203a plus<\/a><div class=\"boxed-meta\"><\/div><\/div><\/div><\/div><div class=\"eael-post-list-post\"><div class=\"eael-post-list-post-inner\"><div class=\"eael-post-list-thumbnail\"><a href=\"https:\/\/konferenztechnik.de\/fr\/bosch-dicentis-installation-de-discussion\/\">\n                <img decoding=\"async\" src=\"https:\/\/konferenztechnik.de\/wp-content\/uploads\/2022\/06\/bosch-dicentis-sprechstelle.jpg\" alt=\"Poste de conf\u00e9rence Bosch Dicentis avec microphone \u00e0 col de cygne et un petit \u00e9cran pour l&#039;enregistrement d&#039;informations et de donn\u00e9es suppl\u00e9mentaires.\" title=\"\">\n            <\/a><\/div><div class=\"eael-post-list-content\"><h3 class=\"eael-post-list-title\"><a href=\"https:\/\/konferenztechnik.de\/fr\/bosch-dicentis-installation-de-discussion\/\" >Syst\u00e8me de discussion Bosch Dicentis \u2013<\/a><\/h3><p>Gr\u00e2ce \u00e0 sa grande flexibilit\u00e9 et \u00e0 sa facilit\u00e9 d'installation, le syst\u00e8me de conf\u00e9rence sans fil DICENTIS est...<\/p><a href=\"https:\/\/konferenztechnik.de\/fr\/bosch-dicentis-installation-de-discussion\/\" class=\"eael-post-elements-readmore-btn\" >\u203a plus<\/a><div class=\"boxed-meta\"><\/div><\/div><\/div><\/div><div class=\"eael-post-list-post\"><div class=\"eael-post-list-post-inner\"><div class=\"eael-post-list-thumbnail\"><a href=\"https:\/\/konferenztechnik.de\/fr\/sennheiser-adn-systeme-de-discussion\/\">\n                <img decoding=\"async\" src=\"https:\/\/konferenztechnik.de\/wp-content\/uploads\/2022\/06\/sennheiser-adn.jpg\" alt=\"Poste de conf\u00e9rence Sennheiser ADN sans fil\" title=\"\">\n            <\/a><\/div><div class=\"eael-post-list-content\"><h3 class=\"eael-post-list-title\"><a href=\"https:\/\/konferenztechnik.de\/fr\/sennheiser-adn-systeme-de-discussion\/\" >Sennheiser ADN \u2013 Syst\u00e8me de discussion<\/a><\/h3><p>Le syst\u00e8me de conf\u00e9rence ADN est \u00e9quip\u00e9 d'un syst\u00e8me efficace de suppression de l'effet Larsen. Il ...<\/p><a href=\"https:\/\/konferenztechnik.de\/fr\/sennheiser-adn-systeme-de-discussion\/\" class=\"eael-post-elements-readmore-btn\" >\u203a plus<\/a><div class=\"boxed-meta\"><\/div><\/div><\/div><\/div><div class=\"eael-post-list-post\"><div class=\"eael-post-list-post-inner\"><div class=\"eael-post-list-thumbnail\"><a href=\"https:\/\/konferenztechnik.de\/fr\/beyerdynamic-quinta-systeme-de-discussion\/\">\n                <img decoding=\"async\" src=\"https:\/\/konferenztechnik.de\/wp-content\/uploads\/2022\/06\/beyerdynamic-quinta.jpg\" alt=\"Poste de conf\u00e9rence Beyerdynamic Quinta, sans fil, avec microphone col de cygne\" title=\"\">\n            <\/a><\/div><div class=\"eael-post-list-content\"><h3 class=\"eael-post-list-title\"><a href=\"https:\/\/konferenztechnik.de\/fr\/beyerdynamic-quinta-systeme-de-discussion\/\" >Beyerdynamic Quinta \u2013 Syst\u00e8me de discussion<\/a><\/h3><p>Le syst\u00e8me Beyerdynamic Quinta est con\u00e7u pour les r\u00e9unions, les conf\u00e9rences, les vid\u00e9oconf\u00e9rences, les conf\u00e9rences de presse, les salles d'audience...<\/p><a href=\"https:\/\/konferenztechnik.de\/fr\/beyerdynamic-quinta-systeme-de-discussion\/\" class=\"eael-post-elements-readmore-btn\" >\u203a plus<\/a><div class=\"boxed-meta\"><\/div><\/div><\/div><\/div><div class=\"eael-post-list-post\"><div class=\"eael-post-list-post-inner\"><div class=\"eael-post-list-thumbnail\"><a href=\"https:\/\/konferenztechnik.de\/fr\/bosch-discussion-installation-de-discussion\/\">\n                <img decoding=\"async\" src=\"https:\/\/konferenztechnik.de\/wp-content\/uploads\/2023\/06\/bosch-discussion-NG.jpg\" alt=\"Poste d&#039;interphonie \u00e0 microphone Discussion Next Generation de Bosch avec s\u00e9lecteur de langue permettant d&#039;appeler les langues interpr\u00e9t\u00e9es sur le poste d&#039;interphonie\" title=\"\">\n            <\/a><\/div><div class=\"eael-post-list-content\"><h3 class=\"eael-post-list-title\"><a href=\"https:\/\/konferenztechnik.de\/fr\/bosch-discussion-installation-de-discussion\/\" >Bosch Discussion \u2013 Syst\u00e8me de discussion<\/a><\/h3><p>Les solutions de conf\u00e9rence DCN se distinguent par leur polyvalence et offrent un haut niveau d'audio...<\/p><a href=\"https:\/\/konferenztechnik.de\/fr\/bosch-discussion-installation-de-discussion\/\" class=\"eael-post-elements-readmore-btn\" >\u203a plus<\/a><div class=\"boxed-meta\"><\/div><\/div><\/div><\/div><div class=\"eael-post-list-post\"><div class=\"eael-post-list-post-inner\"><div class=\"eael-post-list-thumbnail\"><a href=\"https:\/\/konferenztechnik.de\/fr\/bosch-ccs-1000-d-installation-de-discussion\/\">\n                <img decoding=\"async\" src=\"https:\/\/konferenztechnik.de\/wp-content\/uploads\/2023\/06\/sennheiser-ccs-1000-d.jpg\" alt=\"Poste d&#039;interphonie microphonique de type Bosch CCS 1000 d\" title=\"\">\n            <\/a><\/div><div class=\"eael-post-list-content\"><h3 class=\"eael-post-list-title\"><a href=\"https:\/\/konferenztechnik.de\/fr\/bosch-ccs-1000-d-installation-de-discussion\/\" >BOSCH CCS 1000 D \u2013 Syst\u00e8me de discussion<\/a><\/h3><p>Le CCS 1000 D convainc par sa simplicit\u00e9, sans pour autant renoncer aux innovations techniques...<\/p><a href=\"https:\/\/konferenztechnik.de\/fr\/bosch-ccs-1000-d-installation-de-discussion\/\" class=\"eael-post-elements-readmore-btn\" >\u203a plus<\/a><div class=\"boxed-meta\"><\/div><\/div><\/div><\/div><\/div><\/div>\n\t\t<\/div>\t\t\t\t<\/div>\n\t\t\t\t<\/div>\n\t\t\t\t\t<\/div>\n\t\t\t\t<\/div>\n\t\t\t\t<\/div>\n\t\t<\/div>\n\t\t\t\t\t\t<\/div>\n\t\t\t\t<\/div>\n\t\t\t\t\t<\/div>\n\t\t\t\t<\/div>\n\t\t\t\t\t<\/div>\n\t\t\t\t<\/div>\n\t\t<div data-particle_enable=\"false\" data-particle-mobile-disabled=\"false\" class=\"elementor-element elementor-element-3b144b1f e-flex e-con-boxed e-con e-parent\" data-id=\"3b144b1f\" data-element_type=\"container\">\n\t\t\t\t\t<div class=\"e-con-inner\">\n\t\t\t\t<div class=\"elementor-element elementor-element-6f8d75d8 elementor-widget__width-initial elementor-widget elementor-widget-text-editor\" data-id=\"6f8d75d8\" data-element_type=\"widget\" data-widget_type=\"text-editor.default\">\n\t\t\t\t<div class=\"elementor-widget-container\">\n\t\t\t\t\t\t\t\t\t<p>La ville historique de Heidelberg vaut toujours le d\u00e9tour. Pourtant, 70 pour cent des h\u00f4tes h\u00e9berg\u00e9s sont des voyageurs d'affaires. Outre de nombreuses grandes manifestations culturelles, le \"Kongresshaus Stadthalle\" accueille des assembl\u00e9es g\u00e9n\u00e9rales et des congr\u00e8s. Les h\u00f4tels de congr\u00e8s de Heidelberg sont l'endroit id\u00e9al pour organiser des r\u00e9unions et des conf\u00e9rences. Si vous pr\u00e9voyez vous aussi un \u00e9v\u00e9nement \u00e0 Heidelberg, PCS Konferenztechnik se fera un plaisir de vous fournir le syst\u00e8me de discussion ad\u00e9quat. Avec nos microphones de table ou nos pupitres, nous assurons une communication parfaite entre vos participants. Cela implique, outre une discipline d'orateur ordonn\u00e9e, une excellente compr\u00e9hension de la parole. Avec les pupitres de PCS : pas de probl\u00e8me. Au contraire : nous sommes \u00e9galement \u00e9quip\u00e9s sans probl\u00e8me pour les tables rondes internationales avec nos microphones de table, car ceux-ci disposent d'une prise casque avec s\u00e9lecteur de langue pour les signaux d'interpr\u00e9tation. Ainsi, chaque participant international peut obtenir la traduction dans la langue du pays directement \u00e0 son propre poste de parole.<\/p><p>\u00a0<\/p><p>Louez chez nous des postes d'interphonie pour votre r\u00e9union ou conf\u00e9rence \u00e0 Heidelberg \u2013 avec PCS, vous avez un partenaire comp\u00e9tent \u00e0 vos c\u00f4t\u00e9s en mati\u00e8re de technique de conf\u00e9rence.<\/p>\t\t\t\t\t\t\t\t<\/div>\n\t\t\t\t<\/div>\n\t\t\t\t<div class=\"elementor-element elementor-element-53dff6c elementor-widget__width-initial elementor-widget elementor-widget-heading\" data-id=\"53dff6c\" data-element_type=\"widget\" data-settings=\"{&quot;_animation&quot;:&quot;none&quot;}\" data-widget_type=\"heading.default\">\n\t\t\t\t<div class=\"elementor-widget-container\">\n\t\t\t\t\t<h2 class=\"elementor-heading-title elementor-size-default\">Louer des postes d'interphonie Heidelberg et leurs fonctions sp\u00e9ciales<\/h2>\t\t\t\t<\/div>\n\t\t\t\t<\/div>\n\t\t\t\t<div class=\"elementor-element elementor-element-2dd9a456 elementor-widget elementor-widget-image\" data-id=\"2dd9a456\" data-element_type=\"widget\" data-widget_type=\"image.default\">\n\t\t\t\t<div class=\"elementor-widget-container\">\n\t\t\t\t\t\t\t\t\t\t\t\t\t\t\t<img decoding=\"async\" width=\"2550\" height=\"1074\" src=\"https:\/\/konferenztechnik.de\/wp-content\/uploads\/2023\/07\/sprechstellen-mieten-pcs-konferenztechnik-jpg.webp\" class=\"attachment-full size-full wp-image-37195\" alt=\"Vue sur une rang\u00e9e de tables de conf\u00e9rence pr\u00e9par\u00e9es pour une r\u00e9union, \u00e9quip\u00e9es de sous-mains, de boissons et de postes de conf\u00e9rence sans fil - tout semble pr\u00eat pour une conf\u00e9rence.\" srcset=\"https:\/\/konferenztechnik.de\/wp-content\/uploads\/2023\/07\/sprechstellen-mieten-pcs-konferenztechnik-jpg.webp 2550w, https:\/\/konferenztechnik.de\/wp-content\/uploads\/2023\/07\/sprechstellen-mieten-pcs-konferenztechnik-300x126.webp 300w, https:\/\/konferenztechnik.de\/wp-content\/uploads\/2023\/07\/sprechstellen-mieten-pcs-konferenztechnik-1024x431.webp 1024w, https:\/\/konferenztechnik.de\/wp-content\/uploads\/2023\/07\/sprechstellen-mieten-pcs-konferenztechnik-768x323.webp 768w, https:\/\/konferenztechnik.de\/wp-content\/uploads\/2023\/07\/sprechstellen-mieten-pcs-konferenztechnik-1536x647.webp 1536w, https:\/\/konferenztechnik.de\/wp-content\/uploads\/2023\/07\/sprechstellen-mieten-pcs-konferenztechnik-2048x863.webp 2048w, https:\/\/konferenztechnik.de\/wp-content\/uploads\/2023\/07\/sprechstellen-mieten-pcs-konferenztechnik-18x8.webp 18w\" sizes=\"(max-width: 2550px) 100vw, 2550px\" title=\"\">\t\t\t\t\t\t\t\t\t\t\t\t\t\t\t<\/div>\n\t\t\t\t<\/div>\n\t\t\t\t<div class=\"elementor-element elementor-element-7bde9d9e elementor-align-right elementor-mobile-align-center elementor-widget elementor-widget-button\" data-id=\"7bde9d9e\" data-element_type=\"widget\" data-widget_type=\"button.default\">\n\t\t\t\t<div class=\"elementor-widget-container\">\n\t\t\t\t\t\t\t\t\t<div class=\"elementor-button-wrapper\">\n\t\t\t\t\t<a class=\"elementor-button elementor-button-link elementor-size-lg\" href=\"#serviceteam\">\n\t\t\t\t\t\t<span class=\"elementor-button-content-wrapper\">\n\t\t\t\t\t\t<span class=\"elementor-button-icon\">\n\t\t\t\t<svg aria-hidden=\"true\" class=\"e-font-icon-svg e-far-arrow-alt-circle-down\" viewbox=\"0 0 512 512\" xmlns=\"http:\/\/www.w3.org\/2000\/svg\"><path d=\"M256 8C119 8 8 119 8 256s111 248 248 248 248-111 248-248S393 8 256 8zm0 448c-110.5 0-200-89.5-200-200S145.5 56 256 56s200 89.5 200 200-89.5 200-200 200zm-32-316v116h-67c-10.7 0-16 12.9-8.5 20.5l99 99c4.7 4.7 12.3 4.7 17 0l99-99c7.6-7.6 2.2-20.5-8.5-20.5h-67V140c0-6.6-5.4-12-12-12h-40c-6.6 0-12 5.4-12 12z\"><\/path><\/svg>\t\t\t<\/span>\n\t\t\t\t\t\t\t\t\t<span class=\"elementor-button-text\">Demander maintenant<\/span>\n\t\t\t\t\t<\/span>\n\t\t\t\t\t<\/a>\n\t\t\t\t<\/div>\n\t\t\t\t\t\t\t\t<\/div>\n\t\t\t\t<\/div>\n\t\t\t\t<div class=\"elementor-element elementor-element-49f1236c elementor-widget__width-inherit elementor-widget elementor-widget-text-editor\" data-id=\"49f1236c\" data-element_type=\"widget\" data-widget_type=\"text-editor.default\">\n\t\t\t\t<div class=\"elementor-widget-container\">\n\t\t\t\t\t\t\t\t\t<p>Les postes d'interphonie, \u00e9galement appel\u00e9s microphones de table ou postes d'interphonie \u00e0 microphone, disposent, selon le mod\u00e8le, non seulement de canaux de traduction, mais aussi d'autres fonctions sp\u00e9ciales telles que l'\u00e9tablissement de listes de discours, la visualisation des participants actifs par un logiciel de commande, la prise de parole par un animateur de discussion ou l'enregistrement audio de la conf\u00e9rence. En outre, il est possible de raccorder la station d'appel \u00e0 une installation de sonorisation existante ou de la sonoriser via des haut-parleurs int\u00e9gr\u00e9s \u00e0 la station d'appel elle-m\u00eame.<\/p>\t\t\t\t\t\t\t\t<\/div>\n\t\t\t\t<\/div>\n\t\t\t\t<div class=\"elementor-element elementor-element-3e50a38 elementor-widget__width-initial elementor-widget elementor-widget-heading\" data-id=\"3e50a38\" data-element_type=\"widget\" data-settings=\"{&quot;_animation&quot;:&quot;none&quot;}\" data-widget_type=\"heading.default\">\n\t\t\t\t<div class=\"elementor-widget-container\">\n\t\t\t\t\t<h2 class=\"elementor-heading-title elementor-size-default\">Combiner les postes d'interphonie avec d'autres \u00e9quipements de conf\u00e9rence<\/h2>\t\t\t\t<\/div>\n\t\t\t\t<\/div>\n\t\t\t\t<div class=\"elementor-element elementor-element-27ae0e4 elementor-widget__width-inherit elementor-widget elementor-widget-text-editor\" data-id=\"27ae0e4\" data-element_type=\"widget\" data-widget_type=\"text-editor.default\">\n\t\t\t\t<div class=\"elementor-widget-container\">\n\t\t\t\t\t\t\t\t\t<p>\u00a0Les syst\u00e8mes de conf\u00e9rence PCS peuvent \u00eatre combin\u00e9s sans probl\u00e8me avec d'autres \u00e9quipements tels que des cabines d'interpr\u00e9tation, des installations d'interpr\u00e9tation ou des syst\u00e8mes de sonorisation. Vous pouvez \u00e9galement compl\u00e9ter des installations existantes par des appareils individuels de notre r\u00e9pertoire de location. N'h\u00e9sitez pas \u00e0 nous contacter. Nous nous ferons un plaisir de vous fournir des conseils techniques.<\/p>\t\t\t\t\t\t\t\t<\/div>\n\t\t\t\t<\/div>\n\t\t\t\t<div class=\"elementor-element elementor-element-b5049c4 elementor-widget__width-initial elementor-widget elementor-widget-heading\" data-id=\"b5049c4\" data-element_type=\"widget\" data-settings=\"{&quot;_animation&quot;:&quot;none&quot;}\" data-widget_type=\"heading.default\">\n\t\t\t\t<div class=\"elementor-widget-container\">\n\t\t\t\t\t<h2 class=\"elementor-heading-title elementor-size-default\">Louer des pupitres chez PCS Konferenztechnik : un aper\u00e7u de nos fabricants<\/h2>\t\t\t\t<\/div>\n\t\t\t\t<\/div>\n\t\t\t\t<div class=\"elementor-element elementor-element-13fdc98 elementor-widget__width-inherit elementor-widget elementor-widget-text-editor\" data-id=\"13fdc98\" data-element_type=\"widget\" data-widget_type=\"text-editor.default\">\n\t\t\t\t<div class=\"elementor-widget-container\">\n\t\t\t\t\t\t\t\t\t<p>\u00a0PCS Konferenztechnik vous propose des postes d'interphonie sans fil ou c\u00e2bl\u00e9s, en fonction du lieu de l'\u00e9v\u00e9nement et du type de chaises.<\/p>\t\t\t\t\t\t\t\t<\/div>\n\t\t\t\t<\/div>\n\t\t\t\t<div class=\"elementor-element elementor-element-612fd690 elementor-icon-list--layout-traditional elementor-list-item-link-full_width elementor-widget elementor-widget-icon-list\" data-id=\"612fd690\" data-element_type=\"widget\" data-widget_type=\"icon-list.default\">\n\t\t\t\t<div class=\"elementor-widget-container\">\n\t\t\t\t\t\t\t<ul class=\"elementor-icon-list-items\">\n\t\t\t\t\t\t\t<li class=\"elementor-icon-list-item\">\n\t\t\t\t\t\t\t\t\t\t\t<a href=\"https:\/\/konferenztechnik.de\/fr\/bosch-dicentis-installation-de-discussion\/\">\n\n\t\t\t\t\t\t\t\t\t\t\t\t<span class=\"elementor-icon-list-icon\">\n\t\t\t\t\t\t\t<svg aria-hidden=\"true\" class=\"e-font-icon-svg e-fas-check\" viewbox=\"0 0 512 512\" xmlns=\"http:\/\/www.w3.org\/2000\/svg\"><path d=\"M173.898 439.404l-166.4-166.4c-9.997-9.997-9.997-26.206 0-36.204l36.203-36.204c9.997-9.998 26.207-9.998 36.204 0L192 312.69 432.095 72.596c9.997-9.997 26.207-9.997 36.204 0l36.203 36.204c9.997 9.997 9.997 26.206 0 36.204l-294.4 294.401c-9.998 9.997-26.207 9.997-36.204-.001z\"><\/path><\/svg>\t\t\t\t\t\t<\/span>\n\t\t\t\t\t\t\t\t\t\t<span class=\"elementor-icon-list-text\">Postes d'interphonie Bosch Dicentis \u2013 Syst\u00e8me de conf\u00e9rence sans fil<\/span>\n\t\t\t\t\t\t\t\t\t\t\t<\/a>\n\t\t\t\t\t\t\t\t\t<\/li>\n\t\t\t\t\t\t\t\t<li class=\"elementor-icon-list-item\">\n\t\t\t\t\t\t\t\t\t\t\t<a href=\"https:\/\/konferenztechnik.de\/fr\/televic-confidea-flex-systeme-de-discussion\/\">\n\n\t\t\t\t\t\t\t\t\t\t\t\t<span class=\"elementor-icon-list-icon\">\n\t\t\t\t\t\t\t<svg aria-hidden=\"true\" class=\"e-font-icon-svg e-fas-check\" viewbox=\"0 0 512 512\" xmlns=\"http:\/\/www.w3.org\/2000\/svg\"><path d=\"M173.898 439.404l-166.4-166.4c-9.997-9.997-9.997-26.206 0-36.204l36.203-36.204c9.997-9.998 26.207-9.998 36.204 0L192 312.69 432.095 72.596c9.997-9.997 26.207-9.997 36.204 0l36.203 36.204c9.997 9.997 9.997 26.206 0 36.204l-294.4 294.401c-9.998 9.997-26.207 9.997-36.204-.001z\"><\/path><\/svg>\t\t\t\t\t\t<\/span>\n\t\t\t\t\t\t\t\t\t\t<span class=\"elementor-icon-list-text\">Postes d'interphonie Televic Confidea Flex \u2013 Syst\u00e8me de conf\u00e9rence sans fil<\/span>\n\t\t\t\t\t\t\t\t\t\t\t<\/a>\n\t\t\t\t\t\t\t\t\t<\/li>\n\t\t\t\t\t\t\t\t<li class=\"elementor-icon-list-item\">\n\t\t\t\t\t\t\t\t\t\t\t<a href=\"https:\/\/konferenztechnik.de\/fr\/bosch-ccs-1000-d-installation-de-discussion\/\">\n\n\t\t\t\t\t\t\t\t\t\t\t\t<span class=\"elementor-icon-list-icon\">\n\t\t\t\t\t\t\t<svg aria-hidden=\"true\" class=\"e-font-icon-svg e-fas-check\" viewbox=\"0 0 512 512\" xmlns=\"http:\/\/www.w3.org\/2000\/svg\"><path d=\"M173.898 439.404l-166.4-166.4c-9.997-9.997-9.997-26.206 0-36.204l36.203-36.204c9.997-9.998 26.207-9.998 36.204 0L192 312.69 432.095 72.596c9.997-9.997 26.207-9.997 36.204 0l36.203 36.204c9.997 9.997 9.997 26.206 0 36.204l-294.4 294.401c-9.998 9.997-26.207 9.997-36.204-.001z\"><\/path><\/svg>\t\t\t\t\t\t<\/span>\n\t\t\t\t\t\t\t\t\t\t<span class=\"elementor-icon-list-text\">BOSCH CCS 1000 D \u2013 Syst\u00e8me de discussion<\/span>\n\t\t\t\t\t\t\t\t\t\t\t<\/a>\n\t\t\t\t\t\t\t\t\t<\/li>\n\t\t\t\t\t\t\t\t<li class=\"elementor-icon-list-item\">\n\t\t\t\t\t\t\t\t\t\t\t<a href=\"https:\/\/konferenztechnik.de\/fr\/bosch-discussion-installation-de-discussion\/\">\n\n\t\t\t\t\t\t\t\t\t\t\t\t<span class=\"elementor-icon-list-icon\">\n\t\t\t\t\t\t\t<svg aria-hidden=\"true\" class=\"e-font-icon-svg e-fas-check\" viewbox=\"0 0 512 512\" xmlns=\"http:\/\/www.w3.org\/2000\/svg\"><path d=\"M173.898 439.404l-166.4-166.4c-9.997-9.997-9.997-26.206 0-36.204l36.203-36.204c9.997-9.998 26.207-9.998 36.204 0L192 312.69 432.095 72.596c9.997-9.997 26.207-9.997 36.204 0l36.203 36.204c9.997 9.997 9.997 26.206 0 36.204l-294.4 294.401c-9.998 9.997-26.207 9.997-36.204-.001z\"><\/path><\/svg>\t\t\t\t\t\t<\/span>\n\t\t\t\t\t\t\t\t\t\t<span class=\"elementor-icon-list-text\">Postes de discussion Bosch \u2013 Syst\u00e8me de conf\u00e9rence filaire (canaux d'interpr\u00e9tation\/traduction inclus)<\/span>\n\t\t\t\t\t\t\t\t\t\t\t<\/a>\n\t\t\t\t\t\t\t\t\t<\/li>\n\t\t\t\t\t\t\t\t<li class=\"elementor-icon-list-item\">\n\t\t\t\t\t\t\t\t\t\t\t<a href=\"https:\/\/konferenztechnik.de\/fr\/systemes-de-discussion-postes-dinterphonie-louer-acheter-installer-leasing\/\">\n\n\t\t\t\t\t\t\t\t\t\t\t\t<span class=\"elementor-icon-list-icon\">\n\t\t\t\t\t\t\t<svg aria-hidden=\"true\" class=\"e-font-icon-svg e-fas-check\" viewbox=\"0 0 512 512\" xmlns=\"http:\/\/www.w3.org\/2000\/svg\"><path d=\"M173.898 439.404l-166.4-166.4c-9.997-9.997-9.997-26.206 0-36.204l36.203-36.204c9.997-9.998 26.207-9.998 36.204 0L192 312.69 432.095 72.596c9.997-9.997 26.207-9.997 36.204 0l36.203 36.204c9.997 9.997 9.997 26.206 0 36.204l-294.4 294.401c-9.998 9.997-26.207 9.997-36.204-.001z\"><\/path><\/svg>\t\t\t\t\t\t<\/span>\n\t\t\t\t\t\t\t\t\t\t<span class=\"elementor-icon-list-text\">Et bien d'autres encore...<\/span>\n\t\t\t\t\t\t\t\t\t\t\t<\/a>\n\t\t\t\t\t\t\t\t\t<\/li>\n\t\t\t\t\t\t<\/ul>\n\t\t\t\t\t\t<\/div>\n\t\t\t\t<\/div>\n\t\t\t\t<div class=\"elementor-element elementor-element-44963a71 elementor-widget__width-inherit elementor-widget elementor-widget-text-editor\" data-id=\"44963a71\" data-element_type=\"widget\" data-widget_type=\"text-editor.default\">\n\t\t\t\t<div class=\"elementor-widget-container\">\n\t\t\t\t\t\t\t\t\t<p>Les deux versions d'installations de discussion ont leurs avantages : ainsi, les pupitres sans fil convainquent par leur design chic et leur flexibilit\u00e9 dans la disposition des si\u00e8ges, tandis que les pupitres c\u00e2bl\u00e9s sont moins sensibles aux interf\u00e9rences externes dues aux ondes radio. Nos coll\u00e8gues de PCS Konferenztechnik se feront un plaisir de vous conseiller dans le choix du syst\u00e8me de conf\u00e9rence le mieux adapt\u00e9 \u00e0 votre \u00e9v\u00e9nement \u00e0 Heidelberg. Vous b\u00e9n\u00e9ficierez de conseils personnalis\u00e9s, d'offres flexibles et d'une livraison rapide, car notre entrep\u00f4t dispose toujours d'une large gamme de postes d'interphonie en grande quantit\u00e9.<\/p>\t\t\t\t\t\t\t\t<\/div>\n\t\t\t\t<\/div>\n\t\t\t\t<div class=\"elementor-element elementor-element-1ed390c0 elementor-widget elementor-widget-image\" data-id=\"1ed390c0\" data-element_type=\"widget\" data-widget_type=\"image.default\">\n\t\t\t\t<div class=\"elementor-widget-container\">\n\t\t\t\t\t\t\t\t\t\t\t\t\t\t\t<img decoding=\"async\" width=\"1200\" height=\"450\" src=\"https:\/\/konferenztechnik.de\/wp-content\/uploads\/2016\/10\/events-berlin.jpg\" class=\"attachment-full size-full wp-image-8486\" alt=\"\" srcset=\"https:\/\/konferenztechnik.de\/wp-content\/uploads\/2016\/10\/events-berlin.jpg 1200w, https:\/\/konferenztechnik.de\/wp-content\/uploads\/2016\/10\/events-berlin-300x113.jpg 300w, https:\/\/konferenztechnik.de\/wp-content\/uploads\/2016\/10\/events-berlin-1024x384.jpg 1024w, https:\/\/konferenztechnik.de\/wp-content\/uploads\/2016\/10\/events-berlin-768x288.jpg 768w\" sizes=\"(max-width: 1200px) 100vw, 1200px\" title=\"\">\t\t\t\t\t\t\t\t\t\t\t\t\t\t\t<\/div>\n\t\t\t\t<\/div>\n\t\t<div data-particle_enable=\"false\" data-particle-mobile-disabled=\"false\" class=\"elementor-element elementor-element-172b215a e-flex e-con-boxed e-con e-child\" data-id=\"172b215a\" data-element_type=\"container\">\n\t\t\t\t\t<div class=\"e-con-inner\">\n\t\t\t\t<div class=\"elementor-element elementor-element-54ae0f16 elementor-align-left elementor-widget elementor-widget-button\" data-id=\"54ae0f16\" data-element_type=\"widget\" data-widget_type=\"button.default\">\n\t\t\t\t<div class=\"elementor-widget-container\">\n\t\t\t\t\t\t\t\t\t<div class=\"elementor-button-wrapper\">\n\t\t\t\t\t<a class=\"elementor-button elementor-button-link elementor-size-lg\" href=\"#serviceteam\">\n\t\t\t\t\t\t<span class=\"elementor-button-content-wrapper\">\n\t\t\t\t\t\t<span class=\"elementor-button-icon\">\n\t\t\t\t<svg aria-hidden=\"true\" class=\"e-font-icon-svg e-far-arrow-alt-circle-down\" viewbox=\"0 0 512 512\" xmlns=\"http:\/\/www.w3.org\/2000\/svg\"><path d=\"M256 8C119 8 8 119 8 256s111 248 248 248 248-111 248-248S393 8 256 8zm0 448c-110.5 0-200-89.5-200-200S145.5 56 256 56s200 89.5 200 200-89.5 200-200 200zm-32-316v116h-67c-10.7 0-16 12.9-8.5 20.5l99 99c4.7 4.7 12.3 4.7 17 0l99-99c7.6-7.6 2.2-20.5-8.5-20.5h-67V140c0-6.6-5.4-12-12-12h-40c-6.6 0-12 5.4-12 12z\"><\/path><\/svg>\t\t\t<\/span>\n\t\t\t\t\t\t\t\t\t<span class=\"elementor-button-text\">Demander maintenant<\/span>\n\t\t\t\t\t<\/span>\n\t\t\t\t\t<\/a>\n\t\t\t\t<\/div>\n\t\t\t\t\t\t\t\t<\/div>\n\t\t\t\t<\/div>\n\t\t\t\t\t<\/div>\n\t\t\t\t<\/div>\n\t\t\t\t<div class=\"elementor-element elementor-element-2a915c0d elementor-widget elementor-widget-eael-adv-accordion\" data-id=\"2a915c0d\" data-element_type=\"widget\" data-widget_type=\"eael-adv-accordion.default\">\n\t\t\t\t<div class=\"elementor-widget-container\">\n\t\t\t\t\t            <div class=\"eael-adv-accordion\" id=\"eael-adv-accordion-2a915c0d\" data-scroll-on-click=\"no\" data-scroll-speed=\"300\" data-accordion-id=\"2a915c0d\" data-accordion-type=\"accordion\" data-toogle-speed=\"300\">\n            <div class=\"eael-accordion-list\">\n\t\t\t\t\t<div id=\"-veranstaltungsorte-fr-events-und-kongresse-in-heidelberg-\" class=\"elementor-tab-title eael-accordion-header\" tabindex=\"0\" data-tab=\"1\" aria-controls=\"elementor-tab-content-7141\"><span class=\"eael-advanced-accordion-icon-closed\"><svg aria-hidden=\"true\" class=\"fa-accordion-icon e-font-icon-svg e-fas-plus\" viewbox=\"0 0 448 512\" xmlns=\"http:\/\/www.w3.org\/2000\/svg\"><path d=\"M416 208H272V64c0-17.67-14.33-32-32-32h-32c-17.67 0-32 14.33-32 32v144H32c-17.67 0-32 14.33-32 32v32c0 17.67 14.33 32 32 32h144v144c0 17.67 14.33 32 32 32h32c17.67 0 32-14.33 32-32V304h144c17.67 0 32-14.33 32-32v-32c0-17.67-14.33-32-32-32z\"><\/path><\/svg><\/span><span class=\"eael-advanced-accordion-icon-opened\"><svg aria-hidden=\"true\" class=\"fa-accordion-icon e-font-icon-svg e-fas-minus\" viewbox=\"0 0 448 512\" xmlns=\"http:\/\/www.w3.org\/2000\/svg\"><path d=\"M416 208H32c-17.67 0-32 14.33-32 32v32c0 17.67 14.33 32 32 32h384c17.67 0 32-14.33 32-32v-32c0-17.67-14.33-32-32-32z\"><\/path><\/svg><\/span><span class=\"eael-accordion-tab-title\"> Lieux de r\u00e9union pour \u00e9v\u00e9nements et congr\u00e8s \u00e0 Heidelberg <\/span><svg aria-hidden=\"true\" class=\"fa-toggle e-font-icon-svg e-fas-angle-right\" viewbox=\"0 0 256 512\" xmlns=\"http:\/\/www.w3.org\/2000\/svg\"><path d=\"M224.3 273l-136 136c-9.4 9.4-24.6 9.4-33.9 0l-22.6-22.6c-9.4-9.4-9.4-24.6 0-33.9l96.4-96.4-96.4-96.4c-9.4-9.4-9.4-24.6 0-33.9L54.3 103c9.4-9.4 24.6-9.4 33.9 0l136 136c9.5 9.4 9.5 24.6.1 34z\"><\/path><\/svg><\/div><div id=\"elementor-tab-content-7141\" class=\"eael-accordion-content clearfix\" data-tab=\"1\" aria-labelledby=\"-veranstaltungsorte-fr-events-und-kongresse-in-heidelberg-\"><ul><li>Stadthalle Heidelberg \u2013 Palais des congr\u00e8s de Heidelberg<\/li><li>Centre d'\u00e9tudes am\u00e9ricaines de Heidelberg \u2013 HCA<\/li><li>Centre de conf\u00e9rence dans le parc technologique de Heidelberg<\/li><li>Ancienne usine \u00e0 vin de Heidelberg<\/li><li>Maison des citoyens de Heidelberg<\/li><li>Bains pour femmes de Heidelberg<\/li><li>Forum am Park<\/li><li>Palais Prinz Carl<\/li><li>Forum de Portland<\/li><li>Acad\u00e9mie des m\u00e9dias imprim\u00e9s<\/li><li>Restaurant Wolfsbrunnen<\/li><li>Ch\u00e2teau de Heidelberg<\/li><li>Garde-manger 7<\/li><li>Studio Villa Bosch<\/li><li>Gare de marchandises de Heidelberg \u2013 halle02<\/li><\/ul><\/div>\n\t\t\t\t\t<\/div><div class=\"eael-accordion-list\">\n\t\t\t\t\t<div id=\"-die-wichtigsten-veranstaltungshotels-in-heidelberg-\" class=\"elementor-tab-title eael-accordion-header\" tabindex=\"0\" data-tab=\"2\" aria-controls=\"elementor-tab-content-7142\"><span class=\"eael-advanced-accordion-icon-closed\"><svg aria-hidden=\"true\" class=\"fa-accordion-icon e-font-icon-svg e-fas-plus\" viewbox=\"0 0 448 512\" xmlns=\"http:\/\/www.w3.org\/2000\/svg\"><path d=\"M416 208H272V64c0-17.67-14.33-32-32-32h-32c-17.67 0-32 14.33-32 32v144H32c-17.67 0-32 14.33-32 32v32c0 17.67 14.33 32 32 32h144v144c0 17.67 14.33 32 32 32h32c17.67 0 32-14.33 32-32V304h144c17.67 0 32-14.33 32-32v-32c0-17.67-14.33-32-32-32z\"><\/path><\/svg><\/span><span class=\"eael-advanced-accordion-icon-opened\"><svg aria-hidden=\"true\" class=\"fa-accordion-icon e-font-icon-svg e-fas-minus\" viewbox=\"0 0 448 512\" xmlns=\"http:\/\/www.w3.org\/2000\/svg\"><path d=\"M416 208H32c-17.67 0-32 14.33-32 32v32c0 17.67 14.33 32 32 32h384c17.67 0 32-14.33 32-32v-32c0-17.67-14.33-32-32-32z\"><\/path><\/svg><\/span><span class=\"eael-accordion-tab-title\"> Les principaux h\u00f4tels pour \u00e9v\u00e9nements \u00e0 Heidelberg <\/span><svg aria-hidden=\"true\" class=\"fa-toggle e-font-icon-svg e-fas-angle-right\" viewbox=\"0 0 256 512\" xmlns=\"http:\/\/www.w3.org\/2000\/svg\"><path d=\"M224.3 273l-136 136c-9.4 9.4-24.6 9.4-33.9 0l-22.6-22.6c-9.4-9.4-9.4-24.6 0-33.9l96.4-96.4-96.4-96.4c-9.4-9.4-9.4-24.6 0-33.9L54.3 103c9.4-9.4 24.6-9.4 33.9 0l136 136c9.5 9.4 9.5 24.6.1 34z\"><\/path><\/svg><\/div><div id=\"elementor-tab-content-7142\" class=\"eael-accordion-content clearfix\" data-tab=\"2\" aria-labelledby=\"-die-wichtigsten-veranstaltungshotels-in-heidelberg-\"><ul><li>H\u00f4tel Crowne Plaza Heidelberg<\/li><li>NH Heidelberg<\/li><li>H\u00f4tel Chester Heidelberg<\/li><li>Cour europ\u00e9enne de Heidelberg<\/li><li>H\u00f4tel Leonardo Heidelberg<\/li><li>Heidelberg Marriott H\u00f4tel<\/li><li>Grenzhof H\u00f4tel &amp; Restaurant<\/li><li>H\u00f4tel d'excellence<\/li><\/ul><\/div>\n\t\t\t\t\t<\/div><div class=\"eael-accordion-list\">\n\t\t\t\t\t<div id=\"-die-wichtigsten-messen-in-heidelberg-\" class=\"elementor-tab-title eael-accordion-header\" tabindex=\"0\" data-tab=\"3\" aria-controls=\"elementor-tab-content-7143\"><span class=\"eael-advanced-accordion-icon-closed\"><svg aria-hidden=\"true\" class=\"fa-accordion-icon e-font-icon-svg e-fas-plus\" viewbox=\"0 0 448 512\" xmlns=\"http:\/\/www.w3.org\/2000\/svg\"><path d=\"M416 208H272V64c0-17.67-14.33-32-32-32h-32c-17.67 0-32 14.33-32 32v144H32c-17.67 0-32 14.33-32 32v32c0 17.67 14.33 32 32 32h144v144c0 17.67 14.33 32 32 32h32c17.67 0 32-14.33 32-32V304h144c17.67 0 32-14.33 32-32v-32c0-17.67-14.33-32-32-32z\"><\/path><\/svg><\/span><span class=\"eael-advanced-accordion-icon-opened\"><svg aria-hidden=\"true\" class=\"fa-accordion-icon e-font-icon-svg e-fas-minus\" viewbox=\"0 0 448 512\" xmlns=\"http:\/\/www.w3.org\/2000\/svg\"><path d=\"M416 208H32c-17.67 0-32 14.33-32 32v32c0 17.67 14.33 32 32 32h384c17.67 0 32-14.33 32-32v-32c0-17.67-14.33-32-32-32z\"><\/path><\/svg><\/span><span class=\"eael-accordion-tab-title\"> Les principaux salons \u00e0 Heidelberg <\/span><svg aria-hidden=\"true\" class=\"fa-toggle e-font-icon-svg e-fas-angle-right\" viewbox=\"0 0 256 512\" xmlns=\"http:\/\/www.w3.org\/2000\/svg\"><path d=\"M224.3 273l-136 136c-9.4 9.4-24.6 9.4-33.9 0l-22.6-22.6c-9.4-9.4-9.4-24.6 0-33.9l96.4-96.4-96.4-96.4c-9.4-9.4-9.4-24.6 0-33.9L54.3 103c9.4-9.4 24.6-9.4 33.9 0l136 136c9.5 9.4 9.5 24.6.1 34z\"><\/path><\/svg><\/div><div id=\"elementor-tab-content-7143\" class=\"eael-accordion-content clearfix\" data-tab=\"3\" aria-labelledby=\"-die-wichtigsten-messen-in-heidelberg-\"><ul><li>Jobunication Rhin-Neckar<\/li><li>Salon des start-up<\/li><li>Bonheur d'amour Heidelberg<\/li><li>Trau Heidelberg<\/li><li>En route pour le monde de la foire de Heidelberg<\/li><li>Congr\u00e8s international du cancer de l'AEK<\/li><li>Convention de tatouage de Heidelberg<\/li><li>German Pharm Tox Summit<\/li><\/ul><\/div>\n\t\t\t\t\t<\/div><\/div>\t\t\t\t<\/div>\n\t\t\t\t<\/div>\n\t\t\t\t\t<\/div>\n\t\t\t\t<\/div>\n\t\t<div data-particle_enable=\"false\" data-particle-mobile-disabled=\"false\" class=\"elementor-element elementor-element-32ad8e3 e-flex e-con-boxed e-con e-parent\" data-id=\"32ad8e3\" data-element_type=\"container\">\n\t\t\t\t\t<div class=\"e-con-inner\">\n\t\t\t\t<div class=\"elementor-element elementor-element-c7318e0 elementor-widget elementor-widget-shortcode\" data-id=\"c7318e0\" data-element_type=\"widget\" data-widget_type=\"shortcode.default\">\n\t\t\t\t<div class=\"elementor-widget-container\">\n\t\t\t\t\t\t\t<div class=\"elementor-shortcode\"><\/div>\n\t\t\t\t\t\t<\/div>\n\t\t\t\t<\/div>\n\t\t\t\t\t<\/div>\n\t\t\t\t<\/div>\n\t\t\t\t<\/div>","protected":false},"excerpt":{"rendered":"<p>Sprechstellen mieten Heidelberg: Vermietung von Konferenzanlagen und Diskussionsanlagen in der Universit\u00e4tsstadt Heidelberg Jetzt anfragen Das historische Heidelberg ist wohl immer eine Reise wert. Dabei sind 70 Prozent der \u00dcbernachtungsg\u00e4ste Gesch\u00e4ftsreisende. Neben vielen kulturellen Gro\u00dfveranstaltungen finden im \u201eKongresshaus Stadthalle\u201c Hauptversammlungen und Kongresse statt. F\u00fcr Tagungen und Konferenzen sind die Heidelberger Tagungshotels der optimale Ort. Wenn auch [&hellip;]<\/p>","protected":false},"author":1,"featured_media":45482,"parent":0,"menu_order":0,"comment_status":"closed","ping_status":"closed","template":"","meta":{"_acf_changed":false,"footnotes":""},"class_list":["post-12025","page","type-page","status-publish","has-post-thumbnail","hentry"],"acf":[],"_links":{"self":[{"href":"https:\/\/konferenztechnik.de\/fr\/wp-json\/wp\/v2\/pages\/12025","targetHints":{"allow":["GET"]}}],"collection":[{"href":"https:\/\/konferenztechnik.de\/fr\/wp-json\/wp\/v2\/pages"}],"about":[{"href":"https:\/\/konferenztechnik.de\/fr\/wp-json\/wp\/v2\/types\/page"}],"author":[{"embeddable":true,"href":"https:\/\/konferenztechnik.de\/fr\/wp-json\/wp\/v2\/users\/1"}],"replies":[{"embeddable":true,"href":"https:\/\/konferenztechnik.de\/fr\/wp-json\/wp\/v2\/comments?post=12025"}],"version-history":[{"count":0,"href":"https:\/\/konferenztechnik.de\/fr\/wp-json\/wp\/v2\/pages\/12025\/revisions"}],"wp:featuredmedia":[{"embeddable":true,"href":"https:\/\/konferenztechnik.de\/fr\/wp-json\/wp\/v2\/media\/45482"}],"wp:attachment":[{"href":"https:\/\/konferenztechnik.de\/fr\/wp-json\/wp\/v2\/media?parent=12025"}],"curies":[{"name":"wp","href":"https:\/\/api.w.org\/{rel}","templated":true}]}}