{"id":1245,"date":"2013-08-23T11:26:53","date_gmt":"2013-08-23T09:26:53","guid":{"rendered":"https:\/\/pcs-miete.de\/?page_id=1245"},"modified":"2023-07-05T10:48:18","modified_gmt":"2023-07-05T08:48:18","slug":"visualizer","status":"publish","type":"page","link":"https:\/\/konferenztechnik.de\/fr\/distribution-de-materiel-de-conference-et-de-medias-audiovisuels\/technique-video-2\/visualizer\/","title":{"rendered":"Visualiseur"},"content":{"rendered":"<div data-elementor-type=\"wp-page\" data-elementor-id=\"1245\" class=\"elementor elementor-1245\" data-elementor-post-type=\"page\">\n\t\t\t\t\t\t<section data-particle_enable=\"false\" data-particle-mobile-disabled=\"false\" class=\"elementor-section elementor-top-section elementor-element elementor-element-ff88ff4 elementor-section-boxed elementor-section-height-default elementor-section-height-default\" data-id=\"ff88ff4\" data-element_type=\"section\">\n\t\t\t\t\t\t<div class=\"elementor-container elementor-column-gap-default\">\n\t\t\t\t\t<div class=\"elementor-column elementor-col-100 elementor-top-column elementor-element elementor-element-7892d15b\" data-id=\"7892d15b\" data-element_type=\"column\">\n\t\t\t<div class=\"elementor-widget-wrap elementor-element-populated\">\n\t\t\t\t\t\t<div class=\"elementor-element elementor-element-255320ba elementor-widget elementor-widget-text-editor\" data-id=\"255320ba\" data-element_type=\"widget\" data-widget_type=\"text-editor.default\">\n\t\t\t\t<div class=\"elementor-widget-container\">\n\t\t\t\t\t\t\t\t\t<h1>Visualiseur<\/h1>\nQu'est-ce qu'un Visualiseur ?\nUn Visualiseur peut enregistrer rapidement et facilement tout type de mod\u00e8le (livres, photos, objets tridimensionnels, etc.) et fournit une image haute r\u00e9solution pour les vid\u00e9oprojecteurs, les moniteurs, les tableaux blancs num\u00e9riques ou les syst\u00e8mes de vid\u00e9oconf\u00e9rence.\nLes applications typiques des Visualiseurs sont les formations, les r\u00e9unions, les conf\u00e9rences, les s\u00e9minaires et les pr\u00e9sentations de produits. De m\u00eame, dans les pr\u00e9sentations de pi\u00e8ces \u00e0 conviction dans les salles d'audience, diverses applications m\u00e9dicales (t\u00e9l\u00e9m\u00e9decine, t\u00e9l\u00e9pathologie, radiographies, etc.).\n<h2>Visualiseur de bureau \u2013 VZ-9plus\u00b3<\/h2>\n<a href=\"https:\/\/konferenztechnik.de\/wp-content\/uploads\/2013\/09\/wolfvison_desktop_visualizer_vz9plus.jpg\"><img fetchpriority=\"high\" decoding=\"async\" width=\"357\" height=\"436\" src=\"https:\/\/konferenztechnik.de\/wp-content\/uploads\/2013\/09\/wolfvison_desktop_visualizer_vz9plus.jpg\" alt=\"Visualiseur de bureau - VZ-9plus\u00b3\" class=\"alignleft size-full wp-image-2626\" title=\"\" srcset=\"https:\/\/konferenztechnik.de\/wp-content\/uploads\/2013\/09\/wolfvison_desktop_visualizer_vz9plus.jpg 357w, https:\/\/konferenztechnik.de\/wp-content\/uploads\/2013\/09\/wolfvison_desktop_visualizer_vz9plus-246x300.jpg 246w\" sizes=\"(max-width: 357px) 100vw, 357px\" \/><\/a>\n\nLe Visualiseur VZ-9plus\u00b3 est l'appareil haut de gamme parmi les Visualiseurs portables de WolfVision. Il surpasse les Visualiseurs de la s\u00e9rie VZ-8 :\n<ul>\n \t<li>encore plus de fonctionnalit\u00e9s utiles et uniques<\/li>\n \t<li>encore plus facile \u00e0 utiliser (positionnement plus simple des objets)<\/li>\n \t<li>une qualit\u00e9 d'image encore meilleure<\/li>\n<\/ul>\nLa troisi\u00e8me g\u00e9n\u00e9ration du VZ-9plus\u00b3 se distingue par un bo\u00eetier enti\u00e8rement revu - nouveau, moderne et \u00e9l\u00e9gant.\n<h2>Visualiseur au plafond VZ-C12\u00b3 \/ VZ-C32\u00b3<\/h2>\n<a href=\"https:\/\/konferenztechnik.de\/wp-content\/uploads\/2013\/09\/wolfvision_deckenvisualizer_vz-c12.jpg\"><img decoding=\"async\" width=\"600\" height=\"514\" src=\"https:\/\/konferenztechnik.de\/wp-content\/uploads\/2013\/09\/wolfvision_deckenvisualizer_vz-c12.jpg\" alt=\"Visualiseur au plafond VZ-C12\u00b3 \/ VZ-C32\u00b3 \" class=\"alignleft size-full wp-image-2625\" title=\"\" srcset=\"https:\/\/konferenztechnik.de\/wp-content\/uploads\/2013\/09\/wolfvision_deckenvisualizer_vz-c12.jpg 600w, https:\/\/konferenztechnik.de\/wp-content\/uploads\/2013\/09\/wolfvision_deckenvisualizer_vz-c12-300x257.jpg 300w\" sizes=\"(max-width: 600px) 100vw, 600px\" \/><\/a>\n\nUn Visualiseur au Plafond peut \u00eatre mont\u00e9 au plafond comme un projecteur ou int\u00e9gr\u00e9 dans un faux plafond. Il n'y a pas d'appareil sur la table ou le pupitre, et rien n'obstrue la vue entre l'orateur et le public.\n<h2>Visualiseur au plafond VZ-C12\u00b3 \/ VZ-C32\u00b3<\/h2>\nLes autres avantages sont\n<ul>\n \t<li>le Visualiseur peut \u00eatre enti\u00e8rement dissimul\u00e9 dans un faux plafond<\/li>\n \t<li>appareil fixe qui ne peut gu\u00e8re \u00eatre vol\u00e9<\/li>\n \t<li>pas de c\u00e2ble entre la table et l'appareil<\/li>\n \t<li>Les objets peuvent \u00eatre encore plus grands et plus hauts<\/li>\n<\/ul>\nLes caract\u00e9ristiques, le design et les connexions du VZ-C32\u00b3 sont identiques \u00e0 ceux du Visualiseur au Plafond VZ-C12\u00b3. La grande diff\u00e9rence r\u00e9side dans la cam\u00e9ra int\u00e9gr\u00e9e :\n<ul>\n \t<li>VZ-C12\u00b3 = Cam\u00e9ra HD 1-CCD SXGA\/WXGA\/720p<\/li>\n \t<li>VZ-C32\u00b3 = Cam\u00e9ra HD 3-CCD SXGA\/WXGA\/720p<\/li>\n<\/ul>\nLa cam\u00e9ra 3-CCD du VZ-C32\u00b3 surpasse la cam\u00e9ra du VZ-C12\u00b3 en termes de fid\u00e9lit\u00e9 des couleurs et de r\u00e9solution. Cela est particuli\u00e8rement visible pour les documents tr\u00e8s d\u00e9taill\u00e9s et de diff\u00e9rentes couleurs.\t\t\t\t\t\t\t\t<\/div>\n\t\t\t\t<\/div>\n\t\t\t\t\t<\/div>\n\t\t<\/div>\n\t\t\t\t\t<\/div>\n\t\t<\/section>\n\t\t\t\t<\/div>","protected":false},"excerpt":{"rendered":"<p>Qu'est-ce qu'un Visualiseur ?\nUn Visualiseur peut enregistrer rapidement et facilement tout type de mod\u00e8le (livres, photos, objets tridimensionnels, etc.) et fournit une image haute r\u00e9solution pour les vid\u00e9oprojecteurs, les moniteurs, les tableaux blancs num\u00e9riques ou les syst\u00e8mes de vid\u00e9oconf\u00e9rence.\nLes applications typiques des Visualiseurs sont les formations, les r\u00e9unions, les conf\u00e9rences, les s\u00e9minaires et les pr\u00e9sentations de produits. De m\u00eame, dans les pr\u00e9sentations de pi\u00e8ces \u00e0 conviction dans les salles d'audience, diverses applications m\u00e9dicales (t\u00e9l\u00e9m\u00e9decine, t\u00e9l\u00e9pathologie, radiographies, etc.).<\/p>","protected":false},"author":1,"featured_media":45482,"parent":1138,"menu_order":221,"comment_status":"closed","ping_status":"open","template":"","meta":{"_acf_changed":false,"footnotes":""},"class_list":["post-1245","page","type-page","status-publish","has-post-thumbnail","hentry"],"acf":[],"_links":{"self":[{"href":"https:\/\/konferenztechnik.de\/fr\/wp-json\/wp\/v2\/pages\/1245","targetHints":{"allow":["GET"]}}],"collection":[{"href":"https:\/\/konferenztechnik.de\/fr\/wp-json\/wp\/v2\/pages"}],"about":[{"href":"https:\/\/konferenztechnik.de\/fr\/wp-json\/wp\/v2\/types\/page"}],"author":[{"embeddable":true,"href":"https:\/\/konferenztechnik.de\/fr\/wp-json\/wp\/v2\/users\/1"}],"replies":[{"embeddable":true,"href":"https:\/\/konferenztechnik.de\/fr\/wp-json\/wp\/v2\/comments?post=1245"}],"version-history":[{"count":0,"href":"https:\/\/konferenztechnik.de\/fr\/wp-json\/wp\/v2\/pages\/1245\/revisions"}],"up":[{"embeddable":true,"href":"https:\/\/konferenztechnik.de\/fr\/wp-json\/wp\/v2\/pages\/1138"}],"wp:featuredmedia":[{"embeddable":true,"href":"https:\/\/konferenztechnik.de\/fr\/wp-json\/wp\/v2\/media\/45482"}],"wp:attachment":[{"href":"https:\/\/konferenztechnik.de\/fr\/wp-json\/wp\/v2\/media?parent=1245"}],"curies":[{"name":"wp","href":"https:\/\/api.w.org\/{rel}","templated":true}]}}