{"id":13888,"date":"2018-10-03T10:38:49","date_gmt":"2018-10-03T09:38:49","guid":{"rendered":"https:\/\/www.konferenztechnik.de\/?page_id=13888"},"modified":"2023-08-29T14:29:09","modified_gmt":"2023-08-29T12:29:09","slug":"tour-guide-systems-rental-germany","status":"publish","type":"page","link":"https:\/\/konferenztechnik.de\/fr\/tour-guide-systems-rental-germany\/","title":{"rendered":"Tour Guide Systems Rental Germany"},"content":{"rendered":"<h1>Tour Guide Systems Rental Germany \u2013 location bodypack portable sans fil FM system for indoor or outdoor tours<\/h1>\n<p><img decoding=\"async\" src=\"https:\/\/konferenztechnik.de\/wp-content\/uploads\/2017\/05\/fuehrungsanlagen-mieten-pcs-konferenztechnik.jpg\" alt=\"Location d&#039;\u00e9quipement de guide touristique en Allemagne\" class=\"alignleft size-full wp-image-9278\" title=\"\"><\/p>\n<p>Les syst\u00e8mes FM portables sans fil pour bodypack, \u00e9galement connus sous le nom de syst\u00e8mes de guide touristique, sont utilis\u00e9s dans les expositions, les mus\u00e9es, les espaces publics ou les b\u00e2timents d'usine afin d'assurer une connexion sans faille entre un orateur et le groupe de visiteurs. Ils sont \u00e9galement utiles pour le chuchotage ou l'interpr\u00e9tation des chuchotements.<\/p>\n<p>Plusieurs groupes peuvent participer aux visites en m\u00eame temps gr\u00e2ce \u00e0 une s\u00e9lection flexible de canaux. Les boucles d'induction transmettent le son directement aux aides auditives pour les participants qui les portent. Les syst\u00e8mes de visite sont compacts et faciles \u00e0 stocker dans des cases faciles \u00e0 transporter.<\/p>\n<p>[spacer size=\"15\u2033]<\/p>\n<div class=\"sidebar-line\"><\/div>\n<p>[spacer size=\"10\u2033]<br \/>\nChez PCS, nous mettons \u00e0 disposition les syst\u00e8mes de guides touristiques suivants :<\/p>\n<h2>Embaucher le syst\u00e8me de guide touristique Sennheiser Tourguide 2020<\/h2>\n<p><img decoding=\"async\" src=\"https:\/\/konferenztechnik.de\/wp-content\/uploads\/2018\/01\/sennheiser-tourguide-kaufen-set.jpg\" alt=\"\" title=\"\"><br \/>\nL'avantage de ce syst\u00e8me est que le r\u00e9cepteur est int\u00e9gr\u00e9 dans l'oreillette, ce qui le rend moins volumineux que les casques plus conventionnels et plus facile \u00e0 distribuer et \u00e0 collecter. Cela contribue \u00e9galement au confort de l'utilisateur lorsqu'il porte le casque pendant plusieurs heures.<\/p>\n<p>Le syst\u00e8me offre jusqu'\u00e0 six canaux pour des groupes diff\u00e9rents ou m\u00eame une transmission simultan\u00e9e sur les bandes de fr\u00e9quences ouvertes 863-865 MHz.<\/p>\n<p>Plusieurs groupes \u00e0 la fois peuvent \u00eatre guid\u00e9s avec un tel syst\u00e8me.<\/p>\n<p>[spacer size=\"15\u2033]<\/p>\n<div class=\"sidebar-line\"><\/div>\n<p>[spacer size=\"10\u2033]<\/p>\n<h2>Embaucher le syst\u00e8me de guide touristique Synexis de Beyerdynamic<\/h2>\n<p><img decoding=\"async\" src=\"https:\/\/konferenztechnik.de\/wp-content\/uploads\/2018\/01\/beyerdynamic-synexis-kaufen-set.jpg\" alt=\"\" title=\"\"><br \/>\nLe syst\u00e8me d'interpr\u00e9tation et de guide touristique sans fil Synexis de Beyerdynamic offre des solutions \u00e9tendues et rentables r\u00e9pondant aux normes les plus \u00e9lev\u00e9es.<\/p>\n<p>Jusqu'\u00e0 16 signaux audio peuvent \u00eatre transmis simultan\u00e9ment et clairement afin que chaque auditeur puisse les comprendre.<\/p>\n<p>Plusieurs groupes \u00e0 la fois peuvent \u00eatre guid\u00e9s avec un tel syst\u00e8me \u2013 ainsi que l'interpr\u00e9tation peut \u00eatre soumise.<\/p>\n<p>[spacer size=\"15\u2033]<\/p>\n<div class=\"sidebar-line\"><\/div>\n<p>[spacer size=\"10\u2033]<\/p>\n<h2>Embauchez le syst\u00e8me de guide touristique Beyerdynamic TTS 300<\/h2>\n<p><img decoding=\"async\" src=\"https:\/\/konferenztechnik.de\/wp-content\/uploads\/2018\/10\/tourguide-beyerdynamic-tts300.jpg\" alt=\"\" title=\"\"><\/p>\n<p>Le syst\u00e8me TTS 300 de Beyerdynamic fonctionne avec une technologie haute fr\u00e9quence. La transmission des microphones d'enceintes sans fil vers les r\u00e9cepteurs s'effectue \u00e0 l'aide de la technologie UHF moderne (gamme de fr\u00e9quences de 863-865 MHz).<\/p>\n<p>Les participants sont \u00e9quip\u00e9s d'un r\u00e9cepteur et d'un casque pour pouvoir \u00e9couter la transmission de l'orateur ou des interpr\u00e8tes.<\/p>\n<p>L'utilisation de ce syst\u00e8me garantit le fonctionnement en parall\u00e8le de jusqu'\u00e0 10 canaux, ce qui permet une utilisation dans des applications multilingues ainsi que la division des participants en groupes pour un tour. Un temps de rechargement de seulement 30 minutes \u00e0 l'aide des cases de rechargement qui les accompagnent permet de remettre les r\u00e9cepteurs en action rapidement.<\/p>\n<p>[spacer size=\"15\u2033]<\/p>\n<div class=\"sidebar-line\"><\/div>\n<p>[spacer size=\"10\u2033]<\/p>\n<h2>Accessoires du syst\u00e8me Tour guide<\/h2>\n<p>Nous proposons une large s\u00e9lection d'accessoires pour les syst\u00e8mes pr\u00e9sent\u00e9s ici, qui incluent :<\/p>\n<p>[list icon=\"moon-checkmark\" color=\"#a62055\u2033]\u00c9tuis de chargement et de transport[\/list]<br \/>\n[list icon=\"moon-checkmark\" color=\"#a62055\u2033]Pendentifs de microphone[\/list]<br \/>\n[list icon=\"moon-checkmark\" color=\"#a62055\u2033]Induction neckloops[\/list]<br \/>\n[list icon=\"moon-checkmark\" color=\"#a62055\u2033]Pi\u00e8ces de rechange et batteries rechargeables[\/list]<br \/>\n[list icon=\"moon-checkmark\" color=\"#a62055\u2033]Designs personnalis\u00e9s[\/list]<br \/>\n[spacer size=\"20\u2033]<br \/>\n<img decoding=\"async\" src=\"https:\/\/konferenztechnik.de\/wp-content\/uploads\/2018\/03\/fuehrungsanlagen-zubehoer.jpg\" alt=\"Acheter des accessoires pour les syst\u00e8mes de transport de personnes\" width=\"850\" class=\"alignnone size-full wp-image-12220\" title=\"\"><\/p>\n<div class=\"call-action-slider-img\">\n<img decoding=\"async\" src=\"https:\/\/konferenztechnik.de\/wp-content\/uploads\/2018\/01\/fuehrungsanlagen-kaufen-bei-pcs.jpg\" alt=\"Location de mat\u00e9riel d&#039;interpr\u00e9tation en Allemagne\" class=\"alignleft size-full wp-image-9278\" title=\"\"><br \/>\n<button class=\"btn popmake-13980\">R\u00e9ponse rapide !<br \/>\nDemande de devis &amp;#x9B ;<\/button><\/div>\n<h2>PCS Conference Service : quatre branches en Allemagne<\/h2>\n<p><img decoding=\"async\" src=\"https:\/\/konferenztechnik.de\/wp-content\/uploads\/2018\/09\/conference-service-germany-1.gif\" alt=\"\" title=\"\"><\/p>\n<p>Avec quatre sites d'affaires \u00e0 travers l'Allemagne, nous vous fournissons une logistique sans faille et une technologie de conf\u00e9rence de haute qualit\u00e9 qui est adaptable et fiable pour utiliser \u2013 d'un microphone unique \u00e0 un \u00e9quipement d'interpr\u00e9tation simultan\u00e9e pour jusqu'\u00e0 32 langues.<\/p>\n<p>[spacer size=\"20\u2033]<\/p>\n<h2>Contact<\/h2>\n<p>[column size=\"1-4\u2033 last=\"1\u2033]<\/p>\n<div class=\"box1-4\">\n<div class=\"box-head\">Nord et Ouest<\/div>\n<p><img fetchpriority=\"high\" decoding=\"async\" width=\"800\" height=\"533\" src=\"https:\/\/konferenztechnik.de\/wp-content\/uploads\/2013\/09\/monika_van_den_boogaard_pcs-gmbh.jpg\" alt=\"Monika van den Boogaard PCS GmbH Allemagne\" class=\"alignleft size-full wp-image-2312\" title=\"\" srcset=\"https:\/\/konferenztechnik.de\/wp-content\/uploads\/2013\/09\/monika_van_den_boogaard_pcs-gmbh.jpg 800w, https:\/\/konferenztechnik.de\/wp-content\/uploads\/2013\/09\/monika_van_den_boogaard_pcs-gmbh-300x200.jpg 300w, https:\/\/konferenztechnik.de\/wp-content\/uploads\/2013\/09\/monika_van_den_boogaard_pcs-gmbh-768x512.jpg 768w\" sizes=\"(max-width: 800px) 100vw, 800px\" \/><br \/>\nMonika van den Boogaard<br \/>\nLocation de support de projet<br \/>\nT\u00e9l. +49 211 737798 10<br \/>\n<span class=\"volleansicht\"><a href=\"mailto:vandenboogaard@konferenztechnik.de\" onclick=\"ga('send', 'event', 'Email-Klick', 'Kontakt Boogaard');\">Courrier \u00e9lectronique <\/a><br \/>\n<\/span><br \/>\n<span class=\"mobileansicht\"><a href=\"mailto:vandenboogaard@konferenztechnik.de\" onclick=\"ga('send', 'event', 'Email-Klick', 'Kontakt Boogaard');\">Courrier \u00e9lectronique <\/a><br \/>\n<\/span><\/div>\n<p>[\/column]<br \/>\n[column size=\"1-4\u2033 last=\"1\u2033]<\/p>\n<div class=\"box1-4\">\n<div class=\"box-head\">Est<\/div>\n<p><img decoding=\"async\" width=\"2316\" height=\"1543\" src=\"https:\/\/konferenztechnik.de\/wp-content\/uploads\/2017\/05\/sebastian-meyer-pcs-gmbh.jpg\" alt=\"Sebastian Meyer PCS GmbH Allemagne - Disposition\" class=\"alignleft size-full wp-image-10048\" title=\"\" srcset=\"https:\/\/konferenztechnik.de\/wp-content\/uploads\/2017\/05\/sebastian-meyer-pcs-gmbh.jpg 2316w, https:\/\/konferenztechnik.de\/wp-content\/uploads\/2017\/05\/sebastian-meyer-pcs-gmbh-300x200.jpg 300w, https:\/\/konferenztechnik.de\/wp-content\/uploads\/2017\/05\/sebastian-meyer-pcs-gmbh-1024x682.jpg 1024w, https:\/\/konferenztechnik.de\/wp-content\/uploads\/2017\/05\/sebastian-meyer-pcs-gmbh-768x512.jpg 768w, https:\/\/konferenztechnik.de\/wp-content\/uploads\/2017\/05\/sebastian-meyer-pcs-gmbh-1536x1023.jpg 1536w, https:\/\/konferenztechnik.de\/wp-content\/uploads\/2017\/05\/sebastian-meyer-pcs-gmbh-2048x1364.jpg 2048w\" sizes=\"(max-width: 2316px) 100vw, 2316px\" \/><br \/>\nS\u00e9bastien Meyer<br \/>\nLocation de support de projet<br \/>\nT\u00e9l. +49 30 6959690 15<br \/>\n<span class=\"volleansicht\"><a href=\"mailto:meyer@konferenztechnik.de\" onclick=\"ga('send', 'event', 'Email-Klick', 'Kontakt Meyer');\">Courrier \u00e9lectronique <\/a><br \/>\n<\/span><br \/>\n<span class=\"mobileansicht\"><a href=\"mailto:meyer@konferenztechnik.de\" onclick=\"ga('send', 'event', 'Email-Klick', 'Kontakt Meyer');\">Courrier \u00e9lectronique <\/a><br \/>\n<\/span><\/div>\n<p>[\/column]<\/p>\n<p>[column size=\"1-4\u2033 last=\"1\u2033]<br \/>\n[\/column]<\/p>\n<p>[column size=\"1-4\u2033 last=\"1\u2033]<\/p>\n<div class=\"box1-4\">\n<div class=\"box-head\">South<\/div>\n<p><img decoding=\"async\" width=\"800\" height=\"533\" src=\"https:\/\/konferenztechnik.de\/wp-content\/uploads\/2013\/09\/sebastian_gegusch_pcs-gmbh.jpg\" alt=\"Sebastian Gegusch - PCS GmbH Germany - Planification de projet\" class=\"alignleft size-full wp-image-3153\" title=\"\" srcset=\"https:\/\/konferenztechnik.de\/wp-content\/uploads\/2013\/09\/sebastian_gegusch_pcs-gmbh.jpg 800w, https:\/\/konferenztechnik.de\/wp-content\/uploads\/2013\/09\/sebastian_gegusch_pcs-gmbh-300x200.jpg 300w, https:\/\/konferenztechnik.de\/wp-content\/uploads\/2013\/09\/sebastian_gegusch_pcs-gmbh-768x512.jpg 768w\" sizes=\"(max-width: 800px) 100vw, 800px\" \/>S\u00e9bastien Gegusch<br \/>\nGestion de projet<br \/>\nT\u00e9l. +49 89 21553290<br \/>\n<span class=\"volleansicht\"><a href=\"mailto:gegusch@konferenztechnik.de\" onclick=\"ga('send', 'event', 'Email-Klick', 'Kontakt Gegusch');\">Courrier \u00e9lectronique <\/a><br \/>\n<\/span> <span class=\"mobileansicht\"><a href=\"mailto:gegusch@konferenztechnik.de\" onclick=\"ga('send', 'event', 'Email-Klick', 'Kontakt Gegusch');\">Courrier \u00e9lectronique <\/a><br \/>\n<\/span><\/div>\n<p>[\/column]<\/p>\n<p>[column size=\"1-4\u2033 last=\"1\u2033]<\/p>\n<p>[\/column]<\/p>","protected":false},"excerpt":{"rendered":"<p>Tour Guide Systems Rental Germany \u2013 hire wireless portable bodypack FM system for indoor or outdoor tours Wireless portable bodypack FM systems, known also as tour guide systems, are made use of in exhibitions, museums, public spaces or factory buildings in order to ensure a flawless connection between a speaker and the tour group. They [&hellip;]<\/p>","protected":false},"author":1,"featured_media":45482,"parent":0,"menu_order":0,"comment_status":"closed","ping_status":"closed","template":"","meta":{"_acf_changed":false,"footnotes":""},"class_list":["post-13888","page","type-page","status-publish","has-post-thumbnail","hentry"],"acf":[],"_links":{"self":[{"href":"https:\/\/konferenztechnik.de\/fr\/wp-json\/wp\/v2\/pages\/13888","targetHints":{"allow":["GET"]}}],"collection":[{"href":"https:\/\/konferenztechnik.de\/fr\/wp-json\/wp\/v2\/pages"}],"about":[{"href":"https:\/\/konferenztechnik.de\/fr\/wp-json\/wp\/v2\/types\/page"}],"author":[{"embeddable":true,"href":"https:\/\/konferenztechnik.de\/fr\/wp-json\/wp\/v2\/users\/1"}],"replies":[{"embeddable":true,"href":"https:\/\/konferenztechnik.de\/fr\/wp-json\/wp\/v2\/comments?post=13888"}],"version-history":[{"count":0,"href":"https:\/\/konferenztechnik.de\/fr\/wp-json\/wp\/v2\/pages\/13888\/revisions"}],"wp:featuredmedia":[{"embeddable":true,"href":"https:\/\/konferenztechnik.de\/fr\/wp-json\/wp\/v2\/media\/45482"}],"wp:attachment":[{"href":"https:\/\/konferenztechnik.de\/fr\/wp-json\/wp\/v2\/media?parent=13888"}],"curies":[{"name":"wp","href":"https:\/\/api.w.org\/{rel}","templated":true}]}}