{"id":1562,"date":"2013-08-30T15:08:02","date_gmt":"2013-08-30T13:08:02","guid":{"rendered":"https:\/\/konferenztechnik.de\/?page_id=1562"},"modified":"2013-08-30T15:08:02","modified_gmt":"2013-08-30T13:08:02","slug":"liste-de-reference-evenement","status":"publish","type":"page","link":"https:\/\/konferenztechnik.de\/fr\/a-propos-de-nous-2\/liste-de-reference-evenement\/","title":{"rendered":"Liste de r\u00e9f\u00e9rences \u00e9v\u00e9nement"},"content":{"rendered":"<h1>Liste de r\u00e9f\u00e9rences \u00e9v\u00e9nement<\/h1>\n<ul>\n<li>ABB SA<\/li>\n<li>Abbott GmbH &amp; Co. KG<\/li>\n<li>Groupe W\u00fcrth<\/li>\n<li>Groupe BMW<\/li>\n<li>Association des libraires allemands (B\u00f6rsenverein des deutschen Buchhandels e.V.)<\/li>\n<li>Bosch Rexroth AG<\/li>\n<li>Ambassade des \u00c9tats-Unis<\/li>\n<li>BP Oil Marketing<\/li>\n<li>BPW \u2013 Axes de montagne<\/li>\n<li>Brahms AG<\/li>\n<li>B. Braun Melsungen AG<\/li>\n<li>Association f\u00e9d\u00e9rale des interpr\u00e8tes et traducteurs (BD\u00dc)<\/li>\n<li>Cour constitutionnelle f\u00e9d\u00e9rale<\/li>\n<li>Daimler AG<\/li>\n<li>Deichmann<\/li>\n<li>DFB \u2013 F\u00e9d\u00e9ration allemande de football<\/li>\n<li>Fondation Dieter Schwarz gemeinn\u00fctzige GmbH<\/li>\n<li>FIFA \u2013 F\u00e9d\u00e9ration Internationale de Football Association<\/li>\n<li>Fondation Fritz-Thyssen<\/li>\n<li>Fujifilm<\/li>\n<li>DMG Mori Seiki AG<\/li>\n<li>Drees &amp; Sommer AG<\/li>\n<li>Ecolab Deutschland GmbH<\/li>\n<li>Ford Werke AG<\/li>\n<li>Universit\u00e9 libre de Berlin<\/li>\n<li>EASA \u2013 Agence europ\u00e9enne de la s\u00e9curit\u00e9 a\u00e9rienne<\/li>\n<li>GETRAG International GmbH<\/li>\n<li>Chambre des m\u00e9tiers de D\u00fcsseldorf<\/li>\n<li>HeidelbergCement AG<\/li>\n<li>Henry Schein Dental Deutschland GmbH<\/li>\n<li>Universit\u00e9 de Niederrhein<\/li>\n<li>Hochtief AG<\/li>\n<li>ICG \u2013 Innovation Congress GmbH<\/li>\n<li>Chambre de commerce et d'industrie de D\u00fcsseldorf<\/li>\n<li>Kl\u00f6ckner AG<\/li>\n<li>KPMG<\/li>\n<li>Parlement du Land de Rh\u00e9nanie-du-Nord-Westphalie<\/li>\n<li>Lidl Dienstleistung GmbH &amp; Co. KG<\/li>\n<li>LKA D\u00fcsseldorf<\/li>\n<li>LR Health &amp; Beauty Systems GmbH<\/li>\n<li>Lufthansa Cargo AG<\/li>\n<li>M\u00e9morial de Ravensbr\u00fcck<\/li>\n<li>Metro AG<\/li>\n<li>Nachi Europe GmbH<\/li>\n<li>REWE Zentral AG<\/li>\n<li>Rheinzink GmbH &amp; Co. KG<\/li>\n<li>Sachtleben Chemie GmbH<\/li>\n<li>Banque Santander<\/li>\n<li>SCC EVENTS GmbH<\/li>\n<li>Sony Europe<\/li>\n<li>Fluide Sterling<\/li>\n<li>Targobank<\/li>\n<li>Telef\u00f3nica Deutschland Holding AG<\/li>\n<li>TEREX<\/li>\n<li>ThyssenKrupp AG<\/li>\n<li>Unilever Deutschland Holding GmbH<\/li>\n<li>Universit\u00e9 de Heidelberg<\/li>\n<li>Vaillant GmbH<\/li>\n<li>Association des cimentiers allemands<\/li>\n<li>VISTEON Deutschland GmbH<\/li>\n<li>WINGAS GmbH<\/li>\n<\/ul>","protected":false},"excerpt":{"rendered":"<p>Referenzliste Event ABB AG Abbott GmbH &#038; Co. KG W\u00fcrth Group BMW Group B\u00f6rsenverein des deutschen Buchhandels e.V. Bosch Rexroth AG Botschaft der USA BP Oil Marketing BPW \u2013 Bergische Achsen Brahms AG B. Braun Melsungen AG Bundesverband der Dolmetscher und \u00dcbersetzer e.V. (BD\u00dc) Bundesverfassungsgericht Daimler AG Deichmann DFB \u2013 Deutscher Fu\u00dfball-Bund e.V. Dieter Schwarz [&hellip;]<\/p>","protected":false},"author":1,"featured_media":45482,"parent":12,"menu_order":186,"comment_status":"closed","ping_status":"open","template":"page-right-sidebar.php","meta":{"_acf_changed":false,"footnotes":""},"class_list":["post-1562","page","type-page","status-publish","has-post-thumbnail","hentry"],"acf":[],"_links":{"self":[{"href":"https:\/\/konferenztechnik.de\/fr\/wp-json\/wp\/v2\/pages\/1562","targetHints":{"allow":["GET"]}}],"collection":[{"href":"https:\/\/konferenztechnik.de\/fr\/wp-json\/wp\/v2\/pages"}],"about":[{"href":"https:\/\/konferenztechnik.de\/fr\/wp-json\/wp\/v2\/types\/page"}],"author":[{"embeddable":true,"href":"https:\/\/konferenztechnik.de\/fr\/wp-json\/wp\/v2\/users\/1"}],"replies":[{"embeddable":true,"href":"https:\/\/konferenztechnik.de\/fr\/wp-json\/wp\/v2\/comments?post=1562"}],"version-history":[{"count":0,"href":"https:\/\/konferenztechnik.de\/fr\/wp-json\/wp\/v2\/pages\/1562\/revisions"}],"up":[{"embeddable":true,"href":"https:\/\/konferenztechnik.de\/fr\/wp-json\/wp\/v2\/pages\/12"}],"wp:featuredmedia":[{"embeddable":true,"href":"https:\/\/konferenztechnik.de\/fr\/wp-json\/wp\/v2\/media\/45482"}],"wp:attachment":[{"href":"https:\/\/konferenztechnik.de\/fr\/wp-json\/wp\/v2\/media?parent=1562"}],"curies":[{"name":"wp","href":"https:\/\/api.w.org\/{rel}","templated":true}]}}