{"id":19369,"date":"2022-05-23T09:23:19","date_gmt":"2022-05-23T08:23:19","guid":{"rendered":"https:\/\/www.konferenztechnik.de\/?page_id=19369"},"modified":"2023-09-01T14:05:50","modified_gmt":"2023-09-01T12:05:50","slug":"fabrications-speciales-entretiens-et-reparations-2","status":"publish","type":"page","link":"https:\/\/konferenztechnik.de\/fr\/fabrications-speciales-entretiens-et-reparations-2\/","title":{"rendered":"Fabrications sp\u00e9ciales, maintenance et r\u00e9parations"},"content":{"rendered":"<h1>Fabrications sp\u00e9ciales, maintenance et r\u00e9parations<\/h1>\n<p>[rev_slider fabrications sp\u00e9ciales]<br \/>\n[spacer size=\"20\u2033]<\/p>\n<p>Dans le cadre du support apr\u00e8s-vente, notre personnel form\u00e9 et un atelier parfaitement \u00e9quip\u00e9 sont \u00e0 votre disposition pour l'entretien et les r\u00e9parations.<\/p>\n<p>C'est \u00e9galement ici que sont cr\u00e9\u00e9es les solutions sp\u00e9ciales pour les installations et la distribution. Nous proposons des solutions multim\u00e9dias sur mesure, de haute qualit\u00e9, adapt\u00e9es \u00e0 vos id\u00e9es, \u00e0 vos directives visuelles et aux directives de corporate design, planifi\u00e9es par nos soins en termes d'ing\u00e9nierie et mises en \u0153uvre de mani\u00e8re professionnelle.<\/p>\n<p>[column size=\"1-4\u2033 last=\"1\u2033]<br \/>\n<a href=\"https:\/\/konferenztechnik.de\/wp-content\/uploads\/2013\/08\/sonderanfertigung01.jpg\"><img fetchpriority=\"high\" decoding=\"async\" src=\"https:\/\/konferenztechnik.de\/wp-content\/uploads\/2013\/08\/sonderanfertigung01.jpg\" alt=\"fabrication sp\u00e9ciale01\" width=\"470\" height=\"400\" class=\"alignnone size-full wp-image-1610\" title=\"\" srcset=\"https:\/\/konferenztechnik.de\/wp-content\/uploads\/2013\/08\/sonderanfertigung01.jpg 470w, https:\/\/konferenztechnik.de\/wp-content\/uploads\/2013\/08\/sonderanfertigung01-300x255.jpg 300w\" sizes=\"(max-width: 470px) 100vw, 470px\" \/><\/a><br \/>\n[\/column]<\/p>\n<p>[column size=\"1-4\u2033 last=\"1\u2033]<br \/>\n<a href=\"https:\/\/konferenztechnik.de\/wp-content\/uploads\/2013\/08\/sonderanfertigung02.jpg\"><img decoding=\"async\" src=\"https:\/\/konferenztechnik.de\/wp-content\/uploads\/2013\/08\/sonderanfertigung02.jpg\" alt=\"fabrication sp\u00e9ciale02\" width=\"470\" height=\"400\" class=\"alignnone size-full wp-image-1611\" title=\"\" srcset=\"https:\/\/konferenztechnik.de\/wp-content\/uploads\/2013\/08\/sonderanfertigung02.jpg 470w, https:\/\/konferenztechnik.de\/wp-content\/uploads\/2013\/08\/sonderanfertigung02-300x255.jpg 300w\" sizes=\"(max-width: 470px) 100vw, 470px\" \/><\/a><br \/>\n[\/column]<\/p>\n<p>[column size=\"1-4\u2033 last=\"1\u2033]<br \/>\n<a href=\"https:\/\/konferenztechnik.de\/wp-content\/uploads\/2013\/08\/sonderanfertigung03.jpg\"><img decoding=\"async\" src=\"https:\/\/konferenztechnik.de\/wp-content\/uploads\/2013\/08\/sonderanfertigung03.jpg\" alt=\"fabrication sp\u00e9ciale03\" width=\"470\" height=\"400\" class=\"alignnone size-full wp-image-1612\" title=\"\" srcset=\"https:\/\/konferenztechnik.de\/wp-content\/uploads\/2013\/08\/sonderanfertigung03.jpg 470w, https:\/\/konferenztechnik.de\/wp-content\/uploads\/2013\/08\/sonderanfertigung03-300x255.jpg 300w\" sizes=\"(max-width: 470px) 100vw, 470px\" \/><\/a><br \/>\n[\/column]<\/p>\n<p>[column size=\"1-4\u2033 last=\"1\u2033]<br \/>\n<a href=\"https:\/\/konferenztechnik.de\/wp-content\/uploads\/2013\/08\/sonderanfertigung04.jpg\"><img loading=\"lazy\" decoding=\"async\" src=\"https:\/\/konferenztechnik.de\/wp-content\/uploads\/2013\/08\/sonderanfertigung04.jpg\" alt=\"fabrication sp\u00e9ciale04\" width=\"470\" height=\"400\" class=\"alignnone size-full wp-image-1613\" title=\"\" srcset=\"https:\/\/konferenztechnik.de\/wp-content\/uploads\/2013\/08\/sonderanfertigung04.jpg 470w, https:\/\/konferenztechnik.de\/wp-content\/uploads\/2013\/08\/sonderanfertigung04-300x255.jpg 300w\" sizes=\"(max-width: 470px) 100vw, 470px\" \/><\/a><br \/>\n[\/column]<\/p>\n<p>Vous avez besoin d'une rondelle pour votre syst\u00e8me de conf\u00e9rence de 1950 ou d'un microphone aux couleurs de votre entreprise ? Parlez-en \u00e0 notre d\u00e9partement des fabrications sp\u00e9ciales et des r\u00e9parations. Ici, m\u00eame les demandes les plus extraordinaires font partie du quotidien.<\/p>\n<p>[spacer size=\"30\u2033]<\/p>\n<h1>Personne de contact<\/h1>\n<p>[spacer size=\"20\u2033]<br \/>\n[column size=\"1-4\u2033 last=\"1\u2033]<br \/>\n[tabs style=\"2\u2033]<br \/>\n[tab title=\"Accessoires de conf\u00e9rence, ascenseurs vid\u00e9o, maintenance et r\u00e9paration\"]]<br \/>\n<img decoding=\"async\" src=\"https:\/\/konferenztechnik.de\/wp-content\/uploads\/2013\/09\/sebastian_spree_pcs-gmbh2.jpg\" alt=\"S\u00e9bastien Spree\" class=\"alignleft size-full wp-image-2315\" title=\"\"><\/p>\n<p>S\u00e9bastien Spree<br \/>\nConseiller de projet<br \/>\nT\u00e9l. +49 211 737798 24<br \/>\nCourrier \u00e9lectronique <a href=\"mailto:spree@konferenztechnik.de\">spree@konferenztechnik.de<\/a><br \/>\nCode QR <a href=\"https:\/\/konferenztechnik.de\/wp-content\/uploads\/2013\/09\/sebastian_spree_qrcode.png\">&amp;#x9B ; afficher<\/a><\/p>\n<p>[\/tab]<br \/>\n[\/tabs]<br \/>\n[\/column]<br \/>\n[column size=\"1-4\u2033 last=\"1\u2033]<\/p>\n<div class=\"weiterlinks2\">\n[tabs style=\"2\u2033]<br \/>\n[tab title=\"Liens compl\u00e9mentaires\"]<\/p>\n<ul>\n<li>&amp;#x9B ; <a href=\"\/fr\/a-propos-de-nous-2\/liste-de-reference-installation\/\" title=\"R\u00e9f\u00e9rences\">R\u00e9f\u00e9rences Installation et int\u00e9gration<\/a><\/li>\n<li>&amp;#x9B ; <a href=\"\/fr\/a-propos-de-nous-2\/10-bonnes-raisons-pour-les-pc\/\" title=\"10 bonnes raisons de choisir PCS\">10 bonnes raisons de choisir PCS<\/a><\/li>\n<li>\u203a <a title=\"Distribution de mat\u00e9riel de conf\u00e9rence et de m\u00e9dias\" href=\"\/fr\/services\/vente-de-materiel-de-conference-et-de-medias\/\">Distribution de mat\u00e9riel de conf\u00e9rence et de m\u00e9dias<\/a><\/li>\n<\/ul>\n<\/div>\n<p>[\/tab]<br \/>\n[\/tabs]<br \/>\n[\/column]<br \/>\n[spacer size=\"30\u2033]<\/p>","protected":false},"excerpt":{"rendered":"<p>Fabrications sp\u00e9ciales, maintenance et r\u00e9parations [rev_slider fabrications sp\u00e9ciales] [spacer size=\"20\u2033] Dans le cadre du support apr\u00e8s-vente, notre personnel qualifi\u00e9 et un atelier parfaitement \u00e9quip\u00e9 sont \u00e0 votre disposition pour la maintenance et les r\u00e9parations. C'est \u00e9galement ici que naissent les solutions sp\u00e9ciales pour les installations et la distribution. Nous proposons des solutions multim\u00e9dias sur mesure, de haute qualit\u00e9, adapt\u00e9es \u00e0 vos id\u00e9es, \u00e0 vos directives visuelles et aux directives de corporate design, planifi\u00e9es par nos soins en termes d'ing\u00e9nierie et r\u00e9alis\u00e9es de mani\u00e8re professionnelle. [...]<\/p>","protected":false},"author":1,"featured_media":45482,"parent":0,"menu_order":0,"comment_status":"closed","ping_status":"closed","template":"","meta":{"_acf_changed":false,"footnotes":""},"class_list":["post-19369","page","type-page","status-publish","has-post-thumbnail","hentry"],"acf":[],"_links":{"self":[{"href":"https:\/\/konferenztechnik.de\/fr\/wp-json\/wp\/v2\/pages\/19369","targetHints":{"allow":["GET"]}}],"collection":[{"href":"https:\/\/konferenztechnik.de\/fr\/wp-json\/wp\/v2\/pages"}],"about":[{"href":"https:\/\/konferenztechnik.de\/fr\/wp-json\/wp\/v2\/types\/page"}],"author":[{"embeddable":true,"href":"https:\/\/konferenztechnik.de\/fr\/wp-json\/wp\/v2\/users\/1"}],"replies":[{"embeddable":true,"href":"https:\/\/konferenztechnik.de\/fr\/wp-json\/wp\/v2\/comments?post=19369"}],"version-history":[{"count":0,"href":"https:\/\/konferenztechnik.de\/fr\/wp-json\/wp\/v2\/pages\/19369\/revisions"}],"wp:featuredmedia":[{"embeddable":true,"href":"https:\/\/konferenztechnik.de\/fr\/wp-json\/wp\/v2\/media\/45482"}],"wp:attachment":[{"href":"https:\/\/konferenztechnik.de\/fr\/wp-json\/wp\/v2\/media?parent=19369"}],"curies":[{"name":"wp","href":"https:\/\/api.w.org\/{rel}","templated":true}]}}