{"id":24791,"date":"2023-04-18T09:46:11","date_gmt":"2023-04-18T07:46:11","guid":{"rendered":"http:\/\/dev.konferenztechnik.de\/?page_id=24791"},"modified":"2025-12-20T19:14:57","modified_gmt":"2025-12-20T18:14:57","slug":"education-et-universites","status":"publish","type":"page","link":"https:\/\/konferenztechnik.de\/fr\/education-et-universites\/","title":{"rendered":"\u00c9ducation et universit\u00e9s"},"content":{"rendered":"<div data-elementor-type=\"wp-page\" data-elementor-id=\"24791\" class=\"elementor elementor-24791\" data-elementor-post-type=\"page\">\n\t\t\t\t<div data-particle_enable=\"false\" data-particle-mobile-disabled=\"false\" class=\"elementor-element elementor-element-d8aba58 e-flex e-con-boxed e-con e-parent\" data-id=\"d8aba58\" data-element_type=\"container\">\n\t\t\t\t\t<div class=\"e-con-inner\">\n\t\t\t\t<div class=\"elementor-element elementor-element-366d4e5 elementor-widget__width-inherit elementor-widget elementor-widget-heading\" data-id=\"366d4e5\" data-element_type=\"widget\" data-widget_type=\"heading.default\">\n\t\t\t\t<div class=\"elementor-widget-container\">\n\t\t\t\t\t<h1 class=\"elementor-heading-title elementor-size-default\">\u00c9ducation et universit\u00e9s<\/h1>\t\t\t\t<\/div>\n\t\t\t\t<\/div>\n\t\t\t\t<div class=\"elementor-element elementor-element-e4b6b7a elementor-widget elementor-widget-image\" data-id=\"e4b6b7a\" data-element_type=\"widget\" data-widget_type=\"image.default\">\n\t\t\t\t<div class=\"elementor-widget-container\">\n\t\t\t\t\t\t\t\t\t\t\t\t\t\t\t<img fetchpriority=\"high\" decoding=\"async\" width=\"1300\" height=\"486\" src=\"https:\/\/konferenztechnik.de\/wp-content\/uploads\/2023\/04\/uni-medieninstallation.jpg\" class=\"attachment-full size-full wp-image-24799\" alt=\"Vue d&#039;un amphith\u00e9\u00e2tre moderne vide - ici comme symbole de notre rubrique \u00c9ducation et universit\u00e9s\" srcset=\"https:\/\/konferenztechnik.de\/wp-content\/uploads\/2023\/04\/uni-medieninstallation.jpg 1300w, https:\/\/konferenztechnik.de\/wp-content\/uploads\/2023\/04\/uni-medieninstallation-300x112.jpg 300w, https:\/\/konferenztechnik.de\/wp-content\/uploads\/2023\/04\/uni-medieninstallation-1024x383.jpg 1024w, https:\/\/konferenztechnik.de\/wp-content\/uploads\/2023\/04\/uni-medieninstallation-768x287.jpg 768w, https:\/\/konferenztechnik.de\/wp-content\/uploads\/2023\/04\/uni-medieninstallation-18x7.jpg 18w\" sizes=\"(max-width: 1300px) 100vw, 1300px\" title=\"\">\t\t\t\t\t\t\t\t\t\t\t\t\t\t\t<\/div>\n\t\t\t\t<\/div>\n\t\t\t\t\t<\/div>\n\t\t\t\t<\/div>\n\t\t<div data-particle_enable=\"false\" data-particle-mobile-disabled=\"false\" class=\"elementor-element elementor-element-9deafd4 e-flex e-con-boxed e-con e-parent\" data-id=\"9deafd4\" data-element_type=\"container\">\n\t\t\t\t\t<div class=\"e-con-inner\">\n\t\t\t\t<div class=\"elementor-element elementor-element-66ea8b4 elementor-widget elementor-widget-heading\" data-id=\"66ea8b4\" data-element_type=\"widget\" data-settings=\"{&quot;_animation&quot;:&quot;none&quot;}\" data-widget_type=\"heading.default\">\n\t\t\t\t<div class=\"elementor-widget-container\">\n\t\t\t\t\t<h2 class=\"elementor-heading-title elementor-size-default\">Formation : moderne, dynamique, globale<\/h2>\t\t\t\t<\/div>\n\t\t\t\t<\/div>\n\t\t\t\t<div class=\"elementor-element elementor-element-d16fcf6 elementor-widget__width-inherit elementor-widget elementor-widget-text-editor\" data-id=\"d16fcf6\" data-element_type=\"widget\" data-widget_type=\"text-editor.default\">\n\t\t\t\t<div class=\"elementor-widget-container\">\n\t\t\t\t\t\t\t\t\t<p>Les \u00e9tablissements d'enseignement et les universit\u00e9s ont des exigences particuli\u00e8rement \u00e9lev\u00e9es en mati\u00e8re de technologie multim\u00e9dia moderne. Gr\u00e2ce \u00e0 des formations r\u00e9guli\u00e8res chez les fabricants et \u00e0 la mise en pratique lors d'installations, nous restons \u00e0 la pointe de la technologie. Les universit\u00e9s sont souvent des moteurs d'innovation dans le domaine des technologies audio, vid\u00e9o et de pr\u00e9sentation.<\/p><p>\u00a0<\/p><p>Dans les environnements d'enseignement et d'apprentissage, il est essentiel de disposer d'une grande clart\u00e9 vocale et d'une transmission visuelle fiable. Une qualit\u00e9 audio claire et un affichage stable des images sont indispensables pour les cours magistraux, les formats d'enseignement hybrides et la collaboration num\u00e9rique.<\/p><p>\u00a0<\/p><p>De plus, les syst\u00e8mes techniques multim\u00e9dias utilis\u00e9s dans les \u00e9tablissements d'enseignement sup\u00e9rieur doivent \u00eatre hautement disponibles, robustes et r\u00e9sistants aux erreurs de manipulation. Les concepts d'utilisation doivent \u00eatre intuitifs afin d'\u00e9viter toute perturbation pendant les cours. De nombreuses solutions que nous utilisons aujourd'hui dans les salles de conf\u00e9rence d'entreprise ont initialement fait leurs preuves dans des projets universitaires, notamment les \u00e9crans interactifs professionnels.<\/p><p>\u00a0<\/p><p>Nous consid\u00e9rons que ce qui convient \u00e0 une utilisation dans les universit\u00e9s est la r\u00e9f\u00e9rence technique absolue. Nous appliquons syst\u00e9matiquement les normes de qualit\u00e9 exig\u00e9es dans ces \u00e9tablissements en mati\u00e8re de fiabilit\u00e9, de facilit\u00e9 d'utilisation et de performances \u00e0 d'autres domaines d'application. Les projets universitaires sont \u00e9galement tr\u00e8s pris\u00e9s en interne, car ils sont technologiquement sophistiqu\u00e9s et exigent un haut niveau de comp\u00e9tence technique.<\/p>\t\t\t\t\t\t\t\t<\/div>\n\t\t\t\t<\/div>\n\t\t\t\t\t<\/div>\n\t\t\t\t<\/div>\n\t\t<div data-particle_enable=\"false\" data-particle-mobile-disabled=\"false\" class=\"elementor-element elementor-element-455c20b e-flex e-con-boxed e-con e-parent\" data-id=\"455c20b\" data-element_type=\"container\" data-settings=\"{&quot;animation&quot;:&quot;none&quot;}\">\n\t\t\t\t\t<div class=\"e-con-inner\">\n\t\t\t\t<div class=\"elementor-element elementor-element-7734196 elementor-widget elementor-widget-heading\" data-id=\"7734196\" data-element_type=\"widget\" data-settings=\"{&quot;_animation&quot;:&quot;none&quot;}\" data-widget_type=\"heading.default\">\n\t\t\t\t<div class=\"elementor-widget-container\">\n\t\t\t\t\t<h2 class=\"elementor-heading-title elementor-size-default\">Th\u00e8mes fr\u00e9quents<\/h2>\t\t\t\t<\/div>\n\t\t\t\t<\/div>\n\t\t\t\t<div class=\"elementor-element elementor-element-1e5ddfb elementor-widget__width-inherit smart-post-list-4-col elementor-widget elementor-widget-eael-post-list\" data-id=\"1e5ddfb\" data-element_type=\"widget\" data-settings=\"{&quot;_animation&quot;:&quot;none&quot;}\" data-widget_type=\"eael-post-list.default\">\n\t\t\t\t<div class=\"elementor-widget-container\">\n\t\t\t\t\t<div class=\"eael-post-list-container advanced layout-advanced\"><div class=\"eael-post-list-wrap\"><div class=\"eael-post-list-posts-wrap eael-post-appender eael-post-appender-1e5ddfb\"><div class=\"eael-post-list-post\"><div class=\"eael-post-list-post-inner\"><div class=\"eael-post-list-thumbnail\"><a href=\"https:\/\/konferenztechnik.de\/fr\/systeme-de-microphone-sans-fil-shure-mxw-next-2\/\">\n                <img decoding=\"async\" src=\"https:\/\/konferenztechnik.de\/wp-content\/uploads\/2024\/02\/drahtlose-konferenz-shure-mxw-next-2-jpg.webp\" alt=\"Un microphone, une personne le met en marche.\" title=\"\">\n            <\/a><\/div><div class=\"eael-post-list-content\"><h3 class=\"eael-post-list-title\"><a href=\"https:\/\/konferenztechnik.de\/fr\/systeme-de-microphone-sans-fil-shure-mxw-next-2\/\" >Syst\u00e8me de microphones sans fil Shure MXW NEXT 2<\/a><\/h3><p>Microphones sans fil pour les salles de classe, les salles de formation, les amphith\u00e9\u00e2tres et les salles de conf\u00e9rence hybrides \u2013 simple, fiable,...<\/p><a href=\"https:\/\/konferenztechnik.de\/fr\/systeme-de-microphone-sans-fil-shure-mxw-next-2\/\" class=\"eael-post-elements-readmore-btn\" >\u203a plus<\/a><div class=\"boxed-meta\"><\/div><\/div><\/div><\/div><div class=\"eael-post-list-post\"><div class=\"eael-post-list-post-inner\"><div class=\"eael-post-list-thumbnail\"><a href=\"https:\/\/konferenztechnik.de\/fr\/accessibilite-evenements-solutions-techniques-conseil-mise-en-oeuvre\/\">\n                <img decoding=\"async\" src=\"https:\/\/konferenztechnik.de\/wp-content\/uploads\/2023\/03\/barrierefreie-events.jpg\" alt=\"Symbole d&#039;accessibilit\u00e9\" title=\"\">\n            <\/a><\/div><div class=\"eael-post-list-content\"><h3 class=\"eael-post-list-title\"><a href=\"https:\/\/konferenztechnik.de\/fr\/accessibilite-evenements-solutions-techniques-conseil-mise-en-oeuvre\/\" >Accessibilit\u00e9<\/a><\/h3><p>Pour les \u00e9v\u00e9nements et la communication num\u00e9rique : conseil, r\u00e9alisation : nous vous aidons \u00e0 organiser des...<\/p><a href=\"https:\/\/konferenztechnik.de\/fr\/accessibilite-evenements-solutions-techniques-conseil-mise-en-oeuvre\/\" class=\"eael-post-elements-readmore-btn\" >\u203a plus<\/a><div class=\"boxed-meta\"><\/div><\/div><\/div><\/div><div class=\"eael-post-list-post\"><div class=\"eael-post-list-post-inner\"><div class=\"eael-post-list-thumbnail\"><a href=\"https:\/\/konferenztechnik.de\/fr\/ecrans-interactifs-tableaux-blancs-flipcharts\/\">\n                <img decoding=\"async\" src=\"https:\/\/konferenztechnik.de\/wp-content\/uploads\/2023\/04\/i3-displays-whiteboards-flipcharts-jpg.webp\" alt=\"2 \u00e9crans de la marque I3 sur tr\u00e9pieds mobiles\" title=\"\">\n            <\/a><\/div><div class=\"eael-post-list-content\"><h3 class=\"eael-post-list-title\"><a href=\"https:\/\/konferenztechnik.de\/fr\/ecrans-interactifs-tableaux-blancs-flipcharts\/\" >\u00c9crans interactifs, tableaux blancs, flipcharts<\/a><\/h3><p>Notre premier choix pour les \u00e9crans tactiles, les tableaux blancs et les tableaux \u00e0 feuilles mobiles num\u00e9riques est souvent i3-Technologies.<\/p><a href=\"https:\/\/konferenztechnik.de\/fr\/ecrans-interactifs-tableaux-blancs-flipcharts\/\" class=\"eael-post-elements-readmore-btn\" >\u203a plus<\/a><div class=\"boxed-meta\"><\/div><\/div><\/div><\/div><div class=\"eael-post-list-post\"><div class=\"eael-post-list-post-inner\"><div class=\"eael-post-list-thumbnail\"><a href=\"https:\/\/konferenztechnik.de\/fr\/qualite-de-lair\/\">\n                <img decoding=\"async\" src=\"https:\/\/konferenztechnik.de\/wp-content\/uploads\/2023\/04\/luftqualitaet-veranstaltungen-hochschulen.jpg\" alt=\"Symbole de l&#039;indice de qualit\u00e9 de l&#039;air\" title=\"\">\n            <\/a><\/div><div class=\"eael-post-list-content\"><h3 class=\"eael-post-list-title\"><a href=\"https:\/\/konferenztechnik.de\/fr\/qualite-de-lair\/\" >Qualit\u00e9 de l'air dans les espaces de travail et d'apprentissage<\/a><\/h3><p>Nous travaillons et apprenons dans des espaces ferm\u00e9s. Une bonne qualit\u00e9 de l'air int\u00e9rieur est donc...<\/p><a href=\"https:\/\/konferenztechnik.de\/fr\/qualite-de-lair\/\" class=\"eael-post-elements-readmore-btn\" >\u203a plus<\/a><div class=\"boxed-meta\"><\/div><\/div><\/div><\/div><div class=\"eael-post-list-post\"><div class=\"eael-post-list-post-inner\"><div class=\"eael-post-list-thumbnail\"><a href=\"https:\/\/konferenztechnik.de\/fr\/cameras-ptz\/\">\n                <img decoding=\"async\" src=\"https:\/\/konferenztechnik.de\/wp-content\/uploads\/2023\/03\/ptz-kameras.jpg\" alt=\"\" title=\"\">\n            <\/a><\/div><div class=\"eael-post-list-content\"><h3 class=\"eael-post-list-title\"><a href=\"https:\/\/konferenztechnik.de\/fr\/cameras-ptz\/\" >Cam\u00e9ras PTZ<\/a><\/h3><p>Les cam\u00e9ras PTZ (souvent appel\u00e9es cam\u00e9ras DOME) dirigent automatiquement la mise au point sur les...<\/p><a href=\"https:\/\/konferenztechnik.de\/fr\/cameras-ptz\/\" class=\"eael-post-elements-readmore-btn\" >\u203a plus<\/a><div class=\"boxed-meta\"><\/div><\/div><\/div><\/div><div class=\"eael-post-list-post\"><div class=\"eael-post-list-post-inner\"><div class=\"eael-post-list-thumbnail\"><a href=\"https:\/\/konferenztechnik.de\/fr\/salles-de-reunion-hybrides-pour-videoconferences-2\/\">\n                <img decoding=\"async\" src=\"https:\/\/konferenztechnik.de\/wp-content\/uploads\/2023\/03\/hybride-besprechungsraeume.jpg\" alt=\"\" title=\"\">\n            <\/a><\/div><div class=\"eael-post-list-content\"><h3 class=\"eael-post-list-title\"><a href=\"https:\/\/konferenztechnik.de\/fr\/salles-de-reunion-hybrides-pour-videoconferences-2\/\" >Salles de r\u00e9union hybrides pour vid\u00e9oconf\u00e9rences<\/a><\/h3><p>Des conditions optimales dans la salle et pour les participants connect\u00e9s et une utilisation harmonieuse...<\/p><a href=\"https:\/\/konferenztechnik.de\/fr\/salles-de-reunion-hybrides-pour-videoconferences-2\/\" class=\"eael-post-elements-readmore-btn\" >\u203a plus<\/a><div class=\"boxed-meta\"><\/div><\/div><\/div><\/div><div class=\"eael-post-list-post\"><div class=\"eael-post-list-post-inner\"><div class=\"eael-post-list-thumbnail\"><a href=\"https:\/\/konferenztechnik.de\/fr\/pages-daccueil-pour-evenements-plateformes-devenements-virtuels\/\">\n                <img decoding=\"async\" src=\"https:\/\/konferenztechnik.de\/wp-content\/uploads\/2023\/03\/landingpage-beitrag.jpg\" alt=\"\" title=\"\">\n            <\/a><\/div><div class=\"eael-post-list-content\"><h3 class=\"eael-post-list-title\"><a href=\"https:\/\/konferenztechnik.de\/fr\/pages-daccueil-pour-evenements-plateformes-devenements-virtuels\/\" >Pages de renvoi pour les \u00e9v\u00e9nements, plateformes virtuelles d'\u00e9v\u00e9nements<\/a><\/h3><p>Pages d'atterrissage pour \u00e9v\u00e9nements, plateformes d'\u00e9v\u00e9nements virtuels Le package de base se compose des \u00e9l\u00e9ments suivants...<\/p><a href=\"https:\/\/konferenztechnik.de\/fr\/pages-daccueil-pour-evenements-plateformes-devenements-virtuels\/\" class=\"eael-post-elements-readmore-btn\" >\u203a plus<\/a><div class=\"boxed-meta\"><\/div><\/div><\/div><\/div><div class=\"eael-post-list-post\"><div class=\"eael-post-list-post-inner\"><div class=\"eael-post-list-thumbnail\"><a href=\"https:\/\/konferenztechnik.de\/fr\/conferences-avec-microsoft-teams\/\">\n                <img decoding=\"async\" src=\"https:\/\/konferenztechnik.de\/wp-content\/uploads\/2023\/03\/konferenzen-ms-teams.jpg\" alt=\"\" title=\"\">\n            <\/a><\/div><div class=\"eael-post-list-content\"><h3 class=\"eael-post-list-title\"><a href=\"https:\/\/konferenztechnik.de\/fr\/conferences-avec-microsoft-teams\/\" >Conf\u00e9rences avec Microsoft Teams<\/a><\/h3><p>MS Teams d\u00e9sormais disponible en plusieurs langues et avec la fonction \"Simultan\u00e9it\u00e9\"<\/p><a href=\"https:\/\/konferenztechnik.de\/fr\/conferences-avec-microsoft-teams\/\" class=\"eael-post-elements-readmore-btn\" >\u203a plus<\/a><div class=\"boxed-meta\"><\/div><\/div><\/div><\/div><\/div><\/div>\n\t\t<\/div>\t\t\t\t<\/div>\n\t\t\t\t<\/div>\n\t\t\t\t\t<\/div>\n\t\t\t\t<\/div>\n\t\t<div data-particle_enable=\"false\" data-particle-mobile-disabled=\"false\" class=\"elementor-element elementor-element-eaddbcf e-flex e-con-boxed e-con e-parent\" data-id=\"eaddbcf\" data-element_type=\"container\">\n\t\t\t\t\t<div class=\"e-con-inner\">\n\t\t\t\t<div class=\"elementor-element elementor-element-7fa8348 elementor-widget__width-inherit elementor-widget elementor-widget-heading\" data-id=\"7fa8348\" data-element_type=\"widget\" data-widget_type=\"heading.default\">\n\t\t\t\t<div class=\"elementor-widget-container\">\n\t\t\t\t\t<h2 class=\"elementor-heading-title elementor-size-default\">R\u00e9f\u00e9rences : \u00c9ducation et universit\u00e9s<\/h2>\t\t\t\t<\/div>\n\t\t\t\t<\/div>\n\t\t\t\t<div class=\"elementor-element elementor-element-28236df elementor-widget__width-inherit elementor-widget elementor-widget-text-editor\" data-id=\"28236df\" data-element_type=\"widget\" data-widget_type=\"text-editor.default\">\n\t\t\t\t<div class=\"elementor-widget-container\">\n\t\t\t\t\t\t\t\t\t<ul><li>Universit\u00e9 Bauhaus de Weimar<\/li><li>Universit\u00e9 de Wuppertal<\/li><li>\u00c9cole sup\u00e9rieure de technologie de Berlin<\/li><li>BIBB Agence centrale du gouvernement f\u00e9d\u00e9ral pour la coop\u00e9ration internationale en mati\u00e8re de formation professionnelle<\/li><li>Minist\u00e8re f\u00e9d\u00e9ral de l'\u00e9ducation et de la recherche<\/li><li>Centre f\u00e9d\u00e9ral pour l'\u00e9ducation politique<\/li><li>Universit\u00e9 Christian Albrecht de Kiel<\/li><li>Universit\u00e9 europ\u00e9enne Viadrina de Francfort-sur-l'Oder<\/li><li>Universit\u00e9 des sciences appliqu\u00e9es d'Aix-la-Chapelle<\/li><li>Universit\u00e9 des sciences appliqu\u00e9es d'Erfurt<\/li><li>Universit\u00e9 du film de Babelsberg Konrad Wolf<\/li><li>Universit\u00e9 libre de Berlin<\/li><li>Universit\u00e9 Friedrich Schiller d'I\u00e9na<\/li><li>Universit\u00e9 Heinrich Heine de D\u00fcsseldorf<\/li><li>\u00c9cole sup\u00e9rieure de police et d'administration publique NRW<\/li><li>Universit\u00e9 de Niederrhein<\/li><li>Universit\u00e9 Humboldt de Berlin<\/li><li>Centre de formation IG Metall<\/li><li>Internationales Bildungs- und Begegnungswerk e.V. (association internationale de formation et de rencontre)<\/li><li>Universit\u00e9 Ludwig Maximilian de Munich<\/li><li>Acad\u00e9mie de mission \u00e0 l'universit\u00e9 de Hambourg<\/li><li>Acad\u00e9mie des sciences de Rh\u00e9nanie-du-Nord-Westphalie<\/li><li>\u00c9cole sup\u00e9rieure technique de Bavi\u00e8re orientale (OTH)<\/li><li>Universit\u00e9 rh\u00e9nane Friedrich Wilhelm de Bonn<\/li><li>Universit\u00e9 de la Ruhr \u00e0 Bochum<\/li><li>Administration du S\u00e9nat pour l'\u00e9ducation, la jeunesse et la famille Berlin<\/li><li>Fondation de l'Universit\u00e9 de Hildesheim<\/li><li>Fondation pour la promotion de la Conf\u00e9rence des recteurs d'universit\u00e9s<\/li><li>\u00c9cole sup\u00e9rieure technique de Cologne<\/li><li>Universit\u00e9 technique de Berlin<\/li><li>Universit\u00e9 technique de Munich<\/li><li>Universit\u00e9 de Duisburg Essen<\/li><li>Universit\u00e9 libre ukrainienne de Munich<\/li><li>Universit\u00e9 de Heidelberg<\/li><li>Universit\u00e9 de Kassel<\/li><li>Universit\u00e9 de Potsdam<\/li><li>Soci\u00e9t\u00e9 de congr\u00e8s et de formation continue en m\u00e9decine militaire mbH<\/li><\/ul>\t\t\t\t\t\t\t\t<\/div>\n\t\t\t\t<\/div>\n\t\t\t\t<div class=\"elementor-element elementor-element-507e68a elementor-icon-list--layout-traditional elementor-list-item-link-full_width elementor-widget elementor-widget-icon-list\" data-id=\"507e68a\" data-element_type=\"widget\" data-widget_type=\"icon-list.default\">\n\t\t\t\t<div class=\"elementor-widget-container\">\n\t\t\t\t\t\t\t<ul class=\"elementor-icon-list-items\">\n\t\t\t\t\t\t\t<li class=\"elementor-icon-list-item\">\n\t\t\t\t\t\t\t\t\t\t\t<a href=\"\/fr\/references\/\">\n\n\t\t\t\t\t\t\t\t\t\t\t\t<span class=\"elementor-icon-list-icon\">\n\t\t\t\t\t\t\t<svg aria-hidden=\"true\" class=\"e-font-icon-svg e-fas-chevron-right\" viewbox=\"0 0 320 512\" xmlns=\"http:\/\/www.w3.org\/2000\/svg\"><path d=\"M285.476 272.971L91.132 467.314c-9.373 9.373-24.569 9.373-33.941 0l-22.667-22.667c-9.357-9.357-9.375-24.522-.04-33.901L188.505 256 34.484 101.255c-9.335-9.379-9.317-24.544.04-33.901l22.667-22.667c9.373-9.373 24.569-9.373 33.941 0L285.475 239.03c9.373 9.372 9.373 24.568.001 33.941z\"><\/path><\/svg>\t\t\t\t\t\t<\/span>\n\t\t\t\t\t\t\t\t\t\t<span class=\"elementor-icon-list-text\">Plus de r\u00e9f\u00e9rences<\/span>\n\t\t\t\t\t\t\t\t\t\t\t<\/a>\n\t\t\t\t\t\t\t\t\t<\/li>\n\t\t\t\t\t\t<\/ul>\n\t\t\t\t\t\t<\/div>\n\t\t\t\t<\/div>\n\t\t\t\t\t<\/div>\n\t\t\t\t<\/div>\n\t\t<div data-particle_enable=\"false\" data-particle-mobile-disabled=\"false\" class=\"elementor-element elementor-element-2af5988 e-flex e-con-boxed e-con e-parent\" data-id=\"2af5988\" data-element_type=\"container\">\n\t\t\t\t\t<div class=\"e-con-inner\">\n\t\t\t\t<div class=\"elementor-element elementor-element-f28f352 elementor-widget elementor-widget-shortcode\" data-id=\"f28f352\" data-element_type=\"widget\" data-widget_type=\"shortcode.default\">\n\t\t\t\t<div class=\"elementor-widget-container\">\n\t\t\t\t\t\t\t<div class=\"elementor-shortcode\"><\/div>\n\t\t\t\t\t\t<\/div>\n\t\t\t\t<\/div>\n\t\t\t\t\t<\/div>\n\t\t\t\t<\/div>\n\t\t<div data-particle_enable=\"false\" data-particle-mobile-disabled=\"false\" class=\"elementor-element elementor-element-14d115f e-flex e-con-boxed e-con e-parent\" data-id=\"14d115f\" data-element_type=\"container\">\n\t\t\t\t\t<div class=\"e-con-inner\">\n\t\t\t\t<div class=\"elementor-element elementor-element-0f53c4b elementor-widget elementor-widget-shortcode\" data-id=\"0f53c4b\" data-element_type=\"widget\" data-widget_type=\"shortcode.default\">\n\t\t\t\t<div class=\"elementor-widget-container\">\n\t\t\t\t\t\t\t<div class=\"elementor-shortcode\"><\/div>\n\t\t\t\t\t\t<\/div>\n\t\t\t\t<\/div>\n\t\t\t\t\t<\/div>\n\t\t\t\t<\/div>\n\t\t\t\t<\/div>","protected":false},"excerpt":{"rendered":"<p>Bildung und Universit\u00e4ten Bildung: modern, dynamisch, ganzheitlich Bildungseinrichtungen und Hochschulen stellen besonders hohe Anforderungen an zeitgem\u00e4\u00dfe Medientechnik. Durch regelm\u00e4\u00dfige Schulungen bei Herstellern sowie die praktische Umsetzung bei Installationen bleiben wir technologisch auf dem neuesten Stand. Hochschulen fungieren dabei h\u00e4ufig als Innovationstreiber f\u00fcr Audio-, Video- und Pr\u00e4sentationstechnik. \u00a0 Der Bedarf an hoher Sprachverst\u00e4ndlichkeit und zuverl\u00e4ssiger visueller [&hellip;]<\/p>","protected":false},"author":2,"featured_media":45482,"parent":0,"menu_order":0,"comment_status":"closed","ping_status":"closed","template":"","meta":{"_acf_changed":false,"footnotes":""},"class_list":["post-24791","page","type-page","status-publish","has-post-thumbnail","hentry"],"acf":[],"_links":{"self":[{"href":"https:\/\/konferenztechnik.de\/fr\/wp-json\/wp\/v2\/pages\/24791","targetHints":{"allow":["GET"]}}],"collection":[{"href":"https:\/\/konferenztechnik.de\/fr\/wp-json\/wp\/v2\/pages"}],"about":[{"href":"https:\/\/konferenztechnik.de\/fr\/wp-json\/wp\/v2\/types\/page"}],"author":[{"embeddable":true,"href":"https:\/\/konferenztechnik.de\/fr\/wp-json\/wp\/v2\/users\/2"}],"replies":[{"embeddable":true,"href":"https:\/\/konferenztechnik.de\/fr\/wp-json\/wp\/v2\/comments?post=24791"}],"version-history":[{"count":0,"href":"https:\/\/konferenztechnik.de\/fr\/wp-json\/wp\/v2\/pages\/24791\/revisions"}],"wp:featuredmedia":[{"embeddable":true,"href":"https:\/\/konferenztechnik.de\/fr\/wp-json\/wp\/v2\/media\/45482"}],"wp:attachment":[{"href":"https:\/\/konferenztechnik.de\/fr\/wp-json\/wp\/v2\/media?parent=24791"}],"curies":[{"name":"wp","href":"https:\/\/api.w.org\/{rel}","templated":true}]}}