{"id":24866,"date":"2023-04-18T11:00:19","date_gmt":"2023-04-18T09:00:19","guid":{"rendered":"http:\/\/dev.konferenztechnik.de\/?page_id=24866"},"modified":"2025-12-20T19:24:47","modified_gmt":"2025-12-20T18:24:47","slug":"entreprises-economiques","status":"publish","type":"page","link":"https:\/\/konferenztechnik.de\/fr\/entreprises-economiques\/","title":{"rendered":"Industrie, PME, agences"},"content":{"rendered":"<div data-elementor-type=\"wp-page\" data-elementor-id=\"24866\" class=\"elementor elementor-24866\" data-elementor-post-type=\"page\">\n\t\t\t\t<div data-particle_enable=\"false\" data-particle-mobile-disabled=\"false\" class=\"elementor-element elementor-element-d8aba58 e-flex e-con-boxed e-con e-parent\" data-id=\"d8aba58\" data-element_type=\"container\">\n\t\t\t\t\t<div class=\"e-con-inner\">\n\t\t\t\t<div class=\"elementor-element elementor-element-366d4e5 elementor-widget__width-inherit elementor-widget elementor-widget-heading\" data-id=\"366d4e5\" data-element_type=\"widget\" data-widget_type=\"heading.default\">\n\t\t\t\t<div class=\"elementor-widget-container\">\n\t\t\t\t\t<h1 class=\"elementor-heading-title elementor-size-default\">Entreprises \u00e9conomiques : Industrie, classes moyennes, PME<\/h1>\t\t\t\t<\/div>\n\t\t\t\t<\/div>\n\t\t\t\t<div class=\"elementor-element elementor-element-e4b6b7a elementor-widget elementor-widget-image\" data-id=\"e4b6b7a\" data-element_type=\"widget\" data-widget_type=\"image.default\">\n\t\t\t\t<div class=\"elementor-widget-container\">\n\t\t\t\t\t\t\t\t\t\t\t\t\t\t\t<img fetchpriority=\"high\" decoding=\"async\" width=\"1300\" height=\"486\" src=\"https:\/\/konferenztechnik.de\/wp-content\/uploads\/2023\/04\/industrie-mittelstand.jpg\" class=\"attachment-full size-full wp-image-24867\" alt=\"2 personnes se tapent dans la main en signe de r\u00e9ussite\" srcset=\"https:\/\/konferenztechnik.de\/wp-content\/uploads\/2023\/04\/industrie-mittelstand.jpg 1300w, https:\/\/konferenztechnik.de\/wp-content\/uploads\/2023\/04\/industrie-mittelstand-300x112.jpg 300w, https:\/\/konferenztechnik.de\/wp-content\/uploads\/2023\/04\/industrie-mittelstand-1024x383.jpg 1024w, https:\/\/konferenztechnik.de\/wp-content\/uploads\/2023\/04\/industrie-mittelstand-768x287.jpg 768w, https:\/\/konferenztechnik.de\/wp-content\/uploads\/2023\/04\/industrie-mittelstand-18x7.jpg 18w\" sizes=\"(max-width: 1300px) 100vw, 1300px\" title=\"\">\t\t\t\t\t\t\t\t\t\t\t\t\t\t\t<\/div>\n\t\t\t\t<\/div>\n\t\t\t\t\t<\/div>\n\t\t\t\t<\/div>\n\t\t<div data-particle_enable=\"false\" data-particle-mobile-disabled=\"false\" class=\"elementor-element elementor-element-9deafd4 e-flex e-con-boxed e-con e-parent\" data-id=\"9deafd4\" data-element_type=\"container\">\n\t\t\t\t\t<div class=\"e-con-inner\">\n\t\t\t\t<div class=\"elementor-element elementor-element-66ea8b4 elementor-widget elementor-widget-heading\" data-id=\"66ea8b4\" data-element_type=\"widget\" data-settings=\"{&quot;_animation&quot;:&quot;none&quot;}\" data-widget_type=\"heading.default\">\n\t\t\t\t<div class=\"elementor-widget-container\">\n\t\t\t\t\t<h2 class=\"elementor-heading-title elementor-size-default\">Technique \u00e9v\u00e9nementielle et m\u00e9diatique pour les entreprises commerciales<\/h2>\t\t\t\t<\/div>\n\t\t\t\t<\/div>\n\t\t\t\t<div class=\"elementor-element elementor-element-d16fcf6 elementor-widget__width-inherit elementor-widget elementor-widget-text-editor\" data-id=\"d16fcf6\" data-element_type=\"widget\" data-widget_type=\"text-editor.default\">\n\t\t\t\t<div class=\"elementor-widget-container\">\n\t\t\t\t\t\t\t\t\t<p>L'\u00e9conomie est en constante \u00e9volution. Des th\u00e8mes tels que la s\u00e9curisation de la main-d'\u0153uvre qualifi\u00e9e, la diversit\u00e9 et l'ouverture interculturelle caract\u00e9risent les strat\u00e9gies d'entreprise modernes. Parall\u00e8lement, les exigences en mati\u00e8re de communication transparente, de processus durables et de collaboration moderne ne cessent de cro\u00eetre.<\/p><p>\u00a0<\/p><p>Les \u00e9v\u00e9nements, r\u00e9unions et conf\u00e9rences jouent ici un r\u00f4le central. Ils constituent des projets phares pour la culture d'entreprise, l'efficacit\u00e9 et la capacit\u00e9 d'innovation. Les technologies \u00e9v\u00e9nementielles et m\u00e9diatiques modernes ainsi que les \u00e9quipements audio et vid\u00e9o professionnels cr\u00e9ent les conditions n\u00e9cessaires \u00e0 une communication claire, \u00e0 des contenus compr\u00e9hensibles et \u00e0 une collaboration fiable, que ce soit sur place, en ligne ou dans un format hybride.<\/p><p>\u00a0<\/p><p>Les r\u00e9unions et formats de conf\u00e9rence hybrides, en particulier, relient les sites, les \u00e9quipes et les partenaires externes. Ils permettent des mod\u00e8les de travail flexibles, r\u00e9duisent les frais de d\u00e9placement et favorisent une culture de r\u00e9union inclusive et durable.<\/p><p>\u00a0<\/p><p>Nous accompagnons les entreprises commerciales dans la planification, la mise en \u0153uvre et l'exploitation de solutions technologiques multim\u00e9dias modernes \u2013, des salles de conf\u00e9rence aux espaces \u00e9v\u00e9nementiels en passant par les environnements hybrides de r\u00e9union et de collaboration.<\/p>\t\t\t\t\t\t\t\t<\/div>\n\t\t\t\t<\/div>\n\t\t\t\t\t<\/div>\n\t\t\t\t<\/div>\n\t\t<div data-particle_enable=\"false\" data-particle-mobile-disabled=\"false\" class=\"elementor-element elementor-element-455c20b e-flex e-con-boxed e-con e-parent\" data-id=\"455c20b\" data-element_type=\"container\" data-settings=\"{&quot;animation&quot;:&quot;none&quot;}\">\n\t\t\t\t\t<div class=\"e-con-inner\">\n\t\t\t\t<div class=\"elementor-element elementor-element-7734196 elementor-widget elementor-widget-heading\" data-id=\"7734196\" data-element_type=\"widget\" data-settings=\"{&quot;_animation&quot;:&quot;none&quot;}\" data-widget_type=\"heading.default\">\n\t\t\t\t<div class=\"elementor-widget-container\">\n\t\t\t\t\t<h2 class=\"elementor-heading-title elementor-size-default\">Th\u00e8mes fr\u00e9quents<\/h2>\t\t\t\t<\/div>\n\t\t\t\t<\/div>\n\t\t\t\t<div class=\"elementor-element elementor-element-1e5ddfb elementor-widget__width-inherit smart-post-list-4-col elementor-widget elementor-widget-eael-post-list\" data-id=\"1e5ddfb\" data-element_type=\"widget\" data-settings=\"{&quot;_animation&quot;:&quot;none&quot;}\" data-widget_type=\"eael-post-list.default\">\n\t\t\t\t<div class=\"elementor-widget-container\">\n\t\t\t\t\t<div class=\"eael-post-list-container advanced layout-advanced\"><div class=\"eael-post-list-wrap\"><div class=\"eael-post-list-posts-wrap eael-post-appender eael-post-appender-1e5ddfb\"><div class=\"eael-post-list-post\"><div class=\"eael-post-list-post-inner\"><div class=\"eael-post-list-thumbnail\"><a href=\"https:\/\/konferenztechnik.de\/fr\/evenements-hybrides\/\">\n                <img decoding=\"async\" src=\"https:\/\/konferenztechnik.de\/wp-content\/uploads\/2023\/06\/hybride-events-jpg.webp\" alt=\"deux pr\u00e9sentateurs* se tiennent sur une sc\u00e8ne et sont simultan\u00e9ment visibles en num\u00e9rique sur une deuxi\u00e8me partie de l&#039;image sur un \u00e9cran d&#039;ordinateur - comme symbole d&#039;\u00e9v\u00e9nements hybrides\" title=\"\">\n            <\/a><\/div><div class=\"eael-post-list-content\"><h3 class=\"eael-post-list-title\"><a href=\"https:\/\/konferenztechnik.de\/fr\/evenements-hybrides\/\" >\u00c9v\u00e9nements hybrides<\/a><\/h3><p>Nous relions les personnes, les espaces et les lieux. Participants num\u00e9riques, participants en pr\u00e9sence, orateurs et spectateurs...<\/p><a href=\"https:\/\/konferenztechnik.de\/fr\/evenements-hybrides\/\" class=\"eael-post-elements-readmore-btn\" >\u203a plus<\/a><div class=\"boxed-meta\"><\/div><\/div><\/div><\/div><div class=\"eael-post-list-post\"><div class=\"eael-post-list-post-inner\"><div class=\"eael-post-list-thumbnail\"><a href=\"https:\/\/konferenztechnik.de\/fr\/reunions-du-conseil-de-surveillance-en-ligne-hybride-numerique-classique\/\">\n                <img decoding=\"async\" src=\"https:\/\/konferenztechnik.de\/wp-content\/uploads\/2023\/05\/aufsichtsratsitzung-betreuung.jpg\" alt=\"Personnes repr\u00e9sent\u00e9es en contours assises \u00e0 une table de conf\u00e9rence\" title=\"\">\n            <\/a><\/div><div class=\"eael-post-list-content\"><h3 class=\"eael-post-list-title\"><a href=\"https:\/\/konferenztechnik.de\/fr\/reunions-du-conseil-de-surveillance-en-ligne-hybride-numerique-classique\/\" >R\u00e9unions du conseil de surveillance \u2013 en ligne, hybride, num\u00e9rique, classique ?<\/a><\/h3><p>Nous vous soutenons dans la planification de l'\u00e9v\u00e9nement et la mise en \u0153uvre technique<\/p><a href=\"https:\/\/konferenztechnik.de\/fr\/reunions-du-conseil-de-surveillance-en-ligne-hybride-numerique-classique\/\" class=\"eael-post-elements-readmore-btn\" >\u203a plus<\/a><div class=\"boxed-meta\"><\/div><\/div><\/div><\/div><div class=\"eael-post-list-post\"><div class=\"eael-post-list-post-inner\"><div class=\"eael-post-list-thumbnail\"><a href=\"https:\/\/konferenztechnik.de\/fr\/pages-daccueil-pour-evenements-plateformes-devenements-virtuels\/\">\n                <img decoding=\"async\" src=\"https:\/\/konferenztechnik.de\/wp-content\/uploads\/2023\/03\/landingpage-beitrag.jpg\" alt=\"\" title=\"\">\n            <\/a><\/div><div class=\"eael-post-list-content\"><h3 class=\"eael-post-list-title\"><a href=\"https:\/\/konferenztechnik.de\/fr\/pages-daccueil-pour-evenements-plateformes-devenements-virtuels\/\" >Pages de renvoi pour les \u00e9v\u00e9nements, plateformes virtuelles d'\u00e9v\u00e9nements<\/a><\/h3><p>Pages d'atterrissage pour \u00e9v\u00e9nements, plateformes d'\u00e9v\u00e9nements virtuels Le package de base se compose des \u00e9l\u00e9ments suivants...<\/p><a href=\"https:\/\/konferenztechnik.de\/fr\/pages-daccueil-pour-evenements-plateformes-devenements-virtuels\/\" class=\"eael-post-elements-readmore-btn\" >\u203a plus<\/a><div class=\"boxed-meta\"><\/div><\/div><\/div><\/div><div class=\"eael-post-list-post\"><div class=\"eael-post-list-post-inner\"><div class=\"eael-post-list-thumbnail\"><a href=\"https:\/\/konferenztechnik.de\/fr\/ebr-reunions-du-comite-dentreprise-europeen-en-ligne-hybride-numerique-classique\/\">\n                <img decoding=\"async\" src=\"https:\/\/konferenztechnik.de\/wp-content\/uploads\/2023\/05\/ebr-sitzung-online.jpg\" alt=\"deux participantes \u00e0 la conf\u00e9rence regardent d&#039;autres participants \u00e0 la conf\u00e9rence qui sont connect\u00e9s par moniteur\" title=\"\">\n            <\/a><\/div><div class=\"eael-post-list-content\"><h3 class=\"eael-post-list-title\"><a href=\"https:\/\/konferenztechnik.de\/fr\/ebr-reunions-du-comite-dentreprise-europeen-en-ligne-hybride-numerique-classique\/\" >CEE : R\u00e9unions europ\u00e9ennes des comit\u00e9s d'entreprise \u2013 en ligne, hybride, num\u00e9rique, classique ?<\/a><\/h3><p>Nous vous soutenons dans la planification de l'\u00e9v\u00e9nement et la mise en \u0153uvre technique<\/p><a href=\"https:\/\/konferenztechnik.de\/fr\/ebr-reunions-du-comite-dentreprise-europeen-en-ligne-hybride-numerique-classique\/\" class=\"eael-post-elements-readmore-btn\" >\u203a plus<\/a><div class=\"boxed-meta\"><\/div><\/div><\/div><\/div><div class=\"eael-post-list-post\"><div class=\"eael-post-list-post-inner\"><div class=\"eael-post-list-thumbnail\"><a href=\"https:\/\/konferenztechnik.de\/fr\/conferences-avec-microsoft-teams\/\">\n                <img decoding=\"async\" src=\"https:\/\/konferenztechnik.de\/wp-content\/uploads\/2023\/03\/konferenzen-ms-teams.jpg\" alt=\"\" title=\"\">\n            <\/a><\/div><div class=\"eael-post-list-content\"><h3 class=\"eael-post-list-title\"><a href=\"https:\/\/konferenztechnik.de\/fr\/conferences-avec-microsoft-teams\/\" >Conf\u00e9rences avec Microsoft Teams<\/a><\/h3><p>MS Teams d\u00e9sormais disponible en plusieurs langues et avec la fonction \"Simultan\u00e9it\u00e9\"<\/p><a href=\"https:\/\/konferenztechnik.de\/fr\/conferences-avec-microsoft-teams\/\" class=\"eael-post-elements-readmore-btn\" >\u203a plus<\/a><div class=\"boxed-meta\"><\/div><\/div><\/div><\/div><div class=\"eael-post-list-post\"><div class=\"eael-post-list-post-inner\"><div class=\"eael-post-list-thumbnail\"><a href=\"https:\/\/konferenztechnik.de\/fr\/salles-de-reunion-hybrides-pour-videoconferences-2\/\">\n                <img decoding=\"async\" src=\"https:\/\/konferenztechnik.de\/wp-content\/uploads\/2023\/03\/hybride-besprechungsraeume.jpg\" alt=\"\" title=\"\">\n            <\/a><\/div><div class=\"eael-post-list-content\"><h3 class=\"eael-post-list-title\"><a href=\"https:\/\/konferenztechnik.de\/fr\/salles-de-reunion-hybrides-pour-videoconferences-2\/\" >Salles de r\u00e9union hybrides pour vid\u00e9oconf\u00e9rences<\/a><\/h3><p>Des conditions optimales dans la salle et pour les participants connect\u00e9s et une utilisation harmonieuse...<\/p><a href=\"https:\/\/konferenztechnik.de\/fr\/salles-de-reunion-hybrides-pour-videoconferences-2\/\" class=\"eael-post-elements-readmore-btn\" >\u203a plus<\/a><div class=\"boxed-meta\"><\/div><\/div><\/div><\/div><div class=\"eael-post-list-post\"><div class=\"eael-post-list-post-inner\"><div class=\"eael-post-list-thumbnail\"><a href=\"https:\/\/konferenztechnik.de\/fr\/achat-durable-medias-conference-et-it-technique\/\">\n                <img decoding=\"async\" src=\"https:\/\/konferenztechnik.de\/wp-content\/uploads\/2022\/06\/nachhaltige-konferezraeume-jpg.webp\" alt=\"Dans un petit bureau lumineux situ\u00e9 dans un b\u00e2timent vitr\u00e9 insonoris\u00e9 et raffin\u00e9 \u00e0 l&#039;int\u00e9rieur d&#039;un hall\" title=\"\">\n            <\/a><\/div><div class=\"eael-post-list-content\"><h3 class=\"eael-post-list-title\"><a href=\"https:\/\/konferenztechnik.de\/fr\/achat-durable-medias-conference-et-it-technique\/\" >Achat durable \u2013 pour les techniques de m\u00e9dias, de conf\u00e9rences et d'informatique<\/a><\/h3><p>Green AV : solutions conceptuelles et techniques Efficacit\u00e9 \u00e9nerg\u00e9tique et lieux de travail optimis\u00e9s avec une nouvelle...<\/p><a href=\"https:\/\/konferenztechnik.de\/fr\/achat-durable-medias-conference-et-it-technique\/\" class=\"eael-post-elements-readmore-btn\" >\u203a plus<\/a><div class=\"boxed-meta\"><\/div><\/div><\/div><\/div><div class=\"eael-post-list-post\"><div class=\"eael-post-list-post-inner\"><div class=\"eael-post-list-thumbnail\"><a href=\"https:\/\/konferenztechnik.de\/fr\/green-av-solutions-conceptuelles-et-techniques\/\">\n                <img decoding=\"async\" src=\"https:\/\/konferenztechnik.de\/wp-content\/uploads\/2023\/06\/green-av-konzepte.png\" alt=\"\" title=\"\">\n            <\/a><\/div><div class=\"eael-post-list-content\"><h3 class=\"eael-post-list-title\"><a href=\"https:\/\/konferenztechnik.de\/fr\/green-av-solutions-conceptuelles-et-techniques\/\" >Green AV : solutions conceptuelles et techniques<\/a><\/h3><p>Green AV : solutions conceptuelles et techniques Grands projets Green-IT et bureaux verts et...<\/p><a href=\"https:\/\/konferenztechnik.de\/fr\/green-av-solutions-conceptuelles-et-techniques\/\" class=\"eael-post-elements-readmore-btn\" >\u203a plus<\/a><div class=\"boxed-meta\"><\/div><\/div><\/div><\/div><\/div><\/div>\n\t\t<\/div>\t\t\t\t<\/div>\n\t\t\t\t<\/div>\n\t\t\t\t\t<\/div>\n\t\t\t\t<\/div>\n\t\t<div data-particle_enable=\"false\" data-particle-mobile-disabled=\"false\" class=\"elementor-element elementor-element-eaddbcf e-flex e-con-boxed e-con e-parent\" data-id=\"eaddbcf\" data-element_type=\"container\">\n\t\t\t\t\t<div class=\"e-con-inner\">\n\t\t\t\t<div class=\"elementor-element elementor-element-7fa8348 elementor-widget__width-inherit elementor-widget elementor-widget-heading\" data-id=\"7fa8348\" data-element_type=\"widget\" data-widget_type=\"heading.default\">\n\t\t\t\t<div class=\"elementor-widget-container\">\n\t\t\t\t\t<h2 class=\"elementor-heading-title elementor-size-default\">R\u00e9f\u00e9rences d'entreprises \u00e9conomiques : Industrie, entreprises de taille moyenne, PME<\/h2>\t\t\t\t<\/div>\n\t\t\t\t<\/div>\n\t\t\t\t<div class=\"elementor-element elementor-element-e1bc064 elementor-widget__width-inherit elementor-widget elementor-widget-text-editor\" data-id=\"e1bc064\" data-element_type=\"widget\" data-widget_type=\"text-editor.default\">\n\t\t\t\t<div class=\"elementor-widget-container\">\n\t\t\t\t\t\t\t\t\t<ul><li>ADAC NRW<\/li><li>Adolf W\u00fcrth GmbH<\/li><li>ARAG Allgemeine Rechtsschutz-Versicherungs-AG SE<\/li><li>ARDEX Group GmbH<\/li><li>Cath\u00e9drale de Berlin<\/li><li>DATEV eG<\/li><li>Deutsche Bau- und Siedlungs-Gesellschaft mbH (Soci\u00e9t\u00e9 allemande de construction et de logement)<\/li><li>Agence allemande de l'\u00e9nergie (Deutsche Energie-Agentur GmbH)<\/li><li>Deutsche R\u00fcck AG<\/li><li>Deutschlandradio Berlin<\/li><li>DLR Centre allemand pour l'a\u00e9ronautique et l'a\u00e9rospatiale<\/li><li>DMG Mori Soci\u00e9t\u00e9 anonyme<\/li><li>Ecolab Deutschland GmbH<\/li><li>EDEKA Rhein-Ruhr Stiftung &amp; Co. KG<\/li><li>ERA Acad\u00e9mie de droit europ\u00e9en \u2013 Acad\u00e9mie de droit europ\u00e9en Tr\u00e8ves<\/li><li>Ernst &amp; Young GmbH<\/li><li>Fondation Fritz-Thyssen Cologne<\/li><li>Fondation Gerda Henkel<\/li><li>GETRAG Ford Transmission<\/li><li>Grenke AG<\/li><li>Grundfos GmbH<\/li><li>Chambre des m\u00e9tiers de D\u00fcsseldorf<\/li><li>Caisse d'\u00e9pargne du district de Heilbronn<\/li><li>Lindemann Germany GmbH<\/li><li>Foire de D\u00fcsseldorf<\/li><li>Metro AG<\/li><li>Naturstrom AG<\/li><li>nicko cruises Schiffsreisen GmbH<\/li><li>PRG Production Resource Group AG<\/li><li>Santander Consumer Bank AG<\/li><li>SCC EVENTS GmbH<\/li><li>Services municipaux de D\u00fcsseldorf<\/li><li>Stiebel Eltron GmbH<\/li><li>Support Studios Frankfurt GmbH<\/li><li>Vaillant Deutschland GmbH &amp; Co. KG<\/li><li>WDR Radiodiffusion d'Allemagne de l'Ouest<\/li><li>Wessing &amp; Partner Rechtsanw\u00e4lte mbB (cabinet d'avocats)<\/li><li>OMS Organisation mondiale de la sant\u00e9 Bonn<\/li><li>W\u00fcrth Industrie Service GmbH &amp; Co. KG<\/li><li>Association du zoo de Wuppertal<\/li><\/ul>\t\t\t\t\t\t\t\t<\/div>\n\t\t\t\t<\/div>\n\t\t\t\t<div class=\"elementor-element elementor-element-80c5ff8 elementor-icon-list--layout-traditional elementor-list-item-link-full_width elementor-widget elementor-widget-icon-list\" data-id=\"80c5ff8\" data-element_type=\"widget\" data-widget_type=\"icon-list.default\">\n\t\t\t\t<div class=\"elementor-widget-container\">\n\t\t\t\t\t\t\t<ul class=\"elementor-icon-list-items\">\n\t\t\t\t\t\t\t<li class=\"elementor-icon-list-item\">\n\t\t\t\t\t\t\t\t\t\t\t<a href=\"\/fr\/references\/\">\n\n\t\t\t\t\t\t\t\t\t\t\t\t<span class=\"elementor-icon-list-icon\">\n\t\t\t\t\t\t\t<svg aria-hidden=\"true\" class=\"e-font-icon-svg e-fas-chevron-right\" viewbox=\"0 0 320 512\" xmlns=\"http:\/\/www.w3.org\/2000\/svg\"><path d=\"M285.476 272.971L91.132 467.314c-9.373 9.373-24.569 9.373-33.941 0l-22.667-22.667c-9.357-9.357-9.375-24.522-.04-33.901L188.505 256 34.484 101.255c-9.335-9.379-9.317-24.544.04-33.901l22.667-22.667c9.373-9.373 24.569-9.373 33.941 0L285.475 239.03c9.373 9.372 9.373 24.568.001 33.941z\"><\/path><\/svg>\t\t\t\t\t\t<\/span>\n\t\t\t\t\t\t\t\t\t\t<span class=\"elementor-icon-list-text\">Plus de r\u00e9f\u00e9rences<\/span>\n\t\t\t\t\t\t\t\t\t\t\t<\/a>\n\t\t\t\t\t\t\t\t\t<\/li>\n\t\t\t\t\t\t<\/ul>\n\t\t\t\t\t\t<\/div>\n\t\t\t\t<\/div>\n\t\t\t\t\t<\/div>\n\t\t\t\t<\/div>\n\t\t<div data-particle_enable=\"false\" data-particle-mobile-disabled=\"false\" class=\"elementor-element elementor-element-7c81320 e-flex e-con-boxed e-con e-parent\" data-id=\"7c81320\" data-element_type=\"container\">\n\t\t\t\t\t<div class=\"e-con-inner\">\n\t\t\t\t<div class=\"elementor-element elementor-element-49ce2fc elementor-widget elementor-widget-shortcode\" data-id=\"49ce2fc\" data-element_type=\"widget\" data-widget_type=\"shortcode.default\">\n\t\t\t\t<div class=\"elementor-widget-container\">\n\t\t\t\t\t\t\t<div class=\"elementor-shortcode\"><\/div>\n\t\t\t\t\t\t<\/div>\n\t\t\t\t<\/div>\n\t\t\t\t\t<\/div>\n\t\t\t\t<\/div>\n\t\t<div data-particle_enable=\"false\" data-particle-mobile-disabled=\"false\" class=\"elementor-element elementor-element-14d115f e-flex e-con-boxed e-con e-parent\" data-id=\"14d115f\" data-element_type=\"container\">\n\t\t\t\t\t<div class=\"e-con-inner\">\n\t\t\t\t<div class=\"elementor-element elementor-element-0f53c4b elementor-widget elementor-widget-shortcode\" data-id=\"0f53c4b\" data-element_type=\"widget\" data-widget_type=\"shortcode.default\">\n\t\t\t\t<div class=\"elementor-widget-container\">\n\t\t\t\t\t\t\t<div class=\"elementor-shortcode\"><\/div>\n\t\t\t\t\t\t<\/div>\n\t\t\t\t<\/div>\n\t\t\t\t\t<\/div>\n\t\t\t\t<\/div>\n\t\t\t\t<\/div>","protected":false},"excerpt":{"rendered":"<p>Wirtschaftsunternehmen: Industrie, Mittelstand, KMU Veranstaltungs- und Medientechnik f\u00fcr Wirtschaftsunternehmen Die Wirtschaft befindet sich im kontinuierlichen Wandel. Themen wie Fachkr\u00e4ftesicherung, Diversit\u00e4t und interkulturelle \u00d6ffnung pr\u00e4gen moderne Unternehmensstrategien. Gleichzeitig wachsen die Anforderungen an transparente Kommunikation, nachhaltige Prozesse und zeitgem\u00e4\u00dfe Zusammenarbeit. \u00a0 Veranstaltungen, Meetings und Konferenzen \u00fcbernehmen dabei eine zentrale Rolle. Sie sind Leuchtturmprojekte f\u00fcr Unternehmenskultur, Effizienz und [&hellip;]<\/p>","protected":false},"author":2,"featured_media":45482,"parent":0,"menu_order":0,"comment_status":"closed","ping_status":"closed","template":"","meta":{"_acf_changed":false,"footnotes":""},"class_list":["post-24866","page","type-page","status-publish","has-post-thumbnail","hentry"],"acf":[],"_links":{"self":[{"href":"https:\/\/konferenztechnik.de\/fr\/wp-json\/wp\/v2\/pages\/24866","targetHints":{"allow":["GET"]}}],"collection":[{"href":"https:\/\/konferenztechnik.de\/fr\/wp-json\/wp\/v2\/pages"}],"about":[{"href":"https:\/\/konferenztechnik.de\/fr\/wp-json\/wp\/v2\/types\/page"}],"author":[{"embeddable":true,"href":"https:\/\/konferenztechnik.de\/fr\/wp-json\/wp\/v2\/users\/2"}],"replies":[{"embeddable":true,"href":"https:\/\/konferenztechnik.de\/fr\/wp-json\/wp\/v2\/comments?post=24866"}],"version-history":[{"count":0,"href":"https:\/\/konferenztechnik.de\/fr\/wp-json\/wp\/v2\/pages\/24866\/revisions"}],"wp:featuredmedia":[{"embeddable":true,"href":"https:\/\/konferenztechnik.de\/fr\/wp-json\/wp\/v2\/media\/45482"}],"wp:attachment":[{"href":"https:\/\/konferenztechnik.de\/fr\/wp-json\/wp\/v2\/media?parent=24866"}],"curies":[{"name":"wp","href":"https:\/\/api.w.org\/{rel}","templated":true}]}}