{"id":2618,"date":"2013-09-25T15:11:34","date_gmt":"2013-09-25T13:11:34","guid":{"rendered":"https:\/\/konferenztechnik.de\/?page_id=2618"},"modified":"2023-07-05T10:34:46","modified_gmt":"2023-07-05T08:34:46","slug":"supports-muraux","status":"publish","type":"page","link":"https:\/\/konferenztechnik.de\/fr\/distribution-de-materiel-de-conference-et-de-medias-audiovisuels\/technique-video-2\/supports-pour-ecrans-et-beamers\/supports-muraux\/","title":{"rendered":"Supports muraux"},"content":{"rendered":"<div data-elementor-type=\"wp-page\" data-elementor-id=\"2618\" class=\"elementor elementor-2618\" data-elementor-post-type=\"page\">\n\t\t\t\t\t\t<section data-particle_enable=\"false\" data-particle-mobile-disabled=\"false\" class=\"elementor-section elementor-top-section elementor-element elementor-element-7b72f63e elementor-section-boxed elementor-section-height-default elementor-section-height-default\" data-id=\"7b72f63e\" data-element_type=\"section\" data-e-type=\"section\">\n\t\t\t\t\t\t<div class=\"elementor-container elementor-column-gap-default\">\n\t\t\t\t\t<div class=\"elementor-column elementor-col-100 elementor-top-column elementor-element elementor-element-20bf9a01\" data-id=\"20bf9a01\" data-element_type=\"column\" data-e-type=\"column\">\n\t\t\t<div class=\"elementor-widget-wrap elementor-element-populated\">\n\t\t\t\t\t\t<div class=\"elementor-element elementor-element-e7f401d elementor-widget elementor-widget-text-editor\" data-id=\"e7f401d\" data-element_type=\"widget\" data-e-type=\"widget\" data-widget_type=\"text-editor.default\">\n\t\t\t\t<div class=\"elementor-widget-container\">\n\t\t\t\t\t\t\t\t\t<h1>Supports muraux<\/h1>\n<h2>Audipack Support mural pour \u00e9cran L&amp;S 3<\/h2>\n<a href=\"https:\/\/konferenztechnik.de\/wp-content\/uploads\/2013\/09\/Audipack_Wandhalterung1.jpg\"><img fetchpriority=\"high\" decoding=\"async\" width=\"792\" height=\"594\" class=\"alignleft size-full wp-image-2680\" src=\"https:\/\/konferenztechnik.de\/wp-content\/uploads\/2013\/09\/Audipack_Wandhalterung1.jpg\" alt=\"Audipack Support mural pour \u00e9cran L&amp;S 3\" title=\"\" srcset=\"https:\/\/konferenztechnik.de\/wp-content\/uploads\/2013\/09\/Audipack_Wandhalterung1.jpg 792w, https:\/\/konferenztechnik.de\/wp-content\/uploads\/2013\/09\/Audipack_Wandhalterung1-300x225.jpg 300w, https:\/\/konferenztechnik.de\/wp-content\/uploads\/2013\/09\/Audipack_Wandhalterung1-768x576.jpg 768w\" sizes=\"(max-width: 792px) 100vw, 792px\" \/><\/a>\n\nSupport mural plat pour \u00e9crans jusqu'\u00e0 127 cm (50 pouces). Ce support mural non r\u00e9glable n'a qu'une profondeur de 18 mm et offre la possibilit\u00e9 de s\u00e9curiser l'\u00e9cran au moyen de crochets de s\u00e9curit\u00e9 (Lock &amp; Secure).\n<h2>Smart Metals \u2013 Support mural avec r\u00e9glage fin<\/h2>\n<a href=\"https:\/\/konferenztechnik.de\/wp-content\/uploads\/2013\/09\/smart-metals_projector-wall-mont_0021840.jpg\"><img decoding=\"async\" class=\"alignleft size-medium wp-image-4459\" src=\"https:\/\/konferenztechnik.de\/wp-content\/uploads\/2013\/09\/smart-metals_projector-wall-mont_0021840-300x115.jpg\" alt=\"Smart Metals Projector-Wall-Mount 0021840\" width=\"300\" height=\"115\" title=\"\"><\/a>\n\nSupport mural pour les projecteurs \u00e0 focale ultra-courte, tels que la s\u00e9rie Hitachi A100, le Sanyo PLC-XL50 ou le PDG-DWL2500. Le support dispose d'un r\u00e9glage fin unique qui permet d'incliner et de basculer le projecteur \u00e0 partir du centre de l'objectif.\n<h2>Smart Metals \u2013 Support mural avec r\u00e9glage fin<\/h2>\n<ul>\n \t<li>Longueur minimale : 55\u2033.<\/li>\n \t<li>Largeur maximale : 110\u2033 de diagonale d'image<\/li>\n \t<li>Couleur : Gris fonc\u00e9<\/li>\n \t<li>Pour les fabricants : Sanyo et Panasonic<\/li>\n \t<li>R\u00e9glage de la longueur : maunell<\/li>\n \t<li>R\u00e9glage de la hauteur : 50 mm<\/li>\n \t<li>Support \/ interface : inclus<\/li>\n \t<li>Fonction tilt R\u00e9glage fin : +5 \u00b0 \u00e0 -5 \u00b0.<\/li>\n \t<li>passage de c\u00e2bles : 28 mm \u00d8<\/li>\n \t<li>Informations compl\u00e9mentaires : convient \u00e9galement pour Panasonic PT-CW230\/CW200<\/li>\n<\/ul>\n<a href=\"https:\/\/konferenztechnik.de\/wp-content\/uploads\/2013\/09\/0021840_manualEN.pdf\">Manuel Smart Metals 002.1840 (en anglais)<\/a>\n<h2>Smart Metals \u2013 VideoWall 2\u00d72<\/h2>\n<a href=\"https:\/\/konferenztechnik.de\/wp-content\/uploads\/2013\/09\/smart-metals_video-wall082502202-landscape.jpg\"><img decoding=\"async\" class=\"alignleft size-medium wp-image-4463\" src=\"https:\/\/konferenztechnik.de\/wp-content\/uploads\/2013\/09\/smart-metals_video-wall082502202-landscape-300x280.jpg\" alt=\"Mur d&#039;images Smart Metals 082502202\" width=\"300\" height=\"280\" title=\"\" srcset=\"https:\/\/konferenztechnik.de\/wp-content\/uploads\/2013\/09\/smart-metals_video-wall082502202-landscape-300x280.jpg 300w, https:\/\/konferenztechnik.de\/wp-content\/uploads\/2013\/09\/smart-metals_video-wall082502202-landscape-768x717.jpg 768w, https:\/\/konferenztechnik.de\/wp-content\/uploads\/2013\/09\/smart-metals_video-wall082502202-landscape.jpg 1017w\" sizes=\"(max-width: 300px) 100vw, 300px\" \/><\/a>\n\nMur vid\u00e9o compact et facile \u00e0 transporter. Le Wall est extr\u00eamement flexible : il peut \u00eatre pos\u00e9 au sol ou fix\u00e9 aux murs ou \u00e0 des traverses. Les \u00e9crans peuvent \u00eatre mont\u00e9s tr\u00e8s facilement sur le mur d'images. Les \u00e9crans sont reli\u00e9s entre eux et au cadre \u00e0 l'aide de tendeurs sp\u00e9ciaux. Des dispositifs horizontaux et verticaux sont pr\u00e9vus pour un r\u00e9glage fin. Le mur d'images peut \u00eatre utilis\u00e9 aussi bien en mode portrait qu'en mode paysage.\n<h2>Smart Metals \u2013 VideoWall 2\u00d72<\/h2>\n<ul>\n \t<li>Poids : 147,78 kg<\/li>\n \t<li>Couleur : Noir<\/li>\n \t<li>Configuration de l'\u00e9cran : 2\u00d72<\/li>\n \t<li>Position de l'\u00e9cran : Paysage ou Portrait<\/li>\n \t<li>R\u00e9glage de la hauteur : r\u00e9glage fin<\/li>\n \t<li>Support\/interface : Inclus<\/li>\n \t<li>Rotation : 90<\/li>\n \t<li>Syst\u00e8me de fixation : m\u00e9canisme d'accouplement Draw-verrouillage<\/li>\n \t<li>Informations compl\u00e9mentaires : Les nouvelles consoles offrent un r\u00e9glage fin horizontal et vertical pour les moniteurs et la possibilit\u00e9 de passer du mode portrait au mode paysage. Des pieds r\u00e9glables sont int\u00e9gr\u00e9s dans le cadre au sol.<\/li>\n<\/ul>\n<a href=\"https:\/\/konferenztechnik.de\/wp-content\/uploads\/2013\/09\/082502202_manualEN.pdf\">Manuel Video Wall 082502202 EN<\/a>\n\n<a href=\"https:\/\/konferenztechnik.de\/wp-content\/uploads\/2013\/09\/082502202_SmartMetals_productleafletEN.pdf\">Video Wall 082502202 Fiche produit EN<\/a>\n<h2>Smart Metals \u2013 VideoWall 3\u00d73<\/h2>\n<a href=\"https:\/\/konferenztechnik.de\/wp-content\/uploads\/2013\/09\/smart-metals_video-wall_082503302_front.jpg\"><img loading=\"lazy\" decoding=\"async\" class=\"alignleft size-medium wp-image-4468\" src=\"https:\/\/konferenztechnik.de\/wp-content\/uploads\/2013\/09\/smart-metals_video-wall_082503302_front-300x275.jpg\" alt=\"Mur d&#039;images Smart Metals 082503302\" width=\"300\" height=\"275\" title=\"\" srcset=\"https:\/\/konferenztechnik.de\/wp-content\/uploads\/2013\/09\/smart-metals_video-wall_082503302_front-300x275.jpg 300w, https:\/\/konferenztechnik.de\/wp-content\/uploads\/2013\/09\/smart-metals_video-wall_082503302_front-1024x940.jpg 1024w, https:\/\/konferenztechnik.de\/wp-content\/uploads\/2013\/09\/smart-metals_video-wall_082503302_front-768x705.jpg 768w, https:\/\/konferenztechnik.de\/wp-content\/uploads\/2013\/09\/smart-metals_video-wall_082503302_front.jpg 1035w\" sizes=\"(max-width: 300px) 100vw, 300px\" \/><\/a>\n\nMur vid\u00e9o compact et facile \u00e0 transporter. Le Wall est extr\u00eamement flexible : il peut \u00eatre pos\u00e9 au sol ou fix\u00e9 aux murs ou \u00e0 des traverses. Les \u00e9crans peuvent \u00eatre mont\u00e9s tr\u00e8s facilement sur le mur d'images. Les \u00e9crans sont reli\u00e9s entre eux et au cadre \u00e0 l'aide de tendeurs sp\u00e9ciaux. Des dispositifs horizontaux et verticaux sont pr\u00e9vus pour un r\u00e9glage fin. Le Wall peut \u00eatre utilis\u00e9 aussi bien en mode portrait qu'en mode paysage.\n<h2>Smart Metals \u2013 VideoWall 3\u00d73<\/h2>\n<ul>\n \t<li>Poids : 319,08 kg<\/li>\n \t<li>Couleur : Noir<\/li>\n \t<li>Configuration de l'\u00e9cran : 3 x 3<\/li>\n \t<li>Position de l'\u00e9cran : Paysage ou Portrait<\/li>\n \t<li>R\u00e9glage de la hauteur : r\u00e9glage fin<\/li>\n \t<li>Support \/ interface : Inclus<\/li>\n \t<li>Type de support \/ interface : \u00e9cran sp\u00e9cifique<\/li>\n \t<li>Rotation : 90<\/li>\n \t<li>Syst\u00e8me de fixation : m\u00e9canisme d'accouplement Draw-verrouillage<\/li>\n \t<li>Informations compl\u00e9mentaires : Les nouvelles consoles offrent un r\u00e9glage fin horizontal et vertical pour les moniteurs, et permettent de passer du mode portrait au mode paysage. Des pieds r\u00e9glables sont int\u00e9gr\u00e9s dans le cadre au sol.<\/li>\n<\/ul>\n<a href=\"https:\/\/konferenztechnik.de\/wp-content\/uploads\/2013\/09\/082503302_SmartMetals_productleafletEN.pdf\">Smart Metals Video Wall 3\u00d73 Fiche de produit en anglais<\/a>\n<h2>Etui pour tablette TC-IPAD pour iPad 1, 2, 3 et 4<\/h2>\n<a href=\"https:\/\/konferenztechnik.de\/wp-content\/uploads\/2014\/02\/audipack-ipad-tablet-housing.jpg\"><img loading=\"lazy\" decoding=\"async\" width=\"450\" height=\"311\" class=\"alignleft size-full wp-image-4263\" src=\"https:\/\/konferenztechnik.de\/wp-content\/uploads\/2014\/02\/audipack-ipad-tablet-housing.jpg\" alt=\"Logement de la tablette iPad\" title=\"\" srcset=\"https:\/\/konferenztechnik.de\/wp-content\/uploads\/2014\/02\/audipack-ipad-tablet-housing.jpg 450w, https:\/\/konferenztechnik.de\/wp-content\/uploads\/2014\/02\/audipack-ipad-tablet-housing-300x207.jpg 300w\" sizes=\"(max-width: 450px) 100vw, 450px\" \/><\/a>\n\n\nL'\u00e9tui TC-iPad prot\u00e8ge votre iPad de mani\u00e8re \u00e9l\u00e9gante lorsqu'il doit \u00eatre install\u00e9 ou expos\u00e9 dans des lieux publics.\nL'iPad peut \u00eatre rapidement fix\u00e9 dans l'\u00e9tui et est ainsi efficacement prot\u00e9g\u00e9 contre le vol. Gr\u00e2ce au syst\u00e8me Smart Key Lock, aucun trou de serrure ou vis n'est visible de l'ext\u00e9rieur. Le TC-Case peut \u00eatre utilis\u00e9 soit pour un montage mural, soit comme support au sol en combinaison avec un pied disponible en option.\n<h2>Audipack Support mural pour \u00e9cran plat L&amp;S 3 \u2013 inclinable<\/h2>\n<a href=\"https:\/\/konferenztechnik.de\/wp-content\/uploads\/2013\/09\/Audipack_Wandhalterung2.jpg\"><img loading=\"lazy\" decoding=\"async\" width=\"792\" height=\"594\" class=\"alignleft size-full wp-image-2681\" src=\"https:\/\/konferenztechnik.de\/wp-content\/uploads\/2013\/09\/Audipack_Wandhalterung2.jpg\" alt=\"Audipack Support mural pour \u00e9cran plat L&amp;S 3 - inclinable\" title=\"\" srcset=\"https:\/\/konferenztechnik.de\/wp-content\/uploads\/2013\/09\/Audipack_Wandhalterung2.jpg 792w, https:\/\/konferenztechnik.de\/wp-content\/uploads\/2013\/09\/Audipack_Wandhalterung2-300x225.jpg 300w, https:\/\/konferenztechnik.de\/wp-content\/uploads\/2013\/09\/Audipack_Wandhalterung2-768x576.jpg 768w\" sizes=\"(max-width: 792px) 100vw, 792px\" \/><\/a>\n\nSupport mural r\u00e9glable en continu pour \u00e9crans jusqu'\u00e0 127 cm (50 pouces). Version avec r\u00e9glage de l'angle vertical en continu de 0 \u00e0 10 degr\u00e9s. Dispositif antivol standard (serrures disponibles en option).\n<h2>Audipack Support mural pour \u00e9cran VESA75\/100\/200<\/h2>\n<a href=\"https:\/\/konferenztechnik.de\/wp-content\/uploads\/2013\/09\/Audipack_WandhalterungVesa75_100_200.jpg\"><img loading=\"lazy\" decoding=\"async\" width=\"792\" height=\"594\" class=\"alignleft size-full wp-image-2679\" src=\"https:\/\/konferenztechnik.de\/wp-content\/uploads\/2013\/09\/Audipack_WandhalterungVesa75_100_200.jpg\" alt=\"Audipack Support mural pour \u00e9cran VESA75\/100\/200\" title=\"\" srcset=\"https:\/\/konferenztechnik.de\/wp-content\/uploads\/2013\/09\/Audipack_WandhalterungVesa75_100_200.jpg 792w, https:\/\/konferenztechnik.de\/wp-content\/uploads\/2013\/09\/Audipack_WandhalterungVesa75_100_200-300x225.jpg 300w, https:\/\/konferenztechnik.de\/wp-content\/uploads\/2013\/09\/Audipack_WandhalterungVesa75_100_200-768x576.jpg 768w\" sizes=\"(max-width: 792px) 100vw, 792px\" \/><\/a>\n\nBras de fixation murale \u00e0 double pivot pour les \u00e9crans plats de 43 \u00e0 81 centim\u00e8tres (17 \u00e0 32 pouces). Points de montage VESA 75\/100\/200. Avec gestion des c\u00e2bles int\u00e9gr\u00e9e et niveau \u00e0 bulle pour une installation facile.\nLes supports muraux VESA sont \u00e9galement disponibles dans diff\u00e9rentes autres versions. N'h\u00e9sitez pas \u00e0 nous demander !\n<h2>Bras mural pivotant Audipack pour \u00e9crans<\/h2>\n<a href=\"https:\/\/konferenztechnik.de\/wp-content\/uploads\/2013\/09\/Audipack_Wandhalterung_Schwenkarm.jpg\"><img loading=\"lazy\" decoding=\"async\" width=\"792\" height=\"594\" class=\"alignleft size-full wp-image-2683\" src=\"https:\/\/konferenztechnik.de\/wp-content\/uploads\/2013\/09\/Audipack_Wandhalterung_Schwenkarm.jpg\" alt=\"Bras mural pivotant Audipack pour \u00e9crans\" title=\"\" srcset=\"https:\/\/konferenztechnik.de\/wp-content\/uploads\/2013\/09\/Audipack_Wandhalterung_Schwenkarm.jpg 792w, https:\/\/konferenztechnik.de\/wp-content\/uploads\/2013\/09\/Audipack_Wandhalterung_Schwenkarm-300x225.jpg 300w, https:\/\/konferenztechnik.de\/wp-content\/uploads\/2013\/09\/Audipack_Wandhalterung_Schwenkarm-768x576.jpg 768w\" sizes=\"(max-width: 792px) 100vw, 792px\" \/><\/a>\n\nSupport mural avec bras pivotant disponible pour les \u00e9crans jusqu'\u00e0 160 cm (63 pouces). Le bras pivotant permet de faire pivoter l'\u00e9cran vers la droite et vers la gauche et de l'\u00e9loigner du mur en position verticale. La position de l'\u00e9cran peut \u00eatre bloqu\u00e9e dans n'importe quelle position. L'\u00e9cran peut \u00eatre verrouill\u00e9 \u00e0 l'aide d'un crochet de s\u00e9curit\u00e9 (Lock &amp; Secure). Lorsqu'il est enti\u00e8rement repli\u00e9, le bras pivotant ne mesure que 120 mm de profondeur.\n<h2>Support mural pour projecteur Audipack<\/h2>\n<a href=\"https:\/\/konferenztechnik.de\/wp-content\/uploads\/2013\/09\/Audipack_Wandhalterung5.jpg\"><img loading=\"lazy\" decoding=\"async\" width=\"792\" height=\"594\" class=\"alignleft size-full wp-image-2682\" src=\"https:\/\/konferenztechnik.de\/wp-content\/uploads\/2013\/09\/Audipack_Wandhalterung5.jpg\" alt=\"Support mural pour projecteur Audipack\" title=\"\" srcset=\"https:\/\/konferenztechnik.de\/wp-content\/uploads\/2013\/09\/Audipack_Wandhalterung5.jpg 792w, https:\/\/konferenztechnik.de\/wp-content\/uploads\/2013\/09\/Audipack_Wandhalterung5-300x225.jpg 300w, https:\/\/konferenztechnik.de\/wp-content\/uploads\/2013\/09\/Audipack_Wandhalterung5-768x576.jpg 768w\" sizes=\"(max-width: 792px) 100vw, 792px\" \/><\/a>\n\nSupport mural pour projecteurs et cam\u00e9ras jusqu'\u00e0 50 kg. Tr\u00e8s grande rigidit\u00e9 et possibilit\u00e9 de r\u00e9glage fin. Le support mural est utilis\u00e9 en combinaison avec les diff\u00e9rents supports de projecteur Audipack. Des mod\u00e8les de diff\u00e9rentes longueurs sont disponibles.\n\n\n\nPCS GmbH est le distributeur officiel allemand de la soci\u00e9t\u00e9 Audipack. Chez nous, vous b\u00e9n\u00e9ficiez de conseils comp\u00e9tents et de d\u00e9lais de livraison rapides.\n\n<img loading=\"lazy\" decoding=\"async\" class=\"alignright size-full wp-image-5489\" src=\"https:\/\/konferenztechnik.de\/wp-content\/uploads\/2013\/09\/PCS-GmbH-Audipack-authorized-dealer-small.jpg\" alt=\"PCS GmbH est revendeur agr\u00e9\u00e9 Audipack\" width=\"200\" height=\"81\" title=\"\">\t\t\t\t\t\t\t\t<\/div>\n\t\t\t\t<\/div>\n\t\t\t\t\t<\/div>\n\t\t<\/div>\n\t\t\t\t\t<\/div>\n\t\t<\/section>\n\t\t\t\t<\/div>","protected":false},"excerpt":{"rendered":"<p>Wandhalterungen Audipack Bildschirm Wandhalterung L&amp;S 3 Flache Wandhalterung f\u00fcr Bildschirme bis 127 cm (50 Zoll). Diese nicht verstellbare Wandhalterung ist nur 18 mm tief und bietet die M\u00f6glichkeit, den Bildschrim mittels Sicherungshaken zu sichern (Lock &amp; Secure). Smart Metals &#8211; Wandhalterung mit Feineinstellung Wandhalterung f\u00fcr Ultra-Short-Throw-Projektoren, wie die Hitachi A100-Serie, der Sanyo PLC-XL50 oder PDG-DWL2500. [&hellip;]<\/p>\n","protected":false},"author":1,"featured_media":45482,"parent":1221,"menu_order":129,"comment_status":"closed","ping_status":"open","template":"","meta":{"_acf_changed":false,"footnotes":""},"class_list":["post-2618","page","type-page","status-publish","has-post-thumbnail","hentry"],"acf":[],"_links":{"self":[{"href":"https:\/\/konferenztechnik.de\/fr\/wp-json\/wp\/v2\/pages\/2618","targetHints":{"allow":["GET"]}}],"collection":[{"href":"https:\/\/konferenztechnik.de\/fr\/wp-json\/wp\/v2\/pages"}],"about":[{"href":"https:\/\/konferenztechnik.de\/fr\/wp-json\/wp\/v2\/types\/page"}],"author":[{"embeddable":true,"href":"https:\/\/konferenztechnik.de\/fr\/wp-json\/wp\/v2\/users\/1"}],"replies":[{"embeddable":true,"href":"https:\/\/konferenztechnik.de\/fr\/wp-json\/wp\/v2\/comments?post=2618"}],"version-history":[{"count":0,"href":"https:\/\/konferenztechnik.de\/fr\/wp-json\/wp\/v2\/pages\/2618\/revisions"}],"up":[{"embeddable":true,"href":"https:\/\/konferenztechnik.de\/fr\/wp-json\/wp\/v2\/pages\/1221"}],"wp:featuredmedia":[{"embeddable":true,"href":"https:\/\/konferenztechnik.de\/fr\/wp-json\/wp\/v2\/media\/45482"}],"wp:attachment":[{"href":"https:\/\/konferenztechnik.de\/fr\/wp-json\/wp\/v2\/media?parent=2618"}],"curies":[{"name":"wp","href":"https:\/\/api.w.org\/{rel}","templated":true}]}}