{"id":2669,"date":"2013-09-25T15:47:45","date_gmt":"2013-09-25T13:47:45","guid":{"rendered":"https:\/\/konferenztechnik.de\/?page_id=2669"},"modified":"2013-09-25T15:47:45","modified_gmt":"2013-09-25T13:47:45","slug":"systemes-de-discussion-filaires","status":"publish","type":"page","link":"https:\/\/konferenztechnik.de\/fr\/distribution-de-materiel-de-conference-et-de-medias-audiovisuels\/installations-de-discussion-2\/systemes-de-discussion-filaires\/","title":{"rendered":"Syst\u00e8mes de discussion filaire"},"content":{"rendered":"<h1>Syst\u00e8mes de discussion filaire<\/h1>\n<p>Dans la variante classique des installations de discussion, les postes d\u00e9l\u00e9gu\u00e9s sont reli\u00e9s entre eux par un c\u00e2ble unique. D'autre part, selon le type d'installation, jusqu'\u00e0 16 langues \u00e9trang\u00e8res peuvent \u00eatre transmises simultan\u00e9ment.<\/p>\n<p>En mode mobile, cette installation convient en priorit\u00e9 aux groupes de discussion comptant jusqu'\u00e0 60 participants environ, au-del\u00e0 desquels les frais de c\u00e2blage deviennent plus importants et l'on peut se rabattre sur une installation de discussion sans fil. En revanche, en mode fixe et\/ou avec un c\u00e2blage fixe, le nombre de participants et donc le nombre de postes de discussion est presque illimit\u00e9. On distingue ici les postes de table et les postes encastr\u00e9s. Ces derniers sont donc encastr\u00e9s de mani\u00e8re fixe dans la table de conf\u00e9rence. <\/p>\n<p>Nous proposons des postes d'interphonie de Beyerdynamic, Bosch, Sennheiser, Shure et Televic. <\/p>\n<p>[spacer size=\"40\u2033]<br \/>\n[column size=\"1-4\u2033 last=\"1\u2033]<\/p>\n<h2>Televic Confidea Flex<\/h2>\n<p>[\/column]<br \/>\n[column size=\"1-4\u2033 last=\"1\u2033]<br \/>\n<img decoding=\"async\" src=\"https:\/\/konferenztechnik.de\/wp-content\/uploads\/2023\/01\/televic-logo.png\" alt=\"\" width=\"180\" height=\"33\" class=\"alignright size-full wp-image-20221\" title=\"\"><br \/>\n[\/column]<br \/>\n[clear]<\/p>\n<p>Le syst\u00e8me Confidea Flex s'adapte facilement \u00e0 de multiples sc\u00e9narios d'utilisation. De la simple discussion aux r\u00e9unions multilingues complexes, vous pouvez activer ou d\u00e9sactiver des fonctions en touchant simplement un bouton. Les autres points forts sont (varient selon le mod\u00e8le choisi) : <\/p>\n<p>[list icon=\"moon-checkmark\" color=\"#a62055\u2033]\u00c9cran tactile de 5,2 pouces[\/list]<br \/>\n[list icon=\"moon-checkmark\" color=\"#a62055\u2033]Haut-parleur int\u00e9gr\u00e9[\/list]<br \/>\n[list icon=\"moon-checkmark\" color=\"#a62055\u2033]Prise microphone[\/list]<br \/>\n[list icon=\"moon-checkmark\" color=\"#a62055\u2033]Lecteur de badge NFCLecteur de badge NFC[\/list]<br \/>\n[list icon=\"moon-checkmark\" color=\"#a62055\u2033]Braille[\/list]<\/p>\n<p>[spacer size=\"20\u2033]<\/p>\n<p><img fetchpriority=\"high\" decoding=\"async\" width=\"1300\" height=\"600\" src=\"https:\/\/konferenztechnik.de\/wp-content\/uploads\/2023\/01\/Televic_Confidea_Flex_zoom.jpeg\" alt=\"Televic Confidea Flex\" class=\"alignleft size-full wp-image-20226\" title=\"\" srcset=\"https:\/\/konferenztechnik.de\/wp-content\/uploads\/2023\/01\/Televic_Confidea_Flex_zoom.jpeg 1300w, https:\/\/konferenztechnik.de\/wp-content\/uploads\/2023\/01\/Televic_Confidea_Flex_zoom-300x138.jpeg 300w, https:\/\/konferenztechnik.de\/wp-content\/uploads\/2023\/01\/Televic_Confidea_Flex_zoom-1024x473.jpeg 1024w, https:\/\/konferenztechnik.de\/wp-content\/uploads\/2023\/01\/Televic_Confidea_Flex_zoom-768x354.jpeg 768w\" sizes=\"(max-width: 1300px) 100vw, 1300px\" \/><br \/>\n[spacer size=\"20\u2033]<br \/>\n[column size=\"2-3\u2033 last=\"0\u2033]<\/p>\n<p>\nConfidea FLEX est un tout nouvel appareil de conf\u00e9rence de table et de bureau avec \u00e9cran tactile. Il dispose d'options mat\u00e9rielles et logicielles flexibles pour s'adapter aux besoins de chaque r\u00e9union : grandes ou petites conf\u00e9rences, pr\u00e9sident ou d\u00e9l\u00e9gu\u00e9, simple discussion, vote ou r\u00e9union multilingue.<br \/>\nLa conf\u00e9rence. Confidea FLEX \u00e9volue avec vous et avec la conf\u00e9rence.\n<\/p>\n<p>[\/column]<\/p>\n<p>[column size=\"1-4\u2033 last=\"1\u2033]<br \/>\n<img decoding=\"async\" width=\"627\" height=\"833\" src=\"https:\/\/konferenztechnik.de\/wp-content\/uploads\/2023\/01\/Confidea-Flex_functions.jpg\" alt=\"Fonctions de Confidea Flex\" class=\"alignnone size-full wp-image-20230\" title=\"\" srcset=\"https:\/\/konferenztechnik.de\/wp-content\/uploads\/2023\/01\/Confidea-Flex_functions.jpg 627w, https:\/\/konferenztechnik.de\/wp-content\/uploads\/2023\/01\/Confidea-Flex_functions-226x300.jpg 226w\" sizes=\"(max-width: 627px) 100vw, 627px\" \/><br \/>\n[\/column]<\/p>\n<p>[spacer size=\"40\u2033]<\/p>\n<hr>\n<p>[spacer size=\"40\u2033]<br \/>\n[column size=\"1-4\u2033 last=\"1\u2033]<\/p>\n<h2>Shure Microflex Advance<\/h2>\n<p>[\/column]<br \/>\n[column size=\"1-4\u2033 last=\"1\u2033]<br \/>\n<img decoding=\"async\" src=\"https:\/\/konferenztechnik.de\/wp-content\/uploads\/2019\/06\/1-1-2.png\" width=\"180\" alt=\"Logo Shure\" class=\"alignright size-full wp-image-14815\" title=\"\"><br \/>\n[\/column]<br \/>\n[clear]<\/p>\n<p>Le r\u00e9seau de microphones en r\u00e9seau Shure Microflex\u00ae Advance\u2122 est polyvalent et offre une solution moderne pour reproduire avec pr\u00e9cision toute la gamme de la voix humaine. Et ce, de mani\u00e8re \u00e9l\u00e9gante, discr\u00e8te et extr\u00eamement flexible.<\/p>\n<p>[list icon=\"moon-checkmark\" color=\"#a62055\u2033]Position d'enregistrement intelligente des micros[\/list]<br \/>\n[list icon=\"moon-checkmark\" color=\"#a62055\u2033]Fonctions Automix[\/list]<br \/>\n[list icon=\"moon-checkmark\" color=\"#a62055\u2033]Facilement int\u00e9grable dans les usines Dante Nez[\/list]<br \/>\n[list icon=\"moon-checkmark\" color=\"#a62055\u2033]Et bien plus encore[\/list]<\/p>\n<p>[spacer size=\"20\u2033]<\/p>\n<p>[tabs]<br \/>\n[tab title=\"Shure MXA 310\u2033]<\/p>\n<h2>Shure MXA 310<\/h2>\n<p><img decoding=\"async\" src=\"https:\/\/konferenztechnik.de\/wp-content\/uploads\/2019\/06\/MXA310-Tisch-Mikrofonarray-1-1.jpg\" alt=\"R\u00e9seau de microphones Shure MX 310\" class=\"alignleft size-full wp-image-14819\" title=\"\"><br \/>\n[clear]<br \/>\nLe MXA 310 de Shure est un ensemble de microphones de table. Positionn\u00e9e au centre, la zone de prise de son couvre tous les participants assis \u00e0 la table. Le MXA 310 permet de choisir entre quatre directivit\u00e9s de microphone diff\u00e9rentes (Shure Steerable Coverage\u2122), ce qui garantit toujours une intelligibilit\u00e9 optimale de la parole.<\/p>\n<p>[list icon=\"moon-checkmark\" color=\"#a62055\u2033]R\u00e9seau audio Dante\u2122[\/list]<br \/>\n[list icon=\"moon-checkmark\" color=\"#a62055\u2033]Couverture stable\u2122[\/list]<br \/>\n[list icon=\"moon-checkmark\" color=\"#a62055\u2033]Technologie Automix[\/list]<br \/>\n[list icon=\"moon-checkmark\" color=\"#a62055\u2033]Egaliseur C\/S param\u00e9trique 4 bandes par canal[\/list]<\/p>\n<p>[\/tab]<br \/>\n[\/tabs]<\/p>\n<p>[spacer size=\"20\u2033]<\/p>\n<p>[tabs]<br \/>\n[tab title=\"Shure MXA 910\u2033]<\/p>\n<h2>Shure MXA 910<\/h2>\n<p><img decoding=\"async\" src=\"https:\/\/konferenztechnik.de\/wp-content\/uploads\/2019\/06\/898302b65d13f1e132452ae8f8e471e0-1-1024x737.jpeg\" alt=\"Shure MXA 910\" class=\"alignleft size-large wp-image-14821\" title=\"\"><br \/>\n[clear]<\/p>\n<p>Le MXA 910 de Shure est un r\u00e9seau de microphones de plafond qui peut \u00eatre configur\u00e9 librement et qui convient \u00e0 tous les types de salles imaginables. La prise de son par le haut vous permet d'am\u00e9nager votre espace de mani\u00e8re flexible et vous \u00e9vite de devoir placer des \u00e9quipements techniques sur votre table de conf\u00e9rence ou de r\u00e9union. En outre, le MXA 910 peut \u00e9galement \u00eatre install\u00e9 dans de grands auditoriums ou salles de conf\u00e9rence, couvrant ainsi diff\u00e9rentes zones et m\u00eame la zone d'\u00e9coute.<br \/>\n<br \/>D\u00e8s \u00e0 pr\u00e9sent, le syst\u00e8me int\u00e8gre \u00e9galement le DSP audio intelligent Intellimix. Il garantit un son encore meilleur et une utilisation simple et sans probl\u00e8me du syst\u00e8me.<\/p>\n<p>Le r\u00e9seau de microphones de plafond MXA 910 offre les avantages suivants :<\/p>\n<p>[list icon=\"moon-checkmark\" color=\"#a62055\u2033]IntelliMix DSP[\/list]<br \/>\n[list icon=\"moon-checkmark\" color=\"#a62055\u2033]R\u00e9duction de l'\u00e9cho -&gt; signal audio sans bruit ni \u00e9cho[\/list]<br \/>\n[list icon=\"moon-checkmark\" color=\"#a62055\u2033]Plage de prise de son contr\u00f4lable des microphones \u2013 Steerable Coverage\u2122[\/list]<br \/>\n[list icon=\"moon-checkmark\" color=\"#a62055\u2033]R\u00e9seau audio Dante\u2122[\/list]<br \/>\n[list icon=\"moon-checkmark\" color=\"#a62055\u2033]EQ param\u00e9trique 4 bandes par canal[\/list]<\/p>\n<p>[\/tab]<br \/>\n[\/tabs]<\/p>\n<p>[spacer size=\"20\u2033]<\/p>\n<p>[tabs]<br \/>\n[tab title=\"Shure ANI4IN et Shure ANI4OUT\"]<\/p>\n<h2>Shure ANI4IN et Shure ANI4OUT<\/h2>\n<p><img decoding=\"async\" src=\"https:\/\/konferenztechnik.de\/wp-content\/uploads\/2019\/06\/164b2ad8f6eb4a3ac38ac04b6921e9fa-1-1024x737.jpeg\" alt=\"Shure ANI4IN et Shure ANI4OUT\" class=\"alignleft size-large wp-image-14823\" title=\"\"><br \/>\n[clear]<\/p>\n<p>Les interfaces audio de r\u00e9seau ANI4IN et ANI4OUT peuvent connecter jusqu'\u00e0 quatre signaux analogiques ligne\/micro \u00e0 un r\u00e9seau Dante. Le routage et le contr\u00f4le s'effectuent \u00e0 l'aide d'un logiciel facile \u00e0 utiliser et bas\u00e9 sur un navigateur.<\/p>\n<p>Caract\u00e9ristiques :<\/p>\n<p>[list icon=\"moon-checkmark\" color=\"#a62055\u2033]Contr\u00f4le bas\u00e9 sur un navigateur[\/list]<br \/>\n[list icon=\"moon-checkmark\" color=\"#a62055\u2033]Fonction logique (bloc ANI4IN)[\/list]<br \/>\n[list icon=\"moon-checkmark\" color=\"#a62055\u2033]Voyants d'\u00e9tat du mat\u00e9riel[\/list]<br \/>\n[list icon=\"moon-checkmark\" color=\"#a62055\u2033]Compatible avec les contr\u00f4les m\u00e9dia tiers[\/list]<br \/>\n[list icon=\"moon-checkmark\" color=\"#a62055\u2033]Connecteurs XLR ou Euroblock[\/list]<br \/>\n[list icon=\"moon-checkmark\" color=\"#a62055\u2033]Power-over-Ethernet (PoE)[\/list]<br \/>\n[list icon=\"moon-checkmark\" color=\"#a62055\u2033]Sommation audio[\/list]<br \/>\n[list icon=\"moon-checkmark\" color=\"#a62055\u2033]EQ param\u00e9trique 4 bandes par canal[\/list]<\/p>\n<p>[\/tab]<br \/>\n[\/tabs]<\/p>\n<h2>Qu'est-ce que Shure Intellimix DSP ?<\/h2>\n<p><img decoding=\"async\" src=\"https:\/\/konferenztechnik.de\/wp-content\/uploads\/2019\/06\/shure_mxa910_intellimix-1-1024x576.jpg\" alt=\"Shure MXA 920 IntelliMix\" class=\"alignleft size-large wp-image-14825\" title=\"\"><\/p>\n<p>Le DSP Intellimix de Shure permet d'obtenir une qualit\u00e9 audio sup\u00e9rieure \u00e0 la moyenne lors de vos r\u00e9unions ou conf\u00e9rences. Intellimix ajuste automatiquement le volume des microphones et supprime le bruit, le feedback et les \u00e9chos gr\u00e2ce \u00e0 un algorithme intelligent.<br \/>\n<br \/>Gr\u00e2ce \u00e0 la technologie Steerable Coverage\u2122, la zone d'enregistrement des microphones s'aligne automatiquement sur la position des participants. Le syst\u00e8me d\u00e9tecte \u00e9galement si un orateur tourne la t\u00eate ou se penche en arri\u00e8re. Un \u00e9galiseur param\u00e9trique est \u00e9galement disponible pour chaque canal afin d'\u00e9galiser le trajet du signal et d'optimiser le son.<\/p>\n<p>[spacer size=\"20\u2033]<\/p>\n<hr>\n<p>[spacer size=\"20\u2033]<\/p>\n<p>[column size=\"1-4\u2033 last=\"1\u2033]<\/p>\n<h2>Beyerdynamic Orbis<\/h2>\n<p>[\/column]<br \/>\n[column size=\"1-4\u2033 last=\"1\u2033]<br \/>\n<img loading=\"lazy\" decoding=\"async\" src=\"https:\/\/konferenztechnik.de\/wp-content\/uploads\/2013\/11\/beyerdynamic_logo_print-e1385734016548.jpg\" alt=\"beyerdynamic_logo_print\" width=\"180\" height=\"33\" class=\"alignright size-full wp-image-3981\" title=\"\"><br \/>\n[\/column]<\/p>\n<p><img loading=\"lazy\" decoding=\"async\" width=\"650\" height=\"400\" src=\"https:\/\/konferenztechnik.de\/wp-content\/uploads\/2015\/06\/Beyerdanmic-Orbis.jpg\" alt=\"Beyerdanmic Orbis\" class=\"alignleft size-full wp-image-5711\" title=\"\" srcset=\"https:\/\/konferenztechnik.de\/wp-content\/uploads\/2015\/06\/Beyerdanmic-Orbis.jpg 650w, https:\/\/konferenztechnik.de\/wp-content\/uploads\/2015\/06\/Beyerdanmic-Orbis-300x185.jpg 300w\" sizes=\"(max-width: 650px) 100vw, 650px\" \/><br \/>\n[spacer size=\"40\u2033]<\/p>\n<p>Le syst\u00e8me de conf\u00e9rence num\u00e9rique filaire Orbis de la soci\u00e9t\u00e9 Beyerdynamic se distingue par son design moderne, sa facilit\u00e9 d'utilisation, sa s\u00e9curit\u00e9 de fonctionnement et ses mat\u00e9riaux de haute qualit\u00e9. Les domaines d'utilisation sont la salle de conf\u00e9rence, la salle de conseil, la salle d'audience lors de r\u00e9unions de conseil d'administration ou de conf\u00e9rences.<\/p>\n<p>Lors du d\u00e9veloppement, Beyerdynamic a veill\u00e9 avec le plus grand soin \u00e0 la s\u00e9curit\u00e9 de fonctionnement et au confort d'utilisation du syst\u00e8me, sans pour autant n\u00e9gliger les raffinements techniques. Orbis est le successeur des syst\u00e8mes de conf\u00e9rence c\u00e2bl\u00e9s MCS 20 et 50.<\/p>\n<p>[spacer size=\"30\u2033]<\/p>\n<p>Syst\u00e8mes Beyerdynamic en fin de vie :<\/p>\n<p>[spacer size=\"20\u2033]<br \/>\n[tabs style=\"1\u2033]<br \/>\n[tab title=\"MCS-D 3141\u2033]<\/p>\n<h2>Poste d'interphonie MCS-D 3141 <\/h2>\n<p>[column size=\"2-5\u2033 last=\"0\u2033]<\/p>\n<p><a href=\"https:\/\/konferenztechnik.de\/wp-content\/uploads\/2013\/09\/Diskussionssprechstelle_drahtgebunden_MCS-D3141_gross.jpg\"><img loading=\"lazy\" decoding=\"async\" width=\"800\" height=\"345\" src=\"https:\/\/konferenztechnik.de\/wp-content\/uploads\/2013\/09\/Diskussionssprechstelle_drahtgebunden_MCS-D3141_gross.jpg\" alt=\"Poste d&#039;interphonie MCS-D 3141\" class=\"alignleft size-full wp-image-2956\" title=\"\" srcset=\"https:\/\/konferenztechnik.de\/wp-content\/uploads\/2013\/09\/Diskussionssprechstelle_drahtgebunden_MCS-D3141_gross.jpg 800w, https:\/\/konferenztechnik.de\/wp-content\/uploads\/2013\/09\/Diskussionssprechstelle_drahtgebunden_MCS-D3141_gross-300x129.jpg 300w, https:\/\/konferenztechnik.de\/wp-content\/uploads\/2013\/09\/Diskussionssprechstelle_drahtgebunden_MCS-D3141_gross-768x331.jpg 768w\" sizes=\"(max-width: 800px) 100vw, 800px\" \/><\/a><\/p>\n<p>[\/column]<br \/>\n[column size=\"3-5\u2033 last=\"1\u2033]<\/p>\n<p>Le poste d\u00e9l\u00e9gu\u00e9 MCS-D 3141 (REVOLUTO) fonctionne sans microphone \u00e0 col de cygne. Les capsules microphoniques ont une caract\u00e9ristique de couloir qui permet \u00e0 l'orateur une libert\u00e9 de mouvement sans pr\u00e9c\u00e9dent \u00e0 l'int\u00e9rieur de la zone de parole gr\u00e2ce \u00e0 la technique de prise de son Revoluto-Microphone-Array. La station d'appel peut \u00eatre configur\u00e9e via la centrale de contr\u00f4le MCS-D 200 ou le logiciel iCNS. Le haut-parleur int\u00e9gr\u00e9 se caract\u00e9rise par une intelligibilit\u00e9 optimale de la parole.<\/p>\n<p>[\/column]<br \/>\n[\/tab]<\/p>\n<p>[tab title=\"MCS-D 3911\u2033]<\/p>\n<h2>Poste d'interphonie encastrable MCS-D 3911<\/h2>\n<p>[column size=\"2-5\u2033 last=\"0\u2033]<\/p>\n<p><a href=\"https:\/\/konferenztechnik.de\/wp-content\/uploads\/2013\/09\/Diskussionssprechstelle_drahtgebunden_Einbau_MCS-D3911_gross.jpg\"><img loading=\"lazy\" decoding=\"async\" width=\"800\" height=\"533\" src=\"https:\/\/konferenztechnik.de\/wp-content\/uploads\/2013\/09\/Diskussionssprechstelle_drahtgebunden_Einbau_MCS-D3911_gross.jpg\" alt=\"Poste d&#039;interphonie encastrable MCS-D 3911\" class=\"alignleft size-full wp-image-2954\" title=\"\" srcset=\"https:\/\/konferenztechnik.de\/wp-content\/uploads\/2013\/09\/Diskussionssprechstelle_drahtgebunden_Einbau_MCS-D3911_gross.jpg 800w, https:\/\/konferenztechnik.de\/wp-content\/uploads\/2013\/09\/Diskussionssprechstelle_drahtgebunden_Einbau_MCS-D3911_gross-300x200.jpg 300w, https:\/\/konferenztechnik.de\/wp-content\/uploads\/2013\/09\/Diskussionssprechstelle_drahtgebunden_Einbau_MCS-D3911_gross-768x512.jpg 768w\" sizes=\"(max-width: 800px) 100vw, 800px\" \/><\/a><\/p>\n<p>[\/column]<br \/>\n[column size=\"3-5\u2033 last=\"1\u2033]<\/p>\n<p>Le poste d'interphonie dot\u00e9 de la technologie Revoluto et au design Rosenthal est escamotable dans la table et se d\u00e9ploie en cas de besoin.<br \/>\nElle est disponible en version simple avec une touche microphone ou avec des fonctions suppl\u00e9mentaires telles que le s\u00e9lecteur vocal, l'\u00e9cran et le vote.<br \/>\nParall\u00e8lement aux fonctions classiques d'un syst\u00e8me de conf\u00e9rence, le poste d'interphonie offre la possibilit\u00e9 de connecter un ordinateur portable \u00e0 un r\u00e9seau local et\/ou \u00e0 une matrice vid\u00e9o via un panneau enfichable.<\/p>\n<p>[\/column]<br \/>\n[\/tab]<\/p>\n<p>[tab title=\"MCS-D 200\u2033]<\/p>\n<h2>Centrale MCS-D 200<\/h2>\n<p>[column size=\"2-5\u2033 last=\"0\u2033]<\/p>\n<p><a href=\"https:\/\/konferenztechnik.de\/wp-content\/uploads\/2013\/09\/Steuerzentrale_MCS-D200_gross.jpg\"><img loading=\"lazy\" decoding=\"async\" width=\"800\" height=\"262\" src=\"https:\/\/konferenztechnik.de\/wp-content\/uploads\/2013\/09\/Steuerzentrale_MCS-D200_gross.jpg\" alt=\"Centrale MCS-D 200\" class=\"alignleft size-full wp-image-2965\" title=\"\" srcset=\"https:\/\/konferenztechnik.de\/wp-content\/uploads\/2013\/09\/Steuerzentrale_MCS-D200_gross.jpg 800w, https:\/\/konferenztechnik.de\/wp-content\/uploads\/2013\/09\/Steuerzentrale_MCS-D200_gross-300x98.jpg 300w, https:\/\/konferenztechnik.de\/wp-content\/uploads\/2013\/09\/Steuerzentrale_MCS-D200_gross-768x252.jpg 768w\" sizes=\"(max-width: 800px) 100vw, 800px\" \/><\/a><\/p>\n<p>[\/column]<br \/>\n[column size=\"3-5\u2033 last=\"1\u2033]<\/p>\n<p>La centrale de contr\u00f4le MCS-D 200 sert \u00e0 commander l'ensemble du syst\u00e8me num\u00e9rique de conf\u00e9rence et d'interpr\u00e9tation comprenant jusqu'\u00e0 1.400 postes d'abonn\u00e9s et d'interpr\u00e8tes.<\/p>\n<ul>\n<li>Audio et contr\u00f4le enti\u00e8rement num\u00e9riques<\/li>\n<li>Gestion multi-sessions<\/li>\n<li>PC directement connectable pour la commande du logiciel<\/li>\n<li>D\u00e9finition et attribution des langues ; attribution des cabines ; attribution des canaux<\/li>\n<li>R\u00e9glage du volume pour les \u00e9couteurs<\/li>\n<\/ul>\n<p>[\/column]<br \/>\n[\/tab]<\/p>\n<p>[tab title=\"MCS 521\u2033]<\/p>\n<h2>Poste d'interphonie MCS 521<\/h2>\n<p>[column size=\"2-5\u2033 last=\"0\u2033]<\/p>\n<p><a href=\"https:\/\/konferenztechnik.de\/wp-content\/uploads\/2013\/09\/Diskussionssprechstelle_drahtgebunden_MCS_MCS-521_gross.jpg\"><img loading=\"lazy\" decoding=\"async\" width=\"449\" height=\"600\" src=\"https:\/\/konferenztechnik.de\/wp-content\/uploads\/2013\/09\/Diskussionssprechstelle_drahtgebunden_MCS_MCS-521_gross.jpg\" alt=\"Poste d&#039;interphonie MCS 521\" class=\"alignleft size-full wp-image-2955\" title=\"\" srcset=\"https:\/\/konferenztechnik.de\/wp-content\/uploads\/2013\/09\/Diskussionssprechstelle_drahtgebunden_MCS_MCS-521_gross.jpg 449w, https:\/\/konferenztechnik.de\/wp-content\/uploads\/2013\/09\/Diskussionssprechstelle_drahtgebunden_MCS_MCS-521_gross-225x300.jpg 225w\" sizes=\"(max-width: 449px) 100vw, 449px\" \/><\/a><\/p>\n<p>[\/column]<br \/>\n[column size=\"3-5\u2033 last=\"1\u2033]<\/p>\n<p>Poste d'interphonie pour d\u00e9l\u00e9gu\u00e9s avec haut-parleur.<\/p>\n<ul>\n<li>microphone \u00e0 col de cygne fixe avec anneau lumineux<\/li>\n<li>bouton microphone avec affichage LED d'\u00e9tat<\/li>\n<li>C\u00e2ble \u00e0 connexion fixe avec connecteur Sub-D 15 broches<\/li>\n<li>sortie de documentation (prise jack 3,5 mm) pour le raccordement d'enregistreurs, etc.<\/li>\n<\/ul>\n<p>[\/column]<br \/>\n[\/tab]<br \/>\n[tab title=\"MCS 50\u2033]<\/p>\n<h2>MCS 50 \u2013 Centrale de contr\u00f4le<\/h2>\n<p>[column size=\"2-5\u2033 last=\"0\u2033]<\/p>\n<p><a href=\"https:\/\/konferenztechnik.de\/wp-content\/uploads\/2013\/09\/Steuerzentrale_MCS_MCS-50_gross.jpg\"><img loading=\"lazy\" decoding=\"async\" width=\"331\" height=\"138\" src=\"https:\/\/konferenztechnik.de\/wp-content\/uploads\/2013\/09\/Steuerzentrale_MCS_MCS-50_gross.jpg\" alt=\"MCS 50 - Centrale de contr\u00f4le\" class=\"alignleft size-full wp-image-2964\" title=\"\" srcset=\"https:\/\/konferenztechnik.de\/wp-content\/uploads\/2013\/09\/Steuerzentrale_MCS_MCS-50_gross.jpg 331w, https:\/\/konferenztechnik.de\/wp-content\/uploads\/2013\/09\/Steuerzentrale_MCS_MCS-50_gross-300x125.jpg 300w\" sizes=\"(max-width: 331px) 100vw, 331px\" \/><\/a><\/p>\n<p>[\/column]<br \/>\n[column size=\"3-5\u2033 last=\"1\u2033]<\/p>\n<p>Le MCS-50 sert d'unit\u00e9 de commande centrale pour un maximum de 32 postes d'interphonie. Elle peut \u00eatre utilis\u00e9e aussi bien via le menu en fa\u00e7ade que via le logiciel de commande librement disponible.<\/p>\n<ul>\n<li>Bloc d'alimentation int\u00e9gr\u00e9<\/li>\n<li>Commande par menu et configuration du syst\u00e8me m\u00eame sans PC<\/li>\n<li>Possibilit\u00e9 d'extension \u00e0 64 postes d'interphonie<\/li>\n<li>Port de service pour la configuration du syst\u00e8me avec un PC<\/li>\n<li>Logiciel de configuration MCS-Editor inclus dans la livraison<\/li>\n<\/ul>\n<p>[\/column]<br \/>\n[\/tab]<br \/>\n[\/tabs]<\/p>\n<p>[spacer size=\"40\u2033]<br \/>\n[column size=\"1-4\u2033 last=\"1\u2033]<\/p>\n<h2 id=\"bosch\">Bosch CCS 1000 D<\/h2>\n<p>[\/column]<br \/>\n[column size=\"1-4\u2033 last=\"1\u2033]<br \/>\n<img loading=\"lazy\" decoding=\"async\" src=\"https:\/\/konferenztechnik.de\/wp-content\/uploads\/2013\/09\/Bosch-Logo.jpg\" alt=\"Logo Bosch\" width=\"200\" height=\"47\" class=\"alignright size-full wp-image-5716\" title=\"\"><br \/>\n[\/column]<br \/>\n<img loading=\"lazy\" decoding=\"async\" width=\"650\" height=\"400\" src=\"https:\/\/konferenztechnik.de\/wp-content\/uploads\/2015\/06\/CCS1000d-1.jpg\" alt=\"\" class=\"alignleft size-full wp-image-5736\" title=\"\" srcset=\"https:\/\/konferenztechnik.de\/wp-content\/uploads\/2015\/06\/CCS1000d-1.jpg 650w, https:\/\/konferenztechnik.de\/wp-content\/uploads\/2015\/06\/CCS1000d-1-300x185.jpg 300w\" sizes=\"(max-width: 650px) 100vw, 650px\" \/><br \/>\n[spacer size=\"40\u2033]<\/p>\n<p>Le nouveau syst\u00e8me de discussion CCS 1000 D de Bosch convainc par sa simplicit\u00e9 et sa convivialit\u00e9, et ce sans devoir renoncer aux derni\u00e8res innovations techniques.<\/p>\n<p>Le syst\u00e8me offre un bon son, m\u00eame \u00e0 un volume \u00e9lev\u00e9, et ce sans effet larsen. L'enregistrement de la conf\u00e9rence peut se faire directement sur la centrale de commande, sur une cl\u00e9 USB. Pour les vid\u00e9oconf\u00e9rences, le syst\u00e8me offre la possibilit\u00e9 de contr\u00f4ler automatiquement les cam\u00e9ras.<\/p>\n<h2>Points forts :<\/h2>\n<ul>\n<li>Plug and play\n<li>Suppresseur de Larsen num\u00e9rique int\u00e9gr\u00e9 (DAFS)<\/li>\n<li>Enregistrement num\u00e9rique avec une cl\u00e9 USB de 128 Go : jusqu'\u00e0 4000 heures<\/li>\n<li>Prise en charge standard de jusqu'\u00e0 6 cam\u00e9ras HD Conference Dome<\/li>\n<li>\u2013 Configuration via un navigateur web, aucun logiciel suppl\u00e9mentaire requis<\/li>\n<\/ul>\n<p>[spacer size=\"30\u2033]<br \/>\n<a href=\"https:\/\/konferenztechnik.de\/fr\/bosch-ccs-1000-d-resultat-du-test\/\">&amp;#x9B ; Rapport de test PCS sur le CCS 1000 D<\/a><\/p>\n<p><a href=\"https:\/\/konferenztechnik.de\/fr\/bosch-ccs-1000-d\/\">&amp;#x9B ; Informations compl\u00e9mentaires sur le CCS 1000 D<\/a><\/p>\n<p><a href=\"https:\/\/konferenztechnik.de\/fr\/bosch-ccs-1000-d-caracteristiques\/\">&amp;#x9B ; Liste des caract\u00e9ristiques<\/a><\/p>\n<p>[spacer size=\"20\u2033]<\/p>\n<p>[spacer size=\"40\u2033]<br \/>\n[column size=\"1-4\u2033 last=\"1\u2033]<\/p>\n<h2 id=\"bosch\">Bosch DCN Next Generation<\/h2>\n<p>[\/column]<br \/>\n[column size=\"1-4\u2033 last=\"1\u2033]<br \/>\n<img loading=\"lazy\" decoding=\"async\" src=\"https:\/\/konferenztechnik.de\/wp-content\/uploads\/2013\/09\/Bosch-Logo.jpg\" alt=\"Logo Bosch\" width=\"200\" height=\"47\" class=\"alignright size-full wp-image-5716\" title=\"\"><br \/>\n[\/column]<\/p>\n<p><img loading=\"lazy\" decoding=\"async\" width=\"500\" height=\"340\" src=\"https:\/\/konferenztechnik.de\/wp-content\/uploads\/2013\/09\/DCN_Next_Generation.jpg\" alt=\"DCN Syst\u00e8me de nouvelle g\u00e9n\u00e9ration\" class=\"aligncenter size-full wp-image-5719\" title=\"\" srcset=\"https:\/\/konferenztechnik.de\/wp-content\/uploads\/2013\/09\/DCN_Next_Generation.jpg 500w, https:\/\/konferenztechnik.de\/wp-content\/uploads\/2013\/09\/DCN_Next_Generation-300x204.jpg 300w\" sizes=\"(max-width: 500px) 100vw, 500px\" \/><br \/>\n[spacer size=\"40\u2033]<\/p>\n<p>Les solutions de conf\u00e9rence DCN de Bosch se distinguent par leur polyvalence et offrent une grande qualit\u00e9 de transmission de la voix et des donn\u00e9es. Vous avez ainsi le contr\u00f4le sur le d\u00e9roulement de la r\u00e9union. En collaboration avec le syst\u00e8me d'interpr\u00e9tation Bosch IDESK, il est possible, si n\u00e9cessaire, d'\u00e9couter les canaux d'interpr\u00e9tation directement sur le poste de table. Les postes d'interphonie DCN sont disponibles dans les versions Concentus et Discussion.<\/p>\n<p>[spacer size=\"20\u2033]<\/p>\n<p>[tabs style=\"1\u2033]<br \/>\n[tab title=\"Article\"]<\/p>\n<h2>Poste d'interphonie Concentus DCN-CONFF<\/h2>\n<p>[column size=\"2-5\u2033 last=\"0\u2033]<\/p>\n<p><a href=\"https:\/\/konferenztechnik.de\/wp-content\/uploads\/2013\/09\/Sprechstelle_Concentus_DCN-CONFF_gross.jpg\"><img loading=\"lazy\" decoding=\"async\" width=\"333\" height=\"321\" src=\"https:\/\/konferenztechnik.de\/wp-content\/uploads\/2013\/09\/Sprechstelle_Concentus_DCN-CONFF_gross.jpg\" alt=\"Poste d&#039;interphonie Concentus DCN-CONFF\" class=\"alignleft size-full wp-image-2962\" title=\"\" srcset=\"https:\/\/konferenztechnik.de\/wp-content\/uploads\/2013\/09\/Sprechstelle_Concentus_DCN-CONFF_gross.jpg 333w, https:\/\/konferenztechnik.de\/wp-content\/uploads\/2013\/09\/Sprechstelle_Concentus_DCN-CONFF_gross-300x289.jpg 300w\" sizes=\"(max-width: 333px) 100vw, 333px\" \/><\/a><\/p>\n<p>[\/column]<br \/>\n[column size=\"3-5\u2033 last=\"1\u2033]<\/p>\n<p>DCN-CON est l'unit\u00e9 de conf\u00e9rence d\u00e9l\u00e9gu\u00e9e standard qui permet aux participants de parler, d'enregistrer une demande de parole, d'\u00e9couter l'orateur et de voter.<br \/>\nLe haut-parleur \u00e0 membrane plate offre une tr\u00e8s bonne acoustique avec un feedback minimal, ce qui augmente l'intelligibilit\u00e9 de la parole.<br \/>\nCinq touches d'accord sont disponibles pour tous les types d'accord. Un contact externe est disponible pour la connexion de lecteurs d'empreintes digitales externes. <\/p>\n<p>[\/column]<br \/>\n[\/tab]<br \/>\n[tab title=\"D\u00e9tails techniques\"]<\/p>\n<h2>Poste d'interphonie Concentus DCN-CONFF<\/h2>\n<p>Commandes et indicateurs :<\/p>\n<ul>\n<li>Haut-parleur \u00e0 membrane plate int\u00e9gr\u00e9 et escamotable avec coupure automatique du son lorsque le microphone est activ\u00e9<\/li>\n<li>Microphone Bouton marche\/arr\u00eat ou annonce des mots<\/li>\n<li>Cinq touches de vote avec t\u00e9moins de confirmation LED jaunes pour les votes parlementaires, les consultations d'\u00e9valuation et autres applications<\/li>\n<li>C\u00e2ble de 2 m avec connecteur rond \u00e0 6 p\u00f4les moul\u00e9 sur le c\u00e2ble<\/li>\n<li>Prise modulaire \u00e0 8 p\u00f4les pour le combin\u00e9 LBB 355\/00 pour l'intercommunication ainsi que le contact pour la d\u00e9tection externe de pr\u00e9sence et de fraude, par exemple pour le lecteur d'empreintes digitales<\/li>\n<\/ul>\n<p>[\/tab]<br \/>\n[\/tabs]<\/p>\n<p>[spacer size=\"20\u2033]<br \/>\n[tabs style=\"1\u2033]<br \/>\n[tab title=\"Article\"]<\/p>\n<h2>Poste d'interphonie DCN-DISVCS<\/h2>\n<p>[column size=\"2-5\u2033 last=\"0\u2033]<\/p>\n<p><a href=\"https:\/\/konferenztechnik.de\/wp-content\/uploads\/2013\/09\/Sprechstelle_drahtgebunden_Discussion_DCN-DISVCS_gross1.jpg\"><img loading=\"lazy\" decoding=\"async\" width=\"363\" height=\"334\" src=\"https:\/\/konferenztechnik.de\/wp-content\/uploads\/2013\/09\/Sprechstelle_drahtgebunden_Discussion_DCN-DISVCS_gross1.jpg\" alt=\"Poste d&#039;interphonie DCN-DISVCS\" class=\"alignleft size-full wp-image-2963\" title=\"\" srcset=\"https:\/\/konferenztechnik.de\/wp-content\/uploads\/2013\/09\/Sprechstelle_drahtgebunden_Discussion_DCN-DISVCS_gross1.jpg 363w, https:\/\/konferenztechnik.de\/wp-content\/uploads\/2013\/09\/Sprechstelle_drahtgebunden_Discussion_DCN-DISVCS_gross1-300x276.jpg 300w\" sizes=\"(max-width: 363px) 100vw, 363px\" \/><\/a><\/p>\n<p>[\/column]<br \/>\n[column size=\"3-5\u2033 last=\"1\u2033]<\/p>\n<p>L'unit\u00e9 de discussion avec fonction de vote et s\u00e9lecteur de canal permet aux participants de parler, d'enregistrer une demande de parole, d'\u00e9couter l'orateur et de voter. L'unit\u00e9 de parole dispose d'un s\u00e9lecteur de canal int\u00e9gr\u00e9, ce qui la rend id\u00e9ale pour les discussions o\u00f9 plusieurs langues sont utilis\u00e9es et o\u00f9 l'interpr\u00e9tation est simultan\u00e9e. <\/p>\n<p>[\/column]<br \/>\n[\/tab]<br \/>\n[tab title=\"D\u00e9tails techniques\"]<\/p>\n<h2>Poste d'interphonie DCN-DISVCS <\/h2>\n<ul>\n<li>Design compact, attrayant et ergonomique<\/li>\n<li>Faible sensibilit\u00e9 aux interf\u00e9rences des t\u00e9l\u00e9phones portables<\/li>\n<li>Microphone enfichable<\/li>\n<li>Cinq touches d'accord<\/li>\n<li>Prise casque avec r\u00e9glage du volume<\/li>\n<\/ul>\n<p>[\/tab]<br \/>\n[\/tabs]<\/p>\n<p>[spacer size=\"20\u2033]<br \/>\n[tabs style=\"1\u2033]<br \/>\n[tab title=\"Article\"]<\/p>\n<h2>Microphones DCN-MICS\/L<\/h2>\n<p>[column size=\"2-5\u2033 last=\"0\u2033]<\/p>\n<p><a href=\"https:\/\/konferenztechnik.de\/wp-content\/uploads\/2013\/09\/Mikrofone_DCN-MICS_L_gross.jpg\"><img loading=\"lazy\" decoding=\"async\" width=\"458\" height=\"235\" src=\"https:\/\/konferenztechnik.de\/wp-content\/uploads\/2013\/09\/Mikrofone_DCN-MICS_L_gross.jpg\" alt=\"Microphones DCN-MICS\/L\" class=\"alignleft size-full wp-image-2957\" title=\"\" srcset=\"https:\/\/konferenztechnik.de\/wp-content\/uploads\/2013\/09\/Mikrofone_DCN-MICS_L_gross.jpg 458w, https:\/\/konferenztechnik.de\/wp-content\/uploads\/2013\/09\/Mikrofone_DCN-MICS_L_gross-300x154.jpg 300w\" sizes=\"(max-width: 458px) 100vw, 458px\" \/><\/a><\/p>\n<p>[\/column]<br \/>\n[column size=\"3-5\u2033 last=\"1\u2033]<\/p>\n<p>Ce microphone au design innovant, attrayant et ergonomique, dot\u00e9 d'un col de cygne r\u00e9glable, s'int\u00e8gre facilement directement dans les unit\u00e9s de discussion, les unit\u00e9s Concentus, les panneaux de connexion de microphone int\u00e9gr\u00e9s ou les pupitres d'interpr\u00e9tation. Il est dot\u00e9 d'une directivit\u00e9 unidirectionnelle qui permet d'obtenir des performances optimales m\u00eame dans des environnements bruyants. Il pr\u00e9sente \u00e9galement une faible sensibilit\u00e9 aux interf\u00e9rences des t\u00e9l\u00e9phones portables. <\/p>\n<p>Commandes et indicateurs :<\/p>\n<ul>\n<li>Voyant rouge ou vert. Le rouge indique que le microphone est actif<\/li>\n<li>Le vert indique que la demande de parole a \u00e9t\u00e9 accept\u00e9e.<\/li>\n<\/ul>\n<p>[\/column]<br \/>\n[\/tab]<br \/>\n[\/tabs]<\/p>\n<p>[spacer size=\"40\u2033]<br \/>\n[column size=\"1-4\u2033 last=\"1\u2033]<\/p>\n<h2 id=\"bosch\">Televic Confidea F et Confidea T<\/h2>\n<p>[\/column]<br \/>\n[column size=\"1-4\u2033 last=\"1\u2033]<br \/>\n<img decoding=\"async\" src=\"https:\/\/konferenztechnik.de\/wp-content\/uploads\/2013\/09\/logo_televic_audiovisual.png\" alt=\"Logo de Televic\" width=\"230\" class=\"alignright size-full wp-image-5742\" title=\"\"><br \/>\n[\/column]<br \/>\n<img loading=\"lazy\" decoding=\"async\" src=\"https:\/\/konferenztechnik.de\/wp-content\/uploads\/2013\/09\/Televic_Confidea_Wireless_DD_CD_Sprechstelle1.jpg\" alt=\"Postes d&#039;interphonie sans fil Confidea\" width=\"300\" height=\"400\" class=\"alignleft size-full wp-image-2986\" title=\"\" srcset=\"https:\/\/konferenztechnik.de\/wp-content\/uploads\/2013\/09\/Televic_Confidea_Wireless_DD_CD_Sprechstelle1.jpg 300w, https:\/\/konferenztechnik.de\/wp-content\/uploads\/2013\/09\/Televic_Confidea_Wireless_DD_CD_Sprechstelle1-225x300.jpg 225w\" sizes=\"(max-width: 300px) 100vw, 300px\" \/><br \/>\n[spacer size=\"40\u2033]<br \/>\nConfidea T est une nouvelle gamme d'interphones de bureau Plixus\u00ae Powered qui offre la solution parfaite pour les applications mobiles ou \u00e0 long terme.<\/p>\n<p>Avec des mod\u00e8les d'entr\u00e9e de gamme pour les discussions normales et des mod\u00e8les avanc\u00e9s offrant des fonctions suppl\u00e9mentaires de vote et\/ou d'interpr\u00e9tation simultan\u00e9e, Confidea T est une solution adapt\u00e9e \u00e0 chaque application : des petites r\u00e9unions de conseil aux grandes conf\u00e9rences internationales.<\/p>\n<p>Confidea F est la variante encastr\u00e9e des postes d'interphonie Televic Plixus\u00ae Powered. Elle a \u00e9t\u00e9 con\u00e7ue pour une int\u00e9gration simple et affleurante dans le mobilier des salles de r\u00e9union, de conf\u00e9rence, de conseil et des auditoriums.<\/p>\n<p>La gamme compl\u00e8te de 11 mod\u00e8les diff\u00e9rents permet de trouver une solution adapt\u00e9e \u00e0 vos besoins et \u00e0 vos domaines d'application. Cela comprend des mod\u00e8les pour des discussions simples, jusqu'aux applications haut de gamme.<\/p>\n<p>[spacer size=\"40\u2033]<br \/>\n[tabs style=\"1\u2033]<br \/>\n[tab title=\"Article\"]<\/p>\n<h2>Poste d'interphonie Confidea Wired<\/h2>\n<p>[column size=\"2-5\u2033 last=\"0\u2033]<\/p>\n<p><a href=\"https:\/\/konferenztechnik.de\/wp-content\/uploads\/2013\/09\/Televic_Cofidea_Wired_L-DD_L-CD_Sprechstelle.jpg\"><img loading=\"lazy\" decoding=\"async\" width=\"300\" height=\"400\" src=\"https:\/\/konferenztechnik.de\/wp-content\/uploads\/2013\/09\/Televic_Cofidea_Wired_L-DD_L-CD_Sprechstelle.jpg\" alt=\"Poste d&#039;interphonie Confidea Wired\" class=\"alignleft size-full wp-image-2967\" title=\"\" srcset=\"https:\/\/konferenztechnik.de\/wp-content\/uploads\/2013\/09\/Televic_Cofidea_Wired_L-DD_L-CD_Sprechstelle.jpg 300w, https:\/\/konferenztechnik.de\/wp-content\/uploads\/2013\/09\/Televic_Cofidea_Wired_L-DD_L-CD_Sprechstelle-225x300.jpg 225w\" sizes=\"(max-width: 300px) 100vw, 300px\" \/><\/a><\/p>\n<p>[\/column]<br \/>\n[column size=\"3-5\u2033 last=\"1\u2033]<\/p>\n<p>La Confidea filaire est un syst\u00e8me qui offre de nombreuses possibilit\u00e9s de discussion et de vote. Il est facile \u00e0 installer gr\u00e2ce \u00e0 la reconnaissance automatique des pupitres lors du c\u00e2blage et offre une grande s\u00e9curit\u00e9 contre les pannes gr\u00e2ce \u00e0 la possibilit\u00e9 de relier les pupitres en anneau.<\/p>\n<p>[\/column]<br \/>\n[\/tab]<br \/>\n[tab title=\"D\u00e9tails techniques\"]<\/p>\n<h2>Poste d'interphonie Confidea Wired<\/h2>\n<p>Caract\u00e9ristiques :<\/p>\n<ul>\n<li>Nombreuses fonctions de vote<\/li>\n<li>Pr\u00e9sentation des r\u00e9sultats des votes sur l'\u00e9cran ou par projection<\/li>\n<li>S\u00e9curit\u00e9 gr\u00e2ce au c\u00e2blage en forme d'anneau<\/li>\n<li>D\u00e9tection automatique des unit\u00e9s nouvellement connect\u00e9es<\/li>\n<li>Facile \u00e0 combiner avec le syst\u00e8me sans fil Confidea<\/li>\n<\/ul>\n<p>[\/tab]<\/p>\n<p>[tab title=\"Autres types de pupitres\"]<\/p>\n<h2>Poste d'interphonie Confidea Wired<\/h2>\n<p>Les postes d'interphonie suivants sont disponibles avec diff\u00e9rentes caract\u00e9ristiques :<\/p>\n<ul>\n<li>Confidea L-DD\/L-CD Unit\u00e9 de discussion simple<\/li>\n<li>Poste d'interphonie double d\u00e9l\u00e9gu\u00e9 Confidea L-2D2D<\/li>\n<li>Confidea DV\/CV Unit\u00e9 de discussion avec fonction de vote (CV = poste du pr\u00e9sident)<\/li>\n<li>Poste d'interphonie Confidea L-DI\/L-CI avec un s\u00e9lecteur de canaux pour la traduction<\/li>\n<li>Station d'appel Confidea 2D2I avec deux s\u00e9lecteurs de canaux ind\u00e9pendants pour la traduction<\/li>\n<li>Poste d'interphonie Confidea DIV\/CIV avec fonction d'accord et un s\u00e9lecteur de canal pour la traduction<\/li>\n<\/ul>\n<p>Contactez-nous, nous nous chargeons de la configuration de l'installation en fonction de vos besoins.<\/p>\n<p>[\/tab]<br \/>\n[\/tabs]<\/p>\n<p>[spacer size=\"20\u2033]<br \/>\n[tabs style=\"1\u2033]<br \/>\n[tab title=\"Article\"]<\/p>\n<h2>Centrale de contr\u00f4le \u2013 Central Unit CPU5500<\/h2>\n<p>[column size=\"2-5\u2033 last=\"0\u2033]<\/p>\n<p><a href=\"https:\/\/konferenztechnik.de\/wp-content\/uploads\/2013\/09\/Televic_Central-Unit-CPU55001.jpg\"><img loading=\"lazy\" decoding=\"async\" width=\"450\" height=\"198\" src=\"https:\/\/konferenztechnik.de\/wp-content\/uploads\/2013\/09\/Televic_Central-Unit-CPU55001.jpg\" alt=\"Centrale de contr\u00f4le - Central Unit CPU5500\" class=\"alignleft size-full wp-image-2981\" title=\"\" srcset=\"https:\/\/konferenztechnik.de\/wp-content\/uploads\/2013\/09\/Televic_Central-Unit-CPU55001.jpg 450w, https:\/\/konferenztechnik.de\/wp-content\/uploads\/2013\/09\/Televic_Central-Unit-CPU55001-300x132.jpg 300w\" sizes=\"(max-width: 450px) 100vw, 450px\" \/><\/a><\/p>\n<p>[\/column]<br \/>\n[column size=\"3-5\u2033 last=\"1\u2033]<\/p>\n<p>La CPU 5500 Central Unit est n\u00e9cessaire lorsque les fonctions sp\u00e9ciales suppl\u00e9mentaires du syst\u00e8me Confidea doivent \u00eatre utilis\u00e9es. En font partie<\/p>\n<ul>\n<li>Gestion du microphone<\/li>\n<li>Traduction simultan\u00e9e<\/li>\n<li>Administration d\u00e9l\u00e9gu\u00e9e<\/li>\n<li>Votes<\/li>\n<li>Logiciel d'affichage<\/li>\n<\/ul>\n<p>Sur la face avant se trouve un \u00e9cran qui permet de configurer l'installation. Il est \u00e9galement possible d'effectuer tous les r\u00e9glages via un ordinateur connect\u00e9. Un haut-parleur et une prise casque sont disponibles pour le monitoring.<\/p>\n<p>[\/column]<br \/>\n[\/tab]<br \/>\n[tab title=\"D\u00e9tails techniques\"]<\/p>\n<h2>Centrale de contr\u00f4le \u2013 Central Unit CPU5500 <\/h2>\n<p>Connexions :<\/p>\n<ul>\n<li>Une sortie audio XLR sym\u00e9trique<\/li>\n<li>Deux entr\u00e9es audio XLR sym\u00e9triques<\/li>\n<li>Six sorties asym\u00e9triques Sub-D<\/li>\n<li>Ports de service : Clavier, USB, port parall\u00e8le, port VGA<\/li>\n<li>Quatre connecteurs RJ45 pour le bus num\u00e9rique TMS<\/li>\n<li>Deux connecteurs RJ45 pour le bus num\u00e9rique TIS digital<\/li>\n<li>Connexion LAN (Ethernet) pour le fonctionnement en r\u00e9seau et \u00e0 des fins de contr\u00f4le<\/li>\n<li>Deux ports RS 232 pour le contr\u00f4le de la cam\u00e9ra<\/li>\n<\/ul>\n<p>L'unit\u00e9 de contr\u00f4le est \u00e9galement disponible dans d'autres configurations, n'h\u00e9sitez pas \u00e0 nous contacter, nous vous aiderons \u00e0 choisir le syst\u00e8me qui vous convient.<\/p>\n<p>[\/tab]<br \/>\n[\/tabs]<\/p>\n<p>[spacer size=\"20\u2033]<br \/>\n[tabs style=\"1\u2033]<br \/>\n[tab title=\"Article\"]<\/p>\n<h2>Logiciel de contr\u00f4le Confidea<\/h2>\n<p>[column size=\"2-5\u2033 last=\"0\u2033]<\/p>\n<p><a href=\"https:\/\/konferenztechnik.de\/wp-content\/uploads\/2013\/09\/Televic-Management-Software.jpg\"><img loading=\"lazy\" decoding=\"async\" width=\"182\" height=\"124\" src=\"https:\/\/konferenztechnik.de\/wp-content\/uploads\/2013\/09\/Televic-Management-Software.jpg\" alt=\"Logiciel de contr\u00f4le Confidea\" class=\"alignleft size-full wp-image-2968\" title=\"\"><\/a><\/p>\n<p>[\/column]<br \/>\n[column size=\"3-5\u2033 last=\"1\u2033]<\/p>\n<p>Diff\u00e9rentes versions du logiciel de gestion sont disponibles pour le syst\u00e8me Confidea. Ceux-ci permettent de commander diff\u00e9rentes fonctions de l'installation par ordinateur. En outre, on obtient diff\u00e9rentes fonctions suppl\u00e9mentaires qui permettent d'organiser confortablement des conf\u00e9rences. <\/p>\n<p>[\/column]<br \/>\n[\/tab]<br \/>\n[tab title=\"Progiciels\"]<\/p>\n<h2>Logiciel de contr\u00f4le Confidea<\/h2>\n<p>Les progiciels suivants sont disponibles :<\/p>\n<ul>\n<li>Gestion des microphones<\/li>\n<li>Gestion des d\u00e9l\u00e9gations<\/li>\n<li>Gestion des votes<\/li>\n<li>Logiciel d'affichage<\/li>\n<li>Gestion de l'interpr\u00e8te<\/li>\n<li>Gestion \u00e0 distance<\/li>\n<\/ul>\n<p>Pour obtenir des informations plus pr\u00e9cises sur les progiciels, veuillez prendre contact avec nos repr\u00e9sentants commerciaux.<\/p>\n<p>[\/tab]<br \/>\n[\/tabs]<\/p>\n<p>[column size=\"1-4\u2033 last=\"1\u2033]<\/p>\n<h2 id=\"senn\">Sennheiser<\/h2>\n<p>[\/column]<br \/>\n[column size=\"1-4\u2033 last=\"1\u2033]<br \/>\n<a href=\"https:\/\/konferenztechnik.de\/wp-content\/uploads\/2015\/06\/Sennheiser_Logo_Compact_Blue_sRGB1.jpg\"><img loading=\"lazy\" decoding=\"async\" src=\"https:\/\/konferenztechnik.de\/wp-content\/uploads\/2015\/06\/Sennheiser_Logo_Compact_Blue_sRGB1-150x150.jpg\" alt=\"Logo Sennheiser - Partenaire PCS\" width=\"150\" height=\"150\" class=\"alignright size-thumbnail wp-image-5632\" title=\"\"><\/a><br \/>\n[\/column]<\/p>\n<p>Nous vous pr\u00e9sentons ici un syst\u00e8me de discussion filaire (cha\u00eene de microphones) du fabricant Sennheiser. Si vous avez des questions, n'h\u00e9sitez pas \u00e0 contacter notre \u00e9quipe de vente.<\/p>\n<p>[spacer size=\"20\u2033]<br \/>\n[tabs style=\"1\u2033]<br \/>\n[tab title=\"Article\"]<\/p>\n<h2>Poste de discussion \u2013 ADN C1 et D1<\/h2>\n<p>[column size=\"2-5\u2033 last=\"0\u2033]<\/p>\n<p><a href=\"https:\/\/konferenztechnik.de\/wp-content\/uploads\/2013\/09\/Sennheiser-ADN_C1_Sprechstelle_gross.jpg\"><img loading=\"lazy\" decoding=\"async\" width=\"263\" height=\"450\" src=\"https:\/\/konferenztechnik.de\/wp-content\/uploads\/2013\/09\/Sennheiser-ADN_C1_Sprechstelle_gross.jpg\" alt=\"Poste de discussion \u2013 ADN C1 et D1\" class=\"alignleft size-full wp-image-2959\" title=\"\" srcset=\"https:\/\/konferenztechnik.de\/wp-content\/uploads\/2013\/09\/Sennheiser-ADN_C1_Sprechstelle_gross.jpg 263w, https:\/\/konferenztechnik.de\/wp-content\/uploads\/2013\/09\/Sennheiser-ADN_C1_Sprechstelle_gross-175x300.jpg 175w\" sizes=\"(max-width: 263px) 100vw, 263px\" \/><\/a><\/p>\n<p>[\/column]<br \/>\n[column size=\"3-5\u2033 last=\"1\u2033]<\/p>\n<p>Les postes d'interphonie ADN C1 et ADN D1 offrent une grande clart\u00e9 vocale et une tr\u00e8s bonne acoustique de sonorisation gr\u00e2ce au double haut-parleur int\u00e9gr\u00e9. Le microphone \u00e0 col de cygne est \u00e9quip\u00e9 d'une capsule supercardio\u00efde. Le c\u00e2blage des postes d'interphonie se fait par c\u00e2ble CAT5. Le mod\u00e8le C1 est un poste de pr\u00e9sident, le D1 un poste de d\u00e9l\u00e9gu\u00e9.<\/p>\n<p>[\/column]<br \/>\n[\/tab]<br \/>\n[tab title=\"D\u00e9tails techniques\"]<\/p>\n<h2>Poste de discussion \u2013 ADN C1 et D1 <\/h2>\n<p>Caract\u00e9ristiques :<\/p>\n<ul>\n<li>Microphone col de cygne supercardio\u00efde<\/li>\n<li>Limiteur interne<\/li>\n<li>Syst\u00e8me de haut-parleurs doubles<\/li>\n<li>C\u00e2blage facile avec des c\u00e2bles CAT5 standard<\/li>\n<\/ul>\n<p>[\/tab]<br \/>\n[\/tabs]<\/p>\n<p>[spacer size=\"20\u2033]<br \/>\n[tabs style=\"1\u2033]<br \/>\n[tab title=\"Article\"]<\/p>\n<h2>Contr\u00f4le du syst\u00e8me ADN avec iPhone* et iPad*.<\/h2>\n<p>[column size=\"2-5\u2033 last=\"0\u2033]<\/p>\n<p><a href=\"https:\/\/konferenztechnik.de\/wp-content\/uploads\/2013\/09\/Sennheiser-Easy-Control-App.jpg\"><img loading=\"lazy\" decoding=\"async\" width=\"320\" height=\"480\" src=\"https:\/\/konferenztechnik.de\/wp-content\/uploads\/2013\/09\/Sennheiser-Easy-Control-App.jpg\" alt=\"Contr\u00f4le du syst\u00e8me ADN avec iPhone* et iPad\" class=\"alignleft size-full wp-image-2958\" title=\"\" srcset=\"https:\/\/konferenztechnik.de\/wp-content\/uploads\/2013\/09\/Sennheiser-Easy-Control-App.jpg 320w, https:\/\/konferenztechnik.de\/wp-content\/uploads\/2013\/09\/Sennheiser-Easy-Control-App-200x300.jpg 200w\" sizes=\"(max-width: 320px) 100vw, 320px\" \/><\/a><\/p>\n<p>[\/column]<br \/>\n[column size=\"3-5\u2033 last=\"1\u2033]<\/p>\n<p>Gr\u00e2ce \u00e0 l'application Sennheiser Easy Control, le syst\u00e8me de discussion ADN peut \u00eatre command\u00e9 et surveill\u00e9 \u00e0 distance de mani\u00e8re centralis\u00e9e. Il est ainsi possible d'acc\u00e9der directement \u00e0 un maximum de 15 postes de discussion depuis un iPhone ou un iPad. Il est possible de lancer des enregistrements, de r\u00e9gler le mode de conf\u00e9rence ou d'attribuer le droit de parole aux participants de la conf\u00e9rence.<br \/>\nSennheiser Easy Control est disponible gratuitement dans l'Appstore d'Apple.<\/p>\n<p>Voici le lien vers l'application :<br \/>\nSennheiser Easy Control sur iTunes<\/p>\n<p>*iPhone et iPad sont des marques d\u00e9pos\u00e9es aux \u00c9tats-Unis et dans d'autres pays.<br \/>\nde la soci\u00e9t\u00e9 Apple Inc.<\/p>\n<p>[\/column]<br \/>\n[\/tab]<br \/>\n[\/tabs]<\/p>\n<p>[spacer size=\"20\u2033]<br \/>\n[tabs style=\"1\u2033]<br \/>\n[tab title=\"Article\"]<\/p>\n<h2>Unit\u00e9 centrale \u2013 ADN CU1<\/h2>\n<p>[column size=\"2-5\u2033 last=\"0\u2033]<\/p>\n<p><a href=\"https:\/\/konferenztechnik.de\/wp-content\/uploads\/2013\/09\/Sennheiser-ADN_CU1_gross.jpg\"><img loading=\"lazy\" decoding=\"async\" width=\"544\" height=\"413\" src=\"https:\/\/konferenztechnik.de\/wp-content\/uploads\/2013\/09\/Sennheiser-ADN_CU1_gross.jpg\" alt=\"Unit\u00e9 centrale - ADN CU1\" class=\"alignleft size-full wp-image-2960\" title=\"\" srcset=\"https:\/\/konferenztechnik.de\/wp-content\/uploads\/2013\/09\/Sennheiser-ADN_CU1_gross.jpg 544w, https:\/\/konferenztechnik.de\/wp-content\/uploads\/2013\/09\/Sennheiser-ADN_CU1_gross-300x228.jpg 300w\" sizes=\"(max-width: 544px) 100vw, 544px\" \/><\/a><\/p>\n<p>[\/column]<br \/>\n[column size=\"3-5\u2033 last=\"1\u2033]<\/p>\n<p>L'unit\u00e9 centrale ADN CU1 permet d'alimenter et de commander jusqu'\u00e0 40 postes d'interphonie. Toutes les fonctions importantes peuvent \u00eatre command\u00e9es via le menu frontal avec \u00e9cran. Le syst\u00e8me peut \u00e9galement \u00eatre command\u00e9 via le logiciel int\u00e9gr\u00e9 'Conference Manager'. La particularit\u00e9 de ce logiciel est qu'il ne n\u00e9cessite pas d'ordinateur suppl\u00e9mentaire ; l'\u00e9cran et le clavier peuvent \u00eatre directement connect\u00e9s \u00e0 l'unit\u00e9 centrale.<\/p>\n<p>[\/column]<br \/>\n[\/tab]<br \/>\n[tab title=\"D\u00e9tails techniques\"]<\/p>\n<h2>Unit\u00e9 centrale \u2013 ADN CU1 <\/h2>\n<p>Caract\u00e9ristiques :<\/p>\n<ul>\n<li>Contr\u00f4le jusqu'\u00e0 40 postes d'interphonie<\/li>\n<li>le logiciel est int\u00e9gr\u00e9 et l'\u00e9cran et le clavier peuvent \u00eatre directement connect\u00e9s<\/li>\n<li>entr\u00e9e et sortie sym\u00e9triques<\/li>\n<li>Connexions : Ethernet, USB et VGA<\/li>\n<li>Ventilateur silencieux pour utilisation en salle de conf\u00e9rence<\/li>\n<\/ul>\n<p>[\/tab]<br \/>\n[\/tabs]<\/p>","protected":false},"excerpt":{"rendered":"<p>Drahtgebundene Diskussionsanlagen Bei der klassischen Variante von Diskussionsanlagen sind die Delegierten-Sprechstellen mittels Einkabel-Technik miteinander verbunden. An den Delegiertensprechstellen wird zum einen an Schwanenhals-Mikrofonen gesprochen, zum anderen werden je nach Anlagentyp gleichzeitig bis zu 16 Fremdsprachen mit \u00fcbertragen, die der Teilnehmer mit Hilfe eines Kopfh\u00f6rers abrufen kann. Diese Anlage eignet sich im mobilen Betrieb vorrangig f\u00fcr [&hellip;]<\/p>","protected":false},"author":1,"featured_media":45482,"parent":2512,"menu_order":125,"comment_status":"closed","ping_status":"open","template":"page-right-sidebar.php","meta":{"_acf_changed":false,"footnotes":""},"class_list":["post-2669","page","type-page","status-publish","has-post-thumbnail","hentry"],"acf":[],"_links":{"self":[{"href":"https:\/\/konferenztechnik.de\/fr\/wp-json\/wp\/v2\/pages\/2669","targetHints":{"allow":["GET"]}}],"collection":[{"href":"https:\/\/konferenztechnik.de\/fr\/wp-json\/wp\/v2\/pages"}],"about":[{"href":"https:\/\/konferenztechnik.de\/fr\/wp-json\/wp\/v2\/types\/page"}],"author":[{"embeddable":true,"href":"https:\/\/konferenztechnik.de\/fr\/wp-json\/wp\/v2\/users\/1"}],"replies":[{"embeddable":true,"href":"https:\/\/konferenztechnik.de\/fr\/wp-json\/wp\/v2\/comments?post=2669"}],"version-history":[{"count":0,"href":"https:\/\/konferenztechnik.de\/fr\/wp-json\/wp\/v2\/pages\/2669\/revisions"}],"up":[{"embeddable":true,"href":"https:\/\/konferenztechnik.de\/fr\/wp-json\/wp\/v2\/pages\/2512"}],"wp:featuredmedia":[{"embeddable":true,"href":"https:\/\/konferenztechnik.de\/fr\/wp-json\/wp\/v2\/media\/45482"}],"wp:attachment":[{"href":"https:\/\/konferenztechnik.de\/fr\/wp-json\/wp\/v2\/media?parent=2669"}],"curies":[{"name":"wp","href":"https:\/\/api.w.org\/{rel}","templated":true}]}}