{"id":278,"date":"2013-07-04T10:57:51","date_gmt":"2013-07-04T08:57:51","guid":{"rendered":"https:\/\/pcs-miete.de\/?page_id=278"},"modified":"2025-10-10T15:29:11","modified_gmt":"2025-10-10T13:29:11","slug":"actualites","status":"publish","type":"page","link":"https:\/\/konferenztechnik.de\/fr\/actualites\/","title":{"rendered":"Actualit\u00e9s"},"content":{"rendered":"<div data-elementor-type=\"wp-page\" data-elementor-id=\"278\" class=\"elementor elementor-278\" data-elementor-post-type=\"page\">\n\t\t\t\t<div data-particle_enable=\"false\" data-particle-mobile-disabled=\"false\" class=\"elementor-element elementor-element-a998c54 e-flex e-con-boxed e-con e-parent\" data-id=\"a998c54\" data-element_type=\"container\" data-settings=\"{&quot;background_background&quot;:&quot;classic&quot;}\">\n\t\t\t\t\t<div class=\"e-con-inner\">\n\t\t\t\t<div class=\"elementor-element elementor-element-451a18e elementor-widget elementor-widget-heading\" data-id=\"451a18e\" data-element_type=\"widget\" data-widget_type=\"heading.default\">\n\t\t\t\t<div class=\"elementor-widget-container\">\n\t\t\t\t\t<h1 class=\"elementor-heading-title elementor-size-default\">Actualit\u00e9s<\/h1>\t\t\t\t<\/div>\n\t\t\t\t<\/div>\n\t\t\t\t<div class=\"elementor-element elementor-element-eaf1256 elementor-grid-4 elementor-grid-tablet-2 elementor-grid-mobile-1 elementor-posts--thumbnail-top load-more-align-center elementor-widget elementor-widget-posts\" data-id=\"eaf1256\" data-element_type=\"widget\" data-settings=\"{&quot;pagination_type&quot;:&quot;load_more_on_click&quot;,&quot;classic_masonry&quot;:&quot;yes&quot;,&quot;classic_columns&quot;:&quot;4&quot;,&quot;classic_columns_tablet&quot;:&quot;2&quot;,&quot;classic_columns_mobile&quot;:&quot;1&quot;,&quot;classic_row_gap&quot;:{&quot;unit&quot;:&quot;px&quot;,&quot;size&quot;:35,&quot;sizes&quot;:[]},&quot;classic_row_gap_widescreen&quot;:{&quot;unit&quot;:&quot;px&quot;,&quot;size&quot;:&quot;&quot;,&quot;sizes&quot;:[]},&quot;classic_row_gap_laptop&quot;:{&quot;unit&quot;:&quot;px&quot;,&quot;size&quot;:&quot;&quot;,&quot;sizes&quot;:[]},&quot;classic_row_gap_tablet_extra&quot;:{&quot;unit&quot;:&quot;px&quot;,&quot;size&quot;:&quot;&quot;,&quot;sizes&quot;:[]},&quot;classic_row_gap_tablet&quot;:{&quot;unit&quot;:&quot;px&quot;,&quot;size&quot;:&quot;&quot;,&quot;sizes&quot;:[]},&quot;classic_row_gap_mobile&quot;:{&quot;unit&quot;:&quot;px&quot;,&quot;size&quot;:&quot;&quot;,&quot;sizes&quot;:[]},&quot;load_more_spinner&quot;:{&quot;value&quot;:&quot;fas fa-spinner&quot;,&quot;library&quot;:&quot;fa-solid&quot;}}\" data-widget_type=\"posts.classic\">\n\t\t\t\t<div class=\"elementor-widget-container\">\n\t\t\t\t\t\t\t<div class=\"elementor-posts-container elementor-posts elementor-posts--skin-classic elementor-grid\" role=\"list\">\n\t\t\t\t<article class=\"elementor-post elementor-grid-item post-49589 post type-post status-publish format-standard has-post-thumbnail hentry category-news\" role=\"listitem\">\n\t\t\t\t<a class=\"elementor-post__thumbnail__link\" href=\"https:\/\/konferenztechnik.de\/fr\/ise-2026-rapport-de-foire-technique-de-conference-et-devenement\/\" tabindex=\"-1\">\n\t\t\t<div class=\"elementor-post__thumbnail\"><img fetchpriority=\"high\" decoding=\"async\" width=\"480\" height=\"318\" src=\"https:\/\/konferenztechnik.de\/wp-content\/uploads\/2026\/02\/ise-2026-messebericht.avif\" class=\"attachment-full size-full wp-image-49595\" alt=\"\" title=\"\" srcset=\"https:\/\/konferenztechnik.de\/wp-content\/uploads\/2026\/02\/ise-2026-messebericht.avif 480w, https:\/\/konferenztechnik.de\/wp-content\/uploads\/2026\/02\/ise-2026-messebericht-300x199.avif 300w, https:\/\/konferenztechnik.de\/wp-content\/uploads\/2026\/02\/ise-2026-messebericht-18x12.avif 18w\" sizes=\"(max-width: 480px) 100vw, 480px\" \/><\/div>\n\t\t<\/a>\n\t\t\t\t<div class=\"elementor-post__text\">\n\t\t\t\t<h2 class=\"elementor-post__title\">\n\t\t\t<a href=\"https:\/\/konferenztechnik.de\/fr\/ise-2026-rapport-de-foire-technique-de-conference-et-devenement\/\">\n\t\t\t\tISE 2026 Rapport de foire \u2013 technique de conf\u00e9rence et d'\u00e9v\u00e9nement\t\t\t<\/a>\n\t\t<\/h2>\n\t\t\t\t<div class=\"elementor-post__meta-data\">\n\t\t\t\t\t<span class=\"elementor-post-date\">\n\t\t\t3 f\u00e9vrier 2026\t\t<\/span>\n\t\t\t\t<\/div>\n\t\t\t\t<div class=\"elementor-post__excerpt\">\n\t\t\t<p>Aujourd'hui, 3 f\u00e9vrier, la plus grande \u00e9dition de l'ISE \u2013 en termes de surface d'exposition, de nombre d'exposants et de nombre de visiteurs attendus \u2013 a ouvert ses portes. Nos coll\u00e8gues sur place\t\t<\/div>\n\t\t\n\t\t<a class=\"elementor-post__read-more\" href=\"https:\/\/konferenztechnik.de\/fr\/ise-2026-rapport-de-foire-technique-de-conference-et-devenement\/\" aria-label=\"En savoir plus sur ISE 2026 Messebericht \u2013 Konferenz- und Eventtechnik\" tabindex=\"-1\">\n\t\t\tLire la suite \u00bb\t\t<\/a>\n\n\t\t\t\t<\/div>\n\t\t\t\t<\/article>\n\t\t\t\t<article class=\"elementor-post elementor-grid-item post-49098 post type-post status-publish format-standard has-post-thumbnail hentry category-news\" role=\"listitem\">\n\t\t\t\t<a class=\"elementor-post__thumbnail__link\" href=\"https:\/\/konferenztechnik.de\/fr\/pcs-est-membre-de-la-conference-rental-alliance-quest-ce-que-cela-signifie-pour-vos-evenements\/\" tabindex=\"-1\">\n\t\t\t<div class=\"elementor-post__thumbnail\"><img decoding=\"async\" width=\"480\" height=\"318\" src=\"https:\/\/konferenztechnik.de\/wp-content\/uploads\/2026\/01\/Conference-Rental-Alliance-CRA.avif\" class=\"attachment-full size-full wp-image-49112\" alt=\"\" title=\"\" srcset=\"https:\/\/konferenztechnik.de\/wp-content\/uploads\/2026\/01\/Conference-Rental-Alliance-CRA.avif 480w, https:\/\/konferenztechnik.de\/wp-content\/uploads\/2026\/01\/Conference-Rental-Alliance-CRA-300x199.avif 300w, https:\/\/konferenztechnik.de\/wp-content\/uploads\/2026\/01\/Conference-Rental-Alliance-CRA-18x12.avif 18w\" sizes=\"(max-width: 480px) 100vw, 480px\" \/><\/div>\n\t\t<\/a>\n\t\t\t\t<div class=\"elementor-post__text\">\n\t\t\t\t<h2 class=\"elementor-post__title\">\n\t\t\t<a href=\"https:\/\/konferenztechnik.de\/fr\/pcs-est-membre-de-la-conference-rental-alliance-quest-ce-que-cela-signifie-pour-vos-evenements\/\">\n\t\t\t\tPCS est membre de la Conference Rental Alliance \u2013. Qu'est-ce que cela signifie pour vos \u00e9v\u00e9nements ?\t\t\t<\/a>\n\t\t<\/h2>\n\t\t\t\t<div class=\"elementor-post__meta-data\">\n\t\t\t\t\t<span class=\"elementor-post-date\">\n\t\t\t20 janvier 2026\t\t<\/span>\n\t\t\t\t<\/div>\n\t\t\t\t<div class=\"elementor-post__excerpt\">\n\t\t\t<p>PCS est membre de la Conference Rental Alliance \u2013 qu'est-ce que cela signifie pour vos \u00e9v\u00e9nements Les conf\u00e9rences, r\u00e9unions et congr\u00e8s deviennent de plus en plus complexes : plus de langues, hybrides<\/p>\n\t\t<\/div>\n\t\t\n\t\t<a class=\"elementor-post__read-more\" href=\"https:\/\/konferenztechnik.de\/fr\/pcs-est-membre-de-la-conference-rental-alliance-quest-ce-que-cela-signifie-pour-vos-evenements\/\" aria-label=\"En savoir plus sur PCS ist Mitglied der Conference Rental Alliance \u2013 was bedeutet das f\u00fcr Ihre Events\" tabindex=\"-1\">\n\t\t\tLire la suite \u00bb\t\t<\/a>\n\n\t\t\t\t<\/div>\n\t\t\t\t<\/article>\n\t\t\t\t<article class=\"elementor-post elementor-grid-item post-49192 post type-post status-publish format-standard has-post-thumbnail hentry category-news\" role=\"listitem\">\n\t\t\t\t<a class=\"elementor-post__thumbnail__link\" href=\"https:\/\/konferenztechnik.de\/fr\/des-points-forts-concrets-du-ces2026-en-rapport-avec-levenement-et-la-conference\/\" tabindex=\"-1\">\n\t\t\t<div class=\"elementor-post__thumbnail\"><img decoding=\"async\" width=\"480\" height=\"318\" src=\"https:\/\/konferenztechnik.de\/wp-content\/uploads\/2026\/01\/CES-2026-Konferenztechnik-Highlights.avif\" class=\"attachment-full size-full wp-image-49198\" alt=\"\" title=\"\" srcset=\"https:\/\/konferenztechnik.de\/wp-content\/uploads\/2026\/01\/CES-2026-Konferenztechnik-Highlights.avif 480w, https:\/\/konferenztechnik.de\/wp-content\/uploads\/2026\/01\/CES-2026-Konferenztechnik-Highlights-300x199.avif 300w, https:\/\/konferenztechnik.de\/wp-content\/uploads\/2026\/01\/CES-2026-Konferenztechnik-Highlights-18x12.avif 18w\" sizes=\"(max-width: 480px) 100vw, 480px\" \/><\/div>\n\t\t<\/a>\n\t\t\t\t<div class=\"elementor-post__text\">\n\t\t\t\t<h2 class=\"elementor-post__title\">\n\t\t\t<a href=\"https:\/\/konferenztechnik.de\/fr\/des-points-forts-concrets-du-ces2026-en-rapport-avec-levenement-et-la-conference\/\">\n\t\t\t\tPoints forts concrets du CES-2026 en rapport avec les \u00e9v\u00e9nements et les conf\u00e9rences\t\t\t<\/a>\n\t\t<\/h2>\n\t\t\t\t<div class=\"elementor-post__meta-data\">\n\t\t\t\t\t<span class=\"elementor-post-date\">\n\t\t\t8 janvier 2026\t\t<\/span>\n\t\t\t\t<\/div>\n\t\t\t\t<div class=\"elementor-post__excerpt\">\n\t\t\t<p>Le CES (Consumer Electronics Show) est l'un des salons technologiques les plus importants au monde et se tient chaque ann\u00e9e en janvier \u00e0 Las Vegas. Les fabricants, les prestataires de services et\t\t<\/div>\n\t\t\n\t\t<a class=\"elementor-post__read-more\" href=\"https:\/\/konferenztechnik.de\/fr\/des-points-forts-concrets-du-ces2026-en-rapport-avec-levenement-et-la-conference\/\" aria-label=\"En savoir plus sur Konkrete CES\u20112026\u2011Highlights mit Event\u2011 und Konferenzbezug\" tabindex=\"-1\">\n\t\t\tLire la suite \u00bb\t\t<\/a>\n\n\t\t\t\t<\/div>\n\t\t\t\t<\/article>\n\t\t\t\t<article class=\"elementor-post elementor-grid-item post-48712 post type-post status-publish format-standard has-post-thumbnail hentry category-news\" role=\"listitem\">\n\t\t\t\t<a class=\"elementor-post__thumbnail__link\" href=\"https:\/\/konferenztechnik.de\/fr\/confirmation-durable-de-la-qualite-pcs-a-nouveau-certifie-comme-high-performer\/\" tabindex=\"-1\">\n\t\t\t<div class=\"elementor-post__thumbnail\"><img loading=\"lazy\" decoding=\"async\" width=\"960\" height=\"636\" src=\"https:\/\/konferenztechnik.de\/wp-content\/uploads\/2025\/11\/sustainable-partner-berlin-pcs-gmbh-2025.avif\" class=\"attachment-full size-full wp-image-48713\" alt=\"Sustainable Berlin Partner - PCS GmbH\" title=\"\" srcset=\"https:\/\/konferenztechnik.de\/wp-content\/uploads\/2025\/11\/sustainable-partner-berlin-pcs-gmbh-2025.avif 960w, https:\/\/konferenztechnik.de\/wp-content\/uploads\/2025\/11\/sustainable-partner-berlin-pcs-gmbh-2025-300x199.avif 300w, https:\/\/konferenztechnik.de\/wp-content\/uploads\/2025\/11\/sustainable-partner-berlin-pcs-gmbh-2025-768x509.avif 768w, https:\/\/konferenztechnik.de\/wp-content\/uploads\/2025\/11\/sustainable-partner-berlin-pcs-gmbh-2025-18x12.avif 18w\" sizes=\"(max-width: 960px) 100vw, 960px\" \/><\/div>\n\t\t<\/a>\n\t\t\t\t<div class=\"elementor-post__text\">\n\t\t\t\t<h2 class=\"elementor-post__title\">\n\t\t\t<a href=\"https:\/\/konferenztechnik.de\/fr\/confirmation-durable-de-la-qualite-pcs-a-nouveau-certifie-comme-high-performer\/\">\n\t\t\t\tConfirmation durable de la qualit\u00e9 : PCS \u00e0 nouveau certifi\u00e9 comme High Performer\t\t\t<\/a>\n\t\t<\/h2>\n\t\t\t\t<div class=\"elementor-post__meta-data\">\n\t\t\t\t\t<span class=\"elementor-post-date\">\n\t\t\t4 novembre 2025\t\t<\/span>\n\t\t\t\t<\/div>\n\t\t\t\t<div class=\"elementor-post__excerpt\">\n\t\t\t<p>Nous sommes heureux : PCS a termin\u00e9 avec succ\u00e8s la recertification dans le programme \u201eSustainable Meetings Berlin\u201e\" et a de nouveau obtenu la classification \"High Performer\u201d\".<\/p>\t\t<\/div>\n\t\t\n\t\t<a class=\"elementor-post__read-more\" href=\"https:\/\/konferenztechnik.de\/fr\/confirmation-durable-de-la-qualite-pcs-a-nouveau-certifie-comme-high-performer\/\" aria-label=\"En savoir plus sur Nachhaltig best\u00e4tigt: PCS erneut als High Performer zertifiziert\" tabindex=\"-1\">\n\t\t\tLire la suite \u00bb\t\t<\/a>\n\n\t\t\t\t<\/div>\n\t\t\t\t<\/article>\n\t\t\t\t<article class=\"elementor-post elementor-grid-item post-48499 post type-post status-publish format-standard has-post-thumbnail hentry category-news category-allgemein\" role=\"listitem\">\n\t\t\t\t<a class=\"elementor-post__thumbnail__link\" href=\"https:\/\/konferenztechnik.de\/fr\/pcs-fete-30-ans-de-developpement-reussi\/\" tabindex=\"-1\">\n\t\t\t<div class=\"elementor-post__thumbnail\"><img loading=\"lazy\" decoding=\"async\" width=\"480\" height=\"318\" src=\"https:\/\/konferenztechnik.de\/wp-content\/uploads\/2025\/09\/30-jahre-pcs-beitragsbild.avif\" class=\"attachment-full size-full wp-image-48474\" alt=\"banni\u00e8re des 30 ans de PCs\" title=\"\" srcset=\"https:\/\/konferenztechnik.de\/wp-content\/uploads\/2025\/09\/30-jahre-pcs-beitragsbild.avif 480w, https:\/\/konferenztechnik.de\/wp-content\/uploads\/2025\/09\/30-jahre-pcs-beitragsbild-300x199.avif 300w, https:\/\/konferenztechnik.de\/wp-content\/uploads\/2025\/09\/30-jahre-pcs-beitragsbild-18x12.avif 18w\" sizes=\"(max-width: 480px) 100vw, 480px\" \/><\/div>\n\t\t<\/a>\n\t\t\t\t<div class=\"elementor-post__text\">\n\t\t\t\t<h2 class=\"elementor-post__title\">\n\t\t\t<a href=\"https:\/\/konferenztechnik.de\/fr\/pcs-fete-30-ans-de-developpement-reussi\/\">\n\t\t\t\tPCS f\u00eate 30 ans de d\u00e9veloppement r\u00e9ussi\t\t\t<\/a>\n\t\t<\/h2>\n\t\t\t\t<div class=\"elementor-post__meta-data\">\n\t\t\t\t\t<span class=\"elementor-post-date\">\n\t\t\t28 septembre 2025\t\t<\/span>\n\t\t\t\t<\/div>\n\t\t\t\t<div class=\"elementor-post__excerpt\">\n\t\t\t<p>Nous f\u00eatons les 30 ans de PCS ! Depuis sa cr\u00e9ation en 1995, PCS Professional Conference Systems GmbH est pass\u00e9 du statut de fournisseur de mat\u00e9riel d'interpr\u00e9tation \u00e0 celui de fournisseur de services de conf\u00e9rence.\t\t<\/div>\n\t\t\n\t\t<a class=\"elementor-post__read-more\" href=\"https:\/\/konferenztechnik.de\/fr\/pcs-fete-30-ans-de-developpement-reussi\/\" aria-label=\"En savoir plus sur PCS feiert 30 Jahre erfolgreiche Entwicklung\" tabindex=\"-1\">\n\t\t\tLire la suite \u00bb\t\t<\/a>\n\n\t\t\t\t<\/div>\n\t\t\t\t<\/article>\n\t\t\t\t<article class=\"elementor-post elementor-grid-item post-48114 post type-post status-publish format-standard has-post-thumbnail hentry category-news\" role=\"listitem\">\n\t\t\t\t<a class=\"elementor-post__thumbnail__link\" href=\"https:\/\/konferenztechnik.de\/fr\/fusion-des-pcs-gmbhs\/\" tabindex=\"-1\">\n\t\t\t<div class=\"elementor-post__thumbnail\"><img loading=\"lazy\" decoding=\"async\" width=\"480\" height=\"318\" src=\"https:\/\/konferenztechnik.de\/wp-content\/uploads\/2025\/06\/pcs-verschmelzung-1.avif\" class=\"attachment-full size-full wp-image-48120\" alt=\"Fusion des soci\u00e9t\u00e9s PCS GmbH\" title=\"\" srcset=\"https:\/\/konferenztechnik.de\/wp-content\/uploads\/2025\/06\/pcs-verschmelzung-1.avif 480w, https:\/\/konferenztechnik.de\/wp-content\/uploads\/2025\/06\/pcs-verschmelzung-1-300x199.avif 300w, https:\/\/konferenztechnik.de\/wp-content\/uploads\/2025\/06\/pcs-verschmelzung-1-18x12.avif 18w\" sizes=\"(max-width: 480px) 100vw, 480px\" \/><\/div>\n\t\t<\/a>\n\t\t\t\t<div class=\"elementor-post__text\">\n\t\t\t\t<h2 class=\"elementor-post__title\">\n\t\t\t<a href=\"https:\/\/konferenztechnik.de\/fr\/fusion-des-pcs-gmbhs\/\">\n\t\t\t\tFusion des soci\u00e9t\u00e9s PCS GmbH\t\t\t<\/a>\n\t\t<\/h2>\n\t\t\t\t<div class=\"elementor-post__meta-data\">\n\t\t\t\t\t<span class=\"elementor-post-date\">\n\t\t\t25 juin 2025\t\t<\/span>\n\t\t\t\t<\/div>\n\t\t\t\t<div class=\"elementor-post__excerpt\">\n\t\t\t<p>Nous avons le plaisir de vous annoncer que la soci\u00e9t\u00e9 PCS Vertriebs- und Service GmbH a fusionn\u00e9 avec la soci\u00e9t\u00e9 PCS Professional Conference Systems GmbH le 30 mai 2025.\t\t<\/div>\n\t\t\n\t\t<a class=\"elementor-post__read-more\" href=\"https:\/\/konferenztechnik.de\/fr\/fusion-des-pcs-gmbhs\/\" aria-label=\"En savoir plus sur Fusion des PCS GmbHs\" tabindex=\"-1\">\n\t\t\tLire la suite \u00bb\t\t<\/a>\n\n\t\t\t\t<\/div>\n\t\t\t\t<\/article>\n\t\t\t\t<article class=\"elementor-post elementor-grid-item post-47767 post type-post status-publish format-standard has-post-thumbnail hentry category-news\" role=\"listitem\">\n\t\t\t\t<a class=\"elementor-post__thumbnail__link\" href=\"https:\/\/konferenztechnik.de\/fr\/desormais-linterpretation-avec-intelligence-artificielle\/\" tabindex=\"-1\">\n\t\t\t<div class=\"elementor-post__thumbnail\"><img loading=\"lazy\" decoding=\"async\" width=\"480\" height=\"318\" src=\"https:\/\/konferenztechnik.de\/wp-content\/uploads\/2025\/03\/ai-ki-dolmetscher-ki-dolmetschloesungen-png.avif\" class=\"attachment-full size-full wp-image-47779\" alt=\"\" title=\"\" srcset=\"https:\/\/konferenztechnik.de\/wp-content\/uploads\/2025\/03\/ai-ki-dolmetscher-ki-dolmetschloesungen-png.avif 480w, https:\/\/konferenztechnik.de\/wp-content\/uploads\/2025\/03\/ai-ki-dolmetscher-ki-dolmetschloesungen-300x199.avif 300w, https:\/\/konferenztechnik.de\/wp-content\/uploads\/2025\/03\/ai-ki-dolmetscher-ki-dolmetschloesungen-18x12.avif 18w\" sizes=\"(max-width: 480px) 100vw, 480px\" \/><\/div>\n\t\t<\/a>\n\t\t\t\t<div class=\"elementor-post__text\">\n\t\t\t\t<h2 class=\"elementor-post__title\">\n\t\t\t<a href=\"https:\/\/konferenztechnik.de\/fr\/desormais-linterpretation-avec-intelligence-artificielle\/\">\n\t\t\t\tNouveaut\u00e9 : l'interpr\u00e9tation avec l'intelligence artificielle\t\t\t<\/a>\n\t\t<\/h2>\n\t\t\t\t<div class=\"elementor-post__meta-data\">\n\t\t\t\t\t<span class=\"elementor-post-date\">\n\t\t\t26 mars 2025\t\t<\/span>\n\t\t\t\t<\/div>\n\t\t\t\t<div class=\"elementor-post__excerpt\">\n\t\t\t<p>D\u00e8s \u00e0 pr\u00e9sent, nous proposons \u00e9galement tous les services d'interpr\u00e9tation avec l'intelligence artificielle. Nous proposons des interpr\u00e8tes IA pour plus de 63 langues. Traduction en direct de la parole et\t\t<\/div>\n\t\t\n\t\t<a class=\"elementor-post__read-more\" href=\"https:\/\/konferenztechnik.de\/fr\/desormais-linterpretation-avec-intelligence-artificielle\/\" aria-label=\"En savoir plus sur Nouveaut\u00e9 : l&#039;interpr\u00e9tation par l&#039;intelligence artificielle\" tabindex=\"-1\">\n\t\t\tLire la suite \u00bb\t\t<\/a>\n\n\t\t\t\t<\/div>\n\t\t\t\t<\/article>\n\t\t\t\t<article class=\"elementor-post elementor-grid-item post-47269 post type-post status-publish format-standard has-post-thumbnail hentry category-allgemein category-news\" role=\"listitem\">\n\t\t\t\t<a class=\"elementor-post__thumbnail__link\" href=\"https:\/\/konferenztechnik.de\/fr\/integrated-systems-europe-2025-retrospective-2\/\" tabindex=\"-1\">\n\t\t\t<div class=\"elementor-post__thumbnail\"><img loading=\"lazy\" decoding=\"async\" width=\"2560\" height=\"1695\" src=\"https:\/\/konferenztechnik.de\/wp-content\/uploads\/2025\/02\/ISE-Highlights-scaled.avif\" class=\"attachment-full size-full wp-image-47348\" alt=\"Points forts de l&#039;ISE\" title=\"\" srcset=\"https:\/\/konferenztechnik.de\/wp-content\/uploads\/2025\/02\/ISE-Highlights-scaled.avif 2560w, https:\/\/konferenztechnik.de\/wp-content\/uploads\/2025\/02\/ISE-Highlights-300x199.avif 300w, https:\/\/konferenztechnik.de\/wp-content\/uploads\/2025\/02\/ISE-Highlights-1024x678.avif 1024w, https:\/\/konferenztechnik.de\/wp-content\/uploads\/2025\/02\/ISE-Highlights-768x509.avif 768w, https:\/\/konferenztechnik.de\/wp-content\/uploads\/2025\/02\/ISE-Highlights-1536x1017.avif 1536w, https:\/\/konferenztechnik.de\/wp-content\/uploads\/2025\/02\/ISE-Highlights-2048x1356.avif 2048w, https:\/\/konferenztechnik.de\/wp-content\/uploads\/2025\/02\/ISE-Highlights-18x12.avif 18w\" sizes=\"(max-width: 2560px) 100vw, 2560px\" \/><\/div>\n\t\t<\/a>\n\t\t\t\t<div class=\"elementor-post__text\">\n\t\t\t\t<h2 class=\"elementor-post__title\">\n\t\t\t<a href=\"https:\/\/konferenztechnik.de\/fr\/integrated-systems-europe-2025-retrospective-2\/\">\n\t\t\t\tR\u00e9trospective Integrated Systems Europe 2025\t\t\t<\/a>\n\t\t<\/h2>\n\t\t\t\t<div class=\"elementor-post__meta-data\">\n\t\t\t\t\t<span class=\"elementor-post-date\">\n\t\t\t20 f\u00e9vrier 2025\t\t<\/span>\n\t\t\t\t<\/div>\n\t\t\t\t<div class=\"elementor-post__excerpt\">\n\t\t\t<p>En tant que visiteur de longue date de l'ISE, je me r\u00e9jouis chaque ann\u00e9e de pouvoir \u00e9changer des informations pr\u00e9cieuses avec des experts*, des partenaires et des fabricants. Bien s\u00fbr, il y a aussi\t\t<\/div>\n\t\t\n\t\t<a class=\"elementor-post__read-more\" href=\"https:\/\/konferenztechnik.de\/fr\/integrated-systems-europe-2025-retrospective-2\/\" aria-label=\"En savoir plus sur Integrated Systems Europe 2025 R\u00e9trospective\" tabindex=\"-1\">\n\t\t\tLire la suite \u00bb\t\t<\/a>\n\n\t\t\t\t<\/div>\n\t\t\t\t<\/article>\n\t\t\t\t<article class=\"elementor-post elementor-grid-item post-47246 post type-post status-publish format-standard has-post-thumbnail hentry category-news\" role=\"listitem\">\n\t\t\t\t<a class=\"elementor-post__thumbnail__link\" href=\"https:\/\/konferenztechnik.de\/fr\/100-ans-de-shure-felicitations\/\" tabindex=\"-1\">\n\t\t\t<div class=\"elementor-post__thumbnail\"><img loading=\"lazy\" decoding=\"async\" width=\"1200\" height=\"795\" src=\"https:\/\/konferenztechnik.de\/wp-content\/uploads\/2025\/02\/happy-birthday-shure.avif\" class=\"attachment-full size-full wp-image-47254\" alt=\"\" title=\"\" srcset=\"https:\/\/konferenztechnik.de\/wp-content\/uploads\/2025\/02\/happy-birthday-shure.avif 1200w, https:\/\/konferenztechnik.de\/wp-content\/uploads\/2025\/02\/happy-birthday-shure-300x199.avif 300w, https:\/\/konferenztechnik.de\/wp-content\/uploads\/2025\/02\/happy-birthday-shure-1024x678.avif 1024w, https:\/\/konferenztechnik.de\/wp-content\/uploads\/2025\/02\/happy-birthday-shure-768x509.avif 768w, https:\/\/konferenztechnik.de\/wp-content\/uploads\/2025\/02\/happy-birthday-shure-18x12.avif 18w\" sizes=\"(max-width: 1200px) 100vw, 1200px\" \/><\/div>\n\t\t<\/a>\n\t\t\t\t<div class=\"elementor-post__text\">\n\t\t\t\t<h2 class=\"elementor-post__title\">\n\t\t\t<a href=\"https:\/\/konferenztechnik.de\/fr\/100-ans-de-shure-felicitations\/\">\n\t\t\t\t100 ans de Shure : Joyeux anniversaire !\t\t\t<\/a>\n\t\t<\/h2>\n\t\t\t\t<div class=\"elementor-post__meta-data\">\n\t\t\t\t\t<span class=\"elementor-post-date\">\n\t\t\t6 f\u00e9vrier 2025\t\t<\/span>\n\t\t\t\t<\/div>\n\t\t\t\t<div class=\"elementor-post__excerpt\">\n\t\t\t<p>Joyeux anniversaire, Shure, pour ses 100 ans ! Chez PCS, nous vous f\u00e9licitons de tout c\u0153ur pour cette \u00e9tape impressionnante. En tant que distributeur et partenaire de longue date, notamment pour<\/p>\n\t\t<\/div>\n\t\t\n\t\t<a class=\"elementor-post__read-more\" href=\"https:\/\/konferenztechnik.de\/fr\/100-ans-de-shure-felicitations\/\" aria-label=\"En savoir plus sur 100 ans Shure : F\u00e9licitations !\" tabindex=\"-1\">\n\t\t\tLire la suite \u00bb\t\t<\/a>\n\n\t\t\t\t<\/div>\n\t\t\t\t<\/article>\n\t\t\t\t<article class=\"elementor-post elementor-grid-item post-47215 post type-post status-publish format-standard has-post-thumbnail hentry category-allgemein category-news\" role=\"listitem\">\n\t\t\t\t<a class=\"elementor-post__thumbnail__link\" href=\"https:\/\/konferenztechnik.de\/fr\/nous-presentons-vissonic\/\" tabindex=\"-1\">\n\t\t\t<div class=\"elementor-post__thumbnail\"><img loading=\"lazy\" decoding=\"async\" width=\"480\" height=\"318\" src=\"https:\/\/konferenztechnik.de\/wp-content\/uploads\/2025\/02\/vissonic-konferenztechnik-1.avif\" class=\"attachment-full size-full wp-image-47223\" alt=\"\" title=\"\" srcset=\"https:\/\/konferenztechnik.de\/wp-content\/uploads\/2025\/02\/vissonic-konferenztechnik-1.avif 480w, https:\/\/konferenztechnik.de\/wp-content\/uploads\/2025\/02\/vissonic-konferenztechnik-1-300x199.avif 300w, https:\/\/konferenztechnik.de\/wp-content\/uploads\/2025\/02\/vissonic-konferenztechnik-1-18x12.avif 18w\" sizes=\"(max-width: 480px) 100vw, 480px\" \/><\/div>\n\t\t<\/a>\n\t\t\t\t<div class=\"elementor-post__text\">\n\t\t\t\t<h2 class=\"elementor-post__title\">\n\t\t\t<a href=\"https:\/\/konferenztechnik.de\/fr\/nous-presentons-vissonic\/\">\n\t\t\t\tNous faisons les pr\u00e9sentations : Vissonic\t\t\t<\/a>\n\t\t<\/h2>\n\t\t\t\t<div class=\"elementor-post__meta-data\">\n\t\t\t\t\t<span class=\"elementor-post-date\">\n\t\t\t6 f\u00e9vrier 2025\t\t<\/span>\n\t\t\t\t<\/div>\n\t\t\t\t<div class=\"elementor-post__excerpt\">\n\t\t\t<p>VISSONIC est un fabricant relativement nouveau dans le domaine de la technique de conf\u00e9rence, qui attire de plus en plus l'attention sur le march\u00e9. Bien que l'entreprise ne soit pas encore<\/p>\n\t\t<\/div>\n\t\t\n\t\t<a class=\"elementor-post__read-more\" href=\"https:\/\/konferenztechnik.de\/fr\/nous-presentons-vissonic\/\" aria-label=\"En savoir plus sur Nous vous pr\u00e9sentons : Vissonic\" tabindex=\"-1\">\n\t\t\tLire la suite \u00bb\t\t<\/a>\n\n\t\t\t\t<\/div>\n\t\t\t\t<\/article>\n\t\t\t\t<article class=\"elementor-post elementor-grid-item post-47231 post type-post status-publish format-standard has-post-thumbnail hentry category-news\" role=\"listitem\">\n\t\t\t\t<a class=\"elementor-post__thumbnail__link\" href=\"https:\/\/konferenztechnik.de\/fr\/formation-2025-nous-te-cherchons\/\" tabindex=\"-1\">\n\t\t\t<div class=\"elementor-post__thumbnail\"><img loading=\"lazy\" decoding=\"async\" width=\"1200\" height=\"795\" src=\"https:\/\/konferenztechnik.de\/wp-content\/uploads\/2025\/02\/ausbildung-2025-wir-suchen-dich-png.avif\" class=\"attachment-full size-full wp-image-47232\" alt=\"Texte dans l&#039;image : formation-2025-nous-cherchons-vous\" title=\"\" srcset=\"https:\/\/konferenztechnik.de\/wp-content\/uploads\/2025\/02\/ausbildung-2025-wir-suchen-dich-png.avif 1200w, https:\/\/konferenztechnik.de\/wp-content\/uploads\/2025\/02\/ausbildung-2025-wir-suchen-dich-300x199.avif 300w, https:\/\/konferenztechnik.de\/wp-content\/uploads\/2025\/02\/ausbildung-2025-wir-suchen-dich-1024x678.avif 1024w, https:\/\/konferenztechnik.de\/wp-content\/uploads\/2025\/02\/ausbildung-2025-wir-suchen-dich-768x509.avif 768w, https:\/\/konferenztechnik.de\/wp-content\/uploads\/2025\/02\/ausbildung-2025-wir-suchen-dich-18x12.avif 18w\" sizes=\"(max-width: 1200px) 100vw, 1200px\" \/><\/div>\n\t\t<\/a>\n\t\t\t\t<div class=\"elementor-post__text\">\n\t\t\t\t<h2 class=\"elementor-post__title\">\n\t\t\t<a href=\"https:\/\/konferenztechnik.de\/fr\/formation-2025-nous-te-cherchons\/\">\n\t\t\t\tFormation 2025 \u2013 Nous cherchons : Toi !\t\t\t<\/a>\n\t\t<\/h2>\n\t\t\t\t<div class=\"elementor-post__meta-data\">\n\t\t\t\t\t<span class=\"elementor-post-date\">\n\t\t\t6 f\u00e9vrier 2025\t\t<\/span>\n\t\t\t\t<\/div>\n\t\t\t\t<div class=\"elementor-post__excerpt\">\n\t\t\t<p>Tu es \u00e0 la recherche d'une place d'apprentissage ? Nous te cherchons ! Dans nos succursales de Berlin et de D\u00fcsseldorf, nous proposons des places d'apprentissage pour le m\u00e9tier de<\/p>\n\t\t<\/div>\n\t\t\n\t\t<a class=\"elementor-post__read-more\" href=\"https:\/\/konferenztechnik.de\/fr\/formation-2025-nous-te-cherchons\/\" aria-label=\"En savoir plus sur Formation 2025 \u2013 Nous recherchons : Toi !\" tabindex=\"-1\">\n\t\t\tLire la suite \u00bb\t\t<\/a>\n\n\t\t\t\t<\/div>\n\t\t\t\t<\/article>\n\t\t\t\t<article class=\"elementor-post elementor-grid-item post-46885 post type-post status-publish format-standard has-post-thumbnail hentry category-news\" role=\"listitem\">\n\t\t\t\t<a class=\"elementor-post__thumbnail__link\" href=\"https:\/\/konferenztechnik.de\/fr\/disponibilite-immediate-de-la-nouvelle-gamme-de-produits-av-elargie-du-groupe-global-mounts\/\" tabindex=\"-1\">\n\t\t\t<div class=\"elementor-post__thumbnail\"><img loading=\"lazy\" decoding=\"async\" width=\"480\" height=\"318\" src=\"https:\/\/konferenztechnik.de\/wp-content\/uploads\/2024\/10\/global-mounts-group-bei-pcs-1-png.webp\" class=\"attachment-full size-full wp-image-46899\" alt=\"\" title=\"\" srcset=\"https:\/\/konferenztechnik.de\/wp-content\/uploads\/2024\/10\/global-mounts-group-bei-pcs-1-png.webp 480w, https:\/\/konferenztechnik.de\/wp-content\/uploads\/2024\/10\/global-mounts-group-bei-pcs-1-300x199.webp 300w, https:\/\/konferenztechnik.de\/wp-content\/uploads\/2024\/10\/global-mounts-group-bei-pcs-1-18x12.webp 18w\" sizes=\"(max-width: 480px) 100vw, 480px\" \/><\/div>\n\t\t<\/a>\n\t\t\t\t<div class=\"elementor-post__text\">\n\t\t\t\t<h2 class=\"elementor-post__title\">\n\t\t\t<a href=\"https:\/\/konferenztechnik.de\/fr\/disponibilite-immediate-de-la-nouvelle-gamme-de-produits-av-elargie-du-groupe-global-mounts\/\">\n\t\t\t\tDisponible d\u00e8s maintenant : nouvelle gamme \u00e9largie de produits AV de Global Mounts Group\t\t\t<\/a>\n\t\t<\/h2>\n\t\t\t\t<div class=\"elementor-post__meta-data\">\n\t\t\t\t\t<span class=\"elementor-post-date\">\n\t\t\t15 octobre 2024\t\t<\/span>\n\t\t\t\t<\/div>\n\t\t\t\t<div class=\"elementor-post__excerpt\">\n\t\t\t<p>Nous \u00e9largissons notre portefeuille de produits dans les domaines des supports pour la technique des m\u00e9dias audiovisuels et de l'informatique et pouvons encore mieux r\u00e9pondre aux demandes de service et aux souhaits des clients.<\/p>\t\t<\/div>\n\t\t\n\t\t<a class=\"elementor-post__read-more\" href=\"https:\/\/konferenztechnik.de\/fr\/disponibilite-immediate-de-la-nouvelle-gamme-de-produits-av-elargie-du-groupe-global-mounts\/\" aria-label=\"En savoir plus sur Disponible d\u00e8s maintenant : nouvelle gamme \u00e9largie de produits AV de Global Mounts Group\" tabindex=\"-1\">\n\t\t\tLire la suite \u00bb\t\t<\/a>\n\n\t\t\t\t<\/div>\n\t\t\t\t<\/article>\n\t\t\t\t<article class=\"elementor-post elementor-grid-item post-46438 post type-post status-publish format-standard has-post-thumbnail hentry category-allgemein category-news\" role=\"listitem\">\n\t\t\t\t<a class=\"elementor-post__thumbnail__link\" href=\"https:\/\/konferenztechnik.de\/fr\/bienvenue-mateo\/\" tabindex=\"-1\">\n\t\t\t<div class=\"elementor-post__thumbnail\"><img loading=\"lazy\" decoding=\"async\" width=\"399\" height=\"264\" src=\"https:\/\/konferenztechnik.de\/wp-content\/uploads\/2024\/08\/Ausbildung2024-PCS.jpg\" class=\"attachment-full size-full wp-image-46452\" alt=\"\" title=\"\" srcset=\"https:\/\/konferenztechnik.de\/wp-content\/uploads\/2024\/08\/Ausbildung2024-PCS.jpg 399w, https:\/\/konferenztechnik.de\/wp-content\/uploads\/2024\/08\/Ausbildung2024-PCS-300x198.jpg 300w, https:\/\/konferenztechnik.de\/wp-content\/uploads\/2024\/08\/Ausbildung2024-PCS-18x12.jpg 18w\" sizes=\"(max-width: 399px) 100vw, 399px\" \/><\/div>\n\t\t<\/a>\n\t\t\t\t<div class=\"elementor-post__text\">\n\t\t\t\t<h2 class=\"elementor-post__title\">\n\t\t\t<a href=\"https:\/\/konferenztechnik.de\/fr\/bienvenue-mateo\/\">\n\t\t\t\tBienvenue, Mateo !\t\t\t<\/a>\n\t\t<\/h2>\n\t\t\t\t<div class=\"elementor-post__meta-data\">\n\t\t\t\t\t<span class=\"elementor-post-date\">\n\t\t\t15 ao\u00fbt 2024\t\t<\/span>\n\t\t\t\t<\/div>\n\t\t\t\t<div class=\"elementor-post__excerpt\">\n\t\t\t<p>Aujourd'hui, Mateo fait son premier jour d'apprentissage en tant que sp\u00e9cialiste en technique \u00e9v\u00e9nementielle dans notre filiale de Berlin. Nous sommes heureux de t'accueillir et\t\t<\/div>\n\t\t\n\t\t<a class=\"elementor-post__read-more\" href=\"https:\/\/konferenztechnik.de\/fr\/bienvenue-mateo\/\" aria-label=\"En savoir plus sur Bienvenue, Mateo !\" tabindex=\"-1\">\n\t\t\tLire la suite \u00bb\t\t<\/a>\n\n\t\t\t\t<\/div>\n\t\t\t\t<\/article>\n\t\t\t\t<article class=\"elementor-post elementor-grid-item post-43715 post type-post status-publish format-standard has-post-thumbnail hentry category-news\" role=\"listitem\">\n\t\t\t\t<a class=\"elementor-post__thumbnail__link\" href=\"https:\/\/konferenztechnik.de\/fr\/ise-2024-developpement-durable-video\/\" tabindex=\"-1\">\n\t\t\t<div class=\"elementor-post__thumbnail\"><img loading=\"lazy\" decoding=\"async\" width=\"399\" height=\"264\" src=\"https:\/\/konferenztechnik.de\/wp-content\/uploads\/2024\/02\/pcs-an-der-ise2024-jpg.webp\" class=\"attachment-full size-full wp-image-43939\" alt=\"Une photo de nous \u00e0 l&#039;ISE 2024\" title=\"\" srcset=\"https:\/\/konferenztechnik.de\/wp-content\/uploads\/2024\/02\/pcs-an-der-ise2024-jpg.webp 399w, https:\/\/konferenztechnik.de\/wp-content\/uploads\/2024\/02\/pcs-an-der-ise2024-300x198.webp 300w, https:\/\/konferenztechnik.de\/wp-content\/uploads\/2024\/02\/pcs-an-der-ise2024-18x12.webp 18w\" sizes=\"(max-width: 399px) 100vw, 399px\" \/><\/div>\n\t\t<\/a>\n\t\t\t\t<div class=\"elementor-post__text\">\n\t\t\t\t<h2 class=\"elementor-post__title\">\n\t\t\t<a href=\"https:\/\/konferenztechnik.de\/fr\/ise-2024-developpement-durable-video\/\">\n\t\t\t\tISE 2024 \u2013 partie1 : Durabilit\u00e9 et solutions vid\u00e9o\t\t\t<\/a>\n\t\t<\/h2>\n\t\t\t\t<div class=\"elementor-post__meta-data\">\n\t\t\t\t\t<span class=\"elementor-post-date\">\n\t\t\t3 f\u00e9vrier 2024\t\t<\/span>\n\t\t\t\t<\/div>\n\t\t\t\t<div class=\"elementor-post__excerpt\">\n\t\t\t<p>Lors de l'ISE 2024, il y aura beaucoup de nouveaux produits AV verts s\u00e9rieux, deux fournisseurs en particulier se distinguent : Sharp\/NEC et Sony. Chapeau bas. <\/p>\t\t<\/div>\n\t\t\n\t\t<a class=\"elementor-post__read-more\" href=\"https:\/\/konferenztechnik.de\/fr\/ise-2024-developpement-durable-video\/\" aria-label=\"En savoir plus sur ISE 2024 \u2013 Partie1 : Durabilit\u00e9 et solutions vid\u00e9o\" tabindex=\"-1\">\n\t\t\tLire la suite \u00bb\t\t<\/a>\n\n\t\t\t\t<\/div>\n\t\t\t\t<\/article>\n\t\t\t\t<article class=\"elementor-post elementor-grid-item post-43819 post type-post status-publish format-standard has-post-thumbnail hentry category-news\" role=\"listitem\">\n\t\t\t\t<a class=\"elementor-post__thumbnail__link\" href=\"https:\/\/konferenztechnik.de\/fr\/ise-2024-partie-2-audio-technique-de-conference\/\" tabindex=\"-1\">\n\t\t\t<div class=\"elementor-post__thumbnail\"><img loading=\"lazy\" decoding=\"async\" width=\"399\" height=\"264\" src=\"https:\/\/konferenztechnik.de\/wp-content\/uploads\/2024\/02\/ise-messebericht-jpg.webp\" class=\"attachment-full size-full wp-image-43932\" alt=\"Beaucoup, beaucoup de visiteurs au salon ISE 2024\" title=\"\" srcset=\"https:\/\/konferenztechnik.de\/wp-content\/uploads\/2024\/02\/ise-messebericht-jpg.webp 399w, https:\/\/konferenztechnik.de\/wp-content\/uploads\/2024\/02\/ise-messebericht-300x198.webp 300w, https:\/\/konferenztechnik.de\/wp-content\/uploads\/2024\/02\/ise-messebericht-18x12.webp 18w\" sizes=\"(max-width: 399px) 100vw, 399px\" \/><\/div>\n\t\t<\/a>\n\t\t\t\t<div class=\"elementor-post__text\">\n\t\t\t\t<h2 class=\"elementor-post__title\">\n\t\t\t<a href=\"https:\/\/konferenztechnik.de\/fr\/ise-2024-partie-2-audio-technique-de-conference\/\">\n\t\t\t\tISE 2024 \u2013 Partie 2 : Nouveaut\u00e9s en mati\u00e8re de technique audio et de conf\u00e9rence\t\t\t<\/a>\n\t\t<\/h2>\n\t\t\t\t<div class=\"elementor-post__meta-data\">\n\t\t\t\t\t<span class=\"elementor-post-date\">\n\t\t\t3 f\u00e9vrier 2024\t\t<\/span>\n\t\t\t\t<\/div>\n\t\t\t\t<div class=\"elementor-post__excerpt\">\n\t\t\t<p>Audipack, Bosch, Shure, Televic, Q-SYS, Fohhn, Zoom, Teams, Google Meets &amp; Co. Quoi de neuf dans notre c\u0153ur de m\u00e9tier ?<\/p>\t\t<\/div>\n\t\t\n\t\t<a class=\"elementor-post__read-more\" href=\"https:\/\/konferenztechnik.de\/fr\/ise-2024-partie-2-audio-technique-de-conference\/\" aria-label=\"En savoir plus sur ISE 2024 \u2013 Partie 2 : Nouveaut\u00e9s en mati\u00e8re d&#039;audio et de conf\u00e9rence\" tabindex=\"-1\">\n\t\t\tLire la suite \u00bb\t\t<\/a>\n\n\t\t\t\t<\/div>\n\t\t\t\t<\/article>\n\t\t\t\t<article class=\"elementor-post elementor-grid-item post-43613 post type-post status-publish format-standard has-post-thumbnail hentry category-news\" role=\"listitem\">\n\t\t\t\t<a class=\"elementor-post__thumbnail__link\" href=\"https:\/\/konferenztechnik.de\/fr\/re-audit-sustainable-meetings-berlin\/\" tabindex=\"-1\">\n\t\t\t<div class=\"elementor-post__thumbnail\"><img loading=\"lazy\" decoding=\"async\" width=\"399\" height=\"264\" src=\"https:\/\/konferenztechnik.de\/wp-content\/uploads\/2023\/10\/sustainable-meetings-berlin-jpg.webp\" class=\"attachment-full size-full wp-image-43615\" alt=\"\" title=\"\" srcset=\"https:\/\/konferenztechnik.de\/wp-content\/uploads\/2023\/10\/sustainable-meetings-berlin-jpg.webp 399w, https:\/\/konferenztechnik.de\/wp-content\/uploads\/2023\/10\/sustainable-meetings-berlin-300x198.webp 300w, https:\/\/konferenztechnik.de\/wp-content\/uploads\/2023\/10\/sustainable-meetings-berlin-18x12.webp 18w\" sizes=\"(max-width: 399px) 100vw, 399px\" \/><\/div>\n\t\t<\/a>\n\t\t\t\t<div class=\"elementor-post__text\">\n\t\t\t\t<h2 class=\"elementor-post__title\">\n\t\t\t<a href=\"https:\/\/konferenztechnik.de\/fr\/re-audit-sustainable-meetings-berlin\/\">\n\t\t\t\tRe-audit Sustainable Meetings Berlin\t\t\t<\/a>\n\t\t<\/h2>\n\t\t\t\t<div class=\"elementor-post__meta-data\">\n\t\t\t\t\t<span class=\"elementor-post-date\">\n\t\t\t20 d\u00e9cembre 2023\t\t<\/span>\n\t\t\t\t<\/div>\n\t\t\t\t<div class=\"elementor-post__excerpt\">\n\t\t\t<p>Pour nous, il ne fait aucun doute que nous devons nous d\u00e9velopper de mani\u00e8re diversifi\u00e9e et durable et que personne n'est plus apte \u00e0 prendre de l'avance que Berlin. Nous nous sommes\t\t<\/div>\n\t\t\n\t\t<a class=\"elementor-post__read-more\" href=\"https:\/\/konferenztechnik.de\/fr\/re-audit-sustainable-meetings-berlin\/\" aria-label=\"En savoir plus sur Re-Audit Sustainable Meetings Berlin\" tabindex=\"-1\">\n\t\t\tLire la suite \u00bb\t\t<\/a>\n\n\t\t\t\t<\/div>\n\t\t\t\t<\/article>\n\t\t\t\t<article class=\"elementor-post elementor-grid-item post-42019 post type-post status-publish format-standard has-post-thumbnail hentry category-news\" role=\"listitem\">\n\t\t\t\t<a class=\"elementor-post__thumbnail__link\" href=\"https:\/\/konferenztechnik.de\/fr\/bienvenue-dans-lequipe\/\" tabindex=\"-1\">\n\t\t\t<div class=\"elementor-post__thumbnail\"><img loading=\"lazy\" decoding=\"async\" width=\"399\" height=\"264\" src=\"https:\/\/konferenztechnik.de\/wp-content\/uploads\/2023\/04\/ausbildung-bei-pcs-2023-jpg.webp\" class=\"attachment-full size-full wp-image-42025\" alt=\"Formation chez pcs 2023\" title=\"\" srcset=\"https:\/\/konferenztechnik.de\/wp-content\/uploads\/2023\/04\/ausbildung-bei-pcs-2023-jpg.webp 399w, https:\/\/konferenztechnik.de\/wp-content\/uploads\/2023\/04\/ausbildung-bei-pcs-2023-300x198.webp 300w, https:\/\/konferenztechnik.de\/wp-content\/uploads\/2023\/04\/ausbildung-bei-pcs-2023-18x12.webp 18w\" sizes=\"(max-width: 399px) 100vw, 399px\" \/><\/div>\n\t\t<\/a>\n\t\t\t\t<div class=\"elementor-post__text\">\n\t\t\t\t<h2 class=\"elementor-post__title\">\n\t\t\t<a href=\"https:\/\/konferenztechnik.de\/fr\/bienvenue-dans-lequipe\/\">\n\t\t\t\tBienvenue dans l'\u00e9quipe !\t\t\t<\/a>\n\t\t<\/h2>\n\t\t\t\t<div class=\"elementor-post__meta-data\">\n\t\t\t\t\t<span class=\"elementor-post-date\">\n\t\t\t11 octobre 2023\t\t<\/span>\n\t\t\t\t<\/div>\n\t\t\t\t<div class=\"elementor-post__excerpt\">\n\t\t\t<p>Bienvenue \u00e0 L\u00e9onie, Felix, Jason et Maximilian ! Nous nous r\u00e9jouissons de passer du temps avec vous et vous souhaitons beaucoup de plaisir et de succ\u00e8s \u00e0\t\t<\/div>\n\t\t\n\t\t<a class=\"elementor-post__read-more\" href=\"https:\/\/konferenztechnik.de\/fr\/bienvenue-dans-lequipe\/\" aria-label=\"En savoir plus sur Bienvenue dans l&#039;\u00e9quipe !\" tabindex=\"-1\">\n\t\t\tLire la suite \u00bb\t\t<\/a>\n\n\t\t\t\t<\/div>\n\t\t\t\t<\/article>\n\t\t\t\t<article class=\"elementor-post elementor-grid-item post-25003 post type-post status-publish format-standard has-post-thumbnail hentry category-news\" role=\"listitem\">\n\t\t\t\t<a class=\"elementor-post__thumbnail__link\" href=\"https:\/\/konferenztechnik.de\/fr\/a-quoi-ressembleront-les-conferences-a-lavenir\/\" tabindex=\"-1\">\n\t\t\t<div class=\"elementor-post__thumbnail\"><img loading=\"lazy\" decoding=\"async\" width=\"399\" height=\"264\" src=\"https:\/\/konferenztechnik.de\/wp-content\/uploads\/2023\/04\/zukunft-konferenzen.jpg\" class=\"attachment-full size-full wp-image-25009\" alt=\"Image au bord d&#039;un ruisseau dans la for\u00eat, on voit des enfants et un \u00e9ducateur qui leur explique quelque chose, avec l&#039;inscription &quot;\u00c0 quoi ressembleront les conf\u00e9rences \u00e0 l&#039;avenir ? Nous avons des propositions!&quot;\" title=\"\" srcset=\"https:\/\/konferenztechnik.de\/wp-content\/uploads\/2023\/04\/zukunft-konferenzen.jpg 399w, https:\/\/konferenztechnik.de\/wp-content\/uploads\/2023\/04\/zukunft-konferenzen-300x198.jpg 300w, https:\/\/konferenztechnik.de\/wp-content\/uploads\/2023\/04\/zukunft-konferenzen-18x12.jpg 18w\" sizes=\"(max-width: 399px) 100vw, 399px\" \/><\/div>\n\t\t<\/a>\n\t\t\t\t<div class=\"elementor-post__text\">\n\t\t\t\t<h2 class=\"elementor-post__title\">\n\t\t\t<a href=\"https:\/\/konferenztechnik.de\/fr\/a-quoi-ressembleront-les-conferences-a-lavenir\/\">\n\t\t\t\tA quoi ressembleront les conf\u00e9rences \u00e0 l'avenir\t\t\t<\/a>\n\t\t<\/h2>\n\t\t\t\t<div class=\"elementor-post__meta-data\">\n\t\t\t\t\t<span class=\"elementor-post-date\">\n\t\t\t19 avril 2023\t\t<\/span>\n\t\t\t\t<\/div>\n\t\t\t\t<div class=\"elementor-post__excerpt\">\n\t\t\t<p>Au sein d'une \u00e9quipe interdisciplinaire compos\u00e9e de techniciens*, de futurologues, d'interpr\u00e8tes et d'acteurs associatifs et politiques, nous \u00e9laborons une vue d'ensemble \u00e0 l'aide d'interviews, d'articles et de sondages,\t\t<\/div>\n\t\t\n\t\t<a class=\"elementor-post__read-more\" href=\"https:\/\/konferenztechnik.de\/fr\/a-quoi-ressembleront-les-conferences-a-lavenir\/\" aria-label=\"En savoir plus sur \u00c0 quoi ressembleront les conf\u00e9rences de demain\" tabindex=\"-1\">\n\t\t\tLire la suite \u00bb\t\t<\/a>\n\n\t\t\t\t<\/div>\n\t\t\t\t<\/article>\n\t\t\t\t<article class=\"elementor-post elementor-grid-item post-20421 post type-post status-publish format-standard has-post-thumbnail hentry category-news\" role=\"listitem\">\n\t\t\t\t<a class=\"elementor-post__thumbnail__link\" href=\"https:\/\/konferenztechnik.de\/fr\/organiser-des-conferences-avec-des-equipes-ms\/\" tabindex=\"-1\">\n\t\t\t<div class=\"elementor-post__thumbnail\"><img loading=\"lazy\" decoding=\"async\" width=\"399\" height=\"264\" src=\"https:\/\/konferenztechnik.de\/wp-content\/uploads\/2023\/02\/webnews.jpg\" class=\"attachment-full size-full wp-image-21496\" alt=\"\" title=\"\" srcset=\"https:\/\/konferenztechnik.de\/wp-content\/uploads\/2023\/02\/webnews.jpg 399w, https:\/\/konferenztechnik.de\/wp-content\/uploads\/2023\/02\/webnews-300x198.jpg 300w, https:\/\/konferenztechnik.de\/wp-content\/uploads\/2023\/02\/webnews-18x12.jpg 18w\" sizes=\"(max-width: 399px) 100vw, 399px\" \/><\/div>\n\t\t<\/a>\n\t\t\t\t<div class=\"elementor-post__text\">\n\t\t\t\t<h2 class=\"elementor-post__title\">\n\t\t\t<a href=\"https:\/\/konferenztechnik.de\/fr\/organiser-des-conferences-avec-des-equipes-ms\/\">\n\t\t\t\tOrganiser des conf\u00e9rences avec MS Teams\t\t\t<\/a>\n\t\t<\/h2>\n\t\t\t\t<div class=\"elementor-post__meta-data\">\n\t\t\t\t\t<span class=\"elementor-post-date\">\n\t\t\t23 f\u00e9vrier 2023\t\t<\/span>\n\t\t\t\t<\/div>\n\t\t\t\t<div class=\"elementor-post__excerpt\">\n\t\t\t<p>Microsoft pr\u00e9sente de nouvelles fonctionnalit\u00e9s et une nouvelle version de MS Teams \u00e0 partir de mars 2023. Nous actualisons en permanence notre article \u00e0 ce sujet.<\/p>\t\t<\/div>\n\t\t\n\t\t<a class=\"elementor-post__read-more\" href=\"https:\/\/konferenztechnik.de\/fr\/organiser-des-conferences-avec-des-equipes-ms\/\" aria-label=\"En savoir plus sur Organiser des conf\u00e9rences avec MS Teams\" tabindex=\"-1\">\n\t\t\tLire la suite \u00bb\t\t<\/a>\n\n\t\t\t\t<\/div>\n\t\t\t\t<\/article>\n\t\t\t\t<article class=\"elementor-post elementor-grid-item post-20301 post type-post status-publish format-standard has-post-thumbnail hentry category-news\" role=\"listitem\">\n\t\t\t\t<a class=\"elementor-post__thumbnail__link\" href=\"https:\/\/konferenztechnik.de\/fr\/retour-sur-le-salon-integrated-systems-europe-ise-2023\/\" tabindex=\"-1\">\n\t\t\t<div class=\"elementor-post__thumbnail\"><img loading=\"lazy\" decoding=\"async\" width=\"399\" height=\"264\" src=\"https:\/\/konferenztechnik.de\/wp-content\/uploads\/2023\/02\/transcript-ise.jpg\" class=\"attachment-full size-full wp-image-21504\" alt=\"\" title=\"\" srcset=\"https:\/\/konferenztechnik.de\/wp-content\/uploads\/2023\/02\/transcript-ise.jpg 399w, https:\/\/konferenztechnik.de\/wp-content\/uploads\/2023\/02\/transcript-ise-300x198.jpg 300w, https:\/\/konferenztechnik.de\/wp-content\/uploads\/2023\/02\/transcript-ise-18x12.jpg 18w\" sizes=\"(max-width: 399px) 100vw, 399px\" \/><\/div>\n\t\t<\/a>\n\t\t\t\t<div class=\"elementor-post__text\">\n\t\t\t\t<h2 class=\"elementor-post__title\">\n\t\t\t<a href=\"https:\/\/konferenztechnik.de\/fr\/retour-sur-le-salon-integrated-systems-europe-ise-2023\/\">\n\t\t\t\tR\u00e9trospective du salon Integrated Systems Europe (ISE) 2022\t\t\t<\/a>\n\t\t<\/h2>\n\t\t\t\t<div class=\"elementor-post__meta-data\">\n\t\t\t\t\t<span class=\"elementor-post-date\">\n\t\t\t6 f\u00e9vrier 2023\t\t<\/span>\n\t\t\t\t<\/div>\n\t\t\t\t<div class=\"elementor-post__excerpt\">\n\t\t\t<p>R\u00e9trospective du salon Integrated Systems Europe (ISE) 2023 Publi\u00e9 le : 26.02.2023 Cette ann\u00e9e, l'ISE a montr\u00e9 que de nombreux fabricants se sont recentr\u00e9s sur les conf\u00e9rences, l'hybride et le<\/p>\n\t\t<\/div>\n\t\t\n\t\t<a class=\"elementor-post__read-more\" href=\"https:\/\/konferenztechnik.de\/fr\/retour-sur-le-salon-integrated-systems-europe-ise-2023\/\" aria-label=\"En savoir plus sur R\u00e9trospective du salon Integrated Systems Europe (ISE) 2023\" tabindex=\"-1\">\n\t\t\tLire la suite \u00bb\t\t<\/a>\n\n\t\t\t\t<\/div>\n\t\t\t\t<\/article>\n\t\t\t\t<article class=\"elementor-post elementor-grid-item post-21559 post type-post status-publish format-standard has-post-thumbnail hentry category-news\" role=\"listitem\">\n\t\t\t\t<a class=\"elementor-post__thumbnail__link\" href=\"https:\/\/konferenztechnik.de\/fr\/televic-technique-dinterpretation-et-de-conference\/\" tabindex=\"-1\">\n\t\t\t<div class=\"elementor-post__thumbnail\"><img loading=\"lazy\" decoding=\"async\" width=\"399\" height=\"264\" src=\"https:\/\/konferenztechnik.de\/wp-content\/uploads\/2023\/03\/konferenztechnik-televic.jpg\" class=\"attachment-full size-full wp-image-21565\" alt=\"\" title=\"\" srcset=\"https:\/\/konferenztechnik.de\/wp-content\/uploads\/2023\/03\/konferenztechnik-televic.jpg 399w, https:\/\/konferenztechnik.de\/wp-content\/uploads\/2023\/03\/konferenztechnik-televic-300x198.jpg 300w, https:\/\/konferenztechnik.de\/wp-content\/uploads\/2023\/03\/konferenztechnik-televic-18x12.jpg 18w\" sizes=\"(max-width: 399px) 100vw, 399px\" \/><\/div>\n\t\t<\/a>\n\t\t\t\t<div class=\"elementor-post__text\">\n\t\t\t\t<h2 class=\"elementor-post__title\">\n\t\t\t<a href=\"https:\/\/konferenztechnik.de\/fr\/televic-technique-dinterpretation-et-de-conference\/\">\n\t\t\t\tTelevic \u2013 Mat\u00e9riel d'interpr\u00e9tation et de conf\u00e9rence\t\t\t<\/a>\n\t\t<\/h2>\n\t\t\t\t<div class=\"elementor-post__meta-data\">\n\t\t\t\t\t<span class=\"elementor-post-date\">\n\t\t\t23 janvier 2023\t\t<\/span>\n\t\t\t\t<\/div>\n\t\t\t\t<div class=\"elementor-post__excerpt\">\n\t\t\t<p>Televic \u2013 Mat\u00e9riel d'interpr\u00e9tation et de conf\u00e9rence Publi\u00e9 : 23.01.2023 Televic \u2013 un fabricant innovant avec une gamme compl\u00e8te de solutions d'interpr\u00e9tation et de conf\u00e9rence Nous investissons dans<\/p>\n\t\t<\/div>\n\t\t\n\t\t<a class=\"elementor-post__read-more\" href=\"https:\/\/konferenztechnik.de\/fr\/televic-technique-dinterpretation-et-de-conference\/\" aria-label=\"En savoir plus sur Televic \u2013 Technique d&#039;interpr\u00e9tation et de conf\u00e9rence\" tabindex=\"-1\">\n\t\t\tLire la suite \u00bb\t\t<\/a>\n\n\t\t\t\t<\/div>\n\t\t\t\t<\/article>\n\t\t\t\t<article class=\"elementor-post elementor-grid-item post-19760 post type-post status-publish format-standard has-post-thumbnail hentry category-news\" role=\"listitem\">\n\t\t\t\t<a class=\"elementor-post__thumbnail__link\" href=\"https:\/\/konferenztechnik.de\/fr\/pcs-est-un-partenaire-durable\/\" tabindex=\"-1\">\n\t\t\t<div class=\"elementor-post__thumbnail\"><img loading=\"lazy\" decoding=\"async\" width=\"399\" height=\"264\" src=\"https:\/\/konferenztechnik.de\/wp-content\/uploads\/2022\/07\/pcs-nachhaltigkeit.jpg\" class=\"attachment-full size-full wp-image-21589\" alt=\"\" title=\"\" srcset=\"https:\/\/konferenztechnik.de\/wp-content\/uploads\/2022\/07\/pcs-nachhaltigkeit.jpg 399w, https:\/\/konferenztechnik.de\/wp-content\/uploads\/2022\/07\/pcs-nachhaltigkeit-300x198.jpg 300w, https:\/\/konferenztechnik.de\/wp-content\/uploads\/2022\/07\/pcs-nachhaltigkeit-18x12.jpg 18w\" sizes=\"(max-width: 399px) 100vw, 399px\" \/><\/div>\n\t\t<\/a>\n\t\t\t\t<div class=\"elementor-post__text\">\n\t\t\t\t<h2 class=\"elementor-post__title\">\n\t\t\t<a href=\"https:\/\/konferenztechnik.de\/fr\/pcs-est-un-partenaire-durable\/\">\n\t\t\t\tPCS est un partenaire durable\t\t\t<\/a>\n\t\t<\/h2>\n\t\t\t\t<div class=\"elementor-post__meta-data\">\n\t\t\t\t\t<span class=\"elementor-post-date\">\n\t\t\t6 juillet 2022\t\t<\/span>\n\t\t\t\t<\/div>\n\t\t\t\t<div class=\"elementor-post__excerpt\">\n\t\t\t<p>PCS est une entreprise certifi\u00e9e Sustainable Partner #BerlinSustainable Publi\u00e9 : 06.07.2022 et class\u00e9e High Performer. Nous sommes tr\u00e8s heureux de faire partie de l'initiative \"Sustainable<\/p>\n\t\t<\/div>\n\t\t\n\t\t<a class=\"elementor-post__read-more\" href=\"https:\/\/konferenztechnik.de\/fr\/pcs-est-un-partenaire-durable\/\" aria-label=\"En savoir plus sur PCS est un partenaire durable\" tabindex=\"-1\">\n\t\t\tLire la suite \u00bb\t\t<\/a>\n\n\t\t\t\t<\/div>\n\t\t\t\t<\/article>\n\t\t\t\t<article class=\"elementor-post elementor-grid-item post-19309 post type-post status-publish format-standard has-post-thumbnail hentry category-news\" role=\"listitem\">\n\t\t\t\t<a class=\"elementor-post__thumbnail__link\" href=\"https:\/\/konferenztechnik.de\/fr\/retrospective-de-lise-2022\/\" tabindex=\"-1\">\n\t\t\t<div class=\"elementor-post__thumbnail\"><img loading=\"lazy\" decoding=\"async\" width=\"452\" height=\"296\" src=\"https:\/\/konferenztechnik.de\/wp-content\/uploads\/2022\/05\/0001-die-ise-startet-1.jpg\" class=\"attachment-full size-full wp-image-28260\" alt=\"Salon ISE \u00e0 Barcelone, avec la participation de PCS, entre autres, Thorsten Gei\u00dfler, Gunnar Hermenau et J\u00f6rg Peschka (de g. \u00e0 dr.)\" title=\"\"><\/div>\n\t\t<\/a>\n\t\t\t\t<div class=\"elementor-post__text\">\n\t\t\t\t<h2 class=\"elementor-post__title\">\n\t\t\t<a href=\"https:\/\/konferenztechnik.de\/fr\/retrospective-de-lise-2022\/\">\n\t\t\t\tR\u00e9trospective de l'ISE 2022\t\t\t<\/a>\n\t\t<\/h2>\n\t\t\t\t<div class=\"elementor-post__meta-data\">\n\t\t\t\t\t<span class=\"elementor-post-date\">\n\t\t\t19 mai 2022\t\t<\/span>\n\t\t\t\t<\/div>\n\t\t\t\t<div class=\"elementor-post__excerpt\">\n\t\t\t<p>R\u00e9trospective de l'Integrated Systems Europe (ISE) 2022 Publi\u00e9 le : 19\/05\/2022 L'ISE 2022 a \u00e9t\u00e9 un salon formidable et a suscit\u00e9 chez nous de nombreuses r\u00e9actions positives et n\u00e9gatives.<\/p>\n\t\t<\/div>\n\t\t\n\t\t<a class=\"elementor-post__read-more\" href=\"https:\/\/konferenztechnik.de\/fr\/retrospective-de-lise-2022\/\" aria-label=\"En savoir plus sur R\u00e9trospective de l&#039;ISE 2022\" tabindex=\"-1\">\n\t\t\tLire la suite \u00bb\t\t<\/a>\n\n\t\t\t\t<\/div>\n\t\t\t\t<\/article>\n\t\t\t\t<article class=\"elementor-post elementor-grid-item post-19258 post type-post status-publish format-standard has-post-thumbnail hentry category-news\" role=\"listitem\">\n\t\t\t\t<a class=\"elementor-post__thumbnail__link\" href=\"https:\/\/konferenztechnik.de\/fr\/nouveau-site-a-berlin\/\" tabindex=\"-1\">\n\t\t\t<div class=\"elementor-post__thumbnail\"><img loading=\"lazy\" decoding=\"async\" width=\"452\" height=\"296\" src=\"https:\/\/konferenztechnik.de\/wp-content\/uploads\/2022\/05\/Hof-Koepenicker-Strasse2.jpg\" class=\"attachment-full size-full wp-image-28262\" alt=\"Des arbres en fleurs au printemps sur le parking PCS de la succursale de Berlin\" title=\"\" srcset=\"https:\/\/konferenztechnik.de\/wp-content\/uploads\/2022\/05\/Hof-Koepenicker-Strasse2.jpg 452w, https:\/\/konferenztechnik.de\/wp-content\/uploads\/2022\/05\/Hof-Koepenicker-Strasse2-300x196.jpg 300w, https:\/\/konferenztechnik.de\/wp-content\/uploads\/2022\/05\/Hof-Koepenicker-Strasse2-18x12.jpg 18w\" sizes=\"(max-width: 452px) 100vw, 452px\" \/><\/div>\n\t\t<\/a>\n\t\t\t\t<div class=\"elementor-post__text\">\n\t\t\t\t<h2 class=\"elementor-post__title\">\n\t\t\t<a href=\"https:\/\/konferenztechnik.de\/fr\/nouveau-site-a-berlin\/\">\n\t\t\t\tNouveau site \u00e0 Berlin\t\t\t<\/a>\n\t\t<\/h2>\n\t\t\t\t<div class=\"elementor-post__meta-data\">\n\t\t\t\t\t<span class=\"elementor-post-date\">\n\t\t\t4 mai 2022\t\t<\/span>\n\t\t\t\t<\/div>\n\t\t\t\t<div class=\"elementor-post__excerpt\">\n\t\t\t<p>Nouveau site \u00e0 Berlin Publi\u00e9 : 04\/05\/2022 Nous avons r\u00e9ussi et nous nous sentons parfaitement \u00e0 l'aise dans notre nouveau site berlinois. De belles pi\u00e8ces lumineuses, jusqu'\u00e0<\/p>\n\t\t<\/div>\n\t\t\n\t\t<a class=\"elementor-post__read-more\" href=\"https:\/\/konferenztechnik.de\/fr\/nouveau-site-a-berlin\/\" aria-label=\"En savoir plus sur Nouveau site \u00e0 Berlin\" tabindex=\"-1\">\n\t\t\tLire la suite \u00bb\t\t<\/a>\n\n\t\t\t\t<\/div>\n\t\t\t\t<\/article>\n\t\t\t\t<article class=\"elementor-post elementor-grid-item post-18630 post type-post status-publish format-standard has-post-thumbnail hentry category-news\" role=\"listitem\">\n\t\t\t\t<a class=\"elementor-post__thumbnail__link\" href=\"https:\/\/konferenztechnik.de\/fr\/ouverture-dun-nouveau-studio-dinterpretation-a-munich\/\" tabindex=\"-1\">\n\t\t\t<div class=\"elementor-post__thumbnail\"><img loading=\"lazy\" decoding=\"async\" width=\"452\" height=\"296\" src=\"https:\/\/konferenztechnik.de\/wp-content\/uploads\/2021\/10\/news-dolmetschhub-muenchen2.jpg\" class=\"attachment-full size-full wp-image-28264\" alt=\"un couple en costume traditionnel bavarois discute en dialecte bavarois : Fahr ma auf Minga nei, da hams wos neies ! dit-il, ce \u00e0 quoi elle r\u00e9pond : Pass auf, dass d ned stransesd, es frisch putzt !\" title=\"\" srcset=\"https:\/\/konferenztechnik.de\/wp-content\/uploads\/2021\/10\/news-dolmetschhub-muenchen2.jpg 452w, https:\/\/konferenztechnik.de\/wp-content\/uploads\/2021\/10\/news-dolmetschhub-muenchen2-300x196.jpg 300w, https:\/\/konferenztechnik.de\/wp-content\/uploads\/2021\/10\/news-dolmetschhub-muenchen2-18x12.jpg 18w\" sizes=\"(max-width: 452px) 100vw, 452px\" \/><\/div>\n\t\t<\/a>\n\t\t\t\t<div class=\"elementor-post__text\">\n\t\t\t\t<h2 class=\"elementor-post__title\">\n\t\t\t<a href=\"https:\/\/konferenztechnik.de\/fr\/ouverture-dun-nouveau-studio-dinterpretation-a-munich\/\">\n\t\t\t\tOuverture d'un nouveau studio d'interpr\u00e9tation \u00e0 Munich\t\t\t<\/a>\n\t\t<\/h2>\n\t\t\t\t<div class=\"elementor-post__meta-data\">\n\t\t\t\t\t<span class=\"elementor-post-date\">\n\t\t\t5 octobre 2021\t\t<\/span>\n\t\t\t\t<\/div>\n\t\t\t\t<div class=\"elementor-post__excerpt\">\n\t\t\t<p>Ouverture d'un nouveau studio d'interpr\u00e9tation \u00e0 Munich Publi\u00e9 : 05\/10\/2021 Nous avons ajout\u00e9 un nouveau studio d'interpr\u00e9tation aux locaux de notre filiale munichoise. Le nouveau studio offre quatre<\/p>\n\t\t<\/div>\n\t\t\n\t\t<a class=\"elementor-post__read-more\" href=\"https:\/\/konferenztechnik.de\/fr\/ouverture-dun-nouveau-studio-dinterpretation-a-munich\/\" aria-label=\"En savoir plus sur Nouveau studio d&#039;interpr\u00e9tation ouvert \u00e0 Munich\" tabindex=\"-1\">\n\t\t\tLire la suite \u00bb\t\t<\/a>\n\n\t\t\t\t<\/div>\n\t\t\t\t<\/article>\n\t\t\t\t<article class=\"elementor-post elementor-grid-item post-18600 post type-post status-publish format-standard has-post-thumbnail hentry category-news\" role=\"listitem\">\n\t\t\t\t<a class=\"elementor-post__thumbnail__link\" href=\"https:\/\/konferenztechnik.de\/fr\/offres-demploi-actuelles\/\" tabindex=\"-1\">\n\t\t\t<div class=\"elementor-post__thumbnail\"><img loading=\"lazy\" decoding=\"async\" width=\"452\" height=\"296\" src=\"https:\/\/konferenztechnik.de\/wp-content\/uploads\/2021\/10\/stellengesuch-pcs-2.jpg\" class=\"attachment-full size-full wp-image-28266\" alt=\"Beaucoup de boutons, d&#039;\u00e9crans et de commandes - et un doigt qui fait basculer l&#039;un de ces boutons\" title=\"\" srcset=\"https:\/\/konferenztechnik.de\/wp-content\/uploads\/2021\/10\/stellengesuch-pcs-2.jpg 452w, https:\/\/konferenztechnik.de\/wp-content\/uploads\/2021\/10\/stellengesuch-pcs-2-300x196.jpg 300w, https:\/\/konferenztechnik.de\/wp-content\/uploads\/2021\/10\/stellengesuch-pcs-2-18x12.jpg 18w\" sizes=\"(max-width: 452px) 100vw, 452px\" \/><\/div>\n\t\t<\/a>\n\t\t\t\t<div class=\"elementor-post__text\">\n\t\t\t\t<h2 class=\"elementor-post__title\">\n\t\t\t<a href=\"https:\/\/konferenztechnik.de\/fr\/offres-demploi-actuelles\/\">\n\t\t\t\tOffres d'emploi actuelles\t\t\t<\/a>\n\t\t<\/h2>\n\t\t\t\t<div class=\"elementor-post__meta-data\">\n\t\t\t\t\t<span class=\"elementor-post-date\">\n\t\t\t5 octobre 2021\t\t<\/span>\n\t\t\t\t<\/div>\n\t\t\t\t<div class=\"elementor-post__excerpt\">\n\t\t\t<p>Offres d'emploi actuelles Publi\u00e9 : 05.10.2021 Nous recherchons actuellement des collaborateurs\/trices dans diff\u00e9rents domaines pour tous nos sites de Berlin, Munich et D\u00fcsseldorf.   Nous recherchons des sp\u00e9cialistes<\/p>\n\t\t<\/div>\n\t\t\n\t\t<a class=\"elementor-post__read-more\" href=\"https:\/\/konferenztechnik.de\/fr\/offres-demploi-actuelles\/\" aria-label=\"En savoir plus sur Offres d&#039;emploi actuelles\" tabindex=\"-1\">\n\t\t\tLire la suite \u00bb\t\t<\/a>\n\n\t\t\t\t<\/div>\n\t\t\t\t<\/article>\n\t\t\t\t<article class=\"elementor-post elementor-grid-item post-18618 post type-post status-publish format-standard has-post-thumbnail hentry category-news\" role=\"listitem\">\n\t\t\t\t<a class=\"elementor-post__thumbnail__link\" href=\"https:\/\/konferenztechnik.de\/fr\/nos-nouveaux-apprentis-2021\/\" tabindex=\"-1\">\n\t\t\t<div class=\"elementor-post__thumbnail\"><img loading=\"lazy\" decoding=\"async\" width=\"2500\" height=\"1667\" src=\"https:\/\/konferenztechnik.de\/wp-content\/uploads\/2021\/10\/Azubis-Berlin-2021.jpg\" class=\"attachment-full size-full wp-image-18622\" alt=\"Azubis-Berlin-2021 PCS GmbH\" title=\"\" srcset=\"https:\/\/konferenztechnik.de\/wp-content\/uploads\/2021\/10\/Azubis-Berlin-2021.jpg 2500w, https:\/\/konferenztechnik.de\/wp-content\/uploads\/2021\/10\/Azubis-Berlin-2021-300x200.jpg 300w, https:\/\/konferenztechnik.de\/wp-content\/uploads\/2021\/10\/Azubis-Berlin-2021-1024x683.jpg 1024w, https:\/\/konferenztechnik.de\/wp-content\/uploads\/2021\/10\/Azubis-Berlin-2021-768x512.jpg 768w, https:\/\/konferenztechnik.de\/wp-content\/uploads\/2021\/10\/Azubis-Berlin-2021-1536x1024.jpg 1536w, https:\/\/konferenztechnik.de\/wp-content\/uploads\/2021\/10\/Azubis-Berlin-2021-2048x1366.jpg 2048w\" sizes=\"(max-width: 2500px) 100vw, 2500px\" \/><\/div>\n\t\t<\/a>\n\t\t\t\t<div class=\"elementor-post__text\">\n\t\t\t\t<h2 class=\"elementor-post__title\">\n\t\t\t<a href=\"https:\/\/konferenztechnik.de\/fr\/nos-nouveaux-apprentis-2021\/\">\n\t\t\t\tNos nouveaux apprentis 2021\t\t\t<\/a>\n\t\t<\/h2>\n\t\t\t\t<div class=\"elementor-post__meta-data\">\n\t\t\t\t\t<span class=\"elementor-post-date\">\n\t\t\t5 septembre 2021\t\t<\/span>\n\t\t\t\t<\/div>\n\t\t\t\t<div class=\"elementor-post__excerpt\">\n\t\t\t<p>Nos nouveaux apprentis 2021. Bienvenue ! Publi\u00e9 : 05.09.2021 Nous avons le plaisir d'accueillir nos deux nouveaux apprentis Julia et Robin dans notre filiale berlinoise.<\/p>\n\t\t<\/div>\n\t\t\n\t\t<a class=\"elementor-post__read-more\" href=\"https:\/\/konferenztechnik.de\/fr\/nos-nouveaux-apprentis-2021\/\" aria-label=\"En savoir plus sur Nos nouveaux apprentis 2021\" tabindex=\"-1\">\n\t\t\tLire la suite \u00bb\t\t<\/a>\n\n\t\t\t\t<\/div>\n\t\t\t\t<\/article>\n\t\t\t\t<article class=\"elementor-post elementor-grid-item post-17782 post type-post status-publish format-standard has-post-thumbnail hentry category-news\" role=\"listitem\">\n\t\t\t\t<a class=\"elementor-post__thumbnail__link\" href=\"https:\/\/konferenztechnik.de\/fr\/casques-pour-visioconference-zoom-teams-et-co\/\" tabindex=\"-1\">\n\t\t\t<div class=\"elementor-post__thumbnail\"><img loading=\"lazy\" decoding=\"async\" width=\"1200\" height=\"627\" src=\"https:\/\/konferenztechnik.de\/wp-content\/uploads\/2021\/06\/kopfhoerer-videokonferenzen-linkedin.jpeg\" class=\"attachment-full size-full wp-image-18088\" alt=\"\u00e9couteurs recommand\u00e9s pour les vid\u00e9oconf\u00e9rences\" title=\"\" srcset=\"https:\/\/konferenztechnik.de\/wp-content\/uploads\/2021\/06\/kopfhoerer-videokonferenzen-linkedin.jpeg 1200w, https:\/\/konferenztechnik.de\/wp-content\/uploads\/2021\/06\/kopfhoerer-videokonferenzen-linkedin-300x157.jpeg 300w, https:\/\/konferenztechnik.de\/wp-content\/uploads\/2021\/06\/kopfhoerer-videokonferenzen-linkedin-1024x535.jpeg 1024w, https:\/\/konferenztechnik.de\/wp-content\/uploads\/2021\/06\/kopfhoerer-videokonferenzen-linkedin-768x401.jpeg 768w\" sizes=\"(max-width: 1200px) 100vw, 1200px\" \/><\/div>\n\t\t<\/a>\n\t\t\t\t<div class=\"elementor-post__text\">\n\t\t\t\t<h2 class=\"elementor-post__title\">\n\t\t\t<a href=\"https:\/\/konferenztechnik.de\/fr\/casques-pour-visioconference-zoom-teams-et-co\/\">\n\t\t\t\tCasques, \u00e9couteurs et configurations audio pour vid\u00e9oconf\u00e9rences, zoom, \u00e9quipes, etc.\t\t\t<\/a>\n\t\t<\/h2>\n\t\t\t\t<div class=\"elementor-post__meta-data\">\n\t\t\t\t\t<span class=\"elementor-post-date\">\n\t\t\t9 juin 2021\t\t<\/span>\n\t\t\t\t<\/div>\n\t\t\t\t<div class=\"elementor-post__excerpt\">\n\t\t\t<p>Casques, \u00e9couteurs et configurations audio pour vid\u00e9oconf\u00e9rences, zoom, \u00e9quipes et autres Publi\u00e9 : 09.06.2021 \"Quel casque recommandez-vous?\u201d est l'une des questions les plus fr\u00e9quentes que nous recevons actuellement<\/p>\n\t\t<\/div>\n\t\t\n\t\t<a class=\"elementor-post__read-more\" href=\"https:\/\/konferenztechnik.de\/fr\/casques-pour-visioconference-zoom-teams-et-co\/\" aria-label=\"En savoir plus sur Casques, \u00e9couteurs et configurations audio pour la visioconf\u00e9rence, le zoom, les \u00e9quipes, etc.\" tabindex=\"-1\">\n\t\t\tLire la suite \u00bb\t\t<\/a>\n\n\t\t\t\t<\/div>\n\t\t\t\t<\/article>\n\t\t\t\t<article class=\"elementor-post elementor-grid-item post-17284 post type-post status-publish format-standard has-post-thumbnail hentry category-news\" role=\"listitem\">\n\t\t\t\t<a class=\"elementor-post__thumbnail__link\" href=\"https:\/\/konferenztechnik.de\/fr\/salles-de-reunion-hybrides-pour-videoconferences\/\" tabindex=\"-1\">\n\t\t\t<div class=\"elementor-post__thumbnail\"><img loading=\"lazy\" decoding=\"async\" width=\"452\" height=\"296\" src=\"https:\/\/konferenztechnik.de\/wp-content\/uploads\/2021\/05\/installation-von-medientechnik-nach-mass-1.jpg\" class=\"attachment-full size-full wp-image-26772\" alt=\"Un m\u00e8tre pliant est appuy\u00e9 contre une table de conf\u00e9rence, on regarde le m\u00e8tre \u00e0 1,20 m\u00e8tre.\" title=\"\" srcset=\"https:\/\/konferenztechnik.de\/wp-content\/uploads\/2021\/05\/installation-von-medientechnik-nach-mass-1.jpg 452w, https:\/\/konferenztechnik.de\/wp-content\/uploads\/2021\/05\/installation-von-medientechnik-nach-mass-1-300x196.jpg 300w, https:\/\/konferenztechnik.de\/wp-content\/uploads\/2021\/05\/installation-von-medientechnik-nach-mass-1-18x12.jpg 18w\" sizes=\"(max-width: 452px) 100vw, 452px\" \/><\/div>\n\t\t<\/a>\n\t\t\t\t<div class=\"elementor-post__text\">\n\t\t\t\t<h2 class=\"elementor-post__title\">\n\t\t\t<a href=\"https:\/\/konferenztechnik.de\/fr\/salles-de-reunion-hybrides-pour-videoconferences\/\">\n\t\t\t\tSalles de r\u00e9union hybrides pour vid\u00e9oconf\u00e9rences\t\t\t<\/a>\n\t\t<\/h2>\n\t\t\t\t<div class=\"elementor-post__meta-data\">\n\t\t\t\t\t<span class=\"elementor-post-date\">\n\t\t\t26 mai 2021\t\t<\/span>\n\t\t\t\t<\/div>\n\t\t\t\t<div class=\"elementor-post__excerpt\">\n\t\t\t<p>Salles de r\u00e9union hybrides pour vid\u00e9oconf\u00e9rences \u2013 conditions optimales dans la salle et pour les participants connect\u00e9s Publi\u00e9 : 26.05.2021 1,20 m est notre mesure id\u00e9ale dans les salles de r\u00e9union modernes<\/p>\n\t\t<\/div>\n\t\t\n\t\t<a class=\"elementor-post__read-more\" href=\"https:\/\/konferenztechnik.de\/fr\/salles-de-reunion-hybrides-pour-videoconferences\/\" aria-label=\"En savoir plus sur Salles de r\u00e9union hybrides pour vid\u00e9oconf\u00e9rences\" tabindex=\"-1\">\n\t\t\tLire la suite \u00bb\t\t<\/a>\n\n\t\t\t\t<\/div>\n\t\t\t\t<\/article>\n\t\t\t\t<article class=\"elementor-post elementor-grid-item post-17110 post type-post status-publish format-standard has-post-thumbnail hentry category-news\" role=\"listitem\">\n\t\t\t\t<a class=\"elementor-post__thumbnail__link\" href=\"https:\/\/konferenztechnik.de\/fr\/un-resume-de-shure-en-tant-que-fournisseur-de-materiel-de-conference\/\" tabindex=\"-1\">\n\t\t\t<div class=\"elementor-post__thumbnail\"><img loading=\"lazy\" decoding=\"async\" width=\"452\" height=\"296\" src=\"https:\/\/konferenztechnik.de\/wp-content\/uploads\/2021\/05\/shure-drahtlose-sprechstelle-microflex-3.jpg\" class=\"attachment-full size-full wp-image-26775\" alt=\"Poste de bureau sans fil Microflex du fabricant Shure\" title=\"\" srcset=\"https:\/\/konferenztechnik.de\/wp-content\/uploads\/2021\/05\/shure-drahtlose-sprechstelle-microflex-3.jpg 452w, https:\/\/konferenztechnik.de\/wp-content\/uploads\/2021\/05\/shure-drahtlose-sprechstelle-microflex-3-300x196.jpg 300w, https:\/\/konferenztechnik.de\/wp-content\/uploads\/2021\/05\/shure-drahtlose-sprechstelle-microflex-3-18x12.jpg 18w\" sizes=\"(max-width: 452px) 100vw, 452px\" \/><\/div>\n\t\t<\/a>\n\t\t\t\t<div class=\"elementor-post__text\">\n\t\t\t\t<h2 class=\"elementor-post__title\">\n\t\t\t<a href=\"https:\/\/konferenztechnik.de\/fr\/un-resume-de-shure-en-tant-que-fournisseur-de-materiel-de-conference\/\">\n\t\t\t\tUn r\u00e9sum\u00e9 : Shure en tant que fournisseur d'\u00e9quipements de conf\u00e9rence\t\t\t<\/a>\n\t\t<\/h2>\n\t\t\t\t<div class=\"elementor-post__meta-data\">\n\t\t\t\t\t<span class=\"elementor-post-date\">\n\t\t\t5 mai 2021\t\t<\/span>\n\t\t\t\t<\/div>\n\t\t\t\t<div class=\"elementor-post__excerpt\">\n\t\t\t<p>Un r\u00e9sum\u00e9 : Shure en tant que fournisseur d'\u00e9quipements de conf\u00e9rence Publi\u00e9 : 05.05.2021 C'est en 2013 que d\u00e9bute la success story de Shure en tant que fournisseur d'\u00e9quipements de conf\u00e9rence. \u00c0 cette \u00e9poque, Shure rach\u00e8te<\/p>\n\t\t<\/div>\n\t\t\n\t\t<a class=\"elementor-post__read-more\" href=\"https:\/\/konferenztechnik.de\/fr\/un-resume-de-shure-en-tant-que-fournisseur-de-materiel-de-conference\/\" aria-label=\"En savoir plus sur Un r\u00e9sum\u00e9 : Shure en tant que fournisseur de mat\u00e9riel de conf\u00e9rence\" tabindex=\"-1\">\n\t\t\tLire la suite \u00bb\t\t<\/a>\n\n\t\t\t\t<\/div>\n\t\t\t\t<\/article>\n\t\t\t\t<\/div>\n\t\t\t\t\t<span class=\"e-load-more-spinner\">\n\t\t\t\t<svg aria-hidden=\"true\" class=\"e-font-icon-svg e-fas-spinner\" viewbox=\"0 0 512 512\" xmlns=\"http:\/\/www.w3.org\/2000\/svg\"><path d=\"M304 48c0 26.51-21.49 48-48 48s-48-21.49-48-48 21.49-48 48-48 48 21.49 48 48zm-48 368c-26.51 0-48 21.49-48 48s21.49 48 48 48 48-21.49 48-48-21.49-48-48-48zm208-208c-26.51 0-48 21.49-48 48s21.49 48 48 48 48-21.49 48-48-21.49-48-48-48zM96 256c0-26.51-21.49-48-48-48S0 229.49 0 256s21.49 48 48 48 48-21.49 48-48zm12.922 99.078c-26.51 0-48 21.49-48 48s21.49 48 48 48 48-21.49 48-48c0-26.509-21.491-48-48-48zm294.156 0c-26.51 0-48 21.49-48 48s21.49 48 48 48 48-21.49 48-48c0-26.509-21.49-48-48-48zM108.922 60.922c-26.51 0-48 21.49-48 48s21.49 48 48 48 48-21.49 48-48-21.491-48-48-48z\"><\/path><\/svg>\t\t\t<\/span>\n\t\t\n\t\t\t\t<div class=\"e-load-more-anchor\" data-page=\"1\" data-max-page=\"4\" data-next-page=\"https:\/\/konferenztechnik.de\/wp-json\/wp\/v2\/pages\/278\/page\/2\/\"><\/div>\n\t\t\t\t<div class=\"elementor-button-wrapper\">\n\t\t\t<a class=\"elementor-button elementor-size-sm\" role=\"button\">\n\t\t\t\t\t\t<span class=\"elementor-button-content-wrapper\">\n\t\t\t\t\t\t\t\t\t<span class=\"elementor-button-text\">Charger davantage<\/span>\n\t\t\t\t\t<\/span>\n\t\t\t\t\t<\/a>\n\t\t<\/div>\n\t\t\t\t<div class=\"e-load-more-message\">C'\u00e9tait toutes les nouvelles<\/div>\n\t\t\t\t\t\t<\/div>\n\t\t\t\t<\/div>\n\t\t\t\t\t<\/div>\n\t\t\t\t<\/div>\n\t\t\t\t<\/div>","protected":false},"excerpt":{"rendered":"<p>Actualit\u00e9s<\/p>","protected":false},"author":1,"featured_media":45482,"parent":0,"menu_order":243,"comment_status":"closed","ping_status":"open","template":"","meta":{"_acf_changed":false,"footnotes":""},"class_list":["post-278","page","type-page","status-publish","has-post-thumbnail","hentry"],"acf":[],"_links":{"self":[{"href":"https:\/\/konferenztechnik.de\/fr\/wp-json\/wp\/v2\/pages\/278","targetHints":{"allow":["GET"]}}],"collection":[{"href":"https:\/\/konferenztechnik.de\/fr\/wp-json\/wp\/v2\/pages"}],"about":[{"href":"https:\/\/konferenztechnik.de\/fr\/wp-json\/wp\/v2\/types\/page"}],"author":[{"embeddable":true,"href":"https:\/\/konferenztechnik.de\/fr\/wp-json\/wp\/v2\/users\/1"}],"replies":[{"embeddable":true,"href":"https:\/\/konferenztechnik.de\/fr\/wp-json\/wp\/v2\/comments?post=278"}],"version-history":[{"count":0,"href":"https:\/\/konferenztechnik.de\/fr\/wp-json\/wp\/v2\/pages\/278\/revisions"}],"wp:featuredmedia":[{"embeddable":true,"href":"https:\/\/konferenztechnik.de\/fr\/wp-json\/wp\/v2\/media\/45482"}],"wp:attachment":[{"href":"https:\/\/konferenztechnik.de\/fr\/wp-json\/wp\/v2\/media?parent=278"}],"curies":[{"name":"wp","href":"https:\/\/api.w.org\/{rel}","templated":true}]}}