{"id":3606,"date":"2013-10-24T13:39:36","date_gmt":"2013-10-24T11:39:36","guid":{"rendered":"https:\/\/konferenztechnik.de\/?page_id=3606"},"modified":"2023-07-05T15:09:07","modified_gmt":"2023-07-05T13:09:07","slug":"formation-et-service-pour-les-interpretes","status":"publish","type":"page","link":"https:\/\/konferenztechnik.de\/fr\/formation-et-service-pour-les-interpretes\/","title":{"rendered":"Formation et service pour les interpr\u00e8tes"},"content":{"rendered":"<h1>Formation et service pour les interpr\u00e8tes<\/h1>\n<p>PCS propose des formations pour les techniciens, les interpr\u00e8tes, les orateurs, les managers, le personnel des th\u00e9\u00e2tres et de l'h\u00f4tellerie.<\/p>\n<p>Nous organisons des formations de groupe et individuelles sur nos sites et dans vos locaux. L'utilisation s\u00fbre et confiante de la technique de conf\u00e9rence est un facteur de r\u00e9ussite d\u00e9cisif pour votre pr\u00e9sentation.<\/p>\n<p>En tant qu'interpr\u00e8te, vous pr\u00e9voyez une intervention technique ou une manifestation ? Vous avez besoin de plans ou vous avez des questions sur la r\u00e9glementation des lieux de r\u00e9union ? Prenez contact avec notre service de formation, vous y trouverez toujours une oreille attentive.<\/p>\n<p><img decoding=\"async\" src=\"https:\/\/konferenztechnik.de\/wp-content\/uploads\/2016\/10\/sprecherkabine-masse.jpg\" alt=\"formation-n\" title=\"\"><\/p>\n<p><img decoding=\"async\" src=\"https:\/\/konferenztechnik.de\/wp-content\/uploads\/2016\/10\/dolmetscherschulung-1.jpg\" alt=\"\" title=\"\"><\/p>\n<p>PCS accorde une grande importance \u00e0 la formation et au perfectionnement et a d\u00e9velopp\u00e9 une culture de formation agr\u00e9able et efficace.<\/p>\n<div class=\"boxcontainer\">\n<div class=\"boxcontainer\">\n<div class=\"box1-2\">\n<h1>Personne de contact<\/h1>\n<\/div>\n<div class=\"box1-2-order\">\n<h1>Liens compl\u00e9mentaires<\/h1>\n<\/div>\n<div class=\"box1-4\">\n<div class=\"box-head\">D\u00fcsseldorf<\/div>\n<p><img fetchpriority=\"high\" decoding=\"async\" width=\"800\" height=\"533\" class=\"alignleft size-full wp-image-2317\" src=\"https:\/\/konferenztechnik.de\/wp-content\/uploads\/2013\/09\/thorsten_geissler_pcs-gmbh.jpg\" alt=\"Thorsten Gei\u00dfler\" title=\"\" srcset=\"https:\/\/konferenztechnik.de\/wp-content\/uploads\/2013\/09\/thorsten_geissler_pcs-gmbh.jpg 800w, https:\/\/konferenztechnik.de\/wp-content\/uploads\/2013\/09\/thorsten_geissler_pcs-gmbh-300x200.jpg 300w, https:\/\/konferenztechnik.de\/wp-content\/uploads\/2013\/09\/thorsten_geissler_pcs-gmbh-768x512.jpg 768w\" sizes=\"(max-width: 800px) 100vw, 800px\" \/><br \/>\nThorsten Gei\u00dfler<br \/>\nDirection<br \/>\nT\u00e9l. +49 211 737798 0<br \/>\nCourrier \u00e9lectronique <a href=\"mailto:geissler@konferenztechnik.de\">\u00e9crire<\/a><\/p>\n<p>Code QR <a title=\"Code QR Thorsten Gei\u00dfler\" href=\"https:\/\/konferenztechnik.de\/wp-content\/uploads\/2013\/09\/thorsten_geissler_qrcode.png\">Afficher \u203a<\/a><\/p>\n<\/div>\n<div class=\"box1-4\">\n<div class=\"box-head\">Berlin<\/div>\n<p><img decoding=\"async\" width=\"800\" height=\"533\" class=\"alignleft size-full wp-image-2301\" src=\"https:\/\/konferenztechnik.de\/wp-content\/uploads\/2013\/09\/gunnar_hermenau_pcs-gmbh.jpg\" alt=\"gunnar_hermenau_pcs-gmbh\" title=\"\" srcset=\"https:\/\/konferenztechnik.de\/wp-content\/uploads\/2013\/09\/gunnar_hermenau_pcs-gmbh.jpg 800w, https:\/\/konferenztechnik.de\/wp-content\/uploads\/2013\/09\/gunnar_hermenau_pcs-gmbh-300x200.jpg 300w, https:\/\/konferenztechnik.de\/wp-content\/uploads\/2013\/09\/gunnar_hermenau_pcs-gmbh-768x512.jpg 768w\" sizes=\"(max-width: 800px) 100vw, 800px\" \/><br \/>\nGunnar Hermenau<br \/>\nDirection<br \/>\nT\u00e9l. +49 30 6959690 0<br \/>\nCourrier \u00e9lectronique <a href=\"mailto:hermenau@konferenztechnik.de\">\u00e9crire<\/a><\/p>\n<p>Code QR <a title=\"Code QR Gunnar Hermenau\" href=\"https:\/\/konferenztechnik.de\/wp-content\/uploads\/2013\/09\/gunnar_hermenau_qrcode.png\">Afficher \u203a<\/a><\/p>\n<\/div>\n<div class=\"box2-4-2\" style=\"order: 1;\">\n<div class=\"weiterlinks\"><a title=\"10 bonnes raisons de choisir PCS\" href=\"\/fr\/a-propos-de-nous-2\/10-bonnes-raisons-pour-les-pc\/\">10 bonnes raisons de choisir PCS<\/a><br \/>\n<a title=\"10 bonnes raisons de choisir PCS\" href=\"\/fr\/a-propos-de-nous-2\/\">Qui sommes-nous ?<\/a><br \/>\n<a title=\"Distribution par groupe de produits\" href=\"\/fr\/groupes-de-produits\/\">Distribution par groupe de produits<\/a><br \/>\n<a title=\"Distribution par fabricant\" href=\"\/fr\/fabricant\/\">Distribution par fabricant<\/a><br \/>\n<a title=\"Fabrications sp\u00e9ciales, entretien et r\u00e9parations\" href=\"\/fr\/services\/entretien-et-reparation\/\">Fabrications sp\u00e9ciales, entretien et r\u00e9parations<\/a><\/p>\n<p><a title=\"R\u00e9f\u00e9rences\" href=\"\/fr\/a-propos-de-nous-2\/liste-de-reference-installation\/\">R\u00e9f\u00e9rences Installation et int\u00e9gration<\/a><br \/>\n<a title=\"PCS : Aper\u00e7u de toutes les prestations\" href=\"\/fr\/services\/\">PCS : Aper\u00e7u de tous les services<\/a><\/p>\n<\/div>\n<\/div>\n<\/div>\n<\/div>","protected":false},"excerpt":{"rendered":"<p>Formations et services pour interpr\u00e8tes PCS propose des formations pour les techniciens, les interpr\u00e8tes, les orateurs, les managers, le personnel des th\u00e9\u00e2tres et de l'h\u00f4tellerie. Nous organisons des formations de groupe et individuelles sur nos sites et dans vos locaux. L'utilisation s\u00fbre et confiante de la technique de conf\u00e9rence est un facteur de r\u00e9ussite d\u00e9cisif pour votre prestation. En tant qu'interpr\u00e8te, pr\u00e9voyez [...].<\/p>","protected":false},"author":1,"featured_media":45482,"parent":0,"menu_order":116,"comment_status":"closed","ping_status":"open","template":"","meta":{"_acf_changed":false,"footnotes":""},"class_list":["post-3606","page","type-page","status-publish","has-post-thumbnail","hentry"],"acf":[],"_links":{"self":[{"href":"https:\/\/konferenztechnik.de\/fr\/wp-json\/wp\/v2\/pages\/3606","targetHints":{"allow":["GET"]}}],"collection":[{"href":"https:\/\/konferenztechnik.de\/fr\/wp-json\/wp\/v2\/pages"}],"about":[{"href":"https:\/\/konferenztechnik.de\/fr\/wp-json\/wp\/v2\/types\/page"}],"author":[{"embeddable":true,"href":"https:\/\/konferenztechnik.de\/fr\/wp-json\/wp\/v2\/users\/1"}],"replies":[{"embeddable":true,"href":"https:\/\/konferenztechnik.de\/fr\/wp-json\/wp\/v2\/comments?post=3606"}],"version-history":[{"count":0,"href":"https:\/\/konferenztechnik.de\/fr\/wp-json\/wp\/v2\/pages\/3606\/revisions"}],"wp:featuredmedia":[{"embeddable":true,"href":"https:\/\/konferenztechnik.de\/fr\/wp-json\/wp\/v2\/media\/45482"}],"wp:attachment":[{"href":"https:\/\/konferenztechnik.de\/fr\/wp-json\/wp\/v2\/media?parent=3606"}],"curies":[{"name":"wp","href":"https:\/\/api.w.org\/{rel}","templated":true}]}}