{"id":3621,"date":"2013-10-24T14:46:29","date_gmt":"2013-10-24T12:46:29","guid":{"rendered":"https:\/\/konferenztechnik.de\/?page_id=3621"},"modified":"2023-07-05T14:16:03","modified_gmt":"2023-07-05T12:16:03","slug":"gestion-devenements-multilingues","status":"publish","type":"page","link":"https:\/\/konferenztechnik.de\/fr\/gestion-devenements-multilingues\/","title":{"rendered":"Encadrement d'\u00e9v\u00e9nements multilingues"},"content":{"rendered":"<h1>Encadrement des \u00e9v\u00e9nements<\/h1>\n<p>PCS a d\u00e9but\u00e9 en 1995 en tant que prestataire de services techniques pour l'interpr\u00e9tation simultan\u00e9e et a depuis g\u00e9r\u00e9 plus de 30.000 \u00e9v\u00e9nements dans le monde entier.<\/p>\n<p>Nous travaillons avec les interpr\u00e8tes les plus renomm\u00e9s et utilisons notre vaste gamme de technologies modernes de pointe.<\/p>\n<p>Gr\u00e2ce \u00e0 notre r\u00e9seau de filiales en Allemagne, nous sommes rapides et flexibles. Profitez de notre exp\u00e9rience pour la planification, l'\u00e9quipement et la r\u00e9alisation technique de votre \u00e9v\u00e9nement.<\/p>\n<p>Chez nous, chaque \u00e9v\u00e9nement est \u00e0 l'abri du conseil d'administration : la visite de l'usine avec trois participants tout comme la grande manifestation internationale.<\/p>\n<p><img decoding=\"async\" src=\"\/wp-content\/uploads\/2016\/08\/event-01.jpg\" alt=\"Encadrement d&#039;\u00e9v\u00e9nements multilingues\" title=\"\"><\/p>\n<p><img decoding=\"async\" src=\"\/wp-content\/uploads\/2016\/08\/event-02.jpg\" alt=\"Encadrement d&#039;\u00e9v\u00e9nements multilingues\" title=\"\"><\/p>\n<p><img decoding=\"async\" src=\"\/wp-content\/uploads\/2016\/08\/event-03.jpg\" alt=\"Encadrement d&#039;\u00e9v\u00e9nements multilingues\" title=\"\"><\/p>\n<p><img decoding=\"async\" src=\"\/wp-content\/uploads\/2016\/08\/event-05.jpg\" alt=\"Encadrement d&#039;\u00e9v\u00e9nements multilingues\" title=\"\"><\/p>\n<p><img decoding=\"async\" src=\"\/wp-content\/uploads\/2016\/08\/event-04.jpg\" alt=\"Encadrement d&#039;\u00e9v\u00e9nements multilingues\" title=\"\"><\/p>\n<div class=\"weiterlinks\" style=\"background-color: #ffffff;\">\n<h1>Liens compl\u00e9mentaires<\/h1>\n<p><a title=\"Encadrement d&#039;\u00e9v\u00e9nements multilingues\" href=\"\/fr\/gestion-devenements-multilingues\/\">Encadrement d'\u00e9v\u00e9nements multilingues<\/a><br \/>\n<a title=\"R\u00e9f\u00e9rences\" href=\"\/fr\/a-propos-de-nous-2\/liste-de-reference-evenement\/\">R\u00e9f\u00e9rences location, \u00e9v\u00e9nements<\/a><br \/>\n<a title=\"Formation et service pour les interpr\u00e8tes\" href=\"\/fr\/formation-et-service-pour-les-interpretes\/\">Formation et service pour les interpr\u00e8tes<\/a><br \/>\n<a title=\"10 bonnes raisons de choisir PCS\" href=\"\/fr\/a-propos-de-nous-2\/10-bonnes-raisons-pour-les-pc\/\">10 bonnes raisons de choisir PCS<\/a><br \/>\n<a title=\"PCS : Aper\u00e7u de toutes les prestations\" href=\"\/fr\/services\/\">PCS : Aper\u00e7u de tous les services<\/a><\/p>\n<\/div>","protected":false},"excerpt":{"rendered":"<p>Encadrement \u00c9v\u00e9nements PCS a commenc\u00e9 en 1995 en tant que prestataire de services techniques pour l'interpr\u00e9tation simultan\u00e9e et a depuis encadr\u00e9 plus de 30 000 \u00e9v\u00e9nements dans le monde entier. Nous travaillons avec les interpr\u00e8tes les plus renomm\u00e9s et utilisons notre vaste gamme de techniques modernes de pointe. Gr\u00e2ce \u00e0 notre r\u00e9seau de filiales en Allemagne, nous sommes rapides et flexibles. Profitez de notre exp\u00e9rience pour [...]<\/p>","protected":false},"author":1,"featured_media":45482,"parent":0,"menu_order":109,"comment_status":"closed","ping_status":"open","template":"","meta":{"_acf_changed":false,"footnotes":""},"class_list":["post-3621","page","type-page","status-publish","has-post-thumbnail","hentry"],"acf":[],"_links":{"self":[{"href":"https:\/\/konferenztechnik.de\/fr\/wp-json\/wp\/v2\/pages\/3621","targetHints":{"allow":["GET"]}}],"collection":[{"href":"https:\/\/konferenztechnik.de\/fr\/wp-json\/wp\/v2\/pages"}],"about":[{"href":"https:\/\/konferenztechnik.de\/fr\/wp-json\/wp\/v2\/types\/page"}],"author":[{"embeddable":true,"href":"https:\/\/konferenztechnik.de\/fr\/wp-json\/wp\/v2\/users\/1"}],"replies":[{"embeddable":true,"href":"https:\/\/konferenztechnik.de\/fr\/wp-json\/wp\/v2\/comments?post=3621"}],"version-history":[{"count":0,"href":"https:\/\/konferenztechnik.de\/fr\/wp-json\/wp\/v2\/pages\/3621\/revisions"}],"wp:featuredmedia":[{"embeddable":true,"href":"https:\/\/konferenztechnik.de\/fr\/wp-json\/wp\/v2\/media\/45482"}],"wp:attachment":[{"href":"https:\/\/konferenztechnik.de\/fr\/wp-json\/wp\/v2\/media?parent=3621"}],"curies":[{"name":"wp","href":"https:\/\/api.w.org\/{rel}","templated":true}]}}