{"id":40071,"date":"2023-08-17T13:51:54","date_gmt":"2023-08-17T11:51:54","guid":{"rendered":"https:\/\/konferenztechnik.de\/?page_id=40071"},"modified":"2023-10-11T10:57:18","modified_gmt":"2023-10-11T08:57:18","slug":"mesurer-les-hotels-et-les-salles-de-reunion","status":"publish","type":"page","link":"https:\/\/konferenztechnik.de\/fr\/mesurer-les-hotels-et-les-salles-de-reunion\/","title":{"rendered":"H\u00f4tels, foires, centres de congr\u00e8s"},"content":{"rendered":"<div data-elementor-type=\"wp-page\" data-elementor-id=\"40071\" class=\"elementor elementor-40071\" data-elementor-post-type=\"page\">\n\t\t\t\t<div data-particle_enable=\"false\" data-particle-mobile-disabled=\"false\" class=\"elementor-element elementor-element-d8aba58 e-flex e-con-boxed e-con e-parent\" data-id=\"d8aba58\" data-element_type=\"container\">\n\t\t\t\t\t<div class=\"e-con-inner\">\n\t\t\t\t<div class=\"elementor-element elementor-element-366d4e5 elementor-widget__width-inherit elementor-widget elementor-widget-heading\" data-id=\"366d4e5\" data-element_type=\"widget\" data-widget_type=\"heading.default\">\n\t\t\t\t<div class=\"elementor-widget-container\">\n\t\t\t\t\t<h1 class=\"elementor-heading-title elementor-size-default\">H\u00f4tels, foires, centres de congr\u00e8s<\/h1>\t\t\t\t<\/div>\n\t\t\t\t<\/div>\n\t\t\t\t<div class=\"elementor-element elementor-element-e4b6b7a elementor-widget elementor-widget-image\" data-id=\"e4b6b7a\" data-element_type=\"widget\" data-widget_type=\"image.default\">\n\t\t\t\t<div class=\"elementor-widget-container\">\n\t\t\t\t\t\t\t\t\t\t\t\t\t\t\t<img fetchpriority=\"high\" decoding=\"async\" width=\"2560\" height=\"1049\" src=\"https:\/\/konferenztechnik.de\/wp-content\/uploads\/2023\/08\/Konferenztechnik-fuer-Hotels_Tagungsstaetten_Messen-PCS-scaled-e1692273089536.webp\" class=\"attachment-full size-full wp-image-40093\" alt=\"\u00c9v\u00e9nement ou conf\u00e9rence dans une salle lumineuse, mus\u00e9e\" srcset=\"https:\/\/konferenztechnik.de\/wp-content\/uploads\/2023\/08\/Konferenztechnik-fuer-Hotels_Tagungsstaetten_Messen-PCS-scaled-e1692273089536.webp 2560w, https:\/\/konferenztechnik.de\/wp-content\/uploads\/2023\/08\/Konferenztechnik-fuer-Hotels_Tagungsstaetten_Messen-PCS-scaled-e1692273089536-300x123.webp 300w, https:\/\/konferenztechnik.de\/wp-content\/uploads\/2023\/08\/Konferenztechnik-fuer-Hotels_Tagungsstaetten_Messen-PCS-scaled-e1692273089536-1024x420.webp 1024w, https:\/\/konferenztechnik.de\/wp-content\/uploads\/2023\/08\/Konferenztechnik-fuer-Hotels_Tagungsstaetten_Messen-PCS-scaled-e1692273089536-768x315.webp 768w, https:\/\/konferenztechnik.de\/wp-content\/uploads\/2023\/08\/Konferenztechnik-fuer-Hotels_Tagungsstaetten_Messen-PCS-scaled-e1692273089536-1536x629.webp 1536w, https:\/\/konferenztechnik.de\/wp-content\/uploads\/2023\/08\/Konferenztechnik-fuer-Hotels_Tagungsstaetten_Messen-PCS-scaled-e1692273089536-2048x839.webp 2048w, https:\/\/konferenztechnik.de\/wp-content\/uploads\/2023\/08\/Konferenztechnik-fuer-Hotels_Tagungsstaetten_Messen-PCS-scaled-e1692273089536-18x7.webp 18w\" sizes=\"(max-width: 2560px) 100vw, 2560px\" title=\"\">\t\t\t\t\t\t\t\t\t\t\t\t\t\t\t<\/div>\n\t\t\t\t<\/div>\n\t\t<div data-particle_enable=\"false\" data-particle-mobile-disabled=\"false\" class=\"elementor-element elementor-element-b15d0ca e-flex e-con-boxed e-con e-child\" data-id=\"b15d0ca\" data-element_type=\"container\">\n\t\t\t\t\t<div class=\"e-con-inner\">\n\t\t\t\t<div class=\"elementor-element elementor-element-2ebf418 elementor-widget elementor-widget-button\" data-id=\"2ebf418\" data-element_type=\"widget\" data-widget_type=\"button.default\">\n\t\t\t\t<div class=\"elementor-widget-container\">\n\t\t\t\t\t\t\t\t\t<div class=\"elementor-button-wrapper\">\n\t\t\t\t\t<a class=\"elementor-button elementor-button-link elementor-size-lg\" href=\"#serviceteam\">\n\t\t\t\t\t\t<span class=\"elementor-button-content-wrapper\">\n\t\t\t\t\t\t<span class=\"elementor-button-icon\">\n\t\t\t\t<svg aria-hidden=\"true\" class=\"e-font-icon-svg e-far-arrow-alt-circle-down\" viewbox=\"0 0 512 512\" xmlns=\"http:\/\/www.w3.org\/2000\/svg\"><path d=\"M256 8C119 8 8 119 8 256s111 248 248 248 248-111 248-248S393 8 256 8zm0 448c-110.5 0-200-89.5-200-200S145.5 56 256 56s200 89.5 200 200-89.5 200-200 200zm-32-316v116h-67c-10.7 0-16 12.9-8.5 20.5l99 99c4.7 4.7 12.3 4.7 17 0l99-99c7.6-7.6 2.2-20.5-8.5-20.5h-67V140c0-6.6-5.4-12-12-12h-40c-6.6 0-12 5.4-12 12z\"><\/path><\/svg>\t\t\t<\/span>\n\t\t\t\t\t\t\t\t\t<span class=\"elementor-button-text\">Demander maintenant<\/span>\n\t\t\t\t\t<\/span>\n\t\t\t\t\t<\/a>\n\t\t\t\t<\/div>\n\t\t\t\t\t\t\t\t<\/div>\n\t\t\t\t<\/div>\n\t\t\t\t\t<\/div>\n\t\t\t\t<\/div>\n\t\t\t\t\t<\/div>\n\t\t\t\t<\/div>\n\t\t<div data-particle_enable=\"false\" data-particle-mobile-disabled=\"false\" class=\"elementor-element elementor-element-9deafd4 e-flex e-con-boxed e-con e-parent\" data-id=\"9deafd4\" data-element_type=\"container\">\n\t\t\t\t\t<div class=\"e-con-inner\">\n\t\t\t\t<div class=\"elementor-element elementor-element-66ea8b4 elementor-widget elementor-widget-heading\" data-id=\"66ea8b4\" data-element_type=\"widget\" data-settings=\"{&quot;_animation&quot;:&quot;none&quot;}\" data-widget_type=\"heading.default\">\n\t\t\t\t<div class=\"elementor-widget-container\">\n\t\t\t\t\t<h2 class=\"elementor-heading-title elementor-size-default\">Vous avez les locaux, nous nous occupons de la planification, de la technique et de l'encadrement.<\/h2>\t\t\t\t<\/div>\n\t\t\t\t<\/div>\n\t\t\t\t<div class=\"elementor-element elementor-element-d16fcf6 elementor-widget__width-inherit elementor-widget elementor-widget-text-editor\" data-id=\"d16fcf6\" data-element_type=\"widget\" data-widget_type=\"text-editor.default\">\n\t\t\t\t<div class=\"elementor-widget-container\">\n\t\t\t\t\t\t\t\t\t<p>En tant que lieu de r\u00e9union, vous souhaitez offrir \u00e0 vos clients et \u00e0 leurs invit\u00e9s une plate-forme professionnelle pour les r\u00e9unions, les salons et les congr\u00e8s. Pour ce faire, vous devez cr\u00e9er une atmosph\u00e8re agr\u00e9able et donner aux participants un sentiment de confort et de s\u00e9curit\u00e9. Les pr\u00e9sentations et les conf\u00e9rences doivent se d\u00e9rouler sans probl\u00e8me gr\u00e2ce \u00e0 une technique de conf\u00e9rence moderne.<\/p><p>\u00a0<\/p><p>En outre, le lieu de la manifestation doit \u00eatre facilement accessible et offrir une bonne desserte par le train, les transports en commun et d'autres moyens de transport, l'accessibilit\u00e9 et la durabilit\u00e9 \u00e9tant de plus en plus pris en compte.<\/p><p>\u00a0<\/p><p>Un bon lieu de r\u00e9union doit impressionner le public et laisser une impression durable. Les participants doivent se r\u00e9jouir de l'\u00e9v\u00e9nement et pouvoir se concentrer sur l'apprentissage et le d\u00e9veloppement de nouvelles id\u00e9es et sur la cr\u00e9ation de contacts.<\/p>\t\t\t\t\t\t\t\t<\/div>\n\t\t\t\t<\/div>\n\t\t\t\t\t<\/div>\n\t\t\t\t<\/div>\n\t\t<div data-particle_enable=\"false\" data-particle-mobile-disabled=\"false\" class=\"elementor-element elementor-element-455c20b e-flex e-con-boxed e-con e-parent\" data-id=\"455c20b\" data-element_type=\"container\" data-settings=\"{&quot;animation&quot;:&quot;none&quot;}\">\n\t\t\t\t\t<div class=\"e-con-inner\">\n\t\t\t\t<div class=\"elementor-element elementor-element-7734196 elementor-widget elementor-widget-heading\" data-id=\"7734196\" data-element_type=\"widget\" data-settings=\"{&quot;_animation&quot;:&quot;none&quot;}\" data-widget_type=\"heading.default\">\n\t\t\t\t<div class=\"elementor-widget-container\">\n\t\t\t\t\t<h2 class=\"elementor-heading-title elementor-size-default\">Th\u00e8mes fr\u00e9quents<\/h2>\t\t\t\t<\/div>\n\t\t\t\t<\/div>\n\t\t\t\t<div class=\"elementor-element elementor-element-1e5ddfb elementor-widget__width-inherit elementor-widget elementor-widget-eael-post-list\" data-id=\"1e5ddfb\" data-element_type=\"widget\" data-settings=\"{&quot;_animation&quot;:&quot;none&quot;}\" data-widget_type=\"eael-post-list.default\">\n\t\t\t\t<div class=\"elementor-widget-container\">\n\t\t\t\t\t<div class=\"eael-post-list-container advanced layout-advanced\"><div class=\"eael-post-list-wrap\"><div class=\"eael-post-list-posts-wrap eael-post-appender eael-post-appender-1e5ddfb\"><div class=\"eael-post-list-post\"><div class=\"eael-post-list-post-inner\"><div class=\"eael-post-list-thumbnail\"><a href=\"https:\/\/konferenztechnik.de\/fr\/streaming\/\">\n                <img decoding=\"async\" src=\"https:\/\/konferenztechnik.de\/wp-content\/uploads\/2023\/04\/streaming-hosting-events-jpg.webp\" alt=\"R\u00e9gie son et r\u00e9gie vid\u00e9o avec des techniciens de l&#039;\u00e9v\u00e9nementiel dans une salle de conf\u00e9rence, devant plusieurs fois l&#039;inscription &quot;Live - Live - Live&quot;\" title=\"\">\n            <\/a><\/div><div class=\"eael-post-list-content\"><h3 class=\"eael-post-list-title\"><a href=\"https:\/\/konferenztechnik.de\/fr\/streaming\/\" >Streaming et h\u00e9bergement<\/a><\/h3><p>Diffusion en continu de contenus en direct et vid\u00e9o, archivage et mise \u00e0 disposition sur des serveurs et des plateformes vid\u00e9o<\/p><a href=\"https:\/\/konferenztechnik.de\/fr\/streaming\/\" class=\"eael-post-elements-readmore-btn\" >\u203a plus<\/a><div class=\"boxed-meta\"><\/div><\/div><\/div><\/div><div class=\"eael-post-list-post\"><div class=\"eael-post-list-post-inner\"><div class=\"eael-post-list-thumbnail\"><a href=\"https:\/\/konferenztechnik.de\/fr\/pages-daccueil-pour-evenements-plateformes-devenements-virtuels\/\">\n                <img decoding=\"async\" src=\"https:\/\/konferenztechnik.de\/wp-content\/uploads\/2023\/03\/landingpage-beitrag.jpg\" alt=\"\" title=\"\">\n            <\/a><\/div><div class=\"eael-post-list-content\"><h3 class=\"eael-post-list-title\"><a href=\"https:\/\/konferenztechnik.de\/fr\/pages-daccueil-pour-evenements-plateformes-devenements-virtuels\/\" >Pages de renvoi pour les \u00e9v\u00e9nements, plateformes virtuelles d'\u00e9v\u00e9nements<\/a><\/h3><p>Pages d'atterrissage pour \u00e9v\u00e9nements, plateformes d'\u00e9v\u00e9nements virtuels Le package de base se compose des \u00e9l\u00e9ments suivants...<\/p><a href=\"https:\/\/konferenztechnik.de\/fr\/pages-daccueil-pour-evenements-plateformes-devenements-virtuels\/\" class=\"eael-post-elements-readmore-btn\" >\u203a plus<\/a><div class=\"boxed-meta\"><\/div><\/div><\/div><\/div><div class=\"eael-post-list-post\"><div class=\"eael-post-list-post-inner\"><div class=\"eael-post-list-thumbnail\"><a href=\"https:\/\/konferenztechnik.de\/fr\/bundles-de-salles-de-conference-pcs-salles-de-conference-hybrides-modernes-a-des-conditions-avantageuses\/\">\n                <img decoding=\"async\" src=\"https:\/\/konferenztechnik.de\/wp-content\/uploads\/2023\/03\/konferenzraum-bundles.jpg\" alt=\"\" title=\"\">\n            <\/a><\/div><div class=\"eael-post-list-content\"><h3 class=\"eael-post-list-title\"><a href=\"https:\/\/konferenztechnik.de\/fr\/bundles-de-salles-de-conference-pcs-salles-de-conference-hybrides-modernes-a-des-conditions-avantageuses\/\" >Offres group\u00e9es de salles de conf\u00e9rence<\/a><\/h3><p>Salles de r\u00e9union interactives, hybrides, sans fil et flexibles \u00e0 partir de 5.000 EUR<\/p><a href=\"https:\/\/konferenztechnik.de\/fr\/bundles-de-salles-de-conference-pcs-salles-de-conference-hybrides-modernes-a-des-conditions-avantageuses\/\" class=\"eael-post-elements-readmore-btn\" >\u203a plus<\/a><div class=\"boxed-meta\"><\/div><\/div><\/div><\/div><div class=\"eael-post-list-post\"><div class=\"eael-post-list-post-inner\"><div class=\"eael-post-list-thumbnail\"><a href=\"https:\/\/konferenztechnik.de\/fr\/evenements-hybrides\/\">\n                <img decoding=\"async\" src=\"https:\/\/konferenztechnik.de\/wp-content\/uploads\/2023\/06\/hybride-events-jpg.webp\" alt=\"deux pr\u00e9sentateurs* se tiennent sur une sc\u00e8ne et sont simultan\u00e9ment visibles en num\u00e9rique sur une deuxi\u00e8me partie de l&#039;image sur un \u00e9cran d&#039;ordinateur - comme symbole d&#039;\u00e9v\u00e9nements hybrides\" title=\"\">\n            <\/a><\/div><div class=\"eael-post-list-content\"><h3 class=\"eael-post-list-title\"><a href=\"https:\/\/konferenztechnik.de\/fr\/evenements-hybrides\/\" >\u00c9v\u00e9nements hybrides<\/a><\/h3><p>Nous relions les personnes, les espaces et les lieux. Participants num\u00e9riques, participants en pr\u00e9sence, orateurs et spectateurs...<\/p><a href=\"https:\/\/konferenztechnik.de\/fr\/evenements-hybrides\/\" class=\"eael-post-elements-readmore-btn\" >\u203a plus<\/a><div class=\"boxed-meta\"><\/div><\/div><\/div><\/div><div class=\"eael-post-list-post\"><div class=\"eael-post-list-post-inner\"><div class=\"eael-post-list-thumbnail\"><a href=\"https:\/\/konferenztechnik.de\/fr\/location-de-materiel-dinterpretation-et-installation-de-materiel-dinterpretation\/\">\n                <img decoding=\"async\" src=\"https:\/\/konferenztechnik.de\/wp-content\/uploads\/2023\/05\/simultantechnik-dolmetscheranlagen-mieten-kaufen-leasen-jpg.webp\" alt=\"\" title=\"\">\n            <\/a><\/div><div class=\"eael-post-list-content\"><h3 class=\"eael-post-list-title\"><a href=\"https:\/\/konferenztechnik.de\/fr\/location-de-materiel-dinterpretation-et-installation-de-materiel-dinterpretation\/\" >Mat\u00e9riel d'interpr\u00e9tation et technique d'interpr\u00e9tation<\/a><\/h3><p>Installations d'interpr\u00e9tation sans fil avec cabines d'interpr\u00e9tation et installations de discussion avec cabines d'interpr\u00e9tation<\/p><a href=\"https:\/\/konferenztechnik.de\/fr\/location-de-materiel-dinterpretation-et-installation-de-materiel-dinterpretation\/\" class=\"eael-post-elements-readmore-btn\" >\u203a plus<\/a><div class=\"boxed-meta\"><\/div><\/div><\/div><\/div><div class=\"eael-post-list-post\"><div class=\"eael-post-list-post-inner\"><div class=\"eael-post-list-thumbnail\"><a href=\"https:\/\/konferenztechnik.de\/fr\/hubs-dinterpretation-et-studios-dinterpretation\/\">\n                <img decoding=\"async\" src=\"https:\/\/konferenztechnik.de\/wp-content\/uploads\/2023\/04\/dolmetschhubs.jpg\" alt=\"Vue d&#039;un studio d&#039;interpr\u00e9tation o\u00f9 les interpr\u00e8tes suivent un orateur sur un grand \u00e9cran et le traduisent dans diff\u00e9rentes autres langues dans leurs cabines insonoris\u00e9es.\" title=\"\">\n            <\/a><\/div><div class=\"eael-post-list-content\"><h3 class=\"eael-post-list-title\"><a href=\"https:\/\/konferenztechnik.de\/fr\/hubs-dinterpretation-et-studios-dinterpretation\/\" >Hubs d'interpr\u00e9tation et studios d'interpr\u00e9tation<\/a><\/h3><p>Nos hubs professionnels pour l'interpr\u00e9tation \u00e0 distance, l'interpr\u00e9tation pour les vid\u00e9oconf\u00e9rences, le streaming, les r\u00e9unions sur site<\/p><a href=\"https:\/\/konferenztechnik.de\/fr\/hubs-dinterpretation-et-studios-dinterpretation\/\" class=\"eael-post-elements-readmore-btn\" >\u203a plus<\/a><div class=\"boxed-meta\"><\/div><\/div><\/div><\/div><div class=\"eael-post-list-post\"><div class=\"eael-post-list-post-inner\"><div class=\"eael-post-list-thumbnail\"><a href=\"https:\/\/konferenztechnik.de\/fr\/systemes-de-discussion-postes-dinterphonie-louer-acheter-installer-leasing\/\">\n                <img decoding=\"async\" src=\"https:\/\/konferenztechnik.de\/wp-content\/uploads\/2023\/06\/diskussionsanlage-sprechstellen-tischmikrofone.jpg\" alt=\"Postes de table r\u00e9partis sur une table de conf\u00e9rence, avec microphones \u00e0 col de cygne\" title=\"\">\n            <\/a><\/div><div class=\"eael-post-list-content\"><h3 class=\"eael-post-list-title\"><a href=\"https:\/\/konferenztechnik.de\/fr\/systemes-de-discussion-postes-dinterphonie-louer-acheter-installer-leasing\/\" >Syst\u00e8mes de discussion, Postes d'interphonie \u2013 louer, acheter, installer, leasing<\/a><\/h3><p>Syst\u00e8mes de discussion, Postes d'interphonie \u2013 louer, acheter, installer, leasing<\/p><a href=\"https:\/\/konferenztechnik.de\/fr\/systemes-de-discussion-postes-dinterphonie-louer-acheter-installer-leasing\/\" class=\"eael-post-elements-readmore-btn\" >\u203a plus<\/a><div class=\"boxed-meta\"><\/div><\/div><\/div><\/div><div class=\"eael-post-list-post\"><div class=\"eael-post-list-post-inner\"><div class=\"eael-post-list-thumbnail\"><a href=\"https:\/\/konferenztechnik.de\/fr\/av-audio-et-video-location-achat-installation-leasing\/\">\n                <img decoding=\"async\" src=\"https:\/\/konferenztechnik.de\/wp-content\/uploads\/2023\/03\/audio-und-videotechnik-mieten-kaufen-installieren-1024x614.avif\" alt=\"audio-et-vid\u00e9o-louer-acheter-installer\" title=\"\">\n            <\/a><\/div><div class=\"eael-post-list-content\"><h3 class=\"eael-post-list-title\"><a href=\"https:\/\/konferenztechnik.de\/fr\/av-audio-et-video-location-achat-installation-leasing\/\" >AV : Technique audio et vid\u00e9o<\/a><\/h3><p>Microphone, technique de sonorisation, pupitres, hybrides t\u00e9l\u00e9phoniques, distributeurs de presse, logiciel de protocole steno-s...<\/p><a href=\"https:\/\/konferenztechnik.de\/fr\/av-audio-et-video-location-achat-installation-leasing\/\" class=\"eael-post-elements-readmore-btn\" >\u203a plus<\/a><div class=\"boxed-meta\"><\/div><\/div><\/div><\/div><\/div><\/div>\n\t\t<\/div>\t\t\t\t<\/div>\n\t\t\t\t<\/div>\n\t\t\t\t\t<\/div>\n\t\t\t\t<\/div>\n\t\t<div data-particle_enable=\"false\" data-particle-mobile-disabled=\"false\" class=\"elementor-element elementor-element-eaddbcf e-flex e-con-boxed e-con e-parent\" data-id=\"eaddbcf\" data-element_type=\"container\">\n\t\t\t\t\t<div class=\"e-con-inner\">\n\t\t\t\t<div class=\"elementor-element elementor-element-16f26b9 elementor-widget__width-inherit elementor-widget elementor-widget-heading\" data-id=\"16f26b9\" data-element_type=\"widget\" data-widget_type=\"heading.default\">\n\t\t\t\t<div class=\"elementor-widget-container\">\n\t\t\t\t\t<h2 class=\"elementor-heading-title elementor-size-default\">R\u00e9f\u00e9rences : H\u00f4tels, salons, centres de congr\u00e8s<\/h2>\t\t\t\t<\/div>\n\t\t\t\t<\/div>\n\t\t\t\t<div class=\"elementor-element elementor-element-b211c26 elementor-widget__width-inherit elementor-widget elementor-widget-text-editor\" data-id=\"b211c26\" data-element_type=\"widget\" data-widget_type=\"text-editor.default\">\n\t\t\t\t<div class=\"elementor-widget-container\">\n\t\t\t\t\t\t\t\t\t<ul><li>Acad\u00e9mie de sant\u00e9 publique de D\u00fcsseldorf<\/li><li>Ballhaus Ost e.V. Berlin<\/li><li>Maison de Beethoven \u00e0 Bonn<\/li><li>Bochumer Veranstaltungs-GmbH<\/li><li>Congress &amp; Event Heidenheim GmbH<\/li><li>Estrel Berlin<\/li><li>Festspielhaus et festivals de Baden-Baden gGmbH<\/li><li>Haus der Technik e.V. Essen<\/li><li>H\u00f4tel ESPERANTO Centre de congr\u00e8s et de culture GmbH &amp; Co. KG Fulda<\/li><li>K\u00f6lnmesse GmbH<\/li><li>H\u00f4tel de congr\u00e8s au bord du lac de Templin<\/li><li>Landesmesse Stuttgart GmbH<\/li><li>Leipziger Messe GmbH<\/li><li>Luise-Albertz-Halle Centre de congr\u00e8s et de manifestations GmbH Oberhausen<\/li><li>H\u00f4tel Mercure MOA Berlin<\/li><li>Messe Berlin GmbH<\/li><li>Foire de D\u00fcsseldorf<\/li><li>Messe M\u00fcnchen GmbH<\/li><li>Messe- und Veranstaltungs GmbH Kleist Forum Francfort\/Oder<\/li><li>H\u00f4tel M\u00f6venpick Berlin<\/li><li>Mus\u00e9e Kunstpalast D\u00fcsseldorf<\/li><li>Th\u00e9\u00e2tre de Francfort<br \/>Tanzhaus NRW e.V. D\u00fcsseldorf<\/li><li>Velberter Kulturloewen \u2013 Entreprise culturelle et \u00e9v\u00e9nementielle de Velbert<\/li><li>Maison Wolf-Ferrari \u00e0 Ottobrunn<\/li><\/ul>\t\t\t\t\t\t\t\t<\/div>\n\t\t\t\t<\/div>\n\t\t\t\t<div class=\"elementor-element elementor-element-f277dec elementor-icon-list--layout-traditional elementor-list-item-link-full_width elementor-widget elementor-widget-icon-list\" data-id=\"f277dec\" data-element_type=\"widget\" data-widget_type=\"icon-list.default\">\n\t\t\t\t<div class=\"elementor-widget-container\">\n\t\t\t\t\t\t\t<ul class=\"elementor-icon-list-items\">\n\t\t\t\t\t\t\t<li class=\"elementor-icon-list-item\">\n\t\t\t\t\t\t\t\t\t\t\t<a href=\"\/fr\/references\/\">\n\n\t\t\t\t\t\t\t\t\t\t\t\t<span class=\"elementor-icon-list-icon\">\n\t\t\t\t\t\t\t<svg aria-hidden=\"true\" class=\"e-font-icon-svg e-fas-chevron-right\" viewbox=\"0 0 320 512\" xmlns=\"http:\/\/www.w3.org\/2000\/svg\"><path d=\"M285.476 272.971L91.132 467.314c-9.373 9.373-24.569 9.373-33.941 0l-22.667-22.667c-9.357-9.357-9.375-24.522-.04-33.901L188.505 256 34.484 101.255c-9.335-9.379-9.317-24.544.04-33.901l22.667-22.667c9.373-9.373 24.569-9.373 33.941 0L285.475 239.03c9.373 9.372 9.373 24.568.001 33.941z\"><\/path><\/svg>\t\t\t\t\t\t<\/span>\n\t\t\t\t\t\t\t\t\t\t<span class=\"elementor-icon-list-text\">Plus de r\u00e9f\u00e9rences<\/span>\n\t\t\t\t\t\t\t\t\t\t\t<\/a>\n\t\t\t\t\t\t\t\t\t<\/li>\n\t\t\t\t\t\t<\/ul>\n\t\t\t\t\t\t<\/div>\n\t\t\t\t<\/div>\n\t\t\t\t\t<\/div>\n\t\t\t\t<\/div>\n\t\t<div data-particle_enable=\"false\" data-particle-mobile-disabled=\"false\" class=\"elementor-element elementor-element-e62a659 e-flex e-con-boxed e-con e-parent\" data-id=\"e62a659\" data-element_type=\"container\">\n\t\t\t\t\t<div class=\"e-con-inner\">\n\t\t\t\t<div class=\"elementor-element elementor-element-53f5abf elementor-widget elementor-widget-shortcode\" data-id=\"53f5abf\" data-element_type=\"widget\" data-widget_type=\"shortcode.default\">\n\t\t\t\t<div class=\"elementor-widget-container\">\n\t\t\t\t\t\t\t<div class=\"elementor-shortcode\"><\/div>\n\t\t\t\t\t\t<\/div>\n\t\t\t\t<\/div>\n\t\t\t\t\t<\/div>\n\t\t\t\t<\/div>\n\t\t<div data-particle_enable=\"false\" data-particle-mobile-disabled=\"false\" class=\"elementor-element elementor-element-14d115f e-flex e-con-boxed e-con e-parent\" data-id=\"14d115f\" data-element_type=\"container\">\n\t\t\t\t\t<div class=\"e-con-inner\">\n\t\t\t\t<div class=\"elementor-element elementor-element-0f53c4b elementor-widget elementor-widget-shortcode\" data-id=\"0f53c4b\" data-element_type=\"widget\" data-widget_type=\"shortcode.default\">\n\t\t\t\t<div class=\"elementor-widget-container\">\n\t\t\t\t\t\t\t<div class=\"elementor-shortcode\"><\/div>\n\t\t\t\t\t\t<\/div>\n\t\t\t\t<\/div>\n\t\t\t\t\t<\/div>\n\t\t\t\t<\/div>\n\t\t\t\t<\/div>","protected":false},"excerpt":{"rendered":"<p>H\u00f4tels, salons, centres de congr\u00e8s Demandez maintenant Vous avez les locaux, nous nous occupons de la planification, de la technique et de l'encadrement En tant que centre de congr\u00e8s, vous souhaitez offrir \u00e0 vos clients et \u00e0 leurs invit\u00e9s une plate-forme professionnelle pour des r\u00e9unions, des salons et des congr\u00e8s. Pour cela, vous devez cr\u00e9er une atmosph\u00e8re agr\u00e9able et donner aux participants un sentiment de confort et de s\u00e9curit\u00e9. Les pr\u00e9sentations et les conf\u00e9rences doivent \u00eatre r\u00e9alis\u00e9es [...].<\/p>","protected":false},"author":1,"featured_media":40093,"parent":0,"menu_order":0,"comment_status":"closed","ping_status":"closed","template":"","meta":{"_acf_changed":false,"footnotes":""},"class_list":["post-40071","page","type-page","status-publish","has-post-thumbnail","hentry"],"acf":[],"_links":{"self":[{"href":"https:\/\/konferenztechnik.de\/fr\/wp-json\/wp\/v2\/pages\/40071","targetHints":{"allow":["GET"]}}],"collection":[{"href":"https:\/\/konferenztechnik.de\/fr\/wp-json\/wp\/v2\/pages"}],"about":[{"href":"https:\/\/konferenztechnik.de\/fr\/wp-json\/wp\/v2\/types\/page"}],"author":[{"embeddable":true,"href":"https:\/\/konferenztechnik.de\/fr\/wp-json\/wp\/v2\/users\/1"}],"replies":[{"embeddable":true,"href":"https:\/\/konferenztechnik.de\/fr\/wp-json\/wp\/v2\/comments?post=40071"}],"version-history":[{"count":0,"href":"https:\/\/konferenztechnik.de\/fr\/wp-json\/wp\/v2\/pages\/40071\/revisions"}],"wp:featuredmedia":[{"embeddable":true,"href":"https:\/\/konferenztechnik.de\/fr\/wp-json\/wp\/v2\/media\/40093"}],"wp:attachment":[{"href":"https:\/\/konferenztechnik.de\/fr\/wp-json\/wp\/v2\/media?parent=40071"}],"curies":[{"name":"wp","href":"https:\/\/api.w.org\/{rel}","templated":true}]}}