{"id":47030,"date":"2024-12-20T16:48:44","date_gmt":"2024-12-20T15:48:44","guid":{"rendered":"https:\/\/konferenztechnik.de\/?page_id=47030"},"modified":"2026-01-05T16:49:39","modified_gmt":"2026-01-05T15:49:39","slug":"interpretant","status":"publish","type":"page","link":"https:\/\/konferenztechnik.de\/fr\/interpretant\/","title":{"rendered":"Interpr\u00e9ter"},"content":{"rendered":"<div data-elementor-type=\"wp-page\" data-elementor-id=\"47030\" class=\"elementor elementor-47030\" data-elementor-post-type=\"page\">\n\t\t\t\t<div data-particle_enable=\"false\" data-particle-mobile-disabled=\"false\" class=\"elementor-element elementor-element-d00b4d0 e-flex e-con-boxed e-con e-parent\" data-id=\"d00b4d0\" data-element_type=\"container\">\n\t\t\t\t\t<div class=\"e-con-inner\">\n\t\t<div data-particle_enable=\"false\" data-particle-mobile-disabled=\"false\" class=\"elementor-element elementor-element-bd8ace1 e-con-full e-flex e-con e-child\" data-id=\"bd8ace1\" data-element_type=\"container\">\n\t\t\t\t<div class=\"elementor-element elementor-element-abc10f8 elementor-widget elementor-widget-heading\" data-id=\"abc10f8\" data-element_type=\"widget\" data-widget_type=\"heading.default\">\n\t\t\t\t<div class=\"elementor-widget-container\">\n\t\t\t\t\t<h1 class=\"elementor-heading-title elementor-size-default\">Interpreting : louer ou acheter du mat\u00e9riel d'interpr\u00e9tation pour des conf\u00e9rences, des r\u00e9unions et des vid\u00e9oconf\u00e9rences<\/h1>\t\t\t\t<\/div>\n\t\t\t\t<\/div>\n\t\t\t\t<div class=\"elementor-element elementor-element-bf19fb5 elementor-widget__width-initial elementor-widget elementor-widget-image\" data-id=\"bf19fb5\" data-element_type=\"widget\" data-widget_type=\"image.default\">\n\t\t\t\t<div class=\"elementor-widget-container\">\n\t\t\t\t\t\t\t\t\t\t\t\t\t\t\t<img fetchpriority=\"high\" decoding=\"async\" width=\"1300\" height=\"490\" src=\"https:\/\/konferenztechnik.de\/wp-content\/uploads\/2023\/04\/interpreting-technik-mieten.jpg\" class=\"attachment-full size-full wp-image-24296\" alt=\"Vue d&#039;une salle de r\u00e9union, tables dispos\u00e9es en U, plus un poste de d\u00e9l\u00e9gu\u00e9 pour chaque personne \u00e0 la table.\" srcset=\"https:\/\/konferenztechnik.de\/wp-content\/uploads\/2023\/04\/interpreting-technik-mieten.jpg 1300w, https:\/\/konferenztechnik.de\/wp-content\/uploads\/2023\/04\/interpreting-technik-mieten-300x113.jpg 300w, https:\/\/konferenztechnik.de\/wp-content\/uploads\/2023\/04\/interpreting-technik-mieten-1024x386.jpg 1024w, https:\/\/konferenztechnik.de\/wp-content\/uploads\/2023\/04\/interpreting-technik-mieten-768x289.jpg 768w, https:\/\/konferenztechnik.de\/wp-content\/uploads\/2023\/04\/interpreting-technik-mieten-18x7.jpg 18w\" sizes=\"(max-width: 1300px) 100vw, 1300px\" title=\"\">\t\t\t\t\t\t\t\t\t\t\t\t\t\t\t<\/div>\n\t\t\t\t<\/div>\n\t\t<div data-particle_enable=\"false\" data-particle-mobile-disabled=\"false\" class=\"elementor-element elementor-element-f056830 e-flex e-con-boxed e-con e-child\" data-id=\"f056830\" data-element_type=\"container\">\n\t\t\t\t\t<div class=\"e-con-inner\">\n\t\t<div data-particle_enable=\"false\" data-particle-mobile-disabled=\"false\" class=\"elementor-element elementor-element-cb8d149 e-con-full e-flex e-con e-child\" data-id=\"cb8d149\" data-element_type=\"container\">\n\t\t\t\t<div class=\"elementor-element elementor-element-9e1b035 elementor-widget__width-inherit elementor-widget elementor-widget-text-editor\" data-id=\"9e1b035\" data-element_type=\"widget\" data-widget_type=\"text-editor.default\">\n\t\t\t\t<div class=\"elementor-widget-container\">\n\t\t\t\t\t\t\t\t\t<p>Nous vous proposons des \u00e9quipements modernes d'interpr\u00e9tation, de conf\u00e9rence et d'\u00e9v\u00e9nementiel \u2013 pouvant \u00eatre lou\u00e9s de mani\u00e8re flexible pour des \u00e9v\u00e9nements de toutes tailles. De la petite r\u00e9union de direction au congr\u00e8s international, nous vous proposons des solutions compl\u00e8tes incluant la planification, la logistique et l'assistance technique.<\/p><p>Nos syst\u00e8mes sont compatibles, \u00e9volutifs et s'int\u00e8grent en toute s\u00e9curit\u00e9 dans les structures audio et vid\u00e9o existantes \u2013 analogiques, num\u00e9riques ou bas\u00e9es sur Dante.<\/p>\t\t\t\t\t\t\t\t<\/div>\n\t\t\t\t<\/div>\n\t\t\t\t<\/div>\n\t\t<div data-particle_enable=\"false\" data-particle-mobile-disabled=\"false\" class=\"elementor-element elementor-element-7bc210e e-con-full e-flex e-con e-child\" data-id=\"7bc210e\" data-element_type=\"container\">\n\t\t\t\t<div class=\"elementor-element elementor-element-42eafab elementor-widget elementor-widget-heading\" data-id=\"42eafab\" data-element_type=\"widget\" data-widget_type=\"heading.default\">\n\t\t\t\t<div class=\"elementor-widget-container\">\n\t\t\t\t\t<h2 class=\"elementor-heading-title elementor-size-default\"><a href=\"\/fr\/hubs-dinterpretation-et-studios-dinterpretation\/\">Interpr\u00e9tation simultan\u00e9e avec une technologie de pointe<\/a><\/h2>\t\t\t\t<\/div>\n\t\t\t\t<\/div>\n\t\t\t\t<div class=\"elementor-element elementor-element-390ddb1 elementor-widget elementor-widget-image\" data-id=\"390ddb1\" data-element_type=\"widget\" data-widget_type=\"image.default\">\n\t\t\t\t<div class=\"elementor-widget-container\">\n\t\t\t\t\t\t\t\t\t\t\t\t<figure class=\"wp-caption\">\n\t\t\t\t\t\t\t\t\t\t\t<a href=\"\/fr\/location-de-materiel-dinterpretation-et-installation-de-materiel-dinterpretation\/\">\n\t\t\t\t\t\t\t<img decoding=\"async\" width=\"835\" height=\"313\" src=\"https:\/\/konferenztechnik.de\/wp-content\/uploads\/2021\/06\/dolmetschtechnik-fuer-events-mieten-kaufen.jpg\" class=\"attachment-full size-full wp-image-17910\" alt=\"11 cabines d&#039;interpr\u00e9tation sont install\u00e9es sur une mezzanine dans une immense salle de r\u00e9union.\" srcset=\"https:\/\/konferenztechnik.de\/wp-content\/uploads\/2021\/06\/dolmetschtechnik-fuer-events-mieten-kaufen.jpg 835w, https:\/\/konferenztechnik.de\/wp-content\/uploads\/2021\/06\/dolmetschtechnik-fuer-events-mieten-kaufen-300x112.jpg 300w, https:\/\/konferenztechnik.de\/wp-content\/uploads\/2021\/06\/dolmetschtechnik-fuer-events-mieten-kaufen-768x288.jpg 768w\" sizes=\"(max-width: 835px) 100vw, 835px\" title=\"\">\t\t\t\t\t\t\t\t<\/a>\n\t\t\t\t\t\t\t\t\t\t\t<figcaption class=\"widget-image-caption wp-caption-text\"><\/figcaption>\n\t\t\t\t\t\t\t\t\t\t<\/figure>\n\t\t\t\t\t\t\t\t\t<\/div>\n\t\t\t\t<\/div>\n\t\t\t\t<div class=\"elementor-element elementor-element-a0e8302 elementor-widget__width-inherit elementor-widget elementor-widget-text-editor\" data-id=\"a0e8302\" data-element_type=\"widget\" data-widget_type=\"text-editor.default\">\n\t\t\t\t<div class=\"elementor-widget-container\">\n\t\t\t\t\t\t\t\t\t<p>Qu'il s'agisse d'\u00e9v\u00e9nements en pr\u00e9sentiel, de formats hybrides ou de vid\u00e9oconf\u00e9rences :<\/p><p>\u00a0<\/p><p>Nos syst\u00e8mes d'interpr\u00e9tation simultan\u00e9e prennent en charge jusqu'\u00e0 32 langues et garantissent une transmission claire de la voix \u2013 sur place ou \u00e0 distance.<\/p><p>\u00a0<\/p><p>Nous mettons \u00e0 votre disposition :<\/p><p>\u00a0<\/p><ul><li>Cabines d'interpr\u00e9tation simultan\u00e9e<\/li><li>Pupitres d'interpr\u00e9tation et unit\u00e9s d'interpr\u00e9tation<\/li><li>R\u00e9cepteurs et syst\u00e8mes de transmission infrarouge\/radio<\/li><li>Microphones et \u00e9quipement audio issus de la technologie \u00e9v\u00e9nementielle professionnelle<\/li><li>Solutions audio compatibles Dante pour une int\u00e9gration transparente<\/li><\/ul>\t\t\t\t\t\t\t\t<\/div>\n\t\t\t\t<\/div>\n\t\t<div data-particle_enable=\"false\" data-particle-mobile-disabled=\"false\" class=\"elementor-element elementor-element-5b30cc0 e-con-full e-flex e-con e-child\" data-id=\"5b30cc0\" data-element_type=\"container\">\n\t\t\t\t<div class=\"elementor-element elementor-element-084a4ef elementor-align-left e-transform elementor-widget elementor-widget-button\" data-id=\"084a4ef\" data-element_type=\"widget\" data-settings=\"{&quot;_transform_scale_effect_hover&quot;:{&quot;unit&quot;:&quot;px&quot;,&quot;size&quot;:1.100000000000000088817841970012523233890533447265625,&quot;sizes&quot;:[]},&quot;_transform_scale_effect_hover_widescreen&quot;:{&quot;unit&quot;:&quot;px&quot;,&quot;size&quot;:&quot;&quot;,&quot;sizes&quot;:[]},&quot;_transform_scale_effect_hover_laptop&quot;:{&quot;unit&quot;:&quot;px&quot;,&quot;size&quot;:&quot;&quot;,&quot;sizes&quot;:[]},&quot;_transform_scale_effect_hover_tablet_extra&quot;:{&quot;unit&quot;:&quot;px&quot;,&quot;size&quot;:&quot;&quot;,&quot;sizes&quot;:[]},&quot;_transform_scale_effect_hover_tablet&quot;:{&quot;unit&quot;:&quot;px&quot;,&quot;size&quot;:&quot;&quot;,&quot;sizes&quot;:[]},&quot;_transform_scale_effect_hover_mobile&quot;:{&quot;unit&quot;:&quot;px&quot;,&quot;size&quot;:&quot;&quot;,&quot;sizes&quot;:[]}}\" data-widget_type=\"button.default\">\n\t\t\t\t<div class=\"elementor-widget-container\">\n\t\t\t\t\t\t\t\t\t<div class=\"elementor-button-wrapper\">\n\t\t\t\t\t<a class=\"elementor-button elementor-button-link elementor-size-lg\" href=\"\/fr\/location-de-materiel-dinterpretation-et-installation-de-materiel-dinterpretation\/\">\n\t\t\t\t\t\t<span class=\"elementor-button-content-wrapper\">\n\t\t\t\t\t\t<span class=\"elementor-button-icon\">\n\t\t\t\t<svg aria-hidden=\"true\" class=\"e-font-icon-svg e-fas-caret-right\" viewbox=\"0 0 192 512\" xmlns=\"http:\/\/www.w3.org\/2000\/svg\"><path d=\"M0 384.662V127.338c0-17.818 21.543-26.741 34.142-14.142l128.662 128.662c7.81 7.81 7.81 20.474 0 28.284L34.142 398.804C21.543 411.404 0 402.48 0 384.662z\"><\/path><\/svg>\t\t\t<\/span>\n\t\t\t\t\t\t\t\t\t<span class=\"elementor-button-text\">En savoir plus sur les techniques d'interpr\u00e9tation<\/span>\n\t\t\t\t\t<\/span>\n\t\t\t\t\t<\/a>\n\t\t\t\t<\/div>\n\t\t\t\t\t\t\t\t<\/div>\n\t\t\t\t<\/div>\n\t\t\t\t<\/div>\n\t\t\t\t<\/div>\n\t\t<div data-particle_enable=\"false\" data-particle-mobile-disabled=\"false\" class=\"elementor-element elementor-element-fe33a7f e-con-full e-flex e-con e-child\" data-id=\"fe33a7f\" data-element_type=\"container\">\n\t\t\t\t<div class=\"elementor-element elementor-element-8b9bc88 elementor-widget elementor-widget-heading\" data-id=\"8b9bc88\" data-element_type=\"widget\" data-widget_type=\"heading.default\">\n\t\t\t\t<div class=\"elementor-widget-container\">\n\t\t\t\t\t<h2 class=\"elementor-heading-title elementor-size-default\"><a href=\"\/fr\/hubs-dinterpretation-et-studios-dinterpretation\/\">Interpr\u00e9tation \u00e0 distance (RSI) et studios d'interpr\u00e9tation\n<\/a><\/h2>\t\t\t\t<\/div>\n\t\t\t\t<\/div>\n\t\t\t\t<div class=\"elementor-element elementor-element-efc00cb elementor-widget elementor-widget-image\" data-id=\"efc00cb\" data-element_type=\"widget\" data-widget_type=\"image.default\">\n\t\t\t\t<div class=\"elementor-widget-container\">\n\t\t\t\t\t\t\t\t\t\t\t\t<figure class=\"wp-caption\">\n\t\t\t\t\t\t\t\t\t\t\t<a href=\"\/fr\/hubs-dinterpretation-et-studios-dinterpretation\/\">\n\t\t\t\t\t\t\t<img decoding=\"async\" width=\"835\" height=\"399\" src=\"https:\/\/konferenztechnik.de\/wp-content\/uploads\/2022\/02\/Dolmetsch-Hubs-PCS-GmbH.jpg\" class=\"attachment-full size-full wp-image-18852\" alt=\"Interpretsch-Hubs-PCS-GmbH\" srcset=\"https:\/\/konferenztechnik.de\/wp-content\/uploads\/2022\/02\/Dolmetsch-Hubs-PCS-GmbH.jpg 835w, https:\/\/konferenztechnik.de\/wp-content\/uploads\/2022\/02\/Dolmetsch-Hubs-PCS-GmbH-300x143.jpg 300w, https:\/\/konferenztechnik.de\/wp-content\/uploads\/2022\/02\/Dolmetsch-Hubs-PCS-GmbH-768x367.jpg 768w\" sizes=\"(max-width: 835px) 100vw, 835px\" title=\"\">\t\t\t\t\t\t\t\t<\/a>\n\t\t\t\t\t\t\t\t\t\t\t<figcaption class=\"widget-image-caption wp-caption-text\"><\/figcaption>\n\t\t\t\t\t\t\t\t\t\t<\/figure>\n\t\t\t\t\t\t\t\t\t<\/div>\n\t\t\t\t<\/div>\n\t\t\t\t<div class=\"elementor-element elementor-element-5e1fd9e elementor-widget__width-inherit elementor-widget elementor-widget-text-editor\" data-id=\"5e1fd9e\" data-element_type=\"widget\" data-widget_type=\"text-editor.default\">\n\t\t\t\t<div class=\"elementor-widget-container\">\n\t\t\t\t\t\t\t\t\t<p>Pour les r\u00e9unions en ligne, les ateliers internationaux ou les conf\u00e9rences hybrides, nous proposons des studios d'interpr\u00e9tation professionnels (hubs).<\/p><p>\u00a0<\/p><p>Vos interpr\u00e8tes seront connect\u00e9s en toute s\u00e9curit\u00e9 par audio\/vid\u00e9o, conform\u00e9ment au RGPD \u2013, et b\u00e9n\u00e9ficieront d'une assistance technique.<\/p><p>\u00a0<\/p><p>Avantages :<\/p><p>\u00a0<\/p><ul><li>Technologie stable et redondante<\/li><li>Qualit\u00e9 vocale claire, m\u00eame dans les configurations complexes<\/li><li>Connexion rapide aux plateformes de visioconf\u00e9rence courantes<\/li><li>id\u00e9al pour les participants internationaux<\/li><\/ul>\t\t\t\t\t\t\t\t<\/div>\n\t\t\t\t<\/div>\n\t\t<div data-particle_enable=\"false\" data-particle-mobile-disabled=\"false\" class=\"elementor-element elementor-element-e54a8aa e-con-full e-flex e-con e-child\" data-id=\"e54a8aa\" data-element_type=\"container\">\n\t\t\t\t<div class=\"elementor-element elementor-element-b5349b6 elementor-align-left e-transform elementor-widget elementor-widget-button\" data-id=\"b5349b6\" data-element_type=\"widget\" data-settings=\"{&quot;_transform_scale_effect_hover&quot;:{&quot;unit&quot;:&quot;px&quot;,&quot;size&quot;:1.100000000000000088817841970012523233890533447265625,&quot;sizes&quot;:[]},&quot;_transform_scale_effect_hover_widescreen&quot;:{&quot;unit&quot;:&quot;px&quot;,&quot;size&quot;:&quot;&quot;,&quot;sizes&quot;:[]},&quot;_transform_scale_effect_hover_laptop&quot;:{&quot;unit&quot;:&quot;px&quot;,&quot;size&quot;:&quot;&quot;,&quot;sizes&quot;:[]},&quot;_transform_scale_effect_hover_tablet_extra&quot;:{&quot;unit&quot;:&quot;px&quot;,&quot;size&quot;:&quot;&quot;,&quot;sizes&quot;:[]},&quot;_transform_scale_effect_hover_tablet&quot;:{&quot;unit&quot;:&quot;px&quot;,&quot;size&quot;:&quot;&quot;,&quot;sizes&quot;:[]},&quot;_transform_scale_effect_hover_mobile&quot;:{&quot;unit&quot;:&quot;px&quot;,&quot;size&quot;:&quot;&quot;,&quot;sizes&quot;:[]}}\" data-widget_type=\"button.default\">\n\t\t\t\t<div class=\"elementor-widget-container\">\n\t\t\t\t\t\t\t\t\t<div class=\"elementor-button-wrapper\">\n\t\t\t\t\t<a class=\"elementor-button elementor-button-link elementor-size-lg\" href=\"\/fr\/hubs-dinterpretation-et-studios-dinterpretation\/\">\n\t\t\t\t\t\t<span class=\"elementor-button-content-wrapper\">\n\t\t\t\t\t\t<span class=\"elementor-button-icon\">\n\t\t\t\t<svg aria-hidden=\"true\" class=\"e-font-icon-svg e-fas-caret-right\" viewbox=\"0 0 192 512\" xmlns=\"http:\/\/www.w3.org\/2000\/svg\"><path d=\"M0 384.662V127.338c0-17.818 21.543-26.741 34.142-14.142l128.662 128.662c7.81 7.81 7.81 20.474 0 28.284L34.142 398.804C21.543 411.404 0 402.48 0 384.662z\"><\/path><\/svg>\t\t\t<\/span>\n\t\t\t\t\t\t\t\t\t<span class=\"elementor-button-text\">Nos centres d'interpr\u00e9tation<\/span>\n\t\t\t\t\t<\/span>\n\t\t\t\t\t<\/a>\n\t\t\t\t<\/div>\n\t\t\t\t\t\t\t\t<\/div>\n\t\t\t\t<\/div>\n\t\t\t\t<\/div>\n\t\t\t\t<\/div>\n\t\t<div data-particle_enable=\"false\" data-particle-mobile-disabled=\"false\" class=\"elementor-element elementor-element-c0e63f6 e-con-full e-flex e-con e-child\" data-id=\"c0e63f6\" data-element_type=\"container\">\n\t\t\t\t<div class=\"elementor-element elementor-element-29b836f elementor-widget elementor-widget-heading\" data-id=\"29b836f\" data-element_type=\"widget\" data-widget_type=\"heading.default\">\n\t\t\t\t<div class=\"elementor-widget-container\">\n\t\t\t\t\t<h2 class=\"elementor-heading-title elementor-size-default\"><a href=\"\/fr\/hubs-dinterpretation-et-studios-dinterpretation\/\">Interpr\u00e9tation par Intelligence Artificielle, Interpr\u00e8tes IA<\/a><\/h2>\t\t\t\t<\/div>\n\t\t\t\t<\/div>\n\t\t\t\t<div class=\"elementor-element elementor-element-010889d elementor-widget elementor-widget-image\" data-id=\"010889d\" data-element_type=\"widget\" data-widget_type=\"image.default\">\n\t\t\t\t<div class=\"elementor-widget-container\">\n\t\t\t\t\t\t\t\t\t\t\t\t<figure class=\"wp-caption\">\n\t\t\t\t\t\t\t\t\t\t\t<a href=\"https:\/\/konferenztechnik.de\/fr\/ki-interpretation-pour-les-evenements-et-les-conferences\/\">\n\t\t\t\t\t\t\t<img loading=\"lazy\" decoding=\"async\" width=\"480\" height=\"318\" src=\"https:\/\/konferenztechnik.de\/wp-content\/uploads\/2025\/03\/KI-loesung-simultandolmetschen.avif\" class=\"attachment-full size-full wp-image-47627\" alt=\"KI-loesung-simultandolmetschen\" srcset=\"https:\/\/konferenztechnik.de\/wp-content\/uploads\/2025\/03\/KI-loesung-simultandolmetschen.avif 480w, https:\/\/konferenztechnik.de\/wp-content\/uploads\/2025\/03\/KI-loesung-simultandolmetschen-300x199.avif 300w, https:\/\/konferenztechnik.de\/wp-content\/uploads\/2025\/03\/KI-loesung-simultandolmetschen-18x12.avif 18w\" sizes=\"(max-width: 480px) 100vw, 480px\" title=\"\">\t\t\t\t\t\t\t\t<\/a>\n\t\t\t\t\t\t\t\t\t\t\t<figcaption class=\"widget-image-caption wp-caption-text\"><\/figcaption>\n\t\t\t\t\t\t\t\t\t\t<\/figure>\n\t\t\t\t\t\t\t\t\t<\/div>\n\t\t\t\t<\/div>\n\t\t\t\t<div class=\"elementor-element elementor-element-7631f4b elementor-widget__width-inherit elementor-widget elementor-widget-text-editor\" data-id=\"7631f4b\" data-element_type=\"widget\" data-widget_type=\"text-editor.default\">\n\t\t\t\t<div class=\"elementor-widget-container\">\n\t\t\t\t\t\t\t\t\t<div class=\"relative\"><div class=\"prose text-pretty dark:prose-invert inline leading-normal break-words min-w-0 [word-break:break-word]\"><p class=\"my-0\">Nos solutions d'interpr\u00e9tation bas\u00e9es sur l'IA permettent une interpr\u00e9tation en temps r\u00e9el lors d'\u00e9v\u00e9nements et de conf\u00e9rences. Elles offrent des traductions pr\u00e9cises et rentables dans plusieurs langues, id\u00e9ales pour les r\u00e9unions virtuelles, les pr\u00e9sentations en direct et les salons professionnels.<\/p><p>\u00a0<\/p><p class=\"my-0\">L'int\u00e9gration de l'intelligence artificielle permet d'obtenir une traduction de haute qualit\u00e9, qui aide \u00e0 surmonter les barri\u00e8res linguistiques. Nous proposons \u00e9galement des solutions de synth\u00e8se vocale bas\u00e9es sur l'IA. Soit sous forme de sous-titrage en direct, soit sous forme de solution d'interpr\u00e9tation textuelle. Nous vous conseillons volontiers sur les cas o\u00f9 l'interpr\u00e9tation bas\u00e9e sur l'IA est pertinente.<\/p><\/div><\/div>\t\t\t\t\t\t\t\t<\/div>\n\t\t\t\t<\/div>\n\t\t<div data-particle_enable=\"false\" data-particle-mobile-disabled=\"false\" class=\"elementor-element elementor-element-4c58687 e-flex e-con-boxed e-con e-child\" data-id=\"4c58687\" data-element_type=\"container\">\n\t\t\t\t\t<div class=\"e-con-inner\">\n\t\t\t\t<div class=\"elementor-element elementor-element-600286b elementor-align-left e-transform elementor-widget elementor-widget-button\" data-id=\"600286b\" data-element_type=\"widget\" data-settings=\"{&quot;_transform_scale_effect_hover&quot;:{&quot;unit&quot;:&quot;px&quot;,&quot;size&quot;:1.100000000000000088817841970012523233890533447265625,&quot;sizes&quot;:[]},&quot;_transform_scale_effect_hover_widescreen&quot;:{&quot;unit&quot;:&quot;px&quot;,&quot;size&quot;:&quot;&quot;,&quot;sizes&quot;:[]},&quot;_transform_scale_effect_hover_laptop&quot;:{&quot;unit&quot;:&quot;px&quot;,&quot;size&quot;:&quot;&quot;,&quot;sizes&quot;:[]},&quot;_transform_scale_effect_hover_tablet_extra&quot;:{&quot;unit&quot;:&quot;px&quot;,&quot;size&quot;:&quot;&quot;,&quot;sizes&quot;:[]},&quot;_transform_scale_effect_hover_tablet&quot;:{&quot;unit&quot;:&quot;px&quot;,&quot;size&quot;:&quot;&quot;,&quot;sizes&quot;:[]},&quot;_transform_scale_effect_hover_mobile&quot;:{&quot;unit&quot;:&quot;px&quot;,&quot;size&quot;:&quot;&quot;,&quot;sizes&quot;:[]}}\" data-widget_type=\"button.default\">\n\t\t\t\t<div class=\"elementor-widget-container\">\n\t\t\t\t\t\t\t\t\t<div class=\"elementor-button-wrapper\">\n\t\t\t\t\t<a class=\"elementor-button elementor-button-link elementor-size-lg\" href=\"https:\/\/konferenztechnik.de\/fr\/ki-interpretation-pour-les-evenements-et-les-conferences\/\">\n\t\t\t\t\t\t<span class=\"elementor-button-content-wrapper\">\n\t\t\t\t\t\t<span class=\"elementor-button-icon\">\n\t\t\t\t<svg aria-hidden=\"true\" class=\"e-font-icon-svg e-fas-caret-right\" viewbox=\"0 0 192 512\" xmlns=\"http:\/\/www.w3.org\/2000\/svg\"><path d=\"M0 384.662V127.338c0-17.818 21.543-26.741 34.142-14.142l128.662 128.662c7.81 7.81 7.81 20.474 0 28.284L34.142 398.804C21.543 411.404 0 402.48 0 384.662z\"><\/path><\/svg>\t\t\t<\/span>\n\t\t\t\t\t\t\t\t\t<span class=\"elementor-button-text\">Solutions d'interpr\u00e9tation par IA<\/span>\n\t\t\t\t\t<\/span>\n\t\t\t\t\t<\/a>\n\t\t\t\t<\/div>\n\t\t\t\t\t\t\t\t<\/div>\n\t\t\t\t<\/div>\n\t\t\t\t\t<\/div>\n\t\t\t\t<\/div>\n\t\t\t\t<\/div>\n\t\t<div data-particle_enable=\"false\" data-particle-mobile-disabled=\"false\" class=\"elementor-element elementor-element-73502fa e-con-full e-flex e-con e-child\" data-id=\"73502fa\" data-element_type=\"container\">\n\t\t\t\t<div class=\"elementor-element elementor-element-7fbebdb elementor-widget__width-inherit elementor-widget elementor-widget-heading\" data-id=\"7fbebdb\" data-element_type=\"widget\" data-widget_type=\"heading.default\">\n\t\t\t\t<div class=\"elementor-widget-container\">\n\t\t\t\t\t<h2 class=\"elementor-heading-title elementor-size-default\"><a href=\"\/fr\/systemes-de-discussion-postes-dinterphonie-louer-acheter-installer-leasing\/\">Syst\u00e8mes de discussion avec fonction d'interpr\u00e9tation<\/a><\/h2>\t\t\t\t<\/div>\n\t\t\t\t<\/div>\n\t\t<div data-particle_enable=\"false\" data-particle-mobile-disabled=\"false\" class=\"elementor-element elementor-element-2d4190a e-con-full e-flex e-con e-child\" data-id=\"2d4190a\" data-element_type=\"container\">\n\t\t\t\t<div class=\"elementor-element elementor-element-f91a6ee elementor-widget elementor-widget-image\" data-id=\"f91a6ee\" data-element_type=\"widget\" data-widget_type=\"image.default\">\n\t\t\t\t<div class=\"elementor-widget-container\">\n\t\t\t\t\t\t\t\t\t\t\t\t\t\t\t<img loading=\"lazy\" decoding=\"async\" width=\"800\" height=\"300\" src=\"https:\/\/konferenztechnik.de\/wp-content\/uploads\/2021\/06\/diskussionsanlagen-konferenzsysteme-mieten-kaufen.jpg\" class=\"attachment-large size-large wp-image-17941\" alt=\"Un dispositif de discussion est mis en place autour d&#039;une table ronde autour de laquelle 20 hommes et femmes sont assis et discutent.\" srcset=\"https:\/\/konferenztechnik.de\/wp-content\/uploads\/2021\/06\/diskussionsanlagen-konferenzsysteme-mieten-kaufen.jpg 835w, https:\/\/konferenztechnik.de\/wp-content\/uploads\/2021\/06\/diskussionsanlagen-konferenzsysteme-mieten-kaufen-300x112.jpg 300w, https:\/\/konferenztechnik.de\/wp-content\/uploads\/2021\/06\/diskussionsanlagen-konferenzsysteme-mieten-kaufen-768x288.jpg 768w\" sizes=\"(max-width: 800px) 100vw, 800px\" title=\"\">\t\t\t\t\t\t\t\t\t\t\t\t\t\t\t<\/div>\n\t\t\t\t<\/div>\n\t\t\t\t<div class=\"elementor-element elementor-element-e909070 elementor-widget__width-inherit elementor-widget elementor-widget-text-editor\" data-id=\"e909070\" data-element_type=\"widget\" data-widget_type=\"text-editor.default\">\n\t\t\t\t<div class=\"elementor-widget-container\">\n\t\t\t\t\t\t\t\t\t<p>Les syst\u00e8mes de discussion sont un \u00e9l\u00e9ment central des technologies modernes de conf\u00e9rence et d'interpr\u00e9tation. Ils sont utilis\u00e9s partout o\u00f9 des personnes se r\u00e9unissent autour d'une table pour discuter, d\u00e9lib\u00e9rer ou prendre des d\u00e9cisions, par exemple lors de r\u00e9unions de comit\u00e9s, de tables rondes, de sessions parlementaires, de r\u00e9unions de comit\u00e9s d'entreprise europ\u00e9ens ou de conf\u00e9rences internationales.<\/p><p>\u00a0<\/p><p>Selon les besoins, nous utilisons des microphones de discussion sans fil ou c\u00e2bl\u00e9s qui garantissent une transmission claire de la voix pour tous les participants. Les syst\u00e8mes s'int\u00e8grent parfaitement aux installations de haut-parleurs et de vid\u00e9oconf\u00e9rence et sont id\u00e9aux pour les r\u00e9unions hybrides.<\/p><p>\u00a0<\/p><p>Sur demande, les syst\u00e8mes de discussion peuvent \u00e9galement \u00eatre combin\u00e9s avec notre \u00e9quipement d'interpr\u00e9tation : les langues sont diffus\u00e9es directement dans les casques au niveau des postes d'interphonie. Tous les participants peuvent ainsi prendre part activement aux r\u00e9unions multilingues.<\/p>\t\t\t\t\t\t\t\t<\/div>\n\t\t\t\t<\/div>\n\t\t<div data-particle_enable=\"false\" data-particle-mobile-disabled=\"false\" class=\"elementor-element elementor-element-f2f5a53 e-con-full e-flex e-con e-child\" data-id=\"f2f5a53\" data-element_type=\"container\">\n\t\t\t\t<div class=\"elementor-element elementor-element-081a698 elementor-align-left e-transform elementor-widget elementor-widget-button\" data-id=\"081a698\" data-element_type=\"widget\" data-settings=\"{&quot;_transform_scale_effect_hover&quot;:{&quot;unit&quot;:&quot;px&quot;,&quot;size&quot;:1.100000000000000088817841970012523233890533447265625,&quot;sizes&quot;:[]},&quot;_transform_scale_effect_hover_widescreen&quot;:{&quot;unit&quot;:&quot;px&quot;,&quot;size&quot;:&quot;&quot;,&quot;sizes&quot;:[]},&quot;_transform_scale_effect_hover_laptop&quot;:{&quot;unit&quot;:&quot;px&quot;,&quot;size&quot;:&quot;&quot;,&quot;sizes&quot;:[]},&quot;_transform_scale_effect_hover_tablet_extra&quot;:{&quot;unit&quot;:&quot;px&quot;,&quot;size&quot;:&quot;&quot;,&quot;sizes&quot;:[]},&quot;_transform_scale_effect_hover_tablet&quot;:{&quot;unit&quot;:&quot;px&quot;,&quot;size&quot;:&quot;&quot;,&quot;sizes&quot;:[]},&quot;_transform_scale_effect_hover_mobile&quot;:{&quot;unit&quot;:&quot;px&quot;,&quot;size&quot;:&quot;&quot;,&quot;sizes&quot;:[]}}\" data-widget_type=\"button.default\">\n\t\t\t\t<div class=\"elementor-widget-container\">\n\t\t\t\t\t\t\t\t\t<div class=\"elementor-button-wrapper\">\n\t\t\t\t\t<a class=\"elementor-button elementor-button-link elementor-size-lg\" href=\"\/fr\/systemes-de-discussion-postes-dinterphonie-louer-acheter-installer-leasing\/\">\n\t\t\t\t\t\t<span class=\"elementor-button-content-wrapper\">\n\t\t\t\t\t\t<span class=\"elementor-button-icon\">\n\t\t\t\t<svg aria-hidden=\"true\" class=\"e-font-icon-svg e-fas-caret-right\" viewbox=\"0 0 192 512\" xmlns=\"http:\/\/www.w3.org\/2000\/svg\"><path d=\"M0 384.662V127.338c0-17.818 21.543-26.741 34.142-14.142l128.662 128.662c7.81 7.81 7.81 20.474 0 28.284L34.142 398.804C21.543 411.404 0 402.48 0 384.662z\"><\/path><\/svg>\t\t\t<\/span>\n\t\t\t\t\t\t\t\t\t<span class=\"elementor-button-text\">En savoir plus sur les syst\u00e8mes de conf\u00e9rence<\/span>\n\t\t\t\t\t<\/span>\n\t\t\t\t\t<\/a>\n\t\t\t\t<\/div>\n\t\t\t\t\t\t\t\t<\/div>\n\t\t\t\t<\/div>\n\t\t\t\t<\/div>\n\t\t\t\t<\/div>\n\t\t\t\t<\/div>\n\t\t<div data-particle_enable=\"false\" data-particle-mobile-disabled=\"false\" class=\"elementor-element elementor-element-5ef87a2 e-con-full e-flex e-con e-child\" data-id=\"5ef87a2\" data-element_type=\"container\">\n\t\t\t\t<div class=\"elementor-element elementor-element-66eec4e elementor-widget elementor-widget-heading\" data-id=\"66eec4e\" data-element_type=\"widget\" data-settings=\"{&quot;_animation&quot;:&quot;none&quot;}\" data-widget_type=\"heading.default\">\n\t\t\t\t<div class=\"elementor-widget-container\">\n\t\t\t\t\t<h2 class=\"elementor-heading-title elementor-size-default\">Installations de guidage de personnes et interpr\u00e9tation chuchot\u00e9e<\/h2>\t\t\t\t<\/div>\n\t\t\t\t<\/div>\n\t\t\t\t<div class=\"elementor-element elementor-element-6332c05 elementor-widget elementor-widget-image\" data-id=\"6332c05\" data-element_type=\"widget\" data-widget_type=\"image.default\">\n\t\t\t\t<div class=\"elementor-widget-container\">\n\t\t\t\t\t\t\t\t\t\t\t\t\t\t\t<img loading=\"lazy\" decoding=\"async\" width=\"800\" height=\"300\" src=\"https:\/\/konferenztechnik.de\/wp-content\/uploads\/2021\/06\/personenfuehrungsanlagen-fluesterdolmetschen-pfa-mieten-kaufen.jpg\" class=\"attachment-large size-large wp-image-17945\" alt=\"Un syst\u00e8me de guidage de personnes en action dans un hall d&#039;usine. Une vingtaine de personnes sont guid\u00e9es \u00e0 travers le hall, l&#039;animatrice explique certains d\u00e9tails de la production dans le hall, tandis que les invit\u00e9s portent des \u00e9couteurs pour mieux entendre l&#039;animatrice.\" srcset=\"https:\/\/konferenztechnik.de\/wp-content\/uploads\/2021\/06\/personenfuehrungsanlagen-fluesterdolmetschen-pfa-mieten-kaufen.jpg 835w, https:\/\/konferenztechnik.de\/wp-content\/uploads\/2021\/06\/personenfuehrungsanlagen-fluesterdolmetschen-pfa-mieten-kaufen-300x112.jpg 300w, https:\/\/konferenztechnik.de\/wp-content\/uploads\/2021\/06\/personenfuehrungsanlagen-fluesterdolmetschen-pfa-mieten-kaufen-768x288.jpg 768w\" sizes=\"(max-width: 800px) 100vw, 800px\" title=\"\">\t\t\t\t\t\t\t\t\t\t\t\t\t\t\t<\/div>\n\t\t\t\t<\/div>\n\t\t\t\t<div class=\"elementor-element elementor-element-e954061 elementor-widget__width-inherit elementor-widget elementor-widget-text-editor\" data-id=\"e954061\" data-element_type=\"widget\" data-widget_type=\"text-editor.default\">\n\t\t\t\t<div class=\"elementor-widget-container\">\n\t\t\t\t\t\t\t\t\t<p>Pour les visites guid\u00e9es, les interventions mobiles ou les petits groupes, nous mettons \u00e0 disposition des syst\u00e8mes de guidage modernes \u2013 sans fil, l\u00e9gers et fiables.<\/p><p>\u00a0<\/p><p>Parfait pour :<\/p><p>\u00a0<\/p><ul><li>Visites guid\u00e9es de l'usine<\/li><li>Visites guid\u00e9es de la ville<\/li><li>Formations<\/li><li>Situations d'interpr\u00e9tation mobile<\/li><li>Installations temporaires sans cabine<\/li><\/ul>\t\t\t\t\t\t\t\t<\/div>\n\t\t\t\t<\/div>\n\t\t\t\t<div class=\"elementor-element elementor-element-9eacfcd elementor-widget__width-inherit elementor-widget elementor-widget-text-editor\" data-id=\"9eacfcd\" data-element_type=\"widget\" data-widget_type=\"text-editor.default\">\n\t\t\t\t<div class=\"elementor-widget-container\">\n\t\t\t\t\t\t\t\t\t<p><strong>Interpr\u00e9tation chuchot\u00e9e : oui ou non ?<\/strong><br \/>L'interpr\u00e9tation chuchot\u00e9e peut \u00eatre une bonne solution pour les petits \u00e9v\u00e9nements \u00e0 petit budget ou pour les missions d'interpr\u00e9tation de courte dur\u00e9e.<\/p><p>\u00a0<\/p><p>Les syst\u00e8mes de guidage vocal ne remplacent toutefois pas un \u00e9quipement d'interpr\u00e9tation professionnel.<\/p><p>\u00a0<\/p><p>Les interpr\u00e8tes ne sont pas isol\u00e9s des bruits ambiants et les participants les entendent parler dans la salle.<\/p><p>\u00a0<\/p><p>Il convient toujours de convenir au pr\u00e9alable avec les interpr\u00e8tes de la possibilit\u00e9 de recourir \u00e0 l'interpr\u00e9tation chuchot\u00e9e.<\/p>\t\t\t\t\t\t\t\t<\/div>\n\t\t\t\t<\/div>\n\t\t\t\t<div class=\"elementor-element elementor-element-6ed1693 elementor-align-left e-transform elementor-widget elementor-widget-button\" data-id=\"6ed1693\" data-element_type=\"widget\" data-settings=\"{&quot;_transform_scale_effect_hover&quot;:{&quot;unit&quot;:&quot;px&quot;,&quot;size&quot;:1.100000000000000088817841970012523233890533447265625,&quot;sizes&quot;:[]},&quot;_transform_scale_effect_hover_widescreen&quot;:{&quot;unit&quot;:&quot;px&quot;,&quot;size&quot;:&quot;&quot;,&quot;sizes&quot;:[]},&quot;_transform_scale_effect_hover_laptop&quot;:{&quot;unit&quot;:&quot;px&quot;,&quot;size&quot;:&quot;&quot;,&quot;sizes&quot;:[]},&quot;_transform_scale_effect_hover_tablet_extra&quot;:{&quot;unit&quot;:&quot;px&quot;,&quot;size&quot;:&quot;&quot;,&quot;sizes&quot;:[]},&quot;_transform_scale_effect_hover_tablet&quot;:{&quot;unit&quot;:&quot;px&quot;,&quot;size&quot;:&quot;&quot;,&quot;sizes&quot;:[]},&quot;_transform_scale_effect_hover_mobile&quot;:{&quot;unit&quot;:&quot;px&quot;,&quot;size&quot;:&quot;&quot;,&quot;sizes&quot;:[]}}\" data-widget_type=\"button.default\">\n\t\t\t\t<div class=\"elementor-widget-container\">\n\t\t\t\t\t\t\t\t\t<div class=\"elementor-button-wrapper\">\n\t\t\t\t\t<a class=\"elementor-button elementor-button-link elementor-size-lg\" href=\"\/fr\/louer-acheter-installer-des-systemes-de-transport-de-personnes\/\">\n\t\t\t\t\t\t<span class=\"elementor-button-content-wrapper\">\n\t\t\t\t\t\t<span class=\"elementor-button-icon\">\n\t\t\t\t<svg aria-hidden=\"true\" class=\"e-font-icon-svg e-fas-caret-right\" viewbox=\"0 0 192 512\" xmlns=\"http:\/\/www.w3.org\/2000\/svg\"><path d=\"M0 384.662V127.338c0-17.818 21.543-26.741 34.142-14.142l128.662 128.662c7.81 7.81 7.81 20.474 0 28.284L34.142 398.804C21.543 411.404 0 402.48 0 384.662z\"><\/path><\/svg>\t\t\t<\/span>\n\t\t\t\t\t\t\t\t\t<span class=\"elementor-button-text\">Syst\u00e8mes de guidage de personnes (PFAs)<\/span>\n\t\t\t\t\t<\/span>\n\t\t\t\t\t<\/a>\n\t\t\t\t<\/div>\n\t\t\t\t\t\t\t\t<\/div>\n\t\t\t\t<\/div>\n\t\t\t\t<\/div>\n\t\t<div data-particle_enable=\"false\" data-particle-mobile-disabled=\"false\" class=\"elementor-element elementor-element-abda0b9 e-con-full e-flex e-con e-child\" data-id=\"abda0b9\" data-element_type=\"container\">\n\t\t\t\t<div class=\"elementor-element elementor-element-5d078c6 elementor-widget elementor-widget-heading\" data-id=\"5d078c6\" data-element_type=\"widget\" data-settings=\"{&quot;_animation&quot;:&quot;none&quot;}\" data-widget_type=\"heading.default\">\n\t\t\t\t<div class=\"elementor-widget-container\">\n\t\t\t\t\t<h2 class=\"elementor-heading-title elementor-size-default\">Interpr\u00e8tes en langue des signes pour les \u00e9v\u00e9nements et les conf\u00e9rences<\/h2>\t\t\t\t<\/div>\n\t\t\t\t<\/div>\n\t\t\t\t<div class=\"elementor-element elementor-element-cf441d0 elementor-widget elementor-widget-image\" data-id=\"cf441d0\" data-element_type=\"widget\" data-widget_type=\"image.default\">\n\t\t\t\t<div class=\"elementor-widget-container\">\n\t\t\t\t\t\t\t\t\t\t\t\t\t\t\t<img loading=\"lazy\" decoding=\"async\" width=\"800\" height=\"300\" src=\"https:\/\/konferenztechnik.de\/wp-content\/uploads\/2024\/06\/gebaerdendolmetscher-buchen.jpg\" class=\"attachment-large size-large wp-image-46031\" alt=\"Interpr\u00e8te en langue des signes en action\" srcset=\"https:\/\/konferenztechnik.de\/wp-content\/uploads\/2024\/06\/gebaerdendolmetscher-buchen.jpg 835w, https:\/\/konferenztechnik.de\/wp-content\/uploads\/2024\/06\/gebaerdendolmetscher-buchen-300x112.jpg 300w, https:\/\/konferenztechnik.de\/wp-content\/uploads\/2024\/06\/gebaerdendolmetscher-buchen-768x288.jpg 768w, https:\/\/konferenztechnik.de\/wp-content\/uploads\/2024\/06\/gebaerdendolmetscher-buchen-18x7.jpg 18w\" sizes=\"(max-width: 800px) 100vw, 800px\" title=\"\">\t\t\t\t\t\t\t\t\t\t\t\t\t\t\t<\/div>\n\t\t\t\t<\/div>\n\t\t\t\t<div class=\"elementor-element elementor-element-fedc118 elementor-widget__width-inherit elementor-widget elementor-widget-text-editor\" data-id=\"fedc118\" data-element_type=\"widget\" data-widget_type=\"text-editor.default\">\n\t\t\t\t<div class=\"elementor-widget-container\">\n\t\t\t\t\t\t\t\t\t<p>Nous fournissons des interpr\u00e8tes en langue des signes et la technologie n\u00e9cessaire. L'interpr\u00e9tation en langue des signes est un \u00e9l\u00e9ment essentiel de la communication accessible et permet aux personnes sourdes et malentendantes de participer pleinement \u00e0 des conf\u00e9rences, des r\u00e9unions, des rencontres num\u00e9riques et des vid\u00e9oconf\u00e9rences.<\/p>\t\t\t\t\t\t\t\t<\/div>\n\t\t\t\t<\/div>\n\t\t\t\t<div class=\"elementor-element elementor-element-79d31b5 elementor-align-left e-transform elementor-widget elementor-widget-button\" data-id=\"79d31b5\" data-element_type=\"widget\" data-settings=\"{&quot;_transform_scale_effect_hover&quot;:{&quot;unit&quot;:&quot;px&quot;,&quot;size&quot;:1.100000000000000088817841970012523233890533447265625,&quot;sizes&quot;:[]},&quot;_transform_scale_effect_hover_widescreen&quot;:{&quot;unit&quot;:&quot;px&quot;,&quot;size&quot;:&quot;&quot;,&quot;sizes&quot;:[]},&quot;_transform_scale_effect_hover_laptop&quot;:{&quot;unit&quot;:&quot;px&quot;,&quot;size&quot;:&quot;&quot;,&quot;sizes&quot;:[]},&quot;_transform_scale_effect_hover_tablet_extra&quot;:{&quot;unit&quot;:&quot;px&quot;,&quot;size&quot;:&quot;&quot;,&quot;sizes&quot;:[]},&quot;_transform_scale_effect_hover_tablet&quot;:{&quot;unit&quot;:&quot;px&quot;,&quot;size&quot;:&quot;&quot;,&quot;sizes&quot;:[]},&quot;_transform_scale_effect_hover_mobile&quot;:{&quot;unit&quot;:&quot;px&quot;,&quot;size&quot;:&quot;&quot;,&quot;sizes&quot;:[]}}\" data-widget_type=\"button.default\">\n\t\t\t\t<div class=\"elementor-widget-container\">\n\t\t\t\t\t\t\t\t\t<div class=\"elementor-button-wrapper\">\n\t\t\t\t\t<a class=\"elementor-button elementor-button-link elementor-size-lg\" href=\"https:\/\/konferenztechnik.de\/fr\/interpretation-de-conference-evenements\/\">\n\t\t\t\t\t\t<span class=\"elementor-button-content-wrapper\">\n\t\t\t\t\t\t<span class=\"elementor-button-icon\">\n\t\t\t\t<svg aria-hidden=\"true\" class=\"e-font-icon-svg e-fas-caret-right\" viewbox=\"0 0 192 512\" xmlns=\"http:\/\/www.w3.org\/2000\/svg\"><path d=\"M0 384.662V127.338c0-17.818 21.543-26.741 34.142-14.142l128.662 128.662c7.81 7.81 7.81 20.474 0 28.284L34.142 398.804C21.543 411.404 0 402.48 0 384.662z\"><\/path><\/svg>\t\t\t<\/span>\n\t\t\t\t\t\t\t\t\t<span class=\"elementor-button-text\">R\u00e9server des interpr\u00e8tes en langue des signes et de la technique<\/span>\n\t\t\t\t\t<\/span>\n\t\t\t\t\t<\/a>\n\t\t\t\t<\/div>\n\t\t\t\t\t\t\t\t<\/div>\n\t\t\t\t<\/div>\n\t\t\t\t<\/div>\n\t\t<div data-particle_enable=\"false\" data-particle-mobile-disabled=\"false\" class=\"elementor-element elementor-element-b3443f4 e-con-full e-flex e-con e-child\" data-id=\"b3443f4\" data-element_type=\"container\">\n\t\t\t\t<div class=\"elementor-element elementor-element-41d56da elementor-widget elementor-widget-heading\" data-id=\"41d56da\" data-element_type=\"widget\" data-settings=\"{&quot;_animation&quot;:&quot;none&quot;}\" data-widget_type=\"heading.default\">\n\t\t\t\t<div class=\"elementor-widget-container\">\n\t\t\t\t\t<h2 class=\"elementor-heading-title elementor-size-default\">Conseil, planification et assistance technique<\/h2>\t\t\t\t<\/div>\n\t\t\t\t<\/div>\n\t\t\t\t<div class=\"elementor-element elementor-element-c94db4f elementor-widget__width-inherit elementor-widget elementor-widget-text-editor\" data-id=\"c94db4f\" data-element_type=\"widget\" data-widget_type=\"text-editor.default\">\n\t\t\t\t<div class=\"elementor-widget-container\">\n\t\t\t\t\t\t\t\t\t<p>Avant votre \u00e9v\u00e9nement, vous b\u00e9n\u00e9ficierez de conseils d'experts afin de choisir l'\u00e9quipement technique adapt\u00e9 \u00e0 la taille de la salle, au nombre de participants et au format de l'\u00e9v\u00e9nement.<\/p><p>\u00a0<\/p><p>Pendant l'\u00e9v\u00e9nement, vous b\u00e9n\u00e9ficierez du soutien :<\/p><p>\u00a0<\/p><ul><li>techniciens<\/li><li>Coordinateurs d'\u00e9v\u00e9nements<\/li><li>mod\u00e9rateurs techniques<\/li><li>R\u00e9alisateurs d'images<\/li><\/ul><p>Nos \u00e9quipes veillent au bon d\u00e9roulement du processus \u2013, de la premi\u00e8re connexion \u00e0 la derni\u00e8re session.<\/p>\t\t\t\t\t\t\t\t<\/div>\n\t\t\t\t<\/div>\n\t\t\t\t<div class=\"elementor-element elementor-element-dc7b57c elementor-align-left e-transform elementor-widget elementor-widget-button\" data-id=\"dc7b57c\" data-element_type=\"widget\" data-settings=\"{&quot;_transform_scale_effect_hover&quot;:{&quot;unit&quot;:&quot;px&quot;,&quot;size&quot;:1.100000000000000088817841970012523233890533447265625,&quot;sizes&quot;:[]},&quot;_transform_scale_effect_hover_widescreen&quot;:{&quot;unit&quot;:&quot;px&quot;,&quot;size&quot;:&quot;&quot;,&quot;sizes&quot;:[]},&quot;_transform_scale_effect_hover_laptop&quot;:{&quot;unit&quot;:&quot;px&quot;,&quot;size&quot;:&quot;&quot;,&quot;sizes&quot;:[]},&quot;_transform_scale_effect_hover_tablet_extra&quot;:{&quot;unit&quot;:&quot;px&quot;,&quot;size&quot;:&quot;&quot;,&quot;sizes&quot;:[]},&quot;_transform_scale_effect_hover_tablet&quot;:{&quot;unit&quot;:&quot;px&quot;,&quot;size&quot;:&quot;&quot;,&quot;sizes&quot;:[]},&quot;_transform_scale_effect_hover_mobile&quot;:{&quot;unit&quot;:&quot;px&quot;,&quot;size&quot;:&quot;&quot;,&quot;sizes&quot;:[]}}\" data-widget_type=\"button.default\">\n\t\t\t\t<div class=\"elementor-widget-container\">\n\t\t\t\t\t\t\t\t\t<div class=\"elementor-button-wrapper\">\n\t\t\t\t\t<a class=\"elementor-button elementor-button-link elementor-size-lg\" href=\"#serviceteam\">\n\t\t\t\t\t\t<span class=\"elementor-button-content-wrapper\">\n\t\t\t\t\t\t<span class=\"elementor-button-icon\">\n\t\t\t\t<svg aria-hidden=\"true\" class=\"e-font-icon-svg e-fas-caret-right\" viewbox=\"0 0 192 512\" xmlns=\"http:\/\/www.w3.org\/2000\/svg\"><path d=\"M0 384.662V127.338c0-17.818 21.543-26.741 34.142-14.142l128.662 128.662c7.81 7.81 7.81 20.474 0 28.284L34.142 398.804C21.543 411.404 0 402.48 0 384.662z\"><\/path><\/svg>\t\t\t<\/span>\n\t\t\t\t\t\t\t\t\t<span class=\"elementor-button-text\">Demander maintenant<\/span>\n\t\t\t\t\t<\/span>\n\t\t\t\t\t<\/a>\n\t\t\t\t<\/div>\n\t\t\t\t\t\t\t\t<\/div>\n\t\t\t\t<\/div>\n\t\t\t\t<\/div>\n\t\t<div data-particle_enable=\"false\" data-particle-mobile-disabled=\"false\" class=\"elementor-element elementor-element-aec0ffe e-con-full e-flex e-con e-child\" data-id=\"aec0ffe\" data-element_type=\"container\">\n\t\t\t\t<div class=\"elementor-element elementor-element-e04869a elementor-widget elementor-widget-heading\" data-id=\"e04869a\" data-element_type=\"widget\" data-settings=\"{&quot;_animation&quot;:&quot;none&quot;}\" data-widget_type=\"heading.default\">\n\t\t\t\t<div class=\"elementor-widget-container\">\n\t\t\t\t\t<h2 class=\"elementor-heading-title elementor-size-default\">Location dans toute l'Allemagne \u2013, logistique comprise<\/h2>\t\t\t\t<\/div>\n\t\t\t\t<\/div>\n\t\t\t\t<div class=\"elementor-element elementor-element-a12191d elementor-widget__width-inherit elementor-widget elementor-widget-text-editor\" data-id=\"a12191d\" data-element_type=\"widget\" data-widget_type=\"text-editor.default\">\n\t\t\t\t<div class=\"elementor-widget-container\">\n\t\t\t\t\t\t\t\t\t<p>Nous livrons du mat\u00e9riel d'interpr\u00e9tation et de conf\u00e9rence dans toute l'Allemagne \u2013 de mani\u00e8re fiable et ponctuelle. Sur demande, nous nous chargeons \u00e9galement de l'installation, de l'assistance en direct et du d\u00e9montage.<\/p>\t\t\t\t\t\t\t\t<\/div>\n\t\t\t\t<\/div>\n\t\t\t\t<\/div>\n\t\t\t\t\t<\/div>\n\t\t\t\t<\/div>\n\t\t\t\t<\/div>\n\t\t\t\t\t<\/div>\n\t\t\t\t<\/div>\n\t\t\t\t<\/div>","protected":false},"excerpt":{"rendered":"<p>Interpr\u00e9tation : louer ou acheter du mat\u00e9riel d'interpr\u00e9tation pour les conf\u00e9rences, les r\u00e9unions et les vid\u00e9oconf\u00e9rences Nous vous proposons du mat\u00e9riel d'interpr\u00e9tation, de conf\u00e9rence et d'\u00e9v\u00e9nementiel \u2013 moderne, disponible \u00e0 la location de mani\u00e8re flexible pour des \u00e9v\u00e9nements de toutes tailles. De la petite r\u00e9union de conseil d'administration au congr\u00e8s international, nous vous proposons des solutions compl\u00e8tes, incluant la planification, la logistique et l'assistance technique. Nos syst\u00e8mes sont compatibles, \u00e9volutifs et peuvent \u00eatre utilis\u00e9s en toute s\u00e9curit\u00e9 dans [\u2026]<\/p>","protected":false},"author":1,"featured_media":45482,"parent":0,"menu_order":0,"comment_status":"closed","ping_status":"closed","template":"","meta":{"_acf_changed":false,"footnotes":""},"class_list":["post-47030","page","type-page","status-publish","has-post-thumbnail","hentry"],"acf":[],"_links":{"self":[{"href":"https:\/\/konferenztechnik.de\/fr\/wp-json\/wp\/v2\/pages\/47030","targetHints":{"allow":["GET"]}}],"collection":[{"href":"https:\/\/konferenztechnik.de\/fr\/wp-json\/wp\/v2\/pages"}],"about":[{"href":"https:\/\/konferenztechnik.de\/fr\/wp-json\/wp\/v2\/types\/page"}],"author":[{"embeddable":true,"href":"https:\/\/konferenztechnik.de\/fr\/wp-json\/wp\/v2\/users\/1"}],"replies":[{"embeddable":true,"href":"https:\/\/konferenztechnik.de\/fr\/wp-json\/wp\/v2\/comments?post=47030"}],"version-history":[{"count":0,"href":"https:\/\/konferenztechnik.de\/fr\/wp-json\/wp\/v2\/pages\/47030\/revisions"}],"wp:featuredmedia":[{"embeddable":true,"href":"https:\/\/konferenztechnik.de\/fr\/wp-json\/wp\/v2\/media\/45482"}],"wp:attachment":[{"href":"https:\/\/konferenztechnik.de\/fr\/wp-json\/wp\/v2\/media?parent=47030"}],"curies":[{"name":"wp","href":"https:\/\/api.w.org\/{rel}","templated":true}]}}