{"id":6152,"date":"2016-02-17T14:35:20","date_gmt":"2016-02-17T13:35:20","guid":{"rendered":"https:\/\/konferenztechnik.de\/?page_id=6152"},"modified":"2016-02-17T14:35:20","modified_gmt":"2016-02-17T13:35:20","slug":"fabricant","status":"publish","type":"page","link":"https:\/\/konferenztechnik.de\/fr\/fabricant\/","title":{"rendered":"Fabricant"},"content":{"rendered":"<h1>Vertrieb von Konferenz- und AV-Medientechnik<\/h1>\n<p>[spacer size=&#8220;10&#8243;]<\/p>\n<p>Sie suchen Konferenz- und Mediensysteme oder ben\u00f6tigen Audio- oder Videotechnik? Wir sind Vertriebspartner der namhaften professionellen Hersteller in diesen Bereichen. Kleine und gro\u00dfe Systeme der AV-Technik k\u00f6nnen Sie bei uns genauso beziehen wie einzelne Komponenten, Ersatzteile und Zubeh\u00f6r.<\/p>\n<p>[column size=&#8220;1-3&#8243; last=&#8220;1&#8243;]<br \/>\n[\/column]<\/p>\n<div class=\"rahmen\">\n[column size=&#8220;1-6&#8243; last=&#8220;0&#8243;]<a href=\"https:\/\/konferenztechnik.de\/hersteller\/adam-hall\/\"><img fetchpriority=\"high\" decoding=\"async\" width=\"250\" height=\"250\" src=\"https:\/\/konferenztechnik.de\/wp-content\/uploads\/2016\/04\/logo-adamhall.jpg\" alt=\"Logo Adam Hall\" class=\"alignleft size-full wp-image-6606\" title=\"\" srcset=\"https:\/\/konferenztechnik.de\/wp-content\/uploads\/2016\/04\/logo-adamhall.jpg 250w, https:\/\/konferenztechnik.de\/wp-content\/uploads\/2016\/04\/logo-adamhall-150x150.jpg 150w\" sizes=\"(max-width: 250px) 100vw, 250px\" \/><\/a><br \/>\n[\/column]<\/p>\n<p>[column size=&#8220;1-6&#8243; last=&#8220;0&#8243;]<a href=\"https:\/\/konferenztechnik.de\/hersteller\/amx\/\"><img decoding=\"async\" width=\"250\" height=\"250\" src=\"https:\/\/konferenztechnik.de\/wp-content\/uploads\/2016\/04\/logo-amx.jpg\" alt=\"Logo AMX\" class=\"alignleft size-full wp-image-6607\" title=\"\" srcset=\"https:\/\/konferenztechnik.de\/wp-content\/uploads\/2016\/04\/logo-amx.jpg 250w, https:\/\/konferenztechnik.de\/wp-content\/uploads\/2016\/04\/logo-amx-150x150.jpg 150w\" sizes=\"(max-width: 250px) 100vw, 250px\" \/><\/a><br \/>\n[\/column]<\/p>\n<p>[column size=&#8220;1-6&#8243; last=&#8220;0&#8243;]<a href=\"https:\/\/konferenztechnik.de\/audipack\/\"><img decoding=\"async\" width=\"250\" height=\"250\" src=\"https:\/\/konferenztechnik.de\/wp-content\/uploads\/2016\/04\/logo-audipack.jpg\" alt=\"Logo Audipack\" class=\"alignleft size-full wp-image-6608\" title=\"\" srcset=\"https:\/\/konferenztechnik.de\/wp-content\/uploads\/2016\/04\/logo-audipack.jpg 250w, https:\/\/konferenztechnik.de\/wp-content\/uploads\/2016\/04\/logo-audipack-150x150.jpg 150w\" sizes=\"(max-width: 250px) 100vw, 250px\" \/><\/a><br \/>\n[\/column]<\/p>\n<p>[column size=&#8220;1-6&#8243; last=&#8220;0&#8243;]<a href=\"https:\/\/konferenztechnik.de\/hersteller\/bachmann\/\"><img loading=\"lazy\" decoding=\"async\" width=\"250\" height=\"250\" src=\"https:\/\/konferenztechnik.de\/wp-content\/uploads\/2016\/04\/logo-bachmann.jpg\" alt=\"Logo Bachmann\" class=\"alignnone size-full wp-image-6609\" title=\"\" srcset=\"https:\/\/konferenztechnik.de\/wp-content\/uploads\/2016\/04\/logo-bachmann.jpg 250w, https:\/\/konferenztechnik.de\/wp-content\/uploads\/2016\/04\/logo-bachmann-150x150.jpg 150w\" sizes=\"(max-width: 250px) 100vw, 250px\" \/><\/a><br \/>\n[\/column]<\/p>\n<p>[column size=&#8220;1-6&#8243; last=&#8220;0&#8243;]<a href=\"https:\/\/konferenztechnik.de\/barco\/\"><img loading=\"lazy\" decoding=\"async\" width=\"250\" height=\"250\" src=\"https:\/\/konferenztechnik.de\/wp-content\/uploads\/2016\/04\/logo-barco.jpg\" alt=\"Logo Barco\" class=\"alignleft size-full wp-image-6610\" title=\"\" srcset=\"https:\/\/konferenztechnik.de\/wp-content\/uploads\/2016\/04\/logo-barco.jpg 250w, https:\/\/konferenztechnik.de\/wp-content\/uploads\/2016\/04\/logo-barco-150x150.jpg 150w\" sizes=\"(max-width: 250px) 100vw, 250px\" \/><\/a><br \/>\n[\/column]<\/p>\n<p>[column size=&#8220;1-6&#8243; last=&#8220;1&#8243;]<a href=\"https:\/\/konferenztechnik.de\/hersteller\/beyerdynamic\/\"><img loading=\"lazy\" decoding=\"async\" width=\"250\" height=\"250\" src=\"https:\/\/konferenztechnik.de\/wp-content\/uploads\/2016\/04\/logo-beyerdynamic.jpg\" alt=\"Logo Beyerdynamic\" class=\"alignnone size-full wp-image-6613\" title=\"\" srcset=\"https:\/\/konferenztechnik.de\/wp-content\/uploads\/2016\/04\/logo-beyerdynamic.jpg 250w, https:\/\/konferenztechnik.de\/wp-content\/uploads\/2016\/04\/logo-beyerdynamic-150x150.jpg 150w\" sizes=\"(max-width: 250px) 100vw, 250px\" \/><\/a><br \/>\n[\/column]<\/p>\n<p>[column size=&#8220;1-6&#8243; last=&#8220;0&#8243;]<a href=\"https:\/\/konferenztechnik.de\/biamp-systems\/\"><img loading=\"lazy\" decoding=\"async\" width=\"250\" height=\"250\" src=\"https:\/\/konferenztechnik.de\/wp-content\/uploads\/2016\/04\/logo-biamp.jpg\" alt=\"Logo Biamp\" class=\"alignnone size-full wp-image-6615\" title=\"\" srcset=\"https:\/\/konferenztechnik.de\/wp-content\/uploads\/2016\/04\/logo-biamp.jpg 250w, https:\/\/konferenztechnik.de\/wp-content\/uploads\/2016\/04\/logo-biamp-150x150.jpg 150w\" sizes=\"(max-width: 250px) 100vw, 250px\" \/><\/a><br \/>\n[\/column]<\/p>\n<p>[column size=&#8220;1-6&#8243; last=&#8220;0&#8243;]<a href=\"https:\/\/konferenztechnik.de\/bosch\/\"><img loading=\"lazy\" decoding=\"async\" width=\"250\" height=\"250\" src=\"https:\/\/konferenztechnik.de\/wp-content\/uploads\/2016\/04\/logo-bosch.jpg\" alt=\"Logo Bosch\" class=\"alignnone size-full wp-image-6616\" title=\"\" srcset=\"https:\/\/konferenztechnik.de\/wp-content\/uploads\/2016\/04\/logo-bosch.jpg 250w, https:\/\/konferenztechnik.de\/wp-content\/uploads\/2016\/04\/logo-bosch-150x150.jpg 150w\" sizes=\"(max-width: 250px) 100vw, 250px\" \/><\/a><br \/>\n[\/column]<\/p>\n<p>[column size=&#8220;1-6&#8243; last=&#8220;0&#8243;]<a href=\"https:\/\/konferenztechnik.de\/bower-wilkins\/\"><img loading=\"lazy\" decoding=\"async\" width=\"250\" height=\"250\" src=\"https:\/\/konferenztechnik.de\/wp-content\/uploads\/2016\/04\/logos-bowers-wilkins.jpg\" alt=\"Logo Bowers Wilkins\" class=\"alignnone size-full wp-image-6619\" title=\"\" srcset=\"https:\/\/konferenztechnik.de\/wp-content\/uploads\/2016\/04\/logos-bowers-wilkins.jpg 250w, https:\/\/konferenztechnik.de\/wp-content\/uploads\/2016\/04\/logos-bowers-wilkins-150x150.jpg 150w\" sizes=\"(max-width: 250px) 100vw, 250px\" \/><\/a><br \/>\n[\/column]<\/p>\n<p>[column size=&#8220;1-6&#8243; last=&#8220;0&#8243;]<a href=\"https:\/\/konferenztechnik.de\/crestron\/\"><img loading=\"lazy\" decoding=\"async\" width=\"250\" height=\"250\" src=\"https:\/\/konferenztechnik.de\/wp-content\/uploads\/2016\/04\/logo-crestron.jpg\" alt=\"Logo Crestron\" class=\"alignnone size-full wp-image-6617\" title=\"\" srcset=\"https:\/\/konferenztechnik.de\/wp-content\/uploads\/2016\/04\/logo-crestron.jpg 250w, https:\/\/konferenztechnik.de\/wp-content\/uploads\/2016\/04\/logo-crestron-150x150.jpg 150w\" sizes=\"(max-width: 250px) 100vw, 250px\" \/><\/a><br \/>\n[\/column]<\/p>\n<p>[column size=&#8220;1-6&#8243; last=&#8220;0&#8243;]<a href=\"https:\/\/konferenztechnik.de\/db-technologies\/\"><img loading=\"lazy\" decoding=\"async\" width=\"250\" height=\"250\" src=\"https:\/\/konferenztechnik.de\/wp-content\/uploads\/2016\/09\/logo-dbtechnologies.jpg\" alt=\"Logo dbtechnologies\" class=\"alignnone size-full wp-image-6618\" title=\"\"><\/a><br \/>\n[\/column]<\/p>\n<p>[column size=&#8220;1-6&#8243; last=&#8220;1&#8243;]<a href=\"https:\/\/konferenztechnik.de\/dpa\/\"><img loading=\"lazy\" decoding=\"async\" width=\"250\" height=\"250\" src=\"https:\/\/konferenztechnik.de\/wp-content\/uploads\/2016\/04\/logos-dpa-microphones.jpg\" alt=\"Logo dbtechnologies\" class=\"alignnone size-full wp-image-6614\" title=\"\" srcset=\"https:\/\/konferenztechnik.de\/wp-content\/uploads\/2016\/04\/logos-dpa-microphones.jpg 250w, https:\/\/konferenztechnik.de\/wp-content\/uploads\/2016\/04\/logos-dpa-microphones-150x150.jpg 150w\" sizes=\"(max-width: 250px) 100vw, 250px\" \/><\/a><br \/>\n[\/column]<\/p>\n<p>[column size=&#8220;1-6&#8243; last=&#8220;0&#8243;]<a href=\"https:\/\/konferenztechnik.de\/eiki\/\"><img loading=\"lazy\" decoding=\"async\" width=\"250\" height=\"250\" src=\"https:\/\/konferenztechnik.de\/wp-content\/uploads\/2016\/04\/logo-eiki.jpg\" alt=\"Logo Eiki\" class=\"alignnone size-full wp-image-6643\" title=\"\" srcset=\"https:\/\/konferenztechnik.de\/wp-content\/uploads\/2016\/04\/logo-eiki.jpg 250w, https:\/\/konferenztechnik.de\/wp-content\/uploads\/2016\/04\/logo-eiki-150x150.jpg 150w\" sizes=\"(max-width: 250px) 100vw, 250px\" \/><\/a><br \/>\n[\/column]<\/p>\n<p>[column size=&#8220;1-6&#8243; last=&#8220;0&#8243;]<a href=\"https:\/\/konferenztechnik.de\/epson\/\"><img loading=\"lazy\" decoding=\"async\" width=\"250\" height=\"250\" src=\"https:\/\/konferenztechnik.de\/wp-content\/uploads\/2016\/04\/logo-epson.jpg\" alt=\"Logo Epson\" class=\"alignnone size-full wp-image-6642\" title=\"\" srcset=\"https:\/\/konferenztechnik.de\/wp-content\/uploads\/2016\/04\/logo-epson.jpg 250w, https:\/\/konferenztechnik.de\/wp-content\/uploads\/2016\/04\/logo-epson-150x150.jpg 150w\" sizes=\"(max-width: 250px) 100vw, 250px\" \/><\/a><br \/>\n[\/column]<\/p>\n<p>[column size=&#8220;1-6&#8243; last=&#8220;0&#8243;]<a href=\"https:\/\/konferenztechnik.de\/extron\/\"><img loading=\"lazy\" decoding=\"async\" width=\"250\" height=\"250\" src=\"https:\/\/konferenztechnik.de\/wp-content\/uploads\/2016\/04\/logo-extron.jpg\" alt=\"Logo Extron\" class=\"alignnone size-full wp-image-6638\" title=\"\" srcset=\"https:\/\/konferenztechnik.de\/wp-content\/uploads\/2016\/04\/logo-extron.jpg 250w, https:\/\/konferenztechnik.de\/wp-content\/uploads\/2016\/04\/logo-extron-150x150.jpg 150w\" sizes=\"(max-width: 250px) 100vw, 250px\" \/><\/a><br \/>\n[\/column]<\/p>\n<p>[column size=&#8220;1-6&#8243; last=&#8220;0&#8243;]<a href=\"https:\/\/konferenztechnik.de\/fohn\/\"><a href=\"https:\/\/konferenztechnik.de\/fohhn\/\"><img loading=\"lazy\" decoding=\"async\" width=\"250\" height=\"250\" src=\"https:\/\/konferenztechnik.de\/wp-content\/uploads\/2016\/04\/logo-fohhn.jpg\" alt=\"Logo Fohhn\" class=\"alignnone size-full wp-image-6641\" title=\"\" srcset=\"https:\/\/konferenztechnik.de\/wp-content\/uploads\/2016\/04\/logo-fohhn.jpg 250w, https:\/\/konferenztechnik.de\/wp-content\/uploads\/2016\/04\/logo-fohhn-150x150.jpg 150w\" sizes=\"(max-width: 250px) 100vw, 250px\" \/><\/a><br \/>\n[\/column]<\/p>\n<p>[column size=&#8220;1-6&#8243; last=&#8220;0&#8243;]<a href=\"https:\/\/konferenztechnik.de\/i3-technologies\/\"><a href=\"https:\/\/konferenztechnik.de\/i3-technologies\/\"><img loading=\"lazy\" decoding=\"async\" width=\"250\" height=\"250\" src=\"https:\/\/konferenztechnik.de\/wp-content\/uploads\/2016\/04\/logo-i3learning.jpg\" alt=\"Logo i3learning\" class=\"alignnone size-full wp-image-6640\" title=\"\" srcset=\"https:\/\/konferenztechnik.de\/wp-content\/uploads\/2016\/04\/logo-i3learning.jpg 250w, https:\/\/konferenztechnik.de\/wp-content\/uploads\/2016\/04\/logo-i3learning-150x150.jpg 150w\" sizes=\"(max-width: 250px) 100vw, 250px\" \/><\/a><br \/>\n[\/column]<\/p>\n<p>[column size=&#8220;1-6&#8243; last=&#8220;1&#8243;]<a href=\"https:\/\/konferenztechnik.de\/jbl\/\"><a href=\"https:\/\/konferenztechnik.de\/jbl\/\"><img loading=\"lazy\" decoding=\"async\" width=\"250\" height=\"250\" src=\"https:\/\/konferenztechnik.de\/wp-content\/uploads\/2016\/04\/logo-jbl.jpg\" alt=\"Logo JBL\" class=\"alignnone size-full wp-image-6639\" title=\"\" srcset=\"https:\/\/konferenztechnik.de\/wp-content\/uploads\/2016\/04\/logo-jbl.jpg 250w, https:\/\/konferenztechnik.de\/wp-content\/uploads\/2016\/04\/logo-jbl-150x150.jpg 150w\" sizes=\"(max-width: 250px) 100vw, 250px\" \/><\/a><br \/>\n[\/column]<\/p>\n<p>[column size=&#8220;1-6&#8243; last=&#8220;0&#8243;]<a href=\"https:\/\/konferenztechnik.de\/kindermann\/\"><img loading=\"lazy\" decoding=\"async\" width=\"250\" height=\"250\" src=\"https:\/\/konferenztechnik.de\/wp-content\/uploads\/2016\/04\/logo-kindermann.jpg\" alt=\"Logo Kindermann\" class=\"alignnone size-full wp-image-6637\" title=\"\" srcset=\"https:\/\/konferenztechnik.de\/wp-content\/uploads\/2016\/04\/logo-kindermann.jpg 250w, https:\/\/konferenztechnik.de\/wp-content\/uploads\/2016\/04\/logo-kindermann-150x150.jpg 150w\" sizes=\"(max-width: 250px) 100vw, 250px\" \/><\/a><br \/>\n[\/column]<\/p>\n<p>[column size=&#8220;1-6&#8243; last=&#8220;0&#8243;]<br \/>\n<a href=\"https:\/\/konferenztechnik.de\/kling-freitag\/\"><img loading=\"lazy\" decoding=\"async\" width=\"250\" height=\"250\" src=\"https:\/\/konferenztechnik.de\/wp-content\/uploads\/2016\/04\/logo-kling-freitag.jpg\" alt=\"Logo Kling Freitag\" class=\"alignnone size-full wp-image-6636\" title=\"\" srcset=\"https:\/\/konferenztechnik.de\/wp-content\/uploads\/2016\/04\/logo-kling-freitag.jpg 250w, https:\/\/konferenztechnik.de\/wp-content\/uploads\/2016\/04\/logo-kling-freitag-150x150.jpg 150w\" sizes=\"(max-width: 250px) 100vw, 250px\" \/><\/a><br \/>\n[\/column]<\/p>\n<p>[column size=&#8220;1-6&#8243; last=&#8220;0&#8243;]<br \/>\n<a href=\"https:\/\/konferenztechnik.de\/koenig-meyer\/\"><img loading=\"lazy\" decoding=\"async\" width=\"250\" height=\"250\" src=\"https:\/\/konferenztechnik.de\/wp-content\/uploads\/2016\/04\/logo-kundm.jpg\" alt=\"Logo Koenig und Meyer\" class=\"alignnone size-full wp-image-6635\" title=\"\" srcset=\"https:\/\/konferenztechnik.de\/wp-content\/uploads\/2016\/04\/logo-kundm.jpg 250w, https:\/\/konferenztechnik.de\/wp-content\/uploads\/2016\/04\/logo-kundm-150x150.jpg 150w\" sizes=\"(max-width: 250px) 100vw, 250px\" \/><\/a><br \/>\n[\/column]<\/p>\n<p>[column size=&#8220;1-6&#8243; last=&#8220;0&#8243;]<br \/>\n<a href=\"https:\/\/konferenztechnik.de\/kramer-2\/\"><img loading=\"lazy\" decoding=\"async\" width=\"250\" height=\"250\" src=\"https:\/\/konferenztechnik.de\/wp-content\/uploads\/2016\/04\/logo-kramer.jpg\" alt=\"Logo Kramer\" class=\"alignnone size-full wp-image-6634\" title=\"\" srcset=\"https:\/\/konferenztechnik.de\/wp-content\/uploads\/2016\/04\/logo-kramer.jpg 250w, https:\/\/konferenztechnik.de\/wp-content\/uploads\/2016\/04\/logo-kramer-150x150.jpg 150w\" sizes=\"(max-width: 250px) 100vw, 250px\" \/><\/a><br \/>\n[\/column]<\/p>\n<p>[column size=&#8220;1-6&#8243; last=&#8220;0&#8243;]<br \/>\n<a href=\"https:\/\/konferenztechnik.de\/legamaster-2\/\"><img loading=\"lazy\" decoding=\"async\" width=\"250\" height=\"250\" src=\"https:\/\/konferenztechnik.de\/wp-content\/uploads\/2016\/04\/logo-legamster.jpg\" alt=\"Logo Legamaster\" class=\"alignnone size-full wp-image-6633\" title=\"\" srcset=\"https:\/\/konferenztechnik.de\/wp-content\/uploads\/2016\/04\/logo-legamster.jpg 250w, https:\/\/konferenztechnik.de\/wp-content\/uploads\/2016\/04\/logo-legamster-150x150.jpg 150w\" sizes=\"(max-width: 250px) 100vw, 250px\" \/><\/a><br \/>\n[\/column]<\/p>\n<p>[column size=&#8220;1-6&#8243; last=&#8220;1&#8243;]<br \/>\n<a href=\"https:\/\/konferenztechnik.de\/lifesize-2\/\"><img decoding=\"async\" src=\"https:\/\/konferenztechnik.de\/wp-content\/uploads\/2016\/08\/lifesize-logo.jpg\" alt=\"Logo Lifesize\" class=\"alignnone size-full wp-image-6632\" title=\"\"><\/a><br \/>\n[\/column]<\/p>\n<p>[column size=&#8220;1-6&#8243; last=&#8220;0&#8243;]<br \/>\n<a href=\"https:\/\/konferenztechnik.de\/marantz\"><img loading=\"lazy\" decoding=\"async\" width=\"250\" height=\"250\" src=\"https:\/\/konferenztechnik.de\/wp-content\/uploads\/2016\/04\/logo-marantz.jpg\" alt=\"Logo Marantz\" class=\"alignnone size-full wp-image-6649\" title=\"\" srcset=\"https:\/\/konferenztechnik.de\/wp-content\/uploads\/2016\/04\/logo-marantz.jpg 250w, https:\/\/konferenztechnik.de\/wp-content\/uploads\/2016\/04\/logo-marantz-150x150.jpg 150w\" sizes=\"(max-width: 250px) 100vw, 250px\" \/><\/a><br \/>\n[\/column]<\/p>\n<p>[column size=&#8220;1-6&#8243; last=&#8220;0&#8243;]<br \/>\n<a href=\"https:\/\/konferenztechnik.de\/mipro\/\"><img loading=\"lazy\" decoding=\"async\" width=\"250\" height=\"250\" src=\"https:\/\/konferenztechnik.de\/wp-content\/uploads\/2016\/04\/logo-mipro.jpg\" alt=\"Logo Mipro\" class=\"alignnone size-full wp-image-6648\" title=\"\" srcset=\"https:\/\/konferenztechnik.de\/wp-content\/uploads\/2016\/04\/logo-mipro.jpg 250w, https:\/\/konferenztechnik.de\/wp-content\/uploads\/2016\/04\/logo-mipro-150x150.jpg 150w\" sizes=\"(max-width: 250px) 100vw, 250px\" \/><\/a><br \/>\n[\/column]<\/p>\n<p>[column size=&#8220;1-6&#8243; last=&#8220;0&#8243;]<br \/>\n<a href=\"https:\/\/konferenztechnik.de\/mycases\/\"><img loading=\"lazy\" decoding=\"async\" width=\"250\" height=\"250\" src=\"https:\/\/konferenztechnik.de\/wp-content\/uploads\/2016\/04\/logo-mycases.jpg\" alt=\"Logo MyCases\" class=\"alignnone size-full wp-image-6647\" title=\"\" srcset=\"https:\/\/konferenztechnik.de\/wp-content\/uploads\/2016\/04\/logo-mycases.jpg 250w, https:\/\/konferenztechnik.de\/wp-content\/uploads\/2016\/04\/logo-mycases-150x150.jpg 150w\" sizes=\"(max-width: 250px) 100vw, 250px\" \/><\/a><br \/>\n[\/column]<\/p>\n<p>[column size=&#8220;1-6&#8243; last=&#8220;0&#8243;]<br \/>\n<a href=\"https:\/\/konferenztechnik.de\/nec\/\"><img loading=\"lazy\" decoding=\"async\" width=\"250\" height=\"250\" src=\"https:\/\/konferenztechnik.de\/wp-content\/uploads\/2016\/04\/logos-nec.jpg\" alt=\"Logos NEC\" class=\"alignnone size-full wp-image-6646\" title=\"\" srcset=\"https:\/\/konferenztechnik.de\/wp-content\/uploads\/2016\/04\/logos-nec.jpg 250w, https:\/\/konferenztechnik.de\/wp-content\/uploads\/2016\/04\/logos-nec-150x150.jpg 150w\" sizes=\"(max-width: 250px) 100vw, 250px\" \/><\/a><br \/>\n[\/column]<\/p>\n<p>[column size=&#8220;1-6&#8243; last=&#8220;0&#8243;]<br \/>\n<a href=\"https:\/\/konferenztechnik.de\/panasonic\/\"><img loading=\"lazy\" decoding=\"async\" width=\"250\" height=\"250\" src=\"https:\/\/konferenztechnik.de\/wp-content\/uploads\/2016\/04\/logos-panasonic.jpg\" alt=\"Logos Panasonic\" class=\"alignnone size-full wp-image-6645\" title=\"\" srcset=\"https:\/\/konferenztechnik.de\/wp-content\/uploads\/2016\/04\/logos-panasonic.jpg 250w, https:\/\/konferenztechnik.de\/wp-content\/uploads\/2016\/04\/logos-panasonic-150x150.jpg 150w\" sizes=\"(max-width: 250px) 100vw, 250px\" \/><\/a><br \/>\n[\/column]<\/p>\n<p>[column size=&#8220;1-6&#8243; last=&#8220;1&#8243;]<br \/>\n<a href=\"https:\/\/konferenztechnik.de\/qsc\/\"><img loading=\"lazy\" decoding=\"async\" width=\"250\" height=\"250\" src=\"https:\/\/konferenztechnik.de\/wp-content\/uploads\/2016\/04\/logo-qsc.jpg\" alt=\"Logo QSC\" class=\"alignnone size-full wp-image-6657\" title=\"\" srcset=\"https:\/\/konferenztechnik.de\/wp-content\/uploads\/2016\/04\/logo-qsc.jpg 250w, https:\/\/konferenztechnik.de\/wp-content\/uploads\/2016\/04\/logo-qsc-150x150.jpg 150w\" sizes=\"(max-width: 250px) 100vw, 250px\" \/><\/a><br \/>\n[\/column]<\/p>\n<p>[column size=&#8220;1-6&#8243; last=&#8220;0&#8243;]<br \/>\n<a href=\"https:\/\/konferenztechnik.de\/rti\/\"><img loading=\"lazy\" decoding=\"async\" width=\"250\" height=\"250\" src=\"https:\/\/konferenztechnik.de\/wp-content\/uploads\/2016\/04\/logo-rti.jpg\" alt=\"Logo RTI\" class=\"alignnone size-full wp-image-6656\" title=\"\" srcset=\"https:\/\/konferenztechnik.de\/wp-content\/uploads\/2016\/04\/logo-rti.jpg 250w, https:\/\/konferenztechnik.de\/wp-content\/uploads\/2016\/04\/logo-rti-150x150.jpg 150w\" sizes=\"(max-width: 250px) 100vw, 250px\" \/><\/a><br \/>\n[\/column]<\/p>\n<p>[column size=&#8220;1-6&#8243; last=&#8220;0&#8243;]<br \/>\n<a href=\"https:\/\/konferenztechnik.de\/samsung\/\"><img loading=\"lazy\" decoding=\"async\" width=\"250\" height=\"250\" src=\"https:\/\/konferenztechnik.de\/wp-content\/uploads\/2016\/04\/logo-samsung.jpg\" alt=\"Logo Samsung\" class=\"alignnone size-full wp-image-6655\" title=\"\" srcset=\"https:\/\/konferenztechnik.de\/wp-content\/uploads\/2016\/04\/logo-samsung.jpg 250w, https:\/\/konferenztechnik.de\/wp-content\/uploads\/2016\/04\/logo-samsung-150x150.jpg 150w\" sizes=\"(max-width: 250px) 100vw, 250px\" \/><\/a><br \/>\n[\/column]<\/p>\n<p>[column size=&#8220;1-6&#8243; last=&#8220;0&#8243;]<a href=\"https:\/\/konferenztechnik.de\/sennheiser\/\"><img loading=\"lazy\" decoding=\"async\" width=\"250\" height=\"250\" src=\"https:\/\/konferenztechnik.de\/wp-content\/uploads\/2016\/04\/logo-sennheise.jpg\" alt=\"Logo Sennheiser\" class=\"alignnone size-full wp-image-6654\" title=\"\" srcset=\"https:\/\/konferenztechnik.de\/wp-content\/uploads\/2016\/04\/logo-sennheise.jpg 250w, https:\/\/konferenztechnik.de\/wp-content\/uploads\/2016\/04\/logo-sennheise-150x150.jpg 150w\" sizes=\"(max-width: 250px) 100vw, 250px\" \/><\/a><br \/>\n[\/column]<\/p>\n<p>[column size=&#8220;1-6&#8243; last=&#8220;0&#8243;]<br \/>\n<a href=\"https:\/\/konferenztechnik.de\/shure\/\"><img loading=\"lazy\" decoding=\"async\" width=\"250\" height=\"250\" src=\"https:\/\/konferenztechnik.de\/wp-content\/uploads\/2016\/04\/logo-shure.jpg\" alt=\"Logo Shure\" class=\"alignnone size-full wp-image-6659\" title=\"\" srcset=\"https:\/\/konferenztechnik.de\/wp-content\/uploads\/2016\/04\/logo-shure.jpg 250w, https:\/\/konferenztechnik.de\/wp-content\/uploads\/2016\/04\/logo-shure-150x150.jpg 150w\" sizes=\"(max-width: 250px) 100vw, 250px\" \/><\/a><br \/>\n[\/column]<\/p>\n<p>[column size=&#8220;1-6&#8243; last=&#8220;0&#8243;]<br \/>\n<a href=\"https:\/\/konferenztechnik.de\/smart-metals\/\"><img loading=\"lazy\" decoding=\"async\" width=\"250\" height=\"250\" src=\"https:\/\/konferenztechnik.de\/wp-content\/uploads\/2016\/04\/logo-smartmetals.jpg\" alt=\"Logo smartmetals\" class=\"alignnone size-full wp-image-6666\" title=\"\" srcset=\"https:\/\/konferenztechnik.de\/wp-content\/uploads\/2016\/04\/logo-smartmetals.jpg 250w, https:\/\/konferenztechnik.de\/wp-content\/uploads\/2016\/04\/logo-smartmetals-150x150.jpg 150w\" sizes=\"(max-width: 250px) 100vw, 250px\" \/><\/a><br \/>\n[\/column]<\/p>\n<p>[column size=&#8220;1-6&#8243; last=&#8220;1&#8243;]<br \/>\n<a href=\"https:\/\/konferenztechnik.de\/sommer-cable\/\"><img loading=\"lazy\" decoding=\"async\" width=\"250\" height=\"250\" src=\"https:\/\/konferenztechnik.de\/wp-content\/uploads\/2016\/04\/logo-sommercable-1.jpg\" alt=\"Logo Sommercable\" class=\"alignnone size-full wp-image-6665\" title=\"\" srcset=\"https:\/\/konferenztechnik.de\/wp-content\/uploads\/2016\/04\/logo-sommercable-1.jpg 250w, https:\/\/konferenztechnik.de\/wp-content\/uploads\/2016\/04\/logo-sommercable-1-150x150.jpg 150w\" sizes=\"(max-width: 250px) 100vw, 250px\" \/><\/a><br \/>\n[\/column]<\/p>\n<p>[column size=&#8220;1-6&#8243; last=&#8220;0&#8243;]<br \/>\n<a href=\"https:\/\/konferenztechnik.de\/sony\/\"><img loading=\"lazy\" decoding=\"async\" width=\"250\" height=\"250\" src=\"https:\/\/konferenztechnik.de\/wp-content\/uploads\/2016\/04\/logo-sony.jpg\" alt=\"Logo Sony\" class=\"alignnone size-full wp-image-6664\" title=\"\" srcset=\"https:\/\/konferenztechnik.de\/wp-content\/uploads\/2016\/04\/logo-sony.jpg 250w, https:\/\/konferenztechnik.de\/wp-content\/uploads\/2016\/04\/logo-sony-150x150.jpg 150w\" sizes=\"(max-width: 250px) 100vw, 250px\" \/><\/a><br \/>\n[\/column]<\/p>\n<p>[column size=&#8220;1-6&#8243; last=&#8220;0&#8243;]<br \/>\n<a href=\"https:\/\/konferenztechnik.de\/soundtube\/\"><img loading=\"lazy\" decoding=\"async\" width=\"250\" height=\"250\" src=\"https:\/\/konferenztechnik.de\/wp-content\/uploads\/2016\/04\/logo-soundtube.jpg\" alt=\"Logo Soundtube\" class=\"alignnone size-full wp-image-6663\" title=\"\" srcset=\"https:\/\/konferenztechnik.de\/wp-content\/uploads\/2016\/04\/logo-soundtube.jpg 250w, https:\/\/konferenztechnik.de\/wp-content\/uploads\/2016\/04\/logo-soundtube-150x150.jpg 150w\" sizes=\"(max-width: 250px) 100vw, 250px\" \/><\/a><br \/>\n[\/column]<\/p>\n<p>[column size=&#8220;1-6&#8243; last=&#8220;0&#8243;]<br \/>\n<a href=\"https:\/\/konferenztechnik.de\/symetrix\/\"><img loading=\"lazy\" decoding=\"async\" width=\"250\" height=\"250\" src=\"https:\/\/konferenztechnik.de\/wp-content\/uploads\/2016\/04\/logo-symetrix.jpg\" alt=\"Logo Symetrix\" class=\"alignnone size-full wp-image-6662\" title=\"\" srcset=\"https:\/\/konferenztechnik.de\/wp-content\/uploads\/2016\/04\/logo-symetrix.jpg 250w, https:\/\/konferenztechnik.de\/wp-content\/uploads\/2016\/04\/logo-symetrix-150x150.jpg 150w\" sizes=\"(max-width: 250px) 100vw, 250px\" \/><\/a><br \/>\n[\/column]<\/p>\n<p>[column size=&#8220;1-6&#8243; last=&#8220;0&#8243;]<br \/>\n<a href=\"https:\/\/konferenztechnik.de\/tannoy\/\"><img loading=\"lazy\" decoding=\"async\" width=\"250\" height=\"250\" src=\"https:\/\/konferenztechnik.de\/wp-content\/uploads\/2016\/04\/logo-tannoy.jpg\" alt=\"Logo Tannoy\" class=\"alignnone size-full wp-image-6667\" title=\"\" srcset=\"https:\/\/konferenztechnik.de\/wp-content\/uploads\/2016\/04\/logo-tannoy.jpg 250w, https:\/\/konferenztechnik.de\/wp-content\/uploads\/2016\/04\/logo-tannoy-150x150.jpg 150w\" sizes=\"(max-width: 250px) 100vw, 250px\" \/><\/a><br \/>\n[\/column]<\/p>\n<p>[column size=&#8220;1-6&#8243; last=&#8220;0&#8243;]<br \/>\n<a href=\"https:\/\/konferenztechnik.de\/televic\/\"><img loading=\"lazy\" decoding=\"async\" width=\"250\" height=\"250\" src=\"https:\/\/konferenztechnik.de\/wp-content\/uploads\/2016\/04\/logo-televic.jpg\" alt=\"Logo Televic\" class=\"alignnone size-full wp-image-6670\" title=\"\" srcset=\"https:\/\/konferenztechnik.de\/wp-content\/uploads\/2016\/04\/logo-televic.jpg 250w, https:\/\/konferenztechnik.de\/wp-content\/uploads\/2016\/04\/logo-televic-150x150.jpg 150w\" sizes=\"(max-width: 250px) 100vw, 250px\" \/><\/a><br \/>\n[\/column]<\/p>\n<p>[column size=&#8220;1-6&#8243; last=&#8220;1&#8243;]<br \/>\n<a href=\"https:\/\/konferenztechnik.de\/trinity-solutions\/\"><img loading=\"lazy\" decoding=\"async\" width=\"250\" height=\"250\" src=\"https:\/\/konferenztechnik.de\/wp-content\/uploads\/2016\/04\/logo-trinity.jpg\" alt=\"Logo Trinity\" class=\"alignnone size-full wp-image-6669\" title=\"\" srcset=\"https:\/\/konferenztechnik.de\/wp-content\/uploads\/2016\/04\/logo-trinity.jpg 250w, https:\/\/konferenztechnik.de\/wp-content\/uploads\/2016\/04\/logo-trinity-150x150.jpg 150w\" sizes=\"(max-width: 250px) 100vw, 250px\" \/><\/a><br \/>\n[\/column]<\/p>\n<p>[column size=&#8220;1-6&#8243; last=&#8220;0&#8243;]<br \/>\n<a href=\"https:\/\/konferenztechnik.de\/viprinet\/\"><img loading=\"lazy\" decoding=\"async\" width=\"250\" height=\"250\" src=\"https:\/\/konferenztechnik.de\/wp-content\/uploads\/2016\/04\/logo-viprinet.jpg\" alt=\"Logo Viprinet\" class=\"alignnone size-full wp-image-6668\" title=\"\" srcset=\"https:\/\/konferenztechnik.de\/wp-content\/uploads\/2016\/04\/logo-viprinet.jpg 250w, https:\/\/konferenztechnik.de\/wp-content\/uploads\/2016\/04\/logo-viprinet-150x150.jpg 150w\" sizes=\"(max-width: 250px) 100vw, 250px\" \/><\/a><br \/>\n[\/column]<\/p>\n<p>[column size=&#8220;1-6&#8243; last=&#8220;1&#8243;]<br \/>\n<a href=\"https:\/\/konferenztechnik.de\/yamaha\/\"><img loading=\"lazy\" decoding=\"async\" width=\"250\" height=\"250\" src=\"https:\/\/konferenztechnik.de\/wp-content\/uploads\/2016\/04\/logo-yamaha.jpg\" alt=\"Logo Yamaha\" class=\"alignnone size-full wp-image-6671\" title=\"\" srcset=\"https:\/\/konferenztechnik.de\/wp-content\/uploads\/2016\/04\/logo-yamaha.jpg 250w, https:\/\/konferenztechnik.de\/wp-content\/uploads\/2016\/04\/logo-yamaha-150x150.jpg 150w\" sizes=\"(max-width: 250px) 100vw, 250px\" \/><\/a><br \/>\n[\/column]<\/p>\n<\/div>\n<p>PCS vertreibt f\u00fcr die gewerbliche Nutzung professionelle Technik zu tagesaktuellen Konditionen, inklusive Beratung und After-Sales-Service. Wir beraten herstellerunabh\u00e4ngig und stellen Ihnen gerne ein genau auf Ihre Bed\u00fcrfnisse zugeschnittenes System zusammen.<\/p>\n<p>[callout add_button=&#8220;no&#8220; button_text=&#8220;Learn More&#8220; button_url=&#8220;#&#8220; button_color=&#8220;#a62055&#8243;]<\/p>\n<p>Ben\u00f6tigen Sie Ersatzteile, Zubeh\u00f6r oder Elektronikelemente \u2013 auch f\u00fcr Technik aus der Vergangenheit? Sprechen Sie mit unserer Vertriebsabteilung.<\/p>\n<p>[\/callout]<\/p>\n<div class=\"boxcontainer\">\n<div class=\"box1-2\">\n<h1>Ansprechpartner<\/h1>\n<\/div>\n<div class=\"box1-2-order\">\n<h1>Weiterf\u00fchrende Links<\/h1>\n<\/div>\n<div class=\"boxcontainer\">\n<div class=\"box1-4\">\n<div class=\"box-head\">Vertrieb und Verkauf<\/div>\n<p>[widget id=&#8220;text-133&#8243;]\n<\/p><\/div>\n<div class=\"box2-4-2\" style=\"order:1;\" >\n<div class=\"weiterlinks\">\n<ul>\n[list icon=&#8220;moon-arrow-right-2&#8243; color=&#8220;#a62055&#8243;]<a title=\"Vertrieb nach Produktgruppen\" href=\"\/produktgruppen\/\">Vertrieb nach Produktgruppen<\/a>[\/list]<br \/>\n[list icon=&#8220;moon-arrow-right-2&#8243; color=&#8220;#a62055&#8243;]<a title=\"Vertrieb nach Hersteller\" href=\"hersteller\/\">Vertrieb nach Hersteller<\/a>[\/list]<br \/>\n[list icon=&#8220;moon-arrow-right-2&#8243; color=&#8220;#a62055&#8243;]<a title=\"Sonderanfertigungen, Wartung und Reparaturen\" href=\"\/services\/wartung-und-reparatur\/\">Sonderanfertigungen, Wartung und Reparaturen<\/a>[\/list]<br \/>\n[list icon=&#8220;moon-arrow-right-2&#8243; color=&#8220;#a62055&#8243;]<a title=\"10 gute Gr\u00fcnde f\u00fcr PCS\" href=\"\/uber-uns\/10-gute-gruende-fuer-pcs\/\">10 gute Gr\u00fcnde f\u00fcr PCS<\/a>[\/list]<br \/>\n[list icon=&#8220;moon-arrow-right-2&#8243; color=&#8220;#a62055&#8243;]<a title=\"Referenzen\" href=\"\/uber-uns\/referenzliste-installation\/\">Referenzen Installation und Integration<\/a>[\/list]<br \/>\n[list icon=&#8220;moon-arrow-right-2&#8243; color=&#8220;#a62055&#8243;]<a title=\"PCS: Alle Leistungen in der \u00dcbersicht\" href=\"services\/\">PCS: Alle Leistungen im \u00dcberblick<\/a>[\/list]<\/p>\n<\/ul>\n<\/div>\n<\/div>\n<\/div>\n","protected":false},"excerpt":{"rendered":"<p>Vertrieb von Konferenz- und AV-Medientechnik [spacer size=&#8220;10&#8243;] Sie suchen Konferenz- und Mediensysteme oder ben\u00f6tigen Audio- oder Videotechnik? Wir sind Vertriebspartner der namhaften professionellen Hersteller in diesen Bereichen. Kleine und gro\u00dfe Systeme der AV-Technik k\u00f6nnen Sie bei uns genauso beziehen wie einzelne Komponenten, Ersatzteile und Zubeh\u00f6r. [column size=&#8220;1-3&#8243; last=&#8220;1&#8243;] [\/column] [column size=&#8220;1-6&#8243; last=&#8220;0&#8243;] [\/column] [column size=&#8220;1-6&#8243; [&hellip;]<\/p>\n","protected":false},"author":1,"featured_media":45482,"parent":0,"menu_order":43,"comment_status":"closed","ping_status":"closed","template":"","meta":{"_acf_changed":false,"footnotes":""},"class_list":["post-6152","page","type-page","status-publish","has-post-thumbnail","hentry"],"acf":[],"_links":{"self":[{"href":"https:\/\/konferenztechnik.de\/fr\/wp-json\/wp\/v2\/pages\/6152","targetHints":{"allow":["GET"]}}],"collection":[{"href":"https:\/\/konferenztechnik.de\/fr\/wp-json\/wp\/v2\/pages"}],"about":[{"href":"https:\/\/konferenztechnik.de\/fr\/wp-json\/wp\/v2\/types\/page"}],"author":[{"embeddable":true,"href":"https:\/\/konferenztechnik.de\/fr\/wp-json\/wp\/v2\/users\/1"}],"replies":[{"embeddable":true,"href":"https:\/\/konferenztechnik.de\/fr\/wp-json\/wp\/v2\/comments?post=6152"}],"version-history":[{"count":0,"href":"https:\/\/konferenztechnik.de\/fr\/wp-json\/wp\/v2\/pages\/6152\/revisions"}],"wp:featuredmedia":[{"embeddable":true,"href":"https:\/\/konferenztechnik.de\/fr\/wp-json\/wp\/v2\/media\/45482"}],"wp:attachment":[{"href":"https:\/\/konferenztechnik.de\/fr\/wp-json\/wp\/v2\/media?parent=6152"}],"curies":[{"name":"wp","href":"https:\/\/api.w.org\/{rel}","templated":true}]}}