{"id":6873,"date":"2016-05-25T12:49:55","date_gmt":"2016-05-25T10:49:55","guid":{"rendered":"https:\/\/konferenztechnik.de\/?page_id=6873"},"modified":"2016-05-25T12:49:55","modified_gmt":"2016-05-25T10:49:55","slug":"groupes-de-produits","status":"publish","type":"page","link":"https:\/\/konferenztechnik.de\/fr\/groupes-de-produits\/","title":{"rendered":"Groupes de produits"},"content":{"rendered":"<h1>Groupes de produits<\/h1>\n<p>[column size=\"1-4\u2033 last=\"1\u2033]<\/p>\n<p><a href=\"\/fr\/distribution-de-materiel-de-conference-et-de-medias-audiovisuels\/vanerum-i3\/\"><img fetchpriority=\"high\" decoding=\"async\" width=\"288\" height=\"198\" class=\"alignleft size-full wp-image-3748\" src=\"https:\/\/konferenztechnik.de\/wp-content\/uploads\/2013\/11\/01-i3.jpg\" alt=\"Tableau blanc interactif Vanerum i3\" title=\"\"><\/a><br \/>\n<a href=\"\/fr\/distribution-de-materiel-de-conference-et-de-medias-audiovisuels\/vanerum-i3\/\">Apprentissage intelligent, pr\u00e9sentation, collaboration<\/a><br \/>\nTableaux blancs interactifs, \u00e9crans interactifs et projecteurs<\/p>\n<p>[\/column]<\/p>\n<p>[column size=\"1-4\u2033 last=\"1\u2033]<\/p>\n<p><a href=\"\/fr\/distribution-de-materiel-de-conference-et-de-medias-audiovisuels\/barco-clickshare\/\"><img decoding=\"async\" width=\"288\" height=\"198\" class=\"alignnone size-full wp-image-3851\" src=\"https:\/\/konferenztechnik.de\/wp-content\/uploads\/2013\/11\/barco_clickshare_bei-pcs.jpg\" alt=\"barco_clickshare_bei-pcs\" title=\"\"><\/a><br \/>\n<a href=\"\/fr\/distribution-de-materiel-de-conference-et-de-medias-audiovisuels\/barco-clickshare\/\">Pr\u00e9sentation sans fil : Barco ClickShare<\/a><br \/>\nUn clic et vous \u00eates \u00e0 l'\u00e9cran. Barco ClickShare s'occupe de toute la technique.<\/p>\n<p>[\/column]<\/p>\n<p>[column size=\"1-4\u2033 last=\"1\u2033]<\/p>\n<p><a href=\"\/fr\/distribution-de-materiel-de-conference-et-de-medias-audiovisuels\/commandes-de-medias\/\"><img decoding=\"async\" width=\"288\" height=\"198\" class=\"alignleft size-full wp-image-3750\" src=\"https:\/\/konferenztechnik.de\/wp-content\/uploads\/2013\/11\/03-mediensteuerungen.jpg\" alt=\"Commandes de m\u00e9dias chez PCS - Crestron, AMX, RTI\" title=\"\"><\/a><br \/>\n<a href=\"\/fr\/distribution-de-materiel-de-conference-et-de-medias-audiovisuels\/commandes-de-medias\/\">Commandes de m\u00e9dias<\/a><br \/>\nContr\u00f4le des pi\u00e8ces et des b\u00e2timents : r\u00e9glez la vid\u00e9o, l'audio, l'\u00e9clairage et la domotique<\/p>\n<p>[\/column]<\/p>\n<p>[column size=\"1-4\u2033 last=\"1\u2033]<\/p>\n<p><a href=\"\/fr\/distribution-de-materiel-de-conference-et-de-medias-audiovisuels\/installations-de-discussion-3\/\"><img loading=\"lazy\" decoding=\"async\" class=\"alignnone size-full wp-image-1287\" src=\"https:\/\/konferenztechnik.de\/wp-content\/uploads\/2013\/06\/quinta.jpg\" alt=\"quinta\" width=\"288\" height=\"198\" title=\"\"><\/a><br \/>\n<a href=\"\/fr\/distribution-de-materiel-de-conference-et-de-medias-audiovisuels\/installations-de-discussion-3\/\">Panneaux de discussion<\/a><br \/>\nAchetez des installations professionnelles : filaires ou sans fil \u2013 avec une excellente qualit\u00e9 audio<\/p>\n<p>[\/column]<\/p>\n<p>[column size=\"1-4\u2033 last=\"1\u2033]<\/p>\n<p><a href=\"\/fr\/distribution-de-materiel-de-conference-et-de-medias-audiovisuels\/installations-de-guidage\/\"><img loading=\"lazy\" decoding=\"async\" class=\"alignnone size-full wp-image-3357\" src=\"https:\/\/konferenztechnik.de\/wp-content\/uploads\/2013\/06\/sennheiser.jpg\" alt=\"sennheiser\" width=\"288\" height=\"198\" title=\"\"><\/a><br \/>\n<a href=\"\/fr\/distribution-de-materiel-de-conference-et-de-medias-audiovisuels\/installations-de-guidage\/\">Installations de guidage<\/a><br \/>\nRobuste, excellente qualit\u00e9 sonore, nouvelles batteries lithium-ion \u00e0 longue dur\u00e9e de vie<\/p>\n<p>[\/column]<\/p>\n<p>[column size=\"1-4\u2033 last=\"1\u2033]<\/p>\n<p><a href=\"\/fr\/distribution-de-materiel-de-conference-et-de-medias-audiovisuels\/installations-dinterpretation\/\"><img loading=\"lazy\" decoding=\"async\" class=\"alignnone size-full wp-image-1287\" src=\"https:\/\/konferenztechnik.de\/wp-content\/uploads\/2013\/06\/dolmetscherkabine.jpg\" alt=\"cabine d&#039;interpr\u00e9tation\" width=\"288\" height=\"198\" title=\"\"><\/a><br \/>\n<a href=\"\/fr\/distribution-de-materiel-de-conference-et-de-medias-audiovisuels\/installations-dinterpretation\/\">Installations d'interpr\u00e9tation<\/a><br \/>\nCabines d'orateur et d'interpr\u00e8te, pupitres d'interpr\u00e8te, technique d'interpr\u00e9tation \u00e0 infrarouge, technique d'interpr\u00e9tation par radio<\/p>\n<p>[\/column]<\/p>\n<p>[column size=\"1-4\u2033 last=\"1\u2033]<\/p>\n<p><a href=\"\/fr\/distribution-de-materiel-de-conference-et-de-medias-audiovisuels\/supports-pour-ecrans-et-projecteurs\/\"><img loading=\"lazy\" decoding=\"async\" class=\"alignleft size-full wp-image-3751\" src=\"https:\/\/konferenztechnik.de\/wp-content\/uploads\/2013\/11\/07-projektorenhalterungen.jpg\" alt=\"Supports pour projecteurs et vid\u00e9oprojecteurs\" width=\"288\" height=\"198\" title=\"\"><\/a><br \/>\n<a href=\"\/fr\/distribution-de-materiel-de-conference-et-de-medias-audiovisuels\/supports-pour-ecrans-et-projecteurs\/\"> Supports pour \u00e9crans et projecteurs<\/a><br \/>\nSupports de plafond, supports d'\u00e9cran, syst\u00e8mes de montage pour vid\u00e9oprojecteurs et \u00e9crans, \"vol\" (rigging) de projecteurs, insonorisation et bo\u00eetiers d'insonorisation<\/p>\n<p>[\/column]<\/p>\n<p>[column size=\"1-4\u2033 last=\"1\u2033]<\/p>\n<p><a href=\"\/fr\/distribution-de-materiel-de-conference-et-de-medias-audiovisuels\/audio-et-video\/\"><img loading=\"lazy\" decoding=\"async\" class=\"alignleft size-full wp-image-3752\" src=\"https:\/\/konferenztechnik.de\/wp-content\/uploads\/2013\/11\/08-funklautsprecher.jpg\" alt=\"Haut-parleur sans fil Sennheiser LSP 500 PRO\" width=\"288\" height=\"198\" title=\"\"><\/a><br \/>\n<a href=\"\/fr\/distribution-de-materiel-de-conference-et-de-medias-audiovisuels\/audio-et-video\/\">Technique audio, technique vid\u00e9o<\/a><br \/>\nSyst\u00e8mes de sonorisation, microphones, tables de mixage, vid\u00e9oprojecteurs, afficheurs, \u00e9crans, visualiseurs, \u00e9crans de projection, affichage num\u00e9rique<\/p>\n<p>[\/column]<\/p>\n<p>[column size=\"1-4\u2033 last=\"1\u2033]<br \/>\n<a href=\"\/fr\/distribution-de-materiel-de-conference-et-de-medias-audiovisuels\/viprinet\/\"><img loading=\"lazy\" decoding=\"async\" class=\"alignleft size-full wp-image-3753\" src=\"https:\/\/konferenztechnik.de\/wp-content\/uploads\/2013\/11\/09-viprinetb.jpg\" alt=\"Viprinet Multichannel VPN Router 300\" width=\"288\" height=\"198\" title=\"\"><\/a><br \/>\n<a href=\"\/fr\/distribution-de-materiel-de-conference-et-de-medias-audiovisuels\/viprinet\/\">Syst\u00e8mes de vid\u00e9oconf\u00e9rence, Interpr\u00e9tation vid\u00e9o \u00e0 distance<\/a><br \/>\nNouveau : Viprinet Multichannel VPN Router 300 : connexion \u00e0 large bande et \u00e0 s\u00e9curit\u00e9 int\u00e9gr\u00e9e \u00e0 Internet et\/ou \u00e0 un VPN d'entreprise<br \/>\n[\/column]<\/p>","protected":false},"excerpt":{"rendered":"<p>Groupes de produits [column size=\"1-3\u2033 last=\"0\u2033] Apprentissage, pr\u00e9sentation et collaboration intelligents Tableaux blancs interactifs, \u00e9crans interactifs et projecteurs [\/column] [column size=\"1-3\u2033 last=\"0\u2033] Pr\u00e9sentation sans fil : Barco ClickShare Un clic et vous \u00eates \u00e0 l'\u00e9cran. Barco ClickShare s'occupe de toute la technique. [\/column] [column size=\"1-3\u2033 last=\"1\u2033] Contr\u00f4les m\u00e9dia Contr\u00f4le des pi\u00e8ces et des b\u00e2timents : r\u00e9glez la vid\u00e9o, l'audio, l'\u00e9clairage et la domotique [\/column] [column [...]<\/p>","protected":false},"author":1,"featured_media":45482,"parent":0,"menu_order":90,"comment_status":"closed","ping_status":"closed","template":"","meta":{"_acf_changed":false,"footnotes":""},"class_list":["post-6873","page","type-page","status-publish","has-post-thumbnail","hentry"],"acf":[],"_links":{"self":[{"href":"https:\/\/konferenztechnik.de\/fr\/wp-json\/wp\/v2\/pages\/6873","targetHints":{"allow":["GET"]}}],"collection":[{"href":"https:\/\/konferenztechnik.de\/fr\/wp-json\/wp\/v2\/pages"}],"about":[{"href":"https:\/\/konferenztechnik.de\/fr\/wp-json\/wp\/v2\/types\/page"}],"author":[{"embeddable":true,"href":"https:\/\/konferenztechnik.de\/fr\/wp-json\/wp\/v2\/users\/1"}],"replies":[{"embeddable":true,"href":"https:\/\/konferenztechnik.de\/fr\/wp-json\/wp\/v2\/comments?post=6873"}],"version-history":[{"count":0,"href":"https:\/\/konferenztechnik.de\/fr\/wp-json\/wp\/v2\/pages\/6873\/revisions"}],"wp:featuredmedia":[{"embeddable":true,"href":"https:\/\/konferenztechnik.de\/fr\/wp-json\/wp\/v2\/media\/45482"}],"wp:attachment":[{"href":"https:\/\/konferenztechnik.de\/fr\/wp-json\/wp\/v2\/media?parent=6873"}],"curies":[{"name":"wp","href":"https:\/\/api.w.org\/{rel}","templated":true}]}}